{"id":84,"date":"2019-10-15T13:52:34","date_gmt":"2019-10-15T13:52:34","guid":{"rendered":"http:\/\/voelas-wp.dan-fisher.com\/?page_id=84"},"modified":"2026-01-01T19:53:32","modified_gmt":"2026-01-01T19:53:32","slug":"privacy-policy","status":"publish","type":"page","link":"https:\/\/festival262.com\/pt\/privacy-policy\/","title":{"rendered":"Pol\u00edtica de privacidade"},"content":{"rendered":"<div data-elementor-type=\"wp-page\" data-elementor-id=\"84\" class=\"elementor elementor-84\">\n\t\t\t\t\t\t<section class=\"elementor-section elementor-top-section elementor-element elementor-element-3333df7 elementor-section-stretched elementor-section-boxed elementor-section-height-default elementor-section-height-default\" data-id=\"3333df7\" data-element_type=\"section\" data-e-type=\"section\" data-settings=\"{&quot;stretch_section&quot;:&quot;section-stretched&quot;}\">\n\t\t\t\t\t\t<div class=\"elementor-container elementor-column-gap-no\">\n\t\t\t\t\t<div class=\"elementor-column elementor-col-100 elementor-top-column elementor-element elementor-element-929b3e7\" data-id=\"929b3e7\" data-element_type=\"column\" data-e-type=\"column\">\n\t\t\t<div class=\"elementor-widget-wrap elementor-element-populated\">\n\t\t\t\t\t\t<div class=\"elementor-element elementor-element-079a697 elementor-widget elementor-widget-heading\" data-id=\"079a697\" data-element_type=\"widget\" data-e-type=\"widget\" data-widget_type=\"heading.default\">\n\t\t\t\t<div class=\"elementor-widget-container\">\n\t\t\t\t\t<h2 class=\"elementor-heading-title elementor-size-default\">Pol\u00edtica de Privacidade<\/h2>\t\t\t\t<\/div>\n\t\t\t\t<\/div>\n\t\t\t\t<div class=\"elementor-element elementor-element-71cbc56 elementor-widget elementor-widget-text-editor\" data-id=\"71cbc56\" data-element_type=\"widget\" data-e-type=\"widget\" data-widget_type=\"text-editor.default\">\n\t\t\t\t<div class=\"elementor-widget-container\">\n\t\t\t\t\t\t\t\t\t<h3 data-start=\"465\" data-end=\"484\">Introdu\u00e7\u00e3o<\/h3><p data-start=\"486\" data-end=\"858\">Esta Pol\u00edtica de Privacidade explica como <strong data-start=\"519\" data-end=\"567\">F\/262 \u2013 Festival Internacional de Fotografia<\/strong>, operado por <strong data-start=\"581\" data-end=\"645\">Associa\u00e7\u00e3o F\/SOS \u2013 Fotografia, Solidariedade e Obras Sociais<\/strong> (\u00abn\u00f3s\u00bb, \u00abnos\u00bb ou \u00abo Festival\u00bb), recolhemos, utilizamos e protegemos os seus dados pessoais quando visita <strong data-start=\"742\" data-end=\"769\"><a class=\"decorated-link\" href=\"https:\/\/festival262.com\/pt\/\" target=\"_new\" rel=\"noopener\" data-start=\"744\" data-end=\"767\">https:\/\/festival262.com<\/a><\/strong>, inscreva-se em atividades, envie chamadas abertas, subscreva a nossa newsletter ou contacte-nos.<\/p><p data-start=\"860\" data-end=\"1071\">Comprometemo-nos a proteger a sua privacidade e a tratar os seus dados pessoais de forma transparente e l\u00edcita, de acordo com o <strong data-start=\"995\" data-end=\"1040\">Regulamento Geral sobre a Prote\u00e7\u00e3o de Dados (RGPD)<\/strong> e a legisla\u00e7\u00e3o portuguesa aplic\u00e1vel.<\/p><hr data-start=\"1073\" data-end=\"1076\" \/><h3 data-start=\"1078\" data-end=\"1109\">Dados Pessoais que Recolhemos<\/h3><p data-start=\"1111\" data-end=\"1168\">Podemos recolher as seguintes categorias de dados pessoais:<\/p><h4 data-start=\"1170\" data-end=\"1208\">a) Informa\u00e7\u00f5es sobre o dispositivo e a utiliza\u00e7\u00e3o<\/h4><p data-start=\"1209\" data-end=\"1218\">Exemplos:<\/p><ul data-start=\"1219\" data-end=\"1327\"><li data-start=\"1219\" data-end=\"1247\"><p data-start=\"1221\" data-end=\"1247\">Tipo e vers\u00e3o do navegador<\/p><\/li><li data-start=\"1248\" data-end=\"1262\"><p data-start=\"1250\" data-end=\"1262\">Endere\u00e7o IP<\/p><\/li><li data-start=\"1263\" data-end=\"1276\"><p data-start=\"1265\" data-end=\"1276\">fuso hor\u00e1rio<\/p><\/li><li data-start=\"1277\" data-end=\"1327\"><p data-start=\"1279\" data-end=\"1327\">P\u00e1ginas visitadas e interac\u00e7\u00e3o com o website<\/p><\/li><\/ul><p data-start=\"1329\" data-end=\"1473\"><strong data-start=\"1329\" data-end=\"1341\">Finalidade:<\/strong><br data-start=\"1341\" data-end=\"1344\" \/>Garantir a funcionalidade adequada do site, a seguran\u00e7a e analisar padr\u00f5es de utiliza\u00e7\u00e3o, a fim de melhorar a experi\u00eancia do site e do utilizador.<\/p><p data-start=\"1475\" data-end=\"1554\"><strong data-start=\"1475\" data-end=\"1486\">Fonte:<\/strong><br data-start=\"1486\" data-end=\"1489\" \/>Recolhidos automaticamente atrav\u00e9s de cookies e tecnologias semelhantes.<\/p><hr data-start=\"1556\" data-end=\"1559\" \/><h4 data-start=\"1561\" data-end=\"1607\">b) Informa\u00e7\u00f5es de contacto e registo<\/h4><p data-start=\"1608\" data-end=\"1617\">Exemplos:<\/p><ul data-start=\"1618\" data-end=\"1711\"><li data-start=\"1618\" data-end=\"1626\"><p data-start=\"1620\" data-end=\"1626\">Nome<\/p><\/li><li data-start=\"1627\" data-end=\"1644\"><p data-start=\"1629\" data-end=\"1644\">Endere\u00e7o de correio eletr\u00f3nico<\/p><\/li><li data-start=\"1645\" data-end=\"1661\"><p data-start=\"1647\" data-end=\"1661\">N\u00famero de telefone<\/p><\/li><li data-start=\"1662\" data-end=\"1711\"><p data-start=\"1664\" data-end=\"1711\">Organiza\u00e7\u00e3o ou filia\u00e7\u00e3o (se aplic\u00e1vel)<\/p><\/li><\/ul><p data-start=\"1713\" data-end=\"1881\"><strong data-start=\"1713\" data-end=\"1725\">Finalidade:<\/strong><br data-start=\"1725\" data-end=\"1728\" \/>Para responder a perguntas, gerir assinaturas de newsletters, registar participantes em eventos, workshops, chamadas abertas, voluntariado ou programas educativos.<\/p><p data-start=\"1883\" data-end=\"1953\"><strong data-start=\"1883\" data-end=\"1894\">Fonte:<\/strong><br data-start=\"1894\" data-end=\"1897\" \/>Fornecido diretamente por si atrav\u00e9s de formul\u00e1rios ou contacto por e-mail.<\/p><hr data-start=\"1955\" data-end=\"1958\" \/><h4 data-start=\"1960\" data-end=\"2017\">c) Abrir convites \u00e0 apresenta\u00e7\u00e3o de propostas, submiss\u00f5es e dados de participa\u00e7\u00e3o<\/h4><p data-start=\"2018\" data-end=\"2027\">Exemplos:<\/p><ul data-start=\"2028\" data-end=\"2182\"><li data-start=\"2028\" data-end=\"2049\"><p data-start=\"2030\" data-end=\"2049\">Declara\u00e7\u00f5es do artista<\/p><\/li><li data-start=\"2050\" data-end=\"2078\"><p data-start=\"2052\" data-end=\"2078\">Informa\u00e7\u00f5es biogr\u00e1ficas<\/p><\/li><li data-start=\"2079\" data-end=\"2123\"><p data-start=\"2081\" data-end=\"2123\">Imagens enviadas ou descri\u00e7\u00f5es de projetos<\/p><\/li><li data-start=\"2124\" data-end=\"2182\"><p data-start=\"2126\" data-end=\"2182\">Categoria et\u00e1ria (para programas Next Gen ou com restri\u00e7\u00e3o de idade)<\/p><\/li><\/ul><p data-start=\"2184\" data-end=\"2312\"><strong data-start=\"2184\" data-end=\"2196\">Finalidade:<\/strong><br data-start=\"2196\" data-end=\"2199\" \/>Gerir as inscri\u00e7\u00f5es, os processos de sele\u00e7\u00e3o, a avalia\u00e7\u00e3o do j\u00fari, as exposi\u00e7\u00f5es, as publica\u00e7\u00f5es e a programa\u00e7\u00e3o do festival.<\/p><p data-start=\"2314\" data-end=\"2362\"><strong data-start=\"2314\" data-end=\"2325\">Fonte:<\/strong><br data-start=\"2325\" data-end=\"2328\" \/>Fornecido diretamente pelos participantes.<\/p><hr data-start=\"2364\" data-end=\"2367\" \/><h3 data-start=\"2369\" data-end=\"2382\">\u00a0Menores<\/h3><p data-start=\"2384\" data-end=\"2647\">O Festival n\u00e3o recolhe intencionalmente dados pessoais de crian\u00e7as com idade inferior a 16 anos sem o consentimento dos pais ou do tutor legal.<br data-start=\"2519\" data-end=\"2522\" \/>Se acredita que um menor forneceu dados pessoais sem autoriza\u00e7\u00e3o, por favor contacte-nos para que possamos elimin\u00e1-los imediatamente.<\/p><hr data-start=\"2649\" data-end=\"2652\" \/><h3 data-start=\"2654\" data-end=\"2682\">\u00a0Partilha de Dados Pessoais<\/h3><p data-start=\"2684\" data-end=\"2722\">Fazemos <strong data-start=\"2690\" data-end=\"2702\">n\u00e3o vender<\/strong> os seus dados pessoais.<\/p><p data-start=\"2724\" data-end=\"2796\">Podemos partilhar dados pessoais apenas quando estritamente necess\u00e1rio, incluindo com:<\/p><ul data-start=\"2797\" data-end=\"2965\"><li data-start=\"2797\" data-end=\"2840\"><p data-start=\"2799\" data-end=\"2840\">Prestadores de servi\u00e7os de alojamento e an\u00e1lise de s\u00edtios Web<\/p><\/li><li data-start=\"2841\" data-end=\"2871\"><p data-start=\"2843\" data-end=\"2871\">Plataformas de envio de boletins informativos por correio<\/p><\/li><li data-start=\"2872\" data-end=\"2919\"><p data-start=\"2874\" data-end=\"2919\">Ferramentas de gest\u00e3o de candidaturas e submiss\u00f5es<\/p><\/li><li data-start=\"2920\" data-end=\"2965\"><p data-start=\"2922\" data-end=\"2965\">Autoridades p\u00fablicas, quando legalmente exigidas<\/p><\/li><\/ul><p data-start=\"2967\" data-end=\"3075\">Todos os prestadores de servi\u00e7os est\u00e3o contratualmente obrigados a cumprir o RGPD e a processar dados apenas de acordo com as nossas instru\u00e7\u00f5es.<\/p><hr data-start=\"3077\" data-end=\"3080\" \/><h3 data-start=\"3082\" data-end=\"3123\">Base jur\u00eddica para o tratamento (RGPD)<\/h3><p data-start=\"3125\" data-end=\"3255\">Se estiver localizado no Espa\u00e7o Econ\u00f3mico Europeu (EEE), tratamos os seus dados com base num ou mais dos seguintes fundamentos legais:<\/p><ul data-start=\"3256\" data-end=\"3535\"><li data-start=\"3256\" data-end=\"3281\"><p data-start=\"3258\" data-end=\"3281\">O seu consentimento expl\u00edcito<\/p><\/li><li data-start=\"3282\" data-end=\"3336\"><p data-start=\"3284\" data-end=\"3336\">Execu\u00e7\u00e3o de um contrato ou pedido de participa\u00e7\u00e3o<\/p><\/li><li data-start=\"3337\" data-end=\"3374\"><p data-start=\"3339\" data-end=\"3374\">Cumprimento das obriga\u00e7\u00f5es legais<\/p><\/li><li data-start=\"3375\" data-end=\"3457\"><p data-start=\"3377\" data-end=\"3457\">Tarefas de interesse p\u00fablico (atividades culturais e educativas)<\/p><\/li><li data-start=\"3458\" data-end=\"3535\"><p data-start=\"3460\" data-end=\"3535\">Interesses leg\u00edtimos, quando n\u00e3o se sobreponham aos seus direitos e liberdades<\/p><\/li><\/ul><hr data-start=\"3537\" data-end=\"3540\" \/><h3 data-start=\"3542\" data-end=\"3563\">Reten\u00e7\u00e3o de dados<\/h3><p data-start=\"3565\" data-end=\"3679\">Retemos dados pessoais apenas durante o tempo necess\u00e1rio para cumprir as finalidades descritas nesta pol\u00edtica, incluindo:<\/p><ul data-start=\"3680\" data-end=\"3811\"><li data-start=\"3680\" data-end=\"3719\"><p data-start=\"3682\" data-end=\"3719\">Organiza\u00e7\u00e3o e reportagem do Festival<\/p><\/li><li data-start=\"3720\" data-end=\"3756\"><p data-start=\"3722\" data-end=\"3756\">Obriga\u00e7\u00f5es jur\u00eddicas e contabil\u00edsticas<\/p><\/li><li data-start=\"3757\" data-end=\"3811\"><p data-start=\"3759\" data-end=\"3811\">Documenta\u00e7\u00e3o arquiv\u00edstica e cultural, quando relevante<\/p><\/li><\/ul><p data-start=\"3813\" data-end=\"3893\">Pode solicitar a elimina\u00e7\u00e3o dos seus dados a qualquer momento, sujeito a obriga\u00e7\u00f5es legais.<\/p><hr data-start=\"3895\" data-end=\"3898\" \/><h3 data-start=\"3900\" data-end=\"3918\">Os seus direitos<\/h3><p data-start=\"3920\" data-end=\"3954\">Nos termos do RGPD, tem o direito de:<\/p><ul data-start=\"3955\" data-end=\"4164\"><li data-start=\"3955\" data-end=\"3984\"><p data-start=\"3957\" data-end=\"3984\">Aceder aos seus dados pessoais<\/p><\/li><li data-start=\"3985\" data-end=\"4019\"><p data-start=\"3987\" data-end=\"4019\">Pedir corre\u00e7\u00e3o ou atualiza\u00e7\u00e3o<\/p><\/li><li data-start=\"4020\" data-end=\"4065\"><p data-start=\"4022\" data-end=\"4065\">Solicitar o apagamento (\u00abdireito a ser esquecido\u00bb)<\/p><\/li><li data-start=\"4066\" data-end=\"4102\"><p data-start=\"4068\" data-end=\"4102\">Restringir ou opor-se ao processamento<\/p><\/li><li data-start=\"4103\" data-end=\"4131\"><p data-start=\"4105\" data-end=\"4131\">Solicitar portabilidade dos dados<\/p><\/li><li data-start=\"4132\" data-end=\"4164\"><p data-start=\"4134\" data-end=\"4164\">Retirar o consentimento a qualquer momento<\/p><\/li><\/ul><p data-start=\"4166\" data-end=\"4241\">Para exercer qualquer um destes direitos, por favor contacte-nos usando os detalhes abaixo.<\/p><hr data-start=\"4243\" data-end=\"4246\" \/><h3 data-start=\"4248\" data-end=\"4262\">Cookies<\/h3><p data-start=\"4264\" data-end=\"4364\">Os cookies s\u00e3o pequenos ficheiros de dados armazenados no seu dispositivo para melhorar a funcionalidade e o desempenho do website.<\/p><p data-start=\"4366\" data-end=\"4373\">Utilizamos:<\/p><ul data-start=\"4374\" data-end=\"4487\"><li data-start=\"4374\" data-end=\"4421\"><p data-start=\"4376\" data-end=\"4421\"><strong data-start=\"4376\" data-end=\"4397\">Cookies essenciais<\/strong> para o funcionamento do s\u00edtio Web<\/p><\/li><li data-start=\"4422\" data-end=\"4487\"><p data-start=\"4424\" data-end=\"4487\"><strong data-start=\"4424\" data-end=\"4445\">Cookies anal\u00edticos<\/strong> Compreender a utiliza\u00e7\u00e3o e melhorar o conte\u00fado<\/p><\/li><\/ul><p data-start=\"4489\" data-end=\"4625\">Pode gerir ou desativar os cookies atrav\u00e9s das defini\u00e7\u00f5es do seu navegador. Tenha em aten\u00e7\u00e3o que a desativa\u00e7\u00e3o dos cookies pode afetar determinadas funcionalidades do website.<\/p><p data-start=\"4627\" data-end=\"4697\">Para obter mais informa\u00e7\u00f5es sobre cookies, visite <strong data-start=\"4669\" data-end=\"4696\"><a class=\"decorated-link\" href=\"http:\/\/www.allaboutcookies.org\" target=\"_new\" rel=\"noopener\" data-start=\"4671\" data-end=\"4694\">www.allaboutcookies.org<\/a><\/strong>.<\/p><hr data-start=\"4699\" data-end=\"4702\" \/><h3 data-start=\"4704\" data-end=\"4739\">Transfer\u00eancias internacionais de dados<\/h3><p data-start=\"4741\" data-end=\"4935\">Quando os dados s\u00e3o tratados fora da Uni\u00e3o Europeia, garantimos a exist\u00eancia de garantias adequadas, incluindo cl\u00e1usulas contratuais-tipo ou mecanismos legais equivalentes, em conformidade com o RGPD.<\/p><hr data-start=\"4937\" data-end=\"4940\" \/><h3 data-start=\"4942\" data-end=\"4962\">\u00a0N\u00e3o rastrear<\/h3><p data-start=\"4964\" data-end=\"5137\">Atualmente, n\u00e3o existe uma norma do setor para responder aos sinais \u00abN\u00e3o rastrear\u00bb. Portanto, o nosso site n\u00e3o altera as suas pr\u00e1ticas de recolha de dados com base nesses sinais.<\/p><hr data-start=\"5139\" data-end=\"5142\" \/><h3 data-start=\"5144\" data-end=\"5174\">Altera\u00e7\u00f5es a esta pol\u00edtica<\/h3><p data-start=\"5176\" data-end=\"5341\">Podemos atualizar esta Pol\u00edtica de Privacidade periodicamente para refletir altera\u00e7\u00f5es operacionais, legais ou regulat\u00f3rias.<br data-start=\"5276\" data-end=\"5279\" \/>A vers\u00e3o mais recente estar\u00e1 sempre dispon\u00edvel nesta p\u00e1gina.<\/p><h3 data-start=\"5348\" data-end=\"5375\">\u00a0Informa\u00e7\u00f5es de contacto<\/h3><p data-start=\"5377\" data-end=\"5488\">Para quaisquer quest\u00f5es, pedidos ou reclama\u00e7\u00f5es relativas a esta Pol\u00edtica de Privacidade ou aos seus dados pessoais, contacte:<\/p><p data-start=\"5490\" data-end=\"5674\"><strong data-start=\"5490\" data-end=\"5554\">Associa\u00e7\u00e3o F\/SOS \u2013 Fotografia, Solidariedade e Obras Sociais<\/strong><br data-start=\"5554\" data-end=\"5557\" \/>F\/262 \u2013 Festival Internacional de Fotografia<br data-start=\"5601\" data-end=\"5604\" \/>Endere\u00e7o eletr\u00f3nico: <strong data-start=\"5611\" data-end=\"5635\"><a class=\"decorated-link cursor-pointer\" rel=\"noopener\" data-start=\"5613\" data-end=\"5633\">info@festival262.com<\/a><\/strong><br data-start=\"5635\" data-end=\"5638\" \/>S\u00edtio Web: <strong data-start=\"5647\" data-end=\"5674\"><a class=\"decorated-link\" href=\"https:\/\/festival262.com\/pt\/\" target=\"_new\" rel=\"noopener\" data-start=\"5649\" data-end=\"5672\">https:\/\/festival262.com<\/a><\/strong><\/p><p data-start=\"5676\" data-end=\"5855\">Se considerar que os seus direitos de prote\u00e7\u00e3o de dados foram violados, tem tamb\u00e9m o direito de apresentar uma reclama\u00e7\u00e3o junto da <strong data-start=\"5793\" data-end=\"5842\">Comiss\u00e3o Nacional de Prote\u00e7\u00e3o de Dados (CNPD)<\/strong> em Portugal.<\/p><hr data-start=\"5857\" data-end=\"5860\" \/><p data-start=\"5862\" data-end=\"5892\"><strong data-start=\"5862\" data-end=\"5879\">\u00daltima atualiza\u00e7\u00e3o:<\/strong> Janeiro de 2026<\/p>\t\t\t\t\t\t\t\t<\/div>\n\t\t\t\t<\/div>\n\t\t\t\t\t<\/div>\n\t\t<\/div>\n\t\t\t\t\t<\/div>\n\t\t<\/section>\n\t\t\t\t<section class=\"elementor-section elementor-top-section elementor-element elementor-element-da518e7 elementor-section-boxed elementor-section-height-default elementor-section-height-default\" data-id=\"da518e7\" data-element_type=\"section\" data-e-type=\"section\">\n\t\t\t\t\t\t<div class=\"elementor-container elementor-column-gap-default\">\n\t\t\t\t\t<div class=\"elementor-column elementor-col-100 elementor-top-column elementor-element elementor-element-d0bf0c9\" data-id=\"d0bf0c9\" data-element_type=\"column\" data-e-type=\"column\">\n\t\t\t<div class=\"elementor-widget-wrap elementor-element-populated\">\n\t\t\t\t\t\t<div class=\"elementor-element elementor-element-bc84132 elementor-widget elementor-widget-shortcode\" data-id=\"bc84132\" data-element_type=\"widget\" data-e-type=\"widget\" data-widget_type=\"shortcode.default\">\n\t\t\t\t<div class=\"elementor-widget-container\">\n\t\t\t\t\t\t\t<div class=\"elementor-shortcode\">\t\t<div data-elementor-type=\"wp-post\" data-elementor-id=\"206\" class=\"elementor elementor-206\">\n\t\t\t\t\t\t<div class=\"elementor-section elementor-top-section elementor-element elementor-element-433e9d9 elementor-section-stretched footer-custom elementor-section-full_width elementor-section-height-default elementor-section-height-default\" data-id=\"433e9d9\" data-element_type=\"section\" data-e-type=\"section\" data-settings=\"{&quot;stretch_section&quot;:&quot;section-stretched&quot;,&quot;background_background&quot;:&quot;classic&quot;}\">\n\t\t\t\t\t\t<div class=\"elementor-container elementor-column-gap-no\">\n\t\t\t\t\t<div class=\"elementor-column elementor-col-100 elementor-top-column elementor-element elementor-element-4386f5f\" data-id=\"4386f5f\" data-element_type=\"column\" data-e-type=\"column\">\n\t\t\t<div class=\"elementor-widget-wrap elementor-element-populated\">\n\t\t\t\t\t\t<div class=\"elementor-section elementor-inner-section elementor-element elementor-element-ab81258 elementor-section-boxed elementor-section-height-default elementor-section-height-default\" data-id=\"ab81258\" data-element_type=\"section\" data-e-type=\"section\">\n\t\t\t\t\t\t<div class=\"elementor-container elementor-column-gap-wider\">\n\t\t\t\t\t<div class=\"elementor-column elementor-col-33 elementor-inner-column elementor-element elementor-element-abe660f\" data-id=\"abe660f\" data-element_type=\"column\" data-e-type=\"column\">\n\t\t\t<div class=\"elementor-widget-wrap elementor-element-populated\">\n\t\t\t\t\t\t<div class=\"elementor-element elementor-element-fdb18bb invert elementor-widget elementor-widget-heading\" data-id=\"fdb18bb\" data-element_type=\"widget\" data-e-type=\"widget\" data-widget_type=\"heading.default\">\n\t\t\t\t<div class=\"elementor-widget-container\">\n\t\t\t\t\t<h5 class=\"elementor-heading-title elementor-size-default\">Produzido por F\/262 &amp; Associa\u00e7\u00e3o F\/SOS<\/h5>\t\t\t\t<\/div>\n\t\t\t\t<\/div>\n\t\t\t\t<div class=\"elementor-element elementor-element-cd7b3b4 elementor-widget elementor-widget-spacer\" data-id=\"cd7b3b4\" data-element_type=\"widget\" data-e-type=\"widget\" data-widget_type=\"spacer.default\">\n\t\t\t\t<div class=\"elementor-widget-container\">\n\t\t\t\t\t\t\t<div class=\"elementor-spacer\">\n\t\t\t<div class=\"elementor-spacer-inner\"><\/div>\n\t\t<\/div>\n\t\t\t\t\t\t<\/div>\n\t\t\t\t<\/div>\n\t\t\t\t<div class=\"elementor-element elementor-element-a61036d elementor-widget elementor-widget-image\" data-id=\"a61036d\" data-element_type=\"widget\" data-e-type=\"widget\" data-widget_type=\"image.default\">\n\t\t\t\t<div class=\"elementor-widget-container\">\n\t\t\t\t\t\t\t\t\t\t\t\t\t\t\t\t<a href=\"https:\/\/festival262.com\/pt\/\">\n\t\t\t\t\t\t\t<img fetchpriority=\"high\" decoding=\"async\" width=\"1532\" height=\"436\" src=\"https:\/\/festival262.com\/wp-content\/uploads\/2019\/10\/F262-LOGO-COMPOSTO-COM-EFFE-WHITE-PT.svg\" class=\"attachment-full size-full wp-image-7626\" alt=\"\" \/>\t\t\t\t\t\t\t\t<\/a>\n\t\t\t\t\t\t\t\t\t\t\t\t\t\t\t<\/div>\n\t\t\t\t<\/div>\n\t\t\t\t<div class=\"elementor-element elementor-element-ec74c02 elementor-widget elementor-widget-spacer\" data-id=\"ec74c02\" data-element_type=\"widget\" data-e-type=\"widget\" data-widget_type=\"spacer.default\">\n\t\t\t\t<div class=\"elementor-widget-container\">\n\t\t\t\t\t\t\t<div class=\"elementor-spacer\">\n\t\t\t<div class=\"elementor-spacer-inner\"><\/div>\n\t\t<\/div>\n\t\t\t\t\t\t<\/div>\n\t\t\t\t<\/div>\n\t\t\t\t<div class=\"elementor-element elementor-element-155e5e2 elementor-widget elementor-widget-image\" data-id=\"155e5e2\" data-element_type=\"widget\" data-e-type=\"widget\" data-widget_type=\"image.default\">\n\t\t\t\t<div class=\"elementor-widget-container\">\n\t\t\t\t\t\t\t\t\t\t\t\t\t\t\t\t<a href=\"https:\/\/www.f-sos.org\" target=\"_blank\">\n\t\t\t\t\t\t\t<img decoding=\"async\" width=\"2560\" height=\"567\" src=\"https:\/\/festival262.com\/wp-content\/uploads\/2019\/10\/associacao-white-copy-scaled.png\" class=\"attachment-full size-full wp-image-5659\" alt=\"\" srcset=\"https:\/\/festival262.com\/wp-content\/uploads\/2019\/10\/associacao-white-copy-scaled.png 2560w, https:\/\/festival262.com\/wp-content\/uploads\/2019\/10\/associacao-white-copy-300x66.png 300w, https:\/\/festival262.com\/wp-content\/uploads\/2019\/10\/associacao-white-copy-1024x227.png 1024w, https:\/\/festival262.com\/wp-content\/uploads\/2019\/10\/associacao-white-copy-768x170.png 768w, https:\/\/festival262.com\/wp-content\/uploads\/2019\/10\/associacao-white-copy-1536x340.png 1536w, https:\/\/festival262.com\/wp-content\/uploads\/2019\/10\/associacao-white-copy-2048x453.png 2048w, https:\/\/festival262.com\/wp-content\/uploads\/2019\/10\/associacao-white-copy-1320x292.png 1320w, https:\/\/festival262.com\/wp-content\/uploads\/2019\/10\/associacao-white-copy-600x133.png 600w\" sizes=\"(max-width: 2560px) 100vw, 2560px\" \/>\t\t\t\t\t\t\t\t<\/a>\n\t\t\t\t\t\t\t\t\t\t\t\t\t\t\t<\/div>\n\t\t\t\t<\/div>\n\t\t\t\t<div class=\"elementor-element elementor-element-1c060c8 elementor-widget elementor-widget-image\" data-id=\"1c060c8\" data-element_type=\"widget\" data-e-type=\"widget\" data-widget_type=\"image.default\">\n\t\t\t\t<div class=\"elementor-widget-container\">\n\t\t\t\t\t\t\t\t\t\t\t\t\t\t\t\t<a href=\"https:\/\/www.websitecarbon.com\/website\/festival262-com\/\" target=\"_blank\">\n\t\t\t\t\t\t\t<img decoding=\"async\" width=\"728\" height=\"196\" src=\"https:\/\/festival262.com\/wp-content\/uploads\/2019\/10\/carbon-rating.png\" class=\"attachment-full size-full wp-image-5817\" alt=\"classifica\u00e7\u00e3o do carbono\" srcset=\"https:\/\/festival262.com\/wp-content\/uploads\/2019\/10\/carbon-rating.png 728w, https:\/\/festival262.com\/wp-content\/uploads\/2019\/10\/carbon-rating-300x81.png 300w, https:\/\/festival262.com\/wp-content\/uploads\/2019\/10\/carbon-rating-600x162.png 600w\" sizes=\"(max-width: 728px) 100vw, 728px\" \/>\t\t\t\t\t\t\t\t<\/a>\n\t\t\t\t\t\t\t\t\t\t\t\t\t\t\t<\/div>\n\t\t\t\t<\/div>\n\t\t\t\t\t<\/div>\n\t\t<\/div>\n\t\t\t\t<div class=\"elementor-column elementor-col-33 elementor-inner-column elementor-element elementor-element-af8a3fd\" data-id=\"af8a3fd\" data-element_type=\"column\" data-e-type=\"column\">\n\t\t\t<div class=\"elementor-widget-wrap elementor-element-populated\">\n\t\t\t\t\t\t<div class=\"elementor-element elementor-element-cbd4305 invert elementor-widget elementor-widget-heading\" data-id=\"cbd4305\" data-element_type=\"widget\" data-e-type=\"widget\" data-widget_type=\"heading.default\">\n\t\t\t\t<div class=\"elementor-widget-container\">\n\t\t\t\t\t<h5 class=\"elementor-heading-title elementor-size-default\">Com o apoio de:<\/h5>\t\t\t\t<\/div>\n\t\t\t\t<\/div>\n\t\t\t\t<div class=\"elementor-element elementor-element-6e61efe elementor-widget elementor-widget-spacer\" data-id=\"6e61efe\" data-element_type=\"widget\" data-e-type=\"widget\" data-widget_type=\"spacer.default\">\n\t\t\t\t<div class=\"elementor-widget-container\">\n\t\t\t\t\t\t\t<div class=\"elementor-spacer\">\n\t\t\t<div class=\"elementor-spacer-inner\"><\/div>\n\t\t<\/div>\n\t\t\t\t\t\t<\/div>\n\t\t\t\t<\/div>\n\t\t\t\t<div class=\"elementor-element elementor-element-8f9d706 elementor-widget elementor-widget-image\" data-id=\"8f9d706\" data-element_type=\"widget\" data-e-type=\"widget\" data-widget_type=\"image.default\">\n\t\t\t\t<div class=\"elementor-widget-container\">\n\t\t\t\t\t\t\t\t\t\t\t\t\t\t\t\t<a href=\"https:\/\/www.mcr.pt\" target=\"_blank\">\n\t\t\t\t\t\t\t<img loading=\"lazy\" decoding=\"async\" width=\"600\" height=\"363\" src=\"https:\/\/festival262.com\/wp-content\/uploads\/2019\/10\/cmcr.png.webp\" class=\"attachment-full size-full wp-image-5603\" alt=\"\" srcset=\"https:\/\/festival262.com\/wp-content\/uploads\/2019\/10\/cmcr.png.webp 600w, https:\/\/festival262.com\/wp-content\/uploads\/2019\/10\/cmcr.png-300x182.webp 300w\" sizes=\"(max-width: 600px) 100vw, 600px\" \/>\t\t\t\t\t\t\t\t<\/a>\n\t\t\t\t\t\t\t\t\t\t\t\t\t\t\t<\/div>\n\t\t\t\t<\/div>\n\t\t\t\t\t<\/div>\n\t\t<\/div>\n\t\t\t\t<div class=\"elementor-column elementor-col-33 elementor-inner-column elementor-element elementor-element-3840b6d\" data-id=\"3840b6d\" data-element_type=\"column\" data-e-type=\"column\">\n\t\t\t<div class=\"elementor-widget-wrap elementor-element-populated\">\n\t\t\t\t\t\t<div class=\"elementor-element elementor-element-c63d851 invert elementor-widget elementor-widget-heading\" data-id=\"c63d851\" data-element_type=\"widget\" data-e-type=\"widget\" data-widget_type=\"heading.default\">\n\t\t\t\t<div class=\"elementor-widget-container\">\n\t\t\t\t\t<h5 class=\"elementor-heading-title elementor-size-default\">Maio \u2013 setembro de 2026<br>\nCaldas da Rainha Portugal<\/h5>\t\t\t\t<\/div>\n\t\t\t\t<\/div>\n\t\t\t\t<div class=\"elementor-element elementor-element-3636f02 elementor-widget elementor-widget-spacer\" data-id=\"3636f02\" data-element_type=\"widget\" data-e-type=\"widget\" data-widget_type=\"spacer.default\">\n\t\t\t\t<div class=\"elementor-widget-container\">\n\t\t\t\t\t\t\t<div class=\"elementor-spacer\">\n\t\t\t<div class=\"elementor-spacer-inner\"><\/div>\n\t\t<\/div>\n\t\t\t\t\t\t<\/div>\n\t\t\t\t<\/div>\n\t\t\t\t<div class=\"elementor-element elementor-element-6b32ea3 elementor-widget elementor-widget-heading\" data-id=\"6b32ea3\" data-element_type=\"widget\" data-e-type=\"widget\" data-widget_type=\"heading.default\">\n\t\t\t\t<div class=\"elementor-widget-container\">\n\t\t\t\t\t<h5 class=\"elementor-heading-title elementor-size-default\">Sobre o F\/262\n<\/h5>\t\t\t\t<\/div>\n\t\t\t\t<\/div>\n\t\t\t\t<div class=\"elementor-element elementor-element-0430d04 elementor-widget elementor-widget-text-editor\" data-id=\"0430d04\" data-element_type=\"widget\" data-e-type=\"widget\" data-widget_type=\"text-editor.default\">\n\t\t\t\t<div class=\"elementor-widget-container\">\n\t\t\t\t\t\t\t\t\t<p data-start=\"431\" data-end=\"686\">O F\/262 \u00e9 um festival internacional de fotografia enraizado nas Caldas da Rainha, Portugal.<br data-start=\"526\" data-end=\"529\" \/>Atrav\u00e9s de exposi\u00e7\u00f5es, palestras, educa\u00e7\u00e3o e instala\u00e7\u00f5es p\u00fablicas, o festival envolve a fotografia contempor\u00e2nea com o local, a comunidade e o mundo que partilhamos.<\/p><p data-start=\"688\" data-end=\"718\">\u00a0<\/p>\t\t\t\t\t\t\t\t<\/div>\n\t\t\t\t<\/div>\n\t\t\t\t<div class=\"elementor-element elementor-element-1251943 elementor-widget elementor-widget-spacer\" data-id=\"1251943\" data-element_type=\"widget\" data-e-type=\"widget\" data-widget_type=\"spacer.default\">\n\t\t\t\t<div class=\"elementor-widget-container\">\n\t\t\t\t\t\t\t<div class=\"elementor-spacer\">\n\t\t\t<div class=\"elementor-spacer-inner\"><\/div>\n\t\t<\/div>\n\t\t\t\t\t\t<\/div>\n\t\t\t\t<\/div>\n\t\t\t\t\t<\/div>\n\t\t<\/div>\n\t\t\t\t\t<\/div>\n\t\t<\/div>\n\t\t\t\t<section class=\"elementor-section elementor-inner-section elementor-element elementor-element-0e3f8f2 elementor-section-boxed elementor-section-height-default elementor-section-height-default\" data-id=\"0e3f8f2\" data-element_type=\"section\" data-e-type=\"section\">\n\t\t\t\t\t\t<div class=\"elementor-container elementor-column-gap-default\">\n\t\t\t\t\t<div class=\"elementor-column elementor-col-50 elementor-inner-column elementor-element elementor-element-65aff90\" data-id=\"65aff90\" data-element_type=\"column\" data-e-type=\"column\">\n\t\t\t<div class=\"elementor-widget-wrap elementor-element-populated\">\n\t\t\t\t\t\t<div class=\"elementor-element elementor-element-c895301 hfe-nav-menu__breakpoint-none hfe-nav-menu__align-left hfe-submenu-icon-arrow hfe-submenu-animation-none hfe-link-redirect-child elementor-widget elementor-widget-navigation-menu\" data-id=\"c895301\" data-element_type=\"widget\" data-e-type=\"widget\" data-settings=\"{&quot;padding_horizontal_menu_item&quot;:{&quot;unit&quot;:&quot;px&quot;,&quot;size&quot;:15,&quot;sizes&quot;:[]},&quot;padding_horizontal_menu_item_tablet&quot;:{&quot;unit&quot;:&quot;px&quot;,&quot;size&quot;:&quot;&quot;,&quot;sizes&quot;:[]},&quot;padding_horizontal_menu_item_mobile&quot;:{&quot;unit&quot;:&quot;px&quot;,&quot;size&quot;:&quot;&quot;,&quot;sizes&quot;:[]},&quot;padding_vertical_menu_item&quot;:{&quot;unit&quot;:&quot;px&quot;,&quot;size&quot;:15,&quot;sizes&quot;:[]},&quot;padding_vertical_menu_item_tablet&quot;:{&quot;unit&quot;:&quot;px&quot;,&quot;size&quot;:&quot;&quot;,&quot;sizes&quot;:[]},&quot;padding_vertical_menu_item_mobile&quot;:{&quot;unit&quot;:&quot;px&quot;,&quot;size&quot;:&quot;&quot;,&quot;sizes&quot;:[]},&quot;menu_space_between&quot;:{&quot;unit&quot;:&quot;px&quot;,&quot;size&quot;:&quot;&quot;,&quot;sizes&quot;:[]},&quot;menu_space_between_tablet&quot;:{&quot;unit&quot;:&quot;px&quot;,&quot;size&quot;:&quot;&quot;,&quot;sizes&quot;:[]},&quot;menu_space_between_mobile&quot;:{&quot;unit&quot;:&quot;px&quot;,&quot;size&quot;:&quot;&quot;,&quot;sizes&quot;:[]},&quot;menu_row_space&quot;:{&quot;unit&quot;:&quot;px&quot;,&quot;size&quot;:&quot;&quot;,&quot;sizes&quot;:[]},&quot;menu_row_space_tablet&quot;:{&quot;unit&quot;:&quot;px&quot;,&quot;size&quot;:&quot;&quot;,&quot;sizes&quot;:[]},&quot;menu_row_space_mobile&quot;:{&quot;unit&quot;:&quot;px&quot;,&quot;size&quot;:&quot;&quot;,&quot;sizes&quot;:[]},&quot;dropdown_border_radius&quot;:{&quot;unit&quot;:&quot;px&quot;,&quot;top&quot;:&quot;&quot;,&quot;right&quot;:&quot;&quot;,&quot;bottom&quot;:&quot;&quot;,&quot;left&quot;:&quot;&quot;,&quot;isLinked&quot;:true},&quot;dropdown_border_radius_tablet&quot;:{&quot;unit&quot;:&quot;px&quot;,&quot;top&quot;:&quot;&quot;,&quot;right&quot;:&quot;&quot;,&quot;bottom&quot;:&quot;&quot;,&quot;left&quot;:&quot;&quot;,&quot;isLinked&quot;:true},&quot;dropdown_border_radius_mobile&quot;:{&quot;unit&quot;:&quot;px&quot;,&quot;top&quot;:&quot;&quot;,&quot;right&quot;:&quot;&quot;,&quot;bottom&quot;:&quot;&quot;,&quot;left&quot;:&quot;&quot;,&quot;isLinked&quot;:true},&quot;width_dropdown_item&quot;:{&quot;unit&quot;:&quot;px&quot;,&quot;size&quot;:&quot;220&quot;,&quot;sizes&quot;:[]},&quot;width_dropdown_item_tablet&quot;:{&quot;unit&quot;:&quot;px&quot;,&quot;size&quot;:&quot;&quot;,&quot;sizes&quot;:[]},&quot;width_dropdown_item_mobile&quot;:{&quot;unit&quot;:&quot;px&quot;,&quot;size&quot;:&quot;&quot;,&quot;sizes&quot;:[]},&quot;padding_horizontal_dropdown_item&quot;:{&quot;unit&quot;:&quot;px&quot;,&quot;size&quot;:&quot;&quot;,&quot;sizes&quot;:[]},&quot;padding_horizontal_dropdown_item_tablet&quot;:{&quot;unit&quot;:&quot;px&quot;,&quot;size&quot;:&quot;&quot;,&quot;sizes&quot;:[]},&quot;padding_horizontal_dropdown_item_mobile&quot;:{&quot;unit&quot;:&quot;px&quot;,&quot;size&quot;:&quot;&quot;,&quot;sizes&quot;:[]},&quot;padding_vertical_dropdown_item&quot;:{&quot;unit&quot;:&quot;px&quot;,&quot;size&quot;:15,&quot;sizes&quot;:[]},&quot;padding_vertical_dropdown_item_tablet&quot;:{&quot;unit&quot;:&quot;px&quot;,&quot;size&quot;:&quot;&quot;,&quot;sizes&quot;:[]},&quot;padding_vertical_dropdown_item_mobile&quot;:{&quot;unit&quot;:&quot;px&quot;,&quot;size&quot;:&quot;&quot;,&quot;sizes&quot;:[]},&quot;distance_from_menu&quot;:{&quot;unit&quot;:&quot;px&quot;,&quot;size&quot;:&quot;&quot;,&quot;sizes&quot;:[]},&quot;distance_from_menu_tablet&quot;:{&quot;unit&quot;:&quot;px&quot;,&quot;size&quot;:&quot;&quot;,&quot;sizes&quot;:[]},&quot;distance_from_menu_mobile&quot;:{&quot;unit&quot;:&quot;px&quot;,&quot;size&quot;:&quot;&quot;,&quot;sizes&quot;:[]},&quot;toggle_size&quot;:{&quot;unit&quot;:&quot;px&quot;,&quot;size&quot;:&quot;&quot;,&quot;sizes&quot;:[]},&quot;toggle_size_tablet&quot;:{&quot;unit&quot;:&quot;px&quot;,&quot;size&quot;:&quot;&quot;,&quot;sizes&quot;:[]},&quot;toggle_size_mobile&quot;:{&quot;unit&quot;:&quot;px&quot;,&quot;size&quot;:&quot;&quot;,&quot;sizes&quot;:[]},&quot;toggle_border_width&quot;:{&quot;unit&quot;:&quot;px&quot;,&quot;size&quot;:&quot;&quot;,&quot;sizes&quot;:[]},&quot;toggle_border_width_tablet&quot;:{&quot;unit&quot;:&quot;px&quot;,&quot;size&quot;:&quot;&quot;,&quot;sizes&quot;:[]},&quot;toggle_border_width_mobile&quot;:{&quot;unit&quot;:&quot;px&quot;,&quot;size&quot;:&quot;&quot;,&quot;sizes&quot;:[]},&quot;toggle_border_radius&quot;:{&quot;unit&quot;:&quot;px&quot;,&quot;size&quot;:&quot;&quot;,&quot;sizes&quot;:[]},&quot;toggle_border_radius_tablet&quot;:{&quot;unit&quot;:&quot;px&quot;,&quot;size&quot;:&quot;&quot;,&quot;sizes&quot;:[]},&quot;toggle_border_radius_mobile&quot;:{&quot;unit&quot;:&quot;px&quot;,&quot;size&quot;:&quot;&quot;,&quot;sizes&quot;:[]}}\" data-widget_type=\"navigation-menu.default\">\n\t\t\t\t<div class=\"elementor-widget-container\">\n\t\t\t\t\t\t\t\t<div class=\"hfe-nav-menu hfe-layout-horizontal hfe-nav-menu-layout horizontal hfe-pointer__none\" data-layout=\"horizontal\">\n\t\t\t\t<div role=\"button\" class=\"hfe-nav-menu__toggle elementor-clickable\" tabindex=\"0\" aria-label=\"Menu Alternar\">\n\t\t\t\t\t<span class=\"screen-reader-text\">Menu<\/span>\n\t\t\t\t\t<div class=\"hfe-nav-menu-icon\">\n\t\t\t\t\t\t\t\t\t\t\t<\/div>\n\t\t\t\t<\/div>\n\t\t\t\t<nav class=\"hfe-nav-menu__layout-horizontal hfe-nav-menu__submenu-arrow\" data-toggle-icon=\"\" data-close-icon=\"\" data-full-width=\"\">\n\t\t\t\t\t<ul id=\"menu-1-c895301\" class=\"hfe-nav-menu\"><li id=\"menu-item-6609\" class=\"menu-item menu-item-type-post_type menu-item-object-page parent hfe-creative-menu\"><a href=\"https:\/\/festival262.com\/pt\/privacy-policy\/\" class = \"hfe-menu-item\">Pol\u00edtica de privacidade<\/a><\/li>\n<li id=\"menu-item-6610\" class=\"menu-item menu-item-type-post_type menu-item-object-page parent hfe-creative-menu\"><a href=\"https:\/\/festival262.com\/pt\/terms-of-service\/\" class = \"hfe-menu-item\">Termos de Servi\u00e7o<\/a><\/li>\n<li id=\"menu-item-6611\" class=\"menu-item menu-item-type-post_type menu-item-object-page parent hfe-creative-menu\"><a href=\"https:\/\/festival262.com\/pt\/competition-rules-terms-of-entry\/\" class = \"hfe-menu-item\">Regras da Competi\u00e7\u00e3o &amp; Termos de Entrada<\/a><\/li>\n<\/ul> \n\t\t\t\t<\/nav>\n\t\t\t<\/div>\n\t\t\t\t\t\t\t<\/div>\n\t\t\t\t<\/div>\n\t\t\t\t\t<\/div>\n\t\t<\/div>\n\t\t\t\t<div class=\"elementor-column elementor-col-50 elementor-inner-column elementor-element elementor-element-e840057\" data-id=\"e840057\" data-element_type=\"column\" data-e-type=\"column\">\n\t\t\t<div class=\"elementor-widget-wrap elementor-element-populated\">\n\t\t\t\t\t\t<div class=\"elementor-element elementor-element-c368a16 footer-soc-icon elementor-shape-circle e-grid-align-right e-grid-align-mobile-center elementor-grid-0 elementor-widget elementor-widget-social-icons\" data-id=\"c368a16\" data-element_type=\"widget\" data-e-type=\"widget\" data-widget_type=\"social-icons.default\">\n\t\t\t\t<div class=\"elementor-widget-container\">\n\t\t\t\t\t\t\t<div class=\"elementor-social-icons-wrapper elementor-grid\" role=\"list\">\n\t\t\t\t\t\t\t<span class=\"elementor-grid-item\" role=\"listitem\">\n\t\t\t\t\t<a class=\"elementor-icon elementor-social-icon elementor-social-icon-instagram elementor-repeater-item-a3788bb\" href=\"https:\/\/www.instagram.com\/festival.262\" target=\"_blank\">\n\t\t\t\t\t\t<span class=\"elementor-screen-only\">Instagram<\/span>\n\t\t\t\t\t\t<i aria-hidden=\"true\" class=\"fab fa-instagram\"><\/i>\t\t\t\t\t<\/a>\n\t\t\t\t<\/span>\n\t\t\t\t\t\t\t<span class=\"elementor-grid-item\" role=\"listitem\">\n\t\t\t\t\t<a class=\"elementor-icon elementor-social-icon elementor-social-icon-linkedin elementor-repeater-item-0a1b6fe\" href=\"https:\/\/www.linkedin.com\/company\/associacao-f-sos-fotografia-solidariedade-e-obras-sociais\/\" target=\"_blank\">\n\t\t\t\t\t\t<span class=\"elementor-screen-only\">Linkedin<\/span>\n\t\t\t\t\t\t<i aria-hidden=\"true\" class=\"fab fa-linkedin\"><\/i>\t\t\t\t\t<\/a>\n\t\t\t\t<\/span>\n\t\t\t\t\t\t\t<span class=\"elementor-grid-item\" role=\"listitem\">\n\t\t\t\t\t<a class=\"elementor-icon elementor-social-icon elementor-social-icon-youtube elementor-repeater-item-f3c97f5\" href=\"https:\/\/www.youtube.com\/@F262PhotographyFestival\" target=\"_blank\">\n\t\t\t\t\t\t<span class=\"elementor-screen-only\">Youtube<\/span>\n\t\t\t\t\t\t<i aria-hidden=\"true\" class=\"fab fa-youtube\"><\/i>\t\t\t\t\t<\/a>\n\t\t\t\t<\/span>\n\t\t\t\t\t<\/div>\n\t\t\t\t\t\t<\/div>\n\t\t\t\t<\/div>\n\t\t\t\t\t<\/div>\n\t\t<\/div>\n\t\t\t\t\t<\/div>\n\t\t<\/section>\n\t\t\t\t<div class=\"elementor-section elementor-inner-section elementor-element elementor-element-21d4a88 elementor-section-boxed elementor-section-height-default elementor-section-height-default\" data-id=\"21d4a88\" data-element_type=\"section\" data-e-type=\"section\">\n\t\t\t\t\t\t<div class=\"elementor-container elementor-column-gap-no\">\n\t\t\t\t\t<div class=\"elementor-column elementor-col-100 elementor-inner-column elementor-element elementor-element-37fbc21\" data-id=\"37fbc21\" data-element_type=\"column\" data-e-type=\"column\">\n\t\t\t<div class=\"elementor-widget-wrap elementor-element-populated\">\n\t\t\t\t\t\t<div class=\"elementor-element elementor-element-fe6ceda copyright-footer elementor-widget elementor-widget-text-editor\" data-id=\"fe6ceda\" data-element_type=\"widget\" data-e-type=\"widget\" data-widget_type=\"text-editor.default\">\n\t\t\t\t<div class=\"elementor-widget-container\">\n\t\t\t\t\t\t\t\t\t<p>\u00a92026 F\/262 \u2013 Festival Internacional de Fotografia<br \/>Produzido por <a href=\"https:\/\/www.f-sos.org\" target=\"_blank\" rel=\"noopener\">Associa\u00e7\u00e3o F\/SOS \u2013 Fotografia, Solidariedade e Obras Sociais<\/a><\/p>\t\t\t\t\t\t\t\t<\/div>\n\t\t\t\t<\/div>\n\t\t\t\t\t<\/div>\n\t\t<\/div>\n\t\t\t\t\t<\/div>\n\t\t<\/div>\n\t\t\t\t\t<\/div>\n\t\t<\/div>\n\t\t\t\t\t<\/div>\n\t\t<\/div>\n\t\t\t\t<\/div>\n\t\t<\/div>\n\t\t\t\t\t\t<\/div>\n\t\t\t\t<\/div>\n\t\t\t\t\t<\/div>\n\t\t<\/div>\n\t\t\t\t\t<\/div>\n\t\t<\/section>\n\t\t\t\t<\/div>","protected":false},"excerpt":{"rendered":"<p>Privacy Policy Introduction This Privacy Policy explains how F\/262 \u2013 Festival Internacional de Fotografia, operated by Associa\u00e7\u00e3o F\/SOS \u2013 Fotografia, Solidariedade e Obras Sociais (&#8220;we&#8221;, &#8220;us&#8221;, or &#8220;the Festival&#8221;), collects, uses, and protects your personal data when you visit https:\/\/festival262.com, register for activities, submit open calls, subscribe to our newsletter, or contact us. We are [&hellip;]<\/p>","protected":false},"author":1,"featured_media":0,"parent":0,"menu_order":0,"comment_status":"closed","ping_status":"closed","template":"elementor_header_footer","meta":{"_acf_changed":false,"footnotes":""},"class_list":["post-84","page","type-page","status-publish","hentry"],"acf":[],"yoast_head":"<!-- This site is optimized with the Yoast SEO plugin v27.5 - https:\/\/yoast.com\/product\/yoast-seo-wordpress\/ -->\n<title>Privacy policy - F\/262 Festival Internacional de Fotografia<\/title>\n<meta name=\"robots\" content=\"index, follow, max-snippet:-1, max-image-preview:large, max-video-preview:-1\" \/>\n<link rel=\"canonical\" href=\"https:\/\/festival262.com\/pt\/privacy-policy\/\" \/>\n<meta property=\"og:locale\" content=\"pt_PT\" \/>\n<meta property=\"og:type\" content=\"article\" \/>\n<meta property=\"og:title\" content=\"Privacy policy - F\/262 Festival Internacional de Fotografia\" \/>\n<meta property=\"og:description\" content=\"Privacy Policy Introduction This Privacy Policy explains how F\/262 \u2013 Festival Internacional de Fotografia, operated by Associa\u00e7\u00e3o F\/SOS \u2013 Fotografia, Solidariedade e Obras Sociais (&#8220;we&#8221;, &#8220;us&#8221;, or &#8220;the Festival&#8221;), collects, uses, and protects your personal data when you visit https:\/\/festival262.com, register for activities, submit open calls, subscribe to our newsletter, or contact us. We are [&hellip;]\" \/>\n<meta property=\"og:url\" content=\"https:\/\/festival262.com\/pt\/privacy-policy\/\" \/>\n<meta property=\"og:site_name\" content=\"F\/262 Festival Internacional de Fotografia\" \/>\n<meta property=\"article:modified_time\" content=\"2026-01-01T19:53:32+00:00\" \/>\n<meta property=\"og:image\" content=\"https:\/\/festival262.com\/wp-content\/uploads\/2025\/07\/ChatGPT-Image-Jul-31-2025-12_20_31-AM.png\" \/>\n\t<meta property=\"og:image:width\" content=\"1024\" \/>\n\t<meta property=\"og:image:height\" content=\"1024\" \/>\n\t<meta property=\"og:image:type\" content=\"image\/png\" \/>\n<meta name=\"twitter:card\" content=\"summary_large_image\" \/>\n<meta name=\"twitter:label1\" content=\"Tempo estimado de leitura\" \/>\n\t<meta name=\"twitter:data1\" content=\"4 minutos\" \/>\n<script type=\"application\/ld+json\" class=\"yoast-schema-graph\">{\"@context\":\"https:\\\/\\\/schema.org\",\"@graph\":[{\"@type\":\"WebPage\",\"@id\":\"https:\\\/\\\/festival262.com\\\/privacy-policy\\\/\",\"url\":\"https:\\\/\\\/festival262.com\\\/privacy-policy\\\/\",\"name\":\"Privacy policy - F\\\/262 Festival Internacional de Fotografia\",\"isPartOf\":{\"@id\":\"https:\\\/\\\/festival262.com\\\/#website\"},\"datePublished\":\"2019-10-15T13:52:34+00:00\",\"dateModified\":\"2026-01-01T19:53:32+00:00\",\"breadcrumb\":{\"@id\":\"https:\\\/\\\/festival262.com\\\/privacy-policy\\\/#breadcrumb\"},\"inLanguage\":\"pt-PT\",\"potentialAction\":[{\"@type\":\"ReadAction\",\"target\":[\"https:\\\/\\\/festival262.com\\\/privacy-policy\\\/\"]}]},{\"@type\":\"BreadcrumbList\",\"@id\":\"https:\\\/\\\/festival262.com\\\/privacy-policy\\\/#breadcrumb\",\"itemListElement\":[{\"@type\":\"ListItem\",\"position\":1,\"name\":\"Home\",\"item\":\"https:\\\/\\\/festival262.com\\\/\"},{\"@type\":\"ListItem\",\"position\":2,\"name\":\"Privacy policy\"}]},{\"@type\":\"WebSite\",\"@id\":\"https:\\\/\\\/festival262.com\\\/#website\",\"url\":\"https:\\\/\\\/festival262.com\\\/\",\"name\":\"F7262 Fetsival Internacional de Fotografia\",\"description\":\"Photography as Culture, Community, and Practice\",\"publisher\":{\"@id\":\"https:\\\/\\\/festival262.com\\\/#organization\"},\"alternateName\":\"Festival262\",\"potentialAction\":[{\"@type\":\"SearchAction\",\"target\":{\"@type\":\"EntryPoint\",\"urlTemplate\":\"https:\\\/\\\/festival262.com\\\/?s={search_term_string}\"},\"query-input\":{\"@type\":\"PropertyValueSpecification\",\"valueRequired\":true,\"valueName\":\"search_term_string\"}}],\"inLanguage\":\"pt-PT\"},{\"@type\":\"Organization\",\"@id\":\"https:\\\/\\\/festival262.com\\\/#organization\",\"name\":\"F\\\/262 Festival Internacional de Fotografia\",\"url\":\"https:\\\/\\\/festival262.com\\\/\",\"logo\":{\"@type\":\"ImageObject\",\"inLanguage\":\"pt-PT\",\"@id\":\"https:\\\/\\\/festival262.com\\\/#\\\/schema\\\/logo\\\/image\\\/\",\"url\":\"https:\\\/\\\/festival262.com\\\/wp-content\\\/uploads\\\/2019\\\/10\\\/cropped-f-262-icon-e-logo-scaled-1.png\",\"contentUrl\":\"https:\\\/\\\/festival262.com\\\/wp-content\\\/uploads\\\/2019\\\/10\\\/cropped-f-262-icon-e-logo-scaled-1.png\",\"width\":2558,\"height\":1048,\"caption\":\"F\\\/262 Festival Internacional de Fotografia\"},\"image\":{\"@id\":\"https:\\\/\\\/festival262.com\\\/#\\\/schema\\\/logo\\\/image\\\/\"}}]}<\/script>\n<!-- \/ Yoast SEO plugin. -->","yoast_head_json":{"title":"Privacy policy - F\/262 Festival Internacional de Fotografia","robots":{"index":"index","follow":"follow","max-snippet":"max-snippet:-1","max-image-preview":"max-image-preview:large","max-video-preview":"max-video-preview:-1"},"canonical":"https:\/\/festival262.com\/pt\/privacy-policy\/","og_locale":"pt_PT","og_type":"article","og_title":"Privacy policy - F\/262 Festival Internacional de Fotografia","og_description":"Privacy Policy Introduction This Privacy Policy explains how F\/262 \u2013 Festival Internacional de Fotografia, operated by Associa\u00e7\u00e3o F\/SOS \u2013 Fotografia, Solidariedade e Obras Sociais (&#8220;we&#8221;, &#8220;us&#8221;, or &#8220;the Festival&#8221;), collects, uses, and protects your personal data when you visit https:\/\/festival262.com, register for activities, submit open calls, subscribe to our newsletter, or contact us. We are [&hellip;]","og_url":"https:\/\/festival262.com\/pt\/privacy-policy\/","og_site_name":"F\/262 Festival Internacional de Fotografia","article_modified_time":"2026-01-01T19:53:32+00:00","og_image":[{"width":1024,"height":1024,"url":"https:\/\/festival262.com\/wp-content\/uploads\/2025\/07\/ChatGPT-Image-Jul-31-2025-12_20_31-AM.png","type":"image\/png"}],"twitter_card":"summary_large_image","twitter_misc":{"Tempo estimado de leitura":"4 minutos"},"schema":{"@context":"https:\/\/schema.org","@graph":[{"@type":"WebPage","@id":"https:\/\/festival262.com\/privacy-policy\/","url":"https:\/\/festival262.com\/privacy-policy\/","name":"Privacy policy - F\/262 Festival Internacional de Fotografia","isPartOf":{"@id":"https:\/\/festival262.com\/#website"},"datePublished":"2019-10-15T13:52:34+00:00","dateModified":"2026-01-01T19:53:32+00:00","breadcrumb":{"@id":"https:\/\/festival262.com\/privacy-policy\/#breadcrumb"},"inLanguage":"pt-PT","potentialAction":[{"@type":"ReadAction","target":["https:\/\/festival262.com\/privacy-policy\/"]}]},{"@type":"BreadcrumbList","@id":"https:\/\/festival262.com\/privacy-policy\/#breadcrumb","itemListElement":[{"@type":"ListItem","position":1,"name":"Home","item":"https:\/\/festival262.com\/"},{"@type":"ListItem","position":2,"name":"Privacy policy"}]},{"@type":"WebSite","@id":"https:\/\/festival262.com\/#website","url":"https:\/\/festival262.com\/","name":"F7262 Fetsival Internacional de Fotografia","description":"Photography as Culture, Community, and Practice","publisher":{"@id":"https:\/\/festival262.com\/#organization"},"alternateName":"Festival262","potentialAction":[{"@type":"SearchAction","target":{"@type":"EntryPoint","urlTemplate":"https:\/\/festival262.com\/?s={search_term_string}"},"query-input":{"@type":"PropertyValueSpecification","valueRequired":true,"valueName":"search_term_string"}}],"inLanguage":"pt-PT"},{"@type":"Organization","@id":"https:\/\/festival262.com\/#organization","name":"F\/262 Festival Internacional de Fotografia","url":"https:\/\/festival262.com\/","logo":{"@type":"ImageObject","inLanguage":"pt-PT","@id":"https:\/\/festival262.com\/#\/schema\/logo\/image\/","url":"https:\/\/festival262.com\/wp-content\/uploads\/2019\/10\/cropped-f-262-icon-e-logo-scaled-1.png","contentUrl":"https:\/\/festival262.com\/wp-content\/uploads\/2019\/10\/cropped-f-262-icon-e-logo-scaled-1.png","width":2558,"height":1048,"caption":"F\/262 Festival Internacional de Fotografia"},"image":{"@id":"https:\/\/festival262.com\/#\/schema\/logo\/image\/"}}]}},"_links":{"self":[{"href":"https:\/\/festival262.com\/pt\/wp-json\/wp\/v2\/pages\/84","targetHints":{"allow":["GET"]}}],"collection":[{"href":"https:\/\/festival262.com\/pt\/wp-json\/wp\/v2\/pages"}],"about":[{"href":"https:\/\/festival262.com\/pt\/wp-json\/wp\/v2\/types\/page"}],"author":[{"embeddable":true,"href":"https:\/\/festival262.com\/pt\/wp-json\/wp\/v2\/users\/1"}],"replies":[{"embeddable":true,"href":"https:\/\/festival262.com\/pt\/wp-json\/wp\/v2\/comments?post=84"}],"version-history":[{"count":0,"href":"https:\/\/festival262.com\/pt\/wp-json\/wp\/v2\/pages\/84\/revisions"}],"wp:attachment":[{"href":"https:\/\/festival262.com\/pt\/wp-json\/wp\/v2\/media?parent=84"}],"curies":[{"name":"wp","href":"https:\/\/api.w.org\/{rel}","templated":true}]}}