{"id":6657,"date":"2026-03-23T01:13:34","date_gmt":"2026-03-23T01:13:34","guid":{"rendered":"https:\/\/festival262.com\/?page_id=6657"},"modified":"2026-03-23T01:14:32","modified_gmt":"2026-03-23T01:14:32","slug":"elementor-6657","status":"publish","type":"page","link":"https:\/\/festival262.com\/pt\/elementor-6657\/","title":{"rendered":"Elementor #6657"},"content":{"rendered":"<div data-elementor-type=\"wp-page\" data-elementor-id=\"6657\" class=\"elementor elementor-6657\">\n\t\t\t\t\t\t<section class=\"elementor-section elementor-top-section elementor-element elementor-element-ecf2a62 elementor-section-boxed elementor-section-height-default elementor-section-height-default\" data-id=\"ecf2a62\" data-element_type=\"section\" data-e-type=\"section\">\n\t\t\t\t\t\t<div class=\"elementor-container elementor-column-gap-default\">\n\t\t\t\t\t<div class=\"elementor-column elementor-col-50 elementor-top-column elementor-element elementor-element-5faa588\" data-id=\"5faa588\" data-element_type=\"column\" data-e-type=\"column\">\n\t\t\t<div class=\"elementor-widget-wrap\">\n\t\t\t\t\t\t\t<\/div>\n\t\t<\/div>\n\t\t\t\t<div class=\"elementor-column elementor-col-50 elementor-top-column elementor-element elementor-element-386ffa5\" data-id=\"386ffa5\" data-element_type=\"column\" data-e-type=\"column\">\n\t\t\t<div class=\"elementor-widget-wrap\">\n\t\t\t\t\t\t\t<\/div>\n\t\t<\/div>\n\t\t\t\t\t<\/div>\n\t\t<\/section>\n\t\t\t\t<section class=\"elementor-section elementor-top-section elementor-element elementor-element-61d6713 elementor-section-boxed elementor-section-height-default elementor-section-height-default\" data-id=\"61d6713\" data-element_type=\"section\" data-e-type=\"section\">\n\t\t\t\t\t\t<div class=\"elementor-container elementor-column-gap-default\">\n\t\t\t\t\t<div class=\"elementor-column elementor-col-100 elementor-top-column elementor-element elementor-element-478b155\" data-id=\"478b155\" data-element_type=\"column\" data-e-type=\"column\">\n\t\t\t<div class=\"elementor-widget-wrap elementor-element-populated\">\n\t\t\t\t\t\t<div class=\"elementor-element elementor-element-04c2345 elementor-widget elementor-widget-text-editor\" data-id=\"04c2345\" data-element_type=\"widget\" data-e-type=\"widget\" data-widget_type=\"text-editor.default\">\n\t\t\t\t<div class=\"elementor-widget-container\">\n\t\t\t\t\t\t\t\t\t<h1>Acessibilidade<\/h1><h2>Compromisso<\/h2><p class=\"isSelectedEnd\">F\/262 \u2013 O Festival Internacional de Fotografia considera a acessibilidade um princ\u00edpio fundamental do seu programa e organiza\u00e7\u00e3o. Comprometemo-nos a garantir que todas as pessoas, independentemente das suas condi\u00e7\u00f5es f\u00edsicas, sensoriais ou cognitivas, possam experimentar o festival com autonomia, conforto e seguran\u00e7a.<\/p><p class=\"isSelectedEnd\">Este compromisso estende-se aos espa\u00e7os f\u00edsicos, \u00e0 comunica\u00e7\u00e3o e \u00e0 experi\u00eancia digital.<\/p><div contenteditable=\"false\"><hr \/><\/div><h2>Acessibilidade f\u00edsica<\/h2><p class=\"isSelectedEnd\">Os locais do festival s\u00e3o selecionados e adaptados para garantir:<\/p><ul data-spread=\"false\"><li>Rotas acess\u00edveis entre entradas, exposi\u00e7\u00f5es e servi\u00e7os<\/li><li>Acesso sem degraus ou rampas sempre que necess\u00e1rio<\/li><li>Zonas reservadas a pessoas com mobilidade reduzida<\/li><li>\u00c1reas de descanso em todos os locais<\/li><li>Instala\u00e7\u00f5es sanit\u00e1rias acess\u00edveis<\/li><\/ul><p class=\"isSelectedEnd\">Os mapas acess\u00edveis dos locais ser\u00e3o fornecidos sempre que aplic\u00e1vel.<\/p><div contenteditable=\"false\"><hr \/><\/div><h2>Servi\u00e7os de apoio<\/h2><p class=\"isSelectedEnd\">O F\/262 prev\u00ea medidas de apoio espec\u00edficas, incluindo:<\/p><ul data-spread=\"false\"><li>Contacto direto para visitantes com necessidades de acessibilidade espec\u00edficas<\/li><li>Pessoal no local dispon\u00edvel para prestar assist\u00eancia<\/li><li>Pontos de informa\u00e7\u00e3o acess\u00edveis<\/li><li>Informa\u00e7\u00f5es claras sobre o acesso, servi\u00e7os e programa<\/li><\/ul><div contenteditable=\"false\"><hr \/><\/div><h2>Programa inclusivo<\/h2><p class=\"isSelectedEnd\">O festival procura integrar pr\u00e1ticas inclusivas no seu programa, incluindo:<\/p><ul data-spread=\"false\"><li>Atividades acess\u00edveis e visitas guiadas<\/li><li>Conte\u00fado adaptado para p\u00fablicos diversificados<\/li><li>Implementa\u00e7\u00e3o progressiva de recursos como a audio-descri\u00e7\u00e3o e a interpreta\u00e7\u00e3o em linguagem gestual<\/li><\/ul><div contenteditable=\"false\"><hr \/><\/div><h2>S\u00edtio Web e comunica\u00e7\u00e3o<\/h2><p class=\"isSelectedEnd\">O site F\/262 foi concebido para facilitar o acesso \u00e0 informa\u00e7\u00e3o para todos os utilizadores.<\/p><p class=\"isSelectedEnd\">Estamos empenhados em:<\/p><ul data-spread=\"false\"><li>Fornecimento de conte\u00fados em portugu\u00eas e ingl\u00eas<\/li><li>Utiliza\u00e7\u00e3o de uma linguagem clara e estruturada<\/li><li>Garantir uma navega\u00e7\u00e3o simples e intuitiva<\/li><li>Incluir texto alternativo para imagens relevantes<\/li><li>Melhorar continuamente a acessibilidade digital em conformidade com as normas internacionais (WCAG)<\/li><\/ul><div contenteditable=\"false\"><hr \/><\/div><h2>Melhoria Cont\u00ednua<\/h2><p class=\"isSelectedEnd\">A acessibilidade \u00e9 um processo cont\u00ednuo. A F\/262 est\u00e1 empenhada em avaliar e melhorar continuamente as suas pr\u00e1ticas para garantir uma experi\u00eancia inclusiva e de alta qualidade para todos os visitantes.<\/p><div contenteditable=\"false\"><hr \/><\/div><h2>Contacto<\/h2><p class=\"isSelectedEnd\">Para quaisquer quest\u00f5es relacionadas com a acessibilidade, pedidos espec\u00edficos ou sugest\u00f5es, contacte-nos:<\/p><p>Endere\u00e7o eletr\u00f3nico: <a href=\"mailto:geral@festival262.com\">geral@festival262.com<\/a><br \/>(ou inserir correio eletr\u00f3nico dedicado \u00e0 acessibilidade)<\/p>\t\t\t\t\t\t\t\t<\/div>\n\t\t\t\t<\/div>\n\t\t\t\t\t<\/div>\n\t\t<\/div>\n\t\t\t\t\t<\/div>\n\t\t<\/section>\n\t\t\t\t<\/div>","protected":false},"excerpt":{"rendered":"<p>Accessibility Commitment F\/262 \u2013 International Photography Festival considers accessibility a core principle of its programme and organisation. We are committed to ensuring that all people, regardless of their physical, sensory or cognitive conditions, can experience the festival with autonomy, comfort and safety. This commitment extends to physical spaces, communication and digital experience. Physical Accessibility Festival [&hellip;]<\/p>","protected":false},"author":6,"featured_media":0,"parent":0,"menu_order":0,"comment_status":"closed","ping_status":"closed","template":"","meta":{"_acf_changed":false,"footnotes":""},"class_list":["post-6657","page","type-page","status-publish","hentry"],"acf":[],"yoast_head":"<!-- This site is optimized with the Yoast SEO plugin v27.5 - https:\/\/yoast.com\/product\/yoast-seo-wordpress\/ -->\n<title>Elementor #6657 - F\/262 Festival Internacional de Fotografia<\/title>\n<meta name=\"robots\" content=\"index, follow, max-snippet:-1, max-image-preview:large, max-video-preview:-1\" \/>\n<link rel=\"canonical\" href=\"https:\/\/festival262.com\/pt\/elementor-6657\/\" \/>\n<meta property=\"og:locale\" content=\"pt_PT\" \/>\n<meta property=\"og:type\" content=\"article\" \/>\n<meta property=\"og:title\" content=\"Elementor #6657 - F\/262 Festival Internacional de Fotografia\" \/>\n<meta property=\"og:description\" content=\"Accessibility Commitment F\/262 \u2013 International Photography Festival considers accessibility a core principle of its programme and organisation. We are committed to ensuring that all people, regardless of their physical, sensory or cognitive conditions, can experience the festival with autonomy, comfort and safety. This commitment extends to physical spaces, communication and digital experience. Physical Accessibility Festival [&hellip;]\" \/>\n<meta property=\"og:url\" content=\"https:\/\/festival262.com\/pt\/elementor-6657\/\" \/>\n<meta property=\"og:site_name\" content=\"F\/262 Festival Internacional de Fotografia\" \/>\n<meta property=\"article:modified_time\" content=\"2026-03-23T01:14:32+00:00\" \/>\n<meta property=\"og:image\" content=\"https:\/\/festival262.com\/wp-content\/uploads\/2025\/07\/ChatGPT-Image-Jul-31-2025-12_20_31-AM.png\" \/>\n\t<meta property=\"og:image:width\" content=\"1024\" \/>\n\t<meta property=\"og:image:height\" content=\"1024\" \/>\n\t<meta property=\"og:image:type\" content=\"image\/png\" \/>\n<meta name=\"twitter:card\" content=\"summary_large_image\" \/>\n<meta name=\"twitter:label1\" content=\"Tempo estimado de leitura\" \/>\n\t<meta name=\"twitter:data1\" content=\"2 minutos\" \/>\n<script type=\"application\/ld+json\" class=\"yoast-schema-graph\">{\"@context\":\"https:\\\/\\\/schema.org\",\"@graph\":[{\"@type\":\"WebPage\",\"@id\":\"https:\\\/\\\/festival262.com\\\/elementor-6657\\\/\",\"url\":\"https:\\\/\\\/festival262.com\\\/elementor-6657\\\/\",\"name\":\"Elementor #6657 - F\\\/262 Festival Internacional de Fotografia\",\"isPartOf\":{\"@id\":\"https:\\\/\\\/festival262.com\\\/#website\"},\"datePublished\":\"2026-03-23T01:13:34+00:00\",\"dateModified\":\"2026-03-23T01:14:32+00:00\",\"breadcrumb\":{\"@id\":\"https:\\\/\\\/festival262.com\\\/elementor-6657\\\/#breadcrumb\"},\"inLanguage\":\"pt-PT\",\"potentialAction\":[{\"@type\":\"ReadAction\",\"target\":[\"https:\\\/\\\/festival262.com\\\/elementor-6657\\\/\"]}]},{\"@type\":\"BreadcrumbList\",\"@id\":\"https:\\\/\\\/festival262.com\\\/elementor-6657\\\/#breadcrumb\",\"itemListElement\":[{\"@type\":\"ListItem\",\"position\":1,\"name\":\"Home\",\"item\":\"https:\\\/\\\/festival262.com\\\/\"},{\"@type\":\"ListItem\",\"position\":2,\"name\":\"Elementor #6657\"}]},{\"@type\":\"WebSite\",\"@id\":\"https:\\\/\\\/festival262.com\\\/#website\",\"url\":\"https:\\\/\\\/festival262.com\\\/\",\"name\":\"F7262 Fetsival Internacional de Fotografia\",\"description\":\"Photography as Culture, Community, and Practice\",\"publisher\":{\"@id\":\"https:\\\/\\\/festival262.com\\\/#organization\"},\"alternateName\":\"Festival262\",\"potentialAction\":[{\"@type\":\"SearchAction\",\"target\":{\"@type\":\"EntryPoint\",\"urlTemplate\":\"https:\\\/\\\/festival262.com\\\/?s={search_term_string}\"},\"query-input\":{\"@type\":\"PropertyValueSpecification\",\"valueRequired\":true,\"valueName\":\"search_term_string\"}}],\"inLanguage\":\"pt-PT\"},{\"@type\":\"Organization\",\"@id\":\"https:\\\/\\\/festival262.com\\\/#organization\",\"name\":\"F\\\/262 Festival Internacional de Fotografia\",\"url\":\"https:\\\/\\\/festival262.com\\\/\",\"logo\":{\"@type\":\"ImageObject\",\"inLanguage\":\"pt-PT\",\"@id\":\"https:\\\/\\\/festival262.com\\\/#\\\/schema\\\/logo\\\/image\\\/\",\"url\":\"https:\\\/\\\/festival262.com\\\/wp-content\\\/uploads\\\/2019\\\/10\\\/cropped-f-262-icon-e-logo-scaled-1.png\",\"contentUrl\":\"https:\\\/\\\/festival262.com\\\/wp-content\\\/uploads\\\/2019\\\/10\\\/cropped-f-262-icon-e-logo-scaled-1.png\",\"width\":2558,\"height\":1048,\"caption\":\"F\\\/262 Festival Internacional de Fotografia\"},\"image\":{\"@id\":\"https:\\\/\\\/festival262.com\\\/#\\\/schema\\\/logo\\\/image\\\/\"}}]}<\/script>\n<!-- \/ Yoast SEO plugin. -->","yoast_head_json":{"title":"Elementor #6657 - F\/262 Festival Internacional de Fotografia","robots":{"index":"index","follow":"follow","max-snippet":"max-snippet:-1","max-image-preview":"max-image-preview:large","max-video-preview":"max-video-preview:-1"},"canonical":"https:\/\/festival262.com\/pt\/elementor-6657\/","og_locale":"pt_PT","og_type":"article","og_title":"Elementor #6657 - F\/262 Festival Internacional de Fotografia","og_description":"Accessibility Commitment F\/262 \u2013 International Photography Festival considers accessibility a core principle of its programme and organisation. We are committed to ensuring that all people, regardless of their physical, sensory or cognitive conditions, can experience the festival with autonomy, comfort and safety. This commitment extends to physical spaces, communication and digital experience. Physical Accessibility Festival [&hellip;]","og_url":"https:\/\/festival262.com\/pt\/elementor-6657\/","og_site_name":"F\/262 Festival Internacional de Fotografia","article_modified_time":"2026-03-23T01:14:32+00:00","og_image":[{"width":1024,"height":1024,"url":"https:\/\/festival262.com\/wp-content\/uploads\/2025\/07\/ChatGPT-Image-Jul-31-2025-12_20_31-AM.png","type":"image\/png"}],"twitter_card":"summary_large_image","twitter_misc":{"Tempo estimado de leitura":"2 minutos"},"schema":{"@context":"https:\/\/schema.org","@graph":[{"@type":"WebPage","@id":"https:\/\/festival262.com\/elementor-6657\/","url":"https:\/\/festival262.com\/elementor-6657\/","name":"Elementor #6657 - F\/262 Festival Internacional de Fotografia","isPartOf":{"@id":"https:\/\/festival262.com\/#website"},"datePublished":"2026-03-23T01:13:34+00:00","dateModified":"2026-03-23T01:14:32+00:00","breadcrumb":{"@id":"https:\/\/festival262.com\/elementor-6657\/#breadcrumb"},"inLanguage":"pt-PT","potentialAction":[{"@type":"ReadAction","target":["https:\/\/festival262.com\/elementor-6657\/"]}]},{"@type":"BreadcrumbList","@id":"https:\/\/festival262.com\/elementor-6657\/#breadcrumb","itemListElement":[{"@type":"ListItem","position":1,"name":"Home","item":"https:\/\/festival262.com\/"},{"@type":"ListItem","position":2,"name":"Elementor #6657"}]},{"@type":"WebSite","@id":"https:\/\/festival262.com\/#website","url":"https:\/\/festival262.com\/","name":"F7262 Fetsival Internacional de Fotografia","description":"Photography as Culture, Community, and Practice","publisher":{"@id":"https:\/\/festival262.com\/#organization"},"alternateName":"Festival262","potentialAction":[{"@type":"SearchAction","target":{"@type":"EntryPoint","urlTemplate":"https:\/\/festival262.com\/?s={search_term_string}"},"query-input":{"@type":"PropertyValueSpecification","valueRequired":true,"valueName":"search_term_string"}}],"inLanguage":"pt-PT"},{"@type":"Organization","@id":"https:\/\/festival262.com\/#organization","name":"F\/262 Festival Internacional de Fotografia","url":"https:\/\/festival262.com\/","logo":{"@type":"ImageObject","inLanguage":"pt-PT","@id":"https:\/\/festival262.com\/#\/schema\/logo\/image\/","url":"https:\/\/festival262.com\/wp-content\/uploads\/2019\/10\/cropped-f-262-icon-e-logo-scaled-1.png","contentUrl":"https:\/\/festival262.com\/wp-content\/uploads\/2019\/10\/cropped-f-262-icon-e-logo-scaled-1.png","width":2558,"height":1048,"caption":"F\/262 Festival Internacional de Fotografia"},"image":{"@id":"https:\/\/festival262.com\/#\/schema\/logo\/image\/"}}]}},"_links":{"self":[{"href":"https:\/\/festival262.com\/pt\/wp-json\/wp\/v2\/pages\/6657","targetHints":{"allow":["GET"]}}],"collection":[{"href":"https:\/\/festival262.com\/pt\/wp-json\/wp\/v2\/pages"}],"about":[{"href":"https:\/\/festival262.com\/pt\/wp-json\/wp\/v2\/types\/page"}],"author":[{"embeddable":true,"href":"https:\/\/festival262.com\/pt\/wp-json\/wp\/v2\/users\/6"}],"replies":[{"embeddable":true,"href":"https:\/\/festival262.com\/pt\/wp-json\/wp\/v2\/comments?post=6657"}],"version-history":[{"count":3,"href":"https:\/\/festival262.com\/pt\/wp-json\/wp\/v2\/pages\/6657\/revisions"}],"predecessor-version":[{"id":6660,"href":"https:\/\/festival262.com\/pt\/wp-json\/wp\/v2\/pages\/6657\/revisions\/6660"}],"wp:attachment":[{"href":"https:\/\/festival262.com\/pt\/wp-json\/wp\/v2\/media?parent=6657"}],"curies":[{"name":"wp","href":"https:\/\/api.w.org\/{rel}","templated":true}]}}