{"id":5834,"date":"2026-02-09T23:38:43","date_gmt":"2026-02-09T23:38:43","guid":{"rendered":"https:\/\/festival262.com\/?page_id=5834"},"modified":"2026-02-09T23:44:12","modified_gmt":"2026-02-09T23:44:12","slug":"press","status":"publish","type":"page","link":"https:\/\/festival262.com\/pt\/press\/","title":{"rendered":"Imprensa"},"content":{"rendered":"<div data-elementor-type=\"wp-page\" data-elementor-id=\"5834\" class=\"elementor elementor-5834\">\n\t\t\t\t\t\t<section class=\"elementor-section elementor-top-section elementor-element elementor-element-2837b03 elementor-section-boxed elementor-section-height-default elementor-section-height-default\" data-id=\"2837b03\" data-element_type=\"section\" data-e-type=\"section\">\n\t\t\t\t\t\t<div class=\"elementor-container elementor-column-gap-default\">\n\t\t\t\t\t<div class=\"elementor-column elementor-col-100 elementor-top-column elementor-element elementor-element-bf18deb\" data-id=\"bf18deb\" data-element_type=\"column\" data-e-type=\"column\">\n\t\t\t<div class=\"elementor-widget-wrap elementor-element-populated\">\n\t\t\t\t\t\t<div class=\"elementor-element elementor-element-90e1ce2 elementor-widget elementor-widget-heading\" data-id=\"90e1ce2\" data-element_type=\"widget\" data-e-type=\"widget\" data-widget_type=\"heading.default\">\n\t\t\t\t<div class=\"elementor-widget-container\">\n\t\t\t\t\t<h2 class=\"elementor-heading-title elementor-size-default\">CLIPPINGS da imprensa <\/h2>\t\t\t\t<\/div>\n\t\t\t\t<\/div>\n\t\t\t\t<div class=\"elementor-element elementor-element-13f0c72 elementor-widget elementor-widget-text-editor\" data-id=\"13f0c72\" data-element_type=\"widget\" data-e-type=\"widget\" data-widget_type=\"text-editor.default\">\n\t\t\t\t<div class=\"elementor-widget-container\">\n\t\t\t\t\t\t\t\t\t<p>Esta <strong>imprensa<\/strong> A sec\u00e7\u00e3o re\u00fane a cobertura medi\u00e1tica relacionada com<strong> F\/262 - Festival Internacional de Fotografia e ASSOCIA\u00c7\u00c3O F\/SOS<\/strong>. Como um arquivo rec\u00e9m-criado, crescer\u00e1 ao longo do tempo, documentando men\u00e7\u00f5es \u00e0 imprensa, artigos e entrevistas ligadas ao festival e ao seu trabalho cultural e social mais amplo.<\/p>\t\t\t\t\t\t\t\t<\/div>\n\t\t\t\t<\/div>\n\t\t\t\t\t<\/div>\n\t\t<\/div>\n\t\t\t\t\t<\/div>\n\t\t<\/section>\n\t\t\t\t<section class=\"elementor-section elementor-top-section elementor-element elementor-element-f5515fc elementor-section-boxed elementor-section-height-default elementor-section-height-default\" data-id=\"f5515fc\" data-element_type=\"section\" data-e-type=\"section\">\n\t\t\t\t\t\t<div class=\"elementor-container elementor-column-gap-default\">\n\t\t\t\t\t<div class=\"elementor-column elementor-col-100 elementor-top-column elementor-element elementor-element-148b54b\" data-id=\"148b54b\" data-element_type=\"column\" data-e-type=\"column\">\n\t\t\t<div class=\"elementor-widget-wrap elementor-element-populated\">\n\t\t\t\t\t\t<div class=\"elementor-element elementor-element-04e5ba4 elementor-widget elementor-widget-jw-images-layout\" data-id=\"04e5ba4\" data-element_type=\"widget\" data-e-type=\"widget\" data-settings=\"{&quot;columns&quot;:&quot;2&quot;}\" data-widget_type=\"jw-images-layout.default\">\n\t\t\t\t<div class=\"elementor-widget-container\">\n\t\t\t\t\t<div class=\"elementor-jw-images-layout jet-widgets\">\n<div class=\"jw-images-layout layout-type-masonry\" data-settings='{\"layoutType\":\"masonry\",\"justifyHeight\":300}'>\n\t<div class=\"jw-images-layout__list column-desktop-2 column-tablet-2 column-mobile-1\" data-columns>\n<div class=\"jw-images-layout__item\">\n\t<div class=\"jw-images-layout__inner\">\n\t\t<a class=\"jw-images-layout__link\" href=\"https:\/\/festival262.com\/wp-content\/uploads\/2026\/02\/DSCF0125c.jpg\" data-elementor-open-lightbox=\"yes\" data-elementor-lightbox-slideshow=\"04e5ba4\">\n\t\t\t<div class=\"jw-images-layout__image\">\n\t\t\t\t<img decoding=\"async\" class=\"jw-images-layout__image-instance\" src=\"https:\/\/festival262.com\/wp-content\/uploads\/2026\/02\/DSCF0125c.jpg\" alt=\"DSCF0125c\">\t\t\t<\/div>\n\t\t\t<div class=\"jw-images-layout__content\">\n\t\t\t\t\t<div class=\"jw-images-layout__icon\"><div class=\"jw-images-layout-icon-inner\"><i aria-hidden=\"true\" class=\"fas fa-search-plus\"><\/i><\/div><\/div>\n\t\t\t\t\t<h5 class=\"jw-images-layout__title\">Imagem #1<\/h5><div class=\"jw-images-layout__desc\">Lorem ipsum dolor sit amet, consectetur adipiscing elit.<\/div>\n\t\t\t<\/div>\n\t\t<\/a>\n\t<\/div>\n\t<div class=\"jw-images-layout__image-loader\"><span><\/span><\/div>\n<\/div>\n<div class=\"jw-images-layout__item\">\n\t<div class=\"jw-images-layout__inner\">\n\t\t<a class=\"jw-images-layout__link\" href=\"https:\/\/festival262.com\/wp-content\/uploads\/2026\/02\/DSCF0126c.jpg\" data-elementor-open-lightbox=\"yes\" data-elementor-lightbox-slideshow=\"04e5ba4\">\n\t\t\t<div class=\"jw-images-layout__image\">\n\t\t\t\t<img decoding=\"async\" class=\"jw-images-layout__image-instance\" src=\"https:\/\/festival262.com\/wp-content\/uploads\/2026\/02\/DSCF0126c.jpg\" alt=\"DSCF0126c\">\t\t\t<\/div>\n\t\t\t<div class=\"jw-images-layout__content\">\n\t\t\t\t\t<div class=\"jw-images-layout__icon\"><div class=\"jw-images-layout-icon-inner\"><i aria-hidden=\"true\" class=\"fas fa-search-plus\"><\/i><\/div><\/div>\n\t\t\t\t\t<h5 class=\"jw-images-layout__title\">Imagem #2<\/h5><div class=\"jw-images-layout__desc\">Lorem ipsum dolor sit amet, consectetur adipiscing elit.<\/div>\n\t\t\t<\/div>\n\t\t<\/a>\n\t<\/div>\n\t<div class=\"jw-images-layout__image-loader\"><span><\/span><\/div>\n<\/div>\n<div class=\"jw-images-layout__item\">\n\t<div class=\"jw-images-layout__inner\">\n\t\t<a class=\"jw-images-layout__link\" href=\"https:\/\/festival262.com\/wp-content\/uploads\/2026\/02\/DSCF0147c.jpg\" data-elementor-open-lightbox=\"yes\" data-elementor-lightbox-slideshow=\"04e5ba4\">\n\t\t\t<div class=\"jw-images-layout__image\">\n\t\t\t\t<img decoding=\"async\" class=\"jw-images-layout__image-instance\" src=\"https:\/\/festival262.com\/wp-content\/uploads\/2026\/02\/DSCF0147c.jpg\" alt=\"DSCF0147c\">\t\t\t<\/div>\n\t\t\t<div class=\"jw-images-layout__content\">\n\t\t\t\t\t<div class=\"jw-images-layout__icon\"><div class=\"jw-images-layout-icon-inner\"><i aria-hidden=\"true\" class=\"fas fa-search-plus\"><\/i><\/div><\/div>\n\t\t\t\t\t<h5 class=\"jw-images-layout__title\">Imagem #3<\/h5><div class=\"jw-images-layout__desc\">Lorem ipsum dolor sit amet, consectetur adipiscing elit.<\/div>\n\t\t\t<\/div>\n\t\t<\/a>\n\t<\/div>\n\t<div class=\"jw-images-layout__image-loader\"><span><\/span><\/div>\n<\/div>\n<div class=\"jw-images-layout__item\">\n\t<div class=\"jw-images-layout__inner\">\n\t\t<a class=\"jw-images-layout__link\" href=\"https:\/\/festival262.com\/wp-content\/uploads\/2026\/02\/DSCF0146crop.jpg\" data-elementor-open-lightbox=\"yes\" data-elementor-lightbox-slideshow=\"04e5ba4\">\n\t\t\t<div class=\"jw-images-layout__image\">\n\t\t\t\t<img decoding=\"async\" class=\"jw-images-layout__image-instance\" src=\"https:\/\/festival262.com\/wp-content\/uploads\/2026\/02\/DSCF0146crop.jpg\" alt=\"DSCF0146cultura\">\t\t\t<\/div>\n\t\t\t<div class=\"jw-images-layout__content\">\n\t\t\t\t\t<div class=\"jw-images-layout__icon\"><div class=\"jw-images-layout-icon-inner\"><i aria-hidden=\"true\" class=\"fas fa-search-plus\"><\/i><\/div><\/div>\n\t\t\t\t\t<h5 class=\"jw-images-layout__title\">Imagem #4<\/h5><div class=\"jw-images-layout__desc\">Lorem ipsum dolor sit amet, consectetur adipiscing elit.<\/div>\n\t\t\t<\/div>\n\t\t<\/a>\n\t<\/div>\n\t<div class=\"jw-images-layout__image-loader\"><span><\/span><\/div>\n<\/div>\n<\/div><\/div>\n<\/div>\t\t\t\t<\/div>\n\t\t\t\t<\/div>\n\t\t\t\t\t<\/div>\n\t\t<\/div>\n\t\t\t\t\t<\/div>\n\t\t<\/section>\n\t\t\t\t<\/div>","protected":false},"excerpt":{"rendered":"<p>Press cLIPPINGS This press section gathers media coverage related to F\/262 \u2013 Festival Internacional de Fotografia and ASSOCIA\u00c7\u00c3O F\/SOS. As a newly created archive, it will grow over time, documenting press mentions, articles, and interviews connected to the festival and its wider cultural and social work. Image #1 Lorem ipsum dolor sit amet, consectetur adipiscing [&hellip;]<\/p>","protected":false},"author":6,"featured_media":0,"parent":0,"menu_order":0,"comment_status":"closed","ping_status":"closed","template":"","meta":{"_acf_changed":false,"footnotes":""},"class_list":["post-5834","page","type-page","status-publish","hentry"],"acf":[],"yoast_head":"<!-- This site is optimized with the Yoast SEO plugin v27.5 - https:\/\/yoast.com\/product\/yoast-seo-wordpress\/ -->\n<title>Press - F\/262 Festival Internacional de Fotografia<\/title>\n<meta name=\"robots\" content=\"index, follow, max-snippet:-1, max-image-preview:large, max-video-preview:-1\" \/>\n<link rel=\"canonical\" href=\"https:\/\/festival262.com\/pt\/press\/\" \/>\n<meta property=\"og:locale\" content=\"pt_PT\" \/>\n<meta property=\"og:type\" content=\"article\" \/>\n<meta property=\"og:title\" content=\"Press - F\/262 Festival Internacional de Fotografia\" \/>\n<meta property=\"og:description\" content=\"Press cLIPPINGS This press section gathers media coverage related to F\/262 \u2013 Festival Internacional de Fotografia and ASSOCIA\u00c7\u00c3O F\/SOS. As a newly created archive, it will grow over time, documenting press mentions, articles, and interviews connected to the festival and its wider cultural and social work. Image #1 Lorem ipsum dolor sit amet, consectetur adipiscing [&hellip;]\" \/>\n<meta property=\"og:url\" content=\"https:\/\/festival262.com\/pt\/press\/\" \/>\n<meta property=\"og:site_name\" content=\"F\/262 Festival Internacional de Fotografia\" \/>\n<meta property=\"article:modified_time\" content=\"2026-02-09T23:44:12+00:00\" \/>\n<meta property=\"og:image\" content=\"https:\/\/festival262.com\/wp-content\/uploads\/2026\/02\/DSCF0125c.jpg\" \/>\n<meta name=\"twitter:card\" content=\"summary_large_image\" \/>\n<meta name=\"twitter:label1\" content=\"Tempo estimado de leitura\" \/>\n\t<meta name=\"twitter:data1\" content=\"2 minutos\" \/>\n<script type=\"application\/ld+json\" class=\"yoast-schema-graph\">{\"@context\":\"https:\\\/\\\/schema.org\",\"@graph\":[{\"@type\":\"WebPage\",\"@id\":\"https:\\\/\\\/festival262.com\\\/press\\\/\",\"url\":\"https:\\\/\\\/festival262.com\\\/press\\\/\",\"name\":\"Press - F\\\/262 Festival Internacional de Fotografia\",\"isPartOf\":{\"@id\":\"https:\\\/\\\/festival262.com\\\/#website\"},\"primaryImageOfPage\":{\"@id\":\"https:\\\/\\\/festival262.com\\\/press\\\/#primaryimage\"},\"image\":{\"@id\":\"https:\\\/\\\/festival262.com\\\/press\\\/#primaryimage\"},\"thumbnailUrl\":\"https:\\\/\\\/festival262.com\\\/wp-content\\\/uploads\\\/2026\\\/02\\\/DSCF0125c.jpg\",\"datePublished\":\"2026-02-09T23:38:43+00:00\",\"dateModified\":\"2026-02-09T23:44:12+00:00\",\"breadcrumb\":{\"@id\":\"https:\\\/\\\/festival262.com\\\/press\\\/#breadcrumb\"},\"inLanguage\":\"pt-PT\",\"potentialAction\":[{\"@type\":\"ReadAction\",\"target\":[\"https:\\\/\\\/festival262.com\\\/press\\\/\"]}]},{\"@type\":\"ImageObject\",\"inLanguage\":\"pt-PT\",\"@id\":\"https:\\\/\\\/festival262.com\\\/press\\\/#primaryimage\",\"url\":\"https:\\\/\\\/festival262.com\\\/wp-content\\\/uploads\\\/2026\\\/02\\\/DSCF0125c.jpg\",\"contentUrl\":\"https:\\\/\\\/festival262.com\\\/wp-content\\\/uploads\\\/2026\\\/02\\\/DSCF0125c.jpg\"},{\"@type\":\"BreadcrumbList\",\"@id\":\"https:\\\/\\\/festival262.com\\\/press\\\/#breadcrumb\",\"itemListElement\":[{\"@type\":\"ListItem\",\"position\":1,\"name\":\"Home\",\"item\":\"https:\\\/\\\/festival262.com\\\/\"},{\"@type\":\"ListItem\",\"position\":2,\"name\":\"Press\"}]},{\"@type\":\"WebSite\",\"@id\":\"https:\\\/\\\/festival262.com\\\/#website\",\"url\":\"https:\\\/\\\/festival262.com\\\/\",\"name\":\"F7262 Fetsival Internacional de Fotografia\",\"description\":\"Photography as Culture, Community, and Practice\",\"publisher\":{\"@id\":\"https:\\\/\\\/festival262.com\\\/#organization\"},\"alternateName\":\"Festival262\",\"potentialAction\":[{\"@type\":\"SearchAction\",\"target\":{\"@type\":\"EntryPoint\",\"urlTemplate\":\"https:\\\/\\\/festival262.com\\\/?s={search_term_string}\"},\"query-input\":{\"@type\":\"PropertyValueSpecification\",\"valueRequired\":true,\"valueName\":\"search_term_string\"}}],\"inLanguage\":\"pt-PT\"},{\"@type\":\"Organization\",\"@id\":\"https:\\\/\\\/festival262.com\\\/#organization\",\"name\":\"F\\\/262 Festival Internacional de Fotografia\",\"url\":\"https:\\\/\\\/festival262.com\\\/\",\"logo\":{\"@type\":\"ImageObject\",\"inLanguage\":\"pt-PT\",\"@id\":\"https:\\\/\\\/festival262.com\\\/#\\\/schema\\\/logo\\\/image\\\/\",\"url\":\"https:\\\/\\\/festival262.com\\\/wp-content\\\/uploads\\\/2019\\\/10\\\/cropped-f-262-icon-e-logo-scaled-1.png\",\"contentUrl\":\"https:\\\/\\\/festival262.com\\\/wp-content\\\/uploads\\\/2019\\\/10\\\/cropped-f-262-icon-e-logo-scaled-1.png\",\"width\":2558,\"height\":1048,\"caption\":\"F\\\/262 Festival Internacional de Fotografia\"},\"image\":{\"@id\":\"https:\\\/\\\/festival262.com\\\/#\\\/schema\\\/logo\\\/image\\\/\"}}]}<\/script>\n<!-- \/ Yoast SEO plugin. -->","yoast_head_json":{"title":"Press - F\/262 Festival Internacional de Fotografia","robots":{"index":"index","follow":"follow","max-snippet":"max-snippet:-1","max-image-preview":"max-image-preview:large","max-video-preview":"max-video-preview:-1"},"canonical":"https:\/\/festival262.com\/pt\/press\/","og_locale":"pt_PT","og_type":"article","og_title":"Press - F\/262 Festival Internacional de Fotografia","og_description":"Press cLIPPINGS This press section gathers media coverage related to F\/262 \u2013 Festival Internacional de Fotografia and ASSOCIA\u00c7\u00c3O F\/SOS. As a newly created archive, it will grow over time, documenting press mentions, articles, and interviews connected to the festival and its wider cultural and social work. Image #1 Lorem ipsum dolor sit amet, consectetur adipiscing [&hellip;]","og_url":"https:\/\/festival262.com\/pt\/press\/","og_site_name":"F\/262 Festival Internacional de Fotografia","article_modified_time":"2026-02-09T23:44:12+00:00","og_image":[{"url":"https:\/\/festival262.com\/wp-content\/uploads\/2026\/02\/DSCF0125c.jpg","type":"","width":"","height":""}],"twitter_card":"summary_large_image","twitter_misc":{"Tempo estimado de leitura":"2 minutos"},"schema":{"@context":"https:\/\/schema.org","@graph":[{"@type":"WebPage","@id":"https:\/\/festival262.com\/press\/","url":"https:\/\/festival262.com\/press\/","name":"Press - F\/262 Festival Internacional de Fotografia","isPartOf":{"@id":"https:\/\/festival262.com\/#website"},"primaryImageOfPage":{"@id":"https:\/\/festival262.com\/press\/#primaryimage"},"image":{"@id":"https:\/\/festival262.com\/press\/#primaryimage"},"thumbnailUrl":"https:\/\/festival262.com\/wp-content\/uploads\/2026\/02\/DSCF0125c.jpg","datePublished":"2026-02-09T23:38:43+00:00","dateModified":"2026-02-09T23:44:12+00:00","breadcrumb":{"@id":"https:\/\/festival262.com\/press\/#breadcrumb"},"inLanguage":"pt-PT","potentialAction":[{"@type":"ReadAction","target":["https:\/\/festival262.com\/press\/"]}]},{"@type":"ImageObject","inLanguage":"pt-PT","@id":"https:\/\/festival262.com\/press\/#primaryimage","url":"https:\/\/festival262.com\/wp-content\/uploads\/2026\/02\/DSCF0125c.jpg","contentUrl":"https:\/\/festival262.com\/wp-content\/uploads\/2026\/02\/DSCF0125c.jpg"},{"@type":"BreadcrumbList","@id":"https:\/\/festival262.com\/press\/#breadcrumb","itemListElement":[{"@type":"ListItem","position":1,"name":"Home","item":"https:\/\/festival262.com\/"},{"@type":"ListItem","position":2,"name":"Press"}]},{"@type":"WebSite","@id":"https:\/\/festival262.com\/#website","url":"https:\/\/festival262.com\/","name":"F7262 Fetsival Internacional de Fotografia","description":"Photography as Culture, Community, and Practice","publisher":{"@id":"https:\/\/festival262.com\/#organization"},"alternateName":"Festival262","potentialAction":[{"@type":"SearchAction","target":{"@type":"EntryPoint","urlTemplate":"https:\/\/festival262.com\/?s={search_term_string}"},"query-input":{"@type":"PropertyValueSpecification","valueRequired":true,"valueName":"search_term_string"}}],"inLanguage":"pt-PT"},{"@type":"Organization","@id":"https:\/\/festival262.com\/#organization","name":"F\/262 Festival Internacional de Fotografia","url":"https:\/\/festival262.com\/","logo":{"@type":"ImageObject","inLanguage":"pt-PT","@id":"https:\/\/festival262.com\/#\/schema\/logo\/image\/","url":"https:\/\/festival262.com\/wp-content\/uploads\/2019\/10\/cropped-f-262-icon-e-logo-scaled-1.png","contentUrl":"https:\/\/festival262.com\/wp-content\/uploads\/2019\/10\/cropped-f-262-icon-e-logo-scaled-1.png","width":2558,"height":1048,"caption":"F\/262 Festival Internacional de Fotografia"},"image":{"@id":"https:\/\/festival262.com\/#\/schema\/logo\/image\/"}}]}},"_links":{"self":[{"href":"https:\/\/festival262.com\/pt\/wp-json\/wp\/v2\/pages\/5834","targetHints":{"allow":["GET"]}}],"collection":[{"href":"https:\/\/festival262.com\/pt\/wp-json\/wp\/v2\/pages"}],"about":[{"href":"https:\/\/festival262.com\/pt\/wp-json\/wp\/v2\/types\/page"}],"author":[{"embeddable":true,"href":"https:\/\/festival262.com\/pt\/wp-json\/wp\/v2\/users\/6"}],"replies":[{"embeddable":true,"href":"https:\/\/festival262.com\/pt\/wp-json\/wp\/v2\/comments?post=5834"}],"version-history":[{"count":5,"href":"https:\/\/festival262.com\/pt\/wp-json\/wp\/v2\/pages\/5834\/revisions"}],"predecessor-version":[{"id":5849,"href":"https:\/\/festival262.com\/pt\/wp-json\/wp\/v2\/pages\/5834\/revisions\/5849"}],"wp:attachment":[{"href":"https:\/\/festival262.com\/pt\/wp-json\/wp\/v2\/media?parent=5834"}],"curies":[{"name":"wp","href":"https:\/\/api.w.org\/{rel}","templated":true}]}}