{"id":5486,"date":"2026-01-01T19:24:19","date_gmt":"2026-01-01T19:24:19","guid":{"rendered":"https:\/\/festival262.com\/?page_id=5486"},"modified":"2026-01-01T20:02:03","modified_gmt":"2026-01-01T20:02:03","slug":"terms-of-service","status":"publish","type":"page","link":"https:\/\/festival262.com\/pt\/terms-of-service\/","title":{"rendered":"Termos de Servi\u00e7o"},"content":{"rendered":"<div data-elementor-type=\"wp-page\" data-elementor-id=\"5486\" class=\"elementor elementor-5486\">\n\t\t\t\t\t\t<section class=\"elementor-section elementor-top-section elementor-element elementor-element-2dfc7fd elementor-section-boxed elementor-section-height-default elementor-section-height-default\" data-id=\"2dfc7fd\" data-element_type=\"section\" data-e-type=\"section\">\n\t\t\t\t\t\t<div class=\"elementor-container elementor-column-gap-default\">\n\t\t\t\t\t<div class=\"elementor-column elementor-col-100 elementor-top-column elementor-element elementor-element-f2b47e8\" data-id=\"f2b47e8\" data-element_type=\"column\" data-e-type=\"column\">\n\t\t\t<div class=\"elementor-widget-wrap elementor-element-populated\">\n\t\t\t\t\t\t<div class=\"elementor-element elementor-element-064fb4e elementor-widget elementor-widget-heading\" data-id=\"064fb4e\" data-element_type=\"widget\" data-e-type=\"widget\" data-widget_type=\"heading.default\">\n\t\t\t\t<div class=\"elementor-widget-container\">\n\t\t\t\t\t<h2 class=\"elementor-heading-title elementor-size-default\">Termos de Servi\u00e7o<\/h2>\t\t\t\t<\/div>\n\t\t\t\t<\/div>\n\t\t\t\t<div class=\"elementor-element elementor-element-baae1c6 elementor-widget elementor-widget-text-editor\" data-id=\"baae1c6\" data-element_type=\"widget\" data-e-type=\"widget\" data-widget_type=\"text-editor.default\">\n\t\t\t\t<div class=\"elementor-widget-container\">\n\t\t\t\t\t\t\t\t\t<h3 data-start=\"430\" data-end=\"445\">Panor\u00e2mica geral<\/h3><p data-start=\"447\" data-end=\"626\">Este website \u00e9 operado por <strong data-start=\"475\" data-end=\"523\">F\/262 \u2013 Festival Internacional de Fotografia<\/strong>, organizado por <strong data-start=\"538\" data-end=\"602\">Associa\u00e7\u00e3o F\/SOS \u2013 Fotografia, Solidariedade e Obras Sociais<\/strong> (\u00abn\u00f3s\u00bb, \u00abnos\u00bb ou \u00abnosso\u00bb).<\/p><p data-start=\"628\" data-end=\"979\">Ao aceder ou utilizar <strong data-start=\"650\" data-end=\"677\"><a class=\"decorated-link\" href=\"https:\/\/festival262.com\/pt\/\" target=\"_new\" rel=\"noopener\" data-start=\"652\" data-end=\"675\">https:\/\/festival262.com<\/a><\/strong> (o \u00abSite\u00bb), incluindo conte\u00fados de navega\u00e7\u00e3o, apresenta\u00e7\u00e3o de convites abertos \u00e0 apresenta\u00e7\u00e3o de propostas, inscri\u00e7\u00e3o em eventos, workshops, programas de voluntariado, boletins informativos ou contacto connosco, aceita ficar vinculado a estes <strong data-start=\"863\" data-end=\"883\">Termos de Servi\u00e7o<\/strong> (\"Termos\"), juntamente com a nossa Pol\u00edtica de Privacidade e quaisquer pol\u00edticas adicionais referenciadas no Site.<\/p><p data-start=\"981\" data-end=\"1071\">Se n\u00e3o concordar com estes Termos, n\u00e3o dever\u00e1 aceder ou utilizar o Site ou os seus servi\u00e7os.<\/p><hr data-start=\"1073\" data-end=\"1076\" \/><h3 data-start=\"1078\" data-end=\"1103\">Utiliza\u00e7\u00e3o do Website<\/h3><p data-start=\"1105\" data-end=\"1122\">Confirma que:<\/p><ul data-start=\"1123\" data-end=\"1388\"><li data-start=\"1123\" data-end=\"1187\"><p data-start=\"1125\" data-end=\"1187\">Tem, pelo menos, 16 anos de idade ou tem o consentimento do tutor legal.<\/p><\/li><li data-start=\"1188\" data-end=\"1257\"><p data-start=\"1190\" data-end=\"1257\">N\u00e3o utilizar\u00e1 o Site para qualquer finalidade ilegal ou n\u00e3o autorizada.<\/p><\/li><li data-start=\"1258\" data-end=\"1388\"><p data-start=\"1260\" data-end=\"1388\">Cumprir\u00e1 todas as leis locais, nacionais e internacionais aplic\u00e1veis, incluindo as leis de direitos autorais e de propriedade intelectual.<\/p><\/li><\/ul><p data-start=\"1390\" data-end=\"1481\">Qualquer viola\u00e7\u00e3o destes Termos pode resultar na suspens\u00e3o ou t\u00e9rmino do acesso ao Site.<\/p><hr data-start=\"1483\" data-end=\"1486\" \/><h3 data-start=\"1488\" data-end=\"1537\">Conte\u00fado do Festival e Propriedade Intelectual<\/h3><p data-start=\"1539\" data-end=\"1600\">Salvo indica\u00e7\u00e3o em contr\u00e1rio, todo o conte\u00fado deste Site, incluindo:<\/p><ul data-start=\"1601\" data-end=\"1697\"><li data-start=\"1601\" data-end=\"1610\"><p data-start=\"1603\" data-end=\"1610\">Textos<\/p><\/li><li data-start=\"1611\" data-end=\"1621\"><p data-start=\"1613\" data-end=\"1621\">Imagens<\/p><\/li><li data-start=\"1622\" data-end=\"1631\"><p data-start=\"1624\" data-end=\"1631\">Log\u00f3tipos<\/p><\/li><li data-start=\"1632\" data-end=\"1651\"><p data-start=\"1634\" data-end=\"1651\">Identidade visual<\/p><\/li><li data-start=\"1652\" data-end=\"1676\"><p data-start=\"1654\" data-end=\"1676\">Descri\u00e7\u00f5es do programa<\/p><\/li><li data-start=\"1677\" data-end=\"1697\"><p data-start=\"1679\" data-end=\"1697\">Textos de curadoria<\/p><\/li><\/ul><p data-start=\"1699\" data-end=\"1862\">\u00c9 a propriedade de <strong data-start=\"1718\" data-end=\"1727\">F\/262<\/strong>, <strong data-start=\"1729\" data-end=\"1749\">Associa\u00e7\u00e3o F\/SOS<\/strong>, ou os respetivos artistas, autores e parceiros, e est\u00e1 protegido pelas leis de direitos de autor e propriedade intelectual.<\/p><p data-start=\"1864\" data-end=\"2014\">N\u00e3o pode copiar, reproduzir, distribuir, publicar, modificar ou explorar comercialmente qualquer conte\u00fado sem autoriza\u00e7\u00e3o pr\u00e9via por escrito do detentor dos direitos.<\/p><hr data-start=\"2016\" data-end=\"2019\" \/><h3 data-start=\"2021\" data-end=\"2077\">Candidaturas de artistas, convites abertos \u00e0 apresenta\u00e7\u00e3o de propostas e participa\u00e7\u00e3o<\/h3><p data-start=\"2079\" data-end=\"2211\">Ao enviar obras, textos ou outros materiais para o F\/262 (incluindo convites abertos, programas Next Gen ou exposi\u00e7\u00f5es), confirma que:<\/p><ul data-start=\"2212\" data-end=\"2376\"><li data-start=\"2212\" data-end=\"2317\"><p data-start=\"2214\" data-end=\"2317\">Voc\u00ea \u00e9 o autor ou detentor dos direitos do material enviado, ou tem autoriza\u00e7\u00e3o total para envi\u00e1-lo.<\/p><\/li><li data-start=\"2318\" data-end=\"2376\"><p data-start=\"2320\" data-end=\"2376\">O trabalho apresentado n\u00e3o viola os direitos de terceiros.<\/p><\/li><\/ul><p data-start=\"2378\" data-end=\"2476\">Concede F\/262 a <strong data-start=\"2396\" data-end=\"2435\">licen\u00e7a n\u00e3o exclusiva e isenta de royalties<\/strong> para utilizar materiais submetidos estritamente para:<\/p><ul data-start=\"2477\" data-end=\"2605\"><li data-start=\"2477\" data-end=\"2496\"><p data-start=\"2479\" data-end=\"2496\">Avalia\u00e7\u00e3o do j\u00fari<\/p><\/li><li data-start=\"2497\" data-end=\"2521\"><p data-start=\"2499\" data-end=\"2521\">Programa\u00e7\u00e3o do Festival<\/p><\/li><li data-start=\"2522\" data-end=\"2537\"><p data-start=\"2524\" data-end=\"2537\">Exposi\u00e7\u00f5es<\/p><\/li><li data-start=\"2538\" data-end=\"2564\"><p data-start=\"2540\" data-end=\"2564\">Atividades educativas<\/p><\/li><li data-start=\"2565\" data-end=\"2605\"><p data-start=\"2567\" data-end=\"2605\">Comunica\u00e7\u00e3o e promo\u00e7\u00e3o do Festival<\/p><\/li><\/ul><p data-start=\"2607\" data-end=\"2665\">Esta licen\u00e7a faz <strong data-start=\"2625\" data-end=\"2632\">n\u00e3o<\/strong> transferir a propriedade do seu trabalho.<\/p><hr data-start=\"2667\" data-end=\"2670\" \/><h3 data-start=\"2672\" data-end=\"2702\">Exatid\u00e3o das informa\u00e7\u00f5es<\/h3><p data-start=\"2704\" data-end=\"2800\">O conte\u00fado deste Site \u00e9 fornecido para fins informativos gerais relacionados ao Festival.<\/p><p data-start=\"2802\" data-end=\"3015\">N\u00e3o garantimos que todas as informa\u00e7\u00f5es estejam sempre completas, atualizadas ou livres de erros. Os detalhes do programa, hor\u00e1rios, palestrantes, locais e atividades podem ser alterados devido a raz\u00f5es operacionais, t\u00e9cnicas ou de for\u00e7a maior.<\/p><p data-start=\"3017\" data-end=\"3099\">Reservamo-nos o direito de atualizar ou modificar o conte\u00fado a qualquer momento sem aviso pr\u00e9vio.<\/p><hr data-start=\"3101\" data-end=\"3104\" \/><h3 data-start=\"3106\" data-end=\"3152\">Modifica\u00e7\u00f5es ou Suspens\u00e3o de Servi\u00e7os<\/h3><p data-start=\"3154\" data-end=\"3182\">A F\/262 reserva-se o direito de:<\/p><ul data-start=\"3183\" data-end=\"3306\"><li data-start=\"3183\" data-end=\"3258\"><p data-start=\"3185\" data-end=\"3258\">Modificar, suspender ou descontinuar qualquer parte do Site ou dos servi\u00e7os do Festival<\/p><\/li><li data-start=\"3259\" data-end=\"3306\"><p data-start=\"3261\" data-end=\"3306\">Alterar formatos, datas ou locais do programa<\/p><\/li><\/ul><p data-start=\"3308\" data-end=\"3384\">N\u00e3o somos respons\u00e1veis por qualquer perda ou inconveniente resultante de tais altera\u00e7\u00f5es.<\/p><hr data-start=\"3386\" data-end=\"3389\" \/><h3 data-start=\"3391\" data-end=\"3415\">Liga\u00e7\u00f5es de terceiros<\/h3><p data-start=\"3417\" data-end=\"3555\">O Site pode incluir liga\u00e7\u00f5es para websites ou plataformas de terceiros (tais como parceiros, servi\u00e7os de bilh\u00e9tica, ferramentas de submiss\u00e3o ou redes sociais).<\/p><p data-start=\"3557\" data-end=\"3680\">N\u00e3o somos respons\u00e1veis pelo conte\u00fado, pol\u00edticas ou pr\u00e1ticas de websites de terceiros. Aceder a eles \u00e9 por sua conta e risco.<\/p><p data-start=\"3557\" data-end=\"3680\">\u00a0<\/p><h3 data-start=\"3687\" data-end=\"3706\">Conduta do utilizador<\/h3><p data-start=\"3708\" data-end=\"3725\">Concorda em n\u00e3o:<\/p><ul data-start=\"3726\" data-end=\"3984\"><li data-start=\"3726\" data-end=\"3787\"><p data-start=\"3728\" data-end=\"3787\">Carregar ou transmitir c\u00f3digo malicioso, spam ou conte\u00fado prejudicial<\/p><\/li><li data-start=\"3788\" data-end=\"3835\"><p data-start=\"3790\" data-end=\"3835\">Assediar, abusar, discriminar ou difamar os outros<\/p><\/li><li data-start=\"3836\" data-end=\"3876\"><p data-start=\"3838\" data-end=\"3876\">Apresentar informa\u00e7\u00f5es falsas ou enganosas<\/p><\/li><li data-start=\"3877\" data-end=\"3935\"><p data-start=\"3879\" data-end=\"3935\">Interferir com a seguran\u00e7a ou funcionalidade do Site<\/p><\/li><li data-start=\"3936\" data-end=\"3984\"><p data-start=\"3938\" data-end=\"3984\">Recolher ou utilizar indevidamente dados pessoais de outros utilizadores<\/p><\/li><\/ul><p data-start=\"3986\" data-end=\"4072\">Reservamo-nos o direito de remover conte\u00fado ou restringir o acesso se essas regras forem violadas.<\/p><hr data-start=\"4074\" data-end=\"4077\" \/><h3 data-start=\"4079\" data-end=\"4099\">Dados pessoais<\/h3><p data-start=\"4101\" data-end=\"4246\">Quaisquer dados pessoais enviados atrav\u00e9s do Site s\u00e3o processados de acordo com a nossa Pol\u00edtica de Privacidade. <strong data-start=\"4182\" data-end=\"4200\">Pol\u00edtica de Privacidade<\/strong>, que faz parte integrante destes Termos.<\/p><hr data-start=\"4248\" data-end=\"4251\" \/><h3 data-start=\"4253\" data-end=\"4285\">Isen\u00e7\u00e3o de Garantias<\/h3><p data-start=\"4287\" data-end=\"4378\">O Site e todos os servi\u00e7os relacionados ao Festival s\u00e3o fornecidos <strong data-start=\"4343\" data-end=\"4354\">\u201ctal como est\u00e1\u201d<\/strong> e <strong data-start=\"4359\" data-end=\"4378\">\u201cconforme dispon\u00edvel.\u201d<\/strong><\/p><p data-start=\"4380\" data-end=\"4405\">N\u00e3o garantimos que:<\/p><ul data-start=\"4406\" data-end=\"4539\"><li data-start=\"4406\" data-end=\"4452\"><p data-start=\"4408\" data-end=\"4452\">O Site ser\u00e1 ininterrupto ou livre de erros<\/p><\/li><li data-start=\"4453\" data-end=\"4498\"><p data-start=\"4455\" data-end=\"4498\">O conte\u00fado ser\u00e1 sempre preciso ou completo<\/p><\/li><li data-start=\"4499\" data-end=\"4539\"><p data-start=\"4501\" data-end=\"4539\">O s\u00edtio corresponder\u00e1 \u00e0s suas expectativas<\/p><\/li><\/ul><p data-start=\"4541\" data-end=\"4577\">A utiliza\u00e7\u00e3o do Site \u00e9 por sua conta e risco.<\/p><hr data-start=\"4579\" data-end=\"4582\" \/><h3 data-start=\"4584\" data-end=\"4615\">Limita\u00e7\u00e3o da responsabilidade<\/h3><p data-start=\"4617\" data-end=\"4760\">Na medida do permitido por lei, <strong data-start=\"4657\" data-end=\"4666\">F\/262<\/strong> e <strong data-start=\"4671\" data-end=\"4691\">Associa\u00e7\u00e3o F\/SOS<\/strong> n\u00e3o ser\u00e1 respons\u00e1vel por quaisquer danos directos ou indirectos decorrentes de:<\/p><ul data-start=\"4761\" data-end=\"4884\"><li data-start=\"4761\" data-end=\"4795\"><p data-start=\"4763\" data-end=\"4795\">Uso ou incapacidade de usar o Site<\/p><\/li><li data-start=\"4796\" data-end=\"4834\"><p data-start=\"4798\" data-end=\"4834\">Participa\u00e7\u00e3o em actividades do Festival<\/p><\/li><li data-start=\"4835\" data-end=\"4884\"><p data-start=\"4837\" data-end=\"4884\">Confian\u00e7a nas informa\u00e7\u00f5es publicadas no Site<\/p><\/li><\/ul><p data-start=\"4886\" data-end=\"4986\">Nada nestes Termos limita a responsabilidade quando tal limita\u00e7\u00e3o n\u00e3o \u00e9 permitida pela lei aplic\u00e1vel.<\/p><hr data-start=\"4988\" data-end=\"4991\" \/><h3 data-start=\"4993\" data-end=\"5016\">Indemniza\u00e7\u00e3o<\/h3><p data-start=\"5018\" data-end=\"5170\">O utilizador concorda em indemnizar e isentar a F\/262, Associa\u00e7\u00e3o F\/SOS e os seus colaboradores, funcion\u00e1rios, parceiros e volunt\u00e1rios de quaisquer reclama\u00e7\u00f5es decorrentes de:<\/p><ul data-start=\"5171\" data-end=\"5266\"><li data-start=\"5171\" data-end=\"5199\"><p data-start=\"5173\" data-end=\"5199\">A sua viola\u00e7\u00e3o destes Termos<\/p><\/li><li data-start=\"5200\" data-end=\"5225\"><p data-start=\"5202\" data-end=\"5225\">O seu mau uso do Site<\/p><\/li><li data-start=\"5226\" data-end=\"5266\"><p data-start=\"5228\" data-end=\"5266\">A sua viola\u00e7\u00e3o de direitos de terceiros<\/p><\/li><\/ul><hr data-start=\"5268\" data-end=\"5271\" \/><h3 data-start=\"5273\" data-end=\"5293\">Separabilidade<\/h3><p data-start=\"5295\" data-end=\"5435\">Se qualquer disposi\u00e7\u00e3o destes Termos for considerada ilegal ou inexequ\u00edvel, as restantes disposi\u00e7\u00f5es permanecer\u00e3o totalmente v\u00e1lidas e aplic\u00e1veis.<\/p><hr data-start=\"5437\" data-end=\"5440\" \/><h3 data-start=\"5442\" data-end=\"5461\">Cessa\u00e7\u00e3o<\/h3><p data-start=\"5463\" data-end=\"5619\">Podemos suspender ou encerrar o acesso ao Site se violar estes Termos.<br data-start=\"5537\" data-end=\"5540\" \/>A rescis\u00e3o n\u00e3o afeta os direitos ou obriga\u00e7\u00f5es acumulados antes da rescis\u00e3o.<\/p><hr data-start=\"5621\" data-end=\"5624\" \/><h3 data-start=\"5626\" data-end=\"5650\">Acordo Inteiro<\/h3><p data-start=\"5652\" data-end=\"5779\">Estes Termos, juntamente com a Pol\u00edtica de Privacidade, constituem a totalidade do acordo entre si e a F\/262 relativamente \u00e0 utiliza\u00e7\u00e3o do Site.<\/p><hr data-start=\"5781\" data-end=\"5784\" \/><h3 data-start=\"5786\" data-end=\"5807\">Direito aplic\u00e1vel<\/h3><p data-start=\"5809\" data-end=\"5933\">Estes Termos s\u00e3o regidos e interpretados de acordo com as leis de <strong data-start=\"5882\" data-end=\"5894\">Portugal<\/strong> e aplic\u00e1vel <strong data-start=\"5910\" data-end=\"5932\">Direito da Uni\u00e3o Europeia<\/strong>.<\/p><hr data-start=\"5935\" data-end=\"5938\" \/><h3 data-start=\"5940\" data-end=\"5970\">Altera\u00e7\u00f5es a estes Termos<\/h3><p data-start=\"5972\" data-end=\"6114\">Podemos atualizar estes Termos de tempos em tempos.<br data-start=\"6016\" data-end=\"6019\" \/>O uso continuado do Site ap\u00f3s as altera\u00e7\u00f5es serem publicadas constitui aceita\u00e7\u00e3o dos Termos revisados.<\/p><hr data-start=\"6116\" data-end=\"6119\" \/><h3 data-start=\"6121\" data-end=\"6148\">Informa\u00e7\u00f5es de contacto<\/h3><p data-start=\"6150\" data-end=\"6213\">Para quest\u00f5es relativas a estes Termos de Servi\u00e7o, por favor contacte:<\/p><p data-start=\"6215\" data-end=\"6416\"><strong data-start=\"6215\" data-end=\"6263\">F\/262 \u2013 Festival Internacional de Fotografia<\/strong><br data-start=\"6263\" data-end=\"6266\" \/>Organizado por <strong data-start=\"6279\" data-end=\"6343\">Associa\u00e7\u00e3o F\/SOS \u2013 Fotografia, Solidariedade e Obras Sociais<\/strong><br data-start=\"6343\" data-end=\"6346\" \/>Endere\u00e7o eletr\u00f3nico: <strong data-start=\"6353\" data-end=\"6377\"><a class=\"decorated-link cursor-pointer\" rel=\"noopener\" data-start=\"6355\" data-end=\"6375\">info@festival262.com<\/a><\/strong><br data-start=\"6377\" data-end=\"6380\" \/>S\u00edtio Web: <strong data-start=\"6389\" data-end=\"6416\"><a class=\"decorated-link\" href=\"https:\/\/festival262.com\/pt\/\" target=\"_new\" rel=\"noopener\" data-start=\"6391\" data-end=\"6414\">https:\/\/festival262.com<\/a><\/strong><\/p><hr data-start=\"6418\" data-end=\"6421\" \/><p data-start=\"6423\" data-end=\"6453\"><strong data-start=\"6423\" data-end=\"6440\">\u00daltima atualiza\u00e7\u00e3o:<\/strong> Janeiro de 2026<\/p>\t\t\t\t\t\t\t\t<\/div>\n\t\t\t\t<\/div>\n\t\t\t\t\t<\/div>\n\t\t<\/div>\n\t\t\t\t\t<\/div>\n\t\t<\/section>\n\t\t\t\t<section class=\"elementor-section elementor-top-section elementor-element elementor-element-e50b50b elementor-section-boxed elementor-section-height-default elementor-section-height-default\" data-id=\"e50b50b\" data-element_type=\"section\" data-e-type=\"section\">\n\t\t\t\t\t\t<div class=\"elementor-container elementor-column-gap-default\">\n\t\t\t\t\t<div class=\"elementor-column elementor-col-100 elementor-top-column elementor-element elementor-element-f6d71eb\" data-id=\"f6d71eb\" data-element_type=\"column\" data-e-type=\"column\">\n\t\t\t<div class=\"elementor-widget-wrap elementor-element-populated\">\n\t\t\t\t\t\t<div class=\"elementor-element elementor-element-42fa8a3 elementor-widget elementor-widget-shortcode\" data-id=\"42fa8a3\" data-element_type=\"widget\" data-e-type=\"widget\" data-widget_type=\"shortcode.default\">\n\t\t\t\t<div class=\"elementor-widget-container\">\n\t\t\t\t\t\t\t<div class=\"elementor-shortcode\">\t\t<div data-elementor-type=\"wp-post\" data-elementor-id=\"206\" class=\"elementor elementor-206\">\n\t\t\t\t\t\t<div class=\"elementor-section elementor-top-section elementor-element elementor-element-433e9d9 elementor-section-stretched footer-custom elementor-section-full_width elementor-section-height-default elementor-section-height-default\" data-id=\"433e9d9\" data-element_type=\"section\" data-e-type=\"section\" data-settings=\"{&quot;stretch_section&quot;:&quot;section-stretched&quot;,&quot;background_background&quot;:&quot;classic&quot;}\">\n\t\t\t\t\t\t<div class=\"elementor-container elementor-column-gap-no\">\n\t\t\t\t\t<div class=\"elementor-column elementor-col-100 elementor-top-column elementor-element elementor-element-4386f5f\" data-id=\"4386f5f\" data-element_type=\"column\" data-e-type=\"column\">\n\t\t\t<div class=\"elementor-widget-wrap elementor-element-populated\">\n\t\t\t\t\t\t<div class=\"elementor-section elementor-inner-section elementor-element elementor-element-ab81258 elementor-section-boxed elementor-section-height-default elementor-section-height-default\" data-id=\"ab81258\" data-element_type=\"section\" data-e-type=\"section\">\n\t\t\t\t\t\t<div class=\"elementor-container elementor-column-gap-wider\">\n\t\t\t\t\t<div class=\"elementor-column elementor-col-33 elementor-inner-column elementor-element elementor-element-abe660f\" data-id=\"abe660f\" data-element_type=\"column\" data-e-type=\"column\">\n\t\t\t<div class=\"elementor-widget-wrap elementor-element-populated\">\n\t\t\t\t\t\t<div class=\"elementor-element elementor-element-fdb18bb invert elementor-widget elementor-widget-heading\" data-id=\"fdb18bb\" data-element_type=\"widget\" data-e-type=\"widget\" data-widget_type=\"heading.default\">\n\t\t\t\t<div class=\"elementor-widget-container\">\n\t\t\t\t\t<h5 class=\"elementor-heading-title elementor-size-default\">Produzido por F\/262 &amp; Associa\u00e7\u00e3o F\/SOS<\/h5>\t\t\t\t<\/div>\n\t\t\t\t<\/div>\n\t\t\t\t<div class=\"elementor-element elementor-element-cd7b3b4 elementor-widget elementor-widget-spacer\" data-id=\"cd7b3b4\" data-element_type=\"widget\" data-e-type=\"widget\" data-widget_type=\"spacer.default\">\n\t\t\t\t<div class=\"elementor-widget-container\">\n\t\t\t\t\t\t\t<div class=\"elementor-spacer\">\n\t\t\t<div class=\"elementor-spacer-inner\"><\/div>\n\t\t<\/div>\n\t\t\t\t\t\t<\/div>\n\t\t\t\t<\/div>\n\t\t\t\t<div class=\"elementor-element elementor-element-a61036d elementor-widget elementor-widget-image\" data-id=\"a61036d\" data-element_type=\"widget\" data-e-type=\"widget\" data-widget_type=\"image.default\">\n\t\t\t\t<div class=\"elementor-widget-container\">\n\t\t\t\t\t\t\t\t\t\t\t\t\t\t\t\t<a href=\"https:\/\/festival262.com\/pt\/\">\n\t\t\t\t\t\t\t<img fetchpriority=\"high\" decoding=\"async\" width=\"1532\" height=\"436\" src=\"https:\/\/festival262.com\/wp-content\/uploads\/2019\/10\/F262-LOGO-COMPOSTO-COM-EFFE-WHITE-PT.svg\" class=\"attachment-full size-full wp-image-7626\" alt=\"\" \/>\t\t\t\t\t\t\t\t<\/a>\n\t\t\t\t\t\t\t\t\t\t\t\t\t\t\t<\/div>\n\t\t\t\t<\/div>\n\t\t\t\t<div class=\"elementor-element elementor-element-ec74c02 elementor-widget elementor-widget-spacer\" data-id=\"ec74c02\" data-element_type=\"widget\" data-e-type=\"widget\" data-widget_type=\"spacer.default\">\n\t\t\t\t<div class=\"elementor-widget-container\">\n\t\t\t\t\t\t\t<div class=\"elementor-spacer\">\n\t\t\t<div class=\"elementor-spacer-inner\"><\/div>\n\t\t<\/div>\n\t\t\t\t\t\t<\/div>\n\t\t\t\t<\/div>\n\t\t\t\t<div class=\"elementor-element elementor-element-155e5e2 elementor-widget elementor-widget-image\" data-id=\"155e5e2\" data-element_type=\"widget\" data-e-type=\"widget\" data-widget_type=\"image.default\">\n\t\t\t\t<div class=\"elementor-widget-container\">\n\t\t\t\t\t\t\t\t\t\t\t\t\t\t\t\t<a href=\"https:\/\/www.f-sos.org\" target=\"_blank\">\n\t\t\t\t\t\t\t<img decoding=\"async\" width=\"2560\" height=\"567\" src=\"https:\/\/festival262.com\/wp-content\/uploads\/2019\/10\/associacao-white-copy-scaled.png\" class=\"attachment-full size-full wp-image-5659\" alt=\"\" srcset=\"https:\/\/festival262.com\/wp-content\/uploads\/2019\/10\/associacao-white-copy-scaled.png 2560w, https:\/\/festival262.com\/wp-content\/uploads\/2019\/10\/associacao-white-copy-300x66.png 300w, https:\/\/festival262.com\/wp-content\/uploads\/2019\/10\/associacao-white-copy-1024x227.png 1024w, https:\/\/festival262.com\/wp-content\/uploads\/2019\/10\/associacao-white-copy-768x170.png 768w, https:\/\/festival262.com\/wp-content\/uploads\/2019\/10\/associacao-white-copy-1536x340.png 1536w, https:\/\/festival262.com\/wp-content\/uploads\/2019\/10\/associacao-white-copy-2048x453.png 2048w, https:\/\/festival262.com\/wp-content\/uploads\/2019\/10\/associacao-white-copy-1320x292.png 1320w, https:\/\/festival262.com\/wp-content\/uploads\/2019\/10\/associacao-white-copy-600x133.png 600w\" sizes=\"(max-width: 2560px) 100vw, 2560px\" \/>\t\t\t\t\t\t\t\t<\/a>\n\t\t\t\t\t\t\t\t\t\t\t\t\t\t\t<\/div>\n\t\t\t\t<\/div>\n\t\t\t\t<div class=\"elementor-element elementor-element-1c060c8 elementor-widget elementor-widget-image\" data-id=\"1c060c8\" data-element_type=\"widget\" data-e-type=\"widget\" data-widget_type=\"image.default\">\n\t\t\t\t<div class=\"elementor-widget-container\">\n\t\t\t\t\t\t\t\t\t\t\t\t\t\t\t\t<a href=\"https:\/\/www.websitecarbon.com\/website\/festival262-com\/\" target=\"_blank\">\n\t\t\t\t\t\t\t<img decoding=\"async\" width=\"728\" height=\"196\" src=\"https:\/\/festival262.com\/wp-content\/uploads\/2019\/10\/carbon-rating.png\" class=\"attachment-full size-full wp-image-5817\" alt=\"classifica\u00e7\u00e3o do carbono\" srcset=\"https:\/\/festival262.com\/wp-content\/uploads\/2019\/10\/carbon-rating.png 728w, https:\/\/festival262.com\/wp-content\/uploads\/2019\/10\/carbon-rating-300x81.png 300w, https:\/\/festival262.com\/wp-content\/uploads\/2019\/10\/carbon-rating-600x162.png 600w\" sizes=\"(max-width: 728px) 100vw, 728px\" \/>\t\t\t\t\t\t\t\t<\/a>\n\t\t\t\t\t\t\t\t\t\t\t\t\t\t\t<\/div>\n\t\t\t\t<\/div>\n\t\t\t\t\t<\/div>\n\t\t<\/div>\n\t\t\t\t<div class=\"elementor-column elementor-col-33 elementor-inner-column elementor-element elementor-element-af8a3fd\" data-id=\"af8a3fd\" data-element_type=\"column\" data-e-type=\"column\">\n\t\t\t<div class=\"elementor-widget-wrap elementor-element-populated\">\n\t\t\t\t\t\t<div class=\"elementor-element elementor-element-cbd4305 invert elementor-widget elementor-widget-heading\" data-id=\"cbd4305\" data-element_type=\"widget\" data-e-type=\"widget\" data-widget_type=\"heading.default\">\n\t\t\t\t<div class=\"elementor-widget-container\">\n\t\t\t\t\t<h5 class=\"elementor-heading-title elementor-size-default\">Com o apoio de:<\/h5>\t\t\t\t<\/div>\n\t\t\t\t<\/div>\n\t\t\t\t<div class=\"elementor-element elementor-element-6e61efe elementor-widget elementor-widget-spacer\" data-id=\"6e61efe\" data-element_type=\"widget\" data-e-type=\"widget\" data-widget_type=\"spacer.default\">\n\t\t\t\t<div class=\"elementor-widget-container\">\n\t\t\t\t\t\t\t<div class=\"elementor-spacer\">\n\t\t\t<div class=\"elementor-spacer-inner\"><\/div>\n\t\t<\/div>\n\t\t\t\t\t\t<\/div>\n\t\t\t\t<\/div>\n\t\t\t\t<div class=\"elementor-element elementor-element-8f9d706 elementor-widget elementor-widget-image\" data-id=\"8f9d706\" data-element_type=\"widget\" data-e-type=\"widget\" data-widget_type=\"image.default\">\n\t\t\t\t<div class=\"elementor-widget-container\">\n\t\t\t\t\t\t\t\t\t\t\t\t\t\t\t\t<a href=\"https:\/\/www.mcr.pt\" target=\"_blank\">\n\t\t\t\t\t\t\t<img loading=\"lazy\" decoding=\"async\" width=\"600\" height=\"363\" src=\"https:\/\/festival262.com\/wp-content\/uploads\/2019\/10\/cmcr.png.webp\" class=\"attachment-full size-full wp-image-5603\" alt=\"\" srcset=\"https:\/\/festival262.com\/wp-content\/uploads\/2019\/10\/cmcr.png.webp 600w, https:\/\/festival262.com\/wp-content\/uploads\/2019\/10\/cmcr.png-300x182.webp 300w\" sizes=\"(max-width: 600px) 100vw, 600px\" \/>\t\t\t\t\t\t\t\t<\/a>\n\t\t\t\t\t\t\t\t\t\t\t\t\t\t\t<\/div>\n\t\t\t\t<\/div>\n\t\t\t\t\t<\/div>\n\t\t<\/div>\n\t\t\t\t<div class=\"elementor-column elementor-col-33 elementor-inner-column elementor-element elementor-element-3840b6d\" data-id=\"3840b6d\" data-element_type=\"column\" data-e-type=\"column\">\n\t\t\t<div class=\"elementor-widget-wrap elementor-element-populated\">\n\t\t\t\t\t\t<div class=\"elementor-element elementor-element-c63d851 invert elementor-widget elementor-widget-heading\" data-id=\"c63d851\" data-element_type=\"widget\" data-e-type=\"widget\" data-widget_type=\"heading.default\">\n\t\t\t\t<div class=\"elementor-widget-container\">\n\t\t\t\t\t<h5 class=\"elementor-heading-title elementor-size-default\">Maio \u2013 setembro de 2026<br>\nCaldas da Rainha Portugal<\/h5>\t\t\t\t<\/div>\n\t\t\t\t<\/div>\n\t\t\t\t<div class=\"elementor-element elementor-element-3636f02 elementor-widget elementor-widget-spacer\" data-id=\"3636f02\" data-element_type=\"widget\" data-e-type=\"widget\" data-widget_type=\"spacer.default\">\n\t\t\t\t<div class=\"elementor-widget-container\">\n\t\t\t\t\t\t\t<div class=\"elementor-spacer\">\n\t\t\t<div class=\"elementor-spacer-inner\"><\/div>\n\t\t<\/div>\n\t\t\t\t\t\t<\/div>\n\t\t\t\t<\/div>\n\t\t\t\t<div class=\"elementor-element elementor-element-6b32ea3 elementor-widget elementor-widget-heading\" data-id=\"6b32ea3\" data-element_type=\"widget\" data-e-type=\"widget\" data-widget_type=\"heading.default\">\n\t\t\t\t<div class=\"elementor-widget-container\">\n\t\t\t\t\t<h5 class=\"elementor-heading-title elementor-size-default\">Sobre o F\/262\n<\/h5>\t\t\t\t<\/div>\n\t\t\t\t<\/div>\n\t\t\t\t<div class=\"elementor-element elementor-element-0430d04 elementor-widget elementor-widget-text-editor\" data-id=\"0430d04\" data-element_type=\"widget\" data-e-type=\"widget\" data-widget_type=\"text-editor.default\">\n\t\t\t\t<div class=\"elementor-widget-container\">\n\t\t\t\t\t\t\t\t\t<p data-start=\"431\" data-end=\"686\">O F\/262 \u00e9 um festival internacional de fotografia enraizado nas Caldas da Rainha, Portugal.<br data-start=\"526\" data-end=\"529\" \/>Atrav\u00e9s de exposi\u00e7\u00f5es, palestras, educa\u00e7\u00e3o e instala\u00e7\u00f5es p\u00fablicas, o festival envolve a fotografia contempor\u00e2nea com o local, a comunidade e o mundo que partilhamos.<\/p><p data-start=\"688\" data-end=\"718\">\u00a0<\/p>\t\t\t\t\t\t\t\t<\/div>\n\t\t\t\t<\/div>\n\t\t\t\t<div class=\"elementor-element elementor-element-1251943 elementor-widget elementor-widget-spacer\" data-id=\"1251943\" data-element_type=\"widget\" data-e-type=\"widget\" data-widget_type=\"spacer.default\">\n\t\t\t\t<div class=\"elementor-widget-container\">\n\t\t\t\t\t\t\t<div class=\"elementor-spacer\">\n\t\t\t<div class=\"elementor-spacer-inner\"><\/div>\n\t\t<\/div>\n\t\t\t\t\t\t<\/div>\n\t\t\t\t<\/div>\n\t\t\t\t\t<\/div>\n\t\t<\/div>\n\t\t\t\t\t<\/div>\n\t\t<\/div>\n\t\t\t\t<section class=\"elementor-section elementor-inner-section elementor-element elementor-element-0e3f8f2 elementor-section-boxed elementor-section-height-default elementor-section-height-default\" data-id=\"0e3f8f2\" data-element_type=\"section\" data-e-type=\"section\">\n\t\t\t\t\t\t<div class=\"elementor-container elementor-column-gap-default\">\n\t\t\t\t\t<div class=\"elementor-column elementor-col-50 elementor-inner-column elementor-element elementor-element-65aff90\" data-id=\"65aff90\" data-element_type=\"column\" data-e-type=\"column\">\n\t\t\t<div class=\"elementor-widget-wrap elementor-element-populated\">\n\t\t\t\t\t\t<div class=\"elementor-element elementor-element-c895301 hfe-nav-menu__breakpoint-none hfe-nav-menu__align-left hfe-submenu-icon-arrow hfe-submenu-animation-none hfe-link-redirect-child elementor-widget elementor-widget-navigation-menu\" data-id=\"c895301\" data-element_type=\"widget\" data-e-type=\"widget\" data-settings=\"{&quot;padding_horizontal_menu_item&quot;:{&quot;unit&quot;:&quot;px&quot;,&quot;size&quot;:15,&quot;sizes&quot;:[]},&quot;padding_horizontal_menu_item_tablet&quot;:{&quot;unit&quot;:&quot;px&quot;,&quot;size&quot;:&quot;&quot;,&quot;sizes&quot;:[]},&quot;padding_horizontal_menu_item_mobile&quot;:{&quot;unit&quot;:&quot;px&quot;,&quot;size&quot;:&quot;&quot;,&quot;sizes&quot;:[]},&quot;padding_vertical_menu_item&quot;:{&quot;unit&quot;:&quot;px&quot;,&quot;size&quot;:15,&quot;sizes&quot;:[]},&quot;padding_vertical_menu_item_tablet&quot;:{&quot;unit&quot;:&quot;px&quot;,&quot;size&quot;:&quot;&quot;,&quot;sizes&quot;:[]},&quot;padding_vertical_menu_item_mobile&quot;:{&quot;unit&quot;:&quot;px&quot;,&quot;size&quot;:&quot;&quot;,&quot;sizes&quot;:[]},&quot;menu_space_between&quot;:{&quot;unit&quot;:&quot;px&quot;,&quot;size&quot;:&quot;&quot;,&quot;sizes&quot;:[]},&quot;menu_space_between_tablet&quot;:{&quot;unit&quot;:&quot;px&quot;,&quot;size&quot;:&quot;&quot;,&quot;sizes&quot;:[]},&quot;menu_space_between_mobile&quot;:{&quot;unit&quot;:&quot;px&quot;,&quot;size&quot;:&quot;&quot;,&quot;sizes&quot;:[]},&quot;menu_row_space&quot;:{&quot;unit&quot;:&quot;px&quot;,&quot;size&quot;:&quot;&quot;,&quot;sizes&quot;:[]},&quot;menu_row_space_tablet&quot;:{&quot;unit&quot;:&quot;px&quot;,&quot;size&quot;:&quot;&quot;,&quot;sizes&quot;:[]},&quot;menu_row_space_mobile&quot;:{&quot;unit&quot;:&quot;px&quot;,&quot;size&quot;:&quot;&quot;,&quot;sizes&quot;:[]},&quot;dropdown_border_radius&quot;:{&quot;unit&quot;:&quot;px&quot;,&quot;top&quot;:&quot;&quot;,&quot;right&quot;:&quot;&quot;,&quot;bottom&quot;:&quot;&quot;,&quot;left&quot;:&quot;&quot;,&quot;isLinked&quot;:true},&quot;dropdown_border_radius_tablet&quot;:{&quot;unit&quot;:&quot;px&quot;,&quot;top&quot;:&quot;&quot;,&quot;right&quot;:&quot;&quot;,&quot;bottom&quot;:&quot;&quot;,&quot;left&quot;:&quot;&quot;,&quot;isLinked&quot;:true},&quot;dropdown_border_radius_mobile&quot;:{&quot;unit&quot;:&quot;px&quot;,&quot;top&quot;:&quot;&quot;,&quot;right&quot;:&quot;&quot;,&quot;bottom&quot;:&quot;&quot;,&quot;left&quot;:&quot;&quot;,&quot;isLinked&quot;:true},&quot;width_dropdown_item&quot;:{&quot;unit&quot;:&quot;px&quot;,&quot;size&quot;:&quot;220&quot;,&quot;sizes&quot;:[]},&quot;width_dropdown_item_tablet&quot;:{&quot;unit&quot;:&quot;px&quot;,&quot;size&quot;:&quot;&quot;,&quot;sizes&quot;:[]},&quot;width_dropdown_item_mobile&quot;:{&quot;unit&quot;:&quot;px&quot;,&quot;size&quot;:&quot;&quot;,&quot;sizes&quot;:[]},&quot;padding_horizontal_dropdown_item&quot;:{&quot;unit&quot;:&quot;px&quot;,&quot;size&quot;:&quot;&quot;,&quot;sizes&quot;:[]},&quot;padding_horizontal_dropdown_item_tablet&quot;:{&quot;unit&quot;:&quot;px&quot;,&quot;size&quot;:&quot;&quot;,&quot;sizes&quot;:[]},&quot;padding_horizontal_dropdown_item_mobile&quot;:{&quot;unit&quot;:&quot;px&quot;,&quot;size&quot;:&quot;&quot;,&quot;sizes&quot;:[]},&quot;padding_vertical_dropdown_item&quot;:{&quot;unit&quot;:&quot;px&quot;,&quot;size&quot;:15,&quot;sizes&quot;:[]},&quot;padding_vertical_dropdown_item_tablet&quot;:{&quot;unit&quot;:&quot;px&quot;,&quot;size&quot;:&quot;&quot;,&quot;sizes&quot;:[]},&quot;padding_vertical_dropdown_item_mobile&quot;:{&quot;unit&quot;:&quot;px&quot;,&quot;size&quot;:&quot;&quot;,&quot;sizes&quot;:[]},&quot;distance_from_menu&quot;:{&quot;unit&quot;:&quot;px&quot;,&quot;size&quot;:&quot;&quot;,&quot;sizes&quot;:[]},&quot;distance_from_menu_tablet&quot;:{&quot;unit&quot;:&quot;px&quot;,&quot;size&quot;:&quot;&quot;,&quot;sizes&quot;:[]},&quot;distance_from_menu_mobile&quot;:{&quot;unit&quot;:&quot;px&quot;,&quot;size&quot;:&quot;&quot;,&quot;sizes&quot;:[]},&quot;toggle_size&quot;:{&quot;unit&quot;:&quot;px&quot;,&quot;size&quot;:&quot;&quot;,&quot;sizes&quot;:[]},&quot;toggle_size_tablet&quot;:{&quot;unit&quot;:&quot;px&quot;,&quot;size&quot;:&quot;&quot;,&quot;sizes&quot;:[]},&quot;toggle_size_mobile&quot;:{&quot;unit&quot;:&quot;px&quot;,&quot;size&quot;:&quot;&quot;,&quot;sizes&quot;:[]},&quot;toggle_border_width&quot;:{&quot;unit&quot;:&quot;px&quot;,&quot;size&quot;:&quot;&quot;,&quot;sizes&quot;:[]},&quot;toggle_border_width_tablet&quot;:{&quot;unit&quot;:&quot;px&quot;,&quot;size&quot;:&quot;&quot;,&quot;sizes&quot;:[]},&quot;toggle_border_width_mobile&quot;:{&quot;unit&quot;:&quot;px&quot;,&quot;size&quot;:&quot;&quot;,&quot;sizes&quot;:[]},&quot;toggle_border_radius&quot;:{&quot;unit&quot;:&quot;px&quot;,&quot;size&quot;:&quot;&quot;,&quot;sizes&quot;:[]},&quot;toggle_border_radius_tablet&quot;:{&quot;unit&quot;:&quot;px&quot;,&quot;size&quot;:&quot;&quot;,&quot;sizes&quot;:[]},&quot;toggle_border_radius_mobile&quot;:{&quot;unit&quot;:&quot;px&quot;,&quot;size&quot;:&quot;&quot;,&quot;sizes&quot;:[]}}\" data-widget_type=\"navigation-menu.default\">\n\t\t\t\t<div class=\"elementor-widget-container\">\n\t\t\t\t\t\t\t\t<div class=\"hfe-nav-menu hfe-layout-horizontal hfe-nav-menu-layout horizontal hfe-pointer__none\" data-layout=\"horizontal\">\n\t\t\t\t<div role=\"button\" class=\"hfe-nav-menu__toggle elementor-clickable\" tabindex=\"0\" aria-label=\"Menu Alternar\">\n\t\t\t\t\t<span class=\"screen-reader-text\">Menu<\/span>\n\t\t\t\t\t<div class=\"hfe-nav-menu-icon\">\n\t\t\t\t\t\t\t\t\t\t\t<\/div>\n\t\t\t\t<\/div>\n\t\t\t\t<nav class=\"hfe-nav-menu__layout-horizontal hfe-nav-menu__submenu-arrow\" data-toggle-icon=\"\" data-close-icon=\"\" data-full-width=\"\">\n\t\t\t\t\t<ul id=\"menu-1-c895301\" class=\"hfe-nav-menu\"><li id=\"menu-item-6609\" class=\"menu-item menu-item-type-post_type menu-item-object-page parent hfe-creative-menu\"><a href=\"https:\/\/festival262.com\/pt\/privacy-policy\/\" class = \"hfe-menu-item\">Pol\u00edtica de privacidade<\/a><\/li>\n<li id=\"menu-item-6610\" class=\"menu-item menu-item-type-post_type menu-item-object-page parent hfe-creative-menu\"><a href=\"https:\/\/festival262.com\/pt\/terms-of-service\/\" class = \"hfe-menu-item\">Termos de Servi\u00e7o<\/a><\/li>\n<li id=\"menu-item-6611\" class=\"menu-item menu-item-type-post_type menu-item-object-page parent hfe-creative-menu\"><a href=\"https:\/\/festival262.com\/pt\/competition-rules-terms-of-entry\/\" class = \"hfe-menu-item\">Regras da Competi\u00e7\u00e3o &amp; Termos de Entrada<\/a><\/li>\n<\/ul> \n\t\t\t\t<\/nav>\n\t\t\t<\/div>\n\t\t\t\t\t\t\t<\/div>\n\t\t\t\t<\/div>\n\t\t\t\t\t<\/div>\n\t\t<\/div>\n\t\t\t\t<div class=\"elementor-column elementor-col-50 elementor-inner-column elementor-element elementor-element-e840057\" data-id=\"e840057\" data-element_type=\"column\" data-e-type=\"column\">\n\t\t\t<div class=\"elementor-widget-wrap elementor-element-populated\">\n\t\t\t\t\t\t<div class=\"elementor-element elementor-element-c368a16 footer-soc-icon elementor-shape-circle e-grid-align-right e-grid-align-mobile-center elementor-grid-0 elementor-widget elementor-widget-social-icons\" data-id=\"c368a16\" data-element_type=\"widget\" data-e-type=\"widget\" data-widget_type=\"social-icons.default\">\n\t\t\t\t<div class=\"elementor-widget-container\">\n\t\t\t\t\t\t\t<div class=\"elementor-social-icons-wrapper elementor-grid\" role=\"list\">\n\t\t\t\t\t\t\t<span class=\"elementor-grid-item\" role=\"listitem\">\n\t\t\t\t\t<a class=\"elementor-icon elementor-social-icon elementor-social-icon-instagram elementor-repeater-item-a3788bb\" href=\"https:\/\/www.instagram.com\/festival.262\" target=\"_blank\">\n\t\t\t\t\t\t<span class=\"elementor-screen-only\">Instagram<\/span>\n\t\t\t\t\t\t<i aria-hidden=\"true\" class=\"fab fa-instagram\"><\/i>\t\t\t\t\t<\/a>\n\t\t\t\t<\/span>\n\t\t\t\t\t\t\t<span class=\"elementor-grid-item\" role=\"listitem\">\n\t\t\t\t\t<a class=\"elementor-icon elementor-social-icon elementor-social-icon-linkedin elementor-repeater-item-0a1b6fe\" href=\"https:\/\/www.linkedin.com\/company\/associacao-f-sos-fotografia-solidariedade-e-obras-sociais\/\" target=\"_blank\">\n\t\t\t\t\t\t<span class=\"elementor-screen-only\">Linkedin<\/span>\n\t\t\t\t\t\t<i aria-hidden=\"true\" class=\"fab fa-linkedin\"><\/i>\t\t\t\t\t<\/a>\n\t\t\t\t<\/span>\n\t\t\t\t\t\t\t<span class=\"elementor-grid-item\" role=\"listitem\">\n\t\t\t\t\t<a class=\"elementor-icon elementor-social-icon elementor-social-icon-youtube elementor-repeater-item-f3c97f5\" href=\"https:\/\/www.youtube.com\/@F262PhotographyFestival\" target=\"_blank\">\n\t\t\t\t\t\t<span class=\"elementor-screen-only\">Youtube<\/span>\n\t\t\t\t\t\t<i aria-hidden=\"true\" class=\"fab fa-youtube\"><\/i>\t\t\t\t\t<\/a>\n\t\t\t\t<\/span>\n\t\t\t\t\t<\/div>\n\t\t\t\t\t\t<\/div>\n\t\t\t\t<\/div>\n\t\t\t\t\t<\/div>\n\t\t<\/div>\n\t\t\t\t\t<\/div>\n\t\t<\/section>\n\t\t\t\t<div class=\"elementor-section elementor-inner-section elementor-element elementor-element-21d4a88 elementor-section-boxed elementor-section-height-default elementor-section-height-default\" data-id=\"21d4a88\" data-element_type=\"section\" data-e-type=\"section\">\n\t\t\t\t\t\t<div class=\"elementor-container elementor-column-gap-no\">\n\t\t\t\t\t<div class=\"elementor-column elementor-col-100 elementor-inner-column elementor-element elementor-element-37fbc21\" data-id=\"37fbc21\" data-element_type=\"column\" data-e-type=\"column\">\n\t\t\t<div class=\"elementor-widget-wrap elementor-element-populated\">\n\t\t\t\t\t\t<div class=\"elementor-element elementor-element-fe6ceda copyright-footer elementor-widget elementor-widget-text-editor\" data-id=\"fe6ceda\" data-element_type=\"widget\" data-e-type=\"widget\" data-widget_type=\"text-editor.default\">\n\t\t\t\t<div class=\"elementor-widget-container\">\n\t\t\t\t\t\t\t\t\t<p>\u00a92026 F\/262 \u2013 Festival Internacional de Fotografia<br \/>Produzido por <a href=\"https:\/\/www.f-sos.org\" target=\"_blank\" rel=\"noopener\">Associa\u00e7\u00e3o F\/SOS \u2013 Fotografia, Solidariedade e Obras Sociais<\/a><\/p>\t\t\t\t\t\t\t\t<\/div>\n\t\t\t\t<\/div>\n\t\t\t\t\t<\/div>\n\t\t<\/div>\n\t\t\t\t\t<\/div>\n\t\t<\/div>\n\t\t\t\t\t<\/div>\n\t\t<\/div>\n\t\t\t\t\t<\/div>\n\t\t<\/div>\n\t\t\t\t<\/div>\n\t\t<\/div>\n\t\t\t\t\t\t<\/div>\n\t\t\t\t<\/div>\n\t\t\t\t\t<\/div>\n\t\t<\/div>\n\t\t\t\t\t<\/div>\n\t\t<\/section>\n\t\t\t\t<\/div>","protected":false},"excerpt":{"rendered":"<p>Terms of Service Overview This website is operated by F\/262 \u2013 Festival Internacional de Fotografia, organized by Associa\u00e7\u00e3o F\/SOS \u2013 Fotografia, Solidariedade e Obras Sociais (\u201cwe\u201d, \u201cus\u201d, or \u201cour\u201d). By accessing or using https:\/\/festival262.com (the \u201cSite\u201d), including browsing content, submitting open calls, registering for events, workshops, volunteering programs, newsletters, or contacting us, you agree to [&hellip;]<\/p>","protected":false},"author":6,"featured_media":0,"parent":0,"menu_order":0,"comment_status":"closed","ping_status":"closed","template":"","meta":{"_acf_changed":false,"footnotes":""},"class_list":["post-5486","page","type-page","status-publish","hentry"],"acf":[],"yoast_head":"<!-- This site is optimized with the Yoast SEO plugin v27.5 - https:\/\/yoast.com\/product\/yoast-seo-wordpress\/ -->\n<title>Terms of Service - F\/262 Festival Internacional de Fotografia<\/title>\n<meta name=\"robots\" content=\"index, follow, max-snippet:-1, max-image-preview:large, max-video-preview:-1\" \/>\n<link rel=\"canonical\" href=\"https:\/\/festival262.com\/pt\/terms-of-service\/\" \/>\n<meta property=\"og:locale\" content=\"pt_PT\" \/>\n<meta property=\"og:type\" content=\"article\" \/>\n<meta property=\"og:title\" content=\"Terms of Service - F\/262 Festival Internacional de Fotografia\" \/>\n<meta property=\"og:description\" content=\"Terms of Service Overview This website is operated by F\/262 \u2013 Festival Internacional de Fotografia, organized by Associa\u00e7\u00e3o F\/SOS \u2013 Fotografia, Solidariedade e Obras Sociais (\u201cwe\u201d, \u201cus\u201d, or \u201cour\u201d). By accessing or using https:\/\/festival262.com (the \u201cSite\u201d), including browsing content, submitting open calls, registering for events, workshops, volunteering programs, newsletters, or contacting us, you agree to [&hellip;]\" \/>\n<meta property=\"og:url\" content=\"https:\/\/festival262.com\/pt\/terms-of-service\/\" \/>\n<meta property=\"og:site_name\" content=\"F\/262 Festival Internacional de Fotografia\" \/>\n<meta property=\"article:modified_time\" content=\"2026-01-01T20:02:03+00:00\" \/>\n<meta property=\"og:image\" content=\"https:\/\/festival262.com\/wp-content\/uploads\/2025\/07\/ChatGPT-Image-Jul-31-2025-12_20_31-AM.png\" \/>\n\t<meta property=\"og:image:width\" content=\"1024\" \/>\n\t<meta property=\"og:image:height\" content=\"1024\" \/>\n\t<meta property=\"og:image:type\" content=\"image\/png\" \/>\n<meta name=\"twitter:card\" content=\"summary_large_image\" \/>\n<meta name=\"twitter:label1\" content=\"Tempo estimado de leitura\" \/>\n\t<meta name=\"twitter:data1\" content=\"4 minutos\" \/>\n<script type=\"application\/ld+json\" class=\"yoast-schema-graph\">{\"@context\":\"https:\\\/\\\/schema.org\",\"@graph\":[{\"@type\":\"WebPage\",\"@id\":\"https:\\\/\\\/festival262.com\\\/terms-of-service\\\/\",\"url\":\"https:\\\/\\\/festival262.com\\\/terms-of-service\\\/\",\"name\":\"Terms of Service - F\\\/262 Festival Internacional de Fotografia\",\"isPartOf\":{\"@id\":\"https:\\\/\\\/festival262.com\\\/#website\"},\"datePublished\":\"2026-01-01T19:24:19+00:00\",\"dateModified\":\"2026-01-01T20:02:03+00:00\",\"breadcrumb\":{\"@id\":\"https:\\\/\\\/festival262.com\\\/terms-of-service\\\/#breadcrumb\"},\"inLanguage\":\"pt-PT\",\"potentialAction\":[{\"@type\":\"ReadAction\",\"target\":[\"https:\\\/\\\/festival262.com\\\/terms-of-service\\\/\"]}]},{\"@type\":\"BreadcrumbList\",\"@id\":\"https:\\\/\\\/festival262.com\\\/terms-of-service\\\/#breadcrumb\",\"itemListElement\":[{\"@type\":\"ListItem\",\"position\":1,\"name\":\"Home\",\"item\":\"https:\\\/\\\/festival262.com\\\/\"},{\"@type\":\"ListItem\",\"position\":2,\"name\":\"Terms of Service\"}]},{\"@type\":\"WebSite\",\"@id\":\"https:\\\/\\\/festival262.com\\\/#website\",\"url\":\"https:\\\/\\\/festival262.com\\\/\",\"name\":\"F7262 Fetsival Internacional de Fotografia\",\"description\":\"Photography as Culture, Community, and Practice\",\"publisher\":{\"@id\":\"https:\\\/\\\/festival262.com\\\/#organization\"},\"alternateName\":\"Festival262\",\"potentialAction\":[{\"@type\":\"SearchAction\",\"target\":{\"@type\":\"EntryPoint\",\"urlTemplate\":\"https:\\\/\\\/festival262.com\\\/?s={search_term_string}\"},\"query-input\":{\"@type\":\"PropertyValueSpecification\",\"valueRequired\":true,\"valueName\":\"search_term_string\"}}],\"inLanguage\":\"pt-PT\"},{\"@type\":\"Organization\",\"@id\":\"https:\\\/\\\/festival262.com\\\/#organization\",\"name\":\"F\\\/262 Festival Internacional de Fotografia\",\"url\":\"https:\\\/\\\/festival262.com\\\/\",\"logo\":{\"@type\":\"ImageObject\",\"inLanguage\":\"pt-PT\",\"@id\":\"https:\\\/\\\/festival262.com\\\/#\\\/schema\\\/logo\\\/image\\\/\",\"url\":\"https:\\\/\\\/festival262.com\\\/wp-content\\\/uploads\\\/2019\\\/10\\\/cropped-f-262-icon-e-logo-scaled-1.png\",\"contentUrl\":\"https:\\\/\\\/festival262.com\\\/wp-content\\\/uploads\\\/2019\\\/10\\\/cropped-f-262-icon-e-logo-scaled-1.png\",\"width\":2558,\"height\":1048,\"caption\":\"F\\\/262 Festival Internacional de Fotografia\"},\"image\":{\"@id\":\"https:\\\/\\\/festival262.com\\\/#\\\/schema\\\/logo\\\/image\\\/\"}}]}<\/script>\n<!-- \/ Yoast SEO plugin. -->","yoast_head_json":{"title":"Terms of Service - F\/262 Festival Internacional de Fotografia","robots":{"index":"index","follow":"follow","max-snippet":"max-snippet:-1","max-image-preview":"max-image-preview:large","max-video-preview":"max-video-preview:-1"},"canonical":"https:\/\/festival262.com\/pt\/terms-of-service\/","og_locale":"pt_PT","og_type":"article","og_title":"Terms of Service - F\/262 Festival Internacional de Fotografia","og_description":"Terms of Service Overview This website is operated by F\/262 \u2013 Festival Internacional de Fotografia, organized by Associa\u00e7\u00e3o F\/SOS \u2013 Fotografia, Solidariedade e Obras Sociais (\u201cwe\u201d, \u201cus\u201d, or \u201cour\u201d). By accessing or using https:\/\/festival262.com (the \u201cSite\u201d), including browsing content, submitting open calls, registering for events, workshops, volunteering programs, newsletters, or contacting us, you agree to [&hellip;]","og_url":"https:\/\/festival262.com\/pt\/terms-of-service\/","og_site_name":"F\/262 Festival Internacional de Fotografia","article_modified_time":"2026-01-01T20:02:03+00:00","og_image":[{"width":1024,"height":1024,"url":"https:\/\/festival262.com\/wp-content\/uploads\/2025\/07\/ChatGPT-Image-Jul-31-2025-12_20_31-AM.png","type":"image\/png"}],"twitter_card":"summary_large_image","twitter_misc":{"Tempo estimado de leitura":"4 minutos"},"schema":{"@context":"https:\/\/schema.org","@graph":[{"@type":"WebPage","@id":"https:\/\/festival262.com\/terms-of-service\/","url":"https:\/\/festival262.com\/terms-of-service\/","name":"Terms of Service - F\/262 Festival Internacional de Fotografia","isPartOf":{"@id":"https:\/\/festival262.com\/#website"},"datePublished":"2026-01-01T19:24:19+00:00","dateModified":"2026-01-01T20:02:03+00:00","breadcrumb":{"@id":"https:\/\/festival262.com\/terms-of-service\/#breadcrumb"},"inLanguage":"pt-PT","potentialAction":[{"@type":"ReadAction","target":["https:\/\/festival262.com\/terms-of-service\/"]}]},{"@type":"BreadcrumbList","@id":"https:\/\/festival262.com\/terms-of-service\/#breadcrumb","itemListElement":[{"@type":"ListItem","position":1,"name":"Home","item":"https:\/\/festival262.com\/"},{"@type":"ListItem","position":2,"name":"Terms of Service"}]},{"@type":"WebSite","@id":"https:\/\/festival262.com\/#website","url":"https:\/\/festival262.com\/","name":"F7262 Fetsival Internacional de Fotografia","description":"Photography as Culture, Community, and Practice","publisher":{"@id":"https:\/\/festival262.com\/#organization"},"alternateName":"Festival262","potentialAction":[{"@type":"SearchAction","target":{"@type":"EntryPoint","urlTemplate":"https:\/\/festival262.com\/?s={search_term_string}"},"query-input":{"@type":"PropertyValueSpecification","valueRequired":true,"valueName":"search_term_string"}}],"inLanguage":"pt-PT"},{"@type":"Organization","@id":"https:\/\/festival262.com\/#organization","name":"F\/262 Festival Internacional de Fotografia","url":"https:\/\/festival262.com\/","logo":{"@type":"ImageObject","inLanguage":"pt-PT","@id":"https:\/\/festival262.com\/#\/schema\/logo\/image\/","url":"https:\/\/festival262.com\/wp-content\/uploads\/2019\/10\/cropped-f-262-icon-e-logo-scaled-1.png","contentUrl":"https:\/\/festival262.com\/wp-content\/uploads\/2019\/10\/cropped-f-262-icon-e-logo-scaled-1.png","width":2558,"height":1048,"caption":"F\/262 Festival Internacional de Fotografia"},"image":{"@id":"https:\/\/festival262.com\/#\/schema\/logo\/image\/"}}]}},"_links":{"self":[{"href":"https:\/\/festival262.com\/pt\/wp-json\/wp\/v2\/pages\/5486","targetHints":{"allow":["GET"]}}],"collection":[{"href":"https:\/\/festival262.com\/pt\/wp-json\/wp\/v2\/pages"}],"about":[{"href":"https:\/\/festival262.com\/pt\/wp-json\/wp\/v2\/types\/page"}],"author":[{"embeddable":true,"href":"https:\/\/festival262.com\/pt\/wp-json\/wp\/v2\/users\/6"}],"replies":[{"embeddable":true,"href":"https:\/\/festival262.com\/pt\/wp-json\/wp\/v2\/comments?post=5486"}],"version-history":[{"count":0,"href":"https:\/\/festival262.com\/pt\/wp-json\/wp\/v2\/pages\/5486\/revisions"}],"wp:attachment":[{"href":"https:\/\/festival262.com\/pt\/wp-json\/wp\/v2\/media?parent=5486"}],"curies":[{"name":"wp","href":"https:\/\/api.w.org\/{rel}","templated":true}]}}