{"id":4605,"date":"2025-10-10T09:59:38","date_gmt":"2025-10-10T09:59:38","guid":{"rendered":"https:\/\/festival262.com\/?page_id=4605"},"modified":"2026-04-26T13:02:39","modified_gmt":"2026-04-26T13:02:39","slug":"sustainability-at-f-262","status":"publish","type":"page","link":"https:\/\/festival262.com\/pt\/sustainability-at-f-262\/","title":{"rendered":"Sustentabilidade no F\/262"},"content":{"rendered":"<div data-elementor-type=\"wp-page\" data-elementor-id=\"4605\" class=\"elementor elementor-4605\">\n\t\t\t\t\t\t<section class=\"elementor-section elementor-top-section elementor-element elementor-element-1169090 elementor-section-boxed elementor-section-height-default elementor-section-height-default\" data-id=\"1169090\" data-element_type=\"section\" data-e-type=\"section\">\n\t\t\t\t\t\t<div class=\"elementor-container elementor-column-gap-default\">\n\t\t\t\t\t<div class=\"elementor-column elementor-col-100 elementor-top-column elementor-element elementor-element-4dd711b\" data-id=\"4dd711b\" data-element_type=\"column\" data-e-type=\"column\">\n\t\t\t<div class=\"elementor-widget-wrap elementor-element-populated\">\n\t\t\t\t\t\t<div class=\"elementor-element elementor-element-08dca1b elementor-widget elementor-widget-image\" data-id=\"08dca1b\" data-element_type=\"widget\" data-e-type=\"widget\" data-widget_type=\"image.default\">\n\t\t\t\t<div class=\"elementor-widget-container\">\n\t\t\t\t\t\t\t\t\t\t\t\t\t\t\t<img fetchpriority=\"high\" decoding=\"async\" width=\"1024\" height=\"187\" src=\"https:\/\/festival262.com\/wp-content\/uploads\/2025\/10\/E_SDG_logo_horizontal_WEB.png-1024x187.png\" class=\"attachment-large size-large wp-image-4624\" alt=\"\" srcset=\"https:\/\/festival262.com\/wp-content\/uploads\/2025\/10\/E_SDG_logo_horizontal_WEB.png-1024x187.png 1024w, https:\/\/festival262.com\/wp-content\/uploads\/2025\/10\/E_SDG_logo_horizontal_WEB.png-300x55.png 300w, https:\/\/festival262.com\/wp-content\/uploads\/2025\/10\/E_SDG_logo_horizontal_WEB.png-768x141.png 768w, https:\/\/festival262.com\/wp-content\/uploads\/2025\/10\/E_SDG_logo_horizontal_WEB.png-1536x281.png 1536w, https:\/\/festival262.com\/wp-content\/uploads\/2025\/10\/E_SDG_logo_horizontal_WEB.png-2048x375.png 2048w, https:\/\/festival262.com\/wp-content\/uploads\/2025\/10\/E_SDG_logo_horizontal_WEB.png-1320x242.png 1320w, https:\/\/festival262.com\/wp-content\/uploads\/2025\/10\/E_SDG_logo_horizontal_WEB.png-600x110.png 600w\" sizes=\"(max-width: 1024px) 100vw, 1024px\" \/>\t\t\t\t\t\t\t\t\t\t\t\t\t\t\t<\/div>\n\t\t\t\t<\/div>\n\t\t\t\t\t<\/div>\n\t\t<\/div>\n\t\t\t\t\t<\/div>\n\t\t<\/section>\n\t\t\t\t<section class=\"elementor-section elementor-top-section elementor-element elementor-element-c70459b elementor-section-boxed elementor-section-height-default elementor-section-height-default\" data-id=\"c70459b\" data-element_type=\"section\" data-e-type=\"section\">\n\t\t\t\t\t\t<div class=\"elementor-container elementor-column-gap-default\">\n\t\t\t\t\t<div class=\"elementor-column elementor-col-100 elementor-top-column elementor-element elementor-element-c74ce10\" data-id=\"c74ce10\" data-element_type=\"column\" data-e-type=\"column\">\n\t\t\t<div class=\"elementor-widget-wrap elementor-element-populated\">\n\t\t\t\t\t\t<div class=\"elementor-element elementor-element-02a3415 elementor-widget elementor-widget-testimonial\" data-id=\"02a3415\" data-element_type=\"widget\" data-e-type=\"widget\" data-widget_type=\"testimonial.default\">\n\t\t\t\t<div class=\"elementor-widget-container\">\n\t\t\t\t\t\t\t<div class=\"elementor-testimonial-wrapper\">\n\t\t\t\t\t\t\t<div class=\"elementor-testimonial-content\">Criar de forma respons\u00e1vel. Inspirar colectivamente. Agir em prol do nosso futuro comum. O F\/262 integra a sustentabilidade em todas as exposi\u00e7\u00f5es, parcerias e conversas, porque a arte n\u00e3o deve apenas refletir o mundo, mas tamb\u00e9m ajudar a mud\u00e1-lo.<\/div>\n\t\t\t\n\t\t\t\t\t\t<div class=\"elementor-testimonial-meta elementor-has-image elementor-testimonial-image-position-aside\">\n\t\t\t\t<div class=\"elementor-testimonial-meta-inner\">\n\t\t\t\t\t\t\t\t\t\t\t<div class=\"elementor-testimonial-image\">\n\t\t\t\t\t\t\t<img decoding=\"async\" width=\"300\" height=\"300\" src=\"https:\/\/festival262.com\/wp-content\/uploads\/2025\/08\/Carlos-Joao.jpg\" class=\"attachment-full size-full wp-image-3315\" alt=\"\" srcset=\"https:\/\/festival262.com\/wp-content\/uploads\/2025\/08\/Carlos-Joao.jpg 300w, https:\/\/festival262.com\/wp-content\/uploads\/2025\/08\/Carlos-Joao-150x150.jpg 150w, https:\/\/festival262.com\/wp-content\/uploads\/2025\/08\/Carlos-Joao-100x100.jpg 100w\" sizes=\"(max-width: 300px) 100vw, 300px\" \/>\t\t\t\t\t\t<\/div>\n\t\t\t\t\t\n\t\t\t\t\t\t\t\t\t\t<div class=\"elementor-testimonial-details\">\n\t\t\t\t\t\t\t\t\t\t\t\t\t\t<div class=\"elementor-testimonial-name\">Jo\u00e3o Carlos <\/div>\n\t\t\t\t\t\t\t\t\t\t\t\t\t\t\t\t\t\t\t\t\t\t<div class=\"elementor-testimonial-job\">Fundador f\/262 F\/SOS<\/div>\n\t\t\t\t\t\t\t\t\t\t\t\t\t<\/div>\n\t\t\t\t\t\t\t\t\t<\/div>\n\t\t\t<\/div>\n\t\t\t\t\t<\/div>\n\t\t\t\t\t\t<\/div>\n\t\t\t\t<\/div>\n\t\t\t\t<div class=\"elementor-element elementor-element-3de8f51 elementor-widget elementor-widget-spacer\" data-id=\"3de8f51\" data-element_type=\"widget\" data-e-type=\"widget\" data-widget_type=\"spacer.default\">\n\t\t\t\t<div class=\"elementor-widget-container\">\n\t\t\t\t\t\t\t<div class=\"elementor-spacer\">\n\t\t\t<div class=\"elementor-spacer-inner\"><\/div>\n\t\t<\/div>\n\t\t\t\t\t\t<\/div>\n\t\t\t\t<\/div>\n\t\t\t\t\t<\/div>\n\t\t<\/div>\n\t\t\t\t\t<\/div>\n\t\t<\/section>\n\t\t\t\t<section class=\"elementor-section elementor-top-section elementor-element elementor-element-6cf8c57 elementor-section-boxed elementor-section-height-default elementor-section-height-default\" data-id=\"6cf8c57\" data-element_type=\"section\" data-e-type=\"section\">\n\t\t\t\t\t\t<div class=\"elementor-container elementor-column-gap-default\">\n\t\t\t\t\t<div class=\"elementor-column elementor-col-50 elementor-top-column elementor-element elementor-element-92a8b0b\" data-id=\"92a8b0b\" data-element_type=\"column\" data-e-type=\"column\">\n\t\t\t<div class=\"elementor-widget-wrap elementor-element-populated\">\n\t\t\t\t\t\t<div class=\"elementor-element elementor-element-5cb2dcb elementor-widget elementor-widget-heading\" data-id=\"5cb2dcb\" data-element_type=\"widget\" data-e-type=\"widget\" data-widget_type=\"heading.default\">\n\t\t\t\t<div class=\"elementor-widget-container\">\n\t\t\t\t\t<h4 class=\"elementor-heading-title elementor-size-default\">Sustentabilidade no F\/262<\/h4>\t\t\t\t<\/div>\n\t\t\t\t<\/div>\n\t\t\t\t<div class=\"elementor-element elementor-element-ac2e069 elementor-widget elementor-widget-heading\" data-id=\"ac2e069\" data-element_type=\"widget\" data-e-type=\"widget\" data-widget_type=\"heading.default\">\n\t\t\t\t<div class=\"elementor-widget-container\">\n\t\t\t\t\t<h6 class=\"elementor-heading-title elementor-size-default\">A arte, a responsabilidade e o futuro.<\/h6>\t\t\t\t<\/div>\n\t\t\t\t<\/div>\n\t\t\t\t<div class=\"elementor-element elementor-element-8d30ec7 elementor-widget elementor-widget-spacer\" data-id=\"8d30ec7\" data-element_type=\"widget\" data-e-type=\"widget\" data-widget_type=\"spacer.default\">\n\t\t\t\t<div class=\"elementor-widget-container\">\n\t\t\t\t\t\t\t<div class=\"elementor-spacer\">\n\t\t\t<div class=\"elementor-spacer-inner\"><\/div>\n\t\t<\/div>\n\t\t\t\t\t\t<\/div>\n\t\t\t\t<\/div>\n\t\t\t\t<div class=\"elementor-element elementor-element-01f62c7 elementor-widget elementor-widget-text-editor\" data-id=\"01f62c7\" data-element_type=\"widget\" data-e-type=\"widget\" data-widget_type=\"text-editor.default\">\n\t\t\t\t<div class=\"elementor-widget-container\">\n\t\t\t\t\t\t\t\t\t<p data-start=\"756\" data-end=\"827\">Na F\/262, acreditamos que criar arte tamb\u00e9m significa moldar o futuro.<\/p><p data-start=\"829\" data-end=\"1017\">Estamos totalmente empenhados na sustentabilidade ambiental, social e cultural, integrando pr\u00e1ticas respons\u00e1veis em todos os aspetos da produ\u00e7\u00e3o, programa\u00e7\u00e3o e comunica\u00e7\u00e3o do festival.<\/p><p data-start=\"1019\" data-end=\"1170\">O nosso objetivo \u00e9 tornarmo-nos um modelo de festival verde, inspirando artistas, institui\u00e7\u00f5es e audi\u00eancias a pensar de forma mais consciente e a agir de forma mais sustent\u00e1vel.<\/p><p data-start=\"1172\" data-end=\"1551\"><strong data-start=\"1172\" data-end=\"1412\">Este compromisso reflete-se no reconhecimento do F\/262 como um projeto que contribui para os Objetivos de Desenvolvimento Sustent\u00e1vel pela Plataforma ODSlocal, que destaca iniciativas com impacto mensur\u00e1vel e alinhamento com a Agenda 2030 das Na\u00e7\u00f5es Unidas.<\/strong><\/p>\t\t\t\t\t\t\t\t<\/div>\n\t\t\t\t<\/div>\n\t\t\t\t\t<\/div>\n\t\t<\/div>\n\t\t\t\t<div class=\"elementor-column elementor-col-50 elementor-top-column elementor-element elementor-element-e8af056\" data-id=\"e8af056\" data-element_type=\"column\" data-e-type=\"column\">\n\t\t\t<div class=\"elementor-widget-wrap elementor-element-populated\">\n\t\t\t\t\t\t<div class=\"elementor-element elementor-element-16233d7 elementor-widget elementor-widget-image\" data-id=\"16233d7\" data-element_type=\"widget\" data-e-type=\"widget\" data-widget_type=\"image.default\">\n\t\t\t\t<div class=\"elementor-widget-container\">\n\t\t\t\t\t\t\t\t\t\t\t\t\t\t\t<img decoding=\"async\" width=\"750\" height=\"750\" src=\"https:\/\/festival262.com\/wp-content\/uploads\/2025\/10\/SDG-Wheel_WEB.png\" class=\"attachment-large size-large wp-image-4625\" alt=\"\" srcset=\"https:\/\/festival262.com\/wp-content\/uploads\/2025\/10\/SDG-Wheel_WEB.png 750w, https:\/\/festival262.com\/wp-content\/uploads\/2025\/10\/SDG-Wheel_WEB-300x300.png 300w, https:\/\/festival262.com\/wp-content\/uploads\/2025\/10\/SDG-Wheel_WEB-150x150.png 150w, https:\/\/festival262.com\/wp-content\/uploads\/2025\/10\/SDG-Wheel_WEB-600x600.png 600w, https:\/\/festival262.com\/wp-content\/uploads\/2025\/10\/SDG-Wheel_WEB-100x100.png 100w\" sizes=\"(max-width: 750px) 100vw, 750px\" \/>\t\t\t\t\t\t\t\t\t\t\t\t\t\t\t<\/div>\n\t\t\t\t<\/div>\n\t\t\t\t<div class=\"elementor-element elementor-element-bc2795a elementor-widget elementor-widget-image\" data-id=\"bc2795a\" data-element_type=\"widget\" data-e-type=\"widget\" data-widget_type=\"image.default\">\n\t\t\t\t<div class=\"elementor-widget-container\">\n\t\t\t\t\t\t\t\t\t\t\t\t\t\t\t\t<a href=\"https:\/\/odslocal.pt\/caldas-da-rainha?tabId=tab-projects\">\n\t\t\t\t\t\t\t<img loading=\"lazy\" decoding=\"async\" width=\"405\" height=\"124\" src=\"https:\/\/festival262.com\/wp-content\/uploads\/2026\/04\/download-2.png\" class=\"attachment-large size-large wp-image-7333\" alt=\"\" srcset=\"https:\/\/festival262.com\/wp-content\/uploads\/2026\/04\/download-2.png 405w, https:\/\/festival262.com\/wp-content\/uploads\/2026\/04\/download-2-300x92.png 300w, https:\/\/festival262.com\/wp-content\/uploads\/2026\/04\/download-2-18x6.png 18w, https:\/\/festival262.com\/wp-content\/uploads\/2026\/04\/download-2-24x7.png 24w, https:\/\/festival262.com\/wp-content\/uploads\/2026\/04\/download-2-36x11.png 36w, https:\/\/festival262.com\/wp-content\/uploads\/2026\/04\/download-2-48x15.png 48w\" sizes=\"(max-width: 405px) 100vw, 405px\" \/>\t\t\t\t\t\t\t\t<\/a>\n\t\t\t\t\t\t\t\t\t\t\t\t\t\t\t<\/div>\n\t\t\t\t<\/div>\n\t\t\t\t\t<\/div>\n\t\t<\/div>\n\t\t\t\t\t<\/div>\n\t\t<\/section>\n\t\t\t\t<section class=\"elementor-section elementor-top-section elementor-element elementor-element-6f0baf5 elementor-section-boxed elementor-section-height-default elementor-section-height-default\" data-id=\"6f0baf5\" data-element_type=\"section\" data-e-type=\"section\">\n\t\t\t\t\t\t<div class=\"elementor-container elementor-column-gap-default\">\n\t\t\t\t\t<div class=\"elementor-column elementor-col-100 elementor-top-column elementor-element elementor-element-72665d9\" data-id=\"72665d9\" data-element_type=\"column\" data-e-type=\"column\">\n\t\t\t<div class=\"elementor-widget-wrap elementor-element-populated\">\n\t\t\t\t\t\t<div class=\"elementor-element elementor-element-97ac305 elementor-widget elementor-widget-heading\" data-id=\"97ac305\" data-element_type=\"widget\" data-e-type=\"widget\" data-widget_type=\"heading.default\">\n\t\t\t\t<div class=\"elementor-widget-container\">\n\t\t\t\t\t<h2 class=\"elementor-heading-title elementor-size-default\">Compromissos institucionais \n<br>e economia circular<\/h2>\t\t\t\t<\/div>\n\t\t\t\t<\/div>\n\t\t\t\t\t<\/div>\n\t\t<\/div>\n\t\t\t\t\t<\/div>\n\t\t<\/section>\n\t\t\t\t<section class=\"elementor-section elementor-top-section elementor-element elementor-element-c89dcb4 elementor-section-boxed elementor-section-height-default elementor-section-height-default\" data-id=\"c89dcb4\" data-element_type=\"section\" data-e-type=\"section\">\n\t\t\t\t\t\t<div class=\"elementor-container elementor-column-gap-default\">\n\t\t\t\t\t<div class=\"elementor-column elementor-col-100 elementor-top-column elementor-element elementor-element-39db9e2\" data-id=\"39db9e2\" data-element_type=\"column\" data-e-type=\"column\">\n\t\t\t<div class=\"elementor-widget-wrap elementor-element-populated\">\n\t\t\t\t\t\t<div class=\"elementor-element elementor-element-d014671 elementor-widget elementor-widget-heading\" data-id=\"d014671\" data-element_type=\"widget\" data-e-type=\"widget\" data-widget_type=\"heading.default\">\n\t\t\t\t<div class=\"elementor-widget-container\">\n\t\t\t\t\t<h4 class=\"elementor-heading-title elementor-size-default\">\ud83c\udf31 Boas Pr\u00e1ticas Ambientais<\/h4>\t\t\t\t<\/div>\n\t\t\t\t<\/div>\n\t\t\t\t\t<\/div>\n\t\t<\/div>\n\t\t\t\t\t<\/div>\n\t\t<\/section>\n\t\t\t\t<section class=\"elementor-section elementor-top-section elementor-element elementor-element-51d7038 elementor-section-boxed elementor-section-height-default elementor-section-height-default\" data-id=\"51d7038\" data-element_type=\"section\" data-e-type=\"section\">\n\t\t\t\t\t\t<div class=\"elementor-container elementor-column-gap-default\">\n\t\t\t\t\t<div class=\"elementor-column elementor-col-50 elementor-top-column elementor-element elementor-element-a520839\" data-id=\"a520839\" data-element_type=\"column\" data-e-type=\"column\">\n\t\t\t<div class=\"elementor-widget-wrap elementor-element-populated\">\n\t\t\t\t\t\t<div class=\"elementor-element elementor-element-742ac23 elementor-widget elementor-widget-image\" data-id=\"742ac23\" data-element_type=\"widget\" data-e-type=\"widget\" data-widget_type=\"image.default\">\n\t\t\t\t<div class=\"elementor-widget-container\">\n\t\t\t\t\t\t\t\t\t\t\t\t\t\t\t\t<a href=\"https:\/\/festival262.com\/wp-content\/uploads\/2025\/12\/unnamed.jpg\" data-elementor-open-lightbox=\"yes\" data-elementor-lightbox-title=\"unnamed\" data-e-action-hash=\"#elementor-action%3Aaction%3Dlightbox%26settings%3DeyJpZCI6NTI3MywidXJsIjoiaHR0cHM6XC9cL2Zlc3RpdmFsMjYyLmNvbVwvd3AtY29udGVudFwvdXBsb2Fkc1wvMjAyNVwvMTJcL3VubmFtZWQuanBnIn0%3D\">\n\t\t\t\t\t\t\t<img loading=\"lazy\" decoding=\"async\" width=\"494\" height=\"252\" src=\"https:\/\/festival262.com\/wp-content\/uploads\/2025\/12\/unnamed.jpg\" class=\"attachment-large size-large wp-image-5273\" alt=\"\" srcset=\"https:\/\/festival262.com\/wp-content\/uploads\/2025\/12\/unnamed.jpg 494w, https:\/\/festival262.com\/wp-content\/uploads\/2025\/12\/unnamed-300x153.jpg 300w\" sizes=\"(max-width: 494px) 100vw, 494px\" \/>\t\t\t\t\t\t\t\t<\/a>\n\t\t\t\t\t\t\t\t\t\t\t\t\t\t\t<\/div>\n\t\t\t\t<\/div>\n\t\t\t\t<div class=\"elementor-element elementor-element-5ec97a4 elementor-widget elementor-widget-spacer\" data-id=\"5ec97a4\" data-element_type=\"widget\" data-e-type=\"widget\" data-widget_type=\"spacer.default\">\n\t\t\t\t<div class=\"elementor-widget-container\">\n\t\t\t\t\t\t\t<div class=\"elementor-spacer\">\n\t\t\t<div class=\"elementor-spacer-inner\"><\/div>\n\t\t<\/div>\n\t\t\t\t\t\t<\/div>\n\t\t\t\t<\/div>\n\t\t\t\t<div class=\"elementor-element elementor-element-a215896 elementor-widget elementor-widget-text-editor\" data-id=\"a215896\" data-element_type=\"widget\" data-e-type=\"widget\" data-widget_type=\"text-editor.default\">\n\t\t\t\t<div class=\"elementor-widget-container\">\n\t\t\t\t\t\t\t\t\t<p data-start=\"891\" data-end=\"1091\"><strong data-start=\"891\" data-end=\"983\">F\/262 \u00e9 signat\u00e1rio oficial do Pacto pela Economia Circular na Regi\u00e3o Centro<\/strong>, coordenada pelo <span class=\"hover:entity-accent entity-underline inline cursor-pointer align-baseline\"><span class=\"whitespace-normal\">CCDR Centro<\/span><\/span>, atrav\u00e9s da a\u00e7\u00e3o <em data-start=\"1062\" data-end=\"1090\">F\/262 Laborat\u00f3rio de Cultura Circular<\/em>.<\/p><p data-start=\"1096\" data-end=\"1562\">Este compromisso institucional refor\u00e7a o compromisso a longo prazo do festival com pr\u00e1ticas culturais sustent\u00e1veis, a educa\u00e7\u00e3o e a participa\u00e7\u00e3o da comunidade em toda a regi\u00e3o. Entre 2026 e 2027, o Laborat\u00f3rio de Cultura Circular apoia a\u00e7\u00f5es concretas centradas na produ\u00e7\u00e3o respons\u00e1vel, na reutiliza\u00e7\u00e3o de recursos, na sensibiliza\u00e7\u00e3o ambiental e na participa\u00e7\u00e3o do p\u00fablico, posicionando a cultura e a fotografia como ferramentas ativas na transi\u00e7\u00e3o para um territ\u00f3rio mais circular e sustent\u00e1vel.<\/p>\t\t\t\t\t\t\t\t<\/div>\n\t\t\t\t<\/div>\n\t\t\t\t<div class=\"elementor-element elementor-element-ec4469b elementor-widget elementor-widget-spacer\" data-id=\"ec4469b\" data-element_type=\"widget\" data-e-type=\"widget\" data-widget_type=\"spacer.default\">\n\t\t\t\t<div class=\"elementor-widget-container\">\n\t\t\t\t\t\t\t<div class=\"elementor-spacer\">\n\t\t\t<div class=\"elementor-spacer-inner\"><\/div>\n\t\t<\/div>\n\t\t\t\t\t\t<\/div>\n\t\t\t\t<\/div>\n\t\t\t\t<div class=\"elementor-element elementor-element-718efce elementor-widget elementor-widget-heading\" data-id=\"718efce\" data-element_type=\"widget\" data-e-type=\"widget\" data-widget_type=\"heading.default\">\n\t\t\t\t<div class=\"elementor-widget-container\">\n\t\t\t\t\t<h6 class=\"elementor-heading-title elementor-size-default\">Pacto para a Economia Circular no Centro (3.\u00aa edi\u00e7\u00e3o) \u2013 F\/262 Circular Culture Lab <\/h6>\t\t\t\t<\/div>\n\t\t\t\t<\/div>\n\t\t\t\t<div class=\"elementor-element elementor-element-aee0efe elementor-widget elementor-widget-spacer\" data-id=\"aee0efe\" data-element_type=\"widget\" data-e-type=\"widget\" data-widget_type=\"spacer.default\">\n\t\t\t\t<div class=\"elementor-widget-container\">\n\t\t\t\t\t\t\t<div class=\"elementor-spacer\">\n\t\t\t<div class=\"elementor-spacer-inner\"><\/div>\n\t\t<\/div>\n\t\t\t\t\t\t<\/div>\n\t\t\t\t<\/div>\n\t\t\t\t<div class=\"elementor-element elementor-element-d315d47 elementor-align-center elementor-widget elementor-widget-button\" data-id=\"d315d47\" data-element_type=\"widget\" data-e-type=\"widget\" data-widget_type=\"button.default\">\n\t\t\t\t<div class=\"elementor-widget-container\">\n\t\t\t\t\t\t\t\t\t<div class=\"elementor-button-wrapper\">\n\t\t\t\t\t<a class=\"elementor-button elementor-button-link elementor-size-sm\" href=\"https:\/\/festival262.com\/wp-content\/uploads\/2026\/02\/23_F262_festival-fotografia.pdf\" target=\"_blank\">\n\t\t\t\t\t\t<span class=\"elementor-button-content-wrapper\">\n\t\t\t\t\t\t\t\t\t<span class=\"elementor-button-text\">Documento oficial (PDF)<\/span>\n\t\t\t\t\t<\/span>\n\t\t\t\t\t<\/a>\n\t\t\t\t<\/div>\n\t\t\t\t\t\t\t\t<\/div>\n\t\t\t\t<\/div>\n\t\t\t\t\t<\/div>\n\t\t<\/div>\n\t\t\t\t<div class=\"elementor-column elementor-col-50 elementor-top-column elementor-element elementor-element-f941037\" data-id=\"f941037\" data-element_type=\"column\" data-e-type=\"column\">\n\t\t\t<div class=\"elementor-widget-wrap elementor-element-populated\">\n\t\t\t\t\t\t<div class=\"elementor-element elementor-element-0a8e5d0 elementor-widget elementor-widget-image\" data-id=\"0a8e5d0\" data-element_type=\"widget\" data-e-type=\"widget\" data-widget_type=\"image.default\">\n\t\t\t\t<div class=\"elementor-widget-container\">\n\t\t\t\t\t\t\t\t\t\t\t\t\t\t\t<img loading=\"lazy\" decoding=\"async\" width=\"1024\" height=\"1024\" src=\"https:\/\/festival262.com\/wp-content\/uploads\/2025\/12\/443713274_460510749882527_1481451599342544215_n-1024x1024.jpg\" class=\"attachment-large size-large wp-image-5266\" alt=\"\" srcset=\"https:\/\/festival262.com\/wp-content\/uploads\/2025\/12\/443713274_460510749882527_1481451599342544215_n-1024x1024.jpg 1024w, https:\/\/festival262.com\/wp-content\/uploads\/2025\/12\/443713274_460510749882527_1481451599342544215_n-300x300.jpg 300w, https:\/\/festival262.com\/wp-content\/uploads\/2025\/12\/443713274_460510749882527_1481451599342544215_n-150x150.jpg 150w, https:\/\/festival262.com\/wp-content\/uploads\/2025\/12\/443713274_460510749882527_1481451599342544215_n-768x768.jpg 768w, https:\/\/festival262.com\/wp-content\/uploads\/2025\/12\/443713274_460510749882527_1481451599342544215_n-600x600.jpg 600w, https:\/\/festival262.com\/wp-content\/uploads\/2025\/12\/443713274_460510749882527_1481451599342544215_n-100x100.jpg 100w, https:\/\/festival262.com\/wp-content\/uploads\/2025\/12\/443713274_460510749882527_1481451599342544215_n.jpg 1181w\" sizes=\"(max-width: 1024px) 100vw, 1024px\" \/>\t\t\t\t\t\t\t\t\t\t\t\t\t\t\t<\/div>\n\t\t\t\t<\/div>\n\t\t\t\t\t<\/div>\n\t\t<\/div>\n\t\t\t\t\t<\/div>\n\t\t<\/section>\n\t\t\t\t<section class=\"elementor-section elementor-top-section elementor-element elementor-element-3cca793 elementor-section-boxed elementor-section-height-default elementor-section-height-default\" data-id=\"3cca793\" data-element_type=\"section\" data-e-type=\"section\">\n\t\t\t\t\t\t<div class=\"elementor-container elementor-column-gap-default\">\n\t\t\t\t\t<div class=\"elementor-column elementor-col-50 elementor-top-column elementor-element elementor-element-b2b654a\" data-id=\"b2b654a\" data-element_type=\"column\" data-e-type=\"column\">\n\t\t\t<div class=\"elementor-widget-wrap elementor-element-populated\">\n\t\t\t\t\t\t<div class=\"elementor-element elementor-element-5c3e80a elementor-widget elementor-widget-heading\" data-id=\"5c3e80a\" data-element_type=\"widget\" data-e-type=\"widget\" data-widget_type=\"heading.default\">\n\t\t\t\t<div class=\"elementor-widget-container\">\n\t\t\t\t\t<h4 class=\"elementor-heading-title elementor-size-default\">Manual de Sustentabilidade do Festival de Fotografia<\/h4>\t\t\t\t<\/div>\n\t\t\t\t<\/div>\n\t\t\t\t<div class=\"elementor-element elementor-element-36fafe0 elementor-widget elementor-widget-spacer\" data-id=\"36fafe0\" data-element_type=\"widget\" data-e-type=\"widget\" data-widget_type=\"spacer.default\">\n\t\t\t\t<div class=\"elementor-widget-container\">\n\t\t\t\t\t\t\t<div class=\"elementor-spacer\">\n\t\t\t<div class=\"elementor-spacer-inner\"><\/div>\n\t\t<\/div>\n\t\t\t\t\t\t<\/div>\n\t\t\t\t<\/div>\n\t\t\t\t<div class=\"elementor-element elementor-element-3cc4a53 elementor-widget elementor-widget-text-editor\" data-id=\"3cc4a53\" data-element_type=\"widget\" data-e-type=\"widget\" data-widget_type=\"text-editor.default\">\n\t\t\t\t<div class=\"elementor-widget-container\">\n\t\t\t\t\t\t\t\t\t<p data-start=\"964\" data-end=\"1183\">Para traduzir valores em ac\u00e7\u00f5es estruturadas, <strong data-start=\"1008\" data-end=\"1041\">F\/SOS \u2013 Fotografia, Solidariedade e Obras Sociais<\/strong> desenvolveu o <strong data-start=\"1056\" data-end=\"1104\">Manual de Sustentabilidade do Festival de Fotografia<\/strong> \u2014 um quadro pr\u00e1tico e aberto concebido especificamente para festivais de fotografia.<\/p><p data-start=\"1190\" data-end=\"1381\">O manual foi criado como uma ferramenta replic\u00e1vel para apoiar os festivais na constru\u00e7\u00e3o de pr\u00e1ticas mais sustent\u00e1veis, respons\u00e1veis e transparentes em toda a governa\u00e7\u00e3o, opera\u00e7\u00f5es e envolvimento p\u00fablico.<\/p><p data-start=\"1388\" data-end=\"1552\"><strong data-start=\"1388\" data-end=\"1397\">F\/262<\/strong> serve de plataforma principal de aplica\u00e7\u00e3o do manual, aplicando e testando os seus princ\u00edpios no contexto de um festival internacional de fotografia.<\/p><h4>\u00a0<\/h4><h4>O que o manual cobre<\/h4><ul><li>Governa\u00e7\u00e3o, vis\u00e3o e estrat\u00e9gia de sustentabilidade<\/li><li>Gest\u00e3o do carbono e da pegada de carbono<\/li><li>Viagens, locais, materiais, alimentos e res\u00edduos<\/li><li>Diretrizes para artistas, fornecedores e visitantes<\/li><li>Modelos pr\u00e1ticos, listas de verifica\u00e7\u00e3o e instrumentos de execu\u00e7\u00e3o<\/li><\/ul>\t\t\t\t\t\t\t\t<\/div>\n\t\t\t\t<\/div>\n\t\t\t\t<div class=\"elementor-element elementor-element-98c599e elementor-widget elementor-widget-spacer\" data-id=\"98c599e\" data-element_type=\"widget\" data-e-type=\"widget\" data-widget_type=\"spacer.default\">\n\t\t\t\t<div class=\"elementor-widget-container\">\n\t\t\t\t\t\t\t<div class=\"elementor-spacer\">\n\t\t\t<div class=\"elementor-spacer-inner\"><\/div>\n\t\t<\/div>\n\t\t\t\t\t\t<\/div>\n\t\t\t\t<\/div>\n\t\t\t\t<div class=\"elementor-element elementor-element-dd1c2b0 elementor-align-center elementor-widget elementor-widget-button\" data-id=\"dd1c2b0\" data-element_type=\"widget\" data-e-type=\"widget\" data-widget_type=\"button.default\">\n\t\t\t\t<div class=\"elementor-widget-container\">\n\t\t\t\t\t\t\t\t\t<div class=\"elementor-button-wrapper\">\n\t\t\t\t\t<a class=\"elementor-button elementor-button-link elementor-size-sm\" href=\"https:\/\/festival262.com\/wp-content\/uploads\/2025\/12\/Photography-Festival-Sustainability-Handbook_FSOS_F262.pdf\" target=\"_blank\">\n\t\t\t\t\t\t<span class=\"elementor-button-content-wrapper\">\n\t\t\t\t\t\t\t\t\t<span class=\"elementor-button-text\">Descarregue o Manual de Sustentabilidade<\/span>\n\t\t\t\t\t<\/span>\n\t\t\t\t\t<\/a>\n\t\t\t\t<\/div>\n\t\t\t\t\t\t\t\t<\/div>\n\t\t\t\t<\/div>\n\t\t\t\t<div class=\"elementor-element elementor-element-d86c498 elementor-widget elementor-widget-spacer\" data-id=\"d86c498\" data-element_type=\"widget\" data-e-type=\"widget\" data-widget_type=\"spacer.default\">\n\t\t\t\t<div class=\"elementor-widget-container\">\n\t\t\t\t\t\t\t<div class=\"elementor-spacer\">\n\t\t\t<div class=\"elementor-spacer-inner\"><\/div>\n\t\t<\/div>\n\t\t\t\t\t\t<\/div>\n\t\t\t\t<\/div>\n\t\t\t\t\t<\/div>\n\t\t<\/div>\n\t\t\t\t<div class=\"elementor-column elementor-col-50 elementor-top-column elementor-element elementor-element-406015d\" data-id=\"406015d\" data-element_type=\"column\" data-e-type=\"column\">\n\t\t\t<div class=\"elementor-widget-wrap elementor-element-populated\">\n\t\t\t\t\t\t<div class=\"elementor-element elementor-element-c7bfdc5 elementor-widget elementor-widget-image\" data-id=\"c7bfdc5\" data-element_type=\"widget\" data-e-type=\"widget\" data-widget_type=\"image.default\">\n\t\t\t\t<div class=\"elementor-widget-container\">\n\t\t\t\t\t\t\t\t\t\t\t\t\t\t\t<img loading=\"lazy\" decoding=\"async\" width=\"724\" height=\"1024\" src=\"https:\/\/festival262.com\/wp-content\/uploads\/2025\/12\/photo-fest-sustainability-handbook_Page_01-724x1024.jpg\" class=\"attachment-large size-large wp-image-5284\" alt=\"\" srcset=\"https:\/\/festival262.com\/wp-content\/uploads\/2025\/12\/photo-fest-sustainability-handbook_Page_01-724x1024.jpg 724w, https:\/\/festival262.com\/wp-content\/uploads\/2025\/12\/photo-fest-sustainability-handbook_Page_01-212x300.jpg 212w, https:\/\/festival262.com\/wp-content\/uploads\/2025\/12\/photo-fest-sustainability-handbook_Page_01-768x1086.jpg 768w, https:\/\/festival262.com\/wp-content\/uploads\/2025\/12\/photo-fest-sustainability-handbook_Page_01-1086x1536.jpg 1086w, https:\/\/festival262.com\/wp-content\/uploads\/2025\/12\/photo-fest-sustainability-handbook_Page_01-1448x2048.jpg 1448w, https:\/\/festival262.com\/wp-content\/uploads\/2025\/12\/photo-fest-sustainability-handbook_Page_01-1320x1867.jpg 1320w, https:\/\/festival262.com\/wp-content\/uploads\/2025\/12\/photo-fest-sustainability-handbook_Page_01-600x848.jpg 600w, https:\/\/festival262.com\/wp-content\/uploads\/2025\/12\/photo-fest-sustainability-handbook_Page_01.jpg 1654w\" sizes=\"(max-width: 724px) 100vw, 724px\" \/>\t\t\t\t\t\t\t\t\t\t\t\t\t\t\t<\/div>\n\t\t\t\t<\/div>\n\t\t\t\t\t<\/div>\n\t\t<\/div>\n\t\t\t\t\t<\/div>\n\t\t<\/section>\n\t\t\t\t<section class=\"elementor-section elementor-top-section elementor-element elementor-element-cab58eb elementor-section-boxed elementor-section-height-default elementor-section-height-default\" data-id=\"cab58eb\" data-element_type=\"section\" data-e-type=\"section\">\n\t\t\t\t\t\t<div class=\"elementor-container elementor-column-gap-default\">\n\t\t\t\t\t<div class=\"elementor-column elementor-col-50 elementor-top-column elementor-element elementor-element-d9125fe\" data-id=\"d9125fe\" data-element_type=\"column\" data-e-type=\"column\">\n\t\t\t<div class=\"elementor-widget-wrap elementor-element-populated\">\n\t\t\t\t\t\t<div class=\"elementor-element elementor-element-7b8fc41 elementor-widget elementor-widget-text-editor\" data-id=\"7b8fc41\" data-element_type=\"widget\" data-e-type=\"widget\" data-widget_type=\"text-editor.default\">\n\t\t\t\t<div class=\"elementor-widget-container\">\n\t\t\t\t\t\t\t\t\t<p data-start=\"648\" data-end=\"859\">\u00a0<\/p><p data-start=\"299\" data-end=\"483\"><strong>F\/262 i<\/strong>\u00c9 membro da <strong><span class=\"hover:entity-accent entity-underline inline cursor-pointer align-baseline\"><span class=\"whitespace-normal\">Gallery Climate Coalition<\/span><\/span> (CCG)<\/strong> e alinha as suas pr\u00e1ticas com as orienta\u00e7\u00f5es da coliga\u00e7\u00e3o para reduzir o impacto ambiental do setor cultural.<\/p><p data-start=\"485\" data-end=\"653\">A nossa abordagem \u00e0 sustentabilidade est\u00e1 inserida na estrutura do festival e guiada por um plano cont\u00ednuo, <strong>Manual de Sustentabilidade do Festival de Fotografia.<\/strong><\/p><p data-start=\"655\" data-end=\"675\">As nossas a\u00e7\u00f5es incluem:<\/p><ul data-start=\"677\" data-end=\"1094\"><li data-section-id=\"7nwaaf\" data-start=\"677\" data-end=\"747\">Reutiliza\u00e7\u00e3o e conce\u00e7\u00e3o circular de materiais expositivos e cenogr\u00e1ficos<\/li><li data-section-id=\"xlg6ct\" data-start=\"748\" data-end=\"832\">Impress\u00e3o sustent\u00e1vel utilizando pap\u00e9is certificados e tintas ambientalmente respons\u00e1veis<\/li><li data-section-id=\"289pnx\" data-start=\"833\" data-end=\"928\">Redu\u00e7\u00e3o do consumo de energia e incentivo aos transportes partilhados, p\u00fablicos ou de baixo impacto<\/li><li data-section-id=\"1v99k5y\" data-start=\"929\" data-end=\"1001\">Gest\u00e3o respons\u00e1vel dos res\u00edduos em toda a produ\u00e7\u00e3o e nas atividades p\u00fablicas<\/li><li data-section-id=\"105w56s\" data-start=\"1002\" data-end=\"1094\">Monitoriza\u00e7\u00e3o e comunica\u00e7\u00e3o cont\u00ednuas do impacto ambiental no \u00e2mbito de uma estrat\u00e9gia a longo prazo<\/li><\/ul><p data-start=\"1096\" data-end=\"1309\">Estas pr\u00e1ticas v\u00e3o al\u00e9m da produ\u00e7\u00e3o atrav\u00e9s de iniciativas como a <strong data-start=\"1169\" data-end=\"1193\">Laborat\u00f3rio de Cultura Circular<\/strong> e projectos como <em data-start=\"1212\" data-end=\"1231\">Cuidar como Margens<\/em>, em que a consci\u00eancia ambiental, o territ\u00f3rio e a participa\u00e7\u00e3o da comunidade se cruzam.<\/p><p data-start=\"1311\" data-end=\"1378\">Pode ler a nossa Declara\u00e7\u00e3o de Responsabilidade Ambiental completa abaixo.<\/p>\t\t\t\t\t\t\t\t<\/div>\n\t\t\t\t<\/div>\n\t\t\t\t<div class=\"elementor-element elementor-element-36b4a1f elementor-widget elementor-widget-image\" data-id=\"36b4a1f\" data-element_type=\"widget\" data-e-type=\"widget\" data-widget_type=\"image.default\">\n\t\t\t\t<div class=\"elementor-widget-container\">\n\t\t\t\t\t\t\t\t\t\t\t\t\t\t\t<img loading=\"lazy\" decoding=\"async\" width=\"300\" height=\"300\" src=\"https:\/\/festival262.com\/wp-content\/uploads\/2025\/12\/gcc-300x300.webp\" class=\"attachment-medium size-medium wp-image-5277\" alt=\"\" srcset=\"https:\/\/festival262.com\/wp-content\/uploads\/2025\/12\/gcc-300x300.webp 300w, https:\/\/festival262.com\/wp-content\/uploads\/2025\/12\/gcc-1024x1024.webp 1024w, https:\/\/festival262.com\/wp-content\/uploads\/2025\/12\/gcc-150x150.webp 150w, https:\/\/festival262.com\/wp-content\/uploads\/2025\/12\/gcc-768x768.webp 768w, https:\/\/festival262.com\/wp-content\/uploads\/2025\/12\/gcc-600x600.webp 600w, https:\/\/festival262.com\/wp-content\/uploads\/2025\/12\/gcc-100x100.webp 100w, https:\/\/festival262.com\/wp-content\/uploads\/2025\/12\/gcc.webp 1080w\" sizes=\"(max-width: 300px) 100vw, 300px\" \/>\t\t\t\t\t\t\t\t\t\t\t\t\t\t\t<\/div>\n\t\t\t\t<\/div>\n\t\t\t\t\t<\/div>\n\t\t<\/div>\n\t\t\t\t<div class=\"elementor-column elementor-col-50 elementor-top-column elementor-element elementor-element-79c7633\" data-id=\"79c7633\" data-element_type=\"column\" data-e-type=\"column\">\n\t\t\t<div class=\"elementor-widget-wrap elementor-element-populated\">\n\t\t\t\t\t\t<div class=\"elementor-element elementor-element-4481add elementor-widget elementor-widget-image\" data-id=\"4481add\" data-element_type=\"widget\" data-e-type=\"widget\" data-widget_type=\"image.default\">\n\t\t\t\t<div class=\"elementor-widget-container\">\n\t\t\t\t\t\t\t\t\t\t\t\t\t\t\t<img loading=\"lazy\" decoding=\"async\" width=\"1024\" height=\"1024\" src=\"https:\/\/festival262.com\/wp-content\/uploads\/2026\/04\/gcc-1024x1024.png\" class=\"attachment-large size-large wp-image-7638\" alt=\"\" srcset=\"https:\/\/festival262.com\/wp-content\/uploads\/2026\/04\/gcc-1024x1024.png 1024w, https:\/\/festival262.com\/wp-content\/uploads\/2026\/04\/gcc-300x300.png 300w, https:\/\/festival262.com\/wp-content\/uploads\/2026\/04\/gcc-150x150.png 150w, https:\/\/festival262.com\/wp-content\/uploads\/2026\/04\/gcc-768x768.png 768w, https:\/\/festival262.com\/wp-content\/uploads\/2026\/04\/gcc-12x12.png 12w, https:\/\/festival262.com\/wp-content\/uploads\/2026\/04\/gcc-24x24.png 24w, https:\/\/festival262.com\/wp-content\/uploads\/2026\/04\/gcc-36x36.png 36w, https:\/\/festival262.com\/wp-content\/uploads\/2026\/04\/gcc-48x48.png 48w, https:\/\/festival262.com\/wp-content\/uploads\/2026\/04\/gcc-600x600.png 600w, https:\/\/festival262.com\/wp-content\/uploads\/2026\/04\/gcc-100x100.png 100w, https:\/\/festival262.com\/wp-content\/uploads\/2026\/04\/gcc.png 1254w\" sizes=\"(max-width: 1024px) 100vw, 1024px\" \/>\t\t\t\t\t\t\t\t\t\t\t\t\t\t\t<\/div>\n\t\t\t\t<\/div>\n\t\t\t\t<div class=\"elementor-element elementor-element-4674edc elementor-widget elementor-widget-text-editor\" data-id=\"4674edc\" data-element_type=\"widget\" data-e-type=\"widget\" data-widget_type=\"text-editor.default\">\n\t\t\t\t<div class=\"elementor-widget-container\">\n\t\t\t\t\t\t\t\t\t<p data-start=\"789\" data-end=\"869\" data-is-last-node=\"\" data-is-only-node=\"\">\u00a0<\/p><p data-start=\"592\" data-end=\"787\">Esta Declara\u00e7\u00e3o de Responsabilidade Ambiental \u00e9 um documento vivo, que evolui em conjunto com as nossas pr\u00e1ticas de sustentabilidade e \u00e9 revisto regularmente.<\/p>\t\t\t\t\t\t\t\t<\/div>\n\t\t\t\t<\/div>\n\t\t\t\t<div class=\"elementor-element elementor-element-293a97e elementor-widget elementor-widget-image\" data-id=\"293a97e\" data-element_type=\"widget\" data-e-type=\"widget\" data-widget_type=\"image.default\">\n\t\t\t\t<div class=\"elementor-widget-container\">\n\t\t\t\t\t\t\t\t\t\t\t\t\t\t\t<img loading=\"lazy\" decoding=\"async\" width=\"1024\" height=\"544\" src=\"https:\/\/festival262.com\/wp-content\/uploads\/2026\/04\/Screenshot-2026-04-26-at-07.54.46-1024x544.png\" class=\"attachment-large size-large wp-image-7639\" alt=\"\" srcset=\"https:\/\/festival262.com\/wp-content\/uploads\/2026\/04\/Screenshot-2026-04-26-at-07.54.46-1024x544.png 1024w, https:\/\/festival262.com\/wp-content\/uploads\/2026\/04\/Screenshot-2026-04-26-at-07.54.46-300x159.png 300w, https:\/\/festival262.com\/wp-content\/uploads\/2026\/04\/Screenshot-2026-04-26-at-07.54.46-768x408.png 768w, https:\/\/festival262.com\/wp-content\/uploads\/2026\/04\/Screenshot-2026-04-26-at-07.54.46-1536x816.png 1536w, https:\/\/festival262.com\/wp-content\/uploads\/2026\/04\/Screenshot-2026-04-26-at-07.54.46-2048x1088.png 2048w, https:\/\/festival262.com\/wp-content\/uploads\/2026\/04\/Screenshot-2026-04-26-at-07.54.46-18x10.png 18w, https:\/\/festival262.com\/wp-content\/uploads\/2026\/04\/Screenshot-2026-04-26-at-07.54.46-1320x701.png 1320w, https:\/\/festival262.com\/wp-content\/uploads\/2026\/04\/Screenshot-2026-04-26-at-07.54.46-24x13.png 24w, https:\/\/festival262.com\/wp-content\/uploads\/2026\/04\/Screenshot-2026-04-26-at-07.54.46-36x19.png 36w, https:\/\/festival262.com\/wp-content\/uploads\/2026\/04\/Screenshot-2026-04-26-at-07.54.46-48x26.png 48w, https:\/\/festival262.com\/wp-content\/uploads\/2026\/04\/Screenshot-2026-04-26-at-07.54.46-600x319.png 600w\" sizes=\"(max-width: 1024px) 100vw, 1024px\" \/>\t\t\t\t\t\t\t\t\t\t\t\t\t\t\t<\/div>\n\t\t\t\t<\/div>\n\t\t\t\t\t<\/div>\n\t\t<\/div>\n\t\t\t\t\t<\/div>\n\t\t<\/section>\n\t\t\t\t<section class=\"elementor-section elementor-top-section elementor-element elementor-element-77361c2 elementor-section-boxed elementor-section-height-default elementor-section-height-default\" data-id=\"77361c2\" data-element_type=\"section\" data-e-type=\"section\">\n\t\t\t\t\t\t<div class=\"elementor-container elementor-column-gap-default\">\n\t\t\t\t\t<div class=\"elementor-column elementor-col-100 elementor-top-column elementor-element elementor-element-b025a27\" data-id=\"b025a27\" data-element_type=\"column\" data-e-type=\"column\">\n\t\t\t<div class=\"elementor-widget-wrap elementor-element-populated\">\n\t\t\t\t\t\t<div class=\"elementor-element elementor-element-d65133e elementor-widget__width-initial elementor-align-center elementor-widget elementor-widget-button\" data-id=\"d65133e\" data-element_type=\"widget\" data-e-type=\"widget\" data-widget_type=\"button.default\">\n\t\t\t\t<div class=\"elementor-widget-container\">\n\t\t\t\t\t\t\t\t\t<div class=\"elementor-button-wrapper\">\n\t\t\t\t\t<a class=\"elementor-button elementor-button-link elementor-size-sm\" href=\"https:\/\/festival262.com\/wp-content\/uploads\/2026\/03\/enviromentalresposibitlygccs.pdf\" target=\"_blank\" rel=\"nofollow\">\n\t\t\t\t\t\t<span class=\"elementor-button-content-wrapper\">\n\t\t\t\t\t\t\t\t\t<span class=\"elementor-button-text\">Declara\u00e7\u00e3o de Responsabilidade Ambiental (Quadro da Coliga\u00e7\u00e3o Clim\u00e1tica das Galerias) \u2013 documento assinado (PDF)<\/span>\n\t\t\t\t\t<\/span>\n\t\t\t\t\t<\/a>\n\t\t\t\t<\/div>\n\t\t\t\t\t\t\t\t<\/div>\n\t\t\t\t<\/div>\n\t\t\t\t\t<\/div>\n\t\t<\/div>\n\t\t\t\t\t<\/div>\n\t\t<\/section>\n\t\t\t\t<section class=\"elementor-section elementor-top-section elementor-element elementor-element-06117ca elementor-section-boxed elementor-section-height-default elementor-section-height-default\" data-id=\"06117ca\" data-element_type=\"section\" data-e-type=\"section\">\n\t\t\t\t\t\t<div class=\"elementor-container elementor-column-gap-default\">\n\t\t\t\t\t<div class=\"elementor-column elementor-col-50 elementor-top-column elementor-element elementor-element-b120343\" data-id=\"b120343\" data-element_type=\"column\" data-e-type=\"column\">\n\t\t\t<div class=\"elementor-widget-wrap elementor-element-populated\">\n\t\t\t\t\t\t<div class=\"elementor-element elementor-element-460ee53 elementor-widget elementor-widget-text-editor\" data-id=\"460ee53\" data-element_type=\"widget\" data-e-type=\"widget\" data-widget_type=\"text-editor.default\">\n\t\t\t\t<div class=\"elementor-widget-container\">\n\t\t\t\t\t\t\t\t\t<p class=\"isSelectedEnd\">O<strong> F\/262 \u2013 Festival Internacional de Fotografia<\/strong>\u00a0\u00e9 membro da <strong>Catalyst Now<\/strong>, um movimento global de inovadores sociais e organiza\u00e7\u00f5es que trabalham em colabora\u00e7\u00e3o para acelerar solu\u00e7\u00f5es para os <strong>Objetivos de Desenvolvimento Sustent\u00e1vel das Na\u00e7\u00f5es Unidas<\/strong>.<\/p><p class=\"isSelectedEnd\">Atrav\u00e9s desta rede internacional, o festival liga-se a iniciativas, institui\u00e7\u00f5es e profissionais de todo o mundo que est\u00e3o empenhados em criar impacto social e ambiental positivo.<\/p><p class=\"isSelectedEnd\">A nossa participa\u00e7\u00e3o em <strong>Catalyst Now<\/strong>\u00a0reflete o compromisso da F\/262 de utilizar a cultura e a fotografia como instrumentos de sensibiliza\u00e7\u00e3o, di\u00e1logo e participa\u00e7\u00e3o da comunidade em torno da sustentabilidade, da responsabilidade ambiental e da mudan\u00e7a social.<\/p><p>Ao envolver-se com esta comunidade global, o F\/262 contribui para o interc\u00e2mbio de conhecimentos, a colabora\u00e7\u00e3o e o desenvolvimento de pr\u00e1ticas culturais que apoiam um futuro mais sustent\u00e1vel e inclusivo.<\/p>\t\t\t\t\t\t\t\t<\/div>\n\t\t\t\t<\/div>\n\t\t\t\t\t<\/div>\n\t\t<\/div>\n\t\t\t\t<div class=\"elementor-column elementor-col-50 elementor-top-column elementor-element elementor-element-a5ac409\" data-id=\"a5ac409\" data-element_type=\"column\" data-e-type=\"column\">\n\t\t\t<div class=\"elementor-widget-wrap elementor-element-populated\">\n\t\t\t\t\t\t<div class=\"elementor-element elementor-element-55926ef elementor-widget elementor-widget-image\" data-id=\"55926ef\" data-element_type=\"widget\" data-e-type=\"widget\" data-widget_type=\"image.default\">\n\t\t\t\t<div class=\"elementor-widget-container\">\n\t\t\t\t\t\t\t\t\t\t\t\t\t\t\t<img loading=\"lazy\" decoding=\"async\" width=\"600\" height=\"224\" src=\"https:\/\/festival262.com\/wp-content\/uploads\/2026\/03\/1738853396909.jpg\" class=\"attachment-large size-large wp-image-6127\" alt=\"\" srcset=\"https:\/\/festival262.com\/wp-content\/uploads\/2026\/03\/1738853396909.jpg 600w, https:\/\/festival262.com\/wp-content\/uploads\/2026\/03\/1738853396909-300x112.jpg 300w, https:\/\/festival262.com\/wp-content\/uploads\/2026\/03\/1738853396909-24x9.jpg 24w, https:\/\/festival262.com\/wp-content\/uploads\/2026\/03\/1738853396909-36x13.jpg 36w, https:\/\/festival262.com\/wp-content\/uploads\/2026\/03\/1738853396909-48x18.jpg 48w\" sizes=\"(max-width: 600px) 100vw, 600px\" \/>\t\t\t\t\t\t\t\t\t\t\t\t\t\t\t<\/div>\n\t\t\t\t<\/div>\n\t\t\t\t\t<\/div>\n\t\t<\/div>\n\t\t\t\t\t<\/div>\n\t\t<\/section>\n\t\t\t\t<section class=\"elementor-section elementor-top-section elementor-element elementor-element-b042791 elementor-section-boxed elementor-section-height-default elementor-section-height-default\" data-id=\"b042791\" data-element_type=\"section\" data-e-type=\"section\">\n\t\t\t\t\t\t<div class=\"elementor-container elementor-column-gap-default\">\n\t\t\t\t\t<div class=\"elementor-column elementor-col-100 elementor-top-column elementor-element elementor-element-b37637e\" data-id=\"b37637e\" data-element_type=\"column\" data-e-type=\"column\">\n\t\t\t<div class=\"elementor-widget-wrap elementor-element-populated\">\n\t\t\t\t\t\t<div class=\"elementor-element elementor-element-2406f3b elementor-widget elementor-widget-spacer\" data-id=\"2406f3b\" data-element_type=\"widget\" data-e-type=\"widget\" data-widget_type=\"spacer.default\">\n\t\t\t\t<div class=\"elementor-widget-container\">\n\t\t\t\t\t\t\t<div class=\"elementor-spacer\">\n\t\t\t<div class=\"elementor-spacer-inner\"><\/div>\n\t\t<\/div>\n\t\t\t\t\t\t<\/div>\n\t\t\t\t<\/div>\n\t\t\t\t<div class=\"elementor-element elementor-element-6d68779 elementor-widget elementor-widget-heading\" data-id=\"6d68779\" data-element_type=\"widget\" data-e-type=\"widget\" data-widget_type=\"heading.default\">\n\t\t\t\t<div class=\"elementor-widget-container\">\n\t\t\t\t\t<h4 class=\"elementor-heading-title elementor-size-default\">\u00a0\"F\/262 apoia os Objetivos de Desenvolvimento Sustent\u00e1vel.\"<\/h4>\t\t\t\t<\/div>\n\t\t\t\t<\/div>\n\t\t\t\t<div class=\"elementor-element elementor-element-8979fea elementor-widget elementor-widget-heading\" data-id=\"8979fea\" data-element_type=\"widget\" data-e-type=\"widget\" data-widget_type=\"heading.default\">\n\t\t\t\t<div class=\"elementor-widget-container\">\n\t\t\t\t\t<h4 class=\"elementor-heading-title elementor-size-default\">\u267b Commitment to the 2030 Agenda and the SDGs (Compromisso com a Agenda 2030 e os ODS) \u200b<\/h4>\t\t\t\t<\/div>\n\t\t\t\t<\/div>\n\t\t\t\t<div class=\"elementor-element elementor-element-e78d17d elementor-widget elementor-widget-text-editor\" data-id=\"e78d17d\" data-element_type=\"widget\" data-e-type=\"widget\" data-widget_type=\"text-editor.default\">\n\t\t\t\t<div class=\"elementor-widget-container\">\n\t\t\t\t\t\t\t\t\t<ul><li><strong data-start=\"298\" data-end=\"532\">O F\/262 est\u00e1 alinhado com os Objetivos de Desenvolvimento Sustent\u00e1vel (ODS) das Na\u00e7\u00f5es Unidas e com a Agenda 2030 da UNESCO para o Desenvolvimento Sustent\u00e1vel.<br data-start=\"431\" data-end=\"434\" \/>A nossa programa\u00e7\u00e3o, parcerias e miss\u00e3o social contribuem significativamente para os seguintes objetivos:<\/strong><\/li><li>\u00a0<\/li><li><strong data-start=\"534\" data-end=\"563\">ODS 4 \u2013 Educa\u00e7\u00e3o de qualidade<\/strong><br data-start=\"563\" data-end=\"566\" \/>Oferecemos oportunidades de aprendizagem atrav\u00e9s de workshops, masterclasses, palestras de artistas, o Photobook Club e o Analog Lab, trabalhando em estreita colabora\u00e7\u00e3o com escolas, universidades e criativos emergentes.<\/li><li>\u00a0<\/li><li><strong data-start=\"755\" data-end=\"782\">ODS 5 \u2013 Igualdade de g\u00e9nero<\/strong><br data-start=\"782\" data-end=\"785\" \/>Promovemos uma representa\u00e7\u00e3o equilibrada entre artistas convidados, equipas curatoriais, oradores e programas comunit\u00e1rios.<\/li><li>\u00a0<\/li><li><strong data-start=\"896\" data-end=\"934\">ODS 6 \u2013 \u00c1gua pot\u00e1vel e saneamento<\/strong><br data-start=\"934\" data-end=\"937\" \/>O tema de 2026, <em data-start=\"953\" data-end=\"969\">Shaping Shores<\/em>, salienta a import\u00e2ncia da \u00e1gua, dos ecossistemas e da resili\u00eancia ambiental, com exposi\u00e7\u00f5es e palestras centradas na sustentabilidade aqu\u00e1tica e costeira.<\/li><li>\u00a0<\/li><li><strong data-start=\"1123\" data-end=\"1166\">ODS 8 \u2013 Trabalho digno e crescimento econ\u00f3mico<\/strong><br data-start=\"1166\" data-end=\"1169\" \/>Apoiamos a economia criativa local atrav\u00e9s da contrata\u00e7\u00e3o de artistas, da colabora\u00e7\u00e3o com fornecedores locais e do refor\u00e7o da atividade cultural e econ\u00f3mica nas Caldas da Rainha.<\/li><li>\u00a0<\/li><li><strong data-start=\"1351\" data-end=\"1384\">ODS 10 \u2013 Redu\u00e7\u00e3o das desigualdades<\/strong><br data-start=\"1384\" data-end=\"1387\" \/>Atrav\u00e9s do F\/SOS \u2013 Hist\u00f3rias de Solidariedade, promovemos a inclus\u00e3o social, a acessibilidade e a participa\u00e7\u00e3o da comunidade, dando visibilidade a vozes sub-representadas.<\/li><li>\u00a0<\/li><li><strong data-start=\"1542\" data-end=\"1589\">ODS 11 \u2013 Cidades e Comunidades Sustent\u00e1veis<\/strong><br data-start=\"1589\" data-end=\"1592\" \/>Ativamos espa\u00e7os culturais nas Caldas, promovemos a participa\u00e7\u00e3o da comunidade e incentivamos o turismo cultural sustent\u00e1vel.<\/li><li>\u00a0<\/li><li><strong data-start=\"1716\" data-end=\"1767\">ODS 12 \u2013 Produ\u00e7\u00e3o e Consumo Respons\u00e1veis<\/strong><br data-start=\"1767\" data-end=\"1770\" \/>Implementamos pr\u00e1ticas de produ\u00e7\u00e3o sustent\u00e1veis, reduzimos o desperd\u00edcio, optamos pela impress\u00e3o e materiais locais e incentivamos abordagens circulares em todas as opera\u00e7\u00f5es do festival.<\/li><li>\u00a0<\/li><li><strong data-start=\"1936\" data-end=\"1963\">ODS 13 \u2013 A\u00e7\u00e3o clim\u00e1tica<\/strong><br data-start=\"1963\" data-end=\"1966\" \/>Trabalhamos para minimizar e monitorizar a nossa pegada de carbono, dando prioridade \u00e0s parcerias regionais, \u00e0 mobilidade respons\u00e1vel e a pr\u00e1ticas de exposi\u00e7\u00e3o ambientalmente conscientes.<\/li><li>\u00a0<\/li><li><strong data-start=\"2132\" data-end=\"2161\">ODS 14 \u2013 Vida Subaqu\u00e1tica<\/strong><br data-start=\"2161\" data-end=\"2164\" \/>O nosso foco costeiro e a nossa programa\u00e7\u00e3o ambiental apoiam a sensibiliza\u00e7\u00e3o para a conserva\u00e7\u00e3o marinha, a prote\u00e7\u00e3o dos ecossistemas aqu\u00e1ticos e a utiliza\u00e7\u00e3o sustent\u00e1vel dos recursos h\u00eddricos.<\/li><li>\u00a0<\/li><li><strong data-start=\"2336\" data-end=\"2361\">ODS 15 \u2013 Vida terrestre<\/strong><br data-start=\"2361\" data-end=\"2364\" \/>Atrav\u00e9s de narrativas fotogr\u00e1ficas sobre conserva\u00e7\u00e3o, biodiversidade e prote\u00e7\u00e3o ambiental, sensibilizamos para o impacto da atividade humana nos habitats naturais.<\/li><li>\u00a0<\/li><li><strong data-start=\"2529\" data-end=\"2568\">ODS 17 \u2013 Parcerias para os Objetivos<\/strong><br data-start=\"2568\" data-end=\"2571\" \/>Constru\u00edmos fortes colabora\u00e7\u00f5es com institui\u00e7\u00f5es culturais, munic\u00edpios, ONGs, organiza\u00e7\u00f5es ambientais, universidades e redes internacionais que partilham os nossos valores e miss\u00e3o.<\/li><li>\u00a0<\/li><li><strong data-start=\"2757\" data-end=\"2873\">Estes compromissos seguem as orienta\u00e7\u00f5es oficiais das Na\u00e7\u00f5es Unidas e da Plataforma Portuguesa para os ODS (ODS.pt).<\/strong><\/li><\/ul>\t\t\t\t\t\t\t\t<\/div>\n\t\t\t\t<\/div>\n\t\t\t\t\t<\/div>\n\t\t<\/div>\n\t\t\t\t\t<\/div>\n\t\t<\/section>\n\t\t\t\t<section class=\"elementor-section elementor-top-section elementor-element elementor-element-ebdc415 elementor-section-boxed elementor-section-height-default elementor-section-height-default\" data-id=\"ebdc415\" data-element_type=\"section\" data-e-type=\"section\">\n\t\t\t\t\t\t<div class=\"elementor-container elementor-column-gap-default\">\n\t\t\t\t\t<div class=\"elementor-column elementor-col-16 elementor-top-column elementor-element elementor-element-eae5368\" data-id=\"eae5368\" data-element_type=\"column\" data-e-type=\"column\">\n\t\t\t<div class=\"elementor-widget-wrap elementor-element-populated\">\n\t\t\t\t\t\t<div class=\"elementor-element elementor-element-f95f71a elementor-widget elementor-widget-image\" data-id=\"f95f71a\" data-element_type=\"widget\" data-e-type=\"widget\" data-widget_type=\"image.default\">\n\t\t\t\t<div class=\"elementor-widget-container\">\n\t\t\t\t\t\t\t\t\t\t\t\t\t\t\t<img loading=\"lazy\" decoding=\"async\" width=\"1024\" height=\"1024\" src=\"https:\/\/festival262.com\/wp-content\/uploads\/2025\/12\/E-WEB-Goal-04-1024x1024.png\" class=\"attachment-large size-large wp-image-5215\" alt=\"\" srcset=\"https:\/\/festival262.com\/wp-content\/uploads\/2025\/12\/E-WEB-Goal-04-1024x1024.png 1024w, https:\/\/festival262.com\/wp-content\/uploads\/2025\/12\/E-WEB-Goal-04-300x300.png 300w, https:\/\/festival262.com\/wp-content\/uploads\/2025\/12\/E-WEB-Goal-04-150x150.png 150w, https:\/\/festival262.com\/wp-content\/uploads\/2025\/12\/E-WEB-Goal-04-768x768.png 768w, https:\/\/festival262.com\/wp-content\/uploads\/2025\/12\/E-WEB-Goal-04-1320x1320.png 1320w, https:\/\/festival262.com\/wp-content\/uploads\/2025\/12\/E-WEB-Goal-04-600x600.png 600w, https:\/\/festival262.com\/wp-content\/uploads\/2025\/12\/E-WEB-Goal-04-100x100.png 100w, https:\/\/festival262.com\/wp-content\/uploads\/2025\/12\/E-WEB-Goal-04.png 1500w\" sizes=\"(max-width: 1024px) 100vw, 1024px\" \/>\t\t\t\t\t\t\t\t\t\t\t\t\t\t\t<\/div>\n\t\t\t\t<\/div>\n\t\t\t\t\t<\/div>\n\t\t<\/div>\n\t\t\t\t<div class=\"elementor-column elementor-col-16 elementor-top-column elementor-element elementor-element-7885648\" data-id=\"7885648\" data-element_type=\"column\" data-e-type=\"column\">\n\t\t\t<div class=\"elementor-widget-wrap elementor-element-populated\">\n\t\t\t\t\t\t<div class=\"elementor-element elementor-element-90f040f elementor-widget elementor-widget-image\" data-id=\"90f040f\" data-element_type=\"widget\" data-e-type=\"widget\" data-widget_type=\"image.default\">\n\t\t\t\t<div class=\"elementor-widget-container\">\n\t\t\t\t\t\t\t\t\t\t\t\t\t\t\t<img loading=\"lazy\" decoding=\"async\" width=\"1024\" height=\"1024\" src=\"https:\/\/festival262.com\/wp-content\/uploads\/2025\/12\/E-WEB-Goal-05-1024x1024.png\" class=\"attachment-large size-large wp-image-5216\" alt=\"\" srcset=\"https:\/\/festival262.com\/wp-content\/uploads\/2025\/12\/E-WEB-Goal-05-1024x1024.png 1024w, https:\/\/festival262.com\/wp-content\/uploads\/2025\/12\/E-WEB-Goal-05-300x300.png 300w, https:\/\/festival262.com\/wp-content\/uploads\/2025\/12\/E-WEB-Goal-05-150x150.png 150w, https:\/\/festival262.com\/wp-content\/uploads\/2025\/12\/E-WEB-Goal-05-768x768.png 768w, https:\/\/festival262.com\/wp-content\/uploads\/2025\/12\/E-WEB-Goal-05-1320x1320.png 1320w, https:\/\/festival262.com\/wp-content\/uploads\/2025\/12\/E-WEB-Goal-05-600x600.png 600w, https:\/\/festival262.com\/wp-content\/uploads\/2025\/12\/E-WEB-Goal-05-100x100.png 100w, https:\/\/festival262.com\/wp-content\/uploads\/2025\/12\/E-WEB-Goal-05.png 1500w\" sizes=\"(max-width: 1024px) 100vw, 1024px\" \/>\t\t\t\t\t\t\t\t\t\t\t\t\t\t\t<\/div>\n\t\t\t\t<\/div>\n\t\t\t\t\t<\/div>\n\t\t<\/div>\n\t\t\t\t<div class=\"elementor-column elementor-col-16 elementor-top-column elementor-element elementor-element-9d44d15\" data-id=\"9d44d15\" data-element_type=\"column\" data-e-type=\"column\">\n\t\t\t<div class=\"elementor-widget-wrap elementor-element-populated\">\n\t\t\t\t\t\t<div class=\"elementor-element elementor-element-224eeea elementor-widget elementor-widget-image\" data-id=\"224eeea\" data-element_type=\"widget\" data-e-type=\"widget\" data-widget_type=\"image.default\">\n\t\t\t\t<div class=\"elementor-widget-container\">\n\t\t\t\t\t\t\t\t\t\t\t\t\t\t\t<img loading=\"lazy\" decoding=\"async\" width=\"1024\" height=\"1024\" src=\"https:\/\/festival262.com\/wp-content\/uploads\/2025\/12\/E-WEB-Goal-06-1024x1024.png\" class=\"attachment-large size-large wp-image-5217\" alt=\"\" srcset=\"https:\/\/festival262.com\/wp-content\/uploads\/2025\/12\/E-WEB-Goal-06-1024x1024.png 1024w, https:\/\/festival262.com\/wp-content\/uploads\/2025\/12\/E-WEB-Goal-06-300x300.png 300w, https:\/\/festival262.com\/wp-content\/uploads\/2025\/12\/E-WEB-Goal-06-150x150.png 150w, https:\/\/festival262.com\/wp-content\/uploads\/2025\/12\/E-WEB-Goal-06-768x768.png 768w, https:\/\/festival262.com\/wp-content\/uploads\/2025\/12\/E-WEB-Goal-06-1320x1320.png 1320w, https:\/\/festival262.com\/wp-content\/uploads\/2025\/12\/E-WEB-Goal-06-600x600.png 600w, https:\/\/festival262.com\/wp-content\/uploads\/2025\/12\/E-WEB-Goal-06-100x100.png 100w, https:\/\/festival262.com\/wp-content\/uploads\/2025\/12\/E-WEB-Goal-06.png 1500w\" sizes=\"(max-width: 1024px) 100vw, 1024px\" \/>\t\t\t\t\t\t\t\t\t\t\t\t\t\t\t<\/div>\n\t\t\t\t<\/div>\n\t\t\t\t\t<\/div>\n\t\t<\/div>\n\t\t\t\t<div class=\"elementor-column elementor-col-16 elementor-top-column elementor-element elementor-element-a0b0ee9\" data-id=\"a0b0ee9\" data-element_type=\"column\" data-e-type=\"column\">\n\t\t\t<div class=\"elementor-widget-wrap elementor-element-populated\">\n\t\t\t\t\t\t<div class=\"elementor-element elementor-element-77cd6f7 elementor-widget elementor-widget-image\" data-id=\"77cd6f7\" data-element_type=\"widget\" data-e-type=\"widget\" data-widget_type=\"image.default\">\n\t\t\t\t<div class=\"elementor-widget-container\">\n\t\t\t\t\t\t\t\t\t\t\t\t\t\t\t<img loading=\"lazy\" decoding=\"async\" width=\"1024\" height=\"1024\" src=\"https:\/\/festival262.com\/wp-content\/uploads\/2025\/12\/E-WEB-Goal-08-1024x1024.png\" class=\"attachment-large size-large wp-image-5219\" alt=\"\" srcset=\"https:\/\/festival262.com\/wp-content\/uploads\/2025\/12\/E-WEB-Goal-08-1024x1024.png 1024w, https:\/\/festival262.com\/wp-content\/uploads\/2025\/12\/E-WEB-Goal-08-300x300.png 300w, https:\/\/festival262.com\/wp-content\/uploads\/2025\/12\/E-WEB-Goal-08-150x150.png 150w, https:\/\/festival262.com\/wp-content\/uploads\/2025\/12\/E-WEB-Goal-08-768x768.png 768w, https:\/\/festival262.com\/wp-content\/uploads\/2025\/12\/E-WEB-Goal-08-1320x1320.png 1320w, https:\/\/festival262.com\/wp-content\/uploads\/2025\/12\/E-WEB-Goal-08-600x600.png 600w, https:\/\/festival262.com\/wp-content\/uploads\/2025\/12\/E-WEB-Goal-08-100x100.png 100w, https:\/\/festival262.com\/wp-content\/uploads\/2025\/12\/E-WEB-Goal-08.png 1500w\" sizes=\"(max-width: 1024px) 100vw, 1024px\" \/>\t\t\t\t\t\t\t\t\t\t\t\t\t\t\t<\/div>\n\t\t\t\t<\/div>\n\t\t\t\t\t<\/div>\n\t\t<\/div>\n\t\t\t\t<div class=\"elementor-column elementor-col-16 elementor-top-column elementor-element elementor-element-35a2a4d\" data-id=\"35a2a4d\" data-element_type=\"column\" data-e-type=\"column\">\n\t\t\t<div class=\"elementor-widget-wrap elementor-element-populated\">\n\t\t\t\t\t\t<div class=\"elementor-element elementor-element-8aa6fdc elementor-widget elementor-widget-image\" data-id=\"8aa6fdc\" data-element_type=\"widget\" data-e-type=\"widget\" data-widget_type=\"image.default\">\n\t\t\t\t<div class=\"elementor-widget-container\">\n\t\t\t\t\t\t\t\t\t\t\t\t\t\t\t<img loading=\"lazy\" decoding=\"async\" width=\"1024\" height=\"1024\" src=\"https:\/\/festival262.com\/wp-content\/uploads\/2025\/12\/E-WEB-Goal-09-1024x1024.png\" class=\"attachment-large size-large wp-image-5220\" alt=\"\" srcset=\"https:\/\/festival262.com\/wp-content\/uploads\/2025\/12\/E-WEB-Goal-09-1024x1024.png 1024w, https:\/\/festival262.com\/wp-content\/uploads\/2025\/12\/E-WEB-Goal-09-300x300.png 300w, https:\/\/festival262.com\/wp-content\/uploads\/2025\/12\/E-WEB-Goal-09-150x150.png 150w, https:\/\/festival262.com\/wp-content\/uploads\/2025\/12\/E-WEB-Goal-09-768x768.png 768w, https:\/\/festival262.com\/wp-content\/uploads\/2025\/12\/E-WEB-Goal-09-1320x1320.png 1320w, https:\/\/festival262.com\/wp-content\/uploads\/2025\/12\/E-WEB-Goal-09-600x600.png 600w, https:\/\/festival262.com\/wp-content\/uploads\/2025\/12\/E-WEB-Goal-09-100x100.png 100w, https:\/\/festival262.com\/wp-content\/uploads\/2025\/12\/E-WEB-Goal-09.png 1500w\" sizes=\"(max-width: 1024px) 100vw, 1024px\" \/>\t\t\t\t\t\t\t\t\t\t\t\t\t\t\t<\/div>\n\t\t\t\t<\/div>\n\t\t\t\t\t<\/div>\n\t\t<\/div>\n\t\t\t\t<div class=\"elementor-column elementor-col-16 elementor-top-column elementor-element elementor-element-89dd35c\" data-id=\"89dd35c\" data-element_type=\"column\" data-e-type=\"column\">\n\t\t\t<div class=\"elementor-widget-wrap elementor-element-populated\">\n\t\t\t\t\t\t<div class=\"elementor-element elementor-element-06a3d65 elementor-widget elementor-widget-image\" data-id=\"06a3d65\" data-element_type=\"widget\" data-e-type=\"widget\" data-widget_type=\"image.default\">\n\t\t\t\t<div class=\"elementor-widget-container\">\n\t\t\t\t\t\t\t\t\t\t\t\t\t\t\t<img loading=\"lazy\" decoding=\"async\" width=\"1024\" height=\"1024\" src=\"https:\/\/festival262.com\/wp-content\/uploads\/2025\/12\/E-WEB-Goal-10-1024x1024.png\" class=\"attachment-large size-large wp-image-5221\" alt=\"\" srcset=\"https:\/\/festival262.com\/wp-content\/uploads\/2025\/12\/E-WEB-Goal-10-1024x1024.png 1024w, https:\/\/festival262.com\/wp-content\/uploads\/2025\/12\/E-WEB-Goal-10-300x300.png 300w, https:\/\/festival262.com\/wp-content\/uploads\/2025\/12\/E-WEB-Goal-10-150x150.png 150w, https:\/\/festival262.com\/wp-content\/uploads\/2025\/12\/E-WEB-Goal-10-768x768.png 768w, https:\/\/festival262.com\/wp-content\/uploads\/2025\/12\/E-WEB-Goal-10-1320x1320.png 1320w, https:\/\/festival262.com\/wp-content\/uploads\/2025\/12\/E-WEB-Goal-10-600x600.png 600w, https:\/\/festival262.com\/wp-content\/uploads\/2025\/12\/E-WEB-Goal-10-100x100.png 100w, https:\/\/festival262.com\/wp-content\/uploads\/2025\/12\/E-WEB-Goal-10.png 1500w\" sizes=\"(max-width: 1024px) 100vw, 1024px\" \/>\t\t\t\t\t\t\t\t\t\t\t\t\t\t\t<\/div>\n\t\t\t\t<\/div>\n\t\t\t\t\t<\/div>\n\t\t<\/div>\n\t\t\t\t\t<\/div>\n\t\t<\/section>\n\t\t\t\t<section class=\"elementor-section elementor-top-section elementor-element elementor-element-29d3a4c elementor-section-boxed elementor-section-height-default elementor-section-height-default\" data-id=\"29d3a4c\" data-element_type=\"section\" data-e-type=\"section\">\n\t\t\t\t\t\t<div class=\"elementor-container elementor-column-gap-default\">\n\t\t\t\t\t<div class=\"elementor-column elementor-col-16 elementor-top-column elementor-element elementor-element-b731179\" data-id=\"b731179\" data-element_type=\"column\" data-e-type=\"column\">\n\t\t\t<div class=\"elementor-widget-wrap elementor-element-populated\">\n\t\t\t\t\t\t<div class=\"elementor-element elementor-element-0910fb2 elementor-widget elementor-widget-image\" data-id=\"0910fb2\" data-element_type=\"widget\" data-e-type=\"widget\" data-widget_type=\"image.default\">\n\t\t\t\t<div class=\"elementor-widget-container\">\n\t\t\t\t\t\t\t\t\t\t\t\t\t\t\t<img loading=\"lazy\" decoding=\"async\" width=\"1024\" height=\"1024\" src=\"https:\/\/festival262.com\/wp-content\/uploads\/2025\/12\/E-WEB-Goal-11-1024x1024.png\" class=\"attachment-large size-large wp-image-5222\" alt=\"\" srcset=\"https:\/\/festival262.com\/wp-content\/uploads\/2025\/12\/E-WEB-Goal-11-1024x1024.png 1024w, https:\/\/festival262.com\/wp-content\/uploads\/2025\/12\/E-WEB-Goal-11-300x300.png 300w, https:\/\/festival262.com\/wp-content\/uploads\/2025\/12\/E-WEB-Goal-11-150x150.png 150w, https:\/\/festival262.com\/wp-content\/uploads\/2025\/12\/E-WEB-Goal-11-768x768.png 768w, https:\/\/festival262.com\/wp-content\/uploads\/2025\/12\/E-WEB-Goal-11-1320x1320.png 1320w, https:\/\/festival262.com\/wp-content\/uploads\/2025\/12\/E-WEB-Goal-11-600x600.png 600w, https:\/\/festival262.com\/wp-content\/uploads\/2025\/12\/E-WEB-Goal-11-100x100.png 100w, https:\/\/festival262.com\/wp-content\/uploads\/2025\/12\/E-WEB-Goal-11.png 1500w\" sizes=\"(max-width: 1024px) 100vw, 1024px\" \/>\t\t\t\t\t\t\t\t\t\t\t\t\t\t\t<\/div>\n\t\t\t\t<\/div>\n\t\t\t\t\t<\/div>\n\t\t<\/div>\n\t\t\t\t<div class=\"elementor-column elementor-col-16 elementor-top-column elementor-element elementor-element-9b903a2\" data-id=\"9b903a2\" data-element_type=\"column\" data-e-type=\"column\">\n\t\t\t<div class=\"elementor-widget-wrap elementor-element-populated\">\n\t\t\t\t\t\t<div class=\"elementor-element elementor-element-3be81e5 elementor-widget elementor-widget-image\" data-id=\"3be81e5\" data-element_type=\"widget\" data-e-type=\"widget\" data-widget_type=\"image.default\">\n\t\t\t\t<div class=\"elementor-widget-container\">\n\t\t\t\t\t\t\t\t\t\t\t\t\t\t\t<img loading=\"lazy\" decoding=\"async\" width=\"1024\" height=\"1024\" src=\"https:\/\/festival262.com\/wp-content\/uploads\/2025\/12\/E-WEB-Goal-12-1024x1024.png\" class=\"attachment-large size-large wp-image-5223\" alt=\"\" srcset=\"https:\/\/festival262.com\/wp-content\/uploads\/2025\/12\/E-WEB-Goal-12-1024x1024.png 1024w, https:\/\/festival262.com\/wp-content\/uploads\/2025\/12\/E-WEB-Goal-12-300x300.png 300w, https:\/\/festival262.com\/wp-content\/uploads\/2025\/12\/E-WEB-Goal-12-150x150.png 150w, https:\/\/festival262.com\/wp-content\/uploads\/2025\/12\/E-WEB-Goal-12-768x768.png 768w, https:\/\/festival262.com\/wp-content\/uploads\/2025\/12\/E-WEB-Goal-12-1320x1320.png 1320w, https:\/\/festival262.com\/wp-content\/uploads\/2025\/12\/E-WEB-Goal-12-600x600.png 600w, https:\/\/festival262.com\/wp-content\/uploads\/2025\/12\/E-WEB-Goal-12-100x100.png 100w, https:\/\/festival262.com\/wp-content\/uploads\/2025\/12\/E-WEB-Goal-12.png 1500w\" sizes=\"(max-width: 1024px) 100vw, 1024px\" \/>\t\t\t\t\t\t\t\t\t\t\t\t\t\t\t<\/div>\n\t\t\t\t<\/div>\n\t\t\t\t\t<\/div>\n\t\t<\/div>\n\t\t\t\t<div class=\"elementor-column elementor-col-16 elementor-top-column elementor-element elementor-element-e03b4fe\" data-id=\"e03b4fe\" data-element_type=\"column\" data-e-type=\"column\">\n\t\t\t<div class=\"elementor-widget-wrap elementor-element-populated\">\n\t\t\t\t\t\t<div class=\"elementor-element elementor-element-47522f5 elementor-widget elementor-widget-image\" data-id=\"47522f5\" data-element_type=\"widget\" data-e-type=\"widget\" data-widget_type=\"image.default\">\n\t\t\t\t<div class=\"elementor-widget-container\">\n\t\t\t\t\t\t\t\t\t\t\t\t\t\t\t<img loading=\"lazy\" decoding=\"async\" width=\"1024\" height=\"1024\" src=\"https:\/\/festival262.com\/wp-content\/uploads\/2025\/10\/E-WEB-Goal-10-copy-1024x1024.png\" class=\"attachment-large size-large wp-image-4620\" alt=\"\" srcset=\"https:\/\/festival262.com\/wp-content\/uploads\/2025\/10\/E-WEB-Goal-10-copy-1024x1024.png 1024w, https:\/\/festival262.com\/wp-content\/uploads\/2025\/10\/E-WEB-Goal-10-copy-300x300.png 300w, https:\/\/festival262.com\/wp-content\/uploads\/2025\/10\/E-WEB-Goal-10-copy-150x150.png 150w, https:\/\/festival262.com\/wp-content\/uploads\/2025\/10\/E-WEB-Goal-10-copy-768x768.png 768w, https:\/\/festival262.com\/wp-content\/uploads\/2025\/10\/E-WEB-Goal-10-copy-1320x1320.png 1320w, https:\/\/festival262.com\/wp-content\/uploads\/2025\/10\/E-WEB-Goal-10-copy-600x600.png 600w, https:\/\/festival262.com\/wp-content\/uploads\/2025\/10\/E-WEB-Goal-10-copy-100x100.png 100w, https:\/\/festival262.com\/wp-content\/uploads\/2025\/10\/E-WEB-Goal-10-copy.png 1500w\" sizes=\"(max-width: 1024px) 100vw, 1024px\" \/>\t\t\t\t\t\t\t\t\t\t\t\t\t\t\t<\/div>\n\t\t\t\t<\/div>\n\t\t\t\t\t<\/div>\n\t\t<\/div>\n\t\t\t\t<div class=\"elementor-column elementor-col-16 elementor-top-column elementor-element elementor-element-a691657\" data-id=\"a691657\" data-element_type=\"column\" data-e-type=\"column\">\n\t\t\t<div class=\"elementor-widget-wrap elementor-element-populated\">\n\t\t\t\t\t\t<div class=\"elementor-element elementor-element-4866eb8 elementor-widget elementor-widget-image\" data-id=\"4866eb8\" data-element_type=\"widget\" data-e-type=\"widget\" data-widget_type=\"image.default\">\n\t\t\t\t<div class=\"elementor-widget-container\">\n\t\t\t\t\t\t\t\t\t\t\t\t\t\t\t<img loading=\"lazy\" decoding=\"async\" width=\"1024\" height=\"1024\" src=\"https:\/\/festival262.com\/wp-content\/uploads\/2025\/10\/E-WEB-Goal-12-copy-1024x1024.png\" class=\"attachment-large size-large wp-image-4621\" alt=\"\" srcset=\"https:\/\/festival262.com\/wp-content\/uploads\/2025\/10\/E-WEB-Goal-12-copy-1024x1024.png 1024w, https:\/\/festival262.com\/wp-content\/uploads\/2025\/10\/E-WEB-Goal-12-copy-300x300.png 300w, https:\/\/festival262.com\/wp-content\/uploads\/2025\/10\/E-WEB-Goal-12-copy-150x150.png 150w, https:\/\/festival262.com\/wp-content\/uploads\/2025\/10\/E-WEB-Goal-12-copy-768x768.png 768w, https:\/\/festival262.com\/wp-content\/uploads\/2025\/10\/E-WEB-Goal-12-copy-1320x1320.png 1320w, https:\/\/festival262.com\/wp-content\/uploads\/2025\/10\/E-WEB-Goal-12-copy-600x600.png 600w, https:\/\/festival262.com\/wp-content\/uploads\/2025\/10\/E-WEB-Goal-12-copy-100x100.png 100w, https:\/\/festival262.com\/wp-content\/uploads\/2025\/10\/E-WEB-Goal-12-copy.png 1500w\" sizes=\"(max-width: 1024px) 100vw, 1024px\" \/>\t\t\t\t\t\t\t\t\t\t\t\t\t\t\t<\/div>\n\t\t\t\t<\/div>\n\t\t\t\t\t<\/div>\n\t\t<\/div>\n\t\t\t\t<div class=\"elementor-column elementor-col-16 elementor-top-column elementor-element elementor-element-7339e67\" data-id=\"7339e67\" data-element_type=\"column\" data-e-type=\"column\">\n\t\t\t<div class=\"elementor-widget-wrap elementor-element-populated\">\n\t\t\t\t\t\t<div class=\"elementor-element elementor-element-fc2a107 elementor-widget elementor-widget-image\" data-id=\"fc2a107\" data-element_type=\"widget\" data-e-type=\"widget\" data-widget_type=\"image.default\">\n\t\t\t\t<div class=\"elementor-widget-container\">\n\t\t\t\t\t\t\t\t\t\t\t\t\t\t\t<img loading=\"lazy\" decoding=\"async\" width=\"1024\" height=\"1024\" src=\"https:\/\/festival262.com\/wp-content\/uploads\/2025\/10\/E-WEB-Goal-13-copy-1024x1024.png\" class=\"attachment-large size-large wp-image-4622\" alt=\"\" srcset=\"https:\/\/festival262.com\/wp-content\/uploads\/2025\/10\/E-WEB-Goal-13-copy-1024x1024.png 1024w, https:\/\/festival262.com\/wp-content\/uploads\/2025\/10\/E-WEB-Goal-13-copy-300x300.png 300w, https:\/\/festival262.com\/wp-content\/uploads\/2025\/10\/E-WEB-Goal-13-copy-150x150.png 150w, https:\/\/festival262.com\/wp-content\/uploads\/2025\/10\/E-WEB-Goal-13-copy-768x768.png 768w, https:\/\/festival262.com\/wp-content\/uploads\/2025\/10\/E-WEB-Goal-13-copy-1320x1320.png 1320w, https:\/\/festival262.com\/wp-content\/uploads\/2025\/10\/E-WEB-Goal-13-copy-600x600.png 600w, https:\/\/festival262.com\/wp-content\/uploads\/2025\/10\/E-WEB-Goal-13-copy-100x100.png 100w, https:\/\/festival262.com\/wp-content\/uploads\/2025\/10\/E-WEB-Goal-13-copy.png 1500w\" sizes=\"(max-width: 1024px) 100vw, 1024px\" \/>\t\t\t\t\t\t\t\t\t\t\t\t\t\t\t<\/div>\n\t\t\t\t<\/div>\n\t\t\t\t\t<\/div>\n\t\t<\/div>\n\t\t\t\t<div class=\"elementor-column elementor-col-16 elementor-top-column elementor-element elementor-element-8e4aee4\" data-id=\"8e4aee4\" data-element_type=\"column\" data-e-type=\"column\">\n\t\t\t<div class=\"elementor-widget-wrap elementor-element-populated\">\n\t\t\t\t\t\t<div class=\"elementor-element elementor-element-c5c0fc5 elementor-widget elementor-widget-image\" data-id=\"c5c0fc5\" data-element_type=\"widget\" data-e-type=\"widget\" data-widget_type=\"image.default\">\n\t\t\t\t<div class=\"elementor-widget-container\">\n\t\t\t\t\t\t\t\t\t\t\t\t\t\t\t<img loading=\"lazy\" decoding=\"async\" width=\"1024\" height=\"1024\" src=\"https:\/\/festival262.com\/wp-content\/uploads\/2025\/12\/E-WEB-Goal-14-1024x1024.png\" class=\"attachment-large size-large wp-image-5225\" alt=\"\" srcset=\"https:\/\/festival262.com\/wp-content\/uploads\/2025\/12\/E-WEB-Goal-14-1024x1024.png 1024w, https:\/\/festival262.com\/wp-content\/uploads\/2025\/12\/E-WEB-Goal-14-300x300.png 300w, https:\/\/festival262.com\/wp-content\/uploads\/2025\/12\/E-WEB-Goal-14-150x150.png 150w, https:\/\/festival262.com\/wp-content\/uploads\/2025\/12\/E-WEB-Goal-14-768x768.png 768w, https:\/\/festival262.com\/wp-content\/uploads\/2025\/12\/E-WEB-Goal-14-1320x1320.png 1320w, https:\/\/festival262.com\/wp-content\/uploads\/2025\/12\/E-WEB-Goal-14-600x600.png 600w, https:\/\/festival262.com\/wp-content\/uploads\/2025\/12\/E-WEB-Goal-14-100x100.png 100w, https:\/\/festival262.com\/wp-content\/uploads\/2025\/12\/E-WEB-Goal-14.png 1500w\" sizes=\"(max-width: 1024px) 100vw, 1024px\" \/>\t\t\t\t\t\t\t\t\t\t\t\t\t\t\t<\/div>\n\t\t\t\t<\/div>\n\t\t\t\t\t<\/div>\n\t\t<\/div>\n\t\t\t\t\t<\/div>\n\t\t<\/section>\n\t\t\t\t<section class=\"elementor-section elementor-top-section elementor-element elementor-element-e1b34c5 elementor-section-boxed elementor-section-height-default elementor-section-height-default\" data-id=\"e1b34c5\" data-element_type=\"section\" data-e-type=\"section\">\n\t\t\t\t\t\t<div class=\"elementor-container elementor-column-gap-default\">\n\t\t\t\t\t<div class=\"elementor-column elementor-col-50 elementor-top-column elementor-element elementor-element-9fa38e4\" data-id=\"9fa38e4\" data-element_type=\"column\" data-e-type=\"column\">\n\t\t\t<div class=\"elementor-widget-wrap elementor-element-populated\">\n\t\t\t\t\t\t<div class=\"elementor-element elementor-element-5871ca9 elementor-widget elementor-widget-image\" data-id=\"5871ca9\" data-element_type=\"widget\" data-e-type=\"widget\" data-widget_type=\"image.default\">\n\t\t\t\t<div class=\"elementor-widget-container\">\n\t\t\t\t\t\t\t\t\t\t\t\t\t\t\t<img loading=\"lazy\" decoding=\"async\" width=\"1024\" height=\"1024\" src=\"https:\/\/festival262.com\/wp-content\/uploads\/2025\/12\/E-WEB-Goal-15-1024x1024.png\" class=\"attachment-large size-large wp-image-5226\" alt=\"\" srcset=\"https:\/\/festival262.com\/wp-content\/uploads\/2025\/12\/E-WEB-Goal-15-1024x1024.png 1024w, https:\/\/festival262.com\/wp-content\/uploads\/2025\/12\/E-WEB-Goal-15-300x300.png 300w, https:\/\/festival262.com\/wp-content\/uploads\/2025\/12\/E-WEB-Goal-15-150x150.png 150w, https:\/\/festival262.com\/wp-content\/uploads\/2025\/12\/E-WEB-Goal-15-768x768.png 768w, https:\/\/festival262.com\/wp-content\/uploads\/2025\/12\/E-WEB-Goal-15-1320x1320.png 1320w, https:\/\/festival262.com\/wp-content\/uploads\/2025\/12\/E-WEB-Goal-15-600x600.png 600w, https:\/\/festival262.com\/wp-content\/uploads\/2025\/12\/E-WEB-Goal-15-100x100.png 100w, https:\/\/festival262.com\/wp-content\/uploads\/2025\/12\/E-WEB-Goal-15.png 1500w\" sizes=\"(max-width: 1024px) 100vw, 1024px\" \/>\t\t\t\t\t\t\t\t\t\t\t\t\t\t\t<\/div>\n\t\t\t\t<\/div>\n\t\t\t\t\t<\/div>\n\t\t<\/div>\n\t\t\t\t<div class=\"elementor-column elementor-col-50 elementor-top-column elementor-element elementor-element-0596906\" data-id=\"0596906\" data-element_type=\"column\" data-e-type=\"column\">\n\t\t\t<div class=\"elementor-widget-wrap elementor-element-populated\">\n\t\t\t\t\t\t<div class=\"elementor-element elementor-element-d0087c2 elementor-widget elementor-widget-image\" data-id=\"d0087c2\" data-element_type=\"widget\" data-e-type=\"widget\" data-widget_type=\"image.default\">\n\t\t\t\t<div class=\"elementor-widget-container\">\n\t\t\t\t\t\t\t\t\t\t\t\t\t\t\t<img loading=\"lazy\" decoding=\"async\" width=\"1024\" height=\"1024\" src=\"https:\/\/festival262.com\/wp-content\/uploads\/2025\/12\/E-WEB-Goal-17-1024x1024.png\" class=\"attachment-large size-large wp-image-5228\" alt=\"\" srcset=\"https:\/\/festival262.com\/wp-content\/uploads\/2025\/12\/E-WEB-Goal-17-1024x1024.png 1024w, https:\/\/festival262.com\/wp-content\/uploads\/2025\/12\/E-WEB-Goal-17-300x300.png 300w, https:\/\/festival262.com\/wp-content\/uploads\/2025\/12\/E-WEB-Goal-17-150x150.png 150w, https:\/\/festival262.com\/wp-content\/uploads\/2025\/12\/E-WEB-Goal-17-768x768.png 768w, https:\/\/festival262.com\/wp-content\/uploads\/2025\/12\/E-WEB-Goal-17-1320x1320.png 1320w, https:\/\/festival262.com\/wp-content\/uploads\/2025\/12\/E-WEB-Goal-17-600x600.png 600w, https:\/\/festival262.com\/wp-content\/uploads\/2025\/12\/E-WEB-Goal-17-100x100.png 100w, https:\/\/festival262.com\/wp-content\/uploads\/2025\/12\/E-WEB-Goal-17.png 1500w\" sizes=\"(max-width: 1024px) 100vw, 1024px\" \/>\t\t\t\t\t\t\t\t\t\t\t\t\t\t\t<\/div>\n\t\t\t\t<\/div>\n\t\t\t\t\t<\/div>\n\t\t<\/div>\n\t\t\t\t\t<\/div>\n\t\t<\/section>\n\t\t\t\t<section class=\"elementor-section elementor-top-section elementor-element elementor-element-1085d62 elementor-section-boxed elementor-section-height-default elementor-section-height-default\" data-id=\"1085d62\" data-element_type=\"section\" data-e-type=\"section\">\n\t\t\t\t\t\t<div class=\"elementor-container elementor-column-gap-default\">\n\t\t\t\t\t<div class=\"elementor-column elementor-col-100 elementor-top-column elementor-element elementor-element-cde6ed7\" data-id=\"cde6ed7\" data-element_type=\"column\" data-e-type=\"column\">\n\t\t\t<div class=\"elementor-widget-wrap elementor-element-populated\">\n\t\t\t\t\t\t<div class=\"elementor-element elementor-element-2c5ce6a elementor-widget elementor-widget-spacer\" data-id=\"2c5ce6a\" data-element_type=\"widget\" data-e-type=\"widget\" data-widget_type=\"spacer.default\">\n\t\t\t\t<div class=\"elementor-widget-container\">\n\t\t\t\t\t\t\t<div class=\"elementor-spacer\">\n\t\t\t<div class=\"elementor-spacer-inner\"><\/div>\n\t\t<\/div>\n\t\t\t\t\t\t<\/div>\n\t\t\t\t<\/div>\n\t\t\t\t\t<\/div>\n\t\t<\/div>\n\t\t\t\t\t<\/div>\n\t\t<\/section>\n\t\t\t\t<section class=\"elementor-section elementor-top-section elementor-element elementor-element-339997c elementor-section-boxed elementor-section-height-default elementor-section-height-default\" data-id=\"339997c\" data-element_type=\"section\" data-e-type=\"section\">\n\t\t\t\t\t\t<div class=\"elementor-container elementor-column-gap-default\">\n\t\t\t\t\t<div class=\"elementor-column elementor-col-50 elementor-top-column elementor-element elementor-element-2e80804\" data-id=\"2e80804\" data-element_type=\"column\" data-e-type=\"column\">\n\t\t\t<div class=\"elementor-widget-wrap elementor-element-populated\">\n\t\t\t\t\t\t<div class=\"elementor-element elementor-element-57b0572 elementor-widget elementor-widget-heading\" data-id=\"57b0572\" data-element_type=\"widget\" data-e-type=\"widget\" data-widget_type=\"heading.default\">\n\t\t\t\t<div class=\"elementor-widget-container\">\n\t\t\t\t\t<h4 class=\"elementor-heading-title elementor-size-default\">Shaping Shores  \n<\/h4>\t\t\t\t<\/div>\n\t\t\t\t<\/div>\n\t\t\t\t<div class=\"elementor-element elementor-element-6554442 elementor-widget elementor-widget-text-editor\" data-id=\"6554442\" data-element_type=\"widget\" data-e-type=\"widget\" data-widget_type=\"text-editor.default\">\n\t\t\t\t<div class=\"elementor-widget-container\">\n\t\t\t\t\t\t\t\t\t<p data-start=\"3392\" data-end=\"3724\">A primeira edi\u00e7\u00e3o bienal da<strong> F\/262 (2026)<\/strong> toma a \u00e1gua como sua met\u00e1fora orientadora \u2014 um s\u00edmbolo de transforma\u00e7\u00e3o, resili\u00eancia e interliga\u00e7\u00e3o.<br data-start=\"3533\" data-end=\"3536\" \/>Este tema refor\u00e7a a liga\u00e7\u00e3o entre <strong data-start=\"3576\" data-end=\"3595\">arte e ecologia<\/strong>, convidando o p\u00fablico a refletir sobre a forma como o ambiente, a identidade e a cultura fluem em conjunto na configura\u00e7\u00e3o do nosso futuro coletivo.<\/p>\t\t\t\t\t\t\t\t<\/div>\n\t\t\t\t<\/div>\n\t\t\t\t\t<\/div>\n\t\t<\/div>\n\t\t\t\t<div class=\"elementor-column elementor-col-50 elementor-top-column elementor-element elementor-element-ff4d5c6\" data-id=\"ff4d5c6\" data-element_type=\"column\" data-e-type=\"column\">\n\t\t\t<div class=\"elementor-widget-wrap elementor-element-populated\">\n\t\t\t\t\t\t<div class=\"elementor-element elementor-element-272d992 elementor-widget elementor-widget-image\" data-id=\"272d992\" data-element_type=\"widget\" data-e-type=\"widget\" data-widget_type=\"image.default\">\n\t\t\t\t<div class=\"elementor-widget-container\">\n\t\t\t\t\t\t\t\t\t\t\t\t\t\t\t<img loading=\"lazy\" decoding=\"async\" width=\"1024\" height=\"683\" src=\"https:\/\/festival262.com\/wp-content\/uploads\/2025\/09\/joaocarlos_ecoesofsilence17-1024x683.jpg\" class=\"attachment-large size-large wp-image-4217\" alt=\"\" srcset=\"https:\/\/festival262.com\/wp-content\/uploads\/2025\/09\/joaocarlos_ecoesofsilence17-1024x683.jpg 1024w, https:\/\/festival262.com\/wp-content\/uploads\/2025\/09\/joaocarlos_ecoesofsilence17-300x200.jpg 300w, https:\/\/festival262.com\/wp-content\/uploads\/2025\/09\/joaocarlos_ecoesofsilence17-768x512.jpg 768w, https:\/\/festival262.com\/wp-content\/uploads\/2025\/09\/joaocarlos_ecoesofsilence17-1536x1024.jpg 1536w, https:\/\/festival262.com\/wp-content\/uploads\/2025\/09\/joaocarlos_ecoesofsilence17-2048x1365.jpg 2048w, https:\/\/festival262.com\/wp-content\/uploads\/2025\/09\/joaocarlos_ecoesofsilence17-1320x880.jpg 1320w, https:\/\/festival262.com\/wp-content\/uploads\/2025\/09\/joaocarlos_ecoesofsilence17-600x400.jpg 600w\" sizes=\"(max-width: 1024px) 100vw, 1024px\" \/>\t\t\t\t\t\t\t\t\t\t\t\t\t\t\t<\/div>\n\t\t\t\t<\/div>\n\t\t\t\t\t<\/div>\n\t\t<\/div>\n\t\t\t\t\t<\/div>\n\t\t<\/section>\n\t\t\t\t<section class=\"elementor-section elementor-top-section elementor-element elementor-element-055b06e elementor-section-boxed elementor-section-height-default elementor-section-height-default\" data-id=\"055b06e\" data-element_type=\"section\" data-e-type=\"section\">\n\t\t\t\t\t\t<div class=\"elementor-container elementor-column-gap-default\">\n\t\t\t\t\t<div class=\"elementor-column elementor-col-100 elementor-top-column elementor-element elementor-element-7004329\" data-id=\"7004329\" data-element_type=\"column\" data-e-type=\"column\">\n\t\t\t<div class=\"elementor-widget-wrap elementor-element-populated\">\n\t\t\t\t\t\t<div class=\"elementor-element elementor-element-b9d23f5 elementor-widget elementor-widget-heading\" data-id=\"b9d23f5\" data-element_type=\"widget\" data-e-type=\"widget\" data-widget_type=\"heading.default\">\n\t\t\t\t<div class=\"elementor-widget-container\">\n\t\t\t\t\t<h4 class=\"elementor-heading-title elementor-size-default\">\ud83e\udd1d Sustentabilidade Social e Acessibilidade<\/h4>\t\t\t\t<\/div>\n\t\t\t\t<\/div>\n\t\t\t\t<div class=\"elementor-element elementor-element-ca86137 elementor-widget elementor-widget-spacer\" data-id=\"ca86137\" data-element_type=\"widget\" data-e-type=\"widget\" data-widget_type=\"spacer.default\">\n\t\t\t\t<div class=\"elementor-widget-container\">\n\t\t\t\t\t\t\t<div class=\"elementor-spacer\">\n\t\t\t<div class=\"elementor-spacer-inner\"><\/div>\n\t\t<\/div>\n\t\t\t\t\t\t<\/div>\n\t\t\t\t<\/div>\n\t\t\t\t<div class=\"elementor-element elementor-element-dd45cb1 elementor-widget elementor-widget-text-editor\" data-id=\"dd45cb1\" data-element_type=\"widget\" data-e-type=\"widget\" data-widget_type=\"text-editor.default\">\n\t\t\t\t<div class=\"elementor-widget-container\">\n\t\t\t\t\t\t\t\t\t<p data-start=\"2786\" data-end=\"2941\">Acreditamos que a sustentabilidade come\u00e7a com as pessoas.<br data-start=\"2836\" data-end=\"2839\" \/>O F\/262 garante que todas as atividades sejam <strong data-start=\"2876\" data-end=\"2927\">inclusivas, acess\u00edveis e socialmente respons\u00e1veis<\/strong>, com:<\/p><ul data-start=\"2942\" data-end=\"3337\"><li data-start=\"2942\" data-end=\"3043\"><p data-start=\"2944\" data-end=\"3043\">Acontecimentos interpretados em <strong data-start=\"2966\" data-end=\"2994\">L\u00edngua gestual portuguesa<\/strong>, <strong data-start=\"2996\" data-end=\"3013\">legendas abertas<\/strong>, e <strong data-start=\"3019\" data-end=\"3040\">audiodescri\u00e7\u00e3o<\/strong>.<\/p><\/li><li data-start=\"3044\" data-end=\"3100\"><p data-start=\"3046\" data-end=\"3100\"><strong data-start=\"3046\" data-end=\"3072\">Materiais f\u00e1ceis de ler<\/strong> e bilh\u00e9tica acess\u00edvel.<\/p><\/li><li data-start=\"3101\" data-end=\"3159\"><p data-start=\"3103\" data-end=\"3159\">Programas educativos para p\u00fablicos com necessidades especiais.<\/p><\/li><li data-start=\"3160\" data-end=\"3259\"><p data-start=\"3162\" data-end=\"3259\">O <em data-start=\"3166\" data-end=\"3197\">F\/SOS \u2013 Fotografia, Solidariedade e Obras Sociais<\/em> apoia artistas e iniciativas centradas na comunidade.<\/p><\/li><li data-start=\"3260\" data-end=\"3337\"><p data-start=\"3262\" data-end=\"3337\">Uma forte pol\u00edtica de igualdade e representa\u00e7\u00e3o em toda a organiza\u00e7\u00e3o.<\/p><\/li><\/ul>\t\t\t\t\t\t\t\t<\/div>\n\t\t\t\t<\/div>\n\t\t\t\t\t<\/div>\n\t\t<\/div>\n\t\t\t\t\t<\/div>\n\t\t<\/section>\n\t\t\t\t<section class=\"elementor-section elementor-top-section elementor-element elementor-element-b8009bd elementor-section-boxed elementor-section-height-default elementor-section-height-default\" data-id=\"b8009bd\" data-element_type=\"section\" data-e-type=\"section\">\n\t\t\t\t\t\t<div class=\"elementor-container elementor-column-gap-wider\">\n\t\t\t\t\t<div class=\"elementor-column elementor-col-50 elementor-top-column elementor-element elementor-element-bfce5f7\" data-id=\"bfce5f7\" data-element_type=\"column\" data-e-type=\"column\">\n\t\t\t<div class=\"elementor-widget-wrap elementor-element-populated\">\n\t\t\t\t\t\t<div class=\"elementor-element elementor-element-e9ed4a8 elementor-widget elementor-widget-heading\" data-id=\"e9ed4a8\" data-element_type=\"widget\" data-e-type=\"widget\" data-widget_type=\"heading.default\">\n\t\t\t\t<div class=\"elementor-widget-container\">\n\t\t\t\t\t<h4 class=\"elementor-heading-title elementor-size-default\">Transpar\u00eancia e objetivos futuros<\/h4>\t\t\t\t<\/div>\n\t\t\t\t<\/div>\n\t\t\t\t<div class=\"elementor-element elementor-element-1372ede elementor-widget elementor-widget-spacer\" data-id=\"1372ede\" data-element_type=\"widget\" data-e-type=\"widget\" data-widget_type=\"spacer.default\">\n\t\t\t\t<div class=\"elementor-widget-container\">\n\t\t\t\t\t\t\t<div class=\"elementor-spacer\">\n\t\t\t<div class=\"elementor-spacer-inner\"><\/div>\n\t\t<\/div>\n\t\t\t\t\t\t<\/div>\n\t\t\t\t<\/div>\n\t\t\t\t<div class=\"elementor-element elementor-element-56258f9 elementor-widget elementor-widget-text-editor\" data-id=\"56258f9\" data-element_type=\"widget\" data-e-type=\"widget\" data-widget_type=\"text-editor.default\">\n\t\t\t\t<div class=\"elementor-widget-container\">\n\t\t\t\t\t\t\t\t\t<p data-start=\"4199\" data-end=\"4440\">A sustentabilidade n\u00e3o \u00e9 um destino \u2014 \u00e9 um processo cont\u00ednuo.<br data-start=\"4263\" data-end=\"4266\" \/>Todos os anos, o F\/262 publicar\u00e1 um <strong data-start=\"4298\" data-end=\"4323\">Relat\u00f3rio de sustentabilidade<\/strong> com indicadores ambientais, sociais e educativos fundamentais, partilhando os nossos progressos, desafios e ensinamentos retirados.<\/p><blockquote data-start=\"4442\" data-end=\"4523\"><p data-start=\"4444\" data-end=\"4523\"><em data-start=\"4444\" data-end=\"4523\">Cuidar do planeta \u00e9 cuidar da arte. Cuidar da arte \u00e9 cuidar das pessoas.<\/em><\/p><\/blockquote>\t\t\t\t\t\t\t\t<\/div>\n\t\t\t\t<\/div>\n\t\t\t\t\t<\/div>\n\t\t<\/div>\n\t\t\t\t<div class=\"elementor-column elementor-col-50 elementor-top-column elementor-element elementor-element-b031add\" data-id=\"b031add\" data-element_type=\"column\" data-e-type=\"column\">\n\t\t\t<div class=\"elementor-widget-wrap elementor-element-populated\">\n\t\t\t\t\t\t<div class=\"elementor-element elementor-element-7679b8e elementor-widget elementor-widget-heading\" data-id=\"7679b8e\" data-element_type=\"widget\" data-e-type=\"widget\" data-widget_type=\"heading.default\">\n\t\t\t\t<div class=\"elementor-widget-container\">\n\t\t\t\t\t<h4 class=\"elementor-heading-title elementor-size-default\">Recursos e Refer\u00eancias<\/h4>\t\t\t\t<\/div>\n\t\t\t\t<\/div>\n\t\t\t\t<div class=\"elementor-element elementor-element-44912ea elementor-widget elementor-widget-spacer\" data-id=\"44912ea\" data-element_type=\"widget\" data-e-type=\"widget\" data-widget_type=\"spacer.default\">\n\t\t\t\t<div class=\"elementor-widget-container\">\n\t\t\t\t\t\t\t<div class=\"elementor-spacer\">\n\t\t\t<div class=\"elementor-spacer-inner\"><\/div>\n\t\t<\/div>\n\t\t\t\t\t\t<\/div>\n\t\t\t\t<\/div>\n\t\t\t\t<div class=\"elementor-element elementor-element-149ab3b elementor-widget elementor-widget-text-editor\" data-id=\"149ab3b\" data-element_type=\"widget\" data-e-type=\"widget\" data-widget_type=\"text-editor.default\">\n\t\t\t\t<div class=\"elementor-widget-container\">\n\t\t\t\t\t\t\t\t\t<p><a class=\"decorated-link\" href=\"https:\/\/ods.pt\" target=\"_blank\" rel=\"noopener\" data-start=\"4568\" data-end=\"4630\">Objetivos de Desenvolvimento Sustent\u00e1vel \u2013 ODS Portugal<\/a><\/p><p><a class=\"decorated-link cursor-pointer\" target=\"_new\" rel=\"noopener\" data-start=\"4635\" data-end=\"4699\">Gallery Climate Coalition<\/a><\/p><p><a class=\"decorated-link\" href=\"https:\/\/www.unesco.org\/en\/culture-sustainable-development\" target=\"_new\" rel=\"noopener\" data-start=\"4704\" data-end=\"4809\">UNESCO \u2013 Cultura e Desenvolvimento Sustent\u00e1vel<\/a><\/p>\t\t\t\t\t\t\t\t<\/div>\n\t\t\t\t<\/div>\n\t\t\t\t\t<\/div>\n\t\t<\/div>\n\t\t\t\t\t<\/div>\n\t\t<\/section>\n\t\t\t\t<section class=\"elementor-section elementor-top-section elementor-element elementor-element-56cc7e7 elementor-section-boxed elementor-section-height-default elementor-section-height-default\" data-id=\"56cc7e7\" data-element_type=\"section\" data-e-type=\"section\">\n\t\t\t\t\t\t<div class=\"elementor-container elementor-column-gap-default\">\n\t\t\t\t\t<div class=\"elementor-column elementor-col-100 elementor-top-column elementor-element elementor-element-057cf9d\" data-id=\"057cf9d\" data-element_type=\"column\" data-e-type=\"column\">\n\t\t\t<div class=\"elementor-widget-wrap elementor-element-populated\">\n\t\t\t\t\t\t<div class=\"elementor-element elementor-element-fbec370 elementor-widget elementor-widget-heading\" data-id=\"fbec370\" data-element_type=\"widget\" data-e-type=\"widget\" data-widget_type=\"heading.default\">\n\t\t\t\t<div class=\"elementor-widget-container\">\n\t\t\t\t\t<h4 class=\"elementor-heading-title elementor-size-default\">Envolva-se<\/h4>\t\t\t\t<\/div>\n\t\t\t\t<\/div>\n\t\t\t\t<div class=\"elementor-element elementor-element-c3234f7 elementor-widget elementor-widget-spacer\" data-id=\"c3234f7\" data-element_type=\"widget\" data-e-type=\"widget\" data-widget_type=\"spacer.default\">\n\t\t\t\t<div class=\"elementor-widget-container\">\n\t\t\t\t\t\t\t<div class=\"elementor-spacer\">\n\t\t\t<div class=\"elementor-spacer-inner\"><\/div>\n\t\t<\/div>\n\t\t\t\t\t\t<\/div>\n\t\t\t\t<\/div>\n\t\t\t\t<div class=\"elementor-element elementor-element-ba92758 elementor-widget elementor-widget-text-editor\" data-id=\"ba92758\" data-element_type=\"widget\" data-e-type=\"widget\" data-widget_type=\"text-editor.default\">\n\t\t\t\t<div class=\"elementor-widget-container\">\n\t\t\t\t\t\t\t\t\t<p data-start=\"1994\" data-end=\"2218\">A sustentabilidade \u00e9 um esfor\u00e7o coletivo.<\/p><p data-start=\"1994\" data-end=\"2218\">Convidamos artistas, volunt\u00e1rios e comunidades locais a juntarem-se \u00e0s nossas iniciativas ambientais e educativas \u2014 desde programas de reciclagem de exposi\u00e7\u00f5es a colabora\u00e7\u00f5es de limpeza costeira.<\/p><p data-start=\"2225\" data-end=\"2356\"><em data-start=\"2228\" data-end=\"2356\">Se a sua organiza\u00e7\u00e3o partilha os nossos valores, contacte-nos em <a href=\"mailto:sustainability@festival262.com\">sustainability@festival262.com<\/a><\/em><\/p>\t\t\t\t\t\t\t\t<\/div>\n\t\t\t\t<\/div>\n\t\t\t\t\t<\/div>\n\t\t<\/div>\n\t\t\t\t\t<\/div>\n\t\t<\/section>\n\t\t\t\t<section class=\"elementor-section elementor-top-section elementor-element elementor-element-4a65ad4 elementor-section-boxed elementor-section-height-default elementor-section-height-default\" data-id=\"4a65ad4\" data-element_type=\"section\" data-e-type=\"section\">\n\t\t\t\t\t\t<div class=\"elementor-container elementor-column-gap-default\">\n\t\t\t\t\t<div class=\"elementor-column elementor-col-100 elementor-top-column elementor-element elementor-element-4bb3073\" data-id=\"4bb3073\" data-element_type=\"column\" data-e-type=\"column\">\n\t\t\t<div class=\"elementor-widget-wrap elementor-element-populated\">\n\t\t\t\t\t\t<div class=\"elementor-element elementor-element-fca0368 elementor-widget elementor-widget-shortcode\" data-id=\"fca0368\" data-element_type=\"widget\" data-e-type=\"widget\" data-widget_type=\"shortcode.default\">\n\t\t\t\t<div class=\"elementor-widget-container\">\n\t\t\t\t\t\t\t<div class=\"elementor-shortcode\">\t\t<div data-elementor-type=\"wp-post\" data-elementor-id=\"206\" class=\"elementor elementor-206\">\n\t\t\t\t\t\t<div class=\"elementor-section elementor-top-section elementor-element elementor-element-433e9d9 elementor-section-stretched footer-custom elementor-section-full_width elementor-section-height-default elementor-section-height-default\" data-id=\"433e9d9\" data-element_type=\"section\" data-e-type=\"section\" data-settings=\"{&quot;stretch_section&quot;:&quot;section-stretched&quot;,&quot;background_background&quot;:&quot;classic&quot;}\">\n\t\t\t\t\t\t<div class=\"elementor-container elementor-column-gap-no\">\n\t\t\t\t\t<div class=\"elementor-column elementor-col-100 elementor-top-column elementor-element elementor-element-4386f5f\" data-id=\"4386f5f\" data-element_type=\"column\" data-e-type=\"column\">\n\t\t\t<div class=\"elementor-widget-wrap elementor-element-populated\">\n\t\t\t\t\t\t<div class=\"elementor-section elementor-inner-section elementor-element elementor-element-ab81258 elementor-section-boxed elementor-section-height-default elementor-section-height-default\" data-id=\"ab81258\" data-element_type=\"section\" data-e-type=\"section\">\n\t\t\t\t\t\t<div class=\"elementor-container elementor-column-gap-wider\">\n\t\t\t\t\t<div class=\"elementor-column elementor-col-33 elementor-inner-column elementor-element elementor-element-abe660f\" data-id=\"abe660f\" data-element_type=\"column\" data-e-type=\"column\">\n\t\t\t<div class=\"elementor-widget-wrap elementor-element-populated\">\n\t\t\t\t\t\t<div class=\"elementor-element elementor-element-fdb18bb invert elementor-widget elementor-widget-heading\" data-id=\"fdb18bb\" data-element_type=\"widget\" data-e-type=\"widget\" data-widget_type=\"heading.default\">\n\t\t\t\t<div class=\"elementor-widget-container\">\n\t\t\t\t\t<h5 class=\"elementor-heading-title elementor-size-default\">Produzido por F\/262 &amp; Associa\u00e7\u00e3o F\/SOS<\/h5>\t\t\t\t<\/div>\n\t\t\t\t<\/div>\n\t\t\t\t<div class=\"elementor-element elementor-element-cd7b3b4 elementor-widget elementor-widget-spacer\" data-id=\"cd7b3b4\" data-element_type=\"widget\" data-e-type=\"widget\" data-widget_type=\"spacer.default\">\n\t\t\t\t<div class=\"elementor-widget-container\">\n\t\t\t\t\t\t\t<div class=\"elementor-spacer\">\n\t\t\t<div class=\"elementor-spacer-inner\"><\/div>\n\t\t<\/div>\n\t\t\t\t\t\t<\/div>\n\t\t\t\t<\/div>\n\t\t\t\t<div class=\"elementor-element elementor-element-a61036d elementor-widget elementor-widget-image\" data-id=\"a61036d\" data-element_type=\"widget\" data-e-type=\"widget\" data-widget_type=\"image.default\">\n\t\t\t\t<div class=\"elementor-widget-container\">\n\t\t\t\t\t\t\t\t\t\t\t\t\t\t\t\t<a href=\"https:\/\/festival262.com\/pt\/\">\n\t\t\t\t\t\t\t<img loading=\"lazy\" decoding=\"async\" width=\"1532\" height=\"436\" src=\"https:\/\/festival262.com\/wp-content\/uploads\/2019\/10\/F262-LOGO-COMPOSTO-COM-EFFE-WHITE-PT.svg\" class=\"attachment-full size-full wp-image-7626\" alt=\"\" \/>\t\t\t\t\t\t\t\t<\/a>\n\t\t\t\t\t\t\t\t\t\t\t\t\t\t\t<\/div>\n\t\t\t\t<\/div>\n\t\t\t\t<div class=\"elementor-element elementor-element-ec74c02 elementor-widget elementor-widget-spacer\" data-id=\"ec74c02\" data-element_type=\"widget\" data-e-type=\"widget\" data-widget_type=\"spacer.default\">\n\t\t\t\t<div class=\"elementor-widget-container\">\n\t\t\t\t\t\t\t<div class=\"elementor-spacer\">\n\t\t\t<div class=\"elementor-spacer-inner\"><\/div>\n\t\t<\/div>\n\t\t\t\t\t\t<\/div>\n\t\t\t\t<\/div>\n\t\t\t\t<div class=\"elementor-element elementor-element-155e5e2 elementor-widget elementor-widget-image\" data-id=\"155e5e2\" data-element_type=\"widget\" data-e-type=\"widget\" data-widget_type=\"image.default\">\n\t\t\t\t<div class=\"elementor-widget-container\">\n\t\t\t\t\t\t\t\t\t\t\t\t\t\t\t\t<a href=\"https:\/\/www.f-sos.org\" target=\"_blank\">\n\t\t\t\t\t\t\t<img loading=\"lazy\" decoding=\"async\" width=\"2560\" height=\"567\" src=\"https:\/\/festival262.com\/wp-content\/uploads\/2019\/10\/associacao-white-copy-scaled.png\" class=\"attachment-full size-full wp-image-5659\" alt=\"\" srcset=\"https:\/\/festival262.com\/wp-content\/uploads\/2019\/10\/associacao-white-copy-scaled.png 2560w, https:\/\/festival262.com\/wp-content\/uploads\/2019\/10\/associacao-white-copy-300x66.png 300w, https:\/\/festival262.com\/wp-content\/uploads\/2019\/10\/associacao-white-copy-1024x227.png 1024w, https:\/\/festival262.com\/wp-content\/uploads\/2019\/10\/associacao-white-copy-768x170.png 768w, https:\/\/festival262.com\/wp-content\/uploads\/2019\/10\/associacao-white-copy-1536x340.png 1536w, https:\/\/festival262.com\/wp-content\/uploads\/2019\/10\/associacao-white-copy-2048x453.png 2048w, https:\/\/festival262.com\/wp-content\/uploads\/2019\/10\/associacao-white-copy-1320x292.png 1320w, https:\/\/festival262.com\/wp-content\/uploads\/2019\/10\/associacao-white-copy-600x133.png 600w\" sizes=\"(max-width: 2560px) 100vw, 2560px\" \/>\t\t\t\t\t\t\t\t<\/a>\n\t\t\t\t\t\t\t\t\t\t\t\t\t\t\t<\/div>\n\t\t\t\t<\/div>\n\t\t\t\t<div class=\"elementor-element elementor-element-1c060c8 elementor-widget elementor-widget-image\" data-id=\"1c060c8\" data-element_type=\"widget\" data-e-type=\"widget\" data-widget_type=\"image.default\">\n\t\t\t\t<div class=\"elementor-widget-container\">\n\t\t\t\t\t\t\t\t\t\t\t\t\t\t\t\t<a href=\"https:\/\/www.websitecarbon.com\/website\/festival262-com\/\" target=\"_blank\">\n\t\t\t\t\t\t\t<img loading=\"lazy\" decoding=\"async\" width=\"728\" height=\"196\" src=\"https:\/\/festival262.com\/wp-content\/uploads\/2019\/10\/carbon-rating.png\" class=\"attachment-full size-full wp-image-5817\" alt=\"classifica\u00e7\u00e3o do carbono\" srcset=\"https:\/\/festival262.com\/wp-content\/uploads\/2019\/10\/carbon-rating.png 728w, https:\/\/festival262.com\/wp-content\/uploads\/2019\/10\/carbon-rating-300x81.png 300w, https:\/\/festival262.com\/wp-content\/uploads\/2019\/10\/carbon-rating-600x162.png 600w\" sizes=\"(max-width: 728px) 100vw, 728px\" \/>\t\t\t\t\t\t\t\t<\/a>\n\t\t\t\t\t\t\t\t\t\t\t\t\t\t\t<\/div>\n\t\t\t\t<\/div>\n\t\t\t\t\t<\/div>\n\t\t<\/div>\n\t\t\t\t<div class=\"elementor-column elementor-col-33 elementor-inner-column elementor-element elementor-element-af8a3fd\" data-id=\"af8a3fd\" data-element_type=\"column\" data-e-type=\"column\">\n\t\t\t<div class=\"elementor-widget-wrap elementor-element-populated\">\n\t\t\t\t\t\t<div class=\"elementor-element elementor-element-cbd4305 invert elementor-widget elementor-widget-heading\" data-id=\"cbd4305\" data-element_type=\"widget\" data-e-type=\"widget\" data-widget_type=\"heading.default\">\n\t\t\t\t<div class=\"elementor-widget-container\">\n\t\t\t\t\t<h5 class=\"elementor-heading-title elementor-size-default\">Com o apoio de:<\/h5>\t\t\t\t<\/div>\n\t\t\t\t<\/div>\n\t\t\t\t<div class=\"elementor-element elementor-element-6e61efe elementor-widget elementor-widget-spacer\" data-id=\"6e61efe\" data-element_type=\"widget\" data-e-type=\"widget\" data-widget_type=\"spacer.default\">\n\t\t\t\t<div class=\"elementor-widget-container\">\n\t\t\t\t\t\t\t<div class=\"elementor-spacer\">\n\t\t\t<div class=\"elementor-spacer-inner\"><\/div>\n\t\t<\/div>\n\t\t\t\t\t\t<\/div>\n\t\t\t\t<\/div>\n\t\t\t\t<div class=\"elementor-element elementor-element-8f9d706 elementor-widget elementor-widget-image\" data-id=\"8f9d706\" data-element_type=\"widget\" data-e-type=\"widget\" data-widget_type=\"image.default\">\n\t\t\t\t<div class=\"elementor-widget-container\">\n\t\t\t\t\t\t\t\t\t\t\t\t\t\t\t\t<a href=\"https:\/\/www.mcr.pt\" target=\"_blank\">\n\t\t\t\t\t\t\t<img loading=\"lazy\" decoding=\"async\" width=\"600\" height=\"363\" src=\"https:\/\/festival262.com\/wp-content\/uploads\/2019\/10\/cmcr.png.webp\" class=\"attachment-full size-full wp-image-5603\" alt=\"\" srcset=\"https:\/\/festival262.com\/wp-content\/uploads\/2019\/10\/cmcr.png.webp 600w, https:\/\/festival262.com\/wp-content\/uploads\/2019\/10\/cmcr.png-300x182.webp 300w\" sizes=\"(max-width: 600px) 100vw, 600px\" \/>\t\t\t\t\t\t\t\t<\/a>\n\t\t\t\t\t\t\t\t\t\t\t\t\t\t\t<\/div>\n\t\t\t\t<\/div>\n\t\t\t\t\t<\/div>\n\t\t<\/div>\n\t\t\t\t<div class=\"elementor-column elementor-col-33 elementor-inner-column elementor-element elementor-element-3840b6d\" data-id=\"3840b6d\" data-element_type=\"column\" data-e-type=\"column\">\n\t\t\t<div class=\"elementor-widget-wrap elementor-element-populated\">\n\t\t\t\t\t\t<div class=\"elementor-element elementor-element-c63d851 invert elementor-widget elementor-widget-heading\" data-id=\"c63d851\" data-element_type=\"widget\" data-e-type=\"widget\" data-widget_type=\"heading.default\">\n\t\t\t\t<div class=\"elementor-widget-container\">\n\t\t\t\t\t<h5 class=\"elementor-heading-title elementor-size-default\">Maio \u2013 setembro de 2026<br>\nCaldas da Rainha Portugal<\/h5>\t\t\t\t<\/div>\n\t\t\t\t<\/div>\n\t\t\t\t<div class=\"elementor-element elementor-element-3636f02 elementor-widget elementor-widget-spacer\" data-id=\"3636f02\" data-element_type=\"widget\" data-e-type=\"widget\" data-widget_type=\"spacer.default\">\n\t\t\t\t<div class=\"elementor-widget-container\">\n\t\t\t\t\t\t\t<div class=\"elementor-spacer\">\n\t\t\t<div class=\"elementor-spacer-inner\"><\/div>\n\t\t<\/div>\n\t\t\t\t\t\t<\/div>\n\t\t\t\t<\/div>\n\t\t\t\t<div class=\"elementor-element elementor-element-6b32ea3 elementor-widget elementor-widget-heading\" data-id=\"6b32ea3\" data-element_type=\"widget\" data-e-type=\"widget\" data-widget_type=\"heading.default\">\n\t\t\t\t<div class=\"elementor-widget-container\">\n\t\t\t\t\t<h5 class=\"elementor-heading-title elementor-size-default\">Sobre o F\/262\n<\/h5>\t\t\t\t<\/div>\n\t\t\t\t<\/div>\n\t\t\t\t<div class=\"elementor-element elementor-element-0430d04 elementor-widget elementor-widget-text-editor\" data-id=\"0430d04\" data-element_type=\"widget\" data-e-type=\"widget\" data-widget_type=\"text-editor.default\">\n\t\t\t\t<div class=\"elementor-widget-container\">\n\t\t\t\t\t\t\t\t\t<p data-start=\"431\" data-end=\"686\">O F\/262 \u00e9 um festival internacional de fotografia enraizado nas Caldas da Rainha, Portugal.<br data-start=\"526\" data-end=\"529\" \/>Atrav\u00e9s de exposi\u00e7\u00f5es, palestras, educa\u00e7\u00e3o e instala\u00e7\u00f5es p\u00fablicas, o festival envolve a fotografia contempor\u00e2nea com o local, a comunidade e o mundo que partilhamos.<\/p><p data-start=\"688\" data-end=\"718\">\u00a0<\/p>\t\t\t\t\t\t\t\t<\/div>\n\t\t\t\t<\/div>\n\t\t\t\t<div class=\"elementor-element elementor-element-1251943 elementor-widget elementor-widget-spacer\" data-id=\"1251943\" data-element_type=\"widget\" data-e-type=\"widget\" data-widget_type=\"spacer.default\">\n\t\t\t\t<div class=\"elementor-widget-container\">\n\t\t\t\t\t\t\t<div class=\"elementor-spacer\">\n\t\t\t<div class=\"elementor-spacer-inner\"><\/div>\n\t\t<\/div>\n\t\t\t\t\t\t<\/div>\n\t\t\t\t<\/div>\n\t\t\t\t\t<\/div>\n\t\t<\/div>\n\t\t\t\t\t<\/div>\n\t\t<\/div>\n\t\t\t\t<section class=\"elementor-section elementor-inner-section elementor-element elementor-element-0e3f8f2 elementor-section-boxed elementor-section-height-default elementor-section-height-default\" data-id=\"0e3f8f2\" data-element_type=\"section\" data-e-type=\"section\">\n\t\t\t\t\t\t<div class=\"elementor-container elementor-column-gap-default\">\n\t\t\t\t\t<div class=\"elementor-column elementor-col-50 elementor-inner-column elementor-element elementor-element-65aff90\" data-id=\"65aff90\" data-element_type=\"column\" data-e-type=\"column\">\n\t\t\t<div class=\"elementor-widget-wrap elementor-element-populated\">\n\t\t\t\t\t\t<div class=\"elementor-element elementor-element-c895301 hfe-nav-menu__breakpoint-none hfe-nav-menu__align-left hfe-submenu-icon-arrow hfe-submenu-animation-none hfe-link-redirect-child elementor-widget elementor-widget-navigation-menu\" data-id=\"c895301\" data-element_type=\"widget\" data-e-type=\"widget\" data-settings=\"{&quot;padding_horizontal_menu_item&quot;:{&quot;unit&quot;:&quot;px&quot;,&quot;size&quot;:15,&quot;sizes&quot;:[]},&quot;padding_horizontal_menu_item_tablet&quot;:{&quot;unit&quot;:&quot;px&quot;,&quot;size&quot;:&quot;&quot;,&quot;sizes&quot;:[]},&quot;padding_horizontal_menu_item_mobile&quot;:{&quot;unit&quot;:&quot;px&quot;,&quot;size&quot;:&quot;&quot;,&quot;sizes&quot;:[]},&quot;padding_vertical_menu_item&quot;:{&quot;unit&quot;:&quot;px&quot;,&quot;size&quot;:15,&quot;sizes&quot;:[]},&quot;padding_vertical_menu_item_tablet&quot;:{&quot;unit&quot;:&quot;px&quot;,&quot;size&quot;:&quot;&quot;,&quot;sizes&quot;:[]},&quot;padding_vertical_menu_item_mobile&quot;:{&quot;unit&quot;:&quot;px&quot;,&quot;size&quot;:&quot;&quot;,&quot;sizes&quot;:[]},&quot;menu_space_between&quot;:{&quot;unit&quot;:&quot;px&quot;,&quot;size&quot;:&quot;&quot;,&quot;sizes&quot;:[]},&quot;menu_space_between_tablet&quot;:{&quot;unit&quot;:&quot;px&quot;,&quot;size&quot;:&quot;&quot;,&quot;sizes&quot;:[]},&quot;menu_space_between_mobile&quot;:{&quot;unit&quot;:&quot;px&quot;,&quot;size&quot;:&quot;&quot;,&quot;sizes&quot;:[]},&quot;menu_row_space&quot;:{&quot;unit&quot;:&quot;px&quot;,&quot;size&quot;:&quot;&quot;,&quot;sizes&quot;:[]},&quot;menu_row_space_tablet&quot;:{&quot;unit&quot;:&quot;px&quot;,&quot;size&quot;:&quot;&quot;,&quot;sizes&quot;:[]},&quot;menu_row_space_mobile&quot;:{&quot;unit&quot;:&quot;px&quot;,&quot;size&quot;:&quot;&quot;,&quot;sizes&quot;:[]},&quot;dropdown_border_radius&quot;:{&quot;unit&quot;:&quot;px&quot;,&quot;top&quot;:&quot;&quot;,&quot;right&quot;:&quot;&quot;,&quot;bottom&quot;:&quot;&quot;,&quot;left&quot;:&quot;&quot;,&quot;isLinked&quot;:true},&quot;dropdown_border_radius_tablet&quot;:{&quot;unit&quot;:&quot;px&quot;,&quot;top&quot;:&quot;&quot;,&quot;right&quot;:&quot;&quot;,&quot;bottom&quot;:&quot;&quot;,&quot;left&quot;:&quot;&quot;,&quot;isLinked&quot;:true},&quot;dropdown_border_radius_mobile&quot;:{&quot;unit&quot;:&quot;px&quot;,&quot;top&quot;:&quot;&quot;,&quot;right&quot;:&quot;&quot;,&quot;bottom&quot;:&quot;&quot;,&quot;left&quot;:&quot;&quot;,&quot;isLinked&quot;:true},&quot;width_dropdown_item&quot;:{&quot;unit&quot;:&quot;px&quot;,&quot;size&quot;:&quot;220&quot;,&quot;sizes&quot;:[]},&quot;width_dropdown_item_tablet&quot;:{&quot;unit&quot;:&quot;px&quot;,&quot;size&quot;:&quot;&quot;,&quot;sizes&quot;:[]},&quot;width_dropdown_item_mobile&quot;:{&quot;unit&quot;:&quot;px&quot;,&quot;size&quot;:&quot;&quot;,&quot;sizes&quot;:[]},&quot;padding_horizontal_dropdown_item&quot;:{&quot;unit&quot;:&quot;px&quot;,&quot;size&quot;:&quot;&quot;,&quot;sizes&quot;:[]},&quot;padding_horizontal_dropdown_item_tablet&quot;:{&quot;unit&quot;:&quot;px&quot;,&quot;size&quot;:&quot;&quot;,&quot;sizes&quot;:[]},&quot;padding_horizontal_dropdown_item_mobile&quot;:{&quot;unit&quot;:&quot;px&quot;,&quot;size&quot;:&quot;&quot;,&quot;sizes&quot;:[]},&quot;padding_vertical_dropdown_item&quot;:{&quot;unit&quot;:&quot;px&quot;,&quot;size&quot;:15,&quot;sizes&quot;:[]},&quot;padding_vertical_dropdown_item_tablet&quot;:{&quot;unit&quot;:&quot;px&quot;,&quot;size&quot;:&quot;&quot;,&quot;sizes&quot;:[]},&quot;padding_vertical_dropdown_item_mobile&quot;:{&quot;unit&quot;:&quot;px&quot;,&quot;size&quot;:&quot;&quot;,&quot;sizes&quot;:[]},&quot;distance_from_menu&quot;:{&quot;unit&quot;:&quot;px&quot;,&quot;size&quot;:&quot;&quot;,&quot;sizes&quot;:[]},&quot;distance_from_menu_tablet&quot;:{&quot;unit&quot;:&quot;px&quot;,&quot;size&quot;:&quot;&quot;,&quot;sizes&quot;:[]},&quot;distance_from_menu_mobile&quot;:{&quot;unit&quot;:&quot;px&quot;,&quot;size&quot;:&quot;&quot;,&quot;sizes&quot;:[]},&quot;toggle_size&quot;:{&quot;unit&quot;:&quot;px&quot;,&quot;size&quot;:&quot;&quot;,&quot;sizes&quot;:[]},&quot;toggle_size_tablet&quot;:{&quot;unit&quot;:&quot;px&quot;,&quot;size&quot;:&quot;&quot;,&quot;sizes&quot;:[]},&quot;toggle_size_mobile&quot;:{&quot;unit&quot;:&quot;px&quot;,&quot;size&quot;:&quot;&quot;,&quot;sizes&quot;:[]},&quot;toggle_border_width&quot;:{&quot;unit&quot;:&quot;px&quot;,&quot;size&quot;:&quot;&quot;,&quot;sizes&quot;:[]},&quot;toggle_border_width_tablet&quot;:{&quot;unit&quot;:&quot;px&quot;,&quot;size&quot;:&quot;&quot;,&quot;sizes&quot;:[]},&quot;toggle_border_width_mobile&quot;:{&quot;unit&quot;:&quot;px&quot;,&quot;size&quot;:&quot;&quot;,&quot;sizes&quot;:[]},&quot;toggle_border_radius&quot;:{&quot;unit&quot;:&quot;px&quot;,&quot;size&quot;:&quot;&quot;,&quot;sizes&quot;:[]},&quot;toggle_border_radius_tablet&quot;:{&quot;unit&quot;:&quot;px&quot;,&quot;size&quot;:&quot;&quot;,&quot;sizes&quot;:[]},&quot;toggle_border_radius_mobile&quot;:{&quot;unit&quot;:&quot;px&quot;,&quot;size&quot;:&quot;&quot;,&quot;sizes&quot;:[]}}\" data-widget_type=\"navigation-menu.default\">\n\t\t\t\t<div class=\"elementor-widget-container\">\n\t\t\t\t\t\t\t\t<div class=\"hfe-nav-menu hfe-layout-horizontal hfe-nav-menu-layout horizontal hfe-pointer__none\" data-layout=\"horizontal\">\n\t\t\t\t<div role=\"button\" class=\"hfe-nav-menu__toggle elementor-clickable\" tabindex=\"0\" aria-label=\"Menu Alternar\">\n\t\t\t\t\t<span class=\"screen-reader-text\">Menu<\/span>\n\t\t\t\t\t<div class=\"hfe-nav-menu-icon\">\n\t\t\t\t\t\t\t\t\t\t\t<\/div>\n\t\t\t\t<\/div>\n\t\t\t\t<nav class=\"hfe-nav-menu__layout-horizontal hfe-nav-menu__submenu-arrow\" data-toggle-icon=\"\" data-close-icon=\"\" data-full-width=\"\">\n\t\t\t\t\t<ul id=\"menu-1-c895301\" class=\"hfe-nav-menu\"><li id=\"menu-item-6609\" class=\"menu-item menu-item-type-post_type menu-item-object-page parent hfe-creative-menu\"><a href=\"https:\/\/festival262.com\/pt\/privacy-policy\/\" class = \"hfe-menu-item\">Pol\u00edtica de privacidade<\/a><\/li>\n<li id=\"menu-item-6610\" class=\"menu-item menu-item-type-post_type menu-item-object-page parent hfe-creative-menu\"><a href=\"https:\/\/festival262.com\/pt\/terms-of-service\/\" class = \"hfe-menu-item\">Termos de Servi\u00e7o<\/a><\/li>\n<li id=\"menu-item-6611\" class=\"menu-item menu-item-type-post_type menu-item-object-page parent hfe-creative-menu\"><a href=\"https:\/\/festival262.com\/pt\/competition-rules-terms-of-entry\/\" class = \"hfe-menu-item\">Regras da Competi\u00e7\u00e3o &amp; Termos de Entrada<\/a><\/li>\n<\/ul> \n\t\t\t\t<\/nav>\n\t\t\t<\/div>\n\t\t\t\t\t\t\t<\/div>\n\t\t\t\t<\/div>\n\t\t\t\t\t<\/div>\n\t\t<\/div>\n\t\t\t\t<div class=\"elementor-column elementor-col-50 elementor-inner-column elementor-element elementor-element-e840057\" data-id=\"e840057\" data-element_type=\"column\" data-e-type=\"column\">\n\t\t\t<div class=\"elementor-widget-wrap elementor-element-populated\">\n\t\t\t\t\t\t<div class=\"elementor-element elementor-element-c368a16 footer-soc-icon elementor-shape-circle e-grid-align-right e-grid-align-mobile-center elementor-grid-0 elementor-widget elementor-widget-social-icons\" data-id=\"c368a16\" data-element_type=\"widget\" data-e-type=\"widget\" data-widget_type=\"social-icons.default\">\n\t\t\t\t<div class=\"elementor-widget-container\">\n\t\t\t\t\t\t\t<div class=\"elementor-social-icons-wrapper elementor-grid\" role=\"list\">\n\t\t\t\t\t\t\t<span class=\"elementor-grid-item\" role=\"listitem\">\n\t\t\t\t\t<a class=\"elementor-icon elementor-social-icon elementor-social-icon-instagram elementor-repeater-item-a3788bb\" href=\"https:\/\/www.instagram.com\/festival.262\" target=\"_blank\">\n\t\t\t\t\t\t<span class=\"elementor-screen-only\">Instagram<\/span>\n\t\t\t\t\t\t<i aria-hidden=\"true\" class=\"fab fa-instagram\"><\/i>\t\t\t\t\t<\/a>\n\t\t\t\t<\/span>\n\t\t\t\t\t\t\t<span class=\"elementor-grid-item\" role=\"listitem\">\n\t\t\t\t\t<a class=\"elementor-icon elementor-social-icon elementor-social-icon-linkedin elementor-repeater-item-0a1b6fe\" href=\"https:\/\/www.linkedin.com\/company\/associacao-f-sos-fotografia-solidariedade-e-obras-sociais\/\" target=\"_blank\">\n\t\t\t\t\t\t<span class=\"elementor-screen-only\">Linkedin<\/span>\n\t\t\t\t\t\t<i aria-hidden=\"true\" class=\"fab fa-linkedin\"><\/i>\t\t\t\t\t<\/a>\n\t\t\t\t<\/span>\n\t\t\t\t\t\t\t<span class=\"elementor-grid-item\" role=\"listitem\">\n\t\t\t\t\t<a class=\"elementor-icon elementor-social-icon elementor-social-icon-youtube elementor-repeater-item-f3c97f5\" href=\"https:\/\/www.youtube.com\/@F262PhotographyFestival\" target=\"_blank\">\n\t\t\t\t\t\t<span class=\"elementor-screen-only\">Youtube<\/span>\n\t\t\t\t\t\t<i aria-hidden=\"true\" class=\"fab fa-youtube\"><\/i>\t\t\t\t\t<\/a>\n\t\t\t\t<\/span>\n\t\t\t\t\t<\/div>\n\t\t\t\t\t\t<\/div>\n\t\t\t\t<\/div>\n\t\t\t\t\t<\/div>\n\t\t<\/div>\n\t\t\t\t\t<\/div>\n\t\t<\/section>\n\t\t\t\t<div class=\"elementor-section elementor-inner-section elementor-element elementor-element-21d4a88 elementor-section-boxed elementor-section-height-default elementor-section-height-default\" data-id=\"21d4a88\" data-element_type=\"section\" data-e-type=\"section\">\n\t\t\t\t\t\t<div class=\"elementor-container elementor-column-gap-no\">\n\t\t\t\t\t<div class=\"elementor-column elementor-col-100 elementor-inner-column elementor-element elementor-element-37fbc21\" data-id=\"37fbc21\" data-element_type=\"column\" data-e-type=\"column\">\n\t\t\t<div class=\"elementor-widget-wrap elementor-element-populated\">\n\t\t\t\t\t\t<div class=\"elementor-element elementor-element-fe6ceda copyright-footer elementor-widget elementor-widget-text-editor\" data-id=\"fe6ceda\" data-element_type=\"widget\" data-e-type=\"widget\" data-widget_type=\"text-editor.default\">\n\t\t\t\t<div class=\"elementor-widget-container\">\n\t\t\t\t\t\t\t\t\t<p>\u00a92026 F\/262 \u2013 Festival Internacional de Fotografia<br \/>Produzido por <a href=\"https:\/\/www.f-sos.org\" target=\"_blank\" rel=\"noopener\">Associa\u00e7\u00e3o F\/SOS \u2013 Fotografia, Solidariedade e Obras Sociais<\/a><\/p>\t\t\t\t\t\t\t\t<\/div>\n\t\t\t\t<\/div>\n\t\t\t\t\t<\/div>\n\t\t<\/div>\n\t\t\t\t\t<\/div>\n\t\t<\/div>\n\t\t\t\t\t<\/div>\n\t\t<\/div>\n\t\t\t\t\t<\/div>\n\t\t<\/div>\n\t\t\t\t<\/div>\n\t\t<\/div>\n\t\t\t\t\t\t<\/div>\n\t\t\t\t<\/div>\n\t\t\t\t\t<\/div>\n\t\t<\/div>\n\t\t\t\t\t<\/div>\n\t\t<\/section>\n\t\t\t\t<section class=\"elementor-section elementor-top-section elementor-element elementor-element-e82f2d2 elementor-section-boxed elementor-section-height-default elementor-section-height-default\" data-id=\"e82f2d2\" data-element_type=\"section\" data-e-type=\"section\">\n\t\t\t\t\t\t<div class=\"elementor-container elementor-column-gap-default\">\n\t\t\t\t\t<div class=\"elementor-column elementor-col-100 elementor-top-column elementor-element elementor-element-d523d33\" data-id=\"d523d33\" data-element_type=\"column\" data-e-type=\"column\">\n\t\t\t<div class=\"elementor-widget-wrap elementor-element-populated\">\n\t\t\t\t\t\t<div class=\"elementor-element elementor-element-dfc0ecf elementor-widget elementor-widget-text-editor\" data-id=\"dfc0ecf\" data-element_type=\"widget\" data-e-type=\"widget\" data-widget_type=\"text-editor.default\">\n\t\t\t\t<div class=\"elementor-widget-container\">\n\t\t\t\t\t\t\t\t\t<p>Lorem ipsum dolor sit amet, consectetur adipiscing elit. Ut elit tellus, luctus nec ullamcorper mattis, pulvinar dapibus leo.<\/p>\t\t\t\t\t\t\t\t<\/div>\n\t\t\t\t<\/div>\n\t\t\t\t\t<\/div>\n\t\t<\/div>\n\t\t\t\t\t<\/div>\n\t\t<\/section>\n\t\t\t\t<\/div>","protected":false},"excerpt":{"rendered":"<p>Creating responsibly. Inspiring collectively. Acting for our shared future. F\/262 integrates sustainability into every exhibition, partnership, and conversation \u2014 because art should not only reflect the world, but help change it. Jo\u00e3o Carlos Founder f\/262 F\/SOS Sustainability at F\/262 Art, responsibility, and the future. At F\/262, we believe that creating art also means shaping the [&hellip;]<\/p>","protected":false},"author":6,"featured_media":0,"parent":0,"menu_order":0,"comment_status":"closed","ping_status":"closed","template":"","meta":{"_acf_changed":false,"footnotes":""},"class_list":["post-4605","page","type-page","status-publish","hentry"],"acf":[],"yoast_head":"<!-- This site is optimized with the Yoast SEO plugin v27.5 - https:\/\/yoast.com\/product\/yoast-seo-wordpress\/ -->\n<title>Sustainability at F\/262 - F\/262 Festival Internacional de Fotografia<\/title>\n<meta name=\"description\" content=\"At F\/262, we believe that creating art also means shaping the future.We are fully committed to environmental, social, and cultural sustainability, integrating responsible practices across all aspects of festival production, programming, and communication.\" \/>\n<meta name=\"robots\" content=\"index, follow, max-snippet:-1, max-image-preview:large, max-video-preview:-1\" \/>\n<link rel=\"canonical\" href=\"https:\/\/festival262.com\/pt\/sustainability-at-f-262\/\" \/>\n<meta property=\"og:locale\" content=\"pt_PT\" \/>\n<meta property=\"og:type\" content=\"article\" \/>\n<meta property=\"og:title\" content=\"Sustainability at F\/262 - F\/262 Festival Internacional de Fotografia\" \/>\n<meta property=\"og:description\" content=\"At F\/262, we believe that creating art also means shaping the future.We are fully committed to environmental, social, and cultural sustainability, integrating responsible practices across all aspects of festival production, programming, and communication.\" \/>\n<meta property=\"og:url\" content=\"https:\/\/festival262.com\/pt\/sustainability-at-f-262\/\" \/>\n<meta property=\"og:site_name\" content=\"F\/262 Festival Internacional de Fotografia\" \/>\n<meta property=\"article:modified_time\" content=\"2026-04-26T13:02:39+00:00\" \/>\n<meta property=\"og:image\" content=\"https:\/\/festival262.com\/wp-content\/uploads\/2025\/10\/E_SDG_logo_horizontal_WEB.png.png\" \/>\n\t<meta property=\"og:image:width\" content=\"2459\" \/>\n\t<meta property=\"og:image:height\" content=\"450\" \/>\n\t<meta property=\"og:image:type\" content=\"image\/png\" \/>\n<meta name=\"twitter:card\" content=\"summary_large_image\" \/>\n<meta name=\"twitter:label1\" content=\"Tempo estimado de leitura\" \/>\n\t<meta name=\"twitter:data1\" content=\"13 minutos\" \/>\n<script type=\"application\/ld+json\" class=\"yoast-schema-graph\">{\"@context\":\"https:\\\/\\\/schema.org\",\"@graph\":[{\"@type\":\"WebPage\",\"@id\":\"https:\\\/\\\/festival262.com\\\/sustainability-at-f-262\\\/\",\"url\":\"https:\\\/\\\/festival262.com\\\/sustainability-at-f-262\\\/\",\"name\":\"Sustainability at F\\\/262 - F\\\/262 Festival Internacional de Fotografia\",\"isPartOf\":{\"@id\":\"https:\\\/\\\/festival262.com\\\/#website\"},\"primaryImageOfPage\":{\"@id\":\"https:\\\/\\\/festival262.com\\\/sustainability-at-f-262\\\/#primaryimage\"},\"image\":{\"@id\":\"https:\\\/\\\/festival262.com\\\/sustainability-at-f-262\\\/#primaryimage\"},\"thumbnailUrl\":\"https:\\\/\\\/festival262.com\\\/wp-content\\\/uploads\\\/2025\\\/10\\\/E_SDG_logo_horizontal_WEB.png-1024x187.png\",\"datePublished\":\"2025-10-10T09:59:38+00:00\",\"dateModified\":\"2026-04-26T13:02:39+00:00\",\"description\":\"At F\\\/262, we believe that creating art also means shaping the future.We are fully committed to environmental, social, and cultural sustainability, integrating responsible practices across all aspects of festival production, programming, and communication.\",\"breadcrumb\":{\"@id\":\"https:\\\/\\\/festival262.com\\\/sustainability-at-f-262\\\/#breadcrumb\"},\"inLanguage\":\"pt-PT\",\"potentialAction\":[{\"@type\":\"ReadAction\",\"target\":[\"https:\\\/\\\/festival262.com\\\/sustainability-at-f-262\\\/\"]}]},{\"@type\":\"ImageObject\",\"inLanguage\":\"pt-PT\",\"@id\":\"https:\\\/\\\/festival262.com\\\/sustainability-at-f-262\\\/#primaryimage\",\"url\":\"https:\\\/\\\/festival262.com\\\/wp-content\\\/uploads\\\/2025\\\/10\\\/E_SDG_logo_horizontal_WEB.png-1024x187.png\",\"contentUrl\":\"https:\\\/\\\/festival262.com\\\/wp-content\\\/uploads\\\/2025\\\/10\\\/E_SDG_logo_horizontal_WEB.png-1024x187.png\"},{\"@type\":\"BreadcrumbList\",\"@id\":\"https:\\\/\\\/festival262.com\\\/sustainability-at-f-262\\\/#breadcrumb\",\"itemListElement\":[{\"@type\":\"ListItem\",\"position\":1,\"name\":\"Home\",\"item\":\"https:\\\/\\\/festival262.com\\\/\"},{\"@type\":\"ListItem\",\"position\":2,\"name\":\"Sustainability at F\\\/262\"}]},{\"@type\":\"WebSite\",\"@id\":\"https:\\\/\\\/festival262.com\\\/#website\",\"url\":\"https:\\\/\\\/festival262.com\\\/\",\"name\":\"F7262 Fetsival Internacional de Fotografia\",\"description\":\"Photography as Culture, Community, and Practice\",\"publisher\":{\"@id\":\"https:\\\/\\\/festival262.com\\\/#organization\"},\"alternateName\":\"Festival262\",\"potentialAction\":[{\"@type\":\"SearchAction\",\"target\":{\"@type\":\"EntryPoint\",\"urlTemplate\":\"https:\\\/\\\/festival262.com\\\/?s={search_term_string}\"},\"query-input\":{\"@type\":\"PropertyValueSpecification\",\"valueRequired\":true,\"valueName\":\"search_term_string\"}}],\"inLanguage\":\"pt-PT\"},{\"@type\":\"Organization\",\"@id\":\"https:\\\/\\\/festival262.com\\\/#organization\",\"name\":\"F\\\/262 Festival Internacional de Fotografia\",\"url\":\"https:\\\/\\\/festival262.com\\\/\",\"logo\":{\"@type\":\"ImageObject\",\"inLanguage\":\"pt-PT\",\"@id\":\"https:\\\/\\\/festival262.com\\\/#\\\/schema\\\/logo\\\/image\\\/\",\"url\":\"https:\\\/\\\/festival262.com\\\/wp-content\\\/uploads\\\/2019\\\/10\\\/cropped-f-262-icon-e-logo-scaled-1.png\",\"contentUrl\":\"https:\\\/\\\/festival262.com\\\/wp-content\\\/uploads\\\/2019\\\/10\\\/cropped-f-262-icon-e-logo-scaled-1.png\",\"width\":2558,\"height\":1048,\"caption\":\"F\\\/262 Festival Internacional de Fotografia\"},\"image\":{\"@id\":\"https:\\\/\\\/festival262.com\\\/#\\\/schema\\\/logo\\\/image\\\/\"}}]}<\/script>\n<!-- \/ Yoast SEO plugin. -->","yoast_head_json":{"title":"Sustainability at F\/262 - F\/262 Festival Internacional de Fotografia","description":"At F\/262, we believe that creating art also means shaping the future.We are fully committed to environmental, social, and cultural sustainability, integrating responsible practices across all aspects of festival production, programming, and communication.","robots":{"index":"index","follow":"follow","max-snippet":"max-snippet:-1","max-image-preview":"max-image-preview:large","max-video-preview":"max-video-preview:-1"},"canonical":"https:\/\/festival262.com\/pt\/sustainability-at-f-262\/","og_locale":"pt_PT","og_type":"article","og_title":"Sustainability at F\/262 - F\/262 Festival Internacional de Fotografia","og_description":"At F\/262, we believe that creating art also means shaping the future.We are fully committed to environmental, social, and cultural sustainability, integrating responsible practices across all aspects of festival production, programming, and communication.","og_url":"https:\/\/festival262.com\/pt\/sustainability-at-f-262\/","og_site_name":"F\/262 Festival Internacional de Fotografia","article_modified_time":"2026-04-26T13:02:39+00:00","og_image":[{"width":2459,"height":450,"url":"https:\/\/festival262.com\/wp-content\/uploads\/2025\/10\/E_SDG_logo_horizontal_WEB.png.png","type":"image\/png"}],"twitter_card":"summary_large_image","twitter_misc":{"Tempo estimado de leitura":"13 minutos"},"schema":{"@context":"https:\/\/schema.org","@graph":[{"@type":"WebPage","@id":"https:\/\/festival262.com\/sustainability-at-f-262\/","url":"https:\/\/festival262.com\/sustainability-at-f-262\/","name":"Sustainability at F\/262 - F\/262 Festival Internacional de Fotografia","isPartOf":{"@id":"https:\/\/festival262.com\/#website"},"primaryImageOfPage":{"@id":"https:\/\/festival262.com\/sustainability-at-f-262\/#primaryimage"},"image":{"@id":"https:\/\/festival262.com\/sustainability-at-f-262\/#primaryimage"},"thumbnailUrl":"https:\/\/festival262.com\/wp-content\/uploads\/2025\/10\/E_SDG_logo_horizontal_WEB.png-1024x187.png","datePublished":"2025-10-10T09:59:38+00:00","dateModified":"2026-04-26T13:02:39+00:00","description":"At F\/262, we believe that creating art also means shaping the future.We are fully committed to environmental, social, and cultural sustainability, integrating responsible practices across all aspects of festival production, programming, and communication.","breadcrumb":{"@id":"https:\/\/festival262.com\/sustainability-at-f-262\/#breadcrumb"},"inLanguage":"pt-PT","potentialAction":[{"@type":"ReadAction","target":["https:\/\/festival262.com\/sustainability-at-f-262\/"]}]},{"@type":"ImageObject","inLanguage":"pt-PT","@id":"https:\/\/festival262.com\/sustainability-at-f-262\/#primaryimage","url":"https:\/\/festival262.com\/wp-content\/uploads\/2025\/10\/E_SDG_logo_horizontal_WEB.png-1024x187.png","contentUrl":"https:\/\/festival262.com\/wp-content\/uploads\/2025\/10\/E_SDG_logo_horizontal_WEB.png-1024x187.png"},{"@type":"BreadcrumbList","@id":"https:\/\/festival262.com\/sustainability-at-f-262\/#breadcrumb","itemListElement":[{"@type":"ListItem","position":1,"name":"Home","item":"https:\/\/festival262.com\/"},{"@type":"ListItem","position":2,"name":"Sustainability at F\/262"}]},{"@type":"WebSite","@id":"https:\/\/festival262.com\/#website","url":"https:\/\/festival262.com\/","name":"F7262 Fetsival Internacional de Fotografia","description":"Photography as Culture, Community, and Practice","publisher":{"@id":"https:\/\/festival262.com\/#organization"},"alternateName":"Festival262","potentialAction":[{"@type":"SearchAction","target":{"@type":"EntryPoint","urlTemplate":"https:\/\/festival262.com\/?s={search_term_string}"},"query-input":{"@type":"PropertyValueSpecification","valueRequired":true,"valueName":"search_term_string"}}],"inLanguage":"pt-PT"},{"@type":"Organization","@id":"https:\/\/festival262.com\/#organization","name":"F\/262 Festival Internacional de Fotografia","url":"https:\/\/festival262.com\/","logo":{"@type":"ImageObject","inLanguage":"pt-PT","@id":"https:\/\/festival262.com\/#\/schema\/logo\/image\/","url":"https:\/\/festival262.com\/wp-content\/uploads\/2019\/10\/cropped-f-262-icon-e-logo-scaled-1.png","contentUrl":"https:\/\/festival262.com\/wp-content\/uploads\/2019\/10\/cropped-f-262-icon-e-logo-scaled-1.png","width":2558,"height":1048,"caption":"F\/262 Festival Internacional de Fotografia"},"image":{"@id":"https:\/\/festival262.com\/#\/schema\/logo\/image\/"}}]}},"_links":{"self":[{"href":"https:\/\/festival262.com\/pt\/wp-json\/wp\/v2\/pages\/4605","targetHints":{"allow":["GET"]}}],"collection":[{"href":"https:\/\/festival262.com\/pt\/wp-json\/wp\/v2\/pages"}],"about":[{"href":"https:\/\/festival262.com\/pt\/wp-json\/wp\/v2\/types\/page"}],"author":[{"embeddable":true,"href":"https:\/\/festival262.com\/pt\/wp-json\/wp\/v2\/users\/6"}],"replies":[{"embeddable":true,"href":"https:\/\/festival262.com\/pt\/wp-json\/wp\/v2\/comments?post=4605"}],"version-history":[{"count":5,"href":"https:\/\/festival262.com\/pt\/wp-json\/wp\/v2\/pages\/4605\/revisions"}],"predecessor-version":[{"id":7642,"href":"https:\/\/festival262.com\/pt\/wp-json\/wp\/v2\/pages\/4605\/revisions\/7642"}],"wp:attachment":[{"href":"https:\/\/festival262.com\/pt\/wp-json\/wp\/v2\/media?parent=4605"}],"curies":[{"name":"wp","href":"https:\/\/api.w.org\/{rel}","templated":true}]}}