{"id":4568,"date":"2025-10-08T17:05:44","date_gmt":"2025-10-08T17:05:44","guid":{"rendered":"https:\/\/festival262.com\/?page_id=4568"},"modified":"2026-04-23T12:48:37","modified_gmt":"2026-04-23T12:48:37","slug":"photo-book-award","status":"publish","type":"page","link":"https:\/\/festival262.com\/pt\/photo-book-award\/","title":{"rendered":"Pr\u00e9mio do Livro Fotogr\u00e1fico"},"content":{"rendered":"<div data-elementor-type=\"wp-page\" data-elementor-id=\"4568\" class=\"elementor elementor-4568\">\n\t\t\t\t\t\t<section class=\"elementor-section elementor-top-section elementor-element elementor-element-92fa46d elementor-section-boxed elementor-section-height-default elementor-section-height-default\" data-id=\"92fa46d\" data-element_type=\"section\" data-e-type=\"section\">\n\t\t\t\t\t\t<div class=\"elementor-container elementor-column-gap-default\">\n\t\t\t\t\t<div class=\"elementor-column elementor-col-100 elementor-top-column elementor-element elementor-element-300fbe7\" data-id=\"300fbe7\" data-element_type=\"column\" data-e-type=\"column\">\n\t\t\t<div class=\"elementor-widget-wrap elementor-element-populated\">\n\t\t\t\t\t\t<div class=\"elementor-element elementor-element-14b8a08 eael-dual-header-content-align-center elementor-widget elementor-widget-eael-dual-color-header\" data-id=\"14b8a08\" data-element_type=\"widget\" data-e-type=\"widget\" data-widget_type=\"eael-dual-color-header.default\">\n\t\t\t\t<div class=\"elementor-widget-container\">\n\t\t\t\t\t\t\t\t<div class=\"eael-dual-header\">\n\t\t\t\t<h2 class=\"title eael-dch-title\"><span class=\"eael-dch-title-text eael-dch-title-lead lead solid-color\">Pr\u00e9mio do Livro Fotogr\u00e1fico F\/262<\/span> <span class=\"eael-dch-title-text\"><\/span><\/h2>\t\t\t\t\t<span class=\"subtext\"><p>Da imagem ao objeto. Da hist\u00f3ria \u00e0 impress\u00e3o.<\/p><\/span>\n\t\t\t\t\t\t\t<\/div>\n\n\t\t\t\t\t\t<\/div>\n\t\t\t\t<\/div>\n\t\t\t\t\t<\/div>\n\t\t<\/div>\n\t\t\t\t\t<\/div>\n\t\t<\/section>\n\t\t\t\t<section class=\"elementor-section elementor-top-section elementor-element elementor-element-1a14dda elementor-section-boxed elementor-section-height-default elementor-section-height-default\" data-id=\"1a14dda\" data-element_type=\"section\" data-e-type=\"section\">\n\t\t\t\t\t\t<div class=\"elementor-container elementor-column-gap-default\">\n\t\t\t\t\t<div class=\"elementor-column elementor-col-100 elementor-top-column elementor-element elementor-element-c9b221f\" data-id=\"c9b221f\" data-element_type=\"column\" data-e-type=\"column\">\n\t\t\t<div class=\"elementor-widget-wrap elementor-element-populated\">\n\t\t\t\t\t\t<div class=\"elementor-element elementor-element-3ca3156 elementor-widget elementor-widget-text-editor\" data-id=\"3ca3156\" data-element_type=\"widget\" data-e-type=\"widget\" data-widget_type=\"text-editor.default\">\n\t\t\t\t<div class=\"elementor-widget-container\">\n\t\t\t\t\t\t\t\t\t<h4>Sobre o Pr\u00e9mio<\/h4>\t\t\t\t\t\t\t\t<\/div>\n\t\t\t\t<\/div>\n\t\t\t\t\t<\/div>\n\t\t<\/div>\n\t\t\t\t\t<\/div>\n\t\t<\/section>\n\t\t\t\t<section class=\"elementor-section elementor-top-section elementor-element elementor-element-dece68c elementor-section-boxed elementor-section-height-default elementor-section-height-default\" data-id=\"dece68c\" data-element_type=\"section\" data-e-type=\"section\">\n\t\t\t\t\t\t<div class=\"elementor-container elementor-column-gap-default\">\n\t\t\t\t\t<div class=\"elementor-column elementor-col-50 elementor-top-column elementor-element elementor-element-7026a7f\" data-id=\"7026a7f\" data-element_type=\"column\" data-e-type=\"column\">\n\t\t\t<div class=\"elementor-widget-wrap elementor-element-populated\">\n\t\t\t\t\t\t<div class=\"elementor-element elementor-element-85ac2c2 elementor-widget elementor-widget-text-editor\" data-id=\"85ac2c2\" data-element_type=\"widget\" data-e-type=\"widget\" data-widget_type=\"text-editor.default\">\n\t\t\t\t<div class=\"elementor-widget-container\">\n\t\t\t\t\t\t\t\t\t<p data-start=\"560\" data-end=\"818\">O <strong data-start=\"564\" data-end=\"590\">Pr\u00e9mio do Livro Fotogr\u00e1fico F\/262<\/strong> honra o melhor <strong data-start=\"607\" data-end=\"652\">projeto de fotolivro n\u00e3o publicado do ano<\/strong>.<br data-start=\"653\" data-end=\"656\" \/>Celebra o livro como uma das formas mais \u00edntimas e duradouras de express\u00e3o fotogr\u00e1fica \u2014 onde o conceito, o design e o material se juntam como narrativas.<\/p><p data-start=\"820\" data-end=\"1064\">Todas as edi\u00e7\u00f5es do festival, <strong data-start=\"831\" data-end=\"857\">seleciona-se um autor<\/strong> para receber a produ\u00e7\u00e3o completa do seu livro de fotografias, criado <strong data-start=\"913\" data-end=\"936\">localmente em Portugal<\/strong> numa <strong data-start=\"942\" data-end=\"981\">edi\u00e7\u00e3o numerada \u00e0 m\u00e3o de 262 exemplares<\/strong>, em parceria com um <strong data-start=\"1005\" data-end=\"1032\">colaborador editor<\/strong> , gr\u00e1ficas e encadernadores locais.<\/p><p data-start=\"1066\" data-end=\"1168\">O pr\u00e9mio reflete o compromisso do F\/262 no <strong data-start=\"1107\" data-end=\"1167\">artesanato, sustentabilidade e independ\u00eancia criativa<\/strong>.<\/p>\t\t\t\t\t\t\t\t<\/div>\n\t\t\t\t<\/div>\n\t\t\t\t\t<\/div>\n\t\t<\/div>\n\t\t\t\t<div class=\"elementor-column elementor-col-50 elementor-top-column elementor-element elementor-element-e11cf19\" data-id=\"e11cf19\" data-element_type=\"column\" data-e-type=\"column\">\n\t\t\t<div class=\"elementor-widget-wrap elementor-element-populated\">\n\t\t\t\t\t\t<div class=\"elementor-element elementor-element-2b50073 elementor-widget elementor-widget-image\" data-id=\"2b50073\" data-element_type=\"widget\" data-e-type=\"widget\" data-widget_type=\"image.default\">\n\t\t\t\t<div class=\"elementor-widget-container\">\n\t\t\t\t\t\t\t\t\t\t\t\t\t\t\t<img fetchpriority=\"high\" decoding=\"async\" width=\"1024\" height=\"653\" src=\"https:\/\/festival262.com\/wp-content\/uploads\/2025\/08\/f262photobookclub-1024x653.png\" class=\"attachment-large size-large wp-image-3807\" alt=\"\" srcset=\"https:\/\/festival262.com\/wp-content\/uploads\/2025\/08\/f262photobookclub-1024x653.png 1024w, https:\/\/festival262.com\/wp-content\/uploads\/2025\/08\/f262photobookclub-300x191.png 300w, https:\/\/festival262.com\/wp-content\/uploads\/2025\/08\/f262photobookclub-768x490.png 768w, https:\/\/festival262.com\/wp-content\/uploads\/2025\/08\/f262photobookclub-1536x979.png 1536w, https:\/\/festival262.com\/wp-content\/uploads\/2025\/08\/f262photobookclub-1320x842.png 1320w, https:\/\/festival262.com\/wp-content\/uploads\/2025\/08\/f262photobookclub-600x383.png 600w, https:\/\/festival262.com\/wp-content\/uploads\/2025\/08\/f262photobookclub.png 1606w\" sizes=\"(max-width: 1024px) 100vw, 1024px\" \/>\t\t\t\t\t\t\t\t\t\t\t\t\t\t\t<\/div>\n\t\t\t\t<\/div>\n\t\t\t\t\t<\/div>\n\t\t<\/div>\n\t\t\t\t\t<\/div>\n\t\t<\/section>\n\t\t\t\t<section class=\"elementor-section elementor-top-section elementor-element elementor-element-400ab93 elementor-section-boxed elementor-section-height-default elementor-section-height-default\" data-id=\"400ab93\" data-element_type=\"section\" data-e-type=\"section\">\n\t\t\t\t\t\t<div class=\"elementor-container elementor-column-gap-default\">\n\t\t\t\t\t<div class=\"elementor-column elementor-col-50 elementor-top-column elementor-element elementor-element-c4fa803\" data-id=\"c4fa803\" data-element_type=\"column\" data-e-type=\"column\">\n\t\t\t<div class=\"elementor-widget-wrap elementor-element-populated\">\n\t\t\t\t\t\t<div class=\"elementor-element elementor-element-de1b71b elementor-widget__width-initial elementor-widget elementor-widget-image\" data-id=\"de1b71b\" data-element_type=\"widget\" data-e-type=\"widget\" data-widget_type=\"image.default\">\n\t\t\t\t<div class=\"elementor-widget-container\">\n\t\t\t\t\t\t\t\t\t\t\t\t\t\t\t<img decoding=\"async\" src=\"https:\/\/festival262.com\/wp-content\/uploads\/2025\/10\/working-the-press.jpg\" title=\"Trabalhar com a imprensa\" alt=\"Trabalhar com a imprensa\" loading=\"lazy\" \/>\t\t\t\t\t\t\t\t\t\t\t\t\t\t\t<\/div>\n\t\t\t\t<\/div>\n\t\t\t\t<div class=\"elementor-element elementor-element-9042fd5 elementor-widget elementor-widget-text-editor\" data-id=\"9042fd5\" data-element_type=\"widget\" data-e-type=\"widget\" data-widget_type=\"text-editor.default\">\n\t\t\t\t<div class=\"elementor-widget-container\">\n\t\t\t\t\t\t\t\t\t<h4 data-section-id=\"brky7h\" data-start=\"174\" data-end=\"198\">Colabora\u00e7\u00e3o com o VivaLab<\/h4>\t\t\t\t\t\t\t\t<\/div>\n\t\t\t\t<\/div>\n\t\t\t\t<div class=\"elementor-element elementor-element-71c5504 elementor-widget elementor-widget-text-editor\" data-id=\"71c5504\" data-element_type=\"widget\" data-e-type=\"widget\" data-widget_type=\"text-editor.default\">\n\t\t\t\t<div class=\"elementor-widget-container\">\n\t\t\t\t\t\t\t\t\t<p style=\"line-height: 1.5; margin: 1rem 0px; color: #262831; font-family: system-ui, sans-serif; font-size: 14px;\" data-start=\"200\" data-end=\"351\">Em colabora\u00e7\u00e3o com o VivaLab, o Pr\u00e9mio F\/262 Photo Book prop\u00f5e uma reflex\u00e3o pr\u00e1tica sobre o fotolivro enquanto objeto cultural, f\u00edsico e simb\u00f3lico.<\/p><p style=\"line-height: 1.5; margin: 1rem 0px; color: #262831; font-family: system-ui, sans-serif; font-size: 14px;\" data-start=\"353\" data-end=\"771\">No \u00e2mbito desta iniciativa, o projeto vencedor ser\u00e1 publicado com uma capa \u00fanica criada a partir de pl\u00e1sticos recolhidos atrav\u00e9s das a\u00e7\u00f5es ambientais do festival, incluindo Cuidar como Margens, Cuidar do Campo e outras iniciativas de sustentabilidade desenvolvidas ao longo do programa. Estes materiais s\u00e3o transformados e reimaginados na superf\u00edcie f\u00edsica do livro, convertendo os res\u00edduos numa forma significativa e duradoura.<\/p><p style=\"line-height: 1.5; margin: 1rem 0px; color: #262831; font-family: system-ui, sans-serif; font-size: 14px;\" data-start=\"773\" data-end=\"1122\">Mais do que um gesto de design, este processo reflete uma abordagem consciente \u00e0 produ\u00e7\u00e3o. Os materiais descartados ganham nova vida e s\u00e3o integrados num objeto que preserva a mem\u00f3ria, a narrativa e a vis\u00e3o art\u00edstica. O livro resultante n\u00e3o s\u00f3 cont\u00e9m imagens, mas traz consigo uma hist\u00f3ria de sustentabilidade, territ\u00f3rio e responsabilidade ambiental.<\/p>\t\t\t\t\t\t\t\t<\/div>\n\t\t\t\t<\/div>\n\t\t\t\t\t<\/div>\n\t\t<\/div>\n\t\t\t\t<div class=\"elementor-column elementor-col-50 elementor-top-column elementor-element elementor-element-cc8ba99\" data-id=\"cc8ba99\" data-element_type=\"column\" data-e-type=\"column\">\n\t\t\t<div class=\"elementor-widget-wrap elementor-element-populated\">\n\t\t\t\t\t\t<div class=\"elementor-element elementor-element-c139baf elementor-widget elementor-widget-text-editor\" data-id=\"c139baf\" data-element_type=\"widget\" data-e-type=\"widget\" data-widget_type=\"text-editor.default\">\n\t\t\t\t<div class=\"elementor-widget-container\">\n\t\t\t\t\t\t\t\t\t<p data-start=\"1471\" data-end=\"1555\"><strong data-start=\"1471\" data-end=\"1496\">Produ\u00e7\u00e3o local total<\/strong> do fotolivro numa <strong data-start=\"1519\" data-end=\"1552\">edi\u00e7\u00e3o limitada de 262 exemplares<\/strong>.<\/p><ul data-start=\"1469\" data-end=\"1855\"><li data-start=\"1556\" data-end=\"1640\"><p data-start=\"1558\" data-end=\"1640\"><strong data-start=\"1558\" data-end=\"1593\">Suporte editorial e de materiais<\/strong> com o F\/262 e equipas parceiras de publica\u00e7\u00e3o.<\/p><\/li><li data-start=\"1641\" data-end=\"1709\"><p data-start=\"1643\" data-end=\"1709\"><strong data-start=\"1643\" data-end=\"1662\">ISBN + c\u00f3lofon<\/strong> sob F\/262 e o colaborador editorial.<\/p><\/li><li data-start=\"1710\" data-end=\"1770\"><p data-start=\"1712\" data-end=\"1770\"><strong data-start=\"1712\" data-end=\"1738\">Lan\u00e7amento + evento de assinatura<\/strong> no F\/262 Photo Book Club.<\/p><\/li><li data-start=\"1771\" data-end=\"1855\"><p data-start=\"1773\" data-end=\"1855\">Visibilidade internacional atrav\u00e9s do s\u00edtio Web, da imprensa e das exposi\u00e7\u00f5es do festival.<\/p><\/li><\/ul><p data-start=\"1857\" data-end=\"1933\"><em data-start=\"1857\" data-end=\"1933\">(S\u00f3 \u00e9 selecionado um vencedor em cada edi\u00e7\u00e3o do festival \u2014 sem pr\u00e9mios secund\u00e1rios ou men\u00e7\u00f5es.)<\/em><\/p>\t\t\t\t\t\t\t\t<\/div>\n\t\t\t\t<\/div>\n\t\t\t\t<div class=\"elementor-element elementor-element-69d1143 elementor-widget elementor-widget-image\" data-id=\"69d1143\" data-element_type=\"widget\" data-e-type=\"widget\" data-widget_type=\"image.default\">\n\t\t\t\t<div class=\"elementor-widget-container\">\n\t\t\t\t\t\t\t\t\t\t\t\t\t\t\t<img decoding=\"async\" width=\"1024\" height=\"591\" src=\"https:\/\/festival262.com\/wp-content\/uploads\/2026\/04\/VIVA_LOGO_2020-01-1024x591.png\" class=\"attachment-large size-large wp-image-7537\" alt=\"\" srcset=\"https:\/\/festival262.com\/wp-content\/uploads\/2026\/04\/VIVA_LOGO_2020-01-1024x591.png 1024w, https:\/\/festival262.com\/wp-content\/uploads\/2026\/04\/VIVA_LOGO_2020-01-300x173.png 300w, https:\/\/festival262.com\/wp-content\/uploads\/2026\/04\/VIVA_LOGO_2020-01-768x443.png 768w, https:\/\/festival262.com\/wp-content\/uploads\/2026\/04\/VIVA_LOGO_2020-01-1536x886.png 1536w, https:\/\/festival262.com\/wp-content\/uploads\/2026\/04\/VIVA_LOGO_2020-01-18x10.png 18w, https:\/\/festival262.com\/wp-content\/uploads\/2026\/04\/VIVA_LOGO_2020-01-1320x761.png 1320w, https:\/\/festival262.com\/wp-content\/uploads\/2026\/04\/VIVA_LOGO_2020-01-24x14.png 24w, https:\/\/festival262.com\/wp-content\/uploads\/2026\/04\/VIVA_LOGO_2020-01-36x21.png 36w, https:\/\/festival262.com\/wp-content\/uploads\/2026\/04\/VIVA_LOGO_2020-01-48x28.png 48w, https:\/\/festival262.com\/wp-content\/uploads\/2026\/04\/VIVA_LOGO_2020-01-600x346.png 600w, https:\/\/festival262.com\/wp-content\/uploads\/2026\/04\/VIVA_LOGO_2020-01.png 1564w\" sizes=\"(max-width: 1024px) 100vw, 1024px\" \/>\t\t\t\t\t\t\t\t\t\t\t\t\t\t\t<\/div>\n\t\t\t\t<\/div>\n\t\t\t\t<div class=\"elementor-element elementor-element-641cb24 elementor-widget elementor-widget-text-editor\" data-id=\"641cb24\" data-element_type=\"widget\" data-e-type=\"widget\" data-widget_type=\"text-editor.default\">\n\t\t\t\t<div class=\"elementor-widget-container\">\n\t\t\t\t\t\t\t\t\t<h4 style=\"line-height: 1.5; color: #262831; font-family: system-ui, sans-serif; letter-spacing: normal; text-align: start; text-transform: none;\" data-section-id=\"1t8kr1n\" data-start=\"1129\" data-end=\"1150\">PARCERIA DE VIVALAB<\/h4><h4 style=\"line-height: 1.5; color: #262831; font-family: system-ui, sans-serif; letter-spacing: normal; text-align: start; text-transform: none;\" data-section-id=\"1t8kr1n\" data-start=\"1129\" data-end=\"1150\">CONDI\u00c7\u00c3O DE ENTRADA<\/h4>\t\t\t\t\t\t\t\t<\/div>\n\t\t\t\t<\/div>\n\t\t\t\t<div class=\"elementor-element elementor-element-fe0fddf elementor-widget elementor-widget-text-editor\" data-id=\"fe0fddf\" data-element_type=\"widget\" data-e-type=\"widget\" data-widget_type=\"text-editor.default\">\n\t\t\t\t<div class=\"elementor-widget-container\">\n\t\t\t\t\t\t\t\t\t<p>Ao submeterem-se ao Pr\u00e9mio F\/262 Photo Book, os candidatos reconhecem e concordam que, se forem selecionados como vencedores, a sua publica\u00e7\u00e3o ser\u00e1 desenvolvida em colabora\u00e7\u00e3o com o festival e o VivaLab, incluindo a utiliza\u00e7\u00e3o de materiais pl\u00e1sticos reciclados recolhidos atrav\u00e9s das iniciativas ambientais do festival na produ\u00e7\u00e3o da capa do livro.<\/p>\t\t\t\t\t\t\t\t<\/div>\n\t\t\t\t<\/div>\n\t\t\t\t\t<\/div>\n\t\t<\/div>\n\t\t\t\t\t<\/div>\n\t\t<\/section>\n\t\t\t\t<section class=\"elementor-section elementor-top-section elementor-element elementor-element-aedbd19 elementor-section-boxed elementor-section-height-default elementor-section-height-default\" data-id=\"aedbd19\" data-element_type=\"section\" data-e-type=\"section\">\n\t\t\t\t\t\t<div class=\"elementor-container elementor-column-gap-default\">\n\t\t\t\t\t<div class=\"elementor-column elementor-col-50 elementor-top-column elementor-element elementor-element-5504276\" data-id=\"5504276\" data-element_type=\"column\" data-e-type=\"column\">\n\t\t\t<div class=\"elementor-widget-wrap elementor-element-populated\">\n\t\t\t\t\t\t<div class=\"elementor-element elementor-element-c2d8ef4 elementor-widget elementor-widget-heading\" data-id=\"c2d8ef4\" data-element_type=\"widget\" data-e-type=\"widget\" data-widget_type=\"heading.default\">\n\t\t\t\t<div class=\"elementor-widget-container\">\n\t\t\t\t\t<h4 class=\"elementor-heading-title elementor-size-default\">J\u00fari <\/h4>\t\t\t\t<\/div>\n\t\t\t\t<\/div>\n\t\t\t\t<div class=\"elementor-element elementor-element-013e9f1 elementor-widget elementor-widget-text-editor\" data-id=\"013e9f1\" data-element_type=\"widget\" data-e-type=\"widget\" data-widget_type=\"text-editor.default\">\n\t\t\t\t<div class=\"elementor-widget-container\">\n\t\t\t\t\t\t\t\t\t<p data-start=\"2319\" data-end=\"2487\">O <strong data-start=\"2323\" data-end=\"2354\">J\u00fari do Pr\u00e9mio Livro Fotogr\u00e1fico F\/262<\/strong> \u00e9 independente de outros programas do festival e inclui editores, designers, curadores e editoras.<br data-start=\"2457\" data-end=\"2460\" \/>Os projetos s\u00e3o avaliados em:<\/p><ul data-start=\"2488\" data-end=\"2620\"><li data-start=\"2488\" data-end=\"2525\"><p data-start=\"2490\" data-end=\"2525\">For\u00e7a narrativa e conceptual<\/p><\/li><li data-start=\"2526\" data-end=\"2559\"><p data-start=\"2528\" data-end=\"2559\">Edi\u00e7\u00e3o, sequ\u00eancia e design<\/p><\/li><li data-start=\"2560\" data-end=\"2586\"><p data-start=\"2562\" data-end=\"2586\">Viabilidade de produ\u00e7\u00e3o<\/p><\/li><li data-start=\"2587\" data-end=\"2620\"><p data-start=\"2589\" data-end=\"2620\">Sustentabilidade e inova\u00e7\u00e3o<\/p><\/li><li data-start=\"2587\" data-end=\"2620\">\u00a0<\/li><\/ul>\t\t\t\t\t\t\t\t<\/div>\n\t\t\t\t<\/div>\n\t\t\t\t<div class=\"elementor-element elementor-element-4d8356c elementor-widget elementor-widget-heading\" data-id=\"4d8356c\" data-element_type=\"widget\" data-e-type=\"widget\" data-widget_type=\"heading.default\">\n\t\t\t\t<div class=\"elementor-widget-container\">\n\t\t\t\t\t<h4 class=\"elementor-heading-title elementor-size-default\">Datas Principais<\/h4>\t\t\t\t<\/div>\n\t\t\t\t<\/div>\n\t\t\t\t<div class=\"elementor-element elementor-element-ddf05d5 elementor-widget elementor-widget-text-editor\" data-id=\"ddf05d5\" data-element_type=\"widget\" data-e-type=\"widget\" data-widget_type=\"text-editor.default\">\n\t\t\t\t<div class=\"elementor-widget-container\">\n\t\t\t\t\t\t\t\t\t<p data-start=\"1189\" data-end=\"1434\"><img decoding=\"async\" class=\"emoji\" role=\"img\" draggable=\"false\" src=\"https:\/\/s.w.org\/images\/core\/emoji\/17.0.2\/svg\/1f4c5.svg\" alt=\"\ud83d\udcc5\" \/> <strong data-start=\"1192\" data-end=\"1214\">Candidaturas abertas:<\/strong> a partir de agora at\u00e9 1 de julho de 2026<br data-start=\"1240\" data-end=\"1243\" \/><img decoding=\"async\" class=\"emoji\" role=\"img\" draggable=\"false\" src=\"https:\/\/s.w.org\/images\/core\/emoji\/17.0.2\/svg\/1f4e6.svg\" alt=\"\ud83d\udce6\" \/> <strong data-start=\"1246\" data-end=\"1274\">Entrega dos dummies finalistas: <\/strong>5 de agosto\u00a0<br data-start=\"1294\" data-end=\"1297\" \/><img decoding=\"async\" class=\"emoji\" role=\"img\" draggable=\"false\" src=\"https:\/\/s.w.org\/images\/core\/emoji\/17.0.2\/svg\/1f3c6.svg\" alt=\"\ud83c\udfc6\" \/> <strong data-start=\"1300\" data-end=\"1321\">An\u00fancio do vencedor:<\/strong> 15 de agosto<br \/><img decoding=\"async\" class=\"emoji\" style=\"background-color: #ffffff; letter-spacing: 0em;\" role=\"img\" draggable=\"false\" src=\"https:\/\/s.w.org\/images\/core\/emoji\/17.0.2\/svg\/1f4d6.svg\" alt=\"\ud83d\udcd6\" \/> <strong style=\"letter-spacing: 0em;\" data-start=\"1342\" data-end=\"1358\">Lan\u00e7amento do livro:<\/strong><span style=\"letter-spacing: 0em;\"> a ser anunciado brevemente<\/span><\/p><ol><li data-start=\"1189\" data-end=\"1434\"><img decoding=\"async\" class=\"emoji\" style=\"background-color: #ffffff; letter-spacing: 0em;\" role=\"img\" draggable=\"false\" src=\"https:\/\/s.w.org\/images\/core\/emoji\/17.0.2\/svg\/1f4b6.svg\" alt=\"\ud83d\udcb6\" \/> <strong style=\"letter-spacing: 0em;\" data-start=\"1402\" data-end=\"1416\">Taxa de inscri\u00e7\u00e3o:<\/strong><span style=\"letter-spacing: 0em;\"> 35 euros por projeto<\/span><\/li><li data-start=\"1189\" data-end=\"1434\">\u00a0<\/li><\/ol>\t\t\t\t\t\t\t\t<\/div>\n\t\t\t\t<\/div>\n\t\t\t\t\t<\/div>\n\t\t<\/div>\n\t\t\t\t<div class=\"elementor-column elementor-col-50 elementor-top-column elementor-element elementor-element-17f7064\" data-id=\"17f7064\" data-element_type=\"column\" data-e-type=\"column\">\n\t\t\t<div class=\"elementor-widget-wrap elementor-element-populated\">\n\t\t\t\t\t\t<div class=\"elementor-element elementor-element-e0400ca elementor-widget elementor-widget-image\" data-id=\"e0400ca\" data-element_type=\"widget\" data-e-type=\"widget\" data-widget_type=\"image.default\">\n\t\t\t\t<div class=\"elementor-widget-container\">\n\t\t\t\t\t\t\t\t\t\t\t\t\t\t\t<img decoding=\"async\" width=\"1024\" height=\"624\" src=\"https:\/\/festival262.com\/wp-content\/uploads\/2026\/04\/Captura-de-ecra-2026-04-21-as-16.59.02-1024x624.png\" class=\"attachment-large size-large wp-image-7533\" alt=\"\" srcset=\"https:\/\/festival262.com\/wp-content\/uploads\/2026\/04\/Captura-de-ecra-2026-04-21-as-16.59.02-1024x624.png 1024w, https:\/\/festival262.com\/wp-content\/uploads\/2026\/04\/Captura-de-ecra-2026-04-21-as-16.59.02-300x183.png 300w, https:\/\/festival262.com\/wp-content\/uploads\/2026\/04\/Captura-de-ecra-2026-04-21-as-16.59.02-768x468.png 768w, https:\/\/festival262.com\/wp-content\/uploads\/2026\/04\/Captura-de-ecra-2026-04-21-as-16.59.02-1536x936.png 1536w, https:\/\/festival262.com\/wp-content\/uploads\/2026\/04\/Captura-de-ecra-2026-04-21-as-16.59.02-18x12.png 18w, https:\/\/festival262.com\/wp-content\/uploads\/2026\/04\/Captura-de-ecra-2026-04-21-as-16.59.02-1320x804.png 1320w, https:\/\/festival262.com\/wp-content\/uploads\/2026\/04\/Captura-de-ecra-2026-04-21-as-16.59.02-24x15.png 24w, https:\/\/festival262.com\/wp-content\/uploads\/2026\/04\/Captura-de-ecra-2026-04-21-as-16.59.02-36x22.png 36w, https:\/\/festival262.com\/wp-content\/uploads\/2026\/04\/Captura-de-ecra-2026-04-21-as-16.59.02-48x29.png 48w, https:\/\/festival262.com\/wp-content\/uploads\/2026\/04\/Captura-de-ecra-2026-04-21-as-16.59.02-600x365.png 600w, https:\/\/festival262.com\/wp-content\/uploads\/2026\/04\/Captura-de-ecra-2026-04-21-as-16.59.02.png 1796w\" sizes=\"(max-width: 1024px) 100vw, 1024px\" \/>\t\t\t\t\t\t\t\t\t\t\t\t\t\t\t<\/div>\n\t\t\t\t<\/div>\n\t\t\t\t\t<\/div>\n\t\t<\/div>\n\t\t\t\t\t<\/div>\n\t\t<\/section>\n\t\t\t\t<section class=\"elementor-section elementor-top-section elementor-element elementor-element-093d422 elementor-section-boxed elementor-section-height-default elementor-section-height-default\" data-id=\"093d422\" data-element_type=\"section\" data-e-type=\"section\">\n\t\t\t\t\t\t<div class=\"elementor-container elementor-column-gap-default\">\n\t\t\t\t\t<div class=\"elementor-column elementor-col-100 elementor-top-column elementor-element elementor-element-e7f76fd\" data-id=\"e7f76fd\" data-element_type=\"column\" data-e-type=\"column\">\n\t\t\t<div class=\"elementor-widget-wrap elementor-element-populated\">\n\t\t\t\t\t\t<div class=\"elementor-element elementor-element-c8e9028 elementor-widget elementor-widget-heading\" data-id=\"c8e9028\" data-element_type=\"widget\" data-e-type=\"widget\" data-widget_type=\"heading.default\">\n\t\t\t\t<div class=\"elementor-widget-container\">\n\t\t\t\t\t<h4 class=\"elementor-heading-title elementor-size-default\">TIMELINE <\/h4>\t\t\t\t<\/div>\n\t\t\t\t<\/div>\n\t\t\t\t<div class=\"elementor-element elementor-element-947a0f2 elementor-widget elementor-widget-text-editor\" data-id=\"947a0f2\" data-element_type=\"widget\" data-e-type=\"widget\" data-widget_type=\"text-editor.default\">\n\t\t\t\t<div class=\"elementor-widget-container\">\n\t\t\t\t\t\t\t\t\t<table><thead><tr><th>Fase<\/th><th>Datas<\/th><th>Descri\u00e7\u00e3o<\/th><\/tr><\/thead><tbody><tr><td><strong>Open Call (Submiss\u00e3o de PDF)<\/strong><\/td><td>\u00a023 de abril \u2014 1 de julho<\/td><td>Apresenta\u00e7\u00e3o em linha atrav\u00e9s do formul\u00e1rio em <a href=\"https:\/\/festival262.com\/pt\/f-262-submission-form\/\">f262.pt<\/a>.<\/td><\/tr><tr><td><strong>Sess\u00e3o do J\u00fari (PDF Review)<\/strong><\/td><td>12 a 14 de julho<\/td><td>O j\u00fari re\u00fane-se nas Caldas da Rainha.<\/td><\/tr><tr><td><strong>Lista restrita anunciada<\/strong><\/td><td>15 de julho<\/td><td>Finalistas selecionados s\u00e3o convidados a enviar dummies f\u00edsicos.<\/td><\/tr><tr><td><strong>Prazo de entrega dos Dummies<\/strong><\/td><td>5 de agosto<\/td><td>Os dummies  dos finalistas t\u00eam de chegar a Portugal.<\/td><\/tr><tr><td><strong>An\u00fancio dos Pr\u00e9mios &amp; Abertura da Exposi\u00e7\u00e3o<\/strong><\/td><td>15 de agosto<\/td><td><p class=\"p1\">An\u00fancio p\u00fablico e exposi\u00e7\u00e3o dos Dummies Finalistas durante o festival.<\/p><\/td><\/tr><tr><td><strong>Lan\u00e7amento do livro &amp; Assinatura<\/strong><\/td><td>\u00a02026-2027<\/td><td><p class=\"p1\">Desenvolvimento e publica\u00e7\u00e3o do livro vencedor.<\/p><\/td><\/tr><\/tbody><\/table>\t\t\t\t\t\t\t\t<\/div>\n\t\t\t\t<\/div>\n\t\t\t\t\t<\/div>\n\t\t<\/div>\n\t\t\t\t\t<\/div>\n\t\t<\/section>\n\t\t\t\t<section class=\"elementor-section elementor-top-section elementor-element elementor-element-cb06759 elementor-section-boxed elementor-section-height-default elementor-section-height-default\" data-id=\"cb06759\" data-element_type=\"section\" data-e-type=\"section\">\n\t\t\t\t\t\t<div class=\"elementor-container elementor-column-gap-default\">\n\t\t\t\t\t<div class=\"elementor-column elementor-col-100 elementor-top-column elementor-element elementor-element-ce7c3ce\" data-id=\"ce7c3ce\" data-element_type=\"column\" data-e-type=\"column\">\n\t\t\t<div class=\"elementor-widget-wrap elementor-element-populated\">\n\t\t\t\t\t\t<div class=\"elementor-element elementor-element-2763f2f elementor-widget elementor-widget-heading\" data-id=\"2763f2f\" data-element_type=\"widget\" data-e-type=\"widget\" data-widget_type=\"heading.default\">\n\t\t\t\t<div class=\"elementor-widget-container\">\n\t\t\t\t\t<h4 class=\"elementor-heading-title elementor-size-default\">Como se candidatar<\/h4>\t\t\t\t<\/div>\n\t\t\t\t<\/div>\n\t\t\t\t<div class=\"elementor-element elementor-element-71dfce6 elementor-widget elementor-widget-text-editor\" data-id=\"71dfce6\" data-element_type=\"widget\" data-e-type=\"widget\" data-widget_type=\"text-editor.default\">\n\t\t\t\t<div class=\"elementor-widget-container\">\n\t\t\t\t\t\t\t\t\t<p data-start=\"3291\" data-end=\"3439\">\u00a0<\/p><p data-start=\"3291\" data-end=\"3439\">As candidaturas devem ser apresentadas atrav\u00e9s do formul\u00e1rio oficial em linha no seguinte endere\u00e7o: <strong data-start=\"3358\" data-end=\"3369\">f262.pt<\/strong>.<br data-start=\"3370\" data-end=\"3373\" \/>Todos os campos solicitados devem ser preenchidos para que a sua entrada seja v\u00e1lida.<\/p><h4 data-start=\"3441\" data-end=\"3477\">\u00a0<\/h4><h4 data-start=\"3441\" data-end=\"3477\">Etapa 1 \u2013 Preparar os materiais<\/h4><ul data-start=\"3478\" data-end=\"3778\"><li data-start=\"3478\" data-end=\"3560\"><p data-start=\"3480\" data-end=\"3560\"><strong data-start=\"3480\" data-end=\"3500\">PDF (m\u00e1x. 15 MB)<\/strong> \u2013 10 a 20 p\u00e1ginas duplas, incluindo capa e t\u00edtulo, com:<\/p><ul data-start=\"3478\" data-end=\"3778\"><li data-start=\"3478\" data-end=\"3560\"><strong data-start=\"3563\" data-end=\"3589\">Sinopse (\u2264 200 palavras)<\/strong><\/li><li data-start=\"3478\" data-end=\"3560\"><strong data-start=\"3594\" data-end=\"3621\">Biografia curta (\u2264 120 palavras)<\/strong>.<\/li><\/ul><\/li><li data-start=\"3695\" data-end=\"3778\"><strong>JPEG (m\u00e1x. 15 MB)<\/strong> \u2013 Autor Retrato<\/li><li data-start=\"3695\" data-end=\"3778\"><p data-start=\"3697\" data-end=\"3778\"><strong data-start=\"3697\" data-end=\"3721\">Confirma\u00e7\u00e3o do pagamento<\/strong> \u2013 taxa de inscri\u00e7\u00e3o de 35 euros por projecto.<\/p><\/li><\/ul><h4 data-start=\"3780\" data-end=\"3816\">\u00a0<\/h4><h4 data-start=\"3780\" data-end=\"3816\">Etapa 2 \u2013 Submeter o formul\u00e1rio online<\/h4><p data-start=\"3817\" data-end=\"3928\">Carregue os seus ficheiros e confirme o pagamento. Receber\u00e1 um <strong data-start=\"3875\" data-end=\"3897\">e-mail de confirma\u00e7\u00e3o<\/strong> com o seu n\u00famero de registo.<\/p><h4 data-start=\"3930\" data-end=\"3977\">\u00a0<\/h4><h4 data-start=\"3930\" data-end=\"3977\">Etapa 3 \u2013 Se for selecionado como finalista<\/h4><p data-start=\"3978\" data-end=\"4047\">Os finalistas enviar\u00e3o <strong data-start=\"3998\" data-end=\"4025\">uma c\u00f3pia fisica do Dummy<\/strong> para a sess\u00e3o do j\u00fari.<\/p><p data-start=\"4049\" data-end=\"4399\"><strong data-start=\"4049\" data-end=\"4071\">Prazo de entrega:<\/strong> 1 de julho de 2026<br data-start=\"4085\" data-end=\"4088\" \/><strong data-start=\"4088\" data-end=\"4106\">Rotular claramente:<\/strong> \u00abLIVRO SEM VALOR COMERCIAL\u00bb<br data-start=\"4138\" data-end=\"4141\" \/>Todas as despesas de expedi\u00e7\u00e3o e aduaneiras s\u00e3o da responsabilidade do requerente.<br data-start=\"4207\" data-end=\"4210\" \/>Se desejar que o seu Dummy seja devolvido, seleccione <strong data-start=\"4254\" data-end=\"4271\">op\u00e7\u00e3o de devolu\u00e7\u00e3o<\/strong> no formul\u00e1rio ou inclua o <strong data-start=\"4297\" data-end=\"4324\">envelope de devolu\u00e7\u00e3o pr\u00e9-pago<\/strong>.<br data-start=\"4325\" data-end=\"4328\" \/>A F\/262 n\u00e3o pode assumir a responsabilidade por materiais n\u00e3o devolvidos ou danificados.<\/p>\t\t\t\t\t\t\t\t<\/div>\n\t\t\t\t<\/div>\n\t\t\t\t<div class=\"elementor-element elementor-element-ee3ecdb elementor-align-center elementor-widget elementor-widget-button\" data-id=\"ee3ecdb\" data-element_type=\"widget\" data-e-type=\"widget\" data-widget_type=\"button.default\">\n\t\t\t\t<div class=\"elementor-widget-container\">\n\t\t\t\t\t\t\t\t\t<div class=\"elementor-button-wrapper\">\n\t\t\t\t\t<a class=\"elementor-button elementor-button-link elementor-size-sm\" href=\"https:\/\/festival262.com\/pt\/f-262-submission-form\/\">\n\t\t\t\t\t\t<span class=\"elementor-button-content-wrapper\">\n\t\t\t\t\t\t\t\t\t<span class=\"elementor-button-text\">Envie aqui o seu projecto<\/span>\n\t\t\t\t\t<\/span>\n\t\t\t\t\t<\/a>\n\t\t\t\t<\/div>\n\t\t\t\t\t\t\t\t<\/div>\n\t\t\t\t<\/div>\n\t\t\t\t\t<\/div>\n\t\t<\/div>\n\t\t\t\t\t<\/div>\n\t\t<\/section>\n\t\t\t\t<section class=\"elementor-section elementor-top-section elementor-element elementor-element-399b2da elementor-section-boxed elementor-section-height-default elementor-section-height-default\" data-id=\"399b2da\" data-element_type=\"section\" data-e-type=\"section\">\n\t\t\t\t\t\t<div class=\"elementor-container elementor-column-gap-default\">\n\t\t\t\t\t<div class=\"elementor-column elementor-col-100 elementor-top-column elementor-element elementor-element-50322e3\" data-id=\"50322e3\" data-element_type=\"column\" data-e-type=\"column\">\n\t\t\t<div class=\"elementor-widget-wrap elementor-element-populated\">\n\t\t\t\t\t\t<div class=\"elementor-element elementor-element-a61526d elementor-widget elementor-widget-heading\" data-id=\"a61526d\" data-element_type=\"widget\" data-e-type=\"widget\" data-widget_type=\"heading.default\">\n\t\t\t\t<div class=\"elementor-widget-container\">\n\t\t\t\t\t<h4 class=\"elementor-heading-title elementor-size-default\">Termos &amp; Condi\u00e7\u00f5es<\/h4>\t\t\t\t<\/div>\n\t\t\t\t<\/div>\n\t\t\t\t<div class=\"elementor-element elementor-element-ff1d7b8 elementor-widget elementor-widget-text-editor\" data-id=\"ff1d7b8\" data-element_type=\"widget\" data-e-type=\"widget\" data-widget_type=\"text-editor.default\">\n\t\t\t\t<div class=\"elementor-widget-container\">\n\t\t\t\t\t\t\t\t\t<p data-start=\"4435\" data-end=\"4552\"><strong data-start=\"4435\" data-end=\"4450\">Elegibilidade<\/strong> \u2013 Aberto a n\u00edvel internacional; Os projetos devem ser in\u00e9ditos. N\u00e3o h\u00e1 limite individual de entradas por autor (taxas separadas).<\/p><ol data-start=\"4432\" data-end=\"5302\"><li data-start=\"4553\" data-end=\"4606\"><p data-start=\"4556\" data-end=\"4606\"><strong data-start=\"4556\" data-end=\"4569\">Taxa de inscri\u00e7\u00e3o<\/strong> \u2013 35 euros por projecto; n\u00e3o reembols\u00e1vel.<\/p><\/li><li data-start=\"4607\" data-end=\"4724\"><p data-start=\"4610\" data-end=\"4724\"><strong data-start=\"4610\" data-end=\"4626\">Processo do J\u00fari<\/strong> \u2013 Painel independente; decis\u00f5es finais. Crit\u00e9rios: narrativa, conce\u00e7\u00e3o, viabilidade, sustentabilidade.<\/p><\/li><li data-start=\"4725\" data-end=\"4879\"><p data-start=\"4728\" data-end=\"4879\"><strong data-start=\"4728\" data-end=\"4737\">Pr\u00e9mio<\/strong> \u2013 Vencedor \u00fanico recebe produ\u00e7\u00e3o de 262 exemplares; Necess\u00e1rio colabora\u00e7\u00e3o com o F\/262 + editor<br \/><strong data-start=\"4883\" data-end=\"4904\">Direitos de Autor &amp; Utiliza\u00e7\u00e3o<\/strong> \u2013 Os autores conservam todos os direitos; ao submeter, os participantes autorizam a utiliza\u00e7\u00e3o promocional de imagens e informa\u00e7\u00f5es relacionadas com o pr\u00e9mio e o festival.<\/p><\/li><li data-start=\"5047\" data-end=\"5229\"><p data-start=\"5050\" data-end=\"5229\"><strong data-start=\"5050\" data-end=\"5077\">Responsabilidade material<\/strong> \u2013 Livros tratados com cuidado, mas a F\/262 n\u00e3o \u00e9 respons\u00e1vel por perdas ou danos durante o transporte ou a exposi\u00e7\u00e3o. A devolu\u00e7\u00e3o \u00e9 da responsabilidade do autor.<\/p><\/li><li data-start=\"5230\" data-end=\"5302\"><p data-start=\"5233\" data-end=\"5302\"><strong data-start=\"5233\" data-end=\"5247\">Aceita\u00e7\u00e3o<\/strong> \u2013 A apresenta\u00e7\u00e3o implica a plena aceita\u00e7\u00e3o das presentes condi\u00e7\u00f5es.<\/p><\/li><\/ol>\t\t\t\t\t\t\t\t<\/div>\n\t\t\t\t<\/div>\n\t\t\t\t\t<\/div>\n\t\t<\/div>\n\t\t\t\t\t<\/div>\n\t\t<\/section>\n\t\t\t\t<section class=\"elementor-section elementor-top-section elementor-element elementor-element-ec3642f elementor-section-boxed elementor-section-height-default elementor-section-height-default\" data-id=\"ec3642f\" data-element_type=\"section\" data-e-type=\"section\">\n\t\t\t\t\t\t<div class=\"elementor-container elementor-column-gap-default\">\n\t\t\t\t\t<div class=\"elementor-column elementor-col-100 elementor-top-column elementor-element elementor-element-2703ba2\" data-id=\"2703ba2\" data-element_type=\"column\" data-e-type=\"column\">\n\t\t\t<div class=\"elementor-widget-wrap elementor-element-populated\">\n\t\t\t\t\t\t<div class=\"elementor-element elementor-element-7d225dc elementor-widget elementor-widget-heading\" data-id=\"7d225dc\" data-element_type=\"widget\" data-e-type=\"widget\" data-widget_type=\"heading.default\">\n\t\t\t\t<div class=\"elementor-widget-container\">\n\t\t\t\t\t<h4 class=\"elementor-heading-title elementor-size-default\">FAQ<\/h4>\t\t\t\t<\/div>\n\t\t\t\t<\/div>\n\t\t\t\t\t<\/div>\n\t\t<\/div>\n\t\t\t\t\t<\/div>\n\t\t<\/section>\n\t\t\t\t<section class=\"elementor-section elementor-top-section elementor-element elementor-element-845d1f1 elementor-section-boxed elementor-section-height-default elementor-section-height-default\" data-id=\"845d1f1\" data-element_type=\"section\" data-e-type=\"section\">\n\t\t\t\t\t\t<div class=\"elementor-container elementor-column-gap-default\">\n\t\t\t\t\t<div class=\"elementor-column elementor-col-100 elementor-top-column elementor-element elementor-element-a287860\" data-id=\"a287860\" data-element_type=\"column\" data-e-type=\"column\">\n\t\t\t<div class=\"elementor-widget-wrap elementor-element-populated\">\n\t\t\t\t\t\t<div class=\"elementor-element elementor-element-44c9446 elementor-widget elementor-widget-eael-adv-accordion\" data-id=\"44c9446\" data-element_type=\"widget\" data-e-type=\"widget\" data-widget_type=\"eael-adv-accordion.default\">\n\t\t\t\t<div class=\"elementor-widget-container\">\n\t\t\t\t\t            <div class=\"eael-adv-accordion\" id=\"eael-adv-accordion-44c9446\" data-scroll-on-click=\"no\" data-scroll-speed=\"300\" data-accordion-id=\"44c9446\" data-accordion-type=\"accordion\" data-toogle-speed=\"300\">\n            <div class=\"eael-accordion-list\">\n\t\t\t\t\t<div id=\"what-qualifies-as-unpublished\" class=\"elementor-tab-title eael-accordion-header\" tabindex=\"0\" data-tab=\"1\" aria-controls=\"elementor-tab-content-7211\"><span class=\"eael-advanced-accordion-icon-closed\"><i aria-hidden=\"true\" class=\"fa-accordion-icon fas fa-plus\"><\/i><\/span><span class=\"eael-advanced-accordion-icon-opened\"><i aria-hidden=\"true\" class=\"fa-accordion-icon fas fa-minus\"><\/i><\/span><span class=\"eael-accordion-tab-title\">O que \u00e9 considerado \u00abn\u00e3o publicado\u00bb?<\/span><i aria-hidden=\"true\" class=\"fa-toggle fas fa-angle-right\"><\/i><\/div><div id=\"elementor-tab-content-7211\" class=\"eael-accordion-content clearfix\" data-tab=\"1\" aria-labelledby=\"what-qualifies-as-unpublished\"><p>Um livro que n\u00e3o foi lan\u00e7ado ou distribu\u00eddo comercialmente. As edi\u00e7\u00f5es autopublicadas de \u2264 100 c\u00f3pias ou edi\u00e7\u00f5es digitais continuam a ser eleg\u00edveis.<\/p><\/div>\n\t\t\t\t\t<\/div><div class=\"eael-accordion-list\">\n\t\t\t\t\t<div id=\"do-i-have-to-send-a-physical-dummy-immediately\" class=\"elementor-tab-title eael-accordion-header\" tabindex=\"0\" data-tab=\"2\" aria-controls=\"elementor-tab-content-7212\"><span class=\"eael-advanced-accordion-icon-closed\"><i aria-hidden=\"true\" class=\"fa-accordion-icon fas fa-plus\"><\/i><\/span><span class=\"eael-advanced-accordion-icon-opened\"><i aria-hidden=\"true\" class=\"fa-accordion-icon fas fa-minus\"><\/i><\/span><span class=\"eael-accordion-tab-title\">Tenho de enviar um dummy f\u00edsico imediatamente?<\/span><i aria-hidden=\"true\" class=\"fa-toggle fas fa-angle-right\"><\/i><\/div><div id=\"elementor-tab-content-7212\" class=\"eael-accordion-content clearfix\" data-tab=\"2\" aria-labelledby=\"do-i-have-to-send-a-physical-dummy-immediately\"><p>N\u00e3o. Todas as entradas come\u00e7am com uma submiss\u00e3o em PDF. Apenas os finalistas devem enviar um dummy f\u00edsico.<\/p><\/div>\n\t\t\t\t\t<\/div><div class=\"eael-accordion-list\">\n\t\t\t\t\t<div id=\"can-i-submit-more-than-one-project\" class=\"elementor-tab-title eael-accordion-header\" tabindex=\"0\" data-tab=\"3\" aria-controls=\"elementor-tab-content-7213\"><span class=\"eael-advanced-accordion-icon-closed\"><i aria-hidden=\"true\" class=\"fa-accordion-icon fas fa-plus\"><\/i><\/span><span class=\"eael-advanced-accordion-icon-opened\"><i aria-hidden=\"true\" class=\"fa-accordion-icon fas fa-minus\"><\/i><\/span><span class=\"eael-accordion-tab-title\">Posso apresentar mais do que um projecto?<\/span><i aria-hidden=\"true\" class=\"fa-toggle fas fa-angle-right\"><\/i><\/div><div id=\"elementor-tab-content-7213\" class=\"eael-accordion-content clearfix\" data-tab=\"3\" aria-labelledby=\"can-i-submit-more-than-one-project\"><p>Sim.\u00a0 N\u00e3o h\u00e1 limite individual de entradas por autor. Cada projecto requer um formul\u00e1rio e uma taxa separados.<\/p><\/div>\n\t\t\t\t\t<\/div><div class=\"eael-accordion-list\">\n\t\t\t\t\t<div id=\"are-there-limits-on-size-or-materials\" class=\"elementor-tab-title eael-accordion-header\" tabindex=\"0\" data-tab=\"4\" aria-controls=\"elementor-tab-content-7214\"><span class=\"eael-advanced-accordion-icon-closed\"><i aria-hidden=\"true\" class=\"fa-accordion-icon fas fa-plus\"><\/i><\/span><span class=\"eael-advanced-accordion-icon-opened\"><i aria-hidden=\"true\" class=\"fa-accordion-icon fas fa-minus\"><\/i><\/span><span class=\"eael-accordion-tab-title\">H\u00e1 limites de tamanho ou materiais?<\/span><i aria-hidden=\"true\" class=\"fa-toggle fas fa-angle-right\"><\/i><\/div><div id=\"elementor-tab-content-7214\" class=\"eael-accordion-content clearfix\" data-tab=\"4\" aria-labelledby=\"are-there-limits-on-size-or-materials\"><p>N\u00e3o h\u00e1 limites fixos, mas os projetos devem ser tecnicamente vi\u00e1veis para a produ\u00e7\u00e3o de livros.<\/p><\/div>\n\t\t\t\t\t<\/div><div class=\"eael-accordion-list\">\n\t\t\t\t\t<div id=\"can-i-include-text-or-mixed-media\" class=\"elementor-tab-title eael-accordion-header\" tabindex=\"0\" data-tab=\"5\" aria-controls=\"elementor-tab-content-7215\"><span class=\"eael-advanced-accordion-icon-closed\"><i aria-hidden=\"true\" class=\"fa-accordion-icon fas fa-plus\"><\/i><\/span><span class=\"eael-advanced-accordion-icon-opened\"><i aria-hidden=\"true\" class=\"fa-accordion-icon fas fa-minus\"><\/i><\/span><span class=\"eael-accordion-tab-title\">Posso incluir texto ou meios mistos?<\/span><i aria-hidden=\"true\" class=\"fa-toggle fas fa-angle-right\"><\/i><\/div><div id=\"elementor-tab-content-7215\" class=\"eael-accordion-content clearfix\" data-tab=\"5\" aria-labelledby=\"can-i-include-text-or-mixed-media\"><p>Sim \u2014 o texto, as inser\u00e7\u00f5es e os formatos mistos s\u00e3o bem-vindos se forem parte integrante do conceito.<\/p><\/div>\n\t\t\t\t\t<\/div><div class=\"eael-accordion-list\">\n\t\t\t\t\t<div id=\"can-a-collective-apply\" class=\"elementor-tab-title eael-accordion-header\" tabindex=\"0\" data-tab=\"6\" aria-controls=\"elementor-tab-content-7216\"><span class=\"eael-advanced-accordion-icon-closed\"><i aria-hidden=\"true\" class=\"fa-accordion-icon fas fa-plus\"><\/i><\/span><span class=\"eael-advanced-accordion-icon-opened\"><i aria-hidden=\"true\" class=\"fa-accordion-icon fas fa-minus\"><\/i><\/span><span class=\"eael-accordion-tab-title\">Um coletivo pode candidatar-se?<\/span><i aria-hidden=\"true\" class=\"fa-toggle fas fa-angle-right\"><\/i><\/div><div id=\"elementor-tab-content-7216\" class=\"eael-accordion-content clearfix\" data-tab=\"6\" aria-labelledby=\"can-a-collective-apply\"><p>Sim. Liste todos os autores; forne\u00e7a um e-mail de contacto e endere\u00e7o de fatura\u00e7\u00e3o.<\/p><\/div>\n\t\t\t\t\t<\/div><div class=\"eael-accordion-list\">\n\t\t\t\t\t<div id=\"will-my-dummy-be-returned\" class=\"elementor-tab-title eael-accordion-header\" tabindex=\"0\" data-tab=\"7\" aria-controls=\"elementor-tab-content-7217\"><span class=\"eael-advanced-accordion-icon-closed\"><i aria-hidden=\"true\" class=\"fa-accordion-icon fas fa-plus\"><\/i><\/span><span class=\"eael-advanced-accordion-icon-opened\"><i aria-hidden=\"true\" class=\"fa-accordion-icon fas fa-minus\"><\/i><\/span><span class=\"eael-accordion-tab-title\">O meu dummy ser\u00e1 devolvido?<\/span><i aria-hidden=\"true\" class=\"fa-toggle fas fa-angle-right\"><\/i><\/div><div id=\"elementor-tab-content-7217\" class=\"eael-accordion-content clearfix\" data-tab=\"7\" aria-labelledby=\"will-my-dummy-be-returned\"><p>Apenas se escolher a op\u00e7\u00e3o de devolu\u00e7\u00e3o e cobrir os custos de envio.<\/p><\/div>\n\t\t\t\t\t<\/div><div class=\"eael-accordion-list\">\n\t\t\t\t\t<div id=\"can-i-withdraw-my-entry\" class=\"elementor-tab-title eael-accordion-header\" tabindex=\"0\" data-tab=\"8\" aria-controls=\"elementor-tab-content-7218\"><span class=\"eael-advanced-accordion-icon-closed\"><i aria-hidden=\"true\" class=\"fa-accordion-icon fas fa-plus\"><\/i><\/span><span class=\"eael-advanced-accordion-icon-opened\"><i aria-hidden=\"true\" class=\"fa-accordion-icon fas fa-minus\"><\/i><\/span><span class=\"eael-accordion-tab-title\">Posso retirar a minha entrada?<\/span><i aria-hidden=\"true\" class=\"fa-toggle fas fa-angle-right\"><\/i><\/div><div id=\"elementor-tab-content-7218\" class=\"eael-accordion-content clearfix\" data-tab=\"8\" aria-labelledby=\"can-i-withdraw-my-entry\"><p>Sim, mas as taxas de inscri\u00e7\u00e3o n\u00e3o s\u00e3o reembols\u00e1veis.<\/p><\/div>\n\t\t\t\t\t<\/div><div class=\"eael-accordion-list\">\n\t\t\t\t\t<div id=\"what-happens-if-i-win\" class=\"elementor-tab-title eael-accordion-header\" tabindex=\"0\" data-tab=\"9\" aria-controls=\"elementor-tab-content-7219\"><span class=\"eael-advanced-accordion-icon-closed\"><i aria-hidden=\"true\" class=\"fa-accordion-icon fas fa-plus\"><\/i><\/span><span class=\"eael-advanced-accordion-icon-opened\"><i aria-hidden=\"true\" class=\"fa-accordion-icon fas fa-minus\"><\/i><\/span><span class=\"eael-accordion-tab-title\">O que acontece se eu ganhar?<\/span><i aria-hidden=\"true\" class=\"fa-toggle fas fa-angle-right\"><\/i><\/div><div id=\"elementor-tab-content-7219\" class=\"eael-accordion-content clearfix\" data-tab=\"9\" aria-labelledby=\"what-happens-if-i-win\"><p>Trabalhar\u00e1 diretamente com o F\/262 e o parceiro editorial para finalizar a produ\u00e7\u00e3o e lan\u00e7ar o seu livro no festival.<\/p><\/div>\n\t\t\t\t\t<\/div><div class=\"eael-accordion-list\">\n\t\t\t\t\t<div id=\"who-owns-the-edition\" class=\"elementor-tab-title eael-accordion-header\" tabindex=\"0\" data-tab=\"10\" aria-controls=\"elementor-tab-content-72110\"><span class=\"eael-advanced-accordion-icon-closed\"><i aria-hidden=\"true\" class=\"fa-accordion-icon fas fa-plus\"><\/i><\/span><span class=\"eael-advanced-accordion-icon-opened\"><i aria-hidden=\"true\" class=\"fa-accordion-icon fas fa-minus\"><\/i><\/span><span class=\"eael-accordion-tab-title\">Quem \u00e9 o dono da edi\u00e7\u00e3o?<\/span><i aria-hidden=\"true\" class=\"fa-toggle fas fa-angle-right\"><\/i><\/div><div id=\"elementor-tab-content-72110\" class=\"eael-accordion-content clearfix\" data-tab=\"10\" aria-labelledby=\"who-owns-the-edition\"><p>Mant\u00e9m a autoria e os direitos de autor. A F\/262 e o editor gerem a produ\u00e7\u00e3o e a distribui\u00e7\u00e3o inicial em acordo consigo.<\/p><\/div>\n\t\t\t\t\t<\/div><\/div>\t\t\t\t<\/div>\n\t\t\t\t<\/div>\n\t\t\t\t<div class=\"elementor-element elementor-element-daf505e elementor-widget elementor-widget-shortcode\" data-id=\"daf505e\" data-element_type=\"widget\" data-e-type=\"widget\" data-widget_type=\"shortcode.default\">\n\t\t\t\t<div class=\"elementor-widget-container\">\n\t\t\t\t\t\t\t<div class=\"elementor-shortcode\">\t\t<div data-elementor-type=\"wp-post\" data-elementor-id=\"206\" class=\"elementor elementor-206\">\n\t\t\t\t\t\t<div class=\"elementor-section elementor-top-section elementor-element elementor-element-433e9d9 elementor-section-stretched footer-custom elementor-section-full_width elementor-section-height-default elementor-section-height-default\" data-id=\"433e9d9\" data-element_type=\"section\" data-e-type=\"section\" data-settings=\"{&quot;stretch_section&quot;:&quot;section-stretched&quot;,&quot;background_background&quot;:&quot;classic&quot;}\">\n\t\t\t\t\t\t<div class=\"elementor-container elementor-column-gap-no\">\n\t\t\t\t\t<div class=\"elementor-column elementor-col-100 elementor-top-column elementor-element elementor-element-4386f5f\" data-id=\"4386f5f\" data-element_type=\"column\" data-e-type=\"column\">\n\t\t\t<div class=\"elementor-widget-wrap elementor-element-populated\">\n\t\t\t\t\t\t<div class=\"elementor-section elementor-inner-section elementor-element elementor-element-ab81258 elementor-section-boxed elementor-section-height-default elementor-section-height-default\" data-id=\"ab81258\" data-element_type=\"section\" data-e-type=\"section\">\n\t\t\t\t\t\t<div class=\"elementor-container elementor-column-gap-wider\">\n\t\t\t\t\t<div class=\"elementor-column elementor-col-33 elementor-inner-column elementor-element elementor-element-abe660f\" data-id=\"abe660f\" data-element_type=\"column\" data-e-type=\"column\">\n\t\t\t<div class=\"elementor-widget-wrap elementor-element-populated\">\n\t\t\t\t\t\t<div class=\"elementor-element elementor-element-fdb18bb invert elementor-widget elementor-widget-heading\" data-id=\"fdb18bb\" data-element_type=\"widget\" data-e-type=\"widget\" data-widget_type=\"heading.default\">\n\t\t\t\t<div class=\"elementor-widget-container\">\n\t\t\t\t\t<h5 class=\"elementor-heading-title elementor-size-default\">Produzido por F\/262 &amp; Associa\u00e7\u00e3o F\/SOS<\/h5>\t\t\t\t<\/div>\n\t\t\t\t<\/div>\n\t\t\t\t<div class=\"elementor-element elementor-element-cd7b3b4 elementor-widget elementor-widget-spacer\" data-id=\"cd7b3b4\" data-element_type=\"widget\" data-e-type=\"widget\" data-widget_type=\"spacer.default\">\n\t\t\t\t<div class=\"elementor-widget-container\">\n\t\t\t\t\t\t\t<div class=\"elementor-spacer\">\n\t\t\t<div class=\"elementor-spacer-inner\"><\/div>\n\t\t<\/div>\n\t\t\t\t\t\t<\/div>\n\t\t\t\t<\/div>\n\t\t\t\t<div class=\"elementor-element elementor-element-a61036d elementor-widget elementor-widget-image\" data-id=\"a61036d\" data-element_type=\"widget\" data-e-type=\"widget\" data-widget_type=\"image.default\">\n\t\t\t\t<div class=\"elementor-widget-container\">\n\t\t\t\t\t\t\t\t\t\t\t\t\t\t\t\t<a href=\"https:\/\/festival262.com\/pt\/\">\n\t\t\t\t\t\t\t<img loading=\"lazy\" decoding=\"async\" width=\"1532\" height=\"436\" src=\"https:\/\/festival262.com\/wp-content\/uploads\/2019\/10\/F262-LOGO-COMPOSTO-COM-EFFE-WHITE-PT.svg\" class=\"attachment-full size-full wp-image-7626\" alt=\"\" \/>\t\t\t\t\t\t\t\t<\/a>\n\t\t\t\t\t\t\t\t\t\t\t\t\t\t\t<\/div>\n\t\t\t\t<\/div>\n\t\t\t\t<div class=\"elementor-element elementor-element-ec74c02 elementor-widget elementor-widget-spacer\" data-id=\"ec74c02\" data-element_type=\"widget\" data-e-type=\"widget\" data-widget_type=\"spacer.default\">\n\t\t\t\t<div class=\"elementor-widget-container\">\n\t\t\t\t\t\t\t<div class=\"elementor-spacer\">\n\t\t\t<div class=\"elementor-spacer-inner\"><\/div>\n\t\t<\/div>\n\t\t\t\t\t\t<\/div>\n\t\t\t\t<\/div>\n\t\t\t\t<div class=\"elementor-element elementor-element-155e5e2 elementor-widget elementor-widget-image\" data-id=\"155e5e2\" data-element_type=\"widget\" data-e-type=\"widget\" data-widget_type=\"image.default\">\n\t\t\t\t<div class=\"elementor-widget-container\">\n\t\t\t\t\t\t\t\t\t\t\t\t\t\t\t\t<a href=\"https:\/\/www.f-sos.org\" target=\"_blank\">\n\t\t\t\t\t\t\t<img loading=\"lazy\" decoding=\"async\" width=\"2560\" height=\"567\" src=\"https:\/\/festival262.com\/wp-content\/uploads\/2019\/10\/associacao-white-copy-scaled.png\" class=\"attachment-full size-full wp-image-5659\" alt=\"\" srcset=\"https:\/\/festival262.com\/wp-content\/uploads\/2019\/10\/associacao-white-copy-scaled.png 2560w, https:\/\/festival262.com\/wp-content\/uploads\/2019\/10\/associacao-white-copy-300x66.png 300w, https:\/\/festival262.com\/wp-content\/uploads\/2019\/10\/associacao-white-copy-1024x227.png 1024w, https:\/\/festival262.com\/wp-content\/uploads\/2019\/10\/associacao-white-copy-768x170.png 768w, https:\/\/festival262.com\/wp-content\/uploads\/2019\/10\/associacao-white-copy-1536x340.png 1536w, https:\/\/festival262.com\/wp-content\/uploads\/2019\/10\/associacao-white-copy-2048x453.png 2048w, https:\/\/festival262.com\/wp-content\/uploads\/2019\/10\/associacao-white-copy-1320x292.png 1320w, https:\/\/festival262.com\/wp-content\/uploads\/2019\/10\/associacao-white-copy-600x133.png 600w\" sizes=\"(max-width: 2560px) 100vw, 2560px\" \/>\t\t\t\t\t\t\t\t<\/a>\n\t\t\t\t\t\t\t\t\t\t\t\t\t\t\t<\/div>\n\t\t\t\t<\/div>\n\t\t\t\t<div class=\"elementor-element elementor-element-1c060c8 elementor-widget elementor-widget-image\" data-id=\"1c060c8\" data-element_type=\"widget\" data-e-type=\"widget\" data-widget_type=\"image.default\">\n\t\t\t\t<div class=\"elementor-widget-container\">\n\t\t\t\t\t\t\t\t\t\t\t\t\t\t\t\t<a href=\"https:\/\/www.websitecarbon.com\/website\/festival262-com\/\" target=\"_blank\">\n\t\t\t\t\t\t\t<img loading=\"lazy\" decoding=\"async\" width=\"728\" height=\"196\" src=\"https:\/\/festival262.com\/wp-content\/uploads\/2019\/10\/carbon-rating.png\" class=\"attachment-full size-full wp-image-5817\" alt=\"classifica\u00e7\u00e3o do carbono\" srcset=\"https:\/\/festival262.com\/wp-content\/uploads\/2019\/10\/carbon-rating.png 728w, https:\/\/festival262.com\/wp-content\/uploads\/2019\/10\/carbon-rating-300x81.png 300w, https:\/\/festival262.com\/wp-content\/uploads\/2019\/10\/carbon-rating-600x162.png 600w\" sizes=\"(max-width: 728px) 100vw, 728px\" \/>\t\t\t\t\t\t\t\t<\/a>\n\t\t\t\t\t\t\t\t\t\t\t\t\t\t\t<\/div>\n\t\t\t\t<\/div>\n\t\t\t\t\t<\/div>\n\t\t<\/div>\n\t\t\t\t<div class=\"elementor-column elementor-col-33 elementor-inner-column elementor-element elementor-element-af8a3fd\" data-id=\"af8a3fd\" data-element_type=\"column\" data-e-type=\"column\">\n\t\t\t<div class=\"elementor-widget-wrap elementor-element-populated\">\n\t\t\t\t\t\t<div class=\"elementor-element elementor-element-cbd4305 invert elementor-widget elementor-widget-heading\" data-id=\"cbd4305\" data-element_type=\"widget\" data-e-type=\"widget\" data-widget_type=\"heading.default\">\n\t\t\t\t<div class=\"elementor-widget-container\">\n\t\t\t\t\t<h5 class=\"elementor-heading-title elementor-size-default\">Com o apoio de:<\/h5>\t\t\t\t<\/div>\n\t\t\t\t<\/div>\n\t\t\t\t<div class=\"elementor-element elementor-element-6e61efe elementor-widget elementor-widget-spacer\" data-id=\"6e61efe\" data-element_type=\"widget\" data-e-type=\"widget\" data-widget_type=\"spacer.default\">\n\t\t\t\t<div class=\"elementor-widget-container\">\n\t\t\t\t\t\t\t<div class=\"elementor-spacer\">\n\t\t\t<div class=\"elementor-spacer-inner\"><\/div>\n\t\t<\/div>\n\t\t\t\t\t\t<\/div>\n\t\t\t\t<\/div>\n\t\t\t\t<div class=\"elementor-element elementor-element-8f9d706 elementor-widget elementor-widget-image\" data-id=\"8f9d706\" data-element_type=\"widget\" data-e-type=\"widget\" data-widget_type=\"image.default\">\n\t\t\t\t<div class=\"elementor-widget-container\">\n\t\t\t\t\t\t\t\t\t\t\t\t\t\t\t\t<a href=\"https:\/\/www.mcr.pt\" target=\"_blank\">\n\t\t\t\t\t\t\t<img loading=\"lazy\" decoding=\"async\" width=\"600\" height=\"363\" src=\"https:\/\/festival262.com\/wp-content\/uploads\/2019\/10\/cmcr.png.webp\" class=\"attachment-full size-full wp-image-5603\" alt=\"\" srcset=\"https:\/\/festival262.com\/wp-content\/uploads\/2019\/10\/cmcr.png.webp 600w, https:\/\/festival262.com\/wp-content\/uploads\/2019\/10\/cmcr.png-300x182.webp 300w\" sizes=\"(max-width: 600px) 100vw, 600px\" \/>\t\t\t\t\t\t\t\t<\/a>\n\t\t\t\t\t\t\t\t\t\t\t\t\t\t\t<\/div>\n\t\t\t\t<\/div>\n\t\t\t\t\t<\/div>\n\t\t<\/div>\n\t\t\t\t<div class=\"elementor-column elementor-col-33 elementor-inner-column elementor-element elementor-element-3840b6d\" data-id=\"3840b6d\" data-element_type=\"column\" data-e-type=\"column\">\n\t\t\t<div class=\"elementor-widget-wrap elementor-element-populated\">\n\t\t\t\t\t\t<div class=\"elementor-element elementor-element-c63d851 invert elementor-widget elementor-widget-heading\" data-id=\"c63d851\" data-element_type=\"widget\" data-e-type=\"widget\" data-widget_type=\"heading.default\">\n\t\t\t\t<div class=\"elementor-widget-container\">\n\t\t\t\t\t<h5 class=\"elementor-heading-title elementor-size-default\">Maio \u2013 setembro de 2026<br>\nCaldas da Rainha Portugal<\/h5>\t\t\t\t<\/div>\n\t\t\t\t<\/div>\n\t\t\t\t<div class=\"elementor-element elementor-element-3636f02 elementor-widget elementor-widget-spacer\" data-id=\"3636f02\" data-element_type=\"widget\" data-e-type=\"widget\" data-widget_type=\"spacer.default\">\n\t\t\t\t<div class=\"elementor-widget-container\">\n\t\t\t\t\t\t\t<div class=\"elementor-spacer\">\n\t\t\t<div class=\"elementor-spacer-inner\"><\/div>\n\t\t<\/div>\n\t\t\t\t\t\t<\/div>\n\t\t\t\t<\/div>\n\t\t\t\t<div class=\"elementor-element elementor-element-6b32ea3 elementor-widget elementor-widget-heading\" data-id=\"6b32ea3\" data-element_type=\"widget\" data-e-type=\"widget\" data-widget_type=\"heading.default\">\n\t\t\t\t<div class=\"elementor-widget-container\">\n\t\t\t\t\t<h5 class=\"elementor-heading-title elementor-size-default\">Sobre o F\/262\n<\/h5>\t\t\t\t<\/div>\n\t\t\t\t<\/div>\n\t\t\t\t<div class=\"elementor-element elementor-element-0430d04 elementor-widget elementor-widget-text-editor\" data-id=\"0430d04\" data-element_type=\"widget\" data-e-type=\"widget\" data-widget_type=\"text-editor.default\">\n\t\t\t\t<div class=\"elementor-widget-container\">\n\t\t\t\t\t\t\t\t\t<p data-start=\"431\" data-end=\"686\">O F\/262 \u00e9 um festival internacional de fotografia enraizado nas Caldas da Rainha, Portugal.<br data-start=\"526\" data-end=\"529\" \/>Atrav\u00e9s de exposi\u00e7\u00f5es, palestras, educa\u00e7\u00e3o e instala\u00e7\u00f5es p\u00fablicas, o festival envolve a fotografia contempor\u00e2nea com o local, a comunidade e o mundo que partilhamos.<\/p><p data-start=\"688\" data-end=\"718\">\u00a0<\/p>\t\t\t\t\t\t\t\t<\/div>\n\t\t\t\t<\/div>\n\t\t\t\t<div class=\"elementor-element elementor-element-1251943 elementor-widget elementor-widget-spacer\" data-id=\"1251943\" data-element_type=\"widget\" data-e-type=\"widget\" data-widget_type=\"spacer.default\">\n\t\t\t\t<div class=\"elementor-widget-container\">\n\t\t\t\t\t\t\t<div class=\"elementor-spacer\">\n\t\t\t<div class=\"elementor-spacer-inner\"><\/div>\n\t\t<\/div>\n\t\t\t\t\t\t<\/div>\n\t\t\t\t<\/div>\n\t\t\t\t\t<\/div>\n\t\t<\/div>\n\t\t\t\t\t<\/div>\n\t\t<\/div>\n\t\t\t\t<section class=\"elementor-section elementor-inner-section elementor-element elementor-element-0e3f8f2 elementor-section-boxed elementor-section-height-default elementor-section-height-default\" data-id=\"0e3f8f2\" data-element_type=\"section\" data-e-type=\"section\">\n\t\t\t\t\t\t<div class=\"elementor-container elementor-column-gap-default\">\n\t\t\t\t\t<div class=\"elementor-column elementor-col-50 elementor-inner-column elementor-element elementor-element-65aff90\" data-id=\"65aff90\" data-element_type=\"column\" data-e-type=\"column\">\n\t\t\t<div class=\"elementor-widget-wrap elementor-element-populated\">\n\t\t\t\t\t\t<div class=\"elementor-element elementor-element-c895301 hfe-nav-menu__breakpoint-none hfe-nav-menu__align-left hfe-submenu-icon-arrow hfe-submenu-animation-none hfe-link-redirect-child elementor-widget elementor-widget-navigation-menu\" data-id=\"c895301\" data-element_type=\"widget\" data-e-type=\"widget\" data-settings=\"{&quot;padding_horizontal_menu_item&quot;:{&quot;unit&quot;:&quot;px&quot;,&quot;size&quot;:15,&quot;sizes&quot;:[]},&quot;padding_horizontal_menu_item_tablet&quot;:{&quot;unit&quot;:&quot;px&quot;,&quot;size&quot;:&quot;&quot;,&quot;sizes&quot;:[]},&quot;padding_horizontal_menu_item_mobile&quot;:{&quot;unit&quot;:&quot;px&quot;,&quot;size&quot;:&quot;&quot;,&quot;sizes&quot;:[]},&quot;padding_vertical_menu_item&quot;:{&quot;unit&quot;:&quot;px&quot;,&quot;size&quot;:15,&quot;sizes&quot;:[]},&quot;padding_vertical_menu_item_tablet&quot;:{&quot;unit&quot;:&quot;px&quot;,&quot;size&quot;:&quot;&quot;,&quot;sizes&quot;:[]},&quot;padding_vertical_menu_item_mobile&quot;:{&quot;unit&quot;:&quot;px&quot;,&quot;size&quot;:&quot;&quot;,&quot;sizes&quot;:[]},&quot;menu_space_between&quot;:{&quot;unit&quot;:&quot;px&quot;,&quot;size&quot;:&quot;&quot;,&quot;sizes&quot;:[]},&quot;menu_space_between_tablet&quot;:{&quot;unit&quot;:&quot;px&quot;,&quot;size&quot;:&quot;&quot;,&quot;sizes&quot;:[]},&quot;menu_space_between_mobile&quot;:{&quot;unit&quot;:&quot;px&quot;,&quot;size&quot;:&quot;&quot;,&quot;sizes&quot;:[]},&quot;menu_row_space&quot;:{&quot;unit&quot;:&quot;px&quot;,&quot;size&quot;:&quot;&quot;,&quot;sizes&quot;:[]},&quot;menu_row_space_tablet&quot;:{&quot;unit&quot;:&quot;px&quot;,&quot;size&quot;:&quot;&quot;,&quot;sizes&quot;:[]},&quot;menu_row_space_mobile&quot;:{&quot;unit&quot;:&quot;px&quot;,&quot;size&quot;:&quot;&quot;,&quot;sizes&quot;:[]},&quot;dropdown_border_radius&quot;:{&quot;unit&quot;:&quot;px&quot;,&quot;top&quot;:&quot;&quot;,&quot;right&quot;:&quot;&quot;,&quot;bottom&quot;:&quot;&quot;,&quot;left&quot;:&quot;&quot;,&quot;isLinked&quot;:true},&quot;dropdown_border_radius_tablet&quot;:{&quot;unit&quot;:&quot;px&quot;,&quot;top&quot;:&quot;&quot;,&quot;right&quot;:&quot;&quot;,&quot;bottom&quot;:&quot;&quot;,&quot;left&quot;:&quot;&quot;,&quot;isLinked&quot;:true},&quot;dropdown_border_radius_mobile&quot;:{&quot;unit&quot;:&quot;px&quot;,&quot;top&quot;:&quot;&quot;,&quot;right&quot;:&quot;&quot;,&quot;bottom&quot;:&quot;&quot;,&quot;left&quot;:&quot;&quot;,&quot;isLinked&quot;:true},&quot;width_dropdown_item&quot;:{&quot;unit&quot;:&quot;px&quot;,&quot;size&quot;:&quot;220&quot;,&quot;sizes&quot;:[]},&quot;width_dropdown_item_tablet&quot;:{&quot;unit&quot;:&quot;px&quot;,&quot;size&quot;:&quot;&quot;,&quot;sizes&quot;:[]},&quot;width_dropdown_item_mobile&quot;:{&quot;unit&quot;:&quot;px&quot;,&quot;size&quot;:&quot;&quot;,&quot;sizes&quot;:[]},&quot;padding_horizontal_dropdown_item&quot;:{&quot;unit&quot;:&quot;px&quot;,&quot;size&quot;:&quot;&quot;,&quot;sizes&quot;:[]},&quot;padding_horizontal_dropdown_item_tablet&quot;:{&quot;unit&quot;:&quot;px&quot;,&quot;size&quot;:&quot;&quot;,&quot;sizes&quot;:[]},&quot;padding_horizontal_dropdown_item_mobile&quot;:{&quot;unit&quot;:&quot;px&quot;,&quot;size&quot;:&quot;&quot;,&quot;sizes&quot;:[]},&quot;padding_vertical_dropdown_item&quot;:{&quot;unit&quot;:&quot;px&quot;,&quot;size&quot;:15,&quot;sizes&quot;:[]},&quot;padding_vertical_dropdown_item_tablet&quot;:{&quot;unit&quot;:&quot;px&quot;,&quot;size&quot;:&quot;&quot;,&quot;sizes&quot;:[]},&quot;padding_vertical_dropdown_item_mobile&quot;:{&quot;unit&quot;:&quot;px&quot;,&quot;size&quot;:&quot;&quot;,&quot;sizes&quot;:[]},&quot;distance_from_menu&quot;:{&quot;unit&quot;:&quot;px&quot;,&quot;size&quot;:&quot;&quot;,&quot;sizes&quot;:[]},&quot;distance_from_menu_tablet&quot;:{&quot;unit&quot;:&quot;px&quot;,&quot;size&quot;:&quot;&quot;,&quot;sizes&quot;:[]},&quot;distance_from_menu_mobile&quot;:{&quot;unit&quot;:&quot;px&quot;,&quot;size&quot;:&quot;&quot;,&quot;sizes&quot;:[]},&quot;toggle_size&quot;:{&quot;unit&quot;:&quot;px&quot;,&quot;size&quot;:&quot;&quot;,&quot;sizes&quot;:[]},&quot;toggle_size_tablet&quot;:{&quot;unit&quot;:&quot;px&quot;,&quot;size&quot;:&quot;&quot;,&quot;sizes&quot;:[]},&quot;toggle_size_mobile&quot;:{&quot;unit&quot;:&quot;px&quot;,&quot;size&quot;:&quot;&quot;,&quot;sizes&quot;:[]},&quot;toggle_border_width&quot;:{&quot;unit&quot;:&quot;px&quot;,&quot;size&quot;:&quot;&quot;,&quot;sizes&quot;:[]},&quot;toggle_border_width_tablet&quot;:{&quot;unit&quot;:&quot;px&quot;,&quot;size&quot;:&quot;&quot;,&quot;sizes&quot;:[]},&quot;toggle_border_width_mobile&quot;:{&quot;unit&quot;:&quot;px&quot;,&quot;size&quot;:&quot;&quot;,&quot;sizes&quot;:[]},&quot;toggle_border_radius&quot;:{&quot;unit&quot;:&quot;px&quot;,&quot;size&quot;:&quot;&quot;,&quot;sizes&quot;:[]},&quot;toggle_border_radius_tablet&quot;:{&quot;unit&quot;:&quot;px&quot;,&quot;size&quot;:&quot;&quot;,&quot;sizes&quot;:[]},&quot;toggle_border_radius_mobile&quot;:{&quot;unit&quot;:&quot;px&quot;,&quot;size&quot;:&quot;&quot;,&quot;sizes&quot;:[]}}\" data-widget_type=\"navigation-menu.default\">\n\t\t\t\t<div class=\"elementor-widget-container\">\n\t\t\t\t\t\t\t\t<div class=\"hfe-nav-menu hfe-layout-horizontal hfe-nav-menu-layout horizontal hfe-pointer__none\" data-layout=\"horizontal\">\n\t\t\t\t<div role=\"button\" class=\"hfe-nav-menu__toggle elementor-clickable\" tabindex=\"0\" aria-label=\"Menu Alternar\">\n\t\t\t\t\t<span class=\"screen-reader-text\">Menu<\/span>\n\t\t\t\t\t<div class=\"hfe-nav-menu-icon\">\n\t\t\t\t\t\t\t\t\t\t\t<\/div>\n\t\t\t\t<\/div>\n\t\t\t\t<nav class=\"hfe-nav-menu__layout-horizontal hfe-nav-menu__submenu-arrow\" data-toggle-icon=\"\" data-close-icon=\"\" data-full-width=\"\">\n\t\t\t\t\t<ul id=\"menu-1-c895301\" class=\"hfe-nav-menu\"><li id=\"menu-item-6609\" class=\"menu-item menu-item-type-post_type menu-item-object-page parent hfe-creative-menu\"><a href=\"https:\/\/festival262.com\/pt\/privacy-policy\/\" class = \"hfe-menu-item\">Pol\u00edtica de privacidade<\/a><\/li>\n<li id=\"menu-item-6610\" class=\"menu-item menu-item-type-post_type menu-item-object-page parent hfe-creative-menu\"><a href=\"https:\/\/festival262.com\/pt\/terms-of-service\/\" class = \"hfe-menu-item\">Termos de Servi\u00e7o<\/a><\/li>\n<li id=\"menu-item-6611\" class=\"menu-item menu-item-type-post_type menu-item-object-page parent hfe-creative-menu\"><a href=\"https:\/\/festival262.com\/pt\/competition-rules-terms-of-entry\/\" class = \"hfe-menu-item\">Regras da Competi\u00e7\u00e3o &amp; Termos de Entrada<\/a><\/li>\n<\/ul> \n\t\t\t\t<\/nav>\n\t\t\t<\/div>\n\t\t\t\t\t\t\t<\/div>\n\t\t\t\t<\/div>\n\t\t\t\t\t<\/div>\n\t\t<\/div>\n\t\t\t\t<div class=\"elementor-column elementor-col-50 elementor-inner-column elementor-element elementor-element-e840057\" data-id=\"e840057\" data-element_type=\"column\" data-e-type=\"column\">\n\t\t\t<div class=\"elementor-widget-wrap elementor-element-populated\">\n\t\t\t\t\t\t<div class=\"elementor-element elementor-element-c368a16 footer-soc-icon elementor-shape-circle e-grid-align-right e-grid-align-mobile-center elementor-grid-0 elementor-widget elementor-widget-social-icons\" data-id=\"c368a16\" data-element_type=\"widget\" data-e-type=\"widget\" data-widget_type=\"social-icons.default\">\n\t\t\t\t<div class=\"elementor-widget-container\">\n\t\t\t\t\t\t\t<div class=\"elementor-social-icons-wrapper elementor-grid\" role=\"list\">\n\t\t\t\t\t\t\t<span class=\"elementor-grid-item\" role=\"listitem\">\n\t\t\t\t\t<a class=\"elementor-icon elementor-social-icon elementor-social-icon-instagram elementor-repeater-item-a3788bb\" href=\"https:\/\/www.instagram.com\/festival.262\" target=\"_blank\">\n\t\t\t\t\t\t<span class=\"elementor-screen-only\">Instagram<\/span>\n\t\t\t\t\t\t<i aria-hidden=\"true\" class=\"fab fa-instagram\"><\/i>\t\t\t\t\t<\/a>\n\t\t\t\t<\/span>\n\t\t\t\t\t\t\t<span class=\"elementor-grid-item\" role=\"listitem\">\n\t\t\t\t\t<a class=\"elementor-icon elementor-social-icon elementor-social-icon-linkedin elementor-repeater-item-0a1b6fe\" href=\"https:\/\/www.linkedin.com\/company\/associacao-f-sos-fotografia-solidariedade-e-obras-sociais\/\" target=\"_blank\">\n\t\t\t\t\t\t<span class=\"elementor-screen-only\">Linkedin<\/span>\n\t\t\t\t\t\t<i aria-hidden=\"true\" class=\"fab fa-linkedin\"><\/i>\t\t\t\t\t<\/a>\n\t\t\t\t<\/span>\n\t\t\t\t\t\t\t<span class=\"elementor-grid-item\" role=\"listitem\">\n\t\t\t\t\t<a class=\"elementor-icon elementor-social-icon elementor-social-icon-youtube elementor-repeater-item-f3c97f5\" href=\"https:\/\/www.youtube.com\/@F262PhotographyFestival\" target=\"_blank\">\n\t\t\t\t\t\t<span class=\"elementor-screen-only\">Youtube<\/span>\n\t\t\t\t\t\t<i aria-hidden=\"true\" class=\"fab fa-youtube\"><\/i>\t\t\t\t\t<\/a>\n\t\t\t\t<\/span>\n\t\t\t\t\t<\/div>\n\t\t\t\t\t\t<\/div>\n\t\t\t\t<\/div>\n\t\t\t\t\t<\/div>\n\t\t<\/div>\n\t\t\t\t\t<\/div>\n\t\t<\/section>\n\t\t\t\t<div class=\"elementor-section elementor-inner-section elementor-element elementor-element-21d4a88 elementor-section-boxed elementor-section-height-default elementor-section-height-default\" data-id=\"21d4a88\" data-element_type=\"section\" data-e-type=\"section\">\n\t\t\t\t\t\t<div class=\"elementor-container elementor-column-gap-no\">\n\t\t\t\t\t<div class=\"elementor-column elementor-col-100 elementor-inner-column elementor-element elementor-element-37fbc21\" data-id=\"37fbc21\" data-element_type=\"column\" data-e-type=\"column\">\n\t\t\t<div class=\"elementor-widget-wrap elementor-element-populated\">\n\t\t\t\t\t\t<div class=\"elementor-element elementor-element-fe6ceda copyright-footer elementor-widget elementor-widget-text-editor\" data-id=\"fe6ceda\" data-element_type=\"widget\" data-e-type=\"widget\" data-widget_type=\"text-editor.default\">\n\t\t\t\t<div class=\"elementor-widget-container\">\n\t\t\t\t\t\t\t\t\t<p>\u00a92026 F\/262 \u2013 Festival Internacional de Fotografia<br \/>Produzido por <a href=\"https:\/\/www.f-sos.org\" target=\"_blank\" rel=\"noopener\">Associa\u00e7\u00e3o F\/SOS \u2013 Fotografia, Solidariedade e Obras Sociais<\/a><\/p>\t\t\t\t\t\t\t\t<\/div>\n\t\t\t\t<\/div>\n\t\t\t\t\t<\/div>\n\t\t<\/div>\n\t\t\t\t\t<\/div>\n\t\t<\/div>\n\t\t\t\t\t<\/div>\n\t\t<\/div>\n\t\t\t\t\t<\/div>\n\t\t<\/div>\n\t\t\t\t<\/div>\n\t\t<\/div>\n\t\t\t\t\t\t<\/div>\n\t\t\t\t<\/div>\n\t\t\t\t\t<\/div>\n\t\t<\/div>\n\t\t\t\t\t<\/div>\n\t\t<\/section>\n\t\t\t\t<section class=\"elementor-section elementor-top-section elementor-element elementor-element-200f77a elementor-section-boxed elementor-section-height-default elementor-section-height-default\" data-id=\"200f77a\" data-element_type=\"section\" data-e-type=\"section\">\n\t\t\t\t\t\t<div class=\"elementor-container elementor-column-gap-default\">\n\t\t\t\t\t<div class=\"elementor-column elementor-col-100 elementor-top-column elementor-element elementor-element-f75eba3\" data-id=\"f75eba3\" data-element_type=\"column\" data-e-type=\"column\">\n\t\t\t<div class=\"elementor-widget-wrap elementor-element-populated\">\n\t\t\t\t\t\t<div class=\"elementor-element elementor-element-3d06c82 elementor-widget elementor-widget-text-editor\" data-id=\"3d06c82\" data-element_type=\"widget\" data-e-type=\"widget\" data-widget_type=\"text-editor.default\">\n\t\t\t\t<div class=\"elementor-widget-container\">\n\t\t\t\t\t\t\t\t\t<p>Lorem ipsum dolor sit amet, consectetur adipiscing elit. Ut elit tellus, luctus nec ullamcorper mattis, pulvinar dapibus leo.<\/p>\t\t\t\t\t\t\t\t<\/div>\n\t\t\t\t<\/div>\n\t\t\t\t\t<\/div>\n\t\t<\/div>\n\t\t\t\t\t<\/div>\n\t\t<\/section>\n\t\t\t\t<section class=\"elementor-section elementor-top-section elementor-element elementor-element-d4df4fe elementor-section-boxed elementor-section-height-default elementor-section-height-default\" data-id=\"d4df4fe\" data-element_type=\"section\" data-e-type=\"section\">\n\t\t\t\t\t\t<div class=\"elementor-container elementor-column-gap-default\">\n\t\t\t\t\t<div class=\"elementor-column elementor-col-100 elementor-top-column elementor-element elementor-element-4e65423\" data-id=\"4e65423\" data-element_type=\"column\" data-e-type=\"column\">\n\t\t\t<div class=\"elementor-widget-wrap\">\n\t\t\t\t\t\t\t<\/div>\n\t\t<\/div>\n\t\t\t\t\t<\/div>\n\t\t<\/section>\n\t\t\t\t<\/div>","protected":false},"excerpt":{"rendered":"<p>F\/262 Photo Book Award From image to object. From story to print. About the Award The F\/262 Photo Book Award honors the best unpublished photobook project of the year.It celebrates the book as one of the most intimate and enduring forms of photographic expression \u2014 where concept, design, and material come together as narrative. Each [&hellip;]<\/p>","protected":false},"author":6,"featured_media":0,"parent":0,"menu_order":0,"comment_status":"closed","ping_status":"closed","template":"","meta":{"_acf_changed":false,"footnotes":""},"class_list":["post-4568","page","type-page","status-publish","hentry"],"acf":[],"yoast_head":"<!-- This site is optimized with the Yoast SEO plugin v27.5 - https:\/\/yoast.com\/product\/yoast-seo-wordpress\/ -->\n<title>Photo Book award - F\/262 Festival Internacional de Fotografia<\/title>\n<meta name=\"robots\" content=\"index, follow, max-snippet:-1, max-image-preview:large, max-video-preview:-1\" \/>\n<link rel=\"canonical\" href=\"https:\/\/festival262.com\/pt\/photo-book-award\/\" \/>\n<meta property=\"og:locale\" content=\"pt_PT\" \/>\n<meta property=\"og:type\" content=\"article\" \/>\n<meta property=\"og:title\" content=\"Photo Book award - F\/262 Festival Internacional de Fotografia\" \/>\n<meta property=\"og:description\" content=\"F\/262 Photo Book Award From image to object. From story to print. About the Award The F\/262 Photo Book Award honors the best unpublished photobook project of the year.It celebrates the book as one of the most intimate and enduring forms of photographic expression \u2014 where concept, design, and material come together as narrative. Each [&hellip;]\" \/>\n<meta property=\"og:url\" content=\"https:\/\/festival262.com\/pt\/photo-book-award\/\" \/>\n<meta property=\"og:site_name\" content=\"F\/262 Festival Internacional de Fotografia\" \/>\n<meta property=\"article:modified_time\" content=\"2026-04-23T12:48:37+00:00\" \/>\n<meta property=\"og:image\" content=\"https:\/\/festival262.com\/wp-content\/uploads\/2025\/08\/f262photobookclub-1024x653.png\" \/>\n\t<meta property=\"og:image:width\" content=\"1024\" \/>\n\t<meta property=\"og:image:height\" content=\"653\" \/>\n\t<meta property=\"og:image:type\" content=\"image\/png\" \/>\n<meta name=\"twitter:card\" content=\"summary_large_image\" \/>\n<meta name=\"twitter:label1\" content=\"Tempo estimado de leitura\" \/>\n\t<meta name=\"twitter:data1\" content=\"8 minutos\" \/>\n<script type=\"application\/ld+json\" class=\"yoast-schema-graph\">{\"@context\":\"https:\\\/\\\/schema.org\",\"@graph\":[{\"@type\":\"WebPage\",\"@id\":\"https:\\\/\\\/festival262.com\\\/photo-book-award\\\/\",\"url\":\"https:\\\/\\\/festival262.com\\\/photo-book-award\\\/\",\"name\":\"Photo Book award - F\\\/262 Festival Internacional de Fotografia\",\"isPartOf\":{\"@id\":\"https:\\\/\\\/festival262.com\\\/#website\"},\"primaryImageOfPage\":{\"@id\":\"https:\\\/\\\/festival262.com\\\/photo-book-award\\\/#primaryimage\"},\"image\":{\"@id\":\"https:\\\/\\\/festival262.com\\\/photo-book-award\\\/#primaryimage\"},\"thumbnailUrl\":\"https:\\\/\\\/festival262.com\\\/wp-content\\\/uploads\\\/2025\\\/08\\\/f262photobookclub-1024x653.png\",\"datePublished\":\"2025-10-08T17:05:44+00:00\",\"dateModified\":\"2026-04-23T12:48:37+00:00\",\"breadcrumb\":{\"@id\":\"https:\\\/\\\/festival262.com\\\/photo-book-award\\\/#breadcrumb\"},\"inLanguage\":\"pt-PT\",\"potentialAction\":[{\"@type\":\"ReadAction\",\"target\":[\"https:\\\/\\\/festival262.com\\\/photo-book-award\\\/\"]}]},{\"@type\":\"ImageObject\",\"inLanguage\":\"pt-PT\",\"@id\":\"https:\\\/\\\/festival262.com\\\/photo-book-award\\\/#primaryimage\",\"url\":\"https:\\\/\\\/festival262.com\\\/wp-content\\\/uploads\\\/2025\\\/08\\\/f262photobookclub-1024x653.png\",\"contentUrl\":\"https:\\\/\\\/festival262.com\\\/wp-content\\\/uploads\\\/2025\\\/08\\\/f262photobookclub-1024x653.png\"},{\"@type\":\"BreadcrumbList\",\"@id\":\"https:\\\/\\\/festival262.com\\\/photo-book-award\\\/#breadcrumb\",\"itemListElement\":[{\"@type\":\"ListItem\",\"position\":1,\"name\":\"Home\",\"item\":\"https:\\\/\\\/festival262.com\\\/\"},{\"@type\":\"ListItem\",\"position\":2,\"name\":\"Photo Book award\"}]},{\"@type\":\"WebSite\",\"@id\":\"https:\\\/\\\/festival262.com\\\/#website\",\"url\":\"https:\\\/\\\/festival262.com\\\/\",\"name\":\"F7262 Fetsival Internacional de Fotografia\",\"description\":\"Photography as Culture, Community, and Practice\",\"publisher\":{\"@id\":\"https:\\\/\\\/festival262.com\\\/#organization\"},\"alternateName\":\"Festival262\",\"potentialAction\":[{\"@type\":\"SearchAction\",\"target\":{\"@type\":\"EntryPoint\",\"urlTemplate\":\"https:\\\/\\\/festival262.com\\\/?s={search_term_string}\"},\"query-input\":{\"@type\":\"PropertyValueSpecification\",\"valueRequired\":true,\"valueName\":\"search_term_string\"}}],\"inLanguage\":\"pt-PT\"},{\"@type\":\"Organization\",\"@id\":\"https:\\\/\\\/festival262.com\\\/#organization\",\"name\":\"F\\\/262 Festival Internacional de Fotografia\",\"url\":\"https:\\\/\\\/festival262.com\\\/\",\"logo\":{\"@type\":\"ImageObject\",\"inLanguage\":\"pt-PT\",\"@id\":\"https:\\\/\\\/festival262.com\\\/#\\\/schema\\\/logo\\\/image\\\/\",\"url\":\"https:\\\/\\\/festival262.com\\\/wp-content\\\/uploads\\\/2019\\\/10\\\/cropped-f-262-icon-e-logo-scaled-1.png\",\"contentUrl\":\"https:\\\/\\\/festival262.com\\\/wp-content\\\/uploads\\\/2019\\\/10\\\/cropped-f-262-icon-e-logo-scaled-1.png\",\"width\":2558,\"height\":1048,\"caption\":\"F\\\/262 Festival Internacional de Fotografia\"},\"image\":{\"@id\":\"https:\\\/\\\/festival262.com\\\/#\\\/schema\\\/logo\\\/image\\\/\"}}]}<\/script>\n<!-- \/ Yoast SEO plugin. -->","yoast_head_json":{"title":"Photo Book award - F\/262 Festival Internacional de Fotografia","robots":{"index":"index","follow":"follow","max-snippet":"max-snippet:-1","max-image-preview":"max-image-preview:large","max-video-preview":"max-video-preview:-1"},"canonical":"https:\/\/festival262.com\/pt\/photo-book-award\/","og_locale":"pt_PT","og_type":"article","og_title":"Photo Book award - F\/262 Festival Internacional de Fotografia","og_description":"F\/262 Photo Book Award From image to object. From story to print. About the Award The F\/262 Photo Book Award honors the best unpublished photobook project of the year.It celebrates the book as one of the most intimate and enduring forms of photographic expression \u2014 where concept, design, and material come together as narrative. Each [&hellip;]","og_url":"https:\/\/festival262.com\/pt\/photo-book-award\/","og_site_name":"F\/262 Festival Internacional de Fotografia","article_modified_time":"2026-04-23T12:48:37+00:00","og_image":[{"width":1024,"height":653,"url":"https:\/\/festival262.com\/wp-content\/uploads\/2025\/08\/f262photobookclub-1024x653.png","type":"image\/png"}],"twitter_card":"summary_large_image","twitter_misc":{"Tempo estimado de leitura":"8 minutos"},"schema":{"@context":"https:\/\/schema.org","@graph":[{"@type":"WebPage","@id":"https:\/\/festival262.com\/photo-book-award\/","url":"https:\/\/festival262.com\/photo-book-award\/","name":"Photo Book award - F\/262 Festival Internacional de Fotografia","isPartOf":{"@id":"https:\/\/festival262.com\/#website"},"primaryImageOfPage":{"@id":"https:\/\/festival262.com\/photo-book-award\/#primaryimage"},"image":{"@id":"https:\/\/festival262.com\/photo-book-award\/#primaryimage"},"thumbnailUrl":"https:\/\/festival262.com\/wp-content\/uploads\/2025\/08\/f262photobookclub-1024x653.png","datePublished":"2025-10-08T17:05:44+00:00","dateModified":"2026-04-23T12:48:37+00:00","breadcrumb":{"@id":"https:\/\/festival262.com\/photo-book-award\/#breadcrumb"},"inLanguage":"pt-PT","potentialAction":[{"@type":"ReadAction","target":["https:\/\/festival262.com\/photo-book-award\/"]}]},{"@type":"ImageObject","inLanguage":"pt-PT","@id":"https:\/\/festival262.com\/photo-book-award\/#primaryimage","url":"https:\/\/festival262.com\/wp-content\/uploads\/2025\/08\/f262photobookclub-1024x653.png","contentUrl":"https:\/\/festival262.com\/wp-content\/uploads\/2025\/08\/f262photobookclub-1024x653.png"},{"@type":"BreadcrumbList","@id":"https:\/\/festival262.com\/photo-book-award\/#breadcrumb","itemListElement":[{"@type":"ListItem","position":1,"name":"Home","item":"https:\/\/festival262.com\/"},{"@type":"ListItem","position":2,"name":"Photo Book award"}]},{"@type":"WebSite","@id":"https:\/\/festival262.com\/#website","url":"https:\/\/festival262.com\/","name":"F7262 Fetsival Internacional de Fotografia","description":"Photography as Culture, Community, and Practice","publisher":{"@id":"https:\/\/festival262.com\/#organization"},"alternateName":"Festival262","potentialAction":[{"@type":"SearchAction","target":{"@type":"EntryPoint","urlTemplate":"https:\/\/festival262.com\/?s={search_term_string}"},"query-input":{"@type":"PropertyValueSpecification","valueRequired":true,"valueName":"search_term_string"}}],"inLanguage":"pt-PT"},{"@type":"Organization","@id":"https:\/\/festival262.com\/#organization","name":"F\/262 Festival Internacional de Fotografia","url":"https:\/\/festival262.com\/","logo":{"@type":"ImageObject","inLanguage":"pt-PT","@id":"https:\/\/festival262.com\/#\/schema\/logo\/image\/","url":"https:\/\/festival262.com\/wp-content\/uploads\/2019\/10\/cropped-f-262-icon-e-logo-scaled-1.png","contentUrl":"https:\/\/festival262.com\/wp-content\/uploads\/2019\/10\/cropped-f-262-icon-e-logo-scaled-1.png","width":2558,"height":1048,"caption":"F\/262 Festival Internacional de Fotografia"},"image":{"@id":"https:\/\/festival262.com\/#\/schema\/logo\/image\/"}}]}},"_links":{"self":[{"href":"https:\/\/festival262.com\/pt\/wp-json\/wp\/v2\/pages\/4568","targetHints":{"allow":["GET"]}}],"collection":[{"href":"https:\/\/festival262.com\/pt\/wp-json\/wp\/v2\/pages"}],"about":[{"href":"https:\/\/festival262.com\/pt\/wp-json\/wp\/v2\/types\/page"}],"author":[{"embeddable":true,"href":"https:\/\/festival262.com\/pt\/wp-json\/wp\/v2\/users\/6"}],"replies":[{"embeddable":true,"href":"https:\/\/festival262.com\/pt\/wp-json\/wp\/v2\/comments?post=4568"}],"version-history":[{"count":5,"href":"https:\/\/festival262.com\/pt\/wp-json\/wp\/v2\/pages\/4568\/revisions"}],"predecessor-version":[{"id":7569,"href":"https:\/\/festival262.com\/pt\/wp-json\/wp\/v2\/pages\/4568\/revisions\/7569"}],"wp:attachment":[{"href":"https:\/\/festival262.com\/pt\/wp-json\/wp\/v2\/media?parent=4568"}],"curies":[{"name":"wp","href":"https:\/\/api.w.org\/{rel}","templated":true}]}}