{"id":3478,"date":"2025-08-07T09:35:36","date_gmt":"2025-08-07T09:35:36","guid":{"rendered":"https:\/\/event.joaocarlosphoto.com\/?page_id=3478"},"modified":"2026-01-05T12:08:15","modified_gmt":"2026-01-05T12:08:15","slug":"f-sos","status":"publish","type":"page","link":"https:\/\/festival262.com\/pt\/f-sos\/","title":{"rendered":"F\/SOS"},"content":{"rendered":"<div data-elementor-type=\"wp-page\" data-elementor-id=\"3478\" class=\"elementor elementor-3478\">\n\t\t\t\t\t\t<section class=\"elementor-section elementor-top-section elementor-element elementor-element-3f6130d elementor-section-boxed elementor-section-height-default elementor-section-height-default\" data-id=\"3f6130d\" data-element_type=\"section\" data-e-type=\"section\">\n\t\t\t\t\t\t<div class=\"elementor-container elementor-column-gap-default\">\n\t\t\t\t\t<div class=\"elementor-column elementor-col-100 elementor-top-column elementor-element elementor-element-f87f0ea\" data-id=\"f87f0ea\" data-element_type=\"column\" data-e-type=\"column\">\n\t\t\t<div class=\"elementor-widget-wrap elementor-element-populated\">\n\t\t\t\t\t\t<div class=\"elementor-element elementor-element-7e699b0 elementor-widget elementor-widget-image\" data-id=\"7e699b0\" data-element_type=\"widget\" data-e-type=\"widget\" data-widget_type=\"image.default\">\n\t\t\t\t<div class=\"elementor-widget-container\">\n\t\t\t\t\t\t\t\t\t\t\t\t\t\t\t<img fetchpriority=\"high\" decoding=\"async\" width=\"1024\" height=\"293\" src=\"https:\/\/festival262.com\/wp-content\/uploads\/2025\/12\/PHOTO-2025-12-22-18-42-36-1024x293.jpg\" class=\"attachment-large size-large wp-image-5311\" alt=\"\" srcset=\"https:\/\/festival262.com\/wp-content\/uploads\/2025\/12\/PHOTO-2025-12-22-18-42-36-1024x293.jpg 1024w, https:\/\/festival262.com\/wp-content\/uploads\/2025\/12\/PHOTO-2025-12-22-18-42-36-300x86.jpg 300w, https:\/\/festival262.com\/wp-content\/uploads\/2025\/12\/PHOTO-2025-12-22-18-42-36-768x220.jpg 768w, https:\/\/festival262.com\/wp-content\/uploads\/2025\/12\/PHOTO-2025-12-22-18-42-36-1536x440.jpg 1536w, https:\/\/festival262.com\/wp-content\/uploads\/2025\/12\/PHOTO-2025-12-22-18-42-36-1320x378.jpg 1320w, https:\/\/festival262.com\/wp-content\/uploads\/2025\/12\/PHOTO-2025-12-22-18-42-36-600x172.jpg 600w, https:\/\/festival262.com\/wp-content\/uploads\/2025\/12\/PHOTO-2025-12-22-18-42-36.jpg 1600w\" sizes=\"(max-width: 1024px) 100vw, 1024px\" \/>\t\t\t\t\t\t\t\t\t\t\t\t\t\t\t<\/div>\n\t\t\t\t<\/div>\n\t\t\t\t<div class=\"elementor-element elementor-element-94e9295 elementor-widget elementor-widget-spacer\" data-id=\"94e9295\" data-element_type=\"widget\" data-e-type=\"widget\" data-widget_type=\"spacer.default\">\n\t\t\t\t<div class=\"elementor-widget-container\">\n\t\t\t\t\t\t\t<div class=\"elementor-spacer\">\n\t\t\t<div class=\"elementor-spacer-inner\"><\/div>\n\t\t<\/div>\n\t\t\t\t\t\t<\/div>\n\t\t\t\t<\/div>\n\t\t\t\t<div class=\"elementor-element elementor-element-b3abe72 elementor-widget elementor-widget-heading\" data-id=\"b3abe72\" data-element_type=\"widget\" data-e-type=\"widget\" data-widget_type=\"heading.default\">\n\t\t\t\t<div class=\"elementor-widget-container\">\n\t\t\t\t\t<h4 class=\"elementor-heading-title elementor-size-default\">Fotografia com prop\u00f3sito. Liga\u00e7\u00e3o com impacto.<\/h4>\t\t\t\t<\/div>\n\t\t\t\t<\/div>\n\t\t\t\t\t<\/div>\n\t\t<\/div>\n\t\t\t\t\t<\/div>\n\t\t<\/section>\n\t\t\t\t<section class=\"elementor-section elementor-top-section elementor-element elementor-element-b74100d elementor-section-boxed elementor-section-height-default elementor-section-height-default\" data-id=\"b74100d\" data-element_type=\"section\" data-e-type=\"section\">\n\t\t\t\t\t\t<div class=\"elementor-container elementor-column-gap-default\">\n\t\t\t\t\t<div class=\"elementor-column elementor-col-50 elementor-top-column elementor-element elementor-element-ef3832e\" data-id=\"ef3832e\" data-element_type=\"column\" data-e-type=\"column\">\n\t\t\t<div class=\"elementor-widget-wrap elementor-element-populated\">\n\t\t\t\t\t\t<div class=\"elementor-element elementor-element-cbf91c0 elementor-widget elementor-widget-heading\" data-id=\"cbf91c0\" data-element_type=\"widget\" data-e-type=\"widget\" data-widget_type=\"heading.default\">\n\t\t\t\t<div class=\"elementor-widget-container\">\n\t\t\t\t\t<h4 class=\"elementor-heading-title elementor-size-default\">ASSOCIA\u00c7\u00c3O F\/SOS \u2013 FOTOGRAFIA, SOLIDARIEDADE E OBRAS SOCIAIS<\/h4>\t\t\t\t<\/div>\n\t\t\t\t<\/div>\n\t\t\t\t<div class=\"elementor-element elementor-element-8d3c54e elementor-widget elementor-widget-text-editor\" data-id=\"8d3c54e\" data-element_type=\"widget\" data-e-type=\"widget\" data-widget_type=\"text-editor.default\">\n\t\t\t\t<div class=\"elementor-widget-container\">\n\t\t\t\t\t\t\t\t\t<h6 data-start=\"1000\" data-end=\"1093\"><strong data-start=\"1000\" data-end=\"1093\">Uma associa\u00e7\u00e3o sem fins lucrativos que utiliza a fotografia como uma ferramenta para o impacto social e ambiental.<\/strong><\/h6><h4 data-start=\"1095\" data-end=\"1100\">\u00a0<\/h4>\t\t\t\t\t\t\t\t<\/div>\n\t\t\t\t<\/div>\n\t\t\t\t<div class=\"elementor-element elementor-element-b0ab3e7 elementor-widget elementor-widget-text-editor\" data-id=\"b0ab3e7\" data-element_type=\"widget\" data-e-type=\"widget\" data-widget_type=\"text-editor.default\">\n\t\t\t\t<div class=\"elementor-widget-container\">\n\t\t\t\t\t\t\t\t\t<p data-start=\"553\" data-end=\"618\">\u00a0O <strong data-start=\"676\" data-end=\"740\">ASSOCIA\u00c7\u00c3O F\/SOS \u2013 FOTOGRAFIA, SOLIDARIEDADE E OBRAS SOCIAIS<\/strong> \u00c9 uma organiza\u00e7\u00e3o cultural e social sem fins lucrativos com sede em Portugal que utiliza a fotografia como uma ferramenta para o envolvimento social, cultural e ambiental.<\/p><p data-start=\"893\" data-end=\"1071\">Na F\/SOS, a fotografia vai al\u00e9m da est\u00e9tica. A cria\u00e7\u00e3o de imagens torna-se um espa\u00e7o de cuidado, participa\u00e7\u00e3o e responsabilidade partilhada, alicer\u00e7ado em comunidades reais e experi\u00eancias vividas.<\/p><p data-start=\"1073\" data-end=\"1205\">Acreditamos que a fotografia pode ser uma ponte, n\u00e3o uma barreira.<br data-start=\"1127\" data-end=\"1130\" \/>Cada imagem tem o potencial de ouvir, conectar-se e criar compreens\u00e3o.<\/p><p data-start=\"1207\" data-end=\"1416\">A miss\u00e3o da associa\u00e7\u00e3o \u00e9 promover a empatia, a inclus\u00e3o e a sensibiliza\u00e7\u00e3o ambiental atrav\u00e9s de narrativas visuais, ligando artistas, institui\u00e7\u00f5es, ONG e comunidades atrav\u00e9s de projetos \u00e9ticos e de longo prazo.<\/p>\t\t\t\t\t\t\t\t<\/div>\n\t\t\t\t<\/div>\n\t\t\t\t<div class=\"elementor-element elementor-element-d764890 elementor-widget elementor-widget-spacer\" data-id=\"d764890\" data-element_type=\"widget\" data-e-type=\"widget\" data-widget_type=\"spacer.default\">\n\t\t\t\t<div class=\"elementor-widget-container\">\n\t\t\t\t\t\t\t<div class=\"elementor-spacer\">\n\t\t\t<div class=\"elementor-spacer-inner\"><\/div>\n\t\t<\/div>\n\t\t\t\t\t\t<\/div>\n\t\t\t\t<\/div>\n\t\t\t\t\t<\/div>\n\t\t<\/div>\n\t\t\t\t<div class=\"elementor-column elementor-col-50 elementor-top-column elementor-element elementor-element-72d9ed2\" data-id=\"72d9ed2\" data-element_type=\"column\" data-e-type=\"column\">\n\t\t\t<div class=\"elementor-widget-wrap elementor-element-populated\">\n\t\t\t\t\t\t<div class=\"elementor-element elementor-element-020033a elementor-widget elementor-widget-image\" data-id=\"020033a\" data-element_type=\"widget\" data-e-type=\"widget\" data-widget_type=\"image.default\">\n\t\t\t\t<div class=\"elementor-widget-container\">\n\t\t\t\t\t\t\t\t\t\t\t\t\t\t\t<img decoding=\"async\" width=\"819\" height=\"1024\" src=\"https:\/\/festival262.com\/wp-content\/uploads\/2026\/01\/PHOTO-2025-12-16-17-58-12-819x1024.jpg\" class=\"attachment-large size-large wp-image-5544\" alt=\"\" srcset=\"https:\/\/festival262.com\/wp-content\/uploads\/2026\/01\/PHOTO-2025-12-16-17-58-12-819x1024.jpg 819w, https:\/\/festival262.com\/wp-content\/uploads\/2026\/01\/PHOTO-2025-12-16-17-58-12-240x300.jpg 240w, https:\/\/festival262.com\/wp-content\/uploads\/2026\/01\/PHOTO-2025-12-16-17-58-12-768x960.jpg 768w, https:\/\/festival262.com\/wp-content\/uploads\/2026\/01\/PHOTO-2025-12-16-17-58-12-1229x1536.jpg 1229w, https:\/\/festival262.com\/wp-content\/uploads\/2026\/01\/PHOTO-2025-12-16-17-58-12-600x750.jpg 600w, https:\/\/festival262.com\/wp-content\/uploads\/2026\/01\/PHOTO-2025-12-16-17-58-12.jpg 1280w\" sizes=\"(max-width: 819px) 100vw, 819px\" \/>\t\t\t\t\t\t\t\t\t\t\t\t\t\t\t<\/div>\n\t\t\t\t<\/div>\n\t\t\t\t\t<\/div>\n\t\t<\/div>\n\t\t\t\t\t<\/div>\n\t\t<\/section>\n\t\t\t\t<section class=\"elementor-section elementor-top-section elementor-element elementor-element-249f7f5 elementor-section-boxed elementor-section-height-default elementor-section-height-default\" data-id=\"249f7f5\" data-element_type=\"section\" data-e-type=\"section\">\n\t\t\t\t\t\t<div class=\"elementor-container elementor-column-gap-default\">\n\t\t\t\t\t<div class=\"elementor-column elementor-col-50 elementor-top-column elementor-element elementor-element-1e3e2f5\" data-id=\"1e3e2f5\" data-element_type=\"column\" data-e-type=\"column\">\n\t\t\t<div class=\"elementor-widget-wrap elementor-element-populated\">\n\t\t\t\t\t\t<div class=\"elementor-element elementor-element-f86e1b2 elementor-widget elementor-widget-heading\" data-id=\"f86e1b2\" data-element_type=\"widget\" data-e-type=\"widget\" data-widget_type=\"heading.default\">\n\t\t\t\t<div class=\"elementor-widget-container\">\n\t\t\t\t\t<h4 class=\"elementor-heading-title elementor-size-default\">O que fazemos<\/h4>\t\t\t\t<\/div>\n\t\t\t\t<\/div>\n\t\t\t\t<div class=\"elementor-element elementor-element-882422b elementor-widget elementor-widget-text-editor\" data-id=\"882422b\" data-element_type=\"widget\" data-e-type=\"widget\" data-widget_type=\"text-editor.default\">\n\t\t\t\t<div class=\"elementor-widget-container\">\n\t\t\t\t\t\t\t\t\t<p data-start=\"224\" data-end=\"422\"><strong data-start=\"224\" data-end=\"422\">A F\/SOS apoia e celebra a fotografia que se envolve com temas sociais, emocionais e comunit\u00e1rios.<br data-start=\"332\" data-end=\"335\" \/>Criamos espa\u00e7o para hist\u00f3rias que importam, hist\u00f3rias de resili\u00eancia, identidade e mudan\u00e7a.<\/strong><\/p><p data-start=\"424\" data-end=\"446\"><strong data-start=\"424\" data-end=\"446\">O nosso trabalho inclui:<\/strong><\/p><ul data-start=\"448\" data-end=\"1215\"><li data-start=\"448\" data-end=\"587\"><p data-start=\"450\" data-end=\"587\"><strong data-start=\"450\" data-end=\"502\">Colabora\u00e7\u00e3o com ONG locais e internacionais<\/strong>, codesenvolvimento de projetos visuais alinhados com miss\u00f5es sociais e ambientais partilhadas<\/p><\/li><li data-start=\"589\" data-end=\"732\"><p data-start=\"591\" data-end=\"732\"><strong data-start=\"591\" data-end=\"665\">Workshops e programas de narrativa visual para comunidades mal servidas<\/strong>, utilizando a fotografia como uma ferramenta para a express\u00e3o, a ag\u00eancia e a inclus\u00e3o<\/p><\/li><li data-start=\"734\" data-end=\"869\"><p data-start=\"736\" data-end=\"869\"><strong data-start=\"736\" data-end=\"772\">Exposi\u00e7\u00f5es e campanhas p\u00fablicas<\/strong> abordar temas como a justi\u00e7a social, o clima, a migra\u00e7\u00e3o, o envelhecimento e a liga\u00e7\u00e3o homem-animal<\/p><\/li><li data-start=\"871\" data-end=\"1042\"><p data-start=\"873\" data-end=\"1042\"><strong data-start=\"873\" data-end=\"915\">O F\/SOS \u00d7 Impactos Vitais \u00d7 Subven\u00e7\u00e3o OSSO<\/strong>, uma subven\u00e7\u00e3o de apoio a fot\u00f3grafos e projetos centrados no impacto ambiental e social atrav\u00e9s de narrativas visuais<\/p><\/li><li data-start=\"1044\" data-end=\"1215\"><p data-start=\"1046\" data-end=\"1215\"><strong data-start=\"1046\" data-end=\"1062\">Causas do F\/SOS<\/strong>, um mecanismo de financiamento solid\u00e1rio que apoia projetos sociais e ambientais atrav\u00e9s de iniciativas, parcerias e programas culturais liderados por associa\u00e7\u00f5es<\/p><\/li><\/ul>\t\t\t\t\t\t\t\t<\/div>\n\t\t\t\t<\/div>\n\t\t\t\t\t<\/div>\n\t\t<\/div>\n\t\t\t\t<div class=\"elementor-column elementor-col-50 elementor-top-column elementor-element elementor-element-710d9ee\" data-id=\"710d9ee\" data-element_type=\"column\" data-e-type=\"column\">\n\t\t\t<div class=\"elementor-widget-wrap elementor-element-populated\">\n\t\t\t\t\t\t<div class=\"elementor-element elementor-element-c6c477b elementor-widget elementor-widget-text-editor\" data-id=\"c6c477b\" data-element_type=\"widget\" data-e-type=\"widget\" data-widget_type=\"text-editor.default\">\n\t\t\t\t<div class=\"elementor-widget-container\">\n\t\t\t\t\t\t\t\t\t<h6 data-start=\"374\" data-end=\"395\">A Idade Importar<\/h6><pre data-start=\"396\" data-end=\"434\"><strong data-start=\"396\" data-end=\"434\">Projeto fotogr\u00e1fico de Jo\u00e3o Carlos<\/strong><\/pre><p data-start=\"436\" data-end=\"585\"><strong data-start=\"436\" data-end=\"455\">A Idade Importar<\/strong> \u00e9 um projeto fotogr\u00e1fico que reflete sobre o envelhecimento, a visibilidade e a dignidade, desafiando os estere\u00f3tipos em torno da idade e da representa\u00e7\u00e3o.<\/p><p data-start=\"587\" data-end=\"987\">Desenvolvido em colabora\u00e7\u00e3o com a <strong data-start=\"623\" data-end=\"649\">Munic\u00edpio de Lisboa<\/strong>, a <strong data-start=\"655\" data-end=\"688\">Rede de Bibliotecas de Lisboa<\/strong>, e a sele\u00e7\u00e3o do <strong data-start=\"698\" data-end=\"736\">Junta de Freguesia da Miseric\u00f3rdia<\/strong>, o projeto desenrolou-se como uma s\u00e9rie de <strong data-start=\"774\" data-end=\"848\">quatro exposi\u00e7\u00f5es apresentadas em diferentes espa\u00e7os p\u00fablicos e culturais<\/strong>, incluindo <strong data-start=\"860\" data-end=\"881\">Biblioteca Cam\u00f5es<\/strong>, <strong data-start=\"883\" data-end=\"917\">Biblioteca de Campo de Ourique<\/strong>, <strong data-start=\"919\" data-end=\"946\">Biblioteca de Alc\u00e2ntara<\/strong>, e a sele\u00e7\u00e3o do <strong data-start=\"956\" data-end=\"986\">Espa\u00e7o Cultural das Merc\u00eas<\/strong>.<\/p><p data-start=\"989\" data-end=\"1243\">Juntamente com as exposi\u00e7\u00f5es, o projeto foi publicado como uma <strong data-start=\"1047\" data-end=\"1099\">livro dedicado \u00e0 sensibiliza\u00e7\u00e3o para o envelhecimento<\/strong>, alargar a conversa para al\u00e9m dos espa\u00e7os expositivos e refor\u00e7ar a fotografia como ferramenta de reflex\u00e3o, visibilidade e di\u00e1logo social.<\/p><p data-start=\"1245\" data-end=\"1460\">Atrav\u00e9s do retrato \u00edntimo, <em data-start=\"1275\" data-end=\"1292\">A Idade Importar<\/em> convida o p\u00fablico a reconsiderar a forma como os idosos s\u00e3o vistos e valorizados na sociedade contempor\u00e2nea, destacando a presen\u00e7a, a experi\u00eancia e a humanidade para al\u00e9m dos n\u00fameros ou r\u00f3tulos.<\/p>\t\t\t\t\t\t\t\t<\/div>\n\t\t\t\t<\/div>\n\t\t\t\t<div class=\"elementor-element elementor-element-8ea3753 elementor-widget elementor-widget-spacer\" data-id=\"8ea3753\" data-element_type=\"widget\" data-e-type=\"widget\" data-widget_type=\"spacer.default\">\n\t\t\t\t<div class=\"elementor-widget-container\">\n\t\t\t\t\t\t\t<div class=\"elementor-spacer\">\n\t\t\t<div class=\"elementor-spacer-inner\"><\/div>\n\t\t<\/div>\n\t\t\t\t\t\t<\/div>\n\t\t\t\t<\/div>\n\t\t\t\t\t<\/div>\n\t\t<\/div>\n\t\t\t\t\t<\/div>\n\t\t<\/section>\n\t\t\t\t<section class=\"elementor-section elementor-top-section elementor-element elementor-element-0b9c704 elementor-section-boxed elementor-section-height-default elementor-section-height-default\" data-id=\"0b9c704\" data-element_type=\"section\" data-e-type=\"section\">\n\t\t\t\t\t\t<div class=\"elementor-container elementor-column-gap-default\">\n\t\t\t\t\t<div class=\"elementor-column elementor-col-50 elementor-top-column elementor-element elementor-element-6a66469\" data-id=\"6a66469\" data-element_type=\"column\" data-e-type=\"column\">\n\t\t\t<div class=\"elementor-widget-wrap elementor-element-populated\">\n\t\t\t\t\t\t<div class=\"elementor-element elementor-element-f0fd74a elementor-widget elementor-widget-image\" data-id=\"f0fd74a\" data-element_type=\"widget\" data-e-type=\"widget\" data-widget_type=\"image.default\">\n\t\t\t\t<div class=\"elementor-widget-container\">\n\t\t\t\t\t\t\t\t\t\t\t\t\t\t\t<img decoding=\"async\" width=\"724\" height=\"1024\" src=\"https:\/\/festival262.com\/wp-content\/uploads\/2026\/01\/cartaz-A3-Arte-e-Bem-Estar-no-Envelhecimento_final-724x1024.jpg\" class=\"attachment-large size-large wp-image-5566\" alt=\"\" srcset=\"https:\/\/festival262.com\/wp-content\/uploads\/2026\/01\/cartaz-A3-Arte-e-Bem-Estar-no-Envelhecimento_final-724x1024.jpg 724w, https:\/\/festival262.com\/wp-content\/uploads\/2026\/01\/cartaz-A3-Arte-e-Bem-Estar-no-Envelhecimento_final-212x300.jpg 212w, https:\/\/festival262.com\/wp-content\/uploads\/2026\/01\/cartaz-A3-Arte-e-Bem-Estar-no-Envelhecimento_final-768x1086.jpg 768w, https:\/\/festival262.com\/wp-content\/uploads\/2026\/01\/cartaz-A3-Arte-e-Bem-Estar-no-Envelhecimento_final-600x849.jpg 600w, https:\/\/festival262.com\/wp-content\/uploads\/2026\/01\/cartaz-A3-Arte-e-Bem-Estar-no-Envelhecimento_final.jpg 924w\" sizes=\"(max-width: 724px) 100vw, 724px\" \/>\t\t\t\t\t\t\t\t\t\t\t\t\t\t\t<\/div>\n\t\t\t\t<\/div>\n\t\t\t\t\t<\/div>\n\t\t<\/div>\n\t\t\t\t<div class=\"elementor-column elementor-col-50 elementor-top-column elementor-element elementor-element-978ff53\" data-id=\"978ff53\" data-element_type=\"column\" data-e-type=\"column\">\n\t\t\t<div class=\"elementor-widget-wrap elementor-element-populated\">\n\t\t\t\t\t\t<div class=\"elementor-element elementor-element-a85c787 elementor-widget elementor-widget-image\" data-id=\"a85c787\" data-element_type=\"widget\" data-e-type=\"widget\" data-widget_type=\"image.default\">\n\t\t\t\t<div class=\"elementor-widget-container\">\n\t\t\t\t\t\t\t\t\t\t\t\t\t\t\t<img loading=\"lazy\" decoding=\"async\" width=\"1024\" height=\"683\" src=\"https:\/\/festival262.com\/wp-content\/uploads\/2025\/08\/dsf9132-2048x1365-1-1024x683.jpg\" class=\"attachment-large size-large wp-image-3493\" alt=\"\" srcset=\"https:\/\/festival262.com\/wp-content\/uploads\/2025\/08\/dsf9132-2048x1365-1-1024x683.jpg 1024w, https:\/\/festival262.com\/wp-content\/uploads\/2025\/08\/dsf9132-2048x1365-1-300x200.jpg 300w, https:\/\/festival262.com\/wp-content\/uploads\/2025\/08\/dsf9132-2048x1365-1-768x512.jpg 768w, https:\/\/festival262.com\/wp-content\/uploads\/2025\/08\/dsf9132-2048x1365-1-1536x1024.jpg 1536w, https:\/\/festival262.com\/wp-content\/uploads\/2025\/08\/dsf9132-2048x1365-1-1320x880.jpg 1320w, https:\/\/festival262.com\/wp-content\/uploads\/2025\/08\/dsf9132-2048x1365-1-600x400.jpg 600w, https:\/\/festival262.com\/wp-content\/uploads\/2025\/08\/dsf9132-2048x1365-1.jpg 2048w\" sizes=\"(max-width: 1024px) 100vw, 1024px\" \/>\t\t\t\t\t\t\t\t\t\t\t\t\t\t\t<\/div>\n\t\t\t\t<\/div>\n\t\t\t\t<div class=\"elementor-element elementor-element-f3c2938 elementor-widget elementor-widget-image\" data-id=\"f3c2938\" data-element_type=\"widget\" data-e-type=\"widget\" data-widget_type=\"image.default\">\n\t\t\t\t<div class=\"elementor-widget-container\">\n\t\t\t\t\t\t\t\t\t\t\t\t\t\t\t<img loading=\"lazy\" decoding=\"async\" width=\"1024\" height=\"682\" src=\"https:\/\/festival262.com\/wp-content\/uploads\/2025\/12\/DSC0805web-1-1024x682.jpg\" class=\"attachment-large size-large wp-image-5261\" alt=\"\" srcset=\"https:\/\/festival262.com\/wp-content\/uploads\/2025\/12\/DSC0805web-1-1024x682.jpg 1024w, https:\/\/festival262.com\/wp-content\/uploads\/2025\/12\/DSC0805web-1-300x200.jpg 300w, https:\/\/festival262.com\/wp-content\/uploads\/2025\/12\/DSC0805web-1-768x511.jpg 768w, https:\/\/festival262.com\/wp-content\/uploads\/2025\/12\/DSC0805web-1-1536x1022.jpg 1536w, https:\/\/festival262.com\/wp-content\/uploads\/2025\/12\/DSC0805web-1-2048x1363.jpg 2048w, https:\/\/festival262.com\/wp-content\/uploads\/2025\/12\/DSC0805web-1-1320x879.jpg 1320w, https:\/\/festival262.com\/wp-content\/uploads\/2025\/12\/DSC0805web-1-600x399.jpg 600w\" sizes=\"(max-width: 1024px) 100vw, 1024px\" \/>\t\t\t\t\t\t\t\t\t\t\t\t\t\t\t<\/div>\n\t\t\t\t<\/div>\n\t\t\t\t\t<\/div>\n\t\t<\/div>\n\t\t\t\t\t<\/div>\n\t\t<\/section>\n\t\t\t\t<section class=\"elementor-section elementor-top-section elementor-element elementor-element-8c66958 elementor-section-boxed elementor-section-height-default elementor-section-height-default\" data-id=\"8c66958\" data-element_type=\"section\" data-e-type=\"section\">\n\t\t\t\t\t\t<div class=\"elementor-container elementor-column-gap-default\">\n\t\t\t\t\t<div class=\"elementor-column elementor-col-50 elementor-top-column elementor-element elementor-element-aa5a0e8\" data-id=\"aa5a0e8\" data-element_type=\"column\" data-e-type=\"column\">\n\t\t\t<div class=\"elementor-widget-wrap elementor-element-populated\">\n\t\t\t\t\t\t<div class=\"elementor-element elementor-element-cd1ce94 elementor-widget elementor-widget-heading\" data-id=\"cd1ce94\" data-element_type=\"widget\" data-e-type=\"widget\" data-widget_type=\"heading.default\">\n\t\t\t\t<div class=\"elementor-widget-container\">\n\t\t\t\t\t<h3 class=\"elementor-heading-title elementor-size-default\">Causas do F\/SoS<\/h3>\t\t\t\t<\/div>\n\t\t\t\t<\/div>\n\t\t\t\t<div class=\"elementor-element elementor-element-f962b66 elementor-widget elementor-widget-text-editor\" data-id=\"f962b66\" data-element_type=\"widget\" data-e-type=\"widget\" data-widget_type=\"text-editor.default\">\n\t\t\t\t<div class=\"elementor-widget-container\">\n\t\t\t\t\t\t\t\t\t<p data-start=\"312\" data-end=\"523\"><strong data-start=\"312\" data-end=\"523\">F\/SOS Causes \u00e9 o mecanismo de financiamento solid\u00e1rio da associa\u00e7\u00e3o, que apoia uma ou mais organiza\u00e7\u00f5es ou projetos que trabalham nos dom\u00ednios da justi\u00e7a social, da conserva\u00e7\u00e3o ambiental e da resili\u00eancia da comunidade.<\/strong><\/p><p data-start=\"525\" data-end=\"703\">O apoio \u00e9 ativado atrav\u00e9s de iniciativas lideradas por associa\u00e7\u00f5es, parcerias, programas culturais e atividades p\u00fablicas selecionadas, incluindo o Festival Internacional de Fotografia F\/262.<\/p><p data-start=\"705\" data-end=\"896\"><strong data-start=\"705\" data-end=\"720\">Foco em 2026:<\/strong><br data-start=\"720\" data-end=\"723\" \/>Um projeto ligado \u00e0 \u00e1gua e ao ambiente, como a conserva\u00e7\u00e3o dos ecossistemas costeiros, a investiga\u00e7\u00e3o marinha ou o apoio \u00e0s comunidades afetadas pela seca e pela polui\u00e7\u00e3o.<\/p><p data-start=\"898\" data-end=\"1129\"><strong data-start=\"898\" data-end=\"916\">Ciclos futuros:<\/strong><br data-start=\"916\" data-end=\"919\" \/>As causas F\/SOS alternar\u00e3o entre causas sociais (direitos humanos, inclus\u00e3o, sa\u00fade mental) e causas ambientais (refloresta\u00e7\u00e3o, sustentabilidade, a\u00e7\u00e3o clim\u00e1tica), assegurando um compromisso equilibrado e a longo prazo.<\/p><p data-start=\"1131\" data-end=\"1289\">Este mecanismo transparente garante que as F\/SOS n\u00e3o s\u00f3 apresentam hist\u00f3rias de solidariedade, como tamb\u00e9m contribuem ativamente para uma a\u00e7\u00e3o social e ambiental significativa.<\/p>\t\t\t\t\t\t\t\t<\/div>\n\t\t\t\t<\/div>\n\t\t\t\t\t<\/div>\n\t\t<\/div>\n\t\t\t\t<div class=\"elementor-column elementor-col-50 elementor-top-column elementor-element elementor-element-5a76f90\" data-id=\"5a76f90\" data-element_type=\"column\" data-e-type=\"column\">\n\t\t\t<div class=\"elementor-widget-wrap elementor-element-populated\">\n\t\t\t\t\t\t<div class=\"elementor-element elementor-element-264acee elementor-widget elementor-widget-image\" data-id=\"264acee\" data-element_type=\"widget\" data-e-type=\"widget\" data-widget_type=\"image.default\">\n\t\t\t\t<div class=\"elementor-widget-container\">\n\t\t\t\t\t\t\t\t\t\t\t\t\t\t\t<img loading=\"lazy\" decoding=\"async\" width=\"1024\" height=\"968\" src=\"https:\/\/festival262.com\/wp-content\/uploads\/2025\/08\/capa-scaled-1-1024x968.jpg\" class=\"attachment-large size-large wp-image-3856\" alt=\"\" srcset=\"https:\/\/festival262.com\/wp-content\/uploads\/2025\/08\/capa-scaled-1-1024x968.jpg 1024w, https:\/\/festival262.com\/wp-content\/uploads\/2025\/08\/capa-scaled-1-300x284.jpg 300w, https:\/\/festival262.com\/wp-content\/uploads\/2025\/08\/capa-scaled-1-768x726.jpg 768w, https:\/\/festival262.com\/wp-content\/uploads\/2025\/08\/capa-scaled-1-1320x1248.jpg 1320w, https:\/\/festival262.com\/wp-content\/uploads\/2025\/08\/capa-scaled-1-600x567.jpg 600w, https:\/\/festival262.com\/wp-content\/uploads\/2025\/08\/capa-scaled-1.jpg 1395w\" sizes=\"(max-width: 1024px) 100vw, 1024px\" \/>\t\t\t\t\t\t\t\t\t\t\t\t\t\t\t<\/div>\n\t\t\t\t<\/div>\n\t\t\t\t<div class=\"elementor-element elementor-element-2df1cb2 elementor-widget elementor-widget-text-editor\" data-id=\"2df1cb2\" data-element_type=\"widget\" data-e-type=\"widget\" data-widget_type=\"text-editor.default\">\n\t\t\t\t<div class=\"elementor-widget-container\">\n\t\t\t\t\t\t\t\t\t<h6 data-start=\"1512\" data-end=\"1531\">A Idade Importar<\/h6><p data-start=\"1533\" data-end=\"1741\">Um projeto fotogr\u00e1fico de Jo\u00e3o Carlos que explora o envelhecimento, a visibilidade e a dignidade.<br data-start=\"1612\" data-end=\"1615\" \/>Apresentado como quatro exposi\u00e7\u00f5es em espa\u00e7os culturais p\u00fablicos em Lisboa e publicado como um livro de sensibiliza\u00e7\u00e3o para o envelhecimento.<\/p><p>.<\/p>\t\t\t\t\t\t\t\t<\/div>\n\t\t\t\t<\/div>\n\t\t\t\t\t<\/div>\n\t\t<\/div>\n\t\t\t\t\t<\/div>\n\t\t<\/section>\n\t\t\t\t<section class=\"elementor-section elementor-top-section elementor-element elementor-element-f15f03a elementor-section-boxed elementor-section-height-default elementor-section-height-default\" data-id=\"f15f03a\" data-element_type=\"section\" data-e-type=\"section\">\n\t\t\t\t\t\t<div class=\"elementor-container elementor-column-gap-default\">\n\t\t\t\t\t<div class=\"elementor-column elementor-col-100 elementor-top-column elementor-element elementor-element-347ad4b\" data-id=\"347ad4b\" data-element_type=\"column\" data-e-type=\"column\">\n\t\t\t<div class=\"elementor-widget-wrap elementor-element-populated\">\n\t\t\t\t\t\t<div class=\"elementor-element elementor-element-f7edd7e elementor-widget-divider--view-line elementor-widget elementor-widget-divider\" data-id=\"f7edd7e\" data-element_type=\"widget\" data-e-type=\"widget\" data-widget_type=\"divider.default\">\n\t\t\t\t<div class=\"elementor-widget-container\">\n\t\t\t\t\t\t\t<div class=\"elementor-divider\">\n\t\t\t<span class=\"elementor-divider-separator\">\n\t\t\t\t\t\t<\/span>\n\t\t<\/div>\n\t\t\t\t\t\t<\/div>\n\t\t\t\t<\/div>\n\t\t\t\t<div class=\"elementor-element elementor-element-0daf3e5 elementor-widget elementor-widget-spacer\" data-id=\"0daf3e5\" data-element_type=\"widget\" data-e-type=\"widget\" data-widget_type=\"spacer.default\">\n\t\t\t\t<div class=\"elementor-widget-container\">\n\t\t\t\t\t\t\t<div class=\"elementor-spacer\">\n\t\t\t<div class=\"elementor-spacer-inner\"><\/div>\n\t\t<\/div>\n\t\t\t\t\t\t<\/div>\n\t\t\t\t<\/div>\n\t\t\t\t<div class=\"elementor-element elementor-element-d329875 elementor-widget elementor-widget-heading\" data-id=\"d329875\" data-element_type=\"widget\" data-e-type=\"widget\" data-widget_type=\"heading.default\">\n\t\t\t\t<div class=\"elementor-widget-container\">\n\t\t\t\t\t<h4 class=\"elementor-heading-title elementor-size-default\">O que fizemos recentemente<\/h4>\t\t\t\t<\/div>\n\t\t\t\t<\/div>\n\t\t\t\t<div class=\"elementor-element elementor-element-b9e28af elementor-widget elementor-widget-text-editor\" data-id=\"b9e28af\" data-element_type=\"widget\" data-e-type=\"widget\" data-widget_type=\"text-editor.default\">\n\t\t\t\t<div class=\"elementor-widget-container\">\n\t\t\t\t\t\t\t\t\t<p data-start=\"800\" data-end=\"1042\"><strong data-start=\"800\" data-end=\"1042\">Projetos recentes refletem como a F\/SOS funciona na pr\u00e1tica, atrav\u00e9s de colabora\u00e7\u00f5es de longo prazo com organiza\u00e7\u00f5es sociais, institui\u00e7\u00f5es culturais e comunidades. Estas iniciativas traduzem a nossa miss\u00e3o em a\u00e7\u00f5es concretas, visibilidade e impacto.<\/strong><\/p><h4 data-start=\"1044\" data-end=\"1074\">\u00a0<\/h4>\t\t\t\t\t\t\t\t<\/div>\n\t\t\t\t<\/div>\n\t\t\t\t\t<\/div>\n\t\t<\/div>\n\t\t\t\t\t<\/div>\n\t\t<\/section>\n\t\t\t\t<section class=\"elementor-section elementor-top-section elementor-element elementor-element-21a69b8 elementor-section-boxed elementor-section-height-default elementor-section-height-default\" data-id=\"21a69b8\" data-element_type=\"section\" data-e-type=\"section\">\n\t\t\t\t\t\t<div class=\"elementor-container elementor-column-gap-default\">\n\t\t\t\t\t<div class=\"elementor-column elementor-col-50 elementor-top-column elementor-element elementor-element-65ae499\" data-id=\"65ae499\" data-element_type=\"column\" data-e-type=\"column\">\n\t\t\t<div class=\"elementor-widget-wrap elementor-element-populated\">\n\t\t\t\t\t\t<div class=\"elementor-element elementor-element-9dddc04 elementor-widget elementor-widget-image\" data-id=\"9dddc04\" data-element_type=\"widget\" data-e-type=\"widget\" data-widget_type=\"image.default\">\n\t\t\t\t<div class=\"elementor-widget-container\">\n\t\t\t\t\t\t\t\t\t\t\t\t\t\t\t<img loading=\"lazy\" decoding=\"async\" width=\"1024\" height=\"1024\" src=\"https:\/\/festival262.com\/wp-content\/uploads\/2025\/12\/e7c706c7-a67a-4da5-a8cf-465a3f34676b-1024x1024.jpg\" class=\"attachment-large size-large wp-image-5319\" alt=\"\" srcset=\"https:\/\/festival262.com\/wp-content\/uploads\/2025\/12\/e7c706c7-a67a-4da5-a8cf-465a3f34676b-1024x1024.jpg 1024w, https:\/\/festival262.com\/wp-content\/uploads\/2025\/12\/e7c706c7-a67a-4da5-a8cf-465a3f34676b-300x300.jpg 300w, https:\/\/festival262.com\/wp-content\/uploads\/2025\/12\/e7c706c7-a67a-4da5-a8cf-465a3f34676b-150x150.jpg 150w, https:\/\/festival262.com\/wp-content\/uploads\/2025\/12\/e7c706c7-a67a-4da5-a8cf-465a3f34676b-768x768.jpg 768w, https:\/\/festival262.com\/wp-content\/uploads\/2025\/12\/e7c706c7-a67a-4da5-a8cf-465a3f34676b-600x600.jpg 600w, https:\/\/festival262.com\/wp-content\/uploads\/2025\/12\/e7c706c7-a67a-4da5-a8cf-465a3f34676b-100x100.jpg 100w, https:\/\/festival262.com\/wp-content\/uploads\/2025\/12\/e7c706c7-a67a-4da5-a8cf-465a3f34676b.jpg 1200w\" sizes=\"(max-width: 1024px) 100vw, 1024px\" \/>\t\t\t\t\t\t\t\t\t\t\t\t\t\t\t<\/div>\n\t\t\t\t<\/div>\n\t\t\t\t<div class=\"elementor-element elementor-element-761fd4a elementor-widget elementor-widget-heading\" data-id=\"761fd4a\" data-element_type=\"widget\" data-e-type=\"widget\" data-widget_type=\"heading.default\">\n\t\t\t\t<div class=\"elementor-widget-container\">\n\t\t\t\t\t<h4 class=\"elementor-heading-title elementor-size-default\"><p data-start=\"170\" data-end=\"256\"><em data-start=\"197\" data-end=\"256\">A diferen\u00e7a \u00e9 importante<\/em><span style=\"letter-spacing: 0em;text-align: inherit\"><\/span><\/p><\/h4>\t\t\t\t<\/div>\n\t\t\t\t<\/div>\n\t\t\t\t<div class=\"elementor-element elementor-element-e38ef53 elementor-widget elementor-widget-text-editor\" data-id=\"e38ef53\" data-element_type=\"widget\" data-e-type=\"widget\" data-widget_type=\"text-editor.default\">\n\t\t\t\t<div class=\"elementor-widget-container\">\n\t\t\t\t\t\t\t\t\t<p data-start=\"1289\" data-end=\"1478\"><strong data-start=\"1289\" data-end=\"1478\">\u00abA Difference Matters\u00bb \u00e9 uma exposi\u00e7\u00e3o desenvolvida pelo CERCI Braga, fotografada por Jo\u00e3o Carlos, e coproduzida pela F\/SOS \u2013 Hist\u00f3rias de Solidariedade no \u00e2mbito da Braga Capital da Cultura 2025.<\/strong><\/p><p data-start=\"1480\" data-end=\"1633\">O projeto d\u00e1 visibilidade a indiv\u00edduos cujas hist\u00f3rias s\u00e3o frequentemente negligenciadas, celebrando a dignidade, a presen\u00e7a e as identidades \u00fanicas atrav\u00e9s do retrato.<\/p><p data-start=\"1635\" data-end=\"1841\">Apresentada no Museu dos Biscainhos, a exposi\u00e7\u00e3o convida o p\u00fablico a refletir sobre a inclus\u00e3o, a representa\u00e7\u00e3o e o poder da fotografia para reconhecer a humanidade e a for\u00e7a de cada pessoa retratada.<\/p>\t\t\t\t\t\t\t\t<\/div>\n\t\t\t\t<\/div>\n\t\t\t\t\t<\/div>\n\t\t<\/div>\n\t\t\t\t<div class=\"elementor-column elementor-col-50 elementor-top-column elementor-element elementor-element-a4a7aaf\" data-id=\"a4a7aaf\" data-element_type=\"column\" data-e-type=\"column\">\n\t\t\t<div class=\"elementor-widget-wrap elementor-element-populated\">\n\t\t\t\t\t\t<div class=\"elementor-element elementor-element-365fd2f elementor-widget elementor-widget-image\" data-id=\"365fd2f\" data-element_type=\"widget\" data-e-type=\"widget\" data-widget_type=\"image.default\">\n\t\t\t\t<div class=\"elementor-widget-container\">\n\t\t\t\t\t\t\t\t\t\t\t\t\t\t\t<img loading=\"lazy\" decoding=\"async\" width=\"683\" height=\"1024\" src=\"https:\/\/festival262.com\/wp-content\/uploads\/2025\/08\/19-scaled-1-683x1024.jpg\" class=\"attachment-large size-large wp-image-3492\" alt=\"\" srcset=\"https:\/\/festival262.com\/wp-content\/uploads\/2025\/08\/19-scaled-1-683x1024.jpg 683w, https:\/\/festival262.com\/wp-content\/uploads\/2025\/08\/19-scaled-1-200x300.jpg 200w, https:\/\/festival262.com\/wp-content\/uploads\/2025\/08\/19-scaled-1-768x1152.jpg 768w, https:\/\/festival262.com\/wp-content\/uploads\/2025\/08\/19-scaled-1-1024x1536.jpg 1024w, https:\/\/festival262.com\/wp-content\/uploads\/2025\/08\/19-scaled-1-1366x2048.jpg 1366w, https:\/\/festival262.com\/wp-content\/uploads\/2025\/08\/19-scaled-1-1320x1980.jpg 1320w, https:\/\/festival262.com\/wp-content\/uploads\/2025\/08\/19-scaled-1-600x900.jpg 600w, https:\/\/festival262.com\/wp-content\/uploads\/2025\/08\/19-scaled-1.jpg 1707w\" sizes=\"(max-width: 683px) 100vw, 683px\" \/>\t\t\t\t\t\t\t\t\t\t\t\t\t\t\t<\/div>\n\t\t\t\t<\/div>\n\t\t\t\t<div class=\"elementor-element elementor-element-8943bed elementor-widget elementor-widget-text-editor\" data-id=\"8943bed\" data-element_type=\"widget\" data-e-type=\"widget\" data-widget_type=\"text-editor.default\">\n\t\t\t\t<div class=\"elementor-widget-container\">\n\t\t\t\t\t\t\t\t\t<p><strong data-start=\"992\" data-end=\"1010\">Sonhos um Metro<\/strong> Trata-se de uma campanha de angaria\u00e7\u00e3o de fundos do CERCI Braga que visa a constru\u00e7\u00e3o de um novo espa\u00e7o para pessoas com defici\u00eancia.<br data-start=\"1111\" data-end=\"1114\" \/>A fotografia para a campanha foi criada por <strong>Jo\u00e3o Carlos<\/strong>, apoiando <strong>CERCI Braga<\/strong> comunica\u00e7\u00e3o e participa\u00e7\u00e3o do p\u00fablico.<\/p>\t\t\t\t\t\t\t\t<\/div>\n\t\t\t\t<\/div>\n\t\t\t\t\t<\/div>\n\t\t<\/div>\n\t\t\t\t\t<\/div>\n\t\t<\/section>\n\t\t\t\t<section class=\"elementor-section elementor-top-section elementor-element elementor-element-26a5a47 elementor-section-boxed elementor-section-height-default elementor-section-height-default\" data-id=\"26a5a47\" data-element_type=\"section\" data-e-type=\"section\">\n\t\t\t\t\t\t<div class=\"elementor-container elementor-column-gap-default\">\n\t\t\t\t\t<div class=\"elementor-column elementor-col-100 elementor-top-column elementor-element elementor-element-c8be71c\" data-id=\"c8be71c\" data-element_type=\"column\" data-e-type=\"column\">\n\t\t\t<div class=\"elementor-widget-wrap elementor-element-populated\">\n\t\t\t\t\t\t<div class=\"elementor-element elementor-element-dda222e elementor-widget-divider--view-line elementor-widget elementor-widget-divider\" data-id=\"dda222e\" data-element_type=\"widget\" data-e-type=\"widget\" data-widget_type=\"divider.default\">\n\t\t\t\t<div class=\"elementor-widget-container\">\n\t\t\t\t\t\t\t<div class=\"elementor-divider\">\n\t\t\t<span class=\"elementor-divider-separator\">\n\t\t\t\t\t\t<\/span>\n\t\t<\/div>\n\t\t\t\t\t\t<\/div>\n\t\t\t\t<\/div>\n\t\t\t\t\t<\/div>\n\t\t<\/div>\n\t\t\t\t\t<\/div>\n\t\t<\/section>\n\t\t\t\t<section class=\"elementor-section elementor-top-section elementor-element elementor-element-39598eb elementor-section-boxed elementor-section-height-default elementor-section-height-default\" data-id=\"39598eb\" data-element_type=\"section\" data-e-type=\"section\">\n\t\t\t\t\t\t<div class=\"elementor-container elementor-column-gap-default\">\n\t\t\t\t\t<div class=\"elementor-column elementor-col-50 elementor-top-column elementor-element elementor-element-0809c6f\" data-id=\"0809c6f\" data-element_type=\"column\" data-e-type=\"column\">\n\t\t\t<div class=\"elementor-widget-wrap elementor-element-populated\">\n\t\t\t\t\t\t<div class=\"elementor-element elementor-element-431d65e elementor-widget elementor-widget-heading\" data-id=\"431d65e\" data-element_type=\"widget\" data-e-type=\"widget\" data-widget_type=\"heading.default\">\n\t\t\t\t<div class=\"elementor-widget-container\">\n\t\t\t\t\t<h3 class=\"elementor-heading-title elementor-size-default\">Com quem fazemos parcerias<\/h3>\t\t\t\t<\/div>\n\t\t\t\t<\/div>\n\t\t\t\t<div class=\"elementor-element elementor-element-3558c32 elementor-widget elementor-widget-text-editor\" data-id=\"3558c32\" data-element_type=\"widget\" data-e-type=\"widget\" data-widget_type=\"text-editor.default\">\n\t\t\t\t<div class=\"elementor-widget-container\">\n\t\t\t\t\t\t\t\t\t<p data-start=\"322\" data-end=\"529\"><strong data-start=\"322\" data-end=\"529\">A F\/SOS trabalha com uma rede cuidadosamente selecionada de ONGs locais e internacionais, institui\u00e7\u00f5es culturais e organiza\u00e7\u00f5es de base que partilham os nossos valores e compromisso com o impacto social e ambiental.<\/strong><\/p><p data-start=\"531\" data-end=\"585\">Colaboramos ativamente com organiza\u00e7\u00f5es que trabalham em:<\/p><ul data-start=\"587\" data-end=\"753\"><li data-start=\"587\" data-end=\"633\"><p data-start=\"589\" data-end=\"633\">Inclus\u00e3o social e desenvolvimento comunit\u00e1rio<\/p><\/li><li data-start=\"634\" data-end=\"683\"><p data-start=\"636\" data-end=\"683\">Educa\u00e7\u00e3o atrav\u00e9s das artes e da cultura visual<\/p><\/li><li data-start=\"684\" data-end=\"721\"><p data-start=\"686\" data-end=\"721\">Defesa do ambiente e dos animais<\/p><\/li><li data-start=\"722\" data-end=\"753\"><p data-start=\"724\" data-end=\"753\">Sa\u00fade mental e bem-estar<\/p><\/li><\/ul><p data-start=\"755\" data-end=\"1037\">Acreditamos em parcerias significativas a longo prazo. Seja atrav\u00e9s de uma exposi\u00e7\u00e3o, uma campanha co-criada, um projeto apoiado por subven\u00e7\u00f5es ou um programa de fotografia baseado na comunidade, estamos sempre abertos a construir colabora\u00e7\u00f5es ponderadas que coloquem as pessoas, a \u00e9tica e o impacto no centro.<\/p>\t\t\t\t\t\t\t\t<\/div>\n\t\t\t\t<\/div>\n\t\t\t\t<div class=\"elementor-element elementor-element-c7c59e5 elementor-widget elementor-widget-button\" data-id=\"c7c59e5\" data-element_type=\"widget\" data-e-type=\"widget\" data-widget_type=\"button.default\">\n\t\t\t\t<div class=\"elementor-widget-container\">\n\t\t\t\t\t\t\t\t\t<div class=\"elementor-button-wrapper\">\n\t\t\t\t\t<a class=\"elementor-button elementor-button-link elementor-size-sm\" href=\"https:\/\/event.joaocarlosphoto.com\/support-us\/\">\n\t\t\t\t\t\t<span class=\"elementor-button-content-wrapper\">\n\t\t\t\t\t\t\t\t\t<span class=\"elementor-button-text\">Tornar-se um parceiro<\/span>\n\t\t\t\t\t<\/span>\n\t\t\t\t\t<\/a>\n\t\t\t\t<\/div>\n\t\t\t\t\t\t\t\t<\/div>\n\t\t\t\t<\/div>\n\t\t\t\t\t<\/div>\n\t\t<\/div>\n\t\t\t\t<div class=\"elementor-column elementor-col-50 elementor-top-column elementor-element elementor-element-20d801e\" data-id=\"20d801e\" data-element_type=\"column\" data-e-type=\"column\">\n\t\t\t<div class=\"elementor-widget-wrap elementor-element-populated\">\n\t\t\t\t\t\t<div class=\"elementor-element elementor-element-423327d elementor-widget elementor-widget-heading\" data-id=\"423327d\" data-element_type=\"widget\" data-e-type=\"widget\" data-widget_type=\"heading.default\">\n\t\t\t\t<div class=\"elementor-widget-container\">\n\t\t\t\t\t<h3 class=\"elementor-heading-title elementor-size-default\">Apoiar a Miss\u00e3o<\/h3>\t\t\t\t<\/div>\n\t\t\t\t<\/div>\n\t\t\t\t<div class=\"elementor-element elementor-element-dc39b58 elementor-widget elementor-widget-text-editor\" data-id=\"dc39b58\" data-element_type=\"widget\" data-e-type=\"widget\" data-widget_type=\"text-editor.default\">\n\t\t\t\t<div class=\"elementor-widget-container\">\n\t\t\t\t\t\t\t\t\t<p data-start=\"222\" data-end=\"313\"><strong data-start=\"222\" data-end=\"313\">A fotografia pode construir empatia, mas apenas se lhe dermos a estrutura e o espa\u00e7o para faz\u00ea-lo.<\/strong><\/p><p data-start=\"315\" data-end=\"527\">Se acredita no poder da cria\u00e7\u00e3o de imagens como uma ferramenta para a mudan\u00e7a, convidamo-lo a juntar-se a n\u00f3s. <strong data-start=\"403\" data-end=\"467\">Associa\u00e7\u00e3o F\/SOS \u2013 Fotografia, Solidariedade e Obras Sociais<\/strong>, quer como artista, parceiro, organiza\u00e7\u00e3o ou apoiante.<\/p>\t\t\t\t\t\t\t\t<\/div>\n\t\t\t\t<\/div>\n\t\t\t\t<div class=\"elementor-element elementor-element-43012d8 elementor-widget elementor-widget-button\" data-id=\"43012d8\" data-element_type=\"widget\" data-e-type=\"widget\" data-widget_type=\"button.default\">\n\t\t\t\t<div class=\"elementor-widget-container\">\n\t\t\t\t\t\t\t\t\t<div class=\"elementor-button-wrapper\">\n\t\t\t\t\t<a class=\"elementor-button elementor-button-link elementor-size-sm\" href=\"https:\/\/event.joaocarlosphoto.com\/become-a-sponsor\/\">\n\t\t\t\t\t\t<span class=\"elementor-button-content-wrapper\">\n\t\t\t\t\t\t\t\t\t<span class=\"elementor-button-text\">apoio<\/span>\n\t\t\t\t\t<\/span>\n\t\t\t\t\t<\/a>\n\t\t\t\t<\/div>\n\t\t\t\t\t\t\t\t<\/div>\n\t\t\t\t<\/div>\n\t\t\t\t\t<\/div>\n\t\t<\/div>\n\t\t\t\t\t<\/div>\n\t\t<\/section>\n\t\t\t\t<section class=\"elementor-section elementor-top-section elementor-element elementor-element-17b4f71 elementor-section-boxed elementor-section-height-default elementor-section-height-default\" data-id=\"17b4f71\" data-element_type=\"section\" data-e-type=\"section\">\n\t\t\t\t\t\t<div class=\"elementor-container elementor-column-gap-default\">\n\t\t\t\t\t<div class=\"elementor-column elementor-col-100 elementor-top-column elementor-element elementor-element-b421577\" data-id=\"b421577\" data-element_type=\"column\" data-e-type=\"column\">\n\t\t\t<div class=\"elementor-widget-wrap elementor-element-populated\">\n\t\t\t\t\t\t<div class=\"elementor-element elementor-element-083ef3e elementor-widget elementor-widget-shortcode\" data-id=\"083ef3e\" data-element_type=\"widget\" data-e-type=\"widget\" data-widget_type=\"shortcode.default\">\n\t\t\t\t<div class=\"elementor-widget-container\">\n\t\t\t\t\t\t\t<div class=\"elementor-shortcode\">\t\t<div data-elementor-type=\"wp-post\" data-elementor-id=\"206\" class=\"elementor elementor-206\">\n\t\t\t\t\t\t<div class=\"elementor-section elementor-top-section elementor-element elementor-element-433e9d9 elementor-section-stretched footer-custom elementor-section-full_width elementor-section-height-default elementor-section-height-default\" data-id=\"433e9d9\" data-element_type=\"section\" data-e-type=\"section\" data-settings=\"{&quot;stretch_section&quot;:&quot;section-stretched&quot;,&quot;background_background&quot;:&quot;classic&quot;}\">\n\t\t\t\t\t\t<div class=\"elementor-container elementor-column-gap-no\">\n\t\t\t\t\t<div class=\"elementor-column elementor-col-100 elementor-top-column elementor-element elementor-element-4386f5f\" data-id=\"4386f5f\" data-element_type=\"column\" data-e-type=\"column\">\n\t\t\t<div class=\"elementor-widget-wrap elementor-element-populated\">\n\t\t\t\t\t\t<div class=\"elementor-section elementor-inner-section elementor-element elementor-element-ab81258 elementor-section-boxed elementor-section-height-default elementor-section-height-default\" data-id=\"ab81258\" data-element_type=\"section\" data-e-type=\"section\">\n\t\t\t\t\t\t<div class=\"elementor-container elementor-column-gap-wider\">\n\t\t\t\t\t<div class=\"elementor-column elementor-col-33 elementor-inner-column elementor-element elementor-element-abe660f\" data-id=\"abe660f\" data-element_type=\"column\" data-e-type=\"column\">\n\t\t\t<div class=\"elementor-widget-wrap elementor-element-populated\">\n\t\t\t\t\t\t<div class=\"elementor-element elementor-element-fdb18bb invert elementor-widget elementor-widget-heading\" data-id=\"fdb18bb\" data-element_type=\"widget\" data-e-type=\"widget\" data-widget_type=\"heading.default\">\n\t\t\t\t<div class=\"elementor-widget-container\">\n\t\t\t\t\t<h5 class=\"elementor-heading-title elementor-size-default\">Produzido por F\/262 &amp; Associa\u00e7\u00e3o F\/SOS<\/h5>\t\t\t\t<\/div>\n\t\t\t\t<\/div>\n\t\t\t\t<div class=\"elementor-element elementor-element-cd7b3b4 elementor-widget elementor-widget-spacer\" data-id=\"cd7b3b4\" data-element_type=\"widget\" data-e-type=\"widget\" data-widget_type=\"spacer.default\">\n\t\t\t\t<div class=\"elementor-widget-container\">\n\t\t\t\t\t\t\t<div class=\"elementor-spacer\">\n\t\t\t<div class=\"elementor-spacer-inner\"><\/div>\n\t\t<\/div>\n\t\t\t\t\t\t<\/div>\n\t\t\t\t<\/div>\n\t\t\t\t<div class=\"elementor-element elementor-element-a61036d elementor-widget elementor-widget-image\" data-id=\"a61036d\" data-element_type=\"widget\" data-e-type=\"widget\" data-widget_type=\"image.default\">\n\t\t\t\t<div class=\"elementor-widget-container\">\n\t\t\t\t\t\t\t\t\t\t\t\t\t\t\t\t<a href=\"https:\/\/festival262.com\/pt\/\">\n\t\t\t\t\t\t\t<img loading=\"lazy\" decoding=\"async\" width=\"1532\" height=\"436\" src=\"https:\/\/festival262.com\/wp-content\/uploads\/2019\/10\/F262-LOGO-COMPOSTO-COM-EFFE-WHITE-PT.svg\" class=\"attachment-full size-full wp-image-7626\" alt=\"\" \/>\t\t\t\t\t\t\t\t<\/a>\n\t\t\t\t\t\t\t\t\t\t\t\t\t\t\t<\/div>\n\t\t\t\t<\/div>\n\t\t\t\t<div class=\"elementor-element elementor-element-ec74c02 elementor-widget elementor-widget-spacer\" data-id=\"ec74c02\" data-element_type=\"widget\" data-e-type=\"widget\" data-widget_type=\"spacer.default\">\n\t\t\t\t<div class=\"elementor-widget-container\">\n\t\t\t\t\t\t\t<div class=\"elementor-spacer\">\n\t\t\t<div class=\"elementor-spacer-inner\"><\/div>\n\t\t<\/div>\n\t\t\t\t\t\t<\/div>\n\t\t\t\t<\/div>\n\t\t\t\t<div class=\"elementor-element elementor-element-155e5e2 elementor-widget elementor-widget-image\" data-id=\"155e5e2\" data-element_type=\"widget\" data-e-type=\"widget\" data-widget_type=\"image.default\">\n\t\t\t\t<div class=\"elementor-widget-container\">\n\t\t\t\t\t\t\t\t\t\t\t\t\t\t\t\t<a href=\"https:\/\/www.f-sos.org\" target=\"_blank\">\n\t\t\t\t\t\t\t<img loading=\"lazy\" decoding=\"async\" width=\"2560\" height=\"567\" src=\"https:\/\/festival262.com\/wp-content\/uploads\/2019\/10\/associacao-white-copy-scaled.png\" class=\"attachment-full size-full wp-image-5659\" alt=\"\" srcset=\"https:\/\/festival262.com\/wp-content\/uploads\/2019\/10\/associacao-white-copy-scaled.png 2560w, https:\/\/festival262.com\/wp-content\/uploads\/2019\/10\/associacao-white-copy-300x66.png 300w, https:\/\/festival262.com\/wp-content\/uploads\/2019\/10\/associacao-white-copy-1024x227.png 1024w, https:\/\/festival262.com\/wp-content\/uploads\/2019\/10\/associacao-white-copy-768x170.png 768w, https:\/\/festival262.com\/wp-content\/uploads\/2019\/10\/associacao-white-copy-1536x340.png 1536w, https:\/\/festival262.com\/wp-content\/uploads\/2019\/10\/associacao-white-copy-2048x453.png 2048w, https:\/\/festival262.com\/wp-content\/uploads\/2019\/10\/associacao-white-copy-1320x292.png 1320w, https:\/\/festival262.com\/wp-content\/uploads\/2019\/10\/associacao-white-copy-600x133.png 600w\" sizes=\"(max-width: 2560px) 100vw, 2560px\" \/>\t\t\t\t\t\t\t\t<\/a>\n\t\t\t\t\t\t\t\t\t\t\t\t\t\t\t<\/div>\n\t\t\t\t<\/div>\n\t\t\t\t<div class=\"elementor-element elementor-element-1c060c8 elementor-widget elementor-widget-image\" data-id=\"1c060c8\" data-element_type=\"widget\" data-e-type=\"widget\" data-widget_type=\"image.default\">\n\t\t\t\t<div class=\"elementor-widget-container\">\n\t\t\t\t\t\t\t\t\t\t\t\t\t\t\t\t<a href=\"https:\/\/www.websitecarbon.com\/website\/festival262-com\/\" target=\"_blank\">\n\t\t\t\t\t\t\t<img loading=\"lazy\" decoding=\"async\" width=\"728\" height=\"196\" src=\"https:\/\/festival262.com\/wp-content\/uploads\/2019\/10\/carbon-rating.png\" class=\"attachment-full size-full wp-image-5817\" alt=\"classifica\u00e7\u00e3o do carbono\" srcset=\"https:\/\/festival262.com\/wp-content\/uploads\/2019\/10\/carbon-rating.png 728w, https:\/\/festival262.com\/wp-content\/uploads\/2019\/10\/carbon-rating-300x81.png 300w, https:\/\/festival262.com\/wp-content\/uploads\/2019\/10\/carbon-rating-600x162.png 600w\" sizes=\"(max-width: 728px) 100vw, 728px\" \/>\t\t\t\t\t\t\t\t<\/a>\n\t\t\t\t\t\t\t\t\t\t\t\t\t\t\t<\/div>\n\t\t\t\t<\/div>\n\t\t\t\t\t<\/div>\n\t\t<\/div>\n\t\t\t\t<div class=\"elementor-column elementor-col-33 elementor-inner-column elementor-element elementor-element-af8a3fd\" data-id=\"af8a3fd\" data-element_type=\"column\" data-e-type=\"column\">\n\t\t\t<div class=\"elementor-widget-wrap elementor-element-populated\">\n\t\t\t\t\t\t<div class=\"elementor-element elementor-element-cbd4305 invert elementor-widget elementor-widget-heading\" data-id=\"cbd4305\" data-element_type=\"widget\" data-e-type=\"widget\" data-widget_type=\"heading.default\">\n\t\t\t\t<div class=\"elementor-widget-container\">\n\t\t\t\t\t<h5 class=\"elementor-heading-title elementor-size-default\">Com o apoio de:<\/h5>\t\t\t\t<\/div>\n\t\t\t\t<\/div>\n\t\t\t\t<div class=\"elementor-element elementor-element-6e61efe elementor-widget elementor-widget-spacer\" data-id=\"6e61efe\" data-element_type=\"widget\" data-e-type=\"widget\" data-widget_type=\"spacer.default\">\n\t\t\t\t<div class=\"elementor-widget-container\">\n\t\t\t\t\t\t\t<div class=\"elementor-spacer\">\n\t\t\t<div class=\"elementor-spacer-inner\"><\/div>\n\t\t<\/div>\n\t\t\t\t\t\t<\/div>\n\t\t\t\t<\/div>\n\t\t\t\t<div class=\"elementor-element elementor-element-8f9d706 elementor-widget elementor-widget-image\" data-id=\"8f9d706\" data-element_type=\"widget\" data-e-type=\"widget\" data-widget_type=\"image.default\">\n\t\t\t\t<div class=\"elementor-widget-container\">\n\t\t\t\t\t\t\t\t\t\t\t\t\t\t\t\t<a href=\"https:\/\/www.mcr.pt\" target=\"_blank\">\n\t\t\t\t\t\t\t<img loading=\"lazy\" decoding=\"async\" width=\"600\" height=\"363\" src=\"https:\/\/festival262.com\/wp-content\/uploads\/2019\/10\/cmcr.png.webp\" class=\"attachment-full size-full wp-image-5603\" alt=\"\" srcset=\"https:\/\/festival262.com\/wp-content\/uploads\/2019\/10\/cmcr.png.webp 600w, https:\/\/festival262.com\/wp-content\/uploads\/2019\/10\/cmcr.png-300x182.webp 300w\" sizes=\"(max-width: 600px) 100vw, 600px\" \/>\t\t\t\t\t\t\t\t<\/a>\n\t\t\t\t\t\t\t\t\t\t\t\t\t\t\t<\/div>\n\t\t\t\t<\/div>\n\t\t\t\t\t<\/div>\n\t\t<\/div>\n\t\t\t\t<div class=\"elementor-column elementor-col-33 elementor-inner-column elementor-element elementor-element-3840b6d\" data-id=\"3840b6d\" data-element_type=\"column\" data-e-type=\"column\">\n\t\t\t<div class=\"elementor-widget-wrap elementor-element-populated\">\n\t\t\t\t\t\t<div class=\"elementor-element elementor-element-c63d851 invert elementor-widget elementor-widget-heading\" data-id=\"c63d851\" data-element_type=\"widget\" data-e-type=\"widget\" data-widget_type=\"heading.default\">\n\t\t\t\t<div class=\"elementor-widget-container\">\n\t\t\t\t\t<h5 class=\"elementor-heading-title elementor-size-default\">Maio \u2013 setembro de 2026<br>\nCaldas da Rainha Portugal<\/h5>\t\t\t\t<\/div>\n\t\t\t\t<\/div>\n\t\t\t\t<div class=\"elementor-element elementor-element-3636f02 elementor-widget elementor-widget-spacer\" data-id=\"3636f02\" data-element_type=\"widget\" data-e-type=\"widget\" data-widget_type=\"spacer.default\">\n\t\t\t\t<div class=\"elementor-widget-container\">\n\t\t\t\t\t\t\t<div class=\"elementor-spacer\">\n\t\t\t<div class=\"elementor-spacer-inner\"><\/div>\n\t\t<\/div>\n\t\t\t\t\t\t<\/div>\n\t\t\t\t<\/div>\n\t\t\t\t<div class=\"elementor-element elementor-element-6b32ea3 elementor-widget elementor-widget-heading\" data-id=\"6b32ea3\" data-element_type=\"widget\" data-e-type=\"widget\" data-widget_type=\"heading.default\">\n\t\t\t\t<div class=\"elementor-widget-container\">\n\t\t\t\t\t<h5 class=\"elementor-heading-title elementor-size-default\">Sobre o F\/262\n<\/h5>\t\t\t\t<\/div>\n\t\t\t\t<\/div>\n\t\t\t\t<div class=\"elementor-element elementor-element-0430d04 elementor-widget elementor-widget-text-editor\" data-id=\"0430d04\" data-element_type=\"widget\" data-e-type=\"widget\" data-widget_type=\"text-editor.default\">\n\t\t\t\t<div class=\"elementor-widget-container\">\n\t\t\t\t\t\t\t\t\t<p data-start=\"431\" data-end=\"686\">O F\/262 \u00e9 um festival internacional de fotografia enraizado nas Caldas da Rainha, Portugal.<br data-start=\"526\" data-end=\"529\" \/>Atrav\u00e9s de exposi\u00e7\u00f5es, palestras, educa\u00e7\u00e3o e instala\u00e7\u00f5es p\u00fablicas, o festival envolve a fotografia contempor\u00e2nea com o local, a comunidade e o mundo que partilhamos.<\/p><p data-start=\"688\" data-end=\"718\">\u00a0<\/p>\t\t\t\t\t\t\t\t<\/div>\n\t\t\t\t<\/div>\n\t\t\t\t<div class=\"elementor-element elementor-element-1251943 elementor-widget elementor-widget-spacer\" data-id=\"1251943\" data-element_type=\"widget\" data-e-type=\"widget\" data-widget_type=\"spacer.default\">\n\t\t\t\t<div class=\"elementor-widget-container\">\n\t\t\t\t\t\t\t<div class=\"elementor-spacer\">\n\t\t\t<div class=\"elementor-spacer-inner\"><\/div>\n\t\t<\/div>\n\t\t\t\t\t\t<\/div>\n\t\t\t\t<\/div>\n\t\t\t\t\t<\/div>\n\t\t<\/div>\n\t\t\t\t\t<\/div>\n\t\t<\/div>\n\t\t\t\t<section class=\"elementor-section elementor-inner-section elementor-element elementor-element-0e3f8f2 elementor-section-boxed elementor-section-height-default elementor-section-height-default\" data-id=\"0e3f8f2\" data-element_type=\"section\" data-e-type=\"section\">\n\t\t\t\t\t\t<div class=\"elementor-container elementor-column-gap-default\">\n\t\t\t\t\t<div class=\"elementor-column elementor-col-50 elementor-inner-column elementor-element elementor-element-65aff90\" data-id=\"65aff90\" data-element_type=\"column\" data-e-type=\"column\">\n\t\t\t<div class=\"elementor-widget-wrap elementor-element-populated\">\n\t\t\t\t\t\t<div class=\"elementor-element elementor-element-c895301 hfe-nav-menu__breakpoint-none hfe-nav-menu__align-left hfe-submenu-icon-arrow hfe-submenu-animation-none hfe-link-redirect-child elementor-widget elementor-widget-navigation-menu\" data-id=\"c895301\" data-element_type=\"widget\" data-e-type=\"widget\" data-settings=\"{&quot;padding_horizontal_menu_item&quot;:{&quot;unit&quot;:&quot;px&quot;,&quot;size&quot;:15,&quot;sizes&quot;:[]},&quot;padding_horizontal_menu_item_tablet&quot;:{&quot;unit&quot;:&quot;px&quot;,&quot;size&quot;:&quot;&quot;,&quot;sizes&quot;:[]},&quot;padding_horizontal_menu_item_mobile&quot;:{&quot;unit&quot;:&quot;px&quot;,&quot;size&quot;:&quot;&quot;,&quot;sizes&quot;:[]},&quot;padding_vertical_menu_item&quot;:{&quot;unit&quot;:&quot;px&quot;,&quot;size&quot;:15,&quot;sizes&quot;:[]},&quot;padding_vertical_menu_item_tablet&quot;:{&quot;unit&quot;:&quot;px&quot;,&quot;size&quot;:&quot;&quot;,&quot;sizes&quot;:[]},&quot;padding_vertical_menu_item_mobile&quot;:{&quot;unit&quot;:&quot;px&quot;,&quot;size&quot;:&quot;&quot;,&quot;sizes&quot;:[]},&quot;menu_space_between&quot;:{&quot;unit&quot;:&quot;px&quot;,&quot;size&quot;:&quot;&quot;,&quot;sizes&quot;:[]},&quot;menu_space_between_tablet&quot;:{&quot;unit&quot;:&quot;px&quot;,&quot;size&quot;:&quot;&quot;,&quot;sizes&quot;:[]},&quot;menu_space_between_mobile&quot;:{&quot;unit&quot;:&quot;px&quot;,&quot;size&quot;:&quot;&quot;,&quot;sizes&quot;:[]},&quot;menu_row_space&quot;:{&quot;unit&quot;:&quot;px&quot;,&quot;size&quot;:&quot;&quot;,&quot;sizes&quot;:[]},&quot;menu_row_space_tablet&quot;:{&quot;unit&quot;:&quot;px&quot;,&quot;size&quot;:&quot;&quot;,&quot;sizes&quot;:[]},&quot;menu_row_space_mobile&quot;:{&quot;unit&quot;:&quot;px&quot;,&quot;size&quot;:&quot;&quot;,&quot;sizes&quot;:[]},&quot;dropdown_border_radius&quot;:{&quot;unit&quot;:&quot;px&quot;,&quot;top&quot;:&quot;&quot;,&quot;right&quot;:&quot;&quot;,&quot;bottom&quot;:&quot;&quot;,&quot;left&quot;:&quot;&quot;,&quot;isLinked&quot;:true},&quot;dropdown_border_radius_tablet&quot;:{&quot;unit&quot;:&quot;px&quot;,&quot;top&quot;:&quot;&quot;,&quot;right&quot;:&quot;&quot;,&quot;bottom&quot;:&quot;&quot;,&quot;left&quot;:&quot;&quot;,&quot;isLinked&quot;:true},&quot;dropdown_border_radius_mobile&quot;:{&quot;unit&quot;:&quot;px&quot;,&quot;top&quot;:&quot;&quot;,&quot;right&quot;:&quot;&quot;,&quot;bottom&quot;:&quot;&quot;,&quot;left&quot;:&quot;&quot;,&quot;isLinked&quot;:true},&quot;width_dropdown_item&quot;:{&quot;unit&quot;:&quot;px&quot;,&quot;size&quot;:&quot;220&quot;,&quot;sizes&quot;:[]},&quot;width_dropdown_item_tablet&quot;:{&quot;unit&quot;:&quot;px&quot;,&quot;size&quot;:&quot;&quot;,&quot;sizes&quot;:[]},&quot;width_dropdown_item_mobile&quot;:{&quot;unit&quot;:&quot;px&quot;,&quot;size&quot;:&quot;&quot;,&quot;sizes&quot;:[]},&quot;padding_horizontal_dropdown_item&quot;:{&quot;unit&quot;:&quot;px&quot;,&quot;size&quot;:&quot;&quot;,&quot;sizes&quot;:[]},&quot;padding_horizontal_dropdown_item_tablet&quot;:{&quot;unit&quot;:&quot;px&quot;,&quot;size&quot;:&quot;&quot;,&quot;sizes&quot;:[]},&quot;padding_horizontal_dropdown_item_mobile&quot;:{&quot;unit&quot;:&quot;px&quot;,&quot;size&quot;:&quot;&quot;,&quot;sizes&quot;:[]},&quot;padding_vertical_dropdown_item&quot;:{&quot;unit&quot;:&quot;px&quot;,&quot;size&quot;:15,&quot;sizes&quot;:[]},&quot;padding_vertical_dropdown_item_tablet&quot;:{&quot;unit&quot;:&quot;px&quot;,&quot;size&quot;:&quot;&quot;,&quot;sizes&quot;:[]},&quot;padding_vertical_dropdown_item_mobile&quot;:{&quot;unit&quot;:&quot;px&quot;,&quot;size&quot;:&quot;&quot;,&quot;sizes&quot;:[]},&quot;distance_from_menu&quot;:{&quot;unit&quot;:&quot;px&quot;,&quot;size&quot;:&quot;&quot;,&quot;sizes&quot;:[]},&quot;distance_from_menu_tablet&quot;:{&quot;unit&quot;:&quot;px&quot;,&quot;size&quot;:&quot;&quot;,&quot;sizes&quot;:[]},&quot;distance_from_menu_mobile&quot;:{&quot;unit&quot;:&quot;px&quot;,&quot;size&quot;:&quot;&quot;,&quot;sizes&quot;:[]},&quot;toggle_size&quot;:{&quot;unit&quot;:&quot;px&quot;,&quot;size&quot;:&quot;&quot;,&quot;sizes&quot;:[]},&quot;toggle_size_tablet&quot;:{&quot;unit&quot;:&quot;px&quot;,&quot;size&quot;:&quot;&quot;,&quot;sizes&quot;:[]},&quot;toggle_size_mobile&quot;:{&quot;unit&quot;:&quot;px&quot;,&quot;size&quot;:&quot;&quot;,&quot;sizes&quot;:[]},&quot;toggle_border_width&quot;:{&quot;unit&quot;:&quot;px&quot;,&quot;size&quot;:&quot;&quot;,&quot;sizes&quot;:[]},&quot;toggle_border_width_tablet&quot;:{&quot;unit&quot;:&quot;px&quot;,&quot;size&quot;:&quot;&quot;,&quot;sizes&quot;:[]},&quot;toggle_border_width_mobile&quot;:{&quot;unit&quot;:&quot;px&quot;,&quot;size&quot;:&quot;&quot;,&quot;sizes&quot;:[]},&quot;toggle_border_radius&quot;:{&quot;unit&quot;:&quot;px&quot;,&quot;size&quot;:&quot;&quot;,&quot;sizes&quot;:[]},&quot;toggle_border_radius_tablet&quot;:{&quot;unit&quot;:&quot;px&quot;,&quot;size&quot;:&quot;&quot;,&quot;sizes&quot;:[]},&quot;toggle_border_radius_mobile&quot;:{&quot;unit&quot;:&quot;px&quot;,&quot;size&quot;:&quot;&quot;,&quot;sizes&quot;:[]}}\" data-widget_type=\"navigation-menu.default\">\n\t\t\t\t<div class=\"elementor-widget-container\">\n\t\t\t\t\t\t\t\t<div class=\"hfe-nav-menu hfe-layout-horizontal hfe-nav-menu-layout horizontal hfe-pointer__none\" data-layout=\"horizontal\">\n\t\t\t\t<div role=\"button\" class=\"hfe-nav-menu__toggle elementor-clickable\" tabindex=\"0\" aria-label=\"Menu Alternar\">\n\t\t\t\t\t<span class=\"screen-reader-text\">Menu<\/span>\n\t\t\t\t\t<div class=\"hfe-nav-menu-icon\">\n\t\t\t\t\t\t\t\t\t\t\t<\/div>\n\t\t\t\t<\/div>\n\t\t\t\t<nav class=\"hfe-nav-menu__layout-horizontal hfe-nav-menu__submenu-arrow\" data-toggle-icon=\"\" data-close-icon=\"\" data-full-width=\"\">\n\t\t\t\t\t<ul id=\"menu-1-c895301\" class=\"hfe-nav-menu\"><li id=\"menu-item-6609\" class=\"menu-item menu-item-type-post_type menu-item-object-page parent hfe-creative-menu\"><a href=\"https:\/\/festival262.com\/pt\/privacy-policy\/\" class = \"hfe-menu-item\">Pol\u00edtica de privacidade<\/a><\/li>\n<li id=\"menu-item-6610\" class=\"menu-item menu-item-type-post_type menu-item-object-page parent hfe-creative-menu\"><a href=\"https:\/\/festival262.com\/pt\/terms-of-service\/\" class = \"hfe-menu-item\">Termos de Servi\u00e7o<\/a><\/li>\n<li id=\"menu-item-6611\" class=\"menu-item menu-item-type-post_type menu-item-object-page parent hfe-creative-menu\"><a href=\"https:\/\/festival262.com\/pt\/competition-rules-terms-of-entry\/\" class = \"hfe-menu-item\">Regras da Competi\u00e7\u00e3o &amp; Termos de Entrada<\/a><\/li>\n<\/ul> \n\t\t\t\t<\/nav>\n\t\t\t<\/div>\n\t\t\t\t\t\t\t<\/div>\n\t\t\t\t<\/div>\n\t\t\t\t\t<\/div>\n\t\t<\/div>\n\t\t\t\t<div class=\"elementor-column elementor-col-50 elementor-inner-column elementor-element elementor-element-e840057\" data-id=\"e840057\" data-element_type=\"column\" data-e-type=\"column\">\n\t\t\t<div class=\"elementor-widget-wrap elementor-element-populated\">\n\t\t\t\t\t\t<div class=\"elementor-element elementor-element-c368a16 footer-soc-icon elementor-shape-circle e-grid-align-right e-grid-align-mobile-center elementor-grid-0 elementor-widget elementor-widget-social-icons\" data-id=\"c368a16\" data-element_type=\"widget\" data-e-type=\"widget\" data-widget_type=\"social-icons.default\">\n\t\t\t\t<div class=\"elementor-widget-container\">\n\t\t\t\t\t\t\t<div class=\"elementor-social-icons-wrapper elementor-grid\" role=\"list\">\n\t\t\t\t\t\t\t<span class=\"elementor-grid-item\" role=\"listitem\">\n\t\t\t\t\t<a class=\"elementor-icon elementor-social-icon elementor-social-icon-instagram elementor-repeater-item-a3788bb\" href=\"https:\/\/www.instagram.com\/festival.262\" target=\"_blank\">\n\t\t\t\t\t\t<span class=\"elementor-screen-only\">Instagram<\/span>\n\t\t\t\t\t\t<i aria-hidden=\"true\" class=\"fab fa-instagram\"><\/i>\t\t\t\t\t<\/a>\n\t\t\t\t<\/span>\n\t\t\t\t\t\t\t<span class=\"elementor-grid-item\" role=\"listitem\">\n\t\t\t\t\t<a class=\"elementor-icon elementor-social-icon elementor-social-icon-linkedin elementor-repeater-item-0a1b6fe\" href=\"https:\/\/www.linkedin.com\/company\/associacao-f-sos-fotografia-solidariedade-e-obras-sociais\/\" target=\"_blank\">\n\t\t\t\t\t\t<span class=\"elementor-screen-only\">Linkedin<\/span>\n\t\t\t\t\t\t<i aria-hidden=\"true\" class=\"fab fa-linkedin\"><\/i>\t\t\t\t\t<\/a>\n\t\t\t\t<\/span>\n\t\t\t\t\t\t\t<span class=\"elementor-grid-item\" role=\"listitem\">\n\t\t\t\t\t<a class=\"elementor-icon elementor-social-icon elementor-social-icon-youtube elementor-repeater-item-f3c97f5\" href=\"https:\/\/www.youtube.com\/@F262PhotographyFestival\" target=\"_blank\">\n\t\t\t\t\t\t<span class=\"elementor-screen-only\">Youtube<\/span>\n\t\t\t\t\t\t<i aria-hidden=\"true\" class=\"fab fa-youtube\"><\/i>\t\t\t\t\t<\/a>\n\t\t\t\t<\/span>\n\t\t\t\t\t<\/div>\n\t\t\t\t\t\t<\/div>\n\t\t\t\t<\/div>\n\t\t\t\t\t<\/div>\n\t\t<\/div>\n\t\t\t\t\t<\/div>\n\t\t<\/section>\n\t\t\t\t<div class=\"elementor-section elementor-inner-section elementor-element elementor-element-21d4a88 elementor-section-boxed elementor-section-height-default elementor-section-height-default\" data-id=\"21d4a88\" data-element_type=\"section\" data-e-type=\"section\">\n\t\t\t\t\t\t<div class=\"elementor-container elementor-column-gap-no\">\n\t\t\t\t\t<div class=\"elementor-column elementor-col-100 elementor-inner-column elementor-element elementor-element-37fbc21\" data-id=\"37fbc21\" data-element_type=\"column\" data-e-type=\"column\">\n\t\t\t<div class=\"elementor-widget-wrap elementor-element-populated\">\n\t\t\t\t\t\t<div class=\"elementor-element elementor-element-fe6ceda copyright-footer elementor-widget elementor-widget-text-editor\" data-id=\"fe6ceda\" data-element_type=\"widget\" data-e-type=\"widget\" data-widget_type=\"text-editor.default\">\n\t\t\t\t<div class=\"elementor-widget-container\">\n\t\t\t\t\t\t\t\t\t<p>\u00a92026 F\/262 \u2013 Festival Internacional de Fotografia<br \/>Produzido por <a href=\"https:\/\/www.f-sos.org\" target=\"_blank\" rel=\"noopener\">Associa\u00e7\u00e3o F\/SOS \u2013 Fotografia, Solidariedade e Obras Sociais<\/a><\/p>\t\t\t\t\t\t\t\t<\/div>\n\t\t\t\t<\/div>\n\t\t\t\t\t<\/div>\n\t\t<\/div>\n\t\t\t\t\t<\/div>\n\t\t<\/div>\n\t\t\t\t\t<\/div>\n\t\t<\/div>\n\t\t\t\t\t<\/div>\n\t\t<\/div>\n\t\t\t\t<\/div>\n\t\t<\/div>\n\t\t\t\t\t\t<\/div>\n\t\t\t\t<\/div>\n\t\t\t\t\t<\/div>\n\t\t<\/div>\n\t\t\t\t\t<\/div>\n\t\t<\/section>\n\t\t\t\t<\/div>","protected":false},"excerpt":{"rendered":"<p>Photography with purpose. Connection with impact. ASSOCIA\u00c7\u00c3O F\/SOS \u2013 FOTOGRAFIA, SOLIDARIEDADE E OBRAS SOCIAIS A non-profit association using photography as a tool for social and environmental impact. \u00a0 \u00a0The ASSOCIA\u00c7\u00c3O F\/SOS \u2013 FOTOGRAFIA, SOLIDARIEDADE E OBRAS SOCIAIS is a non-profit cultural and social organization based in Portugal that uses photography as a tool for social, [&hellip;]<\/p>","protected":false},"author":6,"featured_media":0,"parent":0,"menu_order":0,"comment_status":"closed","ping_status":"closed","template":"","meta":{"_acf_changed":false,"footnotes":""},"class_list":["post-3478","page","type-page","status-publish","hentry"],"acf":[],"yoast_head":"<!-- This site is optimized with the Yoast SEO plugin v27.5 - https:\/\/yoast.com\/product\/yoast-seo-wordpress\/ -->\n<title>F\/SOS - F\/262 Festival Internacional de Fotografia<\/title>\n<meta name=\"robots\" content=\"index, follow, max-snippet:-1, max-image-preview:large, max-video-preview:-1\" \/>\n<link rel=\"canonical\" href=\"https:\/\/festival262.com\/pt\/f-sos\/\" \/>\n<meta property=\"og:locale\" content=\"pt_PT\" \/>\n<meta property=\"og:type\" content=\"article\" \/>\n<meta property=\"og:title\" content=\"F\/SOS - F\/262 Festival Internacional de Fotografia\" \/>\n<meta property=\"og:description\" content=\"Photography with purpose. Connection with impact. ASSOCIA\u00c7\u00c3O F\/SOS \u2013 FOTOGRAFIA, SOLIDARIEDADE E OBRAS SOCIAIS A non-profit association using photography as a tool for social and environmental impact. \u00a0 \u00a0The ASSOCIA\u00c7\u00c3O F\/SOS \u2013 FOTOGRAFIA, SOLIDARIEDADE E OBRAS SOCIAIS is a non-profit cultural and social organization based in Portugal that uses photography as a tool for social, [&hellip;]\" \/>\n<meta property=\"og:url\" content=\"https:\/\/festival262.com\/pt\/f-sos\/\" \/>\n<meta property=\"og:site_name\" content=\"F\/262 Festival Internacional de Fotografia\" \/>\n<meta property=\"article:modified_time\" content=\"2026-01-05T12:08:15+00:00\" \/>\n<meta property=\"og:image\" content=\"https:\/\/festival262.com\/wp-content\/uploads\/2025\/12\/PHOTO-2025-12-22-18-42-36.jpg\" \/>\n\t<meta property=\"og:image:width\" content=\"1600\" \/>\n\t<meta property=\"og:image:height\" content=\"458\" \/>\n\t<meta property=\"og:image:type\" content=\"image\/jpeg\" \/>\n<meta name=\"twitter:card\" content=\"summary_large_image\" \/>\n<meta name=\"twitter:label1\" content=\"Tempo estimado de leitura\" \/>\n\t<meta name=\"twitter:data1\" content=\"6 minutos\" \/>\n<script type=\"application\/ld+json\" class=\"yoast-schema-graph\">{\"@context\":\"https:\\\/\\\/schema.org\",\"@graph\":[{\"@type\":\"WebPage\",\"@id\":\"https:\\\/\\\/festival262.com\\\/f-sos\\\/\",\"url\":\"https:\\\/\\\/festival262.com\\\/f-sos\\\/\",\"name\":\"F\\\/SOS - F\\\/262 Festival Internacional de Fotografia\",\"isPartOf\":{\"@id\":\"https:\\\/\\\/festival262.com\\\/#website\"},\"primaryImageOfPage\":{\"@id\":\"https:\\\/\\\/festival262.com\\\/f-sos\\\/#primaryimage\"},\"image\":{\"@id\":\"https:\\\/\\\/festival262.com\\\/f-sos\\\/#primaryimage\"},\"thumbnailUrl\":\"https:\\\/\\\/festival262.com\\\/wp-content\\\/uploads\\\/2025\\\/12\\\/PHOTO-2025-12-22-18-42-36-1024x293.jpg\",\"datePublished\":\"2025-08-07T09:35:36+00:00\",\"dateModified\":\"2026-01-05T12:08:15+00:00\",\"breadcrumb\":{\"@id\":\"https:\\\/\\\/festival262.com\\\/f-sos\\\/#breadcrumb\"},\"inLanguage\":\"pt-PT\",\"potentialAction\":[{\"@type\":\"ReadAction\",\"target\":[\"https:\\\/\\\/festival262.com\\\/f-sos\\\/\"]}]},{\"@type\":\"ImageObject\",\"inLanguage\":\"pt-PT\",\"@id\":\"https:\\\/\\\/festival262.com\\\/f-sos\\\/#primaryimage\",\"url\":\"https:\\\/\\\/festival262.com\\\/wp-content\\\/uploads\\\/2025\\\/12\\\/PHOTO-2025-12-22-18-42-36-1024x293.jpg\",\"contentUrl\":\"https:\\\/\\\/festival262.com\\\/wp-content\\\/uploads\\\/2025\\\/12\\\/PHOTO-2025-12-22-18-42-36-1024x293.jpg\"},{\"@type\":\"BreadcrumbList\",\"@id\":\"https:\\\/\\\/festival262.com\\\/f-sos\\\/#breadcrumb\",\"itemListElement\":[{\"@type\":\"ListItem\",\"position\":1,\"name\":\"Home\",\"item\":\"https:\\\/\\\/festival262.com\\\/\"},{\"@type\":\"ListItem\",\"position\":2,\"name\":\"F\\\/SOS\"}]},{\"@type\":\"WebSite\",\"@id\":\"https:\\\/\\\/festival262.com\\\/#website\",\"url\":\"https:\\\/\\\/festival262.com\\\/\",\"name\":\"F7262 Fetsival Internacional de Fotografia\",\"description\":\"Photography as Culture, Community, and Practice\",\"publisher\":{\"@id\":\"https:\\\/\\\/festival262.com\\\/#organization\"},\"alternateName\":\"Festival262\",\"potentialAction\":[{\"@type\":\"SearchAction\",\"target\":{\"@type\":\"EntryPoint\",\"urlTemplate\":\"https:\\\/\\\/festival262.com\\\/?s={search_term_string}\"},\"query-input\":{\"@type\":\"PropertyValueSpecification\",\"valueRequired\":true,\"valueName\":\"search_term_string\"}}],\"inLanguage\":\"pt-PT\"},{\"@type\":\"Organization\",\"@id\":\"https:\\\/\\\/festival262.com\\\/#organization\",\"name\":\"F\\\/262 Festival Internacional de Fotografia\",\"url\":\"https:\\\/\\\/festival262.com\\\/\",\"logo\":{\"@type\":\"ImageObject\",\"inLanguage\":\"pt-PT\",\"@id\":\"https:\\\/\\\/festival262.com\\\/#\\\/schema\\\/logo\\\/image\\\/\",\"url\":\"https:\\\/\\\/festival262.com\\\/wp-content\\\/uploads\\\/2019\\\/10\\\/cropped-f-262-icon-e-logo-scaled-1.png\",\"contentUrl\":\"https:\\\/\\\/festival262.com\\\/wp-content\\\/uploads\\\/2019\\\/10\\\/cropped-f-262-icon-e-logo-scaled-1.png\",\"width\":2558,\"height\":1048,\"caption\":\"F\\\/262 Festival Internacional de Fotografia\"},\"image\":{\"@id\":\"https:\\\/\\\/festival262.com\\\/#\\\/schema\\\/logo\\\/image\\\/\"}}]}<\/script>\n<!-- \/ Yoast SEO plugin. -->","yoast_head_json":{"title":"F\/SOS - F\/262 Festival Internacional de Fotografia","robots":{"index":"index","follow":"follow","max-snippet":"max-snippet:-1","max-image-preview":"max-image-preview:large","max-video-preview":"max-video-preview:-1"},"canonical":"https:\/\/festival262.com\/pt\/f-sos\/","og_locale":"pt_PT","og_type":"article","og_title":"F\/SOS - F\/262 Festival Internacional de Fotografia","og_description":"Photography with purpose. Connection with impact. ASSOCIA\u00c7\u00c3O F\/SOS \u2013 FOTOGRAFIA, SOLIDARIEDADE E OBRAS SOCIAIS A non-profit association using photography as a tool for social and environmental impact. \u00a0 \u00a0The ASSOCIA\u00c7\u00c3O F\/SOS \u2013 FOTOGRAFIA, SOLIDARIEDADE E OBRAS SOCIAIS is a non-profit cultural and social organization based in Portugal that uses photography as a tool for social, [&hellip;]","og_url":"https:\/\/festival262.com\/pt\/f-sos\/","og_site_name":"F\/262 Festival Internacional de Fotografia","article_modified_time":"2026-01-05T12:08:15+00:00","og_image":[{"width":1600,"height":458,"url":"https:\/\/festival262.com\/wp-content\/uploads\/2025\/12\/PHOTO-2025-12-22-18-42-36.jpg","type":"image\/jpeg"}],"twitter_card":"summary_large_image","twitter_misc":{"Tempo estimado de leitura":"6 minutos"},"schema":{"@context":"https:\/\/schema.org","@graph":[{"@type":"WebPage","@id":"https:\/\/festival262.com\/f-sos\/","url":"https:\/\/festival262.com\/f-sos\/","name":"F\/SOS - F\/262 Festival Internacional de Fotografia","isPartOf":{"@id":"https:\/\/festival262.com\/#website"},"primaryImageOfPage":{"@id":"https:\/\/festival262.com\/f-sos\/#primaryimage"},"image":{"@id":"https:\/\/festival262.com\/f-sos\/#primaryimage"},"thumbnailUrl":"https:\/\/festival262.com\/wp-content\/uploads\/2025\/12\/PHOTO-2025-12-22-18-42-36-1024x293.jpg","datePublished":"2025-08-07T09:35:36+00:00","dateModified":"2026-01-05T12:08:15+00:00","breadcrumb":{"@id":"https:\/\/festival262.com\/f-sos\/#breadcrumb"},"inLanguage":"pt-PT","potentialAction":[{"@type":"ReadAction","target":["https:\/\/festival262.com\/f-sos\/"]}]},{"@type":"ImageObject","inLanguage":"pt-PT","@id":"https:\/\/festival262.com\/f-sos\/#primaryimage","url":"https:\/\/festival262.com\/wp-content\/uploads\/2025\/12\/PHOTO-2025-12-22-18-42-36-1024x293.jpg","contentUrl":"https:\/\/festival262.com\/wp-content\/uploads\/2025\/12\/PHOTO-2025-12-22-18-42-36-1024x293.jpg"},{"@type":"BreadcrumbList","@id":"https:\/\/festival262.com\/f-sos\/#breadcrumb","itemListElement":[{"@type":"ListItem","position":1,"name":"Home","item":"https:\/\/festival262.com\/"},{"@type":"ListItem","position":2,"name":"F\/SOS"}]},{"@type":"WebSite","@id":"https:\/\/festival262.com\/#website","url":"https:\/\/festival262.com\/","name":"F7262 Fetsival Internacional de Fotografia","description":"Photography as Culture, Community, and Practice","publisher":{"@id":"https:\/\/festival262.com\/#organization"},"alternateName":"Festival262","potentialAction":[{"@type":"SearchAction","target":{"@type":"EntryPoint","urlTemplate":"https:\/\/festival262.com\/?s={search_term_string}"},"query-input":{"@type":"PropertyValueSpecification","valueRequired":true,"valueName":"search_term_string"}}],"inLanguage":"pt-PT"},{"@type":"Organization","@id":"https:\/\/festival262.com\/#organization","name":"F\/262 Festival Internacional de Fotografia","url":"https:\/\/festival262.com\/","logo":{"@type":"ImageObject","inLanguage":"pt-PT","@id":"https:\/\/festival262.com\/#\/schema\/logo\/image\/","url":"https:\/\/festival262.com\/wp-content\/uploads\/2019\/10\/cropped-f-262-icon-e-logo-scaled-1.png","contentUrl":"https:\/\/festival262.com\/wp-content\/uploads\/2019\/10\/cropped-f-262-icon-e-logo-scaled-1.png","width":2558,"height":1048,"caption":"F\/262 Festival Internacional de Fotografia"},"image":{"@id":"https:\/\/festival262.com\/#\/schema\/logo\/image\/"}}]}},"_links":{"self":[{"href":"https:\/\/festival262.com\/pt\/wp-json\/wp\/v2\/pages\/3478","targetHints":{"allow":["GET"]}}],"collection":[{"href":"https:\/\/festival262.com\/pt\/wp-json\/wp\/v2\/pages"}],"about":[{"href":"https:\/\/festival262.com\/pt\/wp-json\/wp\/v2\/types\/page"}],"author":[{"embeddable":true,"href":"https:\/\/festival262.com\/pt\/wp-json\/wp\/v2\/users\/6"}],"replies":[{"embeddable":true,"href":"https:\/\/festival262.com\/pt\/wp-json\/wp\/v2\/comments?post=3478"}],"version-history":[{"count":0,"href":"https:\/\/festival262.com\/pt\/wp-json\/wp\/v2\/pages\/3478\/revisions"}],"wp:attachment":[{"href":"https:\/\/festival262.com\/pt\/wp-json\/wp\/v2\/media?parent=3478"}],"curies":[{"name":"wp","href":"https:\/\/api.w.org\/{rel}","templated":true}]}}