{"id":3150,"date":"2025-08-03T01:38:31","date_gmt":"2025-08-03T01:38:31","guid":{"rendered":"https:\/\/event.joaocarlosphoto.com\/?page_id=3150"},"modified":"2026-03-29T11:10:02","modified_gmt":"2026-03-29T11:10:02","slug":"about-caldas-da-rainha","status":"publish","type":"page","link":"https:\/\/festival262.com\/pt\/about-caldas-da-rainha\/","title":{"rendered":"Sobre as Caldas da Rainha"},"content":{"rendered":"<div data-elementor-type=\"wp-page\" data-elementor-id=\"3150\" class=\"elementor elementor-3150\">\n\t\t\t\t\t\t<section class=\"elementor-section elementor-top-section elementor-element elementor-element-618e5e4 elementor-section-boxed elementor-section-height-default elementor-section-height-default\" data-id=\"618e5e4\" data-element_type=\"section\" data-e-type=\"section\">\n\t\t\t\t\t\t<div class=\"elementor-container elementor-column-gap-default\">\n\t\t\t\t\t<div class=\"elementor-column elementor-col-100 elementor-top-column elementor-element elementor-element-d4e4bda\" data-id=\"d4e4bda\" data-element_type=\"column\" data-e-type=\"column\">\n\t\t\t<div class=\"elementor-widget-wrap elementor-element-populated\">\n\t\t\t\t\t\t<div class=\"elementor-element elementor-element-13efa37 elementor-widget elementor-widget-spacer\" data-id=\"13efa37\" data-element_type=\"widget\" data-e-type=\"widget\" data-widget_type=\"spacer.default\">\n\t\t\t\t<div class=\"elementor-widget-container\">\n\t\t\t\t\t\t\t<div class=\"elementor-spacer\">\n\t\t\t<div class=\"elementor-spacer-inner\"><\/div>\n\t\t<\/div>\n\t\t\t\t\t\t<\/div>\n\t\t\t\t<\/div>\n\t\t\t\t<div class=\"elementor-element elementor-element-1363c28 eael-dual-header-content-align-center elementor-widget elementor-widget-eael-dual-color-header\" data-id=\"1363c28\" data-element_type=\"widget\" data-e-type=\"widget\" data-widget_type=\"eael-dual-color-header.default\">\n\t\t\t\t<div class=\"elementor-widget-container\">\n\t\t\t\t\t\t\t\t<div class=\"eael-dual-header\">\n\t\t\t\t<h2 class=\"title eael-dch-title\"><span class=\"eael-dch-title-text eael-dch-title-lead lead solid-color\">Sobre as Caldas da Rainha<\/span> <span class=\"eael-dch-title-text\"><\/span><\/h2>\t\t\t\t\t<span class=\"subtext\"><p>A cidade anfitri\u00e3 do Festival F\/262<\/p><\/span>\n\t\t\t\t\t\t\t<\/div>\n\n\t\t\t\t\t\t<\/div>\n\t\t\t\t<\/div>\n\t\t\t\t\t<\/div>\n\t\t<\/div>\n\t\t\t\t\t<\/div>\n\t\t<\/section>\n\t\t\t\t<section class=\"elementor-section elementor-top-section elementor-element elementor-element-d26880a elementor-section-boxed elementor-section-height-default elementor-section-height-default\" data-id=\"d26880a\" data-element_type=\"section\" data-e-type=\"section\">\n\t\t\t\t\t\t<div class=\"elementor-container elementor-column-gap-default\">\n\t\t\t\t\t<div class=\"elementor-column elementor-col-50 elementor-top-column elementor-element elementor-element-ae816a5\" data-id=\"ae816a5\" data-element_type=\"column\" data-e-type=\"column\">\n\t\t\t<div class=\"elementor-widget-wrap elementor-element-populated\">\n\t\t\t\t\t\t<div class=\"elementor-element elementor-element-03ece14 elementor-widget elementor-widget-heading\" data-id=\"03ece14\" data-element_type=\"widget\" data-e-type=\"widget\" data-widget_type=\"heading.default\">\n\t\t\t\t<div class=\"elementor-widget-container\">\n\t\t\t\t\t<h2 class=\"elementor-heading-title elementor-size-default\">Porqu\u00ea Caldas?<\/h2>\t\t\t\t<\/div>\n\t\t\t\t<\/div>\n\t\t\t\t<div class=\"elementor-element elementor-element-e4ea526 elementor-widget elementor-widget-text-editor\" data-id=\"e4ea526\" data-element_type=\"widget\" data-e-type=\"widget\" data-widget_type=\"text-editor.default\">\n\t\t\t\t<div class=\"elementor-widget-container\">\n\t\t\t\t\t\t\t\t\t<p data-start=\"1445\" data-end=\"1763\">O F\/262 Festival escolheu as Caldas da Rainha pela sua mistura \u00fanica de <strong data-start=\"1511\" data-end=\"1544\">tradi\u00e7\u00e3o e experimenta\u00e7\u00e3o<\/strong>, <strong data-start=\"1546\" data-end=\"1578\">patrim\u00f3nio e reflex\u00e3o sobre o futuro<\/strong>. A configura\u00e7\u00e3o pedonal da cidade, a proximidade da natureza e a participa\u00e7\u00e3o da comunidade local tornam-na um espa\u00e7o ideal para acolher exposi\u00e7\u00f5es, palestras e semin\u00e1rios que se estendem para al\u00e9m das paredes das galerias.<\/p><p data-start=\"3988\" data-end=\"4330\">Porque n\u00e3o se trata apenas de um local \u2014 \u00e9 uma declara\u00e7\u00e3o. A F\/262 acredita na arte que vive em comunidade. Caldas da Rainha \u00e9 uma das poucas cidades em Portugal onde a tradi\u00e7\u00e3o e a experimenta\u00e7\u00e3o andam lado a lado. \u00c9 um local que promove o risco, a conversa e a colabora\u00e7\u00e3o \u2014 o cen\u00e1rio perfeito para um festival de fotografia com profundidade e vigor.<\/p><hr data-start=\"4332\" data-end=\"4335\" \/><p data-start=\"4337\" data-end=\"4465\" data-is-last-node=\"\" data-is-only-node=\"\">\u00a0<\/p>\t\t\t\t\t\t\t\t<\/div>\n\t\t\t\t<\/div>\n\t\t\t\t\t<\/div>\n\t\t<\/div>\n\t\t\t\t<div class=\"elementor-column elementor-col-50 elementor-top-column elementor-element elementor-element-9d8a3d4\" data-id=\"9d8a3d4\" data-element_type=\"column\" data-e-type=\"column\">\n\t\t\t<div class=\"elementor-widget-wrap elementor-element-populated\">\n\t\t\t\t\t\t<div class=\"elementor-element elementor-element-e464e4d elementor-widget elementor-widget-image\" data-id=\"e464e4d\" data-element_type=\"widget\" data-e-type=\"widget\" data-widget_type=\"image.default\">\n\t\t\t\t<div class=\"elementor-widget-container\">\n\t\t\t\t\t\t\t\t\t\t\t\t\t\t\t<img fetchpriority=\"high\" decoding=\"async\" width=\"1024\" height=\"768\" src=\"https:\/\/festival262.com\/wp-content\/uploads\/2025\/08\/tempImageUWmIH4-1568x1176-1-1024x768.jpg\" class=\"attachment-large size-large wp-image-3177\" alt=\"\" srcset=\"https:\/\/festival262.com\/wp-content\/uploads\/2025\/08\/tempImageUWmIH4-1568x1176-1-1024x768.jpg 1024w, https:\/\/festival262.com\/wp-content\/uploads\/2025\/08\/tempImageUWmIH4-1568x1176-1-600x450.jpg 600w, https:\/\/festival262.com\/wp-content\/uploads\/2025\/08\/tempImageUWmIH4-1568x1176-1-300x225.jpg 300w, https:\/\/festival262.com\/wp-content\/uploads\/2025\/08\/tempImageUWmIH4-1568x1176-1-768x576.jpg 768w, https:\/\/festival262.com\/wp-content\/uploads\/2025\/08\/tempImageUWmIH4-1568x1176-1-1536x1152.jpg 1536w, https:\/\/festival262.com\/wp-content\/uploads\/2025\/08\/tempImageUWmIH4-1568x1176-1.jpg 1568w\" sizes=\"(max-width: 1024px) 100vw, 1024px\" \/>\t\t\t\t\t\t\t\t\t\t\t\t\t\t\t<\/div>\n\t\t\t\t<\/div>\n\t\t\t\t\t<\/div>\n\t\t<\/div>\n\t\t\t\t\t<\/div>\n\t\t<\/section>\n\t\t\t\t<section class=\"elementor-section elementor-top-section elementor-element elementor-element-59861ab elementor-section-boxed elementor-section-height-default elementor-section-height-default\" data-id=\"59861ab\" data-element_type=\"section\" data-e-type=\"section\">\n\t\t\t\t\t\t<div class=\"elementor-container elementor-column-gap-default\">\n\t\t\t\t\t<div class=\"elementor-column elementor-col-100 elementor-top-column elementor-element elementor-element-ada9a76\" data-id=\"ada9a76\" data-element_type=\"column\" data-e-type=\"column\">\n\t\t\t<div class=\"elementor-widget-wrap elementor-element-populated\">\n\t\t\t\t\t\t<div class=\"elementor-element elementor-element-42d4ecf elementor-widget elementor-widget-text-editor\" data-id=\"42d4ecf\" data-element_type=\"widget\" data-e-type=\"widget\" data-widget_type=\"text-editor.default\">\n\t\t\t\t<div class=\"elementor-widget-container\">\n\t\t\t\t\t\t\t\t\t<p>As Caldas da Rainha s\u00e3o mais do que apenas uma cidade \u2014 fazem parte do ADN do festival. Localizado na costa oeste de Portugal, a uma hora de Lisboa, Caldas mistura hist\u00f3ria, criatividade e cultura contempor\u00e2nea. \u00c9 uma cidade moldada por artistas, estudantes, criadores e pensadores \u2014 e essa energia est\u00e1 presente em todas as ruas, pra\u00e7as e museus.<\/p>\t\t\t\t\t\t\t\t<\/div>\n\t\t\t\t<\/div>\n\t\t\t\t\t<\/div>\n\t\t<\/div>\n\t\t\t\t\t<\/div>\n\t\t<\/section>\n\t\t\t\t<section class=\"elementor-section elementor-top-section elementor-element elementor-element-dc383ae elementor-section-boxed elementor-section-height-default elementor-section-height-default\" data-id=\"dc383ae\" data-element_type=\"section\" data-e-type=\"section\">\n\t\t\t\t\t\t<div class=\"elementor-container elementor-column-gap-default\">\n\t\t\t\t\t<div class=\"elementor-column elementor-col-50 elementor-top-column elementor-element elementor-element-8068a42\" data-id=\"8068a42\" data-element_type=\"column\" data-e-type=\"column\">\n\t\t\t<div class=\"elementor-widget-wrap elementor-element-populated\">\n\t\t\t\t\t\t<div class=\"elementor-element elementor-element-873a219 elementor-widget elementor-widget-image\" data-id=\"873a219\" data-element_type=\"widget\" data-e-type=\"widget\" data-widget_type=\"image.default\">\n\t\t\t\t<div class=\"elementor-widget-container\">\n\t\t\t\t\t\t\t\t\t\t\t\t\t\t\t<img decoding=\"async\" width=\"500\" height=\"654\" src=\"https:\/\/festival262.com\/wp-content\/uploads\/2025\/07\/Caldas_da_Rainha_freguesias_2013.svg.png\" class=\"attachment-full size-full wp-image-2837\" alt=\"\" srcset=\"https:\/\/festival262.com\/wp-content\/uploads\/2025\/07\/Caldas_da_Rainha_freguesias_2013.svg.png 500w, https:\/\/festival262.com\/wp-content\/uploads\/2025\/07\/Caldas_da_Rainha_freguesias_2013.svg-229x300.png 229w\" sizes=\"(max-width: 500px) 100vw, 500px\" \/>\t\t\t\t\t\t\t\t\t\t\t\t\t\t\t<\/div>\n\t\t\t\t<\/div>\n\t\t\t\t\t<\/div>\n\t\t<\/div>\n\t\t\t\t<div class=\"elementor-column elementor-col-50 elementor-top-column elementor-element elementor-element-e97397f\" data-id=\"e97397f\" data-element_type=\"column\" data-e-type=\"column\">\n\t\t\t<div class=\"elementor-widget-wrap elementor-element-populated\">\n\t\t\t\t\t\t<div class=\"elementor-element elementor-element-f682c1f elementor-widget elementor-widget-heading\" data-id=\"f682c1f\" data-element_type=\"widget\" data-e-type=\"widget\" data-widget_type=\"heading.default\">\n\t\t\t\t<div class=\"elementor-widget-container\">\n\t\t\t\t\t<h4 class=\"elementor-heading-title elementor-size-default\">A Bandeira das Caldas da Rainha<\/h4>\t\t\t\t<\/div>\n\t\t\t\t<\/div>\n\t\t\t\t<div class=\"elementor-element elementor-element-a74d57c elementor-widget elementor-widget-text-editor\" data-id=\"a74d57c\" data-element_type=\"widget\" data-e-type=\"widget\" data-widget_type=\"text-editor.default\">\n\t\t\t\t<div class=\"elementor-widget-container\">\n\t\t\t\t\t\t\t\t\t<p>A bandeira das Caldas da Rainha apresenta campos roxos e amarelos com o bras\u00e3o da cidade. Honra as origens reais e um profundo legado cultural. Para o F\/262, as cores p\u00farpura e azul d\u00e3o forma \u00e0 nossa paleta de base, emparelhada com o laranja tirado de lentes fotogr\u00e1ficas \u2014 uma marca do ADN fotogr\u00e1fico do festival.<\/p>\t\t\t\t\t\t\t\t<\/div>\n\t\t\t\t<\/div>\n\t\t\t\t<div class=\"elementor-element elementor-element-413a49a elementor-widget elementor-widget-spacer\" data-id=\"413a49a\" data-element_type=\"widget\" data-e-type=\"widget\" data-widget_type=\"spacer.default\">\n\t\t\t\t<div class=\"elementor-widget-container\">\n\t\t\t\t\t\t\t<div class=\"elementor-spacer\">\n\t\t\t<div class=\"elementor-spacer-inner\"><\/div>\n\t\t<\/div>\n\t\t\t\t\t\t<\/div>\n\t\t\t\t<\/div>\n\t\t\t\t<div class=\"elementor-element elementor-element-c4ee811 elementor-widget elementor-widget-image\" data-id=\"c4ee811\" data-element_type=\"widget\" data-e-type=\"widget\" data-widget_type=\"image.default\">\n\t\t\t\t<div class=\"elementor-widget-container\">\n\t\t\t\t\t\t\t\t\t\t\t\t\t\t\t<img decoding=\"async\" width=\"324\" height=\"216\" src=\"https:\/\/festival262.com\/wp-content\/uploads\/2025\/08\/pt-cld.gif\" class=\"attachment-full size-full wp-image-3752\" alt=\"\" \/>\t\t\t\t\t\t\t\t\t\t\t\t\t\t\t<\/div>\n\t\t\t\t<\/div>\n\t\t\t\t\t<\/div>\n\t\t<\/div>\n\t\t\t\t\t<\/div>\n\t\t<\/section>\n\t\t\t\t<section class=\"elementor-section elementor-top-section elementor-element elementor-element-7a51ce5 elementor-section-boxed elementor-section-height-default elementor-section-height-default\" data-id=\"7a51ce5\" data-element_type=\"section\" data-e-type=\"section\">\n\t\t\t\t\t\t<div class=\"elementor-container elementor-column-gap-default\">\n\t\t\t\t\t<div class=\"elementor-column elementor-col-50 elementor-top-column elementor-element elementor-element-6f084d2\" data-id=\"6f084d2\" data-element_type=\"column\" data-e-type=\"column\">\n\t\t\t<div class=\"elementor-widget-wrap elementor-element-populated\">\n\t\t\t\t\t\t<div class=\"elementor-element elementor-element-86156b6 elementor-widget elementor-widget-text-editor\" data-id=\"86156b6\" data-element_type=\"widget\" data-e-type=\"widget\" data-widget_type=\"text-editor.default\">\n\t\t\t\t<div class=\"elementor-widget-container\">\n\t\t\t\t\t\t\t\t\t<h4 data-start=\"728\" data-end=\"758\">Uma cidade de criatividade<\/h4><p data-start=\"759\" data-end=\"972\">Caldas \u00e9 a casa da <strong data-start=\"777\" data-end=\"820\">ESAD.CR \u2013 Escola Superior de Artes e Design<\/strong>, que tem contribu\u00eddo para formar uma nova gera\u00e7\u00e3o de artistas e pensadores. A energia criativa da cidade percorre as suas galerias, est\u00fadios e espa\u00e7os culturais.<\/p>\t\t\t\t\t\t\t\t<\/div>\n\t\t\t\t<\/div>\n\t\t\t\t\t<\/div>\n\t\t<\/div>\n\t\t\t\t<div class=\"elementor-column elementor-col-50 elementor-top-column elementor-element elementor-element-acb9773\" data-id=\"acb9773\" data-element_type=\"column\" data-e-type=\"column\">\n\t\t\t<div class=\"elementor-widget-wrap elementor-element-populated\">\n\t\t\t\t\t\t<div class=\"elementor-element elementor-element-1c197ae elementor-widget elementor-widget-image\" data-id=\"1c197ae\" data-element_type=\"widget\" data-e-type=\"widget\" data-widget_type=\"image.default\">\n\t\t\t\t<div class=\"elementor-widget-container\">\n\t\t\t\t\t\t\t\t\t\t\t\t\t\t\t<img loading=\"lazy\" decoding=\"async\" width=\"1024\" height=\"293\" src=\"https:\/\/festival262.com\/wp-content\/uploads\/2025\/08\/webpc-passthru-1024x293.jpg\" class=\"attachment-large size-large wp-image-3165\" alt=\"\" srcset=\"https:\/\/festival262.com\/wp-content\/uploads\/2025\/08\/webpc-passthru-1024x293.jpg 1024w, https:\/\/festival262.com\/wp-content\/uploads\/2025\/08\/webpc-passthru-600x172.jpg 600w, https:\/\/festival262.com\/wp-content\/uploads\/2025\/08\/webpc-passthru-300x86.jpg 300w, https:\/\/festival262.com\/wp-content\/uploads\/2025\/08\/webpc-passthru-768x220.jpg 768w, https:\/\/festival262.com\/wp-content\/uploads\/2025\/08\/webpc-passthru-1536x440.jpg 1536w, https:\/\/festival262.com\/wp-content\/uploads\/2025\/08\/webpc-passthru.jpg 1920w\" sizes=\"(max-width: 1024px) 100vw, 1024px\" \/>\t\t\t\t\t\t\t\t\t\t\t\t\t\t\t<\/div>\n\t\t\t\t<\/div>\n\t\t\t\t\t<\/div>\n\t\t<\/div>\n\t\t\t\t\t<\/div>\n\t\t<\/section>\n\t\t\t\t<section class=\"elementor-section elementor-top-section elementor-element elementor-element-3358189 elementor-section-boxed elementor-section-height-default elementor-section-height-default\" data-id=\"3358189\" data-element_type=\"section\" data-e-type=\"section\">\n\t\t\t\t\t\t<div class=\"elementor-container elementor-column-gap-default\">\n\t\t\t\t\t<div class=\"elementor-column elementor-col-50 elementor-top-column elementor-element elementor-element-b6b4a4f\" data-id=\"b6b4a4f\" data-element_type=\"column\" data-e-type=\"column\">\n\t\t\t<div class=\"elementor-widget-wrap elementor-element-populated\">\n\t\t\t\t\t\t<div class=\"elementor-element elementor-element-91e1bab elementor-widget elementor-widget-text-editor\" data-id=\"91e1bab\" data-element_type=\"widget\" data-e-type=\"widget\" data-widget_type=\"text-editor.default\">\n\t\t\t\t<div class=\"elementor-widget-container\">\n\t\t\t\t\t\t\t\t\t<h4 data-start=\"974\" data-end=\"1000\">Ra\u00edzes Hist\u00f3ricas<\/h4><p data-start=\"1001\" data-end=\"1203\">Nome da cidade\u2014<em data-start=\"1017\" data-end=\"1045\">\u201c\u00c1guas Termais da Rainha\u201d<\/em>\u2014 vem da <strong data-start=\"1057\" data-end=\"1073\">Rainha D. Leonor<\/strong>, que fundou o hospital e os banhos termais no s\u00e9culo XV. Estes continuam a fazer parte da identidade e da arquitetura da cidade nos dias de hoje.<\/p>\t\t\t\t\t\t\t\t<\/div>\n\t\t\t\t<\/div>\n\t\t\t\t\t<\/div>\n\t\t<\/div>\n\t\t\t\t<div class=\"elementor-column elementor-col-50 elementor-top-column elementor-element elementor-element-c944319\" data-id=\"c944319\" data-element_type=\"column\" data-e-type=\"column\">\n\t\t\t<div class=\"elementor-widget-wrap elementor-element-populated\">\n\t\t\t\t\t\t<div class=\"elementor-element elementor-element-263cf35 elementor-widget elementor-widget-image\" data-id=\"263cf35\" data-element_type=\"widget\" data-e-type=\"widget\" data-widget_type=\"image.default\">\n\t\t\t\t<div class=\"elementor-widget-container\">\n\t\t\t\t\t\t\t\t\t\t\t\t\t\t\t<img loading=\"lazy\" decoding=\"async\" width=\"1024\" height=\"320\" src=\"https:\/\/festival262.com\/wp-content\/uploads\/2025\/08\/Caldas-INTRO-e1645198589550-1024x320.jpg\" class=\"attachment-large size-large wp-image-3167\" alt=\"\" srcset=\"https:\/\/festival262.com\/wp-content\/uploads\/2025\/08\/Caldas-INTRO-e1645198589550-1024x320.jpg 1024w, https:\/\/festival262.com\/wp-content\/uploads\/2025\/08\/Caldas-INTRO-e1645198589550-600x188.jpg 600w, https:\/\/festival262.com\/wp-content\/uploads\/2025\/08\/Caldas-INTRO-e1645198589550-300x94.jpg 300w, https:\/\/festival262.com\/wp-content\/uploads\/2025\/08\/Caldas-INTRO-e1645198589550-768x240.jpg 768w, https:\/\/festival262.com\/wp-content\/uploads\/2025\/08\/Caldas-INTRO-e1645198589550-1536x480.jpg 1536w, https:\/\/festival262.com\/wp-content\/uploads\/2025\/08\/Caldas-INTRO-e1645198589550.jpg 1920w\" sizes=\"(max-width: 1024px) 100vw, 1024px\" \/>\t\t\t\t\t\t\t\t\t\t\t\t\t\t\t<\/div>\n\t\t\t\t<\/div>\n\t\t\t\t\t<\/div>\n\t\t<\/div>\n\t\t\t\t\t<\/div>\n\t\t<\/section>\n\t\t\t\t<section class=\"elementor-section elementor-top-section elementor-element elementor-element-e7a4028 elementor-section-boxed elementor-section-height-default elementor-section-height-default\" data-id=\"e7a4028\" data-element_type=\"section\" data-e-type=\"section\">\n\t\t\t\t\t\t<div class=\"elementor-container elementor-column-gap-default\">\n\t\t\t\t\t<div class=\"elementor-column elementor-col-33 elementor-top-column elementor-element elementor-element-05991b1\" data-id=\"05991b1\" data-element_type=\"column\" data-e-type=\"column\">\n\t\t\t<div class=\"elementor-widget-wrap elementor-element-populated\">\n\t\t\t\t\t\t<div class=\"elementor-element elementor-element-4e9f025 elementor-widget elementor-widget-image\" data-id=\"4e9f025\" data-element_type=\"widget\" data-e-type=\"widget\" data-widget_type=\"image.default\">\n\t\t\t\t<div class=\"elementor-widget-container\">\n\t\t\t\t\t\t\t\t\t\t\t\t\t\t\t<img loading=\"lazy\" decoding=\"async\" width=\"1024\" height=\"683\" src=\"https:\/\/festival262.com\/wp-content\/uploads\/2025\/08\/03_Ateanha-vai-ao-Centro-de-Arte-Caldas-da-Rainha_Performance-e-inauguracao-da-obra-coletiva-de-Ateanha_Foto-por-Gil-de-Lemos-6-1024x683.webp\" class=\"attachment-large size-large wp-image-3171\" alt=\"\" srcset=\"https:\/\/festival262.com\/wp-content\/uploads\/2025\/08\/03_Ateanha-vai-ao-Centro-de-Arte-Caldas-da-Rainha_Performance-e-inauguracao-da-obra-coletiva-de-Ateanha_Foto-por-Gil-de-Lemos-6-1024x683.webp 1024w, https:\/\/festival262.com\/wp-content\/uploads\/2025\/08\/03_Ateanha-vai-ao-Centro-de-Arte-Caldas-da-Rainha_Performance-e-inauguracao-da-obra-coletiva-de-Ateanha_Foto-por-Gil-de-Lemos-6-600x400.webp 600w, https:\/\/festival262.com\/wp-content\/uploads\/2025\/08\/03_Ateanha-vai-ao-Centro-de-Arte-Caldas-da-Rainha_Performance-e-inauguracao-da-obra-coletiva-de-Ateanha_Foto-por-Gil-de-Lemos-6-300x200.webp 300w, https:\/\/festival262.com\/wp-content\/uploads\/2025\/08\/03_Ateanha-vai-ao-Centro-de-Arte-Caldas-da-Rainha_Performance-e-inauguracao-da-obra-coletiva-de-Ateanha_Foto-por-Gil-de-Lemos-6-768x512.webp 768w, https:\/\/festival262.com\/wp-content\/uploads\/2025\/08\/03_Ateanha-vai-ao-Centro-de-Arte-Caldas-da-Rainha_Performance-e-inauguracao-da-obra-coletiva-de-Ateanha_Foto-por-Gil-de-Lemos-6.webp 1366w\" sizes=\"(max-width: 1024px) 100vw, 1024px\" \/>\t\t\t\t\t\t\t\t\t\t\t\t\t\t\t<\/div>\n\t\t\t\t<\/div>\n\t\t\t\t<div class=\"elementor-element elementor-element-d2edb13 elementor-widget elementor-widget-image\" data-id=\"d2edb13\" data-element_type=\"widget\" data-e-type=\"widget\" data-widget_type=\"image.default\">\n\t\t\t\t<div class=\"elementor-widget-container\">\n\t\t\t\t\t\t\t\t\t\t\t\t\t\t\t<img loading=\"lazy\" decoding=\"async\" width=\"1024\" height=\"683\" src=\"https:\/\/festival262.com\/wp-content\/uploads\/2025\/08\/caldas-da-rainha-1-1024x683.jpg\" class=\"attachment-large size-large wp-image-3175\" alt=\"\" srcset=\"https:\/\/festival262.com\/wp-content\/uploads\/2025\/08\/caldas-da-rainha-1-1024x683.jpg 1024w, https:\/\/festival262.com\/wp-content\/uploads\/2025\/08\/caldas-da-rainha-1-600x400.jpg 600w, https:\/\/festival262.com\/wp-content\/uploads\/2025\/08\/caldas-da-rainha-1-300x200.jpg 300w, https:\/\/festival262.com\/wp-content\/uploads\/2025\/08\/caldas-da-rainha-1-768x512.jpg 768w, https:\/\/festival262.com\/wp-content\/uploads\/2025\/08\/caldas-da-rainha-1.jpg 1300w\" sizes=\"(max-width: 1024px) 100vw, 1024px\" \/>\t\t\t\t\t\t\t\t\t\t\t\t\t\t\t<\/div>\n\t\t\t\t<\/div>\n\t\t\t\t\t<\/div>\n\t\t<\/div>\n\t\t\t\t<div class=\"elementor-column elementor-col-33 elementor-top-column elementor-element elementor-element-ad22878\" data-id=\"ad22878\" data-element_type=\"column\" data-e-type=\"column\">\n\t\t\t<div class=\"elementor-widget-wrap elementor-element-populated\">\n\t\t\t\t\t\t<div class=\"elementor-element elementor-element-8451555 elementor-widget elementor-widget-text-editor\" data-id=\"8451555\" data-element_type=\"widget\" data-e-type=\"widget\" data-widget_type=\"text-editor.default\">\n\t\t\t\t<div class=\"elementor-widget-container\">\n\t\t\t\t\t\t\t\t\t<h4 data-start=\"1205\" data-end=\"1231\">\u00a0Centro de registo cultural<\/h4><p data-start=\"276\" data-end=\"593\">Das cer\u00e2micas \u00e0 arte urbana, Caldas da Rainha \u00e9 uma cidade que floresce atrav\u00e9s da experimenta\u00e7\u00e3o criativa. Sede da <strong data-start=\"383\" data-end=\"394\">ESAD.CR<\/strong>, uma das escolas de arte e design mais din\u00e2micas de Portugal, e rodeada de museus, ateliers e espa\u00e7os geridos por artistas, Caldas desempenha um papel ativo tanto na cena cultural nacional como internacional.<\/p><p data-start=\"595\" data-end=\"786\">Encontrar\u00e1 aqui uma mistura rara \u2014 <strong data-start=\"625\" data-end=\"673\">tradi\u00e7\u00e3o, irrever\u00eancia, inova\u00e7\u00e3o e cuidados<\/strong> \u2014 enraizada numa comunidade de longa data de criadores, pensadores e estudantes. A cidade vive e respira criatividade.<\/p><p data-start=\"788\" data-end=\"936\">Ao longo do ano, as Caldas acolhem festivais que transformam as suas ruas, galerias e institui\u00e7\u00f5es em plataformas abertas para a express\u00e3o contempor\u00e2nea.<\/p>\t\t\t\t\t\t\t\t<\/div>\n\t\t\t\t<\/div>\n\t\t\t\t\t<\/div>\n\t\t<\/div>\n\t\t\t\t<div class=\"elementor-column elementor-col-33 elementor-top-column elementor-element elementor-element-e1cdb9a\" data-id=\"e1cdb9a\" data-element_type=\"column\" data-e-type=\"column\">\n\t\t\t<div class=\"elementor-widget-wrap elementor-element-populated\">\n\t\t\t\t\t\t<div class=\"elementor-element elementor-element-e395f2f elementor-widget elementor-widget-image\" data-id=\"e395f2f\" data-element_type=\"widget\" data-e-type=\"widget\" data-widget_type=\"image.default\">\n\t\t\t\t<div class=\"elementor-widget-container\">\n\t\t\t\t\t\t\t\t\t\t\t\t\t\t\t<img loading=\"lazy\" decoding=\"async\" width=\"640\" height=\"427\" src=\"https:\/\/festival262.com\/wp-content\/uploads\/2025\/08\/DSC_0273.webp\" class=\"attachment-large size-large wp-image-3170\" alt=\"\" srcset=\"https:\/\/festival262.com\/wp-content\/uploads\/2025\/08\/DSC_0273.webp 640w, https:\/\/festival262.com\/wp-content\/uploads\/2025\/08\/DSC_0273-600x400.webp 600w, https:\/\/festival262.com\/wp-content\/uploads\/2025\/08\/DSC_0273-300x200.webp 300w\" sizes=\"(max-width: 640px) 100vw, 640px\" \/>\t\t\t\t\t\t\t\t\t\t\t\t\t\t\t<\/div>\n\t\t\t\t<\/div>\n\t\t\t\t<div class=\"elementor-element elementor-element-25cfdcd elementor-widget elementor-widget-image\" data-id=\"25cfdcd\" data-element_type=\"widget\" data-e-type=\"widget\" data-widget_type=\"image.default\">\n\t\t\t\t<div class=\"elementor-widget-container\">\n\t\t\t\t\t\t\t\t\t\t\t\t\t\t\t<img loading=\"lazy\" decoding=\"async\" width=\"725\" height=\"450\" src=\"https:\/\/festival262.com\/wp-content\/uploads\/2025\/08\/Caldas-late-Night-Gocaldas-o-teu-Guia-Turistico-Local.jpg\" class=\"attachment-large size-large wp-image-3172\" alt=\"\" srcset=\"https:\/\/festival262.com\/wp-content\/uploads\/2025\/08\/Caldas-late-Night-Gocaldas-o-teu-Guia-Turistico-Local.jpg 725w, https:\/\/festival262.com\/wp-content\/uploads\/2025\/08\/Caldas-late-Night-Gocaldas-o-teu-Guia-Turistico-Local-600x372.jpg 600w, https:\/\/festival262.com\/wp-content\/uploads\/2025\/08\/Caldas-late-Night-Gocaldas-o-teu-Guia-Turistico-Local-300x186.jpg 300w\" sizes=\"(max-width: 725px) 100vw, 725px\" \/>\t\t\t\t\t\t\t\t\t\t\t\t\t\t\t<\/div>\n\t\t\t\t<\/div>\n\t\t\t\t\t<\/div>\n\t\t<\/div>\n\t\t\t\t\t<\/div>\n\t\t<\/section>\n\t\t\t\t<section class=\"elementor-section elementor-top-section elementor-element elementor-element-3809d05 elementor-section-boxed elementor-section-height-default elementor-section-height-default\" data-id=\"3809d05\" data-element_type=\"section\" data-e-type=\"section\">\n\t\t\t\t\t\t<div class=\"elementor-container elementor-column-gap-default\">\n\t\t\t\t\t<div class=\"elementor-column elementor-col-50 elementor-top-column elementor-element elementor-element-6f0f51b\" data-id=\"6f0f51b\" data-element_type=\"column\" data-e-type=\"column\">\n\t\t\t<div class=\"elementor-widget-wrap elementor-element-populated\">\n\t\t\t\t\t\t<div class=\"elementor-element elementor-element-f0c19f3 elementor-widget elementor-widget-text-editor\" data-id=\"f0c19f3\" data-element_type=\"widget\" data-e-type=\"widget\" data-widget_type=\"text-editor.default\">\n\t\t\t\t<div class=\"elementor-widget-container\">\n\t\t\t\t\t\t\t\t\t<h4 data-start=\"938\" data-end=\"971\">Museus &amp; Espa\u00e7os Culturais<\/h4><p data-start=\"973\" data-end=\"1061\">Se estiver a participar no F\/262 ou simplesmente a explorar a regi\u00e3o, aqui est\u00e3o algumas paragens imperd\u00edveis:<\/p><ul data-start=\"1063\" data-end=\"1762\"><li data-start=\"1063\" data-end=\"1163\"><p data-start=\"1065\" data-end=\"1163\"><strong data-start=\"1065\" data-end=\"1089\">Museu Jos\u00e9 Malhoa<\/strong> \u2013 Pintura tradicional e moderna portuguesa no interior do parque principal da cidade.<\/p><\/li><li data-start=\"1164\" data-end=\"1266\"><p data-start=\"1166\" data-end=\"1266\"><strong data-start=\"1166\" data-end=\"1187\">Museu da Cer\u00e2mica<\/strong> \u2013 Um mergulho profundo na forma de arte mais famosa de Caldas, situada num pal\u00e1cio do s\u00e9culo XIX.<\/p><\/li><li data-start=\"1267\" data-end=\"1336\"><p data-start=\"1269\" data-end=\"1336\"><strong data-start=\"1269\" data-end=\"1290\">Museu do Ciclismo<\/strong> \u2013 Uma j\u00f3ia escondida para os amantes do ciclismo e do design.<\/p><\/li><li data-start=\"1337\" data-end=\"1517\"><p data-start=\"1339\" data-end=\"1517\"><strong data-start=\"1339\" data-end=\"1358\">Centro de Artes<\/strong> \u2013 Casas <strong data-start=\"1368\" data-end=\"1389\">Museu Barata Feyo<\/strong>, <strong data-start=\"1391\" data-end=\"1423\">Atelier-Museu Ant\u00f3nio Duarte<\/strong>, e <strong data-start=\"1429\" data-end=\"1459\">Atelier-Museu Jo\u00e3o Fragoso<\/strong>, todos centrados na escultura e no legado art\u00edstico da cidade.<\/p><\/li><li data-start=\"1518\" data-end=\"1670\"><p data-start=\"1520\" data-end=\"1670\"><strong data-start=\"1520\" data-end=\"1545\">Casa Museu S\u00e3o Rafael<\/strong> &amp; <strong data-start=\"1548\" data-end=\"1586\">Casa Museu Rafael Bordalo Pinheiro<\/strong> \u2013 Comemora\u00e7\u00e3o de um dos artistas sat\u00edricos e ceramistas mais influentes de Portugal.<\/p><\/li><li data-start=\"1671\" data-end=\"1762\"><p data-start=\"1673\" data-end=\"1762\"><strong data-start=\"1673\" data-end=\"1707\">Museu do Hospital e das Caldas<\/strong> \u2013 Uma mistura de hist\u00f3ria m\u00e9dica e patrim\u00f3nio termal.<\/p><\/li><\/ul><p data-start=\"1764\" data-end=\"1998\">E n\u00e3o perca a <strong data-start=\"1783\" data-end=\"1802\">Rota Bordaliana<\/strong> \u2013 um circuito ao ar livre de 18 esculturas de cer\u00e2mica em tamanho natural espalhadas pela cidade. Estas figuras homenageiam Rafael Bordalo Pinheiro e a identidade brincalhona e subversiva que define Caldas.<\/p>\t\t\t\t\t\t\t\t<\/div>\n\t\t\t\t<\/div>\n\t\t\t\t\t<\/div>\n\t\t<\/div>\n\t\t\t\t<div class=\"elementor-column elementor-col-50 elementor-top-column elementor-element elementor-element-a2ad6e0\" data-id=\"a2ad6e0\" data-element_type=\"column\" data-e-type=\"column\">\n\t\t\t<div class=\"elementor-widget-wrap elementor-element-populated\">\n\t\t\t\t\t\t<div class=\"elementor-element elementor-element-c6a1fab elementor-widget elementor-widget-image\" data-id=\"c6a1fab\" data-element_type=\"widget\" data-e-type=\"widget\" data-widget_type=\"image.default\">\n\t\t\t\t<div class=\"elementor-widget-container\">\n\t\t\t\t\t\t\t\t\t\t\t\t\t\t\t<img loading=\"lazy\" decoding=\"async\" width=\"725\" height=\"450\" src=\"https:\/\/festival262.com\/wp-content\/uploads\/2025\/08\/Atelier-Museu-Antonio-Duarte-Caldas-da-Rainha-Centro-de-Artes-Gocaldas-o-teu-Guia-Turistico-Local.jpg\" class=\"attachment-large size-large wp-image-3174\" alt=\"\" srcset=\"https:\/\/festival262.com\/wp-content\/uploads\/2025\/08\/Atelier-Museu-Antonio-Duarte-Caldas-da-Rainha-Centro-de-Artes-Gocaldas-o-teu-Guia-Turistico-Local.jpg 725w, https:\/\/festival262.com\/wp-content\/uploads\/2025\/08\/Atelier-Museu-Antonio-Duarte-Caldas-da-Rainha-Centro-de-Artes-Gocaldas-o-teu-Guia-Turistico-Local-600x372.jpg 600w, https:\/\/festival262.com\/wp-content\/uploads\/2025\/08\/Atelier-Museu-Antonio-Duarte-Caldas-da-Rainha-Centro-de-Artes-Gocaldas-o-teu-Guia-Turistico-Local-300x186.jpg 300w\" sizes=\"(max-width: 725px) 100vw, 725px\" \/>\t\t\t\t\t\t\t\t\t\t\t\t\t\t\t<\/div>\n\t\t\t\t<\/div>\n\t\t\t\t<div class=\"elementor-element elementor-element-be70480 elementor-widget elementor-widget-image\" data-id=\"be70480\" data-element_type=\"widget\" data-e-type=\"widget\" data-widget_type=\"image.default\">\n\t\t\t\t<div class=\"elementor-widget-container\">\n\t\t\t\t\t\t\t\t\t\t\t\t\t\t\t<img loading=\"lazy\" decoding=\"async\" width=\"1024\" height=\"768\" src=\"https:\/\/festival262.com\/wp-content\/uploads\/2025\/08\/IMG_2900-1024x768.jpg\" class=\"attachment-large size-large wp-image-3173\" alt=\"\" srcset=\"https:\/\/festival262.com\/wp-content\/uploads\/2025\/08\/IMG_2900-1024x768.jpg 1024w, https:\/\/festival262.com\/wp-content\/uploads\/2025\/08\/IMG_2900-600x450.jpg 600w, https:\/\/festival262.com\/wp-content\/uploads\/2025\/08\/IMG_2900-300x225.jpg 300w, https:\/\/festival262.com\/wp-content\/uploads\/2025\/08\/IMG_2900-768x576.jpg 768w, https:\/\/festival262.com\/wp-content\/uploads\/2025\/08\/IMG_2900.jpg 1200w\" sizes=\"(max-width: 1024px) 100vw, 1024px\" \/>\t\t\t\t\t\t\t\t\t\t\t\t\t\t\t<\/div>\n\t\t\t\t<\/div>\n\t\t\t\t\t<\/div>\n\t\t<\/div>\n\t\t\t\t\t<\/div>\n\t\t<\/section>\n\t\t\t\t<section class=\"elementor-section elementor-top-section elementor-element elementor-element-102fe51 elementor-section-boxed elementor-section-height-default elementor-section-height-default\" data-id=\"102fe51\" data-element_type=\"section\" data-e-type=\"section\">\n\t\t\t\t\t\t<div class=\"elementor-container elementor-column-gap-default\">\n\t\t\t\t\t<div class=\"elementor-column elementor-col-50 elementor-top-column elementor-element elementor-element-601a1c9\" data-id=\"601a1c9\" data-element_type=\"column\" data-e-type=\"column\">\n\t\t\t<div class=\"elementor-widget-wrap elementor-element-populated\">\n\t\t\t\t\t\t<div class=\"elementor-element elementor-element-6fbf9b6 elementor-widget elementor-widget-image\" data-id=\"6fbf9b6\" data-element_type=\"widget\" data-e-type=\"widget\" data-widget_type=\"image.default\">\n\t\t\t\t<div class=\"elementor-widget-container\">\n\t\t\t\t\t\t\t\t\t\t\t\t\t\t\t<img loading=\"lazy\" decoding=\"async\" width=\"1024\" height=\"730\" src=\"https:\/\/festival262.com\/wp-content\/uploads\/2025\/08\/arte-urbana-01-1024x730-1.jpg\" class=\"attachment-large size-large wp-image-3168\" alt=\"\" srcset=\"https:\/\/festival262.com\/wp-content\/uploads\/2025\/08\/arte-urbana-01-1024x730-1.jpg 1024w, https:\/\/festival262.com\/wp-content\/uploads\/2025\/08\/arte-urbana-01-1024x730-1-600x428.jpg 600w, https:\/\/festival262.com\/wp-content\/uploads\/2025\/08\/arte-urbana-01-1024x730-1-300x214.jpg 300w, https:\/\/festival262.com\/wp-content\/uploads\/2025\/08\/arte-urbana-01-1024x730-1-768x548.jpg 768w, https:\/\/festival262.com\/wp-content\/uploads\/2025\/08\/arte-urbana-01-1024x730-1-370x265.jpg 370w\" sizes=\"(max-width: 1024px) 100vw, 1024px\" \/>\t\t\t\t\t\t\t\t\t\t\t\t\t\t\t<\/div>\n\t\t\t\t<\/div>\n\t\t\t\t\t<\/div>\n\t\t<\/div>\n\t\t\t\t<div class=\"elementor-column elementor-col-50 elementor-top-column elementor-element elementor-element-50cd92a\" data-id=\"50cd92a\" data-element_type=\"column\" data-e-type=\"column\">\n\t\t\t<div class=\"elementor-widget-wrap elementor-element-populated\">\n\t\t\t\t\t\t<div class=\"elementor-element elementor-element-d1dd7c1 elementor-widget elementor-widget-text-editor\" data-id=\"d1dd7c1\" data-element_type=\"widget\" data-e-type=\"widget\" data-widget_type=\"text-editor.default\">\n\t\t\t\t<div class=\"elementor-widget-container\">\n\t\t\t\t\t\t\t\t\t<h4 data-start=\"2005\" data-end=\"2042\">Eventos anuais &amp; Cultura de rua<\/h4><p data-start=\"2044\" data-end=\"2109\">Caldas n\u00e3o tem apenas a ver com galerias \u2013 traz arte para as ruas.<\/p><ul data-start=\"2111\" data-end=\"2654\"><li data-start=\"2111\" data-end=\"2319\"><p data-start=\"2113\" data-end=\"2319\"><strong data-start=\"2113\" data-end=\"2134\">Caldas Late Night<\/strong> \u2013 Desde 1997, este festival dirigido por estudantes transformou oficinas, apartamentos e blocos urbanos em espa\u00e7os art\u00edsticos ef\u00e9meros. Organizado por estudantes da ESAD.CR, \u00e9 cru, excitante e verdadeiramente local.<\/p><\/li><li data-start=\"2323\" data-end=\"2654\"><p data-start=\"2325\" data-end=\"2654\"><strong data-start=\"2325\" data-end=\"2380\">FALU (Festival de Arte Urbana das Caldas da Rainha)<\/strong> \u2013 O primeiro festival de arte de rua da cidade, com nomes como <strong data-start=\"2442\" data-end=\"2456\">Bordalo II<\/strong>, <strong data-start=\"2458\" data-end=\"2470\">Add Fuel<\/strong>, <strong data-start=\"2472\" data-end=\"2487\">Akacorleone<\/strong>, <strong data-start=\"2489\" data-end=\"2504\">Daniel Eime<\/strong>, e <strong data-start=\"2510\" data-end=\"2525\">Nuno Viegas<\/strong>. Com murais e interven\u00e7\u00f5es de grande escala, a FALU traz novas linguagens visuais e uma est\u00e9tica urbana arrojada para as ruas de Caldas.<\/p><\/li><\/ul><p data-start=\"2656\" data-end=\"2803\">Em conjunto, estes festivais refletem a abordagem de portas abertas da cidade \u00e0 criatividade \u2014 acolhendo artistas de todas as origens, disciplinas e gera\u00e7\u00f5es.<\/p>\t\t\t\t\t\t\t\t<\/div>\n\t\t\t\t<\/div>\n\t\t\t\t\t<\/div>\n\t\t<\/div>\n\t\t\t\t\t<\/div>\n\t\t<\/section>\n\t\t\t\t<section class=\"elementor-section elementor-top-section elementor-element elementor-element-8b906d7 elementor-section-boxed elementor-section-height-default elementor-section-height-default\" data-id=\"8b906d7\" data-element_type=\"section\" data-e-type=\"section\">\n\t\t\t\t\t\t<div class=\"elementor-container elementor-column-gap-default\">\n\t\t\t\t\t<div class=\"elementor-column elementor-col-50 elementor-top-column elementor-element elementor-element-f65797d\" data-id=\"f65797d\" data-element_type=\"column\" data-e-type=\"column\">\n\t\t\t<div class=\"elementor-widget-wrap elementor-element-populated\">\n\t\t\t\t\t\t<div class=\"elementor-element elementor-element-9e085bb elementor-widget elementor-widget-text-editor\" data-id=\"9e085bb\" data-element_type=\"widget\" data-e-type=\"widget\" data-widget_type=\"text-editor.default\">\n\t\t\t\t<div class=\"elementor-widget-container\">\n\t\t\t\t\t\t\t\t\t<h4 data-start=\"1465\" data-end=\"1485\">Onde ficar<\/h4><p data-start=\"1487\" data-end=\"1577\">Caldas tem uma mistura de hot\u00e9is, casas de h\u00f3spedes e op\u00e7\u00f5es Airbnb. Aqui est\u00e3o algumas escolhas confi\u00e1veis:<\/p><h4 data-start=\"1579\" data-end=\"1604\">\u00a0<\/h4><h4 data-start=\"1579\" data-end=\"1604\">Hot\u00e9is &amp; Pousadas<\/h4><ul data-start=\"1605\" data-end=\"1914\"><li data-start=\"1605\" data-end=\"1724\"><p data-start=\"1607\" data-end=\"1724\"><strong data-start=\"1607\" data-end=\"1634\">SANA Silver Coast Hotel<\/strong> \u2013 Moderno hotel de 4 estrelas no centro da cidade, com excelente pequeno-almo\u00e7o e localiza\u00e7\u00e3o a p\u00e9.<\/p><\/li><li data-start=\"1725\" data-end=\"1801\"><p data-start=\"1727\" data-end=\"1801\"><strong data-start=\"1727\" data-end=\"1751\">Hotel Cristal Caldas<\/strong> \u2013 Op\u00e7\u00e3o com uma localiza\u00e7\u00e3o central e a pre\u00e7os acess\u00edveis, com piscina.<\/p><\/li><li data-start=\"1802\" data-end=\"1914\"><p data-start=\"1804\" data-end=\"1914\"><strong data-start=\"1804\" data-end=\"1830\">19 Tile Boutique House<\/strong> \u2013 Alojamento boutique elegante num edif\u00edcio renovado com arte local.<\/p><\/li><\/ul><h4 data-start=\"1916\" data-end=\"1933\">\u00a0<\/h4><h4 data-start=\"1916\" data-end=\"1933\">Escolhas de Airbnb<\/h4><ul data-start=\"1934\" data-end=\"2219\"><li data-start=\"1934\" data-end=\"2219\"><p data-start=\"1936\" data-end=\"1957\">Procure an\u00fancios em:<\/p><ul data-start=\"1960\" data-end=\"2219\"><li data-start=\"1960\" data-end=\"2048\"><p data-start=\"1962\" data-end=\"2048\"><strong data-start=\"1962\" data-end=\"2000\">Centro Hist\u00f3rico<\/strong> \u2013 Acess\u00edvel a p\u00e9 a locais, restaurantes e museus.<\/p><\/li><li data-start=\"2051\" data-end=\"2133\"><p data-start=\"2053\" data-end=\"2133\"><strong data-start=\"2053\" data-end=\"2080\">Parque D. Carlos I<\/strong> \u2013 Perto do jardim, do centro cultural e do spa termal.<\/p><\/li><li data-start=\"2136\" data-end=\"2219\"><p data-start=\"2138\" data-end=\"2219\"><b>Foz do Arelho \u2013 Nadadouro\u00a0<\/b>\u2013 Perto da praia a 15 minutos de carro do centro da cidade\u00a0<\/p><\/li><\/ul><\/li><\/ul><p data-start=\"2221\" data-end=\"2263\"><strong data-start=\"2221\" data-end=\"2228\">Dica<\/strong>: Reservar cedo. Maio \u00e9 uma esta\u00e7\u00e3o agitada.<\/p>\t\t\t\t\t\t\t\t<\/div>\n\t\t\t\t<\/div>\n\t\t\t\t\t<\/div>\n\t\t<\/div>\n\t\t\t\t<div class=\"elementor-column elementor-col-50 elementor-top-column elementor-element elementor-element-7dd024f\" data-id=\"7dd024f\" data-element_type=\"column\" data-e-type=\"column\">\n\t\t\t<div class=\"elementor-widget-wrap elementor-element-populated\">\n\t\t\t\t\t\t<div class=\"elementor-element elementor-element-71cc7a5 elementor-widget elementor-widget-image\" data-id=\"71cc7a5\" data-element_type=\"widget\" data-e-type=\"widget\" data-widget_type=\"image.default\">\n\t\t\t\t<div class=\"elementor-widget-container\">\n\t\t\t\t\t\t\t\t\t\t\t\t\t\t\t<img loading=\"lazy\" decoding=\"async\" width=\"1024\" height=\"675\" src=\"https:\/\/festival262.com\/wp-content\/uploads\/2025\/08\/sana-silver-coast-hotel-caldas-rainha-exterior-5-1024x675.jpg\" class=\"attachment-large size-large wp-image-3178\" alt=\"\" srcset=\"https:\/\/festival262.com\/wp-content\/uploads\/2025\/08\/sana-silver-coast-hotel-caldas-rainha-exterior-5-1024x675.jpg 1024w, https:\/\/festival262.com\/wp-content\/uploads\/2025\/08\/sana-silver-coast-hotel-caldas-rainha-exterior-5-600x396.jpg 600w, https:\/\/festival262.com\/wp-content\/uploads\/2025\/08\/sana-silver-coast-hotel-caldas-rainha-exterior-5-300x198.jpg 300w, https:\/\/festival262.com\/wp-content\/uploads\/2025\/08\/sana-silver-coast-hotel-caldas-rainha-exterior-5-768x506.jpg 768w, https:\/\/festival262.com\/wp-content\/uploads\/2025\/08\/sana-silver-coast-hotel-caldas-rainha-exterior-5-1536x1013.jpg 1536w, https:\/\/festival262.com\/wp-content\/uploads\/2025\/08\/sana-silver-coast-hotel-caldas-rainha-exterior-5.jpg 2000w\" sizes=\"(max-width: 1024px) 100vw, 1024px\" \/>\t\t\t\t\t\t\t\t\t\t\t\t\t\t\t<\/div>\n\t\t\t\t<\/div>\n\t\t\t\t<div class=\"elementor-element elementor-element-a137da3 elementor-widget elementor-widget-image\" data-id=\"a137da3\" data-element_type=\"widget\" data-e-type=\"widget\" data-widget_type=\"image.default\">\n\t\t\t\t<div class=\"elementor-widget-container\">\n\t\t\t\t\t\t\t\t\t\t\t\t\t\t\t<img loading=\"lazy\" decoding=\"async\" width=\"1024\" height=\"824\" src=\"https:\/\/festival262.com\/wp-content\/uploads\/2025\/08\/2010_07_21_5543aaaaaa-1024x824.jpg\" class=\"attachment-large size-large wp-image-3179\" alt=\"\" srcset=\"https:\/\/festival262.com\/wp-content\/uploads\/2025\/08\/2010_07_21_5543aaaaaa-1024x824.jpg 1024w, https:\/\/festival262.com\/wp-content\/uploads\/2025\/08\/2010_07_21_5543aaaaaa-600x483.jpg 600w, https:\/\/festival262.com\/wp-content\/uploads\/2025\/08\/2010_07_21_5543aaaaaa-300x241.jpg 300w, https:\/\/festival262.com\/wp-content\/uploads\/2025\/08\/2010_07_21_5543aaaaaa-768x618.jpg 768w, https:\/\/festival262.com\/wp-content\/uploads\/2025\/08\/2010_07_21_5543aaaaaa-1536x1236.jpg 1536w, https:\/\/festival262.com\/wp-content\/uploads\/2025\/08\/2010_07_21_5543aaaaaa.jpg 1600w\" sizes=\"(max-width: 1024px) 100vw, 1024px\" \/>\t\t\t\t\t\t\t\t\t\t\t\t\t\t\t<\/div>\n\t\t\t\t<\/div>\n\t\t\t\t\t<\/div>\n\t\t<\/div>\n\t\t\t\t\t<\/div>\n\t\t<\/section>\n\t\t\t\t<section class=\"elementor-section elementor-top-section elementor-element elementor-element-6d02a11 elementor-section-boxed elementor-section-height-default elementor-section-height-default\" data-id=\"6d02a11\" data-element_type=\"section\" data-e-type=\"section\">\n\t\t\t\t\t\t<div class=\"elementor-container elementor-column-gap-default\">\n\t\t\t\t\t<div class=\"elementor-column elementor-col-50 elementor-top-column elementor-element elementor-element-fed0f45\" data-id=\"fed0f45\" data-element_type=\"column\" data-e-type=\"column\">\n\t\t\t<div class=\"elementor-widget-wrap elementor-element-populated\">\n\t\t\t\t\t\t<div class=\"elementor-element elementor-element-bc1ab15 elementor-widget elementor-widget-heading\" data-id=\"bc1ab15\" data-element_type=\"widget\" data-e-type=\"widget\" data-widget_type=\"heading.default\">\n\t\t\t\t<div class=\"elementor-widget-container\">\n\t\t\t\t\t<h4 class=\"elementor-heading-title elementor-size-default\">Guia da cidade <br>Caldas da Rainha<\/h4>\t\t\t\t<\/div>\n\t\t\t\t<\/div>\n\t\t\t\t<div class=\"elementor-element elementor-element-a537154 elementor-widget elementor-widget-text-editor\" data-id=\"a537154\" data-element_type=\"widget\" data-e-type=\"widget\" data-widget_type=\"text-editor.default\">\n\t\t\t\t<div class=\"elementor-widget-container\">\n\t\t\t\t\t\t\t\t\t<p>Descubra o melhor das Caldas da Rainha. Descarregue o guia oficial da cidade para obter dicas sobre onde comer, o que ver e como explorar.<\/p>\t\t\t\t\t\t\t\t<\/div>\n\t\t\t\t<\/div>\n\t\t\t\t<div class=\"elementor-element elementor-element-e412d0b elementor-widget elementor-widget-button\" data-id=\"e412d0b\" data-element_type=\"widget\" data-e-type=\"widget\" data-widget_type=\"button.default\">\n\t\t\t\t<div class=\"elementor-widget-container\">\n\t\t\t\t\t\t\t\t\t<div class=\"elementor-button-wrapper\">\n\t\t\t\t\t<a class=\"elementor-button elementor-button-link elementor-size-sm\" href=\"https:\/\/cityguide.cm-caldas-rainha.pt\">\n\t\t\t\t\t\t<span class=\"elementor-button-content-wrapper\">\n\t\t\t\t\t\t\t\t\t<span class=\"elementor-button-text\">Clique aqui<\/span>\n\t\t\t\t\t<\/span>\n\t\t\t\t\t<\/a>\n\t\t\t\t<\/div>\n\t\t\t\t\t\t\t\t<\/div>\n\t\t\t\t<\/div>\n\t\t\t\t\t<\/div>\n\t\t<\/div>\n\t\t\t\t<div class=\"elementor-column elementor-col-50 elementor-top-column elementor-element elementor-element-f6c7a8c\" data-id=\"f6c7a8c\" data-element_type=\"column\" data-e-type=\"column\">\n\t\t\t<div class=\"elementor-widget-wrap elementor-element-populated\">\n\t\t\t\t\t\t<div class=\"elementor-element elementor-element-c658051 elementor-widget elementor-widget-image\" data-id=\"c658051\" data-element_type=\"widget\" data-e-type=\"widget\" data-widget_type=\"image.default\">\n\t\t\t\t<div class=\"elementor-widget-container\">\n\t\t\t\t\t\t\t\t\t\t\t\t\t\t\t<img loading=\"lazy\" decoding=\"async\" width=\"147\" height=\"300\" src=\"https:\/\/festival262.com\/wp-content\/uploads\/2025\/08\/single-iphone-147x300.png\" class=\"attachment-medium size-medium wp-image-3676\" alt=\"\" srcset=\"https:\/\/festival262.com\/wp-content\/uploads\/2025\/08\/single-iphone-147x300.png 147w, https:\/\/festival262.com\/wp-content\/uploads\/2025\/08\/single-iphone-500x1024.png 500w, https:\/\/festival262.com\/wp-content\/uploads\/2025\/08\/single-iphone.png 513w\" sizes=\"(max-width: 147px) 100vw, 147px\" \/>\t\t\t\t\t\t\t\t\t\t\t\t\t\t\t<\/div>\n\t\t\t\t<\/div>\n\t\t\t\t\t<\/div>\n\t\t<\/div>\n\t\t\t\t\t<\/div>\n\t\t<\/section>\n\t\t\t\t<section class=\"elementor-section elementor-top-section elementor-element elementor-element-f615f5c elementor-section-boxed elementor-section-height-default elementor-section-height-default\" data-id=\"f615f5c\" data-element_type=\"section\" data-e-type=\"section\">\n\t\t\t\t\t\t<div class=\"elementor-container elementor-column-gap-default\">\n\t\t\t\t\t<div class=\"elementor-column elementor-col-100 elementor-top-column elementor-element elementor-element-86ecf5e\" data-id=\"86ecf5e\" data-element_type=\"column\" data-e-type=\"column\">\n\t\t\t<div class=\"elementor-widget-wrap elementor-element-populated\">\n\t\t\t\t\t\t<div class=\"elementor-element elementor-element-9a3159d elementor-widget elementor-widget-text-editor\" data-id=\"9a3159d\" data-element_type=\"widget\" data-e-type=\"widget\" data-widget_type=\"text-editor.default\">\n\t\t\t\t<div class=\"elementor-widget-container\">\n\t\t\t\t\t\t\t\t\t<h4 data-start=\"634\" data-end=\"657\">Como chegar aqui<\/h4><hr data-start=\"4332\" data-end=\"4335\" \/><p data-start=\"4337\" data-end=\"4465\" data-is-last-node=\"\" data-is-only-node=\"\">\u00a0<\/p>\t\t\t\t\t\t\t\t<\/div>\n\t\t\t\t<\/div>\n\t\t\t\t<div class=\"elementor-element elementor-element-9e588e5 elementor-widget elementor-widget-text-editor\" data-id=\"9e588e5\" data-element_type=\"widget\" data-e-type=\"widget\" data-widget_type=\"text-editor.default\">\n\t\t\t\t<div class=\"elementor-widget-container\">\n\t\t\t\t\t\t\t\t\t<p data-start=\"659\" data-end=\"692\"><strong data-start=\"659\" data-end=\"692\">De Lisboa (aproximadamente 1h10min)<\/strong><\/p><ul data-start=\"693\" data-end=\"1104\"><li data-start=\"693\" data-end=\"802\"><p data-start=\"695\" data-end=\"802\"><strong data-start=\"695\" data-end=\"705\">De carro<\/strong>: Apanhe a auto-estrada A8 para norte. Sa\u00edda nas Caldas da Rainha Sul ou Caldas da Rainha Norte. Aplicam-se portagens.<\/p><\/li><li data-start=\"803\" data-end=\"961\"><p data-start=\"805\" data-end=\"961\"><strong data-start=\"805\" data-end=\"815\">De autocarro<\/strong>: <a href=\"https:\/\/rede-expressos.pt\/\">Rede Expressos<\/a> Sa\u00eddas regulares de autocarros a partir do terminal de Sete Rios, em Lisboa, para Caldas. Reserve com anteced\u00eancia em <a class=\"cursor-pointer\" target=\"_new\" rel=\"noopener\" data-start=\"914\" data-end=\"960\">rede-expressos.pt<\/a>.<\/p><\/li><li data-start=\"962\" data-end=\"1104\"><p data-start=\"964\" data-end=\"1104\"><strong data-start=\"1106\" data-end=\"1141\">Do Porto (aproximadamente 2h30min\u20133h)<\/strong><\/p><\/li><\/ul><ul data-start=\"1142\" data-end=\"1334\"><li data-start=\"1142\" data-end=\"1208\"><p data-start=\"1144\" data-end=\"1208\"><strong data-start=\"1144\" data-end=\"1154\">De carro<\/strong>: Apanhe a A1 para sul, depois a A8 em direc\u00e7\u00e3o \u00e0s Caldas da Rainha.<\/p><\/li><li data-start=\"1209\" data-end=\"1334\"><p data-start=\"1211\" data-end=\"1334\"><strong data-start=\"1211\" data-end=\"1221\">De autocarro<\/strong>: A Rede Expressos tamb\u00e9m liga o Porto (terminal Campo 24 de Agosto) \u00e0s Caldas, embora com menos frequ\u00eancia do que Lisboa.<\/p><\/li><\/ul><p data-start=\"1336\" data-end=\"1458\"><strong data-start=\"1336\" data-end=\"1355\">Aeroporto mais pr\u00f3ximo<\/strong>: Aeroporto Humberto Delgado de Lisboa (LIS). A partir da\u00ed, pode chegar facilmente \u00e0s Caldas atrav\u00e9s de autocarro ou carro alugado.<\/p>\t\t\t\t\t\t\t\t<\/div>\n\t\t\t\t<\/div>\n\t\t\t\t<div class=\"elementor-element elementor-element-d0defe0 elementor-widget elementor-widget-google_maps\" data-id=\"d0defe0\" data-element_type=\"widget\" data-e-type=\"widget\" data-widget_type=\"google_maps.default\">\n\t\t\t\t<div class=\"elementor-widget-container\">\n\t\t\t\t\t\t\t<div class=\"elementor-custom-embed\">\n\t\t\t<iframe loading=\"lazy\"\n\t\t\t\t\tsrc=\"https:\/\/maps.google.com\/maps?q=Caldas%20da%20Rainha%20&#038;t=m&#038;z=11&#038;output=embed&#038;iwloc=near\"\n\t\t\t\t\ttitle=\"Caldas da Rainha \"\n\t\t\t\t\taria-label=\"Caldas da Rainha \"\n\t\t\t><\/iframe>\n\t\t<\/div>\n\t\t\t\t\t\t<\/div>\n\t\t\t\t<\/div>\n\t\t\t\t\t<\/div>\n\t\t<\/div>\n\t\t\t\t\t<\/div>\n\t\t<\/section>\n\t\t\t\t<section class=\"elementor-section elementor-top-section elementor-element elementor-element-6db6401 elementor-section-boxed elementor-section-height-default elementor-section-height-default\" data-id=\"6db6401\" data-element_type=\"section\" data-e-type=\"section\">\n\t\t\t\t\t\t<div class=\"elementor-container elementor-column-gap-default\">\n\t\t\t\t\t<div class=\"elementor-column elementor-col-100 elementor-top-column elementor-element elementor-element-4aa78b2\" data-id=\"4aa78b2\" data-element_type=\"column\" data-e-type=\"column\">\n\t\t\t<div class=\"elementor-widget-wrap elementor-element-populated\">\n\t\t\t\t\t\t<div class=\"elementor-element elementor-element-13c9f42 elementor-widget elementor-widget-shortcode\" data-id=\"13c9f42\" data-element_type=\"widget\" data-e-type=\"widget\" data-widget_type=\"shortcode.default\">\n\t\t\t\t<div class=\"elementor-widget-container\">\n\t\t\t\t\t\t\t<div class=\"elementor-shortcode\">\t\t<div data-elementor-type=\"wp-post\" data-elementor-id=\"206\" class=\"elementor elementor-206\">\n\t\t\t\t\t\t<div class=\"elementor-section elementor-top-section elementor-element elementor-element-433e9d9 elementor-section-stretched footer-custom elementor-section-full_width elementor-section-height-default elementor-section-height-default\" data-id=\"433e9d9\" data-element_type=\"section\" data-e-type=\"section\" data-settings=\"{&quot;stretch_section&quot;:&quot;section-stretched&quot;,&quot;background_background&quot;:&quot;classic&quot;}\">\n\t\t\t\t\t\t<div class=\"elementor-container elementor-column-gap-no\">\n\t\t\t\t\t<div class=\"elementor-column elementor-col-100 elementor-top-column elementor-element elementor-element-4386f5f\" data-id=\"4386f5f\" data-element_type=\"column\" data-e-type=\"column\">\n\t\t\t<div class=\"elementor-widget-wrap elementor-element-populated\">\n\t\t\t\t\t\t<div class=\"elementor-section elementor-inner-section elementor-element elementor-element-ab81258 elementor-section-boxed elementor-section-height-default elementor-section-height-default\" data-id=\"ab81258\" data-element_type=\"section\" data-e-type=\"section\">\n\t\t\t\t\t\t<div class=\"elementor-container elementor-column-gap-wider\">\n\t\t\t\t\t<div class=\"elementor-column elementor-col-33 elementor-inner-column elementor-element elementor-element-abe660f\" data-id=\"abe660f\" data-element_type=\"column\" data-e-type=\"column\">\n\t\t\t<div class=\"elementor-widget-wrap elementor-element-populated\">\n\t\t\t\t\t\t<div class=\"elementor-element elementor-element-fdb18bb invert elementor-widget elementor-widget-heading\" data-id=\"fdb18bb\" data-element_type=\"widget\" data-e-type=\"widget\" data-widget_type=\"heading.default\">\n\t\t\t\t<div class=\"elementor-widget-container\">\n\t\t\t\t\t<h5 class=\"elementor-heading-title elementor-size-default\">Produzido por F\/262 &amp; Associa\u00e7\u00e3o F\/SOS<\/h5>\t\t\t\t<\/div>\n\t\t\t\t<\/div>\n\t\t\t\t<div class=\"elementor-element elementor-element-cd7b3b4 elementor-widget elementor-widget-spacer\" data-id=\"cd7b3b4\" data-element_type=\"widget\" data-e-type=\"widget\" data-widget_type=\"spacer.default\">\n\t\t\t\t<div class=\"elementor-widget-container\">\n\t\t\t\t\t\t\t<div class=\"elementor-spacer\">\n\t\t\t<div class=\"elementor-spacer-inner\"><\/div>\n\t\t<\/div>\n\t\t\t\t\t\t<\/div>\n\t\t\t\t<\/div>\n\t\t\t\t<div class=\"elementor-element elementor-element-a61036d elementor-widget elementor-widget-image\" data-id=\"a61036d\" data-element_type=\"widget\" data-e-type=\"widget\" data-widget_type=\"image.default\">\n\t\t\t\t<div class=\"elementor-widget-container\">\n\t\t\t\t\t\t\t\t\t\t\t\t\t\t\t\t<a href=\"https:\/\/festival262.com\/pt\/\">\n\t\t\t\t\t\t\t<img loading=\"lazy\" decoding=\"async\" width=\"1532\" height=\"436\" src=\"https:\/\/festival262.com\/wp-content\/uploads\/2019\/10\/F262-LOGO-COMPOSTO-COM-EFFE-WHITE-PT.svg\" class=\"attachment-full size-full wp-image-7626\" alt=\"\" \/>\t\t\t\t\t\t\t\t<\/a>\n\t\t\t\t\t\t\t\t\t\t\t\t\t\t\t<\/div>\n\t\t\t\t<\/div>\n\t\t\t\t<div class=\"elementor-element elementor-element-ec74c02 elementor-widget elementor-widget-spacer\" data-id=\"ec74c02\" data-element_type=\"widget\" data-e-type=\"widget\" data-widget_type=\"spacer.default\">\n\t\t\t\t<div class=\"elementor-widget-container\">\n\t\t\t\t\t\t\t<div class=\"elementor-spacer\">\n\t\t\t<div class=\"elementor-spacer-inner\"><\/div>\n\t\t<\/div>\n\t\t\t\t\t\t<\/div>\n\t\t\t\t<\/div>\n\t\t\t\t<div class=\"elementor-element elementor-element-155e5e2 elementor-widget elementor-widget-image\" data-id=\"155e5e2\" data-element_type=\"widget\" data-e-type=\"widget\" data-widget_type=\"image.default\">\n\t\t\t\t<div class=\"elementor-widget-container\">\n\t\t\t\t\t\t\t\t\t\t\t\t\t\t\t\t<a href=\"https:\/\/www.f-sos.org\" target=\"_blank\">\n\t\t\t\t\t\t\t<img loading=\"lazy\" decoding=\"async\" width=\"2560\" height=\"567\" src=\"https:\/\/festival262.com\/wp-content\/uploads\/2019\/10\/associacao-white-copy-scaled.png\" class=\"attachment-full size-full wp-image-5659\" alt=\"\" srcset=\"https:\/\/festival262.com\/wp-content\/uploads\/2019\/10\/associacao-white-copy-scaled.png 2560w, https:\/\/festival262.com\/wp-content\/uploads\/2019\/10\/associacao-white-copy-300x66.png 300w, https:\/\/festival262.com\/wp-content\/uploads\/2019\/10\/associacao-white-copy-1024x227.png 1024w, https:\/\/festival262.com\/wp-content\/uploads\/2019\/10\/associacao-white-copy-768x170.png 768w, https:\/\/festival262.com\/wp-content\/uploads\/2019\/10\/associacao-white-copy-1536x340.png 1536w, https:\/\/festival262.com\/wp-content\/uploads\/2019\/10\/associacao-white-copy-2048x453.png 2048w, https:\/\/festival262.com\/wp-content\/uploads\/2019\/10\/associacao-white-copy-1320x292.png 1320w, https:\/\/festival262.com\/wp-content\/uploads\/2019\/10\/associacao-white-copy-600x133.png 600w\" sizes=\"(max-width: 2560px) 100vw, 2560px\" \/>\t\t\t\t\t\t\t\t<\/a>\n\t\t\t\t\t\t\t\t\t\t\t\t\t\t\t<\/div>\n\t\t\t\t<\/div>\n\t\t\t\t<div class=\"elementor-element elementor-element-1c060c8 elementor-widget elementor-widget-image\" data-id=\"1c060c8\" data-element_type=\"widget\" data-e-type=\"widget\" data-widget_type=\"image.default\">\n\t\t\t\t<div class=\"elementor-widget-container\">\n\t\t\t\t\t\t\t\t\t\t\t\t\t\t\t\t<a href=\"https:\/\/www.websitecarbon.com\/website\/festival262-com\/\" target=\"_blank\">\n\t\t\t\t\t\t\t<img loading=\"lazy\" decoding=\"async\" width=\"728\" height=\"196\" src=\"https:\/\/festival262.com\/wp-content\/uploads\/2019\/10\/carbon-rating.png\" class=\"attachment-full size-full wp-image-5817\" alt=\"classifica\u00e7\u00e3o do carbono\" srcset=\"https:\/\/festival262.com\/wp-content\/uploads\/2019\/10\/carbon-rating.png 728w, https:\/\/festival262.com\/wp-content\/uploads\/2019\/10\/carbon-rating-300x81.png 300w, https:\/\/festival262.com\/wp-content\/uploads\/2019\/10\/carbon-rating-600x162.png 600w\" sizes=\"(max-width: 728px) 100vw, 728px\" \/>\t\t\t\t\t\t\t\t<\/a>\n\t\t\t\t\t\t\t\t\t\t\t\t\t\t\t<\/div>\n\t\t\t\t<\/div>\n\t\t\t\t\t<\/div>\n\t\t<\/div>\n\t\t\t\t<div class=\"elementor-column elementor-col-33 elementor-inner-column elementor-element elementor-element-af8a3fd\" data-id=\"af8a3fd\" data-element_type=\"column\" data-e-type=\"column\">\n\t\t\t<div class=\"elementor-widget-wrap elementor-element-populated\">\n\t\t\t\t\t\t<div class=\"elementor-element elementor-element-cbd4305 invert elementor-widget elementor-widget-heading\" data-id=\"cbd4305\" data-element_type=\"widget\" data-e-type=\"widget\" data-widget_type=\"heading.default\">\n\t\t\t\t<div class=\"elementor-widget-container\">\n\t\t\t\t\t<h5 class=\"elementor-heading-title elementor-size-default\">Com o apoio de:<\/h5>\t\t\t\t<\/div>\n\t\t\t\t<\/div>\n\t\t\t\t<div class=\"elementor-element elementor-element-6e61efe elementor-widget elementor-widget-spacer\" data-id=\"6e61efe\" data-element_type=\"widget\" data-e-type=\"widget\" data-widget_type=\"spacer.default\">\n\t\t\t\t<div class=\"elementor-widget-container\">\n\t\t\t\t\t\t\t<div class=\"elementor-spacer\">\n\t\t\t<div class=\"elementor-spacer-inner\"><\/div>\n\t\t<\/div>\n\t\t\t\t\t\t<\/div>\n\t\t\t\t<\/div>\n\t\t\t\t<div class=\"elementor-element elementor-element-8f9d706 elementor-widget elementor-widget-image\" data-id=\"8f9d706\" data-element_type=\"widget\" data-e-type=\"widget\" data-widget_type=\"image.default\">\n\t\t\t\t<div class=\"elementor-widget-container\">\n\t\t\t\t\t\t\t\t\t\t\t\t\t\t\t\t<a href=\"https:\/\/www.mcr.pt\" target=\"_blank\">\n\t\t\t\t\t\t\t<img loading=\"lazy\" decoding=\"async\" width=\"600\" height=\"363\" src=\"https:\/\/festival262.com\/wp-content\/uploads\/2019\/10\/cmcr.png.webp\" class=\"attachment-full size-full wp-image-5603\" alt=\"\" srcset=\"https:\/\/festival262.com\/wp-content\/uploads\/2019\/10\/cmcr.png.webp 600w, https:\/\/festival262.com\/wp-content\/uploads\/2019\/10\/cmcr.png-300x182.webp 300w\" sizes=\"(max-width: 600px) 100vw, 600px\" \/>\t\t\t\t\t\t\t\t<\/a>\n\t\t\t\t\t\t\t\t\t\t\t\t\t\t\t<\/div>\n\t\t\t\t<\/div>\n\t\t\t\t\t<\/div>\n\t\t<\/div>\n\t\t\t\t<div class=\"elementor-column elementor-col-33 elementor-inner-column elementor-element elementor-element-3840b6d\" data-id=\"3840b6d\" data-element_type=\"column\" data-e-type=\"column\">\n\t\t\t<div class=\"elementor-widget-wrap elementor-element-populated\">\n\t\t\t\t\t\t<div class=\"elementor-element elementor-element-c63d851 invert elementor-widget elementor-widget-heading\" data-id=\"c63d851\" data-element_type=\"widget\" data-e-type=\"widget\" data-widget_type=\"heading.default\">\n\t\t\t\t<div class=\"elementor-widget-container\">\n\t\t\t\t\t<h5 class=\"elementor-heading-title elementor-size-default\">Maio \u2013 setembro de 2026<br>\nCaldas da Rainha Portugal<\/h5>\t\t\t\t<\/div>\n\t\t\t\t<\/div>\n\t\t\t\t<div class=\"elementor-element elementor-element-3636f02 elementor-widget elementor-widget-spacer\" data-id=\"3636f02\" data-element_type=\"widget\" data-e-type=\"widget\" data-widget_type=\"spacer.default\">\n\t\t\t\t<div class=\"elementor-widget-container\">\n\t\t\t\t\t\t\t<div class=\"elementor-spacer\">\n\t\t\t<div class=\"elementor-spacer-inner\"><\/div>\n\t\t<\/div>\n\t\t\t\t\t\t<\/div>\n\t\t\t\t<\/div>\n\t\t\t\t<div class=\"elementor-element elementor-element-6b32ea3 elementor-widget elementor-widget-heading\" data-id=\"6b32ea3\" data-element_type=\"widget\" data-e-type=\"widget\" data-widget_type=\"heading.default\">\n\t\t\t\t<div class=\"elementor-widget-container\">\n\t\t\t\t\t<h5 class=\"elementor-heading-title elementor-size-default\">Sobre o F\/262\n<\/h5>\t\t\t\t<\/div>\n\t\t\t\t<\/div>\n\t\t\t\t<div class=\"elementor-element elementor-element-0430d04 elementor-widget elementor-widget-text-editor\" data-id=\"0430d04\" data-element_type=\"widget\" data-e-type=\"widget\" data-widget_type=\"text-editor.default\">\n\t\t\t\t<div class=\"elementor-widget-container\">\n\t\t\t\t\t\t\t\t\t<p data-start=\"431\" data-end=\"686\">O F\/262 \u00e9 um festival internacional de fotografia enraizado nas Caldas da Rainha, Portugal.<br data-start=\"526\" data-end=\"529\" \/>Atrav\u00e9s de exposi\u00e7\u00f5es, palestras, educa\u00e7\u00e3o e instala\u00e7\u00f5es p\u00fablicas, o festival envolve a fotografia contempor\u00e2nea com o local, a comunidade e o mundo que partilhamos.<\/p><p data-start=\"688\" data-end=\"718\">\u00a0<\/p>\t\t\t\t\t\t\t\t<\/div>\n\t\t\t\t<\/div>\n\t\t\t\t<div class=\"elementor-element elementor-element-1251943 elementor-widget elementor-widget-spacer\" data-id=\"1251943\" data-element_type=\"widget\" data-e-type=\"widget\" data-widget_type=\"spacer.default\">\n\t\t\t\t<div class=\"elementor-widget-container\">\n\t\t\t\t\t\t\t<div class=\"elementor-spacer\">\n\t\t\t<div class=\"elementor-spacer-inner\"><\/div>\n\t\t<\/div>\n\t\t\t\t\t\t<\/div>\n\t\t\t\t<\/div>\n\t\t\t\t\t<\/div>\n\t\t<\/div>\n\t\t\t\t\t<\/div>\n\t\t<\/div>\n\t\t\t\t<section class=\"elementor-section elementor-inner-section elementor-element elementor-element-0e3f8f2 elementor-section-boxed elementor-section-height-default elementor-section-height-default\" data-id=\"0e3f8f2\" data-element_type=\"section\" data-e-type=\"section\">\n\t\t\t\t\t\t<div class=\"elementor-container elementor-column-gap-default\">\n\t\t\t\t\t<div class=\"elementor-column elementor-col-50 elementor-inner-column elementor-element elementor-element-65aff90\" data-id=\"65aff90\" data-element_type=\"column\" data-e-type=\"column\">\n\t\t\t<div class=\"elementor-widget-wrap elementor-element-populated\">\n\t\t\t\t\t\t<div class=\"elementor-element elementor-element-c895301 hfe-nav-menu__breakpoint-none hfe-nav-menu__align-left hfe-submenu-icon-arrow hfe-submenu-animation-none hfe-link-redirect-child elementor-widget elementor-widget-navigation-menu\" data-id=\"c895301\" data-element_type=\"widget\" data-e-type=\"widget\" data-settings=\"{&quot;padding_horizontal_menu_item&quot;:{&quot;unit&quot;:&quot;px&quot;,&quot;size&quot;:15,&quot;sizes&quot;:[]},&quot;padding_horizontal_menu_item_tablet&quot;:{&quot;unit&quot;:&quot;px&quot;,&quot;size&quot;:&quot;&quot;,&quot;sizes&quot;:[]},&quot;padding_horizontal_menu_item_mobile&quot;:{&quot;unit&quot;:&quot;px&quot;,&quot;size&quot;:&quot;&quot;,&quot;sizes&quot;:[]},&quot;padding_vertical_menu_item&quot;:{&quot;unit&quot;:&quot;px&quot;,&quot;size&quot;:15,&quot;sizes&quot;:[]},&quot;padding_vertical_menu_item_tablet&quot;:{&quot;unit&quot;:&quot;px&quot;,&quot;size&quot;:&quot;&quot;,&quot;sizes&quot;:[]},&quot;padding_vertical_menu_item_mobile&quot;:{&quot;unit&quot;:&quot;px&quot;,&quot;size&quot;:&quot;&quot;,&quot;sizes&quot;:[]},&quot;menu_space_between&quot;:{&quot;unit&quot;:&quot;px&quot;,&quot;size&quot;:&quot;&quot;,&quot;sizes&quot;:[]},&quot;menu_space_between_tablet&quot;:{&quot;unit&quot;:&quot;px&quot;,&quot;size&quot;:&quot;&quot;,&quot;sizes&quot;:[]},&quot;menu_space_between_mobile&quot;:{&quot;unit&quot;:&quot;px&quot;,&quot;size&quot;:&quot;&quot;,&quot;sizes&quot;:[]},&quot;menu_row_space&quot;:{&quot;unit&quot;:&quot;px&quot;,&quot;size&quot;:&quot;&quot;,&quot;sizes&quot;:[]},&quot;menu_row_space_tablet&quot;:{&quot;unit&quot;:&quot;px&quot;,&quot;size&quot;:&quot;&quot;,&quot;sizes&quot;:[]},&quot;menu_row_space_mobile&quot;:{&quot;unit&quot;:&quot;px&quot;,&quot;size&quot;:&quot;&quot;,&quot;sizes&quot;:[]},&quot;dropdown_border_radius&quot;:{&quot;unit&quot;:&quot;px&quot;,&quot;top&quot;:&quot;&quot;,&quot;right&quot;:&quot;&quot;,&quot;bottom&quot;:&quot;&quot;,&quot;left&quot;:&quot;&quot;,&quot;isLinked&quot;:true},&quot;dropdown_border_radius_tablet&quot;:{&quot;unit&quot;:&quot;px&quot;,&quot;top&quot;:&quot;&quot;,&quot;right&quot;:&quot;&quot;,&quot;bottom&quot;:&quot;&quot;,&quot;left&quot;:&quot;&quot;,&quot;isLinked&quot;:true},&quot;dropdown_border_radius_mobile&quot;:{&quot;unit&quot;:&quot;px&quot;,&quot;top&quot;:&quot;&quot;,&quot;right&quot;:&quot;&quot;,&quot;bottom&quot;:&quot;&quot;,&quot;left&quot;:&quot;&quot;,&quot;isLinked&quot;:true},&quot;width_dropdown_item&quot;:{&quot;unit&quot;:&quot;px&quot;,&quot;size&quot;:&quot;220&quot;,&quot;sizes&quot;:[]},&quot;width_dropdown_item_tablet&quot;:{&quot;unit&quot;:&quot;px&quot;,&quot;size&quot;:&quot;&quot;,&quot;sizes&quot;:[]},&quot;width_dropdown_item_mobile&quot;:{&quot;unit&quot;:&quot;px&quot;,&quot;size&quot;:&quot;&quot;,&quot;sizes&quot;:[]},&quot;padding_horizontal_dropdown_item&quot;:{&quot;unit&quot;:&quot;px&quot;,&quot;size&quot;:&quot;&quot;,&quot;sizes&quot;:[]},&quot;padding_horizontal_dropdown_item_tablet&quot;:{&quot;unit&quot;:&quot;px&quot;,&quot;size&quot;:&quot;&quot;,&quot;sizes&quot;:[]},&quot;padding_horizontal_dropdown_item_mobile&quot;:{&quot;unit&quot;:&quot;px&quot;,&quot;size&quot;:&quot;&quot;,&quot;sizes&quot;:[]},&quot;padding_vertical_dropdown_item&quot;:{&quot;unit&quot;:&quot;px&quot;,&quot;size&quot;:15,&quot;sizes&quot;:[]},&quot;padding_vertical_dropdown_item_tablet&quot;:{&quot;unit&quot;:&quot;px&quot;,&quot;size&quot;:&quot;&quot;,&quot;sizes&quot;:[]},&quot;padding_vertical_dropdown_item_mobile&quot;:{&quot;unit&quot;:&quot;px&quot;,&quot;size&quot;:&quot;&quot;,&quot;sizes&quot;:[]},&quot;distance_from_menu&quot;:{&quot;unit&quot;:&quot;px&quot;,&quot;size&quot;:&quot;&quot;,&quot;sizes&quot;:[]},&quot;distance_from_menu_tablet&quot;:{&quot;unit&quot;:&quot;px&quot;,&quot;size&quot;:&quot;&quot;,&quot;sizes&quot;:[]},&quot;distance_from_menu_mobile&quot;:{&quot;unit&quot;:&quot;px&quot;,&quot;size&quot;:&quot;&quot;,&quot;sizes&quot;:[]},&quot;toggle_size&quot;:{&quot;unit&quot;:&quot;px&quot;,&quot;size&quot;:&quot;&quot;,&quot;sizes&quot;:[]},&quot;toggle_size_tablet&quot;:{&quot;unit&quot;:&quot;px&quot;,&quot;size&quot;:&quot;&quot;,&quot;sizes&quot;:[]},&quot;toggle_size_mobile&quot;:{&quot;unit&quot;:&quot;px&quot;,&quot;size&quot;:&quot;&quot;,&quot;sizes&quot;:[]},&quot;toggle_border_width&quot;:{&quot;unit&quot;:&quot;px&quot;,&quot;size&quot;:&quot;&quot;,&quot;sizes&quot;:[]},&quot;toggle_border_width_tablet&quot;:{&quot;unit&quot;:&quot;px&quot;,&quot;size&quot;:&quot;&quot;,&quot;sizes&quot;:[]},&quot;toggle_border_width_mobile&quot;:{&quot;unit&quot;:&quot;px&quot;,&quot;size&quot;:&quot;&quot;,&quot;sizes&quot;:[]},&quot;toggle_border_radius&quot;:{&quot;unit&quot;:&quot;px&quot;,&quot;size&quot;:&quot;&quot;,&quot;sizes&quot;:[]},&quot;toggle_border_radius_tablet&quot;:{&quot;unit&quot;:&quot;px&quot;,&quot;size&quot;:&quot;&quot;,&quot;sizes&quot;:[]},&quot;toggle_border_radius_mobile&quot;:{&quot;unit&quot;:&quot;px&quot;,&quot;size&quot;:&quot;&quot;,&quot;sizes&quot;:[]}}\" data-widget_type=\"navigation-menu.default\">\n\t\t\t\t<div class=\"elementor-widget-container\">\n\t\t\t\t\t\t\t\t<div class=\"hfe-nav-menu hfe-layout-horizontal hfe-nav-menu-layout horizontal hfe-pointer__none\" data-layout=\"horizontal\">\n\t\t\t\t<div role=\"button\" class=\"hfe-nav-menu__toggle elementor-clickable\" tabindex=\"0\" aria-label=\"Menu Alternar\">\n\t\t\t\t\t<span class=\"screen-reader-text\">Menu<\/span>\n\t\t\t\t\t<div class=\"hfe-nav-menu-icon\">\n\t\t\t\t\t\t\t\t\t\t\t<\/div>\n\t\t\t\t<\/div>\n\t\t\t\t<nav class=\"hfe-nav-menu__layout-horizontal hfe-nav-menu__submenu-arrow\" data-toggle-icon=\"\" data-close-icon=\"\" data-full-width=\"\">\n\t\t\t\t\t<ul id=\"menu-1-c895301\" class=\"hfe-nav-menu\"><li id=\"menu-item-6609\" class=\"menu-item menu-item-type-post_type menu-item-object-page parent hfe-creative-menu\"><a href=\"https:\/\/festival262.com\/pt\/privacy-policy\/\" class = \"hfe-menu-item\">Pol\u00edtica de privacidade<\/a><\/li>\n<li id=\"menu-item-6610\" class=\"menu-item menu-item-type-post_type menu-item-object-page parent hfe-creative-menu\"><a href=\"https:\/\/festival262.com\/pt\/terms-of-service\/\" class = \"hfe-menu-item\">Termos de Servi\u00e7o<\/a><\/li>\n<li id=\"menu-item-6611\" class=\"menu-item menu-item-type-post_type menu-item-object-page parent hfe-creative-menu\"><a href=\"https:\/\/festival262.com\/pt\/competition-rules-terms-of-entry\/\" class = \"hfe-menu-item\">Regras da Competi\u00e7\u00e3o &amp; Termos de Entrada<\/a><\/li>\n<\/ul> \n\t\t\t\t<\/nav>\n\t\t\t<\/div>\n\t\t\t\t\t\t\t<\/div>\n\t\t\t\t<\/div>\n\t\t\t\t\t<\/div>\n\t\t<\/div>\n\t\t\t\t<div class=\"elementor-column elementor-col-50 elementor-inner-column elementor-element elementor-element-e840057\" data-id=\"e840057\" data-element_type=\"column\" data-e-type=\"column\">\n\t\t\t<div class=\"elementor-widget-wrap elementor-element-populated\">\n\t\t\t\t\t\t<div class=\"elementor-element elementor-element-c368a16 footer-soc-icon elementor-shape-circle e-grid-align-right e-grid-align-mobile-center elementor-grid-0 elementor-widget elementor-widget-social-icons\" data-id=\"c368a16\" data-element_type=\"widget\" data-e-type=\"widget\" data-widget_type=\"social-icons.default\">\n\t\t\t\t<div class=\"elementor-widget-container\">\n\t\t\t\t\t\t\t<div class=\"elementor-social-icons-wrapper elementor-grid\" role=\"list\">\n\t\t\t\t\t\t\t<span class=\"elementor-grid-item\" role=\"listitem\">\n\t\t\t\t\t<a class=\"elementor-icon elementor-social-icon elementor-social-icon-instagram elementor-repeater-item-a3788bb\" href=\"https:\/\/www.instagram.com\/festival.262\" target=\"_blank\">\n\t\t\t\t\t\t<span class=\"elementor-screen-only\">Instagram<\/span>\n\t\t\t\t\t\t<i aria-hidden=\"true\" class=\"fab fa-instagram\"><\/i>\t\t\t\t\t<\/a>\n\t\t\t\t<\/span>\n\t\t\t\t\t\t\t<span class=\"elementor-grid-item\" role=\"listitem\">\n\t\t\t\t\t<a class=\"elementor-icon elementor-social-icon elementor-social-icon-linkedin elementor-repeater-item-0a1b6fe\" href=\"https:\/\/www.linkedin.com\/company\/associacao-f-sos-fotografia-solidariedade-e-obras-sociais\/\" target=\"_blank\">\n\t\t\t\t\t\t<span class=\"elementor-screen-only\">Linkedin<\/span>\n\t\t\t\t\t\t<i aria-hidden=\"true\" class=\"fab fa-linkedin\"><\/i>\t\t\t\t\t<\/a>\n\t\t\t\t<\/span>\n\t\t\t\t\t\t\t<span class=\"elementor-grid-item\" role=\"listitem\">\n\t\t\t\t\t<a class=\"elementor-icon elementor-social-icon elementor-social-icon-youtube elementor-repeater-item-f3c97f5\" href=\"https:\/\/www.youtube.com\/@F262PhotographyFestival\" target=\"_blank\">\n\t\t\t\t\t\t<span class=\"elementor-screen-only\">Youtube<\/span>\n\t\t\t\t\t\t<i aria-hidden=\"true\" class=\"fab fa-youtube\"><\/i>\t\t\t\t\t<\/a>\n\t\t\t\t<\/span>\n\t\t\t\t\t<\/div>\n\t\t\t\t\t\t<\/div>\n\t\t\t\t<\/div>\n\t\t\t\t\t<\/div>\n\t\t<\/div>\n\t\t\t\t\t<\/div>\n\t\t<\/section>\n\t\t\t\t<div class=\"elementor-section elementor-inner-section elementor-element elementor-element-21d4a88 elementor-section-boxed elementor-section-height-default elementor-section-height-default\" data-id=\"21d4a88\" data-element_type=\"section\" data-e-type=\"section\">\n\t\t\t\t\t\t<div class=\"elementor-container elementor-column-gap-no\">\n\t\t\t\t\t<div class=\"elementor-column elementor-col-100 elementor-inner-column elementor-element elementor-element-37fbc21\" data-id=\"37fbc21\" data-element_type=\"column\" data-e-type=\"column\">\n\t\t\t<div class=\"elementor-widget-wrap elementor-element-populated\">\n\t\t\t\t\t\t<div class=\"elementor-element elementor-element-fe6ceda copyright-footer elementor-widget elementor-widget-text-editor\" data-id=\"fe6ceda\" data-element_type=\"widget\" data-e-type=\"widget\" data-widget_type=\"text-editor.default\">\n\t\t\t\t<div class=\"elementor-widget-container\">\n\t\t\t\t\t\t\t\t\t<p>\u00a92026 F\/262 \u2013 Festival Internacional de Fotografia<br \/>Produzido por <a href=\"https:\/\/www.f-sos.org\" target=\"_blank\" rel=\"noopener\">Associa\u00e7\u00e3o F\/SOS \u2013 Fotografia, Solidariedade e Obras Sociais<\/a><\/p>\t\t\t\t\t\t\t\t<\/div>\n\t\t\t\t<\/div>\n\t\t\t\t\t<\/div>\n\t\t<\/div>\n\t\t\t\t\t<\/div>\n\t\t<\/div>\n\t\t\t\t\t<\/div>\n\t\t<\/div>\n\t\t\t\t\t<\/div>\n\t\t<\/div>\n\t\t\t\t<\/div>\n\t\t<\/div>\n\t\t\t\t\t\t<\/div>\n\t\t\t\t<\/div>\n\t\t\t\t\t<\/div>\n\t\t<\/div>\n\t\t\t\t\t<\/div>\n\t\t<\/section>\n\t\t\t\t<\/div>","protected":false},"excerpt":{"rendered":"<p>About Caldas da Rainha The Host City of the F\/262 Festival WHY Caldas? The F\/262 Festival chose Caldas da Rainha for its unique blend of tradition and experimentation, heritage and future-thinking. The city\u2019s walkable layout, proximity to nature, and engaged local community make it an ideal space to host exhibitions, talks, and workshops that spill [&hellip;]<\/p>","protected":false},"author":6,"featured_media":0,"parent":0,"menu_order":0,"comment_status":"closed","ping_status":"closed","template":"","meta":{"_acf_changed":false,"footnotes":""},"class_list":["post-3150","page","type-page","status-publish","hentry"],"acf":[],"yoast_head":"<!-- This site is optimized with the Yoast SEO plugin v27.5 - https:\/\/yoast.com\/product\/yoast-seo-wordpress\/ -->\n<title>about caldas da rainha - F\/262 Festival Internacional de Fotografia<\/title>\n<meta name=\"description\" content=\"about caldas da rainha\" \/>\n<meta name=\"robots\" content=\"index, follow, max-snippet:-1, max-image-preview:large, max-video-preview:-1\" \/>\n<link rel=\"canonical\" href=\"https:\/\/festival262.com\/pt\/about-caldas-da-rainha\/\" \/>\n<meta property=\"og:locale\" content=\"pt_PT\" \/>\n<meta property=\"og:type\" content=\"article\" \/>\n<meta property=\"og:title\" content=\"about caldas da rainha - F\/262 Festival Internacional de Fotografia\" \/>\n<meta property=\"og:description\" content=\"about caldas da rainha\" \/>\n<meta property=\"og:url\" content=\"https:\/\/festival262.com\/pt\/about-caldas-da-rainha\/\" \/>\n<meta property=\"og:site_name\" content=\"F\/262 Festival Internacional de Fotografia\" \/>\n<meta property=\"article:modified_time\" content=\"2026-03-29T11:10:02+00:00\" \/>\n<meta property=\"og:image\" content=\"https:\/\/festival262.com\/wp-content\/uploads\/2025\/08\/tempImageUWmIH4-1568x1176-1.jpg\" \/>\n\t<meta property=\"og:image:width\" content=\"1568\" \/>\n\t<meta property=\"og:image:height\" content=\"1176\" \/>\n\t<meta property=\"og:image:type\" content=\"image\/jpeg\" \/>\n<meta name=\"twitter:card\" content=\"summary_large_image\" \/>\n<meta name=\"twitter:label1\" content=\"Tempo estimado de leitura\" \/>\n\t<meta name=\"twitter:data1\" content=\"9 minutos\" \/>\n<script type=\"application\/ld+json\" class=\"yoast-schema-graph\">{\"@context\":\"https:\\\/\\\/schema.org\",\"@graph\":[{\"@type\":\"WebPage\",\"@id\":\"https:\\\/\\\/festival262.com\\\/about-caldas-da-rainha\\\/\",\"url\":\"https:\\\/\\\/festival262.com\\\/about-caldas-da-rainha\\\/\",\"name\":\"about caldas da rainha - F\\\/262 Festival Internacional de Fotografia\",\"isPartOf\":{\"@id\":\"https:\\\/\\\/festival262.com\\\/#website\"},\"primaryImageOfPage\":{\"@id\":\"https:\\\/\\\/festival262.com\\\/about-caldas-da-rainha\\\/#primaryimage\"},\"image\":{\"@id\":\"https:\\\/\\\/festival262.com\\\/about-caldas-da-rainha\\\/#primaryimage\"},\"thumbnailUrl\":\"https:\\\/\\\/festival262.com\\\/wp-content\\\/uploads\\\/2025\\\/08\\\/tempImageUWmIH4-1568x1176-1-1024x768.jpg\",\"datePublished\":\"2025-08-03T01:38:31+00:00\",\"dateModified\":\"2026-03-29T11:10:02+00:00\",\"description\":\"about caldas da rainha\",\"breadcrumb\":{\"@id\":\"https:\\\/\\\/festival262.com\\\/about-caldas-da-rainha\\\/#breadcrumb\"},\"inLanguage\":\"pt-PT\",\"potentialAction\":[{\"@type\":\"ReadAction\",\"target\":[\"https:\\\/\\\/festival262.com\\\/about-caldas-da-rainha\\\/\"]}]},{\"@type\":\"ImageObject\",\"inLanguage\":\"pt-PT\",\"@id\":\"https:\\\/\\\/festival262.com\\\/about-caldas-da-rainha\\\/#primaryimage\",\"url\":\"https:\\\/\\\/festival262.com\\\/wp-content\\\/uploads\\\/2025\\\/08\\\/tempImageUWmIH4-1568x1176-1-1024x768.jpg\",\"contentUrl\":\"https:\\\/\\\/festival262.com\\\/wp-content\\\/uploads\\\/2025\\\/08\\\/tempImageUWmIH4-1568x1176-1-1024x768.jpg\"},{\"@type\":\"BreadcrumbList\",\"@id\":\"https:\\\/\\\/festival262.com\\\/about-caldas-da-rainha\\\/#breadcrumb\",\"itemListElement\":[{\"@type\":\"ListItem\",\"position\":1,\"name\":\"Home\",\"item\":\"https:\\\/\\\/festival262.com\\\/\"},{\"@type\":\"ListItem\",\"position\":2,\"name\":\"about caldas da rainha\"}]},{\"@type\":\"WebSite\",\"@id\":\"https:\\\/\\\/festival262.com\\\/#website\",\"url\":\"https:\\\/\\\/festival262.com\\\/\",\"name\":\"F7262 Fetsival Internacional de Fotografia\",\"description\":\"Photography as Culture, Community, and Practice\",\"publisher\":{\"@id\":\"https:\\\/\\\/festival262.com\\\/#organization\"},\"alternateName\":\"Festival262\",\"potentialAction\":[{\"@type\":\"SearchAction\",\"target\":{\"@type\":\"EntryPoint\",\"urlTemplate\":\"https:\\\/\\\/festival262.com\\\/?s={search_term_string}\"},\"query-input\":{\"@type\":\"PropertyValueSpecification\",\"valueRequired\":true,\"valueName\":\"search_term_string\"}}],\"inLanguage\":\"pt-PT\"},{\"@type\":\"Organization\",\"@id\":\"https:\\\/\\\/festival262.com\\\/#organization\",\"name\":\"F\\\/262 Festival Internacional de Fotografia\",\"url\":\"https:\\\/\\\/festival262.com\\\/\",\"logo\":{\"@type\":\"ImageObject\",\"inLanguage\":\"pt-PT\",\"@id\":\"https:\\\/\\\/festival262.com\\\/#\\\/schema\\\/logo\\\/image\\\/\",\"url\":\"https:\\\/\\\/festival262.com\\\/wp-content\\\/uploads\\\/2019\\\/10\\\/cropped-f-262-icon-e-logo-scaled-1.png\",\"contentUrl\":\"https:\\\/\\\/festival262.com\\\/wp-content\\\/uploads\\\/2019\\\/10\\\/cropped-f-262-icon-e-logo-scaled-1.png\",\"width\":2558,\"height\":1048,\"caption\":\"F\\\/262 Festival Internacional de Fotografia\"},\"image\":{\"@id\":\"https:\\\/\\\/festival262.com\\\/#\\\/schema\\\/logo\\\/image\\\/\"}}]}<\/script>\n<!-- \/ Yoast SEO plugin. -->","yoast_head_json":{"title":"about caldas da rainha - F\/262 Festival Internacional de Fotografia","description":"about caldas da rainha","robots":{"index":"index","follow":"follow","max-snippet":"max-snippet:-1","max-image-preview":"max-image-preview:large","max-video-preview":"max-video-preview:-1"},"canonical":"https:\/\/festival262.com\/pt\/about-caldas-da-rainha\/","og_locale":"pt_PT","og_type":"article","og_title":"about caldas da rainha - F\/262 Festival Internacional de Fotografia","og_description":"about caldas da rainha","og_url":"https:\/\/festival262.com\/pt\/about-caldas-da-rainha\/","og_site_name":"F\/262 Festival Internacional de Fotografia","article_modified_time":"2026-03-29T11:10:02+00:00","og_image":[{"width":1568,"height":1176,"url":"https:\/\/festival262.com\/wp-content\/uploads\/2025\/08\/tempImageUWmIH4-1568x1176-1.jpg","type":"image\/jpeg"}],"twitter_card":"summary_large_image","twitter_misc":{"Tempo estimado de leitura":"9 minutos"},"schema":{"@context":"https:\/\/schema.org","@graph":[{"@type":"WebPage","@id":"https:\/\/festival262.com\/about-caldas-da-rainha\/","url":"https:\/\/festival262.com\/about-caldas-da-rainha\/","name":"about caldas da rainha - F\/262 Festival Internacional de Fotografia","isPartOf":{"@id":"https:\/\/festival262.com\/#website"},"primaryImageOfPage":{"@id":"https:\/\/festival262.com\/about-caldas-da-rainha\/#primaryimage"},"image":{"@id":"https:\/\/festival262.com\/about-caldas-da-rainha\/#primaryimage"},"thumbnailUrl":"https:\/\/festival262.com\/wp-content\/uploads\/2025\/08\/tempImageUWmIH4-1568x1176-1-1024x768.jpg","datePublished":"2025-08-03T01:38:31+00:00","dateModified":"2026-03-29T11:10:02+00:00","description":"about caldas da rainha","breadcrumb":{"@id":"https:\/\/festival262.com\/about-caldas-da-rainha\/#breadcrumb"},"inLanguage":"pt-PT","potentialAction":[{"@type":"ReadAction","target":["https:\/\/festival262.com\/about-caldas-da-rainha\/"]}]},{"@type":"ImageObject","inLanguage":"pt-PT","@id":"https:\/\/festival262.com\/about-caldas-da-rainha\/#primaryimage","url":"https:\/\/festival262.com\/wp-content\/uploads\/2025\/08\/tempImageUWmIH4-1568x1176-1-1024x768.jpg","contentUrl":"https:\/\/festival262.com\/wp-content\/uploads\/2025\/08\/tempImageUWmIH4-1568x1176-1-1024x768.jpg"},{"@type":"BreadcrumbList","@id":"https:\/\/festival262.com\/about-caldas-da-rainha\/#breadcrumb","itemListElement":[{"@type":"ListItem","position":1,"name":"Home","item":"https:\/\/festival262.com\/"},{"@type":"ListItem","position":2,"name":"about caldas da rainha"}]},{"@type":"WebSite","@id":"https:\/\/festival262.com\/#website","url":"https:\/\/festival262.com\/","name":"F7262 Fetsival Internacional de Fotografia","description":"Photography as Culture, Community, and Practice","publisher":{"@id":"https:\/\/festival262.com\/#organization"},"alternateName":"Festival262","potentialAction":[{"@type":"SearchAction","target":{"@type":"EntryPoint","urlTemplate":"https:\/\/festival262.com\/?s={search_term_string}"},"query-input":{"@type":"PropertyValueSpecification","valueRequired":true,"valueName":"search_term_string"}}],"inLanguage":"pt-PT"},{"@type":"Organization","@id":"https:\/\/festival262.com\/#organization","name":"F\/262 Festival Internacional de Fotografia","url":"https:\/\/festival262.com\/","logo":{"@type":"ImageObject","inLanguage":"pt-PT","@id":"https:\/\/festival262.com\/#\/schema\/logo\/image\/","url":"https:\/\/festival262.com\/wp-content\/uploads\/2019\/10\/cropped-f-262-icon-e-logo-scaled-1.png","contentUrl":"https:\/\/festival262.com\/wp-content\/uploads\/2019\/10\/cropped-f-262-icon-e-logo-scaled-1.png","width":2558,"height":1048,"caption":"F\/262 Festival Internacional de Fotografia"},"image":{"@id":"https:\/\/festival262.com\/#\/schema\/logo\/image\/"}}]}},"_links":{"self":[{"href":"https:\/\/festival262.com\/pt\/wp-json\/wp\/v2\/pages\/3150","targetHints":{"allow":["GET"]}}],"collection":[{"href":"https:\/\/festival262.com\/pt\/wp-json\/wp\/v2\/pages"}],"about":[{"href":"https:\/\/festival262.com\/pt\/wp-json\/wp\/v2\/types\/page"}],"author":[{"embeddable":true,"href":"https:\/\/festival262.com\/pt\/wp-json\/wp\/v2\/users\/6"}],"replies":[{"embeddable":true,"href":"https:\/\/festival262.com\/pt\/wp-json\/wp\/v2\/comments?post=3150"}],"version-history":[{"count":5,"href":"https:\/\/festival262.com\/pt\/wp-json\/wp\/v2\/pages\/3150\/revisions"}],"predecessor-version":[{"id":6736,"href":"https:\/\/festival262.com\/pt\/wp-json\/wp\/v2\/pages\/3150\/revisions\/6736"}],"wp:attachment":[{"href":"https:\/\/festival262.com\/pt\/wp-json\/wp\/v2\/media?parent=3150"}],"curies":[{"name":"wp","href":"https:\/\/api.w.org\/{rel}","templated":true}]}}