{"id":2988,"date":"2025-07-31T11:51:37","date_gmt":"2025-07-31T11:51:37","guid":{"rendered":"https:\/\/event.joaocarlosphoto.com\/?page_id=2988"},"modified":"2026-03-29T11:19:57","modified_gmt":"2026-03-29T11:19:57","slug":"support-us","status":"publish","type":"page","link":"https:\/\/festival262.com\/pt\/support-us\/","title":{"rendered":"Apoie-nos"},"content":{"rendered":"<div data-elementor-type=\"wp-page\" data-elementor-id=\"2988\" class=\"elementor elementor-2988\">\n\t\t\t\t\t\t<section class=\"elementor-section elementor-top-section elementor-element elementor-element-2414743 elementor-section-boxed elementor-section-height-default elementor-section-height-default\" data-id=\"2414743\" data-element_type=\"section\" data-e-type=\"section\">\n\t\t\t\t\t\t<div class=\"elementor-container elementor-column-gap-default\">\n\t\t\t\t\t<div class=\"elementor-column elementor-col-100 elementor-top-column elementor-element elementor-element-d2a5b66\" data-id=\"d2a5b66\" data-element_type=\"column\" data-e-type=\"column\">\n\t\t\t<div class=\"elementor-widget-wrap elementor-element-populated\">\n\t\t\t\t\t\t<div class=\"elementor-element elementor-element-76937ec elementor-widget elementor-widget-image\" data-id=\"76937ec\" data-element_type=\"widget\" data-e-type=\"widget\" data-widget_type=\"image.default\">\n\t\t\t\t<div class=\"elementor-widget-container\">\n\t\t\t\t\t\t\t\t\t\t\t\t\t\t\t<img fetchpriority=\"high\" decoding=\"async\" width=\"1024\" height=\"226\" src=\"https:\/\/festival262.com\/wp-content\/uploads\/2026\/03\/associacao-teal-1024x226.png\" class=\"attachment-large size-large wp-image-6188\" alt=\"\" srcset=\"https:\/\/festival262.com\/wp-content\/uploads\/2026\/03\/associacao-teal-1024x226.png 1024w, https:\/\/festival262.com\/wp-content\/uploads\/2026\/03\/associacao-teal-300x66.png 300w, https:\/\/festival262.com\/wp-content\/uploads\/2026\/03\/associacao-teal-768x170.png 768w, https:\/\/festival262.com\/wp-content\/uploads\/2026\/03\/associacao-teal-1536x340.png 1536w, https:\/\/festival262.com\/wp-content\/uploads\/2026\/03\/associacao-teal-2048x453.png 2048w, https:\/\/festival262.com\/wp-content\/uploads\/2026\/03\/associacao-teal-1320x292.png 1320w, https:\/\/festival262.com\/wp-content\/uploads\/2026\/03\/associacao-teal-24x5.png 24w, https:\/\/festival262.com\/wp-content\/uploads\/2026\/03\/associacao-teal-36x8.png 36w, https:\/\/festival262.com\/wp-content\/uploads\/2026\/03\/associacao-teal-48x11.png 48w, https:\/\/festival262.com\/wp-content\/uploads\/2026\/03\/associacao-teal-600x133.png 600w\" sizes=\"(max-width: 1024px) 100vw, 1024px\" \/>\t\t\t\t\t\t\t\t\t\t\t\t\t\t\t<\/div>\n\t\t\t\t<\/div>\n\t\t\t\t\t<\/div>\n\t\t<\/div>\n\t\t\t\t\t<\/div>\n\t\t<\/section>\n\t\t\t\t<section class=\"elementor-section elementor-top-section elementor-element elementor-element-3641c86 elementor-section-boxed elementor-section-height-default elementor-section-height-default\" data-id=\"3641c86\" data-element_type=\"section\" data-e-type=\"section\">\n\t\t\t\t\t\t<div class=\"elementor-container elementor-column-gap-default\">\n\t\t\t\t\t<div class=\"elementor-column elementor-col-100 elementor-top-column elementor-element elementor-element-0be2332\" data-id=\"0be2332\" data-element_type=\"column\" data-e-type=\"column\">\n\t\t\t<div class=\"elementor-widget-wrap elementor-element-populated\">\n\t\t\t\t\t\t<div class=\"elementor-element elementor-element-66c57af elementor-widget elementor-widget-heading\" data-id=\"66c57af\" data-element_type=\"widget\" data-e-type=\"widget\" data-widget_type=\"heading.default\">\n\t\t\t\t<div class=\"elementor-widget-container\">\n\t\t\t\t\t<h3 class=\"elementor-heading-title elementor-size-default\">Apoio F\/SOS \u2013 Fotografia, Solidariedade e Obras Sociais<\/h3>\t\t\t\t<\/div>\n\t\t\t\t<\/div>\n\t\t\t\t<div class=\"elementor-element elementor-element-6be0fad elementor-widget elementor-widget-heading\" data-id=\"6be0fad\" data-element_type=\"widget\" data-e-type=\"widget\" data-widget_type=\"heading.default\">\n\t\t\t\t<div class=\"elementor-widget-container\">\n\t\t\t\t\t<h6 class=\"elementor-heading-title elementor-size-default\">Hist\u00f3rias de Solidariedade<\/h6>\t\t\t\t<\/div>\n\t\t\t\t<\/div>\n\t\t\t\t<div class=\"elementor-element elementor-element-e341092 elementor-widget elementor-widget-spacer\" data-id=\"e341092\" data-element_type=\"widget\" data-e-type=\"widget\" data-widget_type=\"spacer.default\">\n\t\t\t\t<div class=\"elementor-widget-container\">\n\t\t\t\t\t\t\t<div class=\"elementor-spacer\">\n\t\t\t<div class=\"elementor-spacer-inner\"><\/div>\n\t\t<\/div>\n\t\t\t\t\t\t<\/div>\n\t\t\t\t<\/div>\n\t\t\t\t\t<\/div>\n\t\t<\/div>\n\t\t\t\t\t<\/div>\n\t\t<\/section>\n\t\t\t\t<section class=\"elementor-section elementor-top-section elementor-element elementor-element-530f4f5 elementor-section-boxed elementor-section-height-default elementor-section-height-default\" data-id=\"530f4f5\" data-element_type=\"section\" data-e-type=\"section\">\n\t\t\t\t\t\t<div class=\"elementor-container elementor-column-gap-default\">\n\t\t\t\t\t<div class=\"elementor-column elementor-col-50 elementor-top-column elementor-element elementor-element-d7f38ce\" data-id=\"d7f38ce\" data-element_type=\"column\" data-e-type=\"column\">\n\t\t\t<div class=\"elementor-widget-wrap elementor-element-populated\">\n\t\t\t\t\t\t<div class=\"elementor-element elementor-element-ab1cc7c elementor-widget elementor-widget-text-editor\" data-id=\"ab1cc7c\" data-element_type=\"widget\" data-e-type=\"widget\" data-widget_type=\"text-editor.default\">\n\t\t\t\t<div class=\"elementor-widget-container\">\n\t\t\t\t\t\t\t\t\t<p data-start=\"616\" data-end=\"824\"><strong data-start=\"616\" data-end=\"669\">F\/SOS \u2013 Fotografia, Solidariedade e Obras Sociais<\/strong> \u00c9 uma associa\u00e7\u00e3o cultural sem fins lucrativos que utiliza a fotografia e a narrativa visual como ferramentas para a educa\u00e7\u00e3o, a liga\u00e7\u00e3o social e a consci\u00eancia ambiental.<\/p><p data-start=\"826\" data-end=\"1157\">Atrav\u00e9s de programas de longo prazo, parcerias e iniciativas p\u00fablicas, a F\/SOS apoia artistas, comunidades e vozes emergentes na fotografia. A associa\u00e7\u00e3o \u00e9 o corpo fundador e produtor de <strong data-start=\"1019\" data-end=\"1067\">F\/262 \u2013 Festival Internacional de Fotografia<\/strong>, juntamente com projetos educativos, sociais e ambientais desenvolvidos ao longo do ano.<\/p><p data-start=\"1159\" data-end=\"1344\">Como uma organiza\u00e7\u00e3o sem fins lucrativos, a F\/SOS existe atrav\u00e9s do apoio coletivo. Cada contribui\u00e7\u00e3o ajuda-nos a permanecer independentes, acess\u00edveis e comprometidos com o impacto cultural e social a longo prazo.<\/p><p data-start=\"364\" data-end=\"401\">\u00a0<\/p>\t\t\t\t\t\t\t\t<\/div>\n\t\t\t\t<\/div>\n\t\t\t\t<div class=\"elementor-element elementor-element-e5cafd8 elementor-align-center elementor-widget elementor-widget-button\" data-id=\"e5cafd8\" data-element_type=\"widget\" data-e-type=\"widget\" data-widget_type=\"button.default\">\n\t\t\t\t<div class=\"elementor-widget-container\">\n\t\t\t\t\t\t\t\t\t<div class=\"elementor-button-wrapper\">\n\t\t\t\t\t<a class=\"elementor-button elementor-button-link elementor-size-sm\" href=\"https:\/\/www.f-sos.org\/donation-form\/\" target=\"_blank\">\n\t\t\t\t\t\t<span class=\"elementor-button-content-wrapper\">\n\t\t\t\t\t\t\t\t\t<span class=\"elementor-button-text\">Formul\u00e1rio de doa\u00e7\u00e3o F\/sos<\/span>\n\t\t\t\t\t<\/span>\n\t\t\t\t\t<\/a>\n\t\t\t\t<\/div>\n\t\t\t\t\t\t\t\t<\/div>\n\t\t\t\t<\/div>\n\t\t\t\t\t<\/div>\n\t\t<\/div>\n\t\t\t\t<div class=\"elementor-column elementor-col-50 elementor-top-column elementor-element elementor-element-dff4b5f\" data-id=\"dff4b5f\" data-element_type=\"column\" data-e-type=\"column\">\n\t\t\t<div class=\"elementor-widget-wrap elementor-element-populated\">\n\t\t\t\t\t\t<div class=\"elementor-element elementor-element-62875a1 elementor-widget elementor-widget-image\" data-id=\"62875a1\" data-element_type=\"widget\" data-e-type=\"widget\" data-widget_type=\"image.default\">\n\t\t\t\t<div class=\"elementor-widget-container\">\n\t\t\t\t\t\t\t\t\t\t\t\t\t\t\t\t<a href=\"https:\/\/www.f-sos.org\/donation-form\/\" target=\"_blank\">\n\t\t\t\t\t\t\t<img decoding=\"async\" width=\"1536\" height=\"1024\" src=\"https:\/\/festival262.com\/wp-content\/uploads\/2025\/08\/Support-and-Unity-in-Colorful-Hands.png\" class=\"attachment-full size-full wp-image-3073\" alt=\"\" srcset=\"https:\/\/festival262.com\/wp-content\/uploads\/2025\/08\/Support-and-Unity-in-Colorful-Hands.png 1536w, https:\/\/festival262.com\/wp-content\/uploads\/2025\/08\/Support-and-Unity-in-Colorful-Hands-600x400.png 600w, https:\/\/festival262.com\/wp-content\/uploads\/2025\/08\/Support-and-Unity-in-Colorful-Hands-300x200.png 300w, https:\/\/festival262.com\/wp-content\/uploads\/2025\/08\/Support-and-Unity-in-Colorful-Hands-1024x683.png 1024w, https:\/\/festival262.com\/wp-content\/uploads\/2025\/08\/Support-and-Unity-in-Colorful-Hands-768x512.png 768w\" sizes=\"(max-width: 1536px) 100vw, 1536px\" \/>\t\t\t\t\t\t\t\t<\/a>\n\t\t\t\t\t\t\t\t\t\t\t\t\t\t\t<\/div>\n\t\t\t\t<\/div>\n\t\t\t\t\t<\/div>\n\t\t<\/div>\n\t\t\t\t\t<\/div>\n\t\t<\/section>\n\t\t\t\t<section class=\"elementor-section elementor-top-section elementor-element elementor-element-3137784 elementor-section-boxed elementor-section-height-default elementor-section-height-default\" data-id=\"3137784\" data-element_type=\"section\" data-e-type=\"section\">\n\t\t\t\t\t\t<div class=\"elementor-container elementor-column-gap-default\">\n\t\t\t\t\t<div class=\"elementor-column elementor-col-100 elementor-top-column elementor-element elementor-element-920b0ad\" data-id=\"920b0ad\" data-element_type=\"column\" data-e-type=\"column\">\n\t\t\t<div class=\"elementor-widget-wrap elementor-element-populated\">\n\t\t\t\t\t\t<div class=\"elementor-element elementor-element-0c911e6 elementor-widget elementor-widget-heading\" data-id=\"0c911e6\" data-element_type=\"widget\" data-e-type=\"widget\" data-widget_type=\"heading.default\">\n\t\t\t\t<div class=\"elementor-widget-container\">\n\t\t\t\t\t<h2 class=\"elementor-heading-title elementor-size-default\">Porqu\u00ea Apoiar A F\/SOS<\/h2>\t\t\t\t<\/div>\n\t\t\t\t<\/div>\n\t\t\t\t<div class=\"elementor-element elementor-element-e1d6ccc elementor-widget elementor-widget-text-editor\" data-id=\"e1d6ccc\" data-element_type=\"widget\" data-e-type=\"widget\" data-widget_type=\"text-editor.default\">\n\t\t\t\t<div class=\"elementor-widget-container\">\n\t\t\t\t\t\t\t\t\t<p data-start=\"1373\" data-end=\"1440\">Apoiar a F\/SOS \u2013 Fotografia, Solidariedade e Obras Sociais significa:<br \/>Permitir projetos art\u00edsticos e documentais enraizados no territ\u00f3rio, na mem\u00f3ria e na identidade<br \/>Investir na educa\u00e7\u00e3o e em oportunidades para estudantes e criadores emergentes<br \/>Usar a fotografia como uma ferramenta para inclus\u00e3o, di\u00e1logo e responsabilidade ambiental<br \/>Apoiar o trabalho cultural e social para al\u00e9m do calend\u00e1rio do festival<br \/>O seu apoio ajuda a transformar ideias em a\u00e7\u00f5es e imagens em experi\u00eancias partilhadas.<\/p>\t\t\t\t\t\t\t\t<\/div>\n\t\t\t\t<\/div>\n\t\t\t\t\t<\/div>\n\t\t<\/div>\n\t\t\t\t\t<\/div>\n\t\t<\/section>\n\t\t\t\t<section class=\"elementor-section elementor-top-section elementor-element elementor-element-8bd26da elementor-section-boxed elementor-section-height-default elementor-section-height-default\" data-id=\"8bd26da\" data-element_type=\"section\" data-e-type=\"section\">\n\t\t\t\t\t\t<div class=\"elementor-container elementor-column-gap-default\">\n\t\t\t\t\t<div class=\"elementor-column elementor-col-100 elementor-top-column elementor-element elementor-element-3aa17b8\" data-id=\"3aa17b8\" data-element_type=\"column\" data-e-type=\"column\">\n\t\t\t<div class=\"elementor-widget-wrap elementor-element-populated\">\n\t\t\t\t\t\t<div class=\"elementor-element elementor-element-cbd8b37 elementor-widget elementor-widget-text-editor\" data-id=\"cbd8b37\" data-element_type=\"widget\" data-e-type=\"widget\" data-widget_type=\"text-editor.default\">\n\t\t\t\t<div class=\"elementor-widget-container\">\n\t\t\t\t\t\t\t\t\t<h3 data-start=\"2868\" data-end=\"2889\">Apoiar um programa<\/h3><p data-start=\"2891\" data-end=\"2965\">Tamb\u00e9m pode optar por apoiar um programa F\/SOS espec\u00edfico ou uma \u00e1rea de impacto:<\/p><ul data-start=\"2967\" data-end=\"3566\"><li data-start=\"2967\" data-end=\"3102\"><p data-start=\"2969\" data-end=\"3102\"><strong data-start=\"2969\" data-end=\"3017\">F\/262 \u2013 Festival Internacional de Fotografia<\/strong><br data-start=\"3017\" data-end=\"3020\" \/>Apoio a exposi\u00e7\u00f5es, programa\u00e7\u00e3o p\u00fablica e interc\u00e2mbio art\u00edstico internacional.<\/p><\/li><li data-start=\"3104\" data-end=\"3204\"><p data-start=\"3106\" data-end=\"3204\"><strong data-start=\"3106\" data-end=\"3118\">Pr\u00f3xima gera\u00e7\u00e3o<\/strong><br data-start=\"3118\" data-end=\"3121\" \/>Educa\u00e7\u00e3o, mentoria e oportunidades para estudantes e fot\u00f3grafos emergentes.<\/p><\/li><li data-start=\"3206\" data-end=\"3330\"><p data-start=\"3208\" data-end=\"3330\"><strong data-start=\"3208\" data-end=\"3233\">Hist\u00f3rias de Solidariedade<\/strong><br data-start=\"3233\" data-end=\"3236\" \/>Projetos de base comunit\u00e1ria que utilizam a fotografia para a inclus\u00e3o social e a narrativa coletiva.<\/p><\/li><li data-start=\"3332\" data-end=\"3444\"><p data-start=\"3334\" data-end=\"3444\"><strong data-start=\"3334\" data-end=\"3348\">Analog Lab<\/strong><br data-start=\"3348\" data-end=\"3351\" \/>Workshops pr\u00e1ticos focados na cultura material, processos alternativos e aprendizagem partilhada.<\/p><\/li><li data-start=\"3446\" data-end=\"3566\"><p data-start=\"3448\" data-end=\"3566\"><strong data-start=\"3448\" data-end=\"3473\">Ac\u00e7\u00f5es ambientais<\/strong><br data-start=\"3473\" data-end=\"3476\" \/>Planta\u00e7\u00e3o de \u00e1rvores, limpezas, pr\u00e1ticas de produ\u00e7\u00e3o circulares e iniciativas de sustentabilidade.<\/p><\/li><\/ul><p data-start=\"3568\" data-end=\"3640\">Cada contribui\u00e7\u00e3o contribui para transformar os compromissos a longo prazo em a\u00e7\u00f5es concretas.<\/p>\t\t\t\t\t\t\t\t<\/div>\n\t\t\t\t<\/div>\n\t\t\t\t\t<\/div>\n\t\t<\/div>\n\t\t\t\t\t<\/div>\n\t\t<\/section>\n\t\t\t\t<section class=\"elementor-section elementor-top-section elementor-element elementor-element-3a68520 elementor-section-boxed elementor-section-height-default elementor-section-height-default\" data-id=\"3a68520\" data-element_type=\"section\" data-e-type=\"section\">\n\t\t\t\t\t\t<div class=\"elementor-container elementor-column-gap-default\">\n\t\t\t\t\t<div class=\"elementor-column elementor-col-50 elementor-top-column elementor-element elementor-element-b5348a7\" data-id=\"b5348a7\" data-element_type=\"column\" data-e-type=\"column\">\n\t\t\t<div class=\"elementor-widget-wrap elementor-element-populated\">\n\t\t\t\t\t\t<div class=\"elementor-element elementor-element-f3d43f7 elementor-widget elementor-widget-text-editor\" data-id=\"f3d43f7\" data-element_type=\"widget\" data-e-type=\"widget\" data-widget_type=\"text-editor.default\">\n\t\t\t\t<div class=\"elementor-widget-container\">\n\t\t\t\t\t\t\t\t\t<h3>FAZER UMA DOA\u00c7\u00c3O<\/h3><p><br \/>Pode apoiar o F\/SOS atrav\u00e9s de uma doa\u00e7\u00e3o \u00fanica ou recorrente.<\/p><p>Cada contribui\u00e7\u00e3o, independentemente do valor, ajuda-nos a:<\/p><ul><li>Manter as exposi\u00e7\u00f5es e atividades acess\u00edveis a diversos p\u00fablicos<br \/>Apoiar artistas, educadores e parceiros comunit\u00e1rios<br \/>Reduzir o impacto ambiental atrav\u00e9s de pr\u00e1ticas circulares<br \/>Fortalecer programas sociais e educativos a longo prazo<\/li><\/ul><p>As doa\u00e7\u00f5es podem ser direcionadas para apoio geral ou para um programa espec\u00edfico.<\/p>\t\t\t\t\t\t\t\t<\/div>\n\t\t\t\t<\/div>\n\t\t\t\t\t<\/div>\n\t\t<\/div>\n\t\t\t\t<div class=\"elementor-column elementor-col-50 elementor-top-column elementor-element elementor-element-0717630\" data-id=\"0717630\" data-element_type=\"column\" data-e-type=\"column\">\n\t\t\t<div class=\"elementor-widget-wrap elementor-element-populated\">\n\t\t\t\t\t\t<div class=\"elementor-element elementor-element-4d70369 elementor-align-center elementor-widget elementor-widget-button\" data-id=\"4d70369\" data-element_type=\"widget\" data-e-type=\"widget\" data-widget_type=\"button.default\">\n\t\t\t\t<div class=\"elementor-widget-container\">\n\t\t\t\t\t\t\t\t\t<div class=\"elementor-button-wrapper\">\n\t\t\t\t\t<a class=\"elementor-button elementor-button-link elementor-size-sm\" href=\"https:\/\/www.f-sos.org\/donation-form\/\" target=\"_blank\">\n\t\t\t\t\t\t<span class=\"elementor-button-content-wrapper\">\n\t\t\t\t\t\t\t\t\t<span class=\"elementor-button-text\">Formul\u00e1rio de doa\u00e7\u00e3o F\/sos<\/span>\n\t\t\t\t\t<\/span>\n\t\t\t\t\t<\/a>\n\t\t\t\t<\/div>\n\t\t\t\t\t\t\t\t<\/div>\n\t\t\t\t<\/div>\n\t\t\t\t\t<\/div>\n\t\t<\/div>\n\t\t\t\t\t<\/div>\n\t\t<\/section>\n\t\t\t\t<section class=\"elementor-section elementor-top-section elementor-element elementor-element-b7b4ab4 elementor-section-boxed elementor-section-height-default elementor-section-height-default\" data-id=\"b7b4ab4\" data-element_type=\"section\" data-e-type=\"section\">\n\t\t\t\t\t\t<div class=\"elementor-container elementor-column-gap-default\">\n\t\t\t\t\t<div class=\"elementor-column elementor-col-100 elementor-top-column elementor-element elementor-element-3e3b7f7\" data-id=\"3e3b7f7\" data-element_type=\"column\" data-e-type=\"column\">\n\t\t\t<div class=\"elementor-widget-wrap elementor-element-populated\">\n\t\t\t\t\t\t<div class=\"elementor-element elementor-element-47aaaf2 elementor-widget elementor-widget-text-editor\" data-id=\"47aaaf2\" data-element_type=\"widget\" data-e-type=\"widget\" data-widget_type=\"text-editor.default\">\n\t\t\t\t<div class=\"elementor-widget-container\">\n\t\t\t\t\t\t\t\t\t<h2 data-start=\"4100\" data-end=\"4138\">Apoio Institucional e Corporativo<\/h2><p data-start=\"4279\" data-end=\"4435\">A F\/SOS colabora com institui\u00e7\u00f5es, funda\u00e7\u00f5es e empresas que partilham o nosso compromisso com a cultura, a educa\u00e7\u00e3o, a sustentabilidade e a responsabilidade social.<\/p><p data-start=\"4437\" data-end=\"4462\">As parcerias podem apoiar:<\/p><ul data-start=\"4463\" data-end=\"4638\"><li data-start=\"4463\" data-end=\"4502\"><p data-start=\"4465\" data-end=\"4502\">Produ\u00e7\u00e3o art\u00edstica e exposi\u00e7\u00f5es<\/p><\/li><li data-start=\"4503\" data-end=\"4548\"><p data-start=\"4505\" data-end=\"4548\">Iniciativas centradas na educa\u00e7\u00e3o e na juventude<\/p><\/li><li data-start=\"4549\" data-end=\"4589\"><p data-start=\"4551\" data-end=\"4589\">Projectos comunit\u00e1rios e ambientais<\/p><\/li><li data-start=\"4590\" data-end=\"4638\"><p data-start=\"4592\" data-end=\"4638\">Colabora\u00e7\u00f5es e resid\u00eancias internacionais<\/p><\/li><\/ul><p data-start=\"4640\" data-end=\"4789\">Para parcerias institucionais, oportunidades de patroc\u00ednio ou colabora\u00e7\u00f5es personalizadas, contacte-nos diretamente ou consulte o nosso dossier de parceria.<\/p>\t\t\t\t\t\t\t\t<\/div>\n\t\t\t\t<\/div>\n\t\t\t\t<div class=\"elementor-element elementor-element-60981b2 elementor-widget elementor-widget-text-editor\" data-id=\"60981b2\" data-element_type=\"widget\" data-e-type=\"widget\" data-widget_type=\"text-editor.default\">\n\t\t\t\t<div class=\"elementor-widget-container\">\n\t\t\t\t\t\t\t\t\t<h2 data-start=\"4650\" data-end=\"4680\">Transpar\u00eancia e Compromisso<\/h2><p data-start=\"4682\" data-end=\"4840\">A F\/SOS \u2013 Fotografia, Solidariedade e Obras Sociais \u00e9 uma associa\u00e7\u00e3o sem fins lucrativos registada dedicada ao acesso cultural, \u00e0 educa\u00e7\u00e3o, \u00e0 responsabilidade ambiental e ao impacto social.<\/p><p data-start=\"4842\" data-end=\"5093\">A associa\u00e7\u00e3o trabalha em estreita colabora\u00e7\u00e3o com munic\u00edpios, escolas, ONGs, institui\u00e7\u00f5es culturais e redes internacionais. Os princ\u00edpios da sustentabilidade e da economia circular s\u00e3o integrados na forma como os projetos s\u00e3o concebidos, produzidos e partilhados.<\/p>\t\t\t\t\t\t\t\t<\/div>\n\t\t\t\t<\/div>\n\t\t\t\t\t<\/div>\n\t\t<\/div>\n\t\t\t\t\t<\/div>\n\t\t<\/section>\n\t\t\t\t<section class=\"elementor-section elementor-top-section elementor-element elementor-element-ec3acc7 elementor-section-boxed elementor-section-height-default elementor-section-height-default\" data-id=\"ec3acc7\" data-element_type=\"section\" data-e-type=\"section\">\n\t\t\t\t\t\t<div class=\"elementor-container elementor-column-gap-default\">\n\t\t\t\t\t<div class=\"elementor-column elementor-col-100 elementor-top-column elementor-element elementor-element-f458c7e\" data-id=\"f458c7e\" data-element_type=\"column\" data-e-type=\"column\">\n\t\t\t<div class=\"elementor-widget-wrap elementor-element-populated\">\n\t\t\t\t\t\t<div class=\"elementor-element elementor-element-9f6966d elementor-widget elementor-widget-text-editor\" data-id=\"9f6966d\" data-element_type=\"widget\" data-e-type=\"widget\" data-widget_type=\"text-editor.default\">\n\t\t\t\t<div class=\"elementor-widget-container\">\n\t\t\t\t\t\t\t\t\t<h2 data-start=\"5100\" data-end=\"5121\">Junte-se \u00e0 Comunidade<\/h2><p data-start=\"5123\" data-end=\"5216\">O F\/SOS existe porque as pessoas optam por cuidar, participar e apoiar o trabalho cultural de longo prazo.<\/p><p data-start=\"5218\" data-end=\"5356\">Se a nossa miss\u00e3o ressoar consigo, seja como membro, doador ou parceiro, teremos todo o gosto em dar-lhe as boas-vindas \u00e0 comunidade F\/SOS.<\/p><p>.<\/p>\t\t\t\t\t\t\t\t<\/div>\n\t\t\t\t<\/div>\n\t\t\t\t<div class=\"elementor-element elementor-element-ac42281 elementor-align-center elementor-widget elementor-widget-button\" data-id=\"ac42281\" data-element_type=\"widget\" data-e-type=\"widget\" data-widget_type=\"button.default\">\n\t\t\t\t<div class=\"elementor-widget-container\">\n\t\t\t\t\t\t\t\t\t<div class=\"elementor-button-wrapper\">\n\t\t\t\t\t<a class=\"elementor-button elementor-button-link elementor-size-sm\" href=\"https:\/\/www.f-sos.org\" target=\"_blank\">\n\t\t\t\t\t\t<span class=\"elementor-button-content-wrapper\">\n\t\t\t\t\t\t\t\t\t<span class=\"elementor-button-text\">JUNTE-SE A F\/SOS<\/span>\n\t\t\t\t\t<\/span>\n\t\t\t\t\t<\/a>\n\t\t\t\t<\/div>\n\t\t\t\t\t\t\t\t<\/div>\n\t\t\t\t<\/div>\n\t\t\t\t\t<\/div>\n\t\t<\/div>\n\t\t\t\t\t<\/div>\n\t\t<\/section>\n\t\t\t\t<section class=\"elementor-section elementor-top-section elementor-element elementor-element-9d579bd elementor-section-boxed elementor-section-height-default elementor-section-height-default\" data-id=\"9d579bd\" data-element_type=\"section\" data-e-type=\"section\">\n\t\t\t\t\t\t<div class=\"elementor-container elementor-column-gap-default\">\n\t\t\t\t\t<div class=\"elementor-column elementor-col-100 elementor-top-column elementor-element elementor-element-14677cb\" data-id=\"14677cb\" data-element_type=\"column\" data-e-type=\"column\">\n\t\t\t<div class=\"elementor-widget-wrap elementor-element-populated\">\n\t\t\t\t\t\t<div class=\"elementor-element elementor-element-5ecf3f5 elementor-widget elementor-widget-shortcode\" data-id=\"5ecf3f5\" data-element_type=\"widget\" data-e-type=\"widget\" data-widget_type=\"shortcode.default\">\n\t\t\t\t<div class=\"elementor-widget-container\">\n\t\t\t\t\t\t\t<div class=\"elementor-shortcode\">\t\t<div data-elementor-type=\"wp-post\" data-elementor-id=\"206\" class=\"elementor elementor-206\">\n\t\t\t\t\t\t<div class=\"elementor-section elementor-top-section elementor-element elementor-element-433e9d9 elementor-section-stretched footer-custom elementor-section-full_width elementor-section-height-default elementor-section-height-default\" data-id=\"433e9d9\" data-element_type=\"section\" data-e-type=\"section\" data-settings=\"{&quot;stretch_section&quot;:&quot;section-stretched&quot;,&quot;background_background&quot;:&quot;classic&quot;}\">\n\t\t\t\t\t\t<div class=\"elementor-container elementor-column-gap-no\">\n\t\t\t\t\t<div class=\"elementor-column elementor-col-100 elementor-top-column elementor-element elementor-element-4386f5f\" data-id=\"4386f5f\" data-element_type=\"column\" data-e-type=\"column\">\n\t\t\t<div class=\"elementor-widget-wrap elementor-element-populated\">\n\t\t\t\t\t\t<div class=\"elementor-section elementor-inner-section elementor-element elementor-element-ab81258 elementor-section-boxed elementor-section-height-default elementor-section-height-default\" data-id=\"ab81258\" data-element_type=\"section\" data-e-type=\"section\">\n\t\t\t\t\t\t<div class=\"elementor-container elementor-column-gap-wider\">\n\t\t\t\t\t<div class=\"elementor-column elementor-col-33 elementor-inner-column elementor-element elementor-element-abe660f\" data-id=\"abe660f\" data-element_type=\"column\" data-e-type=\"column\">\n\t\t\t<div class=\"elementor-widget-wrap elementor-element-populated\">\n\t\t\t\t\t\t<div class=\"elementor-element elementor-element-fdb18bb invert elementor-widget elementor-widget-heading\" data-id=\"fdb18bb\" data-element_type=\"widget\" data-e-type=\"widget\" data-widget_type=\"heading.default\">\n\t\t\t\t<div class=\"elementor-widget-container\">\n\t\t\t\t\t<h5 class=\"elementor-heading-title elementor-size-default\">Produzido por F\/262 &amp; Associa\u00e7\u00e3o F\/SOS<\/h5>\t\t\t\t<\/div>\n\t\t\t\t<\/div>\n\t\t\t\t<div class=\"elementor-element elementor-element-cd7b3b4 elementor-widget elementor-widget-spacer\" data-id=\"cd7b3b4\" data-element_type=\"widget\" data-e-type=\"widget\" data-widget_type=\"spacer.default\">\n\t\t\t\t<div class=\"elementor-widget-container\">\n\t\t\t\t\t\t\t<div class=\"elementor-spacer\">\n\t\t\t<div class=\"elementor-spacer-inner\"><\/div>\n\t\t<\/div>\n\t\t\t\t\t\t<\/div>\n\t\t\t\t<\/div>\n\t\t\t\t<div class=\"elementor-element elementor-element-a61036d elementor-widget elementor-widget-image\" data-id=\"a61036d\" data-element_type=\"widget\" data-e-type=\"widget\" data-widget_type=\"image.default\">\n\t\t\t\t<div class=\"elementor-widget-container\">\n\t\t\t\t\t\t\t\t\t\t\t\t\t\t\t\t<a href=\"https:\/\/festival262.com\/pt\/\">\n\t\t\t\t\t\t\t<img decoding=\"async\" width=\"1532\" height=\"436\" src=\"https:\/\/festival262.com\/wp-content\/uploads\/2019\/10\/F262-LOGO-COMPOSTO-COM-EFFE-WHITE-PT.svg\" class=\"attachment-full size-full wp-image-7626\" alt=\"\" \/>\t\t\t\t\t\t\t\t<\/a>\n\t\t\t\t\t\t\t\t\t\t\t\t\t\t\t<\/div>\n\t\t\t\t<\/div>\n\t\t\t\t<div class=\"elementor-element elementor-element-ec74c02 elementor-widget elementor-widget-spacer\" data-id=\"ec74c02\" data-element_type=\"widget\" data-e-type=\"widget\" data-widget_type=\"spacer.default\">\n\t\t\t\t<div class=\"elementor-widget-container\">\n\t\t\t\t\t\t\t<div class=\"elementor-spacer\">\n\t\t\t<div class=\"elementor-spacer-inner\"><\/div>\n\t\t<\/div>\n\t\t\t\t\t\t<\/div>\n\t\t\t\t<\/div>\n\t\t\t\t<div class=\"elementor-element elementor-element-155e5e2 elementor-widget elementor-widget-image\" data-id=\"155e5e2\" data-element_type=\"widget\" data-e-type=\"widget\" data-widget_type=\"image.default\">\n\t\t\t\t<div class=\"elementor-widget-container\">\n\t\t\t\t\t\t\t\t\t\t\t\t\t\t\t\t<a href=\"https:\/\/www.f-sos.org\" target=\"_blank\">\n\t\t\t\t\t\t\t<img loading=\"lazy\" decoding=\"async\" width=\"2560\" height=\"567\" src=\"https:\/\/festival262.com\/wp-content\/uploads\/2019\/10\/associacao-white-copy-scaled.png\" class=\"attachment-full size-full wp-image-5659\" alt=\"\" srcset=\"https:\/\/festival262.com\/wp-content\/uploads\/2019\/10\/associacao-white-copy-scaled.png 2560w, https:\/\/festival262.com\/wp-content\/uploads\/2019\/10\/associacao-white-copy-300x66.png 300w, https:\/\/festival262.com\/wp-content\/uploads\/2019\/10\/associacao-white-copy-1024x227.png 1024w, https:\/\/festival262.com\/wp-content\/uploads\/2019\/10\/associacao-white-copy-768x170.png 768w, https:\/\/festival262.com\/wp-content\/uploads\/2019\/10\/associacao-white-copy-1536x340.png 1536w, https:\/\/festival262.com\/wp-content\/uploads\/2019\/10\/associacao-white-copy-2048x453.png 2048w, https:\/\/festival262.com\/wp-content\/uploads\/2019\/10\/associacao-white-copy-1320x292.png 1320w, https:\/\/festival262.com\/wp-content\/uploads\/2019\/10\/associacao-white-copy-600x133.png 600w\" sizes=\"(max-width: 2560px) 100vw, 2560px\" \/>\t\t\t\t\t\t\t\t<\/a>\n\t\t\t\t\t\t\t\t\t\t\t\t\t\t\t<\/div>\n\t\t\t\t<\/div>\n\t\t\t\t<div class=\"elementor-element elementor-element-1c060c8 elementor-widget elementor-widget-image\" data-id=\"1c060c8\" data-element_type=\"widget\" data-e-type=\"widget\" data-widget_type=\"image.default\">\n\t\t\t\t<div class=\"elementor-widget-container\">\n\t\t\t\t\t\t\t\t\t\t\t\t\t\t\t\t<a href=\"https:\/\/www.websitecarbon.com\/website\/festival262-com\/\" target=\"_blank\">\n\t\t\t\t\t\t\t<img loading=\"lazy\" decoding=\"async\" width=\"728\" height=\"196\" src=\"https:\/\/festival262.com\/wp-content\/uploads\/2019\/10\/carbon-rating.png\" class=\"attachment-full size-full wp-image-5817\" alt=\"classifica\u00e7\u00e3o do carbono\" srcset=\"https:\/\/festival262.com\/wp-content\/uploads\/2019\/10\/carbon-rating.png 728w, https:\/\/festival262.com\/wp-content\/uploads\/2019\/10\/carbon-rating-300x81.png 300w, https:\/\/festival262.com\/wp-content\/uploads\/2019\/10\/carbon-rating-600x162.png 600w\" sizes=\"(max-width: 728px) 100vw, 728px\" \/>\t\t\t\t\t\t\t\t<\/a>\n\t\t\t\t\t\t\t\t\t\t\t\t\t\t\t<\/div>\n\t\t\t\t<\/div>\n\t\t\t\t\t<\/div>\n\t\t<\/div>\n\t\t\t\t<div class=\"elementor-column elementor-col-33 elementor-inner-column elementor-element elementor-element-af8a3fd\" data-id=\"af8a3fd\" data-element_type=\"column\" data-e-type=\"column\">\n\t\t\t<div class=\"elementor-widget-wrap elementor-element-populated\">\n\t\t\t\t\t\t<div class=\"elementor-element elementor-element-cbd4305 invert elementor-widget elementor-widget-heading\" data-id=\"cbd4305\" data-element_type=\"widget\" data-e-type=\"widget\" data-widget_type=\"heading.default\">\n\t\t\t\t<div class=\"elementor-widget-container\">\n\t\t\t\t\t<h5 class=\"elementor-heading-title elementor-size-default\">Com o apoio de:<\/h5>\t\t\t\t<\/div>\n\t\t\t\t<\/div>\n\t\t\t\t<div class=\"elementor-element elementor-element-6e61efe elementor-widget elementor-widget-spacer\" data-id=\"6e61efe\" data-element_type=\"widget\" data-e-type=\"widget\" data-widget_type=\"spacer.default\">\n\t\t\t\t<div class=\"elementor-widget-container\">\n\t\t\t\t\t\t\t<div class=\"elementor-spacer\">\n\t\t\t<div class=\"elementor-spacer-inner\"><\/div>\n\t\t<\/div>\n\t\t\t\t\t\t<\/div>\n\t\t\t\t<\/div>\n\t\t\t\t<div class=\"elementor-element elementor-element-8f9d706 elementor-widget elementor-widget-image\" data-id=\"8f9d706\" data-element_type=\"widget\" data-e-type=\"widget\" data-widget_type=\"image.default\">\n\t\t\t\t<div class=\"elementor-widget-container\">\n\t\t\t\t\t\t\t\t\t\t\t\t\t\t\t\t<a href=\"https:\/\/www.mcr.pt\" target=\"_blank\">\n\t\t\t\t\t\t\t<img loading=\"lazy\" decoding=\"async\" width=\"600\" height=\"363\" src=\"https:\/\/festival262.com\/wp-content\/uploads\/2019\/10\/cmcr.png.webp\" class=\"attachment-full size-full wp-image-5603\" alt=\"\" srcset=\"https:\/\/festival262.com\/wp-content\/uploads\/2019\/10\/cmcr.png.webp 600w, https:\/\/festival262.com\/wp-content\/uploads\/2019\/10\/cmcr.png-300x182.webp 300w\" sizes=\"(max-width: 600px) 100vw, 600px\" \/>\t\t\t\t\t\t\t\t<\/a>\n\t\t\t\t\t\t\t\t\t\t\t\t\t\t\t<\/div>\n\t\t\t\t<\/div>\n\t\t\t\t\t<\/div>\n\t\t<\/div>\n\t\t\t\t<div class=\"elementor-column elementor-col-33 elementor-inner-column elementor-element elementor-element-3840b6d\" data-id=\"3840b6d\" data-element_type=\"column\" data-e-type=\"column\">\n\t\t\t<div class=\"elementor-widget-wrap elementor-element-populated\">\n\t\t\t\t\t\t<div class=\"elementor-element elementor-element-c63d851 invert elementor-widget elementor-widget-heading\" data-id=\"c63d851\" data-element_type=\"widget\" data-e-type=\"widget\" data-widget_type=\"heading.default\">\n\t\t\t\t<div class=\"elementor-widget-container\">\n\t\t\t\t\t<h5 class=\"elementor-heading-title elementor-size-default\">Maio \u2013 setembro de 2026<br>\nCaldas da Rainha Portugal<\/h5>\t\t\t\t<\/div>\n\t\t\t\t<\/div>\n\t\t\t\t<div class=\"elementor-element elementor-element-3636f02 elementor-widget elementor-widget-spacer\" data-id=\"3636f02\" data-element_type=\"widget\" data-e-type=\"widget\" data-widget_type=\"spacer.default\">\n\t\t\t\t<div class=\"elementor-widget-container\">\n\t\t\t\t\t\t\t<div class=\"elementor-spacer\">\n\t\t\t<div class=\"elementor-spacer-inner\"><\/div>\n\t\t<\/div>\n\t\t\t\t\t\t<\/div>\n\t\t\t\t<\/div>\n\t\t\t\t<div class=\"elementor-element elementor-element-6b32ea3 elementor-widget elementor-widget-heading\" data-id=\"6b32ea3\" data-element_type=\"widget\" data-e-type=\"widget\" data-widget_type=\"heading.default\">\n\t\t\t\t<div class=\"elementor-widget-container\">\n\t\t\t\t\t<h5 class=\"elementor-heading-title elementor-size-default\">Sobre o F\/262\n<\/h5>\t\t\t\t<\/div>\n\t\t\t\t<\/div>\n\t\t\t\t<div class=\"elementor-element elementor-element-0430d04 elementor-widget elementor-widget-text-editor\" data-id=\"0430d04\" data-element_type=\"widget\" data-e-type=\"widget\" data-widget_type=\"text-editor.default\">\n\t\t\t\t<div class=\"elementor-widget-container\">\n\t\t\t\t\t\t\t\t\t<p data-start=\"431\" data-end=\"686\">O F\/262 \u00e9 um festival internacional de fotografia enraizado nas Caldas da Rainha, Portugal.<br data-start=\"526\" data-end=\"529\" \/>Atrav\u00e9s de exposi\u00e7\u00f5es, palestras, educa\u00e7\u00e3o e instala\u00e7\u00f5es p\u00fablicas, o festival envolve a fotografia contempor\u00e2nea com o local, a comunidade e o mundo que partilhamos.<\/p><p data-start=\"688\" data-end=\"718\">\u00a0<\/p>\t\t\t\t\t\t\t\t<\/div>\n\t\t\t\t<\/div>\n\t\t\t\t<div class=\"elementor-element elementor-element-1251943 elementor-widget elementor-widget-spacer\" data-id=\"1251943\" data-element_type=\"widget\" data-e-type=\"widget\" data-widget_type=\"spacer.default\">\n\t\t\t\t<div class=\"elementor-widget-container\">\n\t\t\t\t\t\t\t<div class=\"elementor-spacer\">\n\t\t\t<div class=\"elementor-spacer-inner\"><\/div>\n\t\t<\/div>\n\t\t\t\t\t\t<\/div>\n\t\t\t\t<\/div>\n\t\t\t\t\t<\/div>\n\t\t<\/div>\n\t\t\t\t\t<\/div>\n\t\t<\/div>\n\t\t\t\t<section class=\"elementor-section elementor-inner-section elementor-element elementor-element-0e3f8f2 elementor-section-boxed elementor-section-height-default elementor-section-height-default\" data-id=\"0e3f8f2\" data-element_type=\"section\" data-e-type=\"section\">\n\t\t\t\t\t\t<div class=\"elementor-container elementor-column-gap-default\">\n\t\t\t\t\t<div class=\"elementor-column elementor-col-50 elementor-inner-column elementor-element elementor-element-65aff90\" data-id=\"65aff90\" data-element_type=\"column\" data-e-type=\"column\">\n\t\t\t<div class=\"elementor-widget-wrap elementor-element-populated\">\n\t\t\t\t\t\t<div class=\"elementor-element elementor-element-c895301 hfe-nav-menu__breakpoint-none hfe-nav-menu__align-left hfe-submenu-icon-arrow hfe-submenu-animation-none hfe-link-redirect-child elementor-widget elementor-widget-navigation-menu\" data-id=\"c895301\" data-element_type=\"widget\" data-e-type=\"widget\" data-settings=\"{&quot;padding_horizontal_menu_item&quot;:{&quot;unit&quot;:&quot;px&quot;,&quot;size&quot;:15,&quot;sizes&quot;:[]},&quot;padding_horizontal_menu_item_tablet&quot;:{&quot;unit&quot;:&quot;px&quot;,&quot;size&quot;:&quot;&quot;,&quot;sizes&quot;:[]},&quot;padding_horizontal_menu_item_mobile&quot;:{&quot;unit&quot;:&quot;px&quot;,&quot;size&quot;:&quot;&quot;,&quot;sizes&quot;:[]},&quot;padding_vertical_menu_item&quot;:{&quot;unit&quot;:&quot;px&quot;,&quot;size&quot;:15,&quot;sizes&quot;:[]},&quot;padding_vertical_menu_item_tablet&quot;:{&quot;unit&quot;:&quot;px&quot;,&quot;size&quot;:&quot;&quot;,&quot;sizes&quot;:[]},&quot;padding_vertical_menu_item_mobile&quot;:{&quot;unit&quot;:&quot;px&quot;,&quot;size&quot;:&quot;&quot;,&quot;sizes&quot;:[]},&quot;menu_space_between&quot;:{&quot;unit&quot;:&quot;px&quot;,&quot;size&quot;:&quot;&quot;,&quot;sizes&quot;:[]},&quot;menu_space_between_tablet&quot;:{&quot;unit&quot;:&quot;px&quot;,&quot;size&quot;:&quot;&quot;,&quot;sizes&quot;:[]},&quot;menu_space_between_mobile&quot;:{&quot;unit&quot;:&quot;px&quot;,&quot;size&quot;:&quot;&quot;,&quot;sizes&quot;:[]},&quot;menu_row_space&quot;:{&quot;unit&quot;:&quot;px&quot;,&quot;size&quot;:&quot;&quot;,&quot;sizes&quot;:[]},&quot;menu_row_space_tablet&quot;:{&quot;unit&quot;:&quot;px&quot;,&quot;size&quot;:&quot;&quot;,&quot;sizes&quot;:[]},&quot;menu_row_space_mobile&quot;:{&quot;unit&quot;:&quot;px&quot;,&quot;size&quot;:&quot;&quot;,&quot;sizes&quot;:[]},&quot;dropdown_border_radius&quot;:{&quot;unit&quot;:&quot;px&quot;,&quot;top&quot;:&quot;&quot;,&quot;right&quot;:&quot;&quot;,&quot;bottom&quot;:&quot;&quot;,&quot;left&quot;:&quot;&quot;,&quot;isLinked&quot;:true},&quot;dropdown_border_radius_tablet&quot;:{&quot;unit&quot;:&quot;px&quot;,&quot;top&quot;:&quot;&quot;,&quot;right&quot;:&quot;&quot;,&quot;bottom&quot;:&quot;&quot;,&quot;left&quot;:&quot;&quot;,&quot;isLinked&quot;:true},&quot;dropdown_border_radius_mobile&quot;:{&quot;unit&quot;:&quot;px&quot;,&quot;top&quot;:&quot;&quot;,&quot;right&quot;:&quot;&quot;,&quot;bottom&quot;:&quot;&quot;,&quot;left&quot;:&quot;&quot;,&quot;isLinked&quot;:true},&quot;width_dropdown_item&quot;:{&quot;unit&quot;:&quot;px&quot;,&quot;size&quot;:&quot;220&quot;,&quot;sizes&quot;:[]},&quot;width_dropdown_item_tablet&quot;:{&quot;unit&quot;:&quot;px&quot;,&quot;size&quot;:&quot;&quot;,&quot;sizes&quot;:[]},&quot;width_dropdown_item_mobile&quot;:{&quot;unit&quot;:&quot;px&quot;,&quot;size&quot;:&quot;&quot;,&quot;sizes&quot;:[]},&quot;padding_horizontal_dropdown_item&quot;:{&quot;unit&quot;:&quot;px&quot;,&quot;size&quot;:&quot;&quot;,&quot;sizes&quot;:[]},&quot;padding_horizontal_dropdown_item_tablet&quot;:{&quot;unit&quot;:&quot;px&quot;,&quot;size&quot;:&quot;&quot;,&quot;sizes&quot;:[]},&quot;padding_horizontal_dropdown_item_mobile&quot;:{&quot;unit&quot;:&quot;px&quot;,&quot;size&quot;:&quot;&quot;,&quot;sizes&quot;:[]},&quot;padding_vertical_dropdown_item&quot;:{&quot;unit&quot;:&quot;px&quot;,&quot;size&quot;:15,&quot;sizes&quot;:[]},&quot;padding_vertical_dropdown_item_tablet&quot;:{&quot;unit&quot;:&quot;px&quot;,&quot;size&quot;:&quot;&quot;,&quot;sizes&quot;:[]},&quot;padding_vertical_dropdown_item_mobile&quot;:{&quot;unit&quot;:&quot;px&quot;,&quot;size&quot;:&quot;&quot;,&quot;sizes&quot;:[]},&quot;distance_from_menu&quot;:{&quot;unit&quot;:&quot;px&quot;,&quot;size&quot;:&quot;&quot;,&quot;sizes&quot;:[]},&quot;distance_from_menu_tablet&quot;:{&quot;unit&quot;:&quot;px&quot;,&quot;size&quot;:&quot;&quot;,&quot;sizes&quot;:[]},&quot;distance_from_menu_mobile&quot;:{&quot;unit&quot;:&quot;px&quot;,&quot;size&quot;:&quot;&quot;,&quot;sizes&quot;:[]},&quot;toggle_size&quot;:{&quot;unit&quot;:&quot;px&quot;,&quot;size&quot;:&quot;&quot;,&quot;sizes&quot;:[]},&quot;toggle_size_tablet&quot;:{&quot;unit&quot;:&quot;px&quot;,&quot;size&quot;:&quot;&quot;,&quot;sizes&quot;:[]},&quot;toggle_size_mobile&quot;:{&quot;unit&quot;:&quot;px&quot;,&quot;size&quot;:&quot;&quot;,&quot;sizes&quot;:[]},&quot;toggle_border_width&quot;:{&quot;unit&quot;:&quot;px&quot;,&quot;size&quot;:&quot;&quot;,&quot;sizes&quot;:[]},&quot;toggle_border_width_tablet&quot;:{&quot;unit&quot;:&quot;px&quot;,&quot;size&quot;:&quot;&quot;,&quot;sizes&quot;:[]},&quot;toggle_border_width_mobile&quot;:{&quot;unit&quot;:&quot;px&quot;,&quot;size&quot;:&quot;&quot;,&quot;sizes&quot;:[]},&quot;toggle_border_radius&quot;:{&quot;unit&quot;:&quot;px&quot;,&quot;size&quot;:&quot;&quot;,&quot;sizes&quot;:[]},&quot;toggle_border_radius_tablet&quot;:{&quot;unit&quot;:&quot;px&quot;,&quot;size&quot;:&quot;&quot;,&quot;sizes&quot;:[]},&quot;toggle_border_radius_mobile&quot;:{&quot;unit&quot;:&quot;px&quot;,&quot;size&quot;:&quot;&quot;,&quot;sizes&quot;:[]}}\" data-widget_type=\"navigation-menu.default\">\n\t\t\t\t<div class=\"elementor-widget-container\">\n\t\t\t\t\t\t\t\t<div class=\"hfe-nav-menu hfe-layout-horizontal hfe-nav-menu-layout horizontal hfe-pointer__none\" data-layout=\"horizontal\">\n\t\t\t\t<div role=\"button\" class=\"hfe-nav-menu__toggle elementor-clickable\" tabindex=\"0\" aria-label=\"Menu Alternar\">\n\t\t\t\t\t<span class=\"screen-reader-text\">Menu<\/span>\n\t\t\t\t\t<div class=\"hfe-nav-menu-icon\">\n\t\t\t\t\t\t\t\t\t\t\t<\/div>\n\t\t\t\t<\/div>\n\t\t\t\t<nav class=\"hfe-nav-menu__layout-horizontal hfe-nav-menu__submenu-arrow\" data-toggle-icon=\"\" data-close-icon=\"\" data-full-width=\"\">\n\t\t\t\t\t<ul id=\"menu-1-c895301\" class=\"hfe-nav-menu\"><li id=\"menu-item-6609\" class=\"menu-item menu-item-type-post_type menu-item-object-page parent hfe-creative-menu\"><a href=\"https:\/\/festival262.com\/pt\/privacy-policy\/\" class = \"hfe-menu-item\">Pol\u00edtica de privacidade<\/a><\/li>\n<li id=\"menu-item-6610\" class=\"menu-item menu-item-type-post_type menu-item-object-page parent hfe-creative-menu\"><a href=\"https:\/\/festival262.com\/pt\/terms-of-service\/\" class = \"hfe-menu-item\">Termos de Servi\u00e7o<\/a><\/li>\n<li id=\"menu-item-6611\" class=\"menu-item menu-item-type-post_type menu-item-object-page parent hfe-creative-menu\"><a href=\"https:\/\/festival262.com\/pt\/competition-rules-terms-of-entry\/\" class = \"hfe-menu-item\">Regras da Competi\u00e7\u00e3o &amp; Termos de Entrada<\/a><\/li>\n<\/ul> \n\t\t\t\t<\/nav>\n\t\t\t<\/div>\n\t\t\t\t\t\t\t<\/div>\n\t\t\t\t<\/div>\n\t\t\t\t\t<\/div>\n\t\t<\/div>\n\t\t\t\t<div class=\"elementor-column elementor-col-50 elementor-inner-column elementor-element elementor-element-e840057\" data-id=\"e840057\" data-element_type=\"column\" data-e-type=\"column\">\n\t\t\t<div class=\"elementor-widget-wrap elementor-element-populated\">\n\t\t\t\t\t\t<div class=\"elementor-element elementor-element-c368a16 footer-soc-icon elementor-shape-circle e-grid-align-right e-grid-align-mobile-center elementor-grid-0 elementor-widget elementor-widget-social-icons\" data-id=\"c368a16\" data-element_type=\"widget\" data-e-type=\"widget\" data-widget_type=\"social-icons.default\">\n\t\t\t\t<div class=\"elementor-widget-container\">\n\t\t\t\t\t\t\t<div class=\"elementor-social-icons-wrapper elementor-grid\" role=\"list\">\n\t\t\t\t\t\t\t<span class=\"elementor-grid-item\" role=\"listitem\">\n\t\t\t\t\t<a class=\"elementor-icon elementor-social-icon elementor-social-icon-instagram elementor-repeater-item-a3788bb\" href=\"https:\/\/www.instagram.com\/festival.262\" target=\"_blank\">\n\t\t\t\t\t\t<span class=\"elementor-screen-only\">Instagram<\/span>\n\t\t\t\t\t\t<i aria-hidden=\"true\" class=\"fab fa-instagram\"><\/i>\t\t\t\t\t<\/a>\n\t\t\t\t<\/span>\n\t\t\t\t\t\t\t<span class=\"elementor-grid-item\" role=\"listitem\">\n\t\t\t\t\t<a class=\"elementor-icon elementor-social-icon elementor-social-icon-linkedin elementor-repeater-item-0a1b6fe\" href=\"https:\/\/www.linkedin.com\/company\/associacao-f-sos-fotografia-solidariedade-e-obras-sociais\/\" target=\"_blank\">\n\t\t\t\t\t\t<span class=\"elementor-screen-only\">Linkedin<\/span>\n\t\t\t\t\t\t<i aria-hidden=\"true\" class=\"fab fa-linkedin\"><\/i>\t\t\t\t\t<\/a>\n\t\t\t\t<\/span>\n\t\t\t\t\t\t\t<span class=\"elementor-grid-item\" role=\"listitem\">\n\t\t\t\t\t<a class=\"elementor-icon elementor-social-icon elementor-social-icon-youtube elementor-repeater-item-f3c97f5\" href=\"https:\/\/www.youtube.com\/@F262PhotographyFestival\" target=\"_blank\">\n\t\t\t\t\t\t<span class=\"elementor-screen-only\">Youtube<\/span>\n\t\t\t\t\t\t<i aria-hidden=\"true\" class=\"fab fa-youtube\"><\/i>\t\t\t\t\t<\/a>\n\t\t\t\t<\/span>\n\t\t\t\t\t<\/div>\n\t\t\t\t\t\t<\/div>\n\t\t\t\t<\/div>\n\t\t\t\t\t<\/div>\n\t\t<\/div>\n\t\t\t\t\t<\/div>\n\t\t<\/section>\n\t\t\t\t<div class=\"elementor-section elementor-inner-section elementor-element elementor-element-21d4a88 elementor-section-boxed elementor-section-height-default elementor-section-height-default\" data-id=\"21d4a88\" data-element_type=\"section\" data-e-type=\"section\">\n\t\t\t\t\t\t<div class=\"elementor-container elementor-column-gap-no\">\n\t\t\t\t\t<div class=\"elementor-column elementor-col-100 elementor-inner-column elementor-element elementor-element-37fbc21\" data-id=\"37fbc21\" data-element_type=\"column\" data-e-type=\"column\">\n\t\t\t<div class=\"elementor-widget-wrap elementor-element-populated\">\n\t\t\t\t\t\t<div class=\"elementor-element elementor-element-fe6ceda copyright-footer elementor-widget elementor-widget-text-editor\" data-id=\"fe6ceda\" data-element_type=\"widget\" data-e-type=\"widget\" data-widget_type=\"text-editor.default\">\n\t\t\t\t<div class=\"elementor-widget-container\">\n\t\t\t\t\t\t\t\t\t<p>\u00a92026 F\/262 \u2013 Festival Internacional de Fotografia<br \/>Produzido por <a href=\"https:\/\/www.f-sos.org\" target=\"_blank\" rel=\"noopener\">Associa\u00e7\u00e3o F\/SOS \u2013 Fotografia, Solidariedade e Obras Sociais<\/a><\/p>\t\t\t\t\t\t\t\t<\/div>\n\t\t\t\t<\/div>\n\t\t\t\t\t<\/div>\n\t\t<\/div>\n\t\t\t\t\t<\/div>\n\t\t<\/div>\n\t\t\t\t\t<\/div>\n\t\t<\/div>\n\t\t\t\t\t<\/div>\n\t\t<\/div>\n\t\t\t\t<\/div>\n\t\t<\/div>\n\t\t\t\t\t\t<\/div>\n\t\t\t\t<\/div>\n\t\t\t\t\t<\/div>\n\t\t<\/div>\n\t\t\t\t\t<\/div>\n\t\t<\/section>\n\t\t\t\t<\/div>","protected":false},"excerpt":{"rendered":"<p>Support F\/SOS \u2013 Fotografia, Solidariedade e Obras Sociais Stories of Solidarity F\/SOS \u2013 Fotografia, Solidariedade e Obras Sociais is a non-profit cultural association that uses photography and visual storytelling as tools for education, social connection, and environmental awareness. Through long-term programs, partnerships, and public initiatives, F\/SOS supports artists, communities, and emerging voices in photography. The [&hellip;]<\/p>","protected":false},"author":6,"featured_media":0,"parent":0,"menu_order":0,"comment_status":"closed","ping_status":"closed","template":"","meta":{"_acf_changed":false,"footnotes":""},"class_list":["post-2988","page","type-page","status-publish","hentry"],"acf":[],"yoast_head":"<!-- This site is optimized with the Yoast SEO plugin v27.5 - https:\/\/yoast.com\/product\/yoast-seo-wordpress\/ -->\n<title>Support Us - F\/262 Festival Internacional de Fotografia<\/title>\n<meta name=\"robots\" content=\"index, follow, max-snippet:-1, max-image-preview:large, max-video-preview:-1\" \/>\n<link rel=\"canonical\" href=\"https:\/\/festival262.com\/pt\/support-us\/\" \/>\n<meta property=\"og:locale\" content=\"pt_PT\" \/>\n<meta property=\"og:type\" content=\"article\" \/>\n<meta property=\"og:title\" content=\"Support Us - F\/262 Festival Internacional de Fotografia\" \/>\n<meta property=\"og:description\" content=\"Support F\/SOS \u2013 Fotografia, Solidariedade e Obras Sociais Stories of Solidarity F\/SOS \u2013 Fotografia, Solidariedade e Obras Sociais is a non-profit cultural association that uses photography and visual storytelling as tools for education, social connection, and environmental awareness. Through long-term programs, partnerships, and public initiatives, F\/SOS supports artists, communities, and emerging voices in photography. The [&hellip;]\" \/>\n<meta property=\"og:url\" content=\"https:\/\/festival262.com\/pt\/support-us\/\" \/>\n<meta property=\"og:site_name\" content=\"F\/262 Festival Internacional de Fotografia\" \/>\n<meta property=\"article:modified_time\" content=\"2026-03-29T11:19:57+00:00\" \/>\n<meta property=\"og:image\" content=\"https:\/\/festival262.com\/wp-content\/uploads\/2026\/03\/associacao-teal-scaled.png\" \/>\n\t<meta property=\"og:image:width\" content=\"2560\" \/>\n\t<meta property=\"og:image:height\" content=\"566\" \/>\n\t<meta property=\"og:image:type\" content=\"image\/png\" \/>\n<meta name=\"twitter:card\" content=\"summary_large_image\" \/>\n<meta name=\"twitter:label1\" content=\"Tempo estimado de leitura\" \/>\n\t<meta name=\"twitter:data1\" content=\"4 minutos\" \/>\n<script type=\"application\/ld+json\" class=\"yoast-schema-graph\">{\"@context\":\"https:\\\/\\\/schema.org\",\"@graph\":[{\"@type\":\"WebPage\",\"@id\":\"https:\\\/\\\/festival262.com\\\/support-us\\\/\",\"url\":\"https:\\\/\\\/festival262.com\\\/support-us\\\/\",\"name\":\"Support Us - F\\\/262 Festival Internacional de Fotografia\",\"isPartOf\":{\"@id\":\"https:\\\/\\\/festival262.com\\\/#website\"},\"primaryImageOfPage\":{\"@id\":\"https:\\\/\\\/festival262.com\\\/support-us\\\/#primaryimage\"},\"image\":{\"@id\":\"https:\\\/\\\/festival262.com\\\/support-us\\\/#primaryimage\"},\"thumbnailUrl\":\"https:\\\/\\\/festival262.com\\\/wp-content\\\/uploads\\\/2026\\\/03\\\/associacao-teal-1024x226.png\",\"datePublished\":\"2025-07-31T11:51:37+00:00\",\"dateModified\":\"2026-03-29T11:19:57+00:00\",\"breadcrumb\":{\"@id\":\"https:\\\/\\\/festival262.com\\\/support-us\\\/#breadcrumb\"},\"inLanguage\":\"pt-PT\",\"potentialAction\":[{\"@type\":\"ReadAction\",\"target\":[\"https:\\\/\\\/festival262.com\\\/support-us\\\/\"]}]},{\"@type\":\"ImageObject\",\"inLanguage\":\"pt-PT\",\"@id\":\"https:\\\/\\\/festival262.com\\\/support-us\\\/#primaryimage\",\"url\":\"https:\\\/\\\/festival262.com\\\/wp-content\\\/uploads\\\/2026\\\/03\\\/associacao-teal-1024x226.png\",\"contentUrl\":\"https:\\\/\\\/festival262.com\\\/wp-content\\\/uploads\\\/2026\\\/03\\\/associacao-teal-1024x226.png\"},{\"@type\":\"BreadcrumbList\",\"@id\":\"https:\\\/\\\/festival262.com\\\/support-us\\\/#breadcrumb\",\"itemListElement\":[{\"@type\":\"ListItem\",\"position\":1,\"name\":\"Home\",\"item\":\"https:\\\/\\\/festival262.com\\\/\"},{\"@type\":\"ListItem\",\"position\":2,\"name\":\"Support Us\"}]},{\"@type\":\"WebSite\",\"@id\":\"https:\\\/\\\/festival262.com\\\/#website\",\"url\":\"https:\\\/\\\/festival262.com\\\/\",\"name\":\"F7262 Fetsival Internacional de Fotografia\",\"description\":\"Photography as Culture, Community, and Practice\",\"publisher\":{\"@id\":\"https:\\\/\\\/festival262.com\\\/#organization\"},\"alternateName\":\"Festival262\",\"potentialAction\":[{\"@type\":\"SearchAction\",\"target\":{\"@type\":\"EntryPoint\",\"urlTemplate\":\"https:\\\/\\\/festival262.com\\\/?s={search_term_string}\"},\"query-input\":{\"@type\":\"PropertyValueSpecification\",\"valueRequired\":true,\"valueName\":\"search_term_string\"}}],\"inLanguage\":\"pt-PT\"},{\"@type\":\"Organization\",\"@id\":\"https:\\\/\\\/festival262.com\\\/#organization\",\"name\":\"F\\\/262 Festival Internacional de Fotografia\",\"url\":\"https:\\\/\\\/festival262.com\\\/\",\"logo\":{\"@type\":\"ImageObject\",\"inLanguage\":\"pt-PT\",\"@id\":\"https:\\\/\\\/festival262.com\\\/#\\\/schema\\\/logo\\\/image\\\/\",\"url\":\"https:\\\/\\\/festival262.com\\\/wp-content\\\/uploads\\\/2019\\\/10\\\/cropped-f-262-icon-e-logo-scaled-1.png\",\"contentUrl\":\"https:\\\/\\\/festival262.com\\\/wp-content\\\/uploads\\\/2019\\\/10\\\/cropped-f-262-icon-e-logo-scaled-1.png\",\"width\":2558,\"height\":1048,\"caption\":\"F\\\/262 Festival Internacional de Fotografia\"},\"image\":{\"@id\":\"https:\\\/\\\/festival262.com\\\/#\\\/schema\\\/logo\\\/image\\\/\"}}]}<\/script>\n<!-- \/ Yoast SEO plugin. -->","yoast_head_json":{"title":"Support Us - F\/262 Festival Internacional de Fotografia","robots":{"index":"index","follow":"follow","max-snippet":"max-snippet:-1","max-image-preview":"max-image-preview:large","max-video-preview":"max-video-preview:-1"},"canonical":"https:\/\/festival262.com\/pt\/support-us\/","og_locale":"pt_PT","og_type":"article","og_title":"Support Us - F\/262 Festival Internacional de Fotografia","og_description":"Support F\/SOS \u2013 Fotografia, Solidariedade e Obras Sociais Stories of Solidarity F\/SOS \u2013 Fotografia, Solidariedade e Obras Sociais is a non-profit cultural association that uses photography and visual storytelling as tools for education, social connection, and environmental awareness. Through long-term programs, partnerships, and public initiatives, F\/SOS supports artists, communities, and emerging voices in photography. The [&hellip;]","og_url":"https:\/\/festival262.com\/pt\/support-us\/","og_site_name":"F\/262 Festival Internacional de Fotografia","article_modified_time":"2026-03-29T11:19:57+00:00","og_image":[{"width":2560,"height":566,"url":"https:\/\/festival262.com\/wp-content\/uploads\/2026\/03\/associacao-teal-scaled.png","type":"image\/png"}],"twitter_card":"summary_large_image","twitter_misc":{"Tempo estimado de leitura":"4 minutos"},"schema":{"@context":"https:\/\/schema.org","@graph":[{"@type":"WebPage","@id":"https:\/\/festival262.com\/support-us\/","url":"https:\/\/festival262.com\/support-us\/","name":"Support Us - F\/262 Festival Internacional de Fotografia","isPartOf":{"@id":"https:\/\/festival262.com\/#website"},"primaryImageOfPage":{"@id":"https:\/\/festival262.com\/support-us\/#primaryimage"},"image":{"@id":"https:\/\/festival262.com\/support-us\/#primaryimage"},"thumbnailUrl":"https:\/\/festival262.com\/wp-content\/uploads\/2026\/03\/associacao-teal-1024x226.png","datePublished":"2025-07-31T11:51:37+00:00","dateModified":"2026-03-29T11:19:57+00:00","breadcrumb":{"@id":"https:\/\/festival262.com\/support-us\/#breadcrumb"},"inLanguage":"pt-PT","potentialAction":[{"@type":"ReadAction","target":["https:\/\/festival262.com\/support-us\/"]}]},{"@type":"ImageObject","inLanguage":"pt-PT","@id":"https:\/\/festival262.com\/support-us\/#primaryimage","url":"https:\/\/festival262.com\/wp-content\/uploads\/2026\/03\/associacao-teal-1024x226.png","contentUrl":"https:\/\/festival262.com\/wp-content\/uploads\/2026\/03\/associacao-teal-1024x226.png"},{"@type":"BreadcrumbList","@id":"https:\/\/festival262.com\/support-us\/#breadcrumb","itemListElement":[{"@type":"ListItem","position":1,"name":"Home","item":"https:\/\/festival262.com\/"},{"@type":"ListItem","position":2,"name":"Support Us"}]},{"@type":"WebSite","@id":"https:\/\/festival262.com\/#website","url":"https:\/\/festival262.com\/","name":"F7262 Fetsival Internacional de Fotografia","description":"Photography as Culture, Community, and Practice","publisher":{"@id":"https:\/\/festival262.com\/#organization"},"alternateName":"Festival262","potentialAction":[{"@type":"SearchAction","target":{"@type":"EntryPoint","urlTemplate":"https:\/\/festival262.com\/?s={search_term_string}"},"query-input":{"@type":"PropertyValueSpecification","valueRequired":true,"valueName":"search_term_string"}}],"inLanguage":"pt-PT"},{"@type":"Organization","@id":"https:\/\/festival262.com\/#organization","name":"F\/262 Festival Internacional de Fotografia","url":"https:\/\/festival262.com\/","logo":{"@type":"ImageObject","inLanguage":"pt-PT","@id":"https:\/\/festival262.com\/#\/schema\/logo\/image\/","url":"https:\/\/festival262.com\/wp-content\/uploads\/2019\/10\/cropped-f-262-icon-e-logo-scaled-1.png","contentUrl":"https:\/\/festival262.com\/wp-content\/uploads\/2019\/10\/cropped-f-262-icon-e-logo-scaled-1.png","width":2558,"height":1048,"caption":"F\/262 Festival Internacional de Fotografia"},"image":{"@id":"https:\/\/festival262.com\/#\/schema\/logo\/image\/"}}]}},"_links":{"self":[{"href":"https:\/\/festival262.com\/pt\/wp-json\/wp\/v2\/pages\/2988","targetHints":{"allow":["GET"]}}],"collection":[{"href":"https:\/\/festival262.com\/pt\/wp-json\/wp\/v2\/pages"}],"about":[{"href":"https:\/\/festival262.com\/pt\/wp-json\/wp\/v2\/types\/page"}],"author":[{"embeddable":true,"href":"https:\/\/festival262.com\/pt\/wp-json\/wp\/v2\/users\/6"}],"replies":[{"embeddable":true,"href":"https:\/\/festival262.com\/pt\/wp-json\/wp\/v2\/comments?post=2988"}],"version-history":[{"count":5,"href":"https:\/\/festival262.com\/pt\/wp-json\/wp\/v2\/pages\/2988\/revisions"}],"predecessor-version":[{"id":6743,"href":"https:\/\/festival262.com\/pt\/wp-json\/wp\/v2\/pages\/2988\/revisions\/6743"}],"wp:attachment":[{"href":"https:\/\/festival262.com\/pt\/wp-json\/wp\/v2\/media?parent=2988"}],"curies":[{"name":"wp","href":"https:\/\/api.w.org\/{rel}","templated":true}]}}