{"id":2956,"date":"2025-07-30T23:42:20","date_gmt":"2025-07-30T23:42:20","guid":{"rendered":"https:\/\/event.joaocarlosphoto.com\/?page_id=2956"},"modified":"2026-04-09T15:49:43","modified_gmt":"2026-04-09T15:49:43","slug":"program","status":"publish","type":"page","link":"https:\/\/festival262.com\/pt\/program\/","title":{"rendered":"Programa"},"content":{"rendered":"<div data-elementor-type=\"wp-page\" data-elementor-id=\"2956\" class=\"elementor elementor-2956\">\n\t\t\t\t\t\t<section class=\"elementor-section elementor-top-section elementor-element elementor-element-ed35f43 elementor-section-boxed elementor-section-height-default elementor-section-height-default\" data-id=\"ed35f43\" data-element_type=\"section\" data-e-type=\"section\">\n\t\t\t\t\t\t<div class=\"elementor-container elementor-column-gap-default\">\n\t\t\t\t\t<div class=\"elementor-column elementor-col-100 elementor-top-column elementor-element elementor-element-14de009\" data-id=\"14de009\" data-element_type=\"column\" data-e-type=\"column\">\n\t\t\t<div class=\"elementor-widget-wrap elementor-element-populated\">\n\t\t\t\t\t\t<div class=\"elementor-element elementor-element-a24b162 elementor-widget elementor-widget-heading\" data-id=\"a24b162\" data-element_type=\"widget\" data-e-type=\"widget\" data-widget_type=\"heading.default\">\n\t\t\t\t<div class=\"elementor-widget-container\">\n\t\t\t\t\t<h2 class=\"elementor-heading-title elementor-size-default\">Conhe\u00e7a o Programa F\/262<\/h2>\t\t\t\t<\/div>\n\t\t\t\t<\/div>\n\t\t\t\t<div class=\"elementor-element elementor-element-b421f44 elementor-widget elementor-widget-text-editor\" data-id=\"b421f44\" data-element_type=\"widget\" data-e-type=\"widget\" data-widget_type=\"text-editor.default\">\n\t\t\t\t<div class=\"elementor-widget-container\">\n\t\t\t\t\t\t\t\t\t<h5>A fotografia n\u00e3o \u00e9 apenas o que v\u00eas. \u00c9 a forma como a sentes.<\/h5>\t\t\t\t\t\t\t\t<\/div>\n\t\t\t\t<\/div>\n\t\t\t\t\t<\/div>\n\t\t<\/div>\n\t\t\t\t\t<\/div>\n\t\t<\/section>\n\t\t\t\t<section class=\"elementor-section elementor-top-section elementor-element elementor-element-a3a38ed elementor-section-boxed elementor-section-height-default elementor-section-height-default\" data-id=\"a3a38ed\" data-element_type=\"section\" data-e-type=\"section\">\n\t\t\t\t\t\t<div class=\"elementor-container elementor-column-gap-default\">\n\t\t\t\t\t<div class=\"elementor-column elementor-col-16 elementor-top-column elementor-element elementor-element-21deb20\" data-id=\"21deb20\" data-element_type=\"column\" data-e-type=\"column\">\n\t\t\t<div class=\"elementor-widget-wrap elementor-element-populated\">\n\t\t\t\t\t\t<div class=\"elementor-element elementor-element-bf3f240 elementor-widget elementor-widget-image\" data-id=\"bf3f240\" data-element_type=\"widget\" data-e-type=\"widget\" data-widget_type=\"image.default\">\n\t\t\t\t<div class=\"elementor-widget-container\">\n\t\t\t\t\t\t\t\t\t\t\t\t\t\t\t<img fetchpriority=\"high\" decoding=\"async\" width=\"800\" height=\"800\" src=\"https:\/\/festival262.com\/wp-content\/uploads\/2026\/01\/f262-COMMUNITY.png\" class=\"attachment-large size-large wp-image-5518\" alt=\"\" srcset=\"https:\/\/festival262.com\/wp-content\/uploads\/2026\/01\/f262-COMMUNITY.png 800w, https:\/\/festival262.com\/wp-content\/uploads\/2026\/01\/f262-COMMUNITY-300x300.png 300w, https:\/\/festival262.com\/wp-content\/uploads\/2026\/01\/f262-COMMUNITY-150x150.png 150w, https:\/\/festival262.com\/wp-content\/uploads\/2026\/01\/f262-COMMUNITY-768x768.png 768w, https:\/\/festival262.com\/wp-content\/uploads\/2026\/01\/f262-COMMUNITY-600x600.png 600w, https:\/\/festival262.com\/wp-content\/uploads\/2026\/01\/f262-COMMUNITY-100x100.png 100w\" sizes=\"(max-width: 800px) 100vw, 800px\" \/>\t\t\t\t\t\t\t\t\t\t\t\t\t\t\t<\/div>\n\t\t\t\t<\/div>\n\t\t\t\t\t<\/div>\n\t\t<\/div>\n\t\t\t\t<div class=\"elementor-column elementor-col-16 elementor-top-column elementor-element elementor-element-783438b\" data-id=\"783438b\" data-element_type=\"column\" data-e-type=\"column\">\n\t\t\t<div class=\"elementor-widget-wrap elementor-element-populated\">\n\t\t\t\t\t\t<div class=\"elementor-element elementor-element-1475f8b elementor-widget elementor-widget-image\" data-id=\"1475f8b\" data-element_type=\"widget\" data-e-type=\"widget\" data-widget_type=\"image.default\">\n\t\t\t\t<div class=\"elementor-widget-container\">\n\t\t\t\t\t\t\t\t\t\t\t\t\t\t\t<img decoding=\"async\" width=\"800\" height=\"800\" src=\"https:\/\/festival262.com\/wp-content\/uploads\/2026\/01\/f262-analog-lab.png\" class=\"attachment-large size-large wp-image-5520\" alt=\"\" srcset=\"https:\/\/festival262.com\/wp-content\/uploads\/2026\/01\/f262-analog-lab.png 800w, https:\/\/festival262.com\/wp-content\/uploads\/2026\/01\/f262-analog-lab-300x300.png 300w, https:\/\/festival262.com\/wp-content\/uploads\/2026\/01\/f262-analog-lab-150x150.png 150w, https:\/\/festival262.com\/wp-content\/uploads\/2026\/01\/f262-analog-lab-768x768.png 768w, https:\/\/festival262.com\/wp-content\/uploads\/2026\/01\/f262-analog-lab-600x600.png 600w, https:\/\/festival262.com\/wp-content\/uploads\/2026\/01\/f262-analog-lab-100x100.png 100w\" sizes=\"(max-width: 800px) 100vw, 800px\" \/>\t\t\t\t\t\t\t\t\t\t\t\t\t\t\t<\/div>\n\t\t\t\t<\/div>\n\t\t\t\t\t<\/div>\n\t\t<\/div>\n\t\t\t\t<div class=\"elementor-column elementor-col-16 elementor-top-column elementor-element elementor-element-007ceac\" data-id=\"007ceac\" data-element_type=\"column\" data-e-type=\"column\">\n\t\t\t<div class=\"elementor-widget-wrap elementor-element-populated\">\n\t\t\t\t\t\t<div class=\"elementor-element elementor-element-cdfb215 elementor-widget elementor-widget-image\" data-id=\"cdfb215\" data-element_type=\"widget\" data-e-type=\"widget\" data-widget_type=\"image.default\">\n\t\t\t\t<div class=\"elementor-widget-container\">\n\t\t\t\t\t\t\t\t\t\t\t\t\t\t\t<img decoding=\"async\" width=\"800\" height=\"800\" src=\"https:\/\/festival262.com\/wp-content\/uploads\/2026\/01\/f262-photo-book-club.png\" class=\"attachment-large size-large wp-image-5521\" alt=\"\" srcset=\"https:\/\/festival262.com\/wp-content\/uploads\/2026\/01\/f262-photo-book-club.png 800w, https:\/\/festival262.com\/wp-content\/uploads\/2026\/01\/f262-photo-book-club-300x300.png 300w, https:\/\/festival262.com\/wp-content\/uploads\/2026\/01\/f262-photo-book-club-150x150.png 150w, https:\/\/festival262.com\/wp-content\/uploads\/2026\/01\/f262-photo-book-club-768x768.png 768w, https:\/\/festival262.com\/wp-content\/uploads\/2026\/01\/f262-photo-book-club-600x600.png 600w, https:\/\/festival262.com\/wp-content\/uploads\/2026\/01\/f262-photo-book-club-100x100.png 100w\" sizes=\"(max-width: 800px) 100vw, 800px\" \/>\t\t\t\t\t\t\t\t\t\t\t\t\t\t\t<\/div>\n\t\t\t\t<\/div>\n\t\t\t\t\t<\/div>\n\t\t<\/div>\n\t\t\t\t<div class=\"elementor-column elementor-col-16 elementor-top-column elementor-element elementor-element-dd5e67a\" data-id=\"dd5e67a\" data-element_type=\"column\" data-e-type=\"column\">\n\t\t\t<div class=\"elementor-widget-wrap elementor-element-populated\">\n\t\t\t\t\t\t<div class=\"elementor-element elementor-element-611369f elementor-widget elementor-widget-image\" data-id=\"611369f\" data-element_type=\"widget\" data-e-type=\"widget\" data-widget_type=\"image.default\">\n\t\t\t\t<div class=\"elementor-widget-container\">\n\t\t\t\t\t\t\t\t\t\t\t\t\t\t\t<img loading=\"lazy\" decoding=\"async\" width=\"800\" height=\"800\" src=\"https:\/\/festival262.com\/wp-content\/uploads\/2026\/01\/f262-photo-film-festival.png\" class=\"attachment-large size-large wp-image-5522\" alt=\"\" srcset=\"https:\/\/festival262.com\/wp-content\/uploads\/2026\/01\/f262-photo-film-festival.png 800w, https:\/\/festival262.com\/wp-content\/uploads\/2026\/01\/f262-photo-film-festival-300x300.png 300w, https:\/\/festival262.com\/wp-content\/uploads\/2026\/01\/f262-photo-film-festival-150x150.png 150w, https:\/\/festival262.com\/wp-content\/uploads\/2026\/01\/f262-photo-film-festival-768x768.png 768w, https:\/\/festival262.com\/wp-content\/uploads\/2026\/01\/f262-photo-film-festival-600x600.png 600w, https:\/\/festival262.com\/wp-content\/uploads\/2026\/01\/f262-photo-film-festival-100x100.png 100w\" sizes=\"(max-width: 800px) 100vw, 800px\" \/>\t\t\t\t\t\t\t\t\t\t\t\t\t\t\t<\/div>\n\t\t\t\t<\/div>\n\t\t\t\t\t<\/div>\n\t\t<\/div>\n\t\t\t\t<div class=\"elementor-column elementor-col-16 elementor-top-column elementor-element elementor-element-f5ed7c1\" data-id=\"f5ed7c1\" data-element_type=\"column\" data-e-type=\"column\">\n\t\t\t<div class=\"elementor-widget-wrap elementor-element-populated\">\n\t\t\t\t\t\t<div class=\"elementor-element elementor-element-9aeb5a0 elementor-widget elementor-widget-image\" data-id=\"9aeb5a0\" data-element_type=\"widget\" data-e-type=\"widget\" data-widget_type=\"image.default\">\n\t\t\t\t<div class=\"elementor-widget-container\">\n\t\t\t\t\t\t\t\t\t\t\t\t\t\t\t<img loading=\"lazy\" decoding=\"async\" width=\"800\" height=\"800\" src=\"https:\/\/festival262.com\/wp-content\/uploads\/2026\/01\/F262-NEXT-GEN.png\" class=\"attachment-large size-large wp-image-5519\" alt=\"\" srcset=\"https:\/\/festival262.com\/wp-content\/uploads\/2026\/01\/F262-NEXT-GEN.png 800w, https:\/\/festival262.com\/wp-content\/uploads\/2026\/01\/F262-NEXT-GEN-300x300.png 300w, https:\/\/festival262.com\/wp-content\/uploads\/2026\/01\/F262-NEXT-GEN-150x150.png 150w, https:\/\/festival262.com\/wp-content\/uploads\/2026\/01\/F262-NEXT-GEN-768x768.png 768w, https:\/\/festival262.com\/wp-content\/uploads\/2026\/01\/F262-NEXT-GEN-600x600.png 600w, https:\/\/festival262.com\/wp-content\/uploads\/2026\/01\/F262-NEXT-GEN-100x100.png 100w\" sizes=\"(max-width: 800px) 100vw, 800px\" \/>\t\t\t\t\t\t\t\t\t\t\t\t\t\t\t<\/div>\n\t\t\t\t<\/div>\n\t\t\t\t\t<\/div>\n\t\t<\/div>\n\t\t\t\t<div class=\"elementor-column elementor-col-16 elementor-top-column elementor-element elementor-element-e8b7e05\" data-id=\"e8b7e05\" data-element_type=\"column\" data-e-type=\"column\">\n\t\t\t<div class=\"elementor-widget-wrap elementor-element-populated\">\n\t\t\t\t\t\t<div class=\"elementor-element elementor-element-70e1889 elementor-widget elementor-widget-image\" data-id=\"70e1889\" data-element_type=\"widget\" data-e-type=\"widget\" data-widget_type=\"image.default\">\n\t\t\t\t<div class=\"elementor-widget-container\">\n\t\t\t\t\t\t\t\t\t\t\t\t\t\t\t<img loading=\"lazy\" decoding=\"async\" width=\"800\" height=\"800\" src=\"https:\/\/festival262.com\/wp-content\/uploads\/2026\/01\/f262-stories-of-solidarity.png\" class=\"attachment-large size-large wp-image-5523\" alt=\"\" srcset=\"https:\/\/festival262.com\/wp-content\/uploads\/2026\/01\/f262-stories-of-solidarity.png 800w, https:\/\/festival262.com\/wp-content\/uploads\/2026\/01\/f262-stories-of-solidarity-300x300.png 300w, https:\/\/festival262.com\/wp-content\/uploads\/2026\/01\/f262-stories-of-solidarity-150x150.png 150w, https:\/\/festival262.com\/wp-content\/uploads\/2026\/01\/f262-stories-of-solidarity-768x768.png 768w, https:\/\/festival262.com\/wp-content\/uploads\/2026\/01\/f262-stories-of-solidarity-600x600.png 600w, https:\/\/festival262.com\/wp-content\/uploads\/2026\/01\/f262-stories-of-solidarity-100x100.png 100w\" sizes=\"(max-width: 800px) 100vw, 800px\" \/>\t\t\t\t\t\t\t\t\t\t\t\t\t\t\t<\/div>\n\t\t\t\t<\/div>\n\t\t\t\t\t<\/div>\n\t\t<\/div>\n\t\t\t\t\t<\/div>\n\t\t<\/section>\n\t\t\t\t<section class=\"elementor-section elementor-top-section elementor-element elementor-element-7532eee elementor-section-boxed elementor-section-height-default elementor-section-height-default\" data-id=\"7532eee\" data-element_type=\"section\" data-e-type=\"section\">\n\t\t\t\t\t\t<div class=\"elementor-container elementor-column-gap-default\">\n\t\t\t\t\t<div class=\"elementor-column elementor-col-50 elementor-top-column elementor-element elementor-element-58a8231\" data-id=\"58a8231\" data-element_type=\"column\" data-e-type=\"column\">\n\t\t\t<div class=\"elementor-widget-wrap elementor-element-populated\">\n\t\t\t\t\t\t<div class=\"elementor-element elementor-element-0937fc7 elementor-widget elementor-widget-text-editor\" data-id=\"0937fc7\" data-element_type=\"widget\" data-e-type=\"widget\" data-widget_type=\"text-editor.default\">\n\t\t\t\t<div class=\"elementor-widget-container\">\n\t\t\t\t\t\t\t\t\t<p data-start=\"317\" data-end=\"559\"><strong data-start=\"317\" data-end=\"386\">F\/262 mergulha Caldas da Rainha na narrativa visual<\/strong>\u2014atrav\u00e9s de instala\u00e7\u00f5es p\u00fablicas, cinema ao ar livre, palestras \u00edntimas, workshops pr\u00e1ticos e minifestivais especializados, como o Laborat\u00f3rio Anal\u00f3gico, o Photo Book Club e o Photo Film Fest.<\/p><p data-start=\"561\" data-end=\"854\">\u00c9 mais do que um festival: \u00e9 uma plataforma viva onde as imagens criam di\u00e1logo, onde as comunidades se encontram e onde a arte se envolve com temas urgentes como: <strong data-start=\"716\" data-end=\"745\">\u00e1gua e ambiente<\/strong>. Quer venha expor, aprender ou simplesmente inspirar-se, h\u00e1 um lugar para si no programa.<\/p><p data-start=\"856\" data-end=\"1028\">Mantenha-se ligado e junte-se a n\u00f3s na viagem at\u00e9 maio de 2026. Inscreva-se abaixo para receber not\u00edcias do programa, an\u00fancios de chamadas abertas e convites exclusivos antes de qualquer outra pessoa<\/p>\t\t\t\t\t\t\t\t<\/div>\n\t\t\t\t<\/div>\n\t\t\t\t\t<\/div>\n\t\t<\/div>\n\t\t\t\t<div class=\"elementor-column elementor-col-50 elementor-top-column elementor-element elementor-element-7bde86d\" data-id=\"7bde86d\" data-element_type=\"column\" data-e-type=\"column\">\n\t\t\t<div class=\"elementor-widget-wrap elementor-element-populated\">\n\t\t\t\t\t\t<div class=\"elementor-element elementor-element-7d9028c elementor-widget elementor-widget-image\" data-id=\"7d9028c\" data-element_type=\"widget\" data-e-type=\"widget\" data-widget_type=\"image.default\">\n\t\t\t\t<div class=\"elementor-widget-container\">\n\t\t\t\t\t\t\t\t\t\t\t\t\t\t\t<img loading=\"lazy\" decoding=\"async\" width=\"1024\" height=\"683\" src=\"https:\/\/festival262.com\/wp-content\/uploads\/2025\/08\/ChatGPT-Image-Aug-1-2025-11_38_53-PM-1024x683.png\" class=\"attachment-large size-large wp-image-3069\" alt=\"\" srcset=\"https:\/\/festival262.com\/wp-content\/uploads\/2025\/08\/ChatGPT-Image-Aug-1-2025-11_38_53-PM-1024x683.png 1024w, https:\/\/festival262.com\/wp-content\/uploads\/2025\/08\/ChatGPT-Image-Aug-1-2025-11_38_53-PM-600x400.png 600w, https:\/\/festival262.com\/wp-content\/uploads\/2025\/08\/ChatGPT-Image-Aug-1-2025-11_38_53-PM-300x200.png 300w, https:\/\/festival262.com\/wp-content\/uploads\/2025\/08\/ChatGPT-Image-Aug-1-2025-11_38_53-PM-768x512.png 768w, https:\/\/festival262.com\/wp-content\/uploads\/2025\/08\/ChatGPT-Image-Aug-1-2025-11_38_53-PM.png 1536w\" sizes=\"(max-width: 1024px) 100vw, 1024px\" \/>\t\t\t\t\t\t\t\t\t\t\t\t\t\t\t<\/div>\n\t\t\t\t<\/div>\n\t\t\t\t\t<\/div>\n\t\t<\/div>\n\t\t\t\t\t<\/div>\n\t\t<\/section>\n\t\t\t\t<section class=\"elementor-section elementor-top-section elementor-element elementor-element-bda274b elementor-section-boxed elementor-section-height-default elementor-section-height-default\" data-id=\"bda274b\" data-element_type=\"section\" data-e-type=\"section\">\n\t\t\t\t\t\t<div class=\"elementor-container elementor-column-gap-default\">\n\t\t\t\t\t<div class=\"elementor-column elementor-col-50 elementor-top-column elementor-element elementor-element-3e8a377\" data-id=\"3e8a377\" data-element_type=\"column\" data-e-type=\"column\">\n\t\t\t<div class=\"elementor-widget-wrap elementor-element-populated\">\n\t\t\t\t\t\t<div class=\"elementor-element elementor-element-ef9e114 elementor-widget elementor-widget-text-editor\" data-id=\"ef9e114\" data-element_type=\"widget\" data-e-type=\"widget\" data-widget_type=\"text-editor.default\">\n\t\t\t\t<div class=\"elementor-widget-container\">\n\t\t\t\t\t\t\t\t\t<p data-start=\"1755\" data-end=\"1956\"><strong>F\/262<\/strong> decorre todos os fins-de-semana de <strong>maio a setembro de 2026.<\/strong> Desde <strong>Sexta a Domingo, Caldas da Rainha<\/strong>\u00a0tornar-se-\u00e0 o palco para uma mistura de exposi\u00e7\u00f5es, palestras, exibi\u00e7\u00f5es, workshops e a\u00e7\u00f5es comunit\u00e1rias.<\/p><p data-start=\"1958\" data-end=\"2229\">Cada fim-de-semana traz uma combina\u00e7\u00e3o diferente dos pilares do nosso programa. Podes come\u00e7ar a tua sexta-feira no<strong> Analog Lab,<\/strong> S\u00e1bado continua com a <strong>Photo Book Club<\/strong> <strong>conversa<\/strong> ou uma <strong>proje\u00e7\u00e3o de filmes<\/strong> sob o c\u00e9u nocturno, e termina o teu domingo com um <strong>workshop<\/strong> ou uma <strong>visita guiada por uma exposi\u00e7\u00e3o.<\/strong><\/p><p data-start=\"2231\" data-end=\"2532\">Esta abordagem mant\u00e9m o festival ativo e em evolu\u00e7\u00e3o durante quatro meses. Permite que os visitantes regressem v\u00e1rias vezes e experimentem algo novo a cada visita, ao mesmo tempo que d\u00e1 espa\u00e7o para que o p\u00fablico local, os estudantes, as fam\u00edlias e os convidados internacionais participem de uma forma que se adeque ao seu tempo e aos seus interesses.<\/p><p data-start=\"2534\" data-end=\"2690\">O calend\u00e1rio completo ser\u00e1 revelado mais perto da abertura, mas j\u00e1 podes planear a tua visita sabendo que em todos os fins-de-semana tens uma experi\u00eancia<strong> F\/262<\/strong> completa.<\/p>\t\t\t\t\t\t\t\t<\/div>\n\t\t\t\t<\/div>\n\t\t\t\t\t<\/div>\n\t\t<\/div>\n\t\t\t\t<div class=\"elementor-column elementor-col-50 elementor-top-column elementor-element elementor-element-f31dd53\" data-id=\"f31dd53\" data-element_type=\"column\" data-e-type=\"column\">\n\t\t\t<div class=\"elementor-widget-wrap elementor-element-populated\">\n\t\t\t\t\t\t<div class=\"elementor-element elementor-element-4b67577 elementor-widget elementor-widget-image\" data-id=\"4b67577\" data-element_type=\"widget\" data-e-type=\"widget\" data-widget_type=\"image.default\">\n\t\t\t\t<div class=\"elementor-widget-container\">\n\t\t\t\t\t\t\t\t\t\t\t\t\t\t\t<img loading=\"lazy\" decoding=\"async\" width=\"1024\" height=\"768\" src=\"https:\/\/festival262.com\/wp-content\/uploads\/2025\/07\/a6016223-copyvfinal-1024x768.jpg\" class=\"attachment-large size-large wp-image-2899\" alt=\"\" srcset=\"https:\/\/festival262.com\/wp-content\/uploads\/2025\/07\/a6016223-copyvfinal-1024x768.jpg 1024w, https:\/\/festival262.com\/wp-content\/uploads\/2025\/07\/a6016223-copyvfinal-600x450.jpg 600w, https:\/\/festival262.com\/wp-content\/uploads\/2025\/07\/a6016223-copyvfinal-300x225.jpg 300w, https:\/\/festival262.com\/wp-content\/uploads\/2025\/07\/a6016223-copyvfinal-768x576.jpg 768w, https:\/\/festival262.com\/wp-content\/uploads\/2025\/07\/a6016223-copyvfinal.jpg 1440w\" sizes=\"(max-width: 1024px) 100vw, 1024px\" \/>\t\t\t\t\t\t\t\t\t\t\t\t\t\t\t<\/div>\n\t\t\t\t<\/div>\n\t\t\t\t\t<\/div>\n\t\t<\/div>\n\t\t\t\t\t<\/div>\n\t\t<\/section>\n\t\t\t\t<section class=\"elementor-section elementor-top-section elementor-element elementor-element-3776601 elementor-section-boxed elementor-section-height-default elementor-section-height-default\" data-id=\"3776601\" data-element_type=\"section\" data-e-type=\"section\">\n\t\t\t\t\t\t<div class=\"elementor-container elementor-column-gap-default\">\n\t\t\t\t\t<div class=\"elementor-column elementor-col-50 elementor-top-column elementor-element elementor-element-4b36154\" data-id=\"4b36154\" data-element_type=\"column\" data-e-type=\"column\">\n\t\t\t<div class=\"elementor-widget-wrap elementor-element-populated\">\n\t\t\t\t\t\t<div class=\"elementor-element elementor-element-f231af1 elementor-widget elementor-widget-heading\" data-id=\"f231af1\" data-element_type=\"widget\" data-e-type=\"widget\" data-widget_type=\"heading.default\">\n\t\t\t\t<div class=\"elementor-widget-container\">\n\t\t\t\t\t<h3 class=\"elementor-heading-title elementor-size-default\">F\/262 Analog Lab<\/h3>\t\t\t\t<\/div>\n\t\t\t\t<\/div>\n\t\t\t\t<div class=\"elementor-element elementor-element-5993301 elementor-widget elementor-widget-text-editor\" data-id=\"5993301\" data-element_type=\"widget\" data-e-type=\"widget\" data-widget_type=\"text-editor.default\">\n\t\t\t\t<div class=\"elementor-widget-container\">\n\t\t\t\t\t\t\t\t\t<p>Entre no mundo dos processos anal\u00f3gicos e alternativos. De c\u00e2maras pinhole feitas de latas de Coca-Cola a cianotipos e sess\u00f5es experimentais de c\u00e2mara escura, o Analog Lab celebra o lado t\u00e1til e pr\u00e1tico da fotografia.<\/p>\t\t\t\t\t\t\t\t<\/div>\n\t\t\t\t<\/div>\n\t\t\t\t<div class=\"elementor-element elementor-element-155b8ad elementor-widget elementor-widget-button\" data-id=\"155b8ad\" data-element_type=\"widget\" data-e-type=\"widget\" data-widget_type=\"button.default\">\n\t\t\t\t<div class=\"elementor-widget-container\">\n\t\t\t\t\t\t\t\t\t<div class=\"elementor-button-wrapper\">\n\t\t\t\t\t<a class=\"elementor-button elementor-button-link elementor-size-sm\" href=\"https:\/\/festival262.com\/pt\/f-262-analog-lab\/\">\n\t\t\t\t\t\t<span class=\"elementor-button-content-wrapper\">\n\t\t\t\t\t\t\t\t\t<span class=\"elementor-button-text\">Descubra o Analog Lab<\/span>\n\t\t\t\t\t<\/span>\n\t\t\t\t\t<\/a>\n\t\t\t\t<\/div>\n\t\t\t\t\t\t\t\t<\/div>\n\t\t\t\t<\/div>\n\t\t\t\t\t<\/div>\n\t\t<\/div>\n\t\t\t\t<div class=\"elementor-column elementor-col-50 elementor-top-column elementor-element elementor-element-512692a\" data-id=\"512692a\" data-element_type=\"column\" data-e-type=\"column\">\n\t\t\t<div class=\"elementor-widget-wrap elementor-element-populated\">\n\t\t\t\t\t\t<div class=\"elementor-element elementor-element-553393d elementor-widget elementor-widget-image\" data-id=\"553393d\" data-element_type=\"widget\" data-e-type=\"widget\" data-widget_type=\"image.default\">\n\t\t\t\t<div class=\"elementor-widget-container\">\n\t\t\t\t\t\t\t\t\t\t\t\t\t\t\t<img loading=\"lazy\" decoding=\"async\" width=\"600\" height=\"430\" src=\"https:\/\/festival262.com\/wp-content\/uploads\/2025\/12\/an26-3a.jpg\" class=\"attachment-large size-large wp-image-5376\" alt=\"\" srcset=\"https:\/\/festival262.com\/wp-content\/uploads\/2025\/12\/an26-3a.jpg 600w, https:\/\/festival262.com\/wp-content\/uploads\/2025\/12\/an26-3a-300x215.jpg 300w, https:\/\/festival262.com\/wp-content\/uploads\/2025\/12\/an26-3a-370x265.jpg 370w\" sizes=\"(max-width: 600px) 100vw, 600px\" \/>\t\t\t\t\t\t\t\t\t\t\t\t\t\t\t<\/div>\n\t\t\t\t<\/div>\n\t\t\t\t\t<\/div>\n\t\t<\/div>\n\t\t\t\t\t<\/div>\n\t\t<\/section>\n\t\t\t\t<section class=\"elementor-section elementor-top-section elementor-element elementor-element-a7af190 elementor-section-boxed elementor-section-height-default elementor-section-height-default\" data-id=\"a7af190\" data-element_type=\"section\" data-e-type=\"section\">\n\t\t\t\t\t\t<div class=\"elementor-container elementor-column-gap-default\">\n\t\t\t\t\t<div class=\"elementor-column elementor-col-100 elementor-top-column elementor-element elementor-element-44887b0\" data-id=\"44887b0\" data-element_type=\"column\" data-e-type=\"column\">\n\t\t\t<div class=\"elementor-widget-wrap elementor-element-populated\">\n\t\t\t\t\t\t<div class=\"elementor-element elementor-element-e9d5508 elementor-widget elementor-widget-spacer\" data-id=\"e9d5508\" data-element_type=\"widget\" data-e-type=\"widget\" data-widget_type=\"spacer.default\">\n\t\t\t\t<div class=\"elementor-widget-container\">\n\t\t\t\t\t\t\t<div class=\"elementor-spacer\">\n\t\t\t<div class=\"elementor-spacer-inner\"><\/div>\n\t\t<\/div>\n\t\t\t\t\t\t<\/div>\n\t\t\t\t<\/div>\n\t\t\t\t<div class=\"elementor-element elementor-element-4182e1f elementor-widget elementor-widget-heading\" data-id=\"4182e1f\" data-element_type=\"widget\" data-e-type=\"widget\" data-widget_type=\"heading.default\">\n\t\t\t\t<div class=\"elementor-widget-container\">\n\t\t\t\t\t<h3 class=\"elementor-heading-title elementor-size-default\">F\/262 Photo Book Club<\/h3>\t\t\t\t<\/div>\n\t\t\t\t<\/div>\n\t\t\t\t\t<\/div>\n\t\t<\/div>\n\t\t\t\t\t<\/div>\n\t\t<\/section>\n\t\t\t\t<section class=\"elementor-section elementor-top-section elementor-element elementor-element-09b7e3d elementor-section-boxed elementor-section-height-default elementor-section-height-default\" data-id=\"09b7e3d\" data-element_type=\"section\" data-e-type=\"section\">\n\t\t\t\t\t\t<div class=\"elementor-container elementor-column-gap-default\">\n\t\t\t\t\t<div class=\"elementor-column elementor-col-50 elementor-top-column elementor-element elementor-element-319aa14\" data-id=\"319aa14\" data-element_type=\"column\" data-e-type=\"column\">\n\t\t\t<div class=\"elementor-widget-wrap elementor-element-populated\">\n\t\t\t\t\t\t<div class=\"elementor-element elementor-element-b55695f elementor-widget elementor-widget-text-editor\" data-id=\"b55695f\" data-element_type=\"widget\" data-e-type=\"widget\" data-widget_type=\"text-editor.default\">\n\t\t\t\t<div class=\"elementor-widget-container\">\n\t\t\t\t\t\t\t\t\t<p data-start=\"771\" data-end=\"1014\">Um fim-de-semana dedicado ao livro de fotografia. Atrav\u00e9s de palestras, lan\u00e7amentos, assinaturas de livros e uma feira com curadoria, o<strong>\u00a0 F\/262 Photo Book Club<\/strong> destaca a fotografia na sua forma impressa e colecion\u00e1vel e liga editores, artistas e p\u00fablicos.<\/p><p data-start=\"1016\" data-end=\"1036\">\u00a0<\/p>\t\t\t\t\t\t\t\t<\/div>\n\t\t\t\t<\/div>\n\t\t\t\t<div class=\"elementor-element elementor-element-02d113b elementor-widget elementor-widget-button\" data-id=\"02d113b\" data-element_type=\"widget\" data-e-type=\"widget\" data-widget_type=\"button.default\">\n\t\t\t\t<div class=\"elementor-widget-container\">\n\t\t\t\t\t\t\t\t\t<div class=\"elementor-button-wrapper\">\n\t\t\t\t\t<a class=\"elementor-button elementor-button-link elementor-size-sm\" href=\"https:\/\/festival262.com\/pt\/f-262-book-club\/\">\n\t\t\t\t\t\t<span class=\"elementor-button-content-wrapper\">\n\t\t\t\t\t\t\t\t\t<span class=\"elementor-button-text\">Explore o Photo Book Club<\/span>\n\t\t\t\t\t<\/span>\n\t\t\t\t\t<\/a>\n\t\t\t\t<\/div>\n\t\t\t\t\t\t\t\t<\/div>\n\t\t\t\t<\/div>\n\t\t\t\t\t<\/div>\n\t\t<\/div>\n\t\t\t\t<div class=\"elementor-column elementor-col-50 elementor-top-column elementor-element elementor-element-4338af3\" data-id=\"4338af3\" data-element_type=\"column\" data-e-type=\"column\">\n\t\t\t<div class=\"elementor-widget-wrap elementor-element-populated\">\n\t\t\t\t\t\t<div class=\"elementor-element elementor-element-05eb605 elementor-widget elementor-widget-image\" data-id=\"05eb605\" data-element_type=\"widget\" data-e-type=\"widget\" data-widget_type=\"image.default\">\n\t\t\t\t<div class=\"elementor-widget-container\">\n\t\t\t\t\t\t\t\t\t\t\t\t\t\t\t<img loading=\"lazy\" decoding=\"async\" width=\"1024\" height=\"653\" src=\"https:\/\/festival262.com\/wp-content\/uploads\/2025\/08\/f262photobookclub-1024x653.png\" class=\"attachment-large size-large wp-image-3807\" alt=\"\" srcset=\"https:\/\/festival262.com\/wp-content\/uploads\/2025\/08\/f262photobookclub-1024x653.png 1024w, https:\/\/festival262.com\/wp-content\/uploads\/2025\/08\/f262photobookclub-300x191.png 300w, https:\/\/festival262.com\/wp-content\/uploads\/2025\/08\/f262photobookclub-768x490.png 768w, https:\/\/festival262.com\/wp-content\/uploads\/2025\/08\/f262photobookclub-1536x979.png 1536w, https:\/\/festival262.com\/wp-content\/uploads\/2025\/08\/f262photobookclub-1320x842.png 1320w, https:\/\/festival262.com\/wp-content\/uploads\/2025\/08\/f262photobookclub-600x383.png 600w, https:\/\/festival262.com\/wp-content\/uploads\/2025\/08\/f262photobookclub.png 1606w\" sizes=\"(max-width: 1024px) 100vw, 1024px\" \/>\t\t\t\t\t\t\t\t\t\t\t\t\t\t\t<\/div>\n\t\t\t\t<\/div>\n\t\t\t\t\t<\/div>\n\t\t<\/div>\n\t\t\t\t\t<\/div>\n\t\t<\/section>\n\t\t\t\t<section class=\"elementor-section elementor-top-section elementor-element elementor-element-f0f0524 elementor-section-boxed elementor-section-height-default elementor-section-height-default\" data-id=\"f0f0524\" data-element_type=\"section\" data-e-type=\"section\">\n\t\t\t\t\t\t<div class=\"elementor-container elementor-column-gap-default\">\n\t\t\t\t\t<div class=\"elementor-column elementor-col-50 elementor-top-column elementor-element elementor-element-32aca04\" data-id=\"32aca04\" data-element_type=\"column\" data-e-type=\"column\">\n\t\t\t<div class=\"elementor-widget-wrap elementor-element-populated\">\n\t\t\t\t\t\t<div class=\"elementor-element elementor-element-d5fd4d5 elementor-widget elementor-widget-image\" data-id=\"d5fd4d5\" data-element_type=\"widget\" data-e-type=\"widget\" data-widget_type=\"image.default\">\n\t\t\t\t<div class=\"elementor-widget-container\">\n\t\t\t\t\t\t\t\t\t\t\t\t\t\t\t<img loading=\"lazy\" decoding=\"async\" width=\"1024\" height=\"574\" src=\"https:\/\/festival262.com\/wp-content\/uploads\/2026\/01\/42499_65772_21967-1024x574.webp\" class=\"attachment-large size-large wp-image-5451\" alt=\"\" srcset=\"https:\/\/festival262.com\/wp-content\/uploads\/2026\/01\/42499_65772_21967-1024x574.webp 1024w, https:\/\/festival262.com\/wp-content\/uploads\/2026\/01\/42499_65772_21967-300x168.webp 300w, https:\/\/festival262.com\/wp-content\/uploads\/2026\/01\/42499_65772_21967-768x430.webp 768w, https:\/\/festival262.com\/wp-content\/uploads\/2026\/01\/42499_65772_21967-600x336.webp 600w, https:\/\/festival262.com\/wp-content\/uploads\/2026\/01\/42499_65772_21967.webp 1080w\" sizes=\"(max-width: 1024px) 100vw, 1024px\" \/>\t\t\t\t\t\t\t\t\t\t\t\t\t\t\t<\/div>\n\t\t\t\t<\/div>\n\t\t\t\t\t<\/div>\n\t\t<\/div>\n\t\t\t\t<div class=\"elementor-column elementor-col-50 elementor-top-column elementor-element elementor-element-225190e\" data-id=\"225190e\" data-element_type=\"column\" data-e-type=\"column\">\n\t\t\t<div class=\"elementor-widget-wrap elementor-element-populated\">\n\t\t\t\t\t\t<div class=\"elementor-element elementor-element-934d8f5 elementor-widget elementor-widget-heading\" data-id=\"934d8f5\" data-element_type=\"widget\" data-e-type=\"widget\" data-widget_type=\"heading.default\">\n\t\t\t\t<div class=\"elementor-widget-container\">\n\t\t\t\t\t<h3 class=\"elementor-heading-title elementor-size-default\">F\/262 Photo Film Fest<\/h3>\t\t\t\t<\/div>\n\t\t\t\t<\/div>\n\t\t\t\t<div class=\"elementor-element elementor-element-744860f elementor-widget elementor-widget-text-editor\" data-id=\"744860f\" data-element_type=\"widget\" data-e-type=\"widget\" data-widget_type=\"text-editor.default\">\n\t\t\t\t<div class=\"elementor-widget-container\">\n\t\t\t\t\t\t\t\t\t<p data-start=\"828\" data-end=\"1166\">O <strong data-start=\"878\" data-end=\"902\">F\/262 Photo Film Fest<\/strong> \u00e9 onde a imagem est\u00e1tica ganha vida atrav\u00e9s do movimento. Pelas <strong data-start=\"965\" data-end=\"996\">Caldas da Rainha<\/strong>, o festival apresenta um programa de filmes, document\u00e1rios e obras audiovisuais que refletem sobre a fotografia, a cultura visual e a nossa rela\u00e7\u00e3o com o ambiente.<\/p><p data-start=\"1168\" data-end=\"1514\">No centro da experi\u00eancia est\u00e3o <strong data-start=\"1203\" data-end=\"1245\">Exibi\u00e7\u00f5es ao ar livre sob o c\u00e9u noturno<\/strong>\u2014momentos em que pra\u00e7as hist\u00f3ricas, p\u00e1tios e espa\u00e7os culturais se tornam palcos ao ar livre. O p\u00fablico re\u00fane-se coletivamente nas Caldas para vivenciar o cinema em di\u00e1logo com a fotografia, rodeado de arquitetura e paisagens que guardam s\u00e9culos de tradi\u00e7\u00e3o art\u00edstica.<\/p><p data-start=\"1516\" data-end=\"1704\">O programa destaca o trabalho de <strong data-start=\"1551\" data-end=\"1613\">diretores de fotografia, artistas visuais e contadores de hist\u00f3rias<\/strong> que revelam como a luz, a paisagem e a presen\u00e7a humana moldam tanto as imagens em movimento como as imagens est\u00e1ticas.<\/p><p data-start=\"1706\" data-end=\"2023\">Esta edi\u00e7\u00e3o centra-se especialmente na <strong data-start=\"1745\" data-end=\"1802\">\u00e1gua como fonte de vida, mem\u00f3ria e transforma\u00e7\u00e3o<\/strong>. De rios e oceanos a desafios e solu\u00e7\u00f5es ambientais, o Photo Film Fest usa o ecr\u00e3 para estimular o di\u00e1logo sobre os nossos ecossistemas fr\u00e1geis e o papel da narrativa visual na constru\u00e7\u00e3o da consciencializa\u00e7\u00e3o e da mudan\u00e7a.<\/p>\t\t\t\t\t\t\t\t<\/div>\n\t\t\t\t<\/div>\n\t\t\t\t<div class=\"elementor-element elementor-element-8047809 elementor-widget elementor-widget-button\" data-id=\"8047809\" data-element_type=\"widget\" data-e-type=\"widget\" data-widget_type=\"button.default\">\n\t\t\t\t<div class=\"elementor-widget-container\">\n\t\t\t\t\t\t\t\t\t<div class=\"elementor-button-wrapper\">\n\t\t\t\t\t<a class=\"elementor-button elementor-button-link elementor-size-sm\" href=\"https:\/\/festival262.com\/pt\/f-262-foto-film-fest\/\">\n\t\t\t\t\t\t<span class=\"elementor-button-content-wrapper\">\n\t\t\t\t\t\t\t\t\t<span class=\"elementor-button-text\">Entre no Photo Film Fest<\/span>\n\t\t\t\t\t<\/span>\n\t\t\t\t\t<\/a>\n\t\t\t\t<\/div>\n\t\t\t\t\t\t\t\t<\/div>\n\t\t\t\t<\/div>\n\t\t\t\t\t<\/div>\n\t\t<\/div>\n\t\t\t\t\t<\/div>\n\t\t<\/section>\n\t\t\t\t<section class=\"elementor-section elementor-top-section elementor-element elementor-element-f4ad99a elementor-section-boxed elementor-section-height-default elementor-section-height-default\" data-id=\"f4ad99a\" data-element_type=\"section\" data-e-type=\"section\">\n\t\t\t\t\t\t<div class=\"elementor-container elementor-column-gap-default\">\n\t\t\t\t\t<div class=\"elementor-column elementor-col-100 elementor-top-column elementor-element elementor-element-5db7a77\" data-id=\"5db7a77\" data-element_type=\"column\" data-e-type=\"column\">\n\t\t\t<div class=\"elementor-widget-wrap elementor-element-populated\">\n\t\t\t\t\t\t<div class=\"elementor-element elementor-element-8d0d998 elementor-widget elementor-widget-spacer\" data-id=\"8d0d998\" data-element_type=\"widget\" data-e-type=\"widget\" data-widget_type=\"spacer.default\">\n\t\t\t\t<div class=\"elementor-widget-container\">\n\t\t\t\t\t\t\t<div class=\"elementor-spacer\">\n\t\t\t<div class=\"elementor-spacer-inner\"><\/div>\n\t\t<\/div>\n\t\t\t\t\t\t<\/div>\n\t\t\t\t<\/div>\n\t\t\t\t\t<\/div>\n\t\t<\/div>\n\t\t\t\t\t<\/div>\n\t\t<\/section>\n\t\t\t\t<section class=\"elementor-section elementor-top-section elementor-element elementor-element-6c72765 elementor-section-boxed elementor-section-height-default elementor-section-height-default\" data-id=\"6c72765\" data-element_type=\"section\" data-e-type=\"section\">\n\t\t\t\t\t\t<div class=\"elementor-container elementor-column-gap-default\">\n\t\t\t\t\t<div class=\"elementor-column elementor-col-50 elementor-top-column elementor-element elementor-element-c119b65\" data-id=\"c119b65\" data-element_type=\"column\" data-e-type=\"column\">\n\t\t\t<div class=\"elementor-widget-wrap elementor-element-populated\">\n\t\t\t\t\t\t<div class=\"elementor-element elementor-element-633da5d elementor-widget elementor-widget-heading\" data-id=\"633da5d\" data-element_type=\"widget\" data-e-type=\"widget\" data-widget_type=\"heading.default\">\n\t\t\t\t<div class=\"elementor-widget-container\">\n\t\t\t\t\t<h2 class=\"elementor-heading-title elementor-size-default\">Exposi\u00e7\u00f5es<\/h2>\t\t\t\t<\/div>\n\t\t\t\t<\/div>\n\t\t\t\t<div class=\"elementor-element elementor-element-3e0a0e5 elementor-widget elementor-widget-text-editor\" data-id=\"3e0a0e5\" data-element_type=\"widget\" data-e-type=\"widget\" data-widget_type=\"text-editor.default\">\n\t\t\t\t<div class=\"elementor-widget-container\">\n\t\t\t\t\t\t\t\t\t<p>Desde <strong data-start=\"1854\" data-end=\"1912\">instala\u00e7\u00f5es p\u00fablicas de grande formato a exposi\u00e7\u00f5es em galerias<\/strong>, as nossas exposi\u00e7\u00f5es trazem imagens poderosas para o cora\u00e7\u00e3o da cidade. Com fot\u00f3grafos locais e internacionais, cada espet\u00e1culo \u00e9 organizado para abrir conversas e mudar perspectivas.<\/p>\t\t\t\t\t\t\t\t<\/div>\n\t\t\t\t<\/div>\n\t\t\t\t<div class=\"elementor-element elementor-element-6d536d7 elementor-widget elementor-widget-button\" data-id=\"6d536d7\" data-element_type=\"widget\" data-e-type=\"widget\" data-widget_type=\"button.default\">\n\t\t\t\t<div class=\"elementor-widget-container\">\n\t\t\t\t\t\t\t\t\t<div class=\"elementor-button-wrapper\">\n\t\t\t\t\t<a class=\"elementor-button elementor-button-link elementor-size-sm\" href=\"https:\/\/festival262.com\/pt\/exhibitions\/\">\n\t\t\t\t\t\t<span class=\"elementor-button-content-wrapper\">\n\t\t\t\t\t\t\t\t\t<span class=\"elementor-button-text\">Ver exposi\u00e7\u00f5es<\/span>\n\t\t\t\t\t<\/span>\n\t\t\t\t\t<\/a>\n\t\t\t\t<\/div>\n\t\t\t\t\t\t\t\t<\/div>\n\t\t\t\t<\/div>\n\t\t\t\t\t<\/div>\n\t\t<\/div>\n\t\t\t\t<div class=\"elementor-column elementor-col-50 elementor-top-column elementor-element elementor-element-da815cc\" data-id=\"da815cc\" data-element_type=\"column\" data-e-type=\"column\">\n\t\t\t<div class=\"elementor-widget-wrap elementor-element-populated\">\n\t\t\t\t\t\t<div class=\"elementor-element elementor-element-e80b4e3 elementor-widget elementor-widget-image\" data-id=\"e80b4e3\" data-element_type=\"widget\" data-e-type=\"widget\" data-widget_type=\"image.default\">\n\t\t\t\t<div class=\"elementor-widget-container\">\n\t\t\t\t\t\t\t\t\t\t\t\t\t\t\t<img loading=\"lazy\" decoding=\"async\" width=\"1024\" height=\"683\" src=\"https:\/\/festival262.com\/wp-content\/uploads\/2025\/09\/ChatGPT-Image-Sep-1-2025-08_24_53-AM-1024x683.png\" class=\"attachment-large size-large wp-image-4046\" alt=\"\" srcset=\"https:\/\/festival262.com\/wp-content\/uploads\/2025\/09\/ChatGPT-Image-Sep-1-2025-08_24_53-AM-1024x683.png 1024w, https:\/\/festival262.com\/wp-content\/uploads\/2025\/09\/ChatGPT-Image-Sep-1-2025-08_24_53-AM-300x200.png 300w, https:\/\/festival262.com\/wp-content\/uploads\/2025\/09\/ChatGPT-Image-Sep-1-2025-08_24_53-AM-768x512.png 768w, https:\/\/festival262.com\/wp-content\/uploads\/2025\/09\/ChatGPT-Image-Sep-1-2025-08_24_53-AM-1320x880.png 1320w, https:\/\/festival262.com\/wp-content\/uploads\/2025\/09\/ChatGPT-Image-Sep-1-2025-08_24_53-AM-600x400.png 600w, https:\/\/festival262.com\/wp-content\/uploads\/2025\/09\/ChatGPT-Image-Sep-1-2025-08_24_53-AM.png 1536w\" sizes=\"(max-width: 1024px) 100vw, 1024px\" \/>\t\t\t\t\t\t\t\t\t\t\t\t\t\t\t<\/div>\n\t\t\t\t<\/div>\n\t\t\t\t\t<\/div>\n\t\t<\/div>\n\t\t\t\t\t<\/div>\n\t\t<\/section>\n\t\t\t\t<section class=\"elementor-section elementor-top-section elementor-element elementor-element-dde2408 elementor-section-boxed elementor-section-height-default elementor-section-height-default\" data-id=\"dde2408\" data-element_type=\"section\" data-e-type=\"section\">\n\t\t\t\t\t\t<div class=\"elementor-container elementor-column-gap-default\">\n\t\t\t\t\t<div class=\"elementor-column elementor-col-50 elementor-top-column elementor-element elementor-element-4055fd4\" data-id=\"4055fd4\" data-element_type=\"column\" data-e-type=\"column\">\n\t\t\t<div class=\"elementor-widget-wrap elementor-element-populated\">\n\t\t\t\t\t\t<div class=\"elementor-element elementor-element-6fad3c0 elementor-widget elementor-widget-text-editor\" data-id=\"6fad3c0\" data-element_type=\"widget\" data-e-type=\"widget\" data-widget_type=\"text-editor.default\">\n\t\t\t\t<div class=\"elementor-widget-container\">\n\t\t\t\t\t\t\t\t\t<h3 data-start=\"1043\" data-end=\"1080\"><strong data-start=\"1050\" data-end=\"1078\">Oradores &amp; Conversas<\/strong><\/h3><p><strong>F\/262<\/strong> convida vozes ousadas de todo o mundo criativo \u2014 fot\u00f3grafos, editores, curadores e pensadores \u2014 para uma s\u00e9rie de palestras, pain\u00e9is e mesas-redondas. Ou\u00e7a, reflita e envolva-se diretamente com os l\u00edderes que moldam a fotografia contempor\u00e2nea.<\/p>\t\t\t\t\t\t\t\t<\/div>\n\t\t\t\t<\/div>\n\t\t\t\t<div class=\"elementor-element elementor-element-a025024 elementor-widget elementor-widget-button\" data-id=\"a025024\" data-element_type=\"widget\" data-e-type=\"widget\" data-widget_type=\"button.default\">\n\t\t\t\t<div class=\"elementor-widget-container\">\n\t\t\t\t\t\t\t\t\t<div class=\"elementor-button-wrapper\">\n\t\t\t\t\t<a class=\"elementor-button elementor-button-link elementor-size-sm\" href=\"https:\/\/festival262.com\/pt\/speakers\/\">\n\t\t\t\t\t\t<span class=\"elementor-button-content-wrapper\">\n\t\t\t\t\t\t\t\t\t<span class=\"elementor-button-text\">Conhe\u00e7a os oradores<\/span>\n\t\t\t\t\t<\/span>\n\t\t\t\t\t<\/a>\n\t\t\t\t<\/div>\n\t\t\t\t\t\t\t\t<\/div>\n\t\t\t\t<\/div>\n\t\t\t\t\t<\/div>\n\t\t<\/div>\n\t\t\t\t<div class=\"elementor-column elementor-col-50 elementor-top-column elementor-element elementor-element-61057b0\" data-id=\"61057b0\" data-element_type=\"column\" data-e-type=\"column\">\n\t\t\t<div class=\"elementor-widget-wrap elementor-element-populated\">\n\t\t\t\t\t\t<div class=\"elementor-element elementor-element-dfbe724 elementor-widget elementor-widget-image\" data-id=\"dfbe724\" data-element_type=\"widget\" data-e-type=\"widget\" data-widget_type=\"image.default\">\n\t\t\t\t<div class=\"elementor-widget-container\">\n\t\t\t\t\t\t\t\t\t\t\t\t\t\t\t<img loading=\"lazy\" decoding=\"async\" width=\"1024\" height=\"681\" src=\"https:\/\/festival262.com\/wp-content\/uploads\/2025\/07\/665_Capta25-665-1024x681.jpg\" class=\"attachment-large size-large wp-image-2879\" alt=\"\" srcset=\"https:\/\/festival262.com\/wp-content\/uploads\/2025\/07\/665_Capta25-665-1024x681.jpg 1024w, https:\/\/festival262.com\/wp-content\/uploads\/2025\/07\/665_Capta25-665-scaled-600x399.jpg 600w, https:\/\/festival262.com\/wp-content\/uploads\/2025\/07\/665_Capta25-665-300x200.jpg 300w, https:\/\/festival262.com\/wp-content\/uploads\/2025\/07\/665_Capta25-665-768x511.jpg 768w, https:\/\/festival262.com\/wp-content\/uploads\/2025\/07\/665_Capta25-665-1536x1022.jpg 1536w, https:\/\/festival262.com\/wp-content\/uploads\/2025\/07\/665_Capta25-665-2048x1363.jpg 2048w\" sizes=\"(max-width: 1024px) 100vw, 1024px\" \/>\t\t\t\t\t\t\t\t\t\t\t\t\t\t\t<\/div>\n\t\t\t\t<\/div>\n\t\t\t\t\t<\/div>\n\t\t<\/div>\n\t\t\t\t\t<\/div>\n\t\t<\/section>\n\t\t\t\t<section class=\"elementor-section elementor-top-section elementor-element elementor-element-354e191 elementor-section-boxed elementor-section-height-default elementor-section-height-default\" data-id=\"354e191\" data-element_type=\"section\" data-e-type=\"section\">\n\t\t\t\t\t\t<div class=\"elementor-container elementor-column-gap-default\">\n\t\t\t\t\t<div class=\"elementor-column elementor-col-100 elementor-top-column elementor-element elementor-element-88fb026\" data-id=\"88fb026\" data-element_type=\"column\" data-e-type=\"column\">\n\t\t\t<div class=\"elementor-widget-wrap elementor-element-populated\">\n\t\t\t\t\t\t<div class=\"elementor-element elementor-element-d1497ab elementor-widget elementor-widget-spacer\" data-id=\"d1497ab\" data-element_type=\"widget\" data-e-type=\"widget\" data-widget_type=\"spacer.default\">\n\t\t\t\t<div class=\"elementor-widget-container\">\n\t\t\t\t\t\t\t<div class=\"elementor-spacer\">\n\t\t\t<div class=\"elementor-spacer-inner\"><\/div>\n\t\t<\/div>\n\t\t\t\t\t\t<\/div>\n\t\t\t\t<\/div>\n\t\t\t\t\t<\/div>\n\t\t<\/div>\n\t\t\t\t\t<\/div>\n\t\t<\/section>\n\t\t\t\t<section class=\"elementor-section elementor-top-section elementor-element elementor-element-296faac elementor-section-boxed elementor-section-height-default elementor-section-height-default\" data-id=\"296faac\" data-element_type=\"section\" data-e-type=\"section\">\n\t\t\t\t\t\t<div class=\"elementor-container elementor-column-gap-default\">\n\t\t\t\t\t<div class=\"elementor-column elementor-col-50 elementor-top-column elementor-element elementor-element-247023a\" data-id=\"247023a\" data-element_type=\"column\" data-e-type=\"column\">\n\t\t\t<div class=\"elementor-widget-wrap elementor-element-populated\">\n\t\t\t\t\t\t<div class=\"elementor-element elementor-element-203866d elementor-widget elementor-widget-text-editor\" data-id=\"203866d\" data-element_type=\"widget\" data-e-type=\"widget\" data-widget_type=\"text-editor.default\">\n\t\t\t\t<div class=\"elementor-widget-container\">\n\t\t\t\t\t\t\t\t\t<h3 data-start=\"1306\" data-end=\"1340\"><strong data-start=\"1313\" data-end=\"1338\">Workshops &amp; Educa\u00e7\u00e3o<\/strong><\/h3><p data-start=\"1341\" data-end=\"1574\"><strong>F\/262<\/strong> \u00c9 tamb\u00e9m um local para crescer. Desde passeios fotogr\u00e1ficos para iniciantes a masterclasses avan\u00e7adas de ilumina\u00e7\u00e3o, os nossos workshops ser\u00e3o pr\u00e1ticos e focados na comunidade. Quer pretenda subir de n\u00edvel ou come\u00e7ar do zero, h\u00e1 um lugar para si.<\/p><p data-start=\"1341\" data-end=\"1574\">\u00a0<\/p>\t\t\t\t\t\t\t\t<\/div>\n\t\t\t\t<\/div>\n\t\t\t\t<div class=\"elementor-element elementor-element-cbee27e elementor-widget elementor-widget-button\" data-id=\"cbee27e\" data-element_type=\"widget\" data-e-type=\"widget\" data-widget_type=\"button.default\">\n\t\t\t\t<div class=\"elementor-widget-container\">\n\t\t\t\t\t\t\t\t\t<div class=\"elementor-button-wrapper\">\n\t\t\t\t\t<a class=\"elementor-button elementor-button-link elementor-size-sm\" href=\"https:\/\/festival262.com\/pt\/education-2\/\">\n\t\t\t\t\t\t<span class=\"elementor-button-content-wrapper\">\n\t\t\t\t\t\t\t\t\t<span class=\"elementor-button-text\">Explorar os workshops<\/span>\n\t\t\t\t\t<\/span>\n\t\t\t\t\t<\/a>\n\t\t\t\t<\/div>\n\t\t\t\t\t\t\t\t<\/div>\n\t\t\t\t<\/div>\n\t\t\t\t\t<\/div>\n\t\t<\/div>\n\t\t\t\t<div class=\"elementor-column elementor-col-50 elementor-top-column elementor-element elementor-element-2e5cb0d\" data-id=\"2e5cb0d\" data-element_type=\"column\" data-e-type=\"column\">\n\t\t\t<div class=\"elementor-widget-wrap elementor-element-populated\">\n\t\t\t\t\t\t<div class=\"elementor-element elementor-element-92563f9 elementor-widget elementor-widget-image\" data-id=\"92563f9\" data-element_type=\"widget\" data-e-type=\"widget\" data-widget_type=\"image.default\">\n\t\t\t\t<div class=\"elementor-widget-container\">\n\t\t\t\t\t\t\t\t\t\t\t\t\t\t\t<img loading=\"lazy\" decoding=\"async\" width=\"1024\" height=\"683\" src=\"https:\/\/festival262.com\/wp-content\/uploads\/2025\/07\/280_Capta25-280-1024x683.jpg\" class=\"attachment-large size-large wp-image-2878\" alt=\"\" srcset=\"https:\/\/festival262.com\/wp-content\/uploads\/2025\/07\/280_Capta25-280-1024x683.jpg 1024w, https:\/\/festival262.com\/wp-content\/uploads\/2025\/07\/280_Capta25-280-scaled-600x400.jpg 600w, https:\/\/festival262.com\/wp-content\/uploads\/2025\/07\/280_Capta25-280-300x200.jpg 300w, https:\/\/festival262.com\/wp-content\/uploads\/2025\/07\/280_Capta25-280-768x512.jpg 768w, https:\/\/festival262.com\/wp-content\/uploads\/2025\/07\/280_Capta25-280-1536x1024.jpg 1536w, https:\/\/festival262.com\/wp-content\/uploads\/2025\/07\/280_Capta25-280-2048x1366.jpg 2048w\" sizes=\"(max-width: 1024px) 100vw, 1024px\" \/>\t\t\t\t\t\t\t\t\t\t\t\t\t\t\t<\/div>\n\t\t\t\t<\/div>\n\t\t\t\t\t<\/div>\n\t\t<\/div>\n\t\t\t\t\t<\/div>\n\t\t<\/section>\n\t\t\t\t<section class=\"elementor-section elementor-top-section elementor-element elementor-element-a1990a4 elementor-section-boxed elementor-section-height-default elementor-section-height-default\" data-id=\"a1990a4\" data-element_type=\"section\" data-e-type=\"section\">\n\t\t\t\t\t\t<div class=\"elementor-container elementor-column-gap-default\">\n\t\t\t\t\t<div class=\"elementor-column elementor-col-100 elementor-top-column elementor-element elementor-element-b79f6cf\" data-id=\"b79f6cf\" data-element_type=\"column\" data-e-type=\"column\">\n\t\t\t<div class=\"elementor-widget-wrap elementor-element-populated\">\n\t\t\t\t\t\t<div class=\"elementor-element elementor-element-a870ef4 elementor-widget elementor-widget-heading\" data-id=\"a870ef4\" data-element_type=\"widget\" data-e-type=\"widget\" data-widget_type=\"heading.default\">\n\t\t\t\t<div class=\"elementor-widget-container\">\n\t\t\t\t\t<h2 class=\"elementor-heading-title elementor-size-default\">Mantenha-se atualizado<\/h2>\t\t\t\t<\/div>\n\t\t\t\t<\/div>\n\t\t\t\t<div class=\"elementor-element elementor-element-f2d20cb elementor-widget elementor-widget-image\" data-id=\"f2d20cb\" data-element_type=\"widget\" data-e-type=\"widget\" data-widget_type=\"image.default\">\n\t\t\t\t<div class=\"elementor-widget-container\">\n\t\t\t\t\t\t\t\t\t\t\t\t\t\t\t<img loading=\"lazy\" decoding=\"async\" width=\"1024\" height=\"965\" src=\"https:\/\/festival262.com\/wp-content\/uploads\/2025\/08\/ChatGPT-Image-Aug-4-2025-02_36_04-AM-1024x965.png\" class=\"attachment-large size-large wp-image-3355\" alt=\"\" srcset=\"https:\/\/festival262.com\/wp-content\/uploads\/2025\/08\/ChatGPT-Image-Aug-4-2025-02_36_04-AM-1024x965.png 1024w, https:\/\/festival262.com\/wp-content\/uploads\/2025\/08\/ChatGPT-Image-Aug-4-2025-02_36_04-AM-300x283.png 300w, https:\/\/festival262.com\/wp-content\/uploads\/2025\/08\/ChatGPT-Image-Aug-4-2025-02_36_04-AM-768x724.png 768w, https:\/\/festival262.com\/wp-content\/uploads\/2025\/08\/ChatGPT-Image-Aug-4-2025-02_36_04-AM-600x566.png 600w, https:\/\/festival262.com\/wp-content\/uploads\/2025\/08\/ChatGPT-Image-Aug-4-2025-02_36_04-AM.png 1427w\" sizes=\"(max-width: 1024px) 100vw, 1024px\" \/>\t\t\t\t\t\t\t\t\t\t\t\t\t\t\t<\/div>\n\t\t\t\t<\/div>\n\t\t\t\t<div class=\"elementor-element elementor-element-3f23a62 elementor-widget elementor-widget-text-editor\" data-id=\"3f23a62\" data-element_type=\"widget\" data-e-type=\"widget\" data-widget_type=\"text-editor.default\">\n\t\t\t\t<div class=\"elementor-widget-container\">\n\t\t\t\t\t\t\t\t\t<p>Todos os festivais come\u00e7am muito antes do dia da abertura. Nas <strong data-start=\"1262\" data-end=\"1293\">Caldas da Rainha<\/strong>, estamos a construir o F\/262 em conjunto \u2014 com artistas, p\u00fablicos e comunidades que acreditam no poder da fotografia para se ligarem e inspirarem. Ao subscrever, ser\u00e1 o primeiro a receber not\u00edcias sobre programas, lan\u00e7amentos de open calls e acessos antecipados exclusivos. Mantenha-se por perto e vamos tornar esta primeira edi\u00e7\u00e3o inesquec\u00edvel.<\/p>\t\t\t\t\t\t\t\t<\/div>\n\t\t\t\t<\/div>\n\t\t\t\t<div class=\"elementor-element elementor-element-1a90dda eael-contact-form-7-button-align-left eael-contact-form-7-button-custom elementor-widget elementor-widget-eael-contact-form-7\" data-id=\"1a90dda\" data-element_type=\"widget\" data-e-type=\"widget\" data-widget_type=\"eael-contact-form-7.default\">\n\t\t\t\t<div class=\"elementor-widget-container\">\n\t\t\t\t\t<div class=\"eael-contact-form-7-wrapper\">\n                <div class=\"eael-contact-form eael-contact-form-7 eael-contact-form-1a90dda placeholder-show eael-contact-form-align-default\"><div class=\"eael-contact-form-7-heading\"><\/div>\n<div class=\"wpcf7 no-js\" id=\"wpcf7-f1222-o1\" lang=\"en-US\" dir=\"ltr\" data-wpcf7-id=\"1222\">\n<div class=\"screen-reader-response\"><p role=\"status\" aria-live=\"polite\" aria-atomic=\"true\"><\/p> <ul><\/ul><\/div>\n<form action=\"\/pt\/wp-json\/wp\/v2\/pages\/2956#wpcf7-f1222-o1\" method=\"post\" class=\"wpcf7-form init\" aria-label=\"Formul\u00e1rio de contacto\" novalidate=\"novalidate\" data-status=\"init\" data-etm-original-action=\"\/pt\/wp-json\/wp\/v2\/pages\/2956#wpcf7-f1222-o1\">\n<fieldset class=\"hidden-fields-container\"><input type=\"hidden\" name=\"_wpcf7\" value=\"1222\" \/><input type=\"hidden\" name=\"_wpcf7_version\" value=\"6.1.5\" \/><input type=\"hidden\" name=\"_wpcf7_locale\" value=\"en_US\" \/><input type=\"hidden\" name=\"_wpcf7_unit_tag\" value=\"wpcf7-f1222-o1\" \/><input type=\"hidden\" name=\"_wpcf7_container_post\" value=\"0\" \/><input type=\"hidden\" name=\"_wpcf7_posted_data_hash\" value=\"\" \/>\n<\/fieldset>\n<ul class=\"form-wrap reserve-seat\">\n\t<li class=\"form-input\">\n\t\t<p><span class=\"wpcf7-form-control-wrap\" data-name=\"your-name\"><input size=\"40\" maxlength=\"400\" class=\"wpcf7-form-control wpcf7-text wpcf7-validates-as-required\" aria-required=\"true\" aria-invalid=\"false\" placeholder=\"O seu nome\" value=\"\" type=\"text\" name=\"your-name\" \/><\/span>\n\t\t<\/p>\n\t<\/li>\n\t<li class=\"form-input\">\n\t\t<p><span class=\"wpcf7-form-control-wrap\" data-name=\"your-email\"><input size=\"40\" maxlength=\"400\" class=\"wpcf7-form-control wpcf7-email wpcf7-validates-as-required wpcf7-text wpcf7-validates-as-email\" aria-required=\"true\" aria-invalid=\"false\" placeholder=\"Correio eletr\u00f3nico\" value=\"\" type=\"email\" name=\"your-email\" \/><\/span>\n\t\t<\/p>\n\t<\/li>\n\t<li class=\"form-input\">\n\t\t<p><span class=\"wpcf7-form-control-wrap\" data-name=\"select-reserve\"><select class=\"wpcf7-form-control wpcf7-select\" aria-invalid=\"false\" name=\"select-reserve\"><option value=\"Select a Package\">Selecionar um Pacote<\/option><option value=\"Basic Pass\">Passe b\u00e1sico<\/option><option value=\"Silver Pass\">Passe de Prata<\/option><option value=\"Gold Pass\">Passe do ouro<\/option><\/select><\/span>\n\t\t<\/p>\n\t<\/li>\n\t<li class=\"form-submit\">\n\t\t<p><button class=\"wpcf7-form-control wpcf7-submit elementor-button elementor-size-lg btn-orange\" type=\"submit\" value=\"Subscribe now\"><span>Inscreva-se agora<\/span><\/button>\n\t\t<\/p>\n\t<\/li>\n<\/ul><div class=\"wpcf7-response-output\" aria-hidden=\"true\"><\/div>\n<input type=\"hidden\" name=\"etm-form-language\" value=\"pt\"\/><\/form>\n<\/div>\n<\/div>\n            <\/div>\t\t\t\t<\/div>\n\t\t\t\t<\/div>\n\t\t\t\t\t<\/div>\n\t\t<\/div>\n\t\t\t\t\t<\/div>\n\t\t<\/section>\n\t\t\t\t<section class=\"elementor-section elementor-top-section elementor-element elementor-element-77c7849 elementor-section-boxed elementor-section-height-default elementor-section-height-default\" data-id=\"77c7849\" data-element_type=\"section\" data-e-type=\"section\">\n\t\t\t\t\t\t<div class=\"elementor-container elementor-column-gap-default\">\n\t\t\t\t\t<div class=\"elementor-column elementor-col-100 elementor-top-column elementor-element elementor-element-9c1abda\" data-id=\"9c1abda\" data-element_type=\"column\" data-e-type=\"column\">\n\t\t\t<div class=\"elementor-widget-wrap elementor-element-populated\">\n\t\t\t\t\t\t<div class=\"elementor-element elementor-element-8868629 elementor-widget elementor-widget-shortcode\" data-id=\"8868629\" data-element_type=\"widget\" data-e-type=\"widget\" data-widget_type=\"shortcode.default\">\n\t\t\t\t<div class=\"elementor-widget-container\">\n\t\t\t\t\t\t\t<div class=\"elementor-shortcode\">\t\t<div data-elementor-type=\"wp-post\" data-elementor-id=\"206\" class=\"elementor elementor-206\">\n\t\t\t\t\t\t<div class=\"elementor-section elementor-top-section elementor-element elementor-element-433e9d9 elementor-section-stretched footer-custom elementor-section-full_width elementor-section-height-default elementor-section-height-default\" data-id=\"433e9d9\" data-element_type=\"section\" data-e-type=\"section\" data-settings=\"{&quot;stretch_section&quot;:&quot;section-stretched&quot;,&quot;background_background&quot;:&quot;classic&quot;}\">\n\t\t\t\t\t\t<div class=\"elementor-container elementor-column-gap-no\">\n\t\t\t\t\t<div class=\"elementor-column elementor-col-100 elementor-top-column elementor-element elementor-element-4386f5f\" data-id=\"4386f5f\" data-element_type=\"column\" data-e-type=\"column\">\n\t\t\t<div class=\"elementor-widget-wrap elementor-element-populated\">\n\t\t\t\t\t\t<div class=\"elementor-section elementor-inner-section elementor-element elementor-element-ab81258 elementor-section-boxed elementor-section-height-default elementor-section-height-default\" data-id=\"ab81258\" data-element_type=\"section\" data-e-type=\"section\">\n\t\t\t\t\t\t<div class=\"elementor-container elementor-column-gap-wider\">\n\t\t\t\t\t<div class=\"elementor-column elementor-col-33 elementor-inner-column elementor-element elementor-element-abe660f\" data-id=\"abe660f\" data-element_type=\"column\" data-e-type=\"column\">\n\t\t\t<div class=\"elementor-widget-wrap elementor-element-populated\">\n\t\t\t\t\t\t<div class=\"elementor-element elementor-element-fdb18bb invert elementor-widget elementor-widget-heading\" data-id=\"fdb18bb\" data-element_type=\"widget\" data-e-type=\"widget\" data-widget_type=\"heading.default\">\n\t\t\t\t<div class=\"elementor-widget-container\">\n\t\t\t\t\t<h5 class=\"elementor-heading-title elementor-size-default\">Produzido por F\/262 &amp; Associa\u00e7\u00e3o F\/SOS<\/h5>\t\t\t\t<\/div>\n\t\t\t\t<\/div>\n\t\t\t\t<div class=\"elementor-element elementor-element-cd7b3b4 elementor-widget elementor-widget-spacer\" data-id=\"cd7b3b4\" data-element_type=\"widget\" data-e-type=\"widget\" data-widget_type=\"spacer.default\">\n\t\t\t\t<div class=\"elementor-widget-container\">\n\t\t\t\t\t\t\t<div class=\"elementor-spacer\">\n\t\t\t<div class=\"elementor-spacer-inner\"><\/div>\n\t\t<\/div>\n\t\t\t\t\t\t<\/div>\n\t\t\t\t<\/div>\n\t\t\t\t<div class=\"elementor-element elementor-element-a61036d elementor-widget elementor-widget-image\" data-id=\"a61036d\" data-element_type=\"widget\" data-e-type=\"widget\" data-widget_type=\"image.default\">\n\t\t\t\t<div class=\"elementor-widget-container\">\n\t\t\t\t\t\t\t\t\t\t\t\t\t\t\t\t<a href=\"https:\/\/festival262.com\/pt\/\">\n\t\t\t\t\t\t\t<img loading=\"lazy\" decoding=\"async\" width=\"1532\" height=\"436\" src=\"https:\/\/festival262.com\/wp-content\/uploads\/2019\/10\/F262-LOGO-COMPOSTO-COM-EFFE-WHITE-PT.svg\" class=\"attachment-full size-full wp-image-7626\" alt=\"\" \/>\t\t\t\t\t\t\t\t<\/a>\n\t\t\t\t\t\t\t\t\t\t\t\t\t\t\t<\/div>\n\t\t\t\t<\/div>\n\t\t\t\t<div class=\"elementor-element elementor-element-ec74c02 elementor-widget elementor-widget-spacer\" data-id=\"ec74c02\" data-element_type=\"widget\" data-e-type=\"widget\" data-widget_type=\"spacer.default\">\n\t\t\t\t<div class=\"elementor-widget-container\">\n\t\t\t\t\t\t\t<div class=\"elementor-spacer\">\n\t\t\t<div class=\"elementor-spacer-inner\"><\/div>\n\t\t<\/div>\n\t\t\t\t\t\t<\/div>\n\t\t\t\t<\/div>\n\t\t\t\t<div class=\"elementor-element elementor-element-155e5e2 elementor-widget elementor-widget-image\" data-id=\"155e5e2\" data-element_type=\"widget\" data-e-type=\"widget\" data-widget_type=\"image.default\">\n\t\t\t\t<div class=\"elementor-widget-container\">\n\t\t\t\t\t\t\t\t\t\t\t\t\t\t\t\t<a href=\"https:\/\/www.f-sos.org\" target=\"_blank\">\n\t\t\t\t\t\t\t<img loading=\"lazy\" decoding=\"async\" width=\"2560\" height=\"567\" src=\"https:\/\/festival262.com\/wp-content\/uploads\/2019\/10\/associacao-white-copy-scaled.png\" class=\"attachment-full size-full wp-image-5659\" alt=\"\" srcset=\"https:\/\/festival262.com\/wp-content\/uploads\/2019\/10\/associacao-white-copy-scaled.png 2560w, https:\/\/festival262.com\/wp-content\/uploads\/2019\/10\/associacao-white-copy-300x66.png 300w, https:\/\/festival262.com\/wp-content\/uploads\/2019\/10\/associacao-white-copy-1024x227.png 1024w, https:\/\/festival262.com\/wp-content\/uploads\/2019\/10\/associacao-white-copy-768x170.png 768w, https:\/\/festival262.com\/wp-content\/uploads\/2019\/10\/associacao-white-copy-1536x340.png 1536w, https:\/\/festival262.com\/wp-content\/uploads\/2019\/10\/associacao-white-copy-2048x453.png 2048w, https:\/\/festival262.com\/wp-content\/uploads\/2019\/10\/associacao-white-copy-1320x292.png 1320w, https:\/\/festival262.com\/wp-content\/uploads\/2019\/10\/associacao-white-copy-600x133.png 600w\" sizes=\"(max-width: 2560px) 100vw, 2560px\" \/>\t\t\t\t\t\t\t\t<\/a>\n\t\t\t\t\t\t\t\t\t\t\t\t\t\t\t<\/div>\n\t\t\t\t<\/div>\n\t\t\t\t<div class=\"elementor-element elementor-element-1c060c8 elementor-widget elementor-widget-image\" data-id=\"1c060c8\" data-element_type=\"widget\" data-e-type=\"widget\" data-widget_type=\"image.default\">\n\t\t\t\t<div class=\"elementor-widget-container\">\n\t\t\t\t\t\t\t\t\t\t\t\t\t\t\t\t<a href=\"https:\/\/www.websitecarbon.com\/website\/festival262-com\/\" target=\"_blank\">\n\t\t\t\t\t\t\t<img loading=\"lazy\" decoding=\"async\" width=\"728\" height=\"196\" src=\"https:\/\/festival262.com\/wp-content\/uploads\/2019\/10\/carbon-rating.png\" class=\"attachment-full size-full wp-image-5817\" alt=\"classifica\u00e7\u00e3o do carbono\" srcset=\"https:\/\/festival262.com\/wp-content\/uploads\/2019\/10\/carbon-rating.png 728w, https:\/\/festival262.com\/wp-content\/uploads\/2019\/10\/carbon-rating-300x81.png 300w, https:\/\/festival262.com\/wp-content\/uploads\/2019\/10\/carbon-rating-600x162.png 600w\" sizes=\"(max-width: 728px) 100vw, 728px\" \/>\t\t\t\t\t\t\t\t<\/a>\n\t\t\t\t\t\t\t\t\t\t\t\t\t\t\t<\/div>\n\t\t\t\t<\/div>\n\t\t\t\t\t<\/div>\n\t\t<\/div>\n\t\t\t\t<div class=\"elementor-column elementor-col-33 elementor-inner-column elementor-element elementor-element-af8a3fd\" data-id=\"af8a3fd\" data-element_type=\"column\" data-e-type=\"column\">\n\t\t\t<div class=\"elementor-widget-wrap elementor-element-populated\">\n\t\t\t\t\t\t<div class=\"elementor-element elementor-element-cbd4305 invert elementor-widget elementor-widget-heading\" data-id=\"cbd4305\" data-element_type=\"widget\" data-e-type=\"widget\" data-widget_type=\"heading.default\">\n\t\t\t\t<div class=\"elementor-widget-container\">\n\t\t\t\t\t<h5 class=\"elementor-heading-title elementor-size-default\">Com o apoio de:<\/h5>\t\t\t\t<\/div>\n\t\t\t\t<\/div>\n\t\t\t\t<div class=\"elementor-element elementor-element-6e61efe elementor-widget elementor-widget-spacer\" data-id=\"6e61efe\" data-element_type=\"widget\" data-e-type=\"widget\" data-widget_type=\"spacer.default\">\n\t\t\t\t<div class=\"elementor-widget-container\">\n\t\t\t\t\t\t\t<div class=\"elementor-spacer\">\n\t\t\t<div class=\"elementor-spacer-inner\"><\/div>\n\t\t<\/div>\n\t\t\t\t\t\t<\/div>\n\t\t\t\t<\/div>\n\t\t\t\t<div class=\"elementor-element elementor-element-8f9d706 elementor-widget elementor-widget-image\" data-id=\"8f9d706\" data-element_type=\"widget\" data-e-type=\"widget\" data-widget_type=\"image.default\">\n\t\t\t\t<div class=\"elementor-widget-container\">\n\t\t\t\t\t\t\t\t\t\t\t\t\t\t\t\t<a href=\"https:\/\/www.mcr.pt\" target=\"_blank\">\n\t\t\t\t\t\t\t<img loading=\"lazy\" decoding=\"async\" width=\"600\" height=\"363\" src=\"https:\/\/festival262.com\/wp-content\/uploads\/2019\/10\/cmcr.png.webp\" class=\"attachment-full size-full wp-image-5603\" alt=\"\" srcset=\"https:\/\/festival262.com\/wp-content\/uploads\/2019\/10\/cmcr.png.webp 600w, https:\/\/festival262.com\/wp-content\/uploads\/2019\/10\/cmcr.png-300x182.webp 300w\" sizes=\"(max-width: 600px) 100vw, 600px\" \/>\t\t\t\t\t\t\t\t<\/a>\n\t\t\t\t\t\t\t\t\t\t\t\t\t\t\t<\/div>\n\t\t\t\t<\/div>\n\t\t\t\t\t<\/div>\n\t\t<\/div>\n\t\t\t\t<div class=\"elementor-column elementor-col-33 elementor-inner-column elementor-element elementor-element-3840b6d\" data-id=\"3840b6d\" data-element_type=\"column\" data-e-type=\"column\">\n\t\t\t<div class=\"elementor-widget-wrap elementor-element-populated\">\n\t\t\t\t\t\t<div class=\"elementor-element elementor-element-c63d851 invert elementor-widget elementor-widget-heading\" data-id=\"c63d851\" data-element_type=\"widget\" data-e-type=\"widget\" data-widget_type=\"heading.default\">\n\t\t\t\t<div class=\"elementor-widget-container\">\n\t\t\t\t\t<h5 class=\"elementor-heading-title elementor-size-default\">Maio \u2013 setembro de 2026<br>\nCaldas da Rainha Portugal<\/h5>\t\t\t\t<\/div>\n\t\t\t\t<\/div>\n\t\t\t\t<div class=\"elementor-element elementor-element-3636f02 elementor-widget elementor-widget-spacer\" data-id=\"3636f02\" data-element_type=\"widget\" data-e-type=\"widget\" data-widget_type=\"spacer.default\">\n\t\t\t\t<div class=\"elementor-widget-container\">\n\t\t\t\t\t\t\t<div class=\"elementor-spacer\">\n\t\t\t<div class=\"elementor-spacer-inner\"><\/div>\n\t\t<\/div>\n\t\t\t\t\t\t<\/div>\n\t\t\t\t<\/div>\n\t\t\t\t<div class=\"elementor-element elementor-element-6b32ea3 elementor-widget elementor-widget-heading\" data-id=\"6b32ea3\" data-element_type=\"widget\" data-e-type=\"widget\" data-widget_type=\"heading.default\">\n\t\t\t\t<div class=\"elementor-widget-container\">\n\t\t\t\t\t<h5 class=\"elementor-heading-title elementor-size-default\">Sobre o F\/262\n<\/h5>\t\t\t\t<\/div>\n\t\t\t\t<\/div>\n\t\t\t\t<div class=\"elementor-element elementor-element-0430d04 elementor-widget elementor-widget-text-editor\" data-id=\"0430d04\" data-element_type=\"widget\" data-e-type=\"widget\" data-widget_type=\"text-editor.default\">\n\t\t\t\t<div class=\"elementor-widget-container\">\n\t\t\t\t\t\t\t\t\t<p data-start=\"431\" data-end=\"686\">O F\/262 \u00e9 um festival internacional de fotografia enraizado nas Caldas da Rainha, Portugal.<br data-start=\"526\" data-end=\"529\" \/>Atrav\u00e9s de exposi\u00e7\u00f5es, palestras, educa\u00e7\u00e3o e instala\u00e7\u00f5es p\u00fablicas, o festival envolve a fotografia contempor\u00e2nea com o local, a comunidade e o mundo que partilhamos.<\/p><p data-start=\"688\" data-end=\"718\">\u00a0<\/p>\t\t\t\t\t\t\t\t<\/div>\n\t\t\t\t<\/div>\n\t\t\t\t<div class=\"elementor-element elementor-element-1251943 elementor-widget elementor-widget-spacer\" data-id=\"1251943\" data-element_type=\"widget\" data-e-type=\"widget\" data-widget_type=\"spacer.default\">\n\t\t\t\t<div class=\"elementor-widget-container\">\n\t\t\t\t\t\t\t<div class=\"elementor-spacer\">\n\t\t\t<div class=\"elementor-spacer-inner\"><\/div>\n\t\t<\/div>\n\t\t\t\t\t\t<\/div>\n\t\t\t\t<\/div>\n\t\t\t\t\t<\/div>\n\t\t<\/div>\n\t\t\t\t\t<\/div>\n\t\t<\/div>\n\t\t\t\t<section class=\"elementor-section elementor-inner-section elementor-element elementor-element-0e3f8f2 elementor-section-boxed elementor-section-height-default elementor-section-height-default\" data-id=\"0e3f8f2\" data-element_type=\"section\" data-e-type=\"section\">\n\t\t\t\t\t\t<div class=\"elementor-container elementor-column-gap-default\">\n\t\t\t\t\t<div class=\"elementor-column elementor-col-50 elementor-inner-column elementor-element elementor-element-65aff90\" data-id=\"65aff90\" data-element_type=\"column\" data-e-type=\"column\">\n\t\t\t<div class=\"elementor-widget-wrap elementor-element-populated\">\n\t\t\t\t\t\t<div class=\"elementor-element elementor-element-c895301 hfe-nav-menu__breakpoint-none hfe-nav-menu__align-left hfe-submenu-icon-arrow hfe-submenu-animation-none hfe-link-redirect-child elementor-widget elementor-widget-navigation-menu\" data-id=\"c895301\" data-element_type=\"widget\" data-e-type=\"widget\" data-settings=\"{&quot;padding_horizontal_menu_item&quot;:{&quot;unit&quot;:&quot;px&quot;,&quot;size&quot;:15,&quot;sizes&quot;:[]},&quot;padding_horizontal_menu_item_tablet&quot;:{&quot;unit&quot;:&quot;px&quot;,&quot;size&quot;:&quot;&quot;,&quot;sizes&quot;:[]},&quot;padding_horizontal_menu_item_mobile&quot;:{&quot;unit&quot;:&quot;px&quot;,&quot;size&quot;:&quot;&quot;,&quot;sizes&quot;:[]},&quot;padding_vertical_menu_item&quot;:{&quot;unit&quot;:&quot;px&quot;,&quot;size&quot;:15,&quot;sizes&quot;:[]},&quot;padding_vertical_menu_item_tablet&quot;:{&quot;unit&quot;:&quot;px&quot;,&quot;size&quot;:&quot;&quot;,&quot;sizes&quot;:[]},&quot;padding_vertical_menu_item_mobile&quot;:{&quot;unit&quot;:&quot;px&quot;,&quot;size&quot;:&quot;&quot;,&quot;sizes&quot;:[]},&quot;menu_space_between&quot;:{&quot;unit&quot;:&quot;px&quot;,&quot;size&quot;:&quot;&quot;,&quot;sizes&quot;:[]},&quot;menu_space_between_tablet&quot;:{&quot;unit&quot;:&quot;px&quot;,&quot;size&quot;:&quot;&quot;,&quot;sizes&quot;:[]},&quot;menu_space_between_mobile&quot;:{&quot;unit&quot;:&quot;px&quot;,&quot;size&quot;:&quot;&quot;,&quot;sizes&quot;:[]},&quot;menu_row_space&quot;:{&quot;unit&quot;:&quot;px&quot;,&quot;size&quot;:&quot;&quot;,&quot;sizes&quot;:[]},&quot;menu_row_space_tablet&quot;:{&quot;unit&quot;:&quot;px&quot;,&quot;size&quot;:&quot;&quot;,&quot;sizes&quot;:[]},&quot;menu_row_space_mobile&quot;:{&quot;unit&quot;:&quot;px&quot;,&quot;size&quot;:&quot;&quot;,&quot;sizes&quot;:[]},&quot;dropdown_border_radius&quot;:{&quot;unit&quot;:&quot;px&quot;,&quot;top&quot;:&quot;&quot;,&quot;right&quot;:&quot;&quot;,&quot;bottom&quot;:&quot;&quot;,&quot;left&quot;:&quot;&quot;,&quot;isLinked&quot;:true},&quot;dropdown_border_radius_tablet&quot;:{&quot;unit&quot;:&quot;px&quot;,&quot;top&quot;:&quot;&quot;,&quot;right&quot;:&quot;&quot;,&quot;bottom&quot;:&quot;&quot;,&quot;left&quot;:&quot;&quot;,&quot;isLinked&quot;:true},&quot;dropdown_border_radius_mobile&quot;:{&quot;unit&quot;:&quot;px&quot;,&quot;top&quot;:&quot;&quot;,&quot;right&quot;:&quot;&quot;,&quot;bottom&quot;:&quot;&quot;,&quot;left&quot;:&quot;&quot;,&quot;isLinked&quot;:true},&quot;width_dropdown_item&quot;:{&quot;unit&quot;:&quot;px&quot;,&quot;size&quot;:&quot;220&quot;,&quot;sizes&quot;:[]},&quot;width_dropdown_item_tablet&quot;:{&quot;unit&quot;:&quot;px&quot;,&quot;size&quot;:&quot;&quot;,&quot;sizes&quot;:[]},&quot;width_dropdown_item_mobile&quot;:{&quot;unit&quot;:&quot;px&quot;,&quot;size&quot;:&quot;&quot;,&quot;sizes&quot;:[]},&quot;padding_horizontal_dropdown_item&quot;:{&quot;unit&quot;:&quot;px&quot;,&quot;size&quot;:&quot;&quot;,&quot;sizes&quot;:[]},&quot;padding_horizontal_dropdown_item_tablet&quot;:{&quot;unit&quot;:&quot;px&quot;,&quot;size&quot;:&quot;&quot;,&quot;sizes&quot;:[]},&quot;padding_horizontal_dropdown_item_mobile&quot;:{&quot;unit&quot;:&quot;px&quot;,&quot;size&quot;:&quot;&quot;,&quot;sizes&quot;:[]},&quot;padding_vertical_dropdown_item&quot;:{&quot;unit&quot;:&quot;px&quot;,&quot;size&quot;:15,&quot;sizes&quot;:[]},&quot;padding_vertical_dropdown_item_tablet&quot;:{&quot;unit&quot;:&quot;px&quot;,&quot;size&quot;:&quot;&quot;,&quot;sizes&quot;:[]},&quot;padding_vertical_dropdown_item_mobile&quot;:{&quot;unit&quot;:&quot;px&quot;,&quot;size&quot;:&quot;&quot;,&quot;sizes&quot;:[]},&quot;distance_from_menu&quot;:{&quot;unit&quot;:&quot;px&quot;,&quot;size&quot;:&quot;&quot;,&quot;sizes&quot;:[]},&quot;distance_from_menu_tablet&quot;:{&quot;unit&quot;:&quot;px&quot;,&quot;size&quot;:&quot;&quot;,&quot;sizes&quot;:[]},&quot;distance_from_menu_mobile&quot;:{&quot;unit&quot;:&quot;px&quot;,&quot;size&quot;:&quot;&quot;,&quot;sizes&quot;:[]},&quot;toggle_size&quot;:{&quot;unit&quot;:&quot;px&quot;,&quot;size&quot;:&quot;&quot;,&quot;sizes&quot;:[]},&quot;toggle_size_tablet&quot;:{&quot;unit&quot;:&quot;px&quot;,&quot;size&quot;:&quot;&quot;,&quot;sizes&quot;:[]},&quot;toggle_size_mobile&quot;:{&quot;unit&quot;:&quot;px&quot;,&quot;size&quot;:&quot;&quot;,&quot;sizes&quot;:[]},&quot;toggle_border_width&quot;:{&quot;unit&quot;:&quot;px&quot;,&quot;size&quot;:&quot;&quot;,&quot;sizes&quot;:[]},&quot;toggle_border_width_tablet&quot;:{&quot;unit&quot;:&quot;px&quot;,&quot;size&quot;:&quot;&quot;,&quot;sizes&quot;:[]},&quot;toggle_border_width_mobile&quot;:{&quot;unit&quot;:&quot;px&quot;,&quot;size&quot;:&quot;&quot;,&quot;sizes&quot;:[]},&quot;toggle_border_radius&quot;:{&quot;unit&quot;:&quot;px&quot;,&quot;size&quot;:&quot;&quot;,&quot;sizes&quot;:[]},&quot;toggle_border_radius_tablet&quot;:{&quot;unit&quot;:&quot;px&quot;,&quot;size&quot;:&quot;&quot;,&quot;sizes&quot;:[]},&quot;toggle_border_radius_mobile&quot;:{&quot;unit&quot;:&quot;px&quot;,&quot;size&quot;:&quot;&quot;,&quot;sizes&quot;:[]}}\" data-widget_type=\"navigation-menu.default\">\n\t\t\t\t<div class=\"elementor-widget-container\">\n\t\t\t\t\t\t\t\t<div class=\"hfe-nav-menu hfe-layout-horizontal hfe-nav-menu-layout horizontal hfe-pointer__none\" data-layout=\"horizontal\">\n\t\t\t\t<div role=\"button\" class=\"hfe-nav-menu__toggle elementor-clickable\" tabindex=\"0\" aria-label=\"Menu Alternar\">\n\t\t\t\t\t<span class=\"screen-reader-text\">Menu<\/span>\n\t\t\t\t\t<div class=\"hfe-nav-menu-icon\">\n\t\t\t\t\t\t\t\t\t\t\t<\/div>\n\t\t\t\t<\/div>\n\t\t\t\t<nav class=\"hfe-nav-menu__layout-horizontal hfe-nav-menu__submenu-arrow\" data-toggle-icon=\"\" data-close-icon=\"\" data-full-width=\"\">\n\t\t\t\t\t<ul id=\"menu-1-c895301\" class=\"hfe-nav-menu\"><li id=\"menu-item-6609\" class=\"menu-item menu-item-type-post_type menu-item-object-page parent hfe-creative-menu\"><a href=\"https:\/\/festival262.com\/pt\/privacy-policy\/\" class = \"hfe-menu-item\">Pol\u00edtica de privacidade<\/a><\/li>\n<li id=\"menu-item-6610\" class=\"menu-item menu-item-type-post_type menu-item-object-page parent hfe-creative-menu\"><a href=\"https:\/\/festival262.com\/pt\/terms-of-service\/\" class = \"hfe-menu-item\">Termos de Servi\u00e7o<\/a><\/li>\n<li id=\"menu-item-6611\" class=\"menu-item menu-item-type-post_type menu-item-object-page parent hfe-creative-menu\"><a href=\"https:\/\/festival262.com\/pt\/competition-rules-terms-of-entry\/\" class = \"hfe-menu-item\">Regras da Competi\u00e7\u00e3o &amp; Termos de Entrada<\/a><\/li>\n<\/ul> \n\t\t\t\t<\/nav>\n\t\t\t<\/div>\n\t\t\t\t\t\t\t<\/div>\n\t\t\t\t<\/div>\n\t\t\t\t\t<\/div>\n\t\t<\/div>\n\t\t\t\t<div class=\"elementor-column elementor-col-50 elementor-inner-column elementor-element elementor-element-e840057\" data-id=\"e840057\" data-element_type=\"column\" data-e-type=\"column\">\n\t\t\t<div class=\"elementor-widget-wrap elementor-element-populated\">\n\t\t\t\t\t\t<div class=\"elementor-element elementor-element-c368a16 footer-soc-icon elementor-shape-circle e-grid-align-right e-grid-align-mobile-center elementor-grid-0 elementor-widget elementor-widget-social-icons\" data-id=\"c368a16\" data-element_type=\"widget\" data-e-type=\"widget\" data-widget_type=\"social-icons.default\">\n\t\t\t\t<div class=\"elementor-widget-container\">\n\t\t\t\t\t\t\t<div class=\"elementor-social-icons-wrapper elementor-grid\" role=\"list\">\n\t\t\t\t\t\t\t<span class=\"elementor-grid-item\" role=\"listitem\">\n\t\t\t\t\t<a class=\"elementor-icon elementor-social-icon elementor-social-icon-instagram elementor-repeater-item-a3788bb\" href=\"https:\/\/www.instagram.com\/festival.262\" target=\"_blank\">\n\t\t\t\t\t\t<span class=\"elementor-screen-only\">Instagram<\/span>\n\t\t\t\t\t\t<i aria-hidden=\"true\" class=\"fab fa-instagram\"><\/i>\t\t\t\t\t<\/a>\n\t\t\t\t<\/span>\n\t\t\t\t\t\t\t<span class=\"elementor-grid-item\" role=\"listitem\">\n\t\t\t\t\t<a class=\"elementor-icon elementor-social-icon elementor-social-icon-linkedin elementor-repeater-item-0a1b6fe\" href=\"https:\/\/www.linkedin.com\/company\/associacao-f-sos-fotografia-solidariedade-e-obras-sociais\/\" target=\"_blank\">\n\t\t\t\t\t\t<span class=\"elementor-screen-only\">Linkedin<\/span>\n\t\t\t\t\t\t<i aria-hidden=\"true\" class=\"fab fa-linkedin\"><\/i>\t\t\t\t\t<\/a>\n\t\t\t\t<\/span>\n\t\t\t\t\t\t\t<span class=\"elementor-grid-item\" role=\"listitem\">\n\t\t\t\t\t<a class=\"elementor-icon elementor-social-icon elementor-social-icon-youtube elementor-repeater-item-f3c97f5\" href=\"https:\/\/www.youtube.com\/@F262PhotographyFestival\" target=\"_blank\">\n\t\t\t\t\t\t<span class=\"elementor-screen-only\">Youtube<\/span>\n\t\t\t\t\t\t<i aria-hidden=\"true\" class=\"fab fa-youtube\"><\/i>\t\t\t\t\t<\/a>\n\t\t\t\t<\/span>\n\t\t\t\t\t<\/div>\n\t\t\t\t\t\t<\/div>\n\t\t\t\t<\/div>\n\t\t\t\t\t<\/div>\n\t\t<\/div>\n\t\t\t\t\t<\/div>\n\t\t<\/section>\n\t\t\t\t<div class=\"elementor-section elementor-inner-section elementor-element elementor-element-21d4a88 elementor-section-boxed elementor-section-height-default elementor-section-height-default\" data-id=\"21d4a88\" data-element_type=\"section\" data-e-type=\"section\">\n\t\t\t\t\t\t<div class=\"elementor-container elementor-column-gap-no\">\n\t\t\t\t\t<div class=\"elementor-column elementor-col-100 elementor-inner-column elementor-element elementor-element-37fbc21\" data-id=\"37fbc21\" data-element_type=\"column\" data-e-type=\"column\">\n\t\t\t<div class=\"elementor-widget-wrap elementor-element-populated\">\n\t\t\t\t\t\t<div class=\"elementor-element elementor-element-fe6ceda copyright-footer elementor-widget elementor-widget-text-editor\" data-id=\"fe6ceda\" data-element_type=\"widget\" data-e-type=\"widget\" data-widget_type=\"text-editor.default\">\n\t\t\t\t<div class=\"elementor-widget-container\">\n\t\t\t\t\t\t\t\t\t<p>\u00a92026 F\/262 \u2013 Festival Internacional de Fotografia<br \/>Produzido por <a href=\"https:\/\/www.f-sos.org\" target=\"_blank\" rel=\"noopener\">Associa\u00e7\u00e3o F\/SOS \u2013 Fotografia, Solidariedade e Obras Sociais<\/a><\/p>\t\t\t\t\t\t\t\t<\/div>\n\t\t\t\t<\/div>\n\t\t\t\t\t<\/div>\n\t\t<\/div>\n\t\t\t\t\t<\/div>\n\t\t<\/div>\n\t\t\t\t\t<\/div>\n\t\t<\/div>\n\t\t\t\t\t<\/div>\n\t\t<\/div>\n\t\t\t\t<\/div>\n\t\t<\/div>\n\t\t\t\t\t\t<\/div>\n\t\t\t\t<\/div>\n\t\t\t\t\t<\/div>\n\t\t<\/div>\n\t\t\t\t\t<\/div>\n\t\t<\/section>\n\t\t\t\t<section class=\"elementor-section elementor-top-section elementor-element elementor-element-c59179c elementor-section-boxed elementor-section-height-default elementor-section-height-default\" data-id=\"c59179c\" data-element_type=\"section\" data-e-type=\"section\">\n\t\t\t\t\t\t<div class=\"elementor-container elementor-column-gap-default\">\n\t\t\t\t\t<div class=\"elementor-column elementor-col-100 elementor-top-column elementor-element elementor-element-fa54704\" data-id=\"fa54704\" data-element_type=\"column\" data-e-type=\"column\">\n\t\t\t<div class=\"elementor-widget-wrap elementor-element-populated\">\n\t\t\t\t\t\t<div class=\"elementor-element elementor-element-edbd190 elementor-widget elementor-widget-text-editor\" data-id=\"edbd190\" data-element_type=\"widget\" data-e-type=\"widget\" data-widget_type=\"text-editor.default\">\n\t\t\t\t<div class=\"elementor-widget-container\">\n\t\t\t\t\t\t\t\t\t<p>Lorem ipsum dolor sit amet, consectetur adipiscing elit. Ut elit tellus, luctus nec ullamcorper mattis, pulvinar dapibus leo.<\/p>\t\t\t\t\t\t\t\t<\/div>\n\t\t\t\t<\/div>\n\t\t\t\t\t<\/div>\n\t\t<\/div>\n\t\t\t\t\t<\/div>\n\t\t<\/section>\n\t\t\t\t<section class=\"elementor-section elementor-top-section elementor-element elementor-element-3c51636 elementor-section-boxed elementor-section-height-default elementor-section-height-default\" data-id=\"3c51636\" data-element_type=\"section\" data-e-type=\"section\">\n\t\t\t\t\t\t<div class=\"elementor-container elementor-column-gap-default\">\n\t\t\t\t\t<div class=\"elementor-column elementor-col-100 elementor-top-column elementor-element elementor-element-de67306\" data-id=\"de67306\" data-element_type=\"column\" data-e-type=\"column\">\n\t\t\t<div class=\"elementor-widget-wrap elementor-element-populated\">\n\t\t\t\t\t\t<div class=\"elementor-element elementor-element-722e605 elementor-widget elementor-widget-text-editor\" data-id=\"722e605\" data-element_type=\"widget\" data-e-type=\"widget\" data-widget_type=\"text-editor.default\">\n\t\t\t\t<div class=\"elementor-widget-container\">\n\t\t\t\t\t\t\t\t\t<p>Lorem ipsum dolor sit amet, consectetur adipiscing elit. Ut elit tellus, luctus nec ullamcorper mattis, pulvinar dapibus leo.<\/p>\t\t\t\t\t\t\t\t<\/div>\n\t\t\t\t<\/div>\n\t\t\t\t\t<\/div>\n\t\t<\/div>\n\t\t\t\t\t<\/div>\n\t\t<\/section>\n\t\t\t\t<section class=\"elementor-section elementor-top-section elementor-element elementor-element-7a97095 elementor-section-boxed elementor-section-height-default elementor-section-height-default\" data-id=\"7a97095\" data-element_type=\"section\" data-e-type=\"section\">\n\t\t\t\t\t\t<div class=\"elementor-container elementor-column-gap-default\">\n\t\t\t\t\t<div class=\"elementor-column elementor-col-100 elementor-top-column elementor-element elementor-element-67e2ffe\" data-id=\"67e2ffe\" data-element_type=\"column\" data-e-type=\"column\">\n\t\t\t<div class=\"elementor-widget-wrap elementor-element-populated\">\n\t\t\t\t\t\t<div class=\"elementor-element elementor-element-90001e4 elementor-widget elementor-widget-text-editor\" data-id=\"90001e4\" data-element_type=\"widget\" data-e-type=\"widget\" data-widget_type=\"text-editor.default\">\n\t\t\t\t<div class=\"elementor-widget-container\">\n\t\t\t\t\t\t\t\t\t<p>Lorem ipsum dolor sit amet, consectetur adipiscing elit. Ut elit tellus, luctus nec ullamcorper mattis, pulvinar dapibus leo.<\/p>\t\t\t\t\t\t\t\t<\/div>\n\t\t\t\t<\/div>\n\t\t\t\t\t<\/div>\n\t\t<\/div>\n\t\t\t\t\t<\/div>\n\t\t<\/section>\n\t\t\t\t<section class=\"elementor-section elementor-top-section elementor-element elementor-element-14b6fb2 elementor-section-boxed elementor-section-height-default elementor-section-height-default\" data-id=\"14b6fb2\" data-element_type=\"section\" data-e-type=\"section\">\n\t\t\t\t\t\t<div class=\"elementor-container elementor-column-gap-default\">\n\t\t\t\t\t<div class=\"elementor-column elementor-col-100 elementor-top-column elementor-element elementor-element-9bdee26\" data-id=\"9bdee26\" data-element_type=\"column\" data-e-type=\"column\">\n\t\t\t<div class=\"elementor-widget-wrap elementor-element-populated\">\n\t\t\t\t\t\t<div class=\"elementor-element elementor-element-80d8e0e elementor-widget elementor-widget-text-editor\" data-id=\"80d8e0e\" data-element_type=\"widget\" data-e-type=\"widget\" data-widget_type=\"text-editor.default\">\n\t\t\t\t<div class=\"elementor-widget-container\">\n\t\t\t\t\t\t\t\t\t<p>Lorem ipsum dolor sit amet, consectetur adipiscing elit. Ut elit tellus, luctus nec ullamcorper mattis, pulvinar dapibus leo.<\/p>\t\t\t\t\t\t\t\t<\/div>\n\t\t\t\t<\/div>\n\t\t\t\t\t<\/div>\n\t\t<\/div>\n\t\t\t\t\t<\/div>\n\t\t<\/section>\n\t\t\t\t<\/div>","protected":false},"excerpt":{"rendered":"<p>Discover the F\/262 Program Photography isn\u2019t just what you see. It\u2019s how you experience it. F\/262 immerses Caldas da Rainha in visual storytelling\u2014through public installations, outdoor cinema, intimate talks, hands-on workshops, and specialized mini-festivals like the Analog Lab, Photo Book Club, and Photo Film Fest. It is more than a festival: it is a living [&hellip;]<\/p>","protected":false},"author":6,"featured_media":0,"parent":0,"menu_order":0,"comment_status":"closed","ping_status":"closed","template":"","meta":{"_acf_changed":false,"footnotes":""},"class_list":["post-2956","page","type-page","status-publish","hentry"],"acf":[],"yoast_head":"<!-- This site is optimized with the Yoast SEO plugin v27.5 - https:\/\/yoast.com\/product\/yoast-seo-wordpress\/ -->\n<title>Program - F\/262 Festival Internacional de Fotografia<\/title>\n<meta name=\"robots\" content=\"index, follow, max-snippet:-1, max-image-preview:large, max-video-preview:-1\" \/>\n<link rel=\"canonical\" href=\"https:\/\/festival262.com\/pt\/program\/\" \/>\n<meta property=\"og:locale\" content=\"pt_PT\" \/>\n<meta property=\"og:type\" content=\"article\" \/>\n<meta property=\"og:title\" content=\"Program - F\/262 Festival Internacional de Fotografia\" \/>\n<meta property=\"og:description\" content=\"Discover the F\/262 Program Photography isn\u2019t just what you see. It\u2019s how you experience it. F\/262 immerses Caldas da Rainha in visual storytelling\u2014through public installations, outdoor cinema, intimate talks, hands-on workshops, and specialized mini-festivals like the Analog Lab, Photo Book Club, and Photo Film Fest. It is more than a festival: it is a living [&hellip;]\" \/>\n<meta property=\"og:url\" content=\"https:\/\/festival262.com\/pt\/program\/\" \/>\n<meta property=\"og:site_name\" content=\"F\/262 Festival Internacional de Fotografia\" \/>\n<meta property=\"article:modified_time\" content=\"2026-04-09T15:49:43+00:00\" \/>\n<meta property=\"og:image\" content=\"https:\/\/festival262.com\/wp-content\/uploads\/2026\/01\/f262-COMMUNITY.png\" \/>\n\t<meta property=\"og:image:width\" content=\"800\" \/>\n\t<meta property=\"og:image:height\" content=\"800\" \/>\n\t<meta property=\"og:image:type\" content=\"image\/png\" \/>\n<meta name=\"twitter:card\" content=\"summary_large_image\" \/>\n<meta name=\"twitter:label1\" content=\"Tempo estimado de leitura\" \/>\n\t<meta name=\"twitter:data1\" content=\"8 minutos\" \/>\n<script type=\"application\/ld+json\" class=\"yoast-schema-graph\">{\"@context\":\"https:\\\/\\\/schema.org\",\"@graph\":[{\"@type\":\"WebPage\",\"@id\":\"https:\\\/\\\/festival262.com\\\/program\\\/\",\"url\":\"https:\\\/\\\/festival262.com\\\/program\\\/\",\"name\":\"Program - F\\\/262 Festival Internacional de Fotografia\",\"isPartOf\":{\"@id\":\"https:\\\/\\\/festival262.com\\\/#website\"},\"primaryImageOfPage\":{\"@id\":\"https:\\\/\\\/festival262.com\\\/program\\\/#primaryimage\"},\"image\":{\"@id\":\"https:\\\/\\\/festival262.com\\\/program\\\/#primaryimage\"},\"thumbnailUrl\":\"https:\\\/\\\/festival262.com\\\/wp-content\\\/uploads\\\/2026\\\/01\\\/f262-COMMUNITY.png\",\"datePublished\":\"2025-07-30T23:42:20+00:00\",\"dateModified\":\"2026-04-09T15:49:43+00:00\",\"breadcrumb\":{\"@id\":\"https:\\\/\\\/festival262.com\\\/program\\\/#breadcrumb\"},\"inLanguage\":\"pt-PT\",\"potentialAction\":[{\"@type\":\"ReadAction\",\"target\":[\"https:\\\/\\\/festival262.com\\\/program\\\/\"]}]},{\"@type\":\"ImageObject\",\"inLanguage\":\"pt-PT\",\"@id\":\"https:\\\/\\\/festival262.com\\\/program\\\/#primaryimage\",\"url\":\"https:\\\/\\\/festival262.com\\\/wp-content\\\/uploads\\\/2026\\\/01\\\/f262-COMMUNITY.png\",\"contentUrl\":\"https:\\\/\\\/festival262.com\\\/wp-content\\\/uploads\\\/2026\\\/01\\\/f262-COMMUNITY.png\"},{\"@type\":\"BreadcrumbList\",\"@id\":\"https:\\\/\\\/festival262.com\\\/program\\\/#breadcrumb\",\"itemListElement\":[{\"@type\":\"ListItem\",\"position\":1,\"name\":\"Home\",\"item\":\"https:\\\/\\\/festival262.com\\\/\"},{\"@type\":\"ListItem\",\"position\":2,\"name\":\"Program\"}]},{\"@type\":\"WebSite\",\"@id\":\"https:\\\/\\\/festival262.com\\\/#website\",\"url\":\"https:\\\/\\\/festival262.com\\\/\",\"name\":\"F7262 Fetsival Internacional de Fotografia\",\"description\":\"Photography as Culture, Community, and Practice\",\"publisher\":{\"@id\":\"https:\\\/\\\/festival262.com\\\/#organization\"},\"alternateName\":\"Festival262\",\"potentialAction\":[{\"@type\":\"SearchAction\",\"target\":{\"@type\":\"EntryPoint\",\"urlTemplate\":\"https:\\\/\\\/festival262.com\\\/?s={search_term_string}\"},\"query-input\":{\"@type\":\"PropertyValueSpecification\",\"valueRequired\":true,\"valueName\":\"search_term_string\"}}],\"inLanguage\":\"pt-PT\"},{\"@type\":\"Organization\",\"@id\":\"https:\\\/\\\/festival262.com\\\/#organization\",\"name\":\"F\\\/262 Festival Internacional de Fotografia\",\"url\":\"https:\\\/\\\/festival262.com\\\/\",\"logo\":{\"@type\":\"ImageObject\",\"inLanguage\":\"pt-PT\",\"@id\":\"https:\\\/\\\/festival262.com\\\/#\\\/schema\\\/logo\\\/image\\\/\",\"url\":\"https:\\\/\\\/festival262.com\\\/wp-content\\\/uploads\\\/2019\\\/10\\\/cropped-f-262-icon-e-logo-scaled-1.png\",\"contentUrl\":\"https:\\\/\\\/festival262.com\\\/wp-content\\\/uploads\\\/2019\\\/10\\\/cropped-f-262-icon-e-logo-scaled-1.png\",\"width\":2558,\"height\":1048,\"caption\":\"F\\\/262 Festival Internacional de Fotografia\"},\"image\":{\"@id\":\"https:\\\/\\\/festival262.com\\\/#\\\/schema\\\/logo\\\/image\\\/\"}}]}<\/script>\n<!-- \/ Yoast SEO plugin. -->","yoast_head_json":{"title":"Program - F\/262 Festival Internacional de Fotografia","robots":{"index":"index","follow":"follow","max-snippet":"max-snippet:-1","max-image-preview":"max-image-preview:large","max-video-preview":"max-video-preview:-1"},"canonical":"https:\/\/festival262.com\/pt\/program\/","og_locale":"pt_PT","og_type":"article","og_title":"Program - F\/262 Festival Internacional de Fotografia","og_description":"Discover the F\/262 Program Photography isn\u2019t just what you see. It\u2019s how you experience it. F\/262 immerses Caldas da Rainha in visual storytelling\u2014through public installations, outdoor cinema, intimate talks, hands-on workshops, and specialized mini-festivals like the Analog Lab, Photo Book Club, and Photo Film Fest. It is more than a festival: it is a living [&hellip;]","og_url":"https:\/\/festival262.com\/pt\/program\/","og_site_name":"F\/262 Festival Internacional de Fotografia","article_modified_time":"2026-04-09T15:49:43+00:00","og_image":[{"width":800,"height":800,"url":"https:\/\/festival262.com\/wp-content\/uploads\/2026\/01\/f262-COMMUNITY.png","type":"image\/png"}],"twitter_card":"summary_large_image","twitter_misc":{"Tempo estimado de leitura":"8 minutos"},"schema":{"@context":"https:\/\/schema.org","@graph":[{"@type":"WebPage","@id":"https:\/\/festival262.com\/program\/","url":"https:\/\/festival262.com\/program\/","name":"Program - F\/262 Festival Internacional de Fotografia","isPartOf":{"@id":"https:\/\/festival262.com\/#website"},"primaryImageOfPage":{"@id":"https:\/\/festival262.com\/program\/#primaryimage"},"image":{"@id":"https:\/\/festival262.com\/program\/#primaryimage"},"thumbnailUrl":"https:\/\/festival262.com\/wp-content\/uploads\/2026\/01\/f262-COMMUNITY.png","datePublished":"2025-07-30T23:42:20+00:00","dateModified":"2026-04-09T15:49:43+00:00","breadcrumb":{"@id":"https:\/\/festival262.com\/program\/#breadcrumb"},"inLanguage":"pt-PT","potentialAction":[{"@type":"ReadAction","target":["https:\/\/festival262.com\/program\/"]}]},{"@type":"ImageObject","inLanguage":"pt-PT","@id":"https:\/\/festival262.com\/program\/#primaryimage","url":"https:\/\/festival262.com\/wp-content\/uploads\/2026\/01\/f262-COMMUNITY.png","contentUrl":"https:\/\/festival262.com\/wp-content\/uploads\/2026\/01\/f262-COMMUNITY.png"},{"@type":"BreadcrumbList","@id":"https:\/\/festival262.com\/program\/#breadcrumb","itemListElement":[{"@type":"ListItem","position":1,"name":"Home","item":"https:\/\/festival262.com\/"},{"@type":"ListItem","position":2,"name":"Program"}]},{"@type":"WebSite","@id":"https:\/\/festival262.com\/#website","url":"https:\/\/festival262.com\/","name":"F7262 Fetsival Internacional de Fotografia","description":"Photography as Culture, Community, and Practice","publisher":{"@id":"https:\/\/festival262.com\/#organization"},"alternateName":"Festival262","potentialAction":[{"@type":"SearchAction","target":{"@type":"EntryPoint","urlTemplate":"https:\/\/festival262.com\/?s={search_term_string}"},"query-input":{"@type":"PropertyValueSpecification","valueRequired":true,"valueName":"search_term_string"}}],"inLanguage":"pt-PT"},{"@type":"Organization","@id":"https:\/\/festival262.com\/#organization","name":"F\/262 Festival Internacional de Fotografia","url":"https:\/\/festival262.com\/","logo":{"@type":"ImageObject","inLanguage":"pt-PT","@id":"https:\/\/festival262.com\/#\/schema\/logo\/image\/","url":"https:\/\/festival262.com\/wp-content\/uploads\/2019\/10\/cropped-f-262-icon-e-logo-scaled-1.png","contentUrl":"https:\/\/festival262.com\/wp-content\/uploads\/2019\/10\/cropped-f-262-icon-e-logo-scaled-1.png","width":2558,"height":1048,"caption":"F\/262 Festival Internacional de Fotografia"},"image":{"@id":"https:\/\/festival262.com\/#\/schema\/logo\/image\/"}}]}},"_links":{"self":[{"href":"https:\/\/festival262.com\/pt\/wp-json\/wp\/v2\/pages\/2956","targetHints":{"allow":["GET"]}}],"collection":[{"href":"https:\/\/festival262.com\/pt\/wp-json\/wp\/v2\/pages"}],"about":[{"href":"https:\/\/festival262.com\/pt\/wp-json\/wp\/v2\/types\/page"}],"author":[{"embeddable":true,"href":"https:\/\/festival262.com\/pt\/wp-json\/wp\/v2\/users\/6"}],"replies":[{"embeddable":true,"href":"https:\/\/festival262.com\/pt\/wp-json\/wp\/v2\/comments?post=2956"}],"version-history":[{"count":5,"href":"https:\/\/festival262.com\/pt\/wp-json\/wp\/v2\/pages\/2956\/revisions"}],"predecessor-version":[{"id":7151,"href":"https:\/\/festival262.com\/pt\/wp-json\/wp\/v2\/pages\/2956\/revisions\/7151"}],"wp:attachment":[{"href":"https:\/\/festival262.com\/pt\/wp-json\/wp\/v2\/media?parent=2956"}],"curies":[{"name":"wp","href":"https:\/\/api.w.org\/{rel}","templated":true}]}}