{"id":90,"date":"2019-10-15T13:53:12","date_gmt":"2019-10-15T13:53:12","guid":{"rendered":"http:\/\/voelas-wp.dan-fisher.com\/?page_id=90"},"modified":"2026-04-29T18:30:10","modified_gmt":"2026-04-29T18:30:10","slug":"speakers","status":"publish","type":"page","link":"https:\/\/festival262.com\/fr\/speakers\/","title":{"rendered":"Intervenants"},"content":{"rendered":"<div data-elementor-type=\"wp-page\" data-elementor-id=\"90\" class=\"elementor elementor-90\">\n\t\t\t\t\t\t<section class=\"elementor-section elementor-top-section elementor-element elementor-element-29a9aff elementor-section-boxed elementor-section-height-default elementor-section-height-default\" data-id=\"29a9aff\" data-element_type=\"section\" data-e-type=\"section\">\n\t\t\t\t\t\t<div class=\"elementor-container elementor-column-gap-default\">\n\t\t\t\t\t<div class=\"elementor-column elementor-col-100 elementor-top-column elementor-element elementor-element-cd86708\" data-id=\"cd86708\" data-element_type=\"column\" data-e-type=\"column\">\n\t\t\t<div class=\"elementor-widget-wrap elementor-element-populated\">\n\t\t\t\t\t\t<div class=\"elementor-element elementor-element-0688083 elementor-widget elementor-widget-heading\" data-id=\"0688083\" data-element_type=\"widget\" data-e-type=\"widget\" data-widget_type=\"heading.default\">\n\t\t\t\t<div class=\"elementor-widget-container\">\n\t\t\t\t\t<h2 class=\"elementor-heading-title elementor-size-default\">Les voix derri\u00e8re la vision<\/h2>\t\t\t\t<\/div>\n\t\t\t\t<\/div>\n\t\t\t\t<div class=\"elementor-element elementor-element-eb72d94 elementor-widget elementor-widget-text-editor\" data-id=\"eb72d94\" data-element_type=\"widget\" data-e-type=\"widget\" data-widget_type=\"text-editor.default\">\n\t\t\t\t<div class=\"elementor-widget-container\">\n\t\t\t\t\t\t\t\t\t<p>\u00c0<strong> F\/262,<\/strong> Nous croyons au pouvoir du dialogue. Notre programme de conf\u00e9renciers comprendra une gamme diversifi\u00e9e de photographes, de conservateurs, d'\u00e9ducateurs et de penseurs visuels du Portugal et du monde entier. Des discours d'ouverture aux tables rondes et aux ateliers dirig\u00e9s par des artistes <strong>Q&amp;As,<\/strong> Ces sessions sont con\u00e7ues pour susciter de nouvelles perspectives et inspirer votre voyage cr\u00e9atif.<\/p>\t\t\t\t\t\t\t\t<\/div>\n\t\t\t\t<\/div>\n\t\t\t\t\t<\/div>\n\t\t<\/div>\n\t\t\t\t\t<\/div>\n\t\t<\/section>\n\t\t\t\t<section class=\"elementor-section elementor-top-section elementor-element elementor-element-328572c elementor-section-boxed elementor-section-height-default elementor-section-height-default\" data-id=\"328572c\" data-element_type=\"section\" data-e-type=\"section\">\n\t\t\t\t\t\t<div class=\"elementor-container elementor-column-gap-default\">\n\t\t\t\t\t<div class=\"elementor-column elementor-col-50 elementor-top-column elementor-element elementor-element-9ffe887\" data-id=\"9ffe887\" data-element_type=\"column\" data-e-type=\"column\">\n\t\t\t<div class=\"elementor-widget-wrap elementor-element-populated\">\n\t\t\t\t\t\t<div class=\"elementor-element elementor-element-a31bb62 elementor-widget elementor-widget-heading\" data-id=\"a31bb62\" data-element_type=\"widget\" data-e-type=\"widget\" data-widget_type=\"heading.default\">\n\t\t\t\t<div class=\"elementor-widget-container\">\n\t\t\t\t\t<h2 class=\"elementor-heading-title elementor-size-default\">Plus que de simples discussions<\/h2>\t\t\t\t<\/div>\n\t\t\t\t<\/div>\n\t\t\t\t<div class=\"elementor-element elementor-element-c07253c elementor-widget elementor-widget-text-editor\" data-id=\"c07253c\" data-element_type=\"widget\" data-e-type=\"widget\" data-widget_type=\"text-editor.default\">\n\t\t\t\t<div class=\"elementor-widget-container\">\n\t\t\t\t\t\t\t\t\t<p data-start=\"106\" data-end=\"386\">Nous organisons un m\u00e9lange dynamique de voix internationales et de talents locaux afin d\u2019explorer les intersections entre <strong data-start=\"208\" data-end=\"268\">photographie, identit\u00e9, technologie et pratique cr\u00e9ative<\/strong>. Attendez-vous \u00e0 des conversations intimes, \u00e0 des d\u00e9bats stimulants et \u00e0 des id\u00e9es pratiques que vous pouvez apporter \u00e0 votre propre travail.<\/p><ul data-start=\"388\" data-end=\"602\"><li data-start=\"388\" data-end=\"439\"><p data-start=\"390\" data-end=\"439\"><strong data-start=\"390\" data-end=\"415\">Expos\u00e9s liminaires<\/strong> des leaders de l'industrie<\/p><\/li><li data-start=\"440\" data-end=\"485\"><p data-start=\"442\" data-end=\"485\"><strong data-start=\"442\" data-end=\"461\">Q&amp;As dirig\u00e9 par l'artiste<\/strong> et tables rondes<\/p><\/li><li data-start=\"486\" data-end=\"531\"><p data-start=\"488\" data-end=\"531\"><strong data-start=\"488\" data-end=\"504\">\u00c9tudes de cas<\/strong> et des visites guid\u00e9es du projet<\/p><\/li><li data-start=\"532\" data-end=\"602\"><p data-start=\"534\" data-end=\"602\"><strong data-start=\"534\" data-end=\"551\">Conversations<\/strong> sur l\u2019\u00e9thique, l\u2019identit\u00e9 et la durabilit\u00e9 cr\u00e9ative<\/p><\/li><\/ul>\t\t\t\t\t\t\t\t<\/div>\n\t\t\t\t<\/div>\n\t\t\t\t\t<\/div>\n\t\t<\/div>\n\t\t\t\t<div class=\"elementor-column elementor-col-50 elementor-top-column elementor-element elementor-element-2816e14\" data-id=\"2816e14\" data-element_type=\"column\" data-e-type=\"column\">\n\t\t\t<div class=\"elementor-widget-wrap elementor-element-populated\">\n\t\t\t\t\t\t<div class=\"elementor-element elementor-element-a4204fd elementor-widget elementor-widget-image\" data-id=\"a4204fd\" data-element_type=\"widget\" data-e-type=\"widget\" data-widget_type=\"image.default\">\n\t\t\t\t<div class=\"elementor-widget-container\">\n\t\t\t\t\t\t\t\t\t\t\t\t\t\t\t<img fetchpriority=\"high\" decoding=\"async\" width=\"1024\" height=\"683\" src=\"https:\/\/festival262.com\/wp-content\/uploads\/2025\/08\/DSCF0084-1024x683.jpg\" class=\"attachment-large size-large wp-image-3925\" alt=\"\" srcset=\"https:\/\/festival262.com\/wp-content\/uploads\/2025\/08\/DSCF0084-1024x683.jpg 1024w, https:\/\/festival262.com\/wp-content\/uploads\/2025\/08\/DSCF0084-300x200.jpg 300w, https:\/\/festival262.com\/wp-content\/uploads\/2025\/08\/DSCF0084-768x512.jpg 768w, https:\/\/festival262.com\/wp-content\/uploads\/2025\/08\/DSCF0084-1536x1024.jpg 1536w, https:\/\/festival262.com\/wp-content\/uploads\/2025\/08\/DSCF0084-2048x1366.jpg 2048w, https:\/\/festival262.com\/wp-content\/uploads\/2025\/08\/DSCF0084-1320x880.jpg 1320w, https:\/\/festival262.com\/wp-content\/uploads\/2025\/08\/DSCF0084-600x400.jpg 600w\" sizes=\"(max-width: 1024px) 100vw, 1024px\" \/>\t\t\t\t\t\t\t\t\t\t\t\t\t\t\t<\/div>\n\t\t\t\t<\/div>\n\t\t\t\t\t<\/div>\n\t\t<\/div>\n\t\t\t\t\t<\/div>\n\t\t<\/section>\n\t\t\t\t<section class=\"elementor-section elementor-top-section elementor-element elementor-element-a6e0100 elementor-section-boxed elementor-section-height-default elementor-section-height-default\" data-id=\"a6e0100\" data-element_type=\"section\" data-e-type=\"section\">\n\t\t\t\t\t\t<div class=\"elementor-container elementor-column-gap-default\">\n\t\t\t\t\t<div class=\"elementor-column elementor-col-100 elementor-top-column elementor-element elementor-element-2fd37ff\" data-id=\"2fd37ff\" data-element_type=\"column\" data-e-type=\"column\">\n\t\t\t<div class=\"elementor-widget-wrap elementor-element-populated\">\n\t\t\t\t\t\t<div class=\"elementor-element elementor-element-82a287e elementor-widget elementor-widget-spacer\" data-id=\"82a287e\" data-element_type=\"widget\" data-e-type=\"widget\" data-widget_type=\"spacer.default\">\n\t\t\t\t<div class=\"elementor-widget-container\">\n\t\t\t\t\t\t\t<div class=\"elementor-spacer\">\n\t\t\t<div class=\"elementor-spacer-inner\"><\/div>\n\t\t<\/div>\n\t\t\t\t\t\t<\/div>\n\t\t\t\t<\/div>\n\t\t\t\t<section class=\"elementor-section elementor-inner-section elementor-element elementor-element-a5037e0 elementor-section-boxed elementor-section-height-default elementor-section-height-default\" data-id=\"a5037e0\" data-element_type=\"section\" data-e-type=\"section\">\n\t\t\t\t\t\t<div class=\"elementor-container elementor-column-gap-default\">\n\t\t\t\t\t<div class=\"elementor-column elementor-col-20 elementor-inner-column elementor-element elementor-element-c3e0407\" data-id=\"c3e0407\" data-element_type=\"column\" data-e-type=\"column\">\n\t\t\t<div class=\"elementor-widget-wrap\">\n\t\t\t\t\t\t\t<\/div>\n\t\t<\/div>\n\t\t\t\t<div class=\"elementor-column elementor-col-20 elementor-inner-column elementor-element elementor-element-2292120\" data-id=\"2292120\" data-element_type=\"column\" data-e-type=\"column\">\n\t\t\t<div class=\"elementor-widget-wrap elementor-element-populated\">\n\t\t\t\t\t\t<div class=\"elementor-element elementor-element-1908484 elementor-widget elementor-widget-image\" data-id=\"1908484\" data-element_type=\"widget\" data-e-type=\"widget\" data-widget_type=\"image.default\">\n\t\t\t\t<div class=\"elementor-widget-container\">\n\t\t\t\t\t\t\t\t\t\t\t\t\t\t\t<img decoding=\"async\" width=\"115\" height=\"115\" src=\"https:\/\/festival262.com\/wp-content\/uploads\/2026\/02\/expos.svg\" class=\"attachment-full size-full wp-image-5874\" alt=\"\" \/>\t\t\t\t\t\t\t\t\t\t\t\t\t\t\t<\/div>\n\t\t\t\t<\/div>\n\t\t\t\t\t<\/div>\n\t\t<\/div>\n\t\t\t\t<div class=\"elementor-column elementor-col-20 elementor-inner-column elementor-element elementor-element-eb89098\" data-id=\"eb89098\" data-element_type=\"column\" data-e-type=\"column\">\n\t\t\t<div class=\"elementor-widget-wrap elementor-element-populated\">\n\t\t\t\t\t\t<div class=\"elementor-element elementor-element-b3597ca elementor-widget elementor-widget-image\" data-id=\"b3597ca\" data-element_type=\"widget\" data-e-type=\"widget\" data-widget_type=\"image.default\">\n\t\t\t\t<div class=\"elementor-widget-container\">\n\t\t\t\t\t\t\t\t\t\t\t\t\t\t\t<img decoding=\"async\" width=\"115\" height=\"115\" src=\"https:\/\/festival262.com\/wp-content\/uploads\/2026\/02\/talks.svg\" class=\"attachment-full size-full wp-image-5875\" alt=\"\" \/>\t\t\t\t\t\t\t\t\t\t\t\t\t\t\t<\/div>\n\t\t\t\t<\/div>\n\t\t\t\t\t<\/div>\n\t\t<\/div>\n\t\t\t\t<div class=\"elementor-column elementor-col-20 elementor-inner-column elementor-element elementor-element-8295546\" data-id=\"8295546\" data-element_type=\"column\" data-e-type=\"column\">\n\t\t\t<div class=\"elementor-widget-wrap elementor-element-populated\">\n\t\t\t\t\t\t<div class=\"elementor-element elementor-element-7e8e344 elementor-widget elementor-widget-image\" data-id=\"7e8e344\" data-element_type=\"widget\" data-e-type=\"widget\" data-widget_type=\"image.default\">\n\t\t\t\t<div class=\"elementor-widget-container\">\n\t\t\t\t\t\t\t\t\t\t\t\t\t\t\t<img loading=\"lazy\" decoding=\"async\" width=\"115\" height=\"115\" src=\"https:\/\/festival262.com\/wp-content\/uploads\/2026\/02\/workshops.svg\" class=\"attachment-full size-full wp-image-5876\" alt=\"\" \/>\t\t\t\t\t\t\t\t\t\t\t\t\t\t\t<\/div>\n\t\t\t\t<\/div>\n\t\t\t\t\t<\/div>\n\t\t<\/div>\n\t\t\t\t<div class=\"elementor-column elementor-col-20 elementor-inner-column elementor-element elementor-element-cc20f20\" data-id=\"cc20f20\" data-element_type=\"column\" data-e-type=\"column\">\n\t\t\t<div class=\"elementor-widget-wrap\">\n\t\t\t\t\t\t\t<\/div>\n\t\t<\/div>\n\t\t\t\t\t<\/div>\n\t\t<\/section>\n\t\t\t\t\t<\/div>\n\t\t<\/div>\n\t\t\t\t\t<\/div>\n\t\t<\/section>\n\t\t\t\t<section class=\"elementor-section elementor-top-section elementor-element elementor-element-eea9ced elementor-section-boxed elementor-section-height-default elementor-section-height-default\" data-id=\"eea9ced\" data-element_type=\"section\" data-e-type=\"section\">\n\t\t\t\t\t\t<div class=\"elementor-container elementor-column-gap-default\">\n\t\t\t\t\t<div class=\"elementor-column elementor-col-16 elementor-top-column elementor-element elementor-element-0c6b802\" data-id=\"0c6b802\" data-element_type=\"column\" data-e-type=\"column\">\n\t\t\t<div class=\"elementor-widget-wrap elementor-element-populated\">\n\t\t\t\t\t\t<div class=\"elementor-element elementor-element-ce6bad7 team-filter filter-f262 elementor-widget elementor-widget-image\" data-id=\"ce6bad7\" data-element_type=\"widget\" data-e-type=\"widget\" data-widget_type=\"image.default\">\n\t\t\t\t<div class=\"elementor-widget-container\">\n\t\t\t\t\t\t\t\t\t\t\t\t\t\t\t<img loading=\"lazy\" decoding=\"async\" width=\"800\" height=\"800\" src=\"https:\/\/festival262.com\/wp-content\/uploads\/2026\/01\/f262.png\" class=\"attachment-full size-full wp-image-5731\" alt=\"\" srcset=\"https:\/\/festival262.com\/wp-content\/uploads\/2026\/01\/f262.png 800w, https:\/\/festival262.com\/wp-content\/uploads\/2026\/01\/f262-300x300.png 300w, https:\/\/festival262.com\/wp-content\/uploads\/2026\/01\/f262-150x150.png 150w, https:\/\/festival262.com\/wp-content\/uploads\/2026\/01\/f262-768x768.png 768w, https:\/\/festival262.com\/wp-content\/uploads\/2026\/01\/f262-600x600.png 600w, https:\/\/festival262.com\/wp-content\/uploads\/2026\/01\/f262-100x100.png 100w\" sizes=\"(max-width: 800px) 100vw, 800px\" \/>\t\t\t\t\t\t\t\t\t\t\t\t\t\t\t<\/div>\n\t\t\t\t<\/div>\n\t\t\t\t\t<\/div>\n\t\t<\/div>\n\t\t\t\t<div class=\"elementor-column elementor-col-16 elementor-top-column elementor-element elementor-element-990fbc0\" data-id=\"990fbc0\" data-element_type=\"column\" data-e-type=\"column\">\n\t\t\t<div class=\"elementor-widget-wrap elementor-element-populated\">\n\t\t\t\t\t\t<div class=\"elementor-element elementor-element-8e8b6d3 team-filter filter-fsos elementor-widget elementor-widget-image\" data-id=\"8e8b6d3\" data-element_type=\"widget\" data-e-type=\"widget\" data-widget_type=\"image.default\">\n\t\t\t\t<div class=\"elementor-widget-container\">\n\t\t\t\t\t\t\t\t\t\t\t\t\t\t\t<img loading=\"lazy\" decoding=\"async\" width=\"800\" height=\"800\" src=\"https:\/\/festival262.com\/wp-content\/uploads\/2026\/01\/f262-stories-of-solidarity-1.png\" class=\"attachment-full size-full wp-image-5732\" alt=\"\" srcset=\"https:\/\/festival262.com\/wp-content\/uploads\/2026\/01\/f262-stories-of-solidarity-1.png 800w, https:\/\/festival262.com\/wp-content\/uploads\/2026\/01\/f262-stories-of-solidarity-1-300x300.png 300w, https:\/\/festival262.com\/wp-content\/uploads\/2026\/01\/f262-stories-of-solidarity-1-150x150.png 150w, https:\/\/festival262.com\/wp-content\/uploads\/2026\/01\/f262-stories-of-solidarity-1-768x768.png 768w, https:\/\/festival262.com\/wp-content\/uploads\/2026\/01\/f262-stories-of-solidarity-1-600x600.png 600w, https:\/\/festival262.com\/wp-content\/uploads\/2026\/01\/f262-stories-of-solidarity-1-100x100.png 100w\" sizes=\"(max-width: 800px) 100vw, 800px\" \/>\t\t\t\t\t\t\t\t\t\t\t\t\t\t\t<\/div>\n\t\t\t\t<\/div>\n\t\t\t\t\t<\/div>\n\t\t<\/div>\n\t\t\t\t<div class=\"elementor-column elementor-col-16 elementor-top-column elementor-element elementor-element-f169a1c\" data-id=\"f169a1c\" data-element_type=\"column\" data-e-type=\"column\">\n\t\t\t<div class=\"elementor-widget-wrap elementor-element-populated\">\n\t\t\t\t\t\t<div class=\"elementor-element elementor-element-ac5a6a4 team-filter filter-analog elementor-widget elementor-widget-image\" data-id=\"ac5a6a4\" data-element_type=\"widget\" data-e-type=\"widget\" data-widget_type=\"image.default\">\n\t\t\t\t<div class=\"elementor-widget-container\">\n\t\t\t\t\t\t\t\t\t\t\t\t\t\t\t<img loading=\"lazy\" decoding=\"async\" width=\"800\" height=\"800\" src=\"https:\/\/festival262.com\/wp-content\/uploads\/2026\/01\/f262-analog-lab.png\" class=\"attachment-full size-full wp-image-5520\" alt=\"\" srcset=\"https:\/\/festival262.com\/wp-content\/uploads\/2026\/01\/f262-analog-lab.png 800w, https:\/\/festival262.com\/wp-content\/uploads\/2026\/01\/f262-analog-lab-300x300.png 300w, https:\/\/festival262.com\/wp-content\/uploads\/2026\/01\/f262-analog-lab-150x150.png 150w, https:\/\/festival262.com\/wp-content\/uploads\/2026\/01\/f262-analog-lab-768x768.png 768w, https:\/\/festival262.com\/wp-content\/uploads\/2026\/01\/f262-analog-lab-600x600.png 600w, https:\/\/festival262.com\/wp-content\/uploads\/2026\/01\/f262-analog-lab-100x100.png 100w\" sizes=\"(max-width: 800px) 100vw, 800px\" \/>\t\t\t\t\t\t\t\t\t\t\t\t\t\t\t<\/div>\n\t\t\t\t<\/div>\n\t\t\t\t\t<\/div>\n\t\t<\/div>\n\t\t\t\t<div class=\"elementor-column elementor-col-16 elementor-top-column elementor-element elementor-element-5f75545\" data-id=\"5f75545\" data-element_type=\"column\" data-e-type=\"column\">\n\t\t\t<div class=\"elementor-widget-wrap elementor-element-populated\">\n\t\t\t\t\t\t<div class=\"elementor-element elementor-element-d5dfb82 team-filter filter-photobook elementor-widget elementor-widget-image\" data-id=\"d5dfb82\" data-element_type=\"widget\" data-e-type=\"widget\" data-widget_type=\"image.default\">\n\t\t\t\t<div class=\"elementor-widget-container\">\n\t\t\t\t\t\t\t\t\t\t\t\t\t\t\t<img loading=\"lazy\" decoding=\"async\" width=\"800\" height=\"800\" src=\"https:\/\/festival262.com\/wp-content\/uploads\/2026\/01\/f262-photo-book-club.png\" class=\"attachment-full size-full wp-image-5521\" alt=\"\" srcset=\"https:\/\/festival262.com\/wp-content\/uploads\/2026\/01\/f262-photo-book-club.png 800w, https:\/\/festival262.com\/wp-content\/uploads\/2026\/01\/f262-photo-book-club-300x300.png 300w, https:\/\/festival262.com\/wp-content\/uploads\/2026\/01\/f262-photo-book-club-150x150.png 150w, https:\/\/festival262.com\/wp-content\/uploads\/2026\/01\/f262-photo-book-club-768x768.png 768w, https:\/\/festival262.com\/wp-content\/uploads\/2026\/01\/f262-photo-book-club-600x600.png 600w, https:\/\/festival262.com\/wp-content\/uploads\/2026\/01\/f262-photo-book-club-100x100.png 100w\" sizes=\"(max-width: 800px) 100vw, 800px\" \/>\t\t\t\t\t\t\t\t\t\t\t\t\t\t\t<\/div>\n\t\t\t\t<\/div>\n\t\t\t\t\t<\/div>\n\t\t<\/div>\n\t\t\t\t<div class=\"elementor-column elementor-col-16 elementor-top-column elementor-element elementor-element-a918b45\" data-id=\"a918b45\" data-element_type=\"column\" data-e-type=\"column\">\n\t\t\t<div class=\"elementor-widget-wrap elementor-element-populated\">\n\t\t\t\t\t\t<div class=\"elementor-element elementor-element-6ee2d75 team-filter filter-filmfest elementor-widget elementor-widget-image\" data-id=\"6ee2d75\" data-element_type=\"widget\" data-e-type=\"widget\" data-widget_type=\"image.default\">\n\t\t\t\t<div class=\"elementor-widget-container\">\n\t\t\t\t\t\t\t\t\t\t\t\t\t\t\t<img loading=\"lazy\" decoding=\"async\" width=\"800\" height=\"800\" src=\"https:\/\/festival262.com\/wp-content\/uploads\/2026\/01\/f262-photo-film-festival.png\" class=\"attachment-full size-full wp-image-5522\" alt=\"\" srcset=\"https:\/\/festival262.com\/wp-content\/uploads\/2026\/01\/f262-photo-film-festival.png 800w, https:\/\/festival262.com\/wp-content\/uploads\/2026\/01\/f262-photo-film-festival-300x300.png 300w, https:\/\/festival262.com\/wp-content\/uploads\/2026\/01\/f262-photo-film-festival-150x150.png 150w, https:\/\/festival262.com\/wp-content\/uploads\/2026\/01\/f262-photo-film-festival-768x768.png 768w, https:\/\/festival262.com\/wp-content\/uploads\/2026\/01\/f262-photo-film-festival-600x600.png 600w, https:\/\/festival262.com\/wp-content\/uploads\/2026\/01\/f262-photo-film-festival-100x100.png 100w\" sizes=\"(max-width: 800px) 100vw, 800px\" \/>\t\t\t\t\t\t\t\t\t\t\t\t\t\t\t<\/div>\n\t\t\t\t<\/div>\n\t\t\t\t\t<\/div>\n\t\t<\/div>\n\t\t\t\t<div class=\"elementor-column elementor-col-16 elementor-top-column elementor-element elementor-element-c061f99\" data-id=\"c061f99\" data-element_type=\"column\" data-e-type=\"column\">\n\t\t\t<div class=\"elementor-widget-wrap elementor-element-populated\">\n\t\t\t\t\t\t<div class=\"elementor-element elementor-element-2a3a6be team-filter filter-nextgen elementor-widget elementor-widget-image\" data-id=\"2a3a6be\" data-element_type=\"widget\" data-e-type=\"widget\" data-widget_type=\"image.default\">\n\t\t\t\t<div class=\"elementor-widget-container\">\n\t\t\t\t\t\t\t\t\t\t\t\t\t\t\t<img loading=\"lazy\" decoding=\"async\" width=\"800\" height=\"800\" src=\"https:\/\/festival262.com\/wp-content\/uploads\/2026\/01\/F262-NEXT-GEN.png\" class=\"attachment-full size-full wp-image-5519\" alt=\"\" srcset=\"https:\/\/festival262.com\/wp-content\/uploads\/2026\/01\/F262-NEXT-GEN.png 800w, https:\/\/festival262.com\/wp-content\/uploads\/2026\/01\/F262-NEXT-GEN-300x300.png 300w, https:\/\/festival262.com\/wp-content\/uploads\/2026\/01\/F262-NEXT-GEN-150x150.png 150w, https:\/\/festival262.com\/wp-content\/uploads\/2026\/01\/F262-NEXT-GEN-768x768.png 768w, https:\/\/festival262.com\/wp-content\/uploads\/2026\/01\/F262-NEXT-GEN-600x600.png 600w, https:\/\/festival262.com\/wp-content\/uploads\/2026\/01\/F262-NEXT-GEN-100x100.png 100w\" sizes=\"(max-width: 800px) 100vw, 800px\" \/>\t\t\t\t\t\t\t\t\t\t\t\t\t\t\t<\/div>\n\t\t\t\t<\/div>\n\t\t\t\t\t<\/div>\n\t\t<\/div>\n\t\t\t\t\t<\/div>\n\t\t<\/section>\n\t\t\t\t<section class=\"elementor-section elementor-top-section elementor-element elementor-element-a4ab753 elementor-section-boxed elementor-section-height-default elementor-section-height-default\" data-id=\"a4ab753\" data-element_type=\"section\" data-e-type=\"section\">\n\t\t\t\t\t\t<div class=\"elementor-container elementor-column-gap-default\">\n\t\t\t\t\t<div class=\"elementor-column elementor-col-100 elementor-top-column elementor-element elementor-element-9f685cd\" data-id=\"9f685cd\" data-element_type=\"column\" data-e-type=\"column\">\n\t\t\t<div class=\"elementor-widget-wrap elementor-element-populated\">\n\t\t\t\t\t\t<div class=\"elementor-element elementor-element-df58b84 team-filter-reset elementor-widget elementor-widget-text-editor\" data-id=\"df58b84\" data-element_type=\"widget\" data-e-type=\"widget\" data-widget_type=\"text-editor.default\">\n\t\t\t\t<div class=\"elementor-widget-container\">\n\t\t\t\t\t\t\t\t\t<p><strong>Afficher tout<\/strong><\/p>\t\t\t\t\t\t\t\t<\/div>\n\t\t\t\t<\/div>\n\t\t\t\t\t<\/div>\n\t\t<\/div>\n\t\t\t\t\t<\/div>\n\t\t<\/section>\n\t\t\t\t<section class=\"elementor-section elementor-top-section elementor-element elementor-element-af0869e elementor-section-boxed elementor-section-height-default elementor-section-height-default\" data-id=\"af0869e\" data-element_type=\"section\" data-e-type=\"section\">\n\t\t\t\t\t\t<div class=\"elementor-container elementor-column-gap-default\">\n\t\t\t\t\t<div class=\"elementor-column elementor-col-16 elementor-top-column elementor-element elementor-element-a4e9b43\" data-id=\"a4e9b43\" data-element_type=\"column\" data-e-type=\"column\">\n\t\t\t<div class=\"elementor-widget-wrap elementor-element-populated\">\n\t\t\t\t\t\t<div class=\"elementor-element elementor-element-0849ea6 team-member member-filmfest eael-team-align-eael-team-align-default elementor-widget elementor-widget-eael-team-member\" data-id=\"0849ea6\" data-element_type=\"widget\" data-e-type=\"widget\" data-widget_type=\"eael-team-member.default\">\n\t\t\t\t<div class=\"elementor-widget-container\">\n\t\t\t\t\t\n\n\t<div id=\"eael-team-member-0849ea6\" class=\"eael-team-item eael-team-members-simple\">\n\t\t<div class=\"eael-team-item-inner\">\n\t\t\t<div class=\"eael-team-image\">\n\t\t\t\t<figure>\n\t\t\t\t\t\t\t\t\t\t<img decoding=\"async\" src=\"https:\/\/festival262.com\/wp-content\/uploads\/2025\/11\/F262-SPEAKERS-.png\" alt=\"\">\n\t\t\t\t\t\t\t\t\t<\/figure>\n\t\t\t\t\n\t\t\t\t\n\t\t\t<\/div>\n\n\t\t\t<div class=\"eael-team-content\">\n\t\t\t\t<h2 class=\"eael-team-member-name\">Danielle Khan Da Silva<\/h2><h3 class=\"eael-team-member-position\">Cin\u00e9aste \u00e9cologiste<\/h3>\n\t\t\t\t\t\t\t\t\t\t\t\t\t\t\t<ul class=\"eael-team-member-social-profiles\">\n\t\t\t\t\t\t\t\t\t\t\t\t\t\t\t\t\t\t\t\t\t\t\t\t\t\t\t\t\t\t\t\t\t\t\t\t\t\t\t\t\t<li class=\"eael-team-member-social-link\">\n\t\t\t\t\t\t\t\t\t\t<a href=\"https:\/\/www.danikhandasilva.com\/\" target=\"_blank\">\n\t\t\t\t\t\t\t\t\t\t\t\t\t\t\t\t\t\t\t\t\t\t\t<i aria-hidden=\"true\" class=\"fas fa-camera-retro\"><\/i>\t\t\t\t\t\t\t\t\t\t\t\t\t\t\t\t\t\t\t\t\t<\/a>\n\t\t\t\t\t\t\t\t\t<\/li>\n\t\t\t\t\t\t\t\t\t\t\t\t\t\t\t\t\t\t\t\t\t\t\t\t\t\t\t\t\t\t\t\t\t\t\t\t\t\t\t\t\t\t\t\t\t\t\t\t\t<li class=\"eael-team-member-social-link\">\n\t\t\t\t\t\t\t\t\t\t<a href=\"https:\/\/www.photographerswithoutborders.org\/\" target=\"_blank\">\n\t\t\t\t\t\t\t\t\t\t\t\t\t\t\t\t\t\t\t\t\t\t\t<i aria-hidden=\"true\" class=\"fas fa-globe-americas\"><\/i>\t\t\t\t\t\t\t\t\t\t\t\t\t\t\t\t\t\t\t\t\t<\/a>\n\t\t\t\t\t\t\t\t\t<\/li>\n\t\t\t\t\t\t\t\t\t\t\t\t\t\t\t\t\t\t\t\t\t\t\t\t\t\t\t\t\t\t\t\t\t\t\t\t\t\t\t\t\t\t\t\t\t\t\t\t\t<li class=\"eael-team-member-social-link\">\n\t\t\t\t\t\t\t\t\t\t<a href=\"https:\/\/www.instagram.com\/danikhandasilva\/\" target=\"_blank\">\n\t\t\t\t\t\t\t\t\t\t\t\t\t\t\t\t\t\t\t\t\t\t\t<i aria-hidden=\"true\" class=\"fab fa-instagram\"><\/i>\t\t\t\t\t\t\t\t\t\t\t\t\t\t\t\t\t\t\t\t\t<\/a>\n\t\t\t\t\t\t\t\t\t<\/li>\n\t\t\t\t\t\t\t\t\t\t\t\t\t\t\t\t\t\t\t\t\t<\/ul>\n\t\t\t\t\t\t\t\t\t\t<p class=\"eael-team-text\">Conteur sud-asiatique-portugais prim\u00e9, National Geographic Explorer et fondateur de Photographes sans fronti\u00e8res. Cr\u00e9ateur du programme de mentorat Reclaim Power, avec des projets couvrant la science autochtone, la tutelle des oc\u00e9ans et la communication intersp\u00e9cifique. Publi\u00e9 par National Geographic, The Guardian, Patagonia, The Economist et les Nations Unies. R\u00e9cipiendaire du prix Sony Alpha Female et class\u00e9e parmi les 30 meilleures entreprises canadiennes de moins de 30 ans en d\u00e9veloppement durable.<\/p>\n\t\t\t\t\t\t\t<\/div>\n\t\t<\/div>\n\t<\/div>\n\t\t\t\t\t<\/div>\n\t\t\t\t<\/div>\n\t\t\t\t\t<\/div>\n\t\t<\/div>\n\t\t\t\t<div class=\"elementor-column elementor-col-16 elementor-top-column elementor-element elementor-element-3769813\" data-id=\"3769813\" data-element_type=\"column\" data-e-type=\"column\">\n\t\t\t<div class=\"elementor-widget-wrap elementor-element-populated\">\n\t\t\t\t\t\t<div class=\"elementor-element elementor-element-b736814 team-member member-fsos eael-team-align-eael-team-align-default elementor-widget elementor-widget-eael-team-member\" data-id=\"b736814\" data-element_type=\"widget\" data-e-type=\"widget\" data-widget_type=\"eael-team-member.default\">\n\t\t\t\t<div class=\"elementor-widget-container\">\n\t\t\t\t\t\n\n\t<div id=\"eael-team-member-b736814\" class=\"eael-team-item eael-team-members-simple\">\n\t\t<div class=\"eael-team-item-inner\">\n\t\t\t<div class=\"eael-team-image\">\n\t\t\t\t<figure>\n\t\t\t\t\t\t\t\t\t\t<img decoding=\"async\" src=\"https:\/\/festival262.com\/wp-content\/uploads\/2025\/11\/13.png\" alt=\"\">\n\t\t\t\t\t\t\t\t\t<\/figure>\n\t\t\t\t\n\t\t\t\t\n\t\t\t<\/div>\n\n\t\t\t<div class=\"eael-team-content\">\n\t\t\t\t<h2 class=\"eael-team-member-name\">Nick Brandt<\/h2><h3 class=\"eael-team-member-position\">Photographe environnemental internationalement reconnu<\/h3>\n\t\t\t\t\t\t\t\t\t\t\t\t\t\t\t<ul class=\"eael-team-member-social-profiles\">\n\t\t\t\t\t\t\t\t\t\t\t\t\t\t\t\t\t\t\t\t\t\t\t\t\t\t\t\t\t\t\t\t\t\t\t\t\t\t\t\t\t<li class=\"eael-team-member-social-link\">\n\t\t\t\t\t\t\t\t\t\t<a href=\"https:\/\/www.instagram.com\/nickbrandtphotography\/\" target=\"_blank\">\n\t\t\t\t\t\t\t\t\t\t\t\t\t\t\t\t\t\t\t\t\t\t\t<i aria-hidden=\"true\" class=\"fab fa-instagram\"><\/i>\t\t\t\t\t\t\t\t\t\t\t\t\t\t\t\t\t\t\t\t\t<\/a>\n\t\t\t\t\t\t\t\t\t<\/li>\n\t\t\t\t\t\t\t\t\t\t\t\t\t\t\t\t\t\t\t\t\t\t\t\t\t\t\t\t\t\t\t\t\t\t\t\t\t\t\t\t\t\t\t\t\t\t\t\t\t<li class=\"eael-team-member-social-link\">\n\t\t\t\t\t\t\t\t\t\t<a href=\"https:\/\/www.nickbrandt.com\/home\/?showSplash=false\" target=\"_blank\">\n\t\t\t\t\t\t\t\t\t\t\t\t\t\t\t\t\t\t\t\t\t\t\t<i aria-hidden=\"true\" class=\"fas fa-globe\"><\/i>\t\t\t\t\t\t\t\t\t\t\t\t\t\t\t\t\t\t\t\t\t<\/a>\n\t\t\t\t\t\t\t\t\t<\/li>\n\t\t\t\t\t\t\t\t\t\t\t\t\t\t\t\t\t\t\t\t\t<\/ul>\n\t\t\t\t\t\t\t\t\t\t<p class=\"eael-team-text\">Le photographe de renomm\u00e9e internationale Nick Brandt est connu pour ses s\u00e9ries puissantes qui confrontent l'impact destructeur de l'humanit\u00e9 sur les animaux, les personnes et l'environnement. De sa trilogie est-africaine \u00e0 Inherit the Dust, This Empty World, en passant par The Day May Break, son travail m\u00eale une narration visuelle saisissante \u00e0 des th\u00e8mes \u00e9cologiques et humanitaires urgents. Cofondateur de la Big Life Foundation, Brandt a expos\u00e9 dans le monde entier et publi\u00e9 de nombreux livres prim\u00e9s.<\/p>\n\t\t\t\t\t\t\t<\/div>\n\t\t<\/div>\n\t<\/div>\n\t\t\t\t\t<\/div>\n\t\t\t\t<\/div>\n\t\t\t\t\t<\/div>\n\t\t<\/div>\n\t\t\t\t<div class=\"elementor-column elementor-col-16 elementor-top-column elementor-element elementor-element-541bced\" data-id=\"541bced\" data-element_type=\"column\" data-e-type=\"column\">\n\t\t\t<div class=\"elementor-widget-wrap elementor-element-populated\">\n\t\t\t\t\t\t<div class=\"elementor-element elementor-element-3b5b156 team-member member-fsos eael-team-align-eael-team-align-default elementor-widget elementor-widget-eael-team-member\" data-id=\"3b5b156\" data-element_type=\"widget\" data-e-type=\"widget\" data-widget_type=\"eael-team-member.default\">\n\t\t\t\t<div class=\"elementor-widget-container\">\n\t\t\t\t\t\n\n\t<div id=\"eael-team-member-3b5b156\" class=\"eael-team-item eael-team-members-simple\">\n\t\t<div class=\"eael-team-item-inner\">\n\t\t\t<div class=\"eael-team-image\">\n\t\t\t\t<figure>\n\t\t\t\t\t\t\t\t\t\t<img decoding=\"async\" src=\"https:\/\/festival262.com\/wp-content\/uploads\/2025\/11\/19-1.png\" alt=\"\">\n\t\t\t\t\t\t\t\t\t<\/figure>\n\t\t\t\t\n\t\t\t\t\n\t\t\t<\/div>\n\n\t\t\t<div class=\"eael-team-content\">\n\t\t\t\t<h2 class=\"eael-team-member-name\">Mandy Barker <\/h2><h3 class=\"eael-team-member-position\">\u00ab Artiste photographique | Environmental Advocate \u00bb<\/h3>\n\t\t\t\t\t\t\t\t\t\t\t\t\t\t\t<ul class=\"eael-team-member-social-profiles\">\n\t\t\t\t\t\t\t\t\t\t\t\t\t\t\t\t\t\t\t\t\t\t\t\t\t\t\t\t\t\t\t\t\t\t\t\t\t\t\t\t\t<li class=\"eael-team-member-social-link\">\n\t\t\t\t\t\t\t\t\t\t<a href=\"https:\/\/www.instagram.com\/mandybarkerphotography\/\" target=\"_blank\">\n\t\t\t\t\t\t\t\t\t\t\t\t\t\t\t\t\t\t\t\t\t\t\t<i aria-hidden=\"true\" class=\"fab fa-instagram\"><\/i>\t\t\t\t\t\t\t\t\t\t\t\t\t\t\t\t\t\t\t\t\t<\/a>\n\t\t\t\t\t\t\t\t\t<\/li>\n\t\t\t\t\t\t\t\t\t\t\t\t\t\t\t\t\t\t\t\t\t\t\t\t\t\t\t\t\t\t\t\t\t\t\t\t\t\t\t\t\t\t\t\t\t\t\t\t\t<li class=\"eael-team-member-social-link\">\n\t\t\t\t\t\t\t\t\t\t<a href=\"https:\/\/www.mandy-barker.com\/\" target=\"_blank\">\n\t\t\t\t\t\t\t\t\t\t\t\t\t\t\t\t\t\t\t\t\t\t\t<i aria-hidden=\"true\" class=\"fas fa-camera-retro\"><\/i>\t\t\t\t\t\t\t\t\t\t\t\t\t\t\t\t\t\t\t\t\t<\/a>\n\t\t\t\t\t\t\t\t\t<\/li>\n\t\t\t\t\t\t\t\t\t\t\t\t\t\t\t\t\t\t\t\t\t\t\t\t\t\t\t\t\t\t\t\t\t\t\t\t\t\t\t\t\t\t\t\t\t\t\t\t\t<li class=\"eael-team-member-social-link\">\n\t\t\t\t\t\t\t\t\t\t<a href=\"https:\/\/www.facebook.com\/MandyBarkerPhotography\/\" target=\"_blank\">\n\t\t\t\t\t\t\t\t\t\t\t\t\t\t\t\t\t\t\t\t\t\t\t<i aria-hidden=\"true\" class=\"fab fa-facebook\"><\/i>\t\t\t\t\t\t\t\t\t\t\t\t\t\t\t\t\t\t\t\t\t<\/a>\n\t\t\t\t\t\t\t\t\t<\/li>\n\t\t\t\t\t\t\t\t\t\t\t\t\t\t\t\t\t\t\t\t\t<\/ul>\n\t\t\t\t\t\t\t\t\t\t<p class=\"eael-team-text\">Mandy Barker est une artiste photographique prim\u00e9e dont le travail met en lumi\u00e8re la crise mondiale de la pollution plastique marine. Collaborant avec des scientifiques depuis plus de 16 ans, elle transforme les donn\u00e9es environnementales en r\u00e9cits visuels saisissants expos\u00e9s dans le monde entier, du MoMA au V&amp;A en passant par les Nations unies. Finaliste du National Geographic Explorer et du Prix Pictet, les images de Barker inspirent la prise de conscience et l\u2019action, en utilisant la photographie comme catalyseur du changement et de la conservation des oc\u00e9ans.<\/p>\n\t\t\t\t\t\t\t<\/div>\n\t\t<\/div>\n\t<\/div>\n\t\t\t\t\t<\/div>\n\t\t\t\t<\/div>\n\t\t\t\t\t<\/div>\n\t\t<\/div>\n\t\t\t\t<div class=\"elementor-column elementor-col-16 elementor-top-column elementor-element elementor-element-767d02f\" data-id=\"767d02f\" data-element_type=\"column\" data-e-type=\"column\">\n\t\t\t<div class=\"elementor-widget-wrap elementor-element-populated\">\n\t\t\t\t\t\t<div class=\"elementor-element elementor-element-42bdf96 team-member member-f262 eael-team-align-eael-team-align-default elementor-widget elementor-widget-eael-team-member\" data-id=\"42bdf96\" data-element_type=\"widget\" data-e-type=\"widget\" data-widget_type=\"eael-team-member.default\">\n\t\t\t\t<div class=\"elementor-widget-container\">\n\t\t\t\t\t\n\n\t<div id=\"eael-team-member-42bdf96\" class=\"eael-team-item eael-team-members-simple\">\n\t\t<div class=\"eael-team-item-inner\">\n\t\t\t<div class=\"eael-team-image\">\n\t\t\t\t<figure>\n\t\t\t\t\t\t\t\t\t\t<img decoding=\"async\" src=\"https:\/\/festival262.com\/wp-content\/uploads\/2026\/04\/JoaoMarianoEN_site-scaled.png\" alt=\"\">\n\t\t\t\t\t\t\t\t\t<\/figure>\n\t\t\t\t\n\t\t\t\t\n\t\t\t<\/div>\n\n\t\t\t<div class=\"eael-team-content\">\n\t\t\t\t<h2 class=\"eael-team-member-name\">Jo\u00e3o Mariano<\/h2><h3 class=\"eael-team-member-position\">Photographe <\/h3>\n\t\t\t\t\t\t\t\t\t\t\t\t\t\t\t<ul class=\"eael-team-member-social-profiles\">\n\t\t\t\t\t\t\t\t\t\t\t\t\t\t\t\t\t\t\t\t\t\t\t\t\t\t\t\t\t\t\t\t\t\t\t\t\t\t\t\t\t<li class=\"eael-team-member-social-link\">\n\t\t\t\t\t\t\t\t\t\t<a href=\"https:\/\/www.instagram.com\/joaomariano.pt\/\" target=\"_blank\">\n\t\t\t\t\t\t\t\t\t\t\t\t\t\t\t\t\t\t\t\t\t\t\t<i aria-hidden=\"true\" class=\"fab fa-instagram\"><\/i>\t\t\t\t\t\t\t\t\t\t\t\t\t\t\t\t\t\t\t\t\t<\/a>\n\t\t\t\t\t\t\t\t\t<\/li>\n\t\t\t\t\t\t\t\t\t\t\t\t\t\t\t\t\t\t\t\t\t\t\t\t\t\t\t\t\t\t\t\t\t\t\t\t\t\t\t\t\t\t\t\t\t\t\t\t\t<li class=\"eael-team-member-social-link\">\n\t\t\t\t\t\t\t\t\t\t<a href=\"https:\/\/joaomariano.com\/\" target=\"_blank\">\n\t\t\t\t\t\t\t\t\t\t\t\t\t\t\t\t\t\t\t\t\t\t\t<i aria-hidden=\"true\" class=\"fas fa-globe\"><\/i>\t\t\t\t\t\t\t\t\t\t\t\t\t\t\t\t\t\t\t\t\t<\/a>\n\t\t\t\t\t\t\t\t\t<\/li>\n\t\t\t\t\t\t\t\t\t\t\t\t\t\t\t\t\t\t\t\t\t\t\t\t\t\t\t\t\t\t\t\t\t\t\t\t\t\t\t\t\t\t\t\t\t\t\t\t\t<li class=\"eael-team-member-social-link\">\n\t\t\t\t\t\t\t\t\t\t<a href=\"https:\/\/www.facebook.com\/joaomarianofotografia\/?locale=pt_PT\" target=\"_blank\">\n\t\t\t\t\t\t\t\t\t\t\t\t\t\t\t\t\t\t\t\t\t\t\t<i aria-hidden=\"true\" class=\"fab fa-facebook\"><\/i>\t\t\t\t\t\t\t\t\t\t\t\t\t\t\t\t\t\t\t\t\t<\/a>\n\t\t\t\t\t\t\t\t\t<\/li>\n\t\t\t\t\t\t\t\t\t\t\t\t\t\t\t\t\t\t\t\t\t<\/ul>\n\t\t\t\t\t\t\t\t\t\t<p class=\"eael-team-text\">Photographe et directeur artistique, il vit entre Aljezur et Lisbonne et est le fondateur de l\u2019agence 1000olhos \u2013 Image et communication. Tout au long de sa carri\u00e8re, il a d\u00e9velopp\u00e9 des projets artistiques et \u00e9ditoriaux ax\u00e9s sur le territoire, l'identit\u00e9 et la m\u00e9moire, avec des livres remarquables tels que Guerreiros do Mar, Costa do Mar, Entre as \u00c1guas, O Conhecido Desconhecido et Estiagem. Son travail a \u00e9t\u00e9 publi\u00e9 et expos\u00e9 au Portugal et \u00e0 l'\u00e9tranger, et fait partie de diverses collections publiques et priv\u00e9es.<\/p>\n\t\t\t\t\t\t\t<\/div>\n\t\t<\/div>\n\t<\/div>\n\t\t\t\t\t<\/div>\n\t\t\t\t<\/div>\n\t\t\t\t\t<\/div>\n\t\t<\/div>\n\t\t\t\t<div class=\"elementor-column elementor-col-16 elementor-top-column elementor-element elementor-element-723eb43\" data-id=\"723eb43\" data-element_type=\"column\" data-e-type=\"column\">\n\t\t\t<div class=\"elementor-widget-wrap elementor-element-populated\">\n\t\t\t\t\t\t<div class=\"elementor-element elementor-element-75e5255 team-member member-f262 eael-team-align-eael-team-align-default elementor-widget elementor-widget-eael-team-member\" data-id=\"75e5255\" data-element_type=\"widget\" data-e-type=\"widget\" data-widget_type=\"eael-team-member.default\">\n\t\t\t\t<div class=\"elementor-widget-container\">\n\t\t\t\t\t\n\n\t<div id=\"eael-team-member-75e5255\" class=\"eael-team-item eael-team-members-simple\">\n\t\t<div class=\"eael-team-item-inner\">\n\t\t\t<div class=\"eael-team-image\">\n\t\t\t\t<figure>\n\t\t\t\t\t\t\t\t\t\t<img decoding=\"async\" src=\"https:\/\/festival262.com\/wp-content\/uploads\/2025\/11\/6-1.png\" alt=\"\">\n\t\t\t\t\t\t\t\t\t<\/figure>\n\t\t\t\t\n\t\t\t\t\n\t\t\t<\/div>\n\n\t\t\t<div class=\"eael-team-content\">\n\t\t\t\t<h2 class=\"eael-team-member-name\">Clara Azevedo<\/h2><h3 class=\"eael-team-member-position\"> Ambassadeur Fujifilm, Photographe documentaire<\/h3>\n\t\t\t\t\t\t\t\t\t\t\t\t\t\t\t<ul class=\"eael-team-member-social-profiles\">\n\t\t\t\t\t\t\t\t\t\t\t\t\t\t\t\t\t\t\t\t\t\t\t\t\t\t\t\t\t\t\t\t\t\t\t\t\t\t\t\t\t<li class=\"eael-team-member-social-link\">\n\t\t\t\t\t\t\t\t\t\t<a href=\"https:\/\/www.clara-azevedo.com\/\" target=\"_blank\">\n\t\t\t\t\t\t\t\t\t\t\t\t\t\t\t\t\t\t\t\t\t\t\t<i aria-hidden=\"true\" class=\"fas fa-camera-retro\"><\/i>\t\t\t\t\t\t\t\t\t\t\t\t\t\t\t\t\t\t\t\t\t<\/a>\n\t\t\t\t\t\t\t\t\t<\/li>\n\t\t\t\t\t\t\t\t\t\t\t\t\t\t\t\t\t\t\t\t\t\t\t\t\t\t\t\t\t\t\t\t\t\t\t\t\t\t\t\t\t\t\t\t\t\t\t\t\t<li class=\"eael-team-member-social-link\">\n\t\t\t\t\t\t\t\t\t\t<a href=\"https:\/\/www.linkedin.com\/in\/clara-azevedo-794638b\/?originalSubdomain=pt\" target=\"_blank\">\n\t\t\t\t\t\t\t\t\t\t\t\t\t\t\t\t\t\t\t\t\t\t\t<i aria-hidden=\"true\" class=\"fab fa-linkedin\"><\/i>\t\t\t\t\t\t\t\t\t\t\t\t\t\t\t\t\t\t\t\t\t<\/a>\n\t\t\t\t\t\t\t\t\t<\/li>\n\t\t\t\t\t\t\t\t\t\t\t\t\t\t\t\t\t\t\t\t\t<\/ul>\n\t\t\t\t\t\t\t\t\t\t<p class=\"eael-team-text\">Ambassadrice Fujifilm et photographe documentaire, Clara Azevedo a publi\u00e9 11 livres et expos\u00e9 largement. Elle a travaill\u00e9 pour le journal Expresso, a travaill\u00e9 en freelance \u00e0 l\u2019\u00e9chelle internationale et a \u00e9t\u00e9 photographe officielle du Premier ministre portugais Ant\u00f3nio Costa (2016-2024).<\/p>\n\t\t\t\t\t\t\t<\/div>\n\t\t<\/div>\n\t<\/div>\n\t\t\t\t\t<\/div>\n\t\t\t\t<\/div>\n\t\t\t\t\t<\/div>\n\t\t<\/div>\n\t\t\t\t<div class=\"elementor-column elementor-col-16 elementor-top-column elementor-element elementor-element-e52a877\" data-id=\"e52a877\" data-element_type=\"column\" data-e-type=\"column\">\n\t\t\t<div class=\"elementor-widget-wrap elementor-element-populated\">\n\t\t\t\t\t\t<div class=\"elementor-element elementor-element-0a3655f team-member member-filmfest eael-team-align-eael-team-align-default elementor-widget elementor-widget-eael-team-member\" data-id=\"0a3655f\" data-element_type=\"widget\" data-e-type=\"widget\" data-widget_type=\"eael-team-member.default\">\n\t\t\t\t<div class=\"elementor-widget-container\">\n\t\t\t\t\t\n\n\t<div id=\"eael-team-member-0a3655f\" class=\"eael-team-item eael-team-members-simple\">\n\t\t<div class=\"eael-team-item-inner\">\n\t\t\t<div class=\"eael-team-image\">\n\t\t\t\t<figure>\n\t\t\t\t\t\t\t\t\t\t<img decoding=\"async\" src=\"https:\/\/festival262.com\/wp-content\/uploads\/2025\/11\/35.png\" alt=\"\">\n\t\t\t\t\t\t\t\t\t<\/figure>\n\t\t\t\t\n\t\t\t\t\n\t\t\t<\/div>\n\n\t\t\t<div class=\"eael-team-content\">\n\t\t\t\t<h2 class=\"eael-team-member-name\">Nuno S\u00e1<\/h2><h3 class=\"eael-team-member-position\">Cam\u00e9raman sous-marin &amp; Conservation Filmmaker<\/h3>\n\t\t\t\t\t\t\t\t\t\t\t\t\t\t\t<ul class=\"eael-team-member-social-profiles\">\n\t\t\t\t\t\t\t\t\t\t\t\t\t\t\t\t\t\t\t\t\t\t\t\t\t\t\t\t\t\t\t\t\t\t\t\t\t\t\t\t\t<li class=\"eael-team-member-social-link\">\n\t\t\t\t\t\t\t\t\t\t<a href=\"https:\/\/www.imdb.com\/name\/nm8577832\/\" target=\"_blank\">\n\t\t\t\t\t\t\t\t\t\t\t\t\t\t\t\t\t\t\t\t\t\t\t<i aria-hidden=\"true\" class=\"fab fa-imdb\"><\/i>\t\t\t\t\t\t\t\t\t\t\t\t\t\t\t\t\t\t\t\t\t<\/a>\n\t\t\t\t\t\t\t\t\t<\/li>\n\t\t\t\t\t\t\t\t\t\t\t\t\t\t\t\t\t\t\t\t\t\t\t\t\t\t\t\t\t\t\t\t\t\t\t\t\t\t\t\t\t\t\t\t\t\t\t\t\t<li class=\"eael-team-member-social-link\">\n\t\t\t\t\t\t\t\t\t\t<a href=\"https:\/\/www.instagram.com\/nunosaunderwater\/\" target=\"_blank\">\n\t\t\t\t\t\t\t\t\t\t\t\t\t\t\t\t\t\t\t\t\t\t\t<i aria-hidden=\"true\" class=\"fab fa-instagram\"><\/i>\t\t\t\t\t\t\t\t\t\t\t\t\t\t\t\t\t\t\t\t\t<\/a>\n\t\t\t\t\t\t\t\t\t<\/li>\n\t\t\t\t\t\t\t\t\t\t\t\t\t\t\t\t\t\t\t\t\t\t\t\t\t\t\t\t\t\t\t\t\t\t\t\t\t\t\t\t\t\t\t\t\t\t\t\t\t<li class=\"eael-team-member-social-link\">\n\t\t\t\t\t\t\t\t\t\t<a href=\"https:\/\/nunosa.pt\/bio\/\" target=\"_blank\">\n\t\t\t\t\t\t\t\t\t\t\t\t\t\t\t\t\t\t\t\t\t\t\t<i aria-hidden=\"true\" class=\"fas fa-camera-retro\"><\/i>\t\t\t\t\t\t\t\t\t\t\t\t\t\t\t\t\t\t\t\t\t<\/a>\n\t\t\t\t\t\t\t\t\t<\/li>\n\t\t\t\t\t\t\t\t\t\t\t\t\t\t\t\t\t\t\t\t\t<\/ul>\n\t\t\t\t\t\t\t\t\t\t<p class=\"eael-team-text\">Nuno S\u00e1 est un cam\u00e9raman sous-marin prim\u00e9 dont le travail comprend Blue Planet II de la BBC et National Geographic. Fondateur d'Atlantic Ridge Productions, il a film\u00e9 la vie marine sur les cinq continents et a re\u00e7u un BAFTA et un Panda Award pour sa cin\u00e9matographie.<\/p>\n\t\t\t\t\t\t\t<\/div>\n\t\t<\/div>\n\t<\/div>\n\t\t\t\t\t<\/div>\n\t\t\t\t<\/div>\n\t\t\t\t\t<\/div>\n\t\t<\/div>\n\t\t\t\t\t<\/div>\n\t\t<\/section>\n\t\t\t\t<section class=\"elementor-section elementor-top-section elementor-element elementor-element-5b73736 elementor-section-boxed elementor-section-height-default elementor-section-height-default\" data-id=\"5b73736\" data-element_type=\"section\" data-e-type=\"section\">\n\t\t\t\t\t\t<div class=\"elementor-container elementor-column-gap-default\">\n\t\t\t\t\t<div class=\"elementor-column elementor-col-16 elementor-top-column elementor-element elementor-element-83765b2\" data-id=\"83765b2\" data-element_type=\"column\" data-e-type=\"column\">\n\t\t\t<div class=\"elementor-widget-wrap elementor-element-populated\">\n\t\t\t\t\t\t<div class=\"elementor-element elementor-element-903456d team-member member-photobook eael-team-align-eael-team-align-default elementor-widget elementor-widget-eael-team-member\" data-id=\"903456d\" data-element_type=\"widget\" data-e-type=\"widget\" data-widget_type=\"eael-team-member.default\">\n\t\t\t\t<div class=\"elementor-widget-container\">\n\t\t\t\t\t\n\n\t<div id=\"eael-team-member-903456d\" class=\"eael-team-item eael-team-members-simple\">\n\t\t<div class=\"eael-team-item-inner\">\n\t\t\t<div class=\"eael-team-image\">\n\t\t\t\t<figure>\n\t\t\t\t\t\t\t\t\t\t<img decoding=\"async\" src=\"https:\/\/festival262.com\/wp-content\/uploads\/2025\/11\/20.png\" alt=\"\">\n\t\t\t\t\t\t\t\t\t<\/figure>\n\t\t\t\t\n\t\t\t\t\n\t\t\t<\/div>\n\n\t\t\t<div class=\"eael-team-content\">\n\t\t\t\t<h2 class=\"eael-team-member-name\">Jorge Bacelar <\/h2><h3 class=\"eael-team-member-position\">Photographe \u00b7 Humanitaire \u00b7 V\u00e9t\u00e9rinaire<\/h3>\n\t\t\t\t\t\t\t\t\t\t\t\t\t\t\t<ul class=\"eael-team-member-social-profiles\">\n\t\t\t\t\t\t\t\t\t\t\t\t\t\t\t\t\t\t\t\t\t\t\t\t\t\t\t\t\t\t\t\t\t\t\t\t\t\t\t\t\t<li class=\"eael-team-member-social-link\">\n\t\t\t\t\t\t\t\t\t\t<a href=\"https:\/\/www.facebook.com\/jorge.dora\/\" target=\"_blank\">\n\t\t\t\t\t\t\t\t\t\t\t\t\t\t\t\t\t\t\t\t\t\t\t<i aria-hidden=\"true\" class=\"fab fa-facebook\"><\/i>\t\t\t\t\t\t\t\t\t\t\t\t\t\t\t\t\t\t\t\t\t<\/a>\n\t\t\t\t\t\t\t\t\t<\/li>\n\t\t\t\t\t\t\t\t\t\t\t\t\t\t\t\t\t\t\t\t\t\t\t\t\t\t\t\t\t\t\t\t\t\t\t\t\t\t\t\t\t\t\t\t\t\t\t\t\t<li class=\"eael-team-member-social-link\">\n\t\t\t\t\t\t\t\t\t\t<a href=\"https:\/\/www.instagram.com\/jorge_bacelar\/\" target=\"_blank\">\n\t\t\t\t\t\t\t\t\t\t\t\t\t\t\t\t\t\t\t\t\t\t\t<i aria-hidden=\"true\" class=\"fab fa-instagram\"><\/i>\t\t\t\t\t\t\t\t\t\t\t\t\t\t\t\t\t\t\t\t\t<\/a>\n\t\t\t\t\t\t\t\t\t<\/li>\n\t\t\t\t\t\t\t\t\t\t\t\t\t\t\t\t\t\t\t\t\t<\/ul>\n\t\t\t\t\t\t\t\t\t\t<p class=\"eael-team-text\">Reconnu internationalement pour ses portraits intimes et dignes de la vie rurale, Bacelar combine son m\u00e9tier de v\u00e9t\u00e9rinaire avec un profond engagement pour la photographie. Son c\u00e9l\u00e8bre livre de photos Ruralidades capture la r\u00e9silience des agriculteurs, des familles et des animaux dans la campagne portugaise. \u00c0 travers des expositions et des publications, son travail fait le pont entre le c\u0153ur des communaut\u00e9s rurales et le monde de l'art contemporain.<\/p>\n\t\t\t\t\t\t\t<\/div>\n\t\t<\/div>\n\t<\/div>\n\t\t\t\t\t<\/div>\n\t\t\t\t<\/div>\n\t\t\t\t\t<\/div>\n\t\t<\/div>\n\t\t\t\t<div class=\"elementor-column elementor-col-16 elementor-top-column elementor-element elementor-element-22556d4\" data-id=\"22556d4\" data-element_type=\"column\" data-e-type=\"column\">\n\t\t\t<div class=\"elementor-widget-wrap elementor-element-populated\">\n\t\t\t\t\t\t<div class=\"elementor-element elementor-element-6a20772 team-member member-fsos eael-team-align-eael-team-align-default elementor-widget elementor-widget-eael-team-member\" data-id=\"6a20772\" data-element_type=\"widget\" data-e-type=\"widget\" data-widget_type=\"eael-team-member.default\">\n\t\t\t\t<div class=\"elementor-widget-container\">\n\t\t\t\t\t\n\n\t<div id=\"eael-team-member-6a20772\" class=\"eael-team-item eael-team-members-simple\">\n\t\t<div class=\"eael-team-item-inner\">\n\t\t\t<div class=\"eael-team-image\">\n\t\t\t\t<figure>\n\t\t\t\t\t\t\t\t\t\t<img decoding=\"async\" src=\"https:\/\/festival262.com\/wp-content\/uploads\/2025\/11\/5.png\" alt=\"\">\n\t\t\t\t\t\t\t\t\t<\/figure>\n\t\t\t\t\n\t\t\t\t\n\t\t\t<\/div>\n\n\t\t\t<div class=\"eael-team-content\">\n\t\t\t\t<h2 class=\"eael-team-member-name\">Filipe Duarte Santos<\/h2><h3 class=\"eael-team-member-position\">Pr\u00e9sident du Conseil national pour l'environnement et le d\u00e9veloppement durable<\/h3>\n\t\t\t\t\t\t\t\t\t\t\t\t\t\t\t<ul class=\"eael-team-member-social-profiles\">\n\t\t\t\t\t\t\t\t\t\t\t\t\t\t\t\t\t\t\t\t\t\t\t\t\t\t\t\t\t\t\t\t\t\t\t\t\t\t\t\t\t<li class=\"eael-team-member-social-link\">\n\t\t\t\t\t\t\t\t\t\t<a href=\"https:\/\/pt.wikipedia.org\/wiki\/Filipe_Duarte_Santos\" target=\"_blank\">\n\t\t\t\t\t\t\t\t\t\t\t\t\t\t\t\t\t\t\t\t\t\t\t<i aria-hidden=\"true\" class=\"fab fa-wikipedia-w\"><\/i>\t\t\t\t\t\t\t\t\t\t\t\t\t\t\t\t\t\t\t\t\t<\/a>\n\t\t\t\t\t\t\t\t\t<\/li>\n\t\t\t\t\t\t\t\t\t\t\t\t\t\t\t\t\t\t\t\t\t\t\t\t\t\t\t\t\t\t\t\t\t\t\t\t\t\t\t\t\t\t\t\t\t\t\t\t\t<li class=\"eael-team-member-social-link\">\n\t\t\t\t\t\t\t\t\t\t<a href=\"https:\/\/www.linkedin.com\/in\/filipe-duarte-santos-09030367\/?originalSubdomain=pt\" target=\"_blank\">\n\t\t\t\t\t\t\t\t\t\t\t\t\t\t\t\t\t\t\t\t\t\t\t<i aria-hidden=\"true\" class=\"fab fa-linkedin\"><\/i>\t\t\t\t\t\t\t\t\t\t\t\t\t\t\t\t\t\t\t\t\t<\/a>\n\t\t\t\t\t\t\t\t\t<\/li>\n\t\t\t\t\t\t\t\t\t\t\t\t\t\t\t\t\t\t\t\t\t<\/ul>\n\t\t\t\t\t\t\t\t\t\t<p class=\"eael-team-text\">Pionnier des sciences du climat et de la durabilit\u00e9 au Portugal, il est pr\u00e9sident du Conseil national pour l'environnement et le d\u00e9veloppement durable (CNADS) et professeur \u00e9m\u00e9rite \u00e0 l'Universit\u00e9 de Lisbonne. Auteur de nombreux ouvrages scientifiques et livres sur le changement climatique, il a contribu\u00e9 au GIEC, conseill\u00e9 le gouvernement portugais sur la politique environnementale et re\u00e7u \u00e0 la fois le prix de l'Universit\u00e9 de Lisbonne et le prix Quercus de l'environnement pour la r\u00e9alisation de toute une vie.<\/p>\n\t\t\t\t\t\t\t<\/div>\n\t\t<\/div>\n\t<\/div>\n\t\t\t\t\t<\/div>\n\t\t\t\t<\/div>\n\t\t\t\t\t<\/div>\n\t\t<\/div>\n\t\t\t\t<div class=\"elementor-column elementor-col-16 elementor-top-column elementor-element elementor-element-5704b69\" data-id=\"5704b69\" data-element_type=\"column\" data-e-type=\"column\">\n\t\t\t<div class=\"elementor-widget-wrap elementor-element-populated\">\n\t\t\t\t\t\t<div class=\"elementor-element elementor-element-a215b51 team-member member-analog eael-team-align-eael-team-align-default elementor-widget elementor-widget-eael-team-member\" data-id=\"a215b51\" data-element_type=\"widget\" data-e-type=\"widget\" data-widget_type=\"eael-team-member.default\">\n\t\t\t\t<div class=\"elementor-widget-container\">\n\t\t\t\t\t\n\n\t<div id=\"eael-team-member-a215b51\" class=\"eael-team-item eael-team-members-simple\">\n\t\t<div class=\"eael-team-item-inner\">\n\t\t\t<div class=\"eael-team-image\">\n\t\t\t\t<figure>\n\t\t\t\t\t\t\t\t\t\t<img decoding=\"async\" src=\"https:\/\/festival262.com\/wp-content\/uploads\/2025\/11\/7.png\" alt=\"\">\n\t\t\t\t\t\t\t\t\t<\/figure>\n\t\t\t\t\n\t\t\t\t\n\t\t\t<\/div>\n\n\t\t\t<div class=\"eael-team-content\">\n\t\t\t\t<h2 class=\"eael-team-member-name\">Jos\u00e9 Soudo<\/h2><h3 class=\"eael-team-member-position\">Photographe, chercheur et essayiste<\/h3>\n\t\t\t\t\t\t\t\t\t\t\t\t\t\t\t<ul class=\"eael-team-member-social-profiles\">\n\t\t\t\t\t\t\t\t\t\t\t\t\t\t\t\t\t\t\t\t\t\t\t\t\t\t\t\t\t\t\t\t\t\t\t\t\t\t\t\t\t<li class=\"eael-team-member-social-link\">\n\t\t\t\t\t\t\t\t\t\t<a href=\"https:\/\/www.instagram.com\/josesoudo\/\" target=\"_blank\">\n\t\t\t\t\t\t\t\t\t\t\t\t\t\t\t\t\t\t\t\t\t\t\t<i aria-hidden=\"true\" class=\"fab fa-instagram\"><\/i>\t\t\t\t\t\t\t\t\t\t\t\t\t\t\t\t\t\t\t\t\t<\/a>\n\t\t\t\t\t\t\t\t\t<\/li>\n\t\t\t\t\t\t\t\t\t\t\t\t\t\t\t\t\t\t\t\t\t\t\t\t\t\t\t\t\t\t\t\t\t\t\t\t\t\t\t\t\t\t\t\t\t\t\t\t\t<li class=\"eael-team-member-social-link\">\n\t\t\t\t\t\t\t\t\t\t<a href=\"https:\/\/www.linkedin.com\/in\/jos%C3%A9-soudo-0838a276\/?originalSubdomain=pt\" target=\"_blank\">\n\t\t\t\t\t\t\t\t\t\t\t\t\t\t\t\t\t\t\t\t\t\t\t<i aria-hidden=\"true\" class=\"fab fa-linkedin\"><\/i>\t\t\t\t\t\t\t\t\t\t\t\t\t\t\t\t\t\t\t\t\t<\/a>\n\t\t\t\t\t\t\t\t\t<\/li>\n\t\t\t\t\t\t\t\t\t\t\t\t\t\t\t\t\t\t\t\t\t<\/ul>\n\t\t\t\t\t\t\t\t\t\t<p class=\"eael-team-text\">Il enseigne \u00e0 l\u2019Ar.Co \u2013 Centre d\u2019art et de communication visuelle depuis 1983 et donne des conf\u00e9rences pendant plus de deux d\u00e9cennies \u00e0 l\u2019\u00c9cole de technologie de l\u2019Institut polytechnique de Tomar, o\u00f9 il a contribu\u00e9 \u00e0 l\u2019\u00e9tablissement et \u00e0 la coordination des programmes de photographie. Titulaire d\u2019un master en photographie appliqu\u00e9e et d\u2019un titre de sp\u00e9cialiste en production audiovisuelle et m\u00e9diatique, sa carri\u00e8re a \u00e9t\u00e9 consacr\u00e9e \u00e0 l\u2019enseignement, \u00e0 la conservation et \u00e0 la r\u00e9flexion critique sur l\u2019image photographique au Portugal.<\/p>\n\t\t\t\t\t\t\t<\/div>\n\t\t<\/div>\n\t<\/div>\n\t\t\t\t\t<\/div>\n\t\t\t\t<\/div>\n\t\t\t\t\t<\/div>\n\t\t<\/div>\n\t\t\t\t<div class=\"elementor-column elementor-col-16 elementor-top-column elementor-element elementor-element-f46f8de\" data-id=\"f46f8de\" data-element_type=\"column\" data-e-type=\"column\">\n\t\t\t<div class=\"elementor-widget-wrap elementor-element-populated\">\n\t\t\t\t\t\t<div class=\"elementor-element elementor-element-fc29f7a team-member member-f262 eael-team-align-eael-team-align-default elementor-widget elementor-widget-eael-team-member\" data-id=\"fc29f7a\" data-element_type=\"widget\" data-e-type=\"widget\" data-widget_type=\"eael-team-member.default\">\n\t\t\t\t<div class=\"elementor-widget-container\">\n\t\t\t\t\t\n\n\t<div id=\"eael-team-member-fc29f7a\" class=\"eael-team-item eael-team-members-simple\">\n\t\t<div class=\"eael-team-item-inner\">\n\t\t\t<div class=\"eael-team-image\">\n\t\t\t\t<figure>\n\t\t\t\t\t\t\t\t\t\t<img decoding=\"async\" src=\"https:\/\/festival262.com\/wp-content\/uploads\/2025\/11\/7-1.png\" alt=\"\">\n\t\t\t\t\t\t\t\t\t<\/figure>\n\t\t\t\t\n\t\t\t\t\n\t\t\t<\/div>\n\n\t\t\t<div class=\"eael-team-content\">\n\t\t\t\t<h2 class=\"eael-team-member-name\">Miguel A. Lopes<\/h2><h3 class=\"eael-team-member-position\">Photojournaliste du personnel, Ag\u00eancia Lusa <\/h3>\n\t\t\t\t\t\t\t\t\t\t\t\t\t\t\t<ul class=\"eael-team-member-social-profiles\">\n\t\t\t\t\t\t\t\t\t\t\t\t\t\t\t\t\t\t\t\t\t\t\t\t\t\t\t\t\t\t\t\t\t\t\t\t\t\t\t\t\t<li class=\"eael-team-member-social-link\">\n\t\t\t\t\t\t\t\t\t\t<a href=\"https:\/\/www.miguelalopes.com\/\" target=\"_blank\">\n\t\t\t\t\t\t\t\t\t\t\t\t\t\t\t\t\t\t\t\t\t\t\t<i aria-hidden=\"true\" class=\"fas fa-camera-retro\"><\/i>\t\t\t\t\t\t\t\t\t\t\t\t\t\t\t\t\t\t\t\t\t<\/a>\n\t\t\t\t\t\t\t\t\t<\/li>\n\t\t\t\t\t\t\t\t\t\t\t\t\t\t\t\t\t\t\t\t\t\t\t\t\t\t\t\t\t\t\t\t\t\t\t\t\t\t\t\t\t\t\t\t\t\t\t\t\t<li class=\"eael-team-member-social-link\">\n\t\t\t\t\t\t\t\t\t\t<a href=\"https:\/\/www.facebook.com\/migufu\" target=\"_blank\">\n\t\t\t\t\t\t\t\t\t\t\t\t\t\t\t\t\t\t\t\t\t\t\t<i aria-hidden=\"true\" class=\"fab fa-facebook\"><\/i>\t\t\t\t\t\t\t\t\t\t\t\t\t\t\t\t\t\t\t\t\t<\/a>\n\t\t\t\t\t\t\t\t\t<\/li>\n\t\t\t\t\t\t\t\t\t\t\t\t\t\t\t\t\t\t\t\t\t\t\t\t\t\t\t\t\t\t\t\t\t\t\t\t\t\t\t\t\t\t\t\t\t\t\t\t\t<li class=\"eael-team-member-social-link\">\n\t\t\t\t\t\t\t\t\t\t<a href=\"https:\/\/www.instagram.com\/migufu\" target=\"_blank\">\n\t\t\t\t\t\t\t\t\t\t\t\t\t\t\t\t\t\t\t\t\t\t\t<i aria-hidden=\"true\" class=\"fab fa-instagram\"><\/i>\t\t\t\t\t\t\t\t\t\t\t\t\t\t\t\t\t\t\t\t\t<\/a>\n\t\t\t\t\t\t\t\t\t<\/li>\n\t\t\t\t\t\t\t\t\t\t\t\t\t\t\t\t\t\t\t\t\t<\/ul>\n\t\t\t\t\t\t\t\t\t\t<p class=\"eael-team-text\">Fotojornalista da Ag\u00eancia Lusa desde 2007, Miguel tem mais de 18 anos de experi\u00eancia na cobertura de atualidade nacional e internacional. \u00c9 cofundador e autor dos projetos Everydaycovid e Um Estranho por Dia, ambos com forte impacto documental e social. Pas de seu trabalho, procura sempre captar a ess\u00eancia dos momentos de forma aut\u00eantica, discreta e envolvente.<\/p>\n\t\t\t\t\t\t\t<\/div>\n\t\t<\/div>\n\t<\/div>\n\t\t\t\t\t<\/div>\n\t\t\t\t<\/div>\n\t\t\t\t\t<\/div>\n\t\t<\/div>\n\t\t\t\t<div class=\"elementor-column elementor-col-16 elementor-top-column elementor-element elementor-element-0ac444a\" data-id=\"0ac444a\" data-element_type=\"column\" data-e-type=\"column\">\n\t\t\t<div class=\"elementor-widget-wrap elementor-element-populated\">\n\t\t\t\t\t\t<div class=\"elementor-element elementor-element-c307cd6 team-member member-f262 eael-team-align-eael-team-align-default elementor-widget elementor-widget-eael-team-member\" data-id=\"c307cd6\" data-element_type=\"widget\" data-e-type=\"widget\" data-widget_type=\"eael-team-member.default\">\n\t\t\t\t<div class=\"elementor-widget-container\">\n\t\t\t\t\t\n\n\t<div id=\"eael-team-member-c307cd6\" class=\"eael-team-item eael-team-members-simple\">\n\t\t<div class=\"eael-team-item-inner\">\n\t\t\t<div class=\"eael-team-image\">\n\t\t\t\t<figure>\n\t\t\t\t\t\t\t\t\t\t<img decoding=\"async\" src=\"https:\/\/festival262.com\/wp-content\/uploads\/2025\/11\/3.png\" alt=\"\">\n\t\t\t\t\t\t\t\t\t<\/figure>\n\t\t\t\t\n\t\t\t\t\n\t\t\t<\/div>\n\n\t\t\t<div class=\"eael-team-content\">\n\t\t\t\t<h2 class=\"eael-team-member-name\">Cl\u00e1udia Pernencar<\/h2><h3 class=\"eael-team-member-position\">Doyen de ESAD.CR et chercheur en m\u00e9dias num\u00e9riques<\/h3>\n\t\t\t\t\t\t\t\t\t\t\t\t\t\t\t<ul class=\"eael-team-member-social-profiles\">\n\t\t\t\t\t\t\t\t\t\t\t\t\t\t\t\t\t\t\t\t\t\t\t\t\t\t\t\t\t\t\t\t\t\t\t\t\t\t\t\t\t<li class=\"eael-team-member-social-link\">\n\t\t\t\t\t\t\t\t\t\t<a href=\"https:\/\/lida.pt\/pt-pt\/membro\/claudia-pernencar\/\" target=\"_blank\">\n\t\t\t\t\t\t\t\t\t\t\t\t\t\t\t\t\t\t\t\t\t\t\t<i aria-hidden=\"true\" class=\"fas fa-globe-africa\"><\/i>\t\t\t\t\t\t\t\t\t\t\t\t\t\t\t\t\t\t\t\t\t<\/a>\n\t\t\t\t\t\t\t\t\t<\/li>\n\t\t\t\t\t\t\t\t\t\t\t\t\t\t\t\t\t\t\t\t\t\t\t\t\t\t\t\t\t\t\t\t\t\t\t\t\t\t\t\t\t\t\t\t\t\t\t\t\t<li class=\"eael-team-member-social-link\">\n\t\t\t\t\t\t\t\t\t\t<a href=\"https:\/\/www.linkedin.com\/in\/claudiapernencar\/?originalSubdomain=pt\" target=\"_blank\">\n\t\t\t\t\t\t\t\t\t\t\t\t\t\t\t\t\t\t\t\t\t\t\t<i aria-hidden=\"true\" class=\"fab fa-linkedin\"><\/i>\t\t\t\t\t\t\t\t\t\t\t\t\t\t\t\t\t\t\t\t\t<\/a>\n\t\t\t\t\t\t\t\t\t<\/li>\n\t\t\t\t\t\t\t\t\t\t\t\t\t\t\t\t\t\t\t\t\t<\/ul>\n\t\t\t\t\t\t\t\t\t\t<p class=\"eael-team-text\">Elle est directrice de l'ESAD.CR \u00e0 l'\u00c9cole polytechnique de Leiria et chercheuse au LIDA\/ESAD.CR. Elle est \u00e9galement chercheuse invit\u00e9e internationale \u00e0 LARIISA, FIOCRUZ Cear\u00e1, o\u00f9 elle a d\u00e9velopp\u00e9 des projets de sant\u00e9 num\u00e9rique. Elle est titulaire d\u2019un doctorat en m\u00e9dias num\u00e9riques de NOVA FCSH dans le cadre du programme CoLab de l\u2019Universit\u00e9 du Texas \u00e0 Austin, d\u2019un master en communication et en image et d\u2019un dipl\u00f4me en design industriel de l\u2019IADE.<\/p>\n\t\t\t\t\t\t\t<\/div>\n\t\t<\/div>\n\t<\/div>\n\t\t\t\t\t<\/div>\n\t\t\t\t<\/div>\n\t\t\t\t\t<\/div>\n\t\t<\/div>\n\t\t\t\t<div class=\"elementor-column elementor-col-16 elementor-top-column elementor-element elementor-element-44a143f\" data-id=\"44a143f\" data-element_type=\"column\" data-e-type=\"column\">\n\t\t\t<div class=\"elementor-widget-wrap elementor-element-populated\">\n\t\t\t\t\t\t<div class=\"elementor-element elementor-element-a857371 team-member member-fsos eael-team-align-eael-team-align-default elementor-widget elementor-widget-eael-team-member\" data-id=\"a857371\" data-element_type=\"widget\" data-e-type=\"widget\" data-widget_type=\"eael-team-member.default\">\n\t\t\t\t<div class=\"elementor-widget-container\">\n\t\t\t\t\t\n\n\t<div id=\"eael-team-member-a857371\" class=\"eael-team-item eael-team-members-simple\">\n\t\t<div class=\"eael-team-item-inner\">\n\t\t\t<div class=\"eael-team-image\">\n\t\t\t\t<figure>\n\t\t\t\t\t\t\t\t\t\t<img decoding=\"async\" src=\"https:\/\/festival262.com\/wp-content\/uploads\/2025\/11\/F262-SPEAKERS-1-1.png\" alt=\"\">\n\t\t\t\t\t\t\t\t\t<\/figure>\n\t\t\t\t\n\t\t\t\t\n\t\t\t<\/div>\n\n\t\t\t<div class=\"eael-team-content\">\n\t\t\t\t<h2 class=\"eael-team-member-name\">Luis Campos<\/h2><h3 class=\"eael-team-member-position\">Photographe et Pr\u00e9sident du Conseil Portugais de la Sant\u00e9 et de l'Environnement<\/h3>\n\t\t\t\t\t\t\t\t\t\t\t\t\t\t\t<ul class=\"eael-team-member-social-profiles\">\n\t\t\t\t\t\t\t\t\t\t\t\t\t\t\t\t\t\t\t\t\t\t\t\t\t\t\t\t\t\t\t\t\t\t\t\t\t\t\t\t\t<li class=\"eael-team-member-social-link\">\n\t\t\t\t\t\t\t\t\t\t<a href=\"https:\/\/luiscampos.pt\/\" target=\"_blank\">\n\t\t\t\t\t\t\t\t\t\t\t\t\t\t\t\t\t\t\t\t\t\t\t<i aria-hidden=\"true\" class=\"fas fa-camera\"><\/i>\t\t\t\t\t\t\t\t\t\t\t\t\t\t\t\t\t\t\t\t\t<\/a>\n\t\t\t\t\t\t\t\t\t<\/li>\n\t\t\t\t\t\t\t\t\t\t\t\t\t\t\t\t\t\t\t\t\t\t\t\t\t\t\t\t\t\t\t\t\t\t\t\t\t\t\t\t\t\t\t\t\t\t\t\t\t<li class=\"eael-team-member-social-link\">\n\t\t\t\t\t\t\t\t\t\t<a href=\"https:\/\/cpsa.pt\/\" target=\"_blank\">\n\t\t\t\t\t\t\t\t\t\t\t\t\t\t\t\t\t\t\t\t\t\t\t<i aria-hidden=\"true\" class=\"fas fa-user-md\"><\/i>\t\t\t\t\t\t\t\t\t\t\t\t\t\t\t\t\t\t\t\t\t<\/a>\n\t\t\t\t\t\t\t\t\t<\/li>\n\t\t\t\t\t\t\t\t\t\t\t\t\t\t\t\t\t\t\t\t\t<\/ul>\n\t\t\t\t\t\t\t\t\t\t<p class=\"eael-team-text\">N\u00e9 \u00e0 Lisbonne en 1955, il d\u00e9veloppe son travail artistique depuis 1981, exposant dans des institutions telles que MAAT, MACE, MEIAC, le Mus\u00e9e national d'histoire naturelle et la Fondation PLMJ. Son travail explore le territoire, la m\u00e9moire et l'identit\u00e9, et est repr\u00e9sent\u00e9 dans les grandes collections nationales. Parall\u00e8lement \u00e0 sa pratique artistique, il poursuit une carri\u00e8re m\u00e9dicale distingu\u00e9e et est actuellement pr\u00e9sident du Conseil portugais pour la sant\u00e9 et l'environnement.<\/p>\n\t\t\t\t\t\t\t<\/div>\n\t\t<\/div>\n\t<\/div>\n\t\t\t\t\t<\/div>\n\t\t\t\t<\/div>\n\t\t\t\t\t<\/div>\n\t\t<\/div>\n\t\t\t\t\t<\/div>\n\t\t<\/section>\n\t\t\t\t<section class=\"elementor-section elementor-top-section elementor-element elementor-element-3124391 elementor-section-boxed elementor-section-height-default elementor-section-height-default\" data-id=\"3124391\" data-element_type=\"section\" data-e-type=\"section\">\n\t\t\t\t\t\t<div class=\"elementor-container elementor-column-gap-default\">\n\t\t\t\t\t<div class=\"elementor-column elementor-col-16 elementor-top-column elementor-element elementor-element-afa559f\" data-id=\"afa559f\" data-element_type=\"column\" data-e-type=\"column\">\n\t\t\t<div class=\"elementor-widget-wrap elementor-element-populated\">\n\t\t\t\t\t\t<div class=\"elementor-element elementor-element-e1490d8 team-member member-filmfest eael-team-align-eael-team-align-default elementor-widget elementor-widget-eael-team-member\" data-id=\"e1490d8\" data-element_type=\"widget\" data-e-type=\"widget\" data-widget_type=\"eael-team-member.default\">\n\t\t\t\t<div class=\"elementor-widget-container\">\n\t\t\t\t\t\n\n\t<div id=\"eael-team-member-e1490d8\" class=\"eael-team-item eael-team-members-simple\">\n\t\t<div class=\"eael-team-item-inner\">\n\t\t\t<div class=\"eael-team-image\">\n\t\t\t\t<figure>\n\t\t\t\t\t\t\t\t\t\t<img decoding=\"async\" src=\"https:\/\/festival262.com\/wp-content\/uploads\/2025\/11\/8.png\" alt=\"\">\n\t\t\t\t\t\t\t\t\t<\/figure>\n\t\t\t\t\n\t\t\t\t\n\t\t\t<\/div>\n\n\t\t\t<div class=\"eael-team-content\">\n\t\t\t\t<h2 class=\"eael-team-member-name\"> D\u00f6rte Schneider Garcia <\/h2><h3 class=\"eael-team-member-position\">Consultant vert pour Film &amp; TV<\/h3>\n\t\t\t\t\t\t\t\t\t\t\t\t\t\t\t<ul class=\"eael-team-member-social-profiles\">\n\t\t\t\t\t\t\t\t\t\t\t\t\t\t\t\t\t\t\t\t\t\t\t\t\t\t\t\t\t\t\t\t\t\t\t\t\t\t\t\t\t<li class=\"eael-team-member-social-link\">\n\t\t\t\t\t\t\t\t\t\t<a href=\"https:\/\/ecoecofilm.com\/about\/\" target=\"_blank\">\n\t\t\t\t\t\t\t\t\t\t\t\t\t\t\t\t\t\t\t\t\t\t\t<i aria-hidden=\"true\" class=\"fas fa-camera-retro\"><\/i>\t\t\t\t\t\t\t\t\t\t\t\t\t\t\t\t\t\t\t\t\t<\/a>\n\t\t\t\t\t\t\t\t\t<\/li>\n\t\t\t\t\t\t\t\t\t\t\t\t\t\t\t\t\t\t\t\t\t<\/ul>\n\t\t\t\t\t\t\t\t\t\t<p class=\"eael-team-text\">Il a \u00e9tudi\u00e9 le montage de films et a travaill\u00e9 pendant pr\u00e8s de 20 ans en tant qu'assistant r\u00e9alisateur sur diverses productions. En 2020, il est devenu consultant vert certifi\u00e9 pour le cin\u00e9ma et la t\u00e9l\u00e9vision et a depuis promu la durabilit\u00e9 dans l'industrie cin\u00e9matographique europ\u00e9enne. Membre fondateur de l'Association portugaise des consultants verts et cofondateur de LinDoMar, une initiative locale de nettoyage des plages de la lagune d'\u00d3bidos.<\/p>\n\t\t\t\t\t\t\t<\/div>\n\t\t<\/div>\n\t<\/div>\n\t\t\t\t\t<\/div>\n\t\t\t\t<\/div>\n\t\t\t\t\t<\/div>\n\t\t<\/div>\n\t\t\t\t<div class=\"elementor-column elementor-col-16 elementor-top-column elementor-element elementor-element-96171cd\" data-id=\"96171cd\" data-element_type=\"column\" data-e-type=\"column\">\n\t\t\t<div class=\"elementor-widget-wrap elementor-element-populated\">\n\t\t\t\t\t\t<div class=\"elementor-element elementor-element-ed53e9c team-member member-f262 eael-team-align-eael-team-align-default elementor-widget elementor-widget-eael-team-member\" data-id=\"ed53e9c\" data-element_type=\"widget\" data-e-type=\"widget\" data-widget_type=\"eael-team-member.default\">\n\t\t\t\t<div class=\"elementor-widget-container\">\n\t\t\t\t\t\n\n\t<div id=\"eael-team-member-ed53e9c\" class=\"eael-team-item eael-team-members-simple\">\n\t\t<div class=\"eael-team-item-inner\">\n\t\t\t<div class=\"eael-team-image\">\n\t\t\t\t<figure>\n\t\t\t\t\t\t\t\t\t\t<img decoding=\"async\" src=\"https:\/\/festival262.com\/wp-content\/uploads\/2025\/11\/12-1.png\" alt=\"\">\n\t\t\t\t\t\t\t\t\t<\/figure>\n\t\t\t\t\n\t\t\t\t\n\t\t\t<\/div>\n\n\t\t\t<div class=\"eael-team-content\">\n\t\t\t\t<h2 class=\"eael-team-member-name\">deanne fitzmaurice<\/h2><h3 class=\"eael-team-member-position\">Prix Pulitzer &amp; Photographe laur\u00e9at de plusieurs prix, ambassadeur Nikon<\/h3>\n\t\t\t\t\t\t\t\t\t\t\t\t\t\t\t<ul class=\"eael-team-member-social-profiles\">\n\t\t\t\t\t\t\t\t\t\t\t\t\t\t\t\t\t\t\t\t\t\t\t\t\t\t\t\t\t\t\t\t\t\t\t\t\t\t\t\t\t<li class=\"eael-team-member-social-link\">\n\t\t\t\t\t\t\t\t\t\t<a href=\"https:\/\/www.instagram.com\/deannefitzmaurice\/\" target=\"_blank\">\n\t\t\t\t\t\t\t\t\t\t\t\t\t\t\t\t\t\t\t\t\t\t\t<i aria-hidden=\"true\" class=\"fab fa-instagram\"><\/i>\t\t\t\t\t\t\t\t\t\t\t\t\t\t\t\t\t\t\t\t\t<\/a>\n\t\t\t\t\t\t\t\t\t<\/li>\n\t\t\t\t\t\t\t\t\t\t\t\t\t\t\t\t\t\t\t\t\t\t\t\t\t\t\t\t\t\t\t\t\t\t\t\t\t\t\t\t\t\t\t\t\t\t\t\t\t<li class=\"eael-team-member-social-link\">\n\t\t\t\t\t\t\t\t\t\t<a href=\"https:\/\/www.deannefitzmaurice.com\/\" target=\"_blank\">\n\t\t\t\t\t\t\t\t\t\t\t\t\t\t\t\t\t\t\t\t\t\t\t<i aria-hidden=\"true\" class=\"fas fa-camera-retro\"><\/i>\t\t\t\t\t\t\t\t\t\t\t\t\t\t\t\t\t\t\t\t\t<\/a>\n\t\t\t\t\t\t\t\t\t<\/li>\n\t\t\t\t\t\t\t\t\t\t\t\t\t\t\t\t\t\t\t\t\t\t\t\t\t\t\t\t\t\t\t\t\t\t\t\t\t\t\t\t\t\t\t\t\t\t\t\t\t<li class=\"eael-team-member-social-link\">\n\t\t\t\t\t\t\t\t\t\t<a href=\"https:\/\/www.nikonusa.com\/learn-and-explore\/c\/ideas-and-inspiration\/deanne-fitzmaurice?srsltid=AfmBOoozx49RJwDUNCP37YI9PtTjYqdW1jwQ4WdgHj3qVRx_0FhHKguc\" target=\"_blank\">\n\t\t\t\t\t\t\t\t\t\t\t\t\t\t\t\t\t\t\t\t\t\t\t<i aria-hidden=\"true\" class=\"fas fa-camera\"><\/i>\t\t\t\t\t\t\t\t\t\t\t\t\t\t\t\t\t\t\t\t\t<\/a>\n\t\t\t\t\t\t\t\t\t<\/li>\n\t\t\t\t\t\t\t\t\t\t\t\t\t\t\t\t\t\t\t\t\t<\/ul>\n\t\t\t\t\t\t\t\t\t\t<p class=\"eael-team-text\">Photographe laur\u00e9ate du prix Pulitzer et ambassadrice Nikon, Deanne Fitzmaurice est reconnue internationalement pour sa narration visuelle puissante. Son travail prim\u00e9 est paru dans National Geographic, Sports Illustrated et The New York Times Magazine.<\/p>\n\t\t\t\t\t\t\t<\/div>\n\t\t<\/div>\n\t<\/div>\n\t\t\t\t\t<\/div>\n\t\t\t\t<\/div>\n\t\t\t\t\t<\/div>\n\t\t<\/div>\n\t\t\t\t<div class=\"elementor-column elementor-col-16 elementor-top-column elementor-element elementor-element-5c69bd6\" data-id=\"5c69bd6\" data-element_type=\"column\" data-e-type=\"column\">\n\t\t\t<div class=\"elementor-widget-wrap elementor-element-populated\">\n\t\t\t\t\t\t<div class=\"elementor-element elementor-element-d68ec30 team-member member-filmfest eael-team-align-eael-team-align-default elementor-widget elementor-widget-eael-team-member\" data-id=\"d68ec30\" data-element_type=\"widget\" data-e-type=\"widget\" data-widget_type=\"eael-team-member.default\">\n\t\t\t\t<div class=\"elementor-widget-container\">\n\t\t\t\t\t\n\n\t<div id=\"eael-team-member-d68ec30\" class=\"eael-team-item eael-team-members-simple\">\n\t\t<div class=\"eael-team-item-inner\">\n\t\t\t<div class=\"eael-team-image\">\n\t\t\t\t<figure>\n\t\t\t\t\t\t\t\t\t\t<img decoding=\"async\" src=\"https:\/\/festival262.com\/wp-content\/uploads\/2025\/11\/32.png\" alt=\"\">\n\t\t\t\t\t\t\t\t\t<\/figure>\n\t\t\t\t\n\t\t\t\t\n\t\t\t<\/div>\n\n\t\t\t<div class=\"eael-team-content\">\n\t\t\t\t<h2 class=\"eael-team-member-name\">Frank Meo<\/h2><h3 class=\"eael-team-member-position\">Repr\u00e9sentant du photographe, conservateur &amp; fondateur de PROJECTIONS NYC<\/h3>\n\t\t\t\t\t\t\t\t\t\t\t\t\t\t\t<ul class=\"eael-team-member-social-profiles\">\n\t\t\t\t\t\t\t\t\t\t\t\t\t\t\t\t\t\t\t\t\t\t\t\t\t\t\t\t\t\t\t\t\t\t\t\t\t\t\t\t\t<li class=\"eael-team-member-social-link\">\n\t\t\t\t\t\t\t\t\t\t<a href=\"https:\/\/www.youtube.com\/c\/PROJECTIONSNYC?app=desktop\" target=\"_blank\">\n\t\t\t\t\t\t\t\t\t\t\t\t\t\t\t\t\t\t\t\t\t\t\t<i aria-hidden=\"true\" class=\"fab fa-youtube\"><\/i>\t\t\t\t\t\t\t\t\t\t\t\t\t\t\t\t\t\t\t\t\t<\/a>\n\t\t\t\t\t\t\t\t\t<\/li>\n\t\t\t\t\t\t\t\t\t\t\t\t\t\t\t\t\t\t\t\t\t\t\t\t\t\t\t\t\t\t\t\t\t\t\t\t\t\t\t\t\t\t\t\t\t\t\t\t\t<li class=\"eael-team-member-social-link\">\n\t\t\t\t\t\t\t\t\t\t<a href=\"https:\/\/thephotocloser.com\/\" target=\"_blank\">\n\t\t\t\t\t\t\t\t\t\t\t\t\t\t\t\t\t\t\t\t\t\t\t<i aria-hidden=\"true\" class=\"fab fa-wordpress\"><\/i>\t\t\t\t\t\t\t\t\t\t\t\t\t\t\t\t\t\t\t\t\t<\/a>\n\t\t\t\t\t\t\t\t\t<\/li>\n\t\t\t\t\t\t\t\t\t\t\t\t\t\t\t\t\t\t\t\t\t\t\t\t\t\t\t\t\t\t\t\t\t\t\t\t\t\t\t\t\t\t\t\t\t\t\t\t\t<li class=\"eael-team-member-social-link\">\n\t\t\t\t\t\t\t\t\t\t<a href=\"https:\/\/www.instagram.com\/meofrank\/\" target=\"_blank\">\n\t\t\t\t\t\t\t\t\t\t\t\t\t\t\t\t\t\t\t\t\t\t\t<i aria-hidden=\"true\" class=\"fab fa-instagram\"><\/i>\t\t\t\t\t\t\t\t\t\t\t\t\t\t\t\t\t\t\t\t\t<\/a>\n\t\t\t\t\t\t\t\t\t<\/li>\n\t\t\t\t\t\t\t\t\t\t\t\t\t\t\t\t\t\t\t\t\t<\/ul>\n\t\t\t\t\t\t\t\t\t\t<p class=\"eael-team-text\">A repr\u00e9sent\u00e9 des photographes pendant plus de trois d\u00e9cennies en tant que mentor, consultant et d\u00e9fenseur, aidant \u00e0 fa\u00e7onner des campagnes, des expositions et des livres prim\u00e9s dans le monde entier. Fondateur de PROJECTIONS NYC, une plateforme mondiale qui a pr\u00e9sent\u00e9 plus de 400 photographes \u2013 dont Pulitzer et les laur\u00e9ats de World Press \u2013 \u00e0 un public cr\u00e9atif international.<\/p>\n\t\t\t\t\t\t\t<\/div>\n\t\t<\/div>\n\t<\/div>\n\t\t\t\t\t<\/div>\n\t\t\t\t<\/div>\n\t\t\t\t\t<\/div>\n\t\t<\/div>\n\t\t\t\t<div class=\"elementor-column elementor-col-16 elementor-top-column elementor-element elementor-element-4cc25c1\" data-id=\"4cc25c1\" data-element_type=\"column\" data-e-type=\"column\">\n\t\t\t<div class=\"elementor-widget-wrap elementor-element-populated\">\n\t\t\t\t\t\t<div class=\"elementor-element elementor-element-fc6edd7 team-member member-analog eael-team-align-eael-team-align-default elementor-widget elementor-widget-eael-team-member\" data-id=\"fc6edd7\" data-element_type=\"widget\" data-e-type=\"widget\" data-widget_type=\"eael-team-member.default\">\n\t\t\t\t<div class=\"elementor-widget-container\">\n\t\t\t\t\t\n\n\t<div id=\"eael-team-member-fc6edd7\" class=\"eael-team-item eael-team-members-simple\">\n\t\t<div class=\"eael-team-item-inner\">\n\t\t\t<div class=\"eael-team-image\">\n\t\t\t\t<figure>\n\t\t\t\t\t\t\t\t\t\t<img decoding=\"async\" src=\"https:\/\/festival262.com\/wp-content\/uploads\/2025\/11\/27.png\" alt=\"\">\n\t\t\t\t\t\t\t\t\t<\/figure>\n\t\t\t\t\n\t\t\t\t\n\t\t\t<\/div>\n\n\t\t\t<div class=\"eael-team-content\">\n\t\t\t\t<h2 class=\"eael-team-member-name\">Guilherme Maranh\u00e3o<\/h2><h3 class=\"eael-team-member-position\">Photographe &amp; Artiste visuel<\/h3>\n\t\t\t\t\t\t\t\t\t\t\t\t\t\t\t<ul class=\"eael-team-member-social-profiles\">\n\t\t\t\t\t\t\t\t\t\t\t\t\t\t\t\t\t\t\t\t\t\t\t\t\t\t\t\t\t\t\t\t\t\t\t\t\t\t\t\t\t<li class=\"eael-team-member-social-link\">\n\t\t\t\t\t\t\t\t\t\t<a href=\"https:\/\/refotografia.github.io\/\" target=\"_blank\">\n\t\t\t\t\t\t\t\t\t\t\t\t\t\t\t\t\t\t\t\t\t\t\t<i aria-hidden=\"true\" class=\"fas fa-globe\"><\/i>\t\t\t\t\t\t\t\t\t\t\t\t\t\t\t\t\t\t\t\t\t<\/a>\n\t\t\t\t\t\t\t\t\t<\/li>\n\t\t\t\t\t\t\t\t\t\t\t\t\t\t\t\t\t\t\t\t\t\t\t\t\t\t\t\t\t\t\t\t\t\t\t\t\t\t\t\t\t\t\t\t\t\t\t\t\t<li class=\"eael-team-member-social-link\">\n\t\t\t\t\t\t\t\t\t\t<a href=\"https:\/\/www.youtube.com\/c\/refotografia\" target=\"_blank\">\n\t\t\t\t\t\t\t\t\t\t\t\t\t\t\t\t\t\t\t\t\t\t\t<i aria-hidden=\"true\" class=\"fab fa-youtube\"><\/i>\t\t\t\t\t\t\t\t\t\t\t\t\t\t\t\t\t\t\t\t\t<\/a>\n\t\t\t\t\t\t\t\t\t<\/li>\n\t\t\t\t\t\t\t\t\t\t\t\t\t\t\t\t\t\t\t\t\t<\/ul>\n\t\t\t\t\t\t\t\t\t\t<p class=\"eael-team-text\">Explore les cycles, les relations et la vie quotidienne \u00e0 travers des technologies obsol\u00e8tes et des processus exp\u00e9rimentaux. Expos\u00e9 \u00e0 Ita\u00fa Cultural, Casa da Imagem et Gallery 44, et pr\u00e9sent\u00e9 dans des expositions de groupe \u00e0 FBAUP (Porto), IVAM (Valence) et MEP (Paris). R\u00e9cipiendaire des prix Porto Seguro et Marc Ferrez, avec des \u0153uvres dans des collections majeures telles que MAM-SP, MAC-USP et Ita\u00fa.<\/p>\n\t\t\t\t\t\t\t<\/div>\n\t\t<\/div>\n\t<\/div>\n\t\t\t\t\t<\/div>\n\t\t\t\t<\/div>\n\t\t\t\t\t<\/div>\n\t\t<\/div>\n\t\t\t\t<div class=\"elementor-column elementor-col-16 elementor-top-column elementor-element elementor-element-b92ed97\" data-id=\"b92ed97\" data-element_type=\"column\" data-e-type=\"column\">\n\t\t\t<div class=\"elementor-widget-wrap elementor-element-populated\">\n\t\t\t\t\t\t<div class=\"elementor-element elementor-element-8736716 team-member member-fsos eael-team-align-eael-team-align-default elementor-widget elementor-widget-eael-team-member\" data-id=\"8736716\" data-element_type=\"widget\" data-e-type=\"widget\" data-widget_type=\"eael-team-member.default\">\n\t\t\t\t<div class=\"elementor-widget-container\">\n\t\t\t\t\t\n\n\t<div id=\"eael-team-member-8736716\" class=\"eael-team-item eael-team-members-simple\">\n\t\t<div class=\"eael-team-item-inner\">\n\t\t\t<div class=\"eael-team-image\">\n\t\t\t\t<figure>\n\t\t\t\t\t\t\t\t\t\t<img decoding=\"async\" src=\"https:\/\/festival262.com\/wp-content\/uploads\/2025\/11\/14.png\" alt=\"\">\n\t\t\t\t\t\t\t\t\t<\/figure>\n\t\t\t\t\n\t\t\t\t\n\t\t\t<\/div>\n\n\t\t\t<div class=\"eael-team-content\">\n\t\t\t\t<h2 class=\"eael-team-member-name\">Mariana Castro Henriques<\/h2><h3 class=\"eael-team-member-position\">Diretora do Museu da \u00c1gua \u2013 EPAL<\/h3>\n\t\t\t\t\t\t\t\t\t\t\t\t\t\t\t<ul class=\"eael-team-member-social-profiles\">\n\t\t\t\t\t\t\t\t\t\t\t\t\t\t\t\t\t\t\t\t\t\t\t\t\t\t\t\t\t\t\t\t\t\t\t\t\t\t\t\t\t<li class=\"eael-team-member-social-link\">\n\t\t\t\t\t\t\t\t\t\t<a href=\"https:\/\/www.facebook.com\/EPALaguaslivres\/posts\/mariana-castro-henriques-diretora-do-museu-da-%C3%A1gua-conta-nos-um-pouco-do-seu-per\/844829837688048\/\" target=\"_blank\">\n\t\t\t\t\t\t\t\t\t\t\t\t\t\t\t\t\t\t\t\t\t\t\t<i aria-hidden=\"true\" class=\"fab fa-facebook\"><\/i>\t\t\t\t\t\t\t\t\t\t\t\t\t\t\t\t\t\t\t\t\t<\/a>\n\t\t\t\t\t\t\t\t\t<\/li>\n\t\t\t\t\t\t\t\t\t\t\t\t\t\t\t\t\t\t\t\t\t\t\t\t\t\t\t\t\t\t\t\t\t\t\t\t\t\t\t\t\t\t\t\t\t\t\t\t\t<li class=\"eael-team-member-social-link\">\n\t\t\t\t\t\t\t\t\t\t<a href=\"https:\/\/www.epal.pt\/EPAL\/menu\/museu-da-%C3%A1gua\/exposi%C3%A7%C3%A3o-permanente-patrim%C3%B3nio-associado\" target=\"_blank\">\n\t\t\t\t\t\t\t\t\t\t\t\t\t\t\t\t\t\t\t\t\t\t\t<i aria-hidden=\"true\" class=\"fas fa-globe-africa\"><\/i>\t\t\t\t\t\t\t\t\t\t\t\t\t\t\t\t\t\t\t\t\t<\/a>\n\t\t\t\t\t\t\t\t\t<\/li>\n\t\t\t\t\t\t\t\t\t\t\t\t\t\t\t\t\t\t\t\t\t\t\t\t\t\t\t\t\t\t\t\t\t\t\t\t\t\t\t\t\t\t\t\t\t\t\t\t\t<li class=\"eael-team-member-social-link\">\n\t\t\t\t\t\t\t\t\t\t<a href=\"https:\/\/www.linkedin.com\/in\/mariana-castro-henriques-b959aa187\/\" target=\"_blank\">\n\t\t\t\t\t\t\t\t\t\t\t\t\t\t\t\t\t\t\t\t\t\t\t<i aria-hidden=\"true\" class=\"fab fa-linkedin\"><\/i>\t\t\t\t\t\t\t\t\t\t\t\t\t\t\t\t\t\t\t\t\t<\/a>\n\t\t\t\t\t\t\t\t\t<\/li>\n\t\t\t\t\t\t\t\t\t\t\t\t\t\t\t\t\t\t\t\t\t<\/ul>\n\t\t\t\t\t\t\t\t\t\t<p class=\"eael-team-text\">Directrice du mus\u00e9e de l'eau \u00e0 l'EPAL, elle dirige des initiatives reliant le patrimoine culturel, l'\u00e9ducation \u00e0 l'environnement et la durabilit\u00e9. Elle si\u00e8ge au Comit\u00e9 d'\u00e9thique d'\u00c1guas de Portugal, au Conseil d'administration de la Plateforme pour la croissance durable et au R\u00e9seau mondial des mus\u00e9es de l'eau de l'UNESCO, promouvant l'eau \u00e0 la fois comme un bien culturel et une ressource vitale pour un avenir durable.<\/p>\n\t\t\t\t\t\t\t<\/div>\n\t\t<\/div>\n\t<\/div>\n\t\t\t\t\t<\/div>\n\t\t\t\t<\/div>\n\t\t\t\t\t<\/div>\n\t\t<\/div>\n\t\t\t\t<div class=\"elementor-column elementor-col-16 elementor-top-column elementor-element elementor-element-3dc4988\" data-id=\"3dc4988\" data-element_type=\"column\" data-e-type=\"column\">\n\t\t\t<div class=\"elementor-widget-wrap elementor-element-populated\">\n\t\t\t\t\t\t<div class=\"elementor-element elementor-element-7af12a1 team-member member-filmfest eael-team-align-eael-team-align-default elementor-widget elementor-widget-eael-team-member\" data-id=\"7af12a1\" data-element_type=\"widget\" data-e-type=\"widget\" data-widget_type=\"eael-team-member.default\">\n\t\t\t\t<div class=\"elementor-widget-container\">\n\t\t\t\t\t\n\n\t<div id=\"eael-team-member-7af12a1\" class=\"eael-team-item eael-team-members-simple\">\n\t\t<div class=\"eael-team-item-inner\">\n\t\t\t<div class=\"eael-team-image\">\n\t\t\t\t<figure>\n\t\t\t\t\t\t\t\t\t\t<img decoding=\"async\" src=\"https:\/\/festival262.com\/wp-content\/uploads\/2025\/11\/34.png\" alt=\"\">\n\t\t\t\t\t\t\t\t\t<\/figure>\n\t\t\t\t\n\t\t\t\t\n\t\t\t<\/div>\n\n\t\t\t<div class=\"eael-team-content\">\n\t\t\t\t<h2 class=\"eael-team-member-name\">Augusto Br\u00e1zio<\/h2><h3 class=\"eael-team-member-position\"> Documentaire &amp; Photographe d'art<\/h3>\n\t\t\t\t\t\t\t\t\t\t\t\t\t\t\t<ul class=\"eael-team-member-social-profiles\">\n\t\t\t\t\t\t\t\t\t\t\t\t\t\t\t\t\t\t\t\t\t\t\t\t\t\t\t\t\t\t\t\t\t\t\t\t\t\t\t\t\t<li class=\"eael-team-member-social-link\">\n\t\t\t\t\t\t\t\t\t\t<a href=\"https:\/\/www.instagram.com\/augustobrazio\/\" target=\"_blank\">\n\t\t\t\t\t\t\t\t\t\t\t\t\t\t\t\t\t\t\t\t\t\t\t<i aria-hidden=\"true\" class=\"fab fa-instagram\"><\/i>\t\t\t\t\t\t\t\t\t\t\t\t\t\t\t\t\t\t\t\t\t<\/a>\n\t\t\t\t\t\t\t\t\t<\/li>\n\t\t\t\t\t\t\t\t\t\t\t\t\t\t\t\t\t\t\t\t\t\t\t\t\t\t\t\t\t\t\t\t\t\t\t\t\t\t\t\t\t\t\t\t\t\t\t\t\t<li class=\"eael-team-member-social-link\">\n\t\t\t\t\t\t\t\t\t\t<a href=\"https:\/\/augustobrazio.com\/\" target=\"_blank\">\n\t\t\t\t\t\t\t\t\t\t\t\t\t\t\t\t\t\t\t\t\t\t\t<i aria-hidden=\"true\" class=\"fas fa-camera-retro\"><\/i>\t\t\t\t\t\t\t\t\t\t\t\t\t\t\t\t\t\t\t\t\t<\/a>\n\t\t\t\t\t\t\t\t\t<\/li>\n\t\t\t\t\t\t\t\t\t\t\t\t\t\t\t\t\t\t\t\t\t<\/ul>\n\t\t\t\t\t\t\t\t\t\t<p class=\"eael-team-text\">N\u00e9 \u00e0 Brinches, Serpa, en 1964, Augusto Br\u00e1zio a \u00e9tudi\u00e9 \u00e0 l'Escola Superior de Belas Artes \u00e0 Lisbonne. Depuis les ann\u00e9es 1990, il a publi\u00e9 plus de dix livres, expos\u00e9 \u00e0 l'international et remport\u00e9 le prix Vis\u00e3o\/BES du photojournalisme (2008). Ancien membre du collectif Kameraphoto et pr\u00e9sent dans Entre Imagens de la RTP, son travail r\u00e9cent explore l\u2019immigration, l\u2019appartenance et l\u2019occupation du territoire. Il est repr\u00e9sent\u00e9 par Galeria das Salgadeiras, avec des \u0153uvres dans de grandes collections publiques et priv\u00e9es.<\/p>\n\t\t\t\t\t\t\t<\/div>\n\t\t<\/div>\n\t<\/div>\n\t\t\t\t\t<\/div>\n\t\t\t\t<\/div>\n\t\t\t\t\t<\/div>\n\t\t<\/div>\n\t\t\t\t\t<\/div>\n\t\t<\/section>\n\t\t\t\t<section class=\"elementor-section elementor-top-section elementor-element elementor-element-6ae98a1 elementor-section-boxed elementor-section-height-default elementor-section-height-default\" data-id=\"6ae98a1\" data-element_type=\"section\" data-e-type=\"section\">\n\t\t\t\t\t\t<div class=\"elementor-container elementor-column-gap-default\">\n\t\t\t\t\t<div class=\"elementor-column elementor-col-16 elementor-top-column elementor-element elementor-element-47a552a\" data-id=\"47a552a\" data-element_type=\"column\" data-e-type=\"column\">\n\t\t\t<div class=\"elementor-widget-wrap elementor-element-populated\">\n\t\t\t\t\t\t<div class=\"elementor-element elementor-element-8f7382d team-member member-fsos eael-team-align-eael-team-align-default elementor-widget elementor-widget-eael-team-member\" data-id=\"8f7382d\" data-element_type=\"widget\" data-e-type=\"widget\" data-widget_type=\"eael-team-member.default\">\n\t\t\t\t<div class=\"elementor-widget-container\">\n\t\t\t\t\t\n\n\t<div id=\"eael-team-member-8f7382d\" class=\"eael-team-item eael-team-members-simple\">\n\t\t<div class=\"eael-team-item-inner\">\n\t\t\t<div class=\"eael-team-image\">\n\t\t\t\t<figure>\n\t\t\t\t\t\t\t\t\t\t<img decoding=\"async\" src=\"https:\/\/festival262.com\/wp-content\/uploads\/2025\/11\/15.png\" alt=\"\">\n\t\t\t\t\t\t\t\t\t<\/figure>\n\t\t\t\t\n\t\t\t\t\n\t\t\t<\/div>\n\n\t\t\t<div class=\"eael-team-content\">\n\t\t\t\t<h2 class=\"eael-team-member-name\">nuno vasco rodrigues<\/h2><h3 class=\"eael-team-member-position\"> Biologiste marin, Chercheur &amp; Photographe sous-marin<\/h3>\n\t\t\t\t\t\t\t\t\t\t\t\t\t\t\t<ul class=\"eael-team-member-social-profiles\">\n\t\t\t\t\t\t\t\t\t\t\t\t\t\t\t\t\t\t\t\t\t\t\t\t\t\t\t\t\t\t\t\t\t\t\t\t\t\t\t\t\t<li class=\"eael-team-member-social-link\">\n\t\t\t\t\t\t\t\t\t\t<a href=\"https:\/\/www.instagram.com\/nuno_vasco_rodrigues\/\" target=\"_blank\">\n\t\t\t\t\t\t\t\t\t\t\t\t\t\t\t\t\t\t\t\t\t\t\t<i aria-hidden=\"true\" class=\"fab fa-instagram\"><\/i>\t\t\t\t\t\t\t\t\t\t\t\t\t\t\t\t\t\t\t\t\t<\/a>\n\t\t\t\t\t\t\t\t\t<\/li>\n\t\t\t\t\t\t\t\t\t\t\t\t\t\t\t\t\t\t\t\t\t\t\t\t\t\t\t\t\t\t\t\t\t\t\t\t\t\t\t\t\t\t\t\t\t\t\t\t\t<li class=\"eael-team-member-social-link\">\n\t\t\t\t\t\t\t\t\t\t<a href=\"https:\/\/www.instagram.com\/nuno_vasco_rodrigues\" target=\"_blank\">\n\t\t\t\t\t\t\t\t\t\t\t\t\t\t\t\t\t\t\t\t\t\t\t<i aria-hidden=\"true\" class=\"fas fa-globe\"><\/i>\t\t\t\t\t\t\t\t\t\t\t\t\t\t\t\t\t\t\t\t\t<\/a>\n\t\t\t\t\t\t\t\t\t<\/li>\n\t\t\t\t\t\t\t\t\t\t\t\t\t\t\t\t\t\t\t\t\t<\/ul>\n\t\t\t\t\t\t\t\t\t\t<p class=\"eael-team-text\">Biologiste marin et chercheur \u00e0 MARE IPLeiria, avec un accent sur l'\u00e9cologie des poissons et auteur de trois livres. Plongeur certifi\u00e9 depuis 2000, avec plus de 1 500 heures sous l'eau, il utilise la photographie pour r\u00e9v\u00e9ler les merveilles de la vie marine et sensibiliser aux menaces telles que le changement climatique, la surp\u00eache et la pollution. Ses images prim\u00e9es ont \u00e9t\u00e9 publi\u00e9es et expos\u00e9es \u00e0 l'\u00e9chelle internationale, inspirant l'action pour l'avenir de nos oc\u00e9ans.<\/p>\n\t\t\t\t\t\t\t<\/div>\n\t\t<\/div>\n\t<\/div>\n\t\t\t\t\t<\/div>\n\t\t\t\t<\/div>\n\t\t\t\t\t<\/div>\n\t\t<\/div>\n\t\t\t\t<div class=\"elementor-column elementor-col-16 elementor-top-column elementor-element elementor-element-e7fa393\" data-id=\"e7fa393\" data-element_type=\"column\" data-e-type=\"column\">\n\t\t\t<div class=\"elementor-widget-wrap elementor-element-populated\">\n\t\t\t\t\t\t<div class=\"elementor-element elementor-element-ee458e8 team-member member-analog eael-team-align-eael-team-align-default elementor-widget elementor-widget-eael-team-member\" data-id=\"ee458e8\" data-element_type=\"widget\" data-e-type=\"widget\" data-widget_type=\"eael-team-member.default\">\n\t\t\t\t<div class=\"elementor-widget-container\">\n\t\t\t\t\t\n\n\t<div id=\"eael-team-member-ee458e8\" class=\"eael-team-item eael-team-members-simple\">\n\t\t<div class=\"eael-team-item-inner\">\n\t\t\t<div class=\"eael-team-image\">\n\t\t\t\t<figure>\n\t\t\t\t\t\t\t\t\t\t<img decoding=\"async\" src=\"https:\/\/festival262.com\/wp-content\/uploads\/2025\/11\/29.png\" alt=\"\">\n\t\t\t\t\t\t\t\t\t<\/figure>\n\t\t\t\t\n\t\t\t\t\n\t\t\t<\/div>\n\n\t\t\t<div class=\"eael-team-content\">\n\t\t\t\t<h2 class=\"eael-team-member-name\"> Sofia Silva  <\/h2><h3 class=\"eael-team-member-position\">Artiste visuel, \u00c9crivain &amp; \u00c9ducateur<\/h3>\n\t\t\t\t\t\t\t\t\t\t\t\t\t\t\t<ul class=\"eael-team-member-social-profiles\">\n\t\t\t\t\t\t\t\t\t\t\t\t\t\t\t\t\t\t\t\t\t\t\t\t\t\t\t\t\t\t\t\t\t\t\t\t\t\t\t\t\t<li class=\"eael-team-member-social-link\">\n\t\t\t\t\t\t\t\t\t\t<a href=\"https:\/\/www.instagram.com\/nihilsentimentalgia\/\" target=\"_blank\">\n\t\t\t\t\t\t\t\t\t\t\t\t\t\t\t\t\t\t\t\t\t\t\t<i aria-hidden=\"true\" class=\"fab fa-instagram\"><\/i>\t\t\t\t\t\t\t\t\t\t\t\t\t\t\t\t\t\t\t\t\t<\/a>\n\t\t\t\t\t\t\t\t\t<\/li>\n\t\t\t\t\t\t\t\t\t\t\t\t\t\t\t\t\t\t\t\t\t\t\t\t\t\t\t\t\t\t\t\t\t\t\t\t\t\t\t\t\t\t\t\t\t\t\t\t\t<li class=\"eael-team-member-social-link\">\n\t\t\t\t\t\t\t\t\t\t<a href=\"https:\/\/nihilsentimentalgia.com\/\" target=\"_blank\">\n\t\t\t\t\t\t\t\t\t\t\t\t\t\t\t\t\t\t\t\t\t\t\t<i aria-hidden=\"true\" class=\"fas fa-globe\"><\/i>\t\t\t\t\t\t\t\t\t\t\t\t\t\t\t\t\t\t\t\t\t<\/a>\n\t\t\t\t\t\t\t\t\t<\/li>\n\t\t\t\t\t\t\t\t\t\t\t\t\t\t\t\t\t\t\t\t\t\t\t\t\t\t\t\t\t\t\t\t\t\t\t\t\t\t\t\t\t\t\t\t\t\t\t\t\t<li class=\"eael-team-member-social-link\">\n\t\t\t\t\t\t\t\t\t\t<a href=\"https:\/\/www.facebook.com\/nihilsentimentalgia\" target=\"_blank\">\n\t\t\t\t\t\t\t\t\t\t\t\t\t\t\t\t\t\t\t\t\t\t\t<i aria-hidden=\"true\" class=\"fab fa-facebook\"><\/i>\t\t\t\t\t\t\t\t\t\t\t\t\t\t\t\t\t\t\t\t\t<\/a>\n\t\t\t\t\t\t\t\t\t<\/li>\n\t\t\t\t\t\t\t\t\t\t\t\t\t\t\t\t\t\t\t\t\t<\/ul>\n\t\t\t\t\t\t\t\t\t\t<p class=\"eael-team-text\">Photographe et chercheur explorant l'authenticit\u00e9, la culture visuelle et les pratiques photographiques lentes. Avec un doctorat en \u00e9tudes artistiques et des ann\u00e9es d'exp\u00e9rience dans l'enseignement de la th\u00e9orie visuelle et des processus alternatifs, elle cr\u00e9e des espaces de r\u00e9flexion \u00e0 travers des ateliers, de l'\u00e9criture et des projets exp\u00e9rimentaux tels que CELEUMA et le LESMA Slow Photography Festival.<\/p>\n\t\t\t\t\t\t\t<\/div>\n\t\t<\/div>\n\t<\/div>\n\t\t\t\t\t<\/div>\n\t\t\t\t<\/div>\n\t\t\t\t\t<\/div>\n\t\t<\/div>\n\t\t\t\t<div class=\"elementor-column elementor-col-16 elementor-top-column elementor-element elementor-element-106016d\" data-id=\"106016d\" data-element_type=\"column\" data-e-type=\"column\">\n\t\t\t<div class=\"elementor-widget-wrap elementor-element-populated\">\n\t\t\t\t\t\t<div class=\"elementor-element elementor-element-135317b team-member member-photobook eael-team-align-eael-team-align-default elementor-widget elementor-widget-eael-team-member\" data-id=\"135317b\" data-element_type=\"widget\" data-e-type=\"widget\" data-widget_type=\"eael-team-member.default\">\n\t\t\t\t<div class=\"elementor-widget-container\">\n\t\t\t\t\t\n\n\t<div id=\"eael-team-member-135317b\" class=\"eael-team-item eael-team-members-simple\">\n\t\t<div class=\"eael-team-item-inner\">\n\t\t\t<div class=\"eael-team-image\">\n\t\t\t\t<figure>\n\t\t\t\t\t\t\t\t\t\t<img decoding=\"async\" src=\"https:\/\/festival262.com\/wp-content\/uploads\/2025\/11\/6.png\" alt=\"\">\n\t\t\t\t\t\t\t\t\t<\/figure>\n\t\t\t\t\n\t\t\t\t\n\t\t\t<\/div>\n\n\t\t\t<div class=\"eael-team-content\">\n\t\t\t\t<h2 class=\"eael-team-member-name\">R\u00faben R. Dias<\/h2><h3 class=\"eael-team-member-position\">Concepteur \u00e9ditorial, chercheur &amp; \u00e9ducateur<\/h3>\n\t\t\t\t\t\t\t\t\t\t\t\t\t\t\t<ul class=\"eael-team-member-social-profiles\">\n\t\t\t\t\t\t\t\t\t\t\t\t\t\t\t\t\t\t\t\t\t\t\t\t\t\t\t\t\t\t\t\t\t\t\t\t\t\t\t\t\t<li class=\"eael-team-member-social-link\">\n\t\t\t\t\t\t\t\t\t\t<a href=\"https:\/\/www.instagram.com\/rubenrdias\/\" target=\"_blank\">\n\t\t\t\t\t\t\t\t\t\t\t\t\t\t\t\t\t\t\t\t\t\t\t<i aria-hidden=\"true\" class=\"fab fa-instagram\"><\/i>\t\t\t\t\t\t\t\t\t\t\t\t\t\t\t\t\t\t\t\t\t<\/a>\n\t\t\t\t\t\t\t\t\t<\/li>\n\t\t\t\t\t\t\t\t\t\t\t\t\t\t\t\t\t\t\t\t\t\t\t\t\t\t\t\t\t\t\t\t\t\t\t\t\t\t\t\t\t\t\t\t\t\t\t\t\t<li class=\"eael-team-member-social-link\">\n\t\t\t\t\t\t\t\t\t\t<a href=\"https:\/\/rubenrdias.com\/\" target=\"_blank\">\n\t\t\t\t\t\t\t\t\t\t\t\t\t\t\t\t\t\t\t\t\t\t\t<i aria-hidden=\"true\" class=\"fas fa-globe\"><\/i>\t\t\t\t\t\t\t\t\t\t\t\t\t\t\t\t\t\t\t\t\t<\/a>\n\t\t\t\t\t\t\t\t\t<\/li>\n\t\t\t\t\t\t\t\t\t\t\t\t\t\t\t\t\t\t\t\t\t\t\t\t\t\t\t\t\t\t\t\t\t\t\t\t\t\t\t\t\t\t\t\t\t\t\t\t\t<li class=\"eael-team-member-social-link\">\n\t\t\t\t\t\t\t\t\t\t<a href=\"https:\/\/itemzero.com\/\" target=\"_blank\">\n\t\t\t\t\t\t\t\t\t\t\t\t\t\t\t\t\t\t\t\t\t\t\t<i aria-hidden=\"true\" class=\"fas fa-pencil-alt\"><\/i>\t\t\t\t\t\t\t\t\t\t\t\t\t\t\t\t\t\t\t\t\t<\/a>\n\t\t\t\t\t\t\t\t\t<\/li>\n\t\t\t\t\t\t\t\t\t\t\t\t\t\t\t\t\t\t\t\t\t<\/ul>\n\t\t\t\t\t\t\t\t\t\t<p class=\"eael-team-text\">Concepteur \u00e9ditorial et chercheur titulaire d\u2019un doctorat en design, il est professeur \u00e0 l\u2019ESAD-Matosinhos et associ\u00e9 \u00e0 Itemzero. Son travail explore l'intersection de la typographie, de l'\u00e9dition et de l'artisanat \u00e0 travers l'enseignement, l'\u00e9criture et son propre studio de typographie. Reconnu internationalement, il anime r\u00e9guli\u00e8rement des ateliers et des conf\u00e9rences sur le design \u00e9ditorial et la culture typographique.<\/p>\n\t\t\t\t\t\t\t<\/div>\n\t\t<\/div>\n\t<\/div>\n\t\t\t\t\t<\/div>\n\t\t\t\t<\/div>\n\t\t\t\t\t<\/div>\n\t\t<\/div>\n\t\t\t\t<div class=\"elementor-column elementor-col-16 elementor-top-column elementor-element elementor-element-2352a19\" data-id=\"2352a19\" data-element_type=\"column\" data-e-type=\"column\">\n\t\t\t<div class=\"elementor-widget-wrap elementor-element-populated\">\n\t\t\t\t\t\t<div class=\"elementor-element elementor-element-9005d48 team-member member-f262 eael-team-align-eael-team-align-default elementor-widget elementor-widget-eael-team-member\" data-id=\"9005d48\" data-element_type=\"widget\" data-e-type=\"widget\" data-widget_type=\"eael-team-member.default\">\n\t\t\t\t<div class=\"elementor-widget-container\">\n\t\t\t\t\t\n\n\t<div id=\"eael-team-member-9005d48\" class=\"eael-team-item eael-team-members-simple\">\n\t\t<div class=\"eael-team-item-inner\">\n\t\t\t<div class=\"eael-team-image\">\n\t\t\t\t<figure>\n\t\t\t\t\t\t\t\t\t\t<img decoding=\"async\" src=\"https:\/\/festival262.com\/wp-content\/uploads\/2025\/11\/9.png\" alt=\"\">\n\t\t\t\t\t\t\t\t\t<\/figure>\n\t\t\t\t\n\t\t\t\t\n\t\t\t<\/div>\n\n\t\t\t<div class=\"eael-team-content\">\n\t\t\t\t<h2 class=\"eael-team-member-name\">Jos\u00e9 Caetano<\/h2><h3 class=\"eael-team-member-position\">Photographe de paysage<\/h3>\n\t\t\t\t\t\t\t\t\t\t\t\t\t\t\t<ul class=\"eael-team-member-social-profiles\">\n\t\t\t\t\t\t\t\t\t\t\t\t\t\t\t\t\t\t\t\t\t\t\t\t\t\t\t\t\t\t\t\t\t\t\t\t\t\t\t\t\t<li class=\"eael-team-member-social-link\">\n\t\t\t\t\t\t\t\t\t\t<a href=\"https:\/\/www.facebook.com\/profile.php?id=100004913888816&#038;ref=_ig_profile_ac\" target=\"_blank\">\n\t\t\t\t\t\t\t\t\t\t\t\t\t\t\t\t\t\t\t\t\t\t\t<i aria-hidden=\"true\" class=\"fab fa-facebook\"><\/i>\t\t\t\t\t\t\t\t\t\t\t\t\t\t\t\t\t\t\t\t\t<\/a>\n\t\t\t\t\t\t\t\t\t<\/li>\n\t\t\t\t\t\t\t\t\t\t\t\t\t\t\t\t\t\t\t\t\t\t\t\t\t\t\t\t\t\t\t\t\t\t\t\t\t\t\t\t\t\t\t\t\t\t\t\t\t<li class=\"eael-team-member-social-link\">\n\t\t\t\t\t\t\t\t\t\t<a href=\"https:\/\/www.instagram.com\/josecaetano_photography\/?hl=pt_BR\" target=\"_blank\">\n\t\t\t\t\t\t\t\t\t\t\t\t\t\t\t\t\t\t\t\t\t\t\t<i aria-hidden=\"true\" class=\"fab fa-instagram\"><\/i>\t\t\t\t\t\t\t\t\t\t\t\t\t\t\t\t\t\t\t\t\t<\/a>\n\t\t\t\t\t\t\t\t\t<\/li>\n\t\t\t\t\t\t\t\t\t\t\t\t\t\t\t\t\t\t\t\t\t<\/ul>\n\t\t\t\t\t\t\t\t\t\t<p class=\"eael-team-text\">Photographe de paysage portugais bas\u00e9 \u00e0 Caldas da Rainha, reconnu pour ses images \u00e9vocatrices de longue exposition et de coucher de soleil publi\u00e9es par National Geographic. Dipl\u00f4m\u00e9 de l\u2019ESAD.CR \u2013 Escola Superior de Artes e Design, il explore l\u2019interaction de la lumi\u00e8re, du temps et de l\u2019\u00e9motion dans les paysages naturels du Portugal.<\/p>\n\t\t\t\t\t\t\t<\/div>\n\t\t<\/div>\n\t<\/div>\n\t\t\t\t\t<\/div>\n\t\t\t\t<\/div>\n\t\t\t\t\t<\/div>\n\t\t<\/div>\n\t\t\t\t<div class=\"elementor-column elementor-col-16 elementor-top-column elementor-element elementor-element-b69fe2c\" data-id=\"b69fe2c\" data-element_type=\"column\" data-e-type=\"column\">\n\t\t\t<div class=\"elementor-widget-wrap elementor-element-populated\">\n\t\t\t\t\t\t<div class=\"elementor-element elementor-element-cd08e75 team-member member-photobook eael-team-align-eael-team-align-default elementor-widget elementor-widget-eael-team-member\" data-id=\"cd08e75\" data-element_type=\"widget\" data-e-type=\"widget\" data-widget_type=\"eael-team-member.default\">\n\t\t\t\t<div class=\"elementor-widget-container\">\n\t\t\t\t\t\n\n\t<div id=\"eael-team-member-cd08e75\" class=\"eael-team-item eael-team-members-simple\">\n\t\t<div class=\"eael-team-item-inner\">\n\t\t\t<div class=\"eael-team-image\">\n\t\t\t\t<figure>\n\t\t\t\t\t\t\t\t\t\t<img decoding=\"async\" src=\"https:\/\/festival262.com\/wp-content\/uploads\/2025\/11\/19.png\" alt=\"\">\n\t\t\t\t\t\t\t\t\t<\/figure>\n\t\t\t\t\n\t\t\t\t\n\t\t\t<\/div>\n\n\t\t\t<div class=\"eael-team-content\">\n\t\t\t\t<h2 class=\"eael-team-member-name\">Rita Carmo<\/h2><h3 class=\"eael-team-member-position\">Photographe \u2013 Musique &amp; Portraits<\/h3>\n\t\t\t\t\t\t\t\t\t\t\t\t\t\t\t<ul class=\"eael-team-member-social-profiles\">\n\t\t\t\t\t\t\t\t\t\t\t\t\t\t\t\t\t\t\t\t\t\t\t\t\t\t\t\t\t\t\t\t\t\t\t\t\t\t\t\t\t<li class=\"eael-team-member-social-link\">\n\t\t\t\t\t\t\t\t\t\t<a href=\"https:\/\/www.facebook.com\/ritacarmo.foto.imagensdepessoascommusicadentro\/\" target=\"_blank\">\n\t\t\t\t\t\t\t\t\t\t\t\t\t\t\t\t\t\t\t\t\t\t\t<i aria-hidden=\"true\" class=\"fab fa-facebook\"><\/i>\t\t\t\t\t\t\t\t\t\t\t\t\t\t\t\t\t\t\t\t\t<\/a>\n\t\t\t\t\t\t\t\t\t<\/li>\n\t\t\t\t\t\t\t\t\t\t\t\t\t\t\t\t\t\t\t\t\t\t\t\t\t\t\t\t\t\t\t\t\t\t\t\t\t\t\t\t\t\t\t\t\t\t\t\t\t<li class=\"eael-team-member-social-link\">\n\t\t\t\t\t\t\t\t\t\t<a href=\"https:\/\/www.ritacarmo.com\/\" target=\"_blank\">\n\t\t\t\t\t\t\t\t\t\t\t\t\t\t\t\t\t\t\t\t\t\t\t<i aria-hidden=\"true\" class=\"fas fa-camera-retro\"><\/i>\t\t\t\t\t\t\t\t\t\t\t\t\t\t\t\t\t\t\t\t\t<\/a>\n\t\t\t\t\t\t\t\t\t<\/li>\n\t\t\t\t\t\t\t\t\t\t\t\t\t\t\t\t\t\t\t\t\t\t\t\t\t\t\t\t\t\t\t\t\t\t\t\t\t\t\t\t\t\t\t\t\t\t\t\t\t<li class=\"eael-team-member-social-link\">\n\t\t\t\t\t\t\t\t\t\t<a href=\"https:\/\/www.instagram.com\/ritacarmo_photography\/\" target=\"_blank\">\n\t\t\t\t\t\t\t\t\t\t\t\t\t\t\t\t\t\t\t\t\t\t\t<i aria-hidden=\"true\" class=\"fab fa-instagram\"><\/i>\t\t\t\t\t\t\t\t\t\t\t\t\t\t\t\t\t\t\t\t\t<\/a>\n\t\t\t\t\t\t\t\t\t<\/li>\n\t\t\t\t\t\t\t\t\t\t\t\t\t\t\t\t\t\t\t\t\t<\/ul>\n\t\t\t\t\t\t\t\t\t\t<p class=\"eael-team-text\">Rita Carmo, photographe bas\u00e9e \u00e0 Lisbonne, documente la sc\u00e8ne musicale portugaise depuis plus de 30 ans en tant que photographe r\u00e9sidente pour le magazine Blitz. Son travail comprend des portraits, des concerts et des livres photo prim\u00e9s, dont Bandas Sonoras et Jorge Palma de Rita Carmo. En 2023, elle a re\u00e7u le prix Women in Music Industry par Aporfest et continue d'enseigner et de diriger des ateliers de photographie de concert.<\/p>\n\t\t\t\t\t\t\t<\/div>\n\t\t<\/div>\n\t<\/div>\n\t\t\t\t\t<\/div>\n\t\t\t\t<\/div>\n\t\t\t\t\t<\/div>\n\t\t<\/div>\n\t\t\t\t<div class=\"elementor-column elementor-col-16 elementor-top-column elementor-element elementor-element-21e8dec\" data-id=\"21e8dec\" data-element_type=\"column\" data-e-type=\"column\">\n\t\t\t<div class=\"elementor-widget-wrap elementor-element-populated\">\n\t\t\t\t\t\t<div class=\"elementor-element elementor-element-ef87dc5 team-member member-photobook eael-team-align-eael-team-align-default elementor-widget elementor-widget-eael-team-member\" data-id=\"ef87dc5\" data-element_type=\"widget\" data-e-type=\"widget\" data-widget_type=\"eael-team-member.default\">\n\t\t\t\t<div class=\"elementor-widget-container\">\n\t\t\t\t\t\n\n\t<div id=\"eael-team-member-ef87dc5\" class=\"eael-team-item eael-team-members-simple\">\n\t\t<div class=\"eael-team-item-inner\">\n\t\t\t<div class=\"eael-team-image\">\n\t\t\t\t<figure>\n\t\t\t\t\t\t\t\t\t\t<img decoding=\"async\" src=\"https:\/\/festival262.com\/wp-content\/uploads\/2025\/11\/F262-SPEAKERS-copy-1.png\" alt=\"\">\n\t\t\t\t\t\t\t\t\t<\/figure>\n\t\t\t\t\n\t\t\t\t\n\t\t\t<\/div>\n\n\t\t\t<div class=\"eael-team-content\">\n\t\t\t\t<h2 class=\"eael-team-member-name\">Yegan Mazandarani &amp; William Keo<\/h2><h3 class=\"eael-team-member-position\">\u00e9ditions Four Eyes<\/h3>\n\t\t\t\t\t\t\t\t\t\t\t\t\t\t\t<ul class=\"eael-team-member-social-profiles\">\n\t\t\t\t\t\t\t\t\t\t\t\t\t\t\t\t\t\t\t\t\t\t\t\t\t\t\t\t\t\t\t\t\t\t\t\t\t\t\t\t\t<li class=\"eael-team-member-social-link\">\n\t\t\t\t\t\t\t\t\t\t<a href=\"https:\/\/foureyeseditions.shop\/en\/pages\/la-maison\" target=\"_blank\">\n\t\t\t\t\t\t\t\t\t\t\t\t\t\t\t\t\t\t\t\t\t\t\t<i aria-hidden=\"true\" class=\"fas fa-globe\"><\/i>\t\t\t\t\t\t\t\t\t\t\t\t\t\t\t\t\t\t\t\t\t<\/a>\n\t\t\t\t\t\t\t\t\t<\/li>\n\t\t\t\t\t\t\t\t\t\t\t\t\t\t\t\t\t\t\t\t\t\t\t\t\t\t\t\t\t\t\t\t\t\t\t\t\t\t\t\t\t\t\t\t\t\t\t\t\t<li class=\"eael-team-member-social-link\">\n\t\t\t\t\t\t\t\t\t\t<a href=\"https:\/\/www.yegan-mazandarani.com\/\" target=\"_blank\">\n\t\t\t\t\t\t\t\t\t\t\t\t\t\t\t\t\t\t\t\t\t\t\t<i aria-hidden=\"true\" class=\"fas fa-camera\"><\/i>\t\t\t\t\t\t\t\t\t\t\t\t\t\t\t\t\t\t\t\t\t<\/a>\n\t\t\t\t\t\t\t\t\t<\/li>\n\t\t\t\t\t\t\t\t\t\t\t\t\t\t\t\t\t\t\t\t\t\t\t\t\t\t\t\t\t\t\t\t\t\t\t\t\t\t\t\t\t\t\t\t\t\t\t\t\t<li class=\"eael-team-member-social-link\">\n\t\t\t\t\t\t\t\t\t\t<a href=\"https:\/\/www.william-keo.com\/\" target=\"_blank\">\n\t\t\t\t\t\t\t\t\t\t\t\t\t\t\t\t\t\t\t\t\t\t\t<i aria-hidden=\"true\" class=\"fas fa-book\"><\/i>\t\t\t\t\t\t\t\t\t\t\t\t\t\t\t\t\t\t\t\t\t<\/a>\n\t\t\t\t\t\t\t\t\t<\/li>\n\t\t\t\t\t\t\t\t\t\t\t\t\t\t\t\t\t\t\t\t\t<\/ul>\n\t\t\t\t\t\t\t\t\t\t<p class=\"eael-team-text\">Four Eyes est un studio \u00e9ditorial d\u00e9di\u00e9 \u00e0 la cr\u00e9ation de livres et d'objets finement con\u00e7us avec des artistes dont le travail se distingue par son originalit\u00e9, sa qualit\u00e9 et sa vision esth\u00e9tique. Construit sur des ann\u00e9es d'exp\u00e9rience dans la photographie, l'\u00e9dition, la mode, la musique et la direction cr\u00e9ative, Four Eyes d\u00e9veloppe des projets motiv\u00e9s par la curiosit\u00e9, l'\u00e9l\u00e9gance et une collaboration artistique significative.<\/p>\n\t\t\t\t\t\t\t<\/div>\n\t\t<\/div>\n\t<\/div>\n\t\t\t\t\t<\/div>\n\t\t\t\t<\/div>\n\t\t\t\t\t<\/div>\n\t\t<\/div>\n\t\t\t\t\t<\/div>\n\t\t<\/section>\n\t\t\t\t<section class=\"elementor-section elementor-top-section elementor-element elementor-element-701919f elementor-section-boxed elementor-section-height-default elementor-section-height-default\" data-id=\"701919f\" data-element_type=\"section\" data-e-type=\"section\">\n\t\t\t\t\t\t<div class=\"elementor-container elementor-column-gap-default\">\n\t\t\t\t\t<div class=\"elementor-column elementor-col-16 elementor-top-column elementor-element elementor-element-29e37b1\" data-id=\"29e37b1\" data-element_type=\"column\" data-e-type=\"column\">\n\t\t\t<div class=\"elementor-widget-wrap elementor-element-populated\">\n\t\t\t\t\t\t<div class=\"elementor-element elementor-element-73ee9ed team-member member-fsos eael-team-align-eael-team-align-default elementor-widget elementor-widget-eael-team-member\" data-id=\"73ee9ed\" data-element_type=\"widget\" data-e-type=\"widget\" data-widget_type=\"eael-team-member.default\">\n\t\t\t\t<div class=\"elementor-widget-container\">\n\t\t\t\t\t\n\n\t<div id=\"eael-team-member-73ee9ed\" class=\"eael-team-item eael-team-members-simple\">\n\t\t<div class=\"eael-team-item-inner\">\n\t\t\t<div class=\"eael-team-image\">\n\t\t\t\t<figure>\n\t\t\t\t\t\t\t\t\t\t<img decoding=\"async\" src=\"https:\/\/festival262.com\/wp-content\/uploads\/2025\/11\/17-1.png\" alt=\"\">\n\t\t\t\t\t\t\t\t\t<\/figure>\n\t\t\t\t\n\t\t\t\t\n\t\t\t<\/div>\n\n\t\t\t<div class=\"eael-team-content\">\n\t\t\t\t<h2 class=\"eael-team-member-name\">Anderson Nielsen<\/h2><h3 class=\"eael-team-member-position\">Artiste &amp; cr\u00e9ateur de \u00abGigantes por Natureza\u00bb<\/h3>\n\t\t\t\t\t\t\t\t\t\t\t\t\t\t\t<ul class=\"eael-team-member-social-profiles\">\n\t\t\t\t\t\t\t\t\t\t\t\t\t\t\t\t\t\t\t\t\t\t\t\t\t\t\t\t\t\t\t\t\t\t\t\t\t\t\t\t\t<li class=\"eael-team-member-social-link\">\n\t\t\t\t\t\t\t\t\t\t<a href=\"https:\/\/www.instagram.com\/andersonnielsen.art\/\" target=\"_blank\">\n\t\t\t\t\t\t\t\t\t\t\t\t\t\t\t\t\t\t\t\t\t\t\t<i aria-hidden=\"true\" class=\"fab fa-instagram\"><\/i>\t\t\t\t\t\t\t\t\t\t\t\t\t\t\t\t\t\t\t\t\t<\/a>\n\t\t\t\t\t\t\t\t\t<\/li>\n\t\t\t\t\t\t\t\t\t\t\t\t\t\t\t\t\t\t\t\t\t\t\t\t\t\t\t\t\t\t\t\t\t\t\t\t\t\t\t\t\t\t\t\t\t\t\t\t\t<li class=\"eael-team-member-social-link\">\n\t\t\t\t\t\t\t\t\t\t<a href=\"https:\/\/www.nielsenbugs.com\/\" target=\"_blank\">\n\t\t\t\t\t\t\t\t\t\t\t\t\t\t\t\t\t\t\t\t\t\t\t<i aria-hidden=\"true\" class=\"fas fa-globe\"><\/i>\t\t\t\t\t\t\t\t\t\t\t\t\t\t\t\t\t\t\t\t\t<\/a>\n\t\t\t\t\t\t\t\t\t<\/li>\n\t\t\t\t\t\t\t\t\t\t\t\t\t\t\t\t\t\t\t\t\t<\/ul>\n\t\t\t\t\t\t\t\t\t\t<p class=\"eael-team-text\">Artiste et photographe, Nielsen est le cr\u00e9ateur de Gigantes por Natureza, un projet \u00e0 long terme qui magnifie la beaut\u00e9 cach\u00e9e des insectes \u00e0 travers des portraits \u00e0 grande \u00e9chelle combinant photographie, peinture et design. N\u00e9 au Br\u00e9sil et bas\u00e9 entre l'Europe et l'Am\u00e9rique latine, son travail s'appuie sur ses diverses racines culturelles et ses exp\u00e9riences d'enfance dans la nature. Expos\u00e9e \u00e0 l'international, Gigantes por Natureza r\u00e9fl\u00e9chit sur la biodiversit\u00e9, la m\u00e9moire et notre lien avec l'environnement.<\/p>\n\t\t\t\t\t\t\t<\/div>\n\t\t<\/div>\n\t<\/div>\n\t\t\t\t\t<\/div>\n\t\t\t\t<\/div>\n\t\t\t\t\t<\/div>\n\t\t<\/div>\n\t\t\t\t<div class=\"elementor-column elementor-col-16 elementor-top-column elementor-element elementor-element-c821771\" data-id=\"c821771\" data-element_type=\"column\" data-e-type=\"column\">\n\t\t\t<div class=\"elementor-widget-wrap elementor-element-populated\">\n\t\t\t\t\t\t<div class=\"elementor-element elementor-element-6081d20 team-member member-f262 eael-team-align-eael-team-align-default elementor-widget elementor-widget-eael-team-member\" data-id=\"6081d20\" data-element_type=\"widget\" data-e-type=\"widget\" data-widget_type=\"eael-team-member.default\">\n\t\t\t\t<div class=\"elementor-widget-container\">\n\t\t\t\t\t\n\n\t<div id=\"eael-team-member-6081d20\" class=\"eael-team-item eael-team-members-simple\">\n\t\t<div class=\"eael-team-item-inner\">\n\t\t\t<div class=\"eael-team-image\">\n\t\t\t\t<figure>\n\t\t\t\t\t\t\t\t\t\t<img decoding=\"async\" src=\"https:\/\/festival262.com\/wp-content\/uploads\/2025\/11\/8-1.png\" alt=\"\">\n\t\t\t\t\t\t\t\t\t<\/figure>\n\t\t\t\t\n\t\t\t\t\n\t\t\t<\/div>\n\n\t\t\t<div class=\"eael-team-content\">\n\t\t\t\t<h2 class=\"eael-team-member-name\">Nuno Andr\u00e9 Ferreira<\/h2><h3 class=\"eael-team-member-position\">World Press Photo &amp; Photojournaliste laur\u00e9at du prix Rey de Espa\u00f1a<\/h3>\n\t\t\t\t\t\t\t\t\t\t\t\t\t\t\t<ul class=\"eael-team-member-social-profiles\">\n\t\t\t\t\t\t\t\t\t\t\t\t\t\t\t\t\t\t\t\t\t\t\t\t\t\t\t\t\t\t\t\t\t\t\t\t\t\t\t\t\t<li class=\"eael-team-member-social-link\">\n\t\t\t\t\t\t\t\t\t\t<a href=\"https:\/\/www.instagram.com\/nuno_andre_ferreira\/?hl=pt\" target=\"_blank\">\n\t\t\t\t\t\t\t\t\t\t\t\t\t\t\t\t\t\t\t\t\t\t\t<i aria-hidden=\"true\" class=\"fab fa-instagram\"><\/i>\t\t\t\t\t\t\t\t\t\t\t\t\t\t\t\t\t\t\t\t\t<\/a>\n\t\t\t\t\t\t\t\t\t<\/li>\n\t\t\t\t\t\t\t\t\t\t\t\t\t\t\t\t\t\t\t\t\t\t\t\t\t\t\t\t\t\t\t\t\t\t\t\t\t\t\t\t\t\t\t\t\t\t\t\t\t<li class=\"eael-team-member-social-link\">\n\t\t\t\t\t\t\t\t\t\t<a href=\"https:\/\/www.worldpressphoto.org\/nuno-andre-ferreira\" target=\"_blank\">\n\t\t\t\t\t\t\t\t\t\t\t\t\t\t\t\t\t\t\t\t\t\t\t<i aria-hidden=\"true\" class=\"fas fa-globe\"><\/i>\t\t\t\t\t\t\t\t\t\t\t\t\t\t\t\t\t\t\t\t\t<\/a>\n\t\t\t\t\t\t\t\t\t<\/li>\n\t\t\t\t\t\t\t\t\t\t\t\t\t\t\t\t\t\t\t\t\t<\/ul>\n\t\t\t\t\t\t\t\t\t\t<p class=\"eael-team-text\">N\u00e9 \u00e0 Leiria en 1979, Nuno Andr\u00e9 Ferreira est un photojournaliste prim\u00e9 bas\u00e9 \u00e0 Viseu. Il a travaill\u00e9 avec les publications de Medialivre, Ag\u00eancia Lusa et plusieurs m\u00e9dias nationaux. Sa photographie a obtenu une reconnaissance internationale majeure, notamment le prix international de journalisme Rey de Espa\u00f1a (2019) et un prix World Press Photo Award (2021).<\/p>\n\t\t\t\t\t\t\t<\/div>\n\t\t<\/div>\n\t<\/div>\n\t\t\t\t\t<\/div>\n\t\t\t\t<\/div>\n\t\t\t\t\t<\/div>\n\t\t<\/div>\n\t\t\t\t<div class=\"elementor-column elementor-col-16 elementor-top-column elementor-element elementor-element-4777237\" data-id=\"4777237\" data-element_type=\"column\" data-e-type=\"column\">\n\t\t\t<div class=\"elementor-widget-wrap elementor-element-populated\">\n\t\t\t\t\t\t<div class=\"elementor-element elementor-element-b3415f1 team-member member-f262 eael-team-align-eael-team-align-default elementor-widget elementor-widget-eael-team-member\" data-id=\"b3415f1\" data-element_type=\"widget\" data-e-type=\"widget\" data-widget_type=\"eael-team-member.default\">\n\t\t\t\t<div class=\"elementor-widget-container\">\n\t\t\t\t\t\n\n\t<div id=\"eael-team-member-b3415f1\" class=\"eael-team-item eael-team-members-simple\">\n\t\t<div class=\"eael-team-item-inner\">\n\t\t\t<div class=\"eael-team-image\">\n\t\t\t\t<figure>\n\t\t\t\t\t\t\t\t\t\t<img decoding=\"async\" src=\"https:\/\/festival262.com\/wp-content\/uploads\/2025\/11\/10.png\" alt=\"\">\n\t\t\t\t\t\t\t\t\t<\/figure>\n\t\t\t\t\n\t\t\t\t\n\t\t\t<\/div>\n\n\t\t\t<div class=\"eael-team-content\">\n\t\t\t\t<h2 class=\"eael-team-member-name\">H\u00e9lio Ant\u00f3nio<\/h2><h3 class=\"eael-team-member-position\">R\u00e9compens\u00e9 Surf &amp; Ocean Photographer<\/h3>\n\t\t\t\t\t\t\t\t\t\t\t\t\t\t\t<ul class=\"eael-team-member-social-profiles\">\n\t\t\t\t\t\t\t\t\t\t\t\t\t\t\t\t\t\t\t\t\t\t\t\t\t\t\t\t\t\t\t\t\t\t\t\t\t\t\t\t\t<li class=\"eael-team-member-social-link\">\n\t\t\t\t\t\t\t\t\t\t<a href=\"https:\/\/www.instagram.com\/helio_antonio\/\" target=\"_blank\">\n\t\t\t\t\t\t\t\t\t\t\t\t\t\t\t\t\t\t\t\t\t\t\t<i aria-hidden=\"true\" class=\"fab fa-instagram\"><\/i>\t\t\t\t\t\t\t\t\t\t\t\t\t\t\t\t\t\t\t\t\t<\/a>\n\t\t\t\t\t\t\t\t\t<\/li>\n\t\t\t\t\t\t\t\t\t\t\t\t\t\t\t\t\t\t\t\t\t\t\t\t\t\t\t\t\t\t\t\t\t\t\t\t\t\t\t\t\t\t\t\t\t\t\t\t\t<li class=\"eael-team-member-social-link\">\n\t\t\t\t\t\t\t\t\t\t<a href=\"https:\/\/helioantonio.art\/\" target=\"_blank\">\n\t\t\t\t\t\t\t\t\t\t\t\t\t\t\t\t\t\t\t\t\t\t\t<i aria-hidden=\"true\" class=\"fas fa-camera-retro\"><\/i>\t\t\t\t\t\t\t\t\t\t\t\t\t\t\t\t\t\t\t\t\t<\/a>\n\t\t\t\t\t\t\t\t\t<\/li>\n\t\t\t\t\t\t\t\t\t\t\t\t\t\t\t\t\t\t\t\t\t<\/ul>\n\t\t\t\t\t\t\t\t\t\t<p class=\"eael-team-text\">N\u00e9 \u00e0 Nazar\u00e9, au Portugal, il est un photographe prim\u00e9 de surf et d'oc\u00e9an capturant la puissance et l'\u00e9motion de la mer. Ses images ont \u00e9t\u00e9 publi\u00e9es dans National Geographic, Surfer\u2019s Journal, Stab et d\u2019autres publications de premier plan. Contributeur r\u00e9gulier de Surfline depuis 2015, il est \u00e9galement coauteur de Salitre, la seule publication portugaise sur le surf. Les collaborations incluent des marques telles que Red Bull, Porsche et Mercedes Benz, et en 2024, il a \u00e9t\u00e9 nomm\u00e9 photographe de l'ann\u00e9e au Gala J\u00falio C\u00e9sar Andrino.<\/p>\n\t\t\t\t\t\t\t<\/div>\n\t\t<\/div>\n\t<\/div>\n\t\t\t\t\t<\/div>\n\t\t\t\t<\/div>\n\t\t\t\t\t<\/div>\n\t\t<\/div>\n\t\t\t\t<div class=\"elementor-column elementor-col-16 elementor-top-column elementor-element elementor-element-bc30cd0\" data-id=\"bc30cd0\" data-element_type=\"column\" data-e-type=\"column\">\n\t\t\t<div class=\"elementor-widget-wrap elementor-element-populated\">\n\t\t\t\t\t\t<div class=\"elementor-element elementor-element-e21ff58 team-member member-photobook eael-team-align-eael-team-align-default elementor-widget elementor-widget-eael-team-member\" data-id=\"e21ff58\" data-element_type=\"widget\" data-e-type=\"widget\" data-widget_type=\"eael-team-member.default\">\n\t\t\t\t<div class=\"elementor-widget-container\">\n\t\t\t\t\t\n\n\t<div id=\"eael-team-member-e21ff58\" class=\"eael-team-item eael-team-members-simple\">\n\t\t<div class=\"eael-team-item-inner\">\n\t\t\t<div class=\"eael-team-image\">\n\t\t\t\t<figure>\n\t\t\t\t\t\t\t\t\t\t<img decoding=\"async\" src=\"https:\/\/festival262.com\/wp-content\/uploads\/2025\/11\/23.png\" alt=\"\">\n\t\t\t\t\t\t\t\t\t<\/figure>\n\t\t\t\t\n\t\t\t\t\n\t\t\t<\/div>\n\n\t\t\t<div class=\"eael-team-content\">\n\t\t\t\t<h2 class=\"eael-team-member-name\">Teresa Freitas<\/h2><h3 class=\"eael-team-member-position\">Photographe &amp; Artiste <\/h3>\n\t\t\t\t\t\t\t\t\t\t\t\t\t\t\t<ul class=\"eael-team-member-social-profiles\">\n\t\t\t\t\t\t\t\t\t\t\t\t\t\t\t\t\t\t\t\t\t\t\t\t\t\t\t\t\t\t\t\t\t\t\t\t\t\t\t\t\t<li class=\"eael-team-member-social-link\">\n\t\t\t\t\t\t\t\t\t\t<a href=\"https:\/\/www.teresacfreitas.com\/#0\" target=\"_blank\">\n\t\t\t\t\t\t\t\t\t\t\t\t\t\t\t\t\t\t\t\t\t\t\t<i aria-hidden=\"true\" class=\"fas fa-camera-retro\"><\/i>\t\t\t\t\t\t\t\t\t\t\t\t\t\t\t\t\t\t\t\t\t<\/a>\n\t\t\t\t\t\t\t\t\t<\/li>\n\t\t\t\t\t\t\t\t\t\t\t\t\t\t\t\t\t\t\t\t\t\t\t\t\t\t\t\t\t\t\t\t\t\t\t\t\t\t\t\t\t\t\t\t\t\t\t\t\t<li class=\"eael-team-member-social-link\">\n\t\t\t\t\t\t\t\t\t\t<a href=\"https:\/\/www.instagram.com\/teresacfreitas\" target=\"_blank\">\n\t\t\t\t\t\t\t\t\t\t\t\t\t\t\t\t\t\t\t\t\t\t\t<i aria-hidden=\"true\" class=\"fab fa-instagram\"><\/i>\t\t\t\t\t\t\t\t\t\t\t\t\t\t\t\t\t\t\t\t\t<\/a>\n\t\t\t\t\t\t\t\t\t<\/li>\n\t\t\t\t\t\t\t\t\t\t\t\t\t\t\t\t\t\t\t\t\t<\/ul>\n\t\t\t\t\t\t\t\t\t\t<p class=\"eael-team-text\">Son travail explore comment la couleur peut transformer le quotidien en quelque chose de cin\u00e9matographique, en fusionnant des approches documentaires et po\u00e9tiques. Elle a collabor\u00e9 avec de grandes marques internationales telles que Porsche, Netflix et Pantone, et sa premi\u00e8re exposition personnelle \u00e0 S\u00e9oul a attir\u00e9 plus de 110 000 visiteurs. Son livre r\u00e9cent Flower(s), publi\u00e9 par Four Eyes Editions, est un projet \u00e0 long terme qui \u00e9tudie les r\u00f4les culturels, symboliques et \u00e9conomiques des fleurs dans les communaut\u00e9s du monde entier.<\/p>\n\t\t\t\t\t\t\t<\/div>\n\t\t<\/div>\n\t<\/div>\n\t\t\t\t\t<\/div>\n\t\t\t\t<\/div>\n\t\t\t\t\t<\/div>\n\t\t<\/div>\n\t\t\t\t<div class=\"elementor-column elementor-col-16 elementor-top-column elementor-element elementor-element-0ea8e25\" data-id=\"0ea8e25\" data-element_type=\"column\" data-e-type=\"column\">\n\t\t\t<div class=\"elementor-widget-wrap elementor-element-populated\">\n\t\t\t\t\t\t<div class=\"elementor-element elementor-element-9bade1e team-member member-photobook eael-team-align-eael-team-align-default elementor-widget elementor-widget-eael-team-member\" data-id=\"9bade1e\" data-element_type=\"widget\" data-e-type=\"widget\" data-widget_type=\"eael-team-member.default\">\n\t\t\t\t<div class=\"elementor-widget-container\">\n\t\t\t\t\t\n\n\t<div id=\"eael-team-member-9bade1e\" class=\"eael-team-item eael-team-members-simple\">\n\t\t<div class=\"eael-team-item-inner\">\n\t\t\t<div class=\"eael-team-image\">\n\t\t\t\t<figure>\n\t\t\t\t\t\t\t\t\t\t<img decoding=\"async\" src=\"https:\/\/festival262.com\/wp-content\/uploads\/2025\/11\/18.png\" alt=\"\">\n\t\t\t\t\t\t\t\t\t<\/figure>\n\t\t\t\t\n\t\t\t\t\n\t\t\t<\/div>\n\n\t\t\t<div class=\"eael-team-content\">\n\t\t\t\t<h2 class=\"eael-team-member-name\">Kioskzine<\/h2><h3 class=\"eael-team-member-position\">Fondado por Jos\u00e9 Farinha e Paulo Pimenta<\/h3>\n\t\t\t\t\t\t\t\t\t\t\t\t\t\t\t<ul class=\"eael-team-member-social-profiles\">\n\t\t\t\t\t\t\t\t\t\t\t\t\t\t\t\t\t\t\t\t\t\t\t\t\t\t\t\t\t\t\t\t\t\t\t\t\t\t\t\t\t<li class=\"eael-team-member-social-link\">\n\t\t\t\t\t\t\t\t\t\t<a href=\"https:\/\/www.kioskzine.com\/\" target=\"_blank\">\n\t\t\t\t\t\t\t\t\t\t\t\t\t\t\t\t\t\t\t\t\t\t\t<i aria-hidden=\"true\" class=\"fas fa-globe\"><\/i>\t\t\t\t\t\t\t\t\t\t\t\t\t\t\t\t\t\t\t\t\t<\/a>\n\t\t\t\t\t\t\t\t\t<\/li>\n\t\t\t\t\t\t\t\t\t\t\t\t\t\t\t\t\t\t\t\t\t\t\t\t\t\t\t\t\t\t\t\t\t\t\t\t\t\t\t\t\t\t\t\t\t\t\t\t\t<li class=\"eael-team-member-social-link\">\n\t\t\t\t\t\t\t\t\t\t<a href=\"https:\/\/www.instagram.com\/kiosk.zine\/\" target=\"_blank\">\n\t\t\t\t\t\t\t\t\t\t\t\t\t\t\t\t\t\t\t\t\t\t\t<i aria-hidden=\"true\" class=\"fab fa-instagram\"><\/i>\t\t\t\t\t\t\t\t\t\t\t\t\t\t\t\t\t\t\t\t\t<\/a>\n\t\t\t\t\t\t\t\t\t<\/li>\n\t\t\t\t\t\t\t\t\t\t\t\t\t\t\t\t\t\t\t\t\t<\/ul>\n\t\t\t\t\t\t\t\t\t\t<p class=\"eael-team-text\">Criado no Porto em 2020, o Kioskzine \u00e9 um projeto editorial da Associa\u00e7\u00e3o Cultural Dez Quinze que promove a fotografia como documento visual, espa\u00e7o de di\u00e1logo e arquivo contempor\u00e2neo. Publicado em formato fanzine A5 com tiragem limitada, o projeto j\u00e1 reuniu mais de 18 autores e produziu filmes promocionais para cada edi\u00e7\u00e3o. O Kioskzine procura ser acess\u00edvel, provocador e aberto a todos os p\u00fablicos, cruzando arte, sociedade e mem\u00f3ria coletiva.<\/p>\n\t\t\t\t\t\t\t<\/div>\n\t\t<\/div>\n\t<\/div>\n\t\t\t\t\t<\/div>\n\t\t\t\t<\/div>\n\t\t\t\t\t<\/div>\n\t\t<\/div>\n\t\t\t\t<div class=\"elementor-column elementor-col-16 elementor-top-column elementor-element elementor-element-035b7ec\" data-id=\"035b7ec\" data-element_type=\"column\" data-e-type=\"column\">\n\t\t\t<div class=\"elementor-widget-wrap elementor-element-populated\">\n\t\t\t\t\t\t<div class=\"elementor-element elementor-element-28a8536 team-member member-photobook eael-team-align-eael-team-align-default elementor-widget elementor-widget-eael-team-member\" data-id=\"28a8536\" data-element_type=\"widget\" data-e-type=\"widget\" data-widget_type=\"eael-team-member.default\">\n\t\t\t\t<div class=\"elementor-widget-container\">\n\t\t\t\t\t\n\n\t<div id=\"eael-team-member-28a8536\" class=\"eael-team-item eael-team-members-simple\">\n\t\t<div class=\"eael-team-item-inner\">\n\t\t\t<div class=\"eael-team-image\">\n\t\t\t\t<figure>\n\t\t\t\t\t\t\t\t\t\t<img decoding=\"async\" src=\"https:\/\/festival262.com\/wp-content\/uploads\/2025\/11\/F262-SPEAKERS-copy-2.png\" alt=\"\">\n\t\t\t\t\t\t\t\t\t<\/figure>\n\t\t\t\t\n\t\t\t\t\n\t\t\t<\/div>\n\n\t\t\t<div class=\"eael-team-content\">\n\t\t\t\t<h2 class=\"eael-team-member-name\">catarina sampaio<\/h2><h3 class=\"eael-team-member-position\">Designer graphique et directeur artistique pour le cin\u00e9ma et le cin\u00e9ma<\/h3>\n\t\t\t\t\t\t\t\t\t\t\t\t\t\t\t<ul class=\"eael-team-member-social-profiles\">\n\t\t\t\t\t\t\t\t\t\t\t\t\t\t\t\t\t\t\t\t\t\t\t\t\t\t\t\t\t\t\t\t\t\t\t\t\t\t\t\t\t<li class=\"eael-team-member-social-link\">\n\t\t\t\t\t\t\t\t\t\t<a href=\"https:\/\/catarinasampaio.com\/\" target=\"_blank\">\n\t\t\t\t\t\t\t\t\t\t\t\t\t\t\t\t\t\t\t\t\t\t\t<i aria-hidden=\"true\" class=\"fas fa-globe\"><\/i>\t\t\t\t\t\t\t\t\t\t\t\t\t\t\t\t\t\t\t\t\t<\/a>\n\t\t\t\t\t\t\t\t\t<\/li>\n\t\t\t\t\t\t\t\t\t\t\t\t\t\t\t\t\t\t\t\t\t\t\t\t\t\t\t\t\t\t\t\t\t\t\t\t\t\t\t\t\t\t\t\t\t\t\t\t\t<li class=\"eael-team-member-social-link\">\n\t\t\t\t\t\t\t\t\t\t<a href=\"https:\/\/www.instagram.com\/catarinasampaio.design\" target=\"_blank\">\n\t\t\t\t\t\t\t\t\t\t\t\t\t\t\t\t\t\t\t\t\t\t\t<i aria-hidden=\"true\" class=\"fab fa-instagram\"><\/i>\t\t\t\t\t\t\t\t\t\t\t\t\t\t\t\t\t\t\t\t\t<\/a>\n\t\t\t\t\t\t\t\t\t<\/li>\n\t\t\t\t\t\t\t\t\t\t\t\t\t\t\t\t\t\t\t\t\t\t\t\t\t\t\t\t\t\t\t\t\t\t\t\t\t\t\t\t\t\t\t\t\t\t\t\t\t<li class=\"eael-team-member-social-link\">\n\t\t\t\t\t\t\t\t\t\t<a href=\"https:\/\/www.imdb.com\/name\/nm5288214\/\" target=\"_blank\">\n\t\t\t\t\t\t\t\t\t\t\t\t\t\t\t\t\t\t\t\t\t\t\t<i aria-hidden=\"true\" class=\"fab fa-imdb\"><\/i>\t\t\t\t\t\t\t\t\t\t\t\t\t\t\t\t\t\t\t\t\t<\/a>\n\t\t\t\t\t\t\t\t\t<\/li>\n\t\t\t\t\t\t\t\t\t\t\t\t\t\t\t\t\t\t\t\t\t<\/ul>\n\t\t\t\t\t\t\t\t\t\t<p class=\"eael-team-text\">Graphiste et directeur artistique avec dix-huit ans consacr\u00e9s au marketing cin\u00e9matographique et t\u00e9l\u00e9visuel. A cr\u00e9\u00e9 des \u0153uvres d\u2019art essentielles pour des r\u00e9alisateurs tels que Wim Wenders, Ra\u00fal Ruiz et Fernando Lopes, ainsi que la premi\u00e8re s\u00e9rie portugaise de Netflix. Prix de la meilleure affiche de cin\u00e9ma d\u00e9cern\u00e9 par l\u2019Acad\u00e9mie portugaise du cin\u00e9ma, avec des \u0153uvres incluses dans The Big Screen \u2013 Film Posters of All Time et d\u00e9sormais conserv\u00e9es dans la collection permanente de la biblioth\u00e8que d\u2019art des mus\u00e9es d\u2019\u00c9tat de Berlin.<\/p>\n\t\t\t\t\t\t\t<\/div>\n\t\t<\/div>\n\t<\/div>\n\t\t\t\t\t<\/div>\n\t\t\t\t<\/div>\n\t\t\t\t\t<\/div>\n\t\t<\/div>\n\t\t\t\t\t<\/div>\n\t\t<\/section>\n\t\t\t\t<section class=\"elementor-section elementor-top-section elementor-element elementor-element-3e8c735 elementor-section-boxed elementor-section-height-default elementor-section-height-default\" data-id=\"3e8c735\" data-element_type=\"section\" data-e-type=\"section\">\n\t\t\t\t\t\t<div class=\"elementor-container elementor-column-gap-default\">\n\t\t\t\t\t<div class=\"elementor-column elementor-col-16 elementor-top-column elementor-element elementor-element-0424bdf\" data-id=\"0424bdf\" data-element_type=\"column\" data-e-type=\"column\">\n\t\t\t<div class=\"elementor-widget-wrap elementor-element-populated\">\n\t\t\t\t\t\t<div class=\"elementor-element elementor-element-b1a8e4c team-member member-photobook eael-team-align-eael-team-align-default elementor-widget elementor-widget-eael-team-member\" data-id=\"b1a8e4c\" data-element_type=\"widget\" data-e-type=\"widget\" data-widget_type=\"eael-team-member.default\">\n\t\t\t\t<div class=\"elementor-widget-container\">\n\t\t\t\t\t\n\n\t<div id=\"eael-team-member-b1a8e4c\" class=\"eael-team-item eael-team-members-simple\">\n\t\t<div class=\"eael-team-item-inner\">\n\t\t\t<div class=\"eael-team-image\">\n\t\t\t\t<figure>\n\t\t\t\t\t\t\t\t\t\t<img decoding=\"async\" src=\"https:\/\/festival262.com\/wp-content\/uploads\/2025\/11\/21.png\" alt=\"\">\n\t\t\t\t\t\t\t\t\t<\/figure>\n\t\t\t\t\n\t\t\t\t\n\t\t\t<\/div>\n\n\t\t\t<div class=\"eael-team-content\">\n\t\t\t\t<h2 class=\"eael-team-member-name\">Luis Godinho<\/h2><h3 class=\"eael-team-member-position\">Photographe documentaire &amp; Photojournaliste<\/h3>\n\t\t\t\t\t\t\t\t\t\t\t\t\t\t\t<ul class=\"eael-team-member-social-profiles\">\n\t\t\t\t\t\t\t\t\t\t\t\t\t\t\t\t\t\t\t\t\t\t\t\t\t\t\t\t\t\t\t\t\t\t\t\t\t\t\t\t\t<li class=\"eael-team-member-social-link\">\n\t\t\t\t\t\t\t\t\t\t<a href=\"https:\/\/www.instagram.com\/luisgodinhophoto\/\" target=\"_blank\">\n\t\t\t\t\t\t\t\t\t\t\t\t\t\t\t\t\t\t\t\t\t\t\t<i aria-hidden=\"true\" class=\"fab fa-instagram\"><\/i>\t\t\t\t\t\t\t\t\t\t\t\t\t\t\t\t\t\t\t\t\t<\/a>\n\t\t\t\t\t\t\t\t\t<\/li>\n\t\t\t\t\t\t\t\t\t\t\t\t\t\t\t\t\t\t\t\t\t\t\t\t\t\t\t\t\t\t\t\t\t\t\t\t\t\t\t\t\t\t\t\t\t\t\t\t\t<li class=\"eael-team-member-social-link\">\n\t\t\t\t\t\t\t\t\t\t<a href=\"https:\/\/www.luisgodinho.com\/\" target=\"_blank\">\n\t\t\t\t\t\t\t\t\t\t\t\t\t\t\t\t\t\t\t\t\t\t\t<i aria-hidden=\"true\" class=\"fas fa-globe\"><\/i>\t\t\t\t\t\t\t\t\t\t\t\t\t\t\t\t\t\t\t\t\t<\/a>\n\t\t\t\t\t\t\t\t\t<\/li>\n\t\t\t\t\t\t\t\t\t\t\t\t\t\t\t\t\t\t\t\t\t\t\t\t\t\t\t\t\t\t\t\t\t\t\t\t\t\t\t\t\t\t\t\t\t\t\t\t\t<li class=\"eael-team-member-social-link\">\n\t\t\t\t\t\t\t\t\t\t<a href=\"https:\/\/www.linkedin.com\/in\/luisgodinhophoto\/\" target=\"_blank\">\n\t\t\t\t\t\t\t\t\t\t\t\t\t\t\t\t\t\t\t\t\t\t\t<i aria-hidden=\"true\" class=\"fab fa-linkedin\"><\/i>\t\t\t\t\t\t\t\t\t\t\t\t\t\t\t\t\t\t\t\t\t<\/a>\n\t\t\t\t\t\t\t\t\t<\/li>\n\t\t\t\t\t\t\t\t\t\t\t\t\t\t\t\t\t\t\t\t\t<\/ul>\n\t\t\t\t\t\t\t\t\t\t<p class=\"eael-team-text\">Photographe documentaire et photojournaliste prim\u00e9, publi\u00e9 par National Geographic, Leica Fotografie International et LensCulture. R\u00e9compens\u00e9 en tant que photographe europ\u00e9en de l'ann\u00e9e en photojournalisme (FEP 2023 &amp; 2024), laur\u00e9at du prix national aux Sony World Photography Awards et plusieurs laur\u00e9ats du prix PX3, son travail explore les droits de l'homme, l'identit\u00e9 et le changement environnemental \u00e0 travers les cultures.<\/p>\n\t\t\t\t\t\t\t<\/div>\n\t\t<\/div>\n\t<\/div>\n\t\t\t\t\t<\/div>\n\t\t\t\t<\/div>\n\t\t\t\t\t<\/div>\n\t\t<\/div>\n\t\t\t\t<div class=\"elementor-column elementor-col-16 elementor-top-column elementor-element elementor-element-5a26dbd\" data-id=\"5a26dbd\" data-element_type=\"column\" data-e-type=\"column\">\n\t\t\t<div class=\"elementor-widget-wrap elementor-element-populated\">\n\t\t\t\t\t\t<div class=\"elementor-element elementor-element-41f69a2 team-member member-f262 eael-team-align-eael-team-align-default elementor-widget elementor-widget-eael-team-member\" data-id=\"41f69a2\" data-element_type=\"widget\" data-e-type=\"widget\" data-widget_type=\"eael-team-member.default\">\n\t\t\t\t<div class=\"elementor-widget-container\">\n\t\t\t\t\t\n\n\t<div id=\"eael-team-member-41f69a2\" class=\"eael-team-item eael-team-members-simple\">\n\t\t<div class=\"eael-team-item-inner\">\n\t\t\t<div class=\"eael-team-image\">\n\t\t\t\t<figure>\n\t\t\t\t\t\t\t\t\t\t<img decoding=\"async\" src=\"https:\/\/festival262.com\/wp-content\/uploads\/2026\/03\/F262-Speakers-final-Posts-.png\" alt=\"\">\n\t\t\t\t\t\t\t\t\t<\/figure>\n\t\t\t\t\n\t\t\t\t\n\t\t\t<\/div>\n\n\t\t\t<div class=\"eael-team-content\">\n\t\t\t\t<h2 class=\"eael-team-member-name\">CECILIE HATL\u00d8Y<\/h2><h3 class=\"eael-team-member-position\">Photographe europ\u00e9en qualifi\u00e9 SMaster (MQEP)<\/h3>\n\t\t\t\t\t\t\t\t\t\t\t\t\t\t\t<ul class=\"eael-team-member-social-profiles\">\n\t\t\t\t\t\t\t\t\t\t\t\t\t\t\t\t\t\t\t\t\t\t\t\t\t\t\t\t\t\t\t\t\t\t\t\t\t\t\t\t\t<li class=\"eael-team-member-social-link\">\n\t\t\t\t\t\t\t\t\t\t<a href=\"https:\/\/www.instagram.com\/ceciliehatloy76\/\" target=\"_blank\">\n\t\t\t\t\t\t\t\t\t\t\t\t\t\t\t\t\t\t\t\t\t\t\t<i aria-hidden=\"true\" class=\"fab fa-instagram\"><\/i>\t\t\t\t\t\t\t\t\t\t\t\t\t\t\t\t\t\t\t\t\t<\/a>\n\t\t\t\t\t\t\t\t\t<\/li>\n\t\t\t\t\t\t\t\t\t\t\t\t\t\t\t\t\t\t\t\t\t\t\t\t\t\t\t\t\t\t\t\t\t\t\t\t\t\t\t\t\t\t\t\t\t\t\t\t\t<li class=\"eael-team-member-social-link\">\n\t\t\t\t\t\t\t\t\t\t<a href=\"https:\/\/www.ceciliehatloy.no\/\" target=\"_blank\">\n\t\t\t\t\t\t\t\t\t\t\t\t\t\t\t\t\t\t\t\t\t\t\t<i aria-hidden=\"true\" class=\"fab fa-wordpress\"><\/i>\t\t\t\t\t\t\t\t\t\t\t\t\t\t\t\t\t\t\t\t\t<\/a>\n\t\t\t\t\t\t\t\t\t<\/li>\n\t\t\t\t\t\t\t\t\t\t\t\t\t\t\t\t\t\t\t\t\t\t\t\t\t\t\t\t\t\t\t\t\t\t\t\t\t\t\t\t\t\t\t\t\t\t\t\t\t<li class=\"eael-team-member-social-link\">\n\t\t\t\t\t\t\t\t\t\t<a href=\"https:\/\/www.facebook.com\/fotografceciliehatloy\" target=\"_blank\">\n\t\t\t\t\t\t\t\t\t\t\t\t\t\t\t\t\t\t\t\t\t\t\t<i aria-hidden=\"true\" class=\"fab fa-facebook\"><\/i>\t\t\t\t\t\t\t\t\t\t\t\t\t\t\t\t\t\t\t\t\t<\/a>\n\t\t\t\t\t\t\t\t\t<\/li>\n\t\t\t\t\t\t\t\t\t\t\t\t\t\t\t\t\t\t\t\t\t<\/ul>\n\t\t\t\t\t\t\t\t\t\t<p class=\"eael-team-text\">Cecilie Hatl\u00f8y est une photographe et communicatrice visuelle dont le travail se concentre sur la traduction d'id\u00e9es et d'\u00e9motions en images convaincantes. Avec une base professionnelle solide et une voix cr\u00e9ative distinctive, elle explore la photographie comme un outil de narration, de connexion et de signification.<\/p>\n\t\t\t\t\t\t\t<\/div>\n\t\t<\/div>\n\t<\/div>\n\t\t\t\t\t<\/div>\n\t\t\t\t<\/div>\n\t\t\t\t\t<\/div>\n\t\t<\/div>\n\t\t\t\t<div class=\"elementor-column elementor-col-16 elementor-top-column elementor-element elementor-element-b6bc09a\" data-id=\"b6bc09a\" data-element_type=\"column\" data-e-type=\"column\">\n\t\t\t<div class=\"elementor-widget-wrap elementor-element-populated\">\n\t\t\t\t\t\t<div class=\"elementor-element elementor-element-3a8a5cd team-member member-analog eael-team-align-eael-team-align-default elementor-widget elementor-widget-eael-team-member\" data-id=\"3a8a5cd\" data-element_type=\"widget\" data-e-type=\"widget\" data-widget_type=\"eael-team-member.default\">\n\t\t\t\t<div class=\"elementor-widget-container\">\n\t\t\t\t\t\n\n\t<div id=\"eael-team-member-3a8a5cd\" class=\"eael-team-item eael-team-members-simple\">\n\t\t<div class=\"eael-team-item-inner\">\n\t\t\t<div class=\"eael-team-image\">\n\t\t\t\t<figure>\n\t\t\t\t\t\t\t\t\t\t<img decoding=\"async\" src=\"https:\/\/festival262.com\/wp-content\/uploads\/2025\/11\/F262-SPEAKERS-copy.png\" alt=\"\">\n\t\t\t\t\t\t\t\t\t<\/figure>\n\t\t\t\t\n\t\t\t\t\n\t\t\t<\/div>\n\n\t\t\t<div class=\"eael-team-content\">\n\t\t\t\t<h2 class=\"eael-team-member-name\">Alexandre Bar\u00e3o<\/h2><h3 class=\"eael-team-member-position\">Photographe et auteur<\/h3>\n\t\t\t\t\t\t\t\t\t\t\t\t\t\t\t<ul class=\"eael-team-member-social-profiles\">\n\t\t\t\t\t\t\t\t\t\t\t\t\t\t\t\t\t\t\t\t\t\t\t\t\t\t\t\t\t\t\t\t\t\t\t\t\t\t\t\t\t<li class=\"eael-team-member-social-link\">\n\t\t\t\t\t\t\t\t\t\t<a href=\"https:\/\/www.alexandrebarao.com\/?fbclid=PAZXh0bgNhZW0CMTEAAadlnQu7ZF6W3wSQaUMyTY_YAWZNnW3IxE82jwCvb_xz4R67F8iekjt2FqPZSw_aem_KTPWoA-WViBjwk-Pw4mt0w\" target=\"_blank\">\n\t\t\t\t\t\t\t\t\t\t\t\t\t\t\t\t\t\t\t\t\t\t\t<i aria-hidden=\"true\" class=\"fas fa-camera-retro\"><\/i>\t\t\t\t\t\t\t\t\t\t\t\t\t\t\t\t\t\t\t\t\t<\/a>\n\t\t\t\t\t\t\t\t\t<\/li>\n\t\t\t\t\t\t\t\t\t\t\t\t\t\t\t\t\t\t\t\t\t\t\t\t\t\t\t\t\t\t\t\t\t\t\t\t\t\t\t\t\t\t\t\t\t\t\t\t\t<li class=\"eael-team-member-social-link\">\n\t\t\t\t\t\t\t\t\t\t<a href=\"https:\/\/www.instagram.com\/alexandre.barao\/\" target=\"_blank\">\n\t\t\t\t\t\t\t\t\t\t\t\t\t\t\t\t\t\t\t\t\t\t\t<i aria-hidden=\"true\" class=\"fab fa-instagram\"><\/i>\t\t\t\t\t\t\t\t\t\t\t\t\t\t\t\t\t\t\t\t\t<\/a>\n\t\t\t\t\t\t\t\t\t<\/li>\n\t\t\t\t\t\t\t\t\t\t\t\t\t\t\t\t\t\t\t\t\t<\/ul>\n\t\t\t\t\t\t\t\t\t\t<p class=\"eael-team-text\">Photographe et auteur du livre Photography with Digital Camera and Smartphone (FCA) et du projet Blackout, One Night in the City, qui a donn\u00e9 lieu \u00e0 la fois \u00e0 un livre et \u00e0 une exposition. Il est titulaire d\u2019un doctorat en g\u00e9nie informatique de l\u2019IST et professeur invit\u00e9 \u00e0 l\u2019IADE \u2013 Universidade Europeia. Son travail couvre la photographie num\u00e9rique et analogique, combinant la pratique artistique avec l'enseignement.<\/p>\n\t\t\t\t\t\t\t<\/div>\n\t\t<\/div>\n\t<\/div>\n\t\t\t\t\t<\/div>\n\t\t\t\t<\/div>\n\t\t\t\t\t<\/div>\n\t\t<\/div>\n\t\t\t\t<div class=\"elementor-column elementor-col-16 elementor-top-column elementor-element elementor-element-3b7b499\" data-id=\"3b7b499\" data-element_type=\"column\" data-e-type=\"column\">\n\t\t\t<div class=\"elementor-widget-wrap elementor-element-populated\">\n\t\t\t\t\t\t<div class=\"elementor-element elementor-element-c5ef56c team-member member-photobook eael-team-align-eael-team-align-default elementor-widget elementor-widget-eael-team-member\" data-id=\"c5ef56c\" data-element_type=\"widget\" data-e-type=\"widget\" data-widget_type=\"eael-team-member.default\">\n\t\t\t\t<div class=\"elementor-widget-container\">\n\t\t\t\t\t\n\n\t<div id=\"eael-team-member-c5ef56c\" class=\"eael-team-item eael-team-members-simple\">\n\t\t<div class=\"eael-team-item-inner\">\n\t\t\t<div class=\"eael-team-image\">\n\t\t\t\t<figure>\n\t\t\t\t\t\t\t\t\t\t<img decoding=\"async\" src=\"https:\/\/festival262.com\/wp-content\/uploads\/2025\/11\/22.png\" alt=\"\">\n\t\t\t\t\t\t\t\t\t<\/figure>\n\t\t\t\t\n\t\t\t\t\n\t\t\t<\/div>\n\n\t\t\t<div class=\"eael-team-content\">\n\t\t\t\t<h2 class=\"eael-team-member-name\"> Ana Bai\u00e3o<\/h2><h3 class=\"eael-team-member-position\">Photographe documentaire &amp; Photojournaliste<\/h3>\n\t\t\t\t\t\t\t\t\t\t\t\t\t\t\t<ul class=\"eael-team-member-social-profiles\">\n\t\t\t\t\t\t\t\t\t\t\t\t\t\t\t\t\t\t\t\t\t\t\t\t\t\t\t\t\t\t\t\t\t\t\t\t\t\t\t\t\t<li class=\"eael-team-member-social-link\">\n\t\t\t\t\t\t\t\t\t\t<a href=\"https:\/\/www.instagram.com\/anabaiao.photo\/\" target=\"_blank\">\n\t\t\t\t\t\t\t\t\t\t\t\t\t\t\t\t\t\t\t\t\t\t\t<i aria-hidden=\"true\" class=\"fab fa-instagram\"><\/i>\t\t\t\t\t\t\t\t\t\t\t\t\t\t\t\t\t\t\t\t\t<\/a>\n\t\t\t\t\t\t\t\t\t<\/li>\n\t\t\t\t\t\t\t\t\t\t\t\t\t\t\t\t\t\t\t\t\t<\/ul>\n\t\t\t\t\t\t\t\t\t\t<p class=\"eael-team-text\">Ana Bai\u00e3o est photojournaliste chez Expresso depuis 2000, apr\u00e8s avoir d\u00e9but\u00e9 sa carri\u00e8re chez O S\u00e9culo et contribu\u00e9 au Di\u00e1rio de Not\u00edcias, O Independente et \u00e0 l'Associated Press. D\u00e9cern\u00e9e par le Parlement portugais en 2004, elle documente la tradition cante de l'Alentejo depuis 2014, ce qui a donn\u00e9 lieu \u00e0 plusieurs livres, dont 10 ans de Cante (2024).<\/p>\n\t\t\t\t\t\t\t<\/div>\n\t\t<\/div>\n\t<\/div>\n\t\t\t\t\t<\/div>\n\t\t\t\t<\/div>\n\t\t\t\t\t<\/div>\n\t\t<\/div>\n\t\t\t\t<div class=\"elementor-column elementor-col-16 elementor-top-column elementor-element elementor-element-579a5c4\" data-id=\"579a5c4\" data-element_type=\"column\" data-e-type=\"column\">\n\t\t\t<div class=\"elementor-widget-wrap elementor-element-populated\">\n\t\t\t\t\t\t<div class=\"elementor-element elementor-element-a0f1cfe team-member member-f262 eael-team-align-eael-team-align-default elementor-widget elementor-widget-eael-team-member\" data-id=\"a0f1cfe\" data-element_type=\"widget\" data-e-type=\"widget\" data-widget_type=\"eael-team-member.default\">\n\t\t\t\t<div class=\"elementor-widget-container\">\n\t\t\t\t\t\n\n\t<div id=\"eael-team-member-a0f1cfe\" class=\"eael-team-item eael-team-members-simple\">\n\t\t<div class=\"eael-team-item-inner\">\n\t\t\t<div class=\"eael-team-image\">\n\t\t\t\t<figure>\n\t\t\t\t\t\t\t\t\t\t<img decoding=\"async\" src=\"https:\/\/festival262.com\/wp-content\/uploads\/2025\/11\/11.png\" alt=\"\">\n\t\t\t\t\t\t\t\t\t<\/figure>\n\t\t\t\t\n\t\t\t\t\n\t\t\t<\/div>\n\n\t\t\t<div class=\"eael-team-content\">\n\t\t\t\t<h2 class=\"eael-team-member-name\">Jo\u00e3o Carlos <\/h2><h3 class=\"eael-team-member-position\">Artiste, Hasselblad Master &amp; Directeur de F\/262 et F\/SOS<\/h3>\n\t\t\t\t\t\t\t\t\t\t\t\t\t\t\t<ul class=\"eael-team-member-social-profiles\">\n\t\t\t\t\t\t\t\t\t\t\t\t\t\t\t\t\t\t\t\t\t\t\t\t\t\t\t\t\t\t\t\t\t\t\t\t\t\t\t\t\t<li class=\"eael-team-member-social-link\">\n\t\t\t\t\t\t\t\t\t\t<a href=\"https:\/\/joaocarlosphoto.com\/\" target=\"_blank\">\n\t\t\t\t\t\t\t\t\t\t\t\t\t\t\t\t\t\t\t\t\t\t\t<i aria-hidden=\"true\" class=\"fas fa-camera-retro\"><\/i>\t\t\t\t\t\t\t\t\t\t\t\t\t\t\t\t\t\t\t\t\t<\/a>\n\t\t\t\t\t\t\t\t\t<\/li>\n\t\t\t\t\t\t\t\t\t\t\t\t\t\t\t\t\t\t\t\t\t\t\t\t\t\t\t\t\t\t\t\t\t\t\t\t\t\t\t\t\t\t\t\t\t\t\t\t\t<li class=\"eael-team-member-social-link\">\n\t\t\t\t\t\t\t\t\t\t<a href=\"https:\/\/www.instagram.com\/joaocarlosphoto\/\" target=\"_blank\">\n\t\t\t\t\t\t\t\t\t\t\t\t\t\t\t\t\t\t\t\t\t\t\t<i aria-hidden=\"true\" class=\"fab fa-instagram\"><\/i>\t\t\t\t\t\t\t\t\t\t\t\t\t\t\t\t\t\t\t\t\t<\/a>\n\t\t\t\t\t\t\t\t\t<\/li>\n\t\t\t\t\t\t\t\t\t\t\t\t\t\t\t\t\t\t\t\t\t\t\t\t\t\t\t\t\t\t\t\t\t\t\t\t\t\t\t\t\t\t\t\t\t\t\t\t\t<li class=\"eael-team-member-social-link\">\n\t\t\t\t\t\t\t\t\t\t<a href=\"https:\/\/www.linkedin.com\/in\/joaocarlosphoto\/\" target=\"_blank\">\n\t\t\t\t\t\t\t\t\t\t\t\t\t\t\t\t\t\t\t\t\t\t\t<i aria-hidden=\"true\" class=\"fab fa-linkedin\"><\/i>\t\t\t\t\t\t\t\t\t\t\t\t\t\t\t\t\t\t\t\t\t<\/a>\n\t\t\t\t\t\t\t\t\t<\/li>\n\t\t\t\t\t\t\t\t\t\t\t\t\t\t\t\t\t\t\t\t\t<\/ul>\n\t\t\t\t\t\t\t\t\t\t<p class=\"eael-team-text\">Artiste travaillant \u00e0 travers la photographie, la curation et l'\u00e9ducation, son travail r\u00e9cent explore la sant\u00e9 mentale, le vieillissement et la r\u00e9silience collective. Il est le fondateur de F\/SOS \u2013 Stories of Solidarity et directeur du F\/262 International Photography Festival. Ma\u00eetre Hasselblad, il est \u00e9galement ambassadeur de la marque pour Fujifilm, Canson Infinity et SanDisk, et si\u00e8ge aux conseils d'administration de FEP et APPImagem.<\/p>\n\t\t\t\t\t\t\t<\/div>\n\t\t<\/div>\n\t<\/div>\n\t\t\t\t\t<\/div>\n\t\t\t\t<\/div>\n\t\t\t\t\t<\/div>\n\t\t<\/div>\n\t\t\t\t<div class=\"elementor-column elementor-col-16 elementor-top-column elementor-element elementor-element-35b10ab\" data-id=\"35b10ab\" data-element_type=\"column\" data-e-type=\"column\">\n\t\t\t<div class=\"elementor-widget-wrap elementor-element-populated\">\n\t\t\t\t\t\t<div class=\"elementor-element elementor-element-1334d09 team-member member-analog eael-team-align-eael-team-align-default elementor-widget elementor-widget-eael-team-member\" data-id=\"1334d09\" data-element_type=\"widget\" data-e-type=\"widget\" data-widget_type=\"eael-team-member.default\">\n\t\t\t\t<div class=\"elementor-widget-container\">\n\t\t\t\t\t\n\n\t<div id=\"eael-team-member-1334d09\" class=\"eael-team-item eael-team-members-simple\">\n\t\t<div class=\"eael-team-item-inner\">\n\t\t\t<div class=\"eael-team-image\">\n\t\t\t\t<figure>\n\t\t\t\t\t\t\t\t\t\t<img decoding=\"async\" src=\"https:\/\/festival262.com\/wp-content\/uploads\/2025\/11\/30.png\" alt=\"\">\n\t\t\t\t\t\t\t\t\t<\/figure>\n\t\t\t\t\n\t\t\t\t\n\t\t\t<\/div>\n\n\t\t\t<div class=\"eael-team-content\">\n\t\t\t\t<h2 class=\"eael-team-member-name\">Danny Bittencourt<\/h2><h3 class=\"eael-team-member-position\">Po\u00e8te visuel &amp; Psychanalyste<\/h3>\n\t\t\t\t\t\t\t\t\t\t\t\t\t\t\t<ul class=\"eael-team-member-social-profiles\">\n\t\t\t\t\t\t\t\t\t\t\t\t\t\t\t\t\t\t\t\t\t\t\t\t\t\t\t\t\t\t\t\t\t\t\t\t\t\t\t\t\t<li class=\"eael-team-member-social-link\">\n\t\t\t\t\t\t\t\t\t\t<a href=\"https:\/\/www.instagram.com\/dannybbittencourt\/\" target=\"_blank\">\n\t\t\t\t\t\t\t\t\t\t\t\t\t\t\t\t\t\t\t\t\t\t\t<i aria-hidden=\"true\" class=\"fab fa-instagram\"><\/i>\t\t\t\t\t\t\t\t\t\t\t\t\t\t\t\t\t\t\t\t\t<\/a>\n\t\t\t\t\t\t\t\t\t<\/li>\n\t\t\t\t\t\t\t\t\t\t\t\t\t\t\t\t\t\t\t\t\t\t\t\t\t\t\t\t\t\t\t\t\t\t\t\t\t\t\t\t\t\t\t\t\t\t\t\t\t<li class=\"eael-team-member-social-link\">\n\t\t\t\t\t\t\t\t\t\t<a href=\"https:\/\/dannybittencourt.com\/\" target=\"_blank\">\n\t\t\t\t\t\t\t\t\t\t\t\t\t\t\t\t\t\t\t\t\t\t\t<i aria-hidden=\"true\" class=\"fas fa-camera-retro\"><\/i>\t\t\t\t\t\t\t\t\t\t\t\t\t\t\t\t\t\t\t\t\t<\/a>\n\t\t\t\t\t\t\t\t\t<\/li>\n\t\t\t\t\t\t\t\t\t\t\t\t\t\t\t\t\t\t\t\t\t<\/ul>\n\t\t\t\t\t\t\t\t\t\t<p class=\"eael-team-text\">Danny Bittencourt est un po\u00e8te visuel et psychanalyste. Dans ses recherches, elle explore la photographie comme un moyen d'acc\u00e9der aux \u00e9motions inconscientes; dans sa pratique, elle utilise des techniques photographiques hybrides pour cr\u00e9er une harmonie entre la surface et la profondeur. \u00c0 travers des livres, des cours et des cr\u00e9ations visuelles, elle invite les autres \u00e0 embrasser leurs fa\u00e7ons de ressentir tout en validant sa propre vuln\u00e9rabilit\u00e9.<\/p>\n\t\t\t\t\t\t\t<\/div>\n\t\t<\/div>\n\t<\/div>\n\t\t\t\t\t<\/div>\n\t\t\t\t<\/div>\n\t\t\t\t\t<\/div>\n\t\t<\/div>\n\t\t\t\t\t<\/div>\n\t\t<\/section>\n\t\t\t\t<section class=\"elementor-section elementor-top-section elementor-element elementor-element-c3ee6c5 elementor-section-boxed elementor-section-height-default elementor-section-height-default\" data-id=\"c3ee6c5\" data-element_type=\"section\" data-e-type=\"section\">\n\t\t\t\t\t\t<div class=\"elementor-container elementor-column-gap-default\">\n\t\t\t\t\t<div class=\"elementor-column elementor-col-16 elementor-top-column elementor-element elementor-element-ca610b7\" data-id=\"ca610b7\" data-element_type=\"column\" data-e-type=\"column\">\n\t\t\t<div class=\"elementor-widget-wrap elementor-element-populated\">\n\t\t\t\t\t\t<div class=\"elementor-element elementor-element-fd082ae team-member member-analog eael-team-align-eael-team-align-default elementor-widget elementor-widget-eael-team-member\" data-id=\"fd082ae\" data-element_type=\"widget\" data-e-type=\"widget\" data-widget_type=\"eael-team-member.default\">\n\t\t\t\t<div class=\"elementor-widget-container\">\n\t\t\t\t\t\n\n\t<div id=\"eael-team-member-fd082ae\" class=\"eael-team-item eael-team-members-simple\">\n\t\t<div class=\"eael-team-item-inner\">\n\t\t\t<div class=\"eael-team-image\">\n\t\t\t\t<figure>\n\t\t\t\t\t\t\t\t\t\t<img decoding=\"async\" src=\"https:\/\/festival262.com\/wp-content\/uploads\/2025\/11\/28.png\" alt=\"\">\n\t\t\t\t\t\t\t\t\t<\/figure>\n\t\t\t\t\n\t\t\t\t\n\t\t\t<\/div>\n\n\t\t\t<div class=\"eael-team-content\">\n\t\t\t\t<h2 class=\"eael-team-member-name\">Marisa Branco Fernandes<\/h2><h3 class=\"eael-team-member-position\">Artiste, Photographe &amp; Peintre<\/h3>\n\t\t\t\t\t\t\t\t\t\t\t\t\t\t\t<ul class=\"eael-team-member-social-profiles\">\n\t\t\t\t\t\t\t\t\t\t\t\t\t\t\t\t\t\t\t\t\t\t\t\t\t\t\t\t\t\t\t\t\t\t\t\t\t\t\t\t\t<li class=\"eael-team-member-social-link\">\n\t\t\t\t\t\t\t\t\t\t<a href=\"https:\/\/www.artebranco.com\/about\/\" target=\"_blank\">\n\t\t\t\t\t\t\t\t\t\t\t\t\t\t\t\t\t\t\t\t\t\t\t<i aria-hidden=\"true\" class=\"fas fa-paint-roller\"><\/i>\t\t\t\t\t\t\t\t\t\t\t\t\t\t\t\t\t\t\t\t\t<\/a>\n\t\t\t\t\t\t\t\t\t<\/li>\n\t\t\t\t\t\t\t\t\t\t\t\t\t\t\t\t\t\t\t\t\t\t\t\t\t\t\t\t\t\t\t\t\t\t\t\t\t\t\t\t\t\t\t\t\t\t\t\t\t<li class=\"eael-team-member-social-link\">\n\t\t\t\t\t\t\t\t\t\t<a href=\"https:\/\/www.facebook.com\/marisafernandesphotography\/?locale=pt_PT\" target=\"_blank\">\n\t\t\t\t\t\t\t\t\t\t\t\t\t\t\t\t\t\t\t\t\t\t\t<i aria-hidden=\"true\" class=\"fab fa-facebook\"><\/i>\t\t\t\t\t\t\t\t\t\t\t\t\t\t\t\t\t\t\t\t\t<\/a>\n\t\t\t\t\t\t\t\t\t<\/li>\n\t\t\t\t\t\t\t\t\t\t\t\t\t\t\t\t\t\t\t\t\t\t\t\t\t\t\t\t\t\t\t\t\t\t\t\t\t\t\t\t\t\t\t\t\t\t\t\t\t<li class=\"eael-team-member-social-link\">\n\t\t\t\t\t\t\t\t\t\t<a href=\"https:\/\/www.instagram.com\/artebrancooficial\" target=\"_blank\">\n\t\t\t\t\t\t\t\t\t\t\t\t\t\t\t\t\t\t\t\t\t\t\t<i aria-hidden=\"true\" class=\"fab fa-instagram\"><\/i>\t\t\t\t\t\t\t\t\t\t\t\t\t\t\t\t\t\t\t\t\t<\/a>\n\t\t\t\t\t\t\t\t\t<\/li>\n\t\t\t\t\t\t\t\t\t\t\t\t\t\t\t\t\t\t\t\t\t<\/ul>\n\t\t\t\t\t\t\t\t\t\t<p class=\"eael-team-text\">Marisa Martins (Arte Branco) est une artiste, photographe et peintre bas\u00e9e \u00e0 Lisbonne dont le travail couvre la photographie de mode, la peinture \u00e0 l'huile et les impressions mono exp\u00e9rimentales. Apr\u00e8s avoir \u00e9tudi\u00e9 les beaux-arts en Allemagne, elle a expos\u00e9 \u00e0 l\u2019\u00e9chelle internationale, sa r\u00e9cente s\u00e9rie d\u2019estampes monochromes sur l\u2019architecture de Lisbonne obtenant une reconnaissance critique.<\/p>\n\t\t\t\t\t\t\t<\/div>\n\t\t<\/div>\n\t<\/div>\n\t\t\t\t\t<\/div>\n\t\t\t\t<\/div>\n\t\t\t\t\t<\/div>\n\t\t<\/div>\n\t\t\t\t<div class=\"elementor-column elementor-col-16 elementor-top-column elementor-element elementor-element-8cd694e\" data-id=\"8cd694e\" data-element_type=\"column\" data-e-type=\"column\">\n\t\t\t<div class=\"elementor-widget-wrap elementor-element-populated\">\n\t\t\t\t\t\t<div class=\"elementor-element elementor-element-5d4b6b2 team-member member-f262 eael-team-align-eael-team-align-default elementor-widget elementor-widget-eael-team-member\" data-id=\"5d4b6b2\" data-element_type=\"widget\" data-e-type=\"widget\" data-widget_type=\"eael-team-member.default\">\n\t\t\t\t<div class=\"elementor-widget-container\">\n\t\t\t\t\t\n\n\t<div id=\"eael-team-member-5d4b6b2\" class=\"eael-team-item eael-team-members-simple\">\n\t\t<div class=\"eael-team-item-inner\">\n\t\t\t<div class=\"eael-team-image\">\n\t\t\t\t<figure>\n\t\t\t\t\t\t\t\t\t\t<img decoding=\"async\" src=\"https:\/\/festival262.com\/wp-content\/uploads\/2026\/01\/F262-SPEAKERS-.png\" alt=\"\">\n\t\t\t\t\t\t\t\t\t<\/figure>\n\t\t\t\t\n\t\t\t\t\n\t\t\t<\/div>\n\n\t\t\t<div class=\"eael-team-content\">\n\t\t\t\t<h2 class=\"eael-team-member-name\">Alina Zaharia<\/h2><h3 class=\"eael-team-member-position\">Artiste photographique<\/h3>\n\t\t\t\t\t\t\t\t\t\t\t\t\t\t\t<ul class=\"eael-team-member-social-profiles\">\n\t\t\t\t\t\t\t\t\t\t\t\t\t\t\t\t\t\t\t\t\t\t\t\t\t\t\t\t\t\t\t\t\t\t\t\t\t\t\t\t\t<li class=\"eael-team-member-social-link\">\n\t\t\t\t\t\t\t\t\t\t<a href=\"https:\/\/alinazaharia.com\/work\" target=\"_blank\">\n\t\t\t\t\t\t\t\t\t\t\t\t\t\t\t\t\t\t\t\t\t\t\t<i aria-hidden=\"true\" class=\"fas fa-camera-retro\"><\/i>\t\t\t\t\t\t\t\t\t\t\t\t\t\t\t\t\t\t\t\t\t<\/a>\n\t\t\t\t\t\t\t\t\t<\/li>\n\t\t\t\t\t\t\t\t\t\t\t\t\t\t\t\t\t\t\t\t\t\t\t\t\t\t\t\t\t\t\t\t\t\t\t\t\t\t\t\t\t\t\t\t\t\t\t\t\t<li class=\"eael-team-member-social-link\">\n\t\t\t\t\t\t\t\t\t\t<a href=\"https:\/\/www.facebook.com\/alinazaharia01\" target=\"_blank\">\n\t\t\t\t\t\t\t\t\t\t\t\t\t\t\t\t\t\t\t\t\t\t\t<i aria-hidden=\"true\" class=\"fab fa-facebook\"><\/i>\t\t\t\t\t\t\t\t\t\t\t\t\t\t\t\t\t\t\t\t\t<\/a>\n\t\t\t\t\t\t\t\t\t<\/li>\n\t\t\t\t\t\t\t\t\t\t\t\t\t\t\t\t\t\t\t\t\t\t\t\t\t\t\t\t\t\t\t\t\t\t\t\t\t\t\t\t\t\t\t\t\t\t\t\t\t<li class=\"eael-team-member-social-link\">\n\t\t\t\t\t\t\t\t\t\t<a href=\"https:\/\/www.instagram.com\/alina_zaharia_\/\" target=\"_blank\">\n\t\t\t\t\t\t\t\t\t\t\t\t\t\t\t\t\t\t\t\t\t\t\t<i aria-hidden=\"true\" class=\"fab fa-instagram\"><\/i>\t\t\t\t\t\t\t\t\t\t\t\t\t\t\t\t\t\t\t\t\t<\/a>\n\t\t\t\t\t\t\t\t\t<\/li>\n\t\t\t\t\t\t\t\t\t\t\t\t\t\t\t\t\t\t\t\t\t<\/ul>\n\t\t\t\t\t\t\t\t\t\t<p class=\"eael-team-text\">N\u00e9e en Roumanie en 1981, elle vit au Portugal depuis 2008. Elle a \u00e9tudi\u00e9 le Management et le Marketing \u00e0 l'ISCAP, Porto, avant de se tourner vers la photographie. En 2023, elle a obtenu un master en photographie artistique \u00e0 l\u2019IPCI de Lisbonne. Son travail a \u00e9t\u00e9 pr\u00e9sent\u00e9 dans des festivals, des mus\u00e9es et des galeries \u00e0 travers le Portugal. En 2025, elle est finaliste du CC11 Photography Prize.<\/p>\n\t\t\t\t\t\t\t<\/div>\n\t\t<\/div>\n\t<\/div>\n\t\t\t\t\t<\/div>\n\t\t\t\t<\/div>\n\t\t\t\t\t<\/div>\n\t\t<\/div>\n\t\t\t\t<div class=\"elementor-column elementor-col-16 elementor-top-column elementor-element elementor-element-b8ab448\" data-id=\"b8ab448\" data-element_type=\"column\" data-e-type=\"column\">\n\t\t\t<div class=\"elementor-widget-wrap elementor-element-populated\">\n\t\t\t\t\t\t<div class=\"elementor-element elementor-element-4c78d18 team-member member-f262 eael-team-align-eael-team-align-default elementor-widget elementor-widget-eael-team-member\" data-id=\"4c78d18\" data-element_type=\"widget\" data-e-type=\"widget\" data-widget_type=\"eael-team-member.default\">\n\t\t\t\t<div class=\"elementor-widget-container\">\n\t\t\t\t\t\n\n\t<div id=\"eael-team-member-4c78d18\" class=\"eael-team-item eael-team-members-simple\">\n\t\t<div class=\"eael-team-item-inner\">\n\t\t\t<div class=\"eael-team-image\">\n\t\t\t\t<figure>\n\t\t\t\t\t\t\t\t\t\t<img decoding=\"async\" src=\"https:\/\/festival262.com\/wp-content\/uploads\/2025\/11\/5-1.png\" alt=\"\">\n\t\t\t\t\t\t\t\t\t<\/figure>\n\t\t\t\t\n\t\t\t\t\n\t\t\t<\/div>\n\n\t\t\t<div class=\"eael-team-content\">\n\t\t\t\t<h2 class=\"eael-team-member-name\">Pedro Rocha <\/h2><h3 class=\"eael-team-member-position\">Photographe documentaire &amp; Photojournaliste<\/h3>\n\t\t\t\t\t\t\t\t\t\t\t\t\t\t\t<ul class=\"eael-team-member-social-profiles\">\n\t\t\t\t\t\t\t\t\t\t\t\t\t\t\t\t\t\t\t\t\t\t\t\t\t\t\t\t\t\t\t\t\t\t\t\t\t\t\t\t\t<li class=\"eael-team-member-social-link\">\n\t\t\t\t\t\t\t\t\t\t<a href=\"https:\/\/www.instagram.com\/__pedro.rocha___\/\" target=\"_blank\">\n\t\t\t\t\t\t\t\t\t\t\t\t\t\t\t\t\t\t\t\t\t\t\t<i aria-hidden=\"true\" class=\"fab fa-instagram\"><\/i>\t\t\t\t\t\t\t\t\t\t\t\t\t\t\t\t\t\t\t\t\t<\/a>\n\t\t\t\t\t\t\t\t\t<\/li>\n\t\t\t\t\t\t\t\t\t\t\t\t\t\t\t\t\t\t\t\t\t\t\t\t\t\t\t\t\t\t\t\t\t\t\t\t\t\t\t\t\t\t\t\t\t\t\t\t\t<li class=\"eael-team-member-social-link\">\n\t\t\t\t\t\t\t\t\t\t<a href=\"https:\/\/pedro-rocha.pt\/\" target=\"_blank\">\n\t\t\t\t\t\t\t\t\t\t\t\t\t\t\t\t\t\t\t\t\t\t\t<i aria-hidden=\"true\" class=\"fas fa-globe\"><\/i>\t\t\t\t\t\t\t\t\t\t\t\t\t\t\t\t\t\t\t\t\t<\/a>\n\t\t\t\t\t\t\t\t\t<\/li>\n\t\t\t\t\t\t\t\t\t\t\t\t\t\t\t\t\t\t\t\t\t\t\t\t\t\t\t\t\t\t\t\t\t\t\t\t\t\t\t\t\t\t\t\t\t\t\t\t\t<li class=\"eael-team-member-social-link\">\n\t\t\t\t\t\t\t\t\t\t<a href=\"https:\/\/www.linkedin.com\/in\/pedro-rocha-10380020\/\" target=\"_blank\">\n\t\t\t\t\t\t\t\t\t\t\t\t\t\t\t\t\t\t\t\t\t\t\t<i aria-hidden=\"true\" class=\"fab fa-linkedin\"><\/i>\t\t\t\t\t\t\t\t\t\t\t\t\t\t\t\t\t\t\t\t\t<\/a>\n\t\t\t\t\t\t\t\t\t<\/li>\n\t\t\t\t\t\t\t\t\t\t\t\t\t\t\t\t\t\t\t\t\t<\/ul>\n\t\t\t\t\t\t\t\t\t\t<p class=\"eael-team-text\">Photographe ind\u00e9pendant bas\u00e9 \u00e0 Lisbonne dont le travail se concentre sur des projets documentaires explorant les questions sociales et territoriales. Avec une formation en architecture et une formation formelle en photographie \u00e0 l'Institut portugais de photographie (Porto) et Black Kamera (Bilbao), ses projets r\u00e9cents se penchent sur les th\u00e8mes de l'identit\u00e9 et de la m\u00e9moire. Il collabore r\u00e9guli\u00e8rement avec des agences de presse, des journaux et des magazines, et son travail a \u00e9t\u00e9 pr\u00e9sent\u00e9 dans des expositions telles que BRAVA (Lisbonne, 2025), BF24 Bienal de Fotografia de Vila Franca de Xira (2024) et Di\u00e1rio de uma Pandemia (2020-2021).<\/p>\n\t\t\t\t\t\t\t<\/div>\n\t\t<\/div>\n\t<\/div>\n\t\t\t\t\t<\/div>\n\t\t\t\t<\/div>\n\t\t\t\t\t<\/div>\n\t\t<\/div>\n\t\t\t\t<div class=\"elementor-column elementor-col-16 elementor-top-column elementor-element elementor-element-4a7761b\" data-id=\"4a7761b\" data-element_type=\"column\" data-e-type=\"column\">\n\t\t\t<div class=\"elementor-widget-wrap elementor-element-populated\">\n\t\t\t\t\t\t<div class=\"elementor-element elementor-element-18140c9 team-member member-filmfest eael-team-align-eael-team-align-default elementor-widget elementor-widget-eael-team-member\" data-id=\"18140c9\" data-element_type=\"widget\" data-e-type=\"widget\" data-widget_type=\"eael-team-member.default\">\n\t\t\t\t<div class=\"elementor-widget-container\">\n\t\t\t\t\t\n\n\t<div id=\"eael-team-member-18140c9\" class=\"eael-team-item eael-team-members-simple\">\n\t\t<div class=\"eael-team-item-inner\">\n\t\t\t<div class=\"eael-team-image\">\n\t\t\t\t<figure>\n\t\t\t\t\t\t\t\t\t\t<img decoding=\"async\" src=\"https:\/\/festival262.com\/wp-content\/uploads\/2025\/11\/33.png\" alt=\"\">\n\t\t\t\t\t\t\t\t\t<\/figure>\n\t\t\t\t\n\t\t\t\t\n\t\t\t<\/div>\n\n\t\t\t<div class=\"eael-team-content\">\n\t\t\t\t<h2 class=\"eael-team-member-name\">Elisabete Mendes<\/h2><h3 class=\"eael-team-member-position\"> Cin\u00e9aste &amp; Photographe<\/h3>\n\t\t\t\t\t\t\t\t\t\t\t\t\t\t\t<ul class=\"eael-team-member-social-profiles\">\n\t\t\t\t\t\t\t\t\t\t\t\t\t\t\t\t\t\t\t\t\t\t\t\t\t\t\t\t\t\t\t\t\t\t\t\t\t\t\t\t\t<li class=\"eael-team-member-social-link\">\n\t\t\t\t\t\t\t\t\t\t<a href=\"http:\/\/vimeo.com\/elisabetemendes\" target=\"_blank\">\n\t\t\t\t\t\t\t\t\t\t\t\t\t\t\t\t\t\t\t\t\t\t\t<i aria-hidden=\"true\" class=\"fab fa-vimeo\"><\/i>\t\t\t\t\t\t\t\t\t\t\t\t\t\t\t\t\t\t\t\t\t<\/a>\n\t\t\t\t\t\t\t\t\t<\/li>\n\t\t\t\t\t\t\t\t\t\t\t\t\t\t\t\t\t\t\t\t\t\t\t\t\t\t\t\t\t\t\t\t\t\t\t\t\t\t\t\t\t\t\t\t\t\t\t\t\t<li class=\"eael-team-member-social-link\">\n\t\t\t\t\t\t\t\t\t\t<a href=\"https:\/\/www.instagram.com\/betimendes\/\" target=\"_blank\">\n\t\t\t\t\t\t\t\t\t\t\t\t\t\t\t\t\t\t\t\t\t\t\t<i aria-hidden=\"true\" class=\"fab fa-instagram\"><\/i>\t\t\t\t\t\t\t\t\t\t\t\t\t\t\t\t\t\t\t\t\t<\/a>\n\t\t\t\t\t\t\t\t\t<\/li>\n\t\t\t\t\t\t\t\t\t\t\t\t\t\t\t\t\t\t\t\t\t<\/ul>\n\t\t\t\t\t\t\t\t\t\t<p class=\"eael-team-text\">Artiste visuel et surfeur avec plus de 15 ans dans le cin\u00e9ma et l'audiovisuel. Fondatrice de Swell Filmes, ses documentaires prim\u00e9s (Amar o Mar, Xino \u2013 Uma Causa com Fibra) refl\u00e8tent un lien profond avec l\u2019oc\u00e9an, explorant l\u2019identit\u00e9, la r\u00e9silience et la transformation \u00e0 travers le prisme du cin\u00e9ma et de la photographie.<\/p>\n\t\t\t\t\t\t\t<\/div>\n\t\t<\/div>\n\t<\/div>\n\t\t\t\t\t<\/div>\n\t\t\t\t<\/div>\n\t\t\t\t\t<\/div>\n\t\t<\/div>\n\t\t\t\t<div class=\"elementor-column elementor-col-16 elementor-top-column elementor-element elementor-element-ea551d6\" data-id=\"ea551d6\" data-element_type=\"column\" data-e-type=\"column\">\n\t\t\t<div class=\"elementor-widget-wrap elementor-element-populated\">\n\t\t\t\t\t\t<div class=\"elementor-element elementor-element-9b7d379 team-member member-photobook eael-team-align-eael-team-align-default elementor-widget elementor-widget-eael-team-member\" data-id=\"9b7d379\" data-element_type=\"widget\" data-e-type=\"widget\" data-widget_type=\"eael-team-member.default\">\n\t\t\t\t<div class=\"elementor-widget-container\">\n\t\t\t\t\t\n\n\t<div id=\"eael-team-member-9b7d379\" class=\"eael-team-item eael-team-members-simple\">\n\t\t<div class=\"eael-team-item-inner\">\n\t\t\t<div class=\"eael-team-image\">\n\t\t\t\t<figure>\n\t\t\t\t\t\t\t\t\t\t<img decoding=\"async\" src=\"https:\/\/festival262.com\/wp-content\/uploads\/2025\/11\/25.png\" alt=\"\">\n\t\t\t\t\t\t\t\t\t<\/figure>\n\t\t\t\t\n\t\t\t\t\n\t\t\t<\/div>\n\n\t\t\t<div class=\"eael-team-content\">\n\t\t\t\t<h2 class=\"eael-team-member-name\">Nuno Rocha <\/h2><h3 class=\"eael-team-member-position\">Photographe documentaire &amp; Artiste visuel<\/h3>\n\t\t\t\t\t\t\t\t\t\t\t\t\t\t\t<ul class=\"eael-team-member-social-profiles\">\n\t\t\t\t\t\t\t\t\t\t\t\t\t\t\t\t\t\t\t\t\t\t\t\t\t\t\t\t\t\t\t\t\t\t\t\t\t\t\t\t\t<li class=\"eael-team-member-social-link\">\n\t\t\t\t\t\t\t\t\t\t<a href=\"https:\/\/www.nunorocha.site\/\" target=\"_blank\">\n\t\t\t\t\t\t\t\t\t\t\t\t\t\t\t\t\t\t\t\t\t\t\t<i aria-hidden=\"true\" class=\"fas fa-camera-retro\"><\/i>\t\t\t\t\t\t\t\t\t\t\t\t\t\t\t\t\t\t\t\t\t<\/a>\n\t\t\t\t\t\t\t\t\t<\/li>\n\t\t\t\t\t\t\t\t\t\t\t\t\t\t\t\t\t\t\t\t\t\t\t\t\t\t\t\t\t\t\t\t\t\t\t\t\t\t\t\t\t\t\t\t\t\t\t\t\t<li class=\"eael-team-member-social-link\">\n\t\t\t\t\t\t\t\t\t\t<a href=\"https:\/\/www.instagram.com\/nunorocha\" target=\"_blank\">\n\t\t\t\t\t\t\t\t\t\t\t\t\t\t\t\t\t\t\t\t\t\t\t<i aria-hidden=\"true\" class=\"fab fa-instagram\"><\/i>\t\t\t\t\t\t\t\t\t\t\t\t\t\t\t\t\t\t\t\t\t<\/a>\n\t\t\t\t\t\t\t\t\t<\/li>\n\t\t\t\t\t\t\t\t\t\t\t\t\t\t\t\t\t\t\t\t\t\t\t\t\t\t\t\t\t\t\t\t\t\t\t\t\t\t\t\t\t\t\t\t\t\t\t\t\t<li class=\"eael-team-member-social-link\">\n\t\t\t\t\t\t\t\t\t\t<a href=\"https:\/\/www.facebook.com\/nuno.ce\" target=\"_blank\">\n\t\t\t\t\t\t\t\t\t\t\t\t\t\t\t\t\t\t\t\t\t\t\t<i aria-hidden=\"true\" class=\"fab fa-facebook\"><\/i>\t\t\t\t\t\t\t\t\t\t\t\t\t\t\t\t\t\t\t\t\t<\/a>\n\t\t\t\t\t\t\t\t\t<\/li>\n\t\t\t\t\t\t\t\t\t\t\t\t\t\t\t\t\t\t\t\t\t<\/ul>\n\t\t\t\t\t\t\t\t\t\t<p class=\"eael-team-text\">Photographe et artiste visuel dont le travail relie la photographie, le son et la vid\u00e9o. Avec une formation en peinture, sa pratique explore la perception comme un acte critique et responsable envers la r\u00e9alit\u00e9. Il a expos\u00e9 dans des mus\u00e9es et des galeries \u00e0 travers le Portugal et \u00e0 l'\u00e9tranger, avec des projets allant de l'installation \u00e0 des collaborations interdisciplinaires dans les arts visuels et les arts de la sc\u00e8ne. Son travail le plus r\u00e9cent, Jagozes: Continuity and Resistance (2024), co-\u00e9crit avec Pedro dos Reis, est un livre de photographie documentaire qui r\u00e9fl\u00e9chit sur l'identit\u00e9 culturelle, la m\u00e9moire et la r\u00e9silience.<\/p>\n\t\t\t\t\t\t\t<\/div>\n\t\t<\/div>\n\t<\/div>\n\t\t\t\t\t<\/div>\n\t\t\t\t<\/div>\n\t\t\t\t\t<\/div>\n\t\t<\/div>\n\t\t\t\t<div class=\"elementor-column elementor-col-16 elementor-top-column elementor-element elementor-element-17a7786\" data-id=\"17a7786\" data-element_type=\"column\" data-e-type=\"column\">\n\t\t\t<div class=\"elementor-widget-wrap elementor-element-populated\">\n\t\t\t\t\t\t<div class=\"elementor-element elementor-element-ba83a39 team-member member-photobook eael-team-align-eael-team-align-default elementor-widget elementor-widget-eael-team-member\" data-id=\"ba83a39\" data-element_type=\"widget\" data-e-type=\"widget\" data-widget_type=\"eael-team-member.default\">\n\t\t\t\t<div class=\"elementor-widget-container\">\n\t\t\t\t\t\n\n\t<div id=\"eael-team-member-ba83a39\" class=\"eael-team-item eael-team-members-simple\">\n\t\t<div class=\"eael-team-item-inner\">\n\t\t\t<div class=\"eael-team-image\">\n\t\t\t\t<figure>\n\t\t\t\t\t\t\t\t\t\t<img decoding=\"async\" src=\"https:\/\/festival262.com\/wp-content\/uploads\/2025\/12\/F262-SPEAKERS-.png\" alt=\"\">\n\t\t\t\t\t\t\t\t\t<\/figure>\n\t\t\t\t\n\t\t\t\t\n\t\t\t<\/div>\n\n\t\t\t<div class=\"eael-team-content\">\n\t\t\t\t<h2 class=\"eael-team-member-name\">Vasco Trancoso<\/h2><h3 class=\"eael-team-member-position\">M\u00e9decin, Photographe de rue<\/h3>\n\t\t\t\t\t\t\t\t\t\t\t\t\t\t\t<ul class=\"eael-team-member-social-profiles\">\n\t\t\t\t\t\t\t\t\t\t\t\t\t\t\t\t\t\t\t\t\t\t\t\t\t\t\t\t\t\t\t\t\t\t\t\t\t\t\t\t\t<li class=\"eael-team-member-social-link\">\n\t\t\t\t\t\t\t\t\t\t<a href=\"https:\/\/www.instagram.com\/trancosovasco\/\" target=\"_blank\">\n\t\t\t\t\t\t\t\t\t\t\t\t\t\t\t\t\t\t\t\t\t\t\t<i aria-hidden=\"true\" class=\"fab fa-instagram\"><\/i>\t\t\t\t\t\t\t\t\t\t\t\t\t\t\t\t\t\t\t\t\t<\/a>\n\t\t\t\t\t\t\t\t\t<\/li>\n\t\t\t\t\t\t\t\t\t\t\t\t\t\t\t\t\t\t\t\t\t\t\t\t\t\t\t\t\t\t\t\t\t\t\t\t\t\t\t\t\t\t\t\t\t\t\t\t\t<li class=\"eael-team-member-social-link\">\n\t\t\t\t\t\t\t\t\t\t<a href=\"https:\/\/www.facebook.com\/vasco.trancoso\/?locale=pt_PT\" target=\"_blank\">\n\t\t\t\t\t\t\t\t\t\t\t\t\t\t\t\t\t\t\t\t\t\t\t<i aria-hidden=\"true\" class=\"fab fa-facebook\"><\/i>\t\t\t\t\t\t\t\t\t\t\t\t\t\t\t\t\t\t\t\t\t<\/a>\n\t\t\t\t\t\t\t\t\t<\/li>\n\t\t\t\t\t\t\t\t\t\t\t\t\t\t\t\t\t\t\t\t\t\t\t\t\t\t\t\t\t\t\t\t\t\t\t\t\t\t\t\t\t\t\t\t\t\t\t\t\t<li class=\"eael-team-member-social-link\">\n\t\t\t\t\t\t\t\t\t\t<a href=\"https:\/\/streetphotographersfoundation.com\/vasco-trancoso\/\" target=\"_blank\">\n\t\t\t\t\t\t\t\t\t\t\t\t\t\t\t\t\t\t\t\t\t\t\t<i aria-hidden=\"true\" class=\"fas fa-globe-africa\"><\/i>\t\t\t\t\t\t\t\t\t\t\t\t\t\t\t\t\t\t\t\t\t<\/a>\n\t\t\t\t\t\t\t\t\t<\/li>\n\t\t\t\t\t\t\t\t\t\t\t\t\t\t\t\t\t\t\t\t\t<\/ul>\n\t\t\t\t\t\t\t\t\t\t<p class=\"eael-team-text\">Gastroent\u00e9rologue, n\u00e9 \u00e0 Lisbonne et r\u00e9sidant \u00e0 Caldas da Rainha depuis 1983. Ancien pr\u00e9sident du conseil d'administration de l'h\u00f4pital local, il a re\u00e7u la m\u00e9daille de la ville (Gold Grade) pour les services rendus \u00e0 la communaut\u00e9 et, en 2025, la m\u00e9daille du m\u00e9rite de l'Association m\u00e9dicale portugaise. Apr\u00e8s sa retraite, il se consacre \u00e0 la photographie de rue. Il a publi\u00e9 les livres 99 (2020) et 88 (2025), tous deux distingu\u00e9s et reconnus lors de prix et de festivals internationaux de photographie.<\/p>\n\t\t\t\t\t\t\t<\/div>\n\t\t<\/div>\n\t<\/div>\n\t\t\t\t\t<\/div>\n\t\t\t\t<\/div>\n\t\t\t\t\t<\/div>\n\t\t<\/div>\n\t\t\t\t\t<\/div>\n\t\t<\/section>\n\t\t\t\t<section class=\"elementor-section elementor-top-section elementor-element elementor-element-1371eb9 elementor-section-boxed elementor-section-height-default elementor-section-height-default\" data-id=\"1371eb9\" data-element_type=\"section\" data-e-type=\"section\">\n\t\t\t\t\t\t<div class=\"elementor-container elementor-column-gap-default\">\n\t\t\t\t\t<div class=\"elementor-column elementor-col-100 elementor-top-column elementor-element elementor-element-52208c0\" data-id=\"52208c0\" data-element_type=\"column\" data-e-type=\"column\">\n\t\t\t<div class=\"elementor-widget-wrap elementor-element-populated\">\n\t\t\t\t\t\t<div class=\"elementor-element elementor-element-fa1f50f elementor-widget elementor-widget-shortcode\" data-id=\"fa1f50f\" data-element_type=\"widget\" data-e-type=\"widget\" data-widget_type=\"shortcode.default\">\n\t\t\t\t<div class=\"elementor-widget-container\">\n\t\t\t\t\t\t\t<div class=\"elementor-shortcode\">\t\t<div data-elementor-type=\"wp-post\" data-elementor-id=\"206\" class=\"elementor elementor-206\">\n\t\t\t\t\t\t<div class=\"elementor-section elementor-top-section elementor-element elementor-element-433e9d9 elementor-section-stretched footer-custom elementor-section-full_width elementor-section-height-default elementor-section-height-default\" data-id=\"433e9d9\" data-element_type=\"section\" data-e-type=\"section\" data-settings=\"{&quot;stretch_section&quot;:&quot;section-stretched&quot;,&quot;background_background&quot;:&quot;classic&quot;}\">\n\t\t\t\t\t\t<div class=\"elementor-container elementor-column-gap-no\">\n\t\t\t\t\t<div class=\"elementor-column elementor-col-100 elementor-top-column elementor-element elementor-element-4386f5f\" data-id=\"4386f5f\" data-element_type=\"column\" data-e-type=\"column\">\n\t\t\t<div class=\"elementor-widget-wrap elementor-element-populated\">\n\t\t\t\t\t\t<div class=\"elementor-section elementor-inner-section elementor-element elementor-element-ab81258 elementor-section-boxed elementor-section-height-default elementor-section-height-default\" data-id=\"ab81258\" data-element_type=\"section\" data-e-type=\"section\">\n\t\t\t\t\t\t<div class=\"elementor-container elementor-column-gap-wider\">\n\t\t\t\t\t<div class=\"elementor-column elementor-col-33 elementor-inner-column elementor-element elementor-element-abe660f\" data-id=\"abe660f\" data-element_type=\"column\" data-e-type=\"column\">\n\t\t\t<div class=\"elementor-widget-wrap elementor-element-populated\">\n\t\t\t\t\t\t<div class=\"elementor-element elementor-element-fdb18bb invert elementor-widget elementor-widget-heading\" data-id=\"fdb18bb\" data-element_type=\"widget\" data-e-type=\"widget\" data-widget_type=\"heading.default\">\n\t\t\t\t<div class=\"elementor-widget-container\">\n\t\t\t\t\t<h5 class=\"elementor-heading-title elementor-size-default\">Produit par F\/262 &amp; Associa\u00e7\u00e3o F\/SOS<\/h5>\t\t\t\t<\/div>\n\t\t\t\t<\/div>\n\t\t\t\t<div class=\"elementor-element elementor-element-cd7b3b4 elementor-widget elementor-widget-spacer\" data-id=\"cd7b3b4\" data-element_type=\"widget\" data-e-type=\"widget\" data-widget_type=\"spacer.default\">\n\t\t\t\t<div class=\"elementor-widget-container\">\n\t\t\t\t\t\t\t<div class=\"elementor-spacer\">\n\t\t\t<div class=\"elementor-spacer-inner\"><\/div>\n\t\t<\/div>\n\t\t\t\t\t\t<\/div>\n\t\t\t\t<\/div>\n\t\t\t\t<div class=\"elementor-element elementor-element-a61036d elementor-widget elementor-widget-image\" data-id=\"a61036d\" data-element_type=\"widget\" data-e-type=\"widget\" data-widget_type=\"image.default\">\n\t\t\t\t<div class=\"elementor-widget-container\">\n\t\t\t\t\t\t\t\t\t\t\t\t\t\t\t\t<a href=\"https:\/\/festival262.com\/fr\/\">\n\t\t\t\t\t\t\t<img loading=\"lazy\" decoding=\"async\" width=\"1532\" height=\"436\" src=\"https:\/\/festival262.com\/wp-content\/uploads\/2019\/10\/F262-LOGO-COMPOSTO-COM-EFFE-WHITE-PT.svg\" class=\"attachment-full size-full wp-image-7626\" alt=\"\" \/>\t\t\t\t\t\t\t\t<\/a>\n\t\t\t\t\t\t\t\t\t\t\t\t\t\t\t<\/div>\n\t\t\t\t<\/div>\n\t\t\t\t<div class=\"elementor-element elementor-element-ec74c02 elementor-widget elementor-widget-spacer\" data-id=\"ec74c02\" data-element_type=\"widget\" data-e-type=\"widget\" data-widget_type=\"spacer.default\">\n\t\t\t\t<div class=\"elementor-widget-container\">\n\t\t\t\t\t\t\t<div class=\"elementor-spacer\">\n\t\t\t<div class=\"elementor-spacer-inner\"><\/div>\n\t\t<\/div>\n\t\t\t\t\t\t<\/div>\n\t\t\t\t<\/div>\n\t\t\t\t<div class=\"elementor-element elementor-element-155e5e2 elementor-widget elementor-widget-image\" data-id=\"155e5e2\" data-element_type=\"widget\" data-e-type=\"widget\" data-widget_type=\"image.default\">\n\t\t\t\t<div class=\"elementor-widget-container\">\n\t\t\t\t\t\t\t\t\t\t\t\t\t\t\t\t<a href=\"https:\/\/www.f-sos.org\" target=\"_blank\">\n\t\t\t\t\t\t\t<img loading=\"lazy\" decoding=\"async\" width=\"2560\" height=\"567\" src=\"https:\/\/festival262.com\/wp-content\/uploads\/2019\/10\/associacao-white-copy-scaled.png\" class=\"attachment-full size-full wp-image-5659\" alt=\"\" srcset=\"https:\/\/festival262.com\/wp-content\/uploads\/2019\/10\/associacao-white-copy-scaled.png 2560w, https:\/\/festival262.com\/wp-content\/uploads\/2019\/10\/associacao-white-copy-300x66.png 300w, https:\/\/festival262.com\/wp-content\/uploads\/2019\/10\/associacao-white-copy-1024x227.png 1024w, https:\/\/festival262.com\/wp-content\/uploads\/2019\/10\/associacao-white-copy-768x170.png 768w, https:\/\/festival262.com\/wp-content\/uploads\/2019\/10\/associacao-white-copy-1536x340.png 1536w, https:\/\/festival262.com\/wp-content\/uploads\/2019\/10\/associacao-white-copy-2048x453.png 2048w, https:\/\/festival262.com\/wp-content\/uploads\/2019\/10\/associacao-white-copy-1320x292.png 1320w, https:\/\/festival262.com\/wp-content\/uploads\/2019\/10\/associacao-white-copy-600x133.png 600w\" sizes=\"(max-width: 2560px) 100vw, 2560px\" \/>\t\t\t\t\t\t\t\t<\/a>\n\t\t\t\t\t\t\t\t\t\t\t\t\t\t\t<\/div>\n\t\t\t\t<\/div>\n\t\t\t\t<div class=\"elementor-element elementor-element-1c060c8 elementor-widget elementor-widget-image\" data-id=\"1c060c8\" data-element_type=\"widget\" data-e-type=\"widget\" data-widget_type=\"image.default\">\n\t\t\t\t<div class=\"elementor-widget-container\">\n\t\t\t\t\t\t\t\t\t\t\t\t\t\t\t\t<a href=\"https:\/\/www.websitecarbon.com\/website\/festival262-com\/\" target=\"_blank\">\n\t\t\t\t\t\t\t<img loading=\"lazy\" decoding=\"async\" width=\"728\" height=\"196\" src=\"https:\/\/festival262.com\/wp-content\/uploads\/2019\/10\/carbon-rating.png\" class=\"attachment-full size-full wp-image-5817\" alt=\"cote carbone\" srcset=\"https:\/\/festival262.com\/wp-content\/uploads\/2019\/10\/carbon-rating.png 728w, https:\/\/festival262.com\/wp-content\/uploads\/2019\/10\/carbon-rating-300x81.png 300w, https:\/\/festival262.com\/wp-content\/uploads\/2019\/10\/carbon-rating-600x162.png 600w\" sizes=\"(max-width: 728px) 100vw, 728px\" \/>\t\t\t\t\t\t\t\t<\/a>\n\t\t\t\t\t\t\t\t\t\t\t\t\t\t\t<\/div>\n\t\t\t\t<\/div>\n\t\t\t\t\t<\/div>\n\t\t<\/div>\n\t\t\t\t<div class=\"elementor-column elementor-col-33 elementor-inner-column elementor-element elementor-element-af8a3fd\" data-id=\"af8a3fd\" data-element_type=\"column\" data-e-type=\"column\">\n\t\t\t<div class=\"elementor-widget-wrap elementor-element-populated\">\n\t\t\t\t\t\t<div class=\"elementor-element elementor-element-cbd4305 invert elementor-widget elementor-widget-heading\" data-id=\"cbd4305\" data-element_type=\"widget\" data-e-type=\"widget\" data-widget_type=\"heading.default\">\n\t\t\t\t<div class=\"elementor-widget-container\">\n\t\t\t\t\t<h5 class=\"elementor-heading-title elementor-size-default\">Avec le soutien de:<\/h5>\t\t\t\t<\/div>\n\t\t\t\t<\/div>\n\t\t\t\t<div class=\"elementor-element elementor-element-6e61efe elementor-widget elementor-widget-spacer\" data-id=\"6e61efe\" data-element_type=\"widget\" data-e-type=\"widget\" data-widget_type=\"spacer.default\">\n\t\t\t\t<div class=\"elementor-widget-container\">\n\t\t\t\t\t\t\t<div class=\"elementor-spacer\">\n\t\t\t<div class=\"elementor-spacer-inner\"><\/div>\n\t\t<\/div>\n\t\t\t\t\t\t<\/div>\n\t\t\t\t<\/div>\n\t\t\t\t<div class=\"elementor-element elementor-element-8f9d706 elementor-widget elementor-widget-image\" data-id=\"8f9d706\" data-element_type=\"widget\" data-e-type=\"widget\" data-widget_type=\"image.default\">\n\t\t\t\t<div class=\"elementor-widget-container\">\n\t\t\t\t\t\t\t\t\t\t\t\t\t\t\t\t<a href=\"https:\/\/www.mcr.pt\" target=\"_blank\">\n\t\t\t\t\t\t\t<img loading=\"lazy\" decoding=\"async\" width=\"600\" height=\"363\" src=\"https:\/\/festival262.com\/wp-content\/uploads\/2019\/10\/cmcr.png.webp\" class=\"attachment-full size-full wp-image-5603\" alt=\"\" srcset=\"https:\/\/festival262.com\/wp-content\/uploads\/2019\/10\/cmcr.png.webp 600w, https:\/\/festival262.com\/wp-content\/uploads\/2019\/10\/cmcr.png-300x182.webp 300w\" sizes=\"(max-width: 600px) 100vw, 600px\" \/>\t\t\t\t\t\t\t\t<\/a>\n\t\t\t\t\t\t\t\t\t\t\t\t\t\t\t<\/div>\n\t\t\t\t<\/div>\n\t\t\t\t\t<\/div>\n\t\t<\/div>\n\t\t\t\t<div class=\"elementor-column elementor-col-33 elementor-inner-column elementor-element elementor-element-3840b6d\" data-id=\"3840b6d\" data-element_type=\"column\" data-e-type=\"column\">\n\t\t\t<div class=\"elementor-widget-wrap elementor-element-populated\">\n\t\t\t\t\t\t<div class=\"elementor-element elementor-element-c63d851 invert elementor-widget elementor-widget-heading\" data-id=\"c63d851\" data-element_type=\"widget\" data-e-type=\"widget\" data-widget_type=\"heading.default\">\n\t\t\t\t<div class=\"elementor-widget-container\">\n\t\t\t\t\t<h5 class=\"elementor-heading-title elementor-size-default\">Mai \u2013 septembre 2026<br>\nCaldas da Rainha Portugal<\/h5>\t\t\t\t<\/div>\n\t\t\t\t<\/div>\n\t\t\t\t<div class=\"elementor-element elementor-element-3636f02 elementor-widget elementor-widget-spacer\" data-id=\"3636f02\" data-element_type=\"widget\" data-e-type=\"widget\" data-widget_type=\"spacer.default\">\n\t\t\t\t<div class=\"elementor-widget-container\">\n\t\t\t\t\t\t\t<div class=\"elementor-spacer\">\n\t\t\t<div class=\"elementor-spacer-inner\"><\/div>\n\t\t<\/div>\n\t\t\t\t\t\t<\/div>\n\t\t\t\t<\/div>\n\t\t\t\t<div class=\"elementor-element elementor-element-6b32ea3 elementor-widget elementor-widget-heading\" data-id=\"6b32ea3\" data-element_type=\"widget\" data-e-type=\"widget\" data-widget_type=\"heading.default\">\n\t\t\t\t<div class=\"elementor-widget-container\">\n\t\t\t\t\t<h5 class=\"elementor-heading-title elementor-size-default\">\u00c0 propos de F\/262\n<\/h5>\t\t\t\t<\/div>\n\t\t\t\t<\/div>\n\t\t\t\t<div class=\"elementor-element elementor-element-0430d04 elementor-widget elementor-widget-text-editor\" data-id=\"0430d04\" data-element_type=\"widget\" data-e-type=\"widget\" data-widget_type=\"text-editor.default\">\n\t\t\t\t<div class=\"elementor-widget-container\">\n\t\t\t\t\t\t\t\t\t<p data-start=\"431\" data-end=\"686\">F\/262 est un festival international de photographie bas\u00e9 \u00e0 Caldas da Rainha, au Portugal.<br data-start=\"526\" data-end=\"529\" \/>\u00c0 travers des expositions, des conf\u00e9rences, de l'\u00e9ducation et des installations publiques, le festival engage la photographie contemporaine avec le lieu, la communaut\u00e9 et le monde que nous partageons.<\/p><p data-start=\"688\" data-end=\"718\">\u00a0<\/p>\t\t\t\t\t\t\t\t<\/div>\n\t\t\t\t<\/div>\n\t\t\t\t<div class=\"elementor-element elementor-element-1251943 elementor-widget elementor-widget-spacer\" data-id=\"1251943\" data-element_type=\"widget\" data-e-type=\"widget\" data-widget_type=\"spacer.default\">\n\t\t\t\t<div class=\"elementor-widget-container\">\n\t\t\t\t\t\t\t<div class=\"elementor-spacer\">\n\t\t\t<div class=\"elementor-spacer-inner\"><\/div>\n\t\t<\/div>\n\t\t\t\t\t\t<\/div>\n\t\t\t\t<\/div>\n\t\t\t\t\t<\/div>\n\t\t<\/div>\n\t\t\t\t\t<\/div>\n\t\t<\/div>\n\t\t\t\t<section class=\"elementor-section elementor-inner-section elementor-element elementor-element-0e3f8f2 elementor-section-boxed elementor-section-height-default elementor-section-height-default\" data-id=\"0e3f8f2\" data-element_type=\"section\" data-e-type=\"section\">\n\t\t\t\t\t\t<div class=\"elementor-container elementor-column-gap-default\">\n\t\t\t\t\t<div class=\"elementor-column elementor-col-50 elementor-inner-column elementor-element elementor-element-65aff90\" data-id=\"65aff90\" data-element_type=\"column\" data-e-type=\"column\">\n\t\t\t<div class=\"elementor-widget-wrap elementor-element-populated\">\n\t\t\t\t\t\t<div class=\"elementor-element elementor-element-c895301 hfe-nav-menu__breakpoint-none hfe-nav-menu__align-left hfe-submenu-icon-arrow hfe-submenu-animation-none hfe-link-redirect-child elementor-widget elementor-widget-navigation-menu\" data-id=\"c895301\" data-element_type=\"widget\" data-e-type=\"widget\" data-settings=\"{&quot;padding_horizontal_menu_item&quot;:{&quot;unit&quot;:&quot;px&quot;,&quot;size&quot;:15,&quot;sizes&quot;:[]},&quot;padding_horizontal_menu_item_tablet&quot;:{&quot;unit&quot;:&quot;px&quot;,&quot;size&quot;:&quot;&quot;,&quot;sizes&quot;:[]},&quot;padding_horizontal_menu_item_mobile&quot;:{&quot;unit&quot;:&quot;px&quot;,&quot;size&quot;:&quot;&quot;,&quot;sizes&quot;:[]},&quot;padding_vertical_menu_item&quot;:{&quot;unit&quot;:&quot;px&quot;,&quot;size&quot;:15,&quot;sizes&quot;:[]},&quot;padding_vertical_menu_item_tablet&quot;:{&quot;unit&quot;:&quot;px&quot;,&quot;size&quot;:&quot;&quot;,&quot;sizes&quot;:[]},&quot;padding_vertical_menu_item_mobile&quot;:{&quot;unit&quot;:&quot;px&quot;,&quot;size&quot;:&quot;&quot;,&quot;sizes&quot;:[]},&quot;menu_space_between&quot;:{&quot;unit&quot;:&quot;px&quot;,&quot;size&quot;:&quot;&quot;,&quot;sizes&quot;:[]},&quot;menu_space_between_tablet&quot;:{&quot;unit&quot;:&quot;px&quot;,&quot;size&quot;:&quot;&quot;,&quot;sizes&quot;:[]},&quot;menu_space_between_mobile&quot;:{&quot;unit&quot;:&quot;px&quot;,&quot;size&quot;:&quot;&quot;,&quot;sizes&quot;:[]},&quot;menu_row_space&quot;:{&quot;unit&quot;:&quot;px&quot;,&quot;size&quot;:&quot;&quot;,&quot;sizes&quot;:[]},&quot;menu_row_space_tablet&quot;:{&quot;unit&quot;:&quot;px&quot;,&quot;size&quot;:&quot;&quot;,&quot;sizes&quot;:[]},&quot;menu_row_space_mobile&quot;:{&quot;unit&quot;:&quot;px&quot;,&quot;size&quot;:&quot;&quot;,&quot;sizes&quot;:[]},&quot;dropdown_border_radius&quot;:{&quot;unit&quot;:&quot;px&quot;,&quot;top&quot;:&quot;&quot;,&quot;right&quot;:&quot;&quot;,&quot;bottom&quot;:&quot;&quot;,&quot;left&quot;:&quot;&quot;,&quot;isLinked&quot;:true},&quot;dropdown_border_radius_tablet&quot;:{&quot;unit&quot;:&quot;px&quot;,&quot;top&quot;:&quot;&quot;,&quot;right&quot;:&quot;&quot;,&quot;bottom&quot;:&quot;&quot;,&quot;left&quot;:&quot;&quot;,&quot;isLinked&quot;:true},&quot;dropdown_border_radius_mobile&quot;:{&quot;unit&quot;:&quot;px&quot;,&quot;top&quot;:&quot;&quot;,&quot;right&quot;:&quot;&quot;,&quot;bottom&quot;:&quot;&quot;,&quot;left&quot;:&quot;&quot;,&quot;isLinked&quot;:true},&quot;width_dropdown_item&quot;:{&quot;unit&quot;:&quot;px&quot;,&quot;size&quot;:&quot;220&quot;,&quot;sizes&quot;:[]},&quot;width_dropdown_item_tablet&quot;:{&quot;unit&quot;:&quot;px&quot;,&quot;size&quot;:&quot;&quot;,&quot;sizes&quot;:[]},&quot;width_dropdown_item_mobile&quot;:{&quot;unit&quot;:&quot;px&quot;,&quot;size&quot;:&quot;&quot;,&quot;sizes&quot;:[]},&quot;padding_horizontal_dropdown_item&quot;:{&quot;unit&quot;:&quot;px&quot;,&quot;size&quot;:&quot;&quot;,&quot;sizes&quot;:[]},&quot;padding_horizontal_dropdown_item_tablet&quot;:{&quot;unit&quot;:&quot;px&quot;,&quot;size&quot;:&quot;&quot;,&quot;sizes&quot;:[]},&quot;padding_horizontal_dropdown_item_mobile&quot;:{&quot;unit&quot;:&quot;px&quot;,&quot;size&quot;:&quot;&quot;,&quot;sizes&quot;:[]},&quot;padding_vertical_dropdown_item&quot;:{&quot;unit&quot;:&quot;px&quot;,&quot;size&quot;:15,&quot;sizes&quot;:[]},&quot;padding_vertical_dropdown_item_tablet&quot;:{&quot;unit&quot;:&quot;px&quot;,&quot;size&quot;:&quot;&quot;,&quot;sizes&quot;:[]},&quot;padding_vertical_dropdown_item_mobile&quot;:{&quot;unit&quot;:&quot;px&quot;,&quot;size&quot;:&quot;&quot;,&quot;sizes&quot;:[]},&quot;distance_from_menu&quot;:{&quot;unit&quot;:&quot;px&quot;,&quot;size&quot;:&quot;&quot;,&quot;sizes&quot;:[]},&quot;distance_from_menu_tablet&quot;:{&quot;unit&quot;:&quot;px&quot;,&quot;size&quot;:&quot;&quot;,&quot;sizes&quot;:[]},&quot;distance_from_menu_mobile&quot;:{&quot;unit&quot;:&quot;px&quot;,&quot;size&quot;:&quot;&quot;,&quot;sizes&quot;:[]},&quot;toggle_size&quot;:{&quot;unit&quot;:&quot;px&quot;,&quot;size&quot;:&quot;&quot;,&quot;sizes&quot;:[]},&quot;toggle_size_tablet&quot;:{&quot;unit&quot;:&quot;px&quot;,&quot;size&quot;:&quot;&quot;,&quot;sizes&quot;:[]},&quot;toggle_size_mobile&quot;:{&quot;unit&quot;:&quot;px&quot;,&quot;size&quot;:&quot;&quot;,&quot;sizes&quot;:[]},&quot;toggle_border_width&quot;:{&quot;unit&quot;:&quot;px&quot;,&quot;size&quot;:&quot;&quot;,&quot;sizes&quot;:[]},&quot;toggle_border_width_tablet&quot;:{&quot;unit&quot;:&quot;px&quot;,&quot;size&quot;:&quot;&quot;,&quot;sizes&quot;:[]},&quot;toggle_border_width_mobile&quot;:{&quot;unit&quot;:&quot;px&quot;,&quot;size&quot;:&quot;&quot;,&quot;sizes&quot;:[]},&quot;toggle_border_radius&quot;:{&quot;unit&quot;:&quot;px&quot;,&quot;size&quot;:&quot;&quot;,&quot;sizes&quot;:[]},&quot;toggle_border_radius_tablet&quot;:{&quot;unit&quot;:&quot;px&quot;,&quot;size&quot;:&quot;&quot;,&quot;sizes&quot;:[]},&quot;toggle_border_radius_mobile&quot;:{&quot;unit&quot;:&quot;px&quot;,&quot;size&quot;:&quot;&quot;,&quot;sizes&quot;:[]}}\" data-widget_type=\"navigation-menu.default\">\n\t\t\t\t<div class=\"elementor-widget-container\">\n\t\t\t\t\t\t\t\t<div class=\"hfe-nav-menu hfe-layout-horizontal hfe-nav-menu-layout horizontal hfe-pointer__none\" data-layout=\"horizontal\">\n\t\t\t\t<div role=\"button\" class=\"hfe-nav-menu__toggle elementor-clickable\" tabindex=\"0\" aria-label=\"Menu Basculer\">\n\t\t\t\t\t<span class=\"screen-reader-text\">Menu<\/span>\n\t\t\t\t\t<div class=\"hfe-nav-menu-icon\">\n\t\t\t\t\t\t\t\t\t\t\t<\/div>\n\t\t\t\t<\/div>\n\t\t\t\t<nav class=\"hfe-nav-menu__layout-horizontal hfe-nav-menu__submenu-arrow\" data-toggle-icon=\"\" data-close-icon=\"\" data-full-width=\"\">\n\t\t\t\t\t<ul id=\"menu-1-c895301\" class=\"hfe-nav-menu\"><li id=\"menu-item-6609\" class=\"menu-item menu-item-type-post_type menu-item-object-page parent hfe-creative-menu\"><a href=\"https:\/\/festival262.com\/fr\/privacy-policy\/\" class = \"hfe-menu-item\">Politique de confidentialit\u00e9<\/a><\/li>\n<li id=\"menu-item-6610\" class=\"menu-item menu-item-type-post_type menu-item-object-page parent hfe-creative-menu\"><a href=\"https:\/\/festival262.com\/fr\/terms-of-service\/\" class = \"hfe-menu-item\">Conditions d'utilisation<\/a><\/li>\n<li id=\"menu-item-6611\" class=\"menu-item menu-item-type-post_type menu-item-object-page parent hfe-creative-menu\"><a href=\"https:\/\/festival262.com\/fr\/competition-rules-terms-of-entry\/\" class = \"hfe-menu-item\">R\u00e8gles du concours &amp; Conditions d'entr\u00e9e<\/a><\/li>\n<\/ul> \n\t\t\t\t<\/nav>\n\t\t\t<\/div>\n\t\t\t\t\t\t\t<\/div>\n\t\t\t\t<\/div>\n\t\t\t\t\t<\/div>\n\t\t<\/div>\n\t\t\t\t<div class=\"elementor-column elementor-col-50 elementor-inner-column elementor-element elementor-element-e840057\" data-id=\"e840057\" data-element_type=\"column\" data-e-type=\"column\">\n\t\t\t<div class=\"elementor-widget-wrap elementor-element-populated\">\n\t\t\t\t\t\t<div class=\"elementor-element elementor-element-c368a16 footer-soc-icon elementor-shape-circle e-grid-align-right e-grid-align-mobile-center elementor-grid-0 elementor-widget elementor-widget-social-icons\" data-id=\"c368a16\" data-element_type=\"widget\" data-e-type=\"widget\" data-widget_type=\"social-icons.default\">\n\t\t\t\t<div class=\"elementor-widget-container\">\n\t\t\t\t\t\t\t<div class=\"elementor-social-icons-wrapper elementor-grid\" role=\"list\">\n\t\t\t\t\t\t\t<span class=\"elementor-grid-item\" role=\"listitem\">\n\t\t\t\t\t<a class=\"elementor-icon elementor-social-icon elementor-social-icon-instagram elementor-repeater-item-a3788bb\" href=\"https:\/\/www.instagram.com\/festival.262\" target=\"_blank\">\n\t\t\t\t\t\t<span class=\"elementor-screen-only\">Instagram<\/span>\n\t\t\t\t\t\t<i aria-hidden=\"true\" class=\"fab fa-instagram\"><\/i>\t\t\t\t\t<\/a>\n\t\t\t\t<\/span>\n\t\t\t\t\t\t\t<span class=\"elementor-grid-item\" role=\"listitem\">\n\t\t\t\t\t<a class=\"elementor-icon elementor-social-icon elementor-social-icon-linkedin elementor-repeater-item-0a1b6fe\" href=\"https:\/\/www.linkedin.com\/company\/associacao-f-sos-fotografia-solidariedade-e-obras-sociais\/\" target=\"_blank\">\n\t\t\t\t\t\t<span class=\"elementor-screen-only\">Linkedin<\/span>\n\t\t\t\t\t\t<i aria-hidden=\"true\" class=\"fab fa-linkedin\"><\/i>\t\t\t\t\t<\/a>\n\t\t\t\t<\/span>\n\t\t\t\t\t\t\t<span class=\"elementor-grid-item\" role=\"listitem\">\n\t\t\t\t\t<a class=\"elementor-icon elementor-social-icon elementor-social-icon-youtube elementor-repeater-item-f3c97f5\" href=\"https:\/\/www.youtube.com\/@F262PhotographyFestival\" target=\"_blank\">\n\t\t\t\t\t\t<span class=\"elementor-screen-only\">Youtube<\/span>\n\t\t\t\t\t\t<i aria-hidden=\"true\" class=\"fab fa-youtube\"><\/i>\t\t\t\t\t<\/a>\n\t\t\t\t<\/span>\n\t\t\t\t\t<\/div>\n\t\t\t\t\t\t<\/div>\n\t\t\t\t<\/div>\n\t\t\t\t\t<\/div>\n\t\t<\/div>\n\t\t\t\t\t<\/div>\n\t\t<\/section>\n\t\t\t\t<div class=\"elementor-section elementor-inner-section elementor-element elementor-element-21d4a88 elementor-section-boxed elementor-section-height-default elementor-section-height-default\" data-id=\"21d4a88\" data-element_type=\"section\" data-e-type=\"section\">\n\t\t\t\t\t\t<div class=\"elementor-container elementor-column-gap-no\">\n\t\t\t\t\t<div class=\"elementor-column elementor-col-100 elementor-inner-column elementor-element elementor-element-37fbc21\" data-id=\"37fbc21\" data-element_type=\"column\" data-e-type=\"column\">\n\t\t\t<div class=\"elementor-widget-wrap elementor-element-populated\">\n\t\t\t\t\t\t<div class=\"elementor-element elementor-element-fe6ceda copyright-footer elementor-widget elementor-widget-text-editor\" data-id=\"fe6ceda\" data-element_type=\"widget\" data-e-type=\"widget\" data-widget_type=\"text-editor.default\">\n\t\t\t\t<div class=\"elementor-widget-container\">\n\t\t\t\t\t\t\t\t\t<p>\u00a92026 F\/262 \u2013 Festival Internacional de Fotografia<br \/>Produit par <a href=\"https:\/\/www.f-sos.org\" target=\"_blank\" rel=\"noopener\">Associa\u00e7\u00e3o F\/SOS \u2013 Fotografia, Solidariedade e Obras Sociais<\/a><\/p>\t\t\t\t\t\t\t\t<\/div>\n\t\t\t\t<\/div>\n\t\t\t\t\t<\/div>\n\t\t<\/div>\n\t\t\t\t\t<\/div>\n\t\t<\/div>\n\t\t\t\t\t<\/div>\n\t\t<\/div>\n\t\t\t\t\t<\/div>\n\t\t<\/div>\n\t\t\t\t<\/div>\n\t\t<\/div>\n\t\t\t\t\t\t<\/div>\n\t\t\t\t<\/div>\n\t\t\t\t\t<\/div>\n\t\t<\/div>\n\t\t\t\t\t<\/div>\n\t\t<\/section>\n\t\t\t\t<section class=\"elementor-section elementor-top-section elementor-element elementor-element-c3d5393 elementor-section-boxed elementor-section-height-default elementor-section-height-default\" data-id=\"c3d5393\" data-element_type=\"section\" data-e-type=\"section\">\n\t\t\t\t\t\t<div class=\"elementor-container elementor-column-gap-default\">\n\t\t\t\t\t<div class=\"elementor-column elementor-col-100 elementor-top-column elementor-element elementor-element-3ec4a7f\" data-id=\"3ec4a7f\" data-element_type=\"column\" data-e-type=\"column\">\n\t\t\t<div class=\"elementor-widget-wrap elementor-element-populated\">\n\t\t\t\t\t\t<div class=\"elementor-element elementor-element-164f4e5 elementor-widget elementor-widget-text-editor\" data-id=\"164f4e5\" data-element_type=\"widget\" data-e-type=\"widget\" data-widget_type=\"text-editor.default\">\n\t\t\t\t<div class=\"elementor-widget-container\">\n\t\t\t\t\t\t\t\t\t<p>Lorem ipsum dolor assis amet, consectetur adipiscing elit. Ut elit tellus, luctus nec ullamcorper mattis, pulvinar dapibus leo.<\/p>\t\t\t\t\t\t\t\t<\/div>\n\t\t\t\t<\/div>\n\t\t\t\t\t<\/div>\n\t\t<\/div>\n\t\t\t\t\t<\/div>\n\t\t<\/section>\n\t\t\t\t<section class=\"elementor-section elementor-top-section elementor-element elementor-element-4711cf2 elementor-section-boxed elementor-section-height-default elementor-section-height-default\" data-id=\"4711cf2\" data-element_type=\"section\" data-e-type=\"section\">\n\t\t\t\t\t\t<div class=\"elementor-container elementor-column-gap-default\">\n\t\t\t\t\t<div class=\"elementor-column elementor-col-100 elementor-top-column elementor-element elementor-element-31522c2\" data-id=\"31522c2\" data-element_type=\"column\" data-e-type=\"column\">\n\t\t\t<div class=\"elementor-widget-wrap elementor-element-populated\">\n\t\t\t\t\t\t<div class=\"elementor-element elementor-element-59bdb1f elementor-widget elementor-widget-text-editor\" data-id=\"59bdb1f\" data-element_type=\"widget\" data-e-type=\"widget\" data-widget_type=\"text-editor.default\">\n\t\t\t\t<div class=\"elementor-widget-container\">\n\t\t\t\t\t\t\t\t\t<p>Lorem ipsum dolor assis amet, consectetur adipiscing elit. Ut elit tellus, luctus nec ullamcorper mattis, pulvinar dapibus leo.<\/p>\t\t\t\t\t\t\t\t<\/div>\n\t\t\t\t<\/div>\n\t\t\t\t\t<\/div>\n\t\t<\/div>\n\t\t\t\t\t<\/div>\n\t\t<\/section>\n\t\t\t\t<\/div>","protected":false},"excerpt":{"rendered":"<p>Voices Behind the Vision At F\/262, we believe in the power of dialogue. Our speaker program will feature a diverse lineup of photographers, curators, educators, and visual thinkers from Portugal and around the world. From keynote talks to panel discussions and artist-led Q&amp;As, these sessions are designed to spark new perspectives and inspire your creative [&hellip;]<\/p>","protected":false},"author":1,"featured_media":0,"parent":0,"menu_order":0,"comment_status":"closed","ping_status":"closed","template":"elementor_header_footer","meta":{"_acf_changed":false,"footnotes":""},"class_list":["post-90","page","type-page","status-publish","hentry"],"acf":[],"yoast_head":"<!-- This site is optimized with the Yoast SEO plugin v27.5 - https:\/\/yoast.com\/product\/yoast-seo-wordpress\/ -->\n<title>Speakers - F\/262 Festival Internacional de Fotografia<\/title>\n<meta name=\"description\" content=\"Speakers\" \/>\n<meta name=\"robots\" content=\"index, follow, max-snippet:-1, max-image-preview:large, max-video-preview:-1\" \/>\n<link rel=\"canonical\" href=\"https:\/\/festival262.com\/fr\/speakers\/\" \/>\n<meta property=\"og:locale\" content=\"fr_FR\" \/>\n<meta property=\"og:type\" content=\"article\" \/>\n<meta property=\"og:title\" content=\"Speakers - F\/262 Festival Internacional de Fotografia\" \/>\n<meta property=\"og:description\" content=\"Speakers\" \/>\n<meta property=\"og:url\" content=\"https:\/\/festival262.com\/fr\/speakers\/\" \/>\n<meta property=\"og:site_name\" content=\"F\/262 Festival Internacional de Fotografia\" \/>\n<meta property=\"article:modified_time\" content=\"2026-04-29T18:30:10+00:00\" \/>\n<meta property=\"og:image\" content=\"https:\/\/festival262.com\/wp-content\/uploads\/2025\/08\/DSCF0084-1024x683.jpg\" \/>\n\t<meta property=\"og:image:width\" content=\"1024\" \/>\n\t<meta property=\"og:image:height\" content=\"683\" \/>\n\t<meta property=\"og:image:type\" content=\"image\/jpeg\" \/>\n<meta name=\"twitter:card\" content=\"summary_large_image\" \/>\n<meta name=\"twitter:label1\" content=\"Dur\u00e9e de lecture estim\u00e9e\" \/>\n\t<meta name=\"twitter:data1\" content=\"25 minutes\" \/>\n<script type=\"application\/ld+json\" class=\"yoast-schema-graph\">{\"@context\":\"https:\\\/\\\/schema.org\",\"@graph\":[{\"@type\":\"WebPage\",\"@id\":\"https:\\\/\\\/festival262.com\\\/speakers\\\/\",\"url\":\"https:\\\/\\\/festival262.com\\\/speakers\\\/\",\"name\":\"Speakers - F\\\/262 Festival Internacional de Fotografia\",\"isPartOf\":{\"@id\":\"https:\\\/\\\/festival262.com\\\/#website\"},\"primaryImageOfPage\":{\"@id\":\"https:\\\/\\\/festival262.com\\\/speakers\\\/#primaryimage\"},\"image\":{\"@id\":\"https:\\\/\\\/festival262.com\\\/speakers\\\/#primaryimage\"},\"thumbnailUrl\":\"https:\\\/\\\/festival262.com\\\/wp-content\\\/uploads\\\/2025\\\/08\\\/DSCF0084-1024x683.jpg\",\"datePublished\":\"2019-10-15T13:53:12+00:00\",\"dateModified\":\"2026-04-29T18:30:10+00:00\",\"description\":\"Speakers\",\"breadcrumb\":{\"@id\":\"https:\\\/\\\/festival262.com\\\/speakers\\\/#breadcrumb\"},\"inLanguage\":\"fr-FR\",\"potentialAction\":[{\"@type\":\"ReadAction\",\"target\":[\"https:\\\/\\\/festival262.com\\\/speakers\\\/\"]}]},{\"@type\":\"ImageObject\",\"inLanguage\":\"fr-FR\",\"@id\":\"https:\\\/\\\/festival262.com\\\/speakers\\\/#primaryimage\",\"url\":\"https:\\\/\\\/festival262.com\\\/wp-content\\\/uploads\\\/2025\\\/08\\\/DSCF0084-1024x683.jpg\",\"contentUrl\":\"https:\\\/\\\/festival262.com\\\/wp-content\\\/uploads\\\/2025\\\/08\\\/DSCF0084-1024x683.jpg\"},{\"@type\":\"BreadcrumbList\",\"@id\":\"https:\\\/\\\/festival262.com\\\/speakers\\\/#breadcrumb\",\"itemListElement\":[{\"@type\":\"ListItem\",\"position\":1,\"name\":\"Home\",\"item\":\"https:\\\/\\\/festival262.com\\\/\"},{\"@type\":\"ListItem\",\"position\":2,\"name\":\"Speakers\"}]},{\"@type\":\"WebSite\",\"@id\":\"https:\\\/\\\/festival262.com\\\/#website\",\"url\":\"https:\\\/\\\/festival262.com\\\/\",\"name\":\"F7262 Fetsival Internacional de Fotografia\",\"description\":\"Photography as Culture, Community, and Practice\",\"publisher\":{\"@id\":\"https:\\\/\\\/festival262.com\\\/#organization\"},\"alternateName\":\"Festival262\",\"potentialAction\":[{\"@type\":\"SearchAction\",\"target\":{\"@type\":\"EntryPoint\",\"urlTemplate\":\"https:\\\/\\\/festival262.com\\\/?s={search_term_string}\"},\"query-input\":{\"@type\":\"PropertyValueSpecification\",\"valueRequired\":true,\"valueName\":\"search_term_string\"}}],\"inLanguage\":\"fr-FR\"},{\"@type\":\"Organization\",\"@id\":\"https:\\\/\\\/festival262.com\\\/#organization\",\"name\":\"F\\\/262 Festival Internacional de Fotografia\",\"url\":\"https:\\\/\\\/festival262.com\\\/\",\"logo\":{\"@type\":\"ImageObject\",\"inLanguage\":\"fr-FR\",\"@id\":\"https:\\\/\\\/festival262.com\\\/#\\\/schema\\\/logo\\\/image\\\/\",\"url\":\"https:\\\/\\\/festival262.com\\\/wp-content\\\/uploads\\\/2019\\\/10\\\/cropped-f-262-icon-e-logo-scaled-1.png\",\"contentUrl\":\"https:\\\/\\\/festival262.com\\\/wp-content\\\/uploads\\\/2019\\\/10\\\/cropped-f-262-icon-e-logo-scaled-1.png\",\"width\":2558,\"height\":1048,\"caption\":\"F\\\/262 Festival Internacional de Fotografia\"},\"image\":{\"@id\":\"https:\\\/\\\/festival262.com\\\/#\\\/schema\\\/logo\\\/image\\\/\"}}]}<\/script>\n<!-- \/ Yoast SEO plugin. -->","yoast_head_json":{"title":"Speakers - F\/262 Festival Internacional de Fotografia","description":"Speakers","robots":{"index":"index","follow":"follow","max-snippet":"max-snippet:-1","max-image-preview":"max-image-preview:large","max-video-preview":"max-video-preview:-1"},"canonical":"https:\/\/festival262.com\/fr\/speakers\/","og_locale":"fr_FR","og_type":"article","og_title":"Speakers - F\/262 Festival Internacional de Fotografia","og_description":"Speakers","og_url":"https:\/\/festival262.com\/fr\/speakers\/","og_site_name":"F\/262 Festival Internacional de Fotografia","article_modified_time":"2026-04-29T18:30:10+00:00","og_image":[{"width":1024,"height":683,"url":"https:\/\/festival262.com\/wp-content\/uploads\/2025\/08\/DSCF0084-1024x683.jpg","type":"image\/jpeg"}],"twitter_card":"summary_large_image","twitter_misc":{"Dur\u00e9e de lecture estim\u00e9e":"25 minutes"},"schema":{"@context":"https:\/\/schema.org","@graph":[{"@type":"WebPage","@id":"https:\/\/festival262.com\/speakers\/","url":"https:\/\/festival262.com\/speakers\/","name":"Speakers - F\/262 Festival Internacional de Fotografia","isPartOf":{"@id":"https:\/\/festival262.com\/#website"},"primaryImageOfPage":{"@id":"https:\/\/festival262.com\/speakers\/#primaryimage"},"image":{"@id":"https:\/\/festival262.com\/speakers\/#primaryimage"},"thumbnailUrl":"https:\/\/festival262.com\/wp-content\/uploads\/2025\/08\/DSCF0084-1024x683.jpg","datePublished":"2019-10-15T13:53:12+00:00","dateModified":"2026-04-29T18:30:10+00:00","description":"Speakers","breadcrumb":{"@id":"https:\/\/festival262.com\/speakers\/#breadcrumb"},"inLanguage":"fr-FR","potentialAction":[{"@type":"ReadAction","target":["https:\/\/festival262.com\/speakers\/"]}]},{"@type":"ImageObject","inLanguage":"fr-FR","@id":"https:\/\/festival262.com\/speakers\/#primaryimage","url":"https:\/\/festival262.com\/wp-content\/uploads\/2025\/08\/DSCF0084-1024x683.jpg","contentUrl":"https:\/\/festival262.com\/wp-content\/uploads\/2025\/08\/DSCF0084-1024x683.jpg"},{"@type":"BreadcrumbList","@id":"https:\/\/festival262.com\/speakers\/#breadcrumb","itemListElement":[{"@type":"ListItem","position":1,"name":"Home","item":"https:\/\/festival262.com\/"},{"@type":"ListItem","position":2,"name":"Speakers"}]},{"@type":"WebSite","@id":"https:\/\/festival262.com\/#website","url":"https:\/\/festival262.com\/","name":"F7262 Fetsival Internacional de Fotografia","description":"Photography as Culture, Community, and Practice","publisher":{"@id":"https:\/\/festival262.com\/#organization"},"alternateName":"Festival262","potentialAction":[{"@type":"SearchAction","target":{"@type":"EntryPoint","urlTemplate":"https:\/\/festival262.com\/?s={search_term_string}"},"query-input":{"@type":"PropertyValueSpecification","valueRequired":true,"valueName":"search_term_string"}}],"inLanguage":"fr-FR"},{"@type":"Organization","@id":"https:\/\/festival262.com\/#organization","name":"F\/262 Festival Internacional de Fotografia","url":"https:\/\/festival262.com\/","logo":{"@type":"ImageObject","inLanguage":"fr-FR","@id":"https:\/\/festival262.com\/#\/schema\/logo\/image\/","url":"https:\/\/festival262.com\/wp-content\/uploads\/2019\/10\/cropped-f-262-icon-e-logo-scaled-1.png","contentUrl":"https:\/\/festival262.com\/wp-content\/uploads\/2019\/10\/cropped-f-262-icon-e-logo-scaled-1.png","width":2558,"height":1048,"caption":"F\/262 Festival Internacional de Fotografia"},"image":{"@id":"https:\/\/festival262.com\/#\/schema\/logo\/image\/"}}]}},"_links":{"self":[{"href":"https:\/\/festival262.com\/fr\/wp-json\/wp\/v2\/pages\/90","targetHints":{"allow":["GET"]}}],"collection":[{"href":"https:\/\/festival262.com\/fr\/wp-json\/wp\/v2\/pages"}],"about":[{"href":"https:\/\/festival262.com\/fr\/wp-json\/wp\/v2\/types\/page"}],"author":[{"embeddable":true,"href":"https:\/\/festival262.com\/fr\/wp-json\/wp\/v2\/users\/1"}],"replies":[{"embeddable":true,"href":"https:\/\/festival262.com\/fr\/wp-json\/wp\/v2\/comments?post=90"}],"version-history":[{"count":5,"href":"https:\/\/festival262.com\/fr\/wp-json\/wp\/v2\/pages\/90\/revisions"}],"predecessor-version":[{"id":7728,"href":"https:\/\/festival262.com\/fr\/wp-json\/wp\/v2\/pages\/90\/revisions\/7728"}],"wp:attachment":[{"href":"https:\/\/festival262.com\/fr\/wp-json\/wp\/v2\/media?parent=90"}],"curies":[{"name":"wp","href":"https:\/\/api.w.org\/{rel}","templated":true}]}}