{"id":84,"date":"2019-10-15T13:52:34","date_gmt":"2019-10-15T13:52:34","guid":{"rendered":"http:\/\/voelas-wp.dan-fisher.com\/?page_id=84"},"modified":"2026-01-01T19:53:32","modified_gmt":"2026-01-01T19:53:32","slug":"privacy-policy","status":"publish","type":"page","link":"https:\/\/festival262.com\/fr\/privacy-policy\/","title":{"rendered":"Politique de confidentialit\u00e9"},"content":{"rendered":"<div data-elementor-type=\"wp-page\" data-elementor-id=\"84\" class=\"elementor elementor-84\">\n\t\t\t\t\t\t<section class=\"elementor-section elementor-top-section elementor-element elementor-element-3333df7 elementor-section-stretched elementor-section-boxed elementor-section-height-default elementor-section-height-default\" data-id=\"3333df7\" data-element_type=\"section\" data-e-type=\"section\" data-settings=\"{&quot;stretch_section&quot;:&quot;section-stretched&quot;}\">\n\t\t\t\t\t\t<div class=\"elementor-container elementor-column-gap-no\">\n\t\t\t\t\t<div class=\"elementor-column elementor-col-100 elementor-top-column elementor-element elementor-element-929b3e7\" data-id=\"929b3e7\" data-element_type=\"column\" data-e-type=\"column\">\n\t\t\t<div class=\"elementor-widget-wrap elementor-element-populated\">\n\t\t\t\t\t\t<div class=\"elementor-element elementor-element-079a697 elementor-widget elementor-widget-heading\" data-id=\"079a697\" data-element_type=\"widget\" data-e-type=\"widget\" data-widget_type=\"heading.default\">\n\t\t\t\t<div class=\"elementor-widget-container\">\n\t\t\t\t\t<h2 class=\"elementor-heading-title elementor-size-default\">Politique de confidentialit\u00e9<\/h2>\t\t\t\t<\/div>\n\t\t\t\t<\/div>\n\t\t\t\t<div class=\"elementor-element elementor-element-71cbc56 elementor-widget elementor-widget-text-editor\" data-id=\"71cbc56\" data-element_type=\"widget\" data-e-type=\"widget\" data-widget_type=\"text-editor.default\">\n\t\t\t\t<div class=\"elementor-widget-container\">\n\t\t\t\t\t\t\t\t\t<h3 data-start=\"465\" data-end=\"484\">Introduction<\/h3><p data-start=\"486\" data-end=\"858\">Cette politique de confidentialit\u00e9 explique comment <strong data-start=\"519\" data-end=\"567\">F\/262 \u2013 Festival Internacional de Fotografia<\/strong>, exploit\u00e9 par <strong data-start=\"581\" data-end=\"645\">Associa\u00e7\u00e3o F\/SOS \u2013 Fotografia, Solidariedade e Obras Sociais<\/strong> (\u00abnous\u00bb, \u00abnous\u00bb ou \u00able Festival\u00bb), recueille, utilise et prot\u00e8ge vos donn\u00e9es \u00e0 caract\u00e8re personnel lorsque vous visitez <strong data-start=\"742\" data-end=\"769\"><a class=\"decorated-link\" href=\"https:\/\/festival262.com\/fr\/\" target=\"_new\" rel=\"noopener\" data-start=\"744\" data-end=\"767\">https:\/\/festival262.com<\/a><\/strong>, inscrivez-vous \u00e0 des activit\u00e9s, envoyez des appels ouverts, abonnez-vous \u00e0 notre newsletter ou contactez-nous.<\/p><p data-start=\"860\" data-end=\"1071\">Nous nous engageons \u00e0 prot\u00e9ger votre vie priv\u00e9e et \u00e0 traiter vos donn\u00e9es personnelles de mani\u00e8re transparente et l\u00e9gale, conform\u00e9ment au <strong data-start=\"995\" data-end=\"1040\">R\u00e8glement g\u00e9n\u00e9ral sur la protection des donn\u00e9es (RGPD)<\/strong> et le droit portugais applicable.<\/p><hr data-start=\"1073\" data-end=\"1076\" \/><h3 data-start=\"1078\" data-end=\"1109\">Donn\u00e9es personnelles que nous collectons<\/h3><p data-start=\"1111\" data-end=\"1168\">Nous pouvons collecter les cat\u00e9gories de donn\u00e9es personnelles suivantes:<\/p><h4 data-start=\"1170\" data-end=\"1208\">a) Informations sur l'appareil et l'utilisation<\/h4><p data-start=\"1209\" data-end=\"1218\">Exemples:<\/p><ul data-start=\"1219\" data-end=\"1327\"><li data-start=\"1219\" data-end=\"1247\"><p data-start=\"1221\" data-end=\"1247\">Type et version du navigateur<\/p><\/li><li data-start=\"1248\" data-end=\"1262\"><p data-start=\"1250\" data-end=\"1262\">Adresse IP<\/p><\/li><li data-start=\"1263\" data-end=\"1276\"><p data-start=\"1265\" data-end=\"1276\">Fuseau horaire<\/p><\/li><li data-start=\"1277\" data-end=\"1327\"><p data-start=\"1279\" data-end=\"1327\">Pages visit\u00e9es et interaction avec le site web<\/p><\/li><\/ul><p data-start=\"1329\" data-end=\"1473\"><strong data-start=\"1329\" data-end=\"1341\">Objet:<\/strong><br data-start=\"1341\" data-end=\"1344\" \/>Assurer la fonctionnalit\u00e9 et la s\u00e9curit\u00e9 du site Web et analyser les habitudes d'utilisation afin d'am\u00e9liorer l'exp\u00e9rience du site et de l'utilisateur.<\/p><p data-start=\"1475\" data-end=\"1554\"><strong data-start=\"1475\" data-end=\"1486\">Source :<\/strong><br data-start=\"1486\" data-end=\"1489\" \/>Collect\u00e9 automatiquement par le biais de cookies et de technologies similaires.<\/p><hr data-start=\"1556\" data-end=\"1559\" \/><h4 data-start=\"1561\" data-end=\"1607\">b) Informations de contact et d'inscription<\/h4><p data-start=\"1608\" data-end=\"1617\">Exemples:<\/p><ul data-start=\"1618\" data-end=\"1711\"><li data-start=\"1618\" data-end=\"1626\"><p data-start=\"1620\" data-end=\"1626\">Nom<\/p><\/li><li data-start=\"1627\" data-end=\"1644\"><p data-start=\"1629\" data-end=\"1644\">Adresse \u00e9lectronique<\/p><\/li><li data-start=\"1645\" data-end=\"1661\"><p data-start=\"1647\" data-end=\"1661\">Num\u00e9ro de t\u00e9l\u00e9phone<\/p><\/li><li data-start=\"1662\" data-end=\"1711\"><p data-start=\"1664\" data-end=\"1711\">Organisation ou affiliation (le cas \u00e9ch\u00e9ant)<\/p><\/li><\/ul><p data-start=\"1713\" data-end=\"1881\"><strong data-start=\"1713\" data-end=\"1725\">Objet:<\/strong><br data-start=\"1725\" data-end=\"1728\" \/>Pour r\u00e9pondre aux demandes de renseignements, g\u00e9rer les abonnements \u00e0 la newsletter, inscrire les participants \u00e0 des \u00e9v\u00e9nements, des ateliers, des appels ouverts, du b\u00e9n\u00e9volat ou des programmes \u00e9ducatifs.<\/p><p data-start=\"1883\" data-end=\"1953\"><strong data-start=\"1883\" data-end=\"1894\">Source :<\/strong><br data-start=\"1894\" data-end=\"1897\" \/>Fourni directement par vous par le biais de formulaires ou de contact par e-mail.<\/p><hr data-start=\"1955\" data-end=\"1958\" \/><h4 data-start=\"1960\" data-end=\"2017\">c) Appels ouverts, soumissions et donn\u00e9es de participation<\/h4><p data-start=\"2018\" data-end=\"2027\">Exemples:<\/p><ul data-start=\"2028\" data-end=\"2182\"><li data-start=\"2028\" data-end=\"2049\"><p data-start=\"2030\" data-end=\"2049\">D\u00e9clarations de l'artiste<\/p><\/li><li data-start=\"2050\" data-end=\"2078\"><p data-start=\"2052\" data-end=\"2078\">Informations biographiques<\/p><\/li><li data-start=\"2079\" data-end=\"2123\"><p data-start=\"2081\" data-end=\"2123\">Images soumises ou descriptions de projets<\/p><\/li><li data-start=\"2124\" data-end=\"2182\"><p data-start=\"2126\" data-end=\"2182\">Cat\u00e9gorie d'\u00e2ge (pour la prochaine g\u00e9n\u00e9ration ou les programmes \u00e0 \u00e2ge restreint)<\/p><\/li><\/ul><p data-start=\"2184\" data-end=\"2312\"><strong data-start=\"2184\" data-end=\"2196\">Objet:<\/strong><br data-start=\"2196\" data-end=\"2199\" \/>G\u00e9rer les soumissions, les processus de s\u00e9lection, l'\u00e9valuation du jury, les expositions, les publications et la programmation des festivals.<\/p><p data-start=\"2314\" data-end=\"2362\"><strong data-start=\"2314\" data-end=\"2325\">Source :<\/strong><br data-start=\"2325\" data-end=\"2328\" \/>Fourni directement par les participants.<\/p><hr data-start=\"2364\" data-end=\"2367\" \/><h3 data-start=\"2369\" data-end=\"2382\">\u00a0Mineurs<\/h3><p data-start=\"2384\" data-end=\"2647\">Le Festival ne collecte pas intentionnellement de donn\u00e9es personnelles d'enfants de moins de 16 ans sans le consentement des parents ou du tuteur l\u00e9gal.<br data-start=\"2519\" data-end=\"2522\" \/>Si vous pensez qu'un mineur a fourni des donn\u00e9es personnelles sans autorisation, veuillez nous contacter afin que nous puissions les supprimer rapidement.<\/p><hr data-start=\"2649\" data-end=\"2652\" \/><h3 data-start=\"2654\" data-end=\"2682\">\u00a0Partage de donn\u00e9es personnelles<\/h3><p data-start=\"2684\" data-end=\"2722\">Nous faisons <strong data-start=\"2690\" data-end=\"2702\">ne pas vendre<\/strong> vos donn\u00e9es personnelles.<\/p><p data-start=\"2724\" data-end=\"2796\">Nous ne pouvons partager des donn\u00e9es personnelles que lorsque cela est strictement n\u00e9cessaire, y compris avec:<\/p><ul data-start=\"2797\" data-end=\"2965\"><li data-start=\"2797\" data-end=\"2840\"><p data-start=\"2799\" data-end=\"2840\">Fournisseurs d'h\u00e9bergement et d'analyse de sites Web<\/p><\/li><li data-start=\"2841\" data-end=\"2871\"><p data-start=\"2843\" data-end=\"2871\">Plateformes de newsletter par e-mail<\/p><\/li><li data-start=\"2872\" data-end=\"2919\"><p data-start=\"2874\" data-end=\"2919\">Outils de gestion des demandes et des soumissions<\/p><\/li><li data-start=\"2920\" data-end=\"2965\"><p data-start=\"2922\" data-end=\"2965\">Autorit\u00e9s publiques, lorsque la loi l'exige<\/p><\/li><\/ul><p data-start=\"2967\" data-end=\"3075\">Tous les prestataires de services sont contractuellement tenus de se conformer au RGPD et de traiter les donn\u00e9es uniquement sur nos instructions.<\/p><hr data-start=\"3077\" data-end=\"3080\" \/><h3 data-start=\"3082\" data-end=\"3123\">Base l\u00e9gale du traitement (RGPD)<\/h3><p data-start=\"3125\" data-end=\"3255\">Si vous \u00eates situ\u00e9 dans l'Espace \u00e9conomique europ\u00e9en (EEE), nous traitons vos donn\u00e9es sur la base d'un ou plusieurs des motifs l\u00e9gaux suivants:<\/p><ul data-start=\"3256\" data-end=\"3535\"><li data-start=\"3256\" data-end=\"3281\"><p data-start=\"3258\" data-end=\"3281\">Votre consentement explicite<\/p><\/li><li data-start=\"3282\" data-end=\"3336\"><p data-start=\"3284\" data-end=\"3336\">Ex\u00e9cution d'un contrat ou demande de participation<\/p><\/li><li data-start=\"3337\" data-end=\"3374\"><p data-start=\"3339\" data-end=\"3374\">Respect des obligations l\u00e9gales<\/p><\/li><li data-start=\"3375\" data-end=\"3457\"><p data-start=\"3377\" data-end=\"3457\">T\u00e2ches r\u00e9alis\u00e9es dans l'int\u00e9r\u00eat public (activit\u00e9s culturelles et \u00e9ducatives)<\/p><\/li><li data-start=\"3458\" data-end=\"3535\"><p data-start=\"3460\" data-end=\"3535\">Int\u00e9r\u00eats l\u00e9gitimes, lorsqu'ils ne pr\u00e9valent pas sur vos droits et libert\u00e9s<\/p><\/li><\/ul><hr data-start=\"3537\" data-end=\"3540\" \/><h3 data-start=\"3542\" data-end=\"3563\">Conservation des donn\u00e9es<\/h3><p data-start=\"3565\" data-end=\"3679\">Nous conservons les donn\u00e9es personnelles uniquement aussi longtemps que n\u00e9cessaire pour atteindre les objectifs d\u00e9crits dans la pr\u00e9sente politique, y compris:<\/p><ul data-start=\"3680\" data-end=\"3811\"><li data-start=\"3680\" data-end=\"3719\"><p data-start=\"3682\" data-end=\"3719\">Organisation du festival et reporting<\/p><\/li><li data-start=\"3720\" data-end=\"3756\"><p data-start=\"3722\" data-end=\"3756\">Obligations l\u00e9gales et comptables<\/p><\/li><li data-start=\"3757\" data-end=\"3811\"><p data-start=\"3759\" data-end=\"3811\">Documentation archivistique et culturelle, le cas \u00e9ch\u00e9ant<\/p><\/li><\/ul><p data-start=\"3813\" data-end=\"3893\">Vous pouvez demander la suppression de vos donn\u00e9es \u00e0 tout moment, sous r\u00e9serve d'obligations l\u00e9gales.<\/p><hr data-start=\"3895\" data-end=\"3898\" \/><h3 data-start=\"3900\" data-end=\"3918\">Vos droits<\/h3><p data-start=\"3920\" data-end=\"3954\">En vertu du RGPD, vous avez le droit de:<\/p><ul data-start=\"3955\" data-end=\"4164\"><li data-start=\"3955\" data-end=\"3984\"><p data-start=\"3957\" data-end=\"3984\">Acc\u00e9dez \u00e0 vos donn\u00e9es personnelles<\/p><\/li><li data-start=\"3985\" data-end=\"4019\"><p data-start=\"3987\" data-end=\"4019\">Demander une correction ou une mise \u00e0 jour<\/p><\/li><li data-start=\"4020\" data-end=\"4065\"><p data-start=\"4022\" data-end=\"4065\">Demander l\u2019effacement (\u00ab droit \u00e0 l\u2019oubli \u00bb)<\/p><\/li><li data-start=\"4066\" data-end=\"4102\"><p data-start=\"4068\" data-end=\"4102\">Restreindre ou s'opposer au traitement<\/p><\/li><li data-start=\"4103\" data-end=\"4131\"><p data-start=\"4105\" data-end=\"4131\">Demander la portabilit\u00e9 des donn\u00e9es<\/p><\/li><li data-start=\"4132\" data-end=\"4164\"><p data-start=\"4134\" data-end=\"4164\">Retirer le consentement \u00e0 tout moment<\/p><\/li><\/ul><p data-start=\"4166\" data-end=\"4241\">Pour exercer l'un de ces droits, veuillez nous contacter en utilisant les coordonn\u00e9es ci-dessous.<\/p><hr data-start=\"4243\" data-end=\"4246\" \/><h3 data-start=\"4248\" data-end=\"4262\">Cookies<\/h3><p data-start=\"4264\" data-end=\"4364\">Les cookies sont de petits fichiers de donn\u00e9es stock\u00e9s sur votre appareil pour am\u00e9liorer les fonctionnalit\u00e9s et les performances du site Web.<\/p><p data-start=\"4366\" data-end=\"4373\">Nous utilisons:<\/p><ul data-start=\"4374\" data-end=\"4487\"><li data-start=\"4374\" data-end=\"4421\"><p data-start=\"4376\" data-end=\"4421\"><strong data-start=\"4376\" data-end=\"4397\">Cookies essentiels<\/strong> pour le fonctionnement du site web<\/p><\/li><li data-start=\"4422\" data-end=\"4487\"><p data-start=\"4424\" data-end=\"4487\"><strong data-start=\"4424\" data-end=\"4445\">Cookies d'analyse<\/strong> pour comprendre l'utilisation et am\u00e9liorer le contenu<\/p><\/li><\/ul><p data-start=\"4489\" data-end=\"4625\">Vous pouvez g\u00e9rer ou d\u00e9sactiver les cookies via les param\u00e8tres de votre navigateur. Veuillez noter que la d\u00e9sactivation des cookies peut affecter certaines fonctionnalit\u00e9s du site Web.<\/p><p data-start=\"4627\" data-end=\"4697\">Pour plus d'informations sur les cookies, visitez <strong data-start=\"4669\" data-end=\"4696\"><a class=\"decorated-link\" href=\"http:\/\/www.allaboutcookies.org\" target=\"_new\" rel=\"noopener\" data-start=\"4671\" data-end=\"4694\">www.allaboutcookies.org<\/a><\/strong>.<\/p><hr data-start=\"4699\" data-end=\"4702\" \/><h3 data-start=\"4704\" data-end=\"4739\">Transferts internationaux de donn\u00e9es<\/h3><p data-start=\"4741\" data-end=\"4935\">Lorsque les donn\u00e9es sont trait\u00e9es en dehors de l'Union europ\u00e9enne, nous nous assurons que des garanties appropri\u00e9es sont en place, y compris des clauses contractuelles standard ou des m\u00e9canismes juridiques \u00e9quivalents, conform\u00e9ment au RGPD.<\/p><hr data-start=\"4937\" data-end=\"4940\" \/><h3 data-start=\"4942\" data-end=\"4962\">\u00a0Ne pas suivre<\/h3><p data-start=\"4964\" data-end=\"5137\">\u00c0 l\u2019heure actuelle, il n\u2019existe pas de norme sectorielle pour r\u00e9pondre aux signaux \u00abNe pas suivre\u00bb. Par cons\u00e9quent, notre site Web ne modifie pas ses pratiques de collecte de donn\u00e9es bas\u00e9es sur de tels signaux.<\/p><hr data-start=\"5139\" data-end=\"5142\" \/><h3 data-start=\"5144\" data-end=\"5174\">Modifications apport\u00e9es \u00e0 la pr\u00e9sente politique<\/h3><p data-start=\"5176\" data-end=\"5341\">Nous pouvons mettre \u00e0 jour cette politique de confidentialit\u00e9 p\u00e9riodiquement pour refl\u00e9ter les changements op\u00e9rationnels, juridiques ou r\u00e9glementaires.<br data-start=\"5276\" data-end=\"5279\" \/>La version la plus r\u00e9cente sera toujours disponible sur cette page.<\/p><h3 data-start=\"5348\" data-end=\"5375\">\u00a0Coordonn\u00e9es<\/h3><p data-start=\"5377\" data-end=\"5488\">Pour toute question, demande ou r\u00e9clamation concernant cette politique de confidentialit\u00e9 ou vos donn\u00e9es personnelles, veuillez contacter:<\/p><p data-start=\"5490\" data-end=\"5674\"><strong data-start=\"5490\" data-end=\"5554\">Associa\u00e7\u00e3o F\/SOS \u2013 Fotografia, Solidariedade e Obras Sociais<\/strong><br data-start=\"5554\" data-end=\"5557\" \/>F\/262 \u2013 Festival Internacional de Fotografia<br data-start=\"5601\" data-end=\"5604\" \/>Courriel : <strong data-start=\"5611\" data-end=\"5635\"><a class=\"decorated-link cursor-pointer\" rel=\"noopener\" data-start=\"5613\" data-end=\"5633\">info@festival262.com<\/a><\/strong><br data-start=\"5635\" data-end=\"5638\" \/>Site web: <strong data-start=\"5647\" data-end=\"5674\"><a class=\"decorated-link\" href=\"https:\/\/festival262.com\/fr\/\" target=\"_new\" rel=\"noopener\" data-start=\"5649\" data-end=\"5672\">https:\/\/festival262.com<\/a><\/strong><\/p><p data-start=\"5676\" data-end=\"5855\">Si vous estimez que vos droits en mati\u00e8re de protection des donn\u00e9es ont \u00e9t\u00e9 viol\u00e9s, vous avez \u00e9galement le droit de d\u00e9poser une plainte aupr\u00e8s du <strong data-start=\"5793\" data-end=\"5842\">Comiss\u00e3o Nacional de Prote\u00e7\u00e3o de Dados (CNPD)<\/strong> au Portugal.<\/p><hr data-start=\"5857\" data-end=\"5860\" \/><p data-start=\"5862\" data-end=\"5892\"><strong data-start=\"5862\" data-end=\"5879\">Derni\u00e8re mise \u00e0 jour:<\/strong> janvier 2026<\/p>\t\t\t\t\t\t\t\t<\/div>\n\t\t\t\t<\/div>\n\t\t\t\t\t<\/div>\n\t\t<\/div>\n\t\t\t\t\t<\/div>\n\t\t<\/section>\n\t\t\t\t<section class=\"elementor-section elementor-top-section elementor-element elementor-element-da518e7 elementor-section-boxed elementor-section-height-default elementor-section-height-default\" data-id=\"da518e7\" data-element_type=\"section\" data-e-type=\"section\">\n\t\t\t\t\t\t<div class=\"elementor-container elementor-column-gap-default\">\n\t\t\t\t\t<div class=\"elementor-column elementor-col-100 elementor-top-column elementor-element elementor-element-d0bf0c9\" data-id=\"d0bf0c9\" data-element_type=\"column\" data-e-type=\"column\">\n\t\t\t<div class=\"elementor-widget-wrap elementor-element-populated\">\n\t\t\t\t\t\t<div class=\"elementor-element elementor-element-bc84132 elementor-widget elementor-widget-shortcode\" data-id=\"bc84132\" data-element_type=\"widget\" data-e-type=\"widget\" data-widget_type=\"shortcode.default\">\n\t\t\t\t<div class=\"elementor-widget-container\">\n\t\t\t\t\t\t\t<div class=\"elementor-shortcode\">\t\t<div data-elementor-type=\"wp-post\" data-elementor-id=\"206\" class=\"elementor elementor-206\">\n\t\t\t\t\t\t<div class=\"elementor-section elementor-top-section elementor-element elementor-element-433e9d9 elementor-section-stretched footer-custom elementor-section-full_width elementor-section-height-default elementor-section-height-default\" data-id=\"433e9d9\" data-element_type=\"section\" data-e-type=\"section\" data-settings=\"{&quot;stretch_section&quot;:&quot;section-stretched&quot;,&quot;background_background&quot;:&quot;classic&quot;}\">\n\t\t\t\t\t\t<div class=\"elementor-container elementor-column-gap-no\">\n\t\t\t\t\t<div class=\"elementor-column elementor-col-100 elementor-top-column elementor-element elementor-element-4386f5f\" data-id=\"4386f5f\" data-element_type=\"column\" data-e-type=\"column\">\n\t\t\t<div class=\"elementor-widget-wrap elementor-element-populated\">\n\t\t\t\t\t\t<div class=\"elementor-section elementor-inner-section elementor-element elementor-element-ab81258 elementor-section-boxed elementor-section-height-default elementor-section-height-default\" data-id=\"ab81258\" data-element_type=\"section\" data-e-type=\"section\">\n\t\t\t\t\t\t<div class=\"elementor-container elementor-column-gap-wider\">\n\t\t\t\t\t<div class=\"elementor-column elementor-col-33 elementor-inner-column elementor-element elementor-element-abe660f\" data-id=\"abe660f\" data-element_type=\"column\" data-e-type=\"column\">\n\t\t\t<div class=\"elementor-widget-wrap elementor-element-populated\">\n\t\t\t\t\t\t<div class=\"elementor-element elementor-element-fdb18bb invert elementor-widget elementor-widget-heading\" data-id=\"fdb18bb\" data-element_type=\"widget\" data-e-type=\"widget\" data-widget_type=\"heading.default\">\n\t\t\t\t<div class=\"elementor-widget-container\">\n\t\t\t\t\t<h5 class=\"elementor-heading-title elementor-size-default\">Produit par F\/262 &amp; Associa\u00e7\u00e3o F\/SOS<\/h5>\t\t\t\t<\/div>\n\t\t\t\t<\/div>\n\t\t\t\t<div class=\"elementor-element elementor-element-cd7b3b4 elementor-widget elementor-widget-spacer\" data-id=\"cd7b3b4\" data-element_type=\"widget\" data-e-type=\"widget\" data-widget_type=\"spacer.default\">\n\t\t\t\t<div class=\"elementor-widget-container\">\n\t\t\t\t\t\t\t<div class=\"elementor-spacer\">\n\t\t\t<div class=\"elementor-spacer-inner\"><\/div>\n\t\t<\/div>\n\t\t\t\t\t\t<\/div>\n\t\t\t\t<\/div>\n\t\t\t\t<div class=\"elementor-element elementor-element-a61036d elementor-widget elementor-widget-image\" data-id=\"a61036d\" data-element_type=\"widget\" data-e-type=\"widget\" data-widget_type=\"image.default\">\n\t\t\t\t<div class=\"elementor-widget-container\">\n\t\t\t\t\t\t\t\t\t\t\t\t\t\t\t\t<a href=\"https:\/\/festival262.com\/fr\/\">\n\t\t\t\t\t\t\t<img fetchpriority=\"high\" decoding=\"async\" width=\"1532\" height=\"436\" src=\"https:\/\/festival262.com\/wp-content\/uploads\/2019\/10\/F262-LOGO-COMPOSTO-COM-EFFE-WHITE-PT.svg\" class=\"attachment-full size-full wp-image-7626\" alt=\"\" \/>\t\t\t\t\t\t\t\t<\/a>\n\t\t\t\t\t\t\t\t\t\t\t\t\t\t\t<\/div>\n\t\t\t\t<\/div>\n\t\t\t\t<div class=\"elementor-element elementor-element-ec74c02 elementor-widget elementor-widget-spacer\" data-id=\"ec74c02\" data-element_type=\"widget\" data-e-type=\"widget\" data-widget_type=\"spacer.default\">\n\t\t\t\t<div class=\"elementor-widget-container\">\n\t\t\t\t\t\t\t<div class=\"elementor-spacer\">\n\t\t\t<div class=\"elementor-spacer-inner\"><\/div>\n\t\t<\/div>\n\t\t\t\t\t\t<\/div>\n\t\t\t\t<\/div>\n\t\t\t\t<div class=\"elementor-element elementor-element-155e5e2 elementor-widget elementor-widget-image\" data-id=\"155e5e2\" data-element_type=\"widget\" data-e-type=\"widget\" data-widget_type=\"image.default\">\n\t\t\t\t<div class=\"elementor-widget-container\">\n\t\t\t\t\t\t\t\t\t\t\t\t\t\t\t\t<a href=\"https:\/\/www.f-sos.org\" target=\"_blank\">\n\t\t\t\t\t\t\t<img decoding=\"async\" width=\"2560\" height=\"567\" src=\"https:\/\/festival262.com\/wp-content\/uploads\/2019\/10\/associacao-white-copy-scaled.png\" class=\"attachment-full size-full wp-image-5659\" alt=\"\" srcset=\"https:\/\/festival262.com\/wp-content\/uploads\/2019\/10\/associacao-white-copy-scaled.png 2560w, https:\/\/festival262.com\/wp-content\/uploads\/2019\/10\/associacao-white-copy-300x66.png 300w, https:\/\/festival262.com\/wp-content\/uploads\/2019\/10\/associacao-white-copy-1024x227.png 1024w, https:\/\/festival262.com\/wp-content\/uploads\/2019\/10\/associacao-white-copy-768x170.png 768w, https:\/\/festival262.com\/wp-content\/uploads\/2019\/10\/associacao-white-copy-1536x340.png 1536w, https:\/\/festival262.com\/wp-content\/uploads\/2019\/10\/associacao-white-copy-2048x453.png 2048w, https:\/\/festival262.com\/wp-content\/uploads\/2019\/10\/associacao-white-copy-1320x292.png 1320w, https:\/\/festival262.com\/wp-content\/uploads\/2019\/10\/associacao-white-copy-600x133.png 600w\" sizes=\"(max-width: 2560px) 100vw, 2560px\" \/>\t\t\t\t\t\t\t\t<\/a>\n\t\t\t\t\t\t\t\t\t\t\t\t\t\t\t<\/div>\n\t\t\t\t<\/div>\n\t\t\t\t<div class=\"elementor-element elementor-element-1c060c8 elementor-widget elementor-widget-image\" data-id=\"1c060c8\" data-element_type=\"widget\" data-e-type=\"widget\" data-widget_type=\"image.default\">\n\t\t\t\t<div class=\"elementor-widget-container\">\n\t\t\t\t\t\t\t\t\t\t\t\t\t\t\t\t<a href=\"https:\/\/www.websitecarbon.com\/website\/festival262-com\/\" target=\"_blank\">\n\t\t\t\t\t\t\t<img decoding=\"async\" width=\"728\" height=\"196\" src=\"https:\/\/festival262.com\/wp-content\/uploads\/2019\/10\/carbon-rating.png\" class=\"attachment-full size-full wp-image-5817\" alt=\"cote carbone\" srcset=\"https:\/\/festival262.com\/wp-content\/uploads\/2019\/10\/carbon-rating.png 728w, https:\/\/festival262.com\/wp-content\/uploads\/2019\/10\/carbon-rating-300x81.png 300w, https:\/\/festival262.com\/wp-content\/uploads\/2019\/10\/carbon-rating-600x162.png 600w\" sizes=\"(max-width: 728px) 100vw, 728px\" \/>\t\t\t\t\t\t\t\t<\/a>\n\t\t\t\t\t\t\t\t\t\t\t\t\t\t\t<\/div>\n\t\t\t\t<\/div>\n\t\t\t\t\t<\/div>\n\t\t<\/div>\n\t\t\t\t<div class=\"elementor-column elementor-col-33 elementor-inner-column elementor-element elementor-element-af8a3fd\" data-id=\"af8a3fd\" data-element_type=\"column\" data-e-type=\"column\">\n\t\t\t<div class=\"elementor-widget-wrap elementor-element-populated\">\n\t\t\t\t\t\t<div class=\"elementor-element elementor-element-cbd4305 invert elementor-widget elementor-widget-heading\" data-id=\"cbd4305\" data-element_type=\"widget\" data-e-type=\"widget\" data-widget_type=\"heading.default\">\n\t\t\t\t<div class=\"elementor-widget-container\">\n\t\t\t\t\t<h5 class=\"elementor-heading-title elementor-size-default\">Avec le soutien de:<\/h5>\t\t\t\t<\/div>\n\t\t\t\t<\/div>\n\t\t\t\t<div class=\"elementor-element elementor-element-6e61efe elementor-widget elementor-widget-spacer\" data-id=\"6e61efe\" data-element_type=\"widget\" data-e-type=\"widget\" data-widget_type=\"spacer.default\">\n\t\t\t\t<div class=\"elementor-widget-container\">\n\t\t\t\t\t\t\t<div class=\"elementor-spacer\">\n\t\t\t<div class=\"elementor-spacer-inner\"><\/div>\n\t\t<\/div>\n\t\t\t\t\t\t<\/div>\n\t\t\t\t<\/div>\n\t\t\t\t<div class=\"elementor-element elementor-element-8f9d706 elementor-widget elementor-widget-image\" data-id=\"8f9d706\" data-element_type=\"widget\" data-e-type=\"widget\" data-widget_type=\"image.default\">\n\t\t\t\t<div class=\"elementor-widget-container\">\n\t\t\t\t\t\t\t\t\t\t\t\t\t\t\t\t<a href=\"https:\/\/www.mcr.pt\" target=\"_blank\">\n\t\t\t\t\t\t\t<img loading=\"lazy\" decoding=\"async\" width=\"600\" height=\"363\" src=\"https:\/\/festival262.com\/wp-content\/uploads\/2019\/10\/cmcr.png.webp\" class=\"attachment-full size-full wp-image-5603\" alt=\"\" srcset=\"https:\/\/festival262.com\/wp-content\/uploads\/2019\/10\/cmcr.png.webp 600w, https:\/\/festival262.com\/wp-content\/uploads\/2019\/10\/cmcr.png-300x182.webp 300w\" sizes=\"(max-width: 600px) 100vw, 600px\" \/>\t\t\t\t\t\t\t\t<\/a>\n\t\t\t\t\t\t\t\t\t\t\t\t\t\t\t<\/div>\n\t\t\t\t<\/div>\n\t\t\t\t\t<\/div>\n\t\t<\/div>\n\t\t\t\t<div class=\"elementor-column elementor-col-33 elementor-inner-column elementor-element elementor-element-3840b6d\" data-id=\"3840b6d\" data-element_type=\"column\" data-e-type=\"column\">\n\t\t\t<div class=\"elementor-widget-wrap elementor-element-populated\">\n\t\t\t\t\t\t<div class=\"elementor-element elementor-element-c63d851 invert elementor-widget elementor-widget-heading\" data-id=\"c63d851\" data-element_type=\"widget\" data-e-type=\"widget\" data-widget_type=\"heading.default\">\n\t\t\t\t<div class=\"elementor-widget-container\">\n\t\t\t\t\t<h5 class=\"elementor-heading-title elementor-size-default\">Mai \u2013 septembre 2026<br>\nCaldas da Rainha Portugal<\/h5>\t\t\t\t<\/div>\n\t\t\t\t<\/div>\n\t\t\t\t<div class=\"elementor-element elementor-element-3636f02 elementor-widget elementor-widget-spacer\" data-id=\"3636f02\" data-element_type=\"widget\" data-e-type=\"widget\" data-widget_type=\"spacer.default\">\n\t\t\t\t<div class=\"elementor-widget-container\">\n\t\t\t\t\t\t\t<div class=\"elementor-spacer\">\n\t\t\t<div class=\"elementor-spacer-inner\"><\/div>\n\t\t<\/div>\n\t\t\t\t\t\t<\/div>\n\t\t\t\t<\/div>\n\t\t\t\t<div class=\"elementor-element elementor-element-6b32ea3 elementor-widget elementor-widget-heading\" data-id=\"6b32ea3\" data-element_type=\"widget\" data-e-type=\"widget\" data-widget_type=\"heading.default\">\n\t\t\t\t<div class=\"elementor-widget-container\">\n\t\t\t\t\t<h5 class=\"elementor-heading-title elementor-size-default\">\u00c0 propos de F\/262\n<\/h5>\t\t\t\t<\/div>\n\t\t\t\t<\/div>\n\t\t\t\t<div class=\"elementor-element elementor-element-0430d04 elementor-widget elementor-widget-text-editor\" data-id=\"0430d04\" data-element_type=\"widget\" data-e-type=\"widget\" data-widget_type=\"text-editor.default\">\n\t\t\t\t<div class=\"elementor-widget-container\">\n\t\t\t\t\t\t\t\t\t<p data-start=\"431\" data-end=\"686\">F\/262 est un festival international de photographie bas\u00e9 \u00e0 Caldas da Rainha, au Portugal.<br data-start=\"526\" data-end=\"529\" \/>\u00c0 travers des expositions, des conf\u00e9rences, de l'\u00e9ducation et des installations publiques, le festival engage la photographie contemporaine avec le lieu, la communaut\u00e9 et le monde que nous partageons.<\/p><p data-start=\"688\" data-end=\"718\">\u00a0<\/p>\t\t\t\t\t\t\t\t<\/div>\n\t\t\t\t<\/div>\n\t\t\t\t<div class=\"elementor-element elementor-element-1251943 elementor-widget elementor-widget-spacer\" data-id=\"1251943\" data-element_type=\"widget\" data-e-type=\"widget\" data-widget_type=\"spacer.default\">\n\t\t\t\t<div class=\"elementor-widget-container\">\n\t\t\t\t\t\t\t<div class=\"elementor-spacer\">\n\t\t\t<div class=\"elementor-spacer-inner\"><\/div>\n\t\t<\/div>\n\t\t\t\t\t\t<\/div>\n\t\t\t\t<\/div>\n\t\t\t\t\t<\/div>\n\t\t<\/div>\n\t\t\t\t\t<\/div>\n\t\t<\/div>\n\t\t\t\t<section class=\"elementor-section elementor-inner-section elementor-element elementor-element-0e3f8f2 elementor-section-boxed elementor-section-height-default elementor-section-height-default\" data-id=\"0e3f8f2\" data-element_type=\"section\" data-e-type=\"section\">\n\t\t\t\t\t\t<div class=\"elementor-container elementor-column-gap-default\">\n\t\t\t\t\t<div class=\"elementor-column elementor-col-50 elementor-inner-column elementor-element elementor-element-65aff90\" data-id=\"65aff90\" data-element_type=\"column\" data-e-type=\"column\">\n\t\t\t<div class=\"elementor-widget-wrap elementor-element-populated\">\n\t\t\t\t\t\t<div class=\"elementor-element elementor-element-c895301 hfe-nav-menu__breakpoint-none hfe-nav-menu__align-left hfe-submenu-icon-arrow hfe-submenu-animation-none hfe-link-redirect-child elementor-widget elementor-widget-navigation-menu\" data-id=\"c895301\" data-element_type=\"widget\" data-e-type=\"widget\" data-settings=\"{&quot;padding_horizontal_menu_item&quot;:{&quot;unit&quot;:&quot;px&quot;,&quot;size&quot;:15,&quot;sizes&quot;:[]},&quot;padding_horizontal_menu_item_tablet&quot;:{&quot;unit&quot;:&quot;px&quot;,&quot;size&quot;:&quot;&quot;,&quot;sizes&quot;:[]},&quot;padding_horizontal_menu_item_mobile&quot;:{&quot;unit&quot;:&quot;px&quot;,&quot;size&quot;:&quot;&quot;,&quot;sizes&quot;:[]},&quot;padding_vertical_menu_item&quot;:{&quot;unit&quot;:&quot;px&quot;,&quot;size&quot;:15,&quot;sizes&quot;:[]},&quot;padding_vertical_menu_item_tablet&quot;:{&quot;unit&quot;:&quot;px&quot;,&quot;size&quot;:&quot;&quot;,&quot;sizes&quot;:[]},&quot;padding_vertical_menu_item_mobile&quot;:{&quot;unit&quot;:&quot;px&quot;,&quot;size&quot;:&quot;&quot;,&quot;sizes&quot;:[]},&quot;menu_space_between&quot;:{&quot;unit&quot;:&quot;px&quot;,&quot;size&quot;:&quot;&quot;,&quot;sizes&quot;:[]},&quot;menu_space_between_tablet&quot;:{&quot;unit&quot;:&quot;px&quot;,&quot;size&quot;:&quot;&quot;,&quot;sizes&quot;:[]},&quot;menu_space_between_mobile&quot;:{&quot;unit&quot;:&quot;px&quot;,&quot;size&quot;:&quot;&quot;,&quot;sizes&quot;:[]},&quot;menu_row_space&quot;:{&quot;unit&quot;:&quot;px&quot;,&quot;size&quot;:&quot;&quot;,&quot;sizes&quot;:[]},&quot;menu_row_space_tablet&quot;:{&quot;unit&quot;:&quot;px&quot;,&quot;size&quot;:&quot;&quot;,&quot;sizes&quot;:[]},&quot;menu_row_space_mobile&quot;:{&quot;unit&quot;:&quot;px&quot;,&quot;size&quot;:&quot;&quot;,&quot;sizes&quot;:[]},&quot;dropdown_border_radius&quot;:{&quot;unit&quot;:&quot;px&quot;,&quot;top&quot;:&quot;&quot;,&quot;right&quot;:&quot;&quot;,&quot;bottom&quot;:&quot;&quot;,&quot;left&quot;:&quot;&quot;,&quot;isLinked&quot;:true},&quot;dropdown_border_radius_tablet&quot;:{&quot;unit&quot;:&quot;px&quot;,&quot;top&quot;:&quot;&quot;,&quot;right&quot;:&quot;&quot;,&quot;bottom&quot;:&quot;&quot;,&quot;left&quot;:&quot;&quot;,&quot;isLinked&quot;:true},&quot;dropdown_border_radius_mobile&quot;:{&quot;unit&quot;:&quot;px&quot;,&quot;top&quot;:&quot;&quot;,&quot;right&quot;:&quot;&quot;,&quot;bottom&quot;:&quot;&quot;,&quot;left&quot;:&quot;&quot;,&quot;isLinked&quot;:true},&quot;width_dropdown_item&quot;:{&quot;unit&quot;:&quot;px&quot;,&quot;size&quot;:&quot;220&quot;,&quot;sizes&quot;:[]},&quot;width_dropdown_item_tablet&quot;:{&quot;unit&quot;:&quot;px&quot;,&quot;size&quot;:&quot;&quot;,&quot;sizes&quot;:[]},&quot;width_dropdown_item_mobile&quot;:{&quot;unit&quot;:&quot;px&quot;,&quot;size&quot;:&quot;&quot;,&quot;sizes&quot;:[]},&quot;padding_horizontal_dropdown_item&quot;:{&quot;unit&quot;:&quot;px&quot;,&quot;size&quot;:&quot;&quot;,&quot;sizes&quot;:[]},&quot;padding_horizontal_dropdown_item_tablet&quot;:{&quot;unit&quot;:&quot;px&quot;,&quot;size&quot;:&quot;&quot;,&quot;sizes&quot;:[]},&quot;padding_horizontal_dropdown_item_mobile&quot;:{&quot;unit&quot;:&quot;px&quot;,&quot;size&quot;:&quot;&quot;,&quot;sizes&quot;:[]},&quot;padding_vertical_dropdown_item&quot;:{&quot;unit&quot;:&quot;px&quot;,&quot;size&quot;:15,&quot;sizes&quot;:[]},&quot;padding_vertical_dropdown_item_tablet&quot;:{&quot;unit&quot;:&quot;px&quot;,&quot;size&quot;:&quot;&quot;,&quot;sizes&quot;:[]},&quot;padding_vertical_dropdown_item_mobile&quot;:{&quot;unit&quot;:&quot;px&quot;,&quot;size&quot;:&quot;&quot;,&quot;sizes&quot;:[]},&quot;distance_from_menu&quot;:{&quot;unit&quot;:&quot;px&quot;,&quot;size&quot;:&quot;&quot;,&quot;sizes&quot;:[]},&quot;distance_from_menu_tablet&quot;:{&quot;unit&quot;:&quot;px&quot;,&quot;size&quot;:&quot;&quot;,&quot;sizes&quot;:[]},&quot;distance_from_menu_mobile&quot;:{&quot;unit&quot;:&quot;px&quot;,&quot;size&quot;:&quot;&quot;,&quot;sizes&quot;:[]},&quot;toggle_size&quot;:{&quot;unit&quot;:&quot;px&quot;,&quot;size&quot;:&quot;&quot;,&quot;sizes&quot;:[]},&quot;toggle_size_tablet&quot;:{&quot;unit&quot;:&quot;px&quot;,&quot;size&quot;:&quot;&quot;,&quot;sizes&quot;:[]},&quot;toggle_size_mobile&quot;:{&quot;unit&quot;:&quot;px&quot;,&quot;size&quot;:&quot;&quot;,&quot;sizes&quot;:[]},&quot;toggle_border_width&quot;:{&quot;unit&quot;:&quot;px&quot;,&quot;size&quot;:&quot;&quot;,&quot;sizes&quot;:[]},&quot;toggle_border_width_tablet&quot;:{&quot;unit&quot;:&quot;px&quot;,&quot;size&quot;:&quot;&quot;,&quot;sizes&quot;:[]},&quot;toggle_border_width_mobile&quot;:{&quot;unit&quot;:&quot;px&quot;,&quot;size&quot;:&quot;&quot;,&quot;sizes&quot;:[]},&quot;toggle_border_radius&quot;:{&quot;unit&quot;:&quot;px&quot;,&quot;size&quot;:&quot;&quot;,&quot;sizes&quot;:[]},&quot;toggle_border_radius_tablet&quot;:{&quot;unit&quot;:&quot;px&quot;,&quot;size&quot;:&quot;&quot;,&quot;sizes&quot;:[]},&quot;toggle_border_radius_mobile&quot;:{&quot;unit&quot;:&quot;px&quot;,&quot;size&quot;:&quot;&quot;,&quot;sizes&quot;:[]}}\" data-widget_type=\"navigation-menu.default\">\n\t\t\t\t<div class=\"elementor-widget-container\">\n\t\t\t\t\t\t\t\t<div class=\"hfe-nav-menu hfe-layout-horizontal hfe-nav-menu-layout horizontal hfe-pointer__none\" data-layout=\"horizontal\">\n\t\t\t\t<div role=\"button\" class=\"hfe-nav-menu__toggle elementor-clickable\" tabindex=\"0\" aria-label=\"Menu Basculer\">\n\t\t\t\t\t<span class=\"screen-reader-text\">Menu<\/span>\n\t\t\t\t\t<div class=\"hfe-nav-menu-icon\">\n\t\t\t\t\t\t\t\t\t\t\t<\/div>\n\t\t\t\t<\/div>\n\t\t\t\t<nav class=\"hfe-nav-menu__layout-horizontal hfe-nav-menu__submenu-arrow\" data-toggle-icon=\"\" data-close-icon=\"\" data-full-width=\"\">\n\t\t\t\t\t<ul id=\"menu-1-c895301\" class=\"hfe-nav-menu\"><li id=\"menu-item-6609\" class=\"menu-item menu-item-type-post_type menu-item-object-page parent hfe-creative-menu\"><a href=\"https:\/\/festival262.com\/fr\/privacy-policy\/\" class = \"hfe-menu-item\">Politique de confidentialit\u00e9<\/a><\/li>\n<li id=\"menu-item-6610\" class=\"menu-item menu-item-type-post_type menu-item-object-page parent hfe-creative-menu\"><a href=\"https:\/\/festival262.com\/fr\/terms-of-service\/\" class = \"hfe-menu-item\">Conditions d'utilisation<\/a><\/li>\n<li id=\"menu-item-6611\" class=\"menu-item menu-item-type-post_type menu-item-object-page parent hfe-creative-menu\"><a href=\"https:\/\/festival262.com\/fr\/competition-rules-terms-of-entry\/\" class = \"hfe-menu-item\">R\u00e8gles du concours &amp; Conditions d'entr\u00e9e<\/a><\/li>\n<\/ul> \n\t\t\t\t<\/nav>\n\t\t\t<\/div>\n\t\t\t\t\t\t\t<\/div>\n\t\t\t\t<\/div>\n\t\t\t\t\t<\/div>\n\t\t<\/div>\n\t\t\t\t<div class=\"elementor-column elementor-col-50 elementor-inner-column elementor-element elementor-element-e840057\" data-id=\"e840057\" data-element_type=\"column\" data-e-type=\"column\">\n\t\t\t<div class=\"elementor-widget-wrap elementor-element-populated\">\n\t\t\t\t\t\t<div class=\"elementor-element elementor-element-c368a16 footer-soc-icon elementor-shape-circle e-grid-align-right e-grid-align-mobile-center elementor-grid-0 elementor-widget elementor-widget-social-icons\" data-id=\"c368a16\" data-element_type=\"widget\" data-e-type=\"widget\" data-widget_type=\"social-icons.default\">\n\t\t\t\t<div class=\"elementor-widget-container\">\n\t\t\t\t\t\t\t<div class=\"elementor-social-icons-wrapper elementor-grid\" role=\"list\">\n\t\t\t\t\t\t\t<span class=\"elementor-grid-item\" role=\"listitem\">\n\t\t\t\t\t<a class=\"elementor-icon elementor-social-icon elementor-social-icon-instagram elementor-repeater-item-a3788bb\" href=\"https:\/\/www.instagram.com\/festival.262\" target=\"_blank\">\n\t\t\t\t\t\t<span class=\"elementor-screen-only\">Instagram<\/span>\n\t\t\t\t\t\t<i aria-hidden=\"true\" class=\"fab fa-instagram\"><\/i>\t\t\t\t\t<\/a>\n\t\t\t\t<\/span>\n\t\t\t\t\t\t\t<span class=\"elementor-grid-item\" role=\"listitem\">\n\t\t\t\t\t<a class=\"elementor-icon elementor-social-icon elementor-social-icon-linkedin elementor-repeater-item-0a1b6fe\" href=\"https:\/\/www.linkedin.com\/company\/associacao-f-sos-fotografia-solidariedade-e-obras-sociais\/\" target=\"_blank\">\n\t\t\t\t\t\t<span class=\"elementor-screen-only\">Linkedin<\/span>\n\t\t\t\t\t\t<i aria-hidden=\"true\" class=\"fab fa-linkedin\"><\/i>\t\t\t\t\t<\/a>\n\t\t\t\t<\/span>\n\t\t\t\t\t\t\t<span class=\"elementor-grid-item\" role=\"listitem\">\n\t\t\t\t\t<a class=\"elementor-icon elementor-social-icon elementor-social-icon-youtube elementor-repeater-item-f3c97f5\" href=\"https:\/\/www.youtube.com\/@F262PhotographyFestival\" target=\"_blank\">\n\t\t\t\t\t\t<span class=\"elementor-screen-only\">Youtube<\/span>\n\t\t\t\t\t\t<i aria-hidden=\"true\" class=\"fab fa-youtube\"><\/i>\t\t\t\t\t<\/a>\n\t\t\t\t<\/span>\n\t\t\t\t\t<\/div>\n\t\t\t\t\t\t<\/div>\n\t\t\t\t<\/div>\n\t\t\t\t\t<\/div>\n\t\t<\/div>\n\t\t\t\t\t<\/div>\n\t\t<\/section>\n\t\t\t\t<div class=\"elementor-section elementor-inner-section elementor-element elementor-element-21d4a88 elementor-section-boxed elementor-section-height-default elementor-section-height-default\" data-id=\"21d4a88\" data-element_type=\"section\" data-e-type=\"section\">\n\t\t\t\t\t\t<div class=\"elementor-container elementor-column-gap-no\">\n\t\t\t\t\t<div class=\"elementor-column elementor-col-100 elementor-inner-column elementor-element elementor-element-37fbc21\" data-id=\"37fbc21\" data-element_type=\"column\" data-e-type=\"column\">\n\t\t\t<div class=\"elementor-widget-wrap elementor-element-populated\">\n\t\t\t\t\t\t<div class=\"elementor-element elementor-element-fe6ceda copyright-footer elementor-widget elementor-widget-text-editor\" data-id=\"fe6ceda\" data-element_type=\"widget\" data-e-type=\"widget\" data-widget_type=\"text-editor.default\">\n\t\t\t\t<div class=\"elementor-widget-container\">\n\t\t\t\t\t\t\t\t\t<p>\u00a92026 F\/262 \u2013 Festival Internacional de Fotografia<br \/>Produit par <a href=\"https:\/\/www.f-sos.org\" target=\"_blank\" rel=\"noopener\">Associa\u00e7\u00e3o F\/SOS \u2013 Fotografia, Solidariedade e Obras Sociais<\/a><\/p>\t\t\t\t\t\t\t\t<\/div>\n\t\t\t\t<\/div>\n\t\t\t\t\t<\/div>\n\t\t<\/div>\n\t\t\t\t\t<\/div>\n\t\t<\/div>\n\t\t\t\t\t<\/div>\n\t\t<\/div>\n\t\t\t\t\t<\/div>\n\t\t<\/div>\n\t\t\t\t<\/div>\n\t\t<\/div>\n\t\t\t\t\t\t<\/div>\n\t\t\t\t<\/div>\n\t\t\t\t\t<\/div>\n\t\t<\/div>\n\t\t\t\t\t<\/div>\n\t\t<\/section>\n\t\t\t\t<\/div>","protected":false},"excerpt":{"rendered":"<p>Privacy Policy Introduction This Privacy Policy explains how F\/262 \u2013 Festival Internacional de Fotografia, operated by Associa\u00e7\u00e3o F\/SOS \u2013 Fotografia, Solidariedade e Obras Sociais (&#8220;we&#8221;, &#8220;us&#8221;, or &#8220;the Festival&#8221;), collects, uses, and protects your personal data when you visit https:\/\/festival262.com, register for activities, submit open calls, subscribe to our newsletter, or contact us. We are [&hellip;]<\/p>","protected":false},"author":1,"featured_media":0,"parent":0,"menu_order":0,"comment_status":"closed","ping_status":"closed","template":"elementor_header_footer","meta":{"_acf_changed":false,"footnotes":""},"class_list":["post-84","page","type-page","status-publish","hentry"],"acf":[],"yoast_head":"<!-- This site is optimized with the Yoast SEO plugin v27.5 - https:\/\/yoast.com\/product\/yoast-seo-wordpress\/ -->\n<title>Privacy policy - F\/262 Festival Internacional de Fotografia<\/title>\n<meta name=\"robots\" content=\"index, follow, max-snippet:-1, max-image-preview:large, max-video-preview:-1\" \/>\n<link rel=\"canonical\" href=\"https:\/\/festival262.com\/fr\/privacy-policy\/\" \/>\n<meta property=\"og:locale\" content=\"fr_FR\" \/>\n<meta property=\"og:type\" content=\"article\" \/>\n<meta property=\"og:title\" content=\"Privacy policy - F\/262 Festival Internacional de Fotografia\" \/>\n<meta property=\"og:description\" content=\"Privacy Policy Introduction This Privacy Policy explains how F\/262 \u2013 Festival Internacional de Fotografia, operated by Associa\u00e7\u00e3o F\/SOS \u2013 Fotografia, Solidariedade e Obras Sociais (&#8220;we&#8221;, &#8220;us&#8221;, or &#8220;the Festival&#8221;), collects, uses, and protects your personal data when you visit https:\/\/festival262.com, register for activities, submit open calls, subscribe to our newsletter, or contact us. We are [&hellip;]\" \/>\n<meta property=\"og:url\" content=\"https:\/\/festival262.com\/fr\/privacy-policy\/\" \/>\n<meta property=\"og:site_name\" content=\"F\/262 Festival Internacional de Fotografia\" \/>\n<meta property=\"article:modified_time\" content=\"2026-01-01T19:53:32+00:00\" \/>\n<meta property=\"og:image\" content=\"https:\/\/festival262.com\/wp-content\/uploads\/2025\/07\/ChatGPT-Image-Jul-31-2025-12_20_31-AM.png\" \/>\n\t<meta property=\"og:image:width\" content=\"1024\" \/>\n\t<meta property=\"og:image:height\" content=\"1024\" \/>\n\t<meta property=\"og:image:type\" content=\"image\/png\" \/>\n<meta name=\"twitter:card\" content=\"summary_large_image\" \/>\n<meta name=\"twitter:label1\" content=\"Dur\u00e9e de lecture estim\u00e9e\" \/>\n\t<meta name=\"twitter:data1\" content=\"4 minutes\" \/>\n<script type=\"application\/ld+json\" class=\"yoast-schema-graph\">{\"@context\":\"https:\\\/\\\/schema.org\",\"@graph\":[{\"@type\":\"WebPage\",\"@id\":\"https:\\\/\\\/festival262.com\\\/privacy-policy\\\/\",\"url\":\"https:\\\/\\\/festival262.com\\\/privacy-policy\\\/\",\"name\":\"Privacy policy - F\\\/262 Festival Internacional de Fotografia\",\"isPartOf\":{\"@id\":\"https:\\\/\\\/festival262.com\\\/#website\"},\"datePublished\":\"2019-10-15T13:52:34+00:00\",\"dateModified\":\"2026-01-01T19:53:32+00:00\",\"breadcrumb\":{\"@id\":\"https:\\\/\\\/festival262.com\\\/privacy-policy\\\/#breadcrumb\"},\"inLanguage\":\"fr-FR\",\"potentialAction\":[{\"@type\":\"ReadAction\",\"target\":[\"https:\\\/\\\/festival262.com\\\/privacy-policy\\\/\"]}]},{\"@type\":\"BreadcrumbList\",\"@id\":\"https:\\\/\\\/festival262.com\\\/privacy-policy\\\/#breadcrumb\",\"itemListElement\":[{\"@type\":\"ListItem\",\"position\":1,\"name\":\"Home\",\"item\":\"https:\\\/\\\/festival262.com\\\/\"},{\"@type\":\"ListItem\",\"position\":2,\"name\":\"Privacy policy\"}]},{\"@type\":\"WebSite\",\"@id\":\"https:\\\/\\\/festival262.com\\\/#website\",\"url\":\"https:\\\/\\\/festival262.com\\\/\",\"name\":\"F7262 Fetsival Internacional de Fotografia\",\"description\":\"Photography as Culture, Community, and Practice\",\"publisher\":{\"@id\":\"https:\\\/\\\/festival262.com\\\/#organization\"},\"alternateName\":\"Festival262\",\"potentialAction\":[{\"@type\":\"SearchAction\",\"target\":{\"@type\":\"EntryPoint\",\"urlTemplate\":\"https:\\\/\\\/festival262.com\\\/?s={search_term_string}\"},\"query-input\":{\"@type\":\"PropertyValueSpecification\",\"valueRequired\":true,\"valueName\":\"search_term_string\"}}],\"inLanguage\":\"fr-FR\"},{\"@type\":\"Organization\",\"@id\":\"https:\\\/\\\/festival262.com\\\/#organization\",\"name\":\"F\\\/262 Festival Internacional de Fotografia\",\"url\":\"https:\\\/\\\/festival262.com\\\/\",\"logo\":{\"@type\":\"ImageObject\",\"inLanguage\":\"fr-FR\",\"@id\":\"https:\\\/\\\/festival262.com\\\/#\\\/schema\\\/logo\\\/image\\\/\",\"url\":\"https:\\\/\\\/festival262.com\\\/wp-content\\\/uploads\\\/2019\\\/10\\\/cropped-f-262-icon-e-logo-scaled-1.png\",\"contentUrl\":\"https:\\\/\\\/festival262.com\\\/wp-content\\\/uploads\\\/2019\\\/10\\\/cropped-f-262-icon-e-logo-scaled-1.png\",\"width\":2558,\"height\":1048,\"caption\":\"F\\\/262 Festival Internacional de Fotografia\"},\"image\":{\"@id\":\"https:\\\/\\\/festival262.com\\\/#\\\/schema\\\/logo\\\/image\\\/\"}}]}<\/script>\n<!-- \/ Yoast SEO plugin. -->","yoast_head_json":{"title":"Privacy policy - F\/262 Festival Internacional de Fotografia","robots":{"index":"index","follow":"follow","max-snippet":"max-snippet:-1","max-image-preview":"max-image-preview:large","max-video-preview":"max-video-preview:-1"},"canonical":"https:\/\/festival262.com\/fr\/privacy-policy\/","og_locale":"fr_FR","og_type":"article","og_title":"Privacy policy - F\/262 Festival Internacional de Fotografia","og_description":"Privacy Policy Introduction This Privacy Policy explains how F\/262 \u2013 Festival Internacional de Fotografia, operated by Associa\u00e7\u00e3o F\/SOS \u2013 Fotografia, Solidariedade e Obras Sociais (&#8220;we&#8221;, &#8220;us&#8221;, or &#8220;the Festival&#8221;), collects, uses, and protects your personal data when you visit https:\/\/festival262.com, register for activities, submit open calls, subscribe to our newsletter, or contact us. We are [&hellip;]","og_url":"https:\/\/festival262.com\/fr\/privacy-policy\/","og_site_name":"F\/262 Festival Internacional de Fotografia","article_modified_time":"2026-01-01T19:53:32+00:00","og_image":[{"width":1024,"height":1024,"url":"https:\/\/festival262.com\/wp-content\/uploads\/2025\/07\/ChatGPT-Image-Jul-31-2025-12_20_31-AM.png","type":"image\/png"}],"twitter_card":"summary_large_image","twitter_misc":{"Dur\u00e9e de lecture estim\u00e9e":"4 minutes"},"schema":{"@context":"https:\/\/schema.org","@graph":[{"@type":"WebPage","@id":"https:\/\/festival262.com\/privacy-policy\/","url":"https:\/\/festival262.com\/privacy-policy\/","name":"Privacy policy - F\/262 Festival Internacional de Fotografia","isPartOf":{"@id":"https:\/\/festival262.com\/#website"},"datePublished":"2019-10-15T13:52:34+00:00","dateModified":"2026-01-01T19:53:32+00:00","breadcrumb":{"@id":"https:\/\/festival262.com\/privacy-policy\/#breadcrumb"},"inLanguage":"fr-FR","potentialAction":[{"@type":"ReadAction","target":["https:\/\/festival262.com\/privacy-policy\/"]}]},{"@type":"BreadcrumbList","@id":"https:\/\/festival262.com\/privacy-policy\/#breadcrumb","itemListElement":[{"@type":"ListItem","position":1,"name":"Home","item":"https:\/\/festival262.com\/"},{"@type":"ListItem","position":2,"name":"Privacy policy"}]},{"@type":"WebSite","@id":"https:\/\/festival262.com\/#website","url":"https:\/\/festival262.com\/","name":"F7262 Fetsival Internacional de Fotografia","description":"Photography as Culture, Community, and Practice","publisher":{"@id":"https:\/\/festival262.com\/#organization"},"alternateName":"Festival262","potentialAction":[{"@type":"SearchAction","target":{"@type":"EntryPoint","urlTemplate":"https:\/\/festival262.com\/?s={search_term_string}"},"query-input":{"@type":"PropertyValueSpecification","valueRequired":true,"valueName":"search_term_string"}}],"inLanguage":"fr-FR"},{"@type":"Organization","@id":"https:\/\/festival262.com\/#organization","name":"F\/262 Festival Internacional de Fotografia","url":"https:\/\/festival262.com\/","logo":{"@type":"ImageObject","inLanguage":"fr-FR","@id":"https:\/\/festival262.com\/#\/schema\/logo\/image\/","url":"https:\/\/festival262.com\/wp-content\/uploads\/2019\/10\/cropped-f-262-icon-e-logo-scaled-1.png","contentUrl":"https:\/\/festival262.com\/wp-content\/uploads\/2019\/10\/cropped-f-262-icon-e-logo-scaled-1.png","width":2558,"height":1048,"caption":"F\/262 Festival Internacional de Fotografia"},"image":{"@id":"https:\/\/festival262.com\/#\/schema\/logo\/image\/"}}]}},"_links":{"self":[{"href":"https:\/\/festival262.com\/fr\/wp-json\/wp\/v2\/pages\/84","targetHints":{"allow":["GET"]}}],"collection":[{"href":"https:\/\/festival262.com\/fr\/wp-json\/wp\/v2\/pages"}],"about":[{"href":"https:\/\/festival262.com\/fr\/wp-json\/wp\/v2\/types\/page"}],"author":[{"embeddable":true,"href":"https:\/\/festival262.com\/fr\/wp-json\/wp\/v2\/users\/1"}],"replies":[{"embeddable":true,"href":"https:\/\/festival262.com\/fr\/wp-json\/wp\/v2\/comments?post=84"}],"version-history":[{"count":0,"href":"https:\/\/festival262.com\/fr\/wp-json\/wp\/v2\/pages\/84\/revisions"}],"wp:attachment":[{"href":"https:\/\/festival262.com\/fr\/wp-json\/wp\/v2\/media?parent=84"}],"curies":[{"name":"wp","href":"https:\/\/api.w.org\/{rel}","templated":true}]}}