{"id":6657,"date":"2026-03-23T01:13:34","date_gmt":"2026-03-23T01:13:34","guid":{"rendered":"https:\/\/festival262.com\/?page_id=6657"},"modified":"2026-03-23T01:14:32","modified_gmt":"2026-03-23T01:14:32","slug":"elementor-6657","status":"publish","type":"page","link":"https:\/\/festival262.com\/fr\/elementor-6657\/","title":{"rendered":"Elementor #6657"},"content":{"rendered":"<div data-elementor-type=\"wp-page\" data-elementor-id=\"6657\" class=\"elementor elementor-6657\">\n\t\t\t\t\t\t<section class=\"elementor-section elementor-top-section elementor-element elementor-element-ecf2a62 elementor-section-boxed elementor-section-height-default elementor-section-height-default\" data-id=\"ecf2a62\" data-element_type=\"section\" data-e-type=\"section\">\n\t\t\t\t\t\t<div class=\"elementor-container elementor-column-gap-default\">\n\t\t\t\t\t<div class=\"elementor-column elementor-col-50 elementor-top-column elementor-element elementor-element-5faa588\" data-id=\"5faa588\" data-element_type=\"column\" data-e-type=\"column\">\n\t\t\t<div class=\"elementor-widget-wrap\">\n\t\t\t\t\t\t\t<\/div>\n\t\t<\/div>\n\t\t\t\t<div class=\"elementor-column elementor-col-50 elementor-top-column elementor-element elementor-element-386ffa5\" data-id=\"386ffa5\" data-element_type=\"column\" data-e-type=\"column\">\n\t\t\t<div class=\"elementor-widget-wrap\">\n\t\t\t\t\t\t\t<\/div>\n\t\t<\/div>\n\t\t\t\t\t<\/div>\n\t\t<\/section>\n\t\t\t\t<section class=\"elementor-section elementor-top-section elementor-element elementor-element-61d6713 elementor-section-boxed elementor-section-height-default elementor-section-height-default\" data-id=\"61d6713\" data-element_type=\"section\" data-e-type=\"section\">\n\t\t\t\t\t\t<div class=\"elementor-container elementor-column-gap-default\">\n\t\t\t\t\t<div class=\"elementor-column elementor-col-100 elementor-top-column elementor-element elementor-element-478b155\" data-id=\"478b155\" data-element_type=\"column\" data-e-type=\"column\">\n\t\t\t<div class=\"elementor-widget-wrap elementor-element-populated\">\n\t\t\t\t\t\t<div class=\"elementor-element elementor-element-04c2345 elementor-widget elementor-widget-text-editor\" data-id=\"04c2345\" data-element_type=\"widget\" data-e-type=\"widget\" data-widget_type=\"text-editor.default\">\n\t\t\t\t<div class=\"elementor-widget-container\">\n\t\t\t\t\t\t\t\t\t<h1>Accessibilit\u00e9<\/h1><h2>Engagement<\/h2><p class=\"isSelectedEnd\">F\/262 \u2013 Le Festival international de la photographie consid\u00e8re l\u2019accessibilit\u00e9 comme un principe fondamental de son programme et de son organisation. Nous nous engageons \u00e0 faire en sorte que toutes les personnes, quelles que soient leurs conditions physiques, sensorielles ou cognitives, puissent vivre le festival avec autonomie, confort et s\u00e9curit\u00e9.<\/p><p class=\"isSelectedEnd\">Cet engagement s'\u00e9tend aux espaces physiques, \u00e0 la communication et \u00e0 l'exp\u00e9rience num\u00e9rique.<\/p><div contenteditable=\"false\"><hr \/><\/div><h2>Accessibilit\u00e9 physique<\/h2><p class=\"isSelectedEnd\">Les lieux du festival sont s\u00e9lectionn\u00e9s et adapt\u00e9s pour assurer:<\/p><ul data-spread=\"false\"><li>Itin\u00e9raires accessibles entre les entr\u00e9es, les expositions et les services<\/li><li>Acc\u00e8s sans marche ou ramp\u00e9 chaque fois que n\u00e9cessaire<\/li><li>Espaces r\u00e9serv\u00e9s aux personnes \u00e0 mobilit\u00e9 r\u00e9duite<\/li><li>Zones de repos dans tous les lieux<\/li><li>Installations sanitaires accessibles<\/li><\/ul><p class=\"isSelectedEnd\">Des cartes accessibles des lieux seront fournies le cas \u00e9ch\u00e9ant.<\/p><div contenteditable=\"false\"><hr \/><\/div><h2>Services de soutien<\/h2><p class=\"isSelectedEnd\">Le document F\/262 pr\u00e9voit des mesures de soutien sp\u00e9cifiques, notamment:<\/p><ul data-spread=\"false\"><li>Contact direct pour les visiteurs ayant des besoins sp\u00e9cifiques en mati\u00e8re d'accessibilit\u00e9<\/li><li>Personnel sur place disponible pour fournir de l'aide<\/li><li>Points d'information accessibles<\/li><li>Des informations claires sur l'acc\u00e8s, les services et le programme<\/li><\/ul><div contenteditable=\"false\"><hr \/><\/div><h2>Programme inclusif<\/h2><p class=\"isSelectedEnd\">Le festival cherche \u00e0 int\u00e9grer des pratiques inclusives dans son programme, notamment:<\/p><ul data-spread=\"false\"><li>Activit\u00e9s accessibles et visites guid\u00e9es<\/li><li>Des contenus adapt\u00e9s \u00e0 des publics vari\u00e9s<\/li><li>Mise en \u0153uvre progressive de ressources telles que l'audiodescription et l'interpr\u00e9tation en langue des signes<\/li><\/ul><div contenteditable=\"false\"><hr \/><\/div><h2>Site web et communication<\/h2><p class=\"isSelectedEnd\">Le site F\/262 est con\u00e7u pour faciliter l'acc\u00e8s \u00e0 l'information pour tous les utilisateurs.<\/p><p class=\"isSelectedEnd\">Nous nous engageons \u00e0:<\/p><ul data-spread=\"false\"><li>Fournir du contenu en portugais et en anglais<\/li><li>Utiliser un langage clair et structur\u00e9<\/li><li>Assurer une navigation simple et intuitive<\/li><li>Y compris le texte alternatif pour les images pertinentes<\/li><li>Am\u00e9lioration continue de l'accessibilit\u00e9 num\u00e9rique conform\u00e9ment aux normes internationales (WCAG)<\/li><\/ul><div contenteditable=\"false\"><hr \/><\/div><h2>Am\u00e9lioration continue<\/h2><p class=\"isSelectedEnd\">L'accessibilit\u00e9 est un processus continu. F\/262 s'engage \u00e0 \u00e9valuer et \u00e0 am\u00e9liorer continuellement ses pratiques afin d'assurer une exp\u00e9rience inclusive et de haute qualit\u00e9 pour tous les visiteurs.<\/p><div contenteditable=\"false\"><hr \/><\/div><h2>Contact<\/h2><p class=\"isSelectedEnd\">Pour toute question relative \u00e0 l'accessibilit\u00e9, demande sp\u00e9cifique ou suggestion, veuillez nous contacter:<\/p><p>Courriel : <a href=\"mailto:geral@festival262.com\">geral@festival262.com<\/a><br \/>(ou ins\u00e9rer un courriel d\u00e9di\u00e9 \u00e0 l'accessibilit\u00e9)<\/p>\t\t\t\t\t\t\t\t<\/div>\n\t\t\t\t<\/div>\n\t\t\t\t\t<\/div>\n\t\t<\/div>\n\t\t\t\t\t<\/div>\n\t\t<\/section>\n\t\t\t\t<\/div>","protected":false},"excerpt":{"rendered":"<p>Accessibility Commitment F\/262 \u2013 International Photography Festival considers accessibility a core principle of its programme and organisation. We are committed to ensuring that all people, regardless of their physical, sensory or cognitive conditions, can experience the festival with autonomy, comfort and safety. This commitment extends to physical spaces, communication and digital experience. Physical Accessibility Festival [&hellip;]<\/p>","protected":false},"author":6,"featured_media":0,"parent":0,"menu_order":0,"comment_status":"closed","ping_status":"closed","template":"","meta":{"_acf_changed":false,"footnotes":""},"class_list":["post-6657","page","type-page","status-publish","hentry"],"acf":[],"yoast_head":"<!-- This site is optimized with the Yoast SEO plugin v27.5 - https:\/\/yoast.com\/product\/yoast-seo-wordpress\/ -->\n<title>Elementor #6657 - F\/262 Festival Internacional de Fotografia<\/title>\n<meta name=\"robots\" content=\"index, follow, max-snippet:-1, max-image-preview:large, max-video-preview:-1\" \/>\n<link rel=\"canonical\" href=\"https:\/\/festival262.com\/fr\/elementor-6657\/\" \/>\n<meta property=\"og:locale\" content=\"fr_FR\" \/>\n<meta property=\"og:type\" content=\"article\" \/>\n<meta property=\"og:title\" content=\"Elementor #6657 - F\/262 Festival Internacional de Fotografia\" \/>\n<meta property=\"og:description\" content=\"Accessibility Commitment F\/262 \u2013 International Photography Festival considers accessibility a core principle of its programme and organisation. We are committed to ensuring that all people, regardless of their physical, sensory or cognitive conditions, can experience the festival with autonomy, comfort and safety. This commitment extends to physical spaces, communication and digital experience. Physical Accessibility Festival [&hellip;]\" \/>\n<meta property=\"og:url\" content=\"https:\/\/festival262.com\/fr\/elementor-6657\/\" \/>\n<meta property=\"og:site_name\" content=\"F\/262 Festival Internacional de Fotografia\" \/>\n<meta property=\"article:modified_time\" content=\"2026-03-23T01:14:32+00:00\" \/>\n<meta property=\"og:image\" content=\"https:\/\/festival262.com\/wp-content\/uploads\/2025\/07\/ChatGPT-Image-Jul-31-2025-12_20_31-AM.png\" \/>\n\t<meta property=\"og:image:width\" content=\"1024\" \/>\n\t<meta property=\"og:image:height\" content=\"1024\" \/>\n\t<meta property=\"og:image:type\" content=\"image\/png\" \/>\n<meta name=\"twitter:card\" content=\"summary_large_image\" \/>\n<meta name=\"twitter:label1\" content=\"Dur\u00e9e de lecture estim\u00e9e\" \/>\n\t<meta name=\"twitter:data1\" content=\"2 minutes\" \/>\n<script type=\"application\/ld+json\" class=\"yoast-schema-graph\">{\"@context\":\"https:\\\/\\\/schema.org\",\"@graph\":[{\"@type\":\"WebPage\",\"@id\":\"https:\\\/\\\/festival262.com\\\/elementor-6657\\\/\",\"url\":\"https:\\\/\\\/festival262.com\\\/elementor-6657\\\/\",\"name\":\"Elementor #6657 - F\\\/262 Festival Internacional de Fotografia\",\"isPartOf\":{\"@id\":\"https:\\\/\\\/festival262.com\\\/#website\"},\"datePublished\":\"2026-03-23T01:13:34+00:00\",\"dateModified\":\"2026-03-23T01:14:32+00:00\",\"breadcrumb\":{\"@id\":\"https:\\\/\\\/festival262.com\\\/elementor-6657\\\/#breadcrumb\"},\"inLanguage\":\"fr-FR\",\"potentialAction\":[{\"@type\":\"ReadAction\",\"target\":[\"https:\\\/\\\/festival262.com\\\/elementor-6657\\\/\"]}]},{\"@type\":\"BreadcrumbList\",\"@id\":\"https:\\\/\\\/festival262.com\\\/elementor-6657\\\/#breadcrumb\",\"itemListElement\":[{\"@type\":\"ListItem\",\"position\":1,\"name\":\"Home\",\"item\":\"https:\\\/\\\/festival262.com\\\/\"},{\"@type\":\"ListItem\",\"position\":2,\"name\":\"Elementor #6657\"}]},{\"@type\":\"WebSite\",\"@id\":\"https:\\\/\\\/festival262.com\\\/#website\",\"url\":\"https:\\\/\\\/festival262.com\\\/\",\"name\":\"F7262 Fetsival Internacional de Fotografia\",\"description\":\"Photography as Culture, Community, and Practice\",\"publisher\":{\"@id\":\"https:\\\/\\\/festival262.com\\\/#organization\"},\"alternateName\":\"Festival262\",\"potentialAction\":[{\"@type\":\"SearchAction\",\"target\":{\"@type\":\"EntryPoint\",\"urlTemplate\":\"https:\\\/\\\/festival262.com\\\/?s={search_term_string}\"},\"query-input\":{\"@type\":\"PropertyValueSpecification\",\"valueRequired\":true,\"valueName\":\"search_term_string\"}}],\"inLanguage\":\"fr-FR\"},{\"@type\":\"Organization\",\"@id\":\"https:\\\/\\\/festival262.com\\\/#organization\",\"name\":\"F\\\/262 Festival Internacional de Fotografia\",\"url\":\"https:\\\/\\\/festival262.com\\\/\",\"logo\":{\"@type\":\"ImageObject\",\"inLanguage\":\"fr-FR\",\"@id\":\"https:\\\/\\\/festival262.com\\\/#\\\/schema\\\/logo\\\/image\\\/\",\"url\":\"https:\\\/\\\/festival262.com\\\/wp-content\\\/uploads\\\/2019\\\/10\\\/cropped-f-262-icon-e-logo-scaled-1.png\",\"contentUrl\":\"https:\\\/\\\/festival262.com\\\/wp-content\\\/uploads\\\/2019\\\/10\\\/cropped-f-262-icon-e-logo-scaled-1.png\",\"width\":2558,\"height\":1048,\"caption\":\"F\\\/262 Festival Internacional de Fotografia\"},\"image\":{\"@id\":\"https:\\\/\\\/festival262.com\\\/#\\\/schema\\\/logo\\\/image\\\/\"}}]}<\/script>\n<!-- \/ Yoast SEO plugin. -->","yoast_head_json":{"title":"Elementor #6657 - F\/262 Festival Internacional de Fotografia","robots":{"index":"index","follow":"follow","max-snippet":"max-snippet:-1","max-image-preview":"max-image-preview:large","max-video-preview":"max-video-preview:-1"},"canonical":"https:\/\/festival262.com\/fr\/elementor-6657\/","og_locale":"fr_FR","og_type":"article","og_title":"Elementor #6657 - F\/262 Festival Internacional de Fotografia","og_description":"Accessibility Commitment F\/262 \u2013 International Photography Festival considers accessibility a core principle of its programme and organisation. We are committed to ensuring that all people, regardless of their physical, sensory or cognitive conditions, can experience the festival with autonomy, comfort and safety. This commitment extends to physical spaces, communication and digital experience. Physical Accessibility Festival [&hellip;]","og_url":"https:\/\/festival262.com\/fr\/elementor-6657\/","og_site_name":"F\/262 Festival Internacional de Fotografia","article_modified_time":"2026-03-23T01:14:32+00:00","og_image":[{"width":1024,"height":1024,"url":"https:\/\/festival262.com\/wp-content\/uploads\/2025\/07\/ChatGPT-Image-Jul-31-2025-12_20_31-AM.png","type":"image\/png"}],"twitter_card":"summary_large_image","twitter_misc":{"Dur\u00e9e de lecture estim\u00e9e":"2 minutes"},"schema":{"@context":"https:\/\/schema.org","@graph":[{"@type":"WebPage","@id":"https:\/\/festival262.com\/elementor-6657\/","url":"https:\/\/festival262.com\/elementor-6657\/","name":"Elementor #6657 - F\/262 Festival Internacional de Fotografia","isPartOf":{"@id":"https:\/\/festival262.com\/#website"},"datePublished":"2026-03-23T01:13:34+00:00","dateModified":"2026-03-23T01:14:32+00:00","breadcrumb":{"@id":"https:\/\/festival262.com\/elementor-6657\/#breadcrumb"},"inLanguage":"fr-FR","potentialAction":[{"@type":"ReadAction","target":["https:\/\/festival262.com\/elementor-6657\/"]}]},{"@type":"BreadcrumbList","@id":"https:\/\/festival262.com\/elementor-6657\/#breadcrumb","itemListElement":[{"@type":"ListItem","position":1,"name":"Home","item":"https:\/\/festival262.com\/"},{"@type":"ListItem","position":2,"name":"Elementor #6657"}]},{"@type":"WebSite","@id":"https:\/\/festival262.com\/#website","url":"https:\/\/festival262.com\/","name":"F7262 Fetsival Internacional de Fotografia","description":"Photography as Culture, Community, and Practice","publisher":{"@id":"https:\/\/festival262.com\/#organization"},"alternateName":"Festival262","potentialAction":[{"@type":"SearchAction","target":{"@type":"EntryPoint","urlTemplate":"https:\/\/festival262.com\/?s={search_term_string}"},"query-input":{"@type":"PropertyValueSpecification","valueRequired":true,"valueName":"search_term_string"}}],"inLanguage":"fr-FR"},{"@type":"Organization","@id":"https:\/\/festival262.com\/#organization","name":"F\/262 Festival Internacional de Fotografia","url":"https:\/\/festival262.com\/","logo":{"@type":"ImageObject","inLanguage":"fr-FR","@id":"https:\/\/festival262.com\/#\/schema\/logo\/image\/","url":"https:\/\/festival262.com\/wp-content\/uploads\/2019\/10\/cropped-f-262-icon-e-logo-scaled-1.png","contentUrl":"https:\/\/festival262.com\/wp-content\/uploads\/2019\/10\/cropped-f-262-icon-e-logo-scaled-1.png","width":2558,"height":1048,"caption":"F\/262 Festival Internacional de Fotografia"},"image":{"@id":"https:\/\/festival262.com\/#\/schema\/logo\/image\/"}}]}},"_links":{"self":[{"href":"https:\/\/festival262.com\/fr\/wp-json\/wp\/v2\/pages\/6657","targetHints":{"allow":["GET"]}}],"collection":[{"href":"https:\/\/festival262.com\/fr\/wp-json\/wp\/v2\/pages"}],"about":[{"href":"https:\/\/festival262.com\/fr\/wp-json\/wp\/v2\/types\/page"}],"author":[{"embeddable":true,"href":"https:\/\/festival262.com\/fr\/wp-json\/wp\/v2\/users\/6"}],"replies":[{"embeddable":true,"href":"https:\/\/festival262.com\/fr\/wp-json\/wp\/v2\/comments?post=6657"}],"version-history":[{"count":3,"href":"https:\/\/festival262.com\/fr\/wp-json\/wp\/v2\/pages\/6657\/revisions"}],"predecessor-version":[{"id":6660,"href":"https:\/\/festival262.com\/fr\/wp-json\/wp\/v2\/pages\/6657\/revisions\/6660"}],"wp:attachment":[{"href":"https:\/\/festival262.com\/fr\/wp-json\/wp\/v2\/media?parent=6657"}],"curies":[{"name":"wp","href":"https:\/\/api.w.org\/{rel}","templated":true}]}}