{"id":5486,"date":"2026-01-01T19:24:19","date_gmt":"2026-01-01T19:24:19","guid":{"rendered":"https:\/\/festival262.com\/?page_id=5486"},"modified":"2026-01-01T20:02:03","modified_gmt":"2026-01-01T20:02:03","slug":"terms-of-service","status":"publish","type":"page","link":"https:\/\/festival262.com\/fr\/terms-of-service\/","title":{"rendered":"Conditions d'utilisation"},"content":{"rendered":"<div data-elementor-type=\"wp-page\" data-elementor-id=\"5486\" class=\"elementor elementor-5486\">\n\t\t\t\t\t\t<section class=\"elementor-section elementor-top-section elementor-element elementor-element-2dfc7fd elementor-section-boxed elementor-section-height-default elementor-section-height-default\" data-id=\"2dfc7fd\" data-element_type=\"section\" data-e-type=\"section\">\n\t\t\t\t\t\t<div class=\"elementor-container elementor-column-gap-default\">\n\t\t\t\t\t<div class=\"elementor-column elementor-col-100 elementor-top-column elementor-element elementor-element-f2b47e8\" data-id=\"f2b47e8\" data-element_type=\"column\" data-e-type=\"column\">\n\t\t\t<div class=\"elementor-widget-wrap elementor-element-populated\">\n\t\t\t\t\t\t<div class=\"elementor-element elementor-element-064fb4e elementor-widget elementor-widget-heading\" data-id=\"064fb4e\" data-element_type=\"widget\" data-e-type=\"widget\" data-widget_type=\"heading.default\">\n\t\t\t\t<div class=\"elementor-widget-container\">\n\t\t\t\t\t<h2 class=\"elementor-heading-title elementor-size-default\">Conditions d'utilisation<\/h2>\t\t\t\t<\/div>\n\t\t\t\t<\/div>\n\t\t\t\t<div class=\"elementor-element elementor-element-baae1c6 elementor-widget elementor-widget-text-editor\" data-id=\"baae1c6\" data-element_type=\"widget\" data-e-type=\"widget\" data-widget_type=\"text-editor.default\">\n\t\t\t\t<div class=\"elementor-widget-container\">\n\t\t\t\t\t\t\t\t\t<h3 data-start=\"430\" data-end=\"445\">Vue d'ensemble<\/h3><p data-start=\"447\" data-end=\"626\">Ce site Web est exploit\u00e9 par <strong data-start=\"475\" data-end=\"523\">F\/262 \u2013 Festival Internacional de Fotografia<\/strong>, organis\u00e9e par <strong data-start=\"538\" data-end=\"602\">Associa\u00e7\u00e3o F\/SOS \u2013 Fotografia, Solidariedade e Obras Sociais<\/strong> (\u00abnous\u00bb, \u00abnotre\u00bb ou \u00abnotre\u00bb).<\/p><p data-start=\"628\" data-end=\"979\">En acc\u00e9dant ou en utilisant <strong data-start=\"650\" data-end=\"677\"><a class=\"decorated-link\" href=\"https:\/\/festival262.com\/fr\/\" target=\"_new\" rel=\"noopener\" data-start=\"652\" data-end=\"675\">https:\/\/festival262.com<\/a><\/strong> (le \u00abSite\u00bb), y compris la navigation sur le contenu, la soumission d'appels ouverts, l'inscription \u00e0 des \u00e9v\u00e9nements, des ateliers, des programmes de b\u00e9n\u00e9volat, des bulletins d'information, ou en nous contactant, vous acceptez d'\u00eatre li\u00e9 par ces <strong data-start=\"863\" data-end=\"883\">Conditions d'utilisation<\/strong> (\u00abConditions\u00bb), ainsi que notre politique de confidentialit\u00e9 et toute politique suppl\u00e9mentaire r\u00e9f\u00e9renc\u00e9e sur le site.<\/p><p data-start=\"981\" data-end=\"1071\">Si vous n'acceptez pas ces Conditions, vous ne devez pas acc\u00e9der ou utiliser le Site ou ses services.<\/p><hr data-start=\"1073\" data-end=\"1076\" \/><h3 data-start=\"1078\" data-end=\"1103\">Utilisation du site Web<\/h3><p data-start=\"1105\" data-end=\"1122\">Vous confirmez que:<\/p><ul data-start=\"1123\" data-end=\"1388\"><li data-start=\"1123\" data-end=\"1187\"><p data-start=\"1125\" data-end=\"1187\">Vous avez au moins 16 ans ou avez le consentement du tuteur l\u00e9gal.<\/p><\/li><li data-start=\"1188\" data-end=\"1257\"><p data-start=\"1190\" data-end=\"1257\">Vous n'utiliserez pas le Site \u00e0 des fins ill\u00e9gales ou non autoris\u00e9es.<\/p><\/li><li data-start=\"1258\" data-end=\"1388\"><p data-start=\"1260\" data-end=\"1388\">Vous vous conformerez \u00e0 toutes les lois locales, nationales et internationales applicables, y compris les lois sur le droit d'auteur et la propri\u00e9t\u00e9 intellectuelle.<\/p><\/li><\/ul><p data-start=\"1390\" data-end=\"1481\">Toute violation des pr\u00e9sentes Conditions peut entra\u00eener la suspension ou la r\u00e9siliation de l'acc\u00e8s au Site.<\/p><hr data-start=\"1483\" data-end=\"1486\" \/><h3 data-start=\"1488\" data-end=\"1537\">Contenu du Festival et Propri\u00e9t\u00e9 Intellectuelle<\/h3><p data-start=\"1539\" data-end=\"1600\">Sauf indication contraire, tout le contenu de ce site, y compris:<\/p><ul data-start=\"1601\" data-end=\"1697\"><li data-start=\"1601\" data-end=\"1610\"><p data-start=\"1603\" data-end=\"1610\">Textes<\/p><\/li><li data-start=\"1611\" data-end=\"1621\"><p data-start=\"1613\" data-end=\"1621\">Images<\/p><\/li><li data-start=\"1622\" data-end=\"1631\"><p data-start=\"1624\" data-end=\"1631\">Logos<\/p><\/li><li data-start=\"1632\" data-end=\"1651\"><p data-start=\"1634\" data-end=\"1651\">Identit\u00e9 visuelle<\/p><\/li><li data-start=\"1652\" data-end=\"1676\"><p data-start=\"1654\" data-end=\"1676\">Descriptions des programmes<\/p><\/li><li data-start=\"1677\" data-end=\"1697\"><p data-start=\"1679\" data-end=\"1697\">Textes de conservation<\/p><\/li><\/ul><p data-start=\"1699\" data-end=\"1862\">est la propri\u00e9t\u00e9 de <strong data-start=\"1718\" data-end=\"1727\">F\/262<\/strong>, <strong data-start=\"1729\" data-end=\"1749\">Associa\u00e7\u00e3o F\/SOS<\/strong>, ou les artistes, auteurs et partenaires respectifs, et est prot\u00e9g\u00e9 par les lois sur le droit d'auteur et la propri\u00e9t\u00e9 intellectuelle.<\/p><p data-start=\"1864\" data-end=\"2014\">Vous ne pouvez pas copier, reproduire, distribuer, publier, modifier ou exploiter commercialement tout contenu sans l'autorisation \u00e9crite pr\u00e9alable du titulaire des droits.<\/p><hr data-start=\"2016\" data-end=\"2019\" \/><h3 data-start=\"2021\" data-end=\"2077\">Soumissions d'artistes, appels ouverts et participation<\/h3><p data-start=\"2079\" data-end=\"2211\">En soumettant des \u0153uvres, des textes ou d'autres documents \u00e0 F\/262 (y compris des appels ouverts, des programmes Next Gen ou des expositions), vous confirmez que:<\/p><ul data-start=\"2212\" data-end=\"2376\"><li data-start=\"2212\" data-end=\"2317\"><p data-start=\"2214\" data-end=\"2317\">Vous \u00eates l'auteur ou le titulaire des droits du mat\u00e9riel soumis, ou avez l'autorisation compl\u00e8te de le soumettre.<\/p><\/li><li data-start=\"2318\" data-end=\"2376\"><p data-start=\"2320\" data-end=\"2376\">L'\u0153uvre soumise ne porte pas atteinte aux droits des tiers.<\/p><\/li><\/ul><p data-start=\"2378\" data-end=\"2476\">Vous accordez F\/262 a <strong data-start=\"2396\" data-end=\"2435\">licence non exclusive, libre de droits<\/strong> utiliser le mat\u00e9riel soumis strictement pour:<\/p><ul data-start=\"2477\" data-end=\"2605\"><li data-start=\"2477\" data-end=\"2496\"><p data-start=\"2479\" data-end=\"2496\">\u00c9valuation du jury<\/p><\/li><li data-start=\"2497\" data-end=\"2521\"><p data-start=\"2499\" data-end=\"2521\">Programmation du festival<\/p><\/li><li data-start=\"2522\" data-end=\"2537\"><p data-start=\"2524\" data-end=\"2537\">Expositions<\/p><\/li><li data-start=\"2538\" data-end=\"2564\"><p data-start=\"2540\" data-end=\"2564\">Activit\u00e9s \u00e9ducatives<\/p><\/li><li data-start=\"2565\" data-end=\"2605\"><p data-start=\"2567\" data-end=\"2605\">Communication et promotion du festival<\/p><\/li><\/ul><p data-start=\"2607\" data-end=\"2665\">Cette licence fait <strong data-start=\"2625\" data-end=\"2632\">pas<\/strong> transf\u00e9rer la propri\u00e9t\u00e9 de votre travail.<\/p><hr data-start=\"2667\" data-end=\"2670\" \/><h3 data-start=\"2672\" data-end=\"2702\">Exactitude de l'information<\/h3><p data-start=\"2704\" data-end=\"2800\">Le contenu de ce site est fourni \u00e0 des fins d'information g\u00e9n\u00e9rale li\u00e9e au Festival.<\/p><p data-start=\"2802\" data-end=\"3015\">Nous ne garantissons pas que toutes les informations sont toujours compl\u00e8tes, \u00e0 jour ou sans erreur. Les d\u00e9tails du programme, les horaires, les conf\u00e9renciers, les lieux et les activit\u00e9s peuvent changer pour des raisons op\u00e9rationnelles, techniques ou de force majeure.<\/p><p data-start=\"3017\" data-end=\"3099\">Nous nous r\u00e9servons le droit de mettre \u00e0 jour ou de modifier le contenu \u00e0 tout moment sans pr\u00e9avis.<\/p><hr data-start=\"3101\" data-end=\"3104\" \/><h3 data-start=\"3106\" data-end=\"3152\">Modifications ou suspension de services<\/h3><p data-start=\"3154\" data-end=\"3182\">F\/262 se r\u00e9serve le droit de:<\/p><ul data-start=\"3183\" data-end=\"3306\"><li data-start=\"3183\" data-end=\"3258\"><p data-start=\"3185\" data-end=\"3258\">Modifier, suspendre ou interrompre toute partie du Site ou des services du Festival<\/p><\/li><li data-start=\"3259\" data-end=\"3306\"><p data-start=\"3261\" data-end=\"3306\">Modifier les formats, les dates ou les emplacements des programmes<\/p><\/li><\/ul><p data-start=\"3308\" data-end=\"3384\">Nous ne sommes pas responsables de toute perte ou inconv\u00e9nient r\u00e9sultant de tels changements.<\/p><hr data-start=\"3386\" data-end=\"3389\" \/><h3 data-start=\"3391\" data-end=\"3415\">Liens de tiers<\/h3><p data-start=\"3417\" data-end=\"3555\">Le Site peut inclure des liens vers des sites Web ou des plateformes tiers (tels que des partenaires, des services de billetterie, des outils de soumission ou des m\u00e9dias sociaux).<\/p><p data-start=\"3557\" data-end=\"3680\">Nous ne sommes pas responsables du contenu, des politiques ou des pratiques des sites Web tiers. Leur acc\u00e8s est \u00e0 vos risques et p\u00e9rils.<\/p><p data-start=\"3557\" data-end=\"3680\">\u00a0<\/p><h3 data-start=\"3687\" data-end=\"3706\">Conduite de l'utilisateur<\/h3><p data-start=\"3708\" data-end=\"3725\">Vous acceptez de ne pas:<\/p><ul data-start=\"3726\" data-end=\"3984\"><li data-start=\"3726\" data-end=\"3787\"><p data-start=\"3728\" data-end=\"3787\">T\u00e9l\u00e9charger ou transmettre du code malveillant, du spam ou du contenu pr\u00e9judiciable<\/p><\/li><li data-start=\"3788\" data-end=\"3835\"><p data-start=\"3790\" data-end=\"3835\">Harceler, maltraiter, discriminer ou diffamer autrui<\/p><\/li><li data-start=\"3836\" data-end=\"3876\"><p data-start=\"3838\" data-end=\"3876\">Soumettre des informations fausses ou trompeuses<\/p><\/li><li data-start=\"3877\" data-end=\"3935\"><p data-start=\"3879\" data-end=\"3935\">Interf\u00e9rer avec la s\u00e9curit\u00e9 ou la fonctionnalit\u00e9 du Site<\/p><\/li><li data-start=\"3936\" data-end=\"3984\"><p data-start=\"3938\" data-end=\"3984\">Collecter ou utiliser \u00e0 mauvais escient les donn\u00e9es personnelles d'autres utilisateurs<\/p><\/li><\/ul><p data-start=\"3986\" data-end=\"4072\">Nous nous r\u00e9servons le droit de supprimer du contenu ou de restreindre l'acc\u00e8s si ces r\u00e8gles sont viol\u00e9es.<\/p><hr data-start=\"4074\" data-end=\"4077\" \/><h3 data-start=\"4079\" data-end=\"4099\">Donn\u00e9es \u00e0 caract\u00e8re personnel<\/h3><p data-start=\"4101\" data-end=\"4246\">Toutes les donn\u00e9es personnelles soumises via le Site sont trait\u00e9es conform\u00e9ment \u00e0 notre politique de confidentialit\u00e9. <strong data-start=\"4182\" data-end=\"4200\">Politique de confidentialit\u00e9<\/strong>, qui fait partie int\u00e9grante des pr\u00e9sentes Conditions.<\/p><hr data-start=\"4248\" data-end=\"4251\" \/><h3 data-start=\"4253\" data-end=\"4285\">Clause de non-responsabilit\u00e9 des garanties<\/h3><p data-start=\"4287\" data-end=\"4378\">Le Site et tous les services li\u00e9s au Festival sont fournis <strong data-start=\"4343\" data-end=\"4354\">\u00ab en l\u2019\u00e9tat \u00bb<\/strong> et <strong data-start=\"4359\" data-end=\"4378\">\u00abselon disponibilit\u00e9\u00bb.<\/strong><\/p><p data-start=\"4380\" data-end=\"4405\">Nous ne garantissons pas que:<\/p><ul data-start=\"4406\" data-end=\"4539\"><li data-start=\"4406\" data-end=\"4452\"><p data-start=\"4408\" data-end=\"4452\">Le Site sera ininterrompu ou exempt d'erreurs<\/p><\/li><li data-start=\"4453\" data-end=\"4498\"><p data-start=\"4455\" data-end=\"4498\">Le contenu sera toujours exact ou complet<\/p><\/li><li data-start=\"4499\" data-end=\"4539\"><p data-start=\"4501\" data-end=\"4539\">Le Site r\u00e9pondra \u00e0 vos attentes<\/p><\/li><\/ul><p data-start=\"4541\" data-end=\"4577\">L'utilisation du Site se fait \u00e0 vos risques et p\u00e9rils.<\/p><hr data-start=\"4579\" data-end=\"4582\" \/><h3 data-start=\"4584\" data-end=\"4615\">Limitation de responsabilit\u00e9<\/h3><p data-start=\"4617\" data-end=\"4760\">Dans toute la mesure permise par la loi, <strong data-start=\"4657\" data-end=\"4666\">F\/262<\/strong> et <strong data-start=\"4671\" data-end=\"4691\">Associa\u00e7\u00e3o F\/SOS<\/strong> ne sont pas responsables des dommages directs ou indirects r\u00e9sultant:<\/p><ul data-start=\"4761\" data-end=\"4884\"><li data-start=\"4761\" data-end=\"4795\"><p data-start=\"4763\" data-end=\"4795\">Utilisation ou incapacit\u00e9 d'utiliser le Site<\/p><\/li><li data-start=\"4796\" data-end=\"4834\"><p data-start=\"4798\" data-end=\"4834\">Participation aux activit\u00e9s du Festival<\/p><\/li><li data-start=\"4835\" data-end=\"4884\"><p data-start=\"4837\" data-end=\"4884\">S'appuyer sur les informations publi\u00e9es sur le Site<\/p><\/li><\/ul><p data-start=\"4886\" data-end=\"4986\">Rien dans les pr\u00e9sentes Conditions ne limite la responsabilit\u00e9 lorsque cette limitation n'est pas autoris\u00e9e par la loi applicable.<\/p><hr data-start=\"4988\" data-end=\"4991\" \/><h3 data-start=\"4993\" data-end=\"5016\">Indemnisation<\/h3><p data-start=\"5018\" data-end=\"5170\">Vous acceptez d'indemniser et d'exon\u00e9rer F\/262, Associa\u00e7\u00e3o F\/SOS, et leurs collaborateurs, personnel, partenaires et b\u00e9n\u00e9voles de toute r\u00e9clamation d\u00e9coulant de:<\/p><ul data-start=\"5171\" data-end=\"5266\"><li data-start=\"5171\" data-end=\"5199\"><p data-start=\"5173\" data-end=\"5199\">Votre violation des pr\u00e9sentes Conditions<\/p><\/li><li data-start=\"5200\" data-end=\"5225\"><p data-start=\"5202\" data-end=\"5225\">Votre utilisation abusive du Site<\/p><\/li><li data-start=\"5226\" data-end=\"5266\"><p data-start=\"5228\" data-end=\"5266\">Votre violation des droits de tiers<\/p><\/li><\/ul><hr data-start=\"5268\" data-end=\"5271\" \/><h3 data-start=\"5273\" data-end=\"5293\">S\u00e9parabilit\u00e9<\/h3><p data-start=\"5295\" data-end=\"5435\">Si une disposition des pr\u00e9sentes Conditions est jug\u00e9e ill\u00e9gale ou inapplicable, les autres dispositions resteront pleinement valides et ex\u00e9cutoires.<\/p><hr data-start=\"5437\" data-end=\"5440\" \/><h3 data-start=\"5442\" data-end=\"5461\">R\u00e9siliation<\/h3><p data-start=\"5463\" data-end=\"5619\">Nous pouvons suspendre ou r\u00e9silier l'acc\u00e8s au Site si vous violez ces Conditions.<br data-start=\"5537\" data-end=\"5540\" \/>La r\u00e9siliation n'affecte pas les droits ou obligations acquis avant la r\u00e9siliation.<\/p><hr data-start=\"5621\" data-end=\"5624\" \/><h3 data-start=\"5626\" data-end=\"5650\">L'int\u00e9gralit\u00e9 de l'accord<\/h3><p data-start=\"5652\" data-end=\"5779\">Ces Conditions, ainsi que la Politique de confidentialit\u00e9, constituent l'int\u00e9gralit\u00e9 de l'accord entre vous et F\/262 concernant l'utilisation du Site.<\/p><hr data-start=\"5781\" data-end=\"5784\" \/><h3 data-start=\"5786\" data-end=\"5807\">Droit applicable<\/h3><p data-start=\"5809\" data-end=\"5933\">Les pr\u00e9sentes Conditions sont r\u00e9gies et interpr\u00e9t\u00e9es conform\u00e9ment aux lois de <strong data-start=\"5882\" data-end=\"5894\">Portugal<\/strong> et applicables <strong data-start=\"5910\" data-end=\"5932\">Droit de l\u2019Union europ\u00e9enne<\/strong>.<\/p><hr data-start=\"5935\" data-end=\"5938\" \/><h3 data-start=\"5940\" data-end=\"5970\">Modifications apport\u00e9es aux pr\u00e9sentes conditions<\/h3><p data-start=\"5972\" data-end=\"6114\">Nous pouvons mettre \u00e0 jour ces Conditions de temps \u00e0 autre.<br data-start=\"6016\" data-end=\"6019\" \/>L'utilisation continue du Site apr\u00e8s la publication des modifications constitue l'acceptation des Conditions r\u00e9vis\u00e9es.<\/p><hr data-start=\"6116\" data-end=\"6119\" \/><h3 data-start=\"6121\" data-end=\"6148\">Coordonn\u00e9es<\/h3><p data-start=\"6150\" data-end=\"6213\">Pour toute question concernant ces Conditions d'utilisation, veuillez contacter:<\/p><p data-start=\"6215\" data-end=\"6416\"><strong data-start=\"6215\" data-end=\"6263\">F\/262 \u2013 Festival Internacional de Fotografia<\/strong><br data-start=\"6263\" data-end=\"6266\" \/>Organis\u00e9 par <strong data-start=\"6279\" data-end=\"6343\">Associa\u00e7\u00e3o F\/SOS \u2013 Fotografia, Solidariedade e Obras Sociais<\/strong><br data-start=\"6343\" data-end=\"6346\" \/>Courriel : <strong data-start=\"6353\" data-end=\"6377\"><a class=\"decorated-link cursor-pointer\" rel=\"noopener\" data-start=\"6355\" data-end=\"6375\">info@festival262.com<\/a><\/strong><br data-start=\"6377\" data-end=\"6380\" \/>Site web: <strong data-start=\"6389\" data-end=\"6416\"><a class=\"decorated-link\" href=\"https:\/\/festival262.com\/fr\/\" target=\"_new\" rel=\"noopener\" data-start=\"6391\" data-end=\"6414\">https:\/\/festival262.com<\/a><\/strong><\/p><hr data-start=\"6418\" data-end=\"6421\" \/><p data-start=\"6423\" data-end=\"6453\"><strong data-start=\"6423\" data-end=\"6440\">Derni\u00e8re mise \u00e0 jour:<\/strong> janvier 2026<\/p>\t\t\t\t\t\t\t\t<\/div>\n\t\t\t\t<\/div>\n\t\t\t\t\t<\/div>\n\t\t<\/div>\n\t\t\t\t\t<\/div>\n\t\t<\/section>\n\t\t\t\t<section class=\"elementor-section elementor-top-section elementor-element elementor-element-e50b50b elementor-section-boxed elementor-section-height-default elementor-section-height-default\" data-id=\"e50b50b\" data-element_type=\"section\" data-e-type=\"section\">\n\t\t\t\t\t\t<div class=\"elementor-container elementor-column-gap-default\">\n\t\t\t\t\t<div class=\"elementor-column elementor-col-100 elementor-top-column elementor-element elementor-element-f6d71eb\" data-id=\"f6d71eb\" data-element_type=\"column\" data-e-type=\"column\">\n\t\t\t<div class=\"elementor-widget-wrap elementor-element-populated\">\n\t\t\t\t\t\t<div class=\"elementor-element elementor-element-42fa8a3 elementor-widget elementor-widget-shortcode\" data-id=\"42fa8a3\" data-element_type=\"widget\" data-e-type=\"widget\" data-widget_type=\"shortcode.default\">\n\t\t\t\t<div class=\"elementor-widget-container\">\n\t\t\t\t\t\t\t<div class=\"elementor-shortcode\">\t\t<div data-elementor-type=\"wp-post\" data-elementor-id=\"206\" class=\"elementor elementor-206\">\n\t\t\t\t\t\t<div class=\"elementor-section elementor-top-section elementor-element elementor-element-433e9d9 elementor-section-stretched footer-custom elementor-section-full_width elementor-section-height-default elementor-section-height-default\" data-id=\"433e9d9\" data-element_type=\"section\" data-e-type=\"section\" data-settings=\"{&quot;stretch_section&quot;:&quot;section-stretched&quot;,&quot;background_background&quot;:&quot;classic&quot;}\">\n\t\t\t\t\t\t<div class=\"elementor-container elementor-column-gap-no\">\n\t\t\t\t\t<div class=\"elementor-column elementor-col-100 elementor-top-column elementor-element elementor-element-4386f5f\" data-id=\"4386f5f\" data-element_type=\"column\" data-e-type=\"column\">\n\t\t\t<div class=\"elementor-widget-wrap elementor-element-populated\">\n\t\t\t\t\t\t<div class=\"elementor-section elementor-inner-section elementor-element elementor-element-ab81258 elementor-section-boxed elementor-section-height-default elementor-section-height-default\" data-id=\"ab81258\" data-element_type=\"section\" data-e-type=\"section\">\n\t\t\t\t\t\t<div class=\"elementor-container elementor-column-gap-wider\">\n\t\t\t\t\t<div class=\"elementor-column elementor-col-33 elementor-inner-column elementor-element elementor-element-abe660f\" data-id=\"abe660f\" data-element_type=\"column\" data-e-type=\"column\">\n\t\t\t<div class=\"elementor-widget-wrap elementor-element-populated\">\n\t\t\t\t\t\t<div class=\"elementor-element elementor-element-fdb18bb invert elementor-widget elementor-widget-heading\" data-id=\"fdb18bb\" data-element_type=\"widget\" data-e-type=\"widget\" data-widget_type=\"heading.default\">\n\t\t\t\t<div class=\"elementor-widget-container\">\n\t\t\t\t\t<h5 class=\"elementor-heading-title elementor-size-default\">Produit par F\/262 &amp; Associa\u00e7\u00e3o F\/SOS<\/h5>\t\t\t\t<\/div>\n\t\t\t\t<\/div>\n\t\t\t\t<div class=\"elementor-element elementor-element-cd7b3b4 elementor-widget elementor-widget-spacer\" data-id=\"cd7b3b4\" data-element_type=\"widget\" data-e-type=\"widget\" data-widget_type=\"spacer.default\">\n\t\t\t\t<div class=\"elementor-widget-container\">\n\t\t\t\t\t\t\t<div class=\"elementor-spacer\">\n\t\t\t<div class=\"elementor-spacer-inner\"><\/div>\n\t\t<\/div>\n\t\t\t\t\t\t<\/div>\n\t\t\t\t<\/div>\n\t\t\t\t<div class=\"elementor-element elementor-element-a61036d elementor-widget elementor-widget-image\" data-id=\"a61036d\" data-element_type=\"widget\" data-e-type=\"widget\" data-widget_type=\"image.default\">\n\t\t\t\t<div class=\"elementor-widget-container\">\n\t\t\t\t\t\t\t\t\t\t\t\t\t\t\t\t<a href=\"https:\/\/festival262.com\/fr\/\">\n\t\t\t\t\t\t\t<img fetchpriority=\"high\" decoding=\"async\" width=\"1532\" height=\"436\" src=\"https:\/\/festival262.com\/wp-content\/uploads\/2019\/10\/F262-LOGO-COMPOSTO-COM-EFFE-WHITE-PT.svg\" class=\"attachment-full size-full wp-image-7626\" alt=\"\" \/>\t\t\t\t\t\t\t\t<\/a>\n\t\t\t\t\t\t\t\t\t\t\t\t\t\t\t<\/div>\n\t\t\t\t<\/div>\n\t\t\t\t<div class=\"elementor-element elementor-element-ec74c02 elementor-widget elementor-widget-spacer\" data-id=\"ec74c02\" data-element_type=\"widget\" data-e-type=\"widget\" data-widget_type=\"spacer.default\">\n\t\t\t\t<div class=\"elementor-widget-container\">\n\t\t\t\t\t\t\t<div class=\"elementor-spacer\">\n\t\t\t<div class=\"elementor-spacer-inner\"><\/div>\n\t\t<\/div>\n\t\t\t\t\t\t<\/div>\n\t\t\t\t<\/div>\n\t\t\t\t<div class=\"elementor-element elementor-element-155e5e2 elementor-widget elementor-widget-image\" data-id=\"155e5e2\" data-element_type=\"widget\" data-e-type=\"widget\" data-widget_type=\"image.default\">\n\t\t\t\t<div class=\"elementor-widget-container\">\n\t\t\t\t\t\t\t\t\t\t\t\t\t\t\t\t<a href=\"https:\/\/www.f-sos.org\" target=\"_blank\">\n\t\t\t\t\t\t\t<img decoding=\"async\" width=\"2560\" height=\"567\" src=\"https:\/\/festival262.com\/wp-content\/uploads\/2019\/10\/associacao-white-copy-scaled.png\" class=\"attachment-full size-full wp-image-5659\" alt=\"\" srcset=\"https:\/\/festival262.com\/wp-content\/uploads\/2019\/10\/associacao-white-copy-scaled.png 2560w, https:\/\/festival262.com\/wp-content\/uploads\/2019\/10\/associacao-white-copy-300x66.png 300w, https:\/\/festival262.com\/wp-content\/uploads\/2019\/10\/associacao-white-copy-1024x227.png 1024w, https:\/\/festival262.com\/wp-content\/uploads\/2019\/10\/associacao-white-copy-768x170.png 768w, https:\/\/festival262.com\/wp-content\/uploads\/2019\/10\/associacao-white-copy-1536x340.png 1536w, https:\/\/festival262.com\/wp-content\/uploads\/2019\/10\/associacao-white-copy-2048x453.png 2048w, https:\/\/festival262.com\/wp-content\/uploads\/2019\/10\/associacao-white-copy-1320x292.png 1320w, https:\/\/festival262.com\/wp-content\/uploads\/2019\/10\/associacao-white-copy-600x133.png 600w\" sizes=\"(max-width: 2560px) 100vw, 2560px\" \/>\t\t\t\t\t\t\t\t<\/a>\n\t\t\t\t\t\t\t\t\t\t\t\t\t\t\t<\/div>\n\t\t\t\t<\/div>\n\t\t\t\t<div class=\"elementor-element elementor-element-1c060c8 elementor-widget elementor-widget-image\" data-id=\"1c060c8\" data-element_type=\"widget\" data-e-type=\"widget\" data-widget_type=\"image.default\">\n\t\t\t\t<div class=\"elementor-widget-container\">\n\t\t\t\t\t\t\t\t\t\t\t\t\t\t\t\t<a href=\"https:\/\/www.websitecarbon.com\/website\/festival262-com\/\" target=\"_blank\">\n\t\t\t\t\t\t\t<img decoding=\"async\" width=\"728\" height=\"196\" src=\"https:\/\/festival262.com\/wp-content\/uploads\/2019\/10\/carbon-rating.png\" class=\"attachment-full size-full wp-image-5817\" alt=\"cote carbone\" srcset=\"https:\/\/festival262.com\/wp-content\/uploads\/2019\/10\/carbon-rating.png 728w, https:\/\/festival262.com\/wp-content\/uploads\/2019\/10\/carbon-rating-300x81.png 300w, https:\/\/festival262.com\/wp-content\/uploads\/2019\/10\/carbon-rating-600x162.png 600w\" sizes=\"(max-width: 728px) 100vw, 728px\" \/>\t\t\t\t\t\t\t\t<\/a>\n\t\t\t\t\t\t\t\t\t\t\t\t\t\t\t<\/div>\n\t\t\t\t<\/div>\n\t\t\t\t\t<\/div>\n\t\t<\/div>\n\t\t\t\t<div class=\"elementor-column elementor-col-33 elementor-inner-column elementor-element elementor-element-af8a3fd\" data-id=\"af8a3fd\" data-element_type=\"column\" data-e-type=\"column\">\n\t\t\t<div class=\"elementor-widget-wrap elementor-element-populated\">\n\t\t\t\t\t\t<div class=\"elementor-element elementor-element-cbd4305 invert elementor-widget elementor-widget-heading\" data-id=\"cbd4305\" data-element_type=\"widget\" data-e-type=\"widget\" data-widget_type=\"heading.default\">\n\t\t\t\t<div class=\"elementor-widget-container\">\n\t\t\t\t\t<h5 class=\"elementor-heading-title elementor-size-default\">Avec le soutien de:<\/h5>\t\t\t\t<\/div>\n\t\t\t\t<\/div>\n\t\t\t\t<div class=\"elementor-element elementor-element-6e61efe elementor-widget elementor-widget-spacer\" data-id=\"6e61efe\" data-element_type=\"widget\" data-e-type=\"widget\" data-widget_type=\"spacer.default\">\n\t\t\t\t<div class=\"elementor-widget-container\">\n\t\t\t\t\t\t\t<div class=\"elementor-spacer\">\n\t\t\t<div class=\"elementor-spacer-inner\"><\/div>\n\t\t<\/div>\n\t\t\t\t\t\t<\/div>\n\t\t\t\t<\/div>\n\t\t\t\t<div class=\"elementor-element elementor-element-8f9d706 elementor-widget elementor-widget-image\" data-id=\"8f9d706\" data-element_type=\"widget\" data-e-type=\"widget\" data-widget_type=\"image.default\">\n\t\t\t\t<div class=\"elementor-widget-container\">\n\t\t\t\t\t\t\t\t\t\t\t\t\t\t\t\t<a href=\"https:\/\/www.mcr.pt\" target=\"_blank\">\n\t\t\t\t\t\t\t<img loading=\"lazy\" decoding=\"async\" width=\"600\" height=\"363\" src=\"https:\/\/festival262.com\/wp-content\/uploads\/2019\/10\/cmcr.png.webp\" class=\"attachment-full size-full wp-image-5603\" alt=\"\" srcset=\"https:\/\/festival262.com\/wp-content\/uploads\/2019\/10\/cmcr.png.webp 600w, https:\/\/festival262.com\/wp-content\/uploads\/2019\/10\/cmcr.png-300x182.webp 300w\" sizes=\"(max-width: 600px) 100vw, 600px\" \/>\t\t\t\t\t\t\t\t<\/a>\n\t\t\t\t\t\t\t\t\t\t\t\t\t\t\t<\/div>\n\t\t\t\t<\/div>\n\t\t\t\t\t<\/div>\n\t\t<\/div>\n\t\t\t\t<div class=\"elementor-column elementor-col-33 elementor-inner-column elementor-element elementor-element-3840b6d\" data-id=\"3840b6d\" data-element_type=\"column\" data-e-type=\"column\">\n\t\t\t<div class=\"elementor-widget-wrap elementor-element-populated\">\n\t\t\t\t\t\t<div class=\"elementor-element elementor-element-c63d851 invert elementor-widget elementor-widget-heading\" data-id=\"c63d851\" data-element_type=\"widget\" data-e-type=\"widget\" data-widget_type=\"heading.default\">\n\t\t\t\t<div class=\"elementor-widget-container\">\n\t\t\t\t\t<h5 class=\"elementor-heading-title elementor-size-default\">Mai \u2013 septembre 2026<br>\nCaldas da Rainha Portugal<\/h5>\t\t\t\t<\/div>\n\t\t\t\t<\/div>\n\t\t\t\t<div class=\"elementor-element elementor-element-3636f02 elementor-widget elementor-widget-spacer\" data-id=\"3636f02\" data-element_type=\"widget\" data-e-type=\"widget\" data-widget_type=\"spacer.default\">\n\t\t\t\t<div class=\"elementor-widget-container\">\n\t\t\t\t\t\t\t<div class=\"elementor-spacer\">\n\t\t\t<div class=\"elementor-spacer-inner\"><\/div>\n\t\t<\/div>\n\t\t\t\t\t\t<\/div>\n\t\t\t\t<\/div>\n\t\t\t\t<div class=\"elementor-element elementor-element-6b32ea3 elementor-widget elementor-widget-heading\" data-id=\"6b32ea3\" data-element_type=\"widget\" data-e-type=\"widget\" data-widget_type=\"heading.default\">\n\t\t\t\t<div class=\"elementor-widget-container\">\n\t\t\t\t\t<h5 class=\"elementor-heading-title elementor-size-default\">\u00c0 propos de F\/262\n<\/h5>\t\t\t\t<\/div>\n\t\t\t\t<\/div>\n\t\t\t\t<div class=\"elementor-element elementor-element-0430d04 elementor-widget elementor-widget-text-editor\" data-id=\"0430d04\" data-element_type=\"widget\" data-e-type=\"widget\" data-widget_type=\"text-editor.default\">\n\t\t\t\t<div class=\"elementor-widget-container\">\n\t\t\t\t\t\t\t\t\t<p data-start=\"431\" data-end=\"686\">F\/262 est un festival international de photographie bas\u00e9 \u00e0 Caldas da Rainha, au Portugal.<br data-start=\"526\" data-end=\"529\" \/>\u00c0 travers des expositions, des conf\u00e9rences, de l'\u00e9ducation et des installations publiques, le festival engage la photographie contemporaine avec le lieu, la communaut\u00e9 et le monde que nous partageons.<\/p><p data-start=\"688\" data-end=\"718\">\u00a0<\/p>\t\t\t\t\t\t\t\t<\/div>\n\t\t\t\t<\/div>\n\t\t\t\t<div class=\"elementor-element elementor-element-1251943 elementor-widget elementor-widget-spacer\" data-id=\"1251943\" data-element_type=\"widget\" data-e-type=\"widget\" data-widget_type=\"spacer.default\">\n\t\t\t\t<div class=\"elementor-widget-container\">\n\t\t\t\t\t\t\t<div class=\"elementor-spacer\">\n\t\t\t<div class=\"elementor-spacer-inner\"><\/div>\n\t\t<\/div>\n\t\t\t\t\t\t<\/div>\n\t\t\t\t<\/div>\n\t\t\t\t\t<\/div>\n\t\t<\/div>\n\t\t\t\t\t<\/div>\n\t\t<\/div>\n\t\t\t\t<section class=\"elementor-section elementor-inner-section elementor-element elementor-element-0e3f8f2 elementor-section-boxed elementor-section-height-default elementor-section-height-default\" data-id=\"0e3f8f2\" data-element_type=\"section\" data-e-type=\"section\">\n\t\t\t\t\t\t<div class=\"elementor-container elementor-column-gap-default\">\n\t\t\t\t\t<div class=\"elementor-column elementor-col-50 elementor-inner-column elementor-element elementor-element-65aff90\" data-id=\"65aff90\" data-element_type=\"column\" data-e-type=\"column\">\n\t\t\t<div class=\"elementor-widget-wrap elementor-element-populated\">\n\t\t\t\t\t\t<div class=\"elementor-element elementor-element-c895301 hfe-nav-menu__breakpoint-none hfe-nav-menu__align-left hfe-submenu-icon-arrow hfe-submenu-animation-none hfe-link-redirect-child elementor-widget elementor-widget-navigation-menu\" data-id=\"c895301\" data-element_type=\"widget\" data-e-type=\"widget\" data-settings=\"{&quot;padding_horizontal_menu_item&quot;:{&quot;unit&quot;:&quot;px&quot;,&quot;size&quot;:15,&quot;sizes&quot;:[]},&quot;padding_horizontal_menu_item_tablet&quot;:{&quot;unit&quot;:&quot;px&quot;,&quot;size&quot;:&quot;&quot;,&quot;sizes&quot;:[]},&quot;padding_horizontal_menu_item_mobile&quot;:{&quot;unit&quot;:&quot;px&quot;,&quot;size&quot;:&quot;&quot;,&quot;sizes&quot;:[]},&quot;padding_vertical_menu_item&quot;:{&quot;unit&quot;:&quot;px&quot;,&quot;size&quot;:15,&quot;sizes&quot;:[]},&quot;padding_vertical_menu_item_tablet&quot;:{&quot;unit&quot;:&quot;px&quot;,&quot;size&quot;:&quot;&quot;,&quot;sizes&quot;:[]},&quot;padding_vertical_menu_item_mobile&quot;:{&quot;unit&quot;:&quot;px&quot;,&quot;size&quot;:&quot;&quot;,&quot;sizes&quot;:[]},&quot;menu_space_between&quot;:{&quot;unit&quot;:&quot;px&quot;,&quot;size&quot;:&quot;&quot;,&quot;sizes&quot;:[]},&quot;menu_space_between_tablet&quot;:{&quot;unit&quot;:&quot;px&quot;,&quot;size&quot;:&quot;&quot;,&quot;sizes&quot;:[]},&quot;menu_space_between_mobile&quot;:{&quot;unit&quot;:&quot;px&quot;,&quot;size&quot;:&quot;&quot;,&quot;sizes&quot;:[]},&quot;menu_row_space&quot;:{&quot;unit&quot;:&quot;px&quot;,&quot;size&quot;:&quot;&quot;,&quot;sizes&quot;:[]},&quot;menu_row_space_tablet&quot;:{&quot;unit&quot;:&quot;px&quot;,&quot;size&quot;:&quot;&quot;,&quot;sizes&quot;:[]},&quot;menu_row_space_mobile&quot;:{&quot;unit&quot;:&quot;px&quot;,&quot;size&quot;:&quot;&quot;,&quot;sizes&quot;:[]},&quot;dropdown_border_radius&quot;:{&quot;unit&quot;:&quot;px&quot;,&quot;top&quot;:&quot;&quot;,&quot;right&quot;:&quot;&quot;,&quot;bottom&quot;:&quot;&quot;,&quot;left&quot;:&quot;&quot;,&quot;isLinked&quot;:true},&quot;dropdown_border_radius_tablet&quot;:{&quot;unit&quot;:&quot;px&quot;,&quot;top&quot;:&quot;&quot;,&quot;right&quot;:&quot;&quot;,&quot;bottom&quot;:&quot;&quot;,&quot;left&quot;:&quot;&quot;,&quot;isLinked&quot;:true},&quot;dropdown_border_radius_mobile&quot;:{&quot;unit&quot;:&quot;px&quot;,&quot;top&quot;:&quot;&quot;,&quot;right&quot;:&quot;&quot;,&quot;bottom&quot;:&quot;&quot;,&quot;left&quot;:&quot;&quot;,&quot;isLinked&quot;:true},&quot;width_dropdown_item&quot;:{&quot;unit&quot;:&quot;px&quot;,&quot;size&quot;:&quot;220&quot;,&quot;sizes&quot;:[]},&quot;width_dropdown_item_tablet&quot;:{&quot;unit&quot;:&quot;px&quot;,&quot;size&quot;:&quot;&quot;,&quot;sizes&quot;:[]},&quot;width_dropdown_item_mobile&quot;:{&quot;unit&quot;:&quot;px&quot;,&quot;size&quot;:&quot;&quot;,&quot;sizes&quot;:[]},&quot;padding_horizontal_dropdown_item&quot;:{&quot;unit&quot;:&quot;px&quot;,&quot;size&quot;:&quot;&quot;,&quot;sizes&quot;:[]},&quot;padding_horizontal_dropdown_item_tablet&quot;:{&quot;unit&quot;:&quot;px&quot;,&quot;size&quot;:&quot;&quot;,&quot;sizes&quot;:[]},&quot;padding_horizontal_dropdown_item_mobile&quot;:{&quot;unit&quot;:&quot;px&quot;,&quot;size&quot;:&quot;&quot;,&quot;sizes&quot;:[]},&quot;padding_vertical_dropdown_item&quot;:{&quot;unit&quot;:&quot;px&quot;,&quot;size&quot;:15,&quot;sizes&quot;:[]},&quot;padding_vertical_dropdown_item_tablet&quot;:{&quot;unit&quot;:&quot;px&quot;,&quot;size&quot;:&quot;&quot;,&quot;sizes&quot;:[]},&quot;padding_vertical_dropdown_item_mobile&quot;:{&quot;unit&quot;:&quot;px&quot;,&quot;size&quot;:&quot;&quot;,&quot;sizes&quot;:[]},&quot;distance_from_menu&quot;:{&quot;unit&quot;:&quot;px&quot;,&quot;size&quot;:&quot;&quot;,&quot;sizes&quot;:[]},&quot;distance_from_menu_tablet&quot;:{&quot;unit&quot;:&quot;px&quot;,&quot;size&quot;:&quot;&quot;,&quot;sizes&quot;:[]},&quot;distance_from_menu_mobile&quot;:{&quot;unit&quot;:&quot;px&quot;,&quot;size&quot;:&quot;&quot;,&quot;sizes&quot;:[]},&quot;toggle_size&quot;:{&quot;unit&quot;:&quot;px&quot;,&quot;size&quot;:&quot;&quot;,&quot;sizes&quot;:[]},&quot;toggle_size_tablet&quot;:{&quot;unit&quot;:&quot;px&quot;,&quot;size&quot;:&quot;&quot;,&quot;sizes&quot;:[]},&quot;toggle_size_mobile&quot;:{&quot;unit&quot;:&quot;px&quot;,&quot;size&quot;:&quot;&quot;,&quot;sizes&quot;:[]},&quot;toggle_border_width&quot;:{&quot;unit&quot;:&quot;px&quot;,&quot;size&quot;:&quot;&quot;,&quot;sizes&quot;:[]},&quot;toggle_border_width_tablet&quot;:{&quot;unit&quot;:&quot;px&quot;,&quot;size&quot;:&quot;&quot;,&quot;sizes&quot;:[]},&quot;toggle_border_width_mobile&quot;:{&quot;unit&quot;:&quot;px&quot;,&quot;size&quot;:&quot;&quot;,&quot;sizes&quot;:[]},&quot;toggle_border_radius&quot;:{&quot;unit&quot;:&quot;px&quot;,&quot;size&quot;:&quot;&quot;,&quot;sizes&quot;:[]},&quot;toggle_border_radius_tablet&quot;:{&quot;unit&quot;:&quot;px&quot;,&quot;size&quot;:&quot;&quot;,&quot;sizes&quot;:[]},&quot;toggle_border_radius_mobile&quot;:{&quot;unit&quot;:&quot;px&quot;,&quot;size&quot;:&quot;&quot;,&quot;sizes&quot;:[]}}\" data-widget_type=\"navigation-menu.default\">\n\t\t\t\t<div class=\"elementor-widget-container\">\n\t\t\t\t\t\t\t\t<div class=\"hfe-nav-menu hfe-layout-horizontal hfe-nav-menu-layout horizontal hfe-pointer__none\" data-layout=\"horizontal\">\n\t\t\t\t<div role=\"button\" class=\"hfe-nav-menu__toggle elementor-clickable\" tabindex=\"0\" aria-label=\"Menu Basculer\">\n\t\t\t\t\t<span class=\"screen-reader-text\">Menu<\/span>\n\t\t\t\t\t<div class=\"hfe-nav-menu-icon\">\n\t\t\t\t\t\t\t\t\t\t\t<\/div>\n\t\t\t\t<\/div>\n\t\t\t\t<nav class=\"hfe-nav-menu__layout-horizontal hfe-nav-menu__submenu-arrow\" data-toggle-icon=\"\" data-close-icon=\"\" data-full-width=\"\">\n\t\t\t\t\t<ul id=\"menu-1-c895301\" class=\"hfe-nav-menu\"><li id=\"menu-item-6609\" class=\"menu-item menu-item-type-post_type menu-item-object-page parent hfe-creative-menu\"><a href=\"https:\/\/festival262.com\/fr\/privacy-policy\/\" class = \"hfe-menu-item\">Politique de confidentialit\u00e9<\/a><\/li>\n<li id=\"menu-item-6610\" class=\"menu-item menu-item-type-post_type menu-item-object-page parent hfe-creative-menu\"><a href=\"https:\/\/festival262.com\/fr\/terms-of-service\/\" class = \"hfe-menu-item\">Conditions d'utilisation<\/a><\/li>\n<li id=\"menu-item-6611\" class=\"menu-item menu-item-type-post_type menu-item-object-page parent hfe-creative-menu\"><a href=\"https:\/\/festival262.com\/fr\/competition-rules-terms-of-entry\/\" class = \"hfe-menu-item\">R\u00e8gles du concours &amp; Conditions d'entr\u00e9e<\/a><\/li>\n<\/ul> \n\t\t\t\t<\/nav>\n\t\t\t<\/div>\n\t\t\t\t\t\t\t<\/div>\n\t\t\t\t<\/div>\n\t\t\t\t\t<\/div>\n\t\t<\/div>\n\t\t\t\t<div class=\"elementor-column elementor-col-50 elementor-inner-column elementor-element elementor-element-e840057\" data-id=\"e840057\" data-element_type=\"column\" data-e-type=\"column\">\n\t\t\t<div class=\"elementor-widget-wrap elementor-element-populated\">\n\t\t\t\t\t\t<div class=\"elementor-element elementor-element-c368a16 footer-soc-icon elementor-shape-circle e-grid-align-right e-grid-align-mobile-center elementor-grid-0 elementor-widget elementor-widget-social-icons\" data-id=\"c368a16\" data-element_type=\"widget\" data-e-type=\"widget\" data-widget_type=\"social-icons.default\">\n\t\t\t\t<div class=\"elementor-widget-container\">\n\t\t\t\t\t\t\t<div class=\"elementor-social-icons-wrapper elementor-grid\" role=\"list\">\n\t\t\t\t\t\t\t<span class=\"elementor-grid-item\" role=\"listitem\">\n\t\t\t\t\t<a class=\"elementor-icon elementor-social-icon elementor-social-icon-instagram elementor-repeater-item-a3788bb\" href=\"https:\/\/www.instagram.com\/festival.262\" target=\"_blank\">\n\t\t\t\t\t\t<span class=\"elementor-screen-only\">Instagram<\/span>\n\t\t\t\t\t\t<i aria-hidden=\"true\" class=\"fab fa-instagram\"><\/i>\t\t\t\t\t<\/a>\n\t\t\t\t<\/span>\n\t\t\t\t\t\t\t<span class=\"elementor-grid-item\" role=\"listitem\">\n\t\t\t\t\t<a class=\"elementor-icon elementor-social-icon elementor-social-icon-linkedin elementor-repeater-item-0a1b6fe\" href=\"https:\/\/www.linkedin.com\/company\/associacao-f-sos-fotografia-solidariedade-e-obras-sociais\/\" target=\"_blank\">\n\t\t\t\t\t\t<span class=\"elementor-screen-only\">Linkedin<\/span>\n\t\t\t\t\t\t<i aria-hidden=\"true\" class=\"fab fa-linkedin\"><\/i>\t\t\t\t\t<\/a>\n\t\t\t\t<\/span>\n\t\t\t\t\t\t\t<span class=\"elementor-grid-item\" role=\"listitem\">\n\t\t\t\t\t<a class=\"elementor-icon elementor-social-icon elementor-social-icon-youtube elementor-repeater-item-f3c97f5\" href=\"https:\/\/www.youtube.com\/@F262PhotographyFestival\" target=\"_blank\">\n\t\t\t\t\t\t<span class=\"elementor-screen-only\">Youtube<\/span>\n\t\t\t\t\t\t<i aria-hidden=\"true\" class=\"fab fa-youtube\"><\/i>\t\t\t\t\t<\/a>\n\t\t\t\t<\/span>\n\t\t\t\t\t<\/div>\n\t\t\t\t\t\t<\/div>\n\t\t\t\t<\/div>\n\t\t\t\t\t<\/div>\n\t\t<\/div>\n\t\t\t\t\t<\/div>\n\t\t<\/section>\n\t\t\t\t<div class=\"elementor-section elementor-inner-section elementor-element elementor-element-21d4a88 elementor-section-boxed elementor-section-height-default elementor-section-height-default\" data-id=\"21d4a88\" data-element_type=\"section\" data-e-type=\"section\">\n\t\t\t\t\t\t<div class=\"elementor-container elementor-column-gap-no\">\n\t\t\t\t\t<div class=\"elementor-column elementor-col-100 elementor-inner-column elementor-element elementor-element-37fbc21\" data-id=\"37fbc21\" data-element_type=\"column\" data-e-type=\"column\">\n\t\t\t<div class=\"elementor-widget-wrap elementor-element-populated\">\n\t\t\t\t\t\t<div class=\"elementor-element elementor-element-fe6ceda copyright-footer elementor-widget elementor-widget-text-editor\" data-id=\"fe6ceda\" data-element_type=\"widget\" data-e-type=\"widget\" data-widget_type=\"text-editor.default\">\n\t\t\t\t<div class=\"elementor-widget-container\">\n\t\t\t\t\t\t\t\t\t<p>\u00a92026 F\/262 \u2013 Festival Internacional de Fotografia<br \/>Produit par <a href=\"https:\/\/www.f-sos.org\" target=\"_blank\" rel=\"noopener\">Associa\u00e7\u00e3o F\/SOS \u2013 Fotografia, Solidariedade e Obras Sociais<\/a><\/p>\t\t\t\t\t\t\t\t<\/div>\n\t\t\t\t<\/div>\n\t\t\t\t\t<\/div>\n\t\t<\/div>\n\t\t\t\t\t<\/div>\n\t\t<\/div>\n\t\t\t\t\t<\/div>\n\t\t<\/div>\n\t\t\t\t\t<\/div>\n\t\t<\/div>\n\t\t\t\t<\/div>\n\t\t<\/div>\n\t\t\t\t\t\t<\/div>\n\t\t\t\t<\/div>\n\t\t\t\t\t<\/div>\n\t\t<\/div>\n\t\t\t\t\t<\/div>\n\t\t<\/section>\n\t\t\t\t<\/div>","protected":false},"excerpt":{"rendered":"<p>Terms of Service Overview This website is operated by F\/262 \u2013 Festival Internacional de Fotografia, organized by Associa\u00e7\u00e3o F\/SOS \u2013 Fotografia, Solidariedade e Obras Sociais (\u201cwe\u201d, \u201cus\u201d, or \u201cour\u201d). By accessing or using https:\/\/festival262.com (the \u201cSite\u201d), including browsing content, submitting open calls, registering for events, workshops, volunteering programs, newsletters, or contacting us, you agree to [&hellip;]<\/p>","protected":false},"author":6,"featured_media":0,"parent":0,"menu_order":0,"comment_status":"closed","ping_status":"closed","template":"","meta":{"_acf_changed":false,"footnotes":""},"class_list":["post-5486","page","type-page","status-publish","hentry"],"acf":[],"yoast_head":"<!-- This site is optimized with the Yoast SEO plugin v27.5 - https:\/\/yoast.com\/product\/yoast-seo-wordpress\/ -->\n<title>Terms of Service - F\/262 Festival Internacional de Fotografia<\/title>\n<meta name=\"robots\" content=\"index, follow, max-snippet:-1, max-image-preview:large, max-video-preview:-1\" \/>\n<link rel=\"canonical\" href=\"https:\/\/festival262.com\/fr\/terms-of-service\/\" \/>\n<meta property=\"og:locale\" content=\"fr_FR\" \/>\n<meta property=\"og:type\" content=\"article\" \/>\n<meta property=\"og:title\" content=\"Terms of Service - F\/262 Festival Internacional de Fotografia\" \/>\n<meta property=\"og:description\" content=\"Terms of Service Overview This website is operated by F\/262 \u2013 Festival Internacional de Fotografia, organized by Associa\u00e7\u00e3o F\/SOS \u2013 Fotografia, Solidariedade e Obras Sociais (\u201cwe\u201d, \u201cus\u201d, or \u201cour\u201d). By accessing or using https:\/\/festival262.com (the \u201cSite\u201d), including browsing content, submitting open calls, registering for events, workshops, volunteering programs, newsletters, or contacting us, you agree to [&hellip;]\" \/>\n<meta property=\"og:url\" content=\"https:\/\/festival262.com\/fr\/terms-of-service\/\" \/>\n<meta property=\"og:site_name\" content=\"F\/262 Festival Internacional de Fotografia\" \/>\n<meta property=\"article:modified_time\" content=\"2026-01-01T20:02:03+00:00\" \/>\n<meta property=\"og:image\" content=\"https:\/\/festival262.com\/wp-content\/uploads\/2025\/07\/ChatGPT-Image-Jul-31-2025-12_20_31-AM.png\" \/>\n\t<meta property=\"og:image:width\" content=\"1024\" \/>\n\t<meta property=\"og:image:height\" content=\"1024\" \/>\n\t<meta property=\"og:image:type\" content=\"image\/png\" \/>\n<meta name=\"twitter:card\" content=\"summary_large_image\" \/>\n<meta name=\"twitter:label1\" content=\"Dur\u00e9e de lecture estim\u00e9e\" \/>\n\t<meta name=\"twitter:data1\" content=\"4 minutes\" \/>\n<script type=\"application\/ld+json\" class=\"yoast-schema-graph\">{\"@context\":\"https:\\\/\\\/schema.org\",\"@graph\":[{\"@type\":\"WebPage\",\"@id\":\"https:\\\/\\\/festival262.com\\\/terms-of-service\\\/\",\"url\":\"https:\\\/\\\/festival262.com\\\/terms-of-service\\\/\",\"name\":\"Terms of Service - F\\\/262 Festival Internacional de Fotografia\",\"isPartOf\":{\"@id\":\"https:\\\/\\\/festival262.com\\\/#website\"},\"datePublished\":\"2026-01-01T19:24:19+00:00\",\"dateModified\":\"2026-01-01T20:02:03+00:00\",\"breadcrumb\":{\"@id\":\"https:\\\/\\\/festival262.com\\\/terms-of-service\\\/#breadcrumb\"},\"inLanguage\":\"fr-FR\",\"potentialAction\":[{\"@type\":\"ReadAction\",\"target\":[\"https:\\\/\\\/festival262.com\\\/terms-of-service\\\/\"]}]},{\"@type\":\"BreadcrumbList\",\"@id\":\"https:\\\/\\\/festival262.com\\\/terms-of-service\\\/#breadcrumb\",\"itemListElement\":[{\"@type\":\"ListItem\",\"position\":1,\"name\":\"Home\",\"item\":\"https:\\\/\\\/festival262.com\\\/\"},{\"@type\":\"ListItem\",\"position\":2,\"name\":\"Terms of Service\"}]},{\"@type\":\"WebSite\",\"@id\":\"https:\\\/\\\/festival262.com\\\/#website\",\"url\":\"https:\\\/\\\/festival262.com\\\/\",\"name\":\"F7262 Fetsival Internacional de Fotografia\",\"description\":\"Photography as Culture, Community, and Practice\",\"publisher\":{\"@id\":\"https:\\\/\\\/festival262.com\\\/#organization\"},\"alternateName\":\"Festival262\",\"potentialAction\":[{\"@type\":\"SearchAction\",\"target\":{\"@type\":\"EntryPoint\",\"urlTemplate\":\"https:\\\/\\\/festival262.com\\\/?s={search_term_string}\"},\"query-input\":{\"@type\":\"PropertyValueSpecification\",\"valueRequired\":true,\"valueName\":\"search_term_string\"}}],\"inLanguage\":\"fr-FR\"},{\"@type\":\"Organization\",\"@id\":\"https:\\\/\\\/festival262.com\\\/#organization\",\"name\":\"F\\\/262 Festival Internacional de Fotografia\",\"url\":\"https:\\\/\\\/festival262.com\\\/\",\"logo\":{\"@type\":\"ImageObject\",\"inLanguage\":\"fr-FR\",\"@id\":\"https:\\\/\\\/festival262.com\\\/#\\\/schema\\\/logo\\\/image\\\/\",\"url\":\"https:\\\/\\\/festival262.com\\\/wp-content\\\/uploads\\\/2019\\\/10\\\/cropped-f-262-icon-e-logo-scaled-1.png\",\"contentUrl\":\"https:\\\/\\\/festival262.com\\\/wp-content\\\/uploads\\\/2019\\\/10\\\/cropped-f-262-icon-e-logo-scaled-1.png\",\"width\":2558,\"height\":1048,\"caption\":\"F\\\/262 Festival Internacional de Fotografia\"},\"image\":{\"@id\":\"https:\\\/\\\/festival262.com\\\/#\\\/schema\\\/logo\\\/image\\\/\"}}]}<\/script>\n<!-- \/ Yoast SEO plugin. -->","yoast_head_json":{"title":"Terms of Service - F\/262 Festival Internacional de Fotografia","robots":{"index":"index","follow":"follow","max-snippet":"max-snippet:-1","max-image-preview":"max-image-preview:large","max-video-preview":"max-video-preview:-1"},"canonical":"https:\/\/festival262.com\/fr\/terms-of-service\/","og_locale":"fr_FR","og_type":"article","og_title":"Terms of Service - F\/262 Festival Internacional de Fotografia","og_description":"Terms of Service Overview This website is operated by F\/262 \u2013 Festival Internacional de Fotografia, organized by Associa\u00e7\u00e3o F\/SOS \u2013 Fotografia, Solidariedade e Obras Sociais (\u201cwe\u201d, \u201cus\u201d, or \u201cour\u201d). By accessing or using https:\/\/festival262.com (the \u201cSite\u201d), including browsing content, submitting open calls, registering for events, workshops, volunteering programs, newsletters, or contacting us, you agree to [&hellip;]","og_url":"https:\/\/festival262.com\/fr\/terms-of-service\/","og_site_name":"F\/262 Festival Internacional de Fotografia","article_modified_time":"2026-01-01T20:02:03+00:00","og_image":[{"width":1024,"height":1024,"url":"https:\/\/festival262.com\/wp-content\/uploads\/2025\/07\/ChatGPT-Image-Jul-31-2025-12_20_31-AM.png","type":"image\/png"}],"twitter_card":"summary_large_image","twitter_misc":{"Dur\u00e9e de lecture estim\u00e9e":"4 minutes"},"schema":{"@context":"https:\/\/schema.org","@graph":[{"@type":"WebPage","@id":"https:\/\/festival262.com\/terms-of-service\/","url":"https:\/\/festival262.com\/terms-of-service\/","name":"Terms of Service - F\/262 Festival Internacional de Fotografia","isPartOf":{"@id":"https:\/\/festival262.com\/#website"},"datePublished":"2026-01-01T19:24:19+00:00","dateModified":"2026-01-01T20:02:03+00:00","breadcrumb":{"@id":"https:\/\/festival262.com\/terms-of-service\/#breadcrumb"},"inLanguage":"fr-FR","potentialAction":[{"@type":"ReadAction","target":["https:\/\/festival262.com\/terms-of-service\/"]}]},{"@type":"BreadcrumbList","@id":"https:\/\/festival262.com\/terms-of-service\/#breadcrumb","itemListElement":[{"@type":"ListItem","position":1,"name":"Home","item":"https:\/\/festival262.com\/"},{"@type":"ListItem","position":2,"name":"Terms of Service"}]},{"@type":"WebSite","@id":"https:\/\/festival262.com\/#website","url":"https:\/\/festival262.com\/","name":"F7262 Fetsival Internacional de Fotografia","description":"Photography as Culture, Community, and Practice","publisher":{"@id":"https:\/\/festival262.com\/#organization"},"alternateName":"Festival262","potentialAction":[{"@type":"SearchAction","target":{"@type":"EntryPoint","urlTemplate":"https:\/\/festival262.com\/?s={search_term_string}"},"query-input":{"@type":"PropertyValueSpecification","valueRequired":true,"valueName":"search_term_string"}}],"inLanguage":"fr-FR"},{"@type":"Organization","@id":"https:\/\/festival262.com\/#organization","name":"F\/262 Festival Internacional de Fotografia","url":"https:\/\/festival262.com\/","logo":{"@type":"ImageObject","inLanguage":"fr-FR","@id":"https:\/\/festival262.com\/#\/schema\/logo\/image\/","url":"https:\/\/festival262.com\/wp-content\/uploads\/2019\/10\/cropped-f-262-icon-e-logo-scaled-1.png","contentUrl":"https:\/\/festival262.com\/wp-content\/uploads\/2019\/10\/cropped-f-262-icon-e-logo-scaled-1.png","width":2558,"height":1048,"caption":"F\/262 Festival Internacional de Fotografia"},"image":{"@id":"https:\/\/festival262.com\/#\/schema\/logo\/image\/"}}]}},"_links":{"self":[{"href":"https:\/\/festival262.com\/fr\/wp-json\/wp\/v2\/pages\/5486","targetHints":{"allow":["GET"]}}],"collection":[{"href":"https:\/\/festival262.com\/fr\/wp-json\/wp\/v2\/pages"}],"about":[{"href":"https:\/\/festival262.com\/fr\/wp-json\/wp\/v2\/types\/page"}],"author":[{"embeddable":true,"href":"https:\/\/festival262.com\/fr\/wp-json\/wp\/v2\/users\/6"}],"replies":[{"embeddable":true,"href":"https:\/\/festival262.com\/fr\/wp-json\/wp\/v2\/comments?post=5486"}],"version-history":[{"count":0,"href":"https:\/\/festival262.com\/fr\/wp-json\/wp\/v2\/pages\/5486\/revisions"}],"wp:attachment":[{"href":"https:\/\/festival262.com\/fr\/wp-json\/wp\/v2\/media?parent=5486"}],"curies":[{"name":"wp","href":"https:\/\/api.w.org\/{rel}","templated":true}]}}