{"id":5114,"date":"2025-11-14T10:51:32","date_gmt":"2025-11-14T10:51:32","guid":{"rendered":"https:\/\/festival262.com\/?page_id=5114"},"modified":"2025-11-14T12:29:44","modified_gmt":"2025-11-14T12:29:44","slug":"f-262-curated-open-call","status":"publish","type":"page","link":"https:\/\/festival262.com\/fr\/f-262-curated-open-call\/","title":{"rendered":"F\/262 Appel ouvert organis\u00e9"},"content":{"rendered":"<div data-elementor-type=\"wp-page\" data-elementor-id=\"5114\" class=\"elementor elementor-5114\">\n\t\t\t\t\t\t<section class=\"elementor-section elementor-top-section elementor-element elementor-element-d2301f2 elementor-section-boxed elementor-section-height-default elementor-section-height-default\" data-id=\"d2301f2\" data-element_type=\"section\" data-e-type=\"section\">\n\t\t\t\t\t\t<div class=\"elementor-container elementor-column-gap-default\">\n\t\t\t\t\t<div class=\"elementor-column elementor-col-100 elementor-top-column elementor-element elementor-element-19a3cea\" data-id=\"19a3cea\" data-element_type=\"column\" data-e-type=\"column\">\n\t\t\t<div class=\"elementor-widget-wrap elementor-element-populated\">\n\t\t\t\t\t\t<div class=\"elementor-element elementor-element-625ab82 elementor-widget elementor-widget-heading\" data-id=\"625ab82\" data-element_type=\"widget\" data-e-type=\"widget\" data-widget_type=\"heading.default\">\n\t\t\t\t<div class=\"elementor-widget-container\">\n\t\t\t\t\t<h2 class=\"elementor-heading-title elementor-size-default\">F\/262 Appel ouvert organis\u00e9<\/h2>\t\t\t\t<\/div>\n\t\t\t\t<\/div>\n\t\t\t\t<div class=\"elementor-element elementor-element-56da5db elementor-widget elementor-widget-text-editor\" data-id=\"56da5db\" data-element_type=\"widget\" data-e-type=\"widget\" data-widget_type=\"text-editor.default\">\n\t\t\t\t<div class=\"elementor-widget-container\">\n\t\t\t\t\t\t\t\t\t<p>Du projet \u00e0 l'exposition. De l'id\u00e9e \u00e0 l'espace public..<\/p>\t\t\t\t\t\t\t\t<\/div>\n\t\t\t\t<\/div>\n\t\t\t\t\t<\/div>\n\t\t<\/div>\n\t\t\t\t\t<\/div>\n\t\t<\/section>\n\t\t\t\t<section class=\"elementor-section elementor-top-section elementor-element elementor-element-1a14dda elementor-section-boxed elementor-section-height-default elementor-section-height-default\" data-id=\"1a14dda\" data-element_type=\"section\" data-e-type=\"section\">\n\t\t\t\t\t\t<div class=\"elementor-container elementor-column-gap-default\">\n\t\t\t\t\t<div class=\"elementor-column elementor-col-100 elementor-top-column elementor-element elementor-element-c9b221f\" data-id=\"c9b221f\" data-element_type=\"column\" data-e-type=\"column\">\n\t\t\t<div class=\"elementor-widget-wrap elementor-element-populated\">\n\t\t\t\t\t\t<div class=\"elementor-element elementor-element-3ca3156 elementor-widget elementor-widget-text-editor\" data-id=\"3ca3156\" data-element_type=\"widget\" data-e-type=\"widget\" data-widget_type=\"text-editor.default\">\n\t\t\t\t<div class=\"elementor-widget-container\">\n\t\t\t\t\t\t\t\t\t<p>\u00c0 propos de l'appel ouvert<\/p>\t\t\t\t\t\t\t\t<\/div>\n\t\t\t\t<\/div>\n\t\t\t\t\t<\/div>\n\t\t<\/div>\n\t\t\t\t\t<\/div>\n\t\t<\/section>\n\t\t\t\t<section class=\"elementor-section elementor-top-section elementor-element elementor-element-dece68c elementor-section-boxed elementor-section-height-default elementor-section-height-default\" data-id=\"dece68c\" data-element_type=\"section\" data-e-type=\"section\">\n\t\t\t\t\t\t<div class=\"elementor-container elementor-column-gap-default\">\n\t\t\t\t\t<div class=\"elementor-column elementor-col-50 elementor-top-column elementor-element elementor-element-7026a7f\" data-id=\"7026a7f\" data-element_type=\"column\" data-e-type=\"column\">\n\t\t\t<div class=\"elementor-widget-wrap elementor-element-populated\">\n\t\t\t\t\t\t<div class=\"elementor-element elementor-element-85ac2c2 elementor-widget elementor-widget-text-editor\" data-id=\"85ac2c2\" data-element_type=\"widget\" data-e-type=\"widget\" data-widget_type=\"text-editor.default\">\n\t\t\t\t<div class=\"elementor-widget-container\">\n\t\t\t\t\t\t\t\t\t<p data-start=\"351\" data-end=\"520\">Le<strong> F\/262 Appel ouvert organis\u00e9<\/strong> invite les photographes, les artistes et les conteurs visuels \u00e0 soumettre un corpus complet de travaux pour examen dans les expositions du festival 2026.<\/p><p data-start=\"522\" data-end=\"799\">Nous recherchons des r\u00e9cits visuels forts qui parlent de questions contemporaines, d'histoires personnelles, d'identit\u00e9 culturelle ou d'approches exp\u00e9rimentales. Les projets s\u00e9lectionn\u00e9s feront partie des expositions int\u00e9rieures, des publications et des programmes d\u2019artistes du festival \u00e0 Caldas da Rainha.<\/p><p data-start=\"801\" data-end=\"957\"><strong>Ce n'est pas une comp\u00e9tition.<\/strong><br data-start=\"827\" data-end=\"830\" \/><strong>Il n'y a pas de prix, de classements ou de r\u00e9compenses.<\/strong><br data-start=\"871\" data-end=\"874\" \/><strong>La s\u00e9lection est bas\u00e9e uniquement sur le m\u00e9rite artistique, l'originalit\u00e9 et la pertinence curatoriale.<\/strong><\/p><p data-start=\"959\" data-end=\"1085\"><strong>Tous les genres sont les bienvenus: beaux-arts, documentaire, portrait, pratique conceptuelle, exp\u00e9rimentale, cross-m\u00e9dia ou interdisciplinaire.<\/strong><\/p>\t\t\t\t\t\t\t\t<\/div>\n\t\t\t\t<\/div>\n\t\t\t\t<div class=\"elementor-element elementor-element-2235911 elementor-widget elementor-widget-heading\" data-id=\"2235911\" data-element_type=\"widget\" data-e-type=\"widget\" data-widget_type=\"heading.default\">\n\t\t\t\t<div class=\"elementor-widget-container\">\n\t\t\t\t\t<h4 class=\"elementor-heading-title elementor-size-default\">Que soumettre<\/h4>\t\t\t\t<\/div>\n\t\t\t\t<\/div>\n\t\t\t\t<div class=\"elementor-element elementor-element-427656a elementor-widget elementor-widget-text-editor\" data-id=\"427656a\" data-element_type=\"widget\" data-e-type=\"widget\" data-widget_type=\"text-editor.default\">\n\t\t\t\t<div class=\"elementor-widget-container\">\n\t\t\t\t\t\t\t\t\t<p data-start=\"1116\" data-end=\"1145\">Chaque soumission doit inclure:<\/p><p data-start=\"1147\" data-end=\"1367\">\u2022 <strong data-start=\"1149\" data-end=\"1168\">10 \u00e0 20 images<\/strong> (JPEG, sRGB, max 5MB chacun)<br data-start=\"1195\" data-end=\"1198\" \/>\u2022 <strong data-start=\"1200\" data-end=\"1217\">Intitul\u00e9 du projet<\/strong><br data-start=\"1217\" data-end=\"1220\" \/>\u2022 <strong data-start=\"1222\" data-end=\"1243\">D\u00e9claration de projet<\/strong> (200 \u00e0 500 mots)<br data-start=\"1259\" data-end=\"1262\" \/>\u2022 <strong data-start=\"1264\" data-end=\"1278\">Biographie de l'artiste<\/strong> (100 \u00e0 300 mots)<br data-start=\"1294\" data-end=\"1297\" \/>\u2022 Facultatif: <strong data-start=\"1309\" data-end=\"1367\">vid\u00e9o, audio, proposition d'installation ou travail sur le Web<\/strong><\/p><p data-start=\"1369\" data-end=\"1511\">Les projets doivent \u00eatre coh\u00e9rents sur les plans conceptuel et visuel.<br data-start=\"1422\" data-end=\"1425\" \/>Les \u0153uvres en cours sont accept\u00e9es tant qu'elles peuvent \u00eatre pr\u00eates \u00e0 \u00eatre expos\u00e9es d'ici l'\u00e9t\u00e9 2026.<\/p>\t\t\t\t\t\t\t\t<\/div>\n\t\t\t\t<\/div>\n\t\t\t\t\t<\/div>\n\t\t<\/div>\n\t\t\t\t<div class=\"elementor-column elementor-col-50 elementor-top-column elementor-element elementor-element-e11cf19\" data-id=\"e11cf19\" data-element_type=\"column\" data-e-type=\"column\">\n\t\t\t<div class=\"elementor-widget-wrap elementor-element-populated\">\n\t\t\t\t\t\t<div class=\"elementor-element elementor-element-2b50073 elementor-widget elementor-widget-image\" data-id=\"2b50073\" data-element_type=\"widget\" data-e-type=\"widget\" data-widget_type=\"image.default\">\n\t\t\t\t<div class=\"elementor-widget-container\">\n\t\t\t\t\t\t\t\t\t\t\t\t\t\t\t<img fetchpriority=\"high\" decoding=\"async\" width=\"1024\" height=\"683\" src=\"https:\/\/festival262.com\/wp-content\/uploads\/2025\/08\/ChatGPT-Image-Aug-1-2025-10_11_23-PM-1024x683.png\" class=\"attachment-large size-large wp-image-3044\" alt=\"\" srcset=\"https:\/\/festival262.com\/wp-content\/uploads\/2025\/08\/ChatGPT-Image-Aug-1-2025-10_11_23-PM-1024x683.png 1024w, https:\/\/festival262.com\/wp-content\/uploads\/2025\/08\/ChatGPT-Image-Aug-1-2025-10_11_23-PM-600x400.png 600w, https:\/\/festival262.com\/wp-content\/uploads\/2025\/08\/ChatGPT-Image-Aug-1-2025-10_11_23-PM-300x200.png 300w, https:\/\/festival262.com\/wp-content\/uploads\/2025\/08\/ChatGPT-Image-Aug-1-2025-10_11_23-PM-768x512.png 768w, https:\/\/festival262.com\/wp-content\/uploads\/2025\/08\/ChatGPT-Image-Aug-1-2025-10_11_23-PM.png 1536w\" sizes=\"(max-width: 1024px) 100vw, 1024px\" \/>\t\t\t\t\t\t\t\t\t\t\t\t\t\t\t<\/div>\n\t\t\t\t<\/div>\n\t\t\t\t\t<\/div>\n\t\t<\/div>\n\t\t\t\t\t<\/div>\n\t\t<\/section>\n\t\t\t\t<section class=\"elementor-section elementor-top-section elementor-element elementor-element-8184b10 elementor-section-boxed elementor-section-height-default elementor-section-height-default\" data-id=\"8184b10\" data-element_type=\"section\" data-e-type=\"section\">\n\t\t\t\t\t\t<div class=\"elementor-container elementor-column-gap-default\">\n\t\t\t\t\t<div class=\"elementor-column elementor-col-50 elementor-top-column elementor-element elementor-element-0b115b4\" data-id=\"0b115b4\" data-element_type=\"column\" data-e-type=\"column\">\n\t\t\t<div class=\"elementor-widget-wrap elementor-element-populated\">\n\t\t\t\t\t\t<div class=\"elementor-element elementor-element-d80287a elementor-widget elementor-widget-heading\" data-id=\"d80287a\" data-element_type=\"widget\" data-e-type=\"widget\" data-widget_type=\"heading.default\">\n\t\t\t\t<div class=\"elementor-widget-container\">\n\t\t\t\t\t<h4 class=\"elementor-heading-title elementor-size-default\">Faits saillants<\/h4>\t\t\t\t<\/div>\n\t\t\t\t<\/div>\n\t\t\t\t<div class=\"elementor-element elementor-element-a7630c1 elementor-widget elementor-widget-text-editor\" data-id=\"a7630c1\" data-element_type=\"widget\" data-e-type=\"widget\" data-widget_type=\"text-editor.default\">\n\t\t\t\t<div class=\"elementor-widget-container\">\n\t\t\t\t\t\t\t\t\t<p data-start=\"1537\" data-end=\"1745\">\ud83d\udcc5 <strong data-start=\"1540\" data-end=\"1561\">Soumissions ouvertes:<\/strong> Dates \u00e0 annoncer<br data-start=\"1583\" data-end=\"1586\" \/>\u23f3 <strong data-start=\"1588\" data-end=\"1601\">Date limite:<\/strong> 25 f\u00e9vrier 2026<br data-start=\"1618\" data-end=\"1621\" \/>\ud83d\udce3 <strong data-start=\"1624\" data-end=\"1654\">S\u00e9lection finale annonc\u00e9e:<\/strong> avril 2026<br data-start=\"1665\" data-end=\"1668\" \/>\ud83d\uddbc\ufe0f <strong data-start=\"1672\" data-end=\"1697\">Expositions du festival:<\/strong> \u00c9t\u00e9 2026<br data-start=\"1709\" data-end=\"1712\" \/>\ud83d\udcb6 <strong data-start=\"1715\" data-end=\"1729\">Frais d'entr\u00e9e:<\/strong> 45 \u20ac par projet<\/p><p data-start=\"1747\" data-end=\"1954\"><strong data-start=\"1747\" data-end=\"1791\">R\u00e9ductions ou dispenses de frais disponibles pour:<\/strong><br data-start=\"1791\" data-end=\"1794\" \/>\u2022 Artistes de moins de 25 ans<br data-start=\"1812\" data-end=\"1815\" \/>\u2022 Candidats de r\u00e9gions ou de communaut\u00e9s sous-repr\u00e9sent\u00e9es<br data-start=\"1872\" data-end=\"1875\" \/>\u2022 Groupes d'\u00e9tudiants ou institutions \u00e0 but non lucratif v\u00e9rifi\u00e9s (demander avant de soumettre)<\/p>\t\t\t\t\t\t\t\t<\/div>\n\t\t\t\t<\/div>\n\t\t\t\t\t<\/div>\n\t\t<\/div>\n\t\t\t\t<div class=\"elementor-column elementor-col-50 elementor-top-column elementor-element elementor-element-950708a\" data-id=\"950708a\" data-element_type=\"column\" data-e-type=\"column\">\n\t\t\t<div class=\"elementor-widget-wrap elementor-element-populated\">\n\t\t\t\t\t\t<div class=\"elementor-element elementor-element-6c5642a elementor-widget elementor-widget-heading\" data-id=\"6c5642a\" data-element_type=\"widget\" data-e-type=\"widget\" data-widget_type=\"heading.default\">\n\t\t\t\t<div class=\"elementor-widget-container\">\n\t\t\t\t\t<h4 class=\"elementor-heading-title elementor-size-default\">Format de l'exposition<\/h4>\t\t\t\t<\/div>\n\t\t\t\t<\/div>\n\t\t\t\t<div class=\"elementor-element elementor-element-22e3a9f elementor-widget elementor-widget-text-editor\" data-id=\"22e3a9f\" data-element_type=\"widget\" data-e-type=\"widget\" data-widget_type=\"text-editor.default\">\n\t\t\t\t<div class=\"elementor-widget-container\">\n\t\t\t\t\t\t\t\t\t<p data-start=\"1988\" data-end=\"2014\"><strong>Les projets s\u00e9lectionn\u00e9s seront:<\/strong><\/p><p data-start=\"2016\" data-end=\"2438\">\u2022 Expos\u00e9 dans des lieux culturels int\u00e9rieurs tels que des mus\u00e9es, des galeries et des espaces civiques<br data-start=\"2098\" data-end=\"2101\" \/>\u2022 Pr\u00e9sent\u00e9 avec le texte int\u00e9gral du cr\u00e9dit et du mur d\u00e9velopp\u00e9 en consultation avec l'artiste<br data-start=\"2185\" data-end=\"2188\" \/>\u2022 Inclus dans le guide officiel du festival et les listes d'artistes<br data-start=\"2249\" data-end=\"2252\" \/>\u2022 Promu sur les canaux de communication F\/262, les partenaires de presse et les r\u00e9seaux de photographie<br data-start=\"2340\" data-end=\"2343\" \/>\u2022 Consid\u00e9r\u00e9 pour des programmes de festival suppl\u00e9mentaires tels que des conf\u00e9rences, des critiques ou des fonctionnalit\u00e9s de publication<\/p><p data-start=\"2440\" data-end=\"2493\">Tous les co\u00fbts de production des expositions sont couverts par le document F\/262.<\/p><p data-start=\"1695\" data-end=\"1987\">\u00a0<\/p>\t\t\t\t\t\t\t\t<\/div>\n\t\t\t\t<\/div>\n\t\t\t\t\t<\/div>\n\t\t<\/div>\n\t\t\t\t\t<\/div>\n\t\t<\/section>\n\t\t\t\t<section class=\"elementor-section elementor-top-section elementor-element elementor-element-400ab93 elementor-section-boxed elementor-section-height-default elementor-section-height-default\" data-id=\"400ab93\" data-element_type=\"section\" data-e-type=\"section\">\n\t\t\t\t\t\t<div class=\"elementor-container elementor-column-gap-default\">\n\t\t\t\t\t<div class=\"elementor-column elementor-col-50 elementor-top-column elementor-element elementor-element-c4fa803\" data-id=\"c4fa803\" data-element_type=\"column\" data-e-type=\"column\">\n\t\t\t<div class=\"elementor-widget-wrap elementor-element-populated\">\n\t\t\t\t\t\t<div class=\"elementor-element elementor-element-da5d1a8 elementor-widget elementor-widget-heading\" data-id=\"da5d1a8\" data-element_type=\"widget\" data-e-type=\"widget\" data-widget_type=\"heading.default\">\n\t\t\t\t<div class=\"elementor-widget-container\">\n\t\t\t\t\t<h4 class=\"elementor-heading-title elementor-size-default\">Comment soumettre<\/h4>\t\t\t\t<\/div>\n\t\t\t\t<\/div>\n\t\t\t\t<div class=\"elementor-element elementor-element-9406e1c elementor-widget elementor-widget-text-editor\" data-id=\"9406e1c\" data-element_type=\"widget\" data-e-type=\"widget\" data-widget_type=\"text-editor.default\">\n\t\t\t\t<div class=\"elementor-widget-container\">\n\t\t\t\t\t\t\t\t\t<p data-start=\"2523\" data-end=\"2594\">Toutes les soumissions doivent \u00eatre compl\u00e9t\u00e9es via la plateforme en ligne officielle.<\/p><p data-start=\"2646\" data-end=\"2719\">Les soumissions envoy\u00e9es par e-mail, WeTransfer ou Dropbox ne seront pas prises en compte.<\/p><p data-start=\"2596\" data-end=\"2644\">\u2192 <strong data-start=\"2598\" data-end=\"2644\">Soumettez votre projet via [lien \u00e0 venir]<\/strong><\/p><p data-start=\"2646\" data-end=\"2719\">\u00a0<\/p>\t\t\t\t\t\t\t\t<\/div>\n\t\t\t\t<\/div>\n\t\t\t\t<div class=\"elementor-element elementor-element-4b3b8ac elementor-widget elementor-widget-button\" data-id=\"4b3b8ac\" data-element_type=\"widget\" data-e-type=\"widget\" data-widget_type=\"button.default\">\n\t\t\t\t<div class=\"elementor-widget-container\">\n\t\t\t\t\t\t\t\t\t<div class=\"elementor-button-wrapper\">\n\t\t\t\t\t<a class=\"elementor-button elementor-button-link elementor-size-sm\" href=\"#\">\n\t\t\t\t\t\t<span class=\"elementor-button-content-wrapper\">\n\t\t\t\t\t\t\t\t\t<span class=\"elementor-button-text\">lien \u00e0 venir bient\u00f4t<\/span>\n\t\t\t\t\t<\/span>\n\t\t\t\t\t<\/a>\n\t\t\t\t<\/div>\n\t\t\t\t\t\t\t\t<\/div>\n\t\t\t\t<\/div>\n\t\t\t\t\t<\/div>\n\t\t<\/div>\n\t\t\t\t<div class=\"elementor-column elementor-col-50 elementor-top-column elementor-element elementor-element-cc8ba99\" data-id=\"cc8ba99\" data-element_type=\"column\" data-e-type=\"column\">\n\t\t\t<div class=\"elementor-widget-wrap elementor-element-populated\">\n\t\t\t\t\t\t<div class=\"elementor-element elementor-element-de1b71b elementor-widget elementor-widget-image\" data-id=\"de1b71b\" data-element_type=\"widget\" data-e-type=\"widget\" data-widget_type=\"image.default\">\n\t\t\t\t<div class=\"elementor-widget-container\">\n\t\t\t\t\t\t\t\t\t\t\t\t\t\t\t<img decoding=\"async\" width=\"1024\" height=\"683\" src=\"https:\/\/festival262.com\/wp-content\/uploads\/2025\/07\/dscf0100-scaled-1-1024x683.jpg\" class=\"attachment-large size-large wp-image-3003\" alt=\"\" srcset=\"https:\/\/festival262.com\/wp-content\/uploads\/2025\/07\/dscf0100-scaled-1-1024x683.jpg 1024w, https:\/\/festival262.com\/wp-content\/uploads\/2025\/07\/dscf0100-scaled-1-600x400.jpg 600w, https:\/\/festival262.com\/wp-content\/uploads\/2025\/07\/dscf0100-scaled-1-300x200.jpg 300w, https:\/\/festival262.com\/wp-content\/uploads\/2025\/07\/dscf0100-scaled-1-768x512.jpg 768w, https:\/\/festival262.com\/wp-content\/uploads\/2025\/07\/dscf0100-scaled-1-1536x1024.jpg 1536w, https:\/\/festival262.com\/wp-content\/uploads\/2025\/07\/dscf0100-scaled-1-2048x1366.jpg 2048w\" sizes=\"(max-width: 1024px) 100vw, 1024px\" \/>\t\t\t\t\t\t\t\t\t\t\t\t\t\t\t<\/div>\n\t\t\t\t<\/div>\n\t\t\t\t\t<\/div>\n\t\t<\/div>\n\t\t\t\t\t<\/div>\n\t\t<\/section>\n\t\t\t\t<section class=\"elementor-section elementor-top-section elementor-element elementor-element-aedbd19 elementor-section-boxed elementor-section-height-default elementor-section-height-default\" data-id=\"aedbd19\" data-element_type=\"section\" data-e-type=\"section\">\n\t\t\t\t\t\t<div class=\"elementor-container elementor-column-gap-default\">\n\t\t\t\t\t<div class=\"elementor-column elementor-col-50 elementor-top-column elementor-element elementor-element-5504276\" data-id=\"5504276\" data-element_type=\"column\" data-e-type=\"column\">\n\t\t\t<div class=\"elementor-widget-wrap elementor-element-populated\">\n\t\t\t\t\t\t<div class=\"elementor-element elementor-element-c2d8ef4 elementor-widget elementor-widget-heading\" data-id=\"c2d8ef4\" data-element_type=\"widget\" data-e-type=\"widget\" data-widget_type=\"heading.default\">\n\t\t\t\t<div class=\"elementor-widget-container\">\n\t\t\t\t\t<h4 class=\"elementor-heading-title elementor-size-default\">Processus de s\u00e9lection<\/h4>\t\t\t\t<\/div>\n\t\t\t\t<\/div>\n\t\t\t\t<div class=\"elementor-element elementor-element-013e9f1 elementor-widget elementor-widget-text-editor\" data-id=\"013e9f1\" data-element_type=\"widget\" data-e-type=\"widget\" data-widget_type=\"text-editor.default\">\n\t\t\t\t<div class=\"elementor-widget-container\">\n\t\t\t\t\t\t\t\t\t<p data-start=\"2753\" data-end=\"2787\"><strong>Chaque projet sera examin\u00e9 par:<\/strong><\/p><p data-start=\"2789\" data-end=\"2913\">\u2022 Le<strong> \u00c9quipe de conservation F\/262<\/strong><br data-start=\"2816\" data-end=\"2819\" \/>\u2022 Commissaires invit\u00e9s et conseillers internationaux<br data-start=\"2862\" data-end=\"2865\" \/>\u2022 Examinateurs externes des institutions partenaires<\/p><p data-start=\"2915\" data-end=\"2943\">Les s\u00e9lections sont \u00e9valu\u00e9es sur:<\/p><p data-start=\"2945\" data-end=\"3073\">\u2022 <strong>Clart\u00e9 conceptuelle<\/strong><br data-start=\"2965\" data-end=\"2968\" \/>\u2022 <strong>Force visuelle<\/strong><br data-start=\"2985\" data-end=\"2988\" \/>\u2022 <strong>Originalit\u00e9 et pertinence<\/strong><br data-start=\"3015\" data-end=\"3018\" \/>\u2022 <strong>Faisabilit\u00e9 de l'exposition (espace, format, \u00e9tat de pr\u00e9paration)<\/strong><\/p><p data-start=\"3075\" data-end=\"3143\">Il n'y a pas de nombre d\u00e9fini d'\u0153uvres s\u00e9lectionn\u00e9es.<br data-start=\"3116\" data-end=\"3119\" \/><strong>Toutes les d\u00e9cisions sont d\u00e9finitives.<\/strong><\/p>\t\t\t\t\t\t\t\t<\/div>\n\t\t\t\t<\/div>\n\t\t\t\t<div class=\"elementor-element elementor-element-6dc6e08 elementor-widget elementor-widget-button\" data-id=\"6dc6e08\" data-element_type=\"widget\" data-e-type=\"widget\" data-widget_type=\"button.default\">\n\t\t\t\t<div class=\"elementor-widget-container\">\n\t\t\t\t\t\t\t\t\t<div class=\"elementor-button-wrapper\">\n\t\t\t\t\t<a class=\"elementor-button elementor-button-link elementor-size-sm\" href=\"https:\/\/festival262.com\/fr\/jury\/\">\n\t\t\t\t\t\t<span class=\"elementor-button-content-wrapper\">\n\t\t\t\t\t\t\t\t\t<span class=\"elementor-button-text\">rencontrer le jury <\/span>\n\t\t\t\t\t<\/span>\n\t\t\t\t\t<\/a>\n\t\t\t\t<\/div>\n\t\t\t\t\t\t\t\t<\/div>\n\t\t\t\t<\/div>\n\t\t\t\t\t<\/div>\n\t\t<\/div>\n\t\t\t\t<div class=\"elementor-column elementor-col-50 elementor-top-column elementor-element elementor-element-17f7064\" data-id=\"17f7064\" data-element_type=\"column\" data-e-type=\"column\">\n\t\t\t<div class=\"elementor-widget-wrap elementor-element-populated\">\n\t\t\t\t\t\t<div class=\"elementor-element elementor-element-e0400ca elementor-widget elementor-widget-image\" data-id=\"e0400ca\" data-element_type=\"widget\" data-e-type=\"widget\" data-widget_type=\"image.default\">\n\t\t\t\t<div class=\"elementor-widget-container\">\n\t\t\t\t\t\t\t\t\t\t\t\t\t\t\t<img decoding=\"async\" width=\"1024\" height=\"683\" src=\"https:\/\/festival262.com\/wp-content\/uploads\/2025\/08\/ChatGPT-Image-Aug-1-2025-11_12_00-PM-1024x683.png\" class=\"attachment-large size-large wp-image-3055\" alt=\"\" srcset=\"https:\/\/festival262.com\/wp-content\/uploads\/2025\/08\/ChatGPT-Image-Aug-1-2025-11_12_00-PM-1024x683.png 1024w, https:\/\/festival262.com\/wp-content\/uploads\/2025\/08\/ChatGPT-Image-Aug-1-2025-11_12_00-PM-600x400.png 600w, https:\/\/festival262.com\/wp-content\/uploads\/2025\/08\/ChatGPT-Image-Aug-1-2025-11_12_00-PM-300x200.png 300w, https:\/\/festival262.com\/wp-content\/uploads\/2025\/08\/ChatGPT-Image-Aug-1-2025-11_12_00-PM-768x512.png 768w, https:\/\/festival262.com\/wp-content\/uploads\/2025\/08\/ChatGPT-Image-Aug-1-2025-11_12_00-PM.png 1536w\" sizes=\"(max-width: 1024px) 100vw, 1024px\" \/>\t\t\t\t\t\t\t\t\t\t\t\t\t\t\t<\/div>\n\t\t\t\t<\/div>\n\t\t\t\t\t<\/div>\n\t\t<\/div>\n\t\t\t\t\t<\/div>\n\t\t<\/section>\n\t\t\t\t<section class=\"elementor-section elementor-top-section elementor-element elementor-element-093d422 elementor-section-boxed elementor-section-height-default elementor-section-height-default\" data-id=\"093d422\" data-element_type=\"section\" data-e-type=\"section\">\n\t\t\t\t\t\t<div class=\"elementor-container elementor-column-gap-default\">\n\t\t\t\t\t<div class=\"elementor-column elementor-col-100 elementor-top-column elementor-element elementor-element-e7f76fd\" data-id=\"e7f76fd\" data-element_type=\"column\" data-e-type=\"column\">\n\t\t\t<div class=\"elementor-widget-wrap elementor-element-populated\">\n\t\t\t\t\t\t<div class=\"elementor-element elementor-element-c8e9028 elementor-widget elementor-widget-heading\" data-id=\"c8e9028\" data-element_type=\"widget\" data-e-type=\"widget\" data-widget_type=\"heading.default\">\n\t\t\t\t<div class=\"elementor-widget-container\">\n\t\t\t\t\t<h4 class=\"elementor-heading-title elementor-size-default\">\u00c9CH\u00c9ANCE <\/h4>\t\t\t\t<\/div>\n\t\t\t\t<\/div>\n\t\t\t\t<div class=\"elementor-element elementor-element-947a0f2 elementor-widget elementor-widget-text-editor\" data-id=\"947a0f2\" data-element_type=\"widget\" data-e-type=\"widget\" data-widget_type=\"text-editor.default\">\n\t\t\t\t<div class=\"elementor-widget-container\">\n\t\t\t\t\t\t\t\t\t<table><thead><tr><th>Phase<\/th><th>Dates<\/th><th>Description<\/th><\/tr><\/thead><tbody><tr><td><strong>Appel ouvert\u00a0<\/strong><\/td><td>1er janvier \u2013 15 mars 2026<\/td><td>Soumission via le formulaire officiel \u00e0 f262.pt<\/td><\/tr><tr><td><strong>Annonce des finalistes<\/strong><\/td><td>avril 2026<\/td><td>Photographes s\u00e9lectionn\u00e9s notifi\u00e9s par email<\/td><\/tr><tr><td><strong>Impression de &amp; Preparatio<\/strong>n<\/td><td>Mai-juin 2026<\/td><td>\u00a0F\/262 pr\u00e9pare des tirages d'exposition<\/td><\/tr><tr><td><strong>Ouverture de l'exposition<\/strong><\/td><td>\u00c9t\u00e9 2026<\/td><td>Affichages ext\u00e9rieurs dans Caldas da Rainha &amp; \u00d3bidos<\/td><\/tr><tr><td><strong>Collection d'impression<\/strong><\/td><td>\u00a0Octobre 2026<\/td><td>Les finalistes peuvent collecter leurs \u0153uvres imprim\u00e9es<\/td><\/tr><tr><td>\u00a0<\/td><td>\u00a0<\/td><td>\u00a0<\/td><\/tr><\/tbody><\/table>\t\t\t\t\t\t\t\t<\/div>\n\t\t\t\t<\/div>\n\t\t\t\t\t<\/div>\n\t\t<\/div>\n\t\t\t\t\t<\/div>\n\t\t<\/section>\n\t\t\t\t<section class=\"elementor-section elementor-top-section elementor-element elementor-element-1dcde12 elementor-section-boxed elementor-section-height-default elementor-section-height-default\" data-id=\"1dcde12\" data-element_type=\"section\" data-e-type=\"section\">\n\t\t\t\t\t\t<div class=\"elementor-container elementor-column-gap-default\">\n\t\t\t\t\t<div class=\"elementor-column elementor-col-50 elementor-top-column elementor-element elementor-element-ff5a864\" data-id=\"ff5a864\" data-element_type=\"column\" data-e-type=\"column\">\n\t\t\t<div class=\"elementor-widget-wrap elementor-element-populated\">\n\t\t\t\t\t\t<div class=\"elementor-element elementor-element-35a1422 elementor-widget elementor-widget-image\" data-id=\"35a1422\" data-element_type=\"widget\" data-e-type=\"widget\" data-widget_type=\"image.default\">\n\t\t\t\t<div class=\"elementor-widget-container\">\n\t\t\t\t\t\t\t\t\t\t\t\t\t\t\t<img loading=\"lazy\" decoding=\"async\" width=\"1024\" height=\"683\" src=\"https:\/\/festival262.com\/wp-content\/uploads\/2025\/08\/dsf9132-2048x1365-1-1024x683.jpg\" class=\"attachment-large size-large wp-image-3493\" alt=\"\" srcset=\"https:\/\/festival262.com\/wp-content\/uploads\/2025\/08\/dsf9132-2048x1365-1-1024x683.jpg 1024w, https:\/\/festival262.com\/wp-content\/uploads\/2025\/08\/dsf9132-2048x1365-1-300x200.jpg 300w, https:\/\/festival262.com\/wp-content\/uploads\/2025\/08\/dsf9132-2048x1365-1-768x512.jpg 768w, https:\/\/festival262.com\/wp-content\/uploads\/2025\/08\/dsf9132-2048x1365-1-1536x1024.jpg 1536w, https:\/\/festival262.com\/wp-content\/uploads\/2025\/08\/dsf9132-2048x1365-1-1320x880.jpg 1320w, https:\/\/festival262.com\/wp-content\/uploads\/2025\/08\/dsf9132-2048x1365-1-600x400.jpg 600w, https:\/\/festival262.com\/wp-content\/uploads\/2025\/08\/dsf9132-2048x1365-1.jpg 2048w\" sizes=\"(max-width: 1024px) 100vw, 1024px\" \/>\t\t\t\t\t\t\t\t\t\t\t\t\t\t\t<\/div>\n\t\t\t\t<\/div>\n\t\t\t\t\t<\/div>\n\t\t<\/div>\n\t\t\t\t<div class=\"elementor-column elementor-col-50 elementor-top-column elementor-element elementor-element-00462b7\" data-id=\"00462b7\" data-element_type=\"column\" data-e-type=\"column\">\n\t\t\t<div class=\"elementor-widget-wrap elementor-element-populated\">\n\t\t\t\t\t\t<div class=\"elementor-element elementor-element-7270b88 elementor-widget elementor-widget-heading\" data-id=\"7270b88\" data-element_type=\"widget\" data-e-type=\"widget\" data-widget_type=\"heading.default\">\n\t\t\t\t<div class=\"elementor-widget-container\">\n\t\t\t\t\t<h4 class=\"elementor-heading-title elementor-size-default\">Conditions d'admissibilit\u00e9 &amp;<\/h4>\t\t\t\t<\/div>\n\t\t\t\t<\/div>\n\t\t\t\t<div class=\"elementor-element elementor-element-eed78e8 elementor-widget elementor-widget-text-editor\" data-id=\"eed78e8\" data-element_type=\"widget\" data-e-type=\"widget\" data-widget_type=\"text-editor.default\">\n\t\t\t\t<div class=\"elementor-widget-container\">\n\t\t\t\t\t\t\t\t\t<p data-start=\"3180\" data-end=\"3687\">Ouvert dans le monde entier aux photographes, artistes et collectifs<br data-start=\"3239\" data-end=\"3242\" \/>\u2022 Aucune restriction d\u2019\u00e2ge, de nationalit\u00e9 ou d\u2019origine<br data-start=\"3293\" data-end=\"3296\" \/>\u2022 Les projets collaboratifs sont les bienvenus (\u00e9num\u00e9rez tous les auteurs dans les cr\u00e9dits)<br data-start=\"3366\" data-end=\"3369\" \/>\u2022 Les artistes conservent tous les droits d'auteur<br data-start=\"3400\" data-end=\"3403\" \/>\u2022 En soumettant, les artistes accordent \u00e0 F\/262 des droits non exclusifs d'exposer et de promouvoir l'\u0153uvre s\u00e9lectionn\u00e9e pendant le festival 2026<br data-start=\"3526\" data-end=\"3529\" \/>\u2022 Les artistes peuvent \u00eatre invit\u00e9s \u00e0 des conf\u00e9rences, des panels ou des sessions \u00e9ducatives<br data-start=\"3596\" data-end=\"3599\" \/>\u2022 Les tirages de l'exposition peuvent \u00eatre donn\u00e9s aux archives du festival ou collect\u00e9s apr\u00e8s le spectacle<\/p><h4 data-start=\"3694\" data-end=\"3719\"><strong data-start=\"3697\" data-end=\"3717\">Droits &amp; Cr\u00e9dits<\/strong><\/h4><p data-start=\"3720\" data-end=\"3746\">Tous les artistes s\u00e9lectionn\u00e9s:<\/p><p data-start=\"3748\" data-end=\"3979\">\u2022 \u00catre enti\u00e8rement cr\u00e9dit\u00e9 dans tous les documents imprim\u00e9s et num\u00e9riques<br data-start=\"3802\" data-end=\"3805\" \/>\u2022 \u00catre consult\u00e9 sur les textes muraux et les \u00e9ventuelles adaptations curatoriales<br data-start=\"3864\" data-end=\"3867\" \/>\u2022 Conserver tous les droits sur leurs images et textes<br data-start=\"3912\" data-end=\"3915\" \/>\u2022 Avoir la possibilit\u00e9 de r\u00e9cup\u00e9rer ou de donner leurs tirages d'exposition<\/p>\t\t\t\t\t\t\t\t<\/div>\n\t\t\t\t<\/div>\n\t\t\t\t\t<\/div>\n\t\t<\/div>\n\t\t\t\t\t<\/div>\n\t\t<\/section>\n\t\t\t\t<section class=\"elementor-section elementor-top-section elementor-element elementor-element-ec3642f elementor-section-boxed elementor-section-height-default elementor-section-height-default\" data-id=\"ec3642f\" data-element_type=\"section\" data-e-type=\"section\">\n\t\t\t\t\t\t<div class=\"elementor-container elementor-column-gap-default\">\n\t\t\t\t\t<div class=\"elementor-column elementor-col-100 elementor-top-column elementor-element elementor-element-2703ba2\" data-id=\"2703ba2\" data-element_type=\"column\" data-e-type=\"column\">\n\t\t\t<div class=\"elementor-widget-wrap elementor-element-populated\">\n\t\t\t\t\t\t<div class=\"elementor-element elementor-element-7d225dc elementor-widget elementor-widget-heading\" data-id=\"7d225dc\" data-element_type=\"widget\" data-e-type=\"widget\" data-widget_type=\"heading.default\">\n\t\t\t\t<div class=\"elementor-widget-container\">\n\t\t\t\t\t<h4 class=\"elementor-heading-title elementor-size-default\">FAQ<\/h4>\t\t\t\t<\/div>\n\t\t\t\t<\/div>\n\t\t\t\t<div class=\"elementor-element elementor-element-44c9446 elementor-widget elementor-widget-eael-adv-accordion\" data-id=\"44c9446\" data-element_type=\"widget\" data-e-type=\"widget\" data-widget_type=\"eael-adv-accordion.default\">\n\t\t\t\t<div class=\"elementor-widget-container\">\n\t\t\t\t\t            <div class=\"eael-adv-accordion\" id=\"eael-adv-accordion-44c9446\" data-scroll-on-click=\"no\" data-scroll-speed=\"300\" data-accordion-id=\"44c9446\" data-accordion-type=\"accordion\" data-toogle-speed=\"300\">\n            <div class=\"eael-accordion-list\">\n\t\t\t\t\t<div id=\"can-i-submit-more-than-one-project\" class=\"elementor-tab-title eael-accordion-header\" tabindex=\"0\" data-tab=\"1\" aria-controls=\"elementor-tab-content-7211\"><span class=\"eael-advanced-accordion-icon-closed\"><i aria-hidden=\"true\" class=\"fa-accordion-icon fas fa-plus\"><\/i><\/span><span class=\"eael-advanced-accordion-icon-opened\"><i aria-hidden=\"true\" class=\"fa-accordion-icon fas fa-minus\"><\/i><\/span><span class=\"eael-accordion-tab-title\">Puis-je soumettre plus d'un projet?<\/span><i aria-hidden=\"true\" class=\"fa-toggle fas fa-angle-right\"><\/i><\/div><div id=\"elementor-tab-content-7211\" class=\"eael-accordion-content clearfix\" data-tab=\"1\" aria-labelledby=\"can-i-submit-more-than-one-project\"><p>Oui. Chaque projet n\u00e9cessite une soumission et des frais distincts. Toutes les soumissions sont examin\u00e9es ind\u00e9pendamment.<\/p><\/div>\n\t\t\t\t\t<\/div><div class=\"eael-accordion-list\">\n\t\t\t\t\t<div id=\"can-i-also-submit-to-the-f262-photography-award\" class=\"elementor-tab-title eael-accordion-header\" tabindex=\"0\" data-tab=\"2\" aria-controls=\"elementor-tab-content-7212\"><span class=\"eael-advanced-accordion-icon-closed\"><i aria-hidden=\"true\" class=\"fa-accordion-icon fas fa-plus\"><\/i><\/span><span class=\"eael-advanced-accordion-icon-opened\"><i aria-hidden=\"true\" class=\"fa-accordion-icon fas fa-minus\"><\/i><\/span><span class=\"eael-accordion-tab-title\">Puis-je \u00e9galement me soumettre au F\/262 Photography Award?<\/span><i aria-hidden=\"true\" class=\"fa-toggle fas fa-angle-right\"><\/i><\/div><div id=\"elementor-tab-content-7212\" class=\"eael-accordion-content clearfix\" data-tab=\"2\" aria-labelledby=\"can-i-also-submit-to-the-f262-photography-award\"><p>Oui. L'appel ouvert et le prix Z\u00c9 sont des programmes distincts. La soumission \u00e0 l'un n'affecte pas l'admissibilit\u00e9 \u00e0 l'autre.<\/p><\/div>\n\t\t\t\t\t<\/div><div class=\"eael-accordion-list\">\n\t\t\t\t\t<div id=\"can-i-submit-multimedia-work\" class=\"elementor-tab-title eael-accordion-header\" tabindex=\"0\" data-tab=\"3\" aria-controls=\"elementor-tab-content-7213\"><span class=\"eael-advanced-accordion-icon-closed\"><i aria-hidden=\"true\" class=\"fa-accordion-icon fas fa-plus\"><\/i><\/span><span class=\"eael-advanced-accordion-icon-opened\"><i aria-hidden=\"true\" class=\"fa-accordion-icon fas fa-minus\"><\/i><\/span><span class=\"eael-accordion-tab-title\">Puis-je soumettre un travail multim\u00e9dia?<\/span><i aria-hidden=\"true\" class=\"fa-toggle fas fa-angle-right\"><\/i><\/div><div id=\"elementor-tab-content-7213\" class=\"eael-accordion-content clearfix\" data-tab=\"3\" aria-labelledby=\"can-i-submit-multimedia-work\"><p>Oui. Les formats vid\u00e9o, audio, d'installation, interactifs et Web sont les bienvenus. Veuillez inclure des instructions claires ou des documents \u00e0 l'appui pour aider l'\u00e9quipe de conservation \u00e0 comprendre le travail.<\/p><\/div>\n\t\t\t\t\t<\/div><div class=\"eael-accordion-list\">\n\t\t\t\t\t<div id=\"do-i-have-to-attend-the-festival\" class=\"elementor-tab-title eael-accordion-header\" tabindex=\"0\" data-tab=\"4\" aria-controls=\"elementor-tab-content-7214\"><span class=\"eael-advanced-accordion-icon-closed\"><i aria-hidden=\"true\" class=\"fa-accordion-icon fas fa-plus\"><\/i><\/span><span class=\"eael-advanced-accordion-icon-opened\"><i aria-hidden=\"true\" class=\"fa-accordion-icon fas fa-minus\"><\/i><\/span><span class=\"eael-accordion-tab-title\">Dois-je assister au festival?<\/span><i aria-hidden=\"true\" class=\"fa-toggle fas fa-angle-right\"><\/i><\/div><div id=\"elementor-tab-content-7214\" class=\"eael-accordion-content clearfix\" data-tab=\"4\" aria-labelledby=\"do-i-have-to-attend-the-festival\"><p>Non. La participation est encourag\u00e9e mais non requise. Votre travail sera expos\u00e9 m\u00eame si vous ne pouvez pas \u00eatre pr\u00e9sent.<\/p><\/div>\n\t\t\t\t\t<\/div><div class=\"eael-accordion-list\">\n\t\t\t\t\t<div id=\"what-happens-if-i-win\" class=\"elementor-tab-title eael-accordion-header\" tabindex=\"0\" data-tab=\"5\" aria-controls=\"elementor-tab-content-7215\"><span class=\"eael-advanced-accordion-icon-closed\"><i aria-hidden=\"true\" class=\"fa-accordion-icon fas fa-plus\"><\/i><\/span><span class=\"eael-advanced-accordion-icon-opened\"><i aria-hidden=\"true\" class=\"fa-accordion-icon fas fa-minus\"><\/i><\/span><span class=\"eael-accordion-tab-title\">Que se passe-t-il si je gagne?<\/span><i aria-hidden=\"true\" class=\"fa-toggle fas fa-angle-right\"><\/i><\/div><div id=\"elementor-tab-content-7215\" class=\"eael-accordion-content clearfix\" data-tab=\"5\" aria-labelledby=\"what-happens-if-i-win\"><p>Les gagnants re\u00e7oivent le troph\u00e9e Z\u00c9 Award, un certificat officiel, une visibilit\u00e9 internationale, une promotion \u00e0 l'\u00e9chelle du festival et une inclusion dans l'exposition ext\u00e9rieure et le catalogue du festival. Vous pouvez \u00e9galement \u00eatre invit\u00e9 \u00e0 des entrevues, des reportages et de futures collaborations avec F\/262.<\/p><\/div>\n\t\t\t\t\t<\/div><\/div>\t\t\t\t<\/div>\n\t\t\t\t<\/div>\n\t\t\t\t\t<\/div>\n\t\t<\/div>\n\t\t\t\t\t<\/div>\n\t\t<\/section>\n\t\t\t\t<section class=\"elementor-section elementor-top-section elementor-element elementor-element-845d1f1 elementor-section-boxed elementor-section-height-default elementor-section-height-default\" data-id=\"845d1f1\" data-element_type=\"section\" data-e-type=\"section\">\n\t\t\t\t\t\t<div class=\"elementor-container elementor-column-gap-default\">\n\t\t\t\t\t<div class=\"elementor-column elementor-col-100 elementor-top-column elementor-element elementor-element-a287860\" data-id=\"a287860\" data-element_type=\"column\" data-e-type=\"column\">\n\t\t\t<div class=\"elementor-widget-wrap elementor-element-populated\">\n\t\t\t\t\t\t<div class=\"elementor-element elementor-element-daf505e elementor-widget elementor-widget-shortcode\" data-id=\"daf505e\" data-element_type=\"widget\" data-e-type=\"widget\" data-widget_type=\"shortcode.default\">\n\t\t\t\t<div class=\"elementor-widget-container\">\n\t\t\t\t\t\t\t<div class=\"elementor-shortcode\">\t\t<div data-elementor-type=\"wp-post\" data-elementor-id=\"206\" class=\"elementor elementor-206\">\n\t\t\t\t\t\t<div class=\"elementor-section elementor-top-section elementor-element elementor-element-433e9d9 elementor-section-stretched footer-custom elementor-section-full_width elementor-section-height-default elementor-section-height-default\" data-id=\"433e9d9\" data-element_type=\"section\" data-e-type=\"section\" data-settings=\"{&quot;stretch_section&quot;:&quot;section-stretched&quot;,&quot;background_background&quot;:&quot;classic&quot;}\">\n\t\t\t\t\t\t<div class=\"elementor-container elementor-column-gap-no\">\n\t\t\t\t\t<div class=\"elementor-column elementor-col-100 elementor-top-column elementor-element elementor-element-4386f5f\" data-id=\"4386f5f\" data-element_type=\"column\" data-e-type=\"column\">\n\t\t\t<div class=\"elementor-widget-wrap elementor-element-populated\">\n\t\t\t\t\t\t<div class=\"elementor-section elementor-inner-section elementor-element elementor-element-ab81258 elementor-section-boxed elementor-section-height-default elementor-section-height-default\" data-id=\"ab81258\" data-element_type=\"section\" data-e-type=\"section\">\n\t\t\t\t\t\t<div class=\"elementor-container elementor-column-gap-wider\">\n\t\t\t\t\t<div class=\"elementor-column elementor-col-33 elementor-inner-column elementor-element elementor-element-abe660f\" data-id=\"abe660f\" data-element_type=\"column\" data-e-type=\"column\">\n\t\t\t<div class=\"elementor-widget-wrap elementor-element-populated\">\n\t\t\t\t\t\t<div class=\"elementor-element elementor-element-fdb18bb invert elementor-widget elementor-widget-heading\" data-id=\"fdb18bb\" data-element_type=\"widget\" data-e-type=\"widget\" data-widget_type=\"heading.default\">\n\t\t\t\t<div class=\"elementor-widget-container\">\n\t\t\t\t\t<h5 class=\"elementor-heading-title elementor-size-default\">Produit par F\/262 &amp; Associa\u00e7\u00e3o F\/SOS<\/h5>\t\t\t\t<\/div>\n\t\t\t\t<\/div>\n\t\t\t\t<div class=\"elementor-element elementor-element-cd7b3b4 elementor-widget elementor-widget-spacer\" data-id=\"cd7b3b4\" data-element_type=\"widget\" data-e-type=\"widget\" data-widget_type=\"spacer.default\">\n\t\t\t\t<div class=\"elementor-widget-container\">\n\t\t\t\t\t\t\t<div class=\"elementor-spacer\">\n\t\t\t<div class=\"elementor-spacer-inner\"><\/div>\n\t\t<\/div>\n\t\t\t\t\t\t<\/div>\n\t\t\t\t<\/div>\n\t\t\t\t<div class=\"elementor-element elementor-element-a61036d elementor-widget elementor-widget-image\" data-id=\"a61036d\" data-element_type=\"widget\" data-e-type=\"widget\" data-widget_type=\"image.default\">\n\t\t\t\t<div class=\"elementor-widget-container\">\n\t\t\t\t\t\t\t\t\t\t\t\t\t\t\t\t<a href=\"https:\/\/festival262.com\/fr\/\">\n\t\t\t\t\t\t\t<img loading=\"lazy\" decoding=\"async\" width=\"1532\" height=\"436\" src=\"https:\/\/festival262.com\/wp-content\/uploads\/2019\/10\/F262-LOGO-COMPOSTO-COM-EFFE-WHITE-PT.svg\" class=\"attachment-full size-full wp-image-7626\" alt=\"\" \/>\t\t\t\t\t\t\t\t<\/a>\n\t\t\t\t\t\t\t\t\t\t\t\t\t\t\t<\/div>\n\t\t\t\t<\/div>\n\t\t\t\t<div class=\"elementor-element elementor-element-ec74c02 elementor-widget elementor-widget-spacer\" data-id=\"ec74c02\" data-element_type=\"widget\" data-e-type=\"widget\" data-widget_type=\"spacer.default\">\n\t\t\t\t<div class=\"elementor-widget-container\">\n\t\t\t\t\t\t\t<div class=\"elementor-spacer\">\n\t\t\t<div class=\"elementor-spacer-inner\"><\/div>\n\t\t<\/div>\n\t\t\t\t\t\t<\/div>\n\t\t\t\t<\/div>\n\t\t\t\t<div class=\"elementor-element elementor-element-155e5e2 elementor-widget elementor-widget-image\" data-id=\"155e5e2\" data-element_type=\"widget\" data-e-type=\"widget\" data-widget_type=\"image.default\">\n\t\t\t\t<div class=\"elementor-widget-container\">\n\t\t\t\t\t\t\t\t\t\t\t\t\t\t\t\t<a href=\"https:\/\/www.f-sos.org\" target=\"_blank\">\n\t\t\t\t\t\t\t<img loading=\"lazy\" decoding=\"async\" width=\"2560\" height=\"567\" src=\"https:\/\/festival262.com\/wp-content\/uploads\/2019\/10\/associacao-white-copy-scaled.png\" class=\"attachment-full size-full wp-image-5659\" alt=\"\" srcset=\"https:\/\/festival262.com\/wp-content\/uploads\/2019\/10\/associacao-white-copy-scaled.png 2560w, https:\/\/festival262.com\/wp-content\/uploads\/2019\/10\/associacao-white-copy-300x66.png 300w, https:\/\/festival262.com\/wp-content\/uploads\/2019\/10\/associacao-white-copy-1024x227.png 1024w, https:\/\/festival262.com\/wp-content\/uploads\/2019\/10\/associacao-white-copy-768x170.png 768w, https:\/\/festival262.com\/wp-content\/uploads\/2019\/10\/associacao-white-copy-1536x340.png 1536w, https:\/\/festival262.com\/wp-content\/uploads\/2019\/10\/associacao-white-copy-2048x453.png 2048w, https:\/\/festival262.com\/wp-content\/uploads\/2019\/10\/associacao-white-copy-1320x292.png 1320w, https:\/\/festival262.com\/wp-content\/uploads\/2019\/10\/associacao-white-copy-600x133.png 600w\" sizes=\"(max-width: 2560px) 100vw, 2560px\" \/>\t\t\t\t\t\t\t\t<\/a>\n\t\t\t\t\t\t\t\t\t\t\t\t\t\t\t<\/div>\n\t\t\t\t<\/div>\n\t\t\t\t<div class=\"elementor-element elementor-element-1c060c8 elementor-widget elementor-widget-image\" data-id=\"1c060c8\" data-element_type=\"widget\" data-e-type=\"widget\" data-widget_type=\"image.default\">\n\t\t\t\t<div class=\"elementor-widget-container\">\n\t\t\t\t\t\t\t\t\t\t\t\t\t\t\t\t<a href=\"https:\/\/www.websitecarbon.com\/website\/festival262-com\/\" target=\"_blank\">\n\t\t\t\t\t\t\t<img loading=\"lazy\" decoding=\"async\" width=\"728\" height=\"196\" src=\"https:\/\/festival262.com\/wp-content\/uploads\/2019\/10\/carbon-rating.png\" class=\"attachment-full size-full wp-image-5817\" alt=\"cote carbone\" srcset=\"https:\/\/festival262.com\/wp-content\/uploads\/2019\/10\/carbon-rating.png 728w, https:\/\/festival262.com\/wp-content\/uploads\/2019\/10\/carbon-rating-300x81.png 300w, https:\/\/festival262.com\/wp-content\/uploads\/2019\/10\/carbon-rating-600x162.png 600w\" sizes=\"(max-width: 728px) 100vw, 728px\" \/>\t\t\t\t\t\t\t\t<\/a>\n\t\t\t\t\t\t\t\t\t\t\t\t\t\t\t<\/div>\n\t\t\t\t<\/div>\n\t\t\t\t\t<\/div>\n\t\t<\/div>\n\t\t\t\t<div class=\"elementor-column elementor-col-33 elementor-inner-column elementor-element elementor-element-af8a3fd\" data-id=\"af8a3fd\" data-element_type=\"column\" data-e-type=\"column\">\n\t\t\t<div class=\"elementor-widget-wrap elementor-element-populated\">\n\t\t\t\t\t\t<div class=\"elementor-element elementor-element-cbd4305 invert elementor-widget elementor-widget-heading\" data-id=\"cbd4305\" data-element_type=\"widget\" data-e-type=\"widget\" data-widget_type=\"heading.default\">\n\t\t\t\t<div class=\"elementor-widget-container\">\n\t\t\t\t\t<h5 class=\"elementor-heading-title elementor-size-default\">Avec le soutien de:<\/h5>\t\t\t\t<\/div>\n\t\t\t\t<\/div>\n\t\t\t\t<div class=\"elementor-element elementor-element-6e61efe elementor-widget elementor-widget-spacer\" data-id=\"6e61efe\" data-element_type=\"widget\" data-e-type=\"widget\" data-widget_type=\"spacer.default\">\n\t\t\t\t<div class=\"elementor-widget-container\">\n\t\t\t\t\t\t\t<div class=\"elementor-spacer\">\n\t\t\t<div class=\"elementor-spacer-inner\"><\/div>\n\t\t<\/div>\n\t\t\t\t\t\t<\/div>\n\t\t\t\t<\/div>\n\t\t\t\t<div class=\"elementor-element elementor-element-8f9d706 elementor-widget elementor-widget-image\" data-id=\"8f9d706\" data-element_type=\"widget\" data-e-type=\"widget\" data-widget_type=\"image.default\">\n\t\t\t\t<div class=\"elementor-widget-container\">\n\t\t\t\t\t\t\t\t\t\t\t\t\t\t\t\t<a href=\"https:\/\/www.mcr.pt\" target=\"_blank\">\n\t\t\t\t\t\t\t<img loading=\"lazy\" decoding=\"async\" width=\"600\" height=\"363\" src=\"https:\/\/festival262.com\/wp-content\/uploads\/2019\/10\/cmcr.png.webp\" class=\"attachment-full size-full wp-image-5603\" alt=\"\" srcset=\"https:\/\/festival262.com\/wp-content\/uploads\/2019\/10\/cmcr.png.webp 600w, https:\/\/festival262.com\/wp-content\/uploads\/2019\/10\/cmcr.png-300x182.webp 300w\" sizes=\"(max-width: 600px) 100vw, 600px\" \/>\t\t\t\t\t\t\t\t<\/a>\n\t\t\t\t\t\t\t\t\t\t\t\t\t\t\t<\/div>\n\t\t\t\t<\/div>\n\t\t\t\t\t<\/div>\n\t\t<\/div>\n\t\t\t\t<div class=\"elementor-column elementor-col-33 elementor-inner-column elementor-element elementor-element-3840b6d\" data-id=\"3840b6d\" data-element_type=\"column\" data-e-type=\"column\">\n\t\t\t<div class=\"elementor-widget-wrap elementor-element-populated\">\n\t\t\t\t\t\t<div class=\"elementor-element elementor-element-c63d851 invert elementor-widget elementor-widget-heading\" data-id=\"c63d851\" data-element_type=\"widget\" data-e-type=\"widget\" data-widget_type=\"heading.default\">\n\t\t\t\t<div class=\"elementor-widget-container\">\n\t\t\t\t\t<h5 class=\"elementor-heading-title elementor-size-default\">Mai \u2013 septembre 2026<br>\nCaldas da Rainha Portugal<\/h5>\t\t\t\t<\/div>\n\t\t\t\t<\/div>\n\t\t\t\t<div class=\"elementor-element elementor-element-3636f02 elementor-widget elementor-widget-spacer\" data-id=\"3636f02\" data-element_type=\"widget\" data-e-type=\"widget\" data-widget_type=\"spacer.default\">\n\t\t\t\t<div class=\"elementor-widget-container\">\n\t\t\t\t\t\t\t<div class=\"elementor-spacer\">\n\t\t\t<div class=\"elementor-spacer-inner\"><\/div>\n\t\t<\/div>\n\t\t\t\t\t\t<\/div>\n\t\t\t\t<\/div>\n\t\t\t\t<div class=\"elementor-element elementor-element-6b32ea3 elementor-widget elementor-widget-heading\" data-id=\"6b32ea3\" data-element_type=\"widget\" data-e-type=\"widget\" data-widget_type=\"heading.default\">\n\t\t\t\t<div class=\"elementor-widget-container\">\n\t\t\t\t\t<h5 class=\"elementor-heading-title elementor-size-default\">\u00c0 propos de F\/262\n<\/h5>\t\t\t\t<\/div>\n\t\t\t\t<\/div>\n\t\t\t\t<div class=\"elementor-element elementor-element-0430d04 elementor-widget elementor-widget-text-editor\" data-id=\"0430d04\" data-element_type=\"widget\" data-e-type=\"widget\" data-widget_type=\"text-editor.default\">\n\t\t\t\t<div class=\"elementor-widget-container\">\n\t\t\t\t\t\t\t\t\t<p data-start=\"431\" data-end=\"686\">F\/262 est un festival international de photographie bas\u00e9 \u00e0 Caldas da Rainha, au Portugal.<br data-start=\"526\" data-end=\"529\" \/>\u00c0 travers des expositions, des conf\u00e9rences, de l'\u00e9ducation et des installations publiques, le festival engage la photographie contemporaine avec le lieu, la communaut\u00e9 et le monde que nous partageons.<\/p><p data-start=\"688\" data-end=\"718\">\u00a0<\/p>\t\t\t\t\t\t\t\t<\/div>\n\t\t\t\t<\/div>\n\t\t\t\t<div class=\"elementor-element elementor-element-1251943 elementor-widget elementor-widget-spacer\" data-id=\"1251943\" data-element_type=\"widget\" data-e-type=\"widget\" data-widget_type=\"spacer.default\">\n\t\t\t\t<div class=\"elementor-widget-container\">\n\t\t\t\t\t\t\t<div class=\"elementor-spacer\">\n\t\t\t<div class=\"elementor-spacer-inner\"><\/div>\n\t\t<\/div>\n\t\t\t\t\t\t<\/div>\n\t\t\t\t<\/div>\n\t\t\t\t\t<\/div>\n\t\t<\/div>\n\t\t\t\t\t<\/div>\n\t\t<\/div>\n\t\t\t\t<section class=\"elementor-section elementor-inner-section elementor-element elementor-element-0e3f8f2 elementor-section-boxed elementor-section-height-default elementor-section-height-default\" data-id=\"0e3f8f2\" data-element_type=\"section\" data-e-type=\"section\">\n\t\t\t\t\t\t<div class=\"elementor-container elementor-column-gap-default\">\n\t\t\t\t\t<div class=\"elementor-column elementor-col-50 elementor-inner-column elementor-element elementor-element-65aff90\" data-id=\"65aff90\" data-element_type=\"column\" data-e-type=\"column\">\n\t\t\t<div class=\"elementor-widget-wrap elementor-element-populated\">\n\t\t\t\t\t\t<div class=\"elementor-element elementor-element-c895301 hfe-nav-menu__breakpoint-none hfe-nav-menu__align-left hfe-submenu-icon-arrow hfe-submenu-animation-none hfe-link-redirect-child elementor-widget elementor-widget-navigation-menu\" data-id=\"c895301\" data-element_type=\"widget\" data-e-type=\"widget\" data-settings=\"{&quot;padding_horizontal_menu_item&quot;:{&quot;unit&quot;:&quot;px&quot;,&quot;size&quot;:15,&quot;sizes&quot;:[]},&quot;padding_horizontal_menu_item_tablet&quot;:{&quot;unit&quot;:&quot;px&quot;,&quot;size&quot;:&quot;&quot;,&quot;sizes&quot;:[]},&quot;padding_horizontal_menu_item_mobile&quot;:{&quot;unit&quot;:&quot;px&quot;,&quot;size&quot;:&quot;&quot;,&quot;sizes&quot;:[]},&quot;padding_vertical_menu_item&quot;:{&quot;unit&quot;:&quot;px&quot;,&quot;size&quot;:15,&quot;sizes&quot;:[]},&quot;padding_vertical_menu_item_tablet&quot;:{&quot;unit&quot;:&quot;px&quot;,&quot;size&quot;:&quot;&quot;,&quot;sizes&quot;:[]},&quot;padding_vertical_menu_item_mobile&quot;:{&quot;unit&quot;:&quot;px&quot;,&quot;size&quot;:&quot;&quot;,&quot;sizes&quot;:[]},&quot;menu_space_between&quot;:{&quot;unit&quot;:&quot;px&quot;,&quot;size&quot;:&quot;&quot;,&quot;sizes&quot;:[]},&quot;menu_space_between_tablet&quot;:{&quot;unit&quot;:&quot;px&quot;,&quot;size&quot;:&quot;&quot;,&quot;sizes&quot;:[]},&quot;menu_space_between_mobile&quot;:{&quot;unit&quot;:&quot;px&quot;,&quot;size&quot;:&quot;&quot;,&quot;sizes&quot;:[]},&quot;menu_row_space&quot;:{&quot;unit&quot;:&quot;px&quot;,&quot;size&quot;:&quot;&quot;,&quot;sizes&quot;:[]},&quot;menu_row_space_tablet&quot;:{&quot;unit&quot;:&quot;px&quot;,&quot;size&quot;:&quot;&quot;,&quot;sizes&quot;:[]},&quot;menu_row_space_mobile&quot;:{&quot;unit&quot;:&quot;px&quot;,&quot;size&quot;:&quot;&quot;,&quot;sizes&quot;:[]},&quot;dropdown_border_radius&quot;:{&quot;unit&quot;:&quot;px&quot;,&quot;top&quot;:&quot;&quot;,&quot;right&quot;:&quot;&quot;,&quot;bottom&quot;:&quot;&quot;,&quot;left&quot;:&quot;&quot;,&quot;isLinked&quot;:true},&quot;dropdown_border_radius_tablet&quot;:{&quot;unit&quot;:&quot;px&quot;,&quot;top&quot;:&quot;&quot;,&quot;right&quot;:&quot;&quot;,&quot;bottom&quot;:&quot;&quot;,&quot;left&quot;:&quot;&quot;,&quot;isLinked&quot;:true},&quot;dropdown_border_radius_mobile&quot;:{&quot;unit&quot;:&quot;px&quot;,&quot;top&quot;:&quot;&quot;,&quot;right&quot;:&quot;&quot;,&quot;bottom&quot;:&quot;&quot;,&quot;left&quot;:&quot;&quot;,&quot;isLinked&quot;:true},&quot;width_dropdown_item&quot;:{&quot;unit&quot;:&quot;px&quot;,&quot;size&quot;:&quot;220&quot;,&quot;sizes&quot;:[]},&quot;width_dropdown_item_tablet&quot;:{&quot;unit&quot;:&quot;px&quot;,&quot;size&quot;:&quot;&quot;,&quot;sizes&quot;:[]},&quot;width_dropdown_item_mobile&quot;:{&quot;unit&quot;:&quot;px&quot;,&quot;size&quot;:&quot;&quot;,&quot;sizes&quot;:[]},&quot;padding_horizontal_dropdown_item&quot;:{&quot;unit&quot;:&quot;px&quot;,&quot;size&quot;:&quot;&quot;,&quot;sizes&quot;:[]},&quot;padding_horizontal_dropdown_item_tablet&quot;:{&quot;unit&quot;:&quot;px&quot;,&quot;size&quot;:&quot;&quot;,&quot;sizes&quot;:[]},&quot;padding_horizontal_dropdown_item_mobile&quot;:{&quot;unit&quot;:&quot;px&quot;,&quot;size&quot;:&quot;&quot;,&quot;sizes&quot;:[]},&quot;padding_vertical_dropdown_item&quot;:{&quot;unit&quot;:&quot;px&quot;,&quot;size&quot;:15,&quot;sizes&quot;:[]},&quot;padding_vertical_dropdown_item_tablet&quot;:{&quot;unit&quot;:&quot;px&quot;,&quot;size&quot;:&quot;&quot;,&quot;sizes&quot;:[]},&quot;padding_vertical_dropdown_item_mobile&quot;:{&quot;unit&quot;:&quot;px&quot;,&quot;size&quot;:&quot;&quot;,&quot;sizes&quot;:[]},&quot;distance_from_menu&quot;:{&quot;unit&quot;:&quot;px&quot;,&quot;size&quot;:&quot;&quot;,&quot;sizes&quot;:[]},&quot;distance_from_menu_tablet&quot;:{&quot;unit&quot;:&quot;px&quot;,&quot;size&quot;:&quot;&quot;,&quot;sizes&quot;:[]},&quot;distance_from_menu_mobile&quot;:{&quot;unit&quot;:&quot;px&quot;,&quot;size&quot;:&quot;&quot;,&quot;sizes&quot;:[]},&quot;toggle_size&quot;:{&quot;unit&quot;:&quot;px&quot;,&quot;size&quot;:&quot;&quot;,&quot;sizes&quot;:[]},&quot;toggle_size_tablet&quot;:{&quot;unit&quot;:&quot;px&quot;,&quot;size&quot;:&quot;&quot;,&quot;sizes&quot;:[]},&quot;toggle_size_mobile&quot;:{&quot;unit&quot;:&quot;px&quot;,&quot;size&quot;:&quot;&quot;,&quot;sizes&quot;:[]},&quot;toggle_border_width&quot;:{&quot;unit&quot;:&quot;px&quot;,&quot;size&quot;:&quot;&quot;,&quot;sizes&quot;:[]},&quot;toggle_border_width_tablet&quot;:{&quot;unit&quot;:&quot;px&quot;,&quot;size&quot;:&quot;&quot;,&quot;sizes&quot;:[]},&quot;toggle_border_width_mobile&quot;:{&quot;unit&quot;:&quot;px&quot;,&quot;size&quot;:&quot;&quot;,&quot;sizes&quot;:[]},&quot;toggle_border_radius&quot;:{&quot;unit&quot;:&quot;px&quot;,&quot;size&quot;:&quot;&quot;,&quot;sizes&quot;:[]},&quot;toggle_border_radius_tablet&quot;:{&quot;unit&quot;:&quot;px&quot;,&quot;size&quot;:&quot;&quot;,&quot;sizes&quot;:[]},&quot;toggle_border_radius_mobile&quot;:{&quot;unit&quot;:&quot;px&quot;,&quot;size&quot;:&quot;&quot;,&quot;sizes&quot;:[]}}\" data-widget_type=\"navigation-menu.default\">\n\t\t\t\t<div class=\"elementor-widget-container\">\n\t\t\t\t\t\t\t\t<div class=\"hfe-nav-menu hfe-layout-horizontal hfe-nav-menu-layout horizontal hfe-pointer__none\" data-layout=\"horizontal\">\n\t\t\t\t<div role=\"button\" class=\"hfe-nav-menu__toggle elementor-clickable\" tabindex=\"0\" aria-label=\"Menu Basculer\">\n\t\t\t\t\t<span class=\"screen-reader-text\">Menu<\/span>\n\t\t\t\t\t<div class=\"hfe-nav-menu-icon\">\n\t\t\t\t\t\t\t\t\t\t\t<\/div>\n\t\t\t\t<\/div>\n\t\t\t\t<nav class=\"hfe-nav-menu__layout-horizontal hfe-nav-menu__submenu-arrow\" data-toggle-icon=\"\" data-close-icon=\"\" data-full-width=\"\">\n\t\t\t\t\t<ul id=\"menu-1-c895301\" class=\"hfe-nav-menu\"><li id=\"menu-item-6609\" class=\"menu-item menu-item-type-post_type menu-item-object-page parent hfe-creative-menu\"><a href=\"https:\/\/festival262.com\/fr\/privacy-policy\/\" class = \"hfe-menu-item\">Politique de confidentialit\u00e9<\/a><\/li>\n<li id=\"menu-item-6610\" class=\"menu-item menu-item-type-post_type menu-item-object-page parent hfe-creative-menu\"><a href=\"https:\/\/festival262.com\/fr\/terms-of-service\/\" class = \"hfe-menu-item\">Conditions d'utilisation<\/a><\/li>\n<li id=\"menu-item-6611\" class=\"menu-item menu-item-type-post_type menu-item-object-page parent hfe-creative-menu\"><a href=\"https:\/\/festival262.com\/fr\/competition-rules-terms-of-entry\/\" class = \"hfe-menu-item\">R\u00e8gles du concours &amp; Conditions d'entr\u00e9e<\/a><\/li>\n<\/ul> \n\t\t\t\t<\/nav>\n\t\t\t<\/div>\n\t\t\t\t\t\t\t<\/div>\n\t\t\t\t<\/div>\n\t\t\t\t\t<\/div>\n\t\t<\/div>\n\t\t\t\t<div class=\"elementor-column elementor-col-50 elementor-inner-column elementor-element elementor-element-e840057\" data-id=\"e840057\" data-element_type=\"column\" data-e-type=\"column\">\n\t\t\t<div class=\"elementor-widget-wrap elementor-element-populated\">\n\t\t\t\t\t\t<div class=\"elementor-element elementor-element-c368a16 footer-soc-icon elementor-shape-circle e-grid-align-right e-grid-align-mobile-center elementor-grid-0 elementor-widget elementor-widget-social-icons\" data-id=\"c368a16\" data-element_type=\"widget\" data-e-type=\"widget\" data-widget_type=\"social-icons.default\">\n\t\t\t\t<div class=\"elementor-widget-container\">\n\t\t\t\t\t\t\t<div class=\"elementor-social-icons-wrapper elementor-grid\" role=\"list\">\n\t\t\t\t\t\t\t<span class=\"elementor-grid-item\" role=\"listitem\">\n\t\t\t\t\t<a class=\"elementor-icon elementor-social-icon elementor-social-icon-instagram elementor-repeater-item-a3788bb\" href=\"https:\/\/www.instagram.com\/festival.262\" target=\"_blank\">\n\t\t\t\t\t\t<span class=\"elementor-screen-only\">Instagram<\/span>\n\t\t\t\t\t\t<i aria-hidden=\"true\" class=\"fab fa-instagram\"><\/i>\t\t\t\t\t<\/a>\n\t\t\t\t<\/span>\n\t\t\t\t\t\t\t<span class=\"elementor-grid-item\" role=\"listitem\">\n\t\t\t\t\t<a class=\"elementor-icon elementor-social-icon elementor-social-icon-linkedin elementor-repeater-item-0a1b6fe\" href=\"https:\/\/www.linkedin.com\/company\/associacao-f-sos-fotografia-solidariedade-e-obras-sociais\/\" target=\"_blank\">\n\t\t\t\t\t\t<span class=\"elementor-screen-only\">Linkedin<\/span>\n\t\t\t\t\t\t<i aria-hidden=\"true\" class=\"fab fa-linkedin\"><\/i>\t\t\t\t\t<\/a>\n\t\t\t\t<\/span>\n\t\t\t\t\t\t\t<span class=\"elementor-grid-item\" role=\"listitem\">\n\t\t\t\t\t<a class=\"elementor-icon elementor-social-icon elementor-social-icon-youtube elementor-repeater-item-f3c97f5\" href=\"https:\/\/www.youtube.com\/@F262PhotographyFestival\" target=\"_blank\">\n\t\t\t\t\t\t<span class=\"elementor-screen-only\">Youtube<\/span>\n\t\t\t\t\t\t<i aria-hidden=\"true\" class=\"fab fa-youtube\"><\/i>\t\t\t\t\t<\/a>\n\t\t\t\t<\/span>\n\t\t\t\t\t<\/div>\n\t\t\t\t\t\t<\/div>\n\t\t\t\t<\/div>\n\t\t\t\t\t<\/div>\n\t\t<\/div>\n\t\t\t\t\t<\/div>\n\t\t<\/section>\n\t\t\t\t<div class=\"elementor-section elementor-inner-section elementor-element elementor-element-21d4a88 elementor-section-boxed elementor-section-height-default elementor-section-height-default\" data-id=\"21d4a88\" data-element_type=\"section\" data-e-type=\"section\">\n\t\t\t\t\t\t<div class=\"elementor-container elementor-column-gap-no\">\n\t\t\t\t\t<div class=\"elementor-column elementor-col-100 elementor-inner-column elementor-element elementor-element-37fbc21\" data-id=\"37fbc21\" data-element_type=\"column\" data-e-type=\"column\">\n\t\t\t<div class=\"elementor-widget-wrap elementor-element-populated\">\n\t\t\t\t\t\t<div class=\"elementor-element elementor-element-fe6ceda copyright-footer elementor-widget elementor-widget-text-editor\" data-id=\"fe6ceda\" data-element_type=\"widget\" data-e-type=\"widget\" data-widget_type=\"text-editor.default\">\n\t\t\t\t<div class=\"elementor-widget-container\">\n\t\t\t\t\t\t\t\t\t<p>\u00a92026 F\/262 \u2013 Festival Internacional de Fotografia<br \/>Produit par <a href=\"https:\/\/www.f-sos.org\" target=\"_blank\" rel=\"noopener\">Associa\u00e7\u00e3o F\/SOS \u2013 Fotografia, Solidariedade e Obras Sociais<\/a><\/p>\t\t\t\t\t\t\t\t<\/div>\n\t\t\t\t<\/div>\n\t\t\t\t\t<\/div>\n\t\t<\/div>\n\t\t\t\t\t<\/div>\n\t\t<\/div>\n\t\t\t\t\t<\/div>\n\t\t<\/div>\n\t\t\t\t\t<\/div>\n\t\t<\/div>\n\t\t\t\t<\/div>\n\t\t<\/div>\n\t\t\t\t\t\t<\/div>\n\t\t\t\t<\/div>\n\t\t\t\t\t<\/div>\n\t\t<\/div>\n\t\t\t\t\t<\/div>\n\t\t<\/section>\n\t\t\t\t<\/div>","protected":false},"excerpt":{"rendered":"<p>F\/262 Curated Open Call From project to exhibition. From idea to public space.. About the Open Call The F\/262 Curated Open Call invites photographers, artists, and visual storytellers to submit a complete body of work for consideration in the 2026 festival exhibitions. We are looking for strong visual narratives that speak to contemporary issues, personal [&hellip;]<\/p>","protected":false},"author":6,"featured_media":0,"parent":0,"menu_order":0,"comment_status":"closed","ping_status":"closed","template":"","meta":{"_acf_changed":false,"footnotes":""},"class_list":["post-5114","page","type-page","status-publish","hentry"],"acf":[],"yoast_head":"<!-- This site is optimized with the Yoast SEO plugin v27.5 - https:\/\/yoast.com\/product\/yoast-seo-wordpress\/ -->\n<title>F\/262 Curated Open Call - F\/262 Festival Internacional de Fotografia<\/title>\n<meta name=\"description\" content=\"The F\/262 Curated Open Call invites photographers, artists, and visual storytellers to submit a complete body of work for consideration in the 2026 festival exhibitions.We are looking for strong visual narratives that speak to contemporary issues, personal histories, cultural identity, or experimental approaches. Selected projects will become part of the festival\u2019s indoor exhibitions, publications, and artist programs across Caldas da Rainha.\" \/>\n<meta name=\"robots\" content=\"index, follow, max-snippet:-1, max-image-preview:large, max-video-preview:-1\" \/>\n<link rel=\"canonical\" href=\"https:\/\/festival262.com\/fr\/f-262-curated-open-call\/\" \/>\n<meta property=\"og:locale\" content=\"fr_FR\" \/>\n<meta property=\"og:type\" content=\"article\" \/>\n<meta property=\"og:title\" content=\"F\/262 Curated Open Call - F\/262 Festival Internacional de Fotografia\" \/>\n<meta property=\"og:description\" content=\"The F\/262 Curated Open Call invites photographers, artists, and visual storytellers to submit a complete body of work for consideration in the 2026 festival exhibitions.We are looking for strong visual narratives that speak to contemporary issues, personal histories, cultural identity, or experimental approaches. Selected projects will become part of the festival\u2019s indoor exhibitions, publications, and artist programs across Caldas da Rainha.\" \/>\n<meta property=\"og:url\" content=\"https:\/\/festival262.com\/fr\/f-262-curated-open-call\/\" \/>\n<meta property=\"og:site_name\" content=\"F\/262 Festival Internacional de Fotografia\" \/>\n<meta property=\"article:modified_time\" content=\"2025-11-14T12:29:44+00:00\" \/>\n<meta property=\"og:image\" content=\"https:\/\/festival262.com\/wp-content\/uploads\/2025\/08\/ChatGPT-Image-Aug-1-2025-10_11_23-PM-1024x683.png\" \/>\n\t<meta property=\"og:image:width\" content=\"1024\" \/>\n\t<meta property=\"og:image:height\" content=\"683\" \/>\n\t<meta property=\"og:image:type\" content=\"image\/png\" \/>\n<meta name=\"twitter:card\" content=\"summary_large_image\" \/>\n<meta name=\"twitter:label1\" content=\"Dur\u00e9e de lecture estim\u00e9e\" \/>\n\t<meta name=\"twitter:data1\" content=\"6 minutes\" \/>\n<script type=\"application\/ld+json\" class=\"yoast-schema-graph\">{\"@context\":\"https:\\\/\\\/schema.org\",\"@graph\":[{\"@type\":\"WebPage\",\"@id\":\"https:\\\/\\\/festival262.com\\\/f-262-curated-open-call\\\/\",\"url\":\"https:\\\/\\\/festival262.com\\\/f-262-curated-open-call\\\/\",\"name\":\"F\\\/262 Curated Open Call - F\\\/262 Festival Internacional de Fotografia\",\"isPartOf\":{\"@id\":\"https:\\\/\\\/festival262.com\\\/#website\"},\"primaryImageOfPage\":{\"@id\":\"https:\\\/\\\/festival262.com\\\/f-262-curated-open-call\\\/#primaryimage\"},\"image\":{\"@id\":\"https:\\\/\\\/festival262.com\\\/f-262-curated-open-call\\\/#primaryimage\"},\"thumbnailUrl\":\"https:\\\/\\\/festival262.com\\\/wp-content\\\/uploads\\\/2025\\\/08\\\/ChatGPT-Image-Aug-1-2025-10_11_23-PM-1024x683.png\",\"datePublished\":\"2025-11-14T10:51:32+00:00\",\"dateModified\":\"2025-11-14T12:29:44+00:00\",\"description\":\"The F\\\/262 Curated Open Call invites photographers, artists, and visual storytellers to submit a complete body of work for consideration in the 2026 festival exhibitions.We are looking for strong visual narratives that speak to contemporary issues, personal histories, cultural identity, or experimental approaches. Selected projects will become part of the festival\u2019s indoor exhibitions, publications, and artist programs across Caldas da Rainha.\",\"breadcrumb\":{\"@id\":\"https:\\\/\\\/festival262.com\\\/f-262-curated-open-call\\\/#breadcrumb\"},\"inLanguage\":\"fr-FR\",\"potentialAction\":[{\"@type\":\"ReadAction\",\"target\":[\"https:\\\/\\\/festival262.com\\\/f-262-curated-open-call\\\/\"]}]},{\"@type\":\"ImageObject\",\"inLanguage\":\"fr-FR\",\"@id\":\"https:\\\/\\\/festival262.com\\\/f-262-curated-open-call\\\/#primaryimage\",\"url\":\"https:\\\/\\\/festival262.com\\\/wp-content\\\/uploads\\\/2025\\\/08\\\/ChatGPT-Image-Aug-1-2025-10_11_23-PM-1024x683.png\",\"contentUrl\":\"https:\\\/\\\/festival262.com\\\/wp-content\\\/uploads\\\/2025\\\/08\\\/ChatGPT-Image-Aug-1-2025-10_11_23-PM-1024x683.png\"},{\"@type\":\"BreadcrumbList\",\"@id\":\"https:\\\/\\\/festival262.com\\\/f-262-curated-open-call\\\/#breadcrumb\",\"itemListElement\":[{\"@type\":\"ListItem\",\"position\":1,\"name\":\"Home\",\"item\":\"https:\\\/\\\/festival262.com\\\/\"},{\"@type\":\"ListItem\",\"position\":2,\"name\":\"F\\\/262 Curated Open Call\"}]},{\"@type\":\"WebSite\",\"@id\":\"https:\\\/\\\/festival262.com\\\/#website\",\"url\":\"https:\\\/\\\/festival262.com\\\/\",\"name\":\"F7262 Fetsival Internacional de Fotografia\",\"description\":\"Photography as Culture, Community, and Practice\",\"publisher\":{\"@id\":\"https:\\\/\\\/festival262.com\\\/#organization\"},\"alternateName\":\"Festival262\",\"potentialAction\":[{\"@type\":\"SearchAction\",\"target\":{\"@type\":\"EntryPoint\",\"urlTemplate\":\"https:\\\/\\\/festival262.com\\\/?s={search_term_string}\"},\"query-input\":{\"@type\":\"PropertyValueSpecification\",\"valueRequired\":true,\"valueName\":\"search_term_string\"}}],\"inLanguage\":\"fr-FR\"},{\"@type\":\"Organization\",\"@id\":\"https:\\\/\\\/festival262.com\\\/#organization\",\"name\":\"F\\\/262 Festival Internacional de Fotografia\",\"url\":\"https:\\\/\\\/festival262.com\\\/\",\"logo\":{\"@type\":\"ImageObject\",\"inLanguage\":\"fr-FR\",\"@id\":\"https:\\\/\\\/festival262.com\\\/#\\\/schema\\\/logo\\\/image\\\/\",\"url\":\"https:\\\/\\\/festival262.com\\\/wp-content\\\/uploads\\\/2019\\\/10\\\/cropped-f-262-icon-e-logo-scaled-1.png\",\"contentUrl\":\"https:\\\/\\\/festival262.com\\\/wp-content\\\/uploads\\\/2019\\\/10\\\/cropped-f-262-icon-e-logo-scaled-1.png\",\"width\":2558,\"height\":1048,\"caption\":\"F\\\/262 Festival Internacional de Fotografia\"},\"image\":{\"@id\":\"https:\\\/\\\/festival262.com\\\/#\\\/schema\\\/logo\\\/image\\\/\"}}]}<\/script>\n<!-- \/ Yoast SEO plugin. -->","yoast_head_json":{"title":"F\/262 Curated Open Call - F\/262 Festival Internacional de Fotografia","description":"The F\/262 Curated Open Call invites photographers, artists, and visual storytellers to submit a complete body of work for consideration in the 2026 festival exhibitions.We are looking for strong visual narratives that speak to contemporary issues, personal histories, cultural identity, or experimental approaches. Selected projects will become part of the festival\u2019s indoor exhibitions, publications, and artist programs across Caldas da Rainha.","robots":{"index":"index","follow":"follow","max-snippet":"max-snippet:-1","max-image-preview":"max-image-preview:large","max-video-preview":"max-video-preview:-1"},"canonical":"https:\/\/festival262.com\/fr\/f-262-curated-open-call\/","og_locale":"fr_FR","og_type":"article","og_title":"F\/262 Curated Open Call - F\/262 Festival Internacional de Fotografia","og_description":"The F\/262 Curated Open Call invites photographers, artists, and visual storytellers to submit a complete body of work for consideration in the 2026 festival exhibitions.We are looking for strong visual narratives that speak to contemporary issues, personal histories, cultural identity, or experimental approaches. Selected projects will become part of the festival\u2019s indoor exhibitions, publications, and artist programs across Caldas da Rainha.","og_url":"https:\/\/festival262.com\/fr\/f-262-curated-open-call\/","og_site_name":"F\/262 Festival Internacional de Fotografia","article_modified_time":"2025-11-14T12:29:44+00:00","og_image":[{"width":1024,"height":683,"url":"https:\/\/festival262.com\/wp-content\/uploads\/2025\/08\/ChatGPT-Image-Aug-1-2025-10_11_23-PM-1024x683.png","type":"image\/png"}],"twitter_card":"summary_large_image","twitter_misc":{"Dur\u00e9e de lecture estim\u00e9e":"6 minutes"},"schema":{"@context":"https:\/\/schema.org","@graph":[{"@type":"WebPage","@id":"https:\/\/festival262.com\/f-262-curated-open-call\/","url":"https:\/\/festival262.com\/f-262-curated-open-call\/","name":"F\/262 Curated Open Call - F\/262 Festival Internacional de Fotografia","isPartOf":{"@id":"https:\/\/festival262.com\/#website"},"primaryImageOfPage":{"@id":"https:\/\/festival262.com\/f-262-curated-open-call\/#primaryimage"},"image":{"@id":"https:\/\/festival262.com\/f-262-curated-open-call\/#primaryimage"},"thumbnailUrl":"https:\/\/festival262.com\/wp-content\/uploads\/2025\/08\/ChatGPT-Image-Aug-1-2025-10_11_23-PM-1024x683.png","datePublished":"2025-11-14T10:51:32+00:00","dateModified":"2025-11-14T12:29:44+00:00","description":"The F\/262 Curated Open Call invites photographers, artists, and visual storytellers to submit a complete body of work for consideration in the 2026 festival exhibitions.We are looking for strong visual narratives that speak to contemporary issues, personal histories, cultural identity, or experimental approaches. Selected projects will become part of the festival\u2019s indoor exhibitions, publications, and artist programs across Caldas da Rainha.","breadcrumb":{"@id":"https:\/\/festival262.com\/f-262-curated-open-call\/#breadcrumb"},"inLanguage":"fr-FR","potentialAction":[{"@type":"ReadAction","target":["https:\/\/festival262.com\/f-262-curated-open-call\/"]}]},{"@type":"ImageObject","inLanguage":"fr-FR","@id":"https:\/\/festival262.com\/f-262-curated-open-call\/#primaryimage","url":"https:\/\/festival262.com\/wp-content\/uploads\/2025\/08\/ChatGPT-Image-Aug-1-2025-10_11_23-PM-1024x683.png","contentUrl":"https:\/\/festival262.com\/wp-content\/uploads\/2025\/08\/ChatGPT-Image-Aug-1-2025-10_11_23-PM-1024x683.png"},{"@type":"BreadcrumbList","@id":"https:\/\/festival262.com\/f-262-curated-open-call\/#breadcrumb","itemListElement":[{"@type":"ListItem","position":1,"name":"Home","item":"https:\/\/festival262.com\/"},{"@type":"ListItem","position":2,"name":"F\/262 Curated Open Call"}]},{"@type":"WebSite","@id":"https:\/\/festival262.com\/#website","url":"https:\/\/festival262.com\/","name":"F7262 Fetsival Internacional de Fotografia","description":"Photography as Culture, Community, and Practice","publisher":{"@id":"https:\/\/festival262.com\/#organization"},"alternateName":"Festival262","potentialAction":[{"@type":"SearchAction","target":{"@type":"EntryPoint","urlTemplate":"https:\/\/festival262.com\/?s={search_term_string}"},"query-input":{"@type":"PropertyValueSpecification","valueRequired":true,"valueName":"search_term_string"}}],"inLanguage":"fr-FR"},{"@type":"Organization","@id":"https:\/\/festival262.com\/#organization","name":"F\/262 Festival Internacional de Fotografia","url":"https:\/\/festival262.com\/","logo":{"@type":"ImageObject","inLanguage":"fr-FR","@id":"https:\/\/festival262.com\/#\/schema\/logo\/image\/","url":"https:\/\/festival262.com\/wp-content\/uploads\/2019\/10\/cropped-f-262-icon-e-logo-scaled-1.png","contentUrl":"https:\/\/festival262.com\/wp-content\/uploads\/2019\/10\/cropped-f-262-icon-e-logo-scaled-1.png","width":2558,"height":1048,"caption":"F\/262 Festival Internacional de Fotografia"},"image":{"@id":"https:\/\/festival262.com\/#\/schema\/logo\/image\/"}}]}},"_links":{"self":[{"href":"https:\/\/festival262.com\/fr\/wp-json\/wp\/v2\/pages\/5114","targetHints":{"allow":["GET"]}}],"collection":[{"href":"https:\/\/festival262.com\/fr\/wp-json\/wp\/v2\/pages"}],"about":[{"href":"https:\/\/festival262.com\/fr\/wp-json\/wp\/v2\/types\/page"}],"author":[{"embeddable":true,"href":"https:\/\/festival262.com\/fr\/wp-json\/wp\/v2\/users\/6"}],"replies":[{"embeddable":true,"href":"https:\/\/festival262.com\/fr\/wp-json\/wp\/v2\/comments?post=5114"}],"version-history":[{"count":0,"href":"https:\/\/festival262.com\/fr\/wp-json\/wp\/v2\/pages\/5114\/revisions"}],"wp:attachment":[{"href":"https:\/\/festival262.com\/fr\/wp-json\/wp\/v2\/media?parent=5114"}],"curies":[{"name":"wp","href":"https:\/\/api.w.org\/{rel}","templated":true}]}}