{"id":4568,"date":"2025-10-08T17:05:44","date_gmt":"2025-10-08T17:05:44","guid":{"rendered":"https:\/\/festival262.com\/?page_id=4568"},"modified":"2026-04-23T12:48:37","modified_gmt":"2026-04-23T12:48:37","slug":"photo-book-award","status":"publish","type":"page","link":"https:\/\/festival262.com\/fr\/photo-book-award\/","title":{"rendered":"Prix du livre photo"},"content":{"rendered":"<div data-elementor-type=\"wp-page\" data-elementor-id=\"4568\" class=\"elementor elementor-4568\">\n\t\t\t\t\t\t<section class=\"elementor-section elementor-top-section elementor-element elementor-element-92fa46d elementor-section-boxed elementor-section-height-default elementor-section-height-default\" data-id=\"92fa46d\" data-element_type=\"section\" data-e-type=\"section\">\n\t\t\t\t\t\t<div class=\"elementor-container elementor-column-gap-default\">\n\t\t\t\t\t<div class=\"elementor-column elementor-col-100 elementor-top-column elementor-element elementor-element-300fbe7\" data-id=\"300fbe7\" data-element_type=\"column\" data-e-type=\"column\">\n\t\t\t<div class=\"elementor-widget-wrap elementor-element-populated\">\n\t\t\t\t\t\t<div class=\"elementor-element elementor-element-14b8a08 eael-dual-header-content-align-center elementor-widget elementor-widget-eael-dual-color-header\" data-id=\"14b8a08\" data-element_type=\"widget\" data-e-type=\"widget\" data-widget_type=\"eael-dual-color-header.default\">\n\t\t\t\t<div class=\"elementor-widget-container\">\n\t\t\t\t\t\t\t\t<div class=\"eael-dual-header\">\n\t\t\t\t<h2 class=\"title eael-dch-title\"><span class=\"eael-dch-title-text eael-dch-title-lead lead solid-color\">Prix du livre photo F\/262<\/span> <span class=\"eael-dch-title-text\"><\/span><\/h2>\t\t\t\t\t<span class=\"subtext\"><p>De l'image \u00e0 l'objet. De l'histoire \u00e0 l'impression.<\/p><\/span>\n\t\t\t\t\t\t\t<\/div>\n\n\t\t\t\t\t\t<\/div>\n\t\t\t\t<\/div>\n\t\t\t\t\t<\/div>\n\t\t<\/div>\n\t\t\t\t\t<\/div>\n\t\t<\/section>\n\t\t\t\t<section class=\"elementor-section elementor-top-section elementor-element elementor-element-1a14dda elementor-section-boxed elementor-section-height-default elementor-section-height-default\" data-id=\"1a14dda\" data-element_type=\"section\" data-e-type=\"section\">\n\t\t\t\t\t\t<div class=\"elementor-container elementor-column-gap-default\">\n\t\t\t\t\t<div class=\"elementor-column elementor-col-100 elementor-top-column elementor-element elementor-element-c9b221f\" data-id=\"c9b221f\" data-element_type=\"column\" data-e-type=\"column\">\n\t\t\t<div class=\"elementor-widget-wrap elementor-element-populated\">\n\t\t\t\t\t\t<div class=\"elementor-element elementor-element-3ca3156 elementor-widget elementor-widget-text-editor\" data-id=\"3ca3156\" data-element_type=\"widget\" data-e-type=\"widget\" data-widget_type=\"text-editor.default\">\n\t\t\t\t<div class=\"elementor-widget-container\">\n\t\t\t\t\t\t\t\t\t<h4>\u00c0 propos du prix<\/h4>\t\t\t\t\t\t\t\t<\/div>\n\t\t\t\t<\/div>\n\t\t\t\t\t<\/div>\n\t\t<\/div>\n\t\t\t\t\t<\/div>\n\t\t<\/section>\n\t\t\t\t<section class=\"elementor-section elementor-top-section elementor-element elementor-element-dece68c elementor-section-boxed elementor-section-height-default elementor-section-height-default\" data-id=\"dece68c\" data-element_type=\"section\" data-e-type=\"section\">\n\t\t\t\t\t\t<div class=\"elementor-container elementor-column-gap-default\">\n\t\t\t\t\t<div class=\"elementor-column elementor-col-50 elementor-top-column elementor-element elementor-element-7026a7f\" data-id=\"7026a7f\" data-element_type=\"column\" data-e-type=\"column\">\n\t\t\t<div class=\"elementor-widget-wrap elementor-element-populated\">\n\t\t\t\t\t\t<div class=\"elementor-element elementor-element-85ac2c2 elementor-widget elementor-widget-text-editor\" data-id=\"85ac2c2\" data-element_type=\"widget\" data-e-type=\"widget\" data-widget_type=\"text-editor.default\">\n\t\t\t\t<div class=\"elementor-widget-container\">\n\t\t\t\t\t\t\t\t\t<p data-start=\"560\" data-end=\"818\">Le <strong data-start=\"564\" data-end=\"590\">Prix du livre photo F\/262<\/strong> honore le meilleur <strong data-start=\"607\" data-end=\"652\">projet de livre photo in\u00e9dit de l'ann\u00e9e<\/strong>.<br data-start=\"653\" data-end=\"656\" \/>Il c\u00e9l\u00e8bre le livre comme l\u2019une des formes d\u2019expression photographique les plus intimes et les plus durables, o\u00f9 le concept, le design et le mat\u00e9riau se conjuguent en tant que r\u00e9cit.<\/p><p data-start=\"820\" data-end=\"1064\">Chaque \u00e9dition du festival, <strong data-start=\"831\" data-end=\"857\">un auteur est s\u00e9lectionn\u00e9<\/strong> pour recevoir la pleine production de leur livre photo, cr\u00e9\u00e9 <strong data-start=\"913\" data-end=\"936\">localement au Portugal<\/strong> dans un <strong data-start=\"942\" data-end=\"981\">\u00e9dition num\u00e9rot\u00e9e \u00e0 la main de 262 exemplaires<\/strong>, en partenariat avec un <strong data-start=\"1005\" data-end=\"1032\">collaborateur d'\u00e9dition<\/strong> et les imprimantes et classeurs locaux.<\/p><p data-start=\"1066\" data-end=\"1168\">Le prix refl\u00e8te l\u2019engagement de F\/262 \u00e0 <strong data-start=\"1107\" data-end=\"1167\">l'artisanat, la durabilit\u00e9 et l'ind\u00e9pendance cr\u00e9ative<\/strong>.<\/p>\t\t\t\t\t\t\t\t<\/div>\n\t\t\t\t<\/div>\n\t\t\t\t\t<\/div>\n\t\t<\/div>\n\t\t\t\t<div class=\"elementor-column elementor-col-50 elementor-top-column elementor-element elementor-element-e11cf19\" data-id=\"e11cf19\" data-element_type=\"column\" data-e-type=\"column\">\n\t\t\t<div class=\"elementor-widget-wrap elementor-element-populated\">\n\t\t\t\t\t\t<div class=\"elementor-element elementor-element-2b50073 elementor-widget elementor-widget-image\" data-id=\"2b50073\" data-element_type=\"widget\" data-e-type=\"widget\" data-widget_type=\"image.default\">\n\t\t\t\t<div class=\"elementor-widget-container\">\n\t\t\t\t\t\t\t\t\t\t\t\t\t\t\t<img fetchpriority=\"high\" decoding=\"async\" width=\"1024\" height=\"653\" src=\"https:\/\/festival262.com\/wp-content\/uploads\/2025\/08\/f262photobookclub-1024x653.png\" class=\"attachment-large size-large wp-image-3807\" alt=\"\" srcset=\"https:\/\/festival262.com\/wp-content\/uploads\/2025\/08\/f262photobookclub-1024x653.png 1024w, https:\/\/festival262.com\/wp-content\/uploads\/2025\/08\/f262photobookclub-300x191.png 300w, https:\/\/festival262.com\/wp-content\/uploads\/2025\/08\/f262photobookclub-768x490.png 768w, https:\/\/festival262.com\/wp-content\/uploads\/2025\/08\/f262photobookclub-1536x979.png 1536w, https:\/\/festival262.com\/wp-content\/uploads\/2025\/08\/f262photobookclub-1320x842.png 1320w, https:\/\/festival262.com\/wp-content\/uploads\/2025\/08\/f262photobookclub-600x383.png 600w, https:\/\/festival262.com\/wp-content\/uploads\/2025\/08\/f262photobookclub.png 1606w\" sizes=\"(max-width: 1024px) 100vw, 1024px\" \/>\t\t\t\t\t\t\t\t\t\t\t\t\t\t\t<\/div>\n\t\t\t\t<\/div>\n\t\t\t\t\t<\/div>\n\t\t<\/div>\n\t\t\t\t\t<\/div>\n\t\t<\/section>\n\t\t\t\t<section class=\"elementor-section elementor-top-section elementor-element elementor-element-400ab93 elementor-section-boxed elementor-section-height-default elementor-section-height-default\" data-id=\"400ab93\" data-element_type=\"section\" data-e-type=\"section\">\n\t\t\t\t\t\t<div class=\"elementor-container elementor-column-gap-default\">\n\t\t\t\t\t<div class=\"elementor-column elementor-col-50 elementor-top-column elementor-element elementor-element-c4fa803\" data-id=\"c4fa803\" data-element_type=\"column\" data-e-type=\"column\">\n\t\t\t<div class=\"elementor-widget-wrap elementor-element-populated\">\n\t\t\t\t\t\t<div class=\"elementor-element elementor-element-de1b71b elementor-widget__width-initial elementor-widget elementor-widget-image\" data-id=\"de1b71b\" data-element_type=\"widget\" data-e-type=\"widget\" data-widget_type=\"image.default\">\n\t\t\t\t<div class=\"elementor-widget-container\">\n\t\t\t\t\t\t\t\t\t\t\t\t\t\t\t<img decoding=\"async\" src=\"https:\/\/festival262.com\/wp-content\/uploads\/2025\/10\/working-the-press.jpg\" title=\"travail-la-presse\" alt=\"travail-la-presse\" loading=\"lazy\" \/>\t\t\t\t\t\t\t\t\t\t\t\t\t\t\t<\/div>\n\t\t\t\t<\/div>\n\t\t\t\t<div class=\"elementor-element elementor-element-9042fd5 elementor-widget elementor-widget-text-editor\" data-id=\"9042fd5\" data-element_type=\"widget\" data-e-type=\"widget\" data-widget_type=\"text-editor.default\">\n\t\t\t\t<div class=\"elementor-widget-container\">\n\t\t\t\t\t\t\t\t\t<h4 data-section-id=\"brky7h\" data-start=\"174\" data-end=\"198\">Collaboration avec VivaLab<\/h4>\t\t\t\t\t\t\t\t<\/div>\n\t\t\t\t<\/div>\n\t\t\t\t<div class=\"elementor-element elementor-element-71c5504 elementor-widget elementor-widget-text-editor\" data-id=\"71c5504\" data-element_type=\"widget\" data-e-type=\"widget\" data-widget_type=\"text-editor.default\">\n\t\t\t\t<div class=\"elementor-widget-container\">\n\t\t\t\t\t\t\t\t\t<p style=\"line-height: 1.5; margin: 1rem 0px; color: #262831; font-family: system-ui, sans-serif; font-size: 14px;\" data-start=\"200\" data-end=\"351\">En collaboration avec VivaLab, le F\/262 Photo Book Award propose une r\u00e9flexion pratique sur le livre photo en tant qu'objet culturel, physique et symbolique.<\/p><p style=\"line-height: 1.5; margin: 1rem 0px; color: #262831; font-family: system-ui, sans-serif; font-size: 14px;\" data-start=\"353\" data-end=\"771\">Dans le cadre de cette initiative, le projet laur\u00e9at sera publi\u00e9 avec une couverture unique cr\u00e9\u00e9e \u00e0 partir de plastiques collect\u00e9s dans le cadre des actions environnementales du festival, notamment Cuidar as Margens, Cuidar do Campo et d\u2019autres initiatives en mati\u00e8re de durabilit\u00e9 d\u00e9velopp\u00e9es tout au long du programme. Ces mat\u00e9riaux sont transform\u00e9s et r\u00e9imagin\u00e9s dans la surface physique du livre, transformant les d\u00e9chets en une forme significative et durable.<\/p><p style=\"line-height: 1.5; margin: 1rem 0px; color: #262831; font-family: system-ui, sans-serif; font-size: 14px;\" data-start=\"773\" data-end=\"1122\">Plus qu'un geste de conception, ce processus refl\u00e8te une approche consciente de la production. Les mat\u00e9riaux mis au rebut re\u00e7oivent une nouvelle vie et sont int\u00e9gr\u00e9s dans un objet qui pr\u00e9serve la m\u00e9moire, la narration et la vision artistique. Le livre qui en r\u00e9sulte ne contient pas seulement des images, il porte en lui une histoire de durabilit\u00e9, de territoire et de responsabilit\u00e9 environnementale.<\/p>\t\t\t\t\t\t\t\t<\/div>\n\t\t\t\t<\/div>\n\t\t\t\t\t<\/div>\n\t\t<\/div>\n\t\t\t\t<div class=\"elementor-column elementor-col-50 elementor-top-column elementor-element elementor-element-cc8ba99\" data-id=\"cc8ba99\" data-element_type=\"column\" data-e-type=\"column\">\n\t\t\t<div class=\"elementor-widget-wrap elementor-element-populated\">\n\t\t\t\t\t\t<div class=\"elementor-element elementor-element-c139baf elementor-widget elementor-widget-text-editor\" data-id=\"c139baf\" data-element_type=\"widget\" data-e-type=\"widget\" data-widget_type=\"text-editor.default\">\n\t\t\t\t<div class=\"elementor-widget-container\">\n\t\t\t\t\t\t\t\t\t<p data-start=\"1471\" data-end=\"1555\"><strong data-start=\"1471\" data-end=\"1496\">Production locale compl\u00e8te<\/strong> du livre photo dans un <strong data-start=\"1519\" data-end=\"1552\">\u00e9dition limit\u00e9e \u00e0 262 exemplaires<\/strong>.<\/p><ul data-start=\"1469\" data-end=\"1855\"><li data-start=\"1556\" data-end=\"1640\"><p data-start=\"1558\" data-end=\"1640\"><strong data-start=\"1558\" data-end=\"1593\">Support \u00e9ditorial et mat\u00e9riel<\/strong> avec les \u00e9quipes F\/262 et partenaires \u00e9ditoriales.<\/p><\/li><li data-start=\"1641\" data-end=\"1709\"><p data-start=\"1643\" data-end=\"1709\"><strong data-start=\"1643\" data-end=\"1662\">ISBN + colophon<\/strong> sous F\/262 et le collaborateur \u00e9diteur.<\/p><\/li><li data-start=\"1710\" data-end=\"1770\"><p data-start=\"1712\" data-end=\"1770\"><strong data-start=\"1712\" data-end=\"1738\">Lancement + \u00e9v\u00e9nement de signature<\/strong> au F\/262 Photo Book Club.<\/p><\/li><li data-start=\"1771\" data-end=\"1855\"><p data-start=\"1773\" data-end=\"1855\">Visibilit\u00e9 internationale gr\u00e2ce au site web, \u00e0 la presse et aux expositions du festival.<\/p><\/li><\/ul><p data-start=\"1857\" data-end=\"1933\"><em data-start=\"1857\" data-end=\"1933\">(Un seul laur\u00e9at est s\u00e9lectionn\u00e9 pour chaque \u00e9dition du festival \u2014 pas de prix ou de mentions secondaires.)<\/em><\/p>\t\t\t\t\t\t\t\t<\/div>\n\t\t\t\t<\/div>\n\t\t\t\t<div class=\"elementor-element elementor-element-69d1143 elementor-widget elementor-widget-image\" data-id=\"69d1143\" data-element_type=\"widget\" data-e-type=\"widget\" data-widget_type=\"image.default\">\n\t\t\t\t<div class=\"elementor-widget-container\">\n\t\t\t\t\t\t\t\t\t\t\t\t\t\t\t<img decoding=\"async\" width=\"1024\" height=\"591\" src=\"https:\/\/festival262.com\/wp-content\/uploads\/2026\/04\/VIVA_LOGO_2020-01-1024x591.png\" class=\"attachment-large size-large wp-image-7537\" alt=\"\" srcset=\"https:\/\/festival262.com\/wp-content\/uploads\/2026\/04\/VIVA_LOGO_2020-01-1024x591.png 1024w, https:\/\/festival262.com\/wp-content\/uploads\/2026\/04\/VIVA_LOGO_2020-01-300x173.png 300w, https:\/\/festival262.com\/wp-content\/uploads\/2026\/04\/VIVA_LOGO_2020-01-768x443.png 768w, https:\/\/festival262.com\/wp-content\/uploads\/2026\/04\/VIVA_LOGO_2020-01-1536x886.png 1536w, https:\/\/festival262.com\/wp-content\/uploads\/2026\/04\/VIVA_LOGO_2020-01-18x10.png 18w, https:\/\/festival262.com\/wp-content\/uploads\/2026\/04\/VIVA_LOGO_2020-01-1320x761.png 1320w, https:\/\/festival262.com\/wp-content\/uploads\/2026\/04\/VIVA_LOGO_2020-01-24x14.png 24w, https:\/\/festival262.com\/wp-content\/uploads\/2026\/04\/VIVA_LOGO_2020-01-36x21.png 36w, https:\/\/festival262.com\/wp-content\/uploads\/2026\/04\/VIVA_LOGO_2020-01-48x28.png 48w, https:\/\/festival262.com\/wp-content\/uploads\/2026\/04\/VIVA_LOGO_2020-01-600x346.png 600w, https:\/\/festival262.com\/wp-content\/uploads\/2026\/04\/VIVA_LOGO_2020-01.png 1564w\" sizes=\"(max-width: 1024px) 100vw, 1024px\" \/>\t\t\t\t\t\t\t\t\t\t\t\t\t\t\t<\/div>\n\t\t\t\t<\/div>\n\t\t\t\t<div class=\"elementor-element elementor-element-641cb24 elementor-widget elementor-widget-text-editor\" data-id=\"641cb24\" data-element_type=\"widget\" data-e-type=\"widget\" data-widget_type=\"text-editor.default\">\n\t\t\t\t<div class=\"elementor-widget-container\">\n\t\t\t\t\t\t\t\t\t<h4 style=\"line-height: 1.5; color: #262831; font-family: system-ui, sans-serif; letter-spacing: normal; text-align: start; text-transform: none;\" data-section-id=\"1t8kr1n\" data-start=\"1129\" data-end=\"1150\">PARTENARIAT VIVALAB<\/h4><h4 style=\"line-height: 1.5; color: #262831; font-family: system-ui, sans-serif; letter-spacing: normal; text-align: start; text-transform: none;\" data-section-id=\"1t8kr1n\" data-start=\"1129\" data-end=\"1150\">CONDITION D'ENTR\u00c9E<\/h4>\t\t\t\t\t\t\t\t<\/div>\n\t\t\t\t<\/div>\n\t\t\t\t<div class=\"elementor-element elementor-element-fe0fddf elementor-widget elementor-widget-text-editor\" data-id=\"fe0fddf\" data-element_type=\"widget\" data-e-type=\"widget\" data-widget_type=\"text-editor.default\">\n\t\t\t\t<div class=\"elementor-widget-container\">\n\t\t\t\t\t\t\t\t\t<p>En se soumettant au prix du livre photo F\/262, les candidats reconnaissent et acceptent que, s\u2019ils sont s\u00e9lectionn\u00e9s en tant que laur\u00e9ats, leur publication sera \u00e9labor\u00e9e en collaboration avec le festival et VivaLab, y compris l\u2019utilisation de mat\u00e9riaux plastiques recycl\u00e9s collect\u00e9s dans le cadre des initiatives environnementales du festival lors de la production de la couverture du livre.<\/p>\t\t\t\t\t\t\t\t<\/div>\n\t\t\t\t<\/div>\n\t\t\t\t\t<\/div>\n\t\t<\/div>\n\t\t\t\t\t<\/div>\n\t\t<\/section>\n\t\t\t\t<section class=\"elementor-section elementor-top-section elementor-element elementor-element-aedbd19 elementor-section-boxed elementor-section-height-default elementor-section-height-default\" data-id=\"aedbd19\" data-element_type=\"section\" data-e-type=\"section\">\n\t\t\t\t\t\t<div class=\"elementor-container elementor-column-gap-default\">\n\t\t\t\t\t<div class=\"elementor-column elementor-col-50 elementor-top-column elementor-element elementor-element-5504276\" data-id=\"5504276\" data-element_type=\"column\" data-e-type=\"column\">\n\t\t\t<div class=\"elementor-widget-wrap elementor-element-populated\">\n\t\t\t\t\t\t<div class=\"elementor-element elementor-element-c2d8ef4 elementor-widget elementor-widget-heading\" data-id=\"c2d8ef4\" data-element_type=\"widget\" data-e-type=\"widget\" data-widget_type=\"heading.default\">\n\t\t\t\t<div class=\"elementor-widget-container\">\n\t\t\t\t\t<h4 class=\"elementor-heading-title elementor-size-default\">Jury <\/h4>\t\t\t\t<\/div>\n\t\t\t\t<\/div>\n\t\t\t\t<div class=\"elementor-element elementor-element-013e9f1 elementor-widget elementor-widget-text-editor\" data-id=\"013e9f1\" data-element_type=\"widget\" data-e-type=\"widget\" data-widget_type=\"text-editor.default\">\n\t\t\t\t<div class=\"elementor-widget-container\">\n\t\t\t\t\t\t\t\t\t<p data-start=\"2319\" data-end=\"2487\">Le <strong data-start=\"2323\" data-end=\"2354\">F\/262 Prix du livre photo<\/strong> est ind\u00e9pendant des autres programmes du festival et comprend des \u00e9diteurs, des concepteurs, des conservateurs et des \u00e9diteurs.<br data-start=\"2457\" data-end=\"2460\" \/>Les projets sont \u00e9valu\u00e9s pour:<\/p><ul data-start=\"2488\" data-end=\"2620\"><li data-start=\"2488\" data-end=\"2525\"><p data-start=\"2490\" data-end=\"2525\">Force narrative et conceptuelle<\/p><\/li><li data-start=\"2526\" data-end=\"2559\"><p data-start=\"2528\" data-end=\"2559\">\u00c9dition, s\u00e9quence et conception<\/p><\/li><li data-start=\"2560\" data-end=\"2586\"><p data-start=\"2562\" data-end=\"2586\">Faisabilit\u00e9 de la production<\/p><\/li><li data-start=\"2587\" data-end=\"2620\"><p data-start=\"2589\" data-end=\"2620\">Durabilit\u00e9 et innovation<\/p><\/li><li data-start=\"2587\" data-end=\"2620\">\u00a0<\/li><\/ul>\t\t\t\t\t\t\t\t<\/div>\n\t\t\t\t<\/div>\n\t\t\t\t<div class=\"elementor-element elementor-element-4d8356c elementor-widget elementor-widget-heading\" data-id=\"4d8356c\" data-element_type=\"widget\" data-e-type=\"widget\" data-widget_type=\"heading.default\">\n\t\t\t\t<div class=\"elementor-widget-container\">\n\t\t\t\t\t<h4 class=\"elementor-heading-title elementor-size-default\">Faits saillants<\/h4>\t\t\t\t<\/div>\n\t\t\t\t<\/div>\n\t\t\t\t<div class=\"elementor-element elementor-element-ddf05d5 elementor-widget elementor-widget-text-editor\" data-id=\"ddf05d5\" data-element_type=\"widget\" data-e-type=\"widget\" data-widget_type=\"text-editor.default\">\n\t\t\t\t<div class=\"elementor-widget-container\">\n\t\t\t\t\t\t\t\t\t<p data-start=\"1189\" data-end=\"1434\"><img decoding=\"async\" class=\"emoji\" role=\"img\" draggable=\"false\" src=\"https:\/\/s.w.org\/images\/core\/emoji\/17.0.2\/svg\/1f4c5.svg\" alt=\"\ud83d\udcc5\" \/> <strong data-start=\"1192\" data-end=\"1214\">Candidatures ouvertes:<\/strong> \u00e0 partir de maintenant jusqu'au 1er juillet 2026<br data-start=\"1240\" data-end=\"1243\" \/><img decoding=\"async\" class=\"emoji\" role=\"img\" draggable=\"false\" src=\"https:\/\/s.w.org\/images\/core\/emoji\/17.0.2\/svg\/1f4e6.svg\" alt=\"\ud83d\udce6\" \/> <strong data-start=\"1246\" data-end=\"1274\">Livraison du mannequin finaliste: <\/strong>5 ao\u00fbt\u00a0<br data-start=\"1294\" data-end=\"1297\" \/><img decoding=\"async\" class=\"emoji\" role=\"img\" draggable=\"false\" src=\"https:\/\/s.w.org\/images\/core\/emoji\/17.0.2\/svg\/1f3c6.svg\" alt=\"\ud83c\udfc6\" \/> <strong data-start=\"1300\" data-end=\"1321\">Le gagnant a annonc\u00e9:<\/strong> 15 ao\u00fbt<br \/><img decoding=\"async\" class=\"emoji\" style=\"background-color: #ffffff; letter-spacing: 0em;\" role=\"img\" draggable=\"false\" src=\"https:\/\/s.w.org\/images\/core\/emoji\/17.0.2\/svg\/1f4d6.svg\" alt=\"\ud83d\udcd6\" \/> <strong style=\"letter-spacing: 0em;\" data-start=\"1342\" data-end=\"1358\">Lancement du livre:<\/strong><span style=\"letter-spacing: 0em;\"> Bient\u00f4t annonc\u00e9<\/span><\/p><ol><li data-start=\"1189\" data-end=\"1434\"><img decoding=\"async\" class=\"emoji\" style=\"background-color: #ffffff; letter-spacing: 0em;\" role=\"img\" draggable=\"false\" src=\"https:\/\/s.w.org\/images\/core\/emoji\/17.0.2\/svg\/1f4b6.svg\" alt=\"\ud83d\udcb6\" \/> <strong style=\"letter-spacing: 0em;\" data-start=\"1402\" data-end=\"1416\">Frais d'entr\u00e9e:<\/strong><span style=\"letter-spacing: 0em;\"> 35 \u20ac par projet<\/span><\/li><li data-start=\"1189\" data-end=\"1434\">\u00a0<\/li><\/ol>\t\t\t\t\t\t\t\t<\/div>\n\t\t\t\t<\/div>\n\t\t\t\t\t<\/div>\n\t\t<\/div>\n\t\t\t\t<div class=\"elementor-column elementor-col-50 elementor-top-column elementor-element elementor-element-17f7064\" data-id=\"17f7064\" data-element_type=\"column\" data-e-type=\"column\">\n\t\t\t<div class=\"elementor-widget-wrap elementor-element-populated\">\n\t\t\t\t\t\t<div class=\"elementor-element elementor-element-e0400ca elementor-widget elementor-widget-image\" data-id=\"e0400ca\" data-element_type=\"widget\" data-e-type=\"widget\" data-widget_type=\"image.default\">\n\t\t\t\t<div class=\"elementor-widget-container\">\n\t\t\t\t\t\t\t\t\t\t\t\t\t\t\t<img decoding=\"async\" width=\"1024\" height=\"624\" src=\"https:\/\/festival262.com\/wp-content\/uploads\/2026\/04\/Captura-de-ecra-2026-04-21-as-16.59.02-1024x624.png\" class=\"attachment-large size-large wp-image-7533\" alt=\"\" srcset=\"https:\/\/festival262.com\/wp-content\/uploads\/2026\/04\/Captura-de-ecra-2026-04-21-as-16.59.02-1024x624.png 1024w, https:\/\/festival262.com\/wp-content\/uploads\/2026\/04\/Captura-de-ecra-2026-04-21-as-16.59.02-300x183.png 300w, https:\/\/festival262.com\/wp-content\/uploads\/2026\/04\/Captura-de-ecra-2026-04-21-as-16.59.02-768x468.png 768w, https:\/\/festival262.com\/wp-content\/uploads\/2026\/04\/Captura-de-ecra-2026-04-21-as-16.59.02-1536x936.png 1536w, https:\/\/festival262.com\/wp-content\/uploads\/2026\/04\/Captura-de-ecra-2026-04-21-as-16.59.02-18x12.png 18w, https:\/\/festival262.com\/wp-content\/uploads\/2026\/04\/Captura-de-ecra-2026-04-21-as-16.59.02-1320x804.png 1320w, https:\/\/festival262.com\/wp-content\/uploads\/2026\/04\/Captura-de-ecra-2026-04-21-as-16.59.02-24x15.png 24w, https:\/\/festival262.com\/wp-content\/uploads\/2026\/04\/Captura-de-ecra-2026-04-21-as-16.59.02-36x22.png 36w, https:\/\/festival262.com\/wp-content\/uploads\/2026\/04\/Captura-de-ecra-2026-04-21-as-16.59.02-48x29.png 48w, https:\/\/festival262.com\/wp-content\/uploads\/2026\/04\/Captura-de-ecra-2026-04-21-as-16.59.02-600x365.png 600w, https:\/\/festival262.com\/wp-content\/uploads\/2026\/04\/Captura-de-ecra-2026-04-21-as-16.59.02.png 1796w\" sizes=\"(max-width: 1024px) 100vw, 1024px\" \/>\t\t\t\t\t\t\t\t\t\t\t\t\t\t\t<\/div>\n\t\t\t\t<\/div>\n\t\t\t\t\t<\/div>\n\t\t<\/div>\n\t\t\t\t\t<\/div>\n\t\t<\/section>\n\t\t\t\t<section class=\"elementor-section elementor-top-section elementor-element elementor-element-093d422 elementor-section-boxed elementor-section-height-default elementor-section-height-default\" data-id=\"093d422\" data-element_type=\"section\" data-e-type=\"section\">\n\t\t\t\t\t\t<div class=\"elementor-container elementor-column-gap-default\">\n\t\t\t\t\t<div class=\"elementor-column elementor-col-100 elementor-top-column elementor-element elementor-element-e7f76fd\" data-id=\"e7f76fd\" data-element_type=\"column\" data-e-type=\"column\">\n\t\t\t<div class=\"elementor-widget-wrap elementor-element-populated\">\n\t\t\t\t\t\t<div class=\"elementor-element elementor-element-c8e9028 elementor-widget elementor-widget-heading\" data-id=\"c8e9028\" data-element_type=\"widget\" data-e-type=\"widget\" data-widget_type=\"heading.default\">\n\t\t\t\t<div class=\"elementor-widget-container\">\n\t\t\t\t\t<h4 class=\"elementor-heading-title elementor-size-default\">\u00c9CH\u00c9ANCE <\/h4>\t\t\t\t<\/div>\n\t\t\t\t<\/div>\n\t\t\t\t<div class=\"elementor-element elementor-element-947a0f2 elementor-widget elementor-widget-text-editor\" data-id=\"947a0f2\" data-element_type=\"widget\" data-e-type=\"widget\" data-widget_type=\"text-editor.default\">\n\t\t\t\t<div class=\"elementor-widget-container\">\n\t\t\t\t\t\t\t\t\t<table><thead><tr><th>Phase<\/th><th>Dates<\/th><th>Description<\/th><\/tr><\/thead><tbody><tr><td><strong>Appel ouvert (Soumission PDF)<\/strong><\/td><td>\u00a023 avril \u2014 1er juillet<\/td><td>Soumission en ligne via le formulaire sur <a href=\"https:\/\/festival262.com\/fr\/f-262-submission-form\/\">f262.pt<\/a>.<\/td><\/tr><tr><td><strong>Session du jury (PDF Review)<\/strong><\/td><td>12 juil. \u2014 14 juil.<\/td><td>Le jury se r\u00e9unit \u00e0 Caldas da Rainha.<\/td><\/tr><tr><td><strong>Liste restreinte annonc\u00e9e<\/strong><\/td><td>15 juillet<\/td><td>Les finalistes s\u00e9lectionn\u00e9s sont invit\u00e9s \u00e0 envoyer des mannequins physiques.<\/td><\/tr><tr><td><strong>Date limite de livraison du mannequin<\/strong><\/td><td>5 ao\u00fbt<\/td><td>Les mannequins des finalistes doivent arriver au Portugal.<\/td><\/tr><tr><td><strong>Annonce des prix &amp; Ouverture de l'exposition<\/strong><\/td><td>15 ao\u00fbt<\/td><td><p class=\"p1\">Exposition publique et Finalists Dummies au festival.<\/p><\/td><\/tr><tr><td><strong>Lancement du livre &amp; Signature<\/strong><\/td><td>\u00a02026-2027<\/td><td><p class=\"p1\">D\u00e9veloppement et publication du livre gagnant.<\/p><\/td><\/tr><\/tbody><\/table>\t\t\t\t\t\t\t\t<\/div>\n\t\t\t\t<\/div>\n\t\t\t\t\t<\/div>\n\t\t<\/div>\n\t\t\t\t\t<\/div>\n\t\t<\/section>\n\t\t\t\t<section class=\"elementor-section elementor-top-section elementor-element elementor-element-cb06759 elementor-section-boxed elementor-section-height-default elementor-section-height-default\" data-id=\"cb06759\" data-element_type=\"section\" data-e-type=\"section\">\n\t\t\t\t\t\t<div class=\"elementor-container elementor-column-gap-default\">\n\t\t\t\t\t<div class=\"elementor-column elementor-col-100 elementor-top-column elementor-element elementor-element-ce7c3ce\" data-id=\"ce7c3ce\" data-element_type=\"column\" data-e-type=\"column\">\n\t\t\t<div class=\"elementor-widget-wrap elementor-element-populated\">\n\t\t\t\t\t\t<div class=\"elementor-element elementor-element-2763f2f elementor-widget elementor-widget-heading\" data-id=\"2763f2f\" data-element_type=\"widget\" data-e-type=\"widget\" data-widget_type=\"heading.default\">\n\t\t\t\t<div class=\"elementor-widget-container\">\n\t\t\t\t\t<h4 class=\"elementor-heading-title elementor-size-default\">Comment faire une demande<\/h4>\t\t\t\t<\/div>\n\t\t\t\t<\/div>\n\t\t\t\t<div class=\"elementor-element elementor-element-71dfce6 elementor-widget elementor-widget-text-editor\" data-id=\"71dfce6\" data-element_type=\"widget\" data-e-type=\"widget\" data-widget_type=\"text-editor.default\">\n\t\t\t\t<div class=\"elementor-widget-container\">\n\t\t\t\t\t\t\t\t\t<p data-start=\"3291\" data-end=\"3439\">\u00a0<\/p><p data-start=\"3291\" data-end=\"3439\">Les candidatures doivent \u00eatre soumises au moyen du formulaire officiel en ligne \u00e0 l\u2019adresse suivante: <strong data-start=\"3358\" data-end=\"3369\">f262.pt<\/strong>.<br data-start=\"3370\" data-end=\"3373\" \/>Tous les champs demand\u00e9s doivent \u00eatre remplis pour que votre inscription soit valide.<\/p><h4 data-start=\"3441\" data-end=\"3477\">\u00a0<\/h4><h4 data-start=\"3441\" data-end=\"3477\">\u00c9tape 1 \u2013 Pr\u00e9parer votre mat\u00e9riel<\/h4><ul data-start=\"3478\" data-end=\"3778\"><li data-start=\"3478\" data-end=\"3560\"><p data-start=\"3480\" data-end=\"3560\"><strong data-start=\"3480\" data-end=\"3500\">PDF (max. 15 Mo)<\/strong> \u2013 10 \u00e0 20 doubles pages, couverture et titre compris, avec:<\/p><ul data-start=\"3478\" data-end=\"3778\"><li data-start=\"3478\" data-end=\"3560\"><strong data-start=\"3563\" data-end=\"3589\">Synopsis (\u2264 200 mots)<\/strong><\/li><li data-start=\"3478\" data-end=\"3560\"><strong data-start=\"3594\" data-end=\"3621\">Biographie courte (\u2264 120 mots)<\/strong>.<\/li><\/ul><\/li><li data-start=\"3695\" data-end=\"3778\"><strong>JPEG (max 15 MB)<\/strong> \u2013 Portrait de l'auteur<\/li><li data-start=\"3695\" data-end=\"3778\"><p data-start=\"3697\" data-end=\"3778\"><strong data-start=\"3697\" data-end=\"3721\">Confirmation de paiement<\/strong> \u2013 droit d\u2019entr\u00e9e de 35 EUR par projet.<\/p><\/li><\/ul><h4 data-start=\"3780\" data-end=\"3816\">\u00a0<\/h4><h4 data-start=\"3780\" data-end=\"3816\">\u00c9tape 2 \u2013 Soumettre le formulaire en ligne<\/h4><p data-start=\"3817\" data-end=\"3928\">T\u00e9l\u00e9chargez vos fichiers et confirmez le paiement. Vous recevrez un <strong data-start=\"3875\" data-end=\"3897\">e-mail de confirmation<\/strong> avec votre num\u00e9ro d'enregistrement.<\/p><h4 data-start=\"3930\" data-end=\"3977\">\u00a0<\/h4><h4 data-start=\"3930\" data-end=\"3977\">\u00c9tape 3 \u2013 Si vous \u00eates s\u00e9lectionn\u00e9(e) en tant que finaliste<\/h4><p data-start=\"3978\" data-end=\"4047\">Les finalistes vont envoyer <strong data-start=\"3998\" data-end=\"4025\">une copie fictive physique<\/strong> pour la session du jury.<\/p><p data-start=\"4049\" data-end=\"4399\"><strong data-start=\"4049\" data-end=\"4071\">D\u00e9lai de livraison:<\/strong> 1er juillet 2026<br data-start=\"4085\" data-end=\"4088\" \/><strong data-start=\"4088\" data-end=\"4106\">\u00c9tiqueter clairement:<\/strong> \u00ab LIVRE SANS VALEUR COMMERCIALE \u00bb<br data-start=\"4138\" data-end=\"4141\" \/>Tous les frais d\u2019exp\u00e9dition et de douane sont \u00e0 la charge du demandeur.<br data-start=\"4207\" data-end=\"4210\" \/>Si vous souhaitez que votre mannequin revienne, s\u00e9lectionnez le <strong data-start=\"4254\" data-end=\"4271\">option de retour<\/strong> sous la forme ou inclure un <strong data-start=\"4297\" data-end=\"4324\">enveloppe de retour pr\u00e9pay\u00e9e<\/strong>.<br data-start=\"4325\" data-end=\"4328\" \/>F\/262 ne peut assumer la responsabilit\u00e9 des mat\u00e9riaux non retourn\u00e9s ou endommag\u00e9s.<\/p>\t\t\t\t\t\t\t\t<\/div>\n\t\t\t\t<\/div>\n\t\t\t\t<div class=\"elementor-element elementor-element-ee3ecdb elementor-align-center elementor-widget elementor-widget-button\" data-id=\"ee3ecdb\" data-element_type=\"widget\" data-e-type=\"widget\" data-widget_type=\"button.default\">\n\t\t\t\t<div class=\"elementor-widget-container\">\n\t\t\t\t\t\t\t\t\t<div class=\"elementor-button-wrapper\">\n\t\t\t\t\t<a class=\"elementor-button elementor-button-link elementor-size-sm\" href=\"https:\/\/festival262.com\/fr\/f-262-submission-form\/\">\n\t\t\t\t\t\t<span class=\"elementor-button-content-wrapper\">\n\t\t\t\t\t\t\t\t\t<span class=\"elementor-button-text\">Soumettez votre projet ici<\/span>\n\t\t\t\t\t<\/span>\n\t\t\t\t\t<\/a>\n\t\t\t\t<\/div>\n\t\t\t\t\t\t\t\t<\/div>\n\t\t\t\t<\/div>\n\t\t\t\t\t<\/div>\n\t\t<\/div>\n\t\t\t\t\t<\/div>\n\t\t<\/section>\n\t\t\t\t<section class=\"elementor-section elementor-top-section elementor-element elementor-element-399b2da elementor-section-boxed elementor-section-height-default elementor-section-height-default\" data-id=\"399b2da\" data-element_type=\"section\" data-e-type=\"section\">\n\t\t\t\t\t\t<div class=\"elementor-container elementor-column-gap-default\">\n\t\t\t\t\t<div class=\"elementor-column elementor-col-100 elementor-top-column elementor-element elementor-element-50322e3\" data-id=\"50322e3\" data-element_type=\"column\" data-e-type=\"column\">\n\t\t\t<div class=\"elementor-widget-wrap elementor-element-populated\">\n\t\t\t\t\t\t<div class=\"elementor-element elementor-element-a61526d elementor-widget elementor-widget-heading\" data-id=\"a61526d\" data-element_type=\"widget\" data-e-type=\"widget\" data-widget_type=\"heading.default\">\n\t\t\t\t<div class=\"elementor-widget-container\">\n\t\t\t\t\t<h4 class=\"elementor-heading-title elementor-size-default\">Termes &amp; Conditions<\/h4>\t\t\t\t<\/div>\n\t\t\t\t<\/div>\n\t\t\t\t<div class=\"elementor-element elementor-element-ff1d7b8 elementor-widget elementor-widget-text-editor\" data-id=\"ff1d7b8\" data-element_type=\"widget\" data-e-type=\"widget\" data-widget_type=\"text-editor.default\">\n\t\t\t\t<div class=\"elementor-widget-container\">\n\t\t\t\t\t\t\t\t\t<p data-start=\"4435\" data-end=\"4552\"><strong data-start=\"4435\" data-end=\"4450\">Admissibilit\u00e9<\/strong> \u2013 Ouverte au niveau international; les projets ne doivent pas \u00eatre publi\u00e9s. Pas de limite individuelle d'entr\u00e9es par auteur (frais s\u00e9par\u00e9s).<\/p><ol data-start=\"4432\" data-end=\"5302\"><li data-start=\"4553\" data-end=\"4606\"><p data-start=\"4556\" data-end=\"4606\"><strong data-start=\"4556\" data-end=\"4569\">Frais d'entr\u00e9e<\/strong> \u2013 35 EUR par projet; non remboursable.<\/p><\/li><li data-start=\"4607\" data-end=\"4724\"><p data-start=\"4610\" data-end=\"4724\"><strong data-start=\"4610\" data-end=\"4626\">Processus du jury<\/strong> \u2013 Groupe sp\u00e9cial ind\u00e9pendant; d\u00e9cisions d\u00e9finitives. Crit\u00e8res: narratif, conception, faisabilit\u00e9, durabilit\u00e9.<\/p><\/li><li data-start=\"4725\" data-end=\"4879\"><p data-start=\"4728\" data-end=\"4879\"><strong data-start=\"4728\" data-end=\"4737\">Prix<\/strong> \u2013 le laur\u00e9at unique re\u00e7oit la production d\u2019une \u00e9dition de 262 exemplaires; collaboration avec F\/262 + \u00e9diteur requis<br \/><strong data-start=\"4883\" data-end=\"4904\">Droit d'auteur &amp; Utilisation<\/strong> \u2013 Les auteurs conservent tous les droits; en soumettant, les participants autorisent l\u2019utilisation promotionnelle d\u2019images et d\u2019informations li\u00e9es au prix et au festival.<\/p><\/li><li data-start=\"5047\" data-end=\"5229\"><p data-start=\"5050\" data-end=\"5229\"><strong data-start=\"5050\" data-end=\"5077\">Responsabilit\u00e9 mat\u00e9rielle<\/strong> \u2013 Les livres trait\u00e9s avec soin, mais F\/262 n\u2019est pas responsable des pertes ou dommages pendant le transport ou l\u2019exposition. L\u2019exp\u00e9dition de retour rel\u00e8ve de la responsabilit\u00e9 de l\u2019auteur.<\/p><\/li><li data-start=\"5230\" data-end=\"5302\"><p data-start=\"5233\" data-end=\"5302\"><strong data-start=\"5233\" data-end=\"5247\">Acceptation<\/strong> \u2013 La soumission implique l\u2019acceptation pleine et enti\u00e8re des pr\u00e9sentes conditions.<\/p><\/li><\/ol>\t\t\t\t\t\t\t\t<\/div>\n\t\t\t\t<\/div>\n\t\t\t\t\t<\/div>\n\t\t<\/div>\n\t\t\t\t\t<\/div>\n\t\t<\/section>\n\t\t\t\t<section class=\"elementor-section elementor-top-section elementor-element elementor-element-ec3642f elementor-section-boxed elementor-section-height-default elementor-section-height-default\" data-id=\"ec3642f\" data-element_type=\"section\" data-e-type=\"section\">\n\t\t\t\t\t\t<div class=\"elementor-container elementor-column-gap-default\">\n\t\t\t\t\t<div class=\"elementor-column elementor-col-100 elementor-top-column elementor-element elementor-element-2703ba2\" data-id=\"2703ba2\" data-element_type=\"column\" data-e-type=\"column\">\n\t\t\t<div class=\"elementor-widget-wrap elementor-element-populated\">\n\t\t\t\t\t\t<div class=\"elementor-element elementor-element-7d225dc elementor-widget elementor-widget-heading\" data-id=\"7d225dc\" data-element_type=\"widget\" data-e-type=\"widget\" data-widget_type=\"heading.default\">\n\t\t\t\t<div class=\"elementor-widget-container\">\n\t\t\t\t\t<h4 class=\"elementor-heading-title elementor-size-default\">FAQ<\/h4>\t\t\t\t<\/div>\n\t\t\t\t<\/div>\n\t\t\t\t\t<\/div>\n\t\t<\/div>\n\t\t\t\t\t<\/div>\n\t\t<\/section>\n\t\t\t\t<section class=\"elementor-section elementor-top-section elementor-element elementor-element-845d1f1 elementor-section-boxed elementor-section-height-default elementor-section-height-default\" data-id=\"845d1f1\" data-element_type=\"section\" data-e-type=\"section\">\n\t\t\t\t\t\t<div class=\"elementor-container elementor-column-gap-default\">\n\t\t\t\t\t<div class=\"elementor-column elementor-col-100 elementor-top-column elementor-element elementor-element-a287860\" data-id=\"a287860\" data-element_type=\"column\" data-e-type=\"column\">\n\t\t\t<div class=\"elementor-widget-wrap elementor-element-populated\">\n\t\t\t\t\t\t<div class=\"elementor-element elementor-element-44c9446 elementor-widget elementor-widget-eael-adv-accordion\" data-id=\"44c9446\" data-element_type=\"widget\" data-e-type=\"widget\" data-widget_type=\"eael-adv-accordion.default\">\n\t\t\t\t<div class=\"elementor-widget-container\">\n\t\t\t\t\t            <div class=\"eael-adv-accordion\" id=\"eael-adv-accordion-44c9446\" data-scroll-on-click=\"no\" data-scroll-speed=\"300\" data-accordion-id=\"44c9446\" data-accordion-type=\"accordion\" data-toogle-speed=\"300\">\n            <div class=\"eael-accordion-list\">\n\t\t\t\t\t<div id=\"what-qualifies-as-unpublished\" class=\"elementor-tab-title eael-accordion-header\" tabindex=\"0\" data-tab=\"1\" aria-controls=\"elementor-tab-content-7211\"><span class=\"eael-advanced-accordion-icon-closed\"><i aria-hidden=\"true\" class=\"fa-accordion-icon fas fa-plus\"><\/i><\/span><span class=\"eael-advanced-accordion-icon-opened\"><i aria-hidden=\"true\" class=\"fa-accordion-icon fas fa-minus\"><\/i><\/span><span class=\"eael-accordion-tab-title\">Qu\u2019est-ce qui peut \u00eatre qualifi\u00e9 de \u00abnon publi\u00e9\u00bb?<\/span><i aria-hidden=\"true\" class=\"fa-toggle fas fa-angle-right\"><\/i><\/div><div id=\"elementor-tab-content-7211\" class=\"eael-accordion-content clearfix\" data-tab=\"1\" aria-labelledby=\"what-qualifies-as-unpublished\"><p>Un livre qui n'a pas \u00e9t\u00e9 commercialis\u00e9 ou distribu\u00e9. Les \u00e9ditions auto-\u00e9dit\u00e9es de \u2264 100 exemplaires ou les \u00e9ditions num\u00e9riques sont toujours \u00e9ligibles.<\/p><\/div>\n\t\t\t\t\t<\/div><div class=\"eael-accordion-list\">\n\t\t\t\t\t<div id=\"do-i-have-to-send-a-physical-dummy-immediately\" class=\"elementor-tab-title eael-accordion-header\" tabindex=\"0\" data-tab=\"2\" aria-controls=\"elementor-tab-content-7212\"><span class=\"eael-advanced-accordion-icon-closed\"><i aria-hidden=\"true\" class=\"fa-accordion-icon fas fa-plus\"><\/i><\/span><span class=\"eael-advanced-accordion-icon-opened\"><i aria-hidden=\"true\" class=\"fa-accordion-icon fas fa-minus\"><\/i><\/span><span class=\"eael-accordion-tab-title\">Dois-je envoyer un mannequin physique imm\u00e9diatement?<\/span><i aria-hidden=\"true\" class=\"fa-toggle fas fa-angle-right\"><\/i><\/div><div id=\"elementor-tab-content-7212\" class=\"eael-accordion-content clearfix\" data-tab=\"2\" aria-labelledby=\"do-i-have-to-send-a-physical-dummy-immediately\"><p>Non. Toutes les entr\u00e9es commencent par une soumission PDF. Seuls les finalistes doivent envoyer un mannequin physique.<\/p><\/div>\n\t\t\t\t\t<\/div><div class=\"eael-accordion-list\">\n\t\t\t\t\t<div id=\"can-i-submit-more-than-one-project\" class=\"elementor-tab-title eael-accordion-header\" tabindex=\"0\" data-tab=\"3\" aria-controls=\"elementor-tab-content-7213\"><span class=\"eael-advanced-accordion-icon-closed\"><i aria-hidden=\"true\" class=\"fa-accordion-icon fas fa-plus\"><\/i><\/span><span class=\"eael-advanced-accordion-icon-opened\"><i aria-hidden=\"true\" class=\"fa-accordion-icon fas fa-minus\"><\/i><\/span><span class=\"eael-accordion-tab-title\">Puis-je soumettre plus d'un projet?<\/span><i aria-hidden=\"true\" class=\"fa-toggle fas fa-angle-right\"><\/i><\/div><div id=\"elementor-tab-content-7213\" class=\"eael-accordion-content clearfix\" data-tab=\"3\" aria-labelledby=\"can-i-submit-more-than-one-project\"><p>Oui.\u00a0 Il n'y a pas de limite individuelle d'entr\u00e9es par auteur. Chaque projet n\u00e9cessite un formulaire et des frais distincts.<\/p><\/div>\n\t\t\t\t\t<\/div><div class=\"eael-accordion-list\">\n\t\t\t\t\t<div id=\"are-there-limits-on-size-or-materials\" class=\"elementor-tab-title eael-accordion-header\" tabindex=\"0\" data-tab=\"4\" aria-controls=\"elementor-tab-content-7214\"><span class=\"eael-advanced-accordion-icon-closed\"><i aria-hidden=\"true\" class=\"fa-accordion-icon fas fa-plus\"><\/i><\/span><span class=\"eael-advanced-accordion-icon-opened\"><i aria-hidden=\"true\" class=\"fa-accordion-icon fas fa-minus\"><\/i><\/span><span class=\"eael-accordion-tab-title\">Y a-t-il des limites sur la taille ou les mat\u00e9riaux?<\/span><i aria-hidden=\"true\" class=\"fa-toggle fas fa-angle-right\"><\/i><\/div><div id=\"elementor-tab-content-7214\" class=\"eael-accordion-content clearfix\" data-tab=\"4\" aria-labelledby=\"are-there-limits-on-size-or-materials\"><p>Aucune limite fixe, mais les projets doivent \u00eatre techniquement r\u00e9alisables pour la production de livres.<\/p><\/div>\n\t\t\t\t\t<\/div><div class=\"eael-accordion-list\">\n\t\t\t\t\t<div id=\"can-i-include-text-or-mixed-media\" class=\"elementor-tab-title eael-accordion-header\" tabindex=\"0\" data-tab=\"5\" aria-controls=\"elementor-tab-content-7215\"><span class=\"eael-advanced-accordion-icon-closed\"><i aria-hidden=\"true\" class=\"fa-accordion-icon fas fa-plus\"><\/i><\/span><span class=\"eael-advanced-accordion-icon-opened\"><i aria-hidden=\"true\" class=\"fa-accordion-icon fas fa-minus\"><\/i><\/span><span class=\"eael-accordion-tab-title\">Puis-je inclure du texte ou des m\u00e9dias mixtes?<\/span><i aria-hidden=\"true\" class=\"fa-toggle fas fa-angle-right\"><\/i><\/div><div id=\"elementor-tab-content-7215\" class=\"eael-accordion-content clearfix\" data-tab=\"5\" aria-labelledby=\"can-i-include-text-or-mixed-media\"><p>Oui \u2014 le texte, les insertions et les formats mixtes sont les bienvenus s\u2019ils font partie int\u00e9grante du concept.<\/p><\/div>\n\t\t\t\t\t<\/div><div class=\"eael-accordion-list\">\n\t\t\t\t\t<div id=\"can-a-collective-apply\" class=\"elementor-tab-title eael-accordion-header\" tabindex=\"0\" data-tab=\"6\" aria-controls=\"elementor-tab-content-7216\"><span class=\"eael-advanced-accordion-icon-closed\"><i aria-hidden=\"true\" class=\"fa-accordion-icon fas fa-plus\"><\/i><\/span><span class=\"eael-advanced-accordion-icon-opened\"><i aria-hidden=\"true\" class=\"fa-accordion-icon fas fa-minus\"><\/i><\/span><span class=\"eael-accordion-tab-title\">Un collectif peut-il postuler?<\/span><i aria-hidden=\"true\" class=\"fa-toggle fas fa-angle-right\"><\/i><\/div><div id=\"elementor-tab-content-7216\" class=\"eael-accordion-content clearfix\" data-tab=\"6\" aria-labelledby=\"can-a-collective-apply\"><p>Oui. Dressez la liste de tous les auteurs; fournissez un e-mail de contact et une adresse de facturation.<\/p><\/div>\n\t\t\t\t\t<\/div><div class=\"eael-accordion-list\">\n\t\t\t\t\t<div id=\"will-my-dummy-be-returned\" class=\"elementor-tab-title eael-accordion-header\" tabindex=\"0\" data-tab=\"7\" aria-controls=\"elementor-tab-content-7217\"><span class=\"eael-advanced-accordion-icon-closed\"><i aria-hidden=\"true\" class=\"fa-accordion-icon fas fa-plus\"><\/i><\/span><span class=\"eael-advanced-accordion-icon-opened\"><i aria-hidden=\"true\" class=\"fa-accordion-icon fas fa-minus\"><\/i><\/span><span class=\"eael-accordion-tab-title\">Mon mannequin sera-t-il restitu\u00e9?<\/span><i aria-hidden=\"true\" class=\"fa-toggle fas fa-angle-right\"><\/i><\/div><div id=\"elementor-tab-content-7217\" class=\"eael-accordion-content clearfix\" data-tab=\"7\" aria-labelledby=\"will-my-dummy-be-returned\"><p>Seulement si vous choisissez l'option de retour et couvrez les frais d'exp\u00e9dition.<\/p><\/div>\n\t\t\t\t\t<\/div><div class=\"eael-accordion-list\">\n\t\t\t\t\t<div id=\"can-i-withdraw-my-entry\" class=\"elementor-tab-title eael-accordion-header\" tabindex=\"0\" data-tab=\"8\" aria-controls=\"elementor-tab-content-7218\"><span class=\"eael-advanced-accordion-icon-closed\"><i aria-hidden=\"true\" class=\"fa-accordion-icon fas fa-plus\"><\/i><\/span><span class=\"eael-advanced-accordion-icon-opened\"><i aria-hidden=\"true\" class=\"fa-accordion-icon fas fa-minus\"><\/i><\/span><span class=\"eael-accordion-tab-title\">Puis-je retirer mon inscription?<\/span><i aria-hidden=\"true\" class=\"fa-toggle fas fa-angle-right\"><\/i><\/div><div id=\"elementor-tab-content-7218\" class=\"eael-accordion-content clearfix\" data-tab=\"8\" aria-labelledby=\"can-i-withdraw-my-entry\"><p>Oui, mais les frais d'inscription ne sont pas remboursables.<\/p><\/div>\n\t\t\t\t\t<\/div><div class=\"eael-accordion-list\">\n\t\t\t\t\t<div id=\"what-happens-if-i-win\" class=\"elementor-tab-title eael-accordion-header\" tabindex=\"0\" data-tab=\"9\" aria-controls=\"elementor-tab-content-7219\"><span class=\"eael-advanced-accordion-icon-closed\"><i aria-hidden=\"true\" class=\"fa-accordion-icon fas fa-plus\"><\/i><\/span><span class=\"eael-advanced-accordion-icon-opened\"><i aria-hidden=\"true\" class=\"fa-accordion-icon fas fa-minus\"><\/i><\/span><span class=\"eael-accordion-tab-title\">Que se passe-t-il si je gagne?<\/span><i aria-hidden=\"true\" class=\"fa-toggle fas fa-angle-right\"><\/i><\/div><div id=\"elementor-tab-content-7219\" class=\"eael-accordion-content clearfix\" data-tab=\"9\" aria-labelledby=\"what-happens-if-i-win\"><p>Vous travaillerez directement avec F\/262 et le partenaire \u00e9ditorial pour finaliser la production et lancer votre livre au festival.<\/p><\/div>\n\t\t\t\t\t<\/div><div class=\"eael-accordion-list\">\n\t\t\t\t\t<div id=\"who-owns-the-edition\" class=\"elementor-tab-title eael-accordion-header\" tabindex=\"0\" data-tab=\"10\" aria-controls=\"elementor-tab-content-72110\"><span class=\"eael-advanced-accordion-icon-closed\"><i aria-hidden=\"true\" class=\"fa-accordion-icon fas fa-plus\"><\/i><\/span><span class=\"eael-advanced-accordion-icon-opened\"><i aria-hidden=\"true\" class=\"fa-accordion-icon fas fa-minus\"><\/i><\/span><span class=\"eael-accordion-tab-title\">A qui appartient l'\u00e9dition?<\/span><i aria-hidden=\"true\" class=\"fa-toggle fas fa-angle-right\"><\/i><\/div><div id=\"elementor-tab-content-72110\" class=\"eael-accordion-content clearfix\" data-tab=\"10\" aria-labelledby=\"who-owns-the-edition\"><p>Vous conservez la paternit\u00e9 et les droits d'auteur. F\/262 et l'\u00e9diteur g\u00e8rent la production et la distribution initiale en accord avec vous.<\/p><\/div>\n\t\t\t\t\t<\/div><\/div>\t\t\t\t<\/div>\n\t\t\t\t<\/div>\n\t\t\t\t<div class=\"elementor-element elementor-element-daf505e elementor-widget elementor-widget-shortcode\" data-id=\"daf505e\" data-element_type=\"widget\" data-e-type=\"widget\" data-widget_type=\"shortcode.default\">\n\t\t\t\t<div class=\"elementor-widget-container\">\n\t\t\t\t\t\t\t<div class=\"elementor-shortcode\">\t\t<div data-elementor-type=\"wp-post\" data-elementor-id=\"206\" class=\"elementor elementor-206\">\n\t\t\t\t\t\t<div class=\"elementor-section elementor-top-section elementor-element elementor-element-433e9d9 elementor-section-stretched footer-custom elementor-section-full_width elementor-section-height-default elementor-section-height-default\" data-id=\"433e9d9\" data-element_type=\"section\" data-e-type=\"section\" data-settings=\"{&quot;stretch_section&quot;:&quot;section-stretched&quot;,&quot;background_background&quot;:&quot;classic&quot;}\">\n\t\t\t\t\t\t<div class=\"elementor-container elementor-column-gap-no\">\n\t\t\t\t\t<div class=\"elementor-column elementor-col-100 elementor-top-column elementor-element elementor-element-4386f5f\" data-id=\"4386f5f\" data-element_type=\"column\" data-e-type=\"column\">\n\t\t\t<div class=\"elementor-widget-wrap elementor-element-populated\">\n\t\t\t\t\t\t<div class=\"elementor-section elementor-inner-section elementor-element elementor-element-ab81258 elementor-section-boxed elementor-section-height-default elementor-section-height-default\" data-id=\"ab81258\" data-element_type=\"section\" data-e-type=\"section\">\n\t\t\t\t\t\t<div class=\"elementor-container elementor-column-gap-wider\">\n\t\t\t\t\t<div class=\"elementor-column elementor-col-33 elementor-inner-column elementor-element elementor-element-abe660f\" data-id=\"abe660f\" data-element_type=\"column\" data-e-type=\"column\">\n\t\t\t<div class=\"elementor-widget-wrap elementor-element-populated\">\n\t\t\t\t\t\t<div class=\"elementor-element elementor-element-fdb18bb invert elementor-widget elementor-widget-heading\" data-id=\"fdb18bb\" data-element_type=\"widget\" data-e-type=\"widget\" data-widget_type=\"heading.default\">\n\t\t\t\t<div class=\"elementor-widget-container\">\n\t\t\t\t\t<h5 class=\"elementor-heading-title elementor-size-default\">Produit par F\/262 &amp; Associa\u00e7\u00e3o F\/SOS<\/h5>\t\t\t\t<\/div>\n\t\t\t\t<\/div>\n\t\t\t\t<div class=\"elementor-element elementor-element-cd7b3b4 elementor-widget elementor-widget-spacer\" data-id=\"cd7b3b4\" data-element_type=\"widget\" data-e-type=\"widget\" data-widget_type=\"spacer.default\">\n\t\t\t\t<div class=\"elementor-widget-container\">\n\t\t\t\t\t\t\t<div class=\"elementor-spacer\">\n\t\t\t<div class=\"elementor-spacer-inner\"><\/div>\n\t\t<\/div>\n\t\t\t\t\t\t<\/div>\n\t\t\t\t<\/div>\n\t\t\t\t<div class=\"elementor-element elementor-element-a61036d elementor-widget elementor-widget-image\" data-id=\"a61036d\" data-element_type=\"widget\" data-e-type=\"widget\" data-widget_type=\"image.default\">\n\t\t\t\t<div class=\"elementor-widget-container\">\n\t\t\t\t\t\t\t\t\t\t\t\t\t\t\t\t<a href=\"https:\/\/festival262.com\/fr\/\">\n\t\t\t\t\t\t\t<img loading=\"lazy\" decoding=\"async\" width=\"1532\" height=\"436\" src=\"https:\/\/festival262.com\/wp-content\/uploads\/2019\/10\/F262-LOGO-COMPOSTO-COM-EFFE-WHITE-PT.svg\" class=\"attachment-full size-full wp-image-7626\" alt=\"\" \/>\t\t\t\t\t\t\t\t<\/a>\n\t\t\t\t\t\t\t\t\t\t\t\t\t\t\t<\/div>\n\t\t\t\t<\/div>\n\t\t\t\t<div class=\"elementor-element elementor-element-ec74c02 elementor-widget elementor-widget-spacer\" data-id=\"ec74c02\" data-element_type=\"widget\" data-e-type=\"widget\" data-widget_type=\"spacer.default\">\n\t\t\t\t<div class=\"elementor-widget-container\">\n\t\t\t\t\t\t\t<div class=\"elementor-spacer\">\n\t\t\t<div class=\"elementor-spacer-inner\"><\/div>\n\t\t<\/div>\n\t\t\t\t\t\t<\/div>\n\t\t\t\t<\/div>\n\t\t\t\t<div class=\"elementor-element elementor-element-155e5e2 elementor-widget elementor-widget-image\" data-id=\"155e5e2\" data-element_type=\"widget\" data-e-type=\"widget\" data-widget_type=\"image.default\">\n\t\t\t\t<div class=\"elementor-widget-container\">\n\t\t\t\t\t\t\t\t\t\t\t\t\t\t\t\t<a href=\"https:\/\/www.f-sos.org\" target=\"_blank\">\n\t\t\t\t\t\t\t<img loading=\"lazy\" decoding=\"async\" width=\"2560\" height=\"567\" src=\"https:\/\/festival262.com\/wp-content\/uploads\/2019\/10\/associacao-white-copy-scaled.png\" class=\"attachment-full size-full wp-image-5659\" alt=\"\" srcset=\"https:\/\/festival262.com\/wp-content\/uploads\/2019\/10\/associacao-white-copy-scaled.png 2560w, https:\/\/festival262.com\/wp-content\/uploads\/2019\/10\/associacao-white-copy-300x66.png 300w, https:\/\/festival262.com\/wp-content\/uploads\/2019\/10\/associacao-white-copy-1024x227.png 1024w, https:\/\/festival262.com\/wp-content\/uploads\/2019\/10\/associacao-white-copy-768x170.png 768w, https:\/\/festival262.com\/wp-content\/uploads\/2019\/10\/associacao-white-copy-1536x340.png 1536w, https:\/\/festival262.com\/wp-content\/uploads\/2019\/10\/associacao-white-copy-2048x453.png 2048w, https:\/\/festival262.com\/wp-content\/uploads\/2019\/10\/associacao-white-copy-1320x292.png 1320w, https:\/\/festival262.com\/wp-content\/uploads\/2019\/10\/associacao-white-copy-600x133.png 600w\" sizes=\"(max-width: 2560px) 100vw, 2560px\" \/>\t\t\t\t\t\t\t\t<\/a>\n\t\t\t\t\t\t\t\t\t\t\t\t\t\t\t<\/div>\n\t\t\t\t<\/div>\n\t\t\t\t<div class=\"elementor-element elementor-element-1c060c8 elementor-widget elementor-widget-image\" data-id=\"1c060c8\" data-element_type=\"widget\" data-e-type=\"widget\" data-widget_type=\"image.default\">\n\t\t\t\t<div class=\"elementor-widget-container\">\n\t\t\t\t\t\t\t\t\t\t\t\t\t\t\t\t<a href=\"https:\/\/www.websitecarbon.com\/website\/festival262-com\/\" target=\"_blank\">\n\t\t\t\t\t\t\t<img loading=\"lazy\" decoding=\"async\" width=\"728\" height=\"196\" src=\"https:\/\/festival262.com\/wp-content\/uploads\/2019\/10\/carbon-rating.png\" class=\"attachment-full size-full wp-image-5817\" alt=\"cote carbone\" srcset=\"https:\/\/festival262.com\/wp-content\/uploads\/2019\/10\/carbon-rating.png 728w, https:\/\/festival262.com\/wp-content\/uploads\/2019\/10\/carbon-rating-300x81.png 300w, https:\/\/festival262.com\/wp-content\/uploads\/2019\/10\/carbon-rating-600x162.png 600w\" sizes=\"(max-width: 728px) 100vw, 728px\" \/>\t\t\t\t\t\t\t\t<\/a>\n\t\t\t\t\t\t\t\t\t\t\t\t\t\t\t<\/div>\n\t\t\t\t<\/div>\n\t\t\t\t\t<\/div>\n\t\t<\/div>\n\t\t\t\t<div class=\"elementor-column elementor-col-33 elementor-inner-column elementor-element elementor-element-af8a3fd\" data-id=\"af8a3fd\" data-element_type=\"column\" data-e-type=\"column\">\n\t\t\t<div class=\"elementor-widget-wrap elementor-element-populated\">\n\t\t\t\t\t\t<div class=\"elementor-element elementor-element-cbd4305 invert elementor-widget elementor-widget-heading\" data-id=\"cbd4305\" data-element_type=\"widget\" data-e-type=\"widget\" data-widget_type=\"heading.default\">\n\t\t\t\t<div class=\"elementor-widget-container\">\n\t\t\t\t\t<h5 class=\"elementor-heading-title elementor-size-default\">Avec le soutien de:<\/h5>\t\t\t\t<\/div>\n\t\t\t\t<\/div>\n\t\t\t\t<div class=\"elementor-element elementor-element-6e61efe elementor-widget elementor-widget-spacer\" data-id=\"6e61efe\" data-element_type=\"widget\" data-e-type=\"widget\" data-widget_type=\"spacer.default\">\n\t\t\t\t<div class=\"elementor-widget-container\">\n\t\t\t\t\t\t\t<div class=\"elementor-spacer\">\n\t\t\t<div class=\"elementor-spacer-inner\"><\/div>\n\t\t<\/div>\n\t\t\t\t\t\t<\/div>\n\t\t\t\t<\/div>\n\t\t\t\t<div class=\"elementor-element elementor-element-8f9d706 elementor-widget elementor-widget-image\" data-id=\"8f9d706\" data-element_type=\"widget\" data-e-type=\"widget\" data-widget_type=\"image.default\">\n\t\t\t\t<div class=\"elementor-widget-container\">\n\t\t\t\t\t\t\t\t\t\t\t\t\t\t\t\t<a href=\"https:\/\/www.mcr.pt\" target=\"_blank\">\n\t\t\t\t\t\t\t<img loading=\"lazy\" decoding=\"async\" width=\"600\" height=\"363\" src=\"https:\/\/festival262.com\/wp-content\/uploads\/2019\/10\/cmcr.png.webp\" class=\"attachment-full size-full wp-image-5603\" alt=\"\" srcset=\"https:\/\/festival262.com\/wp-content\/uploads\/2019\/10\/cmcr.png.webp 600w, https:\/\/festival262.com\/wp-content\/uploads\/2019\/10\/cmcr.png-300x182.webp 300w\" sizes=\"(max-width: 600px) 100vw, 600px\" \/>\t\t\t\t\t\t\t\t<\/a>\n\t\t\t\t\t\t\t\t\t\t\t\t\t\t\t<\/div>\n\t\t\t\t<\/div>\n\t\t\t\t\t<\/div>\n\t\t<\/div>\n\t\t\t\t<div class=\"elementor-column elementor-col-33 elementor-inner-column elementor-element elementor-element-3840b6d\" data-id=\"3840b6d\" data-element_type=\"column\" data-e-type=\"column\">\n\t\t\t<div class=\"elementor-widget-wrap elementor-element-populated\">\n\t\t\t\t\t\t<div class=\"elementor-element elementor-element-c63d851 invert elementor-widget elementor-widget-heading\" data-id=\"c63d851\" data-element_type=\"widget\" data-e-type=\"widget\" data-widget_type=\"heading.default\">\n\t\t\t\t<div class=\"elementor-widget-container\">\n\t\t\t\t\t<h5 class=\"elementor-heading-title elementor-size-default\">Mai \u2013 septembre 2026<br>\nCaldas da Rainha Portugal<\/h5>\t\t\t\t<\/div>\n\t\t\t\t<\/div>\n\t\t\t\t<div class=\"elementor-element elementor-element-3636f02 elementor-widget elementor-widget-spacer\" data-id=\"3636f02\" data-element_type=\"widget\" data-e-type=\"widget\" data-widget_type=\"spacer.default\">\n\t\t\t\t<div class=\"elementor-widget-container\">\n\t\t\t\t\t\t\t<div class=\"elementor-spacer\">\n\t\t\t<div class=\"elementor-spacer-inner\"><\/div>\n\t\t<\/div>\n\t\t\t\t\t\t<\/div>\n\t\t\t\t<\/div>\n\t\t\t\t<div class=\"elementor-element elementor-element-6b32ea3 elementor-widget elementor-widget-heading\" data-id=\"6b32ea3\" data-element_type=\"widget\" data-e-type=\"widget\" data-widget_type=\"heading.default\">\n\t\t\t\t<div class=\"elementor-widget-container\">\n\t\t\t\t\t<h5 class=\"elementor-heading-title elementor-size-default\">\u00c0 propos de F\/262\n<\/h5>\t\t\t\t<\/div>\n\t\t\t\t<\/div>\n\t\t\t\t<div class=\"elementor-element elementor-element-0430d04 elementor-widget elementor-widget-text-editor\" data-id=\"0430d04\" data-element_type=\"widget\" data-e-type=\"widget\" data-widget_type=\"text-editor.default\">\n\t\t\t\t<div class=\"elementor-widget-container\">\n\t\t\t\t\t\t\t\t\t<p data-start=\"431\" data-end=\"686\">F\/262 est un festival international de photographie bas\u00e9 \u00e0 Caldas da Rainha, au Portugal.<br data-start=\"526\" data-end=\"529\" \/>\u00c0 travers des expositions, des conf\u00e9rences, de l'\u00e9ducation et des installations publiques, le festival engage la photographie contemporaine avec le lieu, la communaut\u00e9 et le monde que nous partageons.<\/p><p data-start=\"688\" data-end=\"718\">\u00a0<\/p>\t\t\t\t\t\t\t\t<\/div>\n\t\t\t\t<\/div>\n\t\t\t\t<div class=\"elementor-element elementor-element-1251943 elementor-widget elementor-widget-spacer\" data-id=\"1251943\" data-element_type=\"widget\" data-e-type=\"widget\" data-widget_type=\"spacer.default\">\n\t\t\t\t<div class=\"elementor-widget-container\">\n\t\t\t\t\t\t\t<div class=\"elementor-spacer\">\n\t\t\t<div class=\"elementor-spacer-inner\"><\/div>\n\t\t<\/div>\n\t\t\t\t\t\t<\/div>\n\t\t\t\t<\/div>\n\t\t\t\t\t<\/div>\n\t\t<\/div>\n\t\t\t\t\t<\/div>\n\t\t<\/div>\n\t\t\t\t<section class=\"elementor-section elementor-inner-section elementor-element elementor-element-0e3f8f2 elementor-section-boxed elementor-section-height-default elementor-section-height-default\" data-id=\"0e3f8f2\" data-element_type=\"section\" data-e-type=\"section\">\n\t\t\t\t\t\t<div class=\"elementor-container elementor-column-gap-default\">\n\t\t\t\t\t<div class=\"elementor-column elementor-col-50 elementor-inner-column elementor-element elementor-element-65aff90\" data-id=\"65aff90\" data-element_type=\"column\" data-e-type=\"column\">\n\t\t\t<div class=\"elementor-widget-wrap elementor-element-populated\">\n\t\t\t\t\t\t<div class=\"elementor-element elementor-element-c895301 hfe-nav-menu__breakpoint-none hfe-nav-menu__align-left hfe-submenu-icon-arrow hfe-submenu-animation-none hfe-link-redirect-child elementor-widget elementor-widget-navigation-menu\" data-id=\"c895301\" data-element_type=\"widget\" data-e-type=\"widget\" data-settings=\"{&quot;padding_horizontal_menu_item&quot;:{&quot;unit&quot;:&quot;px&quot;,&quot;size&quot;:15,&quot;sizes&quot;:[]},&quot;padding_horizontal_menu_item_tablet&quot;:{&quot;unit&quot;:&quot;px&quot;,&quot;size&quot;:&quot;&quot;,&quot;sizes&quot;:[]},&quot;padding_horizontal_menu_item_mobile&quot;:{&quot;unit&quot;:&quot;px&quot;,&quot;size&quot;:&quot;&quot;,&quot;sizes&quot;:[]},&quot;padding_vertical_menu_item&quot;:{&quot;unit&quot;:&quot;px&quot;,&quot;size&quot;:15,&quot;sizes&quot;:[]},&quot;padding_vertical_menu_item_tablet&quot;:{&quot;unit&quot;:&quot;px&quot;,&quot;size&quot;:&quot;&quot;,&quot;sizes&quot;:[]},&quot;padding_vertical_menu_item_mobile&quot;:{&quot;unit&quot;:&quot;px&quot;,&quot;size&quot;:&quot;&quot;,&quot;sizes&quot;:[]},&quot;menu_space_between&quot;:{&quot;unit&quot;:&quot;px&quot;,&quot;size&quot;:&quot;&quot;,&quot;sizes&quot;:[]},&quot;menu_space_between_tablet&quot;:{&quot;unit&quot;:&quot;px&quot;,&quot;size&quot;:&quot;&quot;,&quot;sizes&quot;:[]},&quot;menu_space_between_mobile&quot;:{&quot;unit&quot;:&quot;px&quot;,&quot;size&quot;:&quot;&quot;,&quot;sizes&quot;:[]},&quot;menu_row_space&quot;:{&quot;unit&quot;:&quot;px&quot;,&quot;size&quot;:&quot;&quot;,&quot;sizes&quot;:[]},&quot;menu_row_space_tablet&quot;:{&quot;unit&quot;:&quot;px&quot;,&quot;size&quot;:&quot;&quot;,&quot;sizes&quot;:[]},&quot;menu_row_space_mobile&quot;:{&quot;unit&quot;:&quot;px&quot;,&quot;size&quot;:&quot;&quot;,&quot;sizes&quot;:[]},&quot;dropdown_border_radius&quot;:{&quot;unit&quot;:&quot;px&quot;,&quot;top&quot;:&quot;&quot;,&quot;right&quot;:&quot;&quot;,&quot;bottom&quot;:&quot;&quot;,&quot;left&quot;:&quot;&quot;,&quot;isLinked&quot;:true},&quot;dropdown_border_radius_tablet&quot;:{&quot;unit&quot;:&quot;px&quot;,&quot;top&quot;:&quot;&quot;,&quot;right&quot;:&quot;&quot;,&quot;bottom&quot;:&quot;&quot;,&quot;left&quot;:&quot;&quot;,&quot;isLinked&quot;:true},&quot;dropdown_border_radius_mobile&quot;:{&quot;unit&quot;:&quot;px&quot;,&quot;top&quot;:&quot;&quot;,&quot;right&quot;:&quot;&quot;,&quot;bottom&quot;:&quot;&quot;,&quot;left&quot;:&quot;&quot;,&quot;isLinked&quot;:true},&quot;width_dropdown_item&quot;:{&quot;unit&quot;:&quot;px&quot;,&quot;size&quot;:&quot;220&quot;,&quot;sizes&quot;:[]},&quot;width_dropdown_item_tablet&quot;:{&quot;unit&quot;:&quot;px&quot;,&quot;size&quot;:&quot;&quot;,&quot;sizes&quot;:[]},&quot;width_dropdown_item_mobile&quot;:{&quot;unit&quot;:&quot;px&quot;,&quot;size&quot;:&quot;&quot;,&quot;sizes&quot;:[]},&quot;padding_horizontal_dropdown_item&quot;:{&quot;unit&quot;:&quot;px&quot;,&quot;size&quot;:&quot;&quot;,&quot;sizes&quot;:[]},&quot;padding_horizontal_dropdown_item_tablet&quot;:{&quot;unit&quot;:&quot;px&quot;,&quot;size&quot;:&quot;&quot;,&quot;sizes&quot;:[]},&quot;padding_horizontal_dropdown_item_mobile&quot;:{&quot;unit&quot;:&quot;px&quot;,&quot;size&quot;:&quot;&quot;,&quot;sizes&quot;:[]},&quot;padding_vertical_dropdown_item&quot;:{&quot;unit&quot;:&quot;px&quot;,&quot;size&quot;:15,&quot;sizes&quot;:[]},&quot;padding_vertical_dropdown_item_tablet&quot;:{&quot;unit&quot;:&quot;px&quot;,&quot;size&quot;:&quot;&quot;,&quot;sizes&quot;:[]},&quot;padding_vertical_dropdown_item_mobile&quot;:{&quot;unit&quot;:&quot;px&quot;,&quot;size&quot;:&quot;&quot;,&quot;sizes&quot;:[]},&quot;distance_from_menu&quot;:{&quot;unit&quot;:&quot;px&quot;,&quot;size&quot;:&quot;&quot;,&quot;sizes&quot;:[]},&quot;distance_from_menu_tablet&quot;:{&quot;unit&quot;:&quot;px&quot;,&quot;size&quot;:&quot;&quot;,&quot;sizes&quot;:[]},&quot;distance_from_menu_mobile&quot;:{&quot;unit&quot;:&quot;px&quot;,&quot;size&quot;:&quot;&quot;,&quot;sizes&quot;:[]},&quot;toggle_size&quot;:{&quot;unit&quot;:&quot;px&quot;,&quot;size&quot;:&quot;&quot;,&quot;sizes&quot;:[]},&quot;toggle_size_tablet&quot;:{&quot;unit&quot;:&quot;px&quot;,&quot;size&quot;:&quot;&quot;,&quot;sizes&quot;:[]},&quot;toggle_size_mobile&quot;:{&quot;unit&quot;:&quot;px&quot;,&quot;size&quot;:&quot;&quot;,&quot;sizes&quot;:[]},&quot;toggle_border_width&quot;:{&quot;unit&quot;:&quot;px&quot;,&quot;size&quot;:&quot;&quot;,&quot;sizes&quot;:[]},&quot;toggle_border_width_tablet&quot;:{&quot;unit&quot;:&quot;px&quot;,&quot;size&quot;:&quot;&quot;,&quot;sizes&quot;:[]},&quot;toggle_border_width_mobile&quot;:{&quot;unit&quot;:&quot;px&quot;,&quot;size&quot;:&quot;&quot;,&quot;sizes&quot;:[]},&quot;toggle_border_radius&quot;:{&quot;unit&quot;:&quot;px&quot;,&quot;size&quot;:&quot;&quot;,&quot;sizes&quot;:[]},&quot;toggle_border_radius_tablet&quot;:{&quot;unit&quot;:&quot;px&quot;,&quot;size&quot;:&quot;&quot;,&quot;sizes&quot;:[]},&quot;toggle_border_radius_mobile&quot;:{&quot;unit&quot;:&quot;px&quot;,&quot;size&quot;:&quot;&quot;,&quot;sizes&quot;:[]}}\" data-widget_type=\"navigation-menu.default\">\n\t\t\t\t<div class=\"elementor-widget-container\">\n\t\t\t\t\t\t\t\t<div class=\"hfe-nav-menu hfe-layout-horizontal hfe-nav-menu-layout horizontal hfe-pointer__none\" data-layout=\"horizontal\">\n\t\t\t\t<div role=\"button\" class=\"hfe-nav-menu__toggle elementor-clickable\" tabindex=\"0\" aria-label=\"Menu Basculer\">\n\t\t\t\t\t<span class=\"screen-reader-text\">Menu<\/span>\n\t\t\t\t\t<div class=\"hfe-nav-menu-icon\">\n\t\t\t\t\t\t\t\t\t\t\t<\/div>\n\t\t\t\t<\/div>\n\t\t\t\t<nav class=\"hfe-nav-menu__layout-horizontal hfe-nav-menu__submenu-arrow\" data-toggle-icon=\"\" data-close-icon=\"\" data-full-width=\"\">\n\t\t\t\t\t<ul id=\"menu-1-c895301\" class=\"hfe-nav-menu\"><li id=\"menu-item-6609\" class=\"menu-item menu-item-type-post_type menu-item-object-page parent hfe-creative-menu\"><a href=\"https:\/\/festival262.com\/fr\/privacy-policy\/\" class = \"hfe-menu-item\">Politique de confidentialit\u00e9<\/a><\/li>\n<li id=\"menu-item-6610\" class=\"menu-item menu-item-type-post_type menu-item-object-page parent hfe-creative-menu\"><a href=\"https:\/\/festival262.com\/fr\/terms-of-service\/\" class = \"hfe-menu-item\">Conditions d'utilisation<\/a><\/li>\n<li id=\"menu-item-6611\" class=\"menu-item menu-item-type-post_type menu-item-object-page parent hfe-creative-menu\"><a href=\"https:\/\/festival262.com\/fr\/competition-rules-terms-of-entry\/\" class = \"hfe-menu-item\">R\u00e8gles du concours &amp; Conditions d'entr\u00e9e<\/a><\/li>\n<\/ul> \n\t\t\t\t<\/nav>\n\t\t\t<\/div>\n\t\t\t\t\t\t\t<\/div>\n\t\t\t\t<\/div>\n\t\t\t\t\t<\/div>\n\t\t<\/div>\n\t\t\t\t<div class=\"elementor-column elementor-col-50 elementor-inner-column elementor-element elementor-element-e840057\" data-id=\"e840057\" data-element_type=\"column\" data-e-type=\"column\">\n\t\t\t<div class=\"elementor-widget-wrap elementor-element-populated\">\n\t\t\t\t\t\t<div class=\"elementor-element elementor-element-c368a16 footer-soc-icon elementor-shape-circle e-grid-align-right e-grid-align-mobile-center elementor-grid-0 elementor-widget elementor-widget-social-icons\" data-id=\"c368a16\" data-element_type=\"widget\" data-e-type=\"widget\" data-widget_type=\"social-icons.default\">\n\t\t\t\t<div class=\"elementor-widget-container\">\n\t\t\t\t\t\t\t<div class=\"elementor-social-icons-wrapper elementor-grid\" role=\"list\">\n\t\t\t\t\t\t\t<span class=\"elementor-grid-item\" role=\"listitem\">\n\t\t\t\t\t<a class=\"elementor-icon elementor-social-icon elementor-social-icon-instagram elementor-repeater-item-a3788bb\" href=\"https:\/\/www.instagram.com\/festival.262\" target=\"_blank\">\n\t\t\t\t\t\t<span class=\"elementor-screen-only\">Instagram<\/span>\n\t\t\t\t\t\t<i aria-hidden=\"true\" class=\"fab fa-instagram\"><\/i>\t\t\t\t\t<\/a>\n\t\t\t\t<\/span>\n\t\t\t\t\t\t\t<span class=\"elementor-grid-item\" role=\"listitem\">\n\t\t\t\t\t<a class=\"elementor-icon elementor-social-icon elementor-social-icon-linkedin elementor-repeater-item-0a1b6fe\" href=\"https:\/\/www.linkedin.com\/company\/associacao-f-sos-fotografia-solidariedade-e-obras-sociais\/\" target=\"_blank\">\n\t\t\t\t\t\t<span class=\"elementor-screen-only\">Linkedin<\/span>\n\t\t\t\t\t\t<i aria-hidden=\"true\" class=\"fab fa-linkedin\"><\/i>\t\t\t\t\t<\/a>\n\t\t\t\t<\/span>\n\t\t\t\t\t\t\t<span class=\"elementor-grid-item\" role=\"listitem\">\n\t\t\t\t\t<a class=\"elementor-icon elementor-social-icon elementor-social-icon-youtube elementor-repeater-item-f3c97f5\" href=\"https:\/\/www.youtube.com\/@F262PhotographyFestival\" target=\"_blank\">\n\t\t\t\t\t\t<span class=\"elementor-screen-only\">Youtube<\/span>\n\t\t\t\t\t\t<i aria-hidden=\"true\" class=\"fab fa-youtube\"><\/i>\t\t\t\t\t<\/a>\n\t\t\t\t<\/span>\n\t\t\t\t\t<\/div>\n\t\t\t\t\t\t<\/div>\n\t\t\t\t<\/div>\n\t\t\t\t\t<\/div>\n\t\t<\/div>\n\t\t\t\t\t<\/div>\n\t\t<\/section>\n\t\t\t\t<div class=\"elementor-section elementor-inner-section elementor-element elementor-element-21d4a88 elementor-section-boxed elementor-section-height-default elementor-section-height-default\" data-id=\"21d4a88\" data-element_type=\"section\" data-e-type=\"section\">\n\t\t\t\t\t\t<div class=\"elementor-container elementor-column-gap-no\">\n\t\t\t\t\t<div class=\"elementor-column elementor-col-100 elementor-inner-column elementor-element elementor-element-37fbc21\" data-id=\"37fbc21\" data-element_type=\"column\" data-e-type=\"column\">\n\t\t\t<div class=\"elementor-widget-wrap elementor-element-populated\">\n\t\t\t\t\t\t<div class=\"elementor-element elementor-element-fe6ceda copyright-footer elementor-widget elementor-widget-text-editor\" data-id=\"fe6ceda\" data-element_type=\"widget\" data-e-type=\"widget\" data-widget_type=\"text-editor.default\">\n\t\t\t\t<div class=\"elementor-widget-container\">\n\t\t\t\t\t\t\t\t\t<p>\u00a92026 F\/262 \u2013 Festival Internacional de Fotografia<br \/>Produit par <a href=\"https:\/\/www.f-sos.org\" target=\"_blank\" rel=\"noopener\">Associa\u00e7\u00e3o F\/SOS \u2013 Fotografia, Solidariedade e Obras Sociais<\/a><\/p>\t\t\t\t\t\t\t\t<\/div>\n\t\t\t\t<\/div>\n\t\t\t\t\t<\/div>\n\t\t<\/div>\n\t\t\t\t\t<\/div>\n\t\t<\/div>\n\t\t\t\t\t<\/div>\n\t\t<\/div>\n\t\t\t\t\t<\/div>\n\t\t<\/div>\n\t\t\t\t<\/div>\n\t\t<\/div>\n\t\t\t\t\t\t<\/div>\n\t\t\t\t<\/div>\n\t\t\t\t\t<\/div>\n\t\t<\/div>\n\t\t\t\t\t<\/div>\n\t\t<\/section>\n\t\t\t\t<section class=\"elementor-section elementor-top-section elementor-element elementor-element-200f77a elementor-section-boxed elementor-section-height-default elementor-section-height-default\" data-id=\"200f77a\" data-element_type=\"section\" data-e-type=\"section\">\n\t\t\t\t\t\t<div class=\"elementor-container elementor-column-gap-default\">\n\t\t\t\t\t<div class=\"elementor-column elementor-col-100 elementor-top-column elementor-element elementor-element-f75eba3\" data-id=\"f75eba3\" data-element_type=\"column\" data-e-type=\"column\">\n\t\t\t<div class=\"elementor-widget-wrap elementor-element-populated\">\n\t\t\t\t\t\t<div class=\"elementor-element elementor-element-3d06c82 elementor-widget elementor-widget-text-editor\" data-id=\"3d06c82\" data-element_type=\"widget\" data-e-type=\"widget\" data-widget_type=\"text-editor.default\">\n\t\t\t\t<div class=\"elementor-widget-container\">\n\t\t\t\t\t\t\t\t\t<p>Lorem ipsum dolor assis amet, consectetur adipiscing elit. Ut elit tellus, luctus nec ullamcorper mattis, pulvinar dapibus leo.<\/p>\t\t\t\t\t\t\t\t<\/div>\n\t\t\t\t<\/div>\n\t\t\t\t\t<\/div>\n\t\t<\/div>\n\t\t\t\t\t<\/div>\n\t\t<\/section>\n\t\t\t\t<section class=\"elementor-section elementor-top-section elementor-element elementor-element-d4df4fe elementor-section-boxed elementor-section-height-default elementor-section-height-default\" data-id=\"d4df4fe\" data-element_type=\"section\" data-e-type=\"section\">\n\t\t\t\t\t\t<div class=\"elementor-container elementor-column-gap-default\">\n\t\t\t\t\t<div class=\"elementor-column elementor-col-100 elementor-top-column elementor-element elementor-element-4e65423\" data-id=\"4e65423\" data-element_type=\"column\" data-e-type=\"column\">\n\t\t\t<div class=\"elementor-widget-wrap\">\n\t\t\t\t\t\t\t<\/div>\n\t\t<\/div>\n\t\t\t\t\t<\/div>\n\t\t<\/section>\n\t\t\t\t<\/div>","protected":false},"excerpt":{"rendered":"<p>F\/262 Photo Book Award From image to object. From story to print. About the Award The F\/262 Photo Book Award honors the best unpublished photobook project of the year.It celebrates the book as one of the most intimate and enduring forms of photographic expression \u2014 where concept, design, and material come together as narrative. Each [&hellip;]<\/p>","protected":false},"author":6,"featured_media":0,"parent":0,"menu_order":0,"comment_status":"closed","ping_status":"closed","template":"","meta":{"_acf_changed":false,"footnotes":""},"class_list":["post-4568","page","type-page","status-publish","hentry"],"acf":[],"yoast_head":"<!-- This site is optimized with the Yoast SEO plugin v27.5 - https:\/\/yoast.com\/product\/yoast-seo-wordpress\/ -->\n<title>Photo Book award - F\/262 Festival Internacional de Fotografia<\/title>\n<meta name=\"robots\" content=\"index, follow, max-snippet:-1, max-image-preview:large, max-video-preview:-1\" \/>\n<link rel=\"canonical\" href=\"https:\/\/festival262.com\/fr\/photo-book-award\/\" \/>\n<meta property=\"og:locale\" content=\"fr_FR\" \/>\n<meta property=\"og:type\" content=\"article\" \/>\n<meta property=\"og:title\" content=\"Photo Book award - F\/262 Festival Internacional de Fotografia\" \/>\n<meta property=\"og:description\" content=\"F\/262 Photo Book Award From image to object. From story to print. About the Award The F\/262 Photo Book Award honors the best unpublished photobook project of the year.It celebrates the book as one of the most intimate and enduring forms of photographic expression \u2014 where concept, design, and material come together as narrative. Each [&hellip;]\" \/>\n<meta property=\"og:url\" content=\"https:\/\/festival262.com\/fr\/photo-book-award\/\" \/>\n<meta property=\"og:site_name\" content=\"F\/262 Festival Internacional de Fotografia\" \/>\n<meta property=\"article:modified_time\" content=\"2026-04-23T12:48:37+00:00\" \/>\n<meta property=\"og:image\" content=\"https:\/\/festival262.com\/wp-content\/uploads\/2025\/08\/f262photobookclub-1024x653.png\" \/>\n\t<meta property=\"og:image:width\" content=\"1024\" \/>\n\t<meta property=\"og:image:height\" content=\"653\" \/>\n\t<meta property=\"og:image:type\" content=\"image\/png\" \/>\n<meta name=\"twitter:card\" content=\"summary_large_image\" \/>\n<meta name=\"twitter:label1\" content=\"Dur\u00e9e de lecture estim\u00e9e\" \/>\n\t<meta name=\"twitter:data1\" content=\"8 minutes\" \/>\n<script type=\"application\/ld+json\" class=\"yoast-schema-graph\">{\"@context\":\"https:\\\/\\\/schema.org\",\"@graph\":[{\"@type\":\"WebPage\",\"@id\":\"https:\\\/\\\/festival262.com\\\/photo-book-award\\\/\",\"url\":\"https:\\\/\\\/festival262.com\\\/photo-book-award\\\/\",\"name\":\"Photo Book award - F\\\/262 Festival Internacional de Fotografia\",\"isPartOf\":{\"@id\":\"https:\\\/\\\/festival262.com\\\/#website\"},\"primaryImageOfPage\":{\"@id\":\"https:\\\/\\\/festival262.com\\\/photo-book-award\\\/#primaryimage\"},\"image\":{\"@id\":\"https:\\\/\\\/festival262.com\\\/photo-book-award\\\/#primaryimage\"},\"thumbnailUrl\":\"https:\\\/\\\/festival262.com\\\/wp-content\\\/uploads\\\/2025\\\/08\\\/f262photobookclub-1024x653.png\",\"datePublished\":\"2025-10-08T17:05:44+00:00\",\"dateModified\":\"2026-04-23T12:48:37+00:00\",\"breadcrumb\":{\"@id\":\"https:\\\/\\\/festival262.com\\\/photo-book-award\\\/#breadcrumb\"},\"inLanguage\":\"fr-FR\",\"potentialAction\":[{\"@type\":\"ReadAction\",\"target\":[\"https:\\\/\\\/festival262.com\\\/photo-book-award\\\/\"]}]},{\"@type\":\"ImageObject\",\"inLanguage\":\"fr-FR\",\"@id\":\"https:\\\/\\\/festival262.com\\\/photo-book-award\\\/#primaryimage\",\"url\":\"https:\\\/\\\/festival262.com\\\/wp-content\\\/uploads\\\/2025\\\/08\\\/f262photobookclub-1024x653.png\",\"contentUrl\":\"https:\\\/\\\/festival262.com\\\/wp-content\\\/uploads\\\/2025\\\/08\\\/f262photobookclub-1024x653.png\"},{\"@type\":\"BreadcrumbList\",\"@id\":\"https:\\\/\\\/festival262.com\\\/photo-book-award\\\/#breadcrumb\",\"itemListElement\":[{\"@type\":\"ListItem\",\"position\":1,\"name\":\"Home\",\"item\":\"https:\\\/\\\/festival262.com\\\/\"},{\"@type\":\"ListItem\",\"position\":2,\"name\":\"Photo Book award\"}]},{\"@type\":\"WebSite\",\"@id\":\"https:\\\/\\\/festival262.com\\\/#website\",\"url\":\"https:\\\/\\\/festival262.com\\\/\",\"name\":\"F7262 Fetsival Internacional de Fotografia\",\"description\":\"Photography as Culture, Community, and Practice\",\"publisher\":{\"@id\":\"https:\\\/\\\/festival262.com\\\/#organization\"},\"alternateName\":\"Festival262\",\"potentialAction\":[{\"@type\":\"SearchAction\",\"target\":{\"@type\":\"EntryPoint\",\"urlTemplate\":\"https:\\\/\\\/festival262.com\\\/?s={search_term_string}\"},\"query-input\":{\"@type\":\"PropertyValueSpecification\",\"valueRequired\":true,\"valueName\":\"search_term_string\"}}],\"inLanguage\":\"fr-FR\"},{\"@type\":\"Organization\",\"@id\":\"https:\\\/\\\/festival262.com\\\/#organization\",\"name\":\"F\\\/262 Festival Internacional de Fotografia\",\"url\":\"https:\\\/\\\/festival262.com\\\/\",\"logo\":{\"@type\":\"ImageObject\",\"inLanguage\":\"fr-FR\",\"@id\":\"https:\\\/\\\/festival262.com\\\/#\\\/schema\\\/logo\\\/image\\\/\",\"url\":\"https:\\\/\\\/festival262.com\\\/wp-content\\\/uploads\\\/2019\\\/10\\\/cropped-f-262-icon-e-logo-scaled-1.png\",\"contentUrl\":\"https:\\\/\\\/festival262.com\\\/wp-content\\\/uploads\\\/2019\\\/10\\\/cropped-f-262-icon-e-logo-scaled-1.png\",\"width\":2558,\"height\":1048,\"caption\":\"F\\\/262 Festival Internacional de Fotografia\"},\"image\":{\"@id\":\"https:\\\/\\\/festival262.com\\\/#\\\/schema\\\/logo\\\/image\\\/\"}}]}<\/script>\n<!-- \/ Yoast SEO plugin. -->","yoast_head_json":{"title":"Photo Book award - F\/262 Festival Internacional de Fotografia","robots":{"index":"index","follow":"follow","max-snippet":"max-snippet:-1","max-image-preview":"max-image-preview:large","max-video-preview":"max-video-preview:-1"},"canonical":"https:\/\/festival262.com\/fr\/photo-book-award\/","og_locale":"fr_FR","og_type":"article","og_title":"Photo Book award - F\/262 Festival Internacional de Fotografia","og_description":"F\/262 Photo Book Award From image to object. From story to print. About the Award The F\/262 Photo Book Award honors the best unpublished photobook project of the year.It celebrates the book as one of the most intimate and enduring forms of photographic expression \u2014 where concept, design, and material come together as narrative. Each [&hellip;]","og_url":"https:\/\/festival262.com\/fr\/photo-book-award\/","og_site_name":"F\/262 Festival Internacional de Fotografia","article_modified_time":"2026-04-23T12:48:37+00:00","og_image":[{"width":1024,"height":653,"url":"https:\/\/festival262.com\/wp-content\/uploads\/2025\/08\/f262photobookclub-1024x653.png","type":"image\/png"}],"twitter_card":"summary_large_image","twitter_misc":{"Dur\u00e9e de lecture estim\u00e9e":"8 minutes"},"schema":{"@context":"https:\/\/schema.org","@graph":[{"@type":"WebPage","@id":"https:\/\/festival262.com\/photo-book-award\/","url":"https:\/\/festival262.com\/photo-book-award\/","name":"Photo Book award - F\/262 Festival Internacional de Fotografia","isPartOf":{"@id":"https:\/\/festival262.com\/#website"},"primaryImageOfPage":{"@id":"https:\/\/festival262.com\/photo-book-award\/#primaryimage"},"image":{"@id":"https:\/\/festival262.com\/photo-book-award\/#primaryimage"},"thumbnailUrl":"https:\/\/festival262.com\/wp-content\/uploads\/2025\/08\/f262photobookclub-1024x653.png","datePublished":"2025-10-08T17:05:44+00:00","dateModified":"2026-04-23T12:48:37+00:00","breadcrumb":{"@id":"https:\/\/festival262.com\/photo-book-award\/#breadcrumb"},"inLanguage":"fr-FR","potentialAction":[{"@type":"ReadAction","target":["https:\/\/festival262.com\/photo-book-award\/"]}]},{"@type":"ImageObject","inLanguage":"fr-FR","@id":"https:\/\/festival262.com\/photo-book-award\/#primaryimage","url":"https:\/\/festival262.com\/wp-content\/uploads\/2025\/08\/f262photobookclub-1024x653.png","contentUrl":"https:\/\/festival262.com\/wp-content\/uploads\/2025\/08\/f262photobookclub-1024x653.png"},{"@type":"BreadcrumbList","@id":"https:\/\/festival262.com\/photo-book-award\/#breadcrumb","itemListElement":[{"@type":"ListItem","position":1,"name":"Home","item":"https:\/\/festival262.com\/"},{"@type":"ListItem","position":2,"name":"Photo Book award"}]},{"@type":"WebSite","@id":"https:\/\/festival262.com\/#website","url":"https:\/\/festival262.com\/","name":"F7262 Fetsival Internacional de Fotografia","description":"Photography as Culture, Community, and Practice","publisher":{"@id":"https:\/\/festival262.com\/#organization"},"alternateName":"Festival262","potentialAction":[{"@type":"SearchAction","target":{"@type":"EntryPoint","urlTemplate":"https:\/\/festival262.com\/?s={search_term_string}"},"query-input":{"@type":"PropertyValueSpecification","valueRequired":true,"valueName":"search_term_string"}}],"inLanguage":"fr-FR"},{"@type":"Organization","@id":"https:\/\/festival262.com\/#organization","name":"F\/262 Festival Internacional de Fotografia","url":"https:\/\/festival262.com\/","logo":{"@type":"ImageObject","inLanguage":"fr-FR","@id":"https:\/\/festival262.com\/#\/schema\/logo\/image\/","url":"https:\/\/festival262.com\/wp-content\/uploads\/2019\/10\/cropped-f-262-icon-e-logo-scaled-1.png","contentUrl":"https:\/\/festival262.com\/wp-content\/uploads\/2019\/10\/cropped-f-262-icon-e-logo-scaled-1.png","width":2558,"height":1048,"caption":"F\/262 Festival Internacional de Fotografia"},"image":{"@id":"https:\/\/festival262.com\/#\/schema\/logo\/image\/"}}]}},"_links":{"self":[{"href":"https:\/\/festival262.com\/fr\/wp-json\/wp\/v2\/pages\/4568","targetHints":{"allow":["GET"]}}],"collection":[{"href":"https:\/\/festival262.com\/fr\/wp-json\/wp\/v2\/pages"}],"about":[{"href":"https:\/\/festival262.com\/fr\/wp-json\/wp\/v2\/types\/page"}],"author":[{"embeddable":true,"href":"https:\/\/festival262.com\/fr\/wp-json\/wp\/v2\/users\/6"}],"replies":[{"embeddable":true,"href":"https:\/\/festival262.com\/fr\/wp-json\/wp\/v2\/comments?post=4568"}],"version-history":[{"count":5,"href":"https:\/\/festival262.com\/fr\/wp-json\/wp\/v2\/pages\/4568\/revisions"}],"predecessor-version":[{"id":7569,"href":"https:\/\/festival262.com\/fr\/wp-json\/wp\/v2\/pages\/4568\/revisions\/7569"}],"wp:attachment":[{"href":"https:\/\/festival262.com\/fr\/wp-json\/wp\/v2\/media?parent=4568"}],"curies":[{"name":"wp","href":"https:\/\/api.w.org\/{rel}","templated":true}]}}