{"id":3478,"date":"2025-08-07T09:35:36","date_gmt":"2025-08-07T09:35:36","guid":{"rendered":"https:\/\/event.joaocarlosphoto.com\/?page_id=3478"},"modified":"2026-01-05T12:08:15","modified_gmt":"2026-01-05T12:08:15","slug":"f-sos","status":"publish","type":"page","link":"https:\/\/festival262.com\/fr\/f-sos\/","title":{"rendered":"F\/SOS"},"content":{"rendered":"<div data-elementor-type=\"wp-page\" data-elementor-id=\"3478\" class=\"elementor elementor-3478\">\n\t\t\t\t\t\t<section class=\"elementor-section elementor-top-section elementor-element elementor-element-3f6130d elementor-section-boxed elementor-section-height-default elementor-section-height-default\" data-id=\"3f6130d\" data-element_type=\"section\" data-e-type=\"section\">\n\t\t\t\t\t\t<div class=\"elementor-container elementor-column-gap-default\">\n\t\t\t\t\t<div class=\"elementor-column elementor-col-100 elementor-top-column elementor-element elementor-element-f87f0ea\" data-id=\"f87f0ea\" data-element_type=\"column\" data-e-type=\"column\">\n\t\t\t<div class=\"elementor-widget-wrap elementor-element-populated\">\n\t\t\t\t\t\t<div class=\"elementor-element elementor-element-7e699b0 elementor-widget elementor-widget-image\" data-id=\"7e699b0\" data-element_type=\"widget\" data-e-type=\"widget\" data-widget_type=\"image.default\">\n\t\t\t\t<div class=\"elementor-widget-container\">\n\t\t\t\t\t\t\t\t\t\t\t\t\t\t\t<img fetchpriority=\"high\" decoding=\"async\" width=\"1024\" height=\"293\" src=\"https:\/\/festival262.com\/wp-content\/uploads\/2025\/12\/PHOTO-2025-12-22-18-42-36-1024x293.jpg\" class=\"attachment-large size-large wp-image-5311\" alt=\"\" srcset=\"https:\/\/festival262.com\/wp-content\/uploads\/2025\/12\/PHOTO-2025-12-22-18-42-36-1024x293.jpg 1024w, https:\/\/festival262.com\/wp-content\/uploads\/2025\/12\/PHOTO-2025-12-22-18-42-36-300x86.jpg 300w, https:\/\/festival262.com\/wp-content\/uploads\/2025\/12\/PHOTO-2025-12-22-18-42-36-768x220.jpg 768w, https:\/\/festival262.com\/wp-content\/uploads\/2025\/12\/PHOTO-2025-12-22-18-42-36-1536x440.jpg 1536w, https:\/\/festival262.com\/wp-content\/uploads\/2025\/12\/PHOTO-2025-12-22-18-42-36-1320x378.jpg 1320w, https:\/\/festival262.com\/wp-content\/uploads\/2025\/12\/PHOTO-2025-12-22-18-42-36-600x172.jpg 600w, https:\/\/festival262.com\/wp-content\/uploads\/2025\/12\/PHOTO-2025-12-22-18-42-36.jpg 1600w\" sizes=\"(max-width: 1024px) 100vw, 1024px\" \/>\t\t\t\t\t\t\t\t\t\t\t\t\t\t\t<\/div>\n\t\t\t\t<\/div>\n\t\t\t\t<div class=\"elementor-element elementor-element-94e9295 elementor-widget elementor-widget-spacer\" data-id=\"94e9295\" data-element_type=\"widget\" data-e-type=\"widget\" data-widget_type=\"spacer.default\">\n\t\t\t\t<div class=\"elementor-widget-container\">\n\t\t\t\t\t\t\t<div class=\"elementor-spacer\">\n\t\t\t<div class=\"elementor-spacer-inner\"><\/div>\n\t\t<\/div>\n\t\t\t\t\t\t<\/div>\n\t\t\t\t<\/div>\n\t\t\t\t<div class=\"elementor-element elementor-element-b3abe72 elementor-widget elementor-widget-heading\" data-id=\"b3abe72\" data-element_type=\"widget\" data-e-type=\"widget\" data-widget_type=\"heading.default\">\n\t\t\t\t<div class=\"elementor-widget-container\">\n\t\t\t\t\t<h4 class=\"elementor-heading-title elementor-size-default\">Photographie avec but. Lien avec l'impact.<\/h4>\t\t\t\t<\/div>\n\t\t\t\t<\/div>\n\t\t\t\t\t<\/div>\n\t\t<\/div>\n\t\t\t\t\t<\/div>\n\t\t<\/section>\n\t\t\t\t<section class=\"elementor-section elementor-top-section elementor-element elementor-element-b74100d elementor-section-boxed elementor-section-height-default elementor-section-height-default\" data-id=\"b74100d\" data-element_type=\"section\" data-e-type=\"section\">\n\t\t\t\t\t\t<div class=\"elementor-container elementor-column-gap-default\">\n\t\t\t\t\t<div class=\"elementor-column elementor-col-50 elementor-top-column elementor-element elementor-element-ef3832e\" data-id=\"ef3832e\" data-element_type=\"column\" data-e-type=\"column\">\n\t\t\t<div class=\"elementor-widget-wrap elementor-element-populated\">\n\t\t\t\t\t\t<div class=\"elementor-element elementor-element-cbf91c0 elementor-widget elementor-widget-heading\" data-id=\"cbf91c0\" data-element_type=\"widget\" data-e-type=\"widget\" data-widget_type=\"heading.default\">\n\t\t\t\t<div class=\"elementor-widget-container\">\n\t\t\t\t\t<h4 class=\"elementor-heading-title elementor-size-default\">ASSOCIA\u00c7\u00c3O F\/SOS \u2013 FOTOGRAFIA, SOLIDARIEDADE E OBRAS SOCIAIS<\/h4>\t\t\t\t<\/div>\n\t\t\t\t<\/div>\n\t\t\t\t<div class=\"elementor-element elementor-element-8d3c54e elementor-widget elementor-widget-text-editor\" data-id=\"8d3c54e\" data-element_type=\"widget\" data-e-type=\"widget\" data-widget_type=\"text-editor.default\">\n\t\t\t\t<div class=\"elementor-widget-container\">\n\t\t\t\t\t\t\t\t\t<h6 data-start=\"1000\" data-end=\"1093\"><strong data-start=\"1000\" data-end=\"1093\">Association \u00e0 but non lucratif utilisant la photographie comme outil d'impact social et environnemental.<\/strong><\/h6><h4 data-start=\"1095\" data-end=\"1100\">\u00a0<\/h4>\t\t\t\t\t\t\t\t<\/div>\n\t\t\t\t<\/div>\n\t\t\t\t<div class=\"elementor-element elementor-element-b0ab3e7 elementor-widget elementor-widget-text-editor\" data-id=\"b0ab3e7\" data-element_type=\"widget\" data-e-type=\"widget\" data-widget_type=\"text-editor.default\">\n\t\t\t\t<div class=\"elementor-widget-container\">\n\t\t\t\t\t\t\t\t\t<p data-start=\"553\" data-end=\"618\">\u00a0Le <strong data-start=\"676\" data-end=\"740\">ASSOCIA\u00c7\u00c3O F\/SOS \u2013 FOTOGRAFIA, SOLIDARIEDADE E OBRAS SOCIAIS<\/strong> est une organisation culturelle et sociale \u00e0 but non lucratif bas\u00e9e au Portugal qui utilise la photographie comme un outil d'engagement social, culturel et environnemental.<\/p><p data-start=\"893\" data-end=\"1071\">Chez F\/SOS, la photographie va au-del\u00e0 de l'esth\u00e9tique. La cr\u00e9ation d'images devient un espace de soins, de participation et de responsabilit\u00e9 partag\u00e9e, ancr\u00e9 dans des communaut\u00e9s r\u00e9elles et des exp\u00e9riences v\u00e9cues.<\/p><p data-start=\"1073\" data-end=\"1205\">Nous pensons que la photographie peut \u00eatre un pont, pas une barri\u00e8re.<br data-start=\"1127\" data-end=\"1130\" \/>Chaque image a le potentiel d'\u00e9couter, de se connecter et de cr\u00e9er de la compr\u00e9hension.<\/p><p data-start=\"1207\" data-end=\"1416\">La mission de l\u2019association est de promouvoir l\u2019empathie, l\u2019inclusion et la sensibilisation \u00e0 l\u2019environnement par la narration visuelle, la mise en relation d\u2019artistes, d\u2019institutions, d\u2019ONG et de communaut\u00e9s au moyen de projets \u00e9thiques \u00e0 long terme.<\/p>\t\t\t\t\t\t\t\t<\/div>\n\t\t\t\t<\/div>\n\t\t\t\t<div class=\"elementor-element elementor-element-d764890 elementor-widget elementor-widget-spacer\" data-id=\"d764890\" data-element_type=\"widget\" data-e-type=\"widget\" data-widget_type=\"spacer.default\">\n\t\t\t\t<div class=\"elementor-widget-container\">\n\t\t\t\t\t\t\t<div class=\"elementor-spacer\">\n\t\t\t<div class=\"elementor-spacer-inner\"><\/div>\n\t\t<\/div>\n\t\t\t\t\t\t<\/div>\n\t\t\t\t<\/div>\n\t\t\t\t\t<\/div>\n\t\t<\/div>\n\t\t\t\t<div class=\"elementor-column elementor-col-50 elementor-top-column elementor-element elementor-element-72d9ed2\" data-id=\"72d9ed2\" data-element_type=\"column\" data-e-type=\"column\">\n\t\t\t<div class=\"elementor-widget-wrap elementor-element-populated\">\n\t\t\t\t\t\t<div class=\"elementor-element elementor-element-020033a elementor-widget elementor-widget-image\" data-id=\"020033a\" data-element_type=\"widget\" data-e-type=\"widget\" data-widget_type=\"image.default\">\n\t\t\t\t<div class=\"elementor-widget-container\">\n\t\t\t\t\t\t\t\t\t\t\t\t\t\t\t<img decoding=\"async\" width=\"819\" height=\"1024\" src=\"https:\/\/festival262.com\/wp-content\/uploads\/2026\/01\/PHOTO-2025-12-16-17-58-12-819x1024.jpg\" class=\"attachment-large size-large wp-image-5544\" alt=\"\" srcset=\"https:\/\/festival262.com\/wp-content\/uploads\/2026\/01\/PHOTO-2025-12-16-17-58-12-819x1024.jpg 819w, https:\/\/festival262.com\/wp-content\/uploads\/2026\/01\/PHOTO-2025-12-16-17-58-12-240x300.jpg 240w, https:\/\/festival262.com\/wp-content\/uploads\/2026\/01\/PHOTO-2025-12-16-17-58-12-768x960.jpg 768w, https:\/\/festival262.com\/wp-content\/uploads\/2026\/01\/PHOTO-2025-12-16-17-58-12-1229x1536.jpg 1229w, https:\/\/festival262.com\/wp-content\/uploads\/2026\/01\/PHOTO-2025-12-16-17-58-12-600x750.jpg 600w, https:\/\/festival262.com\/wp-content\/uploads\/2026\/01\/PHOTO-2025-12-16-17-58-12.jpg 1280w\" sizes=\"(max-width: 819px) 100vw, 819px\" \/>\t\t\t\t\t\t\t\t\t\t\t\t\t\t\t<\/div>\n\t\t\t\t<\/div>\n\t\t\t\t\t<\/div>\n\t\t<\/div>\n\t\t\t\t\t<\/div>\n\t\t<\/section>\n\t\t\t\t<section class=\"elementor-section elementor-top-section elementor-element elementor-element-249f7f5 elementor-section-boxed elementor-section-height-default elementor-section-height-default\" data-id=\"249f7f5\" data-element_type=\"section\" data-e-type=\"section\">\n\t\t\t\t\t\t<div class=\"elementor-container elementor-column-gap-default\">\n\t\t\t\t\t<div class=\"elementor-column elementor-col-50 elementor-top-column elementor-element elementor-element-1e3e2f5\" data-id=\"1e3e2f5\" data-element_type=\"column\" data-e-type=\"column\">\n\t\t\t<div class=\"elementor-widget-wrap elementor-element-populated\">\n\t\t\t\t\t\t<div class=\"elementor-element elementor-element-f86e1b2 elementor-widget elementor-widget-heading\" data-id=\"f86e1b2\" data-element_type=\"widget\" data-e-type=\"widget\" data-widget_type=\"heading.default\">\n\t\t\t\t<div class=\"elementor-widget-container\">\n\t\t\t\t\t<h4 class=\"elementor-heading-title elementor-size-default\">Ce que nous faisons<\/h4>\t\t\t\t<\/div>\n\t\t\t\t<\/div>\n\t\t\t\t<div class=\"elementor-element elementor-element-882422b elementor-widget elementor-widget-text-editor\" data-id=\"882422b\" data-element_type=\"widget\" data-e-type=\"widget\" data-widget_type=\"text-editor.default\">\n\t\t\t\t<div class=\"elementor-widget-container\">\n\t\t\t\t\t\t\t\t\t<p data-start=\"224\" data-end=\"422\"><strong data-start=\"224\" data-end=\"422\">F\/SOS soutient et c\u00e9l\u00e8bre la photographie qui aborde des th\u00e8mes sociaux, \u00e9motionnels et communautaires.<br data-start=\"332\" data-end=\"335\" \/>Nous cr\u00e9ons un espace pour des histoires qui comptent, des histoires de r\u00e9silience, d'identit\u00e9 et de changement.<\/strong><\/p><p data-start=\"424\" data-end=\"446\"><strong data-start=\"424\" data-end=\"446\">Notre travail comprend:<\/strong><\/p><ul data-start=\"448\" data-end=\"1215\"><li data-start=\"448\" data-end=\"587\"><p data-start=\"450\" data-end=\"587\"><strong data-start=\"450\" data-end=\"502\">Collaborations avec des ONG locales et internationales<\/strong>, co-d\u00e9velopper des projets visuels align\u00e9s sur des missions sociales et environnementales partag\u00e9es<\/p><\/li><li data-start=\"589\" data-end=\"732\"><p data-start=\"591\" data-end=\"732\"><strong data-start=\"591\" data-end=\"665\">Ateliers et programmes de narration visuelle pour les communaut\u00e9s mal desservies<\/strong>, en utilisant la photographie comme outil d'expression, d'agence et d'inclusion<\/p><\/li><li data-start=\"734\" data-end=\"869\"><p data-start=\"736\" data-end=\"869\"><strong data-start=\"736\" data-end=\"772\">Expositions et campagnes publiques<\/strong> aborder des th\u00e8mes tels que la justice sociale, le climat, la migration, le vieillissement et les liens entre l\u2019homme et l\u2019animal;<\/p><\/li><li data-start=\"871\" data-end=\"1042\"><p data-start=\"873\" data-end=\"1042\"><strong data-start=\"873\" data-end=\"915\">La subvention F\/SOS \u00d7 Impacts vitaux \u00d7 OSSO<\/strong>, une subvention soutenant des photographes et des projets ax\u00e9s sur l\u2019impact environnemental et social gr\u00e2ce \u00e0 la narration visuelle<\/p><\/li><li data-start=\"1044\" data-end=\"1215\"><p data-start=\"1046\" data-end=\"1215\"><strong data-start=\"1046\" data-end=\"1062\">F\/SOS Causes<\/strong>, un m\u00e9canisme de financement solidaire qui soutient des projets sociaux et environnementaux par le biais d\u2019initiatives, de partenariats et de programmes culturels men\u00e9s par des associations.<\/p><\/li><\/ul>\t\t\t\t\t\t\t\t<\/div>\n\t\t\t\t<\/div>\n\t\t\t\t\t<\/div>\n\t\t<\/div>\n\t\t\t\t<div class=\"elementor-column elementor-col-50 elementor-top-column elementor-element elementor-element-710d9ee\" data-id=\"710d9ee\" data-element_type=\"column\" data-e-type=\"column\">\n\t\t\t<div class=\"elementor-widget-wrap elementor-element-populated\">\n\t\t\t\t\t\t<div class=\"elementor-element elementor-element-c6c477b elementor-widget elementor-widget-text-editor\" data-id=\"c6c477b\" data-element_type=\"widget\" data-e-type=\"widget\" data-widget_type=\"text-editor.default\">\n\t\t\t\t<div class=\"elementor-widget-container\">\n\t\t\t\t\t\t\t\t\t<h6 data-start=\"374\" data-end=\"395\">Une Idade Importa<\/h6><pre data-start=\"396\" data-end=\"434\"><strong data-start=\"396\" data-end=\"434\">Projet photographique de Jo\u00e3o Carlos<\/strong><\/pre><p data-start=\"436\" data-end=\"585\"><strong data-start=\"436\" data-end=\"455\">Une Idade Importa<\/strong> C'est un projet photographique qui r\u00e9fl\u00e9chit sur le vieillissement, la visibilit\u00e9 et la dignit\u00e9, d\u00e9fiant les st\u00e9r\u00e9otypes autour de l'\u00e2ge et de la repr\u00e9sentation.<\/p><p data-start=\"587\" data-end=\"987\">D\u00e9velopp\u00e9 en collaboration avec le <strong data-start=\"623\" data-end=\"649\">Commune de Lisbonne<\/strong>, le <strong data-start=\"655\" data-end=\"688\">Rede de Bibliotecas de Lisboa<\/strong>, et le <strong data-start=\"698\" data-end=\"736\">Junta de Freguesia da Miseric\u00f3rdia<\/strong>, le projet s'est d\u00e9roul\u00e9 comme une s\u00e9rie de <strong data-start=\"774\" data-end=\"848\">quatre expositions pr\u00e9sent\u00e9es dans diff\u00e9rents espaces publics et culturels<\/strong>, y compris <strong data-start=\"860\" data-end=\"881\">Biblioteca Cam\u00f5es<\/strong>, <strong data-start=\"883\" data-end=\"917\">Biblioteca de Campo de Ourique<\/strong>, <strong data-start=\"919\" data-end=\"946\">Biblioteca de Alc\u00e2ntara<\/strong>, et le <strong data-start=\"956\" data-end=\"986\">Espa\u00e7o Cultural das Merc\u00eas<\/strong>.<\/p><p data-start=\"989\" data-end=\"1243\">Parall\u00e8lement aux expositions, le projet a \u00e9t\u00e9 publi\u00e9 en tant que <strong data-start=\"1047\" data-end=\"1099\">livre d\u00e9di\u00e9 \u00e0 la sensibilisation autour du vieillissement<\/strong>, en \u00e9tendant la conversation au-del\u00e0 des espaces d\u2019exposition et en renfor\u00e7ant la photographie en tant qu\u2019outil de r\u00e9flexion, de visibilit\u00e9 et de dialogue social.<\/p><p data-start=\"1245\" data-end=\"1460\">\u00c0 travers des portraits intimes, <em data-start=\"1275\" data-end=\"1292\">Une Idade Importa<\/em> invite le public \u00e0 reconsid\u00e9rer la fa\u00e7on dont les personnes \u00e2g\u00e9es sont per\u00e7ues et valoris\u00e9es dans la soci\u00e9t\u00e9 contemporaine, en mettant en \u00e9vidence la pr\u00e9sence, l'exp\u00e9rience et l'humanit\u00e9 au-del\u00e0 des chiffres ou des \u00e9tiquettes.<\/p>\t\t\t\t\t\t\t\t<\/div>\n\t\t\t\t<\/div>\n\t\t\t\t<div class=\"elementor-element elementor-element-8ea3753 elementor-widget elementor-widget-spacer\" data-id=\"8ea3753\" data-element_type=\"widget\" data-e-type=\"widget\" data-widget_type=\"spacer.default\">\n\t\t\t\t<div class=\"elementor-widget-container\">\n\t\t\t\t\t\t\t<div class=\"elementor-spacer\">\n\t\t\t<div class=\"elementor-spacer-inner\"><\/div>\n\t\t<\/div>\n\t\t\t\t\t\t<\/div>\n\t\t\t\t<\/div>\n\t\t\t\t\t<\/div>\n\t\t<\/div>\n\t\t\t\t\t<\/div>\n\t\t<\/section>\n\t\t\t\t<section class=\"elementor-section elementor-top-section elementor-element elementor-element-0b9c704 elementor-section-boxed elementor-section-height-default elementor-section-height-default\" data-id=\"0b9c704\" data-element_type=\"section\" data-e-type=\"section\">\n\t\t\t\t\t\t<div class=\"elementor-container elementor-column-gap-default\">\n\t\t\t\t\t<div class=\"elementor-column elementor-col-50 elementor-top-column elementor-element elementor-element-6a66469\" data-id=\"6a66469\" data-element_type=\"column\" data-e-type=\"column\">\n\t\t\t<div class=\"elementor-widget-wrap elementor-element-populated\">\n\t\t\t\t\t\t<div class=\"elementor-element elementor-element-f0fd74a elementor-widget elementor-widget-image\" data-id=\"f0fd74a\" data-element_type=\"widget\" data-e-type=\"widget\" data-widget_type=\"image.default\">\n\t\t\t\t<div class=\"elementor-widget-container\">\n\t\t\t\t\t\t\t\t\t\t\t\t\t\t\t<img decoding=\"async\" width=\"724\" height=\"1024\" src=\"https:\/\/festival262.com\/wp-content\/uploads\/2026\/01\/cartaz-A3-Arte-e-Bem-Estar-no-Envelhecimento_final-724x1024.jpg\" class=\"attachment-large size-large wp-image-5566\" alt=\"\" srcset=\"https:\/\/festival262.com\/wp-content\/uploads\/2026\/01\/cartaz-A3-Arte-e-Bem-Estar-no-Envelhecimento_final-724x1024.jpg 724w, https:\/\/festival262.com\/wp-content\/uploads\/2026\/01\/cartaz-A3-Arte-e-Bem-Estar-no-Envelhecimento_final-212x300.jpg 212w, https:\/\/festival262.com\/wp-content\/uploads\/2026\/01\/cartaz-A3-Arte-e-Bem-Estar-no-Envelhecimento_final-768x1086.jpg 768w, https:\/\/festival262.com\/wp-content\/uploads\/2026\/01\/cartaz-A3-Arte-e-Bem-Estar-no-Envelhecimento_final-600x849.jpg 600w, https:\/\/festival262.com\/wp-content\/uploads\/2026\/01\/cartaz-A3-Arte-e-Bem-Estar-no-Envelhecimento_final.jpg 924w\" sizes=\"(max-width: 724px) 100vw, 724px\" \/>\t\t\t\t\t\t\t\t\t\t\t\t\t\t\t<\/div>\n\t\t\t\t<\/div>\n\t\t\t\t\t<\/div>\n\t\t<\/div>\n\t\t\t\t<div class=\"elementor-column elementor-col-50 elementor-top-column elementor-element elementor-element-978ff53\" data-id=\"978ff53\" data-element_type=\"column\" data-e-type=\"column\">\n\t\t\t<div class=\"elementor-widget-wrap elementor-element-populated\">\n\t\t\t\t\t\t<div class=\"elementor-element elementor-element-a85c787 elementor-widget elementor-widget-image\" data-id=\"a85c787\" data-element_type=\"widget\" data-e-type=\"widget\" data-widget_type=\"image.default\">\n\t\t\t\t<div class=\"elementor-widget-container\">\n\t\t\t\t\t\t\t\t\t\t\t\t\t\t\t<img loading=\"lazy\" decoding=\"async\" width=\"1024\" height=\"683\" src=\"https:\/\/festival262.com\/wp-content\/uploads\/2025\/08\/dsf9132-2048x1365-1-1024x683.jpg\" class=\"attachment-large size-large wp-image-3493\" alt=\"\" srcset=\"https:\/\/festival262.com\/wp-content\/uploads\/2025\/08\/dsf9132-2048x1365-1-1024x683.jpg 1024w, https:\/\/festival262.com\/wp-content\/uploads\/2025\/08\/dsf9132-2048x1365-1-300x200.jpg 300w, https:\/\/festival262.com\/wp-content\/uploads\/2025\/08\/dsf9132-2048x1365-1-768x512.jpg 768w, https:\/\/festival262.com\/wp-content\/uploads\/2025\/08\/dsf9132-2048x1365-1-1536x1024.jpg 1536w, https:\/\/festival262.com\/wp-content\/uploads\/2025\/08\/dsf9132-2048x1365-1-1320x880.jpg 1320w, https:\/\/festival262.com\/wp-content\/uploads\/2025\/08\/dsf9132-2048x1365-1-600x400.jpg 600w, https:\/\/festival262.com\/wp-content\/uploads\/2025\/08\/dsf9132-2048x1365-1.jpg 2048w\" sizes=\"(max-width: 1024px) 100vw, 1024px\" \/>\t\t\t\t\t\t\t\t\t\t\t\t\t\t\t<\/div>\n\t\t\t\t<\/div>\n\t\t\t\t<div class=\"elementor-element elementor-element-f3c2938 elementor-widget elementor-widget-image\" data-id=\"f3c2938\" data-element_type=\"widget\" data-e-type=\"widget\" data-widget_type=\"image.default\">\n\t\t\t\t<div class=\"elementor-widget-container\">\n\t\t\t\t\t\t\t\t\t\t\t\t\t\t\t<img loading=\"lazy\" decoding=\"async\" width=\"1024\" height=\"682\" src=\"https:\/\/festival262.com\/wp-content\/uploads\/2025\/12\/DSC0805web-1-1024x682.jpg\" class=\"attachment-large size-large wp-image-5261\" alt=\"\" srcset=\"https:\/\/festival262.com\/wp-content\/uploads\/2025\/12\/DSC0805web-1-1024x682.jpg 1024w, https:\/\/festival262.com\/wp-content\/uploads\/2025\/12\/DSC0805web-1-300x200.jpg 300w, https:\/\/festival262.com\/wp-content\/uploads\/2025\/12\/DSC0805web-1-768x511.jpg 768w, https:\/\/festival262.com\/wp-content\/uploads\/2025\/12\/DSC0805web-1-1536x1022.jpg 1536w, https:\/\/festival262.com\/wp-content\/uploads\/2025\/12\/DSC0805web-1-2048x1363.jpg 2048w, https:\/\/festival262.com\/wp-content\/uploads\/2025\/12\/DSC0805web-1-1320x879.jpg 1320w, https:\/\/festival262.com\/wp-content\/uploads\/2025\/12\/DSC0805web-1-600x399.jpg 600w\" sizes=\"(max-width: 1024px) 100vw, 1024px\" \/>\t\t\t\t\t\t\t\t\t\t\t\t\t\t\t<\/div>\n\t\t\t\t<\/div>\n\t\t\t\t\t<\/div>\n\t\t<\/div>\n\t\t\t\t\t<\/div>\n\t\t<\/section>\n\t\t\t\t<section class=\"elementor-section elementor-top-section elementor-element elementor-element-8c66958 elementor-section-boxed elementor-section-height-default elementor-section-height-default\" data-id=\"8c66958\" data-element_type=\"section\" data-e-type=\"section\">\n\t\t\t\t\t\t<div class=\"elementor-container elementor-column-gap-default\">\n\t\t\t\t\t<div class=\"elementor-column elementor-col-50 elementor-top-column elementor-element elementor-element-aa5a0e8\" data-id=\"aa5a0e8\" data-element_type=\"column\" data-e-type=\"column\">\n\t\t\t<div class=\"elementor-widget-wrap elementor-element-populated\">\n\t\t\t\t\t\t<div class=\"elementor-element elementor-element-cd1ce94 elementor-widget elementor-widget-heading\" data-id=\"cd1ce94\" data-element_type=\"widget\" data-e-type=\"widget\" data-widget_type=\"heading.default\">\n\t\t\t\t<div class=\"elementor-widget-container\">\n\t\t\t\t\t<h3 class=\"elementor-heading-title elementor-size-default\">F\/SoS Causes<\/h3>\t\t\t\t<\/div>\n\t\t\t\t<\/div>\n\t\t\t\t<div class=\"elementor-element elementor-element-f962b66 elementor-widget elementor-widget-text-editor\" data-id=\"f962b66\" data-element_type=\"widget\" data-e-type=\"widget\" data-widget_type=\"text-editor.default\">\n\t\t\t\t<div class=\"elementor-widget-container\">\n\t\t\t\t\t\t\t\t\t<p data-start=\"312\" data-end=\"523\"><strong data-start=\"312\" data-end=\"523\">F\/SOS Causes est le m\u00e9canisme de financement solidaire de l\u2019association, qui soutient une ou plusieurs organisations ou projets travaillant dans les domaines de la justice sociale, de la conservation de l\u2019environnement et de la r\u00e9silience des communaut\u00e9s.<\/strong><\/p><p data-start=\"525\" data-end=\"703\">Le soutien est activ\u00e9 par le biais d'initiatives dirig\u00e9es par des associations, de partenariats, de programmes culturels et d'activit\u00e9s publiques s\u00e9lectionn\u00e9es, y compris le Festival international de photographie F\/262.<\/p><p data-start=\"705\" data-end=\"896\"><strong data-start=\"705\" data-end=\"720\">Objectif 2026:<\/strong><br data-start=\"720\" data-end=\"723\" \/>Projet li\u00e9 \u00e0 l'eau et \u00e0 l'environnement, tel que la conservation des \u00e9cosyst\u00e8mes c\u00f4tiers, la recherche marine ou le soutien aux communaut\u00e9s touch\u00e9es par la s\u00e9cheresse et la pollution.<\/p><p data-start=\"898\" data-end=\"1129\"><strong data-start=\"898\" data-end=\"916\">Cycles futurs:<\/strong><br data-start=\"916\" data-end=\"919\" \/>F\/SOS Causes alternera entre les causes sociales (droits de l'homme, inclusion, sant\u00e9 mentale) et les causes environnementales (reboisement, durabilit\u00e9, action pour le climat), garantissant un engagement \u00e9quilibr\u00e9 et \u00e0 long terme.<\/p><p data-start=\"1131\" data-end=\"1289\">Ce m\u00e9canisme transparent garantit que F \/ SOS pr\u00e9sente non seulement des histoires de solidarit\u00e9, mais contribue activement \u00e0 une action sociale et environnementale significative.<\/p>\t\t\t\t\t\t\t\t<\/div>\n\t\t\t\t<\/div>\n\t\t\t\t\t<\/div>\n\t\t<\/div>\n\t\t\t\t<div class=\"elementor-column elementor-col-50 elementor-top-column elementor-element elementor-element-5a76f90\" data-id=\"5a76f90\" data-element_type=\"column\" data-e-type=\"column\">\n\t\t\t<div class=\"elementor-widget-wrap elementor-element-populated\">\n\t\t\t\t\t\t<div class=\"elementor-element elementor-element-264acee elementor-widget elementor-widget-image\" data-id=\"264acee\" data-element_type=\"widget\" data-e-type=\"widget\" data-widget_type=\"image.default\">\n\t\t\t\t<div class=\"elementor-widget-container\">\n\t\t\t\t\t\t\t\t\t\t\t\t\t\t\t<img loading=\"lazy\" decoding=\"async\" width=\"1024\" height=\"968\" src=\"https:\/\/festival262.com\/wp-content\/uploads\/2025\/08\/capa-scaled-1-1024x968.jpg\" class=\"attachment-large size-large wp-image-3856\" alt=\"\" srcset=\"https:\/\/festival262.com\/wp-content\/uploads\/2025\/08\/capa-scaled-1-1024x968.jpg 1024w, https:\/\/festival262.com\/wp-content\/uploads\/2025\/08\/capa-scaled-1-300x284.jpg 300w, https:\/\/festival262.com\/wp-content\/uploads\/2025\/08\/capa-scaled-1-768x726.jpg 768w, https:\/\/festival262.com\/wp-content\/uploads\/2025\/08\/capa-scaled-1-1320x1248.jpg 1320w, https:\/\/festival262.com\/wp-content\/uploads\/2025\/08\/capa-scaled-1-600x567.jpg 600w, https:\/\/festival262.com\/wp-content\/uploads\/2025\/08\/capa-scaled-1.jpg 1395w\" sizes=\"(max-width: 1024px) 100vw, 1024px\" \/>\t\t\t\t\t\t\t\t\t\t\t\t\t\t\t<\/div>\n\t\t\t\t<\/div>\n\t\t\t\t<div class=\"elementor-element elementor-element-2df1cb2 elementor-widget elementor-widget-text-editor\" data-id=\"2df1cb2\" data-element_type=\"widget\" data-e-type=\"widget\" data-widget_type=\"text-editor.default\">\n\t\t\t\t<div class=\"elementor-widget-container\">\n\t\t\t\t\t\t\t\t\t<h6 data-start=\"1512\" data-end=\"1531\">Une Idade Importa<\/h6><p data-start=\"1533\" data-end=\"1741\">Un projet photographique de Jo\u00e3o Carlos explorant le vieillissement, la visibilit\u00e9 et la dignit\u00e9.<br data-start=\"1612\" data-end=\"1615\" \/>Pr\u00e9sent\u00e9 sous la forme de quatre expositions dans des espaces culturels publics \u00e0 Lisbonne et publi\u00e9 sous la forme d'un livre pour sensibiliser le public au vieillissement.<\/p><p>.<\/p>\t\t\t\t\t\t\t\t<\/div>\n\t\t\t\t<\/div>\n\t\t\t\t\t<\/div>\n\t\t<\/div>\n\t\t\t\t\t<\/div>\n\t\t<\/section>\n\t\t\t\t<section class=\"elementor-section elementor-top-section elementor-element elementor-element-f15f03a elementor-section-boxed elementor-section-height-default elementor-section-height-default\" data-id=\"f15f03a\" data-element_type=\"section\" data-e-type=\"section\">\n\t\t\t\t\t\t<div class=\"elementor-container elementor-column-gap-default\">\n\t\t\t\t\t<div class=\"elementor-column elementor-col-100 elementor-top-column elementor-element elementor-element-347ad4b\" data-id=\"347ad4b\" data-element_type=\"column\" data-e-type=\"column\">\n\t\t\t<div class=\"elementor-widget-wrap elementor-element-populated\">\n\t\t\t\t\t\t<div class=\"elementor-element elementor-element-f7edd7e elementor-widget-divider--view-line elementor-widget elementor-widget-divider\" data-id=\"f7edd7e\" data-element_type=\"widget\" data-e-type=\"widget\" data-widget_type=\"divider.default\">\n\t\t\t\t<div class=\"elementor-widget-container\">\n\t\t\t\t\t\t\t<div class=\"elementor-divider\">\n\t\t\t<span class=\"elementor-divider-separator\">\n\t\t\t\t\t\t<\/span>\n\t\t<\/div>\n\t\t\t\t\t\t<\/div>\n\t\t\t\t<\/div>\n\t\t\t\t<div class=\"elementor-element elementor-element-0daf3e5 elementor-widget elementor-widget-spacer\" data-id=\"0daf3e5\" data-element_type=\"widget\" data-e-type=\"widget\" data-widget_type=\"spacer.default\">\n\t\t\t\t<div class=\"elementor-widget-container\">\n\t\t\t\t\t\t\t<div class=\"elementor-spacer\">\n\t\t\t<div class=\"elementor-spacer-inner\"><\/div>\n\t\t<\/div>\n\t\t\t\t\t\t<\/div>\n\t\t\t\t<\/div>\n\t\t\t\t<div class=\"elementor-element elementor-element-d329875 elementor-widget elementor-widget-heading\" data-id=\"d329875\" data-element_type=\"widget\" data-e-type=\"widget\" data-widget_type=\"heading.default\">\n\t\t\t\t<div class=\"elementor-widget-container\">\n\t\t\t\t\t<h4 class=\"elementor-heading-title elementor-size-default\">Ce que nous avons fait r\u00e9cemment<\/h4>\t\t\t\t<\/div>\n\t\t\t\t<\/div>\n\t\t\t\t<div class=\"elementor-element elementor-element-b9e28af elementor-widget elementor-widget-text-editor\" data-id=\"b9e28af\" data-element_type=\"widget\" data-e-type=\"widget\" data-widget_type=\"text-editor.default\">\n\t\t\t\t<div class=\"elementor-widget-container\">\n\t\t\t\t\t\t\t\t\t<p data-start=\"800\" data-end=\"1042\"><strong data-start=\"800\" data-end=\"1042\">Les projets r\u00e9cents refl\u00e8tent la fa\u00e7on dont F \/ SOS fonctionne dans la pratique, gr\u00e2ce \u00e0 des collaborations \u00e0 long terme avec des organisations sociales, des institutions culturelles et des communaut\u00e9s. Ces initiatives traduisent notre mission en actions concr\u00e8tes, en visibilit\u00e9 et en impact.<\/strong><\/p><h4 data-start=\"1044\" data-end=\"1074\">\u00a0<\/h4>\t\t\t\t\t\t\t\t<\/div>\n\t\t\t\t<\/div>\n\t\t\t\t\t<\/div>\n\t\t<\/div>\n\t\t\t\t\t<\/div>\n\t\t<\/section>\n\t\t\t\t<section class=\"elementor-section elementor-top-section elementor-element elementor-element-21a69b8 elementor-section-boxed elementor-section-height-default elementor-section-height-default\" data-id=\"21a69b8\" data-element_type=\"section\" data-e-type=\"section\">\n\t\t\t\t\t\t<div class=\"elementor-container elementor-column-gap-default\">\n\t\t\t\t\t<div class=\"elementor-column elementor-col-50 elementor-top-column elementor-element elementor-element-65ae499\" data-id=\"65ae499\" data-element_type=\"column\" data-e-type=\"column\">\n\t\t\t<div class=\"elementor-widget-wrap elementor-element-populated\">\n\t\t\t\t\t\t<div class=\"elementor-element elementor-element-9dddc04 elementor-widget elementor-widget-image\" data-id=\"9dddc04\" data-element_type=\"widget\" data-e-type=\"widget\" data-widget_type=\"image.default\">\n\t\t\t\t<div class=\"elementor-widget-container\">\n\t\t\t\t\t\t\t\t\t\t\t\t\t\t\t<img loading=\"lazy\" decoding=\"async\" width=\"1024\" height=\"1024\" src=\"https:\/\/festival262.com\/wp-content\/uploads\/2025\/12\/e7c706c7-a67a-4da5-a8cf-465a3f34676b-1024x1024.jpg\" class=\"attachment-large size-large wp-image-5319\" alt=\"\" srcset=\"https:\/\/festival262.com\/wp-content\/uploads\/2025\/12\/e7c706c7-a67a-4da5-a8cf-465a3f34676b-1024x1024.jpg 1024w, https:\/\/festival262.com\/wp-content\/uploads\/2025\/12\/e7c706c7-a67a-4da5-a8cf-465a3f34676b-300x300.jpg 300w, https:\/\/festival262.com\/wp-content\/uploads\/2025\/12\/e7c706c7-a67a-4da5-a8cf-465a3f34676b-150x150.jpg 150w, https:\/\/festival262.com\/wp-content\/uploads\/2025\/12\/e7c706c7-a67a-4da5-a8cf-465a3f34676b-768x768.jpg 768w, https:\/\/festival262.com\/wp-content\/uploads\/2025\/12\/e7c706c7-a67a-4da5-a8cf-465a3f34676b-600x600.jpg 600w, https:\/\/festival262.com\/wp-content\/uploads\/2025\/12\/e7c706c7-a67a-4da5-a8cf-465a3f34676b-100x100.jpg 100w, https:\/\/festival262.com\/wp-content\/uploads\/2025\/12\/e7c706c7-a67a-4da5-a8cf-465a3f34676b.jpg 1200w\" sizes=\"(max-width: 1024px) 100vw, 1024px\" \/>\t\t\t\t\t\t\t\t\t\t\t\t\t\t\t<\/div>\n\t\t\t\t<\/div>\n\t\t\t\t<div class=\"elementor-element elementor-element-761fd4a elementor-widget elementor-widget-heading\" data-id=\"761fd4a\" data-element_type=\"widget\" data-e-type=\"widget\" data-widget_type=\"heading.default\">\n\t\t\t\t<div class=\"elementor-widget-container\">\n\t\t\t\t\t<h4 class=\"elementor-heading-title elementor-size-default\"><p data-start=\"170\" data-end=\"256\"><em data-start=\"197\" data-end=\"256\">Une diff\u00e9rence compte<\/em><span style=\"letter-spacing: 0em;text-align: inherit\"><\/span><\/p><\/h4>\t\t\t\t<\/div>\n\t\t\t\t<\/div>\n\t\t\t\t<div class=\"elementor-element elementor-element-e38ef53 elementor-widget elementor-widget-text-editor\" data-id=\"e38ef53\" data-element_type=\"widget\" data-e-type=\"widget\" data-widget_type=\"text-editor.default\">\n\t\t\t\t<div class=\"elementor-widget-container\">\n\t\t\t\t\t\t\t\t\t<p data-start=\"1289\" data-end=\"1478\"><strong data-start=\"1289\" data-end=\"1478\">\u00abA Difference Matters\u00bb est une exposition d\u00e9velopp\u00e9e par CERCI Braga, photographi\u00e9e par Jo\u00e3o Carlos et coproduite par F\/SOS \u2013 Stories of Solidarity dans le cadre de Braga Capital da Cultura 2025.<\/strong><\/p><p data-start=\"1480\" data-end=\"1633\">Le projet donne de la visibilit\u00e9 aux personnes dont les histoires sont souvent n\u00e9glig\u00e9es, c\u00e9l\u00e9brant la dignit\u00e9, la pr\u00e9sence et les identit\u00e9s uniques \u00e0 travers le portrait.<\/p><p data-start=\"1635\" data-end=\"1841\">Pr\u00e9sent\u00e9e au Museu dos Biscainhos, l'exposition invite le public \u00e0 r\u00e9fl\u00e9chir sur l'inclusion, la repr\u00e9sentation et le pouvoir de la photographie pour reconna\u00eetre l'humanit\u00e9 et la force de chaque personne repr\u00e9sent\u00e9e.<\/p>\t\t\t\t\t\t\t\t<\/div>\n\t\t\t\t<\/div>\n\t\t\t\t\t<\/div>\n\t\t<\/div>\n\t\t\t\t<div class=\"elementor-column elementor-col-50 elementor-top-column elementor-element elementor-element-a4a7aaf\" data-id=\"a4a7aaf\" data-element_type=\"column\" data-e-type=\"column\">\n\t\t\t<div class=\"elementor-widget-wrap elementor-element-populated\">\n\t\t\t\t\t\t<div class=\"elementor-element elementor-element-365fd2f elementor-widget elementor-widget-image\" data-id=\"365fd2f\" data-element_type=\"widget\" data-e-type=\"widget\" data-widget_type=\"image.default\">\n\t\t\t\t<div class=\"elementor-widget-container\">\n\t\t\t\t\t\t\t\t\t\t\t\t\t\t\t<img loading=\"lazy\" decoding=\"async\" width=\"683\" height=\"1024\" src=\"https:\/\/festival262.com\/wp-content\/uploads\/2025\/08\/19-scaled-1-683x1024.jpg\" class=\"attachment-large size-large wp-image-3492\" alt=\"\" srcset=\"https:\/\/festival262.com\/wp-content\/uploads\/2025\/08\/19-scaled-1-683x1024.jpg 683w, https:\/\/festival262.com\/wp-content\/uploads\/2025\/08\/19-scaled-1-200x300.jpg 200w, https:\/\/festival262.com\/wp-content\/uploads\/2025\/08\/19-scaled-1-768x1152.jpg 768w, https:\/\/festival262.com\/wp-content\/uploads\/2025\/08\/19-scaled-1-1024x1536.jpg 1024w, https:\/\/festival262.com\/wp-content\/uploads\/2025\/08\/19-scaled-1-1366x2048.jpg 1366w, https:\/\/festival262.com\/wp-content\/uploads\/2025\/08\/19-scaled-1-1320x1980.jpg 1320w, https:\/\/festival262.com\/wp-content\/uploads\/2025\/08\/19-scaled-1-600x900.jpg 600w, https:\/\/festival262.com\/wp-content\/uploads\/2025\/08\/19-scaled-1.jpg 1707w\" sizes=\"(max-width: 683px) 100vw, 683px\" \/>\t\t\t\t\t\t\t\t\t\t\t\t\t\t\t<\/div>\n\t\t\t\t<\/div>\n\t\t\t\t<div class=\"elementor-element elementor-element-8943bed elementor-widget elementor-widget-text-editor\" data-id=\"8943bed\" data-element_type=\"widget\" data-e-type=\"widget\" data-widget_type=\"text-editor.default\">\n\t\t\t\t<div class=\"elementor-widget-container\">\n\t\t\t\t\t\t\t\t\t<p><strong data-start=\"992\" data-end=\"1010\">Sonhos un m\u00e9tro<\/strong> est une campagne de collecte de fonds de CERCI Braga visant \u00e0 construire un nouvel espace pour les personnes handicap\u00e9es.<br data-start=\"1111\" data-end=\"1114\" \/>La photographie pour la campagne a \u00e9t\u00e9 cr\u00e9\u00e9e par <strong>Jo\u00e3o Carlos<\/strong>, soutenant <strong>CERCI Braga<\/strong> la communication et l\u2019engagement du public.<\/p>\t\t\t\t\t\t\t\t<\/div>\n\t\t\t\t<\/div>\n\t\t\t\t\t<\/div>\n\t\t<\/div>\n\t\t\t\t\t<\/div>\n\t\t<\/section>\n\t\t\t\t<section class=\"elementor-section elementor-top-section elementor-element elementor-element-26a5a47 elementor-section-boxed elementor-section-height-default elementor-section-height-default\" data-id=\"26a5a47\" data-element_type=\"section\" data-e-type=\"section\">\n\t\t\t\t\t\t<div class=\"elementor-container elementor-column-gap-default\">\n\t\t\t\t\t<div class=\"elementor-column elementor-col-100 elementor-top-column elementor-element elementor-element-c8be71c\" data-id=\"c8be71c\" data-element_type=\"column\" data-e-type=\"column\">\n\t\t\t<div class=\"elementor-widget-wrap elementor-element-populated\">\n\t\t\t\t\t\t<div class=\"elementor-element elementor-element-dda222e elementor-widget-divider--view-line elementor-widget elementor-widget-divider\" data-id=\"dda222e\" data-element_type=\"widget\" data-e-type=\"widget\" data-widget_type=\"divider.default\">\n\t\t\t\t<div class=\"elementor-widget-container\">\n\t\t\t\t\t\t\t<div class=\"elementor-divider\">\n\t\t\t<span class=\"elementor-divider-separator\">\n\t\t\t\t\t\t<\/span>\n\t\t<\/div>\n\t\t\t\t\t\t<\/div>\n\t\t\t\t<\/div>\n\t\t\t\t\t<\/div>\n\t\t<\/div>\n\t\t\t\t\t<\/div>\n\t\t<\/section>\n\t\t\t\t<section class=\"elementor-section elementor-top-section elementor-element elementor-element-39598eb elementor-section-boxed elementor-section-height-default elementor-section-height-default\" data-id=\"39598eb\" data-element_type=\"section\" data-e-type=\"section\">\n\t\t\t\t\t\t<div class=\"elementor-container elementor-column-gap-default\">\n\t\t\t\t\t<div class=\"elementor-column elementor-col-50 elementor-top-column elementor-element elementor-element-0809c6f\" data-id=\"0809c6f\" data-element_type=\"column\" data-e-type=\"column\">\n\t\t\t<div class=\"elementor-widget-wrap elementor-element-populated\">\n\t\t\t\t\t\t<div class=\"elementor-element elementor-element-431d65e elementor-widget elementor-widget-heading\" data-id=\"431d65e\" data-element_type=\"widget\" data-e-type=\"widget\" data-widget_type=\"heading.default\">\n\t\t\t\t<div class=\"elementor-widget-container\">\n\t\t\t\t\t<h3 class=\"elementor-heading-title elementor-size-default\">Avec qui nous nous associons<\/h3>\t\t\t\t<\/div>\n\t\t\t\t<\/div>\n\t\t\t\t<div class=\"elementor-element elementor-element-3558c32 elementor-widget elementor-widget-text-editor\" data-id=\"3558c32\" data-element_type=\"widget\" data-e-type=\"widget\" data-widget_type=\"text-editor.default\">\n\t\t\t\t<div class=\"elementor-widget-container\">\n\t\t\t\t\t\t\t\t\t<p data-start=\"322\" data-end=\"529\"><strong data-start=\"322\" data-end=\"529\">F\/SOS travaille avec un r\u00e9seau soigneusement s\u00e9lectionn\u00e9 d'ONG locales et internationales, d'institutions culturelles et d'organisations de base qui partagent nos valeurs et notre engagement envers l'impact social et environnemental.<\/strong><\/p><p data-start=\"531\" data-end=\"585\">Nous collaborons activement avec des organisations travaillant dans:<\/p><ul data-start=\"587\" data-end=\"753\"><li data-start=\"587\" data-end=\"633\"><p data-start=\"589\" data-end=\"633\">Inclusion sociale et d\u00e9veloppement communautaire<\/p><\/li><li data-start=\"634\" data-end=\"683\"><p data-start=\"636\" data-end=\"683\">\u00c9ducation par les arts et la culture visuelle<\/p><\/li><li data-start=\"684\" data-end=\"721\"><p data-start=\"686\" data-end=\"721\">D\u00e9fense de l'environnement et des animaux<\/p><\/li><li data-start=\"722\" data-end=\"753\"><p data-start=\"724\" data-end=\"753\">Sant\u00e9 mentale et bien-\u00eatre<\/p><\/li><\/ul><p data-start=\"755\" data-end=\"1037\">Nous croyons en des partenariats \u00e0 long terme et significatifs. Que ce soit par le biais d'une exposition, d'une campagne co-cr\u00e9\u00e9e, d'un projet soutenu par une subvention ou d'un programme de photographie communautaire, nous sommes toujours ouverts \u00e0 la cr\u00e9ation de collaborations r\u00e9fl\u00e9chies qui placent les gens, l'\u00e9thique et l'impact au centre.<\/p>\t\t\t\t\t\t\t\t<\/div>\n\t\t\t\t<\/div>\n\t\t\t\t<div class=\"elementor-element elementor-element-c7c59e5 elementor-widget elementor-widget-button\" data-id=\"c7c59e5\" data-element_type=\"widget\" data-e-type=\"widget\" data-widget_type=\"button.default\">\n\t\t\t\t<div class=\"elementor-widget-container\">\n\t\t\t\t\t\t\t\t\t<div class=\"elementor-button-wrapper\">\n\t\t\t\t\t<a class=\"elementor-button elementor-button-link elementor-size-sm\" href=\"https:\/\/event.joaocarlosphoto.com\/support-us\/\">\n\t\t\t\t\t\t<span class=\"elementor-button-content-wrapper\">\n\t\t\t\t\t\t\t\t\t<span class=\"elementor-button-text\">Devenez partenaire<\/span>\n\t\t\t\t\t<\/span>\n\t\t\t\t\t<\/a>\n\t\t\t\t<\/div>\n\t\t\t\t\t\t\t\t<\/div>\n\t\t\t\t<\/div>\n\t\t\t\t\t<\/div>\n\t\t<\/div>\n\t\t\t\t<div class=\"elementor-column elementor-col-50 elementor-top-column elementor-element elementor-element-20d801e\" data-id=\"20d801e\" data-element_type=\"column\" data-e-type=\"column\">\n\t\t\t<div class=\"elementor-widget-wrap elementor-element-populated\">\n\t\t\t\t\t\t<div class=\"elementor-element elementor-element-423327d elementor-widget elementor-widget-heading\" data-id=\"423327d\" data-element_type=\"widget\" data-e-type=\"widget\" data-widget_type=\"heading.default\">\n\t\t\t\t<div class=\"elementor-widget-container\">\n\t\t\t\t\t<h3 class=\"elementor-heading-title elementor-size-default\">Soutenir la mission<\/h3>\t\t\t\t<\/div>\n\t\t\t\t<\/div>\n\t\t\t\t<div class=\"elementor-element elementor-element-dc39b58 elementor-widget elementor-widget-text-editor\" data-id=\"dc39b58\" data-element_type=\"widget\" data-e-type=\"widget\" data-widget_type=\"text-editor.default\">\n\t\t\t\t<div class=\"elementor-widget-container\">\n\t\t\t\t\t\t\t\t\t<p data-start=\"222\" data-end=\"313\"><strong data-start=\"222\" data-end=\"313\">La photographie peut construire l'empathie, mais seulement si nous lui donnons la structure et l'espace pour le faire.<\/strong><\/p><p data-start=\"315\" data-end=\"527\">Si vous croyez au pouvoir de la cr\u00e9ation d'images en tant qu'outil de changement, nous vous invitons \u00e0 nous rejoindre. <strong data-start=\"403\" data-end=\"467\">Associa\u00e7\u00e3o F\/SOS \u2013 Fotografia, Solidariedade e Obras Sociais<\/strong>, que ce soit en tant qu'artiste, partenaire, organisation ou supporter.<\/p>\t\t\t\t\t\t\t\t<\/div>\n\t\t\t\t<\/div>\n\t\t\t\t<div class=\"elementor-element elementor-element-43012d8 elementor-widget elementor-widget-button\" data-id=\"43012d8\" data-element_type=\"widget\" data-e-type=\"widget\" data-widget_type=\"button.default\">\n\t\t\t\t<div class=\"elementor-widget-container\">\n\t\t\t\t\t\t\t\t\t<div class=\"elementor-button-wrapper\">\n\t\t\t\t\t<a class=\"elementor-button elementor-button-link elementor-size-sm\" href=\"https:\/\/event.joaocarlosphoto.com\/become-a-sponsor\/\">\n\t\t\t\t\t\t<span class=\"elementor-button-content-wrapper\">\n\t\t\t\t\t\t\t\t\t<span class=\"elementor-button-text\">soutien<\/span>\n\t\t\t\t\t<\/span>\n\t\t\t\t\t<\/a>\n\t\t\t\t<\/div>\n\t\t\t\t\t\t\t\t<\/div>\n\t\t\t\t<\/div>\n\t\t\t\t\t<\/div>\n\t\t<\/div>\n\t\t\t\t\t<\/div>\n\t\t<\/section>\n\t\t\t\t<section class=\"elementor-section elementor-top-section elementor-element elementor-element-17b4f71 elementor-section-boxed elementor-section-height-default elementor-section-height-default\" data-id=\"17b4f71\" data-element_type=\"section\" data-e-type=\"section\">\n\t\t\t\t\t\t<div class=\"elementor-container elementor-column-gap-default\">\n\t\t\t\t\t<div class=\"elementor-column elementor-col-100 elementor-top-column elementor-element elementor-element-b421577\" data-id=\"b421577\" data-element_type=\"column\" data-e-type=\"column\">\n\t\t\t<div class=\"elementor-widget-wrap elementor-element-populated\">\n\t\t\t\t\t\t<div class=\"elementor-element elementor-element-083ef3e elementor-widget elementor-widget-shortcode\" data-id=\"083ef3e\" data-element_type=\"widget\" data-e-type=\"widget\" data-widget_type=\"shortcode.default\">\n\t\t\t\t<div class=\"elementor-widget-container\">\n\t\t\t\t\t\t\t<div class=\"elementor-shortcode\">\t\t<div data-elementor-type=\"wp-post\" data-elementor-id=\"206\" class=\"elementor elementor-206\">\n\t\t\t\t\t\t<div class=\"elementor-section elementor-top-section elementor-element elementor-element-433e9d9 elementor-section-stretched footer-custom elementor-section-full_width elementor-section-height-default elementor-section-height-default\" data-id=\"433e9d9\" data-element_type=\"section\" data-e-type=\"section\" data-settings=\"{&quot;stretch_section&quot;:&quot;section-stretched&quot;,&quot;background_background&quot;:&quot;classic&quot;}\">\n\t\t\t\t\t\t<div class=\"elementor-container elementor-column-gap-no\">\n\t\t\t\t\t<div class=\"elementor-column elementor-col-100 elementor-top-column elementor-element elementor-element-4386f5f\" data-id=\"4386f5f\" data-element_type=\"column\" data-e-type=\"column\">\n\t\t\t<div class=\"elementor-widget-wrap elementor-element-populated\">\n\t\t\t\t\t\t<div class=\"elementor-section elementor-inner-section elementor-element elementor-element-ab81258 elementor-section-boxed elementor-section-height-default elementor-section-height-default\" data-id=\"ab81258\" data-element_type=\"section\" data-e-type=\"section\">\n\t\t\t\t\t\t<div class=\"elementor-container elementor-column-gap-wider\">\n\t\t\t\t\t<div class=\"elementor-column elementor-col-33 elementor-inner-column elementor-element elementor-element-abe660f\" data-id=\"abe660f\" data-element_type=\"column\" data-e-type=\"column\">\n\t\t\t<div class=\"elementor-widget-wrap elementor-element-populated\">\n\t\t\t\t\t\t<div class=\"elementor-element elementor-element-fdb18bb invert elementor-widget elementor-widget-heading\" data-id=\"fdb18bb\" data-element_type=\"widget\" data-e-type=\"widget\" data-widget_type=\"heading.default\">\n\t\t\t\t<div class=\"elementor-widget-container\">\n\t\t\t\t\t<h5 class=\"elementor-heading-title elementor-size-default\">Produit par F\/262 &amp; Associa\u00e7\u00e3o F\/SOS<\/h5>\t\t\t\t<\/div>\n\t\t\t\t<\/div>\n\t\t\t\t<div class=\"elementor-element elementor-element-cd7b3b4 elementor-widget elementor-widget-spacer\" data-id=\"cd7b3b4\" data-element_type=\"widget\" data-e-type=\"widget\" data-widget_type=\"spacer.default\">\n\t\t\t\t<div class=\"elementor-widget-container\">\n\t\t\t\t\t\t\t<div class=\"elementor-spacer\">\n\t\t\t<div class=\"elementor-spacer-inner\"><\/div>\n\t\t<\/div>\n\t\t\t\t\t\t<\/div>\n\t\t\t\t<\/div>\n\t\t\t\t<div class=\"elementor-element elementor-element-a61036d elementor-widget elementor-widget-image\" data-id=\"a61036d\" data-element_type=\"widget\" data-e-type=\"widget\" data-widget_type=\"image.default\">\n\t\t\t\t<div class=\"elementor-widget-container\">\n\t\t\t\t\t\t\t\t\t\t\t\t\t\t\t\t<a href=\"https:\/\/festival262.com\/fr\/\">\n\t\t\t\t\t\t\t<img loading=\"lazy\" decoding=\"async\" width=\"1532\" height=\"436\" src=\"https:\/\/festival262.com\/wp-content\/uploads\/2019\/10\/F262-LOGO-COMPOSTO-COM-EFFE-WHITE-PT.svg\" class=\"attachment-full size-full wp-image-7626\" alt=\"\" \/>\t\t\t\t\t\t\t\t<\/a>\n\t\t\t\t\t\t\t\t\t\t\t\t\t\t\t<\/div>\n\t\t\t\t<\/div>\n\t\t\t\t<div class=\"elementor-element elementor-element-ec74c02 elementor-widget elementor-widget-spacer\" data-id=\"ec74c02\" data-element_type=\"widget\" data-e-type=\"widget\" data-widget_type=\"spacer.default\">\n\t\t\t\t<div class=\"elementor-widget-container\">\n\t\t\t\t\t\t\t<div class=\"elementor-spacer\">\n\t\t\t<div class=\"elementor-spacer-inner\"><\/div>\n\t\t<\/div>\n\t\t\t\t\t\t<\/div>\n\t\t\t\t<\/div>\n\t\t\t\t<div class=\"elementor-element elementor-element-155e5e2 elementor-widget elementor-widget-image\" data-id=\"155e5e2\" data-element_type=\"widget\" data-e-type=\"widget\" data-widget_type=\"image.default\">\n\t\t\t\t<div class=\"elementor-widget-container\">\n\t\t\t\t\t\t\t\t\t\t\t\t\t\t\t\t<a href=\"https:\/\/www.f-sos.org\" target=\"_blank\">\n\t\t\t\t\t\t\t<img loading=\"lazy\" decoding=\"async\" width=\"2560\" height=\"567\" src=\"https:\/\/festival262.com\/wp-content\/uploads\/2019\/10\/associacao-white-copy-scaled.png\" class=\"attachment-full size-full wp-image-5659\" alt=\"\" srcset=\"https:\/\/festival262.com\/wp-content\/uploads\/2019\/10\/associacao-white-copy-scaled.png 2560w, https:\/\/festival262.com\/wp-content\/uploads\/2019\/10\/associacao-white-copy-300x66.png 300w, https:\/\/festival262.com\/wp-content\/uploads\/2019\/10\/associacao-white-copy-1024x227.png 1024w, https:\/\/festival262.com\/wp-content\/uploads\/2019\/10\/associacao-white-copy-768x170.png 768w, https:\/\/festival262.com\/wp-content\/uploads\/2019\/10\/associacao-white-copy-1536x340.png 1536w, https:\/\/festival262.com\/wp-content\/uploads\/2019\/10\/associacao-white-copy-2048x453.png 2048w, https:\/\/festival262.com\/wp-content\/uploads\/2019\/10\/associacao-white-copy-1320x292.png 1320w, https:\/\/festival262.com\/wp-content\/uploads\/2019\/10\/associacao-white-copy-600x133.png 600w\" sizes=\"(max-width: 2560px) 100vw, 2560px\" \/>\t\t\t\t\t\t\t\t<\/a>\n\t\t\t\t\t\t\t\t\t\t\t\t\t\t\t<\/div>\n\t\t\t\t<\/div>\n\t\t\t\t<div class=\"elementor-element elementor-element-1c060c8 elementor-widget elementor-widget-image\" data-id=\"1c060c8\" data-element_type=\"widget\" data-e-type=\"widget\" data-widget_type=\"image.default\">\n\t\t\t\t<div class=\"elementor-widget-container\">\n\t\t\t\t\t\t\t\t\t\t\t\t\t\t\t\t<a href=\"https:\/\/www.websitecarbon.com\/website\/festival262-com\/\" target=\"_blank\">\n\t\t\t\t\t\t\t<img loading=\"lazy\" decoding=\"async\" width=\"728\" height=\"196\" src=\"https:\/\/festival262.com\/wp-content\/uploads\/2019\/10\/carbon-rating.png\" class=\"attachment-full size-full wp-image-5817\" alt=\"cote carbone\" srcset=\"https:\/\/festival262.com\/wp-content\/uploads\/2019\/10\/carbon-rating.png 728w, https:\/\/festival262.com\/wp-content\/uploads\/2019\/10\/carbon-rating-300x81.png 300w, https:\/\/festival262.com\/wp-content\/uploads\/2019\/10\/carbon-rating-600x162.png 600w\" sizes=\"(max-width: 728px) 100vw, 728px\" \/>\t\t\t\t\t\t\t\t<\/a>\n\t\t\t\t\t\t\t\t\t\t\t\t\t\t\t<\/div>\n\t\t\t\t<\/div>\n\t\t\t\t\t<\/div>\n\t\t<\/div>\n\t\t\t\t<div class=\"elementor-column elementor-col-33 elementor-inner-column elementor-element elementor-element-af8a3fd\" data-id=\"af8a3fd\" data-element_type=\"column\" data-e-type=\"column\">\n\t\t\t<div class=\"elementor-widget-wrap elementor-element-populated\">\n\t\t\t\t\t\t<div class=\"elementor-element elementor-element-cbd4305 invert elementor-widget elementor-widget-heading\" data-id=\"cbd4305\" data-element_type=\"widget\" data-e-type=\"widget\" data-widget_type=\"heading.default\">\n\t\t\t\t<div class=\"elementor-widget-container\">\n\t\t\t\t\t<h5 class=\"elementor-heading-title elementor-size-default\">Avec le soutien de:<\/h5>\t\t\t\t<\/div>\n\t\t\t\t<\/div>\n\t\t\t\t<div class=\"elementor-element elementor-element-6e61efe elementor-widget elementor-widget-spacer\" data-id=\"6e61efe\" data-element_type=\"widget\" data-e-type=\"widget\" data-widget_type=\"spacer.default\">\n\t\t\t\t<div class=\"elementor-widget-container\">\n\t\t\t\t\t\t\t<div class=\"elementor-spacer\">\n\t\t\t<div class=\"elementor-spacer-inner\"><\/div>\n\t\t<\/div>\n\t\t\t\t\t\t<\/div>\n\t\t\t\t<\/div>\n\t\t\t\t<div class=\"elementor-element elementor-element-8f9d706 elementor-widget elementor-widget-image\" data-id=\"8f9d706\" data-element_type=\"widget\" data-e-type=\"widget\" data-widget_type=\"image.default\">\n\t\t\t\t<div class=\"elementor-widget-container\">\n\t\t\t\t\t\t\t\t\t\t\t\t\t\t\t\t<a href=\"https:\/\/www.mcr.pt\" target=\"_blank\">\n\t\t\t\t\t\t\t<img loading=\"lazy\" decoding=\"async\" width=\"600\" height=\"363\" src=\"https:\/\/festival262.com\/wp-content\/uploads\/2019\/10\/cmcr.png.webp\" class=\"attachment-full size-full wp-image-5603\" alt=\"\" srcset=\"https:\/\/festival262.com\/wp-content\/uploads\/2019\/10\/cmcr.png.webp 600w, https:\/\/festival262.com\/wp-content\/uploads\/2019\/10\/cmcr.png-300x182.webp 300w\" sizes=\"(max-width: 600px) 100vw, 600px\" \/>\t\t\t\t\t\t\t\t<\/a>\n\t\t\t\t\t\t\t\t\t\t\t\t\t\t\t<\/div>\n\t\t\t\t<\/div>\n\t\t\t\t\t<\/div>\n\t\t<\/div>\n\t\t\t\t<div class=\"elementor-column elementor-col-33 elementor-inner-column elementor-element elementor-element-3840b6d\" data-id=\"3840b6d\" data-element_type=\"column\" data-e-type=\"column\">\n\t\t\t<div class=\"elementor-widget-wrap elementor-element-populated\">\n\t\t\t\t\t\t<div class=\"elementor-element elementor-element-c63d851 invert elementor-widget elementor-widget-heading\" data-id=\"c63d851\" data-element_type=\"widget\" data-e-type=\"widget\" data-widget_type=\"heading.default\">\n\t\t\t\t<div class=\"elementor-widget-container\">\n\t\t\t\t\t<h5 class=\"elementor-heading-title elementor-size-default\">Mai \u2013 septembre 2026<br>\nCaldas da Rainha Portugal<\/h5>\t\t\t\t<\/div>\n\t\t\t\t<\/div>\n\t\t\t\t<div class=\"elementor-element elementor-element-3636f02 elementor-widget elementor-widget-spacer\" data-id=\"3636f02\" data-element_type=\"widget\" data-e-type=\"widget\" data-widget_type=\"spacer.default\">\n\t\t\t\t<div class=\"elementor-widget-container\">\n\t\t\t\t\t\t\t<div class=\"elementor-spacer\">\n\t\t\t<div class=\"elementor-spacer-inner\"><\/div>\n\t\t<\/div>\n\t\t\t\t\t\t<\/div>\n\t\t\t\t<\/div>\n\t\t\t\t<div class=\"elementor-element elementor-element-6b32ea3 elementor-widget elementor-widget-heading\" data-id=\"6b32ea3\" data-element_type=\"widget\" data-e-type=\"widget\" data-widget_type=\"heading.default\">\n\t\t\t\t<div class=\"elementor-widget-container\">\n\t\t\t\t\t<h5 class=\"elementor-heading-title elementor-size-default\">\u00c0 propos de F\/262\n<\/h5>\t\t\t\t<\/div>\n\t\t\t\t<\/div>\n\t\t\t\t<div class=\"elementor-element elementor-element-0430d04 elementor-widget elementor-widget-text-editor\" data-id=\"0430d04\" data-element_type=\"widget\" data-e-type=\"widget\" data-widget_type=\"text-editor.default\">\n\t\t\t\t<div class=\"elementor-widget-container\">\n\t\t\t\t\t\t\t\t\t<p data-start=\"431\" data-end=\"686\">F\/262 est un festival international de photographie bas\u00e9 \u00e0 Caldas da Rainha, au Portugal.<br data-start=\"526\" data-end=\"529\" \/>\u00c0 travers des expositions, des conf\u00e9rences, de l'\u00e9ducation et des installations publiques, le festival engage la photographie contemporaine avec le lieu, la communaut\u00e9 et le monde que nous partageons.<\/p><p data-start=\"688\" data-end=\"718\">\u00a0<\/p>\t\t\t\t\t\t\t\t<\/div>\n\t\t\t\t<\/div>\n\t\t\t\t<div class=\"elementor-element elementor-element-1251943 elementor-widget elementor-widget-spacer\" data-id=\"1251943\" data-element_type=\"widget\" data-e-type=\"widget\" data-widget_type=\"spacer.default\">\n\t\t\t\t<div class=\"elementor-widget-container\">\n\t\t\t\t\t\t\t<div class=\"elementor-spacer\">\n\t\t\t<div class=\"elementor-spacer-inner\"><\/div>\n\t\t<\/div>\n\t\t\t\t\t\t<\/div>\n\t\t\t\t<\/div>\n\t\t\t\t\t<\/div>\n\t\t<\/div>\n\t\t\t\t\t<\/div>\n\t\t<\/div>\n\t\t\t\t<section class=\"elementor-section elementor-inner-section elementor-element elementor-element-0e3f8f2 elementor-section-boxed elementor-section-height-default elementor-section-height-default\" data-id=\"0e3f8f2\" data-element_type=\"section\" data-e-type=\"section\">\n\t\t\t\t\t\t<div class=\"elementor-container elementor-column-gap-default\">\n\t\t\t\t\t<div class=\"elementor-column elementor-col-50 elementor-inner-column elementor-element elementor-element-65aff90\" data-id=\"65aff90\" data-element_type=\"column\" data-e-type=\"column\">\n\t\t\t<div class=\"elementor-widget-wrap elementor-element-populated\">\n\t\t\t\t\t\t<div class=\"elementor-element elementor-element-c895301 hfe-nav-menu__breakpoint-none hfe-nav-menu__align-left hfe-submenu-icon-arrow hfe-submenu-animation-none hfe-link-redirect-child elementor-widget elementor-widget-navigation-menu\" data-id=\"c895301\" data-element_type=\"widget\" data-e-type=\"widget\" data-settings=\"{&quot;padding_horizontal_menu_item&quot;:{&quot;unit&quot;:&quot;px&quot;,&quot;size&quot;:15,&quot;sizes&quot;:[]},&quot;padding_horizontal_menu_item_tablet&quot;:{&quot;unit&quot;:&quot;px&quot;,&quot;size&quot;:&quot;&quot;,&quot;sizes&quot;:[]},&quot;padding_horizontal_menu_item_mobile&quot;:{&quot;unit&quot;:&quot;px&quot;,&quot;size&quot;:&quot;&quot;,&quot;sizes&quot;:[]},&quot;padding_vertical_menu_item&quot;:{&quot;unit&quot;:&quot;px&quot;,&quot;size&quot;:15,&quot;sizes&quot;:[]},&quot;padding_vertical_menu_item_tablet&quot;:{&quot;unit&quot;:&quot;px&quot;,&quot;size&quot;:&quot;&quot;,&quot;sizes&quot;:[]},&quot;padding_vertical_menu_item_mobile&quot;:{&quot;unit&quot;:&quot;px&quot;,&quot;size&quot;:&quot;&quot;,&quot;sizes&quot;:[]},&quot;menu_space_between&quot;:{&quot;unit&quot;:&quot;px&quot;,&quot;size&quot;:&quot;&quot;,&quot;sizes&quot;:[]},&quot;menu_space_between_tablet&quot;:{&quot;unit&quot;:&quot;px&quot;,&quot;size&quot;:&quot;&quot;,&quot;sizes&quot;:[]},&quot;menu_space_between_mobile&quot;:{&quot;unit&quot;:&quot;px&quot;,&quot;size&quot;:&quot;&quot;,&quot;sizes&quot;:[]},&quot;menu_row_space&quot;:{&quot;unit&quot;:&quot;px&quot;,&quot;size&quot;:&quot;&quot;,&quot;sizes&quot;:[]},&quot;menu_row_space_tablet&quot;:{&quot;unit&quot;:&quot;px&quot;,&quot;size&quot;:&quot;&quot;,&quot;sizes&quot;:[]},&quot;menu_row_space_mobile&quot;:{&quot;unit&quot;:&quot;px&quot;,&quot;size&quot;:&quot;&quot;,&quot;sizes&quot;:[]},&quot;dropdown_border_radius&quot;:{&quot;unit&quot;:&quot;px&quot;,&quot;top&quot;:&quot;&quot;,&quot;right&quot;:&quot;&quot;,&quot;bottom&quot;:&quot;&quot;,&quot;left&quot;:&quot;&quot;,&quot;isLinked&quot;:true},&quot;dropdown_border_radius_tablet&quot;:{&quot;unit&quot;:&quot;px&quot;,&quot;top&quot;:&quot;&quot;,&quot;right&quot;:&quot;&quot;,&quot;bottom&quot;:&quot;&quot;,&quot;left&quot;:&quot;&quot;,&quot;isLinked&quot;:true},&quot;dropdown_border_radius_mobile&quot;:{&quot;unit&quot;:&quot;px&quot;,&quot;top&quot;:&quot;&quot;,&quot;right&quot;:&quot;&quot;,&quot;bottom&quot;:&quot;&quot;,&quot;left&quot;:&quot;&quot;,&quot;isLinked&quot;:true},&quot;width_dropdown_item&quot;:{&quot;unit&quot;:&quot;px&quot;,&quot;size&quot;:&quot;220&quot;,&quot;sizes&quot;:[]},&quot;width_dropdown_item_tablet&quot;:{&quot;unit&quot;:&quot;px&quot;,&quot;size&quot;:&quot;&quot;,&quot;sizes&quot;:[]},&quot;width_dropdown_item_mobile&quot;:{&quot;unit&quot;:&quot;px&quot;,&quot;size&quot;:&quot;&quot;,&quot;sizes&quot;:[]},&quot;padding_horizontal_dropdown_item&quot;:{&quot;unit&quot;:&quot;px&quot;,&quot;size&quot;:&quot;&quot;,&quot;sizes&quot;:[]},&quot;padding_horizontal_dropdown_item_tablet&quot;:{&quot;unit&quot;:&quot;px&quot;,&quot;size&quot;:&quot;&quot;,&quot;sizes&quot;:[]},&quot;padding_horizontal_dropdown_item_mobile&quot;:{&quot;unit&quot;:&quot;px&quot;,&quot;size&quot;:&quot;&quot;,&quot;sizes&quot;:[]},&quot;padding_vertical_dropdown_item&quot;:{&quot;unit&quot;:&quot;px&quot;,&quot;size&quot;:15,&quot;sizes&quot;:[]},&quot;padding_vertical_dropdown_item_tablet&quot;:{&quot;unit&quot;:&quot;px&quot;,&quot;size&quot;:&quot;&quot;,&quot;sizes&quot;:[]},&quot;padding_vertical_dropdown_item_mobile&quot;:{&quot;unit&quot;:&quot;px&quot;,&quot;size&quot;:&quot;&quot;,&quot;sizes&quot;:[]},&quot;distance_from_menu&quot;:{&quot;unit&quot;:&quot;px&quot;,&quot;size&quot;:&quot;&quot;,&quot;sizes&quot;:[]},&quot;distance_from_menu_tablet&quot;:{&quot;unit&quot;:&quot;px&quot;,&quot;size&quot;:&quot;&quot;,&quot;sizes&quot;:[]},&quot;distance_from_menu_mobile&quot;:{&quot;unit&quot;:&quot;px&quot;,&quot;size&quot;:&quot;&quot;,&quot;sizes&quot;:[]},&quot;toggle_size&quot;:{&quot;unit&quot;:&quot;px&quot;,&quot;size&quot;:&quot;&quot;,&quot;sizes&quot;:[]},&quot;toggle_size_tablet&quot;:{&quot;unit&quot;:&quot;px&quot;,&quot;size&quot;:&quot;&quot;,&quot;sizes&quot;:[]},&quot;toggle_size_mobile&quot;:{&quot;unit&quot;:&quot;px&quot;,&quot;size&quot;:&quot;&quot;,&quot;sizes&quot;:[]},&quot;toggle_border_width&quot;:{&quot;unit&quot;:&quot;px&quot;,&quot;size&quot;:&quot;&quot;,&quot;sizes&quot;:[]},&quot;toggle_border_width_tablet&quot;:{&quot;unit&quot;:&quot;px&quot;,&quot;size&quot;:&quot;&quot;,&quot;sizes&quot;:[]},&quot;toggle_border_width_mobile&quot;:{&quot;unit&quot;:&quot;px&quot;,&quot;size&quot;:&quot;&quot;,&quot;sizes&quot;:[]},&quot;toggle_border_radius&quot;:{&quot;unit&quot;:&quot;px&quot;,&quot;size&quot;:&quot;&quot;,&quot;sizes&quot;:[]},&quot;toggle_border_radius_tablet&quot;:{&quot;unit&quot;:&quot;px&quot;,&quot;size&quot;:&quot;&quot;,&quot;sizes&quot;:[]},&quot;toggle_border_radius_mobile&quot;:{&quot;unit&quot;:&quot;px&quot;,&quot;size&quot;:&quot;&quot;,&quot;sizes&quot;:[]}}\" data-widget_type=\"navigation-menu.default\">\n\t\t\t\t<div class=\"elementor-widget-container\">\n\t\t\t\t\t\t\t\t<div class=\"hfe-nav-menu hfe-layout-horizontal hfe-nav-menu-layout horizontal hfe-pointer__none\" data-layout=\"horizontal\">\n\t\t\t\t<div role=\"button\" class=\"hfe-nav-menu__toggle elementor-clickable\" tabindex=\"0\" aria-label=\"Menu Basculer\">\n\t\t\t\t\t<span class=\"screen-reader-text\">Menu<\/span>\n\t\t\t\t\t<div class=\"hfe-nav-menu-icon\">\n\t\t\t\t\t\t\t\t\t\t\t<\/div>\n\t\t\t\t<\/div>\n\t\t\t\t<nav class=\"hfe-nav-menu__layout-horizontal hfe-nav-menu__submenu-arrow\" data-toggle-icon=\"\" data-close-icon=\"\" data-full-width=\"\">\n\t\t\t\t\t<ul id=\"menu-1-c895301\" class=\"hfe-nav-menu\"><li id=\"menu-item-6609\" class=\"menu-item menu-item-type-post_type menu-item-object-page parent hfe-creative-menu\"><a href=\"https:\/\/festival262.com\/fr\/privacy-policy\/\" class = \"hfe-menu-item\">Politique de confidentialit\u00e9<\/a><\/li>\n<li id=\"menu-item-6610\" class=\"menu-item menu-item-type-post_type menu-item-object-page parent hfe-creative-menu\"><a href=\"https:\/\/festival262.com\/fr\/terms-of-service\/\" class = \"hfe-menu-item\">Conditions d'utilisation<\/a><\/li>\n<li id=\"menu-item-6611\" class=\"menu-item menu-item-type-post_type menu-item-object-page parent hfe-creative-menu\"><a href=\"https:\/\/festival262.com\/fr\/competition-rules-terms-of-entry\/\" class = \"hfe-menu-item\">R\u00e8gles du concours &amp; Conditions d'entr\u00e9e<\/a><\/li>\n<\/ul> \n\t\t\t\t<\/nav>\n\t\t\t<\/div>\n\t\t\t\t\t\t\t<\/div>\n\t\t\t\t<\/div>\n\t\t\t\t\t<\/div>\n\t\t<\/div>\n\t\t\t\t<div class=\"elementor-column elementor-col-50 elementor-inner-column elementor-element elementor-element-e840057\" data-id=\"e840057\" data-element_type=\"column\" data-e-type=\"column\">\n\t\t\t<div class=\"elementor-widget-wrap elementor-element-populated\">\n\t\t\t\t\t\t<div class=\"elementor-element elementor-element-c368a16 footer-soc-icon elementor-shape-circle e-grid-align-right e-grid-align-mobile-center elementor-grid-0 elementor-widget elementor-widget-social-icons\" data-id=\"c368a16\" data-element_type=\"widget\" data-e-type=\"widget\" data-widget_type=\"social-icons.default\">\n\t\t\t\t<div class=\"elementor-widget-container\">\n\t\t\t\t\t\t\t<div class=\"elementor-social-icons-wrapper elementor-grid\" role=\"list\">\n\t\t\t\t\t\t\t<span class=\"elementor-grid-item\" role=\"listitem\">\n\t\t\t\t\t<a class=\"elementor-icon elementor-social-icon elementor-social-icon-instagram elementor-repeater-item-a3788bb\" href=\"https:\/\/www.instagram.com\/festival.262\" target=\"_blank\">\n\t\t\t\t\t\t<span class=\"elementor-screen-only\">Instagram<\/span>\n\t\t\t\t\t\t<i aria-hidden=\"true\" class=\"fab fa-instagram\"><\/i>\t\t\t\t\t<\/a>\n\t\t\t\t<\/span>\n\t\t\t\t\t\t\t<span class=\"elementor-grid-item\" role=\"listitem\">\n\t\t\t\t\t<a class=\"elementor-icon elementor-social-icon elementor-social-icon-linkedin elementor-repeater-item-0a1b6fe\" href=\"https:\/\/www.linkedin.com\/company\/associacao-f-sos-fotografia-solidariedade-e-obras-sociais\/\" target=\"_blank\">\n\t\t\t\t\t\t<span class=\"elementor-screen-only\">Linkedin<\/span>\n\t\t\t\t\t\t<i aria-hidden=\"true\" class=\"fab fa-linkedin\"><\/i>\t\t\t\t\t<\/a>\n\t\t\t\t<\/span>\n\t\t\t\t\t\t\t<span class=\"elementor-grid-item\" role=\"listitem\">\n\t\t\t\t\t<a class=\"elementor-icon elementor-social-icon elementor-social-icon-youtube elementor-repeater-item-f3c97f5\" href=\"https:\/\/www.youtube.com\/@F262PhotographyFestival\" target=\"_blank\">\n\t\t\t\t\t\t<span class=\"elementor-screen-only\">Youtube<\/span>\n\t\t\t\t\t\t<i aria-hidden=\"true\" class=\"fab fa-youtube\"><\/i>\t\t\t\t\t<\/a>\n\t\t\t\t<\/span>\n\t\t\t\t\t<\/div>\n\t\t\t\t\t\t<\/div>\n\t\t\t\t<\/div>\n\t\t\t\t\t<\/div>\n\t\t<\/div>\n\t\t\t\t\t<\/div>\n\t\t<\/section>\n\t\t\t\t<div class=\"elementor-section elementor-inner-section elementor-element elementor-element-21d4a88 elementor-section-boxed elementor-section-height-default elementor-section-height-default\" data-id=\"21d4a88\" data-element_type=\"section\" data-e-type=\"section\">\n\t\t\t\t\t\t<div class=\"elementor-container elementor-column-gap-no\">\n\t\t\t\t\t<div class=\"elementor-column elementor-col-100 elementor-inner-column elementor-element elementor-element-37fbc21\" data-id=\"37fbc21\" data-element_type=\"column\" data-e-type=\"column\">\n\t\t\t<div class=\"elementor-widget-wrap elementor-element-populated\">\n\t\t\t\t\t\t<div class=\"elementor-element elementor-element-fe6ceda copyright-footer elementor-widget elementor-widget-text-editor\" data-id=\"fe6ceda\" data-element_type=\"widget\" data-e-type=\"widget\" data-widget_type=\"text-editor.default\">\n\t\t\t\t<div class=\"elementor-widget-container\">\n\t\t\t\t\t\t\t\t\t<p>\u00a92026 F\/262 \u2013 Festival Internacional de Fotografia<br \/>Produit par <a href=\"https:\/\/www.f-sos.org\" target=\"_blank\" rel=\"noopener\">Associa\u00e7\u00e3o F\/SOS \u2013 Fotografia, Solidariedade e Obras Sociais<\/a><\/p>\t\t\t\t\t\t\t\t<\/div>\n\t\t\t\t<\/div>\n\t\t\t\t\t<\/div>\n\t\t<\/div>\n\t\t\t\t\t<\/div>\n\t\t<\/div>\n\t\t\t\t\t<\/div>\n\t\t<\/div>\n\t\t\t\t\t<\/div>\n\t\t<\/div>\n\t\t\t\t<\/div>\n\t\t<\/div>\n\t\t\t\t\t\t<\/div>\n\t\t\t\t<\/div>\n\t\t\t\t\t<\/div>\n\t\t<\/div>\n\t\t\t\t\t<\/div>\n\t\t<\/section>\n\t\t\t\t<\/div>","protected":false},"excerpt":{"rendered":"<p>Photography with purpose. Connection with impact. ASSOCIA\u00c7\u00c3O F\/SOS \u2013 FOTOGRAFIA, SOLIDARIEDADE E OBRAS SOCIAIS A non-profit association using photography as a tool for social and environmental impact. \u00a0 \u00a0The ASSOCIA\u00c7\u00c3O F\/SOS \u2013 FOTOGRAFIA, SOLIDARIEDADE E OBRAS SOCIAIS is a non-profit cultural and social organization based in Portugal that uses photography as a tool for social, [&hellip;]<\/p>","protected":false},"author":6,"featured_media":0,"parent":0,"menu_order":0,"comment_status":"closed","ping_status":"closed","template":"","meta":{"_acf_changed":false,"footnotes":""},"class_list":["post-3478","page","type-page","status-publish","hentry"],"acf":[],"yoast_head":"<!-- This site is optimized with the Yoast SEO plugin v27.5 - https:\/\/yoast.com\/product\/yoast-seo-wordpress\/ -->\n<title>F\/SOS - F\/262 Festival Internacional de Fotografia<\/title>\n<meta name=\"robots\" content=\"index, follow, max-snippet:-1, max-image-preview:large, max-video-preview:-1\" \/>\n<link rel=\"canonical\" href=\"https:\/\/festival262.com\/fr\/f-sos\/\" \/>\n<meta property=\"og:locale\" content=\"fr_FR\" \/>\n<meta property=\"og:type\" content=\"article\" \/>\n<meta property=\"og:title\" content=\"F\/SOS - F\/262 Festival Internacional de Fotografia\" \/>\n<meta property=\"og:description\" content=\"Photography with purpose. Connection with impact. ASSOCIA\u00c7\u00c3O F\/SOS \u2013 FOTOGRAFIA, SOLIDARIEDADE E OBRAS SOCIAIS A non-profit association using photography as a tool for social and environmental impact. \u00a0 \u00a0The ASSOCIA\u00c7\u00c3O F\/SOS \u2013 FOTOGRAFIA, SOLIDARIEDADE E OBRAS SOCIAIS is a non-profit cultural and social organization based in Portugal that uses photography as a tool for social, [&hellip;]\" \/>\n<meta property=\"og:url\" content=\"https:\/\/festival262.com\/fr\/f-sos\/\" \/>\n<meta property=\"og:site_name\" content=\"F\/262 Festival Internacional de Fotografia\" \/>\n<meta property=\"article:modified_time\" content=\"2026-01-05T12:08:15+00:00\" \/>\n<meta property=\"og:image\" content=\"https:\/\/festival262.com\/wp-content\/uploads\/2025\/12\/PHOTO-2025-12-22-18-42-36.jpg\" \/>\n\t<meta property=\"og:image:width\" content=\"1600\" \/>\n\t<meta property=\"og:image:height\" content=\"458\" \/>\n\t<meta property=\"og:image:type\" content=\"image\/jpeg\" \/>\n<meta name=\"twitter:card\" content=\"summary_large_image\" \/>\n<meta name=\"twitter:label1\" content=\"Dur\u00e9e de lecture estim\u00e9e\" \/>\n\t<meta name=\"twitter:data1\" content=\"6 minutes\" \/>\n<script type=\"application\/ld+json\" class=\"yoast-schema-graph\">{\"@context\":\"https:\\\/\\\/schema.org\",\"@graph\":[{\"@type\":\"WebPage\",\"@id\":\"https:\\\/\\\/festival262.com\\\/f-sos\\\/\",\"url\":\"https:\\\/\\\/festival262.com\\\/f-sos\\\/\",\"name\":\"F\\\/SOS - F\\\/262 Festival Internacional de Fotografia\",\"isPartOf\":{\"@id\":\"https:\\\/\\\/festival262.com\\\/#website\"},\"primaryImageOfPage\":{\"@id\":\"https:\\\/\\\/festival262.com\\\/f-sos\\\/#primaryimage\"},\"image\":{\"@id\":\"https:\\\/\\\/festival262.com\\\/f-sos\\\/#primaryimage\"},\"thumbnailUrl\":\"https:\\\/\\\/festival262.com\\\/wp-content\\\/uploads\\\/2025\\\/12\\\/PHOTO-2025-12-22-18-42-36-1024x293.jpg\",\"datePublished\":\"2025-08-07T09:35:36+00:00\",\"dateModified\":\"2026-01-05T12:08:15+00:00\",\"breadcrumb\":{\"@id\":\"https:\\\/\\\/festival262.com\\\/f-sos\\\/#breadcrumb\"},\"inLanguage\":\"fr-FR\",\"potentialAction\":[{\"@type\":\"ReadAction\",\"target\":[\"https:\\\/\\\/festival262.com\\\/f-sos\\\/\"]}]},{\"@type\":\"ImageObject\",\"inLanguage\":\"fr-FR\",\"@id\":\"https:\\\/\\\/festival262.com\\\/f-sos\\\/#primaryimage\",\"url\":\"https:\\\/\\\/festival262.com\\\/wp-content\\\/uploads\\\/2025\\\/12\\\/PHOTO-2025-12-22-18-42-36-1024x293.jpg\",\"contentUrl\":\"https:\\\/\\\/festival262.com\\\/wp-content\\\/uploads\\\/2025\\\/12\\\/PHOTO-2025-12-22-18-42-36-1024x293.jpg\"},{\"@type\":\"BreadcrumbList\",\"@id\":\"https:\\\/\\\/festival262.com\\\/f-sos\\\/#breadcrumb\",\"itemListElement\":[{\"@type\":\"ListItem\",\"position\":1,\"name\":\"Home\",\"item\":\"https:\\\/\\\/festival262.com\\\/\"},{\"@type\":\"ListItem\",\"position\":2,\"name\":\"F\\\/SOS\"}]},{\"@type\":\"WebSite\",\"@id\":\"https:\\\/\\\/festival262.com\\\/#website\",\"url\":\"https:\\\/\\\/festival262.com\\\/\",\"name\":\"F7262 Fetsival Internacional de Fotografia\",\"description\":\"Photography as Culture, Community, and Practice\",\"publisher\":{\"@id\":\"https:\\\/\\\/festival262.com\\\/#organization\"},\"alternateName\":\"Festival262\",\"potentialAction\":[{\"@type\":\"SearchAction\",\"target\":{\"@type\":\"EntryPoint\",\"urlTemplate\":\"https:\\\/\\\/festival262.com\\\/?s={search_term_string}\"},\"query-input\":{\"@type\":\"PropertyValueSpecification\",\"valueRequired\":true,\"valueName\":\"search_term_string\"}}],\"inLanguage\":\"fr-FR\"},{\"@type\":\"Organization\",\"@id\":\"https:\\\/\\\/festival262.com\\\/#organization\",\"name\":\"F\\\/262 Festival Internacional de Fotografia\",\"url\":\"https:\\\/\\\/festival262.com\\\/\",\"logo\":{\"@type\":\"ImageObject\",\"inLanguage\":\"fr-FR\",\"@id\":\"https:\\\/\\\/festival262.com\\\/#\\\/schema\\\/logo\\\/image\\\/\",\"url\":\"https:\\\/\\\/festival262.com\\\/wp-content\\\/uploads\\\/2019\\\/10\\\/cropped-f-262-icon-e-logo-scaled-1.png\",\"contentUrl\":\"https:\\\/\\\/festival262.com\\\/wp-content\\\/uploads\\\/2019\\\/10\\\/cropped-f-262-icon-e-logo-scaled-1.png\",\"width\":2558,\"height\":1048,\"caption\":\"F\\\/262 Festival Internacional de Fotografia\"},\"image\":{\"@id\":\"https:\\\/\\\/festival262.com\\\/#\\\/schema\\\/logo\\\/image\\\/\"}}]}<\/script>\n<!-- \/ Yoast SEO plugin. -->","yoast_head_json":{"title":"F\/SOS - F\/262 Festival Internacional de Fotografia","robots":{"index":"index","follow":"follow","max-snippet":"max-snippet:-1","max-image-preview":"max-image-preview:large","max-video-preview":"max-video-preview:-1"},"canonical":"https:\/\/festival262.com\/fr\/f-sos\/","og_locale":"fr_FR","og_type":"article","og_title":"F\/SOS - F\/262 Festival Internacional de Fotografia","og_description":"Photography with purpose. Connection with impact. ASSOCIA\u00c7\u00c3O F\/SOS \u2013 FOTOGRAFIA, SOLIDARIEDADE E OBRAS SOCIAIS A non-profit association using photography as a tool for social and environmental impact. \u00a0 \u00a0The ASSOCIA\u00c7\u00c3O F\/SOS \u2013 FOTOGRAFIA, SOLIDARIEDADE E OBRAS SOCIAIS is a non-profit cultural and social organization based in Portugal that uses photography as a tool for social, [&hellip;]","og_url":"https:\/\/festival262.com\/fr\/f-sos\/","og_site_name":"F\/262 Festival Internacional de Fotografia","article_modified_time":"2026-01-05T12:08:15+00:00","og_image":[{"width":1600,"height":458,"url":"https:\/\/festival262.com\/wp-content\/uploads\/2025\/12\/PHOTO-2025-12-22-18-42-36.jpg","type":"image\/jpeg"}],"twitter_card":"summary_large_image","twitter_misc":{"Dur\u00e9e de lecture estim\u00e9e":"6 minutes"},"schema":{"@context":"https:\/\/schema.org","@graph":[{"@type":"WebPage","@id":"https:\/\/festival262.com\/f-sos\/","url":"https:\/\/festival262.com\/f-sos\/","name":"F\/SOS - F\/262 Festival Internacional de Fotografia","isPartOf":{"@id":"https:\/\/festival262.com\/#website"},"primaryImageOfPage":{"@id":"https:\/\/festival262.com\/f-sos\/#primaryimage"},"image":{"@id":"https:\/\/festival262.com\/f-sos\/#primaryimage"},"thumbnailUrl":"https:\/\/festival262.com\/wp-content\/uploads\/2025\/12\/PHOTO-2025-12-22-18-42-36-1024x293.jpg","datePublished":"2025-08-07T09:35:36+00:00","dateModified":"2026-01-05T12:08:15+00:00","breadcrumb":{"@id":"https:\/\/festival262.com\/f-sos\/#breadcrumb"},"inLanguage":"fr-FR","potentialAction":[{"@type":"ReadAction","target":["https:\/\/festival262.com\/f-sos\/"]}]},{"@type":"ImageObject","inLanguage":"fr-FR","@id":"https:\/\/festival262.com\/f-sos\/#primaryimage","url":"https:\/\/festival262.com\/wp-content\/uploads\/2025\/12\/PHOTO-2025-12-22-18-42-36-1024x293.jpg","contentUrl":"https:\/\/festival262.com\/wp-content\/uploads\/2025\/12\/PHOTO-2025-12-22-18-42-36-1024x293.jpg"},{"@type":"BreadcrumbList","@id":"https:\/\/festival262.com\/f-sos\/#breadcrumb","itemListElement":[{"@type":"ListItem","position":1,"name":"Home","item":"https:\/\/festival262.com\/"},{"@type":"ListItem","position":2,"name":"F\/SOS"}]},{"@type":"WebSite","@id":"https:\/\/festival262.com\/#website","url":"https:\/\/festival262.com\/","name":"F7262 Fetsival Internacional de Fotografia","description":"Photography as Culture, Community, and Practice","publisher":{"@id":"https:\/\/festival262.com\/#organization"},"alternateName":"Festival262","potentialAction":[{"@type":"SearchAction","target":{"@type":"EntryPoint","urlTemplate":"https:\/\/festival262.com\/?s={search_term_string}"},"query-input":{"@type":"PropertyValueSpecification","valueRequired":true,"valueName":"search_term_string"}}],"inLanguage":"fr-FR"},{"@type":"Organization","@id":"https:\/\/festival262.com\/#organization","name":"F\/262 Festival Internacional de Fotografia","url":"https:\/\/festival262.com\/","logo":{"@type":"ImageObject","inLanguage":"fr-FR","@id":"https:\/\/festival262.com\/#\/schema\/logo\/image\/","url":"https:\/\/festival262.com\/wp-content\/uploads\/2019\/10\/cropped-f-262-icon-e-logo-scaled-1.png","contentUrl":"https:\/\/festival262.com\/wp-content\/uploads\/2019\/10\/cropped-f-262-icon-e-logo-scaled-1.png","width":2558,"height":1048,"caption":"F\/262 Festival Internacional de Fotografia"},"image":{"@id":"https:\/\/festival262.com\/#\/schema\/logo\/image\/"}}]}},"_links":{"self":[{"href":"https:\/\/festival262.com\/fr\/wp-json\/wp\/v2\/pages\/3478","targetHints":{"allow":["GET"]}}],"collection":[{"href":"https:\/\/festival262.com\/fr\/wp-json\/wp\/v2\/pages"}],"about":[{"href":"https:\/\/festival262.com\/fr\/wp-json\/wp\/v2\/types\/page"}],"author":[{"embeddable":true,"href":"https:\/\/festival262.com\/fr\/wp-json\/wp\/v2\/users\/6"}],"replies":[{"embeddable":true,"href":"https:\/\/festival262.com\/fr\/wp-json\/wp\/v2\/comments?post=3478"}],"version-history":[{"count":0,"href":"https:\/\/festival262.com\/fr\/wp-json\/wp\/v2\/pages\/3478\/revisions"}],"wp:attachment":[{"href":"https:\/\/festival262.com\/fr\/wp-json\/wp\/v2\/media?parent=3478"}],"curies":[{"name":"wp","href":"https:\/\/api.w.org\/{rel}","templated":true}]}}