{"id":3150,"date":"2025-08-03T01:38:31","date_gmt":"2025-08-03T01:38:31","guid":{"rendered":"https:\/\/event.joaocarlosphoto.com\/?page_id=3150"},"modified":"2026-03-29T11:10:02","modified_gmt":"2026-03-29T11:10:02","slug":"about-caldas-da-rainha","status":"publish","type":"page","link":"https:\/\/festival262.com\/fr\/about-caldas-da-rainha\/","title":{"rendered":"\u00e0 propos de caldas da rainha"},"content":{"rendered":"<div data-elementor-type=\"wp-page\" data-elementor-id=\"3150\" class=\"elementor elementor-3150\">\n\t\t\t\t\t\t<section class=\"elementor-section elementor-top-section elementor-element elementor-element-618e5e4 elementor-section-boxed elementor-section-height-default elementor-section-height-default\" data-id=\"618e5e4\" data-element_type=\"section\" data-e-type=\"section\">\n\t\t\t\t\t\t<div class=\"elementor-container elementor-column-gap-default\">\n\t\t\t\t\t<div class=\"elementor-column elementor-col-100 elementor-top-column elementor-element elementor-element-d4e4bda\" data-id=\"d4e4bda\" data-element_type=\"column\" data-e-type=\"column\">\n\t\t\t<div class=\"elementor-widget-wrap elementor-element-populated\">\n\t\t\t\t\t\t<div class=\"elementor-element elementor-element-13efa37 elementor-widget elementor-widget-spacer\" data-id=\"13efa37\" data-element_type=\"widget\" data-e-type=\"widget\" data-widget_type=\"spacer.default\">\n\t\t\t\t<div class=\"elementor-widget-container\">\n\t\t\t\t\t\t\t<div class=\"elementor-spacer\">\n\t\t\t<div class=\"elementor-spacer-inner\"><\/div>\n\t\t<\/div>\n\t\t\t\t\t\t<\/div>\n\t\t\t\t<\/div>\n\t\t\t\t<div class=\"elementor-element elementor-element-1363c28 eael-dual-header-content-align-center elementor-widget elementor-widget-eael-dual-color-header\" data-id=\"1363c28\" data-element_type=\"widget\" data-e-type=\"widget\" data-widget_type=\"eael-dual-color-header.default\">\n\t\t\t\t<div class=\"elementor-widget-container\">\n\t\t\t\t\t\t\t\t<div class=\"eael-dual-header\">\n\t\t\t\t<h2 class=\"title eael-dch-title\"><span class=\"eael-dch-title-text eael-dch-title-lead lead solid-color\">\u00c0 propos de Caldas da Rainha<\/span> <span class=\"eael-dch-title-text\"><\/span><\/h2>\t\t\t\t\t<span class=\"subtext\"><p>La ville h\u00f4te du Festival F\/262<\/p><\/span>\n\t\t\t\t\t\t\t<\/div>\n\n\t\t\t\t\t\t<\/div>\n\t\t\t\t<\/div>\n\t\t\t\t\t<\/div>\n\t\t<\/div>\n\t\t\t\t\t<\/div>\n\t\t<\/section>\n\t\t\t\t<section class=\"elementor-section elementor-top-section elementor-element elementor-element-d26880a elementor-section-boxed elementor-section-height-default elementor-section-height-default\" data-id=\"d26880a\" data-element_type=\"section\" data-e-type=\"section\">\n\t\t\t\t\t\t<div class=\"elementor-container elementor-column-gap-default\">\n\t\t\t\t\t<div class=\"elementor-column elementor-col-50 elementor-top-column elementor-element elementor-element-ae816a5\" data-id=\"ae816a5\" data-element_type=\"column\" data-e-type=\"column\">\n\t\t\t<div class=\"elementor-widget-wrap elementor-element-populated\">\n\t\t\t\t\t\t<div class=\"elementor-element elementor-element-03ece14 elementor-widget elementor-widget-heading\" data-id=\"03ece14\" data-element_type=\"widget\" data-e-type=\"widget\" data-widget_type=\"heading.default\">\n\t\t\t\t<div class=\"elementor-widget-container\">\n\t\t\t\t\t<h2 class=\"elementor-heading-title elementor-size-default\">Pourquoi Caldas?<\/h2>\t\t\t\t<\/div>\n\t\t\t\t<\/div>\n\t\t\t\t<div class=\"elementor-element elementor-element-e4ea526 elementor-widget elementor-widget-text-editor\" data-id=\"e4ea526\" data-element_type=\"widget\" data-e-type=\"widget\" data-widget_type=\"text-editor.default\">\n\t\t\t\t<div class=\"elementor-widget-container\">\n\t\t\t\t\t\t\t\t\t<p data-start=\"1445\" data-end=\"1763\">Le Festival F\/262 a choisi Caldas da Rainha pour son m\u00e9lange unique de <strong data-start=\"1511\" data-end=\"1544\">tradition et exp\u00e9rimentation<\/strong>, <strong data-start=\"1546\" data-end=\"1578\">patrimoine et r\u00e9flexion sur l'avenir<\/strong>. L\u2019am\u00e9nagement pi\u00e9tonnier de la ville, sa proximit\u00e9 avec la nature et l\u2019engagement de la communaut\u00e9 locale en font un espace id\u00e9al pour accueillir des expositions, des conf\u00e9rences et des ateliers qui d\u00e9bordent des murs des galeries.<\/p><p data-start=\"3988\" data-end=\"4330\">Parce que ce n\u2019est pas seulement un lieu, c\u2019est une d\u00e9claration. F\/262 croit en l'art qui vit en communaut\u00e9. Caldas da Rainha est l'une des rares villes du Portugal o\u00f9 tradition et exp\u00e9rimentation se c\u00f4toient. C\u2019est un lieu qui favorise le risque, la conversation et la collaboration, le cadre id\u00e9al pour un festival de photographie avec profondeur et \u00e9l\u00e9gance.<\/p><hr data-start=\"4332\" data-end=\"4335\" \/><p data-start=\"4337\" data-end=\"4465\" data-is-last-node=\"\" data-is-only-node=\"\">\u00a0<\/p>\t\t\t\t\t\t\t\t<\/div>\n\t\t\t\t<\/div>\n\t\t\t\t\t<\/div>\n\t\t<\/div>\n\t\t\t\t<div class=\"elementor-column elementor-col-50 elementor-top-column elementor-element elementor-element-9d8a3d4\" data-id=\"9d8a3d4\" data-element_type=\"column\" data-e-type=\"column\">\n\t\t\t<div class=\"elementor-widget-wrap elementor-element-populated\">\n\t\t\t\t\t\t<div class=\"elementor-element elementor-element-e464e4d elementor-widget elementor-widget-image\" data-id=\"e464e4d\" data-element_type=\"widget\" data-e-type=\"widget\" data-widget_type=\"image.default\">\n\t\t\t\t<div class=\"elementor-widget-container\">\n\t\t\t\t\t\t\t\t\t\t\t\t\t\t\t<img fetchpriority=\"high\" decoding=\"async\" width=\"1024\" height=\"768\" src=\"https:\/\/festival262.com\/wp-content\/uploads\/2025\/08\/tempImageUWmIH4-1568x1176-1-1024x768.jpg\" class=\"attachment-large size-large wp-image-3177\" alt=\"\" srcset=\"https:\/\/festival262.com\/wp-content\/uploads\/2025\/08\/tempImageUWmIH4-1568x1176-1-1024x768.jpg 1024w, https:\/\/festival262.com\/wp-content\/uploads\/2025\/08\/tempImageUWmIH4-1568x1176-1-600x450.jpg 600w, https:\/\/festival262.com\/wp-content\/uploads\/2025\/08\/tempImageUWmIH4-1568x1176-1-300x225.jpg 300w, https:\/\/festival262.com\/wp-content\/uploads\/2025\/08\/tempImageUWmIH4-1568x1176-1-768x576.jpg 768w, https:\/\/festival262.com\/wp-content\/uploads\/2025\/08\/tempImageUWmIH4-1568x1176-1-1536x1152.jpg 1536w, https:\/\/festival262.com\/wp-content\/uploads\/2025\/08\/tempImageUWmIH4-1568x1176-1.jpg 1568w\" sizes=\"(max-width: 1024px) 100vw, 1024px\" \/>\t\t\t\t\t\t\t\t\t\t\t\t\t\t\t<\/div>\n\t\t\t\t<\/div>\n\t\t\t\t\t<\/div>\n\t\t<\/div>\n\t\t\t\t\t<\/div>\n\t\t<\/section>\n\t\t\t\t<section class=\"elementor-section elementor-top-section elementor-element elementor-element-59861ab elementor-section-boxed elementor-section-height-default elementor-section-height-default\" data-id=\"59861ab\" data-element_type=\"section\" data-e-type=\"section\">\n\t\t\t\t\t\t<div class=\"elementor-container elementor-column-gap-default\">\n\t\t\t\t\t<div class=\"elementor-column elementor-col-100 elementor-top-column elementor-element elementor-element-ada9a76\" data-id=\"ada9a76\" data-element_type=\"column\" data-e-type=\"column\">\n\t\t\t<div class=\"elementor-widget-wrap elementor-element-populated\">\n\t\t\t\t\t\t<div class=\"elementor-element elementor-element-42d4ecf elementor-widget elementor-widget-text-editor\" data-id=\"42d4ecf\" data-element_type=\"widget\" data-e-type=\"widget\" data-widget_type=\"text-editor.default\">\n\t\t\t\t<div class=\"elementor-widget-container\">\n\t\t\t\t\t\t\t\t\t<p>Caldas da Rainha est plus qu\u2019une ville, elle fait partie de l\u2019ADN du festival. Situ\u00e9 sur la c\u00f4te ouest du Portugal, \u00e0 une heure de Lisbonne, Caldas allie histoire, cr\u00e9ativit\u00e9 et culture contemporaine. C\u2019est une ville fa\u00e7onn\u00e9e par des artistes, des \u00e9tudiants, des cr\u00e9ateurs et des penseurs, et cette \u00e9nergie est pr\u00e9sente dans chaque rue, place et mus\u00e9e.<\/p>\t\t\t\t\t\t\t\t<\/div>\n\t\t\t\t<\/div>\n\t\t\t\t\t<\/div>\n\t\t<\/div>\n\t\t\t\t\t<\/div>\n\t\t<\/section>\n\t\t\t\t<section class=\"elementor-section elementor-top-section elementor-element elementor-element-dc383ae elementor-section-boxed elementor-section-height-default elementor-section-height-default\" data-id=\"dc383ae\" data-element_type=\"section\" data-e-type=\"section\">\n\t\t\t\t\t\t<div class=\"elementor-container elementor-column-gap-default\">\n\t\t\t\t\t<div class=\"elementor-column elementor-col-50 elementor-top-column elementor-element elementor-element-8068a42\" data-id=\"8068a42\" data-element_type=\"column\" data-e-type=\"column\">\n\t\t\t<div class=\"elementor-widget-wrap elementor-element-populated\">\n\t\t\t\t\t\t<div class=\"elementor-element elementor-element-873a219 elementor-widget elementor-widget-image\" data-id=\"873a219\" data-element_type=\"widget\" data-e-type=\"widget\" data-widget_type=\"image.default\">\n\t\t\t\t<div class=\"elementor-widget-container\">\n\t\t\t\t\t\t\t\t\t\t\t\t\t\t\t<img decoding=\"async\" width=\"500\" height=\"654\" src=\"https:\/\/festival262.com\/wp-content\/uploads\/2025\/07\/Caldas_da_Rainha_freguesias_2013.svg.png\" class=\"attachment-full size-full wp-image-2837\" alt=\"\" srcset=\"https:\/\/festival262.com\/wp-content\/uploads\/2025\/07\/Caldas_da_Rainha_freguesias_2013.svg.png 500w, https:\/\/festival262.com\/wp-content\/uploads\/2025\/07\/Caldas_da_Rainha_freguesias_2013.svg-229x300.png 229w\" sizes=\"(max-width: 500px) 100vw, 500px\" \/>\t\t\t\t\t\t\t\t\t\t\t\t\t\t\t<\/div>\n\t\t\t\t<\/div>\n\t\t\t\t\t<\/div>\n\t\t<\/div>\n\t\t\t\t<div class=\"elementor-column elementor-col-50 elementor-top-column elementor-element elementor-element-e97397f\" data-id=\"e97397f\" data-element_type=\"column\" data-e-type=\"column\">\n\t\t\t<div class=\"elementor-widget-wrap elementor-element-populated\">\n\t\t\t\t\t\t<div class=\"elementor-element elementor-element-f682c1f elementor-widget elementor-widget-heading\" data-id=\"f682c1f\" data-element_type=\"widget\" data-e-type=\"widget\" data-widget_type=\"heading.default\">\n\t\t\t\t<div class=\"elementor-widget-container\">\n\t\t\t\t\t<h4 class=\"elementor-heading-title elementor-size-default\">Le drapeau de Caldas da Rainha<\/h4>\t\t\t\t<\/div>\n\t\t\t\t<\/div>\n\t\t\t\t<div class=\"elementor-element elementor-element-a74d57c elementor-widget elementor-widget-text-editor\" data-id=\"a74d57c\" data-element_type=\"widget\" data-e-type=\"widget\" data-widget_type=\"text-editor.default\">\n\t\t\t\t<div class=\"elementor-widget-container\">\n\t\t\t\t\t\t\t\t\t<p>Le drapeau de Caldas da Rainha pr\u00e9sente des champs violets et jaunes avec les armoiries de la ville. Il honore les origines royales et un h\u00e9ritage culturel profond. Pour F\/262, la forme violette et bleue de notre palette de base, associ\u00e9e \u00e0 une orange tir\u00e9e des objectifs de l\u2019appareil photo, marque de l\u2019ADN photographique du festival.<\/p>\t\t\t\t\t\t\t\t<\/div>\n\t\t\t\t<\/div>\n\t\t\t\t<div class=\"elementor-element elementor-element-413a49a elementor-widget elementor-widget-spacer\" data-id=\"413a49a\" data-element_type=\"widget\" data-e-type=\"widget\" data-widget_type=\"spacer.default\">\n\t\t\t\t<div class=\"elementor-widget-container\">\n\t\t\t\t\t\t\t<div class=\"elementor-spacer\">\n\t\t\t<div class=\"elementor-spacer-inner\"><\/div>\n\t\t<\/div>\n\t\t\t\t\t\t<\/div>\n\t\t\t\t<\/div>\n\t\t\t\t<div class=\"elementor-element elementor-element-c4ee811 elementor-widget elementor-widget-image\" data-id=\"c4ee811\" data-element_type=\"widget\" data-e-type=\"widget\" data-widget_type=\"image.default\">\n\t\t\t\t<div class=\"elementor-widget-container\">\n\t\t\t\t\t\t\t\t\t\t\t\t\t\t\t<img decoding=\"async\" width=\"324\" height=\"216\" src=\"https:\/\/festival262.com\/wp-content\/uploads\/2025\/08\/pt-cld.gif\" class=\"attachment-full size-full wp-image-3752\" alt=\"\" \/>\t\t\t\t\t\t\t\t\t\t\t\t\t\t\t<\/div>\n\t\t\t\t<\/div>\n\t\t\t\t\t<\/div>\n\t\t<\/div>\n\t\t\t\t\t<\/div>\n\t\t<\/section>\n\t\t\t\t<section class=\"elementor-section elementor-top-section elementor-element elementor-element-7a51ce5 elementor-section-boxed elementor-section-height-default elementor-section-height-default\" data-id=\"7a51ce5\" data-element_type=\"section\" data-e-type=\"section\">\n\t\t\t\t\t\t<div class=\"elementor-container elementor-column-gap-default\">\n\t\t\t\t\t<div class=\"elementor-column elementor-col-50 elementor-top-column elementor-element elementor-element-6f084d2\" data-id=\"6f084d2\" data-element_type=\"column\" data-e-type=\"column\">\n\t\t\t<div class=\"elementor-widget-wrap elementor-element-populated\">\n\t\t\t\t\t\t<div class=\"elementor-element elementor-element-86156b6 elementor-widget elementor-widget-text-editor\" data-id=\"86156b6\" data-element_type=\"widget\" data-e-type=\"widget\" data-widget_type=\"text-editor.default\">\n\t\t\t\t<div class=\"elementor-widget-container\">\n\t\t\t\t\t\t\t\t\t<h4 data-start=\"728\" data-end=\"758\">Une ville de cr\u00e9ativit\u00e9<\/h4><p data-start=\"759\" data-end=\"972\">Caldas est le foyer de <strong data-start=\"777\" data-end=\"820\">ESAD.CR \u2013 \u00c9cole des arts et du design<\/strong>, qui a contribu\u00e9 \u00e0 fa\u00e7onner une nouvelle g\u00e9n\u00e9ration d'artistes et de penseurs. L\u2019\u00e9nergie cr\u00e9ative de la ville circule dans ses galeries, ses studios et ses espaces culturels.<\/p>\t\t\t\t\t\t\t\t<\/div>\n\t\t\t\t<\/div>\n\t\t\t\t\t<\/div>\n\t\t<\/div>\n\t\t\t\t<div class=\"elementor-column elementor-col-50 elementor-top-column elementor-element elementor-element-acb9773\" data-id=\"acb9773\" data-element_type=\"column\" data-e-type=\"column\">\n\t\t\t<div class=\"elementor-widget-wrap elementor-element-populated\">\n\t\t\t\t\t\t<div class=\"elementor-element elementor-element-1c197ae elementor-widget elementor-widget-image\" data-id=\"1c197ae\" data-element_type=\"widget\" data-e-type=\"widget\" data-widget_type=\"image.default\">\n\t\t\t\t<div class=\"elementor-widget-container\">\n\t\t\t\t\t\t\t\t\t\t\t\t\t\t\t<img loading=\"lazy\" decoding=\"async\" width=\"1024\" height=\"293\" src=\"https:\/\/festival262.com\/wp-content\/uploads\/2025\/08\/webpc-passthru-1024x293.jpg\" class=\"attachment-large size-large wp-image-3165\" alt=\"\" srcset=\"https:\/\/festival262.com\/wp-content\/uploads\/2025\/08\/webpc-passthru-1024x293.jpg 1024w, https:\/\/festival262.com\/wp-content\/uploads\/2025\/08\/webpc-passthru-600x172.jpg 600w, https:\/\/festival262.com\/wp-content\/uploads\/2025\/08\/webpc-passthru-300x86.jpg 300w, https:\/\/festival262.com\/wp-content\/uploads\/2025\/08\/webpc-passthru-768x220.jpg 768w, https:\/\/festival262.com\/wp-content\/uploads\/2025\/08\/webpc-passthru-1536x440.jpg 1536w, https:\/\/festival262.com\/wp-content\/uploads\/2025\/08\/webpc-passthru.jpg 1920w\" sizes=\"(max-width: 1024px) 100vw, 1024px\" \/>\t\t\t\t\t\t\t\t\t\t\t\t\t\t\t<\/div>\n\t\t\t\t<\/div>\n\t\t\t\t\t<\/div>\n\t\t<\/div>\n\t\t\t\t\t<\/div>\n\t\t<\/section>\n\t\t\t\t<section class=\"elementor-section elementor-top-section elementor-element elementor-element-3358189 elementor-section-boxed elementor-section-height-default elementor-section-height-default\" data-id=\"3358189\" data-element_type=\"section\" data-e-type=\"section\">\n\t\t\t\t\t\t<div class=\"elementor-container elementor-column-gap-default\">\n\t\t\t\t\t<div class=\"elementor-column elementor-col-50 elementor-top-column elementor-element elementor-element-b6b4a4f\" data-id=\"b6b4a4f\" data-element_type=\"column\" data-e-type=\"column\">\n\t\t\t<div class=\"elementor-widget-wrap elementor-element-populated\">\n\t\t\t\t\t\t<div class=\"elementor-element elementor-element-91e1bab elementor-widget elementor-widget-text-editor\" data-id=\"91e1bab\" data-element_type=\"widget\" data-e-type=\"widget\" data-widget_type=\"text-editor.default\">\n\t\t\t\t<div class=\"elementor-widget-container\">\n\t\t\t\t\t\t\t\t\t<h4 data-start=\"974\" data-end=\"1000\">Racines historiques<\/h4><p data-start=\"1001\" data-end=\"1203\">Le nom de la ville<em data-start=\"1017\" data-end=\"1045\">\u00ab Sources chaudes de la reine \u00bb<\/em>\u2014proviennent de <strong data-start=\"1057\" data-end=\"1073\">la reine L\u00e9onor<\/strong>, qui a fond\u00e9 l'h\u00f4pital et les thermes au XVe si\u00e8cle. Ceux-ci font toujours partie de l\u2019identit\u00e9 et de l\u2019architecture de la ville aujourd\u2019hui.<\/p>\t\t\t\t\t\t\t\t<\/div>\n\t\t\t\t<\/div>\n\t\t\t\t\t<\/div>\n\t\t<\/div>\n\t\t\t\t<div class=\"elementor-column elementor-col-50 elementor-top-column elementor-element elementor-element-c944319\" data-id=\"c944319\" data-element_type=\"column\" data-e-type=\"column\">\n\t\t\t<div class=\"elementor-widget-wrap elementor-element-populated\">\n\t\t\t\t\t\t<div class=\"elementor-element elementor-element-263cf35 elementor-widget elementor-widget-image\" data-id=\"263cf35\" data-element_type=\"widget\" data-e-type=\"widget\" data-widget_type=\"image.default\">\n\t\t\t\t<div class=\"elementor-widget-container\">\n\t\t\t\t\t\t\t\t\t\t\t\t\t\t\t<img loading=\"lazy\" decoding=\"async\" width=\"1024\" height=\"320\" src=\"https:\/\/festival262.com\/wp-content\/uploads\/2025\/08\/Caldas-INTRO-e1645198589550-1024x320.jpg\" class=\"attachment-large size-large wp-image-3167\" alt=\"\" srcset=\"https:\/\/festival262.com\/wp-content\/uploads\/2025\/08\/Caldas-INTRO-e1645198589550-1024x320.jpg 1024w, https:\/\/festival262.com\/wp-content\/uploads\/2025\/08\/Caldas-INTRO-e1645198589550-600x188.jpg 600w, https:\/\/festival262.com\/wp-content\/uploads\/2025\/08\/Caldas-INTRO-e1645198589550-300x94.jpg 300w, https:\/\/festival262.com\/wp-content\/uploads\/2025\/08\/Caldas-INTRO-e1645198589550-768x240.jpg 768w, https:\/\/festival262.com\/wp-content\/uploads\/2025\/08\/Caldas-INTRO-e1645198589550-1536x480.jpg 1536w, https:\/\/festival262.com\/wp-content\/uploads\/2025\/08\/Caldas-INTRO-e1645198589550.jpg 1920w\" sizes=\"(max-width: 1024px) 100vw, 1024px\" \/>\t\t\t\t\t\t\t\t\t\t\t\t\t\t\t<\/div>\n\t\t\t\t<\/div>\n\t\t\t\t\t<\/div>\n\t\t<\/div>\n\t\t\t\t\t<\/div>\n\t\t<\/section>\n\t\t\t\t<section class=\"elementor-section elementor-top-section elementor-element elementor-element-e7a4028 elementor-section-boxed elementor-section-height-default elementor-section-height-default\" data-id=\"e7a4028\" data-element_type=\"section\" data-e-type=\"section\">\n\t\t\t\t\t\t<div class=\"elementor-container elementor-column-gap-default\">\n\t\t\t\t\t<div class=\"elementor-column elementor-col-33 elementor-top-column elementor-element elementor-element-05991b1\" data-id=\"05991b1\" data-element_type=\"column\" data-e-type=\"column\">\n\t\t\t<div class=\"elementor-widget-wrap elementor-element-populated\">\n\t\t\t\t\t\t<div class=\"elementor-element elementor-element-4e9f025 elementor-widget elementor-widget-image\" data-id=\"4e9f025\" data-element_type=\"widget\" data-e-type=\"widget\" data-widget_type=\"image.default\">\n\t\t\t\t<div class=\"elementor-widget-container\">\n\t\t\t\t\t\t\t\t\t\t\t\t\t\t\t<img loading=\"lazy\" decoding=\"async\" width=\"1024\" height=\"683\" src=\"https:\/\/festival262.com\/wp-content\/uploads\/2025\/08\/03_Ateanha-vai-ao-Centro-de-Arte-Caldas-da-Rainha_Performance-e-inauguracao-da-obra-coletiva-de-Ateanha_Foto-por-Gil-de-Lemos-6-1024x683.webp\" class=\"attachment-large size-large wp-image-3171\" alt=\"\" srcset=\"https:\/\/festival262.com\/wp-content\/uploads\/2025\/08\/03_Ateanha-vai-ao-Centro-de-Arte-Caldas-da-Rainha_Performance-e-inauguracao-da-obra-coletiva-de-Ateanha_Foto-por-Gil-de-Lemos-6-1024x683.webp 1024w, https:\/\/festival262.com\/wp-content\/uploads\/2025\/08\/03_Ateanha-vai-ao-Centro-de-Arte-Caldas-da-Rainha_Performance-e-inauguracao-da-obra-coletiva-de-Ateanha_Foto-por-Gil-de-Lemos-6-600x400.webp 600w, https:\/\/festival262.com\/wp-content\/uploads\/2025\/08\/03_Ateanha-vai-ao-Centro-de-Arte-Caldas-da-Rainha_Performance-e-inauguracao-da-obra-coletiva-de-Ateanha_Foto-por-Gil-de-Lemos-6-300x200.webp 300w, https:\/\/festival262.com\/wp-content\/uploads\/2025\/08\/03_Ateanha-vai-ao-Centro-de-Arte-Caldas-da-Rainha_Performance-e-inauguracao-da-obra-coletiva-de-Ateanha_Foto-por-Gil-de-Lemos-6-768x512.webp 768w, https:\/\/festival262.com\/wp-content\/uploads\/2025\/08\/03_Ateanha-vai-ao-Centro-de-Arte-Caldas-da-Rainha_Performance-e-inauguracao-da-obra-coletiva-de-Ateanha_Foto-por-Gil-de-Lemos-6.webp 1366w\" sizes=\"(max-width: 1024px) 100vw, 1024px\" \/>\t\t\t\t\t\t\t\t\t\t\t\t\t\t\t<\/div>\n\t\t\t\t<\/div>\n\t\t\t\t<div class=\"elementor-element elementor-element-d2edb13 elementor-widget elementor-widget-image\" data-id=\"d2edb13\" data-element_type=\"widget\" data-e-type=\"widget\" data-widget_type=\"image.default\">\n\t\t\t\t<div class=\"elementor-widget-container\">\n\t\t\t\t\t\t\t\t\t\t\t\t\t\t\t<img loading=\"lazy\" decoding=\"async\" width=\"1024\" height=\"683\" src=\"https:\/\/festival262.com\/wp-content\/uploads\/2025\/08\/caldas-da-rainha-1-1024x683.jpg\" class=\"attachment-large size-large wp-image-3175\" alt=\"\" srcset=\"https:\/\/festival262.com\/wp-content\/uploads\/2025\/08\/caldas-da-rainha-1-1024x683.jpg 1024w, https:\/\/festival262.com\/wp-content\/uploads\/2025\/08\/caldas-da-rainha-1-600x400.jpg 600w, https:\/\/festival262.com\/wp-content\/uploads\/2025\/08\/caldas-da-rainha-1-300x200.jpg 300w, https:\/\/festival262.com\/wp-content\/uploads\/2025\/08\/caldas-da-rainha-1-768x512.jpg 768w, https:\/\/festival262.com\/wp-content\/uploads\/2025\/08\/caldas-da-rainha-1.jpg 1300w\" sizes=\"(max-width: 1024px) 100vw, 1024px\" \/>\t\t\t\t\t\t\t\t\t\t\t\t\t\t\t<\/div>\n\t\t\t\t<\/div>\n\t\t\t\t\t<\/div>\n\t\t<\/div>\n\t\t\t\t<div class=\"elementor-column elementor-col-33 elementor-top-column elementor-element elementor-element-ad22878\" data-id=\"ad22878\" data-element_type=\"column\" data-e-type=\"column\">\n\t\t\t<div class=\"elementor-widget-wrap elementor-element-populated\">\n\t\t\t\t\t\t<div class=\"elementor-element elementor-element-8451555 elementor-widget elementor-widget-text-editor\" data-id=\"8451555\" data-element_type=\"widget\" data-e-type=\"widget\" data-widget_type=\"text-editor.default\">\n\t\t\t\t<div class=\"elementor-widget-container\">\n\t\t\t\t\t\t\t\t\t<h4 data-start=\"1205\" data-end=\"1231\">\u00a0Hotspot culturel<\/h4><p data-start=\"276\" data-end=\"593\">De la c\u00e9ramique au street art, Caldas da Rainha est une ville qui se nourrit de l'exp\u00e9rimentation cr\u00e9ative. \u00c0 la maison \u00e0 <strong data-start=\"383\" data-end=\"394\">ESAD.CR<\/strong>, l\u2019une des \u00e9coles d\u2019art et de design les plus dynamiques du Portugal, et entour\u00e9e de mus\u00e9es, d\u2019ateliers et d\u2019espaces g\u00e9r\u00e9s par des artistes, Caldas joue un r\u00f4le actif sur la sc\u00e8ne culturelle nationale et internationale.<\/p><p data-start=\"595\" data-end=\"786\">Vous trouverez ici un m\u00e9lange rare: <strong data-start=\"625\" data-end=\"673\">tradition, irr\u00e9v\u00e9rence, innovation et soin<\/strong> \u2014 enracin\u00e9e dans une communaut\u00e9 de cr\u00e9ateurs, de penseurs et d\u2019\u00e9tudiants de longue date. La ville vit et respire la cr\u00e9ativit\u00e9.<\/p><p data-start=\"788\" data-end=\"936\">Tout au long de l'ann\u00e9e, Caldas accueille des festivals qui transforment ses rues, ses galeries et ses institutions en plates-formes ouvertes pour l'expression contemporaine.<\/p>\t\t\t\t\t\t\t\t<\/div>\n\t\t\t\t<\/div>\n\t\t\t\t\t<\/div>\n\t\t<\/div>\n\t\t\t\t<div class=\"elementor-column elementor-col-33 elementor-top-column elementor-element elementor-element-e1cdb9a\" data-id=\"e1cdb9a\" data-element_type=\"column\" data-e-type=\"column\">\n\t\t\t<div class=\"elementor-widget-wrap elementor-element-populated\">\n\t\t\t\t\t\t<div class=\"elementor-element elementor-element-e395f2f elementor-widget elementor-widget-image\" data-id=\"e395f2f\" data-element_type=\"widget\" data-e-type=\"widget\" data-widget_type=\"image.default\">\n\t\t\t\t<div class=\"elementor-widget-container\">\n\t\t\t\t\t\t\t\t\t\t\t\t\t\t\t<img loading=\"lazy\" decoding=\"async\" width=\"640\" height=\"427\" src=\"https:\/\/festival262.com\/wp-content\/uploads\/2025\/08\/DSC_0273.webp\" class=\"attachment-large size-large wp-image-3170\" alt=\"\" srcset=\"https:\/\/festival262.com\/wp-content\/uploads\/2025\/08\/DSC_0273.webp 640w, https:\/\/festival262.com\/wp-content\/uploads\/2025\/08\/DSC_0273-600x400.webp 600w, https:\/\/festival262.com\/wp-content\/uploads\/2025\/08\/DSC_0273-300x200.webp 300w\" sizes=\"(max-width: 640px) 100vw, 640px\" \/>\t\t\t\t\t\t\t\t\t\t\t\t\t\t\t<\/div>\n\t\t\t\t<\/div>\n\t\t\t\t<div class=\"elementor-element elementor-element-25cfdcd elementor-widget elementor-widget-image\" data-id=\"25cfdcd\" data-element_type=\"widget\" data-e-type=\"widget\" data-widget_type=\"image.default\">\n\t\t\t\t<div class=\"elementor-widget-container\">\n\t\t\t\t\t\t\t\t\t\t\t\t\t\t\t<img loading=\"lazy\" decoding=\"async\" width=\"725\" height=\"450\" src=\"https:\/\/festival262.com\/wp-content\/uploads\/2025\/08\/Caldas-late-Night-Gocaldas-o-teu-Guia-Turistico-Local.jpg\" class=\"attachment-large size-large wp-image-3172\" alt=\"\" srcset=\"https:\/\/festival262.com\/wp-content\/uploads\/2025\/08\/Caldas-late-Night-Gocaldas-o-teu-Guia-Turistico-Local.jpg 725w, https:\/\/festival262.com\/wp-content\/uploads\/2025\/08\/Caldas-late-Night-Gocaldas-o-teu-Guia-Turistico-Local-600x372.jpg 600w, https:\/\/festival262.com\/wp-content\/uploads\/2025\/08\/Caldas-late-Night-Gocaldas-o-teu-Guia-Turistico-Local-300x186.jpg 300w\" sizes=\"(max-width: 725px) 100vw, 725px\" \/>\t\t\t\t\t\t\t\t\t\t\t\t\t\t\t<\/div>\n\t\t\t\t<\/div>\n\t\t\t\t\t<\/div>\n\t\t<\/div>\n\t\t\t\t\t<\/div>\n\t\t<\/section>\n\t\t\t\t<section class=\"elementor-section elementor-top-section elementor-element elementor-element-3809d05 elementor-section-boxed elementor-section-height-default elementor-section-height-default\" data-id=\"3809d05\" data-element_type=\"section\" data-e-type=\"section\">\n\t\t\t\t\t\t<div class=\"elementor-container elementor-column-gap-default\">\n\t\t\t\t\t<div class=\"elementor-column elementor-col-50 elementor-top-column elementor-element elementor-element-6f0f51b\" data-id=\"6f0f51b\" data-element_type=\"column\" data-e-type=\"column\">\n\t\t\t<div class=\"elementor-widget-wrap elementor-element-populated\">\n\t\t\t\t\t\t<div class=\"elementor-element elementor-element-f0c19f3 elementor-widget elementor-widget-text-editor\" data-id=\"f0c19f3\" data-element_type=\"widget\" data-e-type=\"widget\" data-widget_type=\"text-editor.default\">\n\t\t\t\t<div class=\"elementor-widget-container\">\n\t\t\t\t\t\t\t\t\t<h4 data-start=\"938\" data-end=\"971\">Mus\u00e9es &amp; Espaces culturels<\/h4><p data-start=\"973\" data-end=\"1061\">Si vous assistez au F\/262 ou si vous explorez simplement la r\u00e9gion, voici quelques arr\u00eats incontournables:<\/p><ul data-start=\"1063\" data-end=\"1762\"><li data-start=\"1063\" data-end=\"1163\"><p data-start=\"1065\" data-end=\"1163\"><strong data-start=\"1065\" data-end=\"1089\">Museu de Jos\u00e9 Malhoa<\/strong> \u2013 Peinture portugaise traditionnelle et moderne dans le parc principal de la ville.<\/p><\/li><li data-start=\"1164\" data-end=\"1266\"><p data-start=\"1166\" data-end=\"1266\"><strong data-start=\"1166\" data-end=\"1187\">Museu da Cer\u00e2mica<\/strong> \u2013 Une plong\u00e9e profonde dans la forme d\u2019art la plus c\u00e9l\u00e8bre de Caldas, dans un palais du XIXe si\u00e8cle.<\/p><\/li><li data-start=\"1267\" data-end=\"1336\"><p data-start=\"1269\" data-end=\"1336\"><strong data-start=\"1269\" data-end=\"1290\">Museu do Ciclismo<\/strong> \u2013 Un joyau cach\u00e9 pour les amateurs de cyclisme et de design.<\/p><\/li><li data-start=\"1337\" data-end=\"1517\"><p data-start=\"1339\" data-end=\"1517\"><strong data-start=\"1339\" data-end=\"1358\">Centro de Artes<\/strong> \u2013 Maisons <strong data-start=\"1368\" data-end=\"1389\">Museu Barata Feyo<\/strong>, <strong data-start=\"1391\" data-end=\"1423\">Atelier-Museu Ant\u00f3nio Duarte<\/strong>, et <strong data-start=\"1429\" data-end=\"1459\">Atelier-Museu Jo\u00e3o Fragoso<\/strong>, tous ax\u00e9s sur la sculpture et l\u2019h\u00e9ritage artistique de la ville.<\/p><\/li><li data-start=\"1518\" data-end=\"1670\"><p data-start=\"1520\" data-end=\"1670\"><strong data-start=\"1520\" data-end=\"1545\">Casa Museu S\u00e3o Rafael<\/strong> &amp; <strong data-start=\"1548\" data-end=\"1586\">Casa Museu Rafael Bordalo Pinheiro<\/strong> \u2013 C\u00e9l\u00e9bration de l\u2019un des artistes satiriques et c\u00e9ramistes les plus influents du Portugal.<\/p><\/li><li data-start=\"1671\" data-end=\"1762\"><p data-start=\"1673\" data-end=\"1762\"><strong data-start=\"1673\" data-end=\"1707\">Museu do Hospital e das Caldas<\/strong> \u2013 Un m\u00e9lange d\u2019histoire m\u00e9dicale et de patrimoine thermal.<\/p><\/li><\/ul><p data-start=\"1764\" data-end=\"1998\">Et ne manquez pas le <strong data-start=\"1783\" data-end=\"1802\">Rota Bordaliana<\/strong> \u2013 un circuit ext\u00e9rieur de 18 sculptures en c\u00e9ramique grandeur nature \u00e9parpill\u00e9es dans la ville. Ces personnages rendent hommage \u00e0 Rafael Bordalo Pinheiro et \u00e0 l'identit\u00e9 ludique et subversive qui d\u00e9finit Caldas.<\/p>\t\t\t\t\t\t\t\t<\/div>\n\t\t\t\t<\/div>\n\t\t\t\t\t<\/div>\n\t\t<\/div>\n\t\t\t\t<div class=\"elementor-column elementor-col-50 elementor-top-column elementor-element elementor-element-a2ad6e0\" data-id=\"a2ad6e0\" data-element_type=\"column\" data-e-type=\"column\">\n\t\t\t<div class=\"elementor-widget-wrap elementor-element-populated\">\n\t\t\t\t\t\t<div class=\"elementor-element elementor-element-c6a1fab elementor-widget elementor-widget-image\" data-id=\"c6a1fab\" data-element_type=\"widget\" data-e-type=\"widget\" data-widget_type=\"image.default\">\n\t\t\t\t<div class=\"elementor-widget-container\">\n\t\t\t\t\t\t\t\t\t\t\t\t\t\t\t<img loading=\"lazy\" decoding=\"async\" width=\"725\" height=\"450\" src=\"https:\/\/festival262.com\/wp-content\/uploads\/2025\/08\/Atelier-Museu-Antonio-Duarte-Caldas-da-Rainha-Centro-de-Artes-Gocaldas-o-teu-Guia-Turistico-Local.jpg\" class=\"attachment-large size-large wp-image-3174\" alt=\"\" srcset=\"https:\/\/festival262.com\/wp-content\/uploads\/2025\/08\/Atelier-Museu-Antonio-Duarte-Caldas-da-Rainha-Centro-de-Artes-Gocaldas-o-teu-Guia-Turistico-Local.jpg 725w, https:\/\/festival262.com\/wp-content\/uploads\/2025\/08\/Atelier-Museu-Antonio-Duarte-Caldas-da-Rainha-Centro-de-Artes-Gocaldas-o-teu-Guia-Turistico-Local-600x372.jpg 600w, https:\/\/festival262.com\/wp-content\/uploads\/2025\/08\/Atelier-Museu-Antonio-Duarte-Caldas-da-Rainha-Centro-de-Artes-Gocaldas-o-teu-Guia-Turistico-Local-300x186.jpg 300w\" sizes=\"(max-width: 725px) 100vw, 725px\" \/>\t\t\t\t\t\t\t\t\t\t\t\t\t\t\t<\/div>\n\t\t\t\t<\/div>\n\t\t\t\t<div class=\"elementor-element elementor-element-be70480 elementor-widget elementor-widget-image\" data-id=\"be70480\" data-element_type=\"widget\" data-e-type=\"widget\" data-widget_type=\"image.default\">\n\t\t\t\t<div class=\"elementor-widget-container\">\n\t\t\t\t\t\t\t\t\t\t\t\t\t\t\t<img loading=\"lazy\" decoding=\"async\" width=\"1024\" height=\"768\" src=\"https:\/\/festival262.com\/wp-content\/uploads\/2025\/08\/IMG_2900-1024x768.jpg\" class=\"attachment-large size-large wp-image-3173\" alt=\"\" srcset=\"https:\/\/festival262.com\/wp-content\/uploads\/2025\/08\/IMG_2900-1024x768.jpg 1024w, https:\/\/festival262.com\/wp-content\/uploads\/2025\/08\/IMG_2900-600x450.jpg 600w, https:\/\/festival262.com\/wp-content\/uploads\/2025\/08\/IMG_2900-300x225.jpg 300w, https:\/\/festival262.com\/wp-content\/uploads\/2025\/08\/IMG_2900-768x576.jpg 768w, https:\/\/festival262.com\/wp-content\/uploads\/2025\/08\/IMG_2900.jpg 1200w\" sizes=\"(max-width: 1024px) 100vw, 1024px\" \/>\t\t\t\t\t\t\t\t\t\t\t\t\t\t\t<\/div>\n\t\t\t\t<\/div>\n\t\t\t\t\t<\/div>\n\t\t<\/div>\n\t\t\t\t\t<\/div>\n\t\t<\/section>\n\t\t\t\t<section class=\"elementor-section elementor-top-section elementor-element elementor-element-102fe51 elementor-section-boxed elementor-section-height-default elementor-section-height-default\" data-id=\"102fe51\" data-element_type=\"section\" data-e-type=\"section\">\n\t\t\t\t\t\t<div class=\"elementor-container elementor-column-gap-default\">\n\t\t\t\t\t<div class=\"elementor-column elementor-col-50 elementor-top-column elementor-element elementor-element-601a1c9\" data-id=\"601a1c9\" data-element_type=\"column\" data-e-type=\"column\">\n\t\t\t<div class=\"elementor-widget-wrap elementor-element-populated\">\n\t\t\t\t\t\t<div class=\"elementor-element elementor-element-6fbf9b6 elementor-widget elementor-widget-image\" data-id=\"6fbf9b6\" data-element_type=\"widget\" data-e-type=\"widget\" data-widget_type=\"image.default\">\n\t\t\t\t<div class=\"elementor-widget-container\">\n\t\t\t\t\t\t\t\t\t\t\t\t\t\t\t<img loading=\"lazy\" decoding=\"async\" width=\"1024\" height=\"730\" src=\"https:\/\/festival262.com\/wp-content\/uploads\/2025\/08\/arte-urbana-01-1024x730-1.jpg\" class=\"attachment-large size-large wp-image-3168\" alt=\"\" srcset=\"https:\/\/festival262.com\/wp-content\/uploads\/2025\/08\/arte-urbana-01-1024x730-1.jpg 1024w, https:\/\/festival262.com\/wp-content\/uploads\/2025\/08\/arte-urbana-01-1024x730-1-600x428.jpg 600w, https:\/\/festival262.com\/wp-content\/uploads\/2025\/08\/arte-urbana-01-1024x730-1-300x214.jpg 300w, https:\/\/festival262.com\/wp-content\/uploads\/2025\/08\/arte-urbana-01-1024x730-1-768x548.jpg 768w, https:\/\/festival262.com\/wp-content\/uploads\/2025\/08\/arte-urbana-01-1024x730-1-370x265.jpg 370w\" sizes=\"(max-width: 1024px) 100vw, 1024px\" \/>\t\t\t\t\t\t\t\t\t\t\t\t\t\t\t<\/div>\n\t\t\t\t<\/div>\n\t\t\t\t\t<\/div>\n\t\t<\/div>\n\t\t\t\t<div class=\"elementor-column elementor-col-50 elementor-top-column elementor-element elementor-element-50cd92a\" data-id=\"50cd92a\" data-element_type=\"column\" data-e-type=\"column\">\n\t\t\t<div class=\"elementor-widget-wrap elementor-element-populated\">\n\t\t\t\t\t\t<div class=\"elementor-element elementor-element-d1dd7c1 elementor-widget elementor-widget-text-editor\" data-id=\"d1dd7c1\" data-element_type=\"widget\" data-e-type=\"widget\" data-widget_type=\"text-editor.default\">\n\t\t\t\t<div class=\"elementor-widget-container\">\n\t\t\t\t\t\t\t\t\t<h4 data-start=\"2005\" data-end=\"2042\">\u00c9v\u00e9nements annuels &amp; Street Culture<\/h4><p data-start=\"2044\" data-end=\"2109\">Caldas ne se limite pas aux galeries: il apporte de l\u2019art dans les rues.<\/p><ul data-start=\"2111\" data-end=\"2654\"><li data-start=\"2111\" data-end=\"2319\"><p data-start=\"2113\" data-end=\"2319\"><strong data-start=\"2113\" data-end=\"2134\">Caldas tard dans la nuit<\/strong> \u2013 Depuis 1997, ce festival dirig\u00e9 par des \u00e9tudiants a transform\u00e9 des ateliers, des appartements et des quartiers urbains en espaces artistiques \u00e9ph\u00e9m\u00e8res. Organis\u00e9 par des \u00e9tudiants de l\u2019ESAD.CR, il est brut, passionnant et v\u00e9ritablement local.<\/p><\/li><li data-start=\"2323\" data-end=\"2654\"><p data-start=\"2325\" data-end=\"2654\"><strong data-start=\"2325\" data-end=\"2380\">FALU (Festival d'Arte Urbana das Caldas da Rainha)<\/strong> \u2013 Le premier festival de street art de la ville, avec des noms tels que <strong data-start=\"2442\" data-end=\"2456\">Bordalo II<\/strong>, <strong data-start=\"2458\" data-end=\"2470\">Ajouter du carburant<\/strong>, <strong data-start=\"2472\" data-end=\"2487\">Akacorleone<\/strong>, <strong data-start=\"2489\" data-end=\"2504\">Daniel Eime<\/strong>, et <strong data-start=\"2510\" data-end=\"2525\">Nuno Viegas<\/strong>. Avec des peintures murales et des interventions \u00e0 grande \u00e9chelle, FALU apporte de nouveaux langages visuels et une esth\u00e9tique urbaine audacieuse dans les rues de Caldas.<\/p><\/li><\/ul><p data-start=\"2656\" data-end=\"2803\">Ensemble, ces festivals refl\u00e8tent l\u2019approche ouverte de la ville en mati\u00e8re de cr\u00e9ativit\u00e9, qui accueille des artistes de tous horizons, de toutes disciplines et de toutes g\u00e9n\u00e9rations.<\/p>\t\t\t\t\t\t\t\t<\/div>\n\t\t\t\t<\/div>\n\t\t\t\t\t<\/div>\n\t\t<\/div>\n\t\t\t\t\t<\/div>\n\t\t<\/section>\n\t\t\t\t<section class=\"elementor-section elementor-top-section elementor-element elementor-element-8b906d7 elementor-section-boxed elementor-section-height-default elementor-section-height-default\" data-id=\"8b906d7\" data-element_type=\"section\" data-e-type=\"section\">\n\t\t\t\t\t\t<div class=\"elementor-container elementor-column-gap-default\">\n\t\t\t\t\t<div class=\"elementor-column elementor-col-50 elementor-top-column elementor-element elementor-element-f65797d\" data-id=\"f65797d\" data-element_type=\"column\" data-e-type=\"column\">\n\t\t\t<div class=\"elementor-widget-wrap elementor-element-populated\">\n\t\t\t\t\t\t<div class=\"elementor-element elementor-element-9e085bb elementor-widget elementor-widget-text-editor\" data-id=\"9e085bb\" data-element_type=\"widget\" data-e-type=\"widget\" data-widget_type=\"text-editor.default\">\n\t\t\t\t<div class=\"elementor-widget-container\">\n\t\t\t\t\t\t\t\t\t<h4 data-start=\"1465\" data-end=\"1485\">O\u00f9 s\u00e9journer<\/h4><p data-start=\"1487\" data-end=\"1577\">Caldas propose un m\u00e9lange d'h\u00f4tels, de chambres d'h\u00f4tes et d'options Airbnb. Voici quelques choix de confiance:<\/p><h4 data-start=\"1579\" data-end=\"1604\">\u00a0<\/h4><h4 data-start=\"1579\" data-end=\"1604\">H\u00f4tels &amp; Chambres d'h\u00f4tes<\/h4><ul data-start=\"1605\" data-end=\"1914\"><li data-start=\"1605\" data-end=\"1724\"><p data-start=\"1607\" data-end=\"1724\"><strong data-start=\"1607\" data-end=\"1634\">SANA Silver Coast h\u00f4tel<\/strong> \u2013 H\u00f4tel 4 \u00e9toiles moderne dans le centre-ville, avec un excellent petit-d\u00e9jeuner et un emplacement \u00e0 pied.<\/p><\/li><li data-start=\"1725\" data-end=\"1801\"><p data-start=\"1727\" data-end=\"1801\"><strong data-start=\"1727\" data-end=\"1751\">H\u00f4tel Cristal Caldas<\/strong> \u2013 Id\u00e9alement situ\u00e9, option abordable avec piscine.<\/p><\/li><li data-start=\"1802\" data-end=\"1914\"><p data-start=\"1804\" data-end=\"1914\"><strong data-start=\"1804\" data-end=\"1830\">19 Tile Boutique House<\/strong> \u2013 \u00c9l\u00e9gant h\u00e9bergement de caract\u00e8re dans un b\u00e2timent r\u00e9nov\u00e9 o\u00f9 l\u2019art local est omnipr\u00e9sent.<\/p><\/li><\/ul><h4 data-start=\"1916\" data-end=\"1933\">\u00a0<\/h4><h4 data-start=\"1916\" data-end=\"1933\">Les choix d'Airbnb<\/h4><ul data-start=\"1934\" data-end=\"2219\"><li data-start=\"1934\" data-end=\"2219\"><p data-start=\"1936\" data-end=\"1957\">Recherchez les annonces dans:<\/p><ul data-start=\"1960\" data-end=\"2219\"><li data-start=\"1960\" data-end=\"2048\"><p data-start=\"1962\" data-end=\"2048\"><strong data-start=\"1962\" data-end=\"2000\">Centro Hist\u00f3rico (Centre historique)<\/strong> \u2013 Possibilit\u00e9 de se rendre \u00e0 pied dans les lieux, les restaurants et les mus\u00e9es.<\/p><\/li><li data-start=\"2051\" data-end=\"2133\"><p data-start=\"2053\" data-end=\"2133\"><strong data-start=\"2053\" data-end=\"2080\">Quartier du Parque D. Carlos I<\/strong> \u2013 Pr\u00e8s du jardin, du centre culturel et du spa thermal.<\/p><\/li><li data-start=\"2136\" data-end=\"2219\"><p data-start=\"2138\" data-end=\"2219\"><b>Foz do Arelho \u2013 Nadadouro\u00a0<\/b>\u2013 Proche de la plage \u00e0 15 min en voiture du centre-ville\u00a0<\/p><\/li><\/ul><\/li><\/ul><p data-start=\"2221\" data-end=\"2263\"><strong data-start=\"2221\" data-end=\"2228\">Astuce<\/strong>: R\u00e9servez t\u00f4t. Mai est une saison charg\u00e9e.<\/p>\t\t\t\t\t\t\t\t<\/div>\n\t\t\t\t<\/div>\n\t\t\t\t\t<\/div>\n\t\t<\/div>\n\t\t\t\t<div class=\"elementor-column elementor-col-50 elementor-top-column elementor-element elementor-element-7dd024f\" data-id=\"7dd024f\" data-element_type=\"column\" data-e-type=\"column\">\n\t\t\t<div class=\"elementor-widget-wrap elementor-element-populated\">\n\t\t\t\t\t\t<div class=\"elementor-element elementor-element-71cc7a5 elementor-widget elementor-widget-image\" data-id=\"71cc7a5\" data-element_type=\"widget\" data-e-type=\"widget\" data-widget_type=\"image.default\">\n\t\t\t\t<div class=\"elementor-widget-container\">\n\t\t\t\t\t\t\t\t\t\t\t\t\t\t\t<img loading=\"lazy\" decoding=\"async\" width=\"1024\" height=\"675\" src=\"https:\/\/festival262.com\/wp-content\/uploads\/2025\/08\/sana-silver-coast-hotel-caldas-rainha-exterior-5-1024x675.jpg\" class=\"attachment-large size-large wp-image-3178\" alt=\"\" srcset=\"https:\/\/festival262.com\/wp-content\/uploads\/2025\/08\/sana-silver-coast-hotel-caldas-rainha-exterior-5-1024x675.jpg 1024w, https:\/\/festival262.com\/wp-content\/uploads\/2025\/08\/sana-silver-coast-hotel-caldas-rainha-exterior-5-600x396.jpg 600w, https:\/\/festival262.com\/wp-content\/uploads\/2025\/08\/sana-silver-coast-hotel-caldas-rainha-exterior-5-300x198.jpg 300w, https:\/\/festival262.com\/wp-content\/uploads\/2025\/08\/sana-silver-coast-hotel-caldas-rainha-exterior-5-768x506.jpg 768w, https:\/\/festival262.com\/wp-content\/uploads\/2025\/08\/sana-silver-coast-hotel-caldas-rainha-exterior-5-1536x1013.jpg 1536w, https:\/\/festival262.com\/wp-content\/uploads\/2025\/08\/sana-silver-coast-hotel-caldas-rainha-exterior-5.jpg 2000w\" sizes=\"(max-width: 1024px) 100vw, 1024px\" \/>\t\t\t\t\t\t\t\t\t\t\t\t\t\t\t<\/div>\n\t\t\t\t<\/div>\n\t\t\t\t<div class=\"elementor-element elementor-element-a137da3 elementor-widget elementor-widget-image\" data-id=\"a137da3\" data-element_type=\"widget\" data-e-type=\"widget\" data-widget_type=\"image.default\">\n\t\t\t\t<div class=\"elementor-widget-container\">\n\t\t\t\t\t\t\t\t\t\t\t\t\t\t\t<img loading=\"lazy\" decoding=\"async\" width=\"1024\" height=\"824\" src=\"https:\/\/festival262.com\/wp-content\/uploads\/2025\/08\/2010_07_21_5543aaaaaa-1024x824.jpg\" class=\"attachment-large size-large wp-image-3179\" alt=\"\" srcset=\"https:\/\/festival262.com\/wp-content\/uploads\/2025\/08\/2010_07_21_5543aaaaaa-1024x824.jpg 1024w, https:\/\/festival262.com\/wp-content\/uploads\/2025\/08\/2010_07_21_5543aaaaaa-600x483.jpg 600w, https:\/\/festival262.com\/wp-content\/uploads\/2025\/08\/2010_07_21_5543aaaaaa-300x241.jpg 300w, https:\/\/festival262.com\/wp-content\/uploads\/2025\/08\/2010_07_21_5543aaaaaa-768x618.jpg 768w, https:\/\/festival262.com\/wp-content\/uploads\/2025\/08\/2010_07_21_5543aaaaaa-1536x1236.jpg 1536w, https:\/\/festival262.com\/wp-content\/uploads\/2025\/08\/2010_07_21_5543aaaaaa.jpg 1600w\" sizes=\"(max-width: 1024px) 100vw, 1024px\" \/>\t\t\t\t\t\t\t\t\t\t\t\t\t\t\t<\/div>\n\t\t\t\t<\/div>\n\t\t\t\t\t<\/div>\n\t\t<\/div>\n\t\t\t\t\t<\/div>\n\t\t<\/section>\n\t\t\t\t<section class=\"elementor-section elementor-top-section elementor-element elementor-element-6d02a11 elementor-section-boxed elementor-section-height-default elementor-section-height-default\" data-id=\"6d02a11\" data-element_type=\"section\" data-e-type=\"section\">\n\t\t\t\t\t\t<div class=\"elementor-container elementor-column-gap-default\">\n\t\t\t\t\t<div class=\"elementor-column elementor-col-50 elementor-top-column elementor-element elementor-element-fed0f45\" data-id=\"fed0f45\" data-element_type=\"column\" data-e-type=\"column\">\n\t\t\t<div class=\"elementor-widget-wrap elementor-element-populated\">\n\t\t\t\t\t\t<div class=\"elementor-element elementor-element-bc1ab15 elementor-widget elementor-widget-heading\" data-id=\"bc1ab15\" data-element_type=\"widget\" data-e-type=\"widget\" data-widget_type=\"heading.default\">\n\t\t\t\t<div class=\"elementor-widget-container\">\n\t\t\t\t\t<h4 class=\"elementor-heading-title elementor-size-default\">Guide de la ville <br>Caldas da Rainha<\/h4>\t\t\t\t<\/div>\n\t\t\t\t<\/div>\n\t\t\t\t<div class=\"elementor-element elementor-element-a537154 elementor-widget elementor-widget-text-editor\" data-id=\"a537154\" data-element_type=\"widget\" data-e-type=\"widget\" data-widget_type=\"text-editor.default\">\n\t\t\t\t<div class=\"elementor-widget-container\">\n\t\t\t\t\t\t\t\t\t<p>D\u00e9couvrez le meilleur de Caldas da Rainha. T\u00e9l\u00e9chargez le guide officiel de la ville pour obtenir des conseils sur les endroits o\u00f9 manger, ce qu'il faut voir et comment explorer.<\/p>\t\t\t\t\t\t\t\t<\/div>\n\t\t\t\t<\/div>\n\t\t\t\t<div class=\"elementor-element elementor-element-e412d0b elementor-widget elementor-widget-button\" data-id=\"e412d0b\" data-element_type=\"widget\" data-e-type=\"widget\" data-widget_type=\"button.default\">\n\t\t\t\t<div class=\"elementor-widget-container\">\n\t\t\t\t\t\t\t\t\t<div class=\"elementor-button-wrapper\">\n\t\t\t\t\t<a class=\"elementor-button elementor-button-link elementor-size-sm\" href=\"https:\/\/cityguide.cm-caldas-rainha.pt\">\n\t\t\t\t\t\t<span class=\"elementor-button-content-wrapper\">\n\t\t\t\t\t\t\t\t\t<span class=\"elementor-button-text\">Cliquez ici<\/span>\n\t\t\t\t\t<\/span>\n\t\t\t\t\t<\/a>\n\t\t\t\t<\/div>\n\t\t\t\t\t\t\t\t<\/div>\n\t\t\t\t<\/div>\n\t\t\t\t\t<\/div>\n\t\t<\/div>\n\t\t\t\t<div class=\"elementor-column elementor-col-50 elementor-top-column elementor-element elementor-element-f6c7a8c\" data-id=\"f6c7a8c\" data-element_type=\"column\" data-e-type=\"column\">\n\t\t\t<div class=\"elementor-widget-wrap elementor-element-populated\">\n\t\t\t\t\t\t<div class=\"elementor-element elementor-element-c658051 elementor-widget elementor-widget-image\" data-id=\"c658051\" data-element_type=\"widget\" data-e-type=\"widget\" data-widget_type=\"image.default\">\n\t\t\t\t<div class=\"elementor-widget-container\">\n\t\t\t\t\t\t\t\t\t\t\t\t\t\t\t<img loading=\"lazy\" decoding=\"async\" width=\"147\" height=\"300\" src=\"https:\/\/festival262.com\/wp-content\/uploads\/2025\/08\/single-iphone-147x300.png\" class=\"attachment-medium size-medium wp-image-3676\" alt=\"\" srcset=\"https:\/\/festival262.com\/wp-content\/uploads\/2025\/08\/single-iphone-147x300.png 147w, https:\/\/festival262.com\/wp-content\/uploads\/2025\/08\/single-iphone-500x1024.png 500w, https:\/\/festival262.com\/wp-content\/uploads\/2025\/08\/single-iphone.png 513w\" sizes=\"(max-width: 147px) 100vw, 147px\" \/>\t\t\t\t\t\t\t\t\t\t\t\t\t\t\t<\/div>\n\t\t\t\t<\/div>\n\t\t\t\t\t<\/div>\n\t\t<\/div>\n\t\t\t\t\t<\/div>\n\t\t<\/section>\n\t\t\t\t<section class=\"elementor-section elementor-top-section elementor-element elementor-element-f615f5c elementor-section-boxed elementor-section-height-default elementor-section-height-default\" data-id=\"f615f5c\" data-element_type=\"section\" data-e-type=\"section\">\n\t\t\t\t\t\t<div class=\"elementor-container elementor-column-gap-default\">\n\t\t\t\t\t<div class=\"elementor-column elementor-col-100 elementor-top-column elementor-element elementor-element-86ecf5e\" data-id=\"86ecf5e\" data-element_type=\"column\" data-e-type=\"column\">\n\t\t\t<div class=\"elementor-widget-wrap elementor-element-populated\">\n\t\t\t\t\t\t<div class=\"elementor-element elementor-element-9a3159d elementor-widget elementor-widget-text-editor\" data-id=\"9a3159d\" data-element_type=\"widget\" data-e-type=\"widget\" data-widget_type=\"text-editor.default\">\n\t\t\t\t<div class=\"elementor-widget-container\">\n\t\t\t\t\t\t\t\t\t<h4 data-start=\"634\" data-end=\"657\">Comment arriver ici<\/h4><hr data-start=\"4332\" data-end=\"4335\" \/><p data-start=\"4337\" data-end=\"4465\" data-is-last-node=\"\" data-is-only-node=\"\">\u00a0<\/p>\t\t\t\t\t\t\t\t<\/div>\n\t\t\t\t<\/div>\n\t\t\t\t<div class=\"elementor-element elementor-element-9e588e5 elementor-widget elementor-widget-text-editor\" data-id=\"9e588e5\" data-element_type=\"widget\" data-e-type=\"widget\" data-widget_type=\"text-editor.default\">\n\t\t\t\t<div class=\"elementor-widget-container\">\n\t\t\t\t\t\t\t\t\t<p data-start=\"659\" data-end=\"692\"><strong data-start=\"659\" data-end=\"692\">De Lisbonne (environ 1h10min)<\/strong><\/p><ul data-start=\"693\" data-end=\"1104\"><li data-start=\"693\" data-end=\"802\"><p data-start=\"695\" data-end=\"802\"><strong data-start=\"695\" data-end=\"705\">En voiture<\/strong>: Prendre l'autoroute A8 nord. Sortir \u00e0 Caldas da Rainha Sul ou Caldas da Rainha Norte. Des p\u00e9ages s'appliquent.<\/p><\/li><li data-start=\"803\" data-end=\"961\"><p data-start=\"805\" data-end=\"961\"><strong data-start=\"805\" data-end=\"815\">En bus<\/strong>: <a href=\"https:\/\/rede-expressos.pt\/\">Rede Expressos<\/a> circule r\u00e9guli\u00e8rement en bus depuis le terminal Sete Rios de Lisbonne jusqu\u2019\u00e0 Caldas. R\u00e9servez \u00e0 l'avance \u00e0 <a class=\"cursor-pointer\" target=\"_new\" rel=\"noopener\" data-start=\"914\" data-end=\"960\">rede-expressos.pt<\/a>.<\/p><\/li><li data-start=\"962\" data-end=\"1104\"><p data-start=\"964\" data-end=\"1104\"><strong data-start=\"1106\" data-end=\"1141\">De Porto (environ 2h30min\u20133h)<\/strong><\/p><\/li><\/ul><ul data-start=\"1142\" data-end=\"1334\"><li data-start=\"1142\" data-end=\"1208\"><p data-start=\"1144\" data-end=\"1208\"><strong data-start=\"1144\" data-end=\"1154\">En voiture<\/strong>: Prendre l'A1 sud, puis l'A8 direction Caldas da Rainha.<\/p><\/li><li data-start=\"1209\" data-end=\"1334\"><p data-start=\"1211\" data-end=\"1334\"><strong data-start=\"1211\" data-end=\"1221\">En bus<\/strong>: Rede Expressos relie \u00e9galement Porto (terminal Campo 24 de Agosto) \u00e0 Caldas, bien que moins fr\u00e9quemment que Lisbonne.<\/p><\/li><\/ul><p data-start=\"1336\" data-end=\"1458\"><strong data-start=\"1336\" data-end=\"1355\">A\u00e9roport le plus proche<\/strong>: A\u00e9roport Humberto Delgado de Lisbonne (LIS). De l\u00e0, vous pouvez rejoindre Caldas facilement en bus ou en voiture de location.<\/p>\t\t\t\t\t\t\t\t<\/div>\n\t\t\t\t<\/div>\n\t\t\t\t<div class=\"elementor-element elementor-element-d0defe0 elementor-widget elementor-widget-google_maps\" data-id=\"d0defe0\" data-element_type=\"widget\" data-e-type=\"widget\" data-widget_type=\"google_maps.default\">\n\t\t\t\t<div class=\"elementor-widget-container\">\n\t\t\t\t\t\t\t<div class=\"elementor-custom-embed\">\n\t\t\t<iframe loading=\"lazy\"\n\t\t\t\t\tsrc=\"https:\/\/maps.google.com\/maps?q=Caldas%20da%20Rainha%20&#038;t=m&#038;z=11&#038;output=embed&#038;iwloc=near\"\n\t\t\t\t\ttitle=\"Caldas da Rainha \"\n\t\t\t\t\taria-label=\"Caldas da Rainha \"\n\t\t\t><\/iframe>\n\t\t<\/div>\n\t\t\t\t\t\t<\/div>\n\t\t\t\t<\/div>\n\t\t\t\t\t<\/div>\n\t\t<\/div>\n\t\t\t\t\t<\/div>\n\t\t<\/section>\n\t\t\t\t<section class=\"elementor-section elementor-top-section elementor-element elementor-element-6db6401 elementor-section-boxed elementor-section-height-default elementor-section-height-default\" data-id=\"6db6401\" data-element_type=\"section\" data-e-type=\"section\">\n\t\t\t\t\t\t<div class=\"elementor-container elementor-column-gap-default\">\n\t\t\t\t\t<div class=\"elementor-column elementor-col-100 elementor-top-column elementor-element elementor-element-4aa78b2\" data-id=\"4aa78b2\" data-element_type=\"column\" data-e-type=\"column\">\n\t\t\t<div class=\"elementor-widget-wrap elementor-element-populated\">\n\t\t\t\t\t\t<div class=\"elementor-element elementor-element-13c9f42 elementor-widget elementor-widget-shortcode\" data-id=\"13c9f42\" data-element_type=\"widget\" data-e-type=\"widget\" data-widget_type=\"shortcode.default\">\n\t\t\t\t<div class=\"elementor-widget-container\">\n\t\t\t\t\t\t\t<div class=\"elementor-shortcode\">\t\t<div data-elementor-type=\"wp-post\" data-elementor-id=\"206\" class=\"elementor elementor-206\">\n\t\t\t\t\t\t<div class=\"elementor-section elementor-top-section elementor-element elementor-element-433e9d9 elementor-section-stretched footer-custom elementor-section-full_width elementor-section-height-default elementor-section-height-default\" data-id=\"433e9d9\" data-element_type=\"section\" data-e-type=\"section\" data-settings=\"{&quot;stretch_section&quot;:&quot;section-stretched&quot;,&quot;background_background&quot;:&quot;classic&quot;}\">\n\t\t\t\t\t\t<div class=\"elementor-container elementor-column-gap-no\">\n\t\t\t\t\t<div class=\"elementor-column elementor-col-100 elementor-top-column elementor-element elementor-element-4386f5f\" data-id=\"4386f5f\" data-element_type=\"column\" data-e-type=\"column\">\n\t\t\t<div class=\"elementor-widget-wrap elementor-element-populated\">\n\t\t\t\t\t\t<div class=\"elementor-section elementor-inner-section elementor-element elementor-element-ab81258 elementor-section-boxed elementor-section-height-default elementor-section-height-default\" data-id=\"ab81258\" data-element_type=\"section\" data-e-type=\"section\">\n\t\t\t\t\t\t<div class=\"elementor-container elementor-column-gap-wider\">\n\t\t\t\t\t<div class=\"elementor-column elementor-col-33 elementor-inner-column elementor-element elementor-element-abe660f\" data-id=\"abe660f\" data-element_type=\"column\" data-e-type=\"column\">\n\t\t\t<div class=\"elementor-widget-wrap elementor-element-populated\">\n\t\t\t\t\t\t<div class=\"elementor-element elementor-element-fdb18bb invert elementor-widget elementor-widget-heading\" data-id=\"fdb18bb\" data-element_type=\"widget\" data-e-type=\"widget\" data-widget_type=\"heading.default\">\n\t\t\t\t<div class=\"elementor-widget-container\">\n\t\t\t\t\t<h5 class=\"elementor-heading-title elementor-size-default\">Produit par F\/262 &amp; Associa\u00e7\u00e3o F\/SOS<\/h5>\t\t\t\t<\/div>\n\t\t\t\t<\/div>\n\t\t\t\t<div class=\"elementor-element elementor-element-cd7b3b4 elementor-widget elementor-widget-spacer\" data-id=\"cd7b3b4\" data-element_type=\"widget\" data-e-type=\"widget\" data-widget_type=\"spacer.default\">\n\t\t\t\t<div class=\"elementor-widget-container\">\n\t\t\t\t\t\t\t<div class=\"elementor-spacer\">\n\t\t\t<div class=\"elementor-spacer-inner\"><\/div>\n\t\t<\/div>\n\t\t\t\t\t\t<\/div>\n\t\t\t\t<\/div>\n\t\t\t\t<div class=\"elementor-element elementor-element-a61036d elementor-widget elementor-widget-image\" data-id=\"a61036d\" data-element_type=\"widget\" data-e-type=\"widget\" data-widget_type=\"image.default\">\n\t\t\t\t<div class=\"elementor-widget-container\">\n\t\t\t\t\t\t\t\t\t\t\t\t\t\t\t\t<a href=\"https:\/\/festival262.com\/fr\/\">\n\t\t\t\t\t\t\t<img loading=\"lazy\" decoding=\"async\" width=\"1532\" height=\"436\" src=\"https:\/\/festival262.com\/wp-content\/uploads\/2019\/10\/F262-LOGO-COMPOSTO-COM-EFFE-WHITE-PT.svg\" class=\"attachment-full size-full wp-image-7626\" alt=\"\" \/>\t\t\t\t\t\t\t\t<\/a>\n\t\t\t\t\t\t\t\t\t\t\t\t\t\t\t<\/div>\n\t\t\t\t<\/div>\n\t\t\t\t<div class=\"elementor-element elementor-element-ec74c02 elementor-widget elementor-widget-spacer\" data-id=\"ec74c02\" data-element_type=\"widget\" data-e-type=\"widget\" data-widget_type=\"spacer.default\">\n\t\t\t\t<div class=\"elementor-widget-container\">\n\t\t\t\t\t\t\t<div class=\"elementor-spacer\">\n\t\t\t<div class=\"elementor-spacer-inner\"><\/div>\n\t\t<\/div>\n\t\t\t\t\t\t<\/div>\n\t\t\t\t<\/div>\n\t\t\t\t<div class=\"elementor-element elementor-element-155e5e2 elementor-widget elementor-widget-image\" data-id=\"155e5e2\" data-element_type=\"widget\" data-e-type=\"widget\" data-widget_type=\"image.default\">\n\t\t\t\t<div class=\"elementor-widget-container\">\n\t\t\t\t\t\t\t\t\t\t\t\t\t\t\t\t<a href=\"https:\/\/www.f-sos.org\" target=\"_blank\">\n\t\t\t\t\t\t\t<img loading=\"lazy\" decoding=\"async\" width=\"2560\" height=\"567\" src=\"https:\/\/festival262.com\/wp-content\/uploads\/2019\/10\/associacao-white-copy-scaled.png\" class=\"attachment-full size-full wp-image-5659\" alt=\"\" srcset=\"https:\/\/festival262.com\/wp-content\/uploads\/2019\/10\/associacao-white-copy-scaled.png 2560w, https:\/\/festival262.com\/wp-content\/uploads\/2019\/10\/associacao-white-copy-300x66.png 300w, https:\/\/festival262.com\/wp-content\/uploads\/2019\/10\/associacao-white-copy-1024x227.png 1024w, https:\/\/festival262.com\/wp-content\/uploads\/2019\/10\/associacao-white-copy-768x170.png 768w, https:\/\/festival262.com\/wp-content\/uploads\/2019\/10\/associacao-white-copy-1536x340.png 1536w, https:\/\/festival262.com\/wp-content\/uploads\/2019\/10\/associacao-white-copy-2048x453.png 2048w, https:\/\/festival262.com\/wp-content\/uploads\/2019\/10\/associacao-white-copy-1320x292.png 1320w, https:\/\/festival262.com\/wp-content\/uploads\/2019\/10\/associacao-white-copy-600x133.png 600w\" sizes=\"(max-width: 2560px) 100vw, 2560px\" \/>\t\t\t\t\t\t\t\t<\/a>\n\t\t\t\t\t\t\t\t\t\t\t\t\t\t\t<\/div>\n\t\t\t\t<\/div>\n\t\t\t\t<div class=\"elementor-element elementor-element-1c060c8 elementor-widget elementor-widget-image\" data-id=\"1c060c8\" data-element_type=\"widget\" data-e-type=\"widget\" data-widget_type=\"image.default\">\n\t\t\t\t<div class=\"elementor-widget-container\">\n\t\t\t\t\t\t\t\t\t\t\t\t\t\t\t\t<a href=\"https:\/\/www.websitecarbon.com\/website\/festival262-com\/\" target=\"_blank\">\n\t\t\t\t\t\t\t<img loading=\"lazy\" decoding=\"async\" width=\"728\" height=\"196\" src=\"https:\/\/festival262.com\/wp-content\/uploads\/2019\/10\/carbon-rating.png\" class=\"attachment-full size-full wp-image-5817\" alt=\"cote carbone\" srcset=\"https:\/\/festival262.com\/wp-content\/uploads\/2019\/10\/carbon-rating.png 728w, https:\/\/festival262.com\/wp-content\/uploads\/2019\/10\/carbon-rating-300x81.png 300w, https:\/\/festival262.com\/wp-content\/uploads\/2019\/10\/carbon-rating-600x162.png 600w\" sizes=\"(max-width: 728px) 100vw, 728px\" \/>\t\t\t\t\t\t\t\t<\/a>\n\t\t\t\t\t\t\t\t\t\t\t\t\t\t\t<\/div>\n\t\t\t\t<\/div>\n\t\t\t\t\t<\/div>\n\t\t<\/div>\n\t\t\t\t<div class=\"elementor-column elementor-col-33 elementor-inner-column elementor-element elementor-element-af8a3fd\" data-id=\"af8a3fd\" data-element_type=\"column\" data-e-type=\"column\">\n\t\t\t<div class=\"elementor-widget-wrap elementor-element-populated\">\n\t\t\t\t\t\t<div class=\"elementor-element elementor-element-cbd4305 invert elementor-widget elementor-widget-heading\" data-id=\"cbd4305\" data-element_type=\"widget\" data-e-type=\"widget\" data-widget_type=\"heading.default\">\n\t\t\t\t<div class=\"elementor-widget-container\">\n\t\t\t\t\t<h5 class=\"elementor-heading-title elementor-size-default\">Avec le soutien de:<\/h5>\t\t\t\t<\/div>\n\t\t\t\t<\/div>\n\t\t\t\t<div class=\"elementor-element elementor-element-6e61efe elementor-widget elementor-widget-spacer\" data-id=\"6e61efe\" data-element_type=\"widget\" data-e-type=\"widget\" data-widget_type=\"spacer.default\">\n\t\t\t\t<div class=\"elementor-widget-container\">\n\t\t\t\t\t\t\t<div class=\"elementor-spacer\">\n\t\t\t<div class=\"elementor-spacer-inner\"><\/div>\n\t\t<\/div>\n\t\t\t\t\t\t<\/div>\n\t\t\t\t<\/div>\n\t\t\t\t<div class=\"elementor-element elementor-element-8f9d706 elementor-widget elementor-widget-image\" data-id=\"8f9d706\" data-element_type=\"widget\" data-e-type=\"widget\" data-widget_type=\"image.default\">\n\t\t\t\t<div class=\"elementor-widget-container\">\n\t\t\t\t\t\t\t\t\t\t\t\t\t\t\t\t<a href=\"https:\/\/www.mcr.pt\" target=\"_blank\">\n\t\t\t\t\t\t\t<img loading=\"lazy\" decoding=\"async\" width=\"600\" height=\"363\" src=\"https:\/\/festival262.com\/wp-content\/uploads\/2019\/10\/cmcr.png.webp\" class=\"attachment-full size-full wp-image-5603\" alt=\"\" srcset=\"https:\/\/festival262.com\/wp-content\/uploads\/2019\/10\/cmcr.png.webp 600w, https:\/\/festival262.com\/wp-content\/uploads\/2019\/10\/cmcr.png-300x182.webp 300w\" sizes=\"(max-width: 600px) 100vw, 600px\" \/>\t\t\t\t\t\t\t\t<\/a>\n\t\t\t\t\t\t\t\t\t\t\t\t\t\t\t<\/div>\n\t\t\t\t<\/div>\n\t\t\t\t\t<\/div>\n\t\t<\/div>\n\t\t\t\t<div class=\"elementor-column elementor-col-33 elementor-inner-column elementor-element elementor-element-3840b6d\" data-id=\"3840b6d\" data-element_type=\"column\" data-e-type=\"column\">\n\t\t\t<div class=\"elementor-widget-wrap elementor-element-populated\">\n\t\t\t\t\t\t<div class=\"elementor-element elementor-element-c63d851 invert elementor-widget elementor-widget-heading\" data-id=\"c63d851\" data-element_type=\"widget\" data-e-type=\"widget\" data-widget_type=\"heading.default\">\n\t\t\t\t<div class=\"elementor-widget-container\">\n\t\t\t\t\t<h5 class=\"elementor-heading-title elementor-size-default\">Mai \u2013 septembre 2026<br>\nCaldas da Rainha Portugal<\/h5>\t\t\t\t<\/div>\n\t\t\t\t<\/div>\n\t\t\t\t<div class=\"elementor-element elementor-element-3636f02 elementor-widget elementor-widget-spacer\" data-id=\"3636f02\" data-element_type=\"widget\" data-e-type=\"widget\" data-widget_type=\"spacer.default\">\n\t\t\t\t<div class=\"elementor-widget-container\">\n\t\t\t\t\t\t\t<div class=\"elementor-spacer\">\n\t\t\t<div class=\"elementor-spacer-inner\"><\/div>\n\t\t<\/div>\n\t\t\t\t\t\t<\/div>\n\t\t\t\t<\/div>\n\t\t\t\t<div class=\"elementor-element elementor-element-6b32ea3 elementor-widget elementor-widget-heading\" data-id=\"6b32ea3\" data-element_type=\"widget\" data-e-type=\"widget\" data-widget_type=\"heading.default\">\n\t\t\t\t<div class=\"elementor-widget-container\">\n\t\t\t\t\t<h5 class=\"elementor-heading-title elementor-size-default\">\u00c0 propos de F\/262\n<\/h5>\t\t\t\t<\/div>\n\t\t\t\t<\/div>\n\t\t\t\t<div class=\"elementor-element elementor-element-0430d04 elementor-widget elementor-widget-text-editor\" data-id=\"0430d04\" data-element_type=\"widget\" data-e-type=\"widget\" data-widget_type=\"text-editor.default\">\n\t\t\t\t<div class=\"elementor-widget-container\">\n\t\t\t\t\t\t\t\t\t<p data-start=\"431\" data-end=\"686\">F\/262 est un festival international de photographie bas\u00e9 \u00e0 Caldas da Rainha, au Portugal.<br data-start=\"526\" data-end=\"529\" \/>\u00c0 travers des expositions, des conf\u00e9rences, de l'\u00e9ducation et des installations publiques, le festival engage la photographie contemporaine avec le lieu, la communaut\u00e9 et le monde que nous partageons.<\/p><p data-start=\"688\" data-end=\"718\">\u00a0<\/p>\t\t\t\t\t\t\t\t<\/div>\n\t\t\t\t<\/div>\n\t\t\t\t<div class=\"elementor-element elementor-element-1251943 elementor-widget elementor-widget-spacer\" data-id=\"1251943\" data-element_type=\"widget\" data-e-type=\"widget\" data-widget_type=\"spacer.default\">\n\t\t\t\t<div class=\"elementor-widget-container\">\n\t\t\t\t\t\t\t<div class=\"elementor-spacer\">\n\t\t\t<div class=\"elementor-spacer-inner\"><\/div>\n\t\t<\/div>\n\t\t\t\t\t\t<\/div>\n\t\t\t\t<\/div>\n\t\t\t\t\t<\/div>\n\t\t<\/div>\n\t\t\t\t\t<\/div>\n\t\t<\/div>\n\t\t\t\t<section class=\"elementor-section elementor-inner-section elementor-element elementor-element-0e3f8f2 elementor-section-boxed elementor-section-height-default elementor-section-height-default\" data-id=\"0e3f8f2\" data-element_type=\"section\" data-e-type=\"section\">\n\t\t\t\t\t\t<div class=\"elementor-container elementor-column-gap-default\">\n\t\t\t\t\t<div class=\"elementor-column elementor-col-50 elementor-inner-column elementor-element elementor-element-65aff90\" data-id=\"65aff90\" data-element_type=\"column\" data-e-type=\"column\">\n\t\t\t<div class=\"elementor-widget-wrap elementor-element-populated\">\n\t\t\t\t\t\t<div class=\"elementor-element elementor-element-c895301 hfe-nav-menu__breakpoint-none hfe-nav-menu__align-left hfe-submenu-icon-arrow hfe-submenu-animation-none hfe-link-redirect-child elementor-widget elementor-widget-navigation-menu\" data-id=\"c895301\" data-element_type=\"widget\" data-e-type=\"widget\" data-settings=\"{&quot;padding_horizontal_menu_item&quot;:{&quot;unit&quot;:&quot;px&quot;,&quot;size&quot;:15,&quot;sizes&quot;:[]},&quot;padding_horizontal_menu_item_tablet&quot;:{&quot;unit&quot;:&quot;px&quot;,&quot;size&quot;:&quot;&quot;,&quot;sizes&quot;:[]},&quot;padding_horizontal_menu_item_mobile&quot;:{&quot;unit&quot;:&quot;px&quot;,&quot;size&quot;:&quot;&quot;,&quot;sizes&quot;:[]},&quot;padding_vertical_menu_item&quot;:{&quot;unit&quot;:&quot;px&quot;,&quot;size&quot;:15,&quot;sizes&quot;:[]},&quot;padding_vertical_menu_item_tablet&quot;:{&quot;unit&quot;:&quot;px&quot;,&quot;size&quot;:&quot;&quot;,&quot;sizes&quot;:[]},&quot;padding_vertical_menu_item_mobile&quot;:{&quot;unit&quot;:&quot;px&quot;,&quot;size&quot;:&quot;&quot;,&quot;sizes&quot;:[]},&quot;menu_space_between&quot;:{&quot;unit&quot;:&quot;px&quot;,&quot;size&quot;:&quot;&quot;,&quot;sizes&quot;:[]},&quot;menu_space_between_tablet&quot;:{&quot;unit&quot;:&quot;px&quot;,&quot;size&quot;:&quot;&quot;,&quot;sizes&quot;:[]},&quot;menu_space_between_mobile&quot;:{&quot;unit&quot;:&quot;px&quot;,&quot;size&quot;:&quot;&quot;,&quot;sizes&quot;:[]},&quot;menu_row_space&quot;:{&quot;unit&quot;:&quot;px&quot;,&quot;size&quot;:&quot;&quot;,&quot;sizes&quot;:[]},&quot;menu_row_space_tablet&quot;:{&quot;unit&quot;:&quot;px&quot;,&quot;size&quot;:&quot;&quot;,&quot;sizes&quot;:[]},&quot;menu_row_space_mobile&quot;:{&quot;unit&quot;:&quot;px&quot;,&quot;size&quot;:&quot;&quot;,&quot;sizes&quot;:[]},&quot;dropdown_border_radius&quot;:{&quot;unit&quot;:&quot;px&quot;,&quot;top&quot;:&quot;&quot;,&quot;right&quot;:&quot;&quot;,&quot;bottom&quot;:&quot;&quot;,&quot;left&quot;:&quot;&quot;,&quot;isLinked&quot;:true},&quot;dropdown_border_radius_tablet&quot;:{&quot;unit&quot;:&quot;px&quot;,&quot;top&quot;:&quot;&quot;,&quot;right&quot;:&quot;&quot;,&quot;bottom&quot;:&quot;&quot;,&quot;left&quot;:&quot;&quot;,&quot;isLinked&quot;:true},&quot;dropdown_border_radius_mobile&quot;:{&quot;unit&quot;:&quot;px&quot;,&quot;top&quot;:&quot;&quot;,&quot;right&quot;:&quot;&quot;,&quot;bottom&quot;:&quot;&quot;,&quot;left&quot;:&quot;&quot;,&quot;isLinked&quot;:true},&quot;width_dropdown_item&quot;:{&quot;unit&quot;:&quot;px&quot;,&quot;size&quot;:&quot;220&quot;,&quot;sizes&quot;:[]},&quot;width_dropdown_item_tablet&quot;:{&quot;unit&quot;:&quot;px&quot;,&quot;size&quot;:&quot;&quot;,&quot;sizes&quot;:[]},&quot;width_dropdown_item_mobile&quot;:{&quot;unit&quot;:&quot;px&quot;,&quot;size&quot;:&quot;&quot;,&quot;sizes&quot;:[]},&quot;padding_horizontal_dropdown_item&quot;:{&quot;unit&quot;:&quot;px&quot;,&quot;size&quot;:&quot;&quot;,&quot;sizes&quot;:[]},&quot;padding_horizontal_dropdown_item_tablet&quot;:{&quot;unit&quot;:&quot;px&quot;,&quot;size&quot;:&quot;&quot;,&quot;sizes&quot;:[]},&quot;padding_horizontal_dropdown_item_mobile&quot;:{&quot;unit&quot;:&quot;px&quot;,&quot;size&quot;:&quot;&quot;,&quot;sizes&quot;:[]},&quot;padding_vertical_dropdown_item&quot;:{&quot;unit&quot;:&quot;px&quot;,&quot;size&quot;:15,&quot;sizes&quot;:[]},&quot;padding_vertical_dropdown_item_tablet&quot;:{&quot;unit&quot;:&quot;px&quot;,&quot;size&quot;:&quot;&quot;,&quot;sizes&quot;:[]},&quot;padding_vertical_dropdown_item_mobile&quot;:{&quot;unit&quot;:&quot;px&quot;,&quot;size&quot;:&quot;&quot;,&quot;sizes&quot;:[]},&quot;distance_from_menu&quot;:{&quot;unit&quot;:&quot;px&quot;,&quot;size&quot;:&quot;&quot;,&quot;sizes&quot;:[]},&quot;distance_from_menu_tablet&quot;:{&quot;unit&quot;:&quot;px&quot;,&quot;size&quot;:&quot;&quot;,&quot;sizes&quot;:[]},&quot;distance_from_menu_mobile&quot;:{&quot;unit&quot;:&quot;px&quot;,&quot;size&quot;:&quot;&quot;,&quot;sizes&quot;:[]},&quot;toggle_size&quot;:{&quot;unit&quot;:&quot;px&quot;,&quot;size&quot;:&quot;&quot;,&quot;sizes&quot;:[]},&quot;toggle_size_tablet&quot;:{&quot;unit&quot;:&quot;px&quot;,&quot;size&quot;:&quot;&quot;,&quot;sizes&quot;:[]},&quot;toggle_size_mobile&quot;:{&quot;unit&quot;:&quot;px&quot;,&quot;size&quot;:&quot;&quot;,&quot;sizes&quot;:[]},&quot;toggle_border_width&quot;:{&quot;unit&quot;:&quot;px&quot;,&quot;size&quot;:&quot;&quot;,&quot;sizes&quot;:[]},&quot;toggle_border_width_tablet&quot;:{&quot;unit&quot;:&quot;px&quot;,&quot;size&quot;:&quot;&quot;,&quot;sizes&quot;:[]},&quot;toggle_border_width_mobile&quot;:{&quot;unit&quot;:&quot;px&quot;,&quot;size&quot;:&quot;&quot;,&quot;sizes&quot;:[]},&quot;toggle_border_radius&quot;:{&quot;unit&quot;:&quot;px&quot;,&quot;size&quot;:&quot;&quot;,&quot;sizes&quot;:[]},&quot;toggle_border_radius_tablet&quot;:{&quot;unit&quot;:&quot;px&quot;,&quot;size&quot;:&quot;&quot;,&quot;sizes&quot;:[]},&quot;toggle_border_radius_mobile&quot;:{&quot;unit&quot;:&quot;px&quot;,&quot;size&quot;:&quot;&quot;,&quot;sizes&quot;:[]}}\" data-widget_type=\"navigation-menu.default\">\n\t\t\t\t<div class=\"elementor-widget-container\">\n\t\t\t\t\t\t\t\t<div class=\"hfe-nav-menu hfe-layout-horizontal hfe-nav-menu-layout horizontal hfe-pointer__none\" data-layout=\"horizontal\">\n\t\t\t\t<div role=\"button\" class=\"hfe-nav-menu__toggle elementor-clickable\" tabindex=\"0\" aria-label=\"Menu Basculer\">\n\t\t\t\t\t<span class=\"screen-reader-text\">Menu<\/span>\n\t\t\t\t\t<div class=\"hfe-nav-menu-icon\">\n\t\t\t\t\t\t\t\t\t\t\t<\/div>\n\t\t\t\t<\/div>\n\t\t\t\t<nav class=\"hfe-nav-menu__layout-horizontal hfe-nav-menu__submenu-arrow\" data-toggle-icon=\"\" data-close-icon=\"\" data-full-width=\"\">\n\t\t\t\t\t<ul id=\"menu-1-c895301\" class=\"hfe-nav-menu\"><li id=\"menu-item-6609\" class=\"menu-item menu-item-type-post_type menu-item-object-page parent hfe-creative-menu\"><a href=\"https:\/\/festival262.com\/fr\/privacy-policy\/\" class = \"hfe-menu-item\">Politique de confidentialit\u00e9<\/a><\/li>\n<li id=\"menu-item-6610\" class=\"menu-item menu-item-type-post_type menu-item-object-page parent hfe-creative-menu\"><a href=\"https:\/\/festival262.com\/fr\/terms-of-service\/\" class = \"hfe-menu-item\">Conditions d'utilisation<\/a><\/li>\n<li id=\"menu-item-6611\" class=\"menu-item menu-item-type-post_type menu-item-object-page parent hfe-creative-menu\"><a href=\"https:\/\/festival262.com\/fr\/competition-rules-terms-of-entry\/\" class = \"hfe-menu-item\">R\u00e8gles du concours &amp; Conditions d'entr\u00e9e<\/a><\/li>\n<\/ul> \n\t\t\t\t<\/nav>\n\t\t\t<\/div>\n\t\t\t\t\t\t\t<\/div>\n\t\t\t\t<\/div>\n\t\t\t\t\t<\/div>\n\t\t<\/div>\n\t\t\t\t<div class=\"elementor-column elementor-col-50 elementor-inner-column elementor-element elementor-element-e840057\" data-id=\"e840057\" data-element_type=\"column\" data-e-type=\"column\">\n\t\t\t<div class=\"elementor-widget-wrap elementor-element-populated\">\n\t\t\t\t\t\t<div class=\"elementor-element elementor-element-c368a16 footer-soc-icon elementor-shape-circle e-grid-align-right e-grid-align-mobile-center elementor-grid-0 elementor-widget elementor-widget-social-icons\" data-id=\"c368a16\" data-element_type=\"widget\" data-e-type=\"widget\" data-widget_type=\"social-icons.default\">\n\t\t\t\t<div class=\"elementor-widget-container\">\n\t\t\t\t\t\t\t<div class=\"elementor-social-icons-wrapper elementor-grid\" role=\"list\">\n\t\t\t\t\t\t\t<span class=\"elementor-grid-item\" role=\"listitem\">\n\t\t\t\t\t<a class=\"elementor-icon elementor-social-icon elementor-social-icon-instagram elementor-repeater-item-a3788bb\" href=\"https:\/\/www.instagram.com\/festival.262\" target=\"_blank\">\n\t\t\t\t\t\t<span class=\"elementor-screen-only\">Instagram<\/span>\n\t\t\t\t\t\t<i aria-hidden=\"true\" class=\"fab fa-instagram\"><\/i>\t\t\t\t\t<\/a>\n\t\t\t\t<\/span>\n\t\t\t\t\t\t\t<span class=\"elementor-grid-item\" role=\"listitem\">\n\t\t\t\t\t<a class=\"elementor-icon elementor-social-icon elementor-social-icon-linkedin elementor-repeater-item-0a1b6fe\" href=\"https:\/\/www.linkedin.com\/company\/associacao-f-sos-fotografia-solidariedade-e-obras-sociais\/\" target=\"_blank\">\n\t\t\t\t\t\t<span class=\"elementor-screen-only\">Linkedin<\/span>\n\t\t\t\t\t\t<i aria-hidden=\"true\" class=\"fab fa-linkedin\"><\/i>\t\t\t\t\t<\/a>\n\t\t\t\t<\/span>\n\t\t\t\t\t\t\t<span class=\"elementor-grid-item\" role=\"listitem\">\n\t\t\t\t\t<a class=\"elementor-icon elementor-social-icon elementor-social-icon-youtube elementor-repeater-item-f3c97f5\" href=\"https:\/\/www.youtube.com\/@F262PhotographyFestival\" target=\"_blank\">\n\t\t\t\t\t\t<span class=\"elementor-screen-only\">Youtube<\/span>\n\t\t\t\t\t\t<i aria-hidden=\"true\" class=\"fab fa-youtube\"><\/i>\t\t\t\t\t<\/a>\n\t\t\t\t<\/span>\n\t\t\t\t\t<\/div>\n\t\t\t\t\t\t<\/div>\n\t\t\t\t<\/div>\n\t\t\t\t\t<\/div>\n\t\t<\/div>\n\t\t\t\t\t<\/div>\n\t\t<\/section>\n\t\t\t\t<div class=\"elementor-section elementor-inner-section elementor-element elementor-element-21d4a88 elementor-section-boxed elementor-section-height-default elementor-section-height-default\" data-id=\"21d4a88\" data-element_type=\"section\" data-e-type=\"section\">\n\t\t\t\t\t\t<div class=\"elementor-container elementor-column-gap-no\">\n\t\t\t\t\t<div class=\"elementor-column elementor-col-100 elementor-inner-column elementor-element elementor-element-37fbc21\" data-id=\"37fbc21\" data-element_type=\"column\" data-e-type=\"column\">\n\t\t\t<div class=\"elementor-widget-wrap elementor-element-populated\">\n\t\t\t\t\t\t<div class=\"elementor-element elementor-element-fe6ceda copyright-footer elementor-widget elementor-widget-text-editor\" data-id=\"fe6ceda\" data-element_type=\"widget\" data-e-type=\"widget\" data-widget_type=\"text-editor.default\">\n\t\t\t\t<div class=\"elementor-widget-container\">\n\t\t\t\t\t\t\t\t\t<p>\u00a92026 F\/262 \u2013 Festival Internacional de Fotografia<br \/>Produit par <a href=\"https:\/\/www.f-sos.org\" target=\"_blank\" rel=\"noopener\">Associa\u00e7\u00e3o F\/SOS \u2013 Fotografia, Solidariedade e Obras Sociais<\/a><\/p>\t\t\t\t\t\t\t\t<\/div>\n\t\t\t\t<\/div>\n\t\t\t\t\t<\/div>\n\t\t<\/div>\n\t\t\t\t\t<\/div>\n\t\t<\/div>\n\t\t\t\t\t<\/div>\n\t\t<\/div>\n\t\t\t\t\t<\/div>\n\t\t<\/div>\n\t\t\t\t<\/div>\n\t\t<\/div>\n\t\t\t\t\t\t<\/div>\n\t\t\t\t<\/div>\n\t\t\t\t\t<\/div>\n\t\t<\/div>\n\t\t\t\t\t<\/div>\n\t\t<\/section>\n\t\t\t\t<\/div>","protected":false},"excerpt":{"rendered":"<p>About Caldas da Rainha The Host City of the F\/262 Festival WHY Caldas? The F\/262 Festival chose Caldas da Rainha for its unique blend of tradition and experimentation, heritage and future-thinking. The city\u2019s walkable layout, proximity to nature, and engaged local community make it an ideal space to host exhibitions, talks, and workshops that spill [&hellip;]<\/p>","protected":false},"author":6,"featured_media":0,"parent":0,"menu_order":0,"comment_status":"closed","ping_status":"closed","template":"","meta":{"_acf_changed":false,"footnotes":""},"class_list":["post-3150","page","type-page","status-publish","hentry"],"acf":[],"yoast_head":"<!-- This site is optimized with the Yoast SEO plugin v27.5 - https:\/\/yoast.com\/product\/yoast-seo-wordpress\/ -->\n<title>about caldas da rainha - F\/262 Festival Internacional de Fotografia<\/title>\n<meta name=\"description\" content=\"about caldas da rainha\" \/>\n<meta name=\"robots\" content=\"index, follow, max-snippet:-1, max-image-preview:large, max-video-preview:-1\" \/>\n<link rel=\"canonical\" href=\"https:\/\/festival262.com\/fr\/about-caldas-da-rainha\/\" \/>\n<meta property=\"og:locale\" content=\"fr_FR\" \/>\n<meta property=\"og:type\" content=\"article\" \/>\n<meta property=\"og:title\" content=\"about caldas da rainha - F\/262 Festival Internacional de Fotografia\" \/>\n<meta property=\"og:description\" content=\"about caldas da rainha\" \/>\n<meta property=\"og:url\" content=\"https:\/\/festival262.com\/fr\/about-caldas-da-rainha\/\" \/>\n<meta property=\"og:site_name\" content=\"F\/262 Festival Internacional de Fotografia\" \/>\n<meta property=\"article:modified_time\" content=\"2026-03-29T11:10:02+00:00\" \/>\n<meta property=\"og:image\" content=\"https:\/\/festival262.com\/wp-content\/uploads\/2025\/08\/tempImageUWmIH4-1568x1176-1.jpg\" \/>\n\t<meta property=\"og:image:width\" content=\"1568\" \/>\n\t<meta property=\"og:image:height\" content=\"1176\" \/>\n\t<meta property=\"og:image:type\" content=\"image\/jpeg\" \/>\n<meta name=\"twitter:card\" content=\"summary_large_image\" \/>\n<meta name=\"twitter:label1\" content=\"Dur\u00e9e de lecture estim\u00e9e\" \/>\n\t<meta name=\"twitter:data1\" content=\"9 minutes\" \/>\n<script type=\"application\/ld+json\" class=\"yoast-schema-graph\">{\"@context\":\"https:\\\/\\\/schema.org\",\"@graph\":[{\"@type\":\"WebPage\",\"@id\":\"https:\\\/\\\/festival262.com\\\/about-caldas-da-rainha\\\/\",\"url\":\"https:\\\/\\\/festival262.com\\\/about-caldas-da-rainha\\\/\",\"name\":\"about caldas da rainha - F\\\/262 Festival Internacional de Fotografia\",\"isPartOf\":{\"@id\":\"https:\\\/\\\/festival262.com\\\/#website\"},\"primaryImageOfPage\":{\"@id\":\"https:\\\/\\\/festival262.com\\\/about-caldas-da-rainha\\\/#primaryimage\"},\"image\":{\"@id\":\"https:\\\/\\\/festival262.com\\\/about-caldas-da-rainha\\\/#primaryimage\"},\"thumbnailUrl\":\"https:\\\/\\\/festival262.com\\\/wp-content\\\/uploads\\\/2025\\\/08\\\/tempImageUWmIH4-1568x1176-1-1024x768.jpg\",\"datePublished\":\"2025-08-03T01:38:31+00:00\",\"dateModified\":\"2026-03-29T11:10:02+00:00\",\"description\":\"about caldas da rainha\",\"breadcrumb\":{\"@id\":\"https:\\\/\\\/festival262.com\\\/about-caldas-da-rainha\\\/#breadcrumb\"},\"inLanguage\":\"fr-FR\",\"potentialAction\":[{\"@type\":\"ReadAction\",\"target\":[\"https:\\\/\\\/festival262.com\\\/about-caldas-da-rainha\\\/\"]}]},{\"@type\":\"ImageObject\",\"inLanguage\":\"fr-FR\",\"@id\":\"https:\\\/\\\/festival262.com\\\/about-caldas-da-rainha\\\/#primaryimage\",\"url\":\"https:\\\/\\\/festival262.com\\\/wp-content\\\/uploads\\\/2025\\\/08\\\/tempImageUWmIH4-1568x1176-1-1024x768.jpg\",\"contentUrl\":\"https:\\\/\\\/festival262.com\\\/wp-content\\\/uploads\\\/2025\\\/08\\\/tempImageUWmIH4-1568x1176-1-1024x768.jpg\"},{\"@type\":\"BreadcrumbList\",\"@id\":\"https:\\\/\\\/festival262.com\\\/about-caldas-da-rainha\\\/#breadcrumb\",\"itemListElement\":[{\"@type\":\"ListItem\",\"position\":1,\"name\":\"Home\",\"item\":\"https:\\\/\\\/festival262.com\\\/\"},{\"@type\":\"ListItem\",\"position\":2,\"name\":\"about caldas da rainha\"}]},{\"@type\":\"WebSite\",\"@id\":\"https:\\\/\\\/festival262.com\\\/#website\",\"url\":\"https:\\\/\\\/festival262.com\\\/\",\"name\":\"F7262 Fetsival Internacional de Fotografia\",\"description\":\"Photography as Culture, Community, and Practice\",\"publisher\":{\"@id\":\"https:\\\/\\\/festival262.com\\\/#organization\"},\"alternateName\":\"Festival262\",\"potentialAction\":[{\"@type\":\"SearchAction\",\"target\":{\"@type\":\"EntryPoint\",\"urlTemplate\":\"https:\\\/\\\/festival262.com\\\/?s={search_term_string}\"},\"query-input\":{\"@type\":\"PropertyValueSpecification\",\"valueRequired\":true,\"valueName\":\"search_term_string\"}}],\"inLanguage\":\"fr-FR\"},{\"@type\":\"Organization\",\"@id\":\"https:\\\/\\\/festival262.com\\\/#organization\",\"name\":\"F\\\/262 Festival Internacional de Fotografia\",\"url\":\"https:\\\/\\\/festival262.com\\\/\",\"logo\":{\"@type\":\"ImageObject\",\"inLanguage\":\"fr-FR\",\"@id\":\"https:\\\/\\\/festival262.com\\\/#\\\/schema\\\/logo\\\/image\\\/\",\"url\":\"https:\\\/\\\/festival262.com\\\/wp-content\\\/uploads\\\/2019\\\/10\\\/cropped-f-262-icon-e-logo-scaled-1.png\",\"contentUrl\":\"https:\\\/\\\/festival262.com\\\/wp-content\\\/uploads\\\/2019\\\/10\\\/cropped-f-262-icon-e-logo-scaled-1.png\",\"width\":2558,\"height\":1048,\"caption\":\"F\\\/262 Festival Internacional de Fotografia\"},\"image\":{\"@id\":\"https:\\\/\\\/festival262.com\\\/#\\\/schema\\\/logo\\\/image\\\/\"}}]}<\/script>\n<!-- \/ Yoast SEO plugin. -->","yoast_head_json":{"title":"about caldas da rainha - F\/262 Festival Internacional de Fotografia","description":"about caldas da rainha","robots":{"index":"index","follow":"follow","max-snippet":"max-snippet:-1","max-image-preview":"max-image-preview:large","max-video-preview":"max-video-preview:-1"},"canonical":"https:\/\/festival262.com\/fr\/about-caldas-da-rainha\/","og_locale":"fr_FR","og_type":"article","og_title":"about caldas da rainha - F\/262 Festival Internacional de Fotografia","og_description":"about caldas da rainha","og_url":"https:\/\/festival262.com\/fr\/about-caldas-da-rainha\/","og_site_name":"F\/262 Festival Internacional de Fotografia","article_modified_time":"2026-03-29T11:10:02+00:00","og_image":[{"width":1568,"height":1176,"url":"https:\/\/festival262.com\/wp-content\/uploads\/2025\/08\/tempImageUWmIH4-1568x1176-1.jpg","type":"image\/jpeg"}],"twitter_card":"summary_large_image","twitter_misc":{"Dur\u00e9e de lecture estim\u00e9e":"9 minutes"},"schema":{"@context":"https:\/\/schema.org","@graph":[{"@type":"WebPage","@id":"https:\/\/festival262.com\/about-caldas-da-rainha\/","url":"https:\/\/festival262.com\/about-caldas-da-rainha\/","name":"about caldas da rainha - F\/262 Festival Internacional de Fotografia","isPartOf":{"@id":"https:\/\/festival262.com\/#website"},"primaryImageOfPage":{"@id":"https:\/\/festival262.com\/about-caldas-da-rainha\/#primaryimage"},"image":{"@id":"https:\/\/festival262.com\/about-caldas-da-rainha\/#primaryimage"},"thumbnailUrl":"https:\/\/festival262.com\/wp-content\/uploads\/2025\/08\/tempImageUWmIH4-1568x1176-1-1024x768.jpg","datePublished":"2025-08-03T01:38:31+00:00","dateModified":"2026-03-29T11:10:02+00:00","description":"about caldas da rainha","breadcrumb":{"@id":"https:\/\/festival262.com\/about-caldas-da-rainha\/#breadcrumb"},"inLanguage":"fr-FR","potentialAction":[{"@type":"ReadAction","target":["https:\/\/festival262.com\/about-caldas-da-rainha\/"]}]},{"@type":"ImageObject","inLanguage":"fr-FR","@id":"https:\/\/festival262.com\/about-caldas-da-rainha\/#primaryimage","url":"https:\/\/festival262.com\/wp-content\/uploads\/2025\/08\/tempImageUWmIH4-1568x1176-1-1024x768.jpg","contentUrl":"https:\/\/festival262.com\/wp-content\/uploads\/2025\/08\/tempImageUWmIH4-1568x1176-1-1024x768.jpg"},{"@type":"BreadcrumbList","@id":"https:\/\/festival262.com\/about-caldas-da-rainha\/#breadcrumb","itemListElement":[{"@type":"ListItem","position":1,"name":"Home","item":"https:\/\/festival262.com\/"},{"@type":"ListItem","position":2,"name":"about caldas da rainha"}]},{"@type":"WebSite","@id":"https:\/\/festival262.com\/#website","url":"https:\/\/festival262.com\/","name":"F7262 Fetsival Internacional de Fotografia","description":"Photography as Culture, Community, and Practice","publisher":{"@id":"https:\/\/festival262.com\/#organization"},"alternateName":"Festival262","potentialAction":[{"@type":"SearchAction","target":{"@type":"EntryPoint","urlTemplate":"https:\/\/festival262.com\/?s={search_term_string}"},"query-input":{"@type":"PropertyValueSpecification","valueRequired":true,"valueName":"search_term_string"}}],"inLanguage":"fr-FR"},{"@type":"Organization","@id":"https:\/\/festival262.com\/#organization","name":"F\/262 Festival Internacional de Fotografia","url":"https:\/\/festival262.com\/","logo":{"@type":"ImageObject","inLanguage":"fr-FR","@id":"https:\/\/festival262.com\/#\/schema\/logo\/image\/","url":"https:\/\/festival262.com\/wp-content\/uploads\/2019\/10\/cropped-f-262-icon-e-logo-scaled-1.png","contentUrl":"https:\/\/festival262.com\/wp-content\/uploads\/2019\/10\/cropped-f-262-icon-e-logo-scaled-1.png","width":2558,"height":1048,"caption":"F\/262 Festival Internacional de Fotografia"},"image":{"@id":"https:\/\/festival262.com\/#\/schema\/logo\/image\/"}}]}},"_links":{"self":[{"href":"https:\/\/festival262.com\/fr\/wp-json\/wp\/v2\/pages\/3150","targetHints":{"allow":["GET"]}}],"collection":[{"href":"https:\/\/festival262.com\/fr\/wp-json\/wp\/v2\/pages"}],"about":[{"href":"https:\/\/festival262.com\/fr\/wp-json\/wp\/v2\/types\/page"}],"author":[{"embeddable":true,"href":"https:\/\/festival262.com\/fr\/wp-json\/wp\/v2\/users\/6"}],"replies":[{"embeddable":true,"href":"https:\/\/festival262.com\/fr\/wp-json\/wp\/v2\/comments?post=3150"}],"version-history":[{"count":5,"href":"https:\/\/festival262.com\/fr\/wp-json\/wp\/v2\/pages\/3150\/revisions"}],"predecessor-version":[{"id":6736,"href":"https:\/\/festival262.com\/fr\/wp-json\/wp\/v2\/pages\/3150\/revisions\/6736"}],"wp:attachment":[{"href":"https:\/\/festival262.com\/fr\/wp-json\/wp\/v2\/media?parent=3150"}],"curies":[{"name":"wp","href":"https:\/\/api.w.org\/{rel}","templated":true}]}}