{"id":2988,"date":"2025-07-31T11:51:37","date_gmt":"2025-07-31T11:51:37","guid":{"rendered":"https:\/\/event.joaocarlosphoto.com\/?page_id=2988"},"modified":"2026-03-29T11:19:57","modified_gmt":"2026-03-29T11:19:57","slug":"support-us","status":"publish","type":"page","link":"https:\/\/festival262.com\/fr\/support-us\/","title":{"rendered":"Soutenez-nous"},"content":{"rendered":"<div data-elementor-type=\"wp-page\" data-elementor-id=\"2988\" class=\"elementor elementor-2988\">\n\t\t\t\t\t\t<section class=\"elementor-section elementor-top-section elementor-element elementor-element-2414743 elementor-section-boxed elementor-section-height-default elementor-section-height-default\" data-id=\"2414743\" data-element_type=\"section\" data-e-type=\"section\">\n\t\t\t\t\t\t<div class=\"elementor-container elementor-column-gap-default\">\n\t\t\t\t\t<div class=\"elementor-column elementor-col-100 elementor-top-column elementor-element elementor-element-d2a5b66\" data-id=\"d2a5b66\" data-element_type=\"column\" data-e-type=\"column\">\n\t\t\t<div class=\"elementor-widget-wrap elementor-element-populated\">\n\t\t\t\t\t\t<div class=\"elementor-element elementor-element-76937ec elementor-widget elementor-widget-image\" data-id=\"76937ec\" data-element_type=\"widget\" data-e-type=\"widget\" data-widget_type=\"image.default\">\n\t\t\t\t<div class=\"elementor-widget-container\">\n\t\t\t\t\t\t\t\t\t\t\t\t\t\t\t<img fetchpriority=\"high\" decoding=\"async\" width=\"1024\" height=\"226\" src=\"https:\/\/festival262.com\/wp-content\/uploads\/2026\/03\/associacao-teal-1024x226.png\" class=\"attachment-large size-large wp-image-6188\" alt=\"\" srcset=\"https:\/\/festival262.com\/wp-content\/uploads\/2026\/03\/associacao-teal-1024x226.png 1024w, https:\/\/festival262.com\/wp-content\/uploads\/2026\/03\/associacao-teal-300x66.png 300w, https:\/\/festival262.com\/wp-content\/uploads\/2026\/03\/associacao-teal-768x170.png 768w, https:\/\/festival262.com\/wp-content\/uploads\/2026\/03\/associacao-teal-1536x340.png 1536w, https:\/\/festival262.com\/wp-content\/uploads\/2026\/03\/associacao-teal-2048x453.png 2048w, https:\/\/festival262.com\/wp-content\/uploads\/2026\/03\/associacao-teal-1320x292.png 1320w, https:\/\/festival262.com\/wp-content\/uploads\/2026\/03\/associacao-teal-24x5.png 24w, https:\/\/festival262.com\/wp-content\/uploads\/2026\/03\/associacao-teal-36x8.png 36w, https:\/\/festival262.com\/wp-content\/uploads\/2026\/03\/associacao-teal-48x11.png 48w, https:\/\/festival262.com\/wp-content\/uploads\/2026\/03\/associacao-teal-600x133.png 600w\" sizes=\"(max-width: 1024px) 100vw, 1024px\" \/>\t\t\t\t\t\t\t\t\t\t\t\t\t\t\t<\/div>\n\t\t\t\t<\/div>\n\t\t\t\t\t<\/div>\n\t\t<\/div>\n\t\t\t\t\t<\/div>\n\t\t<\/section>\n\t\t\t\t<section class=\"elementor-section elementor-top-section elementor-element elementor-element-3641c86 elementor-section-boxed elementor-section-height-default elementor-section-height-default\" data-id=\"3641c86\" data-element_type=\"section\" data-e-type=\"section\">\n\t\t\t\t\t\t<div class=\"elementor-container elementor-column-gap-default\">\n\t\t\t\t\t<div class=\"elementor-column elementor-col-100 elementor-top-column elementor-element elementor-element-0be2332\" data-id=\"0be2332\" data-element_type=\"column\" data-e-type=\"column\">\n\t\t\t<div class=\"elementor-widget-wrap elementor-element-populated\">\n\t\t\t\t\t\t<div class=\"elementor-element elementor-element-66c57af elementor-widget elementor-widget-heading\" data-id=\"66c57af\" data-element_type=\"widget\" data-e-type=\"widget\" data-widget_type=\"heading.default\">\n\t\t\t\t<div class=\"elementor-widget-container\">\n\t\t\t\t\t<h3 class=\"elementor-heading-title elementor-size-default\">Soutien F\/SOS \u2013 Fotografia, Solidariedade e Obras Sociais<\/h3>\t\t\t\t<\/div>\n\t\t\t\t<\/div>\n\t\t\t\t<div class=\"elementor-element elementor-element-6be0fad elementor-widget elementor-widget-heading\" data-id=\"6be0fad\" data-element_type=\"widget\" data-e-type=\"widget\" data-widget_type=\"heading.default\">\n\t\t\t\t<div class=\"elementor-widget-container\">\n\t\t\t\t\t<h6 class=\"elementor-heading-title elementor-size-default\">Histoires de solidarit\u00e9<\/h6>\t\t\t\t<\/div>\n\t\t\t\t<\/div>\n\t\t\t\t<div class=\"elementor-element elementor-element-e341092 elementor-widget elementor-widget-spacer\" data-id=\"e341092\" data-element_type=\"widget\" data-e-type=\"widget\" data-widget_type=\"spacer.default\">\n\t\t\t\t<div class=\"elementor-widget-container\">\n\t\t\t\t\t\t\t<div class=\"elementor-spacer\">\n\t\t\t<div class=\"elementor-spacer-inner\"><\/div>\n\t\t<\/div>\n\t\t\t\t\t\t<\/div>\n\t\t\t\t<\/div>\n\t\t\t\t\t<\/div>\n\t\t<\/div>\n\t\t\t\t\t<\/div>\n\t\t<\/section>\n\t\t\t\t<section class=\"elementor-section elementor-top-section elementor-element elementor-element-530f4f5 elementor-section-boxed elementor-section-height-default elementor-section-height-default\" data-id=\"530f4f5\" data-element_type=\"section\" data-e-type=\"section\">\n\t\t\t\t\t\t<div class=\"elementor-container elementor-column-gap-default\">\n\t\t\t\t\t<div class=\"elementor-column elementor-col-50 elementor-top-column elementor-element elementor-element-d7f38ce\" data-id=\"d7f38ce\" data-element_type=\"column\" data-e-type=\"column\">\n\t\t\t<div class=\"elementor-widget-wrap elementor-element-populated\">\n\t\t\t\t\t\t<div class=\"elementor-element elementor-element-ab1cc7c elementor-widget elementor-widget-text-editor\" data-id=\"ab1cc7c\" data-element_type=\"widget\" data-e-type=\"widget\" data-widget_type=\"text-editor.default\">\n\t\t\t\t<div class=\"elementor-widget-container\">\n\t\t\t\t\t\t\t\t\t<p data-start=\"616\" data-end=\"824\"><strong data-start=\"616\" data-end=\"669\">F\/SOS \u2013 Fotografia, Solidariedade e Obras Sociais<\/strong> est une association culturelle \u00e0 but non lucratif qui utilise la photographie et la narration visuelle comme outils d'\u00e9ducation, de connexion sociale et de sensibilisation \u00e0 l'environnement.<\/p><p data-start=\"826\" data-end=\"1157\">Par le biais de programmes \u00e0 long terme, de partenariats et d'initiatives publiques, F\/SOS soutient les artistes, les communaut\u00e9s et les voix \u00e9mergentes en photographie. L'association est l'organisme fondateur et producteur de <strong data-start=\"1019\" data-end=\"1067\">F\/262 \u2013 Festival Internacional de Fotografia<\/strong>, parall\u00e8lement \u00e0 des projets \u00e9ducatifs, sociaux et environnementaux d\u00e9velopp\u00e9s tout au long de l\u2019ann\u00e9e.<\/p><p data-start=\"1159\" data-end=\"1344\">En tant qu'organisation \u00e0 but non lucratif, F\/SOS existe gr\u00e2ce \u00e0 un soutien collectif. Chaque contribution nous aide \u00e0 rester ind\u00e9pendants, accessibles et engag\u00e9s dans un impact culturel et social \u00e0 long terme.<\/p><p data-start=\"364\" data-end=\"401\">\u00a0<\/p>\t\t\t\t\t\t\t\t<\/div>\n\t\t\t\t<\/div>\n\t\t\t\t<div class=\"elementor-element elementor-element-e5cafd8 elementor-align-center elementor-widget elementor-widget-button\" data-id=\"e5cafd8\" data-element_type=\"widget\" data-e-type=\"widget\" data-widget_type=\"button.default\">\n\t\t\t\t<div class=\"elementor-widget-container\">\n\t\t\t\t\t\t\t\t\t<div class=\"elementor-button-wrapper\">\n\t\t\t\t\t<a class=\"elementor-button elementor-button-link elementor-size-sm\" href=\"https:\/\/www.f-sos.org\/donation-form\/\" target=\"_blank\">\n\t\t\t\t\t\t<span class=\"elementor-button-content-wrapper\">\n\t\t\t\t\t\t\t\t\t<span class=\"elementor-button-text\">Formulaire de don F\/sos<\/span>\n\t\t\t\t\t<\/span>\n\t\t\t\t\t<\/a>\n\t\t\t\t<\/div>\n\t\t\t\t\t\t\t\t<\/div>\n\t\t\t\t<\/div>\n\t\t\t\t\t<\/div>\n\t\t<\/div>\n\t\t\t\t<div class=\"elementor-column elementor-col-50 elementor-top-column elementor-element elementor-element-dff4b5f\" data-id=\"dff4b5f\" data-element_type=\"column\" data-e-type=\"column\">\n\t\t\t<div class=\"elementor-widget-wrap elementor-element-populated\">\n\t\t\t\t\t\t<div class=\"elementor-element elementor-element-62875a1 elementor-widget elementor-widget-image\" data-id=\"62875a1\" data-element_type=\"widget\" data-e-type=\"widget\" data-widget_type=\"image.default\">\n\t\t\t\t<div class=\"elementor-widget-container\">\n\t\t\t\t\t\t\t\t\t\t\t\t\t\t\t\t<a href=\"https:\/\/www.f-sos.org\/donation-form\/\" target=\"_blank\">\n\t\t\t\t\t\t\t<img decoding=\"async\" width=\"1536\" height=\"1024\" src=\"https:\/\/festival262.com\/wp-content\/uploads\/2025\/08\/Support-and-Unity-in-Colorful-Hands.png\" class=\"attachment-full size-full wp-image-3073\" alt=\"\" srcset=\"https:\/\/festival262.com\/wp-content\/uploads\/2025\/08\/Support-and-Unity-in-Colorful-Hands.png 1536w, https:\/\/festival262.com\/wp-content\/uploads\/2025\/08\/Support-and-Unity-in-Colorful-Hands-600x400.png 600w, https:\/\/festival262.com\/wp-content\/uploads\/2025\/08\/Support-and-Unity-in-Colorful-Hands-300x200.png 300w, https:\/\/festival262.com\/wp-content\/uploads\/2025\/08\/Support-and-Unity-in-Colorful-Hands-1024x683.png 1024w, https:\/\/festival262.com\/wp-content\/uploads\/2025\/08\/Support-and-Unity-in-Colorful-Hands-768x512.png 768w\" sizes=\"(max-width: 1536px) 100vw, 1536px\" \/>\t\t\t\t\t\t\t\t<\/a>\n\t\t\t\t\t\t\t\t\t\t\t\t\t\t\t<\/div>\n\t\t\t\t<\/div>\n\t\t\t\t\t<\/div>\n\t\t<\/div>\n\t\t\t\t\t<\/div>\n\t\t<\/section>\n\t\t\t\t<section class=\"elementor-section elementor-top-section elementor-element elementor-element-3137784 elementor-section-boxed elementor-section-height-default elementor-section-height-default\" data-id=\"3137784\" data-element_type=\"section\" data-e-type=\"section\">\n\t\t\t\t\t\t<div class=\"elementor-container elementor-column-gap-default\">\n\t\t\t\t\t<div class=\"elementor-column elementor-col-100 elementor-top-column elementor-element elementor-element-920b0ad\" data-id=\"920b0ad\" data-element_type=\"column\" data-e-type=\"column\">\n\t\t\t<div class=\"elementor-widget-wrap elementor-element-populated\">\n\t\t\t\t\t\t<div class=\"elementor-element elementor-element-0c911e6 elementor-widget elementor-widget-heading\" data-id=\"0c911e6\" data-element_type=\"widget\" data-e-type=\"widget\" data-widget_type=\"heading.default\">\n\t\t\t\t<div class=\"elementor-widget-container\">\n\t\t\t\t\t<h2 class=\"elementor-heading-title elementor-size-default\">Pourquoi prendre en charge F\/SOS<\/h2>\t\t\t\t<\/div>\n\t\t\t\t<\/div>\n\t\t\t\t<div class=\"elementor-element elementor-element-e1d6ccc elementor-widget elementor-widget-text-editor\" data-id=\"e1d6ccc\" data-element_type=\"widget\" data-e-type=\"widget\" data-widget_type=\"text-editor.default\">\n\t\t\t\t<div class=\"elementor-widget-container\">\n\t\t\t\t\t\t\t\t\t<p data-start=\"1373\" data-end=\"1440\">Soutenir F\/SOS \u2013 Fotografia, Solidariedade e Obras Sociais signifie:<br \/>Permettre des projets artistiques et documentaires ancr\u00e9s dans le territoire, la m\u00e9moire et l'identit\u00e9<br \/>Investir dans l'\u00e9ducation et les opportunit\u00e9s pour les \u00e9tudiants et les cr\u00e9ateurs \u00e9mergents<br \/>Utiliser la photographie comme outil d'inclusion, de dialogue et de responsabilit\u00e9 environnementale<br \/>Maintenir le travail culturel et social au-del\u00e0 du calendrier des festivals<br \/>Votre soutien aide \u00e0 transformer les id\u00e9es en actions et les images en exp\u00e9riences partag\u00e9es.<\/p>\t\t\t\t\t\t\t\t<\/div>\n\t\t\t\t<\/div>\n\t\t\t\t\t<\/div>\n\t\t<\/div>\n\t\t\t\t\t<\/div>\n\t\t<\/section>\n\t\t\t\t<section class=\"elementor-section elementor-top-section elementor-element elementor-element-8bd26da elementor-section-boxed elementor-section-height-default elementor-section-height-default\" data-id=\"8bd26da\" data-element_type=\"section\" data-e-type=\"section\">\n\t\t\t\t\t\t<div class=\"elementor-container elementor-column-gap-default\">\n\t\t\t\t\t<div class=\"elementor-column elementor-col-100 elementor-top-column elementor-element elementor-element-3aa17b8\" data-id=\"3aa17b8\" data-element_type=\"column\" data-e-type=\"column\">\n\t\t\t<div class=\"elementor-widget-wrap elementor-element-populated\">\n\t\t\t\t\t\t<div class=\"elementor-element elementor-element-cbd8b37 elementor-widget elementor-widget-text-editor\" data-id=\"cbd8b37\" data-element_type=\"widget\" data-e-type=\"widget\" data-widget_type=\"text-editor.default\">\n\t\t\t\t<div class=\"elementor-widget-container\">\n\t\t\t\t\t\t\t\t\t<h3 data-start=\"2868\" data-end=\"2889\">Soutenir un programme<\/h3><p data-start=\"2891\" data-end=\"2965\">Vous pouvez \u00e9galement choisir de soutenir un programme F\/SOS sp\u00e9cifique ou un domaine d'impact:<\/p><ul data-start=\"2967\" data-end=\"3566\"><li data-start=\"2967\" data-end=\"3102\"><p data-start=\"2969\" data-end=\"3102\"><strong data-start=\"2969\" data-end=\"3017\">F\/262 \u2013 Festival Internacional de Fotografia<\/strong><br data-start=\"3017\" data-end=\"3020\" \/>Soutenir les expositions, la programmation publique et les \u00e9changes artistiques internationaux.<\/p><\/li><li data-start=\"3104\" data-end=\"3204\"><p data-start=\"3106\" data-end=\"3204\"><strong data-start=\"3106\" data-end=\"3118\">G\u00e9n\u00e9ration suivante<\/strong><br data-start=\"3118\" data-end=\"3121\" \/>\u00c9ducation, mentorat et opportunit\u00e9s pour les \u00e9tudiants et les photographes \u00e9mergents.<\/p><\/li><li data-start=\"3206\" data-end=\"3330\"><p data-start=\"3208\" data-end=\"3330\"><strong data-start=\"3208\" data-end=\"3233\">Histoires de solidarit\u00e9<\/strong><br data-start=\"3233\" data-end=\"3236\" \/>Projets communautaires utilisant la photographie pour l'inclusion sociale et la narration collective.<\/p><\/li><li data-start=\"3332\" data-end=\"3444\"><p data-start=\"3334\" data-end=\"3444\"><strong data-start=\"3334\" data-end=\"3348\">laboratoire analogique<\/strong><br data-start=\"3348\" data-end=\"3351\" \/>Des ateliers pratiques ax\u00e9s sur la culture mat\u00e9rielle, les processus alternatifs et l'apprentissage partag\u00e9.<\/p><\/li><li data-start=\"3446\" data-end=\"3566\"><p data-start=\"3448\" data-end=\"3566\"><strong data-start=\"3448\" data-end=\"3473\">Actions environnementales<\/strong><br data-start=\"3473\" data-end=\"3476\" \/>Plantation d'arbres, nettoyage, pratiques de production circulaires et initiatives de durabilit\u00e9.<\/p><\/li><\/ul><p data-start=\"3568\" data-end=\"3640\">Chaque contribution contribue \u00e0 transformer les engagements \u00e0 long terme en actions concr\u00e8tes.<\/p>\t\t\t\t\t\t\t\t<\/div>\n\t\t\t\t<\/div>\n\t\t\t\t\t<\/div>\n\t\t<\/div>\n\t\t\t\t\t<\/div>\n\t\t<\/section>\n\t\t\t\t<section class=\"elementor-section elementor-top-section elementor-element elementor-element-3a68520 elementor-section-boxed elementor-section-height-default elementor-section-height-default\" data-id=\"3a68520\" data-element_type=\"section\" data-e-type=\"section\">\n\t\t\t\t\t\t<div class=\"elementor-container elementor-column-gap-default\">\n\t\t\t\t\t<div class=\"elementor-column elementor-col-50 elementor-top-column elementor-element elementor-element-b5348a7\" data-id=\"b5348a7\" data-element_type=\"column\" data-e-type=\"column\">\n\t\t\t<div class=\"elementor-widget-wrap elementor-element-populated\">\n\t\t\t\t\t\t<div class=\"elementor-element elementor-element-f3d43f7 elementor-widget elementor-widget-text-editor\" data-id=\"f3d43f7\" data-element_type=\"widget\" data-e-type=\"widget\" data-widget_type=\"text-editor.default\">\n\t\t\t\t<div class=\"elementor-widget-container\">\n\t\t\t\t\t\t\t\t\t<h3>FAITES UN DON<\/h3><p><br \/>Vous pouvez soutenir F \/ SOS par le biais d'un don unique ou r\u00e9current.<\/p><p>Chaque contribution, quelle que soit sa taille, nous aide \u00e0:<\/p><ul><li>Maintenir les expositions et les activit\u00e9s accessibles \u00e0 divers publics<br \/>Soutenir les artistes, les \u00e9ducateurs et les partenaires communautaires<br \/>R\u00e9duire l'impact environnemental gr\u00e2ce \u00e0 des pratiques circulaires<br \/>Renforcer les programmes sociaux et \u00e9ducatifs \u00e0 long terme<\/li><\/ul><p>Les dons peuvent \u00eatre dirig\u00e9s vers un soutien g\u00e9n\u00e9ral ou vers un programme sp\u00e9cifique.<\/p>\t\t\t\t\t\t\t\t<\/div>\n\t\t\t\t<\/div>\n\t\t\t\t\t<\/div>\n\t\t<\/div>\n\t\t\t\t<div class=\"elementor-column elementor-col-50 elementor-top-column elementor-element elementor-element-0717630\" data-id=\"0717630\" data-element_type=\"column\" data-e-type=\"column\">\n\t\t\t<div class=\"elementor-widget-wrap elementor-element-populated\">\n\t\t\t\t\t\t<div class=\"elementor-element elementor-element-4d70369 elementor-align-center elementor-widget elementor-widget-button\" data-id=\"4d70369\" data-element_type=\"widget\" data-e-type=\"widget\" data-widget_type=\"button.default\">\n\t\t\t\t<div class=\"elementor-widget-container\">\n\t\t\t\t\t\t\t\t\t<div class=\"elementor-button-wrapper\">\n\t\t\t\t\t<a class=\"elementor-button elementor-button-link elementor-size-sm\" href=\"https:\/\/www.f-sos.org\/donation-form\/\" target=\"_blank\">\n\t\t\t\t\t\t<span class=\"elementor-button-content-wrapper\">\n\t\t\t\t\t\t\t\t\t<span class=\"elementor-button-text\">Formulaire de don F\/sos<\/span>\n\t\t\t\t\t<\/span>\n\t\t\t\t\t<\/a>\n\t\t\t\t<\/div>\n\t\t\t\t\t\t\t\t<\/div>\n\t\t\t\t<\/div>\n\t\t\t\t\t<\/div>\n\t\t<\/div>\n\t\t\t\t\t<\/div>\n\t\t<\/section>\n\t\t\t\t<section class=\"elementor-section elementor-top-section elementor-element elementor-element-b7b4ab4 elementor-section-boxed elementor-section-height-default elementor-section-height-default\" data-id=\"b7b4ab4\" data-element_type=\"section\" data-e-type=\"section\">\n\t\t\t\t\t\t<div class=\"elementor-container elementor-column-gap-default\">\n\t\t\t\t\t<div class=\"elementor-column elementor-col-100 elementor-top-column elementor-element elementor-element-3e3b7f7\" data-id=\"3e3b7f7\" data-element_type=\"column\" data-e-type=\"column\">\n\t\t\t<div class=\"elementor-widget-wrap elementor-element-populated\">\n\t\t\t\t\t\t<div class=\"elementor-element elementor-element-47aaaf2 elementor-widget elementor-widget-text-editor\" data-id=\"47aaaf2\" data-element_type=\"widget\" data-e-type=\"widget\" data-widget_type=\"text-editor.default\">\n\t\t\t\t<div class=\"elementor-widget-container\">\n\t\t\t\t\t\t\t\t\t<h2 data-start=\"4100\" data-end=\"4138\">Soutien institutionnel et corporatif<\/h2><p data-start=\"4279\" data-end=\"4435\">F\/SOS collabore avec des institutions, des fondations et des entreprises qui partagent notre engagement envers la culture, l'\u00e9ducation, la durabilit\u00e9 et la responsabilit\u00e9 sociale.<\/p><p data-start=\"4437\" data-end=\"4462\">Les partenariats peuvent soutenir:<\/p><ul data-start=\"4463\" data-end=\"4638\"><li data-start=\"4463\" data-end=\"4502\"><p data-start=\"4465\" data-end=\"4502\">Production artistique et expositions<\/p><\/li><li data-start=\"4503\" data-end=\"4548\"><p data-start=\"4505\" data-end=\"4548\">Initiatives ax\u00e9es sur l'\u00e9ducation et la jeunesse<\/p><\/li><li data-start=\"4549\" data-end=\"4589\"><p data-start=\"4551\" data-end=\"4589\">Projets communautaires et environnementaux<\/p><\/li><li data-start=\"4590\" data-end=\"4638\"><p data-start=\"4592\" data-end=\"4638\">Collaborations et r\u00e9sidences internationales<\/p><\/li><\/ul><p data-start=\"4640\" data-end=\"4789\">Pour des partenariats institutionnels, des opportunit\u00e9s de parrainage ou des collaborations sur mesure, veuillez nous contacter directement ou consulter notre dossier de partenariat.<\/p>\t\t\t\t\t\t\t\t<\/div>\n\t\t\t\t<\/div>\n\t\t\t\t<div class=\"elementor-element elementor-element-60981b2 elementor-widget elementor-widget-text-editor\" data-id=\"60981b2\" data-element_type=\"widget\" data-e-type=\"widget\" data-widget_type=\"text-editor.default\">\n\t\t\t\t<div class=\"elementor-widget-container\">\n\t\t\t\t\t\t\t\t\t<h2 data-start=\"4650\" data-end=\"4680\">Transparence et engagement<\/h2><p data-start=\"4682\" data-end=\"4840\">F\/SOS \u2013 Stories of Solidarity est une association enregistr\u00e9e \u00e0 but non lucratif qui se consacre \u00e0 l\u2019acc\u00e8s \u00e0 la culture, \u00e0 l\u2019\u00e9ducation, \u00e0 la responsabilit\u00e9 environnementale et \u00e0 l\u2019impact social.<\/p><p data-start=\"4842\" data-end=\"5093\">L'association travaille en \u00e9troite collaboration avec les municipalit\u00e9s, les \u00e9coles, les ONG, les institutions culturelles et les r\u00e9seaux internationaux. Les principes de durabilit\u00e9 et d\u2019\u00e9conomie circulaire sont int\u00e9gr\u00e9s dans la mani\u00e8re dont les projets sont con\u00e7us, produits et partag\u00e9s.<\/p>\t\t\t\t\t\t\t\t<\/div>\n\t\t\t\t<\/div>\n\t\t\t\t\t<\/div>\n\t\t<\/div>\n\t\t\t\t\t<\/div>\n\t\t<\/section>\n\t\t\t\t<section class=\"elementor-section elementor-top-section elementor-element elementor-element-ec3acc7 elementor-section-boxed elementor-section-height-default elementor-section-height-default\" data-id=\"ec3acc7\" data-element_type=\"section\" data-e-type=\"section\">\n\t\t\t\t\t\t<div class=\"elementor-container elementor-column-gap-default\">\n\t\t\t\t\t<div class=\"elementor-column elementor-col-100 elementor-top-column elementor-element elementor-element-f458c7e\" data-id=\"f458c7e\" data-element_type=\"column\" data-e-type=\"column\">\n\t\t\t<div class=\"elementor-widget-wrap elementor-element-populated\">\n\t\t\t\t\t\t<div class=\"elementor-element elementor-element-9f6966d elementor-widget elementor-widget-text-editor\" data-id=\"9f6966d\" data-element_type=\"widget\" data-e-type=\"widget\" data-widget_type=\"text-editor.default\">\n\t\t\t\t<div class=\"elementor-widget-container\">\n\t\t\t\t\t\t\t\t\t<h2 data-start=\"5100\" data-end=\"5121\">Rejoignez la communaut\u00e9<\/h2><p data-start=\"5123\" data-end=\"5216\">F \/ SOS existe parce que les gens choisissent de prendre soin, de participer et de soutenir le travail culturel \u00e0 long terme.<\/p><p data-start=\"5218\" data-end=\"5356\">Si notre mission r\u00e9sonne avec vous, que ce soit en tant que membre, donateur ou partenaire, nous serions tr\u00e8s heureux de vous accueillir dans la communaut\u00e9 F \/ SOS.<\/p><p>.<\/p>\t\t\t\t\t\t\t\t<\/div>\n\t\t\t\t<\/div>\n\t\t\t\t<div class=\"elementor-element elementor-element-ac42281 elementor-align-center elementor-widget elementor-widget-button\" data-id=\"ac42281\" data-element_type=\"widget\" data-e-type=\"widget\" data-widget_type=\"button.default\">\n\t\t\t\t<div class=\"elementor-widget-container\">\n\t\t\t\t\t\t\t\t\t<div class=\"elementor-button-wrapper\">\n\t\t\t\t\t<a class=\"elementor-button elementor-button-link elementor-size-sm\" href=\"https:\/\/www.f-sos.org\" target=\"_blank\">\n\t\t\t\t\t\t<span class=\"elementor-button-content-wrapper\">\n\t\t\t\t\t\t\t\t\t<span class=\"elementor-button-text\">JOINDRE F\/SOS<\/span>\n\t\t\t\t\t<\/span>\n\t\t\t\t\t<\/a>\n\t\t\t\t<\/div>\n\t\t\t\t\t\t\t\t<\/div>\n\t\t\t\t<\/div>\n\t\t\t\t\t<\/div>\n\t\t<\/div>\n\t\t\t\t\t<\/div>\n\t\t<\/section>\n\t\t\t\t<section class=\"elementor-section elementor-top-section elementor-element elementor-element-9d579bd elementor-section-boxed elementor-section-height-default elementor-section-height-default\" data-id=\"9d579bd\" data-element_type=\"section\" data-e-type=\"section\">\n\t\t\t\t\t\t<div class=\"elementor-container elementor-column-gap-default\">\n\t\t\t\t\t<div class=\"elementor-column elementor-col-100 elementor-top-column elementor-element elementor-element-14677cb\" data-id=\"14677cb\" data-element_type=\"column\" data-e-type=\"column\">\n\t\t\t<div class=\"elementor-widget-wrap elementor-element-populated\">\n\t\t\t\t\t\t<div class=\"elementor-element elementor-element-5ecf3f5 elementor-widget elementor-widget-shortcode\" data-id=\"5ecf3f5\" data-element_type=\"widget\" data-e-type=\"widget\" data-widget_type=\"shortcode.default\">\n\t\t\t\t<div class=\"elementor-widget-container\">\n\t\t\t\t\t\t\t<div class=\"elementor-shortcode\">\t\t<div data-elementor-type=\"wp-post\" data-elementor-id=\"206\" class=\"elementor elementor-206\">\n\t\t\t\t\t\t<div class=\"elementor-section elementor-top-section elementor-element elementor-element-433e9d9 elementor-section-stretched footer-custom elementor-section-full_width elementor-section-height-default elementor-section-height-default\" data-id=\"433e9d9\" data-element_type=\"section\" data-e-type=\"section\" data-settings=\"{&quot;stretch_section&quot;:&quot;section-stretched&quot;,&quot;background_background&quot;:&quot;classic&quot;}\">\n\t\t\t\t\t\t<div class=\"elementor-container elementor-column-gap-no\">\n\t\t\t\t\t<div class=\"elementor-column elementor-col-100 elementor-top-column elementor-element elementor-element-4386f5f\" data-id=\"4386f5f\" data-element_type=\"column\" data-e-type=\"column\">\n\t\t\t<div class=\"elementor-widget-wrap elementor-element-populated\">\n\t\t\t\t\t\t<div class=\"elementor-section elementor-inner-section elementor-element elementor-element-ab81258 elementor-section-boxed elementor-section-height-default elementor-section-height-default\" data-id=\"ab81258\" data-element_type=\"section\" data-e-type=\"section\">\n\t\t\t\t\t\t<div class=\"elementor-container elementor-column-gap-wider\">\n\t\t\t\t\t<div class=\"elementor-column elementor-col-33 elementor-inner-column elementor-element elementor-element-abe660f\" data-id=\"abe660f\" data-element_type=\"column\" data-e-type=\"column\">\n\t\t\t<div class=\"elementor-widget-wrap elementor-element-populated\">\n\t\t\t\t\t\t<div class=\"elementor-element elementor-element-fdb18bb invert elementor-widget elementor-widget-heading\" data-id=\"fdb18bb\" data-element_type=\"widget\" data-e-type=\"widget\" data-widget_type=\"heading.default\">\n\t\t\t\t<div class=\"elementor-widget-container\">\n\t\t\t\t\t<h5 class=\"elementor-heading-title elementor-size-default\">Produit par F\/262 &amp; Associa\u00e7\u00e3o F\/SOS<\/h5>\t\t\t\t<\/div>\n\t\t\t\t<\/div>\n\t\t\t\t<div class=\"elementor-element elementor-element-cd7b3b4 elementor-widget elementor-widget-spacer\" data-id=\"cd7b3b4\" data-element_type=\"widget\" data-e-type=\"widget\" data-widget_type=\"spacer.default\">\n\t\t\t\t<div class=\"elementor-widget-container\">\n\t\t\t\t\t\t\t<div class=\"elementor-spacer\">\n\t\t\t<div class=\"elementor-spacer-inner\"><\/div>\n\t\t<\/div>\n\t\t\t\t\t\t<\/div>\n\t\t\t\t<\/div>\n\t\t\t\t<div class=\"elementor-element elementor-element-a61036d elementor-widget elementor-widget-image\" data-id=\"a61036d\" data-element_type=\"widget\" data-e-type=\"widget\" data-widget_type=\"image.default\">\n\t\t\t\t<div class=\"elementor-widget-container\">\n\t\t\t\t\t\t\t\t\t\t\t\t\t\t\t\t<a href=\"https:\/\/festival262.com\/fr\/\">\n\t\t\t\t\t\t\t<img decoding=\"async\" width=\"1532\" height=\"436\" src=\"https:\/\/festival262.com\/wp-content\/uploads\/2019\/10\/F262-LOGO-COMPOSTO-COM-EFFE-WHITE-PT.svg\" class=\"attachment-full size-full wp-image-7626\" alt=\"\" \/>\t\t\t\t\t\t\t\t<\/a>\n\t\t\t\t\t\t\t\t\t\t\t\t\t\t\t<\/div>\n\t\t\t\t<\/div>\n\t\t\t\t<div class=\"elementor-element elementor-element-ec74c02 elementor-widget elementor-widget-spacer\" data-id=\"ec74c02\" data-element_type=\"widget\" data-e-type=\"widget\" data-widget_type=\"spacer.default\">\n\t\t\t\t<div class=\"elementor-widget-container\">\n\t\t\t\t\t\t\t<div class=\"elementor-spacer\">\n\t\t\t<div class=\"elementor-spacer-inner\"><\/div>\n\t\t<\/div>\n\t\t\t\t\t\t<\/div>\n\t\t\t\t<\/div>\n\t\t\t\t<div class=\"elementor-element elementor-element-155e5e2 elementor-widget elementor-widget-image\" data-id=\"155e5e2\" data-element_type=\"widget\" data-e-type=\"widget\" data-widget_type=\"image.default\">\n\t\t\t\t<div class=\"elementor-widget-container\">\n\t\t\t\t\t\t\t\t\t\t\t\t\t\t\t\t<a href=\"https:\/\/www.f-sos.org\" target=\"_blank\">\n\t\t\t\t\t\t\t<img loading=\"lazy\" decoding=\"async\" width=\"2560\" height=\"567\" src=\"https:\/\/festival262.com\/wp-content\/uploads\/2019\/10\/associacao-white-copy-scaled.png\" class=\"attachment-full size-full wp-image-5659\" alt=\"\" srcset=\"https:\/\/festival262.com\/wp-content\/uploads\/2019\/10\/associacao-white-copy-scaled.png 2560w, https:\/\/festival262.com\/wp-content\/uploads\/2019\/10\/associacao-white-copy-300x66.png 300w, https:\/\/festival262.com\/wp-content\/uploads\/2019\/10\/associacao-white-copy-1024x227.png 1024w, https:\/\/festival262.com\/wp-content\/uploads\/2019\/10\/associacao-white-copy-768x170.png 768w, https:\/\/festival262.com\/wp-content\/uploads\/2019\/10\/associacao-white-copy-1536x340.png 1536w, https:\/\/festival262.com\/wp-content\/uploads\/2019\/10\/associacao-white-copy-2048x453.png 2048w, https:\/\/festival262.com\/wp-content\/uploads\/2019\/10\/associacao-white-copy-1320x292.png 1320w, https:\/\/festival262.com\/wp-content\/uploads\/2019\/10\/associacao-white-copy-600x133.png 600w\" sizes=\"(max-width: 2560px) 100vw, 2560px\" \/>\t\t\t\t\t\t\t\t<\/a>\n\t\t\t\t\t\t\t\t\t\t\t\t\t\t\t<\/div>\n\t\t\t\t<\/div>\n\t\t\t\t<div class=\"elementor-element elementor-element-1c060c8 elementor-widget elementor-widget-image\" data-id=\"1c060c8\" data-element_type=\"widget\" data-e-type=\"widget\" data-widget_type=\"image.default\">\n\t\t\t\t<div class=\"elementor-widget-container\">\n\t\t\t\t\t\t\t\t\t\t\t\t\t\t\t\t<a href=\"https:\/\/www.websitecarbon.com\/website\/festival262-com\/\" target=\"_blank\">\n\t\t\t\t\t\t\t<img loading=\"lazy\" decoding=\"async\" width=\"728\" height=\"196\" src=\"https:\/\/festival262.com\/wp-content\/uploads\/2019\/10\/carbon-rating.png\" class=\"attachment-full size-full wp-image-5817\" alt=\"cote carbone\" srcset=\"https:\/\/festival262.com\/wp-content\/uploads\/2019\/10\/carbon-rating.png 728w, https:\/\/festival262.com\/wp-content\/uploads\/2019\/10\/carbon-rating-300x81.png 300w, https:\/\/festival262.com\/wp-content\/uploads\/2019\/10\/carbon-rating-600x162.png 600w\" sizes=\"(max-width: 728px) 100vw, 728px\" \/>\t\t\t\t\t\t\t\t<\/a>\n\t\t\t\t\t\t\t\t\t\t\t\t\t\t\t<\/div>\n\t\t\t\t<\/div>\n\t\t\t\t\t<\/div>\n\t\t<\/div>\n\t\t\t\t<div class=\"elementor-column elementor-col-33 elementor-inner-column elementor-element elementor-element-af8a3fd\" data-id=\"af8a3fd\" data-element_type=\"column\" data-e-type=\"column\">\n\t\t\t<div class=\"elementor-widget-wrap elementor-element-populated\">\n\t\t\t\t\t\t<div class=\"elementor-element elementor-element-cbd4305 invert elementor-widget elementor-widget-heading\" data-id=\"cbd4305\" data-element_type=\"widget\" data-e-type=\"widget\" data-widget_type=\"heading.default\">\n\t\t\t\t<div class=\"elementor-widget-container\">\n\t\t\t\t\t<h5 class=\"elementor-heading-title elementor-size-default\">Avec le soutien de:<\/h5>\t\t\t\t<\/div>\n\t\t\t\t<\/div>\n\t\t\t\t<div class=\"elementor-element elementor-element-6e61efe elementor-widget elementor-widget-spacer\" data-id=\"6e61efe\" data-element_type=\"widget\" data-e-type=\"widget\" data-widget_type=\"spacer.default\">\n\t\t\t\t<div class=\"elementor-widget-container\">\n\t\t\t\t\t\t\t<div class=\"elementor-spacer\">\n\t\t\t<div class=\"elementor-spacer-inner\"><\/div>\n\t\t<\/div>\n\t\t\t\t\t\t<\/div>\n\t\t\t\t<\/div>\n\t\t\t\t<div class=\"elementor-element elementor-element-8f9d706 elementor-widget elementor-widget-image\" data-id=\"8f9d706\" data-element_type=\"widget\" data-e-type=\"widget\" data-widget_type=\"image.default\">\n\t\t\t\t<div class=\"elementor-widget-container\">\n\t\t\t\t\t\t\t\t\t\t\t\t\t\t\t\t<a href=\"https:\/\/www.mcr.pt\" target=\"_blank\">\n\t\t\t\t\t\t\t<img loading=\"lazy\" decoding=\"async\" width=\"600\" height=\"363\" src=\"https:\/\/festival262.com\/wp-content\/uploads\/2019\/10\/cmcr.png.webp\" class=\"attachment-full size-full wp-image-5603\" alt=\"\" srcset=\"https:\/\/festival262.com\/wp-content\/uploads\/2019\/10\/cmcr.png.webp 600w, https:\/\/festival262.com\/wp-content\/uploads\/2019\/10\/cmcr.png-300x182.webp 300w\" sizes=\"(max-width: 600px) 100vw, 600px\" \/>\t\t\t\t\t\t\t\t<\/a>\n\t\t\t\t\t\t\t\t\t\t\t\t\t\t\t<\/div>\n\t\t\t\t<\/div>\n\t\t\t\t\t<\/div>\n\t\t<\/div>\n\t\t\t\t<div class=\"elementor-column elementor-col-33 elementor-inner-column elementor-element elementor-element-3840b6d\" data-id=\"3840b6d\" data-element_type=\"column\" data-e-type=\"column\">\n\t\t\t<div class=\"elementor-widget-wrap elementor-element-populated\">\n\t\t\t\t\t\t<div class=\"elementor-element elementor-element-c63d851 invert elementor-widget elementor-widget-heading\" data-id=\"c63d851\" data-element_type=\"widget\" data-e-type=\"widget\" data-widget_type=\"heading.default\">\n\t\t\t\t<div class=\"elementor-widget-container\">\n\t\t\t\t\t<h5 class=\"elementor-heading-title elementor-size-default\">Mai \u2013 septembre 2026<br>\nCaldas da Rainha Portugal<\/h5>\t\t\t\t<\/div>\n\t\t\t\t<\/div>\n\t\t\t\t<div class=\"elementor-element elementor-element-3636f02 elementor-widget elementor-widget-spacer\" data-id=\"3636f02\" data-element_type=\"widget\" data-e-type=\"widget\" data-widget_type=\"spacer.default\">\n\t\t\t\t<div class=\"elementor-widget-container\">\n\t\t\t\t\t\t\t<div class=\"elementor-spacer\">\n\t\t\t<div class=\"elementor-spacer-inner\"><\/div>\n\t\t<\/div>\n\t\t\t\t\t\t<\/div>\n\t\t\t\t<\/div>\n\t\t\t\t<div class=\"elementor-element elementor-element-6b32ea3 elementor-widget elementor-widget-heading\" data-id=\"6b32ea3\" data-element_type=\"widget\" data-e-type=\"widget\" data-widget_type=\"heading.default\">\n\t\t\t\t<div class=\"elementor-widget-container\">\n\t\t\t\t\t<h5 class=\"elementor-heading-title elementor-size-default\">\u00c0 propos de F\/262\n<\/h5>\t\t\t\t<\/div>\n\t\t\t\t<\/div>\n\t\t\t\t<div class=\"elementor-element elementor-element-0430d04 elementor-widget elementor-widget-text-editor\" data-id=\"0430d04\" data-element_type=\"widget\" data-e-type=\"widget\" data-widget_type=\"text-editor.default\">\n\t\t\t\t<div class=\"elementor-widget-container\">\n\t\t\t\t\t\t\t\t\t<p data-start=\"431\" data-end=\"686\">F\/262 est un festival international de photographie bas\u00e9 \u00e0 Caldas da Rainha, au Portugal.<br data-start=\"526\" data-end=\"529\" \/>\u00c0 travers des expositions, des conf\u00e9rences, de l'\u00e9ducation et des installations publiques, le festival engage la photographie contemporaine avec le lieu, la communaut\u00e9 et le monde que nous partageons.<\/p><p data-start=\"688\" data-end=\"718\">\u00a0<\/p>\t\t\t\t\t\t\t\t<\/div>\n\t\t\t\t<\/div>\n\t\t\t\t<div class=\"elementor-element elementor-element-1251943 elementor-widget elementor-widget-spacer\" data-id=\"1251943\" data-element_type=\"widget\" data-e-type=\"widget\" data-widget_type=\"spacer.default\">\n\t\t\t\t<div class=\"elementor-widget-container\">\n\t\t\t\t\t\t\t<div class=\"elementor-spacer\">\n\t\t\t<div class=\"elementor-spacer-inner\"><\/div>\n\t\t<\/div>\n\t\t\t\t\t\t<\/div>\n\t\t\t\t<\/div>\n\t\t\t\t\t<\/div>\n\t\t<\/div>\n\t\t\t\t\t<\/div>\n\t\t<\/div>\n\t\t\t\t<section class=\"elementor-section elementor-inner-section elementor-element elementor-element-0e3f8f2 elementor-section-boxed elementor-section-height-default elementor-section-height-default\" data-id=\"0e3f8f2\" data-element_type=\"section\" data-e-type=\"section\">\n\t\t\t\t\t\t<div class=\"elementor-container elementor-column-gap-default\">\n\t\t\t\t\t<div class=\"elementor-column elementor-col-50 elementor-inner-column elementor-element elementor-element-65aff90\" data-id=\"65aff90\" data-element_type=\"column\" data-e-type=\"column\">\n\t\t\t<div class=\"elementor-widget-wrap elementor-element-populated\">\n\t\t\t\t\t\t<div class=\"elementor-element elementor-element-c895301 hfe-nav-menu__breakpoint-none hfe-nav-menu__align-left hfe-submenu-icon-arrow hfe-submenu-animation-none hfe-link-redirect-child elementor-widget elementor-widget-navigation-menu\" data-id=\"c895301\" data-element_type=\"widget\" data-e-type=\"widget\" data-settings=\"{&quot;padding_horizontal_menu_item&quot;:{&quot;unit&quot;:&quot;px&quot;,&quot;size&quot;:15,&quot;sizes&quot;:[]},&quot;padding_horizontal_menu_item_tablet&quot;:{&quot;unit&quot;:&quot;px&quot;,&quot;size&quot;:&quot;&quot;,&quot;sizes&quot;:[]},&quot;padding_horizontal_menu_item_mobile&quot;:{&quot;unit&quot;:&quot;px&quot;,&quot;size&quot;:&quot;&quot;,&quot;sizes&quot;:[]},&quot;padding_vertical_menu_item&quot;:{&quot;unit&quot;:&quot;px&quot;,&quot;size&quot;:15,&quot;sizes&quot;:[]},&quot;padding_vertical_menu_item_tablet&quot;:{&quot;unit&quot;:&quot;px&quot;,&quot;size&quot;:&quot;&quot;,&quot;sizes&quot;:[]},&quot;padding_vertical_menu_item_mobile&quot;:{&quot;unit&quot;:&quot;px&quot;,&quot;size&quot;:&quot;&quot;,&quot;sizes&quot;:[]},&quot;menu_space_between&quot;:{&quot;unit&quot;:&quot;px&quot;,&quot;size&quot;:&quot;&quot;,&quot;sizes&quot;:[]},&quot;menu_space_between_tablet&quot;:{&quot;unit&quot;:&quot;px&quot;,&quot;size&quot;:&quot;&quot;,&quot;sizes&quot;:[]},&quot;menu_space_between_mobile&quot;:{&quot;unit&quot;:&quot;px&quot;,&quot;size&quot;:&quot;&quot;,&quot;sizes&quot;:[]},&quot;menu_row_space&quot;:{&quot;unit&quot;:&quot;px&quot;,&quot;size&quot;:&quot;&quot;,&quot;sizes&quot;:[]},&quot;menu_row_space_tablet&quot;:{&quot;unit&quot;:&quot;px&quot;,&quot;size&quot;:&quot;&quot;,&quot;sizes&quot;:[]},&quot;menu_row_space_mobile&quot;:{&quot;unit&quot;:&quot;px&quot;,&quot;size&quot;:&quot;&quot;,&quot;sizes&quot;:[]},&quot;dropdown_border_radius&quot;:{&quot;unit&quot;:&quot;px&quot;,&quot;top&quot;:&quot;&quot;,&quot;right&quot;:&quot;&quot;,&quot;bottom&quot;:&quot;&quot;,&quot;left&quot;:&quot;&quot;,&quot;isLinked&quot;:true},&quot;dropdown_border_radius_tablet&quot;:{&quot;unit&quot;:&quot;px&quot;,&quot;top&quot;:&quot;&quot;,&quot;right&quot;:&quot;&quot;,&quot;bottom&quot;:&quot;&quot;,&quot;left&quot;:&quot;&quot;,&quot;isLinked&quot;:true},&quot;dropdown_border_radius_mobile&quot;:{&quot;unit&quot;:&quot;px&quot;,&quot;top&quot;:&quot;&quot;,&quot;right&quot;:&quot;&quot;,&quot;bottom&quot;:&quot;&quot;,&quot;left&quot;:&quot;&quot;,&quot;isLinked&quot;:true},&quot;width_dropdown_item&quot;:{&quot;unit&quot;:&quot;px&quot;,&quot;size&quot;:&quot;220&quot;,&quot;sizes&quot;:[]},&quot;width_dropdown_item_tablet&quot;:{&quot;unit&quot;:&quot;px&quot;,&quot;size&quot;:&quot;&quot;,&quot;sizes&quot;:[]},&quot;width_dropdown_item_mobile&quot;:{&quot;unit&quot;:&quot;px&quot;,&quot;size&quot;:&quot;&quot;,&quot;sizes&quot;:[]},&quot;padding_horizontal_dropdown_item&quot;:{&quot;unit&quot;:&quot;px&quot;,&quot;size&quot;:&quot;&quot;,&quot;sizes&quot;:[]},&quot;padding_horizontal_dropdown_item_tablet&quot;:{&quot;unit&quot;:&quot;px&quot;,&quot;size&quot;:&quot;&quot;,&quot;sizes&quot;:[]},&quot;padding_horizontal_dropdown_item_mobile&quot;:{&quot;unit&quot;:&quot;px&quot;,&quot;size&quot;:&quot;&quot;,&quot;sizes&quot;:[]},&quot;padding_vertical_dropdown_item&quot;:{&quot;unit&quot;:&quot;px&quot;,&quot;size&quot;:15,&quot;sizes&quot;:[]},&quot;padding_vertical_dropdown_item_tablet&quot;:{&quot;unit&quot;:&quot;px&quot;,&quot;size&quot;:&quot;&quot;,&quot;sizes&quot;:[]},&quot;padding_vertical_dropdown_item_mobile&quot;:{&quot;unit&quot;:&quot;px&quot;,&quot;size&quot;:&quot;&quot;,&quot;sizes&quot;:[]},&quot;distance_from_menu&quot;:{&quot;unit&quot;:&quot;px&quot;,&quot;size&quot;:&quot;&quot;,&quot;sizes&quot;:[]},&quot;distance_from_menu_tablet&quot;:{&quot;unit&quot;:&quot;px&quot;,&quot;size&quot;:&quot;&quot;,&quot;sizes&quot;:[]},&quot;distance_from_menu_mobile&quot;:{&quot;unit&quot;:&quot;px&quot;,&quot;size&quot;:&quot;&quot;,&quot;sizes&quot;:[]},&quot;toggle_size&quot;:{&quot;unit&quot;:&quot;px&quot;,&quot;size&quot;:&quot;&quot;,&quot;sizes&quot;:[]},&quot;toggle_size_tablet&quot;:{&quot;unit&quot;:&quot;px&quot;,&quot;size&quot;:&quot;&quot;,&quot;sizes&quot;:[]},&quot;toggle_size_mobile&quot;:{&quot;unit&quot;:&quot;px&quot;,&quot;size&quot;:&quot;&quot;,&quot;sizes&quot;:[]},&quot;toggle_border_width&quot;:{&quot;unit&quot;:&quot;px&quot;,&quot;size&quot;:&quot;&quot;,&quot;sizes&quot;:[]},&quot;toggle_border_width_tablet&quot;:{&quot;unit&quot;:&quot;px&quot;,&quot;size&quot;:&quot;&quot;,&quot;sizes&quot;:[]},&quot;toggle_border_width_mobile&quot;:{&quot;unit&quot;:&quot;px&quot;,&quot;size&quot;:&quot;&quot;,&quot;sizes&quot;:[]},&quot;toggle_border_radius&quot;:{&quot;unit&quot;:&quot;px&quot;,&quot;size&quot;:&quot;&quot;,&quot;sizes&quot;:[]},&quot;toggle_border_radius_tablet&quot;:{&quot;unit&quot;:&quot;px&quot;,&quot;size&quot;:&quot;&quot;,&quot;sizes&quot;:[]},&quot;toggle_border_radius_mobile&quot;:{&quot;unit&quot;:&quot;px&quot;,&quot;size&quot;:&quot;&quot;,&quot;sizes&quot;:[]}}\" data-widget_type=\"navigation-menu.default\">\n\t\t\t\t<div class=\"elementor-widget-container\">\n\t\t\t\t\t\t\t\t<div class=\"hfe-nav-menu hfe-layout-horizontal hfe-nav-menu-layout horizontal hfe-pointer__none\" data-layout=\"horizontal\">\n\t\t\t\t<div role=\"button\" class=\"hfe-nav-menu__toggle elementor-clickable\" tabindex=\"0\" aria-label=\"Menu Basculer\">\n\t\t\t\t\t<span class=\"screen-reader-text\">Menu<\/span>\n\t\t\t\t\t<div class=\"hfe-nav-menu-icon\">\n\t\t\t\t\t\t\t\t\t\t\t<\/div>\n\t\t\t\t<\/div>\n\t\t\t\t<nav class=\"hfe-nav-menu__layout-horizontal hfe-nav-menu__submenu-arrow\" data-toggle-icon=\"\" data-close-icon=\"\" data-full-width=\"\">\n\t\t\t\t\t<ul id=\"menu-1-c895301\" class=\"hfe-nav-menu\"><li id=\"menu-item-6609\" class=\"menu-item menu-item-type-post_type menu-item-object-page parent hfe-creative-menu\"><a href=\"https:\/\/festival262.com\/fr\/privacy-policy\/\" class = \"hfe-menu-item\">Politique de confidentialit\u00e9<\/a><\/li>\n<li id=\"menu-item-6610\" class=\"menu-item menu-item-type-post_type menu-item-object-page parent hfe-creative-menu\"><a href=\"https:\/\/festival262.com\/fr\/terms-of-service\/\" class = \"hfe-menu-item\">Conditions d'utilisation<\/a><\/li>\n<li id=\"menu-item-6611\" class=\"menu-item menu-item-type-post_type menu-item-object-page parent hfe-creative-menu\"><a href=\"https:\/\/festival262.com\/fr\/competition-rules-terms-of-entry\/\" class = \"hfe-menu-item\">R\u00e8gles du concours &amp; Conditions d'entr\u00e9e<\/a><\/li>\n<\/ul> \n\t\t\t\t<\/nav>\n\t\t\t<\/div>\n\t\t\t\t\t\t\t<\/div>\n\t\t\t\t<\/div>\n\t\t\t\t\t<\/div>\n\t\t<\/div>\n\t\t\t\t<div class=\"elementor-column elementor-col-50 elementor-inner-column elementor-element elementor-element-e840057\" data-id=\"e840057\" data-element_type=\"column\" data-e-type=\"column\">\n\t\t\t<div class=\"elementor-widget-wrap elementor-element-populated\">\n\t\t\t\t\t\t<div class=\"elementor-element elementor-element-c368a16 footer-soc-icon elementor-shape-circle e-grid-align-right e-grid-align-mobile-center elementor-grid-0 elementor-widget elementor-widget-social-icons\" data-id=\"c368a16\" data-element_type=\"widget\" data-e-type=\"widget\" data-widget_type=\"social-icons.default\">\n\t\t\t\t<div class=\"elementor-widget-container\">\n\t\t\t\t\t\t\t<div class=\"elementor-social-icons-wrapper elementor-grid\" role=\"list\">\n\t\t\t\t\t\t\t<span class=\"elementor-grid-item\" role=\"listitem\">\n\t\t\t\t\t<a class=\"elementor-icon elementor-social-icon elementor-social-icon-instagram elementor-repeater-item-a3788bb\" href=\"https:\/\/www.instagram.com\/festival.262\" target=\"_blank\">\n\t\t\t\t\t\t<span class=\"elementor-screen-only\">Instagram<\/span>\n\t\t\t\t\t\t<i aria-hidden=\"true\" class=\"fab fa-instagram\"><\/i>\t\t\t\t\t<\/a>\n\t\t\t\t<\/span>\n\t\t\t\t\t\t\t<span class=\"elementor-grid-item\" role=\"listitem\">\n\t\t\t\t\t<a class=\"elementor-icon elementor-social-icon elementor-social-icon-linkedin elementor-repeater-item-0a1b6fe\" href=\"https:\/\/www.linkedin.com\/company\/associacao-f-sos-fotografia-solidariedade-e-obras-sociais\/\" target=\"_blank\">\n\t\t\t\t\t\t<span class=\"elementor-screen-only\">Linkedin<\/span>\n\t\t\t\t\t\t<i aria-hidden=\"true\" class=\"fab fa-linkedin\"><\/i>\t\t\t\t\t<\/a>\n\t\t\t\t<\/span>\n\t\t\t\t\t\t\t<span class=\"elementor-grid-item\" role=\"listitem\">\n\t\t\t\t\t<a class=\"elementor-icon elementor-social-icon elementor-social-icon-youtube elementor-repeater-item-f3c97f5\" href=\"https:\/\/www.youtube.com\/@F262PhotographyFestival\" target=\"_blank\">\n\t\t\t\t\t\t<span class=\"elementor-screen-only\">Youtube<\/span>\n\t\t\t\t\t\t<i aria-hidden=\"true\" class=\"fab fa-youtube\"><\/i>\t\t\t\t\t<\/a>\n\t\t\t\t<\/span>\n\t\t\t\t\t<\/div>\n\t\t\t\t\t\t<\/div>\n\t\t\t\t<\/div>\n\t\t\t\t\t<\/div>\n\t\t<\/div>\n\t\t\t\t\t<\/div>\n\t\t<\/section>\n\t\t\t\t<div class=\"elementor-section elementor-inner-section elementor-element elementor-element-21d4a88 elementor-section-boxed elementor-section-height-default elementor-section-height-default\" data-id=\"21d4a88\" data-element_type=\"section\" data-e-type=\"section\">\n\t\t\t\t\t\t<div class=\"elementor-container elementor-column-gap-no\">\n\t\t\t\t\t<div class=\"elementor-column elementor-col-100 elementor-inner-column elementor-element elementor-element-37fbc21\" data-id=\"37fbc21\" data-element_type=\"column\" data-e-type=\"column\">\n\t\t\t<div class=\"elementor-widget-wrap elementor-element-populated\">\n\t\t\t\t\t\t<div class=\"elementor-element elementor-element-fe6ceda copyright-footer elementor-widget elementor-widget-text-editor\" data-id=\"fe6ceda\" data-element_type=\"widget\" data-e-type=\"widget\" data-widget_type=\"text-editor.default\">\n\t\t\t\t<div class=\"elementor-widget-container\">\n\t\t\t\t\t\t\t\t\t<p>\u00a92026 F\/262 \u2013 Festival Internacional de Fotografia<br \/>Produit par <a href=\"https:\/\/www.f-sos.org\" target=\"_blank\" rel=\"noopener\">Associa\u00e7\u00e3o F\/SOS \u2013 Fotografia, Solidariedade e Obras Sociais<\/a><\/p>\t\t\t\t\t\t\t\t<\/div>\n\t\t\t\t<\/div>\n\t\t\t\t\t<\/div>\n\t\t<\/div>\n\t\t\t\t\t<\/div>\n\t\t<\/div>\n\t\t\t\t\t<\/div>\n\t\t<\/div>\n\t\t\t\t\t<\/div>\n\t\t<\/div>\n\t\t\t\t<\/div>\n\t\t<\/div>\n\t\t\t\t\t\t<\/div>\n\t\t\t\t<\/div>\n\t\t\t\t\t<\/div>\n\t\t<\/div>\n\t\t\t\t\t<\/div>\n\t\t<\/section>\n\t\t\t\t<\/div>","protected":false},"excerpt":{"rendered":"<p>Support F\/SOS \u2013 Fotografia, Solidariedade e Obras Sociais Stories of Solidarity F\/SOS \u2013 Fotografia, Solidariedade e Obras Sociais is a non-profit cultural association that uses photography and visual storytelling as tools for education, social connection, and environmental awareness. Through long-term programs, partnerships, and public initiatives, F\/SOS supports artists, communities, and emerging voices in photography. The [&hellip;]<\/p>","protected":false},"author":6,"featured_media":0,"parent":0,"menu_order":0,"comment_status":"closed","ping_status":"closed","template":"","meta":{"_acf_changed":false,"footnotes":""},"class_list":["post-2988","page","type-page","status-publish","hentry"],"acf":[],"yoast_head":"<!-- This site is optimized with the Yoast SEO plugin v27.5 - https:\/\/yoast.com\/product\/yoast-seo-wordpress\/ -->\n<title>Support Us - F\/262 Festival Internacional de Fotografia<\/title>\n<meta name=\"robots\" content=\"index, follow, max-snippet:-1, max-image-preview:large, max-video-preview:-1\" \/>\n<link rel=\"canonical\" href=\"https:\/\/festival262.com\/fr\/support-us\/\" \/>\n<meta property=\"og:locale\" content=\"fr_FR\" \/>\n<meta property=\"og:type\" content=\"article\" \/>\n<meta property=\"og:title\" content=\"Support Us - F\/262 Festival Internacional de Fotografia\" \/>\n<meta property=\"og:description\" content=\"Support F\/SOS \u2013 Fotografia, Solidariedade e Obras Sociais Stories of Solidarity F\/SOS \u2013 Fotografia, Solidariedade e Obras Sociais is a non-profit cultural association that uses photography and visual storytelling as tools for education, social connection, and environmental awareness. Through long-term programs, partnerships, and public initiatives, F\/SOS supports artists, communities, and emerging voices in photography. The [&hellip;]\" \/>\n<meta property=\"og:url\" content=\"https:\/\/festival262.com\/fr\/support-us\/\" \/>\n<meta property=\"og:site_name\" content=\"F\/262 Festival Internacional de Fotografia\" \/>\n<meta property=\"article:modified_time\" content=\"2026-03-29T11:19:57+00:00\" \/>\n<meta property=\"og:image\" content=\"https:\/\/festival262.com\/wp-content\/uploads\/2026\/03\/associacao-teal-scaled.png\" \/>\n\t<meta property=\"og:image:width\" content=\"2560\" \/>\n\t<meta property=\"og:image:height\" content=\"566\" \/>\n\t<meta property=\"og:image:type\" content=\"image\/png\" \/>\n<meta name=\"twitter:card\" content=\"summary_large_image\" \/>\n<meta name=\"twitter:label1\" content=\"Dur\u00e9e de lecture estim\u00e9e\" \/>\n\t<meta name=\"twitter:data1\" content=\"4 minutes\" \/>\n<script type=\"application\/ld+json\" class=\"yoast-schema-graph\">{\"@context\":\"https:\\\/\\\/schema.org\",\"@graph\":[{\"@type\":\"WebPage\",\"@id\":\"https:\\\/\\\/festival262.com\\\/support-us\\\/\",\"url\":\"https:\\\/\\\/festival262.com\\\/support-us\\\/\",\"name\":\"Support Us - F\\\/262 Festival Internacional de Fotografia\",\"isPartOf\":{\"@id\":\"https:\\\/\\\/festival262.com\\\/#website\"},\"primaryImageOfPage\":{\"@id\":\"https:\\\/\\\/festival262.com\\\/support-us\\\/#primaryimage\"},\"image\":{\"@id\":\"https:\\\/\\\/festival262.com\\\/support-us\\\/#primaryimage\"},\"thumbnailUrl\":\"https:\\\/\\\/festival262.com\\\/wp-content\\\/uploads\\\/2026\\\/03\\\/associacao-teal-1024x226.png\",\"datePublished\":\"2025-07-31T11:51:37+00:00\",\"dateModified\":\"2026-03-29T11:19:57+00:00\",\"breadcrumb\":{\"@id\":\"https:\\\/\\\/festival262.com\\\/support-us\\\/#breadcrumb\"},\"inLanguage\":\"fr-FR\",\"potentialAction\":[{\"@type\":\"ReadAction\",\"target\":[\"https:\\\/\\\/festival262.com\\\/support-us\\\/\"]}]},{\"@type\":\"ImageObject\",\"inLanguage\":\"fr-FR\",\"@id\":\"https:\\\/\\\/festival262.com\\\/support-us\\\/#primaryimage\",\"url\":\"https:\\\/\\\/festival262.com\\\/wp-content\\\/uploads\\\/2026\\\/03\\\/associacao-teal-1024x226.png\",\"contentUrl\":\"https:\\\/\\\/festival262.com\\\/wp-content\\\/uploads\\\/2026\\\/03\\\/associacao-teal-1024x226.png\"},{\"@type\":\"BreadcrumbList\",\"@id\":\"https:\\\/\\\/festival262.com\\\/support-us\\\/#breadcrumb\",\"itemListElement\":[{\"@type\":\"ListItem\",\"position\":1,\"name\":\"Home\",\"item\":\"https:\\\/\\\/festival262.com\\\/\"},{\"@type\":\"ListItem\",\"position\":2,\"name\":\"Support Us\"}]},{\"@type\":\"WebSite\",\"@id\":\"https:\\\/\\\/festival262.com\\\/#website\",\"url\":\"https:\\\/\\\/festival262.com\\\/\",\"name\":\"F7262 Fetsival Internacional de Fotografia\",\"description\":\"Photography as Culture, Community, and Practice\",\"publisher\":{\"@id\":\"https:\\\/\\\/festival262.com\\\/#organization\"},\"alternateName\":\"Festival262\",\"potentialAction\":[{\"@type\":\"SearchAction\",\"target\":{\"@type\":\"EntryPoint\",\"urlTemplate\":\"https:\\\/\\\/festival262.com\\\/?s={search_term_string}\"},\"query-input\":{\"@type\":\"PropertyValueSpecification\",\"valueRequired\":true,\"valueName\":\"search_term_string\"}}],\"inLanguage\":\"fr-FR\"},{\"@type\":\"Organization\",\"@id\":\"https:\\\/\\\/festival262.com\\\/#organization\",\"name\":\"F\\\/262 Festival Internacional de Fotografia\",\"url\":\"https:\\\/\\\/festival262.com\\\/\",\"logo\":{\"@type\":\"ImageObject\",\"inLanguage\":\"fr-FR\",\"@id\":\"https:\\\/\\\/festival262.com\\\/#\\\/schema\\\/logo\\\/image\\\/\",\"url\":\"https:\\\/\\\/festival262.com\\\/wp-content\\\/uploads\\\/2019\\\/10\\\/cropped-f-262-icon-e-logo-scaled-1.png\",\"contentUrl\":\"https:\\\/\\\/festival262.com\\\/wp-content\\\/uploads\\\/2019\\\/10\\\/cropped-f-262-icon-e-logo-scaled-1.png\",\"width\":2558,\"height\":1048,\"caption\":\"F\\\/262 Festival Internacional de Fotografia\"},\"image\":{\"@id\":\"https:\\\/\\\/festival262.com\\\/#\\\/schema\\\/logo\\\/image\\\/\"}}]}<\/script>\n<!-- \/ Yoast SEO plugin. -->","yoast_head_json":{"title":"Support Us - F\/262 Festival Internacional de Fotografia","robots":{"index":"index","follow":"follow","max-snippet":"max-snippet:-1","max-image-preview":"max-image-preview:large","max-video-preview":"max-video-preview:-1"},"canonical":"https:\/\/festival262.com\/fr\/support-us\/","og_locale":"fr_FR","og_type":"article","og_title":"Support Us - F\/262 Festival Internacional de Fotografia","og_description":"Support F\/SOS \u2013 Fotografia, Solidariedade e Obras Sociais Stories of Solidarity F\/SOS \u2013 Fotografia, Solidariedade e Obras Sociais is a non-profit cultural association that uses photography and visual storytelling as tools for education, social connection, and environmental awareness. Through long-term programs, partnerships, and public initiatives, F\/SOS supports artists, communities, and emerging voices in photography. The [&hellip;]","og_url":"https:\/\/festival262.com\/fr\/support-us\/","og_site_name":"F\/262 Festival Internacional de Fotografia","article_modified_time":"2026-03-29T11:19:57+00:00","og_image":[{"width":2560,"height":566,"url":"https:\/\/festival262.com\/wp-content\/uploads\/2026\/03\/associacao-teal-scaled.png","type":"image\/png"}],"twitter_card":"summary_large_image","twitter_misc":{"Dur\u00e9e de lecture estim\u00e9e":"4 minutes"},"schema":{"@context":"https:\/\/schema.org","@graph":[{"@type":"WebPage","@id":"https:\/\/festival262.com\/support-us\/","url":"https:\/\/festival262.com\/support-us\/","name":"Support Us - F\/262 Festival Internacional de Fotografia","isPartOf":{"@id":"https:\/\/festival262.com\/#website"},"primaryImageOfPage":{"@id":"https:\/\/festival262.com\/support-us\/#primaryimage"},"image":{"@id":"https:\/\/festival262.com\/support-us\/#primaryimage"},"thumbnailUrl":"https:\/\/festival262.com\/wp-content\/uploads\/2026\/03\/associacao-teal-1024x226.png","datePublished":"2025-07-31T11:51:37+00:00","dateModified":"2026-03-29T11:19:57+00:00","breadcrumb":{"@id":"https:\/\/festival262.com\/support-us\/#breadcrumb"},"inLanguage":"fr-FR","potentialAction":[{"@type":"ReadAction","target":["https:\/\/festival262.com\/support-us\/"]}]},{"@type":"ImageObject","inLanguage":"fr-FR","@id":"https:\/\/festival262.com\/support-us\/#primaryimage","url":"https:\/\/festival262.com\/wp-content\/uploads\/2026\/03\/associacao-teal-1024x226.png","contentUrl":"https:\/\/festival262.com\/wp-content\/uploads\/2026\/03\/associacao-teal-1024x226.png"},{"@type":"BreadcrumbList","@id":"https:\/\/festival262.com\/support-us\/#breadcrumb","itemListElement":[{"@type":"ListItem","position":1,"name":"Home","item":"https:\/\/festival262.com\/"},{"@type":"ListItem","position":2,"name":"Support Us"}]},{"@type":"WebSite","@id":"https:\/\/festival262.com\/#website","url":"https:\/\/festival262.com\/","name":"F7262 Fetsival Internacional de Fotografia","description":"Photography as Culture, Community, and Practice","publisher":{"@id":"https:\/\/festival262.com\/#organization"},"alternateName":"Festival262","potentialAction":[{"@type":"SearchAction","target":{"@type":"EntryPoint","urlTemplate":"https:\/\/festival262.com\/?s={search_term_string}"},"query-input":{"@type":"PropertyValueSpecification","valueRequired":true,"valueName":"search_term_string"}}],"inLanguage":"fr-FR"},{"@type":"Organization","@id":"https:\/\/festival262.com\/#organization","name":"F\/262 Festival Internacional de Fotografia","url":"https:\/\/festival262.com\/","logo":{"@type":"ImageObject","inLanguage":"fr-FR","@id":"https:\/\/festival262.com\/#\/schema\/logo\/image\/","url":"https:\/\/festival262.com\/wp-content\/uploads\/2019\/10\/cropped-f-262-icon-e-logo-scaled-1.png","contentUrl":"https:\/\/festival262.com\/wp-content\/uploads\/2019\/10\/cropped-f-262-icon-e-logo-scaled-1.png","width":2558,"height":1048,"caption":"F\/262 Festival Internacional de Fotografia"},"image":{"@id":"https:\/\/festival262.com\/#\/schema\/logo\/image\/"}}]}},"_links":{"self":[{"href":"https:\/\/festival262.com\/fr\/wp-json\/wp\/v2\/pages\/2988","targetHints":{"allow":["GET"]}}],"collection":[{"href":"https:\/\/festival262.com\/fr\/wp-json\/wp\/v2\/pages"}],"about":[{"href":"https:\/\/festival262.com\/fr\/wp-json\/wp\/v2\/types\/page"}],"author":[{"embeddable":true,"href":"https:\/\/festival262.com\/fr\/wp-json\/wp\/v2\/users\/6"}],"replies":[{"embeddable":true,"href":"https:\/\/festival262.com\/fr\/wp-json\/wp\/v2\/comments?post=2988"}],"version-history":[{"count":5,"href":"https:\/\/festival262.com\/fr\/wp-json\/wp\/v2\/pages\/2988\/revisions"}],"predecessor-version":[{"id":6743,"href":"https:\/\/festival262.com\/fr\/wp-json\/wp\/v2\/pages\/2988\/revisions\/6743"}],"wp:attachment":[{"href":"https:\/\/festival262.com\/fr\/wp-json\/wp\/v2\/media?parent=2988"}],"curies":[{"name":"wp","href":"https:\/\/api.w.org\/{rel}","templated":true}]}}